{"nbFiches":1,"dataPrest":{"infoPrest":{"pave1":{"libelle":"Slogan","contenu":"","fichiers":[]},"pave2":{"libelle":"Descriptif","contenu":"\u003Cp\u003E\u003Cstrong\u003ELa gastronomie fran&ccedil;aise, outil de n&eacute;gociation diplomatique par Andr&eacute;a LE MASNE\u003C\/strong\u003E\u003Cbr \/\u003E\r\n\u003Cbr \/\u003E\r\nDeux si&egrave;cles apr&egrave;s le souhait de Talleyrand &laquo; Donnez-moi de bons cuisiniers, je me charge du reste ! &raquo;, la gastronomie fran&ccedil;aise a &eacute;t&eacute; inscrite en 2010 au patrimoine culturel immat&eacute;riel de l&rsquo;Humanit&eacute; par l&rsquo;Unesco.\u003Cbr \/\u003E\r\nCe classement est avant tout la reconnaissance d&rsquo;un savoir-faire.\u003Cbr \/\u003E\r\nL&rsquo;histoire de cet art de vivre &laquo; &agrave; la fran&ccedil;aise &raquo; est depuis toujours li&eacute;e aux pratiques de n&eacute;gociation non seulement diplomatiques, mais &eacute;galement commerciales et&nbsp;politiques.\u003Cbr \/\u003E\r\nLe go&ucirc;t est au c&oelig;ur du pouvoir et les cuisiniers sont les ambassadeurs de leur propre gastronomie.\u003Cbr \/\u003E\r\nDe l&rsquo;&eacute;poque gauloise &agrave; nos jours, tous les pouvoirs ont utilis&eacute; la gastronomie pour r&eacute;soudre les difficult&eacute;s et augmenter les capacit&eacute;s &agrave; coop&eacute;rer lors des n&eacute;gociations.\u003Cbr \/\u003E\r\nCes grandes gourmandises sont des &eacute;l&eacute;ments essentiels de notre histoire.&nbsp;\u003Cbr \/\u003E\r\n\u003Cbr \/\u003E\r\nAndra LE MASNE, Professeure retrait&eacute;e d&rsquo;histoire et de g&eacute;ographie aimant acc&eacute;der &agrave; l&rsquo;Histoire par des portes inhabituelles.\u003Cbr \/\u003E\r\nConf&eacute;renci&egrave;re, elle est l&rsquo;auteure des trois ouvrages : &laquo;Une famille d&rsquo;armateurs &agrave; Nantes au XVIII&egrave;me si&egrave;cle&raquo;, &laquo;Pen-Bron&raquo; et &laquo;M&eacute;lanie Waldor, l&rsquo;&eacute;g&eacute;rie oubli&eacute;e d&rsquo;Alexandre Dumas&raquo; et r&eacute;dige r&eacute;guli&egrave;rement des articles dans des revues historiques.\u003C\/p\u003E\r\n","fichiers":[]},"pave3":{"libelle":"","contenu":""},"pave4":{"libelle":"","contenu":""},"pave5":{"libelle":"","contenu":""},"pave6":{"libelle":"","contenu":""},"pave7":{"libelle":"","contenu":""},"pave8":{"libelle":"","contenu":""},"pave9":{"libelle":"","contenu":""},"pave10":{"libelle":"","contenu":""},"pave11":{"libelle":"","contenu":""},"pave12":{"libelle":"","contenu":""},"pave13":{"libelle":"","contenu":""},"pave14":{"libelle":"","contenu":""},"pave15":{"libelle":"","contenu":""},"pave16":{"libelle":"","contenu":""},"pave17":{"libelle":"","contenu":""},"pave18":{"libelle":"","contenu":""},"pave19":{"libelle":"","contenu":""},"pave20":{"libelle":"","contenu":""},"pave21":{"libelle":"","contenu":""},"pave22":{"libelle":"","contenu":""},"pave23":{"libelle":"","contenu":""},"pave24":{"libelle":"","contenu":""},"pave25":{"libelle":"","contenu":""},"Libelle":"Conf\u00e9rence : La gastronomie fran\u00e7aise","Reference":"","Reftar":"","Type":"PRESTATION","TypePrestataire":"Y","ContexteStat":"PRESTATION-Y-UNIVERSITEPERMANENTESTBEVIN-CONFERENCEUPLAGASTRONOMIEFRA","DateModificationIso":"2026-09-04T13:19:00+02:00","Adresse":{"LigneAdresse1":"Salle \u00c9toile de Jade","LigneAdresse2":"Avenue des Fr\u00e8res Lumi\u00e8re","LigneAdresse3":"","CodePostal":"44250","Ville":"ST BREVIN LES PINS","Cedex":"","Etat":"","Pays":"FRA"},"Id":"y-universitepermanentestbevin-conferenceuplagastronomiefra","Code":"Y|UNIVERSITEPERMANENTESTBEVIN|CONFERENCEUPLAGASTRONOMIEFRA","Cle":"Y|UNIVERSITEPERMANENTESTBEVIN|CONFERENCEUPLAGASTRONOMIEFRA","Url":"conference-la-gastronomie-francaise.html","Localisation":{"GoogleMap":{"Latitude":"47.23621","Longitude":"-2.15598"}},"ZoneGeo":"","Criteres":{"LIEUMANIF[SAINTBREVIN":"","CATEGORIEANIMATION[CONF":"","ICA[DS":"1h30","ICA[SA":"","ICA[PLAL":"","ICA[ICATP":"","ANIAH[ANIACC":"","GANIMA[GANIMNON":"","MODEPAIEMENT[LCBP":"","MODEPAIEMENT[LESPE":"","MODEPAIEMENT[LCB":"","MISEAJOURINGENIE[DATEDERNIEREMAJ":"20260904","MISEAJOURPAR[ANNABELLE":""},"Prestataire":{"pave1":{"libelle":"Descriptif","contenu":""},"pave2":{"libelle":"","contenu":""},"pave3":{"libelle":"","contenu":""},"pave4":{"libelle":"","contenu":""},"pave5":{"libelle":"","contenu":""},"pave6":{"libelle":"","contenu":""},"pave7":{"libelle":"","contenu":""},"pave8":{"libelle":"","contenu":""},"pave9":{"libelle":"","contenu":""},"pave10":{"libelle":"","contenu":""},"pave11":{"libelle":"","contenu":""},"pave12":{"libelle":"","contenu":""},"pave13":{"libelle":"","contenu":""},"pave14":{"libelle":"","contenu":""},"pave15":{"libelle":"","contenu":""},"pave16":{"libelle":"","contenu":""},"pave17":{"libelle":"","contenu":""},"pave18":{"libelle":"","contenu":""},"pave19":{"libelle":"","contenu":""},"pave20":{"libelle":"","contenu":""},"pave21":{"libelle":"","contenu":""},"pave22":{"libelle":"","contenu":""},"pave23":{"libelle":"","contenu":""},"pave24":{"libelle":"","contenu":""},"pave25":{"libelle":"","contenu":""},"ContactsParType":{"RESP":{"3888":{"id_contact":"3888","type_contact":"RESP","categorie_contact":"PRESTATAIRE","societe_contact":"","fonction_contact":"","civilite_nom_prenom_contact":"Mme Blit B\u00e9atrice ","adresse1_contact":"","adresse2_contact":"","adresse3_contact":"","cpostal_contact":"","ville_contact":"","teldom_contact":"","telbur_contact":"","fax_contact":"","portable_contact":"06 52 80 45 72","email_contact":"up.saint-brevin@univ-nantes.fr","siteweb_contact":"","commentaire_contact":"","langue_contact":"","autre_moyen_com":[]}}},"Libelle":"Universit\u00e9 Permanente Antenne Saint-Brevin","Nom":"Universit\u00e9 Permanente Antenne Saint-Brevin","Prenom":"","NomPrenom":"Universit\u00e9 Permanente Antenne Saint-Brevin ","CiviliteNomPrenom":"Universit\u00e9 Permanente Antenne Saint-Brevin ","Cle":"Y|UNIVERSITEPERMANENTESTBEVIN","PrestataireParent":"","ContexteStat":"PRESTATAIRE-Y-UNIVERSITEPERMANENTESTBEVIN","DateModificationIso":"2026-09-01T09:55:00+02:00","Type":"PRESTATAIRE","TypePrestataire":"Y","Adresse":{"LigneAdresse1":"31 Avenue Jules Verne","LigneAdresse2":"","LigneAdresse3":"","CodePostal":"44250","Ville":"ST BREVIN LES PINS","Cedex":"","Etat":"","Pays":"FRA"},"Email":"up.saint-brevin@univ-nantes.fr","Telephone":"","TelephoneBureau":"","Portable":"06 52 80 45 72","SiteWeb":"http:\/\/www.univ-nantes.fr\/univ-perm-stbrevin","Fax":"","Id":"y-universitepermanentestbevin","Code":"Y|UNIVERSITEPERMANENTESTBEVIN","Fichier":[],"Url":"","Localisation":{"GoogleMap":{"Latitude":"47.24605","Longitude":"-2.16829"}},"ZoneGeo":"","Criteres":{"LIEU[SAINTBREVINLESPINS":"","COMMUNES[SAINTBREVIN":"","QUARTIER[LESPINS":"","INSPUBMAJ[ASSOCIATIONS":"","MAJINGENIE[DATEDERNIEREMAJ":"20170915","MISEAJOUR[ANNABELLE":""},"DateFinPublication":""},"Fichier":{"Image":[{"url":"https:\/\/www.saint-brevin.com\/medias\/images\/prestations\/gastronomie-fran-aise-32408.png","chemin":"..\/medias\/images\/prestations\/gastronomie-fran-aise-32408.png","libelle":"gastronomie-fran-aise-32408","extension":"png","categorie":"","largeur":613,"theme":"","hauteur":444,"type":"Image","origine":"","liaisonPave":"","langue":"","id":"32408","urlVignette":"https:\/\/www.saint-brevin.com\/medias\/images\/prestations\/v-gastronomie-fran-aise-32408.png","alt":"gastronomie-fran-aise-32408","title":"gastronomie-fran-aise-32408","MultiTaille":{"1920x1440":{"url":"https:\/\/www.saint-brevin.com\/medias\/images\/prestations\/multitailles\/1920x1440_gastronomie-fran-aise-32408.png"},"1200x900":{"url":"https:\/\/www.saint-brevin.com\/medias\/images\/prestations\/multitailles\/1200x900_gastronomie-fran-aise-32408.png"},"800x600":{"url":"https:\/\/www.saint-brevin.com\/medias\/images\/prestations\/multitailles\/800x600_gastronomie-fran-aise-32408.png"},"640x480":{"url":"https:\/\/www.saint-brevin.com\/medias\/images\/prestations\/multitailles\/640x480_gastronomie-fran-aise-32408.png"},"320x240":{"url":"https:\/\/www.saint-brevin.com\/medias\/images\/prestations\/multitailles\/320x240_gastronomie-fran-aise-32408.png"},"160x120":{"url":"https:\/\/www.saint-brevin.com\/medias\/images\/prestations\/multitailles\/160x120_gastronomie-fran-aise-32408.png"},"origine":{"url":"https:\/\/www.saint-brevin.com\/medias\/images\/prestations\/gastronomie-fran-aise-32408.png"}},"urlLien":"","typeLien":"","nofollow":"N","copyright":""},{"url":"https:\/\/www.saint-brevin.com\/medias\/images\/prestations\/andr-a-le-masne-32407.png","chemin":"..\/medias\/images\/prestations\/andr-a-le-masne-32407.png","libelle":"andr-a-le-masne-32407","extension":"png","categorie":"","largeur":594,"theme":"","hauteur":463,"type":"Image","origine":"","liaisonPave":"","langue":"","id":"32407","urlVignette":"https:\/\/www.saint-brevin.com\/medias\/images\/prestations\/v-andr-a-le-masne-32407.png","alt":"andr-a-le-masne-32407","title":"andr-a-le-masne-32407","MultiTaille":{"1920x1440":{"url":"https:\/\/www.saint-brevin.com\/medias\/images\/prestations\/multitailles\/1920x1440_andr-a-le-masne-32407.png"},"1200x900":{"url":"https:\/\/www.saint-brevin.com\/medias\/images\/prestations\/multitailles\/1200x900_andr-a-le-masne-32407.png"},"800x600":{"url":"https:\/\/www.saint-brevin.com\/medias\/images\/prestations\/multitailles\/800x600_andr-a-le-masne-32407.png"},"640x480":{"url":"https:\/\/www.saint-brevin.com\/medias\/images\/prestations\/multitailles\/640x480_andr-a-le-masne-32407.png"},"320x240":{"url":"https:\/\/www.saint-brevin.com\/medias\/images\/prestations\/multitailles\/320x240_andr-a-le-masne-32407.png"},"160x120":{"url":"https:\/\/www.saint-brevin.com\/medias\/images\/prestations\/multitailles\/160x120_andr-a-le-masne-32407.png"},"origine":{"url":"https:\/\/www.saint-brevin.com\/medias\/images\/prestations\/andr-a-le-masne-32407.png"}},"urlLien":"","typeLien":"","nofollow":"N","copyright":""}],"ByCategorie":{"":[{"url":"https:\/\/www.saint-brevin.com\/medias\/images\/prestations\/gastronomie-fran-aise-32408.png","chemin":"..\/medias\/images\/prestations\/gastronomie-fran-aise-32408.png","libelle":"gastronomie-fran-aise-32408","extension":"png","categorie":"","largeur":613,"theme":"","hauteur":444,"type":"Image","origine":"","liaisonPave":"","langue":"","id":"32408","urlVignette":"https:\/\/www.saint-brevin.com\/medias\/images\/prestations\/v-gastronomie-fran-aise-32408.png","alt":"gastronomie-fran-aise-32408","title":"gastronomie-fran-aise-32408","MultiTaille":{"1920x1440":{"url":"https:\/\/www.saint-brevin.com\/medias\/images\/prestations\/multitailles\/1920x1440_gastronomie-fran-aise-32408.png"},"1200x900":{"url":"https:\/\/www.saint-brevin.com\/medias\/images\/prestations\/multitailles\/1200x900_gastronomie-fran-aise-32408.png"},"800x600":{"url":"https:\/\/www.saint-brevin.com\/medias\/images\/prestations\/multitailles\/800x600_gastronomie-fran-aise-32408.png"},"640x480":{"url":"https:\/\/www.saint-brevin.com\/medias\/images\/prestations\/multitailles\/640x480_gastronomie-fran-aise-32408.png"},"320x240":{"url":"https:\/\/www.saint-brevin.com\/medias\/images\/prestations\/multitailles\/320x240_gastronomie-fran-aise-32408.png"},"160x120":{"url":"https:\/\/www.saint-brevin.com\/medias\/images\/prestations\/multitailles\/160x120_gastronomie-fran-aise-32408.png"},"origine":{"url":"https:\/\/www.saint-brevin.com\/medias\/images\/prestations\/gastronomie-fran-aise-32408.png"}},"urlLien":"","typeLien":"","nofollow":"N","copyright":""},{"url":"https:\/\/www.saint-brevin.com\/medias\/images\/prestations\/andr-a-le-masne-32407.png","chemin":"..\/medias\/images\/prestations\/andr-a-le-masne-32407.png","libelle":"andr-a-le-masne-32407","extension":"png","categorie":"","largeur":594,"theme":"","hauteur":463,"type":"Image","origine":"","liaisonPave":"","langue":"","id":"32407","urlVignette":"https:\/\/www.saint-brevin.com\/medias\/images\/prestations\/v-andr-a-le-masne-32407.png","alt":"andr-a-le-masne-32407","title":"andr-a-le-masne-32407","MultiTaille":{"1920x1440":{"url":"https:\/\/www.saint-brevin.com\/medias\/images\/prestations\/multitailles\/1920x1440_andr-a-le-masne-32407.png"},"1200x900":{"url":"https:\/\/www.saint-brevin.com\/medias\/images\/prestations\/multitailles\/1200x900_andr-a-le-masne-32407.png"},"800x600":{"url":"https:\/\/www.saint-brevin.com\/medias\/images\/prestations\/multitailles\/800x600_andr-a-le-masne-32407.png"},"640x480":{"url":"https:\/\/www.saint-brevin.com\/medias\/images\/prestations\/multitailles\/640x480_andr-a-le-masne-32407.png"},"320x240":{"url":"https:\/\/www.saint-brevin.com\/medias\/images\/prestations\/multitailles\/320x240_andr-a-le-masne-32407.png"},"160x120":{"url":"https:\/\/www.saint-brevin.com\/medias\/images\/prestations\/multitailles\/160x120_andr-a-le-masne-32407.png"},"origine":{"url":"https:\/\/www.saint-brevin.com\/medias\/images\/prestations\/andr-a-le-masne-32407.png"}},"urlLien":"","typeLien":"","nofollow":"N","copyright":""}]}},"DateDebPublication":"","DateFinPublication":"20270309","PrixAPartirDe":"","PrixPour":"","FicheListeEnCours":"fiche_liste_agenda_prestation_v2017","ParametresModele":{"AfficherPhotos":"1","NbPhotosMax":6,"AfficherReserver":0,"AfficherContact":0,"AfficherSalle":1,"AfficherZoneGeo":0,"AfficherEnSavoirPlus":"1","AfficherUneSeuleOuverture":"1","AfficherContactCarte":1,"AfficherTarifsChaudAPartirDe":0,"AfficherTarifChaudSansRecherche":0,"AfficherLiensCarnetVoyage":"1","AfficherOuverture":"1","BlocCritereInfo":{"critere1":{"libelle":""},"critere2":{"libelle":""},"critere3":{"libelle":""},"critere4":{"libelle":""},"critere5":{"libelle":""},"critere6":{"libelle":""},"critere7":{"libelle":"","liste_critere":["COMMUNES|Y"]},"critere8":{"libelle":""},"critere9":{"libelle":""},"afficherpictoetpaslibelle":"1"},"CriteresComportementResa":"|RESABILLET[RESAENLIGNE|","PositionBloc":"GALLERIE|NOM|OUVERTURES|CARNET_VOYAGE|URL|LIEN_RESERVER_DETAIL","TypePrestataire":"Y","ComportementResa":false,"ComportementDispo":false},"AffichageCoordonnees":[],"Coordonnees":{"Ville":"ST BREVIN LES PINS"},"ContexteId":"PRESTATION|Y|UNIVERSITEPERMANENTESTBEVIN|CONFERENCEUPLAGASTRONOMIEFRA","ContexteIdHtml":"PRESTATION-Y-UNIVERSITEPERMANENTESTBEVIN-CONFERENCEUPLAGASTRONOMIEFRA","cleContexte":"Y|UNIVERSITEPERMANENTESTBEVIN|CONFERENCEUPLAGASTRONOMIEFRA","Bloc":{"texte1":"","texte3":"","critere1":{"libelle":"","contenu":[]},"critere2":{"libelle":"","contenu":[]},"critere3":{"libelle":"","contenu":[]},"critere4":{"libelle":"","contenu":[]},"critere5":{"libelle":"","contenu":[]},"critere6":{"libelle":"","contenu":[]},"critere7":{"libelle":"","contenu":{"COMMUNES":{"libelle":"COMMUNE","contenu":{"1":"Saint-Brevin"},"codesValeurs":{"1":"COMMUNES|SAINTBREVIN|Y"},"criteres_datas":{"valeurs":{"1":{"SAINTBREVIN":{"descriptif":""}}}}}}},"critere8":{"libelle":"","contenu":[]},"critere9":{"libelle":"","contenu":[]}},"LocalisationGps":{"Latitude":"47.23621","Longitude":"-2.15598"},"libelleDuPrestataire":"","vuePrestataire":{"pave1":{"libelle":"Descriptif","contenu":""},"pave2":{"libelle":"","contenu":""},"pave3":{"libelle":"","contenu":""},"pave4":{"libelle":"","contenu":""},"pave5":{"libelle":"","contenu":""},"pave6":{"libelle":"","contenu":""},"pave7":{"libelle":"","contenu":""},"pave8":{"libelle":"","contenu":""},"pave9":{"libelle":"","contenu":""},"pave10":{"libelle":"","contenu":""},"pave11":{"libelle":"","contenu":""},"pave12":{"libelle":"","contenu":""},"pave13":{"libelle":"","contenu":""},"pave14":{"libelle":"","contenu":""},"pave15":{"libelle":"","contenu":""},"pave16":{"libelle":"","contenu":""},"pave17":{"libelle":"","contenu":""},"pave18":{"libelle":"","contenu":""},"pave19":{"libelle":"","contenu":""},"pave20":{"libelle":"","contenu":""},"pave21":{"libelle":"","contenu":""},"pave22":{"libelle":"","contenu":""},"pave23":{"libelle":"","contenu":""},"pave24":{"libelle":"","contenu":""},"pave25":{"libelle":"","contenu":""},"ContactsParType":{"RESP":{"3888":{"id_contact":"3888","type_contact":"RESP","categorie_contact":"PRESTATAIRE","societe_contact":"","fonction_contact":"","civilite_nom_prenom_contact":"Mme Blit B\u00e9atrice ","adresse1_contact":"","adresse2_contact":"","adresse3_contact":"","cpostal_contact":"","ville_contact":"","teldom_contact":"","telbur_contact":"","fax_contact":"","portable_contact":"06 52 80 45 72","email_contact":"up.saint-brevin@univ-nantes.fr","siteweb_contact":"","commentaire_contact":"","langue_contact":"","autre_moyen_com":[]}}},"Libelle":"Universit\u00e9 Permanente Antenne Saint-Brevin","Nom":"Universit\u00e9 Permanente Antenne Saint-Brevin","Prenom":"","NomPrenom":"Universit\u00e9 Permanente Antenne Saint-Brevin ","CiviliteNomPrenom":"Universit\u00e9 Permanente Antenne Saint-Brevin ","Cle":"Y|UNIVERSITEPERMANENTESTBEVIN","PrestataireParent":"","ContexteStat":"PRESTATAIRE-Y-UNIVERSITEPERMANENTESTBEVIN","DateModificationIso":"2026-09-01T09:55:00+02:00","Type":"PRESTATAIRE","TypePrestataire":"Y","Adresse":{"LigneAdresse1":"31 Avenue Jules Verne","LigneAdresse2":"","LigneAdresse3":"","CodePostal":"44250","Ville":"ST BREVIN LES PINS","Cedex":"","Etat":"","Pays":"FRA"},"Email":"up.saint-brevin@univ-nantes.fr","Telephone":"","TelephoneBureau":"","Portable":"06 52 80 45 72","SiteWeb":"http:\/\/www.univ-nantes.fr\/univ-perm-stbrevin","Fax":"","Id":"y-universitepermanentestbevin","Code":"Y|UNIVERSITEPERMANENTESTBEVIN","Fichier":[],"Url":"","Localisation":{"GoogleMap":{"Latitude":"47.24605","Longitude":"-2.16829"}},"ZoneGeo":"","Criteres":{"LIEU[SAINTBREVINLESPINS":"","COMMUNES[SAINTBREVIN":"","QUARTIER[LESPINS":"","INSPUBMAJ[ASSOCIATIONS":"","MAJINGENIE[DATEDERNIEREMAJ":"20170915","MISEAJOUR[ANNABELLE":""},"DateFinPublication":"","AffichageCoordonnees":[]},"listeCriteres":{"LIEUMANIF":{"SAINTBREVIN":""},"CATEGORIEANIMATION":{"CONF":""},"ICA":{"DS":"1h30","SA":"","PLAL":"","ICATP":""},"ANIAH":{"ANIACC":""},"GANIMA":{"GANIMNON":""},"MODEPAIEMENT":{"LCBP":"","LESPE":"","LCB":""},"MISEAJOURINGENIE":{"DATEDERNIEREMAJ":"20260904"},"MISEAJOURPAR":{"ANNABELLE":""},"LIEU":{"SAINTBREVINLESPINS":""},"COMMUNES":{"SAINTBREVIN":""},"QUARTIER":{"LESPINS":""},"INSPUBMAJ":{"ASSOCIATIONS":""},"MAJINGENIE":{"DATEDERNIEREMAJ":"20170915"},"MISEAJOUR":{"ANNABELLE":""}},"dansCarnetVoyage":true,"Ouverture":["\u003Cp class=\"date\" \u003EMardi 09 mars 2027\u003C\/p\u003E\u003Cp class=\"heure\" \u003E\u00e0 partir de 15:00\u003C\/p\u003E"],"OuverturePasse":[],"OuvertureObjs":[{}],"OuvertureTab":[["20270309","20270309"]]},"html":" \n \u003Cdiv id=\"CV-PRESTATION-Y-UNIVERSITEPERMANENTESTBEVIN-CONFERENCEUPLAGASTRONOMIEFRA\" data-contexte-id=\"PRESTATION|Y|UNIVERSITEPERMANENTESTBEVIN|CONFERENCEUPLAGASTRONOMIEFRA\" data-cle=\"Y|UNIVERSITEPERMANENTESTBEVIN|CONFERENCEUPLAGASTRONOMIEFRA\" class=\"fiche-liste\"\u003E\n    \n\n    \u003C!-- partie photo --\u003E\n    \u003Cdiv class=\"photo\"\u003E\t\t\t\t\t\t\t\t\t\t\t\t\t\t\t\t\t\t\t\t\t\n        \u003Cdiv class=\"cadre_photo_principale\"\u003E\t\t\n        \n            \t\t\t\t\t\n                    \u003Ca href=\"conference-la-gastronomie-francaise.html?origine=carnet#media\"\u003E\n                        \u003Cimg class=\"photo_principale\" alt=\"gastronomie-fran-aise-32408\" src=\"https:\/\/www.saint-brevin.com\/medias\/images\/prestations\/multitailles\/320x240_gastronomie-fran-aise-32408.png\" itemprop=\"image\"\u003E\n                    \u003C\/a\u003E\t\t\t\t\t\t\n                \n                    \u003C\/div\u003E\t\t\t\t\t\t\t\t\t\t\t\t\t\t\t\t\t\t\t \t\t\n    \u003C\/div\u003E\n    \n    \u003C!-- partie nom prest --\u003E\n    \u003Cdiv class=\"nom\"\u003E\n        \u003Ch2\u003EConf\u00e9rence : La gastronomie fran\u00e7aise\u003C\/h2\u003E\n        \n            \u003C\/div\u003E\n\n     \u003Cul style=\"display: none\" class=\"ouverture_list\"\u003E\u003Cli class=\"ouverture_item\"\u003E\u003Cp class=\"date\" \u003EMardi 09 mars 2027\u003C\/p\u003E\u003Cp class=\"heure\" \u003E\u00e0 partir de 15:00\u003C\/p\u003E\u003C\/li\u003E\u003C\/ul\u003E    \n    \u003C!-- partie adresse --\u003E\n    \u003Cdiv class=\"adresse\"\u003E\n    \n          \n    \u003C\/div\u003E\n    \n    \u003C!-- partie liens --\u003E\n    \u003Cdiv class=\"liens\"\u003E\n            \u003Ca class=\"btn-icon btn-view \" title=\"Voir la fiche d\u00e9taill\u00e9e\" href=\"conference-la-gastronomie-francaise.html?origine=carnet\"\u003E\u003C\/a\u003E\u003C!--\u003Ca class=\"btn-icon btn-view \" title=\"\" href=\"?origine=carnet#thaut\"\u003E\u003C\/a\u003E--\u003E\n      \u003Ca class=\"btn-icon btn-trash carnet_voyage_supprimer\" title=\"Supprimer cette fiche de mon carnet de voyage\" href=\"carnet-voyage?action=remove&fiche=Y|UNIVERSITEPERMANENTESTBEVIN|CONFERENCEUPLAGASTRONOMIEFRA\"\u003E\u003C\/a\u003E\n    \u003C\/div\u003E\n\n\u003C\/div\u003E\n\n","icon":"https:\/\/static.ingenie.fr\/images\/carnetVoyageV3\/Y.png"},"fiche":"Y|UNIVERSITEPERMANENTESTBEVIN|CONFERENCEUPLAGASTRONOMIEFRA","popup":"\u003Cdiv id=\"bloc_popup_ajout_fiche_carnet\"\u003E\n    \u003Cdiv class=\"info_popup_ajout_fiche_carnet\"\u003E\n        Vous venez d'ajouter cet \u00e9l\u00e9ment \u00e0 votre carnet de voyage :    \u003C\/div\u003E\n    \u003Cdiv class=\"prest_popup_ajout_fiche_carnet\"\u003E\n        Conf&eacute;rence : La gastronomie fran&ccedil;aise    \u003C\/div\u003E\n    \u003Cdiv class=\"bloc_btn_ajout_fiche_carnet form_submit_div\"\u003E\n        \u003Cinput type=\"button\" value=\"Continuer ma s\u00e9lection\" title=\"Continuer ma s\u00e9lection\" name=\"btn_close\" class=\"btn_close_popup_carnet form_submit\" onclick=\"$.colorbox.close()\" \/\u003E\n        \u003Cinput type=\"button\" value=\"Voir mon carnet de voyage\" title=\"Voir mon carnet\" name=\"btn_panier\" class=\"btn_panier_popup_carnet form_submit\" onclick=\"if(typeof CarnetVoyage != 'undefined') {CarnetVoyage.voirCarnet();}\" \/\u003E\n    \u003C\/div\u003E\n    \u003Cdiv class=\"bloc_btn_ajout_fiche_carnet\"\u003E\n        \u003Cinput type=\"checkbox\" value=\"1\" name=\"desactiver_popup\" id=\"desactiver_popup\" \/\u003E\n        \u003Clabel for=\"desactiver_popup\"\u003ENe plus afficher ce message\u003C\/label\u003E\n    \u003C\/div\u003E\n\u003C\/div\u003E","success":1}