{"nbFiches":1,"dataPrest":{"infoPrest":{"pave1":{"libelle":"Slogan","contenu":"\u003Cspan class=\"texte\"\u003EMarche active avec de l&rsquo;eau &agrave; hauteur de poitrine.\u003Cbr \/\u003E\r\nRenforcement musculaire, &eacute;quilibre, endurance, am&eacute;lioration du cardio\u003Cbr \/\u003E\r\nSur r&eacute;servation au 02 40 64 49 41\u003Cbr \/\u003E\r\nPr&eacute;voir une combinaison (possible en location 4&euro;) et des chaussons ou chaussures ferm&eacute;es.\u003C\/span\u003E\u003Cbr \/\u003E\r\n&nbsp;","fichiers":[]},"pave2":{"libelle":"Descriptif","contenu":"\u003Cp\u003E\u003Cbr \/\u003E\r\n\u003Cbr \/\u003E\r\n\u003Cbr \/\u003E\r\n\u003Cspan class=\"texte\"\u003EL&#39;activit&eacute; garantit un renforcement musculaire efficace sans traumatisme pour les articulations, favorise l&rsquo;endurance et l&rsquo;&eacute;quilibre, am&eacute;liore le syst&egrave;me cardio-vasculaire.\u003Cbr \/\u003E\r\nElle est encadr&eacute;e par une monitrice dipl&ocirc;m&eacute;e d&rsquo;&eacute;tat, qui vous garantira des s&eacute;ances de qualit&eacute;, dans une ambiance conviviale, et dans le respect des r&egrave;gles de s&eacute;curit&eacute;. Les bienfaits de la mer, la convivialit&eacute;, l&rsquo;am&eacute;lioration de vos capacit&eacute;s physiques dans une ambiance conviviale fera de ce moment, un temps de bien-&ecirc;tre et de plaisir.\u003C\/span\u003E\u003C\/p\u003E\r\n\r\n\u003Cp\u003E\u003Cem\u003E\u003Cstrong\u003E\u003Cspan class=\"texte\"\u003EObjectifs :\u003C\/span\u003E\u003C\/strong\u003E\u003C\/em\u003E\u003C\/p\u003E\r\n\r\n\u003Cp\u003E\u003Cspan class=\"texte\"\u003E- renforcement musculaire-am&eacute;lioration du syst&egrave;me cardio-vasculaire\u003Cbr \/\u003E\r\n- &eacute;quilibre \u003C\/span\u003E\u003Cbr \/\u003E\r\n\u003Cspan class=\"texte\"\u003E- endurance.\u003Cbr \/\u003E\r\n\u003Cbr \/\u003E\r\nRendez-vous 15 minutes avant au centre nautique, les vestiaires ne sont pas accessibles.\u003Cbr \/\u003E\r\n\u003Cbr \/\u003E\r\nPlaces limit&eacute;es &agrave; 5 personnes.\u003C\/span\u003E\u003Cbr \/\u003E\r\n&nbsp;\u003C\/p\u003E\r\n","fichiers":[]},"pave3":{"libelle":"","contenu":""},"pave4":{"libelle":"","contenu":""},"pave5":{"libelle":"","contenu":""},"pave6":{"libelle":"","contenu":""},"pave7":{"libelle":"","contenu":""},"pave8":{"libelle":"","contenu":""},"pave9":{"libelle":"","contenu":""},"pave10":{"libelle":"","contenu":""},"pave11":{"libelle":"","contenu":""},"pave12":{"libelle":"","contenu":""},"pave13":{"libelle":"","contenu":""},"pave14":{"libelle":"","contenu":""},"pave15":{"libelle":"","contenu":""},"pave16":{"libelle":"","contenu":""},"pave17":{"libelle":"","contenu":""},"pave18":{"libelle":"","contenu":""},"pave19":{"libelle":"","contenu":""},"pave20":{"libelle":"","contenu":""},"pave21":{"libelle":"","contenu":""},"pave22":{"libelle":"","contenu":""},"pave23":{"libelle":"","contenu":""},"pave24":{"libelle":"","contenu":""},"pave25":{"libelle":"","contenu":""},"Libelle":"Marche aquatique","Reference":"","Reftar":"","Type":"PRESTATION","TypePrestataire":"Y","ContexteStat":"PRESTATION-Y-SPORTSNAUTIQUESBREVINOIS-MARCHEAQUATIQUE","DateModificationIso":"2026-03-18T11:07:00+01:00","Adresse":{"LigneAdresse1":"Boulevard de l'Oc\u00e9an","LigneAdresse2":"Plage de l'Oc\u00e9an","LigneAdresse3":"","CodePostal":"44250","Ville":"ST BREVIN LES PINS","Cedex":"","Etat":"","Pays":"FRA"},"Id":"y-sportsnautiquesbrevinois-marcheaquatique","Code":"Y|SPORTSNAUTIQUESBREVINOIS|MARCHEAQUATIQUE","Cle":"Y|SPORTSNAUTIQUESBREVINOIS|MARCHEAQUATIQUE","Url":"marche-aquatique.html","Localisation":{"GoogleMap":{"Latitude":"47.23272","Longitude":"-2.17912"}},"ZoneGeo":"","Criteres":{"ALAFFICHEACC[OUIALAFFICHE":"","LIEUMANIF[SAINTBREVIN":"","CATEGORIEANIMATION[SPORT":"","ANIAH[ANINACC":"","GANIMA[GANIMNON":"","MODEPAIEMENT[LCBP":"","MODEPAIEMENT[LESPE":"","MODEPAIEMENT[LCB":"","YVEL[PLACE":"","MISEAJOURINGENIE[DATEDERNIEREMAJ":"20260318","MISEAJOURPAR[ANNABELLE":""},"Prestataire":{"pave1":{"libelle":"Descriptif","contenu":"\u003Cp\u003EAvec ses activit&eacute;s de \u003Ca href=\"http:\/\/saint-brevin.fr\/tourisme\/le-char-a-voile.html\" target=\"_blank\"\u003EChar &agrave; voile\u003C\/a\u003E, \u003Ca href=\"http:\/\/saint-brevin.fr\/tourisme\/le-catamaran.html\" target=\"_blank\"\u003ECatamaran\u003C\/a\u003E, \u003Ca href=\"http:\/\/saint-brevin.fr\/tourisme\/la-planche-a-voile.html\" target=\"_blank\"\u003EPlanche &agrave; voile\u003C\/a\u003E, \u003Ca href=\"http:\/\/saint-brevin.fr\/actualite-site-ot\/paddle-a-saint-brevin.html\" target=\"_blank\"\u003EPaddle\u003C\/a\u003E, \u003Ca href=\"http:\/\/saint-brevin.fr\/tourisme\/le-kayak.html\" target=\"_blank\"\u003EKayak\u003C\/a\u003E et \u003Ca href=\"http:\/\/saint-brevin.fr\/actualite-site-ot\/marche-aquatique-cotiere-a-st-brevin.html\" target=\"_blank\"\u003Emarche aquatique c&ocirc;t&egrave;re\u003C\/a\u003E, Saint-Brevin invite &agrave; d&eacute;couvrir la voile, le vent et la vitesse en toute libert&eacute;. La mer et ses grandes &eacute;tendues de \u003Ca href=\"http:\/\/saint-brevin.fr\/tourisme\/nos-plages.html\"\u003Eplage\u003C\/a\u003E font de la station un site privil&eacute;gi&eacute; pour la pratique des sports de glisse dans des conditions optimales.&nbsp;&nbsp;&nbsp;&nbsp;&nbsp;&nbsp;&nbsp;&nbsp;&nbsp;&nbsp;&nbsp;&nbsp;&nbsp;&nbsp;&nbsp;&nbsp;&nbsp;&nbsp;&nbsp;\u003Cbr \/\u003E\r\nAu c&oelig;ur de la ville de Saint-Brevin, sur la c&ocirc;te de Jade, l&#39;&eacute;cole de voile des Sports Nautiques Brevinois, vous accueille chaleureusement et offre une multitude d&#39;activit&eacute;s...\u003Cbr \/\u003E\r\nC&#39;est aussi un point de location FFVOILE, pour le mat&eacute;riel de Catamaran, char &amp; planche &agrave; voile, kayak et paddle.\u003C\/p\u003E\r\n"},"pave2":{"libelle":"","contenu":""},"pave3":{"libelle":"","contenu":""},"pave4":{"libelle":"","contenu":""},"pave5":{"libelle":"","contenu":""},"pave6":{"libelle":"","contenu":""},"pave7":{"libelle":"","contenu":""},"pave8":{"libelle":"","contenu":""},"pave9":{"libelle":"","contenu":""},"pave10":{"libelle":"","contenu":""},"pave11":{"libelle":"","contenu":""},"pave12":{"libelle":"","contenu":""},"pave13":{"libelle":"","contenu":""},"pave14":{"libelle":"","contenu":""},"pave15":{"libelle":"","contenu":""},"pave16":{"libelle":"","contenu":""},"pave17":{"libelle":"","contenu":""},"pave18":{"libelle":"","contenu":""},"pave19":{"libelle":"","contenu":""},"pave20":{"libelle":"","contenu":""},"pave21":{"libelle":"","contenu":""},"pave22":{"libelle":"","contenu":""},"pave23":{"libelle":"","contenu":""},"pave24":{"libelle":"","contenu":""},"pave25":{"libelle":"","contenu":""},"ContactsParType":{"RESP":{"8":{"id_contact":"8","type_contact":"RESP","categorie_contact":"PRESTATAIRE","societe_contact":"","fonction_contact":"","civilite_nom_prenom_contact":"M Guyot C\u00e9dric ","adresse1_contact":"Boulevard de l'Oc\u00e9an","adresse2_contact":"","adresse3_contact":"","cpostal_contact":"44250","ville_contact":"ST BREVIN LES PINS","teldom_contact":"02 40 64 49 41","telbur_contact":"","fax_contact":"","portable_contact":"","email_contact":"centrenautique@saint-brevin.fr","siteweb_contact":"","commentaire_contact":"","langue_contact":"","autre_moyen_com":[]}}},"Libelle":"Centre nautique de Saint-Brevin","Nom":"Centre nautique de Saint-Brevin","Prenom":"","NomPrenom":"Centre nautique de Saint-Brevin ","CiviliteNomPrenom":"Centre nautique de Saint-Brevin ","Cle":"Y|SPORTSNAUTIQUESBREVINOIS","PrestataireParent":"","ContexteStat":"PRESTATAIRE-Y-SPORTSNAUTIQUESBREVINOIS","DateModificationIso":"2022-03-25T10:18:00+01:00","Type":"PRESTATAIRE","TypePrestataire":"Y","Adresse":{"LigneAdresse1":"Boulevard de l'Oc\u00e9an","LigneAdresse2":"","LigneAdresse3":"","CodePostal":"44250","Ville":"ST BREVIN LES PINS","Cedex":"","Etat":"","Pays":"FRA"},"Email":"centrenautique@saint-brevin.fr","Telephone":"02 40 64 49 41","TelephoneBureau":"","Portable":"","SiteWeb":"https:\/\/cn-saint-brevin.fr\/","Fax":"","Id":"y-sportsnautiquesbrevinois","Code":"Y|SPORTSNAUTIQUESBREVINOIS","Fichier":{"Image":[{"url":"https:\/\/www.saint-brevin.com\/medias\/images\/prestataires\/sports-nautiques-brevinois-cote-mer-saint-brevin1-755.jpg","chemin":"..\/medias\/images\/prestataires\/sports-nautiques-brevinois-cote-mer-saint-brevin1-755.jpg","libelle":"sports-nautiques-brevinois-cote-mer-saint-brevin1-755","extension":"jpg","categorie":"","largeur":1940,"theme":"","hauteur":1293,"type":"Image","origine":"","liaisonPave":"","langue":"","id":"755","urlVignette":"https:\/\/www.saint-brevin.com\/medias\/images\/prestataires\/v-sports-nautiques-brevinois-cote-mer-saint-brevin1-755.jpg","alt":"sports-nautiques-brevinois-cote-mer-saint-brevin1-755","title":"sports-nautiques-brevinois-cote-mer-saint-brevin1-755","MultiTaille":{"1920x1440":{"url":"https:\/\/www.saint-brevin.com\/medias\/images\/prestataires\/multitailles\/1920x1440_sports-nautiques-brevinois-cote-mer-saint-brevin1-755.jpg"},"1200x900":{"url":"https:\/\/www.saint-brevin.com\/medias\/images\/prestataires\/multitailles\/1200x900_sports-nautiques-brevinois-cote-mer-saint-brevin1-755.jpg"},"800x600":{"url":"https:\/\/www.saint-brevin.com\/medias\/images\/prestataires\/multitailles\/800x600_sports-nautiques-brevinois-cote-mer-saint-brevin1-755.jpg"},"640x480":{"url":"https:\/\/www.saint-brevin.com\/medias\/images\/prestataires\/multitailles\/640x480_sports-nautiques-brevinois-cote-mer-saint-brevin1-755.jpg"},"320x240":{"url":"https:\/\/www.saint-brevin.com\/medias\/images\/prestataires\/multitailles\/320x240_sports-nautiques-brevinois-cote-mer-saint-brevin1-755.jpg"},"160x120":{"url":"https:\/\/www.saint-brevin.com\/medias\/images\/prestataires\/multitailles\/160x120_sports-nautiques-brevinois-cote-mer-saint-brevin1-755.jpg"},"origine":{"url":"https:\/\/www.saint-brevin.com\/medias\/images\/prestataires\/sports-nautiques-brevinois-cote-mer-saint-brevin1-755.jpg"}},"urlLien":"","typeLien":"","nofollow":"N","copyright":""}],"ByCategorie":{"":[{"url":"https:\/\/www.saint-brevin.com\/medias\/images\/prestataires\/sports-nautiques-brevinois-cote-mer-saint-brevin1-755.jpg","chemin":"..\/medias\/images\/prestataires\/sports-nautiques-brevinois-cote-mer-saint-brevin1-755.jpg","libelle":"sports-nautiques-brevinois-cote-mer-saint-brevin1-755","extension":"jpg","categorie":"","largeur":1940,"theme":"","hauteur":1293,"type":"Image","origine":"","liaisonPave":"","langue":"","id":"755","urlVignette":"https:\/\/www.saint-brevin.com\/medias\/images\/prestataires\/v-sports-nautiques-brevinois-cote-mer-saint-brevin1-755.jpg","alt":"sports-nautiques-brevinois-cote-mer-saint-brevin1-755","title":"sports-nautiques-brevinois-cote-mer-saint-brevin1-755","MultiTaille":{"1920x1440":{"url":"https:\/\/www.saint-brevin.com\/medias\/images\/prestataires\/multitailles\/1920x1440_sports-nautiques-brevinois-cote-mer-saint-brevin1-755.jpg"},"1200x900":{"url":"https:\/\/www.saint-brevin.com\/medias\/images\/prestataires\/multitailles\/1200x900_sports-nautiques-brevinois-cote-mer-saint-brevin1-755.jpg"},"800x600":{"url":"https:\/\/www.saint-brevin.com\/medias\/images\/prestataires\/multitailles\/800x600_sports-nautiques-brevinois-cote-mer-saint-brevin1-755.jpg"},"640x480":{"url":"https:\/\/www.saint-brevin.com\/medias\/images\/prestataires\/multitailles\/640x480_sports-nautiques-brevinois-cote-mer-saint-brevin1-755.jpg"},"320x240":{"url":"https:\/\/www.saint-brevin.com\/medias\/images\/prestataires\/multitailles\/320x240_sports-nautiques-brevinois-cote-mer-saint-brevin1-755.jpg"},"160x120":{"url":"https:\/\/www.saint-brevin.com\/medias\/images\/prestataires\/multitailles\/160x120_sports-nautiques-brevinois-cote-mer-saint-brevin1-755.jpg"},"origine":{"url":"https:\/\/www.saint-brevin.com\/medias\/images\/prestataires\/sports-nautiques-brevinois-cote-mer-saint-brevin1-755.jpg"}},"urlLien":"","typeLien":"","nofollow":"N","copyright":""},{"url":"https:\/\/www.saint-brevin.com\/medias\/images\/prestataires\/inscription2018-sports-nautiques-brevinois-756.pdf","chemin":"..\/medias\/images\/prestataires\/inscription2018-sports-nautiques-brevinois-756.pdf","libelle":"inscription2018-sports-nautiques-brevinois-756","extension":"pdf","categorie":"","largeur":"","theme":"","hauteur":"","type":"Document","origine":"","liaisonPave":"","langue":"","id":"756","poids":"495.7 Ko","alt":"inscription2018-sports-nautiques-brevinois-756","title":"inscription2018-sports-nautiques-brevinois-756"},{"url":"https:\/\/www.saint-brevin.com\/medias\/images\/prestataires\/avril2018-char-a-voile-catamaran-planche-a-voile-st-brevin-2803.pdf","chemin":"..\/medias\/images\/prestataires\/avril2018-char-a-voile-catamaran-planche-a-voile-st-brevin-2803.pdf","libelle":"avril2018-char-a-voile-catamaran-planche-a-voile-st-brevin-2803","extension":"pdf","categorie":"","largeur":"","theme":"","hauteur":"","type":"Document","origine":"","liaisonPave":"","langue":"","id":"2803","poids":"382.11 Ko","alt":"avril2018-char-a-voile-catamaran-planche-a-voile-st-brevin-2803","title":"avril2018-char-a-voile-catamaran-planche-a-voile-st-brevin-2803"}]},"Document":[{"url":"https:\/\/www.saint-brevin.com\/medias\/images\/prestataires\/inscription2018-sports-nautiques-brevinois-756.pdf","chemin":"..\/medias\/images\/prestataires\/inscription2018-sports-nautiques-brevinois-756.pdf","libelle":"inscription2018-sports-nautiques-brevinois-756","extension":"pdf","categorie":"","largeur":"","theme":"","hauteur":"","type":"Document","origine":"","liaisonPave":"","langue":"","id":"756","poids":"495.7 Ko","alt":"inscription2018-sports-nautiques-brevinois-756","title":"inscription2018-sports-nautiques-brevinois-756"},{"url":"https:\/\/www.saint-brevin.com\/medias\/images\/prestataires\/avril2018-char-a-voile-catamaran-planche-a-voile-st-brevin-2803.pdf","chemin":"..\/medias\/images\/prestataires\/avril2018-char-a-voile-catamaran-planche-a-voile-st-brevin-2803.pdf","libelle":"avril2018-char-a-voile-catamaran-planche-a-voile-st-brevin-2803","extension":"pdf","categorie":"","largeur":"","theme":"","hauteur":"","type":"Document","origine":"","liaisonPave":"","langue":"","id":"2803","poids":"382.11 Ko","alt":"avril2018-char-a-voile-catamaran-planche-a-voile-st-brevin-2803","title":"avril2018-char-a-voile-catamaran-planche-a-voile-st-brevin-2803"}]},"Url":"","Localisation":{"GoogleMap":{"Latitude":"47.23271","Longitude":"-2.17913"}},"ZoneGeo":"","Criteres":{"LIEU[SAINTBREVINOCEAN":"","COMMUNES[SAINTBREVIN":"","QUARTIER[OCEAN":"","DISTANCEDUCENTRE[MCENTREBREVINOCEAN":"200","DISTANCEDUCENTRE[KMCENTREBREVINOCEAN":"0,2","MAJINGENIE[DATEDERNIEREMAJ":"20170914","MISEAJOUR[ANNABELLE":""},"DateFinPublication":""},"Fichier":{"Document":[{"url":"https:\/\/www.saint-brevin.com\/medias\/images\/prestations\/mars-avril-marche-aquatique-30522.pdf","chemin":"..\/medias\/images\/prestations\/mars-avril-marche-aquatique-30522.pdf","libelle":"mars-avril-marche-aquatique-30522","extension":"pdf","categorie":"","largeur":"","theme":"","hauteur":"","type":"Document","origine":"","liaisonPave":"","langue":"","id":"30522","poids":"316.79 Ko","alt":"mars-avril-marche-aquatique-30522","title":"mars-avril-marche-aquatique-30522"},{"url":"https:\/\/www.saint-brevin.com\/medias\/images\/prestations\/mai-juin-marche-aquatique-30523.pdf","chemin":"..\/medias\/images\/prestations\/mai-juin-marche-aquatique-30523.pdf","libelle":"mai-juin-marche-aquatique-30523","extension":"pdf","categorie":"","largeur":"","theme":"","hauteur":"","type":"Document","origine":"","liaisonPave":"","langue":"","id":"30523","poids":"322.97 Ko","alt":"mai-juin-marche-aquatique-30523","title":"mai-juin-marche-aquatique-30523"}],"ByCategorie":{"":[{"url":"https:\/\/www.saint-brevin.com\/medias\/images\/prestations\/mars-avril-marche-aquatique-30522.pdf","chemin":"..\/medias\/images\/prestations\/mars-avril-marche-aquatique-30522.pdf","libelle":"mars-avril-marche-aquatique-30522","extension":"pdf","categorie":"","largeur":"","theme":"","hauteur":"","type":"Document","origine":"","liaisonPave":"","langue":"","id":"30522","poids":"316.79 Ko","alt":"mars-avril-marche-aquatique-30522","title":"mars-avril-marche-aquatique-30522"},{"url":"https:\/\/www.saint-brevin.com\/medias\/images\/prestations\/marche-aquatique-saint-brevin-sports-nautques-brevinois2-176-7335.jpg","chemin":"..\/medias\/images\/prestations\/marche-aquatique-saint-brevin-sports-nautques-brevinois2-176-7335.jpg","libelle":"marche-aquatique-saint-brevin-sports-nautques-brevinois2-176","extension":"jpg","categorie":"","largeur":1940,"theme":"","hauteur":1258,"type":"Image","origine":"","liaisonPave":"","langue":"","id":"7335","urlVignette":"https:\/\/www.saint-brevin.com\/medias\/images\/prestations\/v-marche-aquatique-saint-brevin-sports-nautques-brevinois2-176-7335.jpg","alt":"marche-aquatique-saint-brevin-sports-nautques-brevinois2-176","title":"marche-aquatique-saint-brevin-sports-nautques-brevinois2-176","MultiTaille":{"1920x1440":{"url":"https:\/\/www.saint-brevin.com\/medias\/images\/prestations\/multitailles\/1920x1440_marche-aquatique-saint-brevin-sports-nautques-brevinois2-176-7335.jpg"},"1200x900":{"url":"https:\/\/www.saint-brevin.com\/medias\/images\/prestations\/multitailles\/1200x900_marche-aquatique-saint-brevin-sports-nautques-brevinois2-176-7335.jpg"},"800x600":{"url":"https:\/\/www.saint-brevin.com\/medias\/images\/prestations\/multitailles\/800x600_marche-aquatique-saint-brevin-sports-nautques-brevinois2-176-7335.jpg"},"640x480":{"url":"https:\/\/www.saint-brevin.com\/medias\/images\/prestations\/multitailles\/640x480_marche-aquatique-saint-brevin-sports-nautques-brevinois2-176-7335.jpg"},"320x240":{"url":"https:\/\/www.saint-brevin.com\/medias\/images\/prestations\/multitailles\/320x240_marche-aquatique-saint-brevin-sports-nautques-brevinois2-176-7335.jpg"},"160x120":{"url":"https:\/\/www.saint-brevin.com\/medias\/images\/prestations\/multitailles\/160x120_marche-aquatique-saint-brevin-sports-nautques-brevinois2-176-7335.jpg"},"origine":{"url":"https:\/\/www.saint-brevin.com\/medias\/images\/prestations\/marche-aquatique-saint-brevin-sports-nautques-brevinois2-176-7335.jpg"}},"urlLien":"","typeLien":"","nofollow":"N","copyright":""},{"url":"https:\/\/www.saint-brevin.com\/medias\/images\/prestations\/mai-juin-marche-aquatique-30523.pdf","chemin":"..\/medias\/images\/prestations\/mai-juin-marche-aquatique-30523.pdf","libelle":"mai-juin-marche-aquatique-30523","extension":"pdf","categorie":"","largeur":"","theme":"","hauteur":"","type":"Document","origine":"","liaisonPave":"","langue":"","id":"30523","poids":"322.97 Ko","alt":"mai-juin-marche-aquatique-30523","title":"mai-juin-marche-aquatique-30523"},{"url":"https:\/\/www.saint-brevin.com\/medias\/images\/prestations\/marche-aquatique-saint-brevin-sports-nautques-brevinois1-177-7334.jpg","chemin":"..\/medias\/images\/prestations\/marche-aquatique-saint-brevin-sports-nautques-brevinois1-177-7334.jpg","libelle":"marche-aquatique-saint-brevin-sports-nautques-brevinois1-177","extension":"jpg","categorie":"","largeur":1747,"theme":"","hauteur":1081,"type":"Image","origine":"","liaisonPave":"","langue":"","id":"7334","urlVignette":"https:\/\/www.saint-brevin.com\/medias\/images\/prestations\/v-marche-aquatique-saint-brevin-sports-nautques-brevinois1-177-7334.jpg","alt":"marche-aquatique-saint-brevin-sports-nautques-brevinois1-177","title":"marche-aquatique-saint-brevin-sports-nautques-brevinois1-177","MultiTaille":{"1920x1440":{"url":"https:\/\/www.saint-brevin.com\/medias\/images\/prestations\/multitailles\/1920x1440_marche-aquatique-saint-brevin-sports-nautques-brevinois1-177-7334.jpg"},"1200x900":{"url":"https:\/\/www.saint-brevin.com\/medias\/images\/prestations\/multitailles\/1200x900_marche-aquatique-saint-brevin-sports-nautques-brevinois1-177-7334.jpg"},"800x600":{"url":"https:\/\/www.saint-brevin.com\/medias\/images\/prestations\/multitailles\/800x600_marche-aquatique-saint-brevin-sports-nautques-brevinois1-177-7334.jpg"},"640x480":{"url":"https:\/\/www.saint-brevin.com\/medias\/images\/prestations\/multitailles\/640x480_marche-aquatique-saint-brevin-sports-nautques-brevinois1-177-7334.jpg"},"320x240":{"url":"https:\/\/www.saint-brevin.com\/medias\/images\/prestations\/multitailles\/320x240_marche-aquatique-saint-brevin-sports-nautques-brevinois1-177-7334.jpg"},"160x120":{"url":"https:\/\/www.saint-brevin.com\/medias\/images\/prestations\/multitailles\/160x120_marche-aquatique-saint-brevin-sports-nautques-brevinois1-177-7334.jpg"},"origine":{"url":"https:\/\/www.saint-brevin.com\/medias\/images\/prestations\/marche-aquatique-saint-brevin-sports-nautques-brevinois1-177-7334.jpg"}},"urlLien":"","typeLien":"","nofollow":"N","copyright":""},{"url":"https:\/\/www.saint-brevin.com\/medias\/images\/prestations\/marche-aquatique-saint-brevin-sports-nautques-brevinois3-178-7336.jpg","chemin":"..\/medias\/images\/prestations\/marche-aquatique-saint-brevin-sports-nautques-brevinois3-178-7336.jpg","libelle":"marche-aquatique-saint-brevin-sports-nautques-brevinois3-178","extension":"jpg","categorie":"","largeur":1940,"theme":"","hauteur":1078,"type":"Image","origine":"","liaisonPave":"","langue":"","id":"7336","urlVignette":"https:\/\/www.saint-brevin.com\/medias\/images\/prestations\/v-marche-aquatique-saint-brevin-sports-nautques-brevinois3-178-7336.jpg","alt":"marche-aquatique-saint-brevin-sports-nautques-brevinois3-178","title":"marche-aquatique-saint-brevin-sports-nautques-brevinois3-178","MultiTaille":{"1920x1440":{"url":"https:\/\/www.saint-brevin.com\/medias\/images\/prestations\/multitailles\/1920x1440_marche-aquatique-saint-brevin-sports-nautques-brevinois3-178-7336.jpg"},"1200x900":{"url":"https:\/\/www.saint-brevin.com\/medias\/images\/prestations\/multitailles\/1200x900_marche-aquatique-saint-brevin-sports-nautques-brevinois3-178-7336.jpg"},"800x600":{"url":"https:\/\/www.saint-brevin.com\/medias\/images\/prestations\/multitailles\/800x600_marche-aquatique-saint-brevin-sports-nautques-brevinois3-178-7336.jpg"},"640x480":{"url":"https:\/\/www.saint-brevin.com\/medias\/images\/prestations\/multitailles\/640x480_marche-aquatique-saint-brevin-sports-nautques-brevinois3-178-7336.jpg"},"320x240":{"url":"https:\/\/www.saint-brevin.com\/medias\/images\/prestations\/multitailles\/320x240_marche-aquatique-saint-brevin-sports-nautques-brevinois3-178-7336.jpg"},"160x120":{"url":"https:\/\/www.saint-brevin.com\/medias\/images\/prestations\/multitailles\/160x120_marche-aquatique-saint-brevin-sports-nautques-brevinois3-178-7336.jpg"},"origine":{"url":"https:\/\/www.saint-brevin.com\/medias\/images\/prestations\/marche-aquatique-saint-brevin-sports-nautques-brevinois3-178-7336.jpg"}},"urlLien":"","typeLien":"","nofollow":"N","copyright":""},{"url":"https:\/\/www.saint-brevin.com\/medias\/images\/prestations\/marche-aquatique-sports-nautiques-brevinois-st-brevin3-319-7338.jpg","chemin":"..\/medias\/images\/prestations\/marche-aquatique-sports-nautiques-brevinois-st-brevin3-319-7338.jpg","libelle":"marche-aquatique-sports-nautiques-brevinois-st-brevin3-319","extension":"jpg","categorie":"","largeur":1940,"theme":"","hauteur":1455,"type":"Image","origine":"","liaisonPave":"","langue":"","id":"7338","urlVignette":"https:\/\/www.saint-brevin.com\/medias\/images\/prestations\/v-marche-aquatique-sports-nautiques-brevinois-st-brevin3-319-7338.jpg","alt":"marche-aquatique-sports-nautiques-brevinois-st-brevin3-319","title":"marche-aquatique-sports-nautiques-brevinois-st-brevin3-319","MultiTaille":{"1920x1440":{"url":"https:\/\/www.saint-brevin.com\/medias\/images\/prestations\/multitailles\/1920x1440_marche-aquatique-sports-nautiques-brevinois-st-brevin3-319-7338.jpg"},"1200x900":{"url":"https:\/\/www.saint-brevin.com\/medias\/images\/prestations\/multitailles\/1200x900_marche-aquatique-sports-nautiques-brevinois-st-brevin3-319-7338.jpg"},"800x600":{"url":"https:\/\/www.saint-brevin.com\/medias\/images\/prestations\/multitailles\/800x600_marche-aquatique-sports-nautiques-brevinois-st-brevin3-319-7338.jpg"},"640x480":{"url":"https:\/\/www.saint-brevin.com\/medias\/images\/prestations\/multitailles\/640x480_marche-aquatique-sports-nautiques-brevinois-st-brevin3-319-7338.jpg"},"320x240":{"url":"https:\/\/www.saint-brevin.com\/medias\/images\/prestations\/multitailles\/320x240_marche-aquatique-sports-nautiques-brevinois-st-brevin3-319-7338.jpg"},"160x120":{"url":"https:\/\/www.saint-brevin.com\/medias\/images\/prestations\/multitailles\/160x120_marche-aquatique-sports-nautiques-brevinois-st-brevin3-319-7338.jpg"},"origine":{"url":"https:\/\/www.saint-brevin.com\/medias\/images\/prestations\/marche-aquatique-sports-nautiques-brevinois-st-brevin3-319-7338.jpg"}},"urlLien":"","typeLien":"","nofollow":"N","copyright":""},{"url":"https:\/\/www.saint-brevin.com\/medias\/images\/prestations\/marche-aquatique-sports-nautiques-brevinois-st-brevin1-320-7339.jpg","chemin":"..\/medias\/images\/prestations\/marche-aquatique-sports-nautiques-brevinois-st-brevin1-320-7339.jpg","libelle":"marche-aquatique-sports-nautiques-brevinois-st-brevin1-320","extension":"jpg","categorie":"","largeur":1940,"theme":"","hauteur":1455,"type":"Image","origine":"","liaisonPave":"","langue":"","id":"7339","urlVignette":"https:\/\/www.saint-brevin.com\/medias\/images\/prestations\/v-marche-aquatique-sports-nautiques-brevinois-st-brevin1-320-7339.jpg","alt":"marche-aquatique-sports-nautiques-brevinois-st-brevin1-320","title":"marche-aquatique-sports-nautiques-brevinois-st-brevin1-320","MultiTaille":{"1920x1440":{"url":"https:\/\/www.saint-brevin.com\/medias\/images\/prestations\/multitailles\/1920x1440_marche-aquatique-sports-nautiques-brevinois-st-brevin1-320-7339.jpg"},"1200x900":{"url":"https:\/\/www.saint-brevin.com\/medias\/images\/prestations\/multitailles\/1200x900_marche-aquatique-sports-nautiques-brevinois-st-brevin1-320-7339.jpg"},"800x600":{"url":"https:\/\/www.saint-brevin.com\/medias\/images\/prestations\/multitailles\/800x600_marche-aquatique-sports-nautiques-brevinois-st-brevin1-320-7339.jpg"},"640x480":{"url":"https:\/\/www.saint-brevin.com\/medias\/images\/prestations\/multitailles\/640x480_marche-aquatique-sports-nautiques-brevinois-st-brevin1-320-7339.jpg"},"320x240":{"url":"https:\/\/www.saint-brevin.com\/medias\/images\/prestations\/multitailles\/320x240_marche-aquatique-sports-nautiques-brevinois-st-brevin1-320-7339.jpg"},"160x120":{"url":"https:\/\/www.saint-brevin.com\/medias\/images\/prestations\/multitailles\/160x120_marche-aquatique-sports-nautiques-brevinois-st-brevin1-320-7339.jpg"},"origine":{"url":"https:\/\/www.saint-brevin.com\/medias\/images\/prestations\/marche-aquatique-sports-nautiques-brevinois-st-brevin1-320-7339.jpg"}},"urlLien":"","typeLien":"","nofollow":"N","copyright":""},{"url":"https:\/\/www.saint-brevin.com\/medias\/images\/prestations\/marche-aquatique-sports-nautiques-brevinois-st-brevin-321-7340.jpg","chemin":"..\/medias\/images\/prestations\/marche-aquatique-sports-nautiques-brevinois-st-brevin-321-7340.jpg","libelle":"marche-aquatique-sports-nautiques-brevinois-st-brevin-321","extension":"jpg","categorie":"","largeur":1940,"theme":"","hauteur":1455,"type":"Image","origine":"","liaisonPave":"","langue":"","id":"7340","urlVignette":"https:\/\/www.saint-brevin.com\/medias\/images\/prestations\/v-marche-aquatique-sports-nautiques-brevinois-st-brevin-321-7340.jpg","alt":"marche-aquatique-sports-nautiques-brevinois-st-brevin-321","title":"marche-aquatique-sports-nautiques-brevinois-st-brevin-321","MultiTaille":{"1920x1440":{"url":"https:\/\/www.saint-brevin.com\/medias\/images\/prestations\/multitailles\/1920x1440_marche-aquatique-sports-nautiques-brevinois-st-brevin-321-7340.jpg"},"1200x900":{"url":"https:\/\/www.saint-brevin.com\/medias\/images\/prestations\/multitailles\/1200x900_marche-aquatique-sports-nautiques-brevinois-st-brevin-321-7340.jpg"},"800x600":{"url":"https:\/\/www.saint-brevin.com\/medias\/images\/prestations\/multitailles\/800x600_marche-aquatique-sports-nautiques-brevinois-st-brevin-321-7340.jpg"},"640x480":{"url":"https:\/\/www.saint-brevin.com\/medias\/images\/prestations\/multitailles\/640x480_marche-aquatique-sports-nautiques-brevinois-st-brevin-321-7340.jpg"},"320x240":{"url":"https:\/\/www.saint-brevin.com\/medias\/images\/prestations\/multitailles\/320x240_marche-aquatique-sports-nautiques-brevinois-st-brevin-321-7340.jpg"},"160x120":{"url":"https:\/\/www.saint-brevin.com\/medias\/images\/prestations\/multitailles\/160x120_marche-aquatique-sports-nautiques-brevinois-st-brevin-321-7340.jpg"},"origine":{"url":"https:\/\/www.saint-brevin.com\/medias\/images\/prestations\/marche-aquatique-sports-nautiques-brevinois-st-brevin-321-7340.jpg"}},"urlLien":"","typeLien":"","nofollow":"N","copyright":""},{"url":"https:\/\/www.saint-brevin.com\/medias\/images\/prestations\/centre-nautique-saint-brevin-tourisme-6496-7341.jpg","chemin":"..\/medias\/images\/prestations\/centre-nautique-saint-brevin-tourisme-6496-7341.jpg","libelle":"centre-nautique-saint-brevin-tourisme-6496","extension":"jpg","categorie":"","largeur":1695,"theme":"","hauteur":1362,"type":"Image","origine":"","liaisonPave":"","langue":"","id":"7341","urlVignette":"https:\/\/www.saint-brevin.com\/medias\/images\/prestations\/v-centre-nautique-saint-brevin-tourisme-6496-7341.jpg","alt":"centre-nautique-saint-brevin-tourisme-6496","title":"centre-nautique-saint-brevin-tourisme-6496","MultiTaille":{"1920x1440":{"url":"https:\/\/www.saint-brevin.com\/medias\/images\/prestations\/multitailles\/1920x1440_centre-nautique-saint-brevin-tourisme-6496-7341.jpg"},"1200x900":{"url":"https:\/\/www.saint-brevin.com\/medias\/images\/prestations\/multitailles\/1200x900_centre-nautique-saint-brevin-tourisme-6496-7341.jpg"},"800x600":{"url":"https:\/\/www.saint-brevin.com\/medias\/images\/prestations\/multitailles\/800x600_centre-nautique-saint-brevin-tourisme-6496-7341.jpg"},"640x480":{"url":"https:\/\/www.saint-brevin.com\/medias\/images\/prestations\/multitailles\/640x480_centre-nautique-saint-brevin-tourisme-6496-7341.jpg"},"320x240":{"url":"https:\/\/www.saint-brevin.com\/medias\/images\/prestations\/multitailles\/320x240_centre-nautique-saint-brevin-tourisme-6496-7341.jpg"},"160x120":{"url":"https:\/\/www.saint-brevin.com\/medias\/images\/prestations\/multitailles\/160x120_centre-nautique-saint-brevin-tourisme-6496-7341.jpg"},"origine":{"url":"https:\/\/www.saint-brevin.com\/medias\/images\/prestations\/centre-nautique-saint-brevin-tourisme-6496-7341.jpg"}},"urlLien":"","typeLien":"","nofollow":"N","copyright":""},{"url":"https:\/\/www.saint-brevin.com\/medias\/images\/prestations\/marche-aquatique-mai-a-juillet-2026-saint-brevin-30524.jpg","chemin":"..\/medias\/images\/prestations\/marche-aquatique-mai-a-juillet-2026-saint-brevin-30524.jpg","libelle":"marche-aquatique-mai-a-juillet-2026-saint-brevin-30524","extension":"jpg","categorie":"","largeur":715,"theme":"","hauteur":1009,"type":"Image","origine":"","liaisonPave":"","langue":"","id":"30524","urlVignette":"https:\/\/www.saint-brevin.com\/medias\/images\/prestations\/v-marche-aquatique-mai-a-juillet-2026-saint-brevin-30524.jpg","alt":"marche-aquatique-mai-a-juillet-2026-saint-brevin-30524","title":"marche-aquatique-mai-a-juillet-2026-saint-brevin-30524","MultiTaille":{"1920x1440":{"url":"https:\/\/www.saint-brevin.com\/medias\/images\/prestations\/multitailles\/1920x1440_marche-aquatique-mai-a-juillet-2026-saint-brevin-30524.jpg"},"1200x900":{"url":"https:\/\/www.saint-brevin.com\/medias\/images\/prestations\/multitailles\/1200x900_marche-aquatique-mai-a-juillet-2026-saint-brevin-30524.jpg"},"800x600":{"url":"https:\/\/www.saint-brevin.com\/medias\/images\/prestations\/multitailles\/800x600_marche-aquatique-mai-a-juillet-2026-saint-brevin-30524.jpg"},"640x480":{"url":"https:\/\/www.saint-brevin.com\/medias\/images\/prestations\/multitailles\/640x480_marche-aquatique-mai-a-juillet-2026-saint-brevin-30524.jpg"},"320x240":{"url":"https:\/\/www.saint-brevin.com\/medias\/images\/prestations\/multitailles\/320x240_marche-aquatique-mai-a-juillet-2026-saint-brevin-30524.jpg"},"160x120":{"url":"https:\/\/www.saint-brevin.com\/medias\/images\/prestations\/multitailles\/160x120_marche-aquatique-mai-a-juillet-2026-saint-brevin-30524.jpg"},"origine":{"url":"https:\/\/www.saint-brevin.com\/medias\/images\/prestations\/marche-aquatique-mai-a-juillet-2026-saint-brevin-30524.jpg"}},"urlLien":"","typeLien":"","nofollow":"N","copyright":""},{"url":"https:\/\/www.saint-brevin.com\/medias\/images\/prestations\/marche-aquatique-mars-avril-2026-saint-brevin-30525.jpg","chemin":"..\/medias\/images\/prestations\/marche-aquatique-mars-avril-2026-saint-brevin-30525.jpg","libelle":"marche-aquatique-mars-avril-2026-saint-brevin-30525","extension":"jpg","categorie":"","largeur":714,"theme":"","hauteur":1006,"type":"Image","origine":"","liaisonPave":"","langue":"","id":"30525","urlVignette":"https:\/\/www.saint-brevin.com\/medias\/images\/prestations\/v-marche-aquatique-mars-avril-2026-saint-brevin-30525.jpg","alt":"marche-aquatique-mars-avril-2026-saint-brevin-30525","title":"marche-aquatique-mars-avril-2026-saint-brevin-30525","MultiTaille":{"1920x1440":{"url":"https:\/\/www.saint-brevin.com\/medias\/images\/prestations\/multitailles\/1920x1440_marche-aquatique-mars-avril-2026-saint-brevin-30525.jpg"},"1200x900":{"url":"https:\/\/www.saint-brevin.com\/medias\/images\/prestations\/multitailles\/1200x900_marche-aquatique-mars-avril-2026-saint-brevin-30525.jpg"},"800x600":{"url":"https:\/\/www.saint-brevin.com\/medias\/images\/prestations\/multitailles\/800x600_marche-aquatique-mars-avril-2026-saint-brevin-30525.jpg"},"640x480":{"url":"https:\/\/www.saint-brevin.com\/medias\/images\/prestations\/multitailles\/640x480_marche-aquatique-mars-avril-2026-saint-brevin-30525.jpg"},"320x240":{"url":"https:\/\/www.saint-brevin.com\/medias\/images\/prestations\/multitailles\/320x240_marche-aquatique-mars-avril-2026-saint-brevin-30525.jpg"},"160x120":{"url":"https:\/\/www.saint-brevin.com\/medias\/images\/prestations\/multitailles\/160x120_marche-aquatique-mars-avril-2026-saint-brevin-30525.jpg"},"origine":{"url":"https:\/\/www.saint-brevin.com\/medias\/images\/prestations\/marche-aquatique-mars-avril-2026-saint-brevin-30525.jpg"}},"urlLien":"","typeLien":"","nofollow":"N","copyright":""}]},"Image":[{"url":"https:\/\/www.saint-brevin.com\/medias\/images\/prestations\/marche-aquatique-saint-brevin-sports-nautques-brevinois2-176-7335.jpg","chemin":"..\/medias\/images\/prestations\/marche-aquatique-saint-brevin-sports-nautques-brevinois2-176-7335.jpg","libelle":"marche-aquatique-saint-brevin-sports-nautques-brevinois2-176","extension":"jpg","categorie":"","largeur":1940,"theme":"","hauteur":1258,"type":"Image","origine":"","liaisonPave":"","langue":"","id":"7335","urlVignette":"https:\/\/www.saint-brevin.com\/medias\/images\/prestations\/v-marche-aquatique-saint-brevin-sports-nautques-brevinois2-176-7335.jpg","alt":"marche-aquatique-saint-brevin-sports-nautques-brevinois2-176","title":"marche-aquatique-saint-brevin-sports-nautques-brevinois2-176","MultiTaille":{"1920x1440":{"url":"https:\/\/www.saint-brevin.com\/medias\/images\/prestations\/multitailles\/1920x1440_marche-aquatique-saint-brevin-sports-nautques-brevinois2-176-7335.jpg"},"1200x900":{"url":"https:\/\/www.saint-brevin.com\/medias\/images\/prestations\/multitailles\/1200x900_marche-aquatique-saint-brevin-sports-nautques-brevinois2-176-7335.jpg"},"800x600":{"url":"https:\/\/www.saint-brevin.com\/medias\/images\/prestations\/multitailles\/800x600_marche-aquatique-saint-brevin-sports-nautques-brevinois2-176-7335.jpg"},"640x480":{"url":"https:\/\/www.saint-brevin.com\/medias\/images\/prestations\/multitailles\/640x480_marche-aquatique-saint-brevin-sports-nautques-brevinois2-176-7335.jpg"},"320x240":{"url":"https:\/\/www.saint-brevin.com\/medias\/images\/prestations\/multitailles\/320x240_marche-aquatique-saint-brevin-sports-nautques-brevinois2-176-7335.jpg"},"160x120":{"url":"https:\/\/www.saint-brevin.com\/medias\/images\/prestations\/multitailles\/160x120_marche-aquatique-saint-brevin-sports-nautques-brevinois2-176-7335.jpg"},"origine":{"url":"https:\/\/www.saint-brevin.com\/medias\/images\/prestations\/marche-aquatique-saint-brevin-sports-nautques-brevinois2-176-7335.jpg"}},"urlLien":"","typeLien":"","nofollow":"N","copyright":""},{"url":"https:\/\/www.saint-brevin.com\/medias\/images\/prestations\/marche-aquatique-saint-brevin-sports-nautques-brevinois1-177-7334.jpg","chemin":"..\/medias\/images\/prestations\/marche-aquatique-saint-brevin-sports-nautques-brevinois1-177-7334.jpg","libelle":"marche-aquatique-saint-brevin-sports-nautques-brevinois1-177","extension":"jpg","categorie":"","largeur":1747,"theme":"","hauteur":1081,"type":"Image","origine":"","liaisonPave":"","langue":"","id":"7334","urlVignette":"https:\/\/www.saint-brevin.com\/medias\/images\/prestations\/v-marche-aquatique-saint-brevin-sports-nautques-brevinois1-177-7334.jpg","alt":"marche-aquatique-saint-brevin-sports-nautques-brevinois1-177","title":"marche-aquatique-saint-brevin-sports-nautques-brevinois1-177","MultiTaille":{"1920x1440":{"url":"https:\/\/www.saint-brevin.com\/medias\/images\/prestations\/multitailles\/1920x1440_marche-aquatique-saint-brevin-sports-nautques-brevinois1-177-7334.jpg"},"1200x900":{"url":"https:\/\/www.saint-brevin.com\/medias\/images\/prestations\/multitailles\/1200x900_marche-aquatique-saint-brevin-sports-nautques-brevinois1-177-7334.jpg"},"800x600":{"url":"https:\/\/www.saint-brevin.com\/medias\/images\/prestations\/multitailles\/800x600_marche-aquatique-saint-brevin-sports-nautques-brevinois1-177-7334.jpg"},"640x480":{"url":"https:\/\/www.saint-brevin.com\/medias\/images\/prestations\/multitailles\/640x480_marche-aquatique-saint-brevin-sports-nautques-brevinois1-177-7334.jpg"},"320x240":{"url":"https:\/\/www.saint-brevin.com\/medias\/images\/prestations\/multitailles\/320x240_marche-aquatique-saint-brevin-sports-nautques-brevinois1-177-7334.jpg"},"160x120":{"url":"https:\/\/www.saint-brevin.com\/medias\/images\/prestations\/multitailles\/160x120_marche-aquatique-saint-brevin-sports-nautques-brevinois1-177-7334.jpg"},"origine":{"url":"https:\/\/www.saint-brevin.com\/medias\/images\/prestations\/marche-aquatique-saint-brevin-sports-nautques-brevinois1-177-7334.jpg"}},"urlLien":"","typeLien":"","nofollow":"N","copyright":""},{"url":"https:\/\/www.saint-brevin.com\/medias\/images\/prestations\/marche-aquatique-saint-brevin-sports-nautques-brevinois3-178-7336.jpg","chemin":"..\/medias\/images\/prestations\/marche-aquatique-saint-brevin-sports-nautques-brevinois3-178-7336.jpg","libelle":"marche-aquatique-saint-brevin-sports-nautques-brevinois3-178","extension":"jpg","categorie":"","largeur":1940,"theme":"","hauteur":1078,"type":"Image","origine":"","liaisonPave":"","langue":"","id":"7336","urlVignette":"https:\/\/www.saint-brevin.com\/medias\/images\/prestations\/v-marche-aquatique-saint-brevin-sports-nautques-brevinois3-178-7336.jpg","alt":"marche-aquatique-saint-brevin-sports-nautques-brevinois3-178","title":"marche-aquatique-saint-brevin-sports-nautques-brevinois3-178","MultiTaille":{"1920x1440":{"url":"https:\/\/www.saint-brevin.com\/medias\/images\/prestations\/multitailles\/1920x1440_marche-aquatique-saint-brevin-sports-nautques-brevinois3-178-7336.jpg"},"1200x900":{"url":"https:\/\/www.saint-brevin.com\/medias\/images\/prestations\/multitailles\/1200x900_marche-aquatique-saint-brevin-sports-nautques-brevinois3-178-7336.jpg"},"800x600":{"url":"https:\/\/www.saint-brevin.com\/medias\/images\/prestations\/multitailles\/800x600_marche-aquatique-saint-brevin-sports-nautques-brevinois3-178-7336.jpg"},"640x480":{"url":"https:\/\/www.saint-brevin.com\/medias\/images\/prestations\/multitailles\/640x480_marche-aquatique-saint-brevin-sports-nautques-brevinois3-178-7336.jpg"},"320x240":{"url":"https:\/\/www.saint-brevin.com\/medias\/images\/prestations\/multitailles\/320x240_marche-aquatique-saint-brevin-sports-nautques-brevinois3-178-7336.jpg"},"160x120":{"url":"https:\/\/www.saint-brevin.com\/medias\/images\/prestations\/multitailles\/160x120_marche-aquatique-saint-brevin-sports-nautques-brevinois3-178-7336.jpg"},"origine":{"url":"https:\/\/www.saint-brevin.com\/medias\/images\/prestations\/marche-aquatique-saint-brevin-sports-nautques-brevinois3-178-7336.jpg"}},"urlLien":"","typeLien":"","nofollow":"N","copyright":""},{"url":"https:\/\/www.saint-brevin.com\/medias\/images\/prestations\/marche-aquatique-sports-nautiques-brevinois-st-brevin3-319-7338.jpg","chemin":"..\/medias\/images\/prestations\/marche-aquatique-sports-nautiques-brevinois-st-brevin3-319-7338.jpg","libelle":"marche-aquatique-sports-nautiques-brevinois-st-brevin3-319","extension":"jpg","categorie":"","largeur":1940,"theme":"","hauteur":1455,"type":"Image","origine":"","liaisonPave":"","langue":"","id":"7338","urlVignette":"https:\/\/www.saint-brevin.com\/medias\/images\/prestations\/v-marche-aquatique-sports-nautiques-brevinois-st-brevin3-319-7338.jpg","alt":"marche-aquatique-sports-nautiques-brevinois-st-brevin3-319","title":"marche-aquatique-sports-nautiques-brevinois-st-brevin3-319","MultiTaille":{"1920x1440":{"url":"https:\/\/www.saint-brevin.com\/medias\/images\/prestations\/multitailles\/1920x1440_marche-aquatique-sports-nautiques-brevinois-st-brevin3-319-7338.jpg"},"1200x900":{"url":"https:\/\/www.saint-brevin.com\/medias\/images\/prestations\/multitailles\/1200x900_marche-aquatique-sports-nautiques-brevinois-st-brevin3-319-7338.jpg"},"800x600":{"url":"https:\/\/www.saint-brevin.com\/medias\/images\/prestations\/multitailles\/800x600_marche-aquatique-sports-nautiques-brevinois-st-brevin3-319-7338.jpg"},"640x480":{"url":"https:\/\/www.saint-brevin.com\/medias\/images\/prestations\/multitailles\/640x480_marche-aquatique-sports-nautiques-brevinois-st-brevin3-319-7338.jpg"},"320x240":{"url":"https:\/\/www.saint-brevin.com\/medias\/images\/prestations\/multitailles\/320x240_marche-aquatique-sports-nautiques-brevinois-st-brevin3-319-7338.jpg"},"160x120":{"url":"https:\/\/www.saint-brevin.com\/medias\/images\/prestations\/multitailles\/160x120_marche-aquatique-sports-nautiques-brevinois-st-brevin3-319-7338.jpg"},"origine":{"url":"https:\/\/www.saint-brevin.com\/medias\/images\/prestations\/marche-aquatique-sports-nautiques-brevinois-st-brevin3-319-7338.jpg"}},"urlLien":"","typeLien":"","nofollow":"N","copyright":""},{"url":"https:\/\/www.saint-brevin.com\/medias\/images\/prestations\/marche-aquatique-sports-nautiques-brevinois-st-brevin1-320-7339.jpg","chemin":"..\/medias\/images\/prestations\/marche-aquatique-sports-nautiques-brevinois-st-brevin1-320-7339.jpg","libelle":"marche-aquatique-sports-nautiques-brevinois-st-brevin1-320","extension":"jpg","categorie":"","largeur":1940,"theme":"","hauteur":1455,"type":"Image","origine":"","liaisonPave":"","langue":"","id":"7339","urlVignette":"https:\/\/www.saint-brevin.com\/medias\/images\/prestations\/v-marche-aquatique-sports-nautiques-brevinois-st-brevin1-320-7339.jpg","alt":"marche-aquatique-sports-nautiques-brevinois-st-brevin1-320","title":"marche-aquatique-sports-nautiques-brevinois-st-brevin1-320","MultiTaille":{"1920x1440":{"url":"https:\/\/www.saint-brevin.com\/medias\/images\/prestations\/multitailles\/1920x1440_marche-aquatique-sports-nautiques-brevinois-st-brevin1-320-7339.jpg"},"1200x900":{"url":"https:\/\/www.saint-brevin.com\/medias\/images\/prestations\/multitailles\/1200x900_marche-aquatique-sports-nautiques-brevinois-st-brevin1-320-7339.jpg"},"800x600":{"url":"https:\/\/www.saint-brevin.com\/medias\/images\/prestations\/multitailles\/800x600_marche-aquatique-sports-nautiques-brevinois-st-brevin1-320-7339.jpg"},"640x480":{"url":"https:\/\/www.saint-brevin.com\/medias\/images\/prestations\/multitailles\/640x480_marche-aquatique-sports-nautiques-brevinois-st-brevin1-320-7339.jpg"},"320x240":{"url":"https:\/\/www.saint-brevin.com\/medias\/images\/prestations\/multitailles\/320x240_marche-aquatique-sports-nautiques-brevinois-st-brevin1-320-7339.jpg"},"160x120":{"url":"https:\/\/www.saint-brevin.com\/medias\/images\/prestations\/multitailles\/160x120_marche-aquatique-sports-nautiques-brevinois-st-brevin1-320-7339.jpg"},"origine":{"url":"https:\/\/www.saint-brevin.com\/medias\/images\/prestations\/marche-aquatique-sports-nautiques-brevinois-st-brevin1-320-7339.jpg"}},"urlLien":"","typeLien":"","nofollow":"N","copyright":""},{"url":"https:\/\/www.saint-brevin.com\/medias\/images\/prestations\/marche-aquatique-sports-nautiques-brevinois-st-brevin-321-7340.jpg","chemin":"..\/medias\/images\/prestations\/marche-aquatique-sports-nautiques-brevinois-st-brevin-321-7340.jpg","libelle":"marche-aquatique-sports-nautiques-brevinois-st-brevin-321","extension":"jpg","categorie":"","largeur":1940,"theme":"","hauteur":1455,"type":"Image","origine":"","liaisonPave":"","langue":"","id":"7340","urlVignette":"https:\/\/www.saint-brevin.com\/medias\/images\/prestations\/v-marche-aquatique-sports-nautiques-brevinois-st-brevin-321-7340.jpg","alt":"marche-aquatique-sports-nautiques-brevinois-st-brevin-321","title":"marche-aquatique-sports-nautiques-brevinois-st-brevin-321","MultiTaille":{"1920x1440":{"url":"https:\/\/www.saint-brevin.com\/medias\/images\/prestations\/multitailles\/1920x1440_marche-aquatique-sports-nautiques-brevinois-st-brevin-321-7340.jpg"},"1200x900":{"url":"https:\/\/www.saint-brevin.com\/medias\/images\/prestations\/multitailles\/1200x900_marche-aquatique-sports-nautiques-brevinois-st-brevin-321-7340.jpg"},"800x600":{"url":"https:\/\/www.saint-brevin.com\/medias\/images\/prestations\/multitailles\/800x600_marche-aquatique-sports-nautiques-brevinois-st-brevin-321-7340.jpg"},"640x480":{"url":"https:\/\/www.saint-brevin.com\/medias\/images\/prestations\/multitailles\/640x480_marche-aquatique-sports-nautiques-brevinois-st-brevin-321-7340.jpg"},"320x240":{"url":"https:\/\/www.saint-brevin.com\/medias\/images\/prestations\/multitailles\/320x240_marche-aquatique-sports-nautiques-brevinois-st-brevin-321-7340.jpg"},"160x120":{"url":"https:\/\/www.saint-brevin.com\/medias\/images\/prestations\/multitailles\/160x120_marche-aquatique-sports-nautiques-brevinois-st-brevin-321-7340.jpg"},"origine":{"url":"https:\/\/www.saint-brevin.com\/medias\/images\/prestations\/marche-aquatique-sports-nautiques-brevinois-st-brevin-321-7340.jpg"}},"urlLien":"","typeLien":"","nofollow":"N","copyright":""},{"url":"https:\/\/www.saint-brevin.com\/medias\/images\/prestations\/centre-nautique-saint-brevin-tourisme-6496-7341.jpg","chemin":"..\/medias\/images\/prestations\/centre-nautique-saint-brevin-tourisme-6496-7341.jpg","libelle":"centre-nautique-saint-brevin-tourisme-6496","extension":"jpg","categorie":"","largeur":1695,"theme":"","hauteur":1362,"type":"Image","origine":"","liaisonPave":"","langue":"","id":"7341","urlVignette":"https:\/\/www.saint-brevin.com\/medias\/images\/prestations\/v-centre-nautique-saint-brevin-tourisme-6496-7341.jpg","alt":"centre-nautique-saint-brevin-tourisme-6496","title":"centre-nautique-saint-brevin-tourisme-6496","MultiTaille":{"1920x1440":{"url":"https:\/\/www.saint-brevin.com\/medias\/images\/prestations\/multitailles\/1920x1440_centre-nautique-saint-brevin-tourisme-6496-7341.jpg"},"1200x900":{"url":"https:\/\/www.saint-brevin.com\/medias\/images\/prestations\/multitailles\/1200x900_centre-nautique-saint-brevin-tourisme-6496-7341.jpg"},"800x600":{"url":"https:\/\/www.saint-brevin.com\/medias\/images\/prestations\/multitailles\/800x600_centre-nautique-saint-brevin-tourisme-6496-7341.jpg"},"640x480":{"url":"https:\/\/www.saint-brevin.com\/medias\/images\/prestations\/multitailles\/640x480_centre-nautique-saint-brevin-tourisme-6496-7341.jpg"},"320x240":{"url":"https:\/\/www.saint-brevin.com\/medias\/images\/prestations\/multitailles\/320x240_centre-nautique-saint-brevin-tourisme-6496-7341.jpg"},"160x120":{"url":"https:\/\/www.saint-brevin.com\/medias\/images\/prestations\/multitailles\/160x120_centre-nautique-saint-brevin-tourisme-6496-7341.jpg"},"origine":{"url":"https:\/\/www.saint-brevin.com\/medias\/images\/prestations\/centre-nautique-saint-brevin-tourisme-6496-7341.jpg"}},"urlLien":"","typeLien":"","nofollow":"N","copyright":""},{"url":"https:\/\/www.saint-brevin.com\/medias\/images\/prestations\/marche-aquatique-mai-a-juillet-2026-saint-brevin-30524.jpg","chemin":"..\/medias\/images\/prestations\/marche-aquatique-mai-a-juillet-2026-saint-brevin-30524.jpg","libelle":"marche-aquatique-mai-a-juillet-2026-saint-brevin-30524","extension":"jpg","categorie":"","largeur":715,"theme":"","hauteur":1009,"type":"Image","origine":"","liaisonPave":"","langue":"","id":"30524","urlVignette":"https:\/\/www.saint-brevin.com\/medias\/images\/prestations\/v-marche-aquatique-mai-a-juillet-2026-saint-brevin-30524.jpg","alt":"marche-aquatique-mai-a-juillet-2026-saint-brevin-30524","title":"marche-aquatique-mai-a-juillet-2026-saint-brevin-30524","MultiTaille":{"1920x1440":{"url":"https:\/\/www.saint-brevin.com\/medias\/images\/prestations\/multitailles\/1920x1440_marche-aquatique-mai-a-juillet-2026-saint-brevin-30524.jpg"},"1200x900":{"url":"https:\/\/www.saint-brevin.com\/medias\/images\/prestations\/multitailles\/1200x900_marche-aquatique-mai-a-juillet-2026-saint-brevin-30524.jpg"},"800x600":{"url":"https:\/\/www.saint-brevin.com\/medias\/images\/prestations\/multitailles\/800x600_marche-aquatique-mai-a-juillet-2026-saint-brevin-30524.jpg"},"640x480":{"url":"https:\/\/www.saint-brevin.com\/medias\/images\/prestations\/multitailles\/640x480_marche-aquatique-mai-a-juillet-2026-saint-brevin-30524.jpg"},"320x240":{"url":"https:\/\/www.saint-brevin.com\/medias\/images\/prestations\/multitailles\/320x240_marche-aquatique-mai-a-juillet-2026-saint-brevin-30524.jpg"},"160x120":{"url":"https:\/\/www.saint-brevin.com\/medias\/images\/prestations\/multitailles\/160x120_marche-aquatique-mai-a-juillet-2026-saint-brevin-30524.jpg"},"origine":{"url":"https:\/\/www.saint-brevin.com\/medias\/images\/prestations\/marche-aquatique-mai-a-juillet-2026-saint-brevin-30524.jpg"}},"urlLien":"","typeLien":"","nofollow":"N","copyright":""},{"url":"https:\/\/www.saint-brevin.com\/medias\/images\/prestations\/marche-aquatique-mars-avril-2026-saint-brevin-30525.jpg","chemin":"..\/medias\/images\/prestations\/marche-aquatique-mars-avril-2026-saint-brevin-30525.jpg","libelle":"marche-aquatique-mars-avril-2026-saint-brevin-30525","extension":"jpg","categorie":"","largeur":714,"theme":"","hauteur":1006,"type":"Image","origine":"","liaisonPave":"","langue":"","id":"30525","urlVignette":"https:\/\/www.saint-brevin.com\/medias\/images\/prestations\/v-marche-aquatique-mars-avril-2026-saint-brevin-30525.jpg","alt":"marche-aquatique-mars-avril-2026-saint-brevin-30525","title":"marche-aquatique-mars-avril-2026-saint-brevin-30525","MultiTaille":{"1920x1440":{"url":"https:\/\/www.saint-brevin.com\/medias\/images\/prestations\/multitailles\/1920x1440_marche-aquatique-mars-avril-2026-saint-brevin-30525.jpg"},"1200x900":{"url":"https:\/\/www.saint-brevin.com\/medias\/images\/prestations\/multitailles\/1200x900_marche-aquatique-mars-avril-2026-saint-brevin-30525.jpg"},"800x600":{"url":"https:\/\/www.saint-brevin.com\/medias\/images\/prestations\/multitailles\/800x600_marche-aquatique-mars-avril-2026-saint-brevin-30525.jpg"},"640x480":{"url":"https:\/\/www.saint-brevin.com\/medias\/images\/prestations\/multitailles\/640x480_marche-aquatique-mars-avril-2026-saint-brevin-30525.jpg"},"320x240":{"url":"https:\/\/www.saint-brevin.com\/medias\/images\/prestations\/multitailles\/320x240_marche-aquatique-mars-avril-2026-saint-brevin-30525.jpg"},"160x120":{"url":"https:\/\/www.saint-brevin.com\/medias\/images\/prestations\/multitailles\/160x120_marche-aquatique-mars-avril-2026-saint-brevin-30525.jpg"},"origine":{"url":"https:\/\/www.saint-brevin.com\/medias\/images\/prestations\/marche-aquatique-mars-avril-2026-saint-brevin-30525.jpg"}},"urlLien":"","typeLien":"","nofollow":"N","copyright":""}]},"DateDebPublication":"","DateFinPublication":"","PrixAPartirDe":"","PrixPour":"","FicheListeEnCours":"fiche_liste_agenda_prestation_v2017","ParametresModele":{"AfficherPhotos":"1","NbPhotosMax":6,"AfficherReserver":0,"AfficherContact":0,"AfficherSalle":1,"AfficherZoneGeo":0,"AfficherEnSavoirPlus":"1","AfficherUneSeuleOuverture":"1","AfficherContactCarte":1,"AfficherTarifsChaudAPartirDe":0,"AfficherTarifChaudSansRecherche":0,"AfficherLiensCarnetVoyage":"1","AfficherOuverture":"1","BlocCritereInfo":{"critere1":{"libelle":""},"critere2":{"libelle":""},"critere3":{"libelle":""},"critere4":{"libelle":""},"critere5":{"libelle":""},"critere6":{"libelle":""},"critere7":{"libelle":"","liste_critere":["COMMUNES|Y"]},"critere8":{"libelle":""},"critere9":{"libelle":""},"afficherpictoetpaslibelle":"1"},"CriteresComportementResa":"|RESABILLET[RESAENLIGNE|","PositionBloc":"GALLERIE|NOM|OUVERTURES|CARNET_VOYAGE|URL|LIEN_RESERVER_DETAIL","TypePrestataire":"Y","ComportementResa":false,"ComportementDispo":false},"AffichageCoordonnees":[],"Coordonnees":{"Ville":"ST BREVIN LES PINS"},"ContexteId":"PRESTATION|Y|SPORTSNAUTIQUESBREVINOIS|MARCHEAQUATIQUE","ContexteIdHtml":"PRESTATION-Y-SPORTSNAUTIQUESBREVINOIS-MARCHEAQUATIQUE","cleContexte":"Y|SPORTSNAUTIQUESBREVINOIS|MARCHEAQUATIQUE","Bloc":{"texte1":"","texte3":"","critere1":{"libelle":"","contenu":[]},"critere2":{"libelle":"","contenu":[]},"critere3":{"libelle":"","contenu":[]},"critere4":{"libelle":"","contenu":[]},"critere5":{"libelle":"","contenu":[]},"critere6":{"libelle":"","contenu":[]},"critere7":{"libelle":"","contenu":{"COMMUNES":{"libelle":"COMMUNE","contenu":{"1":"Saint-Brevin"},"codesValeurs":{"1":"COMMUNES|SAINTBREVIN|Y"},"criteres_datas":{"valeurs":{"1":{"SAINTBREVIN":{"descriptif":""}}}}}}},"critere8":{"libelle":"","contenu":[]},"critere9":{"libelle":"","contenu":[]}},"LocalisationGps":{"Latitude":"47.23272","Longitude":"-2.17912"},"libelleDuPrestataire":"","vuePrestataire":{"pave1":{"libelle":"Descriptif","contenu":"\u003Cp\u003EAvec ses activit&eacute;s de \u003Ca href=\"http:\/\/saint-brevin.fr\/tourisme\/le-char-a-voile.html\" target=\"_blank\"\u003EChar &agrave; voile\u003C\/a\u003E, \u003Ca href=\"http:\/\/saint-brevin.fr\/tourisme\/le-catamaran.html\" target=\"_blank\"\u003ECatamaran\u003C\/a\u003E, \u003Ca href=\"http:\/\/saint-brevin.fr\/tourisme\/la-planche-a-voile.html\" target=\"_blank\"\u003EPlanche &agrave; voile\u003C\/a\u003E, \u003Ca href=\"http:\/\/saint-brevin.fr\/actualite-site-ot\/paddle-a-saint-brevin.html\" target=\"_blank\"\u003EPaddle\u003C\/a\u003E, \u003Ca href=\"http:\/\/saint-brevin.fr\/tourisme\/le-kayak.html\" target=\"_blank\"\u003EKayak\u003C\/a\u003E et \u003Ca href=\"http:\/\/saint-brevin.fr\/actualite-site-ot\/marche-aquatique-cotiere-a-st-brevin.html\" target=\"_blank\"\u003Emarche aquatique c&ocirc;t&egrave;re\u003C\/a\u003E, Saint-Brevin invite &agrave; d&eacute;couvrir la voile, le vent et la vitesse en toute libert&eacute;. La mer et ses grandes &eacute;tendues de \u003Ca href=\"http:\/\/saint-brevin.fr\/tourisme\/nos-plages.html\"\u003Eplage\u003C\/a\u003E font de la station un site privil&eacute;gi&eacute; pour la pratique des sports de glisse dans des conditions optimales.&nbsp;&nbsp;&nbsp;&nbsp;&nbsp;&nbsp;&nbsp;&nbsp;&nbsp;&nbsp;&nbsp;&nbsp;&nbsp;&nbsp;&nbsp;&nbsp;&nbsp;&nbsp;&nbsp;\u003Cbr \/\u003E\r\nAu c&oelig;ur de la ville de Saint-Brevin, sur la c&ocirc;te de Jade, l&#39;&eacute;cole de voile des Sports Nautiques Brevinois, vous accueille chaleureusement et offre une multitude d&#39;activit&eacute;s...\u003Cbr \/\u003E\r\nC&#39;est aussi un point de location FFVOILE, pour le mat&eacute;riel de Catamaran, char &amp; planche &agrave; voile, kayak et paddle.\u003C\/p\u003E\r\n"},"pave2":{"libelle":"","contenu":""},"pave3":{"libelle":"","contenu":""},"pave4":{"libelle":"","contenu":""},"pave5":{"libelle":"","contenu":""},"pave6":{"libelle":"","contenu":""},"pave7":{"libelle":"","contenu":""},"pave8":{"libelle":"","contenu":""},"pave9":{"libelle":"","contenu":""},"pave10":{"libelle":"","contenu":""},"pave11":{"libelle":"","contenu":""},"pave12":{"libelle":"","contenu":""},"pave13":{"libelle":"","contenu":""},"pave14":{"libelle":"","contenu":""},"pave15":{"libelle":"","contenu":""},"pave16":{"libelle":"","contenu":""},"pave17":{"libelle":"","contenu":""},"pave18":{"libelle":"","contenu":""},"pave19":{"libelle":"","contenu":""},"pave20":{"libelle":"","contenu":""},"pave21":{"libelle":"","contenu":""},"pave22":{"libelle":"","contenu":""},"pave23":{"libelle":"","contenu":""},"pave24":{"libelle":"","contenu":""},"pave25":{"libelle":"","contenu":""},"ContactsParType":{"RESP":{"8":{"id_contact":"8","type_contact":"RESP","categorie_contact":"PRESTATAIRE","societe_contact":"","fonction_contact":"","civilite_nom_prenom_contact":"M Guyot C\u00e9dric ","adresse1_contact":"Boulevard de l'Oc\u00e9an","adresse2_contact":"","adresse3_contact":"","cpostal_contact":"44250","ville_contact":"ST BREVIN LES PINS","teldom_contact":"02 40 64 49 41","telbur_contact":"","fax_contact":"","portable_contact":"","email_contact":"centrenautique@saint-brevin.fr","siteweb_contact":"","commentaire_contact":"","langue_contact":"","autre_moyen_com":[]}}},"Libelle":"Centre nautique de Saint-Brevin","Nom":"Centre nautique de Saint-Brevin","Prenom":"","NomPrenom":"Centre nautique de Saint-Brevin ","CiviliteNomPrenom":"Centre nautique de Saint-Brevin ","Cle":"Y|SPORTSNAUTIQUESBREVINOIS","PrestataireParent":"","ContexteStat":"PRESTATAIRE-Y-SPORTSNAUTIQUESBREVINOIS","DateModificationIso":"2022-03-25T10:18:00+01:00","Type":"PRESTATAIRE","TypePrestataire":"Y","Adresse":{"LigneAdresse1":"Boulevard de l'Oc\u00e9an","LigneAdresse2":"","LigneAdresse3":"","CodePostal":"44250","Ville":"ST BREVIN LES PINS","Cedex":"","Etat":"","Pays":"FRA"},"Email":"centrenautique@saint-brevin.fr","Telephone":"02 40 64 49 41","TelephoneBureau":"","Portable":"","SiteWeb":"https:\/\/cn-saint-brevin.fr\/","Fax":"","Id":"y-sportsnautiquesbrevinois","Code":"Y|SPORTSNAUTIQUESBREVINOIS","Fichier":{"Image":[{"url":"https:\/\/www.saint-brevin.com\/medias\/images\/prestataires\/sports-nautiques-brevinois-cote-mer-saint-brevin1-755.jpg","chemin":"..\/medias\/images\/prestataires\/sports-nautiques-brevinois-cote-mer-saint-brevin1-755.jpg","libelle":"sports-nautiques-brevinois-cote-mer-saint-brevin1-755","extension":"jpg","categorie":"","largeur":1940,"theme":"","hauteur":1293,"type":"Image","origine":"","liaisonPave":"","langue":"","id":"755","urlVignette":"https:\/\/www.saint-brevin.com\/medias\/images\/prestataires\/v-sports-nautiques-brevinois-cote-mer-saint-brevin1-755.jpg","alt":"sports-nautiques-brevinois-cote-mer-saint-brevin1-755","title":"sports-nautiques-brevinois-cote-mer-saint-brevin1-755","MultiTaille":{"1920x1440":{"url":"https:\/\/www.saint-brevin.com\/medias\/images\/prestataires\/multitailles\/1920x1440_sports-nautiques-brevinois-cote-mer-saint-brevin1-755.jpg"},"1200x900":{"url":"https:\/\/www.saint-brevin.com\/medias\/images\/prestataires\/multitailles\/1200x900_sports-nautiques-brevinois-cote-mer-saint-brevin1-755.jpg"},"800x600":{"url":"https:\/\/www.saint-brevin.com\/medias\/images\/prestataires\/multitailles\/800x600_sports-nautiques-brevinois-cote-mer-saint-brevin1-755.jpg"},"640x480":{"url":"https:\/\/www.saint-brevin.com\/medias\/images\/prestataires\/multitailles\/640x480_sports-nautiques-brevinois-cote-mer-saint-brevin1-755.jpg"},"320x240":{"url":"https:\/\/www.saint-brevin.com\/medias\/images\/prestataires\/multitailles\/320x240_sports-nautiques-brevinois-cote-mer-saint-brevin1-755.jpg"},"160x120":{"url":"https:\/\/www.saint-brevin.com\/medias\/images\/prestataires\/multitailles\/160x120_sports-nautiques-brevinois-cote-mer-saint-brevin1-755.jpg"},"origine":{"url":"https:\/\/www.saint-brevin.com\/medias\/images\/prestataires\/sports-nautiques-brevinois-cote-mer-saint-brevin1-755.jpg"}},"urlLien":"","typeLien":"","nofollow":"N","copyright":""}],"ByCategorie":{"":[{"url":"https:\/\/www.saint-brevin.com\/medias\/images\/prestataires\/sports-nautiques-brevinois-cote-mer-saint-brevin1-755.jpg","chemin":"..\/medias\/images\/prestataires\/sports-nautiques-brevinois-cote-mer-saint-brevin1-755.jpg","libelle":"sports-nautiques-brevinois-cote-mer-saint-brevin1-755","extension":"jpg","categorie":"","largeur":1940,"theme":"","hauteur":1293,"type":"Image","origine":"","liaisonPave":"","langue":"","id":"755","urlVignette":"https:\/\/www.saint-brevin.com\/medias\/images\/prestataires\/v-sports-nautiques-brevinois-cote-mer-saint-brevin1-755.jpg","alt":"sports-nautiques-brevinois-cote-mer-saint-brevin1-755","title":"sports-nautiques-brevinois-cote-mer-saint-brevin1-755","MultiTaille":{"1920x1440":{"url":"https:\/\/www.saint-brevin.com\/medias\/images\/prestataires\/multitailles\/1920x1440_sports-nautiques-brevinois-cote-mer-saint-brevin1-755.jpg"},"1200x900":{"url":"https:\/\/www.saint-brevin.com\/medias\/images\/prestataires\/multitailles\/1200x900_sports-nautiques-brevinois-cote-mer-saint-brevin1-755.jpg"},"800x600":{"url":"https:\/\/www.saint-brevin.com\/medias\/images\/prestataires\/multitailles\/800x600_sports-nautiques-brevinois-cote-mer-saint-brevin1-755.jpg"},"640x480":{"url":"https:\/\/www.saint-brevin.com\/medias\/images\/prestataires\/multitailles\/640x480_sports-nautiques-brevinois-cote-mer-saint-brevin1-755.jpg"},"320x240":{"url":"https:\/\/www.saint-brevin.com\/medias\/images\/prestataires\/multitailles\/320x240_sports-nautiques-brevinois-cote-mer-saint-brevin1-755.jpg"},"160x120":{"url":"https:\/\/www.saint-brevin.com\/medias\/images\/prestataires\/multitailles\/160x120_sports-nautiques-brevinois-cote-mer-saint-brevin1-755.jpg"},"origine":{"url":"https:\/\/www.saint-brevin.com\/medias\/images\/prestataires\/sports-nautiques-brevinois-cote-mer-saint-brevin1-755.jpg"}},"urlLien":"","typeLien":"","nofollow":"N","copyright":""},{"url":"https:\/\/www.saint-brevin.com\/medias\/images\/prestataires\/inscription2018-sports-nautiques-brevinois-756.pdf","chemin":"..\/medias\/images\/prestataires\/inscription2018-sports-nautiques-brevinois-756.pdf","libelle":"inscription2018-sports-nautiques-brevinois-756","extension":"pdf","categorie":"","largeur":"","theme":"","hauteur":"","type":"Document","origine":"","liaisonPave":"","langue":"","id":"756","poids":"495.7 Ko","alt":"inscription2018-sports-nautiques-brevinois-756","title":"inscription2018-sports-nautiques-brevinois-756"},{"url":"https:\/\/www.saint-brevin.com\/medias\/images\/prestataires\/avril2018-char-a-voile-catamaran-planche-a-voile-st-brevin-2803.pdf","chemin":"..\/medias\/images\/prestataires\/avril2018-char-a-voile-catamaran-planche-a-voile-st-brevin-2803.pdf","libelle":"avril2018-char-a-voile-catamaran-planche-a-voile-st-brevin-2803","extension":"pdf","categorie":"","largeur":"","theme":"","hauteur":"","type":"Document","origine":"","liaisonPave":"","langue":"","id":"2803","poids":"382.11 Ko","alt":"avril2018-char-a-voile-catamaran-planche-a-voile-st-brevin-2803","title":"avril2018-char-a-voile-catamaran-planche-a-voile-st-brevin-2803"}]},"Document":[{"url":"https:\/\/www.saint-brevin.com\/medias\/images\/prestataires\/inscription2018-sports-nautiques-brevinois-756.pdf","chemin":"..\/medias\/images\/prestataires\/inscription2018-sports-nautiques-brevinois-756.pdf","libelle":"inscription2018-sports-nautiques-brevinois-756","extension":"pdf","categorie":"","largeur":"","theme":"","hauteur":"","type":"Document","origine":"","liaisonPave":"","langue":"","id":"756","poids":"495.7 Ko","alt":"inscription2018-sports-nautiques-brevinois-756","title":"inscription2018-sports-nautiques-brevinois-756"},{"url":"https:\/\/www.saint-brevin.com\/medias\/images\/prestataires\/avril2018-char-a-voile-catamaran-planche-a-voile-st-brevin-2803.pdf","chemin":"..\/medias\/images\/prestataires\/avril2018-char-a-voile-catamaran-planche-a-voile-st-brevin-2803.pdf","libelle":"avril2018-char-a-voile-catamaran-planche-a-voile-st-brevin-2803","extension":"pdf","categorie":"","largeur":"","theme":"","hauteur":"","type":"Document","origine":"","liaisonPave":"","langue":"","id":"2803","poids":"382.11 Ko","alt":"avril2018-char-a-voile-catamaran-planche-a-voile-st-brevin-2803","title":"avril2018-char-a-voile-catamaran-planche-a-voile-st-brevin-2803"}]},"Url":"","Localisation":{"GoogleMap":{"Latitude":"47.23271","Longitude":"-2.17913"}},"ZoneGeo":"","Criteres":{"LIEU[SAINTBREVINOCEAN":"","COMMUNES[SAINTBREVIN":"","QUARTIER[OCEAN":"","DISTANCEDUCENTRE[MCENTREBREVINOCEAN":"200","DISTANCEDUCENTRE[KMCENTREBREVINOCEAN":"0,2","MAJINGENIE[DATEDERNIEREMAJ":"20170914","MISEAJOUR[ANNABELLE":""},"DateFinPublication":"","AffichageCoordonnees":[]},"listeCriteres":{"ALAFFICHEACC":{"OUIALAFFICHE":""},"LIEUMANIF":{"SAINTBREVIN":""},"CATEGORIEANIMATION":{"SPORT":""},"ANIAH":{"ANINACC":""},"GANIMA":{"GANIMNON":""},"MODEPAIEMENT":{"LCBP":"","LESPE":"","LCB":""},"YVEL":{"PLACE":""},"MISEAJOURINGENIE":{"DATEDERNIEREMAJ":"20260318"},"MISEAJOURPAR":{"ANNABELLE":""},"LIEU":{"SAINTBREVINOCEAN":""},"COMMUNES":{"SAINTBREVIN":""},"QUARTIER":{"OCEAN":""},"DISTANCEDUCENTRE":{"MCENTREBREVINOCEAN":"200","KMCENTREBREVINOCEAN":"0,2"},"MAJINGENIE":{"DATEDERNIEREMAJ":"20170914"},"MISEAJOUR":{"ANNABELLE":""}},"dansCarnetVoyage":true,"Ouverture":["\u003Cp class=\"date\" \u003EDu samedi 21 mars au mercredi 01 juillet 2026\u003C\/p\u003E\u003Cp class=\"nature\" \u003ETous les jours\u003C\/p\u003E"],"OuverturePasse":[],"OuvertureObjs":[{}],"OuvertureTab":[["20260321","20260701"]]},"html":" \n \u003Cdiv id=\"CV-PRESTATION-Y-SPORTSNAUTIQUESBREVINOIS-MARCHEAQUATIQUE\" data-contexte-id=\"PRESTATION|Y|SPORTSNAUTIQUESBREVINOIS|MARCHEAQUATIQUE\" data-cle=\"Y|SPORTSNAUTIQUESBREVINOIS|MARCHEAQUATIQUE\" class=\"fiche-liste\"\u003E\n    \n\n    \u003C!-- partie photo --\u003E\n    \u003Cdiv class=\"photo\"\u003E\t\t\t\t\t\t\t\t\t\t\t\t\t\t\t\t\t\t\t\t\t\n        \u003Cdiv class=\"cadre_photo_principale\"\u003E\t\t\n        \n            \t\t\t\t\t\n                    \u003Ca href=\"marche-aquatique.html?origine=carnet#media\"\u003E\n                        \u003Cimg class=\"photo_principale\" alt=\"marche-aquatique-saint-brevin-sports-nautques-brevinois2-176\" src=\"https:\/\/www.saint-brevin.com\/medias\/images\/prestations\/multitailles\/320x240_marche-aquatique-saint-brevin-sports-nautques-brevinois2-176-7335.jpg\" itemprop=\"image\"\u003E\n                    \u003C\/a\u003E\t\t\t\t\t\t\n                \n                    \u003C\/div\u003E\t\t\t\t\t\t\t\t\t\t\t\t\t\t\t\t\t\t\t \t\t\n    \u003C\/div\u003E\n    \n    \u003C!-- partie nom prest --\u003E\n    \u003Cdiv class=\"nom\"\u003E\n        \u003Ch2\u003EMarche aquatique\u003C\/h2\u003E\n        \n            \u003C\/div\u003E\n\n     \u003Cul style=\"display: none\" class=\"ouverture_list\"\u003E\u003Cli class=\"ouverture_item\"\u003E\u003Cp class=\"date\" \u003EDu samedi 21 mars au mercredi 01 juillet 2026\u003C\/p\u003E\u003Cp class=\"nature\" \u003ETous les jours\u003C\/p\u003E\u003C\/li\u003E\u003C\/ul\u003E    \n    \u003C!-- partie adresse --\u003E\n    \u003Cdiv class=\"adresse\"\u003E\n    \n          \n    \u003C\/div\u003E\n    \n    \u003C!-- partie liens --\u003E\n    \u003Cdiv class=\"liens\"\u003E\n            \u003Ca class=\"btn-icon btn-view \" title=\"Voir la fiche d\u00e9taill\u00e9e\" href=\"marche-aquatique.html?origine=carnet\"\u003E\u003C\/a\u003E\u003C!--\u003Ca class=\"btn-icon btn-view \" title=\"\" href=\"?origine=carnet#thaut\"\u003E\u003C\/a\u003E--\u003E\n      \u003Ca class=\"btn-icon btn-trash carnet_voyage_supprimer\" title=\"Supprimer cette fiche de mon carnet de voyage\" href=\"carnet-voyage?action=remove&fiche=Y|SPORTSNAUTIQUESBREVINOIS|MARCHEAQUATIQUE\"\u003E\u003C\/a\u003E\n    \u003C\/div\u003E\n\n\u003C\/div\u003E\n\n","icon":"https:\/\/static.ingenie.fr\/images\/carnetVoyageV3\/Y.png"},"fiche":"Y|SPORTSNAUTIQUESBREVINOIS|MARCHEAQUATIQUE","popup":"\u003Cdiv id=\"bloc_popup_ajout_fiche_carnet\"\u003E\n    \u003Cdiv class=\"info_popup_ajout_fiche_carnet\"\u003E\n        Vous venez d'ajouter cet \u00e9l\u00e9ment \u00e0 votre carnet de voyage :    \u003C\/div\u003E\n    \u003Cdiv class=\"prest_popup_ajout_fiche_carnet\"\u003E\n        Marche aquatique    \u003C\/div\u003E\n    \u003Cdiv class=\"bloc_btn_ajout_fiche_carnet form_submit_div\"\u003E\n        \u003Cinput type=\"button\" value=\"Continuer ma s\u00e9lection\" title=\"Continuer ma s\u00e9lection\" name=\"btn_close\" class=\"btn_close_popup_carnet form_submit\" onclick=\"$.colorbox.close()\" \/\u003E\n        \u003Cinput type=\"button\" value=\"Voir mon carnet de voyage\" title=\"Voir mon carnet\" name=\"btn_panier\" class=\"btn_panier_popup_carnet form_submit\" onclick=\"if(typeof CarnetVoyage != 'undefined') {CarnetVoyage.voirCarnet();}\" \/\u003E\n    \u003C\/div\u003E\n    \u003Cdiv class=\"bloc_btn_ajout_fiche_carnet\"\u003E\n        \u003Cinput type=\"checkbox\" value=\"1\" name=\"desactiver_popup\" id=\"desactiver_popup\" \/\u003E\n        \u003Clabel for=\"desactiver_popup\"\u003ENe plus afficher ce message\u003C\/label\u003E\n    \u003C\/div\u003E\n\u003C\/div\u003E","success":1}