{"nbFiches":1,"dataPrest":{"infoPrest":{"pave1":{"libelle":"Slogan","contenu":"","fichiers":[]},"pave2":{"libelle":"Descriptif","contenu":"\u003Cp data-end=\"114\" data-start=\"0\"\u003EPartagez des instants pr&eacute;cieux avec vos enfants de 3 &agrave; 10 ans &agrave; travers des ateliers aussi cr&eacute;atifs que ludiques !\u003C\/p\u003E\r\n\r\n\u003Cp data-end=\"365\" data-start=\"116\"\u003ECr&eacute;ations, bricolages et d&eacute;fis amusants rythment ces moments pens&eacute;s pour &eacute;veiller leur imagination&hellip; et renforcer vos liens.\u003Cbr data-end=\"242\" data-start=\"239\" \/\u003E\r\nJeux de soci&eacute;t&eacute;, rires partag&eacute;s, entraide et complicit&eacute; sont au rendez-vous dans une ambiance chaleureuse et bienveillante.\u003C\/p\u003E\r\n\r\n\u003Cp data-end=\"460\" data-start=\"367\"\u003E\u2728 Et pour rendre l&rsquo;exp&eacute;rience encore plus magique : un cadeau surprise attend chaque enfant !\u003C\/p\u003E\r\n\r\n\u003Cp data-end=\"658\" data-is-last-node=\"\" data-is-only-node=\"\" data-start=\"462\"\u003EOffrez-vous une parenth&egrave;se conviviale et ressour&ccedil;ante, o&ugrave; petits et grands prennent le temps de se retrouver&hellip;\u003Cbr data-end=\"574\" data-start=\"571\" \/\u003E\r\nInstallez-vous, savourez un th&eacute;, un caf&eacute; ou une boisson, et laissez la magie op&eacute;rer.\u003C\/p\u003E\r\n","fichiers":[]},"pave3":{"libelle":"","contenu":""},"pave4":{"libelle":"","contenu":""},"pave5":{"libelle":"","contenu":""},"pave6":{"libelle":"","contenu":""},"pave7":{"libelle":"","contenu":""},"pave8":{"libelle":"","contenu":""},"pave9":{"libelle":"","contenu":""},"pave10":{"libelle":"","contenu":""},"pave11":{"libelle":"","contenu":""},"pave12":{"libelle":"","contenu":""},"pave13":{"libelle":"","contenu":""},"pave14":{"libelle":"","contenu":""},"pave15":{"libelle":"","contenu":""},"pave16":{"libelle":"","contenu":""},"pave17":{"libelle":"","contenu":""},"pave18":{"libelle":"","contenu":""},"pave19":{"libelle":"","contenu":""},"pave20":{"libelle":"","contenu":""},"pave21":{"libelle":"","contenu":""},"pave22":{"libelle":"","contenu":""},"pave23":{"libelle":"","contenu":""},"pave24":{"libelle":"","contenu":""},"pave25":{"libelle":"","contenu":""},"Libelle":"Atelier cr\u00e9atif 3-10 ans","Reference":"","Reftar":"","Type":"PRESTATION","TypePrestataire":"Y","ContexteStat":"PRESTATION-Y-PETITESMAINSCOMPAGNIE-ATELIERCREATIF310ANS","DateModificationIso":"2026-03-22T21:17:00+01:00","Adresse":{"LigneAdresse1":"52 avenue du Pr\u00e9sident Roosevelt","LigneAdresse2":"","LigneAdresse3":"","CodePostal":"44250","Ville":"ST BREVIN LES PINS","Cedex":"","Etat":"","Pays":"FRA"},"Id":"y-petitesmainscompagnie-ateliercreatif310ans","Code":"Y|PETITESMAINSCOMPAGNIE|ATELIERCREATIF310ANS","Cle":"Y|PETITESMAINSCOMPAGNIE|ATELIERCREATIF310ANS","Url":"atelier-creatif-3-10-ans.html","Localisation":{"GoogleMap":{"Latitude":"47.22904","Longitude":"-2.17428"}},"ZoneGeo":"","Criteres":{"LIEUMANIF[SAINTBREVIN":"","CATEGORIEANIMATION[ATELIER":"","DETAILEXPO[BIJOUX":"","DETAILEXPO[DESSIN":"","DETAILEXPO[PEINTURE":"","DETAILJEUXCONCOURS[JEUXSOCIETE":"","MODEPAIEMENT[LCBP":"","MODEPAIEMENT[LESPE":"","MODEPAIEMENT[LCB":"","YVEL[SOUI":"","YVEL[REWEB":"","TYPE[LOISI":"","MISEAJOURINGENIE[DATEDERNIEREMAJ":"20260305","MISEAJOURPAR[ANNABELLE":""},"Prestataire":{"pave1":{"libelle":"Descriptif","contenu":""},"pave2":{"libelle":"","contenu":""},"pave3":{"libelle":"","contenu":""},"pave4":{"libelle":"","contenu":""},"pave5":{"libelle":"","contenu":""},"pave6":{"libelle":"","contenu":""},"pave7":{"libelle":"","contenu":""},"pave8":{"libelle":"","contenu":""},"pave9":{"libelle":"","contenu":""},"pave10":{"libelle":"","contenu":""},"pave11":{"libelle":"","contenu":""},"pave12":{"libelle":"","contenu":""},"pave13":{"libelle":"","contenu":""},"pave14":{"libelle":"","contenu":""},"pave15":{"libelle":"","contenu":""},"pave16":{"libelle":"","contenu":""},"pave17":{"libelle":"","contenu":""},"pave18":{"libelle":"","contenu":""},"pave19":{"libelle":"","contenu":""},"pave20":{"libelle":"","contenu":""},"pave21":{"libelle":"","contenu":""},"pave22":{"libelle":"","contenu":""},"pave23":{"libelle":"","contenu":""},"pave24":{"libelle":"","contenu":""},"pave25":{"libelle":"","contenu":""},"Libelle":"Petites mains & compagnie","Nom":"Petites mains & compagnie","Prenom":"","NomPrenom":"Petites mains & compagnie ","CiviliteNomPrenom":"Petites mains & compagnie ","Cle":"Y|PETITESMAINSCOMPAGNIE","PrestataireParent":"","ContexteStat":"PRESTATAIRE-Y-PETITESMAINSCOMPAGNIE","DateModificationIso":"2026-03-05T14:02:00+01:00","Type":"PRESTATAIRE","TypePrestataire":"Y","Adresse":{"LigneAdresse1":"52 avenue du Pr\u00e9sident Roosevelt","LigneAdresse2":"","LigneAdresse3":"","CodePostal":"44250","Ville":"ST BREVIN LES PINS","Cedex":"","Etat":"","Pays":"FRA"},"Email":"oceanemya19@hotmail.com","Telephone":"07 69 25 16 20","TelephoneBureau":"","Portable":"","SiteWeb":"https:\/\/www.facebook.com\/profile.php?id=61583806882897#","Fax":"","Id":"y-petitesmainscompagnie","Code":"Y|PETITESMAINSCOMPAGNIE","Fichier":{"Image":[{"url":"https:\/\/www.saint-brevin.com\/medias\/images\/prestataires\/petites-mains-et-compagnie-1-11294-11309.jpg","chemin":"..\/medias\/images\/prestataires\/petites-mains-et-compagnie-1-11294-11309.jpg","libelle":"petites-mains-et-compagnie-1-11294","extension":"jpg","categorie":"","largeur":966,"theme":"","hauteur":706,"type":"Image","origine":"","liaisonPave":"","langue":"","id":"11309","urlVignette":"https:\/\/www.saint-brevin.com\/medias\/images\/prestataires\/v-petites-mains-et-compagnie-1-11294-11309.jpg","alt":"petites-mains-et-compagnie-1-11294","title":"petites-mains-et-compagnie-1-11294","MultiTaille":{"1920x1440":{"url":"https:\/\/www.saint-brevin.com\/medias\/images\/prestataires\/multitailles\/1920x1440_petites-mains-et-compagnie-1-11294-11309.jpg"},"1200x900":{"url":"https:\/\/www.saint-brevin.com\/medias\/images\/prestataires\/multitailles\/1200x900_petites-mains-et-compagnie-1-11294-11309.jpg"},"800x600":{"url":"https:\/\/www.saint-brevin.com\/medias\/images\/prestataires\/multitailles\/800x600_petites-mains-et-compagnie-1-11294-11309.jpg"},"640x480":{"url":"https:\/\/www.saint-brevin.com\/medias\/images\/prestataires\/multitailles\/640x480_petites-mains-et-compagnie-1-11294-11309.jpg"},"320x240":{"url":"https:\/\/www.saint-brevin.com\/medias\/images\/prestataires\/multitailles\/320x240_petites-mains-et-compagnie-1-11294-11309.jpg"},"160x120":{"url":"https:\/\/www.saint-brevin.com\/medias\/images\/prestataires\/multitailles\/160x120_petites-mains-et-compagnie-1-11294-11309.jpg"},"origine":{"url":"https:\/\/www.saint-brevin.com\/medias\/images\/prestataires\/petites-mains-et-compagnie-1-11294-11309.jpg"}},"urlLien":"","typeLien":"","nofollow":"N","copyright":""},{"url":"https:\/\/www.saint-brevin.com\/medias\/images\/prestataires\/petites-mains-et-compagnie-ateliers-creatifs-samedi-et-mercredi-11296-11311.jpg","chemin":"..\/medias\/images\/prestataires\/petites-mains-et-compagnie-ateliers-creatifs-samedi-et-mercredi-11296-11311.jpg","libelle":"petites-mains-et-compagnie-ateliers-creatifs-samedi-et-mercredi-11296","extension":"jpg","categorie":"","largeur":643,"theme":"","hauteur":895,"type":"Image","origine":"","liaisonPave":"","langue":"","id":"11311","urlVignette":"https:\/\/www.saint-brevin.com\/medias\/images\/prestataires\/v-petites-mains-et-compagnie-ateliers-creatifs-samedi-et-mercredi-11296-11311.jpg","alt":"petites-mains-et-compagnie-ateliers-creatifs-samedi-et-mercredi-11296","title":"petites-mains-et-compagnie-ateliers-creatifs-samedi-et-mercredi-11296","MultiTaille":{"1920x1440":{"url":"https:\/\/www.saint-brevin.com\/medias\/images\/prestataires\/multitailles\/1920x1440_petites-mains-et-compagnie-ateliers-creatifs-samedi-et-mercredi-11296-11311.jpg"},"1200x900":{"url":"https:\/\/www.saint-brevin.com\/medias\/images\/prestataires\/multitailles\/1200x900_petites-mains-et-compagnie-ateliers-creatifs-samedi-et-mercredi-11296-11311.jpg"},"800x600":{"url":"https:\/\/www.saint-brevin.com\/medias\/images\/prestataires\/multitailles\/800x600_petites-mains-et-compagnie-ateliers-creatifs-samedi-et-mercredi-11296-11311.jpg"},"640x480":{"url":"https:\/\/www.saint-brevin.com\/medias\/images\/prestataires\/multitailles\/640x480_petites-mains-et-compagnie-ateliers-creatifs-samedi-et-mercredi-11296-11311.jpg"},"320x240":{"url":"https:\/\/www.saint-brevin.com\/medias\/images\/prestataires\/multitailles\/320x240_petites-mains-et-compagnie-ateliers-creatifs-samedi-et-mercredi-11296-11311.jpg"},"160x120":{"url":"https:\/\/www.saint-brevin.com\/medias\/images\/prestataires\/multitailles\/160x120_petites-mains-et-compagnie-ateliers-creatifs-samedi-et-mercredi-11296-11311.jpg"},"origine":{"url":"https:\/\/www.saint-brevin.com\/medias\/images\/prestataires\/petites-mains-et-compagnie-ateliers-creatifs-samedi-et-mercredi-11296-11311.jpg"}},"urlLien":"","typeLien":"","nofollow":"N","copyright":""},{"url":"https:\/\/www.saint-brevin.com\/medias\/images\/prestataires\/petites-mains-et-compagnie-ateliers-creatifs-atelier-fraterie-11295-11310.jpg","chemin":"..\/medias\/images\/prestataires\/petites-mains-et-compagnie-ateliers-creatifs-atelier-fraterie-11295-11310.jpg","libelle":"petites-mains-et-compagnie-ateliers-creatifs-atelier-fraterie-11295","extension":"jpg","categorie":"","largeur":642,"theme":"","hauteur":862,"type":"Image","origine":"","liaisonPave":"","langue":"","id":"11310","urlVignette":"https:\/\/www.saint-brevin.com\/medias\/images\/prestataires\/v-petites-mains-et-compagnie-ateliers-creatifs-atelier-fraterie-11295-11310.jpg","alt":"petites-mains-et-compagnie-ateliers-creatifs-atelier-fraterie-11295","title":"petites-mains-et-compagnie-ateliers-creatifs-atelier-fraterie-11295","MultiTaille":{"1920x1440":{"url":"https:\/\/www.saint-brevin.com\/medias\/images\/prestataires\/multitailles\/1920x1440_petites-mains-et-compagnie-ateliers-creatifs-atelier-fraterie-11295-11310.jpg"},"1200x900":{"url":"https:\/\/www.saint-brevin.com\/medias\/images\/prestataires\/multitailles\/1200x900_petites-mains-et-compagnie-ateliers-creatifs-atelier-fraterie-11295-11310.jpg"},"800x600":{"url":"https:\/\/www.saint-brevin.com\/medias\/images\/prestataires\/multitailles\/800x600_petites-mains-et-compagnie-ateliers-creatifs-atelier-fraterie-11295-11310.jpg"},"640x480":{"url":"https:\/\/www.saint-brevin.com\/medias\/images\/prestataires\/multitailles\/640x480_petites-mains-et-compagnie-ateliers-creatifs-atelier-fraterie-11295-11310.jpg"},"320x240":{"url":"https:\/\/www.saint-brevin.com\/medias\/images\/prestataires\/multitailles\/320x240_petites-mains-et-compagnie-ateliers-creatifs-atelier-fraterie-11295-11310.jpg"},"160x120":{"url":"https:\/\/www.saint-brevin.com\/medias\/images\/prestataires\/multitailles\/160x120_petites-mains-et-compagnie-ateliers-creatifs-atelier-fraterie-11295-11310.jpg"},"origine":{"url":"https:\/\/www.saint-brevin.com\/medias\/images\/prestataires\/petites-mains-et-compagnie-ateliers-creatifs-atelier-fraterie-11295-11310.jpg"}},"urlLien":"","typeLien":"","nofollow":"N","copyright":""}],"ByCategorie":{"":[{"url":"https:\/\/www.saint-brevin.com\/medias\/images\/prestataires\/petites-mains-et-compagnie-1-11294-11309.jpg","chemin":"..\/medias\/images\/prestataires\/petites-mains-et-compagnie-1-11294-11309.jpg","libelle":"petites-mains-et-compagnie-1-11294","extension":"jpg","categorie":"","largeur":966,"theme":"","hauteur":706,"type":"Image","origine":"","liaisonPave":"","langue":"","id":"11309","urlVignette":"https:\/\/www.saint-brevin.com\/medias\/images\/prestataires\/v-petites-mains-et-compagnie-1-11294-11309.jpg","alt":"petites-mains-et-compagnie-1-11294","title":"petites-mains-et-compagnie-1-11294","MultiTaille":{"1920x1440":{"url":"https:\/\/www.saint-brevin.com\/medias\/images\/prestataires\/multitailles\/1920x1440_petites-mains-et-compagnie-1-11294-11309.jpg"},"1200x900":{"url":"https:\/\/www.saint-brevin.com\/medias\/images\/prestataires\/multitailles\/1200x900_petites-mains-et-compagnie-1-11294-11309.jpg"},"800x600":{"url":"https:\/\/www.saint-brevin.com\/medias\/images\/prestataires\/multitailles\/800x600_petites-mains-et-compagnie-1-11294-11309.jpg"},"640x480":{"url":"https:\/\/www.saint-brevin.com\/medias\/images\/prestataires\/multitailles\/640x480_petites-mains-et-compagnie-1-11294-11309.jpg"},"320x240":{"url":"https:\/\/www.saint-brevin.com\/medias\/images\/prestataires\/multitailles\/320x240_petites-mains-et-compagnie-1-11294-11309.jpg"},"160x120":{"url":"https:\/\/www.saint-brevin.com\/medias\/images\/prestataires\/multitailles\/160x120_petites-mains-et-compagnie-1-11294-11309.jpg"},"origine":{"url":"https:\/\/www.saint-brevin.com\/medias\/images\/prestataires\/petites-mains-et-compagnie-1-11294-11309.jpg"}},"urlLien":"","typeLien":"","nofollow":"N","copyright":""},{"url":"https:\/\/www.saint-brevin.com\/medias\/images\/prestataires\/petites-mains-et-compagnie-ateliers-creatifs-samedi-et-mercredi-11296-11311.jpg","chemin":"..\/medias\/images\/prestataires\/petites-mains-et-compagnie-ateliers-creatifs-samedi-et-mercredi-11296-11311.jpg","libelle":"petites-mains-et-compagnie-ateliers-creatifs-samedi-et-mercredi-11296","extension":"jpg","categorie":"","largeur":643,"theme":"","hauteur":895,"type":"Image","origine":"","liaisonPave":"","langue":"","id":"11311","urlVignette":"https:\/\/www.saint-brevin.com\/medias\/images\/prestataires\/v-petites-mains-et-compagnie-ateliers-creatifs-samedi-et-mercredi-11296-11311.jpg","alt":"petites-mains-et-compagnie-ateliers-creatifs-samedi-et-mercredi-11296","title":"petites-mains-et-compagnie-ateliers-creatifs-samedi-et-mercredi-11296","MultiTaille":{"1920x1440":{"url":"https:\/\/www.saint-brevin.com\/medias\/images\/prestataires\/multitailles\/1920x1440_petites-mains-et-compagnie-ateliers-creatifs-samedi-et-mercredi-11296-11311.jpg"},"1200x900":{"url":"https:\/\/www.saint-brevin.com\/medias\/images\/prestataires\/multitailles\/1200x900_petites-mains-et-compagnie-ateliers-creatifs-samedi-et-mercredi-11296-11311.jpg"},"800x600":{"url":"https:\/\/www.saint-brevin.com\/medias\/images\/prestataires\/multitailles\/800x600_petites-mains-et-compagnie-ateliers-creatifs-samedi-et-mercredi-11296-11311.jpg"},"640x480":{"url":"https:\/\/www.saint-brevin.com\/medias\/images\/prestataires\/multitailles\/640x480_petites-mains-et-compagnie-ateliers-creatifs-samedi-et-mercredi-11296-11311.jpg"},"320x240":{"url":"https:\/\/www.saint-brevin.com\/medias\/images\/prestataires\/multitailles\/320x240_petites-mains-et-compagnie-ateliers-creatifs-samedi-et-mercredi-11296-11311.jpg"},"160x120":{"url":"https:\/\/www.saint-brevin.com\/medias\/images\/prestataires\/multitailles\/160x120_petites-mains-et-compagnie-ateliers-creatifs-samedi-et-mercredi-11296-11311.jpg"},"origine":{"url":"https:\/\/www.saint-brevin.com\/medias\/images\/prestataires\/petites-mains-et-compagnie-ateliers-creatifs-samedi-et-mercredi-11296-11311.jpg"}},"urlLien":"","typeLien":"","nofollow":"N","copyright":""},{"url":"https:\/\/www.saint-brevin.com\/medias\/images\/prestataires\/petites-mains-et-compagnie-ateliers-creatifs-atelier-fraterie-11295-11310.jpg","chemin":"..\/medias\/images\/prestataires\/petites-mains-et-compagnie-ateliers-creatifs-atelier-fraterie-11295-11310.jpg","libelle":"petites-mains-et-compagnie-ateliers-creatifs-atelier-fraterie-11295","extension":"jpg","categorie":"","largeur":642,"theme":"","hauteur":862,"type":"Image","origine":"","liaisonPave":"","langue":"","id":"11310","urlVignette":"https:\/\/www.saint-brevin.com\/medias\/images\/prestataires\/v-petites-mains-et-compagnie-ateliers-creatifs-atelier-fraterie-11295-11310.jpg","alt":"petites-mains-et-compagnie-ateliers-creatifs-atelier-fraterie-11295","title":"petites-mains-et-compagnie-ateliers-creatifs-atelier-fraterie-11295","MultiTaille":{"1920x1440":{"url":"https:\/\/www.saint-brevin.com\/medias\/images\/prestataires\/multitailles\/1920x1440_petites-mains-et-compagnie-ateliers-creatifs-atelier-fraterie-11295-11310.jpg"},"1200x900":{"url":"https:\/\/www.saint-brevin.com\/medias\/images\/prestataires\/multitailles\/1200x900_petites-mains-et-compagnie-ateliers-creatifs-atelier-fraterie-11295-11310.jpg"},"800x600":{"url":"https:\/\/www.saint-brevin.com\/medias\/images\/prestataires\/multitailles\/800x600_petites-mains-et-compagnie-ateliers-creatifs-atelier-fraterie-11295-11310.jpg"},"640x480":{"url":"https:\/\/www.saint-brevin.com\/medias\/images\/prestataires\/multitailles\/640x480_petites-mains-et-compagnie-ateliers-creatifs-atelier-fraterie-11295-11310.jpg"},"320x240":{"url":"https:\/\/www.saint-brevin.com\/medias\/images\/prestataires\/multitailles\/320x240_petites-mains-et-compagnie-ateliers-creatifs-atelier-fraterie-11295-11310.jpg"},"160x120":{"url":"https:\/\/www.saint-brevin.com\/medias\/images\/prestataires\/multitailles\/160x120_petites-mains-et-compagnie-ateliers-creatifs-atelier-fraterie-11295-11310.jpg"},"origine":{"url":"https:\/\/www.saint-brevin.com\/medias\/images\/prestataires\/petites-mains-et-compagnie-ateliers-creatifs-atelier-fraterie-11295-11310.jpg"}},"urlLien":"","typeLien":"","nofollow":"N","copyright":""}]}},"Url":"","Localisation":{"GoogleMap":{"Latitude":"47.22904","Longitude":"-2.17428"}},"ZoneGeo":"","Criteres":[],"DateFinPublication":""},"Fichier":{"Image":[{"url":"https:\/\/www.saint-brevin.com\/medias\/images\/prestations\/atelier-cr-atif-en-famille-30546.png","chemin":"..\/medias\/images\/prestations\/atelier-cr-atif-en-famille-30546.png","libelle":"atelier-cr-atif-en-famille-30546","extension":"png","categorie":"","largeur":1536,"theme":"","hauteur":1024,"type":"Image","origine":"","liaisonPave":"","langue":"","id":"30546","urlVignette":"https:\/\/www.saint-brevin.com\/medias\/images\/prestations\/v-atelier-cr-atif-en-famille-30546.png","alt":"atelier-cr-atif-en-famille-30546","title":"atelier-cr-atif-en-famille-30546","MultiTaille":{"1920x1440":{"url":"https:\/\/www.saint-brevin.com\/medias\/images\/prestations\/multitailles\/1920x1440_atelier-cr-atif-en-famille-30546.png"},"1200x900":{"url":"https:\/\/www.saint-brevin.com\/medias\/images\/prestations\/multitailles\/1200x900_atelier-cr-atif-en-famille-30546.png"},"800x600":{"url":"https:\/\/www.saint-brevin.com\/medias\/images\/prestations\/multitailles\/800x600_atelier-cr-atif-en-famille-30546.png"},"640x480":{"url":"https:\/\/www.saint-brevin.com\/medias\/images\/prestations\/multitailles\/640x480_atelier-cr-atif-en-famille-30546.png"},"320x240":{"url":"https:\/\/www.saint-brevin.com\/medias\/images\/prestations\/multitailles\/320x240_atelier-cr-atif-en-famille-30546.png"},"160x120":{"url":"https:\/\/www.saint-brevin.com\/medias\/images\/prestations\/multitailles\/160x120_atelier-cr-atif-en-famille-30546.png"},"origine":{"url":"https:\/\/www.saint-brevin.com\/medias\/images\/prestations\/atelier-cr-atif-en-famille-30546.png"}},"urlLien":"","typeLien":"","nofollow":"N","copyright":""},{"url":"https:\/\/www.saint-brevin.com\/medias\/images\/prestations\/petites-mains-et-compagnie-1-30356.jpg","chemin":"..\/medias\/images\/prestations\/petites-mains-et-compagnie-1-30356.jpg","libelle":"petites-mains-et-compagnie-1-30356","extension":"jpg","categorie":"","largeur":966,"theme":"","hauteur":706,"type":"Image","origine":"","liaisonPave":"","langue":"","id":"30356","urlVignette":"https:\/\/www.saint-brevin.com\/medias\/images\/prestations\/v-petites-mains-et-compagnie-1-30356.jpg","alt":"petites-mains-et-compagnie-1-30356","title":"petites-mains-et-compagnie-1-30356","MultiTaille":{"1920x1440":{"url":"https:\/\/www.saint-brevin.com\/medias\/images\/prestations\/multitailles\/1920x1440_petites-mains-et-compagnie-1-30356.jpg"},"1200x900":{"url":"https:\/\/www.saint-brevin.com\/medias\/images\/prestations\/multitailles\/1200x900_petites-mains-et-compagnie-1-30356.jpg"},"800x600":{"url":"https:\/\/www.saint-brevin.com\/medias\/images\/prestations\/multitailles\/800x600_petites-mains-et-compagnie-1-30356.jpg"},"640x480":{"url":"https:\/\/www.saint-brevin.com\/medias\/images\/prestations\/multitailles\/640x480_petites-mains-et-compagnie-1-30356.jpg"},"320x240":{"url":"https:\/\/www.saint-brevin.com\/medias\/images\/prestations\/multitailles\/320x240_petites-mains-et-compagnie-1-30356.jpg"},"160x120":{"url":"https:\/\/www.saint-brevin.com\/medias\/images\/prestations\/multitailles\/160x120_petites-mains-et-compagnie-1-30356.jpg"},"origine":{"url":"https:\/\/www.saint-brevin.com\/medias\/images\/prestations\/petites-mains-et-compagnie-1-30356.jpg"}},"urlLien":"","typeLien":"","nofollow":"N","copyright":""},{"url":"https:\/\/www.saint-brevin.com\/medias\/images\/prestations\/petites-mains-et-compagnie-saint-brevin-avril-1-30547.jpg","chemin":"..\/medias\/images\/prestations\/petites-mains-et-compagnie-saint-brevin-avril-1-30547.jpg","libelle":"petites-mains-et-compagnie-saint-brevin-avril-1-30547","extension":"jpg","categorie":"","largeur":1415,"theme":"","hauteur":2000,"type":"Image","origine":"","liaisonPave":"","langue":"","id":"30547","urlVignette":"https:\/\/www.saint-brevin.com\/medias\/images\/prestations\/v-petites-mains-et-compagnie-saint-brevin-avril-1-30547.jpg","alt":"petites-mains-et-compagnie-saint-brevin-avril-1-30547","title":"petites-mains-et-compagnie-saint-brevin-avril-1-30547","MultiTaille":{"1920x1440":{"url":"https:\/\/www.saint-brevin.com\/medias\/images\/prestations\/multitailles\/1920x1440_petites-mains-et-compagnie-saint-brevin-avril-1-30547.jpg"},"1200x900":{"url":"https:\/\/www.saint-brevin.com\/medias\/images\/prestations\/multitailles\/1200x900_petites-mains-et-compagnie-saint-brevin-avril-1-30547.jpg"},"800x600":{"url":"https:\/\/www.saint-brevin.com\/medias\/images\/prestations\/multitailles\/800x600_petites-mains-et-compagnie-saint-brevin-avril-1-30547.jpg"},"640x480":{"url":"https:\/\/www.saint-brevin.com\/medias\/images\/prestations\/multitailles\/640x480_petites-mains-et-compagnie-saint-brevin-avril-1-30547.jpg"},"320x240":{"url":"https:\/\/www.saint-brevin.com\/medias\/images\/prestations\/multitailles\/320x240_petites-mains-et-compagnie-saint-brevin-avril-1-30547.jpg"},"160x120":{"url":"https:\/\/www.saint-brevin.com\/medias\/images\/prestations\/multitailles\/160x120_petites-mains-et-compagnie-saint-brevin-avril-1-30547.jpg"},"origine":{"url":"https:\/\/www.saint-brevin.com\/medias\/images\/prestations\/petites-mains-et-compagnie-saint-brevin-avril-1-30547.jpg"}},"urlLien":"","typeLien":"","nofollow":"N","copyright":""},{"url":"https:\/\/www.saint-brevin.com\/medias\/images\/prestations\/petites-mains-et-compagnie-saint-brevin-avril-2-30548.jpg","chemin":"..\/medias\/images\/prestations\/petites-mains-et-compagnie-saint-brevin-avril-2-30548.jpg","libelle":"petites-mains-et-compagnie-saint-brevin-avril-2-30548","extension":"jpg","categorie":"","largeur":1415,"theme":"","hauteur":2000,"type":"Image","origine":"","liaisonPave":"","langue":"","id":"30548","urlVignette":"https:\/\/www.saint-brevin.com\/medias\/images\/prestations\/v-petites-mains-et-compagnie-saint-brevin-avril-2-30548.jpg","alt":"petites-mains-et-compagnie-saint-brevin-avril-2-30548","title":"petites-mains-et-compagnie-saint-brevin-avril-2-30548","MultiTaille":{"1920x1440":{"url":"https:\/\/www.saint-brevin.com\/medias\/images\/prestations\/multitailles\/1920x1440_petites-mains-et-compagnie-saint-brevin-avril-2-30548.jpg"},"1200x900":{"url":"https:\/\/www.saint-brevin.com\/medias\/images\/prestations\/multitailles\/1200x900_petites-mains-et-compagnie-saint-brevin-avril-2-30548.jpg"},"800x600":{"url":"https:\/\/www.saint-brevin.com\/medias\/images\/prestations\/multitailles\/800x600_petites-mains-et-compagnie-saint-brevin-avril-2-30548.jpg"},"640x480":{"url":"https:\/\/www.saint-brevin.com\/medias\/images\/prestations\/multitailles\/640x480_petites-mains-et-compagnie-saint-brevin-avril-2-30548.jpg"},"320x240":{"url":"https:\/\/www.saint-brevin.com\/medias\/images\/prestations\/multitailles\/320x240_petites-mains-et-compagnie-saint-brevin-avril-2-30548.jpg"},"160x120":{"url":"https:\/\/www.saint-brevin.com\/medias\/images\/prestations\/multitailles\/160x120_petites-mains-et-compagnie-saint-brevin-avril-2-30548.jpg"},"origine":{"url":"https:\/\/www.saint-brevin.com\/medias\/images\/prestations\/petites-mains-et-compagnie-saint-brevin-avril-2-30548.jpg"}},"urlLien":"","typeLien":"","nofollow":"N","copyright":""},{"url":"https:\/\/www.saint-brevin.com\/medias\/images\/prestations\/petites-mains-et-compagnie-ateliers-creatifs-samedi-et-mercredi-30358.jpg","chemin":"..\/medias\/images\/prestations\/petites-mains-et-compagnie-ateliers-creatifs-samedi-et-mercredi-30358.jpg","libelle":"petites-mains-et-compagnie-ateliers-creatifs-samedi-et-mercredi-30358","extension":"jpg","categorie":"","largeur":643,"theme":"","hauteur":895,"type":"Image","origine":"","liaisonPave":"","langue":"","id":"30358","urlVignette":"https:\/\/www.saint-brevin.com\/medias\/images\/prestations\/v-petites-mains-et-compagnie-ateliers-creatifs-samedi-et-mercredi-30358.jpg","alt":"petites-mains-et-compagnie-ateliers-creatifs-samedi-et-mercredi-30358","title":"petites-mains-et-compagnie-ateliers-creatifs-samedi-et-mercredi-30358","MultiTaille":{"1920x1440":{"url":"https:\/\/www.saint-brevin.com\/medias\/images\/prestations\/multitailles\/1920x1440_petites-mains-et-compagnie-ateliers-creatifs-samedi-et-mercredi-30358.jpg"},"1200x900":{"url":"https:\/\/www.saint-brevin.com\/medias\/images\/prestations\/multitailles\/1200x900_petites-mains-et-compagnie-ateliers-creatifs-samedi-et-mercredi-30358.jpg"},"800x600":{"url":"https:\/\/www.saint-brevin.com\/medias\/images\/prestations\/multitailles\/800x600_petites-mains-et-compagnie-ateliers-creatifs-samedi-et-mercredi-30358.jpg"},"640x480":{"url":"https:\/\/www.saint-brevin.com\/medias\/images\/prestations\/multitailles\/640x480_petites-mains-et-compagnie-ateliers-creatifs-samedi-et-mercredi-30358.jpg"},"320x240":{"url":"https:\/\/www.saint-brevin.com\/medias\/images\/prestations\/multitailles\/320x240_petites-mains-et-compagnie-ateliers-creatifs-samedi-et-mercredi-30358.jpg"},"160x120":{"url":"https:\/\/www.saint-brevin.com\/medias\/images\/prestations\/multitailles\/160x120_petites-mains-et-compagnie-ateliers-creatifs-samedi-et-mercredi-30358.jpg"},"origine":{"url":"https:\/\/www.saint-brevin.com\/medias\/images\/prestations\/petites-mains-et-compagnie-ateliers-creatifs-samedi-et-mercredi-30358.jpg"}},"urlLien":"","typeLien":"","nofollow":"N","copyright":""},{"url":"https:\/\/www.saint-brevin.com\/medias\/images\/prestations\/petites-mains-et-compagnie-ateliers-creatifs-atelier-fraterie-30357.jpg","chemin":"..\/medias\/images\/prestations\/petites-mains-et-compagnie-ateliers-creatifs-atelier-fraterie-30357.jpg","libelle":"petites-mains-et-compagnie-ateliers-creatifs-atelier-fraterie-30357","extension":"jpg","categorie":"","largeur":642,"theme":"","hauteur":862,"type":"Image","origine":"","liaisonPave":"","langue":"","id":"30357","urlVignette":"https:\/\/www.saint-brevin.com\/medias\/images\/prestations\/v-petites-mains-et-compagnie-ateliers-creatifs-atelier-fraterie-30357.jpg","alt":"petites-mains-et-compagnie-ateliers-creatifs-atelier-fraterie-30357","title":"petites-mains-et-compagnie-ateliers-creatifs-atelier-fraterie-30357","MultiTaille":{"1920x1440":{"url":"https:\/\/www.saint-brevin.com\/medias\/images\/prestations\/multitailles\/1920x1440_petites-mains-et-compagnie-ateliers-creatifs-atelier-fraterie-30357.jpg"},"1200x900":{"url":"https:\/\/www.saint-brevin.com\/medias\/images\/prestations\/multitailles\/1200x900_petites-mains-et-compagnie-ateliers-creatifs-atelier-fraterie-30357.jpg"},"800x600":{"url":"https:\/\/www.saint-brevin.com\/medias\/images\/prestations\/multitailles\/800x600_petites-mains-et-compagnie-ateliers-creatifs-atelier-fraterie-30357.jpg"},"640x480":{"url":"https:\/\/www.saint-brevin.com\/medias\/images\/prestations\/multitailles\/640x480_petites-mains-et-compagnie-ateliers-creatifs-atelier-fraterie-30357.jpg"},"320x240":{"url":"https:\/\/www.saint-brevin.com\/medias\/images\/prestations\/multitailles\/320x240_petites-mains-et-compagnie-ateliers-creatifs-atelier-fraterie-30357.jpg"},"160x120":{"url":"https:\/\/www.saint-brevin.com\/medias\/images\/prestations\/multitailles\/160x120_petites-mains-et-compagnie-ateliers-creatifs-atelier-fraterie-30357.jpg"},"origine":{"url":"https:\/\/www.saint-brevin.com\/medias\/images\/prestations\/petites-mains-et-compagnie-ateliers-creatifs-atelier-fraterie-30357.jpg"}},"urlLien":"","typeLien":"","nofollow":"N","copyright":""}],"ByCategorie":{"":[{"url":"https:\/\/www.saint-brevin.com\/medias\/images\/prestations\/atelier-cr-atif-en-famille-30546.png","chemin":"..\/medias\/images\/prestations\/atelier-cr-atif-en-famille-30546.png","libelle":"atelier-cr-atif-en-famille-30546","extension":"png","categorie":"","largeur":1536,"theme":"","hauteur":1024,"type":"Image","origine":"","liaisonPave":"","langue":"","id":"30546","urlVignette":"https:\/\/www.saint-brevin.com\/medias\/images\/prestations\/v-atelier-cr-atif-en-famille-30546.png","alt":"atelier-cr-atif-en-famille-30546","title":"atelier-cr-atif-en-famille-30546","MultiTaille":{"1920x1440":{"url":"https:\/\/www.saint-brevin.com\/medias\/images\/prestations\/multitailles\/1920x1440_atelier-cr-atif-en-famille-30546.png"},"1200x900":{"url":"https:\/\/www.saint-brevin.com\/medias\/images\/prestations\/multitailles\/1200x900_atelier-cr-atif-en-famille-30546.png"},"800x600":{"url":"https:\/\/www.saint-brevin.com\/medias\/images\/prestations\/multitailles\/800x600_atelier-cr-atif-en-famille-30546.png"},"640x480":{"url":"https:\/\/www.saint-brevin.com\/medias\/images\/prestations\/multitailles\/640x480_atelier-cr-atif-en-famille-30546.png"},"320x240":{"url":"https:\/\/www.saint-brevin.com\/medias\/images\/prestations\/multitailles\/320x240_atelier-cr-atif-en-famille-30546.png"},"160x120":{"url":"https:\/\/www.saint-brevin.com\/medias\/images\/prestations\/multitailles\/160x120_atelier-cr-atif-en-famille-30546.png"},"origine":{"url":"https:\/\/www.saint-brevin.com\/medias\/images\/prestations\/atelier-cr-atif-en-famille-30546.png"}},"urlLien":"","typeLien":"","nofollow":"N","copyright":""},{"url":"https:\/\/www.saint-brevin.com\/medias\/images\/prestations\/petites-mains-et-compagnie-1-30356.jpg","chemin":"..\/medias\/images\/prestations\/petites-mains-et-compagnie-1-30356.jpg","libelle":"petites-mains-et-compagnie-1-30356","extension":"jpg","categorie":"","largeur":966,"theme":"","hauteur":706,"type":"Image","origine":"","liaisonPave":"","langue":"","id":"30356","urlVignette":"https:\/\/www.saint-brevin.com\/medias\/images\/prestations\/v-petites-mains-et-compagnie-1-30356.jpg","alt":"petites-mains-et-compagnie-1-30356","title":"petites-mains-et-compagnie-1-30356","MultiTaille":{"1920x1440":{"url":"https:\/\/www.saint-brevin.com\/medias\/images\/prestations\/multitailles\/1920x1440_petites-mains-et-compagnie-1-30356.jpg"},"1200x900":{"url":"https:\/\/www.saint-brevin.com\/medias\/images\/prestations\/multitailles\/1200x900_petites-mains-et-compagnie-1-30356.jpg"},"800x600":{"url":"https:\/\/www.saint-brevin.com\/medias\/images\/prestations\/multitailles\/800x600_petites-mains-et-compagnie-1-30356.jpg"},"640x480":{"url":"https:\/\/www.saint-brevin.com\/medias\/images\/prestations\/multitailles\/640x480_petites-mains-et-compagnie-1-30356.jpg"},"320x240":{"url":"https:\/\/www.saint-brevin.com\/medias\/images\/prestations\/multitailles\/320x240_petites-mains-et-compagnie-1-30356.jpg"},"160x120":{"url":"https:\/\/www.saint-brevin.com\/medias\/images\/prestations\/multitailles\/160x120_petites-mains-et-compagnie-1-30356.jpg"},"origine":{"url":"https:\/\/www.saint-brevin.com\/medias\/images\/prestations\/petites-mains-et-compagnie-1-30356.jpg"}},"urlLien":"","typeLien":"","nofollow":"N","copyright":""},{"url":"https:\/\/www.saint-brevin.com\/medias\/images\/prestations\/petites-mains-et-compagnie-saint-brevin-avril-1-30547.jpg","chemin":"..\/medias\/images\/prestations\/petites-mains-et-compagnie-saint-brevin-avril-1-30547.jpg","libelle":"petites-mains-et-compagnie-saint-brevin-avril-1-30547","extension":"jpg","categorie":"","largeur":1415,"theme":"","hauteur":2000,"type":"Image","origine":"","liaisonPave":"","langue":"","id":"30547","urlVignette":"https:\/\/www.saint-brevin.com\/medias\/images\/prestations\/v-petites-mains-et-compagnie-saint-brevin-avril-1-30547.jpg","alt":"petites-mains-et-compagnie-saint-brevin-avril-1-30547","title":"petites-mains-et-compagnie-saint-brevin-avril-1-30547","MultiTaille":{"1920x1440":{"url":"https:\/\/www.saint-brevin.com\/medias\/images\/prestations\/multitailles\/1920x1440_petites-mains-et-compagnie-saint-brevin-avril-1-30547.jpg"},"1200x900":{"url":"https:\/\/www.saint-brevin.com\/medias\/images\/prestations\/multitailles\/1200x900_petites-mains-et-compagnie-saint-brevin-avril-1-30547.jpg"},"800x600":{"url":"https:\/\/www.saint-brevin.com\/medias\/images\/prestations\/multitailles\/800x600_petites-mains-et-compagnie-saint-brevin-avril-1-30547.jpg"},"640x480":{"url":"https:\/\/www.saint-brevin.com\/medias\/images\/prestations\/multitailles\/640x480_petites-mains-et-compagnie-saint-brevin-avril-1-30547.jpg"},"320x240":{"url":"https:\/\/www.saint-brevin.com\/medias\/images\/prestations\/multitailles\/320x240_petites-mains-et-compagnie-saint-brevin-avril-1-30547.jpg"},"160x120":{"url":"https:\/\/www.saint-brevin.com\/medias\/images\/prestations\/multitailles\/160x120_petites-mains-et-compagnie-saint-brevin-avril-1-30547.jpg"},"origine":{"url":"https:\/\/www.saint-brevin.com\/medias\/images\/prestations\/petites-mains-et-compagnie-saint-brevin-avril-1-30547.jpg"}},"urlLien":"","typeLien":"","nofollow":"N","copyright":""},{"url":"https:\/\/www.saint-brevin.com\/medias\/images\/prestations\/petites-mains-et-compagnie-saint-brevin-avril-2-30548.jpg","chemin":"..\/medias\/images\/prestations\/petites-mains-et-compagnie-saint-brevin-avril-2-30548.jpg","libelle":"petites-mains-et-compagnie-saint-brevin-avril-2-30548","extension":"jpg","categorie":"","largeur":1415,"theme":"","hauteur":2000,"type":"Image","origine":"","liaisonPave":"","langue":"","id":"30548","urlVignette":"https:\/\/www.saint-brevin.com\/medias\/images\/prestations\/v-petites-mains-et-compagnie-saint-brevin-avril-2-30548.jpg","alt":"petites-mains-et-compagnie-saint-brevin-avril-2-30548","title":"petites-mains-et-compagnie-saint-brevin-avril-2-30548","MultiTaille":{"1920x1440":{"url":"https:\/\/www.saint-brevin.com\/medias\/images\/prestations\/multitailles\/1920x1440_petites-mains-et-compagnie-saint-brevin-avril-2-30548.jpg"},"1200x900":{"url":"https:\/\/www.saint-brevin.com\/medias\/images\/prestations\/multitailles\/1200x900_petites-mains-et-compagnie-saint-brevin-avril-2-30548.jpg"},"800x600":{"url":"https:\/\/www.saint-brevin.com\/medias\/images\/prestations\/multitailles\/800x600_petites-mains-et-compagnie-saint-brevin-avril-2-30548.jpg"},"640x480":{"url":"https:\/\/www.saint-brevin.com\/medias\/images\/prestations\/multitailles\/640x480_petites-mains-et-compagnie-saint-brevin-avril-2-30548.jpg"},"320x240":{"url":"https:\/\/www.saint-brevin.com\/medias\/images\/prestations\/multitailles\/320x240_petites-mains-et-compagnie-saint-brevin-avril-2-30548.jpg"},"160x120":{"url":"https:\/\/www.saint-brevin.com\/medias\/images\/prestations\/multitailles\/160x120_petites-mains-et-compagnie-saint-brevin-avril-2-30548.jpg"},"origine":{"url":"https:\/\/www.saint-brevin.com\/medias\/images\/prestations\/petites-mains-et-compagnie-saint-brevin-avril-2-30548.jpg"}},"urlLien":"","typeLien":"","nofollow":"N","copyright":""},{"url":"https:\/\/www.saint-brevin.com\/medias\/images\/prestations\/petites-mains-et-compagnie-ateliers-creatifs-samedi-et-mercredi-30358.jpg","chemin":"..\/medias\/images\/prestations\/petites-mains-et-compagnie-ateliers-creatifs-samedi-et-mercredi-30358.jpg","libelle":"petites-mains-et-compagnie-ateliers-creatifs-samedi-et-mercredi-30358","extension":"jpg","categorie":"","largeur":643,"theme":"","hauteur":895,"type":"Image","origine":"","liaisonPave":"","langue":"","id":"30358","urlVignette":"https:\/\/www.saint-brevin.com\/medias\/images\/prestations\/v-petites-mains-et-compagnie-ateliers-creatifs-samedi-et-mercredi-30358.jpg","alt":"petites-mains-et-compagnie-ateliers-creatifs-samedi-et-mercredi-30358","title":"petites-mains-et-compagnie-ateliers-creatifs-samedi-et-mercredi-30358","MultiTaille":{"1920x1440":{"url":"https:\/\/www.saint-brevin.com\/medias\/images\/prestations\/multitailles\/1920x1440_petites-mains-et-compagnie-ateliers-creatifs-samedi-et-mercredi-30358.jpg"},"1200x900":{"url":"https:\/\/www.saint-brevin.com\/medias\/images\/prestations\/multitailles\/1200x900_petites-mains-et-compagnie-ateliers-creatifs-samedi-et-mercredi-30358.jpg"},"800x600":{"url":"https:\/\/www.saint-brevin.com\/medias\/images\/prestations\/multitailles\/800x600_petites-mains-et-compagnie-ateliers-creatifs-samedi-et-mercredi-30358.jpg"},"640x480":{"url":"https:\/\/www.saint-brevin.com\/medias\/images\/prestations\/multitailles\/640x480_petites-mains-et-compagnie-ateliers-creatifs-samedi-et-mercredi-30358.jpg"},"320x240":{"url":"https:\/\/www.saint-brevin.com\/medias\/images\/prestations\/multitailles\/320x240_petites-mains-et-compagnie-ateliers-creatifs-samedi-et-mercredi-30358.jpg"},"160x120":{"url":"https:\/\/www.saint-brevin.com\/medias\/images\/prestations\/multitailles\/160x120_petites-mains-et-compagnie-ateliers-creatifs-samedi-et-mercredi-30358.jpg"},"origine":{"url":"https:\/\/www.saint-brevin.com\/medias\/images\/prestations\/petites-mains-et-compagnie-ateliers-creatifs-samedi-et-mercredi-30358.jpg"}},"urlLien":"","typeLien":"","nofollow":"N","copyright":""},{"url":"https:\/\/www.saint-brevin.com\/medias\/images\/prestations\/petites-mains-et-compagnie-ateliers-creatifs-atelier-fraterie-30357.jpg","chemin":"..\/medias\/images\/prestations\/petites-mains-et-compagnie-ateliers-creatifs-atelier-fraterie-30357.jpg","libelle":"petites-mains-et-compagnie-ateliers-creatifs-atelier-fraterie-30357","extension":"jpg","categorie":"","largeur":642,"theme":"","hauteur":862,"type":"Image","origine":"","liaisonPave":"","langue":"","id":"30357","urlVignette":"https:\/\/www.saint-brevin.com\/medias\/images\/prestations\/v-petites-mains-et-compagnie-ateliers-creatifs-atelier-fraterie-30357.jpg","alt":"petites-mains-et-compagnie-ateliers-creatifs-atelier-fraterie-30357","title":"petites-mains-et-compagnie-ateliers-creatifs-atelier-fraterie-30357","MultiTaille":{"1920x1440":{"url":"https:\/\/www.saint-brevin.com\/medias\/images\/prestations\/multitailles\/1920x1440_petites-mains-et-compagnie-ateliers-creatifs-atelier-fraterie-30357.jpg"},"1200x900":{"url":"https:\/\/www.saint-brevin.com\/medias\/images\/prestations\/multitailles\/1200x900_petites-mains-et-compagnie-ateliers-creatifs-atelier-fraterie-30357.jpg"},"800x600":{"url":"https:\/\/www.saint-brevin.com\/medias\/images\/prestations\/multitailles\/800x600_petites-mains-et-compagnie-ateliers-creatifs-atelier-fraterie-30357.jpg"},"640x480":{"url":"https:\/\/www.saint-brevin.com\/medias\/images\/prestations\/multitailles\/640x480_petites-mains-et-compagnie-ateliers-creatifs-atelier-fraterie-30357.jpg"},"320x240":{"url":"https:\/\/www.saint-brevin.com\/medias\/images\/prestations\/multitailles\/320x240_petites-mains-et-compagnie-ateliers-creatifs-atelier-fraterie-30357.jpg"},"160x120":{"url":"https:\/\/www.saint-brevin.com\/medias\/images\/prestations\/multitailles\/160x120_petites-mains-et-compagnie-ateliers-creatifs-atelier-fraterie-30357.jpg"},"origine":{"url":"https:\/\/www.saint-brevin.com\/medias\/images\/prestations\/petites-mains-et-compagnie-ateliers-creatifs-atelier-fraterie-30357.jpg"}},"urlLien":"","typeLien":"","nofollow":"N","copyright":""}]}},"DateDebPublication":"","DateFinPublication":"","PrixAPartirDe":"","PrixPour":"","FicheListeEnCours":"fiche_liste_agenda_prestation_v2017","ParametresModele":{"AfficherPhotos":"1","NbPhotosMax":6,"AfficherReserver":0,"AfficherContact":0,"AfficherSalle":1,"AfficherZoneGeo":0,"AfficherEnSavoirPlus":"1","AfficherUneSeuleOuverture":"1","AfficherContactCarte":1,"AfficherTarifsChaudAPartirDe":0,"AfficherTarifChaudSansRecherche":0,"AfficherLiensCarnetVoyage":"1","AfficherOuverture":"1","BlocCritereInfo":{"critere1":{"libelle":""},"critere2":{"libelle":""},"critere3":{"libelle":""},"critere4":{"libelle":""},"critere5":{"libelle":""},"critere6":{"libelle":""},"critere7":{"libelle":"","liste_critere":["COMMUNES|Y"]},"critere8":{"libelle":""},"critere9":{"libelle":""},"afficherpictoetpaslibelle":"1"},"CriteresComportementResa":"|RESABILLET[RESAENLIGNE|","PositionBloc":"GALLERIE|NOM|OUVERTURES|CARNET_VOYAGE|URL|LIEN_RESERVER_DETAIL","TypePrestataire":"Y","ComportementResa":false,"ComportementDispo":false},"AffichageCoordonnees":[],"Coordonnees":{"Ville":"ST BREVIN LES PINS"},"ContexteId":"PRESTATION|Y|PETITESMAINSCOMPAGNIE|ATELIERCREATIF310ANS","ContexteIdHtml":"PRESTATION-Y-PETITESMAINSCOMPAGNIE-ATELIERCREATIF310ANS","cleContexte":"Y|PETITESMAINSCOMPAGNIE|ATELIERCREATIF310ANS","Bloc":{"texte1":"","texte3":"","critere1":{"libelle":"","contenu":[]},"critere2":{"libelle":"","contenu":[]},"critere3":{"libelle":"","contenu":[]},"critere4":{"libelle":"","contenu":[]},"critere5":{"libelle":"","contenu":[]},"critere6":{"libelle":"","contenu":[]},"critere7":{"libelle":"","contenu":[]},"critere8":{"libelle":"","contenu":[]},"critere9":{"libelle":"","contenu":[]}},"LocalisationGps":{"Latitude":"47.22904","Longitude":"-2.17428"},"libelleDuPrestataire":"","vuePrestataire":{"pave1":{"libelle":"Descriptif","contenu":""},"pave2":{"libelle":"","contenu":""},"pave3":{"libelle":"","contenu":""},"pave4":{"libelle":"","contenu":""},"pave5":{"libelle":"","contenu":""},"pave6":{"libelle":"","contenu":""},"pave7":{"libelle":"","contenu":""},"pave8":{"libelle":"","contenu":""},"pave9":{"libelle":"","contenu":""},"pave10":{"libelle":"","contenu":""},"pave11":{"libelle":"","contenu":""},"pave12":{"libelle":"","contenu":""},"pave13":{"libelle":"","contenu":""},"pave14":{"libelle":"","contenu":""},"pave15":{"libelle":"","contenu":""},"pave16":{"libelle":"","contenu":""},"pave17":{"libelle":"","contenu":""},"pave18":{"libelle":"","contenu":""},"pave19":{"libelle":"","contenu":""},"pave20":{"libelle":"","contenu":""},"pave21":{"libelle":"","contenu":""},"pave22":{"libelle":"","contenu":""},"pave23":{"libelle":"","contenu":""},"pave24":{"libelle":"","contenu":""},"pave25":{"libelle":"","contenu":""},"Libelle":"Petites mains & compagnie","Nom":"Petites mains & compagnie","Prenom":"","NomPrenom":"Petites mains & compagnie ","CiviliteNomPrenom":"Petites mains & compagnie ","Cle":"Y|PETITESMAINSCOMPAGNIE","PrestataireParent":"","ContexteStat":"PRESTATAIRE-Y-PETITESMAINSCOMPAGNIE","DateModificationIso":"2026-03-05T14:02:00+01:00","Type":"PRESTATAIRE","TypePrestataire":"Y","Adresse":{"LigneAdresse1":"52 avenue du Pr\u00e9sident Roosevelt","LigneAdresse2":"","LigneAdresse3":"","CodePostal":"44250","Ville":"ST BREVIN LES PINS","Cedex":"","Etat":"","Pays":"FRA"},"Email":"oceanemya19@hotmail.com","Telephone":"07 69 25 16 20","TelephoneBureau":"","Portable":"","SiteWeb":"https:\/\/www.facebook.com\/profile.php?id=61583806882897#","Fax":"","Id":"y-petitesmainscompagnie","Code":"Y|PETITESMAINSCOMPAGNIE","Fichier":{"Image":[{"url":"https:\/\/www.saint-brevin.com\/medias\/images\/prestataires\/petites-mains-et-compagnie-1-11294-11309.jpg","chemin":"..\/medias\/images\/prestataires\/petites-mains-et-compagnie-1-11294-11309.jpg","libelle":"petites-mains-et-compagnie-1-11294","extension":"jpg","categorie":"","largeur":966,"theme":"","hauteur":706,"type":"Image","origine":"","liaisonPave":"","langue":"","id":"11309","urlVignette":"https:\/\/www.saint-brevin.com\/medias\/images\/prestataires\/v-petites-mains-et-compagnie-1-11294-11309.jpg","alt":"petites-mains-et-compagnie-1-11294","title":"petites-mains-et-compagnie-1-11294","MultiTaille":{"1920x1440":{"url":"https:\/\/www.saint-brevin.com\/medias\/images\/prestataires\/multitailles\/1920x1440_petites-mains-et-compagnie-1-11294-11309.jpg"},"1200x900":{"url":"https:\/\/www.saint-brevin.com\/medias\/images\/prestataires\/multitailles\/1200x900_petites-mains-et-compagnie-1-11294-11309.jpg"},"800x600":{"url":"https:\/\/www.saint-brevin.com\/medias\/images\/prestataires\/multitailles\/800x600_petites-mains-et-compagnie-1-11294-11309.jpg"},"640x480":{"url":"https:\/\/www.saint-brevin.com\/medias\/images\/prestataires\/multitailles\/640x480_petites-mains-et-compagnie-1-11294-11309.jpg"},"320x240":{"url":"https:\/\/www.saint-brevin.com\/medias\/images\/prestataires\/multitailles\/320x240_petites-mains-et-compagnie-1-11294-11309.jpg"},"160x120":{"url":"https:\/\/www.saint-brevin.com\/medias\/images\/prestataires\/multitailles\/160x120_petites-mains-et-compagnie-1-11294-11309.jpg"},"origine":{"url":"https:\/\/www.saint-brevin.com\/medias\/images\/prestataires\/petites-mains-et-compagnie-1-11294-11309.jpg"}},"urlLien":"","typeLien":"","nofollow":"N","copyright":""},{"url":"https:\/\/www.saint-brevin.com\/medias\/images\/prestataires\/petites-mains-et-compagnie-ateliers-creatifs-samedi-et-mercredi-11296-11311.jpg","chemin":"..\/medias\/images\/prestataires\/petites-mains-et-compagnie-ateliers-creatifs-samedi-et-mercredi-11296-11311.jpg","libelle":"petites-mains-et-compagnie-ateliers-creatifs-samedi-et-mercredi-11296","extension":"jpg","categorie":"","largeur":643,"theme":"","hauteur":895,"type":"Image","origine":"","liaisonPave":"","langue":"","id":"11311","urlVignette":"https:\/\/www.saint-brevin.com\/medias\/images\/prestataires\/v-petites-mains-et-compagnie-ateliers-creatifs-samedi-et-mercredi-11296-11311.jpg","alt":"petites-mains-et-compagnie-ateliers-creatifs-samedi-et-mercredi-11296","title":"petites-mains-et-compagnie-ateliers-creatifs-samedi-et-mercredi-11296","MultiTaille":{"1920x1440":{"url":"https:\/\/www.saint-brevin.com\/medias\/images\/prestataires\/multitailles\/1920x1440_petites-mains-et-compagnie-ateliers-creatifs-samedi-et-mercredi-11296-11311.jpg"},"1200x900":{"url":"https:\/\/www.saint-brevin.com\/medias\/images\/prestataires\/multitailles\/1200x900_petites-mains-et-compagnie-ateliers-creatifs-samedi-et-mercredi-11296-11311.jpg"},"800x600":{"url":"https:\/\/www.saint-brevin.com\/medias\/images\/prestataires\/multitailles\/800x600_petites-mains-et-compagnie-ateliers-creatifs-samedi-et-mercredi-11296-11311.jpg"},"640x480":{"url":"https:\/\/www.saint-brevin.com\/medias\/images\/prestataires\/multitailles\/640x480_petites-mains-et-compagnie-ateliers-creatifs-samedi-et-mercredi-11296-11311.jpg"},"320x240":{"url":"https:\/\/www.saint-brevin.com\/medias\/images\/prestataires\/multitailles\/320x240_petites-mains-et-compagnie-ateliers-creatifs-samedi-et-mercredi-11296-11311.jpg"},"160x120":{"url":"https:\/\/www.saint-brevin.com\/medias\/images\/prestataires\/multitailles\/160x120_petites-mains-et-compagnie-ateliers-creatifs-samedi-et-mercredi-11296-11311.jpg"},"origine":{"url":"https:\/\/www.saint-brevin.com\/medias\/images\/prestataires\/petites-mains-et-compagnie-ateliers-creatifs-samedi-et-mercredi-11296-11311.jpg"}},"urlLien":"","typeLien":"","nofollow":"N","copyright":""},{"url":"https:\/\/www.saint-brevin.com\/medias\/images\/prestataires\/petites-mains-et-compagnie-ateliers-creatifs-atelier-fraterie-11295-11310.jpg","chemin":"..\/medias\/images\/prestataires\/petites-mains-et-compagnie-ateliers-creatifs-atelier-fraterie-11295-11310.jpg","libelle":"petites-mains-et-compagnie-ateliers-creatifs-atelier-fraterie-11295","extension":"jpg","categorie":"","largeur":642,"theme":"","hauteur":862,"type":"Image","origine":"","liaisonPave":"","langue":"","id":"11310","urlVignette":"https:\/\/www.saint-brevin.com\/medias\/images\/prestataires\/v-petites-mains-et-compagnie-ateliers-creatifs-atelier-fraterie-11295-11310.jpg","alt":"petites-mains-et-compagnie-ateliers-creatifs-atelier-fraterie-11295","title":"petites-mains-et-compagnie-ateliers-creatifs-atelier-fraterie-11295","MultiTaille":{"1920x1440":{"url":"https:\/\/www.saint-brevin.com\/medias\/images\/prestataires\/multitailles\/1920x1440_petites-mains-et-compagnie-ateliers-creatifs-atelier-fraterie-11295-11310.jpg"},"1200x900":{"url":"https:\/\/www.saint-brevin.com\/medias\/images\/prestataires\/multitailles\/1200x900_petites-mains-et-compagnie-ateliers-creatifs-atelier-fraterie-11295-11310.jpg"},"800x600":{"url":"https:\/\/www.saint-brevin.com\/medias\/images\/prestataires\/multitailles\/800x600_petites-mains-et-compagnie-ateliers-creatifs-atelier-fraterie-11295-11310.jpg"},"640x480":{"url":"https:\/\/www.saint-brevin.com\/medias\/images\/prestataires\/multitailles\/640x480_petites-mains-et-compagnie-ateliers-creatifs-atelier-fraterie-11295-11310.jpg"},"320x240":{"url":"https:\/\/www.saint-brevin.com\/medias\/images\/prestataires\/multitailles\/320x240_petites-mains-et-compagnie-ateliers-creatifs-atelier-fraterie-11295-11310.jpg"},"160x120":{"url":"https:\/\/www.saint-brevin.com\/medias\/images\/prestataires\/multitailles\/160x120_petites-mains-et-compagnie-ateliers-creatifs-atelier-fraterie-11295-11310.jpg"},"origine":{"url":"https:\/\/www.saint-brevin.com\/medias\/images\/prestataires\/petites-mains-et-compagnie-ateliers-creatifs-atelier-fraterie-11295-11310.jpg"}},"urlLien":"","typeLien":"","nofollow":"N","copyright":""}],"ByCategorie":{"":[{"url":"https:\/\/www.saint-brevin.com\/medias\/images\/prestataires\/petites-mains-et-compagnie-1-11294-11309.jpg","chemin":"..\/medias\/images\/prestataires\/petites-mains-et-compagnie-1-11294-11309.jpg","libelle":"petites-mains-et-compagnie-1-11294","extension":"jpg","categorie":"","largeur":966,"theme":"","hauteur":706,"type":"Image","origine":"","liaisonPave":"","langue":"","id":"11309","urlVignette":"https:\/\/www.saint-brevin.com\/medias\/images\/prestataires\/v-petites-mains-et-compagnie-1-11294-11309.jpg","alt":"petites-mains-et-compagnie-1-11294","title":"petites-mains-et-compagnie-1-11294","MultiTaille":{"1920x1440":{"url":"https:\/\/www.saint-brevin.com\/medias\/images\/prestataires\/multitailles\/1920x1440_petites-mains-et-compagnie-1-11294-11309.jpg"},"1200x900":{"url":"https:\/\/www.saint-brevin.com\/medias\/images\/prestataires\/multitailles\/1200x900_petites-mains-et-compagnie-1-11294-11309.jpg"},"800x600":{"url":"https:\/\/www.saint-brevin.com\/medias\/images\/prestataires\/multitailles\/800x600_petites-mains-et-compagnie-1-11294-11309.jpg"},"640x480":{"url":"https:\/\/www.saint-brevin.com\/medias\/images\/prestataires\/multitailles\/640x480_petites-mains-et-compagnie-1-11294-11309.jpg"},"320x240":{"url":"https:\/\/www.saint-brevin.com\/medias\/images\/prestataires\/multitailles\/320x240_petites-mains-et-compagnie-1-11294-11309.jpg"},"160x120":{"url":"https:\/\/www.saint-brevin.com\/medias\/images\/prestataires\/multitailles\/160x120_petites-mains-et-compagnie-1-11294-11309.jpg"},"origine":{"url":"https:\/\/www.saint-brevin.com\/medias\/images\/prestataires\/petites-mains-et-compagnie-1-11294-11309.jpg"}},"urlLien":"","typeLien":"","nofollow":"N","copyright":""},{"url":"https:\/\/www.saint-brevin.com\/medias\/images\/prestataires\/petites-mains-et-compagnie-ateliers-creatifs-samedi-et-mercredi-11296-11311.jpg","chemin":"..\/medias\/images\/prestataires\/petites-mains-et-compagnie-ateliers-creatifs-samedi-et-mercredi-11296-11311.jpg","libelle":"petites-mains-et-compagnie-ateliers-creatifs-samedi-et-mercredi-11296","extension":"jpg","categorie":"","largeur":643,"theme":"","hauteur":895,"type":"Image","origine":"","liaisonPave":"","langue":"","id":"11311","urlVignette":"https:\/\/www.saint-brevin.com\/medias\/images\/prestataires\/v-petites-mains-et-compagnie-ateliers-creatifs-samedi-et-mercredi-11296-11311.jpg","alt":"petites-mains-et-compagnie-ateliers-creatifs-samedi-et-mercredi-11296","title":"petites-mains-et-compagnie-ateliers-creatifs-samedi-et-mercredi-11296","MultiTaille":{"1920x1440":{"url":"https:\/\/www.saint-brevin.com\/medias\/images\/prestataires\/multitailles\/1920x1440_petites-mains-et-compagnie-ateliers-creatifs-samedi-et-mercredi-11296-11311.jpg"},"1200x900":{"url":"https:\/\/www.saint-brevin.com\/medias\/images\/prestataires\/multitailles\/1200x900_petites-mains-et-compagnie-ateliers-creatifs-samedi-et-mercredi-11296-11311.jpg"},"800x600":{"url":"https:\/\/www.saint-brevin.com\/medias\/images\/prestataires\/multitailles\/800x600_petites-mains-et-compagnie-ateliers-creatifs-samedi-et-mercredi-11296-11311.jpg"},"640x480":{"url":"https:\/\/www.saint-brevin.com\/medias\/images\/prestataires\/multitailles\/640x480_petites-mains-et-compagnie-ateliers-creatifs-samedi-et-mercredi-11296-11311.jpg"},"320x240":{"url":"https:\/\/www.saint-brevin.com\/medias\/images\/prestataires\/multitailles\/320x240_petites-mains-et-compagnie-ateliers-creatifs-samedi-et-mercredi-11296-11311.jpg"},"160x120":{"url":"https:\/\/www.saint-brevin.com\/medias\/images\/prestataires\/multitailles\/160x120_petites-mains-et-compagnie-ateliers-creatifs-samedi-et-mercredi-11296-11311.jpg"},"origine":{"url":"https:\/\/www.saint-brevin.com\/medias\/images\/prestataires\/petites-mains-et-compagnie-ateliers-creatifs-samedi-et-mercredi-11296-11311.jpg"}},"urlLien":"","typeLien":"","nofollow":"N","copyright":""},{"url":"https:\/\/www.saint-brevin.com\/medias\/images\/prestataires\/petites-mains-et-compagnie-ateliers-creatifs-atelier-fraterie-11295-11310.jpg","chemin":"..\/medias\/images\/prestataires\/petites-mains-et-compagnie-ateliers-creatifs-atelier-fraterie-11295-11310.jpg","libelle":"petites-mains-et-compagnie-ateliers-creatifs-atelier-fraterie-11295","extension":"jpg","categorie":"","largeur":642,"theme":"","hauteur":862,"type":"Image","origine":"","liaisonPave":"","langue":"","id":"11310","urlVignette":"https:\/\/www.saint-brevin.com\/medias\/images\/prestataires\/v-petites-mains-et-compagnie-ateliers-creatifs-atelier-fraterie-11295-11310.jpg","alt":"petites-mains-et-compagnie-ateliers-creatifs-atelier-fraterie-11295","title":"petites-mains-et-compagnie-ateliers-creatifs-atelier-fraterie-11295","MultiTaille":{"1920x1440":{"url":"https:\/\/www.saint-brevin.com\/medias\/images\/prestataires\/multitailles\/1920x1440_petites-mains-et-compagnie-ateliers-creatifs-atelier-fraterie-11295-11310.jpg"},"1200x900":{"url":"https:\/\/www.saint-brevin.com\/medias\/images\/prestataires\/multitailles\/1200x900_petites-mains-et-compagnie-ateliers-creatifs-atelier-fraterie-11295-11310.jpg"},"800x600":{"url":"https:\/\/www.saint-brevin.com\/medias\/images\/prestataires\/multitailles\/800x600_petites-mains-et-compagnie-ateliers-creatifs-atelier-fraterie-11295-11310.jpg"},"640x480":{"url":"https:\/\/www.saint-brevin.com\/medias\/images\/prestataires\/multitailles\/640x480_petites-mains-et-compagnie-ateliers-creatifs-atelier-fraterie-11295-11310.jpg"},"320x240":{"url":"https:\/\/www.saint-brevin.com\/medias\/images\/prestataires\/multitailles\/320x240_petites-mains-et-compagnie-ateliers-creatifs-atelier-fraterie-11295-11310.jpg"},"160x120":{"url":"https:\/\/www.saint-brevin.com\/medias\/images\/prestataires\/multitailles\/160x120_petites-mains-et-compagnie-ateliers-creatifs-atelier-fraterie-11295-11310.jpg"},"origine":{"url":"https:\/\/www.saint-brevin.com\/medias\/images\/prestataires\/petites-mains-et-compagnie-ateliers-creatifs-atelier-fraterie-11295-11310.jpg"}},"urlLien":"","typeLien":"","nofollow":"N","copyright":""}]}},"Url":"","Localisation":{"GoogleMap":{"Latitude":"47.22904","Longitude":"-2.17428"}},"ZoneGeo":"","Criteres":[],"DateFinPublication":"","AffichageCoordonnees":[]},"listeCriteres":{"LIEUMANIF":{"SAINTBREVIN":""},"CATEGORIEANIMATION":{"ATELIER":""},"DETAILEXPO":{"BIJOUX":"","DESSIN":"","PEINTURE":""},"DETAILJEUXCONCOURS":{"JEUXSOCIETE":""},"MODEPAIEMENT":{"LCBP":"","LESPE":"","LCB":""},"YVEL":{"SOUI":"","REWEB":""},"TYPE":{"LOISI":""},"MISEAJOURINGENIE":{"DATEDERNIEREMAJ":"20260305"},"MISEAJOURPAR":{"ANNABELLE":""}},"dansCarnetVoyage":true,"Ouverture":["\u003Cp class=\"date\" \u003EToute l'ann\u00e9e\u003Cspan class=\"annee-ouverture\"\u003E 2026\u003C\/span\u003E\u003C\/p\u003E\u003Cp class=\"nature\" \u003EMercredi, samedi\u003C\/p\u003E\u003Cp class=\"heure\" \u003Ede 10:15 \u00e0 11:45 et de 14:30 \u00e0 16:00\u003C\/p\u003E"],"OuverturePasse":[],"OuvertureObjs":[{},{}],"OuvertureTab":[["20260101","20261231"],["20260401","20260428"]]},"html":" \n \u003Cdiv id=\"CV-PRESTATION-Y-PETITESMAINSCOMPAGNIE-ATELIERCREATIF310ANS\" data-contexte-id=\"PRESTATION|Y|PETITESMAINSCOMPAGNIE|ATELIERCREATIF310ANS\" data-cle=\"Y|PETITESMAINSCOMPAGNIE|ATELIERCREATIF310ANS\" class=\"fiche-liste\"\u003E\n    \n\n    \u003C!-- partie photo --\u003E\n    \u003Cdiv class=\"photo\"\u003E\t\t\t\t\t\t\t\t\t\t\t\t\t\t\t\t\t\t\t\t\t\n        \u003Cdiv class=\"cadre_photo_principale\"\u003E\t\t\n        \n            \t\t\t\t\t\n                    \u003Ca href=\"atelier-creatif-3-10-ans.html?origine=carnet#media\"\u003E\n                        \u003Cimg class=\"photo_principale\" alt=\"atelier-cr-atif-en-famille-30546\" src=\"https:\/\/www.saint-brevin.com\/medias\/images\/prestations\/multitailles\/320x240_atelier-cr-atif-en-famille-30546.png\" itemprop=\"image\"\u003E\n                    \u003C\/a\u003E\t\t\t\t\t\t\n                \n                    \u003C\/div\u003E\t\t\t\t\t\t\t\t\t\t\t\t\t\t\t\t\t\t\t \t\t\n    \u003C\/div\u003E\n    \n    \u003C!-- partie nom prest --\u003E\n    \u003Cdiv class=\"nom\"\u003E\n        \u003Ch2\u003EAtelier cr\u00e9atif 3-10 ans\u003C\/h2\u003E\n        \n            \u003C\/div\u003E\n\n     \u003Cul style=\"display: none\" class=\"ouverture_list\"\u003E\u003Cli class=\"ouverture_item\"\u003E\u003Cp class=\"date\" \u003EToute l'ann\u00e9e\u003Cspan class=\"annee-ouverture\"\u003E 2026\u003C\/span\u003E\u003C\/p\u003E\u003Cp class=\"nature\" \u003EMercredi, samedi\u003C\/p\u003E\u003Cp class=\"heure\" \u003Ede 10:15 \u00e0 11:45 et de 14:30 \u00e0 16:00\u003C\/p\u003E\u003C\/li\u003E\u003C\/ul\u003E    \n    \u003C!-- partie adresse --\u003E\n    \u003Cdiv class=\"adresse\"\u003E\n    \n          \n    \u003C\/div\u003E\n    \n    \u003C!-- partie liens --\u003E\n    \u003Cdiv class=\"liens\"\u003E\n            \u003Ca class=\"btn-icon btn-view \" title=\"Voir la fiche d\u00e9taill\u00e9e\" href=\"atelier-creatif-3-10-ans.html?origine=carnet\"\u003E\u003C\/a\u003E\u003C!--\u003Ca class=\"btn-icon btn-view \" title=\"\" href=\"?origine=carnet#thaut\"\u003E\u003C\/a\u003E--\u003E\n      \u003Ca class=\"btn-icon btn-trash carnet_voyage_supprimer\" title=\"Supprimer cette fiche de mon carnet de voyage\" href=\"carnet-voyage?action=remove&fiche=Y|PETITESMAINSCOMPAGNIE|ATELIERCREATIF310ANS\"\u003E\u003C\/a\u003E\n    \u003C\/div\u003E\n\n\u003C\/div\u003E\n\n","icon":"https:\/\/static.ingenie.fr\/images\/carnetVoyageV3\/Y.png"},"fiche":"Y|PETITESMAINSCOMPAGNIE|ATELIERCREATIF310ANS","popup":"\u003Cdiv id=\"bloc_popup_ajout_fiche_carnet\"\u003E\n    \u003Cdiv class=\"info_popup_ajout_fiche_carnet\"\u003E\n        Vous venez d'ajouter cet \u00e9l\u00e9ment \u00e0 votre carnet de voyage :    \u003C\/div\u003E\n    \u003Cdiv class=\"prest_popup_ajout_fiche_carnet\"\u003E\n        Atelier cr&eacute;atif 3-10 ans    \u003C\/div\u003E\n    \u003Cdiv class=\"bloc_btn_ajout_fiche_carnet form_submit_div\"\u003E\n        \u003Cinput type=\"button\" value=\"Continuer ma s\u00e9lection\" title=\"Continuer ma s\u00e9lection\" name=\"btn_close\" class=\"btn_close_popup_carnet form_submit\" onclick=\"$.colorbox.close()\" \/\u003E\n        \u003Cinput type=\"button\" value=\"Voir mon carnet de voyage\" title=\"Voir mon carnet\" name=\"btn_panier\" class=\"btn_panier_popup_carnet form_submit\" onclick=\"if(typeof CarnetVoyage != 'undefined') {CarnetVoyage.voirCarnet();}\" \/\u003E\n    \u003C\/div\u003E\n    \u003Cdiv class=\"bloc_btn_ajout_fiche_carnet\"\u003E\n        \u003Cinput type=\"checkbox\" value=\"1\" name=\"desactiver_popup\" id=\"desactiver_popup\" \/\u003E\n        \u003Clabel for=\"desactiver_popup\"\u003ENe plus afficher ce message\u003C\/label\u003E\n    \u003C\/div\u003E\n\u003C\/div\u003E","success":1}