{"nbFiches":1,"dataPrest":{"infoPrest":{"pave1":{"libelle":"Slogan","contenu":"","fichiers":[]},"pave2":{"libelle":"Descriptif","contenu":"Conf&eacute;rence anim&eacute;e par Martyne Jacquemin,&nbsp;Ambassadrice de l&rsquo;Ordre de Lafayette.\u003Cbr \/\u003E\r\n&nbsp;\r\n\u003Cp\u003E\u003Cem\u003EC&rsquo;est en 1976 que &laquo;&nbsp;j&rsquo;ai fait la connaissance&nbsp;&raquo; du Marquis de Lafayette.\u003C\/em\u003E\u003C\/p\u003E\r\n\r\n\u003Cp\u003E\u003Cem\u003EJe travaillais alors &agrave; New York, pour le d&eacute;partement tourisme de l&rsquo;Ambassade de France.\u003C\/em\u003E\u003C\/p\u003E\r\n\r\n\u003Cp\u003E\u003Cem\u003E1976 voyait&nbsp;la c&eacute;l&eacute;bration du bicentenaire de l&rsquo;Ind&eacute;pendance Am&eacute;ricaine, obtenue gr&acirc;ce &agrave; de nombreux fran&ccedil;ais partis se battre aux c&ocirc;t&eacute;s des insurgents am&eacute;ricains pour qu&#39;ils gagnent leur libert&eacute; contre les Anglais : Rochambeau, Duportail, Guichen, Barras, De Grasse et bien s&ucirc;r, LAFAYETTE.\u003C\/em\u003E\u003C\/p\u003E\r\n\r\n\u003Cp\u003E\u003Cem\u003EDepuis mon retour en France en 1977, le Marquis est rest&eacute; fid&egrave;lement &agrave; mes c&ocirc;t&eacute;s.\u003C\/em\u003E\u003C\/p\u003E\r\n\r\n\u003Cp\u003E\u003Cem\u003EJ&rsquo;ai h&eacute;rit&eacute; des timbres am&eacute;ricains envoy&eacute;s &agrave; mon p&egrave;re lors de mon s&eacute;jour &agrave; New-York et c&rsquo;est en participant aux championnats philat&eacute;liques que j&rsquo;ai commenc&eacute; &agrave; parler du MARQUIS DES DEUX MONDES : je devais expliquer les timbres et le personnage.\u003C\/em\u003E\u003C\/p\u003E\r\n\r\n\u003Cp\u003E\u003Cem\u003EJ&#39;ai pris plaisir&nbsp;&agrave; parler de ce grand homme, trop m&eacute;connu en France.\u003C\/em\u003E\u003C\/p\u003E\r\n\r\n\u003Cp\u003E\u003Cem\u003EJe r&eacute;ponds aux questions trop souvent rest&eacute;es sans r&eacute;ponse&nbsp;:\u003C\/em\u003E\u003C\/p\u003E\r\n\r\n\u003Cul\u003E\r\n\t\u003Cli\u003ELafayette &eacute;crit-il son nom en UN ou en DEUX mots&nbsp;?\u003C\/li\u003E\r\n\t\u003Cli\u003EEt si oui, &agrave; partir de quelle date&nbsp;?\u003C\/li\u003E\r\n\t\u003Cli\u003EEtait-il royaliste ou r&eacute;publicain&nbsp;?\u003C\/li\u003E\r\n\t\u003Cli\u003EPourquoi est-il all&eacute; en Am&eacute;rique&nbsp;?\u003C\/li\u003E\r\n\t\u003Cli\u003EQui est Adrienne, sa femme et quel r&ocirc;le a-t-elle jou&eacute;&nbsp;aupr&egrave;s de lui&nbsp; ?\u003C\/li\u003E\r\n\u003C\/ul\u003E\r\n\r\n\u003Cp\u003E\u003Cem\u003EIl faut &eacute;tudier l&#39;Histoire de France, car un pays qui ne conna&icirc;t pas son histoire, est un pays sans identit&eacute;.\u003C\/em\u003E\u003C\/p\u003E\r\n\r\n\u003Cp\u003E\u003Cem\u003EC&rsquo;est pour toutes ces raisons&nbsp;que le Pr&eacute;sident fondateur de l&rsquo;Ordre de Lafayette m&rsquo;a nomm&eacute;e Ambassadrice de ce s&eacute;duisant marquis, un tel privil&egrave;ge ne se refuse point !\u003C\/em\u003E\u003C\/p\u003E\r\n\r\n\u003Cp\u003EMartyne Jacquemin\u003Cbr \/\u003E\r\nAmbassadrice de l&rsquo;Ordre de Lafayette\u003Cbr \/\u003E\r\n\u003Cbr \/\u003E\r\n&Agrave; cette occasion, le livre de&nbsp;Jo&euml;l Moreau, &quot;Lafayette, R&eacute;voltes et R&eacute;volutions&quot;, sera en vente au tarif de 24 &euro; (paiement en esp&egrave;ces ou par ch&egrave;que).\u003C\/p\u003E\r\n","fichiers":[]},"pave3":{"libelle":"","contenu":""},"pave4":{"libelle":"","contenu":""},"pave5":{"libelle":"","contenu":""},"pave6":{"libelle":"","contenu":""},"pave7":{"libelle":"","contenu":""},"pave8":{"libelle":"","contenu":""},"pave9":{"libelle":"","contenu":""},"pave10":{"libelle":"","contenu":""},"pave11":{"libelle":"","contenu":""},"pave12":{"libelle":"","contenu":""},"pave13":{"libelle":"","contenu":""},"pave14":{"libelle":"","contenu":""},"pave15":{"libelle":"","contenu":""},"pave16":{"libelle":"","contenu":""},"pave17":{"libelle":"","contenu":""},"pave18":{"libelle":"","contenu":""},"pave19":{"libelle":"","contenu":""},"pave20":{"libelle":"","contenu":""},"pave21":{"libelle":"","contenu":""},"pave22":{"libelle":"","contenu":""},"pave23":{"libelle":"","contenu":""},"pave24":{"libelle":"","contenu":""},"pave25":{"libelle":"","contenu":""},"Libelle":"Conf\u00e9rence : Lafayette en un ou deux mots","Reference":"","Reftar":"","Type":"PRESTATION","TypePrestataire":"Y","ContexteStat":"PRESTATION-Y-PCUPDL044000037-CONFERENCELAFAYETTEENUNOUD","DateModificationIso":"2025-05-30T16:29:00+02:00","Adresse":{"LigneAdresse1":"Salle des Dunes","LigneAdresse2":"17 avenue Jules Verne","LigneAdresse3":"","CodePostal":"44250","Ville":"ST BREVIN LES PINS","Cedex":"","Etat":"","Pays":"FRA"},"Id":"y-pcupdl044000037-conferencelafayetteenunoud","Code":"Y|PCUPDL044000037|CONFERENCELAFAYETTEENUNOUD","Cle":"Y|PCUPDL044000037|CONFERENCELAFAYETTEENUNOUD","Url":"conference-lafayette-en-un-ou-deux-mots.html","Localisation":{"GoogleMap":{"Latitude":"47.24771","Longitude":"-2.16817"}},"ZoneGeo":"","Criteres":{"LIEUMANIF[SAINTBREVIN":"","CATEGORIEANIMATION[CONF":"","ICA[SA":"","ICA[ICATP":"","GANIMA[GANIMNON":"","MODEPAIEMENT[GRATUIT":"","MODEPAIEMENT[ENTREELIBRE":"","MODEPAIEMENT[PARTICIPATIONLIBRE":"","MISEAJOURINGENIE[DATEDERNIEREMAJ":"20250530","MISEAJOURPAR[ANNABELLE":""},"Prestataire":{"pave1":{"libelle":"Descriptif","contenu":"Tout pr&egrave;s du Serpent d&#39;Oc&eacute;an sur le site de Mindin, un ancien fort abrite le mus&eacute;e de la marine depuis 1983."},"pave2":{"libelle":"","contenu":""},"pave3":{"libelle":"","contenu":""},"pave4":{"libelle":"","contenu":""},"pave5":{"libelle":"","contenu":""},"pave6":{"libelle":"","contenu":""},"pave7":{"libelle":"","contenu":""},"pave8":{"libelle":"","contenu":""},"pave9":{"libelle":"","contenu":""},"pave10":{"libelle":"","contenu":""},"pave11":{"libelle":"","contenu":""},"pave12":{"libelle":"","contenu":""},"pave13":{"libelle":"","contenu":""},"pave14":{"libelle":"","contenu":""},"pave15":{"libelle":"","contenu":""},"pave16":{"libelle":"","contenu":""},"pave17":{"libelle":"","contenu":""},"pave18":{"libelle":"","contenu":""},"pave19":{"libelle":"","contenu":""},"pave20":{"libelle":"","contenu":""},"pave21":{"libelle":"","contenu":""},"pave22":{"libelle":"","contenu":""},"pave23":{"libelle":"","contenu":""},"pave24":{"libelle":"","contenu":""},"pave25":{"libelle":"","contenu":""},"ContactsParType":{"ETAB":{"1384":{"id_contact":"1384","type_contact":"ETAB","categorie_contact":"PRESTATAIRE","societe_contact":"","fonction_contact":"","civilite_nom_prenom_contact":"","adresse1_contact":"Place Bougainville","adresse2_contact":"","adresse3_contact":"","cpostal_contact":"44250","ville_contact":"ST BREVIN LES PINS","teldom_contact":"02 44 06 80 12","telbur_contact":"","fax_contact":"","portable_contact":"","email_contact":"musee-marine-mindin@orange.fr","siteweb_contact":"museemarinemindin.wordpress.com","commentaire_contact":"","langue_contact":"FR","autre_moyen_com":[]}}},"Libelle":"Mus\u00e9e de la Marine","Nom":"Mus\u00e9e de la Marine","Prenom":"","NomPrenom":"Mus\u00e9e de la Marine ","CiviliteNomPrenom":"Mus\u00e9e de la Marine ","Cle":"Y|PCUPDL044000037","PrestataireParent":"","ContexteStat":"PRESTATAIRE-Y-PCUPDL044000037","DateModificationIso":"2025-05-26T14:39:00+02:00","Type":"PRESTATAIRE","TypePrestataire":"Y","Adresse":{"LigneAdresse1":"Place Bougainville","LigneAdresse2":"","LigneAdresse3":"","CodePostal":"44250","Ville":"ST BREVIN LES PINS","Cedex":"","Etat":"","Pays":"FRA"},"Email":"musee-marine-mindin@orange.fr","Telephone":"02 44 06 80 12","TelephoneBureau":"","Portable":"","SiteWeb":"https:\/\/www.museemarinemindin.fr\/","Fax":"","Id":"y-pcupdl044000037","Code":"Y|PCUPDL044000037","Fichier":{"Image":[{"url":"https:\/\/www.saint-brevin.com\/medias\/images\/prestataires\/musee-marine-saint-brevin-2-874-3943.jpg","chemin":"..\/medias\/images\/prestataires\/musee-marine-saint-brevin-2-874-3943.jpg","libelle":"musee-marine-saint-brevin-2","extension":"jpg","categorie":"","largeur":5411,"theme":"","hauteur":3608,"type":"Image","origine":"","liaisonPave":"","langue":"","id":"3943","urlVignette":"https:\/\/www.saint-brevin.com\/medias\/images\/prestataires\/v-musee-marine-saint-brevin-2-874-3943.jpg","alt":"musee-marine-saint-brevin-2","title":"musee-marine-saint-brevin-2","MultiTaille":{"1920x1440":{"url":"https:\/\/www.saint-brevin.com\/medias\/images\/prestataires\/multitailles\/1920x1440_musee-marine-saint-brevin-2-874-3943.jpg"},"1200x900":{"url":"https:\/\/www.saint-brevin.com\/medias\/images\/prestataires\/multitailles\/1200x900_musee-marine-saint-brevin-2-874-3943.jpg"},"800x600":{"url":"https:\/\/www.saint-brevin.com\/medias\/images\/prestataires\/multitailles\/800x600_musee-marine-saint-brevin-2-874-3943.jpg"},"640x480":{"url":"https:\/\/www.saint-brevin.com\/medias\/images\/prestataires\/multitailles\/640x480_musee-marine-saint-brevin-2-874-3943.jpg"},"320x240":{"url":"https:\/\/www.saint-brevin.com\/medias\/images\/prestataires\/multitailles\/320x240_musee-marine-saint-brevin-2-874-3943.jpg"},"160x120":{"url":"https:\/\/www.saint-brevin.com\/medias\/images\/prestataires\/multitailles\/160x120_musee-marine-saint-brevin-2-874-3943.jpg"},"origine":{"url":"https:\/\/www.saint-brevin.com\/medias\/images\/prestataires\/musee-marine-saint-brevin-2-874-3943.jpg"}},"urlLien":"","typeLien":"|","nofollow":"N","copyright":"Ot-St-Brevin"},{"url":"https:\/\/www.saint-brevin.com\/medias\/images\/prestataires\/expo2024-affiche-9270.jpg","chemin":"..\/medias\/images\/prestataires\/expo2024-affiche-9270.jpg","libelle":"expo2024-affiche-9270","extension":"jpg","categorie":"","largeur":3508,"theme":"","hauteur":4961,"type":"Image","origine":"","liaisonPave":"","langue":"","id":"9270","urlVignette":"https:\/\/www.saint-brevin.com\/medias\/images\/prestataires\/v-expo2024-affiche-9270.jpg","alt":"expo2024-affiche-9270","title":"expo2024-affiche-9270","MultiTaille":{"1920x1440":{"url":"https:\/\/www.saint-brevin.com\/medias\/images\/prestataires\/multitailles\/1920x1440_expo2024-affiche-9270.jpg"},"1200x900":{"url":"https:\/\/www.saint-brevin.com\/medias\/images\/prestataires\/multitailles\/1200x900_expo2024-affiche-9270.jpg"},"800x600":{"url":"https:\/\/www.saint-brevin.com\/medias\/images\/prestataires\/multitailles\/800x600_expo2024-affiche-9270.jpg"},"640x480":{"url":"https:\/\/www.saint-brevin.com\/medias\/images\/prestataires\/multitailles\/640x480_expo2024-affiche-9270.jpg"},"320x240":{"url":"https:\/\/www.saint-brevin.com\/medias\/images\/prestataires\/multitailles\/320x240_expo2024-affiche-9270.jpg"},"160x120":{"url":"https:\/\/www.saint-brevin.com\/medias\/images\/prestataires\/multitailles\/160x120_expo2024-affiche-9270.jpg"},"origine":{"url":"https:\/\/www.saint-brevin.com\/medias\/images\/prestataires\/expo2024-affiche-9270.jpg"}},"urlLien":"","typeLien":"","nofollow":"N","copyright":""},{"url":"https:\/\/www.saint-brevin.com\/medias\/images\/prestataires\/musee-marine-saint-brevin-1-875-3944.jpg","chemin":"..\/medias\/images\/prestataires\/musee-marine-saint-brevin-1-875-3944.jpg","libelle":"musee-marine-saint-brevin-1","extension":"jpg","categorie":"","largeur":5259,"theme":"","hauteur":3506,"type":"Image","origine":"","liaisonPave":"","langue":"","id":"3944","urlVignette":"https:\/\/www.saint-brevin.com\/medias\/images\/prestataires\/v-musee-marine-saint-brevin-1-875-3944.jpg","alt":"musee-marine-saint-brevin-1","title":"musee-marine-saint-brevin-1","MultiTaille":{"1920x1440":{"url":"https:\/\/www.saint-brevin.com\/medias\/images\/prestataires\/multitailles\/1920x1440_musee-marine-saint-brevin-1-875-3944.jpg"},"1200x900":{"url":"https:\/\/www.saint-brevin.com\/medias\/images\/prestataires\/multitailles\/1200x900_musee-marine-saint-brevin-1-875-3944.jpg"},"800x600":{"url":"https:\/\/www.saint-brevin.com\/medias\/images\/prestataires\/multitailles\/800x600_musee-marine-saint-brevin-1-875-3944.jpg"},"640x480":{"url":"https:\/\/www.saint-brevin.com\/medias\/images\/prestataires\/multitailles\/640x480_musee-marine-saint-brevin-1-875-3944.jpg"},"320x240":{"url":"https:\/\/www.saint-brevin.com\/medias\/images\/prestataires\/multitailles\/320x240_musee-marine-saint-brevin-1-875-3944.jpg"},"160x120":{"url":"https:\/\/www.saint-brevin.com\/medias\/images\/prestataires\/multitailles\/160x120_musee-marine-saint-brevin-1-875-3944.jpg"},"origine":{"url":"https:\/\/www.saint-brevin.com\/medias\/images\/prestataires\/musee-marine-saint-brevin-1-875-3944.jpg"}},"urlLien":"","typeLien":"|","nofollow":"N","copyright":"Ot-St-Brevin"},{"url":"https:\/\/www.saint-brevin.com\/medias\/images\/prestataires\/musee-marine-saint-brevin-52-873-3942.jpg","chemin":"..\/medias\/images\/prestataires\/musee-marine-saint-brevin-52-873-3942.jpg","libelle":"musee-marine-saint-brevin-52","extension":"jpg","categorie":"","largeur":5760,"theme":"","hauteur":3840,"type":"Image","origine":"","liaisonPave":"","langue":"","id":"3942","urlVignette":"https:\/\/www.saint-brevin.com\/medias\/images\/prestataires\/v-musee-marine-saint-brevin-52-873-3942.jpg","alt":"musee-marine-saint-brevin-52","title":"musee-marine-saint-brevin-52","MultiTaille":{"1920x1440":{"url":"https:\/\/www.saint-brevin.com\/medias\/images\/prestataires\/multitailles\/1920x1440_musee-marine-saint-brevin-52-873-3942.jpg"},"1200x900":{"url":"https:\/\/www.saint-brevin.com\/medias\/images\/prestataires\/multitailles\/1200x900_musee-marine-saint-brevin-52-873-3942.jpg"},"800x600":{"url":"https:\/\/www.saint-brevin.com\/medias\/images\/prestataires\/multitailles\/800x600_musee-marine-saint-brevin-52-873-3942.jpg"},"640x480":{"url":"https:\/\/www.saint-brevin.com\/medias\/images\/prestataires\/multitailles\/640x480_musee-marine-saint-brevin-52-873-3942.jpg"},"320x240":{"url":"https:\/\/www.saint-brevin.com\/medias\/images\/prestataires\/multitailles\/320x240_musee-marine-saint-brevin-52-873-3942.jpg"},"160x120":{"url":"https:\/\/www.saint-brevin.com\/medias\/images\/prestataires\/multitailles\/160x120_musee-marine-saint-brevin-52-873-3942.jpg"},"origine":{"url":"https:\/\/www.saint-brevin.com\/medias\/images\/prestataires\/musee-marine-saint-brevin-52-873-3942.jpg"}},"urlLien":"","typeLien":"|","nofollow":"N","copyright":"Ot-St-Brevin"},{"url":"https:\/\/www.saint-brevin.com\/medias\/images\/prestataires\/musee-de-la-marine-saint-brevin1-2978-3955.jpg","chemin":"..\/medias\/images\/prestataires\/musee-de-la-marine-saint-brevin1-2978-3955.jpg","libelle":"musee-de-la-marine-saint-brevin1-2978","extension":"jpg","categorie":"","largeur":1920,"theme":"","hauteur":1280,"type":"Image","origine":"","liaisonPave":"","langue":"","id":"3955","urlVignette":"https:\/\/www.saint-brevin.com\/medias\/images\/prestataires\/v-musee-de-la-marine-saint-brevin1-2978-3955.jpg","alt":"musee-de-la-marine-saint-brevin1-2978","title":"musee-de-la-marine-saint-brevin1-2978","MultiTaille":{"1920x1440":{"url":"https:\/\/www.saint-brevin.com\/medias\/images\/prestataires\/multitailles\/1920x1440_musee-de-la-marine-saint-brevin1-2978-3955.jpg"},"1200x900":{"url":"https:\/\/www.saint-brevin.com\/medias\/images\/prestataires\/multitailles\/1200x900_musee-de-la-marine-saint-brevin1-2978-3955.jpg"},"800x600":{"url":"https:\/\/www.saint-brevin.com\/medias\/images\/prestataires\/multitailles\/800x600_musee-de-la-marine-saint-brevin1-2978-3955.jpg"},"640x480":{"url":"https:\/\/www.saint-brevin.com\/medias\/images\/prestataires\/multitailles\/640x480_musee-de-la-marine-saint-brevin1-2978-3955.jpg"},"320x240":{"url":"https:\/\/www.saint-brevin.com\/medias\/images\/prestataires\/multitailles\/320x240_musee-de-la-marine-saint-brevin1-2978-3955.jpg"},"160x120":{"url":"https:\/\/www.saint-brevin.com\/medias\/images\/prestataires\/multitailles\/160x120_musee-de-la-marine-saint-brevin1-2978-3955.jpg"},"origine":{"url":"https:\/\/www.saint-brevin.com\/medias\/images\/prestataires\/musee-de-la-marine-saint-brevin1-2978-3955.jpg"}},"urlLien":"","typeLien":"","nofollow":"N","copyright":""},{"url":"https:\/\/www.saint-brevin.com\/medias\/images\/prestataires\/musee-de-la-marine-saint-brevin2-2981-3958.jpg","chemin":"..\/medias\/images\/prestataires\/musee-de-la-marine-saint-brevin2-2981-3958.jpg","libelle":"musee-de-la-marine-saint-brevin2-2981","extension":"jpg","categorie":"","largeur":1920,"theme":"","hauteur":1280,"type":"Image","origine":"","liaisonPave":"","langue":"","id":"3958","urlVignette":"https:\/\/www.saint-brevin.com\/medias\/images\/prestataires\/v-musee-de-la-marine-saint-brevin2-2981-3958.jpg","alt":"musee-de-la-marine-saint-brevin2-2981","title":"musee-de-la-marine-saint-brevin2-2981","MultiTaille":{"1920x1440":{"url":"https:\/\/www.saint-brevin.com\/medias\/images\/prestataires\/multitailles\/1920x1440_musee-de-la-marine-saint-brevin2-2981-3958.jpg"},"1200x900":{"url":"https:\/\/www.saint-brevin.com\/medias\/images\/prestataires\/multitailles\/1200x900_musee-de-la-marine-saint-brevin2-2981-3958.jpg"},"800x600":{"url":"https:\/\/www.saint-brevin.com\/medias\/images\/prestataires\/multitailles\/800x600_musee-de-la-marine-saint-brevin2-2981-3958.jpg"},"640x480":{"url":"https:\/\/www.saint-brevin.com\/medias\/images\/prestataires\/multitailles\/640x480_musee-de-la-marine-saint-brevin2-2981-3958.jpg"},"320x240":{"url":"https:\/\/www.saint-brevin.com\/medias\/images\/prestataires\/multitailles\/320x240_musee-de-la-marine-saint-brevin2-2981-3958.jpg"},"160x120":{"url":"https:\/\/www.saint-brevin.com\/medias\/images\/prestataires\/multitailles\/160x120_musee-de-la-marine-saint-brevin2-2981-3958.jpg"},"origine":{"url":"https:\/\/www.saint-brevin.com\/medias\/images\/prestataires\/musee-de-la-marine-saint-brevin2-2981-3958.jpg"}},"urlLien":"","typeLien":"","nofollow":"N","copyright":""},{"url":"https:\/\/www.saint-brevin.com\/medias\/images\/prestataires\/musee-marine-saint-brevin-2-876-3945.jpg","chemin":"..\/medias\/images\/prestataires\/musee-marine-saint-brevin-2-876-3945.jpg","libelle":"musee-marine-saint-brevin-2","extension":"jpg","categorie":"","largeur":4368,"theme":"","hauteur":2912,"type":"Image","origine":"","liaisonPave":"","langue":"","id":"3945","urlVignette":"https:\/\/www.saint-brevin.com\/medias\/images\/prestataires\/v-musee-marine-saint-brevin-2-876-3945.jpg","alt":"musee-marine-saint-brevin-2","title":"musee-marine-saint-brevin-2","MultiTaille":{"1920x1440":{"url":"https:\/\/www.saint-brevin.com\/medias\/images\/prestataires\/multitailles\/1920x1440_musee-marine-saint-brevin-2-876-3945.jpg"},"1200x900":{"url":"https:\/\/www.saint-brevin.com\/medias\/images\/prestataires\/multitailles\/1200x900_musee-marine-saint-brevin-2-876-3945.jpg"},"800x600":{"url":"https:\/\/www.saint-brevin.com\/medias\/images\/prestataires\/multitailles\/800x600_musee-marine-saint-brevin-2-876-3945.jpg"},"640x480":{"url":"https:\/\/www.saint-brevin.com\/medias\/images\/prestataires\/multitailles\/640x480_musee-marine-saint-brevin-2-876-3945.jpg"},"320x240":{"url":"https:\/\/www.saint-brevin.com\/medias\/images\/prestataires\/multitailles\/320x240_musee-marine-saint-brevin-2-876-3945.jpg"},"160x120":{"url":"https:\/\/www.saint-brevin.com\/medias\/images\/prestataires\/multitailles\/160x120_musee-marine-saint-brevin-2-876-3945.jpg"},"origine":{"url":"https:\/\/www.saint-brevin.com\/medias\/images\/prestataires\/musee-marine-saint-brevin-2-876-3945.jpg"}},"urlLien":"","typeLien":"|","nofollow":"N","copyright":"Ot-St-Brevin"},{"url":"https:\/\/www.saint-brevin.com\/medias\/images\/prestataires\/musee-marine-saint-brevin-3-877-3946.jpg","chemin":"..\/medias\/images\/prestataires\/musee-marine-saint-brevin-3-877-3946.jpg","libelle":"musee-marine-saint-brevin-3","extension":"jpg","categorie":"","largeur":4368,"theme":"","hauteur":2912,"type":"Image","origine":"","liaisonPave":"","langue":"","id":"3946","urlVignette":"https:\/\/www.saint-brevin.com\/medias\/images\/prestataires\/v-musee-marine-saint-brevin-3-877-3946.jpg","alt":"musee-marine-saint-brevin-3","title":"musee-marine-saint-brevin-3","MultiTaille":{"1920x1440":{"url":"https:\/\/www.saint-brevin.com\/medias\/images\/prestataires\/multitailles\/1920x1440_musee-marine-saint-brevin-3-877-3946.jpg"},"1200x900":{"url":"https:\/\/www.saint-brevin.com\/medias\/images\/prestataires\/multitailles\/1200x900_musee-marine-saint-brevin-3-877-3946.jpg"},"800x600":{"url":"https:\/\/www.saint-brevin.com\/medias\/images\/prestataires\/multitailles\/800x600_musee-marine-saint-brevin-3-877-3946.jpg"},"640x480":{"url":"https:\/\/www.saint-brevin.com\/medias\/images\/prestataires\/multitailles\/640x480_musee-marine-saint-brevin-3-877-3946.jpg"},"320x240":{"url":"https:\/\/www.saint-brevin.com\/medias\/images\/prestataires\/multitailles\/320x240_musee-marine-saint-brevin-3-877-3946.jpg"},"160x120":{"url":"https:\/\/www.saint-brevin.com\/medias\/images\/prestataires\/multitailles\/160x120_musee-marine-saint-brevin-3-877-3946.jpg"},"origine":{"url":"https:\/\/www.saint-brevin.com\/medias\/images\/prestataires\/musee-marine-saint-brevin-3-877-3946.jpg"}},"urlLien":"","typeLien":"|","nofollow":"N","copyright":"Ot-St-Brevin"},{"url":"https:\/\/www.saint-brevin.com\/medias\/images\/prestataires\/musee-marine-saint-brevin-4-878-3947.jpg","chemin":"..\/medias\/images\/prestataires\/musee-marine-saint-brevin-4-878-3947.jpg","libelle":"musee-marine-saint-brevin-4","extension":"jpg","categorie":"","largeur":4368,"theme":"","hauteur":2912,"type":"Image","origine":"","liaisonPave":"","langue":"","id":"3947","urlVignette":"https:\/\/www.saint-brevin.com\/medias\/images\/prestataires\/v-musee-marine-saint-brevin-4-878-3947.jpg","alt":"musee-marine-saint-brevin-4","title":"musee-marine-saint-brevin-4","MultiTaille":{"1920x1440":{"url":"https:\/\/www.saint-brevin.com\/medias\/images\/prestataires\/multitailles\/1920x1440_musee-marine-saint-brevin-4-878-3947.jpg"},"1200x900":{"url":"https:\/\/www.saint-brevin.com\/medias\/images\/prestataires\/multitailles\/1200x900_musee-marine-saint-brevin-4-878-3947.jpg"},"800x600":{"url":"https:\/\/www.saint-brevin.com\/medias\/images\/prestataires\/multitailles\/800x600_musee-marine-saint-brevin-4-878-3947.jpg"},"640x480":{"url":"https:\/\/www.saint-brevin.com\/medias\/images\/prestataires\/multitailles\/640x480_musee-marine-saint-brevin-4-878-3947.jpg"},"320x240":{"url":"https:\/\/www.saint-brevin.com\/medias\/images\/prestataires\/multitailles\/320x240_musee-marine-saint-brevin-4-878-3947.jpg"},"160x120":{"url":"https:\/\/www.saint-brevin.com\/medias\/images\/prestataires\/multitailles\/160x120_musee-marine-saint-brevin-4-878-3947.jpg"},"origine":{"url":"https:\/\/www.saint-brevin.com\/medias\/images\/prestataires\/musee-marine-saint-brevin-4-878-3947.jpg"}},"urlLien":"","typeLien":"|","nofollow":"N","copyright":"Ot-St-Brevin"},{"url":"https:\/\/www.saint-brevin.com\/medias\/images\/prestataires\/musee-marine-saint-brevin-5-879-3948.jpg","chemin":"..\/medias\/images\/prestataires\/musee-marine-saint-brevin-5-879-3948.jpg","libelle":"musee-marine-saint-brevin-5","extension":"jpg","categorie":"","largeur":4368,"theme":"","hauteur":2912,"type":"Image","origine":"","liaisonPave":"","langue":"","id":"3948","urlVignette":"https:\/\/www.saint-brevin.com\/medias\/images\/prestataires\/v-musee-marine-saint-brevin-5-879-3948.jpg","alt":"musee-marine-saint-brevin-5","title":"musee-marine-saint-brevin-5","MultiTaille":{"1920x1440":{"url":"https:\/\/www.saint-brevin.com\/medias\/images\/prestataires\/multitailles\/1920x1440_musee-marine-saint-brevin-5-879-3948.jpg"},"1200x900":{"url":"https:\/\/www.saint-brevin.com\/medias\/images\/prestataires\/multitailles\/1200x900_musee-marine-saint-brevin-5-879-3948.jpg"},"800x600":{"url":"https:\/\/www.saint-brevin.com\/medias\/images\/prestataires\/multitailles\/800x600_musee-marine-saint-brevin-5-879-3948.jpg"},"640x480":{"url":"https:\/\/www.saint-brevin.com\/medias\/images\/prestataires\/multitailles\/640x480_musee-marine-saint-brevin-5-879-3948.jpg"},"320x240":{"url":"https:\/\/www.saint-brevin.com\/medias\/images\/prestataires\/multitailles\/320x240_musee-marine-saint-brevin-5-879-3948.jpg"},"160x120":{"url":"https:\/\/www.saint-brevin.com\/medias\/images\/prestataires\/multitailles\/160x120_musee-marine-saint-brevin-5-879-3948.jpg"},"origine":{"url":"https:\/\/www.saint-brevin.com\/medias\/images\/prestataires\/musee-marine-saint-brevin-5-879-3948.jpg"}},"urlLien":"","typeLien":"|","nofollow":"N","copyright":"Ot-St-Brevin"},{"url":"https:\/\/www.saint-brevin.com\/medias\/images\/prestataires\/musee-de-la-marine-saint-brevin-exposition-de-la-voile-aux-geants-des-mers2-2973-3950.jpg","chemin":"..\/medias\/images\/prestataires\/musee-de-la-marine-saint-brevin-exposition-de-la-voile-aux-geants-des-mers2-2973-3950.jpg","libelle":"musee-de-la-marine-saint-brevin-exposition-de-la-voile-aux-geants-des-mers2-2973","extension":"jpg","categorie":"","largeur":1920,"theme":"","hauteur":2560,"type":"Image","origine":"","liaisonPave":"","langue":"","id":"3950","urlVignette":"https:\/\/www.saint-brevin.com\/medias\/images\/prestataires\/v-musee-de-la-marine-saint-brevin-exposition-de-la-voile-aux-geants-des-mers2-2973-3950.jpg","alt":"musee-de-la-marine-saint-brevin-exposition-de-la-voile-aux-geants-des-mers2-2973","title":"musee-de-la-marine-saint-brevin-exposition-de-la-voile-aux-geants-des-mers2-2973","MultiTaille":{"1920x1440":{"url":"https:\/\/www.saint-brevin.com\/medias\/images\/prestataires\/multitailles\/1920x1440_musee-de-la-marine-saint-brevin-exposition-de-la-voile-aux-geants-des-mers2-2973-3950.jpg"},"1200x900":{"url":"https:\/\/www.saint-brevin.com\/medias\/images\/prestataires\/multitailles\/1200x900_musee-de-la-marine-saint-brevin-exposition-de-la-voile-aux-geants-des-mers2-2973-3950.jpg"},"800x600":{"url":"https:\/\/www.saint-brevin.com\/medias\/images\/prestataires\/multitailles\/800x600_musee-de-la-marine-saint-brevin-exposition-de-la-voile-aux-geants-des-mers2-2973-3950.jpg"},"640x480":{"url":"https:\/\/www.saint-brevin.com\/medias\/images\/prestataires\/multitailles\/640x480_musee-de-la-marine-saint-brevin-exposition-de-la-voile-aux-geants-des-mers2-2973-3950.jpg"},"320x240":{"url":"https:\/\/www.saint-brevin.com\/medias\/images\/prestataires\/multitailles\/320x240_musee-de-la-marine-saint-brevin-exposition-de-la-voile-aux-geants-des-mers2-2973-3950.jpg"},"160x120":{"url":"https:\/\/www.saint-brevin.com\/medias\/images\/prestataires\/multitailles\/160x120_musee-de-la-marine-saint-brevin-exposition-de-la-voile-aux-geants-des-mers2-2973-3950.jpg"},"origine":{"url":"https:\/\/www.saint-brevin.com\/medias\/images\/prestataires\/musee-de-la-marine-saint-brevin-exposition-de-la-voile-aux-geants-des-mers2-2973-3950.jpg"}},"urlLien":"","typeLien":"","nofollow":"N","copyright":""},{"url":"https:\/\/www.saint-brevin.com\/medias\/images\/prestataires\/musee-de-la-marine-saint-brevin-exposition-de-la-voile-aux-geants-des-mers1-2974-3951.jpg","chemin":"..\/medias\/images\/prestataires\/musee-de-la-marine-saint-brevin-exposition-de-la-voile-aux-geants-des-mers1-2974-3951.jpg","libelle":"musee-de-la-marine-saint-brevin-exposition-de-la-voile-aux-geants-des-mers1-2974","extension":"jpg","categorie":"","largeur":1920,"theme":"","hauteur":1440,"type":"Image","origine":"","liaisonPave":"","langue":"","id":"3951","urlVignette":"https:\/\/www.saint-brevin.com\/medias\/images\/prestataires\/v-musee-de-la-marine-saint-brevin-exposition-de-la-voile-aux-geants-des-mers1-2974-3951.jpg","alt":"musee-de-la-marine-saint-brevin-exposition-de-la-voile-aux-geants-des-mers1-2974","title":"musee-de-la-marine-saint-brevin-exposition-de-la-voile-aux-geants-des-mers1-2974","MultiTaille":{"1920x1440":{"url":"https:\/\/www.saint-brevin.com\/medias\/images\/prestataires\/multitailles\/1920x1440_musee-de-la-marine-saint-brevin-exposition-de-la-voile-aux-geants-des-mers1-2974-3951.jpg"},"1200x900":{"url":"https:\/\/www.saint-brevin.com\/medias\/images\/prestataires\/multitailles\/1200x900_musee-de-la-marine-saint-brevin-exposition-de-la-voile-aux-geants-des-mers1-2974-3951.jpg"},"800x600":{"url":"https:\/\/www.saint-brevin.com\/medias\/images\/prestataires\/multitailles\/800x600_musee-de-la-marine-saint-brevin-exposition-de-la-voile-aux-geants-des-mers1-2974-3951.jpg"},"640x480":{"url":"https:\/\/www.saint-brevin.com\/medias\/images\/prestataires\/multitailles\/640x480_musee-de-la-marine-saint-brevin-exposition-de-la-voile-aux-geants-des-mers1-2974-3951.jpg"},"320x240":{"url":"https:\/\/www.saint-brevin.com\/medias\/images\/prestataires\/multitailles\/320x240_musee-de-la-marine-saint-brevin-exposition-de-la-voile-aux-geants-des-mers1-2974-3951.jpg"},"160x120":{"url":"https:\/\/www.saint-brevin.com\/medias\/images\/prestataires\/multitailles\/160x120_musee-de-la-marine-saint-brevin-exposition-de-la-voile-aux-geants-des-mers1-2974-3951.jpg"},"origine":{"url":"https:\/\/www.saint-brevin.com\/medias\/images\/prestataires\/musee-de-la-marine-saint-brevin-exposition-de-la-voile-aux-geants-des-mers1-2974-3951.jpg"}},"urlLien":"","typeLien":"","nofollow":"N","copyright":""},{"url":"https:\/\/www.saint-brevin.com\/medias\/images\/prestataires\/musee-de-la-marine-saint-brevin-exposition-de-la-voile-aux-geants-des-mers4-2975-3952.jpg","chemin":"..\/medias\/images\/prestataires\/musee-de-la-marine-saint-brevin-exposition-de-la-voile-aux-geants-des-mers4-2975-3952.jpg","libelle":"musee-de-la-marine-saint-brevin-exposition-de-la-voile-aux-geants-des-mers4-2975","extension":"jpg","categorie":"","largeur":1920,"theme":"","hauteur":1440,"type":"Image","origine":"","liaisonPave":"","langue":"","id":"3952","urlVignette":"https:\/\/www.saint-brevin.com\/medias\/images\/prestataires\/v-musee-de-la-marine-saint-brevin-exposition-de-la-voile-aux-geants-des-mers4-2975-3952.jpg","alt":"musee-de-la-marine-saint-brevin-exposition-de-la-voile-aux-geants-des-mers4-2975","title":"musee-de-la-marine-saint-brevin-exposition-de-la-voile-aux-geants-des-mers4-2975","MultiTaille":{"1920x1440":{"url":"https:\/\/www.saint-brevin.com\/medias\/images\/prestataires\/multitailles\/1920x1440_musee-de-la-marine-saint-brevin-exposition-de-la-voile-aux-geants-des-mers4-2975-3952.jpg"},"1200x900":{"url":"https:\/\/www.saint-brevin.com\/medias\/images\/prestataires\/multitailles\/1200x900_musee-de-la-marine-saint-brevin-exposition-de-la-voile-aux-geants-des-mers4-2975-3952.jpg"},"800x600":{"url":"https:\/\/www.saint-brevin.com\/medias\/images\/prestataires\/multitailles\/800x600_musee-de-la-marine-saint-brevin-exposition-de-la-voile-aux-geants-des-mers4-2975-3952.jpg"},"640x480":{"url":"https:\/\/www.saint-brevin.com\/medias\/images\/prestataires\/multitailles\/640x480_musee-de-la-marine-saint-brevin-exposition-de-la-voile-aux-geants-des-mers4-2975-3952.jpg"},"320x240":{"url":"https:\/\/www.saint-brevin.com\/medias\/images\/prestataires\/multitailles\/320x240_musee-de-la-marine-saint-brevin-exposition-de-la-voile-aux-geants-des-mers4-2975-3952.jpg"},"160x120":{"url":"https:\/\/www.saint-brevin.com\/medias\/images\/prestataires\/multitailles\/160x120_musee-de-la-marine-saint-brevin-exposition-de-la-voile-aux-geants-des-mers4-2975-3952.jpg"},"origine":{"url":"https:\/\/www.saint-brevin.com\/medias\/images\/prestataires\/musee-de-la-marine-saint-brevin-exposition-de-la-voile-aux-geants-des-mers4-2975-3952.jpg"}},"urlLien":"","typeLien":"","nofollow":"N","copyright":""},{"url":"https:\/\/www.saint-brevin.com\/medias\/images\/prestataires\/musee-de-la-marine-saint-brevin-exposition-de-la-voile-aux-geants-des-mers3-2976-3953.jpg","chemin":"..\/medias\/images\/prestataires\/musee-de-la-marine-saint-brevin-exposition-de-la-voile-aux-geants-des-mers3-2976-3953.jpg","libelle":"musee-de-la-marine-saint-brevin-exposition-de-la-voile-aux-geants-des-mers3-2976","extension":"jpg","categorie":"","largeur":1920,"theme":"","hauteur":1440,"type":"Image","origine":"","liaisonPave":"","langue":"","id":"3953","urlVignette":"https:\/\/www.saint-brevin.com\/medias\/images\/prestataires\/v-musee-de-la-marine-saint-brevin-exposition-de-la-voile-aux-geants-des-mers3-2976-3953.jpg","alt":"musee-de-la-marine-saint-brevin-exposition-de-la-voile-aux-geants-des-mers3-2976","title":"musee-de-la-marine-saint-brevin-exposition-de-la-voile-aux-geants-des-mers3-2976","MultiTaille":{"1920x1440":{"url":"https:\/\/www.saint-brevin.com\/medias\/images\/prestataires\/multitailles\/1920x1440_musee-de-la-marine-saint-brevin-exposition-de-la-voile-aux-geants-des-mers3-2976-3953.jpg"},"1200x900":{"url":"https:\/\/www.saint-brevin.com\/medias\/images\/prestataires\/multitailles\/1200x900_musee-de-la-marine-saint-brevin-exposition-de-la-voile-aux-geants-des-mers3-2976-3953.jpg"},"800x600":{"url":"https:\/\/www.saint-brevin.com\/medias\/images\/prestataires\/multitailles\/800x600_musee-de-la-marine-saint-brevin-exposition-de-la-voile-aux-geants-des-mers3-2976-3953.jpg"},"640x480":{"url":"https:\/\/www.saint-brevin.com\/medias\/images\/prestataires\/multitailles\/640x480_musee-de-la-marine-saint-brevin-exposition-de-la-voile-aux-geants-des-mers3-2976-3953.jpg"},"320x240":{"url":"https:\/\/www.saint-brevin.com\/medias\/images\/prestataires\/multitailles\/320x240_musee-de-la-marine-saint-brevin-exposition-de-la-voile-aux-geants-des-mers3-2976-3953.jpg"},"160x120":{"url":"https:\/\/www.saint-brevin.com\/medias\/images\/prestataires\/multitailles\/160x120_musee-de-la-marine-saint-brevin-exposition-de-la-voile-aux-geants-des-mers3-2976-3953.jpg"},"origine":{"url":"https:\/\/www.saint-brevin.com\/medias\/images\/prestataires\/musee-de-la-marine-saint-brevin-exposition-de-la-voile-aux-geants-des-mers3-2976-3953.jpg"}},"urlLien":"","typeLien":"","nofollow":"N","copyright":""},{"url":"https:\/\/www.saint-brevin.com\/medias\/images\/prestataires\/musee-de-la-marine-saint-brevin-exposition-de-la-voile-aux-geants-des-mers6-2977-3954.jpg","chemin":"..\/medias\/images\/prestataires\/musee-de-la-marine-saint-brevin-exposition-de-la-voile-aux-geants-des-mers6-2977-3954.jpg","libelle":"musee-de-la-marine-saint-brevin-exposition-de-la-voile-aux-geants-des-mers6-2977","extension":"jpg","categorie":"","largeur":1920,"theme":"","hauteur":1440,"type":"Image","origine":"","liaisonPave":"","langue":"","id":"3954","urlVignette":"https:\/\/www.saint-brevin.com\/medias\/images\/prestataires\/v-musee-de-la-marine-saint-brevin-exposition-de-la-voile-aux-geants-des-mers6-2977-3954.jpg","alt":"musee-de-la-marine-saint-brevin-exposition-de-la-voile-aux-geants-des-mers6-2977","title":"musee-de-la-marine-saint-brevin-exposition-de-la-voile-aux-geants-des-mers6-2977","MultiTaille":{"1920x1440":{"url":"https:\/\/www.saint-brevin.com\/medias\/images\/prestataires\/multitailles\/1920x1440_musee-de-la-marine-saint-brevin-exposition-de-la-voile-aux-geants-des-mers6-2977-3954.jpg"},"1200x900":{"url":"https:\/\/www.saint-brevin.com\/medias\/images\/prestataires\/multitailles\/1200x900_musee-de-la-marine-saint-brevin-exposition-de-la-voile-aux-geants-des-mers6-2977-3954.jpg"},"800x600":{"url":"https:\/\/www.saint-brevin.com\/medias\/images\/prestataires\/multitailles\/800x600_musee-de-la-marine-saint-brevin-exposition-de-la-voile-aux-geants-des-mers6-2977-3954.jpg"},"640x480":{"url":"https:\/\/www.saint-brevin.com\/medias\/images\/prestataires\/multitailles\/640x480_musee-de-la-marine-saint-brevin-exposition-de-la-voile-aux-geants-des-mers6-2977-3954.jpg"},"320x240":{"url":"https:\/\/www.saint-brevin.com\/medias\/images\/prestataires\/multitailles\/320x240_musee-de-la-marine-saint-brevin-exposition-de-la-voile-aux-geants-des-mers6-2977-3954.jpg"},"160x120":{"url":"https:\/\/www.saint-brevin.com\/medias\/images\/prestataires\/multitailles\/160x120_musee-de-la-marine-saint-brevin-exposition-de-la-voile-aux-geants-des-mers6-2977-3954.jpg"},"origine":{"url":"https:\/\/www.saint-brevin.com\/medias\/images\/prestataires\/musee-de-la-marine-saint-brevin-exposition-de-la-voile-aux-geants-des-mers6-2977-3954.jpg"}},"urlLien":"","typeLien":"","nofollow":"N","copyright":""},{"url":"https:\/\/www.saint-brevin.com\/medias\/images\/prestataires\/musee-de-la-marine-saint-brevin-exposition-de-la-voile-aux-geants-des-mers5-2979-3956.jpg","chemin":"..\/medias\/images\/prestataires\/musee-de-la-marine-saint-brevin-exposition-de-la-voile-aux-geants-des-mers5-2979-3956.jpg","libelle":"musee-de-la-marine-saint-brevin-exposition-de-la-voile-aux-geants-des-mers5-2979","extension":"jpg","categorie":"","largeur":1920,"theme":"","hauteur":1440,"type":"Image","origine":"","liaisonPave":"","langue":"","id":"3956","urlVignette":"https:\/\/www.saint-brevin.com\/medias\/images\/prestataires\/v-musee-de-la-marine-saint-brevin-exposition-de-la-voile-aux-geants-des-mers5-2979-3956.jpg","alt":"musee-de-la-marine-saint-brevin-exposition-de-la-voile-aux-geants-des-mers5-2979","title":"musee-de-la-marine-saint-brevin-exposition-de-la-voile-aux-geants-des-mers5-2979","MultiTaille":{"1920x1440":{"url":"https:\/\/www.saint-brevin.com\/medias\/images\/prestataires\/multitailles\/1920x1440_musee-de-la-marine-saint-brevin-exposition-de-la-voile-aux-geants-des-mers5-2979-3956.jpg"},"1200x900":{"url":"https:\/\/www.saint-brevin.com\/medias\/images\/prestataires\/multitailles\/1200x900_musee-de-la-marine-saint-brevin-exposition-de-la-voile-aux-geants-des-mers5-2979-3956.jpg"},"800x600":{"url":"https:\/\/www.saint-brevin.com\/medias\/images\/prestataires\/multitailles\/800x600_musee-de-la-marine-saint-brevin-exposition-de-la-voile-aux-geants-des-mers5-2979-3956.jpg"},"640x480":{"url":"https:\/\/www.saint-brevin.com\/medias\/images\/prestataires\/multitailles\/640x480_musee-de-la-marine-saint-brevin-exposition-de-la-voile-aux-geants-des-mers5-2979-3956.jpg"},"320x240":{"url":"https:\/\/www.saint-brevin.com\/medias\/images\/prestataires\/multitailles\/320x240_musee-de-la-marine-saint-brevin-exposition-de-la-voile-aux-geants-des-mers5-2979-3956.jpg"},"160x120":{"url":"https:\/\/www.saint-brevin.com\/medias\/images\/prestataires\/multitailles\/160x120_musee-de-la-marine-saint-brevin-exposition-de-la-voile-aux-geants-des-mers5-2979-3956.jpg"},"origine":{"url":"https:\/\/www.saint-brevin.com\/medias\/images\/prestataires\/musee-de-la-marine-saint-brevin-exposition-de-la-voile-aux-geants-des-mers5-2979-3956.jpg"}},"urlLien":"","typeLien":"","nofollow":"N","copyright":""},{"url":"https:\/\/www.saint-brevin.com\/medias\/images\/prestataires\/musee-de-la-marine-saint-brevin3-2982-3959.jpg","chemin":"..\/medias\/images\/prestataires\/musee-de-la-marine-saint-brevin3-2982-3959.jpg","libelle":"musee-de-la-marine-saint-brevin3-2982","extension":"jpg","categorie":"","largeur":1920,"theme":"","hauteur":1440,"type":"Image","origine":"","liaisonPave":"","langue":"","id":"3959","urlVignette":"https:\/\/www.saint-brevin.com\/medias\/images\/prestataires\/v-musee-de-la-marine-saint-brevin3-2982-3959.jpg","alt":"musee-de-la-marine-saint-brevin3-2982","title":"musee-de-la-marine-saint-brevin3-2982","MultiTaille":{"1920x1440":{"url":"https:\/\/www.saint-brevin.com\/medias\/images\/prestataires\/multitailles\/1920x1440_musee-de-la-marine-saint-brevin3-2982-3959.jpg"},"1200x900":{"url":"https:\/\/www.saint-brevin.com\/medias\/images\/prestataires\/multitailles\/1200x900_musee-de-la-marine-saint-brevin3-2982-3959.jpg"},"800x600":{"url":"https:\/\/www.saint-brevin.com\/medias\/images\/prestataires\/multitailles\/800x600_musee-de-la-marine-saint-brevin3-2982-3959.jpg"},"640x480":{"url":"https:\/\/www.saint-brevin.com\/medias\/images\/prestataires\/multitailles\/640x480_musee-de-la-marine-saint-brevin3-2982-3959.jpg"},"320x240":{"url":"https:\/\/www.saint-brevin.com\/medias\/images\/prestataires\/multitailles\/320x240_musee-de-la-marine-saint-brevin3-2982-3959.jpg"},"160x120":{"url":"https:\/\/www.saint-brevin.com\/medias\/images\/prestataires\/multitailles\/160x120_musee-de-la-marine-saint-brevin3-2982-3959.jpg"},"origine":{"url":"https:\/\/www.saint-brevin.com\/medias\/images\/prestataires\/musee-de-la-marine-saint-brevin3-2982-3959.jpg"}},"urlLien":"","typeLien":"","nofollow":"N","copyright":""},{"url":"https:\/\/www.saint-brevin.com\/medias\/images\/prestataires\/musee-de-la-marine-saint-brevin-exposition-de-la-voile-aux-geants-des-mers7-2980-3957.jpg","chemin":"..\/medias\/images\/prestataires\/musee-de-la-marine-saint-brevin-exposition-de-la-voile-aux-geants-des-mers7-2980-3957.jpg","libelle":"musee-de-la-marine-saint-brevin-exposition-de-la-voile-aux-geants-des-mers7-2980","extension":"jpg","categorie":"","largeur":1920,"theme":"","hauteur":1440,"type":"Image","origine":"","liaisonPave":"","langue":"","id":"3957","urlVignette":"https:\/\/www.saint-brevin.com\/medias\/images\/prestataires\/v-musee-de-la-marine-saint-brevin-exposition-de-la-voile-aux-geants-des-mers7-2980-3957.jpg","alt":"musee-de-la-marine-saint-brevin-exposition-de-la-voile-aux-geants-des-mers7-2980","title":"musee-de-la-marine-saint-brevin-exposition-de-la-voile-aux-geants-des-mers7-2980","MultiTaille":{"1920x1440":{"url":"https:\/\/www.saint-brevin.com\/medias\/images\/prestataires\/multitailles\/1920x1440_musee-de-la-marine-saint-brevin-exposition-de-la-voile-aux-geants-des-mers7-2980-3957.jpg"},"1200x900":{"url":"https:\/\/www.saint-brevin.com\/medias\/images\/prestataires\/multitailles\/1200x900_musee-de-la-marine-saint-brevin-exposition-de-la-voile-aux-geants-des-mers7-2980-3957.jpg"},"800x600":{"url":"https:\/\/www.saint-brevin.com\/medias\/images\/prestataires\/multitailles\/800x600_musee-de-la-marine-saint-brevin-exposition-de-la-voile-aux-geants-des-mers7-2980-3957.jpg"},"640x480":{"url":"https:\/\/www.saint-brevin.com\/medias\/images\/prestataires\/multitailles\/640x480_musee-de-la-marine-saint-brevin-exposition-de-la-voile-aux-geants-des-mers7-2980-3957.jpg"},"320x240":{"url":"https:\/\/www.saint-brevin.com\/medias\/images\/prestataires\/multitailles\/320x240_musee-de-la-marine-saint-brevin-exposition-de-la-voile-aux-geants-des-mers7-2980-3957.jpg"},"160x120":{"url":"https:\/\/www.saint-brevin.com\/medias\/images\/prestataires\/multitailles\/160x120_musee-de-la-marine-saint-brevin-exposition-de-la-voile-aux-geants-des-mers7-2980-3957.jpg"},"origine":{"url":"https:\/\/www.saint-brevin.com\/medias\/images\/prestataires\/musee-de-la-marine-saint-brevin-exposition-de-la-voile-aux-geants-des-mers7-2980-3957.jpg"}},"urlLien":"","typeLien":"","nofollow":"N","copyright":""},{"url":"https:\/\/www.saint-brevin.com\/medias\/images\/prestataires\/musee-de-la-marine-saint-brevin4-2983-3960.jpg","chemin":"..\/medias\/images\/prestataires\/musee-de-la-marine-saint-brevin4-2983-3960.jpg","libelle":"musee-de-la-marine-saint-brevin4-2983","extension":"jpg","categorie":"","largeur":1800,"theme":"","hauteur":2400,"type":"Image","origine":"","liaisonPave":"","langue":"","id":"3960","urlVignette":"https:\/\/www.saint-brevin.com\/medias\/images\/prestataires\/v-musee-de-la-marine-saint-brevin4-2983-3960.jpg","alt":"musee-de-la-marine-saint-brevin4-2983","title":"musee-de-la-marine-saint-brevin4-2983","MultiTaille":{"1920x1440":{"url":"https:\/\/www.saint-brevin.com\/medias\/images\/prestataires\/multitailles\/1920x1440_musee-de-la-marine-saint-brevin4-2983-3960.jpg"},"1200x900":{"url":"https:\/\/www.saint-brevin.com\/medias\/images\/prestataires\/multitailles\/1200x900_musee-de-la-marine-saint-brevin4-2983-3960.jpg"},"800x600":{"url":"https:\/\/www.saint-brevin.com\/medias\/images\/prestataires\/multitailles\/800x600_musee-de-la-marine-saint-brevin4-2983-3960.jpg"},"640x480":{"url":"https:\/\/www.saint-brevin.com\/medias\/images\/prestataires\/multitailles\/640x480_musee-de-la-marine-saint-brevin4-2983-3960.jpg"},"320x240":{"url":"https:\/\/www.saint-brevin.com\/medias\/images\/prestataires\/multitailles\/320x240_musee-de-la-marine-saint-brevin4-2983-3960.jpg"},"160x120":{"url":"https:\/\/www.saint-brevin.com\/medias\/images\/prestataires\/multitailles\/160x120_musee-de-la-marine-saint-brevin4-2983-3960.jpg"},"origine":{"url":"https:\/\/www.saint-brevin.com\/medias\/images\/prestataires\/musee-de-la-marine-saint-brevin4-2983-3960.jpg"}},"urlLien":"","typeLien":"","nofollow":"N","copyright":""}],"ByCategorie":{"":[{"url":"https:\/\/www.saint-brevin.com\/medias\/images\/prestataires\/musee-marine-saint-brevin-2-874-3943.jpg","chemin":"..\/medias\/images\/prestataires\/musee-marine-saint-brevin-2-874-3943.jpg","libelle":"musee-marine-saint-brevin-2","extension":"jpg","categorie":"","largeur":5411,"theme":"","hauteur":3608,"type":"Image","origine":"","liaisonPave":"","langue":"","id":"3943","urlVignette":"https:\/\/www.saint-brevin.com\/medias\/images\/prestataires\/v-musee-marine-saint-brevin-2-874-3943.jpg","alt":"musee-marine-saint-brevin-2","title":"musee-marine-saint-brevin-2","MultiTaille":{"1920x1440":{"url":"https:\/\/www.saint-brevin.com\/medias\/images\/prestataires\/multitailles\/1920x1440_musee-marine-saint-brevin-2-874-3943.jpg"},"1200x900":{"url":"https:\/\/www.saint-brevin.com\/medias\/images\/prestataires\/multitailles\/1200x900_musee-marine-saint-brevin-2-874-3943.jpg"},"800x600":{"url":"https:\/\/www.saint-brevin.com\/medias\/images\/prestataires\/multitailles\/800x600_musee-marine-saint-brevin-2-874-3943.jpg"},"640x480":{"url":"https:\/\/www.saint-brevin.com\/medias\/images\/prestataires\/multitailles\/640x480_musee-marine-saint-brevin-2-874-3943.jpg"},"320x240":{"url":"https:\/\/www.saint-brevin.com\/medias\/images\/prestataires\/multitailles\/320x240_musee-marine-saint-brevin-2-874-3943.jpg"},"160x120":{"url":"https:\/\/www.saint-brevin.com\/medias\/images\/prestataires\/multitailles\/160x120_musee-marine-saint-brevin-2-874-3943.jpg"},"origine":{"url":"https:\/\/www.saint-brevin.com\/medias\/images\/prestataires\/musee-marine-saint-brevin-2-874-3943.jpg"}},"urlLien":"","typeLien":"|","nofollow":"N","copyright":"Ot-St-Brevin"},{"url":"https:\/\/youtu-3949.be\/2d_hpkdeqbm","libelle":"Embarquez avec les Sauveteurs en Mer !","categorie":"","largeur":"","theme":"","hauteur":"","type":"Video","origine":"YOUTUBE","liaisonPave":"","langue":"","id":"3949","htmlVideo":null,"vignetteVideo":null},{"url":"https:\/\/www.saint-brevin.com\/medias\/images\/prestataires\/expo2024-affiche-9270.jpg","chemin":"..\/medias\/images\/prestataires\/expo2024-affiche-9270.jpg","libelle":"expo2024-affiche-9270","extension":"jpg","categorie":"","largeur":3508,"theme":"","hauteur":4961,"type":"Image","origine":"","liaisonPave":"","langue":"","id":"9270","urlVignette":"https:\/\/www.saint-brevin.com\/medias\/images\/prestataires\/v-expo2024-affiche-9270.jpg","alt":"expo2024-affiche-9270","title":"expo2024-affiche-9270","MultiTaille":{"1920x1440":{"url":"https:\/\/www.saint-brevin.com\/medias\/images\/prestataires\/multitailles\/1920x1440_expo2024-affiche-9270.jpg"},"1200x900":{"url":"https:\/\/www.saint-brevin.com\/medias\/images\/prestataires\/multitailles\/1200x900_expo2024-affiche-9270.jpg"},"800x600":{"url":"https:\/\/www.saint-brevin.com\/medias\/images\/prestataires\/multitailles\/800x600_expo2024-affiche-9270.jpg"},"640x480":{"url":"https:\/\/www.saint-brevin.com\/medias\/images\/prestataires\/multitailles\/640x480_expo2024-affiche-9270.jpg"},"320x240":{"url":"https:\/\/www.saint-brevin.com\/medias\/images\/prestataires\/multitailles\/320x240_expo2024-affiche-9270.jpg"},"160x120":{"url":"https:\/\/www.saint-brevin.com\/medias\/images\/prestataires\/multitailles\/160x120_expo2024-affiche-9270.jpg"},"origine":{"url":"https:\/\/www.saint-brevin.com\/medias\/images\/prestataires\/expo2024-affiche-9270.jpg"}},"urlLien":"","typeLien":"","nofollow":"N","copyright":""},{"url":"https:\/\/youtu-3961.be\/7ntek3hvq_8","libelle":"Vend\u00e9e Globe et Route du Rhum - Les grands skippers d\u2019hier et d\u2019aujourd\u2019hui","categorie":"","largeur":"","theme":"","hauteur":"","type":"Video","origine":"YOUTUBE","liaisonPave":"","langue":"","id":"3961","htmlVideo":null,"vignetteVideo":null},{"url":"https:\/\/www.saint-brevin.com\/medias\/images\/prestataires\/musee-marine-saint-brevin-1-875-3944.jpg","chemin":"..\/medias\/images\/prestataires\/musee-marine-saint-brevin-1-875-3944.jpg","libelle":"musee-marine-saint-brevin-1","extension":"jpg","categorie":"","largeur":5259,"theme":"","hauteur":3506,"type":"Image","origine":"","liaisonPave":"","langue":"","id":"3944","urlVignette":"https:\/\/www.saint-brevin.com\/medias\/images\/prestataires\/v-musee-marine-saint-brevin-1-875-3944.jpg","alt":"musee-marine-saint-brevin-1","title":"musee-marine-saint-brevin-1","MultiTaille":{"1920x1440":{"url":"https:\/\/www.saint-brevin.com\/medias\/images\/prestataires\/multitailles\/1920x1440_musee-marine-saint-brevin-1-875-3944.jpg"},"1200x900":{"url":"https:\/\/www.saint-brevin.com\/medias\/images\/prestataires\/multitailles\/1200x900_musee-marine-saint-brevin-1-875-3944.jpg"},"800x600":{"url":"https:\/\/www.saint-brevin.com\/medias\/images\/prestataires\/multitailles\/800x600_musee-marine-saint-brevin-1-875-3944.jpg"},"640x480":{"url":"https:\/\/www.saint-brevin.com\/medias\/images\/prestataires\/multitailles\/640x480_musee-marine-saint-brevin-1-875-3944.jpg"},"320x240":{"url":"https:\/\/www.saint-brevin.com\/medias\/images\/prestataires\/multitailles\/320x240_musee-marine-saint-brevin-1-875-3944.jpg"},"160x120":{"url":"https:\/\/www.saint-brevin.com\/medias\/images\/prestataires\/multitailles\/160x120_musee-marine-saint-brevin-1-875-3944.jpg"},"origine":{"url":"https:\/\/www.saint-brevin.com\/medias\/images\/prestataires\/musee-marine-saint-brevin-1-875-3944.jpg"}},"urlLien":"","typeLien":"|","nofollow":"N","copyright":"Ot-St-Brevin"},{"url":"https:\/\/www.saint-brevin.com\/medias\/images\/prestataires\/musee-marine-saint-brevin-52-873-3942.jpg","chemin":"..\/medias\/images\/prestataires\/musee-marine-saint-brevin-52-873-3942.jpg","libelle":"musee-marine-saint-brevin-52","extension":"jpg","categorie":"","largeur":5760,"theme":"","hauteur":3840,"type":"Image","origine":"","liaisonPave":"","langue":"","id":"3942","urlVignette":"https:\/\/www.saint-brevin.com\/medias\/images\/prestataires\/v-musee-marine-saint-brevin-52-873-3942.jpg","alt":"musee-marine-saint-brevin-52","title":"musee-marine-saint-brevin-52","MultiTaille":{"1920x1440":{"url":"https:\/\/www.saint-brevin.com\/medias\/images\/prestataires\/multitailles\/1920x1440_musee-marine-saint-brevin-52-873-3942.jpg"},"1200x900":{"url":"https:\/\/www.saint-brevin.com\/medias\/images\/prestataires\/multitailles\/1200x900_musee-marine-saint-brevin-52-873-3942.jpg"},"800x600":{"url":"https:\/\/www.saint-brevin.com\/medias\/images\/prestataires\/multitailles\/800x600_musee-marine-saint-brevin-52-873-3942.jpg"},"640x480":{"url":"https:\/\/www.saint-brevin.com\/medias\/images\/prestataires\/multitailles\/640x480_musee-marine-saint-brevin-52-873-3942.jpg"},"320x240":{"url":"https:\/\/www.saint-brevin.com\/medias\/images\/prestataires\/multitailles\/320x240_musee-marine-saint-brevin-52-873-3942.jpg"},"160x120":{"url":"https:\/\/www.saint-brevin.com\/medias\/images\/prestataires\/multitailles\/160x120_musee-marine-saint-brevin-52-873-3942.jpg"},"origine":{"url":"https:\/\/www.saint-brevin.com\/medias\/images\/prestataires\/musee-marine-saint-brevin-52-873-3942.jpg"}},"urlLien":"","typeLien":"|","nofollow":"N","copyright":"Ot-St-Brevin"},{"url":"https:\/\/www.saint-brevin.com\/medias\/images\/prestataires\/musee-de-la-marine-saint-brevin1-2978-3955.jpg","chemin":"..\/medias\/images\/prestataires\/musee-de-la-marine-saint-brevin1-2978-3955.jpg","libelle":"musee-de-la-marine-saint-brevin1-2978","extension":"jpg","categorie":"","largeur":1920,"theme":"","hauteur":1280,"type":"Image","origine":"","liaisonPave":"","langue":"","id":"3955","urlVignette":"https:\/\/www.saint-brevin.com\/medias\/images\/prestataires\/v-musee-de-la-marine-saint-brevin1-2978-3955.jpg","alt":"musee-de-la-marine-saint-brevin1-2978","title":"musee-de-la-marine-saint-brevin1-2978","MultiTaille":{"1920x1440":{"url":"https:\/\/www.saint-brevin.com\/medias\/images\/prestataires\/multitailles\/1920x1440_musee-de-la-marine-saint-brevin1-2978-3955.jpg"},"1200x900":{"url":"https:\/\/www.saint-brevin.com\/medias\/images\/prestataires\/multitailles\/1200x900_musee-de-la-marine-saint-brevin1-2978-3955.jpg"},"800x600":{"url":"https:\/\/www.saint-brevin.com\/medias\/images\/prestataires\/multitailles\/800x600_musee-de-la-marine-saint-brevin1-2978-3955.jpg"},"640x480":{"url":"https:\/\/www.saint-brevin.com\/medias\/images\/prestataires\/multitailles\/640x480_musee-de-la-marine-saint-brevin1-2978-3955.jpg"},"320x240":{"url":"https:\/\/www.saint-brevin.com\/medias\/images\/prestataires\/multitailles\/320x240_musee-de-la-marine-saint-brevin1-2978-3955.jpg"},"160x120":{"url":"https:\/\/www.saint-brevin.com\/medias\/images\/prestataires\/multitailles\/160x120_musee-de-la-marine-saint-brevin1-2978-3955.jpg"},"origine":{"url":"https:\/\/www.saint-brevin.com\/medias\/images\/prestataires\/musee-de-la-marine-saint-brevin1-2978-3955.jpg"}},"urlLien":"","typeLien":"","nofollow":"N","copyright":""},{"url":"https:\/\/www.saint-brevin.com\/medias\/images\/prestataires\/musee-de-la-marine-saint-brevin2-2981-3958.jpg","chemin":"..\/medias\/images\/prestataires\/musee-de-la-marine-saint-brevin2-2981-3958.jpg","libelle":"musee-de-la-marine-saint-brevin2-2981","extension":"jpg","categorie":"","largeur":1920,"theme":"","hauteur":1280,"type":"Image","origine":"","liaisonPave":"","langue":"","id":"3958","urlVignette":"https:\/\/www.saint-brevin.com\/medias\/images\/prestataires\/v-musee-de-la-marine-saint-brevin2-2981-3958.jpg","alt":"musee-de-la-marine-saint-brevin2-2981","title":"musee-de-la-marine-saint-brevin2-2981","MultiTaille":{"1920x1440":{"url":"https:\/\/www.saint-brevin.com\/medias\/images\/prestataires\/multitailles\/1920x1440_musee-de-la-marine-saint-brevin2-2981-3958.jpg"},"1200x900":{"url":"https:\/\/www.saint-brevin.com\/medias\/images\/prestataires\/multitailles\/1200x900_musee-de-la-marine-saint-brevin2-2981-3958.jpg"},"800x600":{"url":"https:\/\/www.saint-brevin.com\/medias\/images\/prestataires\/multitailles\/800x600_musee-de-la-marine-saint-brevin2-2981-3958.jpg"},"640x480":{"url":"https:\/\/www.saint-brevin.com\/medias\/images\/prestataires\/multitailles\/640x480_musee-de-la-marine-saint-brevin2-2981-3958.jpg"},"320x240":{"url":"https:\/\/www.saint-brevin.com\/medias\/images\/prestataires\/multitailles\/320x240_musee-de-la-marine-saint-brevin2-2981-3958.jpg"},"160x120":{"url":"https:\/\/www.saint-brevin.com\/medias\/images\/prestataires\/multitailles\/160x120_musee-de-la-marine-saint-brevin2-2981-3958.jpg"},"origine":{"url":"https:\/\/www.saint-brevin.com\/medias\/images\/prestataires\/musee-de-la-marine-saint-brevin2-2981-3958.jpg"}},"urlLien":"","typeLien":"","nofollow":"N","copyright":""},{"url":"https:\/\/www.saint-brevin.com\/medias\/images\/prestataires\/musee-marine-saint-brevin-2-876-3945.jpg","chemin":"..\/medias\/images\/prestataires\/musee-marine-saint-brevin-2-876-3945.jpg","libelle":"musee-marine-saint-brevin-2","extension":"jpg","categorie":"","largeur":4368,"theme":"","hauteur":2912,"type":"Image","origine":"","liaisonPave":"","langue":"","id":"3945","urlVignette":"https:\/\/www.saint-brevin.com\/medias\/images\/prestataires\/v-musee-marine-saint-brevin-2-876-3945.jpg","alt":"musee-marine-saint-brevin-2","title":"musee-marine-saint-brevin-2","MultiTaille":{"1920x1440":{"url":"https:\/\/www.saint-brevin.com\/medias\/images\/prestataires\/multitailles\/1920x1440_musee-marine-saint-brevin-2-876-3945.jpg"},"1200x900":{"url":"https:\/\/www.saint-brevin.com\/medias\/images\/prestataires\/multitailles\/1200x900_musee-marine-saint-brevin-2-876-3945.jpg"},"800x600":{"url":"https:\/\/www.saint-brevin.com\/medias\/images\/prestataires\/multitailles\/800x600_musee-marine-saint-brevin-2-876-3945.jpg"},"640x480":{"url":"https:\/\/www.saint-brevin.com\/medias\/images\/prestataires\/multitailles\/640x480_musee-marine-saint-brevin-2-876-3945.jpg"},"320x240":{"url":"https:\/\/www.saint-brevin.com\/medias\/images\/prestataires\/multitailles\/320x240_musee-marine-saint-brevin-2-876-3945.jpg"},"160x120":{"url":"https:\/\/www.saint-brevin.com\/medias\/images\/prestataires\/multitailles\/160x120_musee-marine-saint-brevin-2-876-3945.jpg"},"origine":{"url":"https:\/\/www.saint-brevin.com\/medias\/images\/prestataires\/musee-marine-saint-brevin-2-876-3945.jpg"}},"urlLien":"","typeLien":"|","nofollow":"N","copyright":"Ot-St-Brevin"},{"url":"https:\/\/www.saint-brevin.com\/medias\/images\/prestataires\/musee-marine-saint-brevin-3-877-3946.jpg","chemin":"..\/medias\/images\/prestataires\/musee-marine-saint-brevin-3-877-3946.jpg","libelle":"musee-marine-saint-brevin-3","extension":"jpg","categorie":"","largeur":4368,"theme":"","hauteur":2912,"type":"Image","origine":"","liaisonPave":"","langue":"","id":"3946","urlVignette":"https:\/\/www.saint-brevin.com\/medias\/images\/prestataires\/v-musee-marine-saint-brevin-3-877-3946.jpg","alt":"musee-marine-saint-brevin-3","title":"musee-marine-saint-brevin-3","MultiTaille":{"1920x1440":{"url":"https:\/\/www.saint-brevin.com\/medias\/images\/prestataires\/multitailles\/1920x1440_musee-marine-saint-brevin-3-877-3946.jpg"},"1200x900":{"url":"https:\/\/www.saint-brevin.com\/medias\/images\/prestataires\/multitailles\/1200x900_musee-marine-saint-brevin-3-877-3946.jpg"},"800x600":{"url":"https:\/\/www.saint-brevin.com\/medias\/images\/prestataires\/multitailles\/800x600_musee-marine-saint-brevin-3-877-3946.jpg"},"640x480":{"url":"https:\/\/www.saint-brevin.com\/medias\/images\/prestataires\/multitailles\/640x480_musee-marine-saint-brevin-3-877-3946.jpg"},"320x240":{"url":"https:\/\/www.saint-brevin.com\/medias\/images\/prestataires\/multitailles\/320x240_musee-marine-saint-brevin-3-877-3946.jpg"},"160x120":{"url":"https:\/\/www.saint-brevin.com\/medias\/images\/prestataires\/multitailles\/160x120_musee-marine-saint-brevin-3-877-3946.jpg"},"origine":{"url":"https:\/\/www.saint-brevin.com\/medias\/images\/prestataires\/musee-marine-saint-brevin-3-877-3946.jpg"}},"urlLien":"","typeLien":"|","nofollow":"N","copyright":"Ot-St-Brevin"},{"url":"https:\/\/www.saint-brevin.com\/medias\/images\/prestataires\/musee-marine-saint-brevin-4-878-3947.jpg","chemin":"..\/medias\/images\/prestataires\/musee-marine-saint-brevin-4-878-3947.jpg","libelle":"musee-marine-saint-brevin-4","extension":"jpg","categorie":"","largeur":4368,"theme":"","hauteur":2912,"type":"Image","origine":"","liaisonPave":"","langue":"","id":"3947","urlVignette":"https:\/\/www.saint-brevin.com\/medias\/images\/prestataires\/v-musee-marine-saint-brevin-4-878-3947.jpg","alt":"musee-marine-saint-brevin-4","title":"musee-marine-saint-brevin-4","MultiTaille":{"1920x1440":{"url":"https:\/\/www.saint-brevin.com\/medias\/images\/prestataires\/multitailles\/1920x1440_musee-marine-saint-brevin-4-878-3947.jpg"},"1200x900":{"url":"https:\/\/www.saint-brevin.com\/medias\/images\/prestataires\/multitailles\/1200x900_musee-marine-saint-brevin-4-878-3947.jpg"},"800x600":{"url":"https:\/\/www.saint-brevin.com\/medias\/images\/prestataires\/multitailles\/800x600_musee-marine-saint-brevin-4-878-3947.jpg"},"640x480":{"url":"https:\/\/www.saint-brevin.com\/medias\/images\/prestataires\/multitailles\/640x480_musee-marine-saint-brevin-4-878-3947.jpg"},"320x240":{"url":"https:\/\/www.saint-brevin.com\/medias\/images\/prestataires\/multitailles\/320x240_musee-marine-saint-brevin-4-878-3947.jpg"},"160x120":{"url":"https:\/\/www.saint-brevin.com\/medias\/images\/prestataires\/multitailles\/160x120_musee-marine-saint-brevin-4-878-3947.jpg"},"origine":{"url":"https:\/\/www.saint-brevin.com\/medias\/images\/prestataires\/musee-marine-saint-brevin-4-878-3947.jpg"}},"urlLien":"","typeLien":"|","nofollow":"N","copyright":"Ot-St-Brevin"},{"url":"https:\/\/www.saint-brevin.com\/medias\/images\/prestataires\/musee-marine-saint-brevin-5-879-3948.jpg","chemin":"..\/medias\/images\/prestataires\/musee-marine-saint-brevin-5-879-3948.jpg","libelle":"musee-marine-saint-brevin-5","extension":"jpg","categorie":"","largeur":4368,"theme":"","hauteur":2912,"type":"Image","origine":"","liaisonPave":"","langue":"","id":"3948","urlVignette":"https:\/\/www.saint-brevin.com\/medias\/images\/prestataires\/v-musee-marine-saint-brevin-5-879-3948.jpg","alt":"musee-marine-saint-brevin-5","title":"musee-marine-saint-brevin-5","MultiTaille":{"1920x1440":{"url":"https:\/\/www.saint-brevin.com\/medias\/images\/prestataires\/multitailles\/1920x1440_musee-marine-saint-brevin-5-879-3948.jpg"},"1200x900":{"url":"https:\/\/www.saint-brevin.com\/medias\/images\/prestataires\/multitailles\/1200x900_musee-marine-saint-brevin-5-879-3948.jpg"},"800x600":{"url":"https:\/\/www.saint-brevin.com\/medias\/images\/prestataires\/multitailles\/800x600_musee-marine-saint-brevin-5-879-3948.jpg"},"640x480":{"url":"https:\/\/www.saint-brevin.com\/medias\/images\/prestataires\/multitailles\/640x480_musee-marine-saint-brevin-5-879-3948.jpg"},"320x240":{"url":"https:\/\/www.saint-brevin.com\/medias\/images\/prestataires\/multitailles\/320x240_musee-marine-saint-brevin-5-879-3948.jpg"},"160x120":{"url":"https:\/\/www.saint-brevin.com\/medias\/images\/prestataires\/multitailles\/160x120_musee-marine-saint-brevin-5-879-3948.jpg"},"origine":{"url":"https:\/\/www.saint-brevin.com\/medias\/images\/prestataires\/musee-marine-saint-brevin-5-879-3948.jpg"}},"urlLien":"","typeLien":"|","nofollow":"N","copyright":"Ot-St-Brevin"},{"url":"https:\/\/www.saint-brevin.com\/medias\/images\/prestataires\/musee-de-la-marine-saint-brevin-exposition-de-la-voile-aux-geants-des-mers2-2973-3950.jpg","chemin":"..\/medias\/images\/prestataires\/musee-de-la-marine-saint-brevin-exposition-de-la-voile-aux-geants-des-mers2-2973-3950.jpg","libelle":"musee-de-la-marine-saint-brevin-exposition-de-la-voile-aux-geants-des-mers2-2973","extension":"jpg","categorie":"","largeur":1920,"theme":"","hauteur":2560,"type":"Image","origine":"","liaisonPave":"","langue":"","id":"3950","urlVignette":"https:\/\/www.saint-brevin.com\/medias\/images\/prestataires\/v-musee-de-la-marine-saint-brevin-exposition-de-la-voile-aux-geants-des-mers2-2973-3950.jpg","alt":"musee-de-la-marine-saint-brevin-exposition-de-la-voile-aux-geants-des-mers2-2973","title":"musee-de-la-marine-saint-brevin-exposition-de-la-voile-aux-geants-des-mers2-2973","MultiTaille":{"1920x1440":{"url":"https:\/\/www.saint-brevin.com\/medias\/images\/prestataires\/multitailles\/1920x1440_musee-de-la-marine-saint-brevin-exposition-de-la-voile-aux-geants-des-mers2-2973-3950.jpg"},"1200x900":{"url":"https:\/\/www.saint-brevin.com\/medias\/images\/prestataires\/multitailles\/1200x900_musee-de-la-marine-saint-brevin-exposition-de-la-voile-aux-geants-des-mers2-2973-3950.jpg"},"800x600":{"url":"https:\/\/www.saint-brevin.com\/medias\/images\/prestataires\/multitailles\/800x600_musee-de-la-marine-saint-brevin-exposition-de-la-voile-aux-geants-des-mers2-2973-3950.jpg"},"640x480":{"url":"https:\/\/www.saint-brevin.com\/medias\/images\/prestataires\/multitailles\/640x480_musee-de-la-marine-saint-brevin-exposition-de-la-voile-aux-geants-des-mers2-2973-3950.jpg"},"320x240":{"url":"https:\/\/www.saint-brevin.com\/medias\/images\/prestataires\/multitailles\/320x240_musee-de-la-marine-saint-brevin-exposition-de-la-voile-aux-geants-des-mers2-2973-3950.jpg"},"160x120":{"url":"https:\/\/www.saint-brevin.com\/medias\/images\/prestataires\/multitailles\/160x120_musee-de-la-marine-saint-brevin-exposition-de-la-voile-aux-geants-des-mers2-2973-3950.jpg"},"origine":{"url":"https:\/\/www.saint-brevin.com\/medias\/images\/prestataires\/musee-de-la-marine-saint-brevin-exposition-de-la-voile-aux-geants-des-mers2-2973-3950.jpg"}},"urlLien":"","typeLien":"","nofollow":"N","copyright":""},{"url":"https:\/\/www.saint-brevin.com\/medias\/images\/prestataires\/musee-de-la-marine-saint-brevin-exposition-de-la-voile-aux-geants-des-mers1-2974-3951.jpg","chemin":"..\/medias\/images\/prestataires\/musee-de-la-marine-saint-brevin-exposition-de-la-voile-aux-geants-des-mers1-2974-3951.jpg","libelle":"musee-de-la-marine-saint-brevin-exposition-de-la-voile-aux-geants-des-mers1-2974","extension":"jpg","categorie":"","largeur":1920,"theme":"","hauteur":1440,"type":"Image","origine":"","liaisonPave":"","langue":"","id":"3951","urlVignette":"https:\/\/www.saint-brevin.com\/medias\/images\/prestataires\/v-musee-de-la-marine-saint-brevin-exposition-de-la-voile-aux-geants-des-mers1-2974-3951.jpg","alt":"musee-de-la-marine-saint-brevin-exposition-de-la-voile-aux-geants-des-mers1-2974","title":"musee-de-la-marine-saint-brevin-exposition-de-la-voile-aux-geants-des-mers1-2974","MultiTaille":{"1920x1440":{"url":"https:\/\/www.saint-brevin.com\/medias\/images\/prestataires\/multitailles\/1920x1440_musee-de-la-marine-saint-brevin-exposition-de-la-voile-aux-geants-des-mers1-2974-3951.jpg"},"1200x900":{"url":"https:\/\/www.saint-brevin.com\/medias\/images\/prestataires\/multitailles\/1200x900_musee-de-la-marine-saint-brevin-exposition-de-la-voile-aux-geants-des-mers1-2974-3951.jpg"},"800x600":{"url":"https:\/\/www.saint-brevin.com\/medias\/images\/prestataires\/multitailles\/800x600_musee-de-la-marine-saint-brevin-exposition-de-la-voile-aux-geants-des-mers1-2974-3951.jpg"},"640x480":{"url":"https:\/\/www.saint-brevin.com\/medias\/images\/prestataires\/multitailles\/640x480_musee-de-la-marine-saint-brevin-exposition-de-la-voile-aux-geants-des-mers1-2974-3951.jpg"},"320x240":{"url":"https:\/\/www.saint-brevin.com\/medias\/images\/prestataires\/multitailles\/320x240_musee-de-la-marine-saint-brevin-exposition-de-la-voile-aux-geants-des-mers1-2974-3951.jpg"},"160x120":{"url":"https:\/\/www.saint-brevin.com\/medias\/images\/prestataires\/multitailles\/160x120_musee-de-la-marine-saint-brevin-exposition-de-la-voile-aux-geants-des-mers1-2974-3951.jpg"},"origine":{"url":"https:\/\/www.saint-brevin.com\/medias\/images\/prestataires\/musee-de-la-marine-saint-brevin-exposition-de-la-voile-aux-geants-des-mers1-2974-3951.jpg"}},"urlLien":"","typeLien":"","nofollow":"N","copyright":""},{"url":"https:\/\/www.saint-brevin.com\/medias\/images\/prestataires\/musee-de-la-marine-saint-brevin-exposition-de-la-voile-aux-geants-des-mers4-2975-3952.jpg","chemin":"..\/medias\/images\/prestataires\/musee-de-la-marine-saint-brevin-exposition-de-la-voile-aux-geants-des-mers4-2975-3952.jpg","libelle":"musee-de-la-marine-saint-brevin-exposition-de-la-voile-aux-geants-des-mers4-2975","extension":"jpg","categorie":"","largeur":1920,"theme":"","hauteur":1440,"type":"Image","origine":"","liaisonPave":"","langue":"","id":"3952","urlVignette":"https:\/\/www.saint-brevin.com\/medias\/images\/prestataires\/v-musee-de-la-marine-saint-brevin-exposition-de-la-voile-aux-geants-des-mers4-2975-3952.jpg","alt":"musee-de-la-marine-saint-brevin-exposition-de-la-voile-aux-geants-des-mers4-2975","title":"musee-de-la-marine-saint-brevin-exposition-de-la-voile-aux-geants-des-mers4-2975","MultiTaille":{"1920x1440":{"url":"https:\/\/www.saint-brevin.com\/medias\/images\/prestataires\/multitailles\/1920x1440_musee-de-la-marine-saint-brevin-exposition-de-la-voile-aux-geants-des-mers4-2975-3952.jpg"},"1200x900":{"url":"https:\/\/www.saint-brevin.com\/medias\/images\/prestataires\/multitailles\/1200x900_musee-de-la-marine-saint-brevin-exposition-de-la-voile-aux-geants-des-mers4-2975-3952.jpg"},"800x600":{"url":"https:\/\/www.saint-brevin.com\/medias\/images\/prestataires\/multitailles\/800x600_musee-de-la-marine-saint-brevin-exposition-de-la-voile-aux-geants-des-mers4-2975-3952.jpg"},"640x480":{"url":"https:\/\/www.saint-brevin.com\/medias\/images\/prestataires\/multitailles\/640x480_musee-de-la-marine-saint-brevin-exposition-de-la-voile-aux-geants-des-mers4-2975-3952.jpg"},"320x240":{"url":"https:\/\/www.saint-brevin.com\/medias\/images\/prestataires\/multitailles\/320x240_musee-de-la-marine-saint-brevin-exposition-de-la-voile-aux-geants-des-mers4-2975-3952.jpg"},"160x120":{"url":"https:\/\/www.saint-brevin.com\/medias\/images\/prestataires\/multitailles\/160x120_musee-de-la-marine-saint-brevin-exposition-de-la-voile-aux-geants-des-mers4-2975-3952.jpg"},"origine":{"url":"https:\/\/www.saint-brevin.com\/medias\/images\/prestataires\/musee-de-la-marine-saint-brevin-exposition-de-la-voile-aux-geants-des-mers4-2975-3952.jpg"}},"urlLien":"","typeLien":"","nofollow":"N","copyright":""},{"url":"https:\/\/www.saint-brevin.com\/medias\/images\/prestataires\/musee-de-la-marine-saint-brevin-exposition-de-la-voile-aux-geants-des-mers3-2976-3953.jpg","chemin":"..\/medias\/images\/prestataires\/musee-de-la-marine-saint-brevin-exposition-de-la-voile-aux-geants-des-mers3-2976-3953.jpg","libelle":"musee-de-la-marine-saint-brevin-exposition-de-la-voile-aux-geants-des-mers3-2976","extension":"jpg","categorie":"","largeur":1920,"theme":"","hauteur":1440,"type":"Image","origine":"","liaisonPave":"","langue":"","id":"3953","urlVignette":"https:\/\/www.saint-brevin.com\/medias\/images\/prestataires\/v-musee-de-la-marine-saint-brevin-exposition-de-la-voile-aux-geants-des-mers3-2976-3953.jpg","alt":"musee-de-la-marine-saint-brevin-exposition-de-la-voile-aux-geants-des-mers3-2976","title":"musee-de-la-marine-saint-brevin-exposition-de-la-voile-aux-geants-des-mers3-2976","MultiTaille":{"1920x1440":{"url":"https:\/\/www.saint-brevin.com\/medias\/images\/prestataires\/multitailles\/1920x1440_musee-de-la-marine-saint-brevin-exposition-de-la-voile-aux-geants-des-mers3-2976-3953.jpg"},"1200x900":{"url":"https:\/\/www.saint-brevin.com\/medias\/images\/prestataires\/multitailles\/1200x900_musee-de-la-marine-saint-brevin-exposition-de-la-voile-aux-geants-des-mers3-2976-3953.jpg"},"800x600":{"url":"https:\/\/www.saint-brevin.com\/medias\/images\/prestataires\/multitailles\/800x600_musee-de-la-marine-saint-brevin-exposition-de-la-voile-aux-geants-des-mers3-2976-3953.jpg"},"640x480":{"url":"https:\/\/www.saint-brevin.com\/medias\/images\/prestataires\/multitailles\/640x480_musee-de-la-marine-saint-brevin-exposition-de-la-voile-aux-geants-des-mers3-2976-3953.jpg"},"320x240":{"url":"https:\/\/www.saint-brevin.com\/medias\/images\/prestataires\/multitailles\/320x240_musee-de-la-marine-saint-brevin-exposition-de-la-voile-aux-geants-des-mers3-2976-3953.jpg"},"160x120":{"url":"https:\/\/www.saint-brevin.com\/medias\/images\/prestataires\/multitailles\/160x120_musee-de-la-marine-saint-brevin-exposition-de-la-voile-aux-geants-des-mers3-2976-3953.jpg"},"origine":{"url":"https:\/\/www.saint-brevin.com\/medias\/images\/prestataires\/musee-de-la-marine-saint-brevin-exposition-de-la-voile-aux-geants-des-mers3-2976-3953.jpg"}},"urlLien":"","typeLien":"","nofollow":"N","copyright":""},{"url":"https:\/\/www.saint-brevin.com\/medias\/images\/prestataires\/musee-de-la-marine-saint-brevin-exposition-de-la-voile-aux-geants-des-mers6-2977-3954.jpg","chemin":"..\/medias\/images\/prestataires\/musee-de-la-marine-saint-brevin-exposition-de-la-voile-aux-geants-des-mers6-2977-3954.jpg","libelle":"musee-de-la-marine-saint-brevin-exposition-de-la-voile-aux-geants-des-mers6-2977","extension":"jpg","categorie":"","largeur":1920,"theme":"","hauteur":1440,"type":"Image","origine":"","liaisonPave":"","langue":"","id":"3954","urlVignette":"https:\/\/www.saint-brevin.com\/medias\/images\/prestataires\/v-musee-de-la-marine-saint-brevin-exposition-de-la-voile-aux-geants-des-mers6-2977-3954.jpg","alt":"musee-de-la-marine-saint-brevin-exposition-de-la-voile-aux-geants-des-mers6-2977","title":"musee-de-la-marine-saint-brevin-exposition-de-la-voile-aux-geants-des-mers6-2977","MultiTaille":{"1920x1440":{"url":"https:\/\/www.saint-brevin.com\/medias\/images\/prestataires\/multitailles\/1920x1440_musee-de-la-marine-saint-brevin-exposition-de-la-voile-aux-geants-des-mers6-2977-3954.jpg"},"1200x900":{"url":"https:\/\/www.saint-brevin.com\/medias\/images\/prestataires\/multitailles\/1200x900_musee-de-la-marine-saint-brevin-exposition-de-la-voile-aux-geants-des-mers6-2977-3954.jpg"},"800x600":{"url":"https:\/\/www.saint-brevin.com\/medias\/images\/prestataires\/multitailles\/800x600_musee-de-la-marine-saint-brevin-exposition-de-la-voile-aux-geants-des-mers6-2977-3954.jpg"},"640x480":{"url":"https:\/\/www.saint-brevin.com\/medias\/images\/prestataires\/multitailles\/640x480_musee-de-la-marine-saint-brevin-exposition-de-la-voile-aux-geants-des-mers6-2977-3954.jpg"},"320x240":{"url":"https:\/\/www.saint-brevin.com\/medias\/images\/prestataires\/multitailles\/320x240_musee-de-la-marine-saint-brevin-exposition-de-la-voile-aux-geants-des-mers6-2977-3954.jpg"},"160x120":{"url":"https:\/\/www.saint-brevin.com\/medias\/images\/prestataires\/multitailles\/160x120_musee-de-la-marine-saint-brevin-exposition-de-la-voile-aux-geants-des-mers6-2977-3954.jpg"},"origine":{"url":"https:\/\/www.saint-brevin.com\/medias\/images\/prestataires\/musee-de-la-marine-saint-brevin-exposition-de-la-voile-aux-geants-des-mers6-2977-3954.jpg"}},"urlLien":"","typeLien":"","nofollow":"N","copyright":""},{"url":"https:\/\/www.saint-brevin.com\/medias\/images\/prestataires\/musee-de-la-marine-saint-brevin-exposition-de-la-voile-aux-geants-des-mers5-2979-3956.jpg","chemin":"..\/medias\/images\/prestataires\/musee-de-la-marine-saint-brevin-exposition-de-la-voile-aux-geants-des-mers5-2979-3956.jpg","libelle":"musee-de-la-marine-saint-brevin-exposition-de-la-voile-aux-geants-des-mers5-2979","extension":"jpg","categorie":"","largeur":1920,"theme":"","hauteur":1440,"type":"Image","origine":"","liaisonPave":"","langue":"","id":"3956","urlVignette":"https:\/\/www.saint-brevin.com\/medias\/images\/prestataires\/v-musee-de-la-marine-saint-brevin-exposition-de-la-voile-aux-geants-des-mers5-2979-3956.jpg","alt":"musee-de-la-marine-saint-brevin-exposition-de-la-voile-aux-geants-des-mers5-2979","title":"musee-de-la-marine-saint-brevin-exposition-de-la-voile-aux-geants-des-mers5-2979","MultiTaille":{"1920x1440":{"url":"https:\/\/www.saint-brevin.com\/medias\/images\/prestataires\/multitailles\/1920x1440_musee-de-la-marine-saint-brevin-exposition-de-la-voile-aux-geants-des-mers5-2979-3956.jpg"},"1200x900":{"url":"https:\/\/www.saint-brevin.com\/medias\/images\/prestataires\/multitailles\/1200x900_musee-de-la-marine-saint-brevin-exposition-de-la-voile-aux-geants-des-mers5-2979-3956.jpg"},"800x600":{"url":"https:\/\/www.saint-brevin.com\/medias\/images\/prestataires\/multitailles\/800x600_musee-de-la-marine-saint-brevin-exposition-de-la-voile-aux-geants-des-mers5-2979-3956.jpg"},"640x480":{"url":"https:\/\/www.saint-brevin.com\/medias\/images\/prestataires\/multitailles\/640x480_musee-de-la-marine-saint-brevin-exposition-de-la-voile-aux-geants-des-mers5-2979-3956.jpg"},"320x240":{"url":"https:\/\/www.saint-brevin.com\/medias\/images\/prestataires\/multitailles\/320x240_musee-de-la-marine-saint-brevin-exposition-de-la-voile-aux-geants-des-mers5-2979-3956.jpg"},"160x120":{"url":"https:\/\/www.saint-brevin.com\/medias\/images\/prestataires\/multitailles\/160x120_musee-de-la-marine-saint-brevin-exposition-de-la-voile-aux-geants-des-mers5-2979-3956.jpg"},"origine":{"url":"https:\/\/www.saint-brevin.com\/medias\/images\/prestataires\/musee-de-la-marine-saint-brevin-exposition-de-la-voile-aux-geants-des-mers5-2979-3956.jpg"}},"urlLien":"","typeLien":"","nofollow":"N","copyright":""},{"url":"https:\/\/www.saint-brevin.com\/medias\/images\/prestataires\/musee-de-la-marine-saint-brevin3-2982-3959.jpg","chemin":"..\/medias\/images\/prestataires\/musee-de-la-marine-saint-brevin3-2982-3959.jpg","libelle":"musee-de-la-marine-saint-brevin3-2982","extension":"jpg","categorie":"","largeur":1920,"theme":"","hauteur":1440,"type":"Image","origine":"","liaisonPave":"","langue":"","id":"3959","urlVignette":"https:\/\/www.saint-brevin.com\/medias\/images\/prestataires\/v-musee-de-la-marine-saint-brevin3-2982-3959.jpg","alt":"musee-de-la-marine-saint-brevin3-2982","title":"musee-de-la-marine-saint-brevin3-2982","MultiTaille":{"1920x1440":{"url":"https:\/\/www.saint-brevin.com\/medias\/images\/prestataires\/multitailles\/1920x1440_musee-de-la-marine-saint-brevin3-2982-3959.jpg"},"1200x900":{"url":"https:\/\/www.saint-brevin.com\/medias\/images\/prestataires\/multitailles\/1200x900_musee-de-la-marine-saint-brevin3-2982-3959.jpg"},"800x600":{"url":"https:\/\/www.saint-brevin.com\/medias\/images\/prestataires\/multitailles\/800x600_musee-de-la-marine-saint-brevin3-2982-3959.jpg"},"640x480":{"url":"https:\/\/www.saint-brevin.com\/medias\/images\/prestataires\/multitailles\/640x480_musee-de-la-marine-saint-brevin3-2982-3959.jpg"},"320x240":{"url":"https:\/\/www.saint-brevin.com\/medias\/images\/prestataires\/multitailles\/320x240_musee-de-la-marine-saint-brevin3-2982-3959.jpg"},"160x120":{"url":"https:\/\/www.saint-brevin.com\/medias\/images\/prestataires\/multitailles\/160x120_musee-de-la-marine-saint-brevin3-2982-3959.jpg"},"origine":{"url":"https:\/\/www.saint-brevin.com\/medias\/images\/prestataires\/musee-de-la-marine-saint-brevin3-2982-3959.jpg"}},"urlLien":"","typeLien":"","nofollow":"N","copyright":""},{"url":"https:\/\/www.saint-brevin.com\/medias\/images\/prestataires\/musee-de-la-marine-saint-brevin-exposition-de-la-voile-aux-geants-des-mers7-2980-3957.jpg","chemin":"..\/medias\/images\/prestataires\/musee-de-la-marine-saint-brevin-exposition-de-la-voile-aux-geants-des-mers7-2980-3957.jpg","libelle":"musee-de-la-marine-saint-brevin-exposition-de-la-voile-aux-geants-des-mers7-2980","extension":"jpg","categorie":"","largeur":1920,"theme":"","hauteur":1440,"type":"Image","origine":"","liaisonPave":"","langue":"","id":"3957","urlVignette":"https:\/\/www.saint-brevin.com\/medias\/images\/prestataires\/v-musee-de-la-marine-saint-brevin-exposition-de-la-voile-aux-geants-des-mers7-2980-3957.jpg","alt":"musee-de-la-marine-saint-brevin-exposition-de-la-voile-aux-geants-des-mers7-2980","title":"musee-de-la-marine-saint-brevin-exposition-de-la-voile-aux-geants-des-mers7-2980","MultiTaille":{"1920x1440":{"url":"https:\/\/www.saint-brevin.com\/medias\/images\/prestataires\/multitailles\/1920x1440_musee-de-la-marine-saint-brevin-exposition-de-la-voile-aux-geants-des-mers7-2980-3957.jpg"},"1200x900":{"url":"https:\/\/www.saint-brevin.com\/medias\/images\/prestataires\/multitailles\/1200x900_musee-de-la-marine-saint-brevin-exposition-de-la-voile-aux-geants-des-mers7-2980-3957.jpg"},"800x600":{"url":"https:\/\/www.saint-brevin.com\/medias\/images\/prestataires\/multitailles\/800x600_musee-de-la-marine-saint-brevin-exposition-de-la-voile-aux-geants-des-mers7-2980-3957.jpg"},"640x480":{"url":"https:\/\/www.saint-brevin.com\/medias\/images\/prestataires\/multitailles\/640x480_musee-de-la-marine-saint-brevin-exposition-de-la-voile-aux-geants-des-mers7-2980-3957.jpg"},"320x240":{"url":"https:\/\/www.saint-brevin.com\/medias\/images\/prestataires\/multitailles\/320x240_musee-de-la-marine-saint-brevin-exposition-de-la-voile-aux-geants-des-mers7-2980-3957.jpg"},"160x120":{"url":"https:\/\/www.saint-brevin.com\/medias\/images\/prestataires\/multitailles\/160x120_musee-de-la-marine-saint-brevin-exposition-de-la-voile-aux-geants-des-mers7-2980-3957.jpg"},"origine":{"url":"https:\/\/www.saint-brevin.com\/medias\/images\/prestataires\/musee-de-la-marine-saint-brevin-exposition-de-la-voile-aux-geants-des-mers7-2980-3957.jpg"}},"urlLien":"","typeLien":"","nofollow":"N","copyright":""},{"url":"https:\/\/www.saint-brevin.com\/medias\/images\/prestataires\/musee-de-la-marine-saint-brevin4-2983-3960.jpg","chemin":"..\/medias\/images\/prestataires\/musee-de-la-marine-saint-brevin4-2983-3960.jpg","libelle":"musee-de-la-marine-saint-brevin4-2983","extension":"jpg","categorie":"","largeur":1800,"theme":"","hauteur":2400,"type":"Image","origine":"","liaisonPave":"","langue":"","id":"3960","urlVignette":"https:\/\/www.saint-brevin.com\/medias\/images\/prestataires\/v-musee-de-la-marine-saint-brevin4-2983-3960.jpg","alt":"musee-de-la-marine-saint-brevin4-2983","title":"musee-de-la-marine-saint-brevin4-2983","MultiTaille":{"1920x1440":{"url":"https:\/\/www.saint-brevin.com\/medias\/images\/prestataires\/multitailles\/1920x1440_musee-de-la-marine-saint-brevin4-2983-3960.jpg"},"1200x900":{"url":"https:\/\/www.saint-brevin.com\/medias\/images\/prestataires\/multitailles\/1200x900_musee-de-la-marine-saint-brevin4-2983-3960.jpg"},"800x600":{"url":"https:\/\/www.saint-brevin.com\/medias\/images\/prestataires\/multitailles\/800x600_musee-de-la-marine-saint-brevin4-2983-3960.jpg"},"640x480":{"url":"https:\/\/www.saint-brevin.com\/medias\/images\/prestataires\/multitailles\/640x480_musee-de-la-marine-saint-brevin4-2983-3960.jpg"},"320x240":{"url":"https:\/\/www.saint-brevin.com\/medias\/images\/prestataires\/multitailles\/320x240_musee-de-la-marine-saint-brevin4-2983-3960.jpg"},"160x120":{"url":"https:\/\/www.saint-brevin.com\/medias\/images\/prestataires\/multitailles\/160x120_musee-de-la-marine-saint-brevin4-2983-3960.jpg"},"origine":{"url":"https:\/\/www.saint-brevin.com\/medias\/images\/prestataires\/musee-de-la-marine-saint-brevin4-2983-3960.jpg"}},"urlLien":"","typeLien":"","nofollow":"N","copyright":""}]},"Video":[{"url":"https:\/\/youtu-3949.be\/2d_hpkdeqbm","libelle":"Embarquez avec les Sauveteurs en Mer !","categorie":"","largeur":"","theme":"","hauteur":"","type":"Video","origine":"YOUTUBE","liaisonPave":"","langue":"","id":"3949","htmlVideo":null,"vignetteVideo":null},{"url":"https:\/\/youtu-3961.be\/7ntek3hvq_8","libelle":"Vend\u00e9e Globe et Route du Rhum - Les grands skippers d\u2019hier et d\u2019aujourd\u2019hui","categorie":"","largeur":"","theme":"","hauteur":"","type":"Video","origine":"YOUTUBE","liaisonPave":"","langue":"","id":"3961","htmlVideo":null,"vignetteVideo":null}]},"Url":"","Localisation":{"GoogleMap":{"Latitude":"47.26868","Longitude":"-2.16851"}},"ZoneGeo":"","Criteres":[],"DateFinPublication":""},"Fichier":{"Image":[{"url":"https:\/\/www.saint-brevin.com\/medias\/images\/prestations\/martyne-jacquemin-27374.png","chemin":"..\/medias\/images\/prestations\/martyne-jacquemin-27374.png","libelle":"martyne-jacquemin-27374","extension":"png","categorie":"","largeur":868,"theme":"","hauteur":655,"type":"Image","origine":"","liaisonPave":"","langue":"","id":"27374","urlVignette":"https:\/\/www.saint-brevin.com\/medias\/images\/prestations\/v-martyne-jacquemin-27374.png","alt":"martyne-jacquemin-27374","title":"martyne-jacquemin-27374","MultiTaille":{"1920x1440":{"url":"https:\/\/www.saint-brevin.com\/medias\/images\/prestations\/multitailles\/1920x1440_martyne-jacquemin-27374.png"},"1200x900":{"url":"https:\/\/www.saint-brevin.com\/medias\/images\/prestations\/multitailles\/1200x900_martyne-jacquemin-27374.png"},"800x600":{"url":"https:\/\/www.saint-brevin.com\/medias\/images\/prestations\/multitailles\/800x600_martyne-jacquemin-27374.png"},"640x480":{"url":"https:\/\/www.saint-brevin.com\/medias\/images\/prestations\/multitailles\/640x480_martyne-jacquemin-27374.png"},"320x240":{"url":"https:\/\/www.saint-brevin.com\/medias\/images\/prestations\/multitailles\/320x240_martyne-jacquemin-27374.png"},"160x120":{"url":"https:\/\/www.saint-brevin.com\/medias\/images\/prestations\/multitailles\/160x120_martyne-jacquemin-27374.png"},"origine":{"url":"https:\/\/www.saint-brevin.com\/medias\/images\/prestations\/martyne-jacquemin-27374.png"}},"urlLien":"","typeLien":"","nofollow":"N","copyright":""},{"url":"https:\/\/www.saint-brevin.com\/medias\/images\/prestations\/martyne-jacquemin-mus-e-de-la-marine-27373.jpg","chemin":"..\/medias\/images\/prestations\/martyne-jacquemin-mus-e-de-la-marine-27373.jpg","libelle":"martyne-jacquemin-mus-e-de-la-marine-27373","extension":"jpg","categorie":"","largeur":1051,"theme":"","hauteur":1600,"type":"Image","origine":"","liaisonPave":"","langue":"","id":"27373","urlVignette":"https:\/\/www.saint-brevin.com\/medias\/images\/prestations\/v-martyne-jacquemin-mus-e-de-la-marine-27373.jpg","alt":"martyne-jacquemin-mus-e-de-la-marine-27373","title":"martyne-jacquemin-mus-e-de-la-marine-27373","MultiTaille":{"1920x1440":{"url":"https:\/\/www.saint-brevin.com\/medias\/images\/prestations\/multitailles\/1920x1440_martyne-jacquemin-mus-e-de-la-marine-27373.jpg"},"1200x900":{"url":"https:\/\/www.saint-brevin.com\/medias\/images\/prestations\/multitailles\/1200x900_martyne-jacquemin-mus-e-de-la-marine-27373.jpg"},"800x600":{"url":"https:\/\/www.saint-brevin.com\/medias\/images\/prestations\/multitailles\/800x600_martyne-jacquemin-mus-e-de-la-marine-27373.jpg"},"640x480":{"url":"https:\/\/www.saint-brevin.com\/medias\/images\/prestations\/multitailles\/640x480_martyne-jacquemin-mus-e-de-la-marine-27373.jpg"},"320x240":{"url":"https:\/\/www.saint-brevin.com\/medias\/images\/prestations\/multitailles\/320x240_martyne-jacquemin-mus-e-de-la-marine-27373.jpg"},"160x120":{"url":"https:\/\/www.saint-brevin.com\/medias\/images\/prestations\/multitailles\/160x120_martyne-jacquemin-mus-e-de-la-marine-27373.jpg"},"origine":{"url":"https:\/\/www.saint-brevin.com\/medias\/images\/prestations\/martyne-jacquemin-mus-e-de-la-marine-27373.jpg"}},"urlLien":"","typeLien":"","nofollow":"N","copyright":""},{"url":"https:\/\/www.saint-brevin.com\/medias\/images\/prestations\/livre-lafayette-27371.png","chemin":"..\/medias\/images\/prestations\/livre-lafayette-27371.png","libelle":"livre-lafayette-27371","extension":"png","categorie":"","largeur":421,"theme":"","hauteur":576,"type":"Image","origine":"","liaisonPave":"","langue":"","id":"27371","urlVignette":"https:\/\/www.saint-brevin.com\/medias\/images\/prestations\/v-livre-lafayette-27371.png","alt":"livre-lafayette-27371","title":"livre-lafayette-27371","MultiTaille":{"1920x1440":{"url":"https:\/\/www.saint-brevin.com\/medias\/images\/prestations\/multitailles\/1920x1440_livre-lafayette-27371.png"},"1200x900":{"url":"https:\/\/www.saint-brevin.com\/medias\/images\/prestations\/multitailles\/1200x900_livre-lafayette-27371.png"},"800x600":{"url":"https:\/\/www.saint-brevin.com\/medias\/images\/prestations\/multitailles\/800x600_livre-lafayette-27371.png"},"640x480":{"url":"https:\/\/www.saint-brevin.com\/medias\/images\/prestations\/multitailles\/640x480_livre-lafayette-27371.png"},"320x240":{"url":"https:\/\/www.saint-brevin.com\/medias\/images\/prestations\/multitailles\/320x240_livre-lafayette-27371.png"},"160x120":{"url":"https:\/\/www.saint-brevin.com\/medias\/images\/prestations\/multitailles\/160x120_livre-lafayette-27371.png"},"origine":{"url":"https:\/\/www.saint-brevin.com\/medias\/images\/prestations\/livre-lafayette-27371.png"}},"urlLien":"","typeLien":"","nofollow":"N","copyright":""},{"url":"https:\/\/www.saint-brevin.com\/medias\/images\/prestations\/livre-lafayette-r-voltes-et-r-volutions-27372.png","chemin":"..\/medias\/images\/prestations\/livre-lafayette-r-voltes-et-r-volutions-27372.png","libelle":"livre-lafayette-r-voltes-et-r-volutions-27372","extension":"png","categorie":"","largeur":460,"theme":"","hauteur":658,"type":"Image","origine":"","liaisonPave":"","langue":"","id":"27372","urlVignette":"https:\/\/www.saint-brevin.com\/medias\/images\/prestations\/v-livre-lafayette-r-voltes-et-r-volutions-27372.png","alt":"livre-lafayette-r-voltes-et-r-volutions-27372","title":"livre-lafayette-r-voltes-et-r-volutions-27372","MultiTaille":{"1920x1440":{"url":"https:\/\/www.saint-brevin.com\/medias\/images\/prestations\/multitailles\/1920x1440_livre-lafayette-r-voltes-et-r-volutions-27372.png"},"1200x900":{"url":"https:\/\/www.saint-brevin.com\/medias\/images\/prestations\/multitailles\/1200x900_livre-lafayette-r-voltes-et-r-volutions-27372.png"},"800x600":{"url":"https:\/\/www.saint-brevin.com\/medias\/images\/prestations\/multitailles\/800x600_livre-lafayette-r-voltes-et-r-volutions-27372.png"},"640x480":{"url":"https:\/\/www.saint-brevin.com\/medias\/images\/prestations\/multitailles\/640x480_livre-lafayette-r-voltes-et-r-volutions-27372.png"},"320x240":{"url":"https:\/\/www.saint-brevin.com\/medias\/images\/prestations\/multitailles\/320x240_livre-lafayette-r-voltes-et-r-volutions-27372.png"},"160x120":{"url":"https:\/\/www.saint-brevin.com\/medias\/images\/prestations\/multitailles\/160x120_livre-lafayette-r-voltes-et-r-volutions-27372.png"},"origine":{"url":"https:\/\/www.saint-brevin.com\/medias\/images\/prestations\/livre-lafayette-r-voltes-et-r-volutions-27372.png"}},"urlLien":"","typeLien":"","nofollow":"N","copyright":""},{"url":"https:\/\/www.saint-brevin.com\/medias\/images\/prestations\/livre-lafayette-r-voltes-et-r-volutions-remerciements-27370.png","chemin":"..\/medias\/images\/prestations\/livre-lafayette-r-voltes-et-r-volutions-remerciements-27370.png","libelle":"livre-lafayette-r-voltes-et-r-volutions-remerciements-27370","extension":"png","categorie":"","largeur":498,"theme":"","hauteur":670,"type":"Image","origine":"","liaisonPave":"","langue":"","id":"27370","urlVignette":"https:\/\/www.saint-brevin.com\/medias\/images\/prestations\/v-livre-lafayette-r-voltes-et-r-volutions-remerciements-27370.png","alt":"livre-lafayette-r-voltes-et-r-volutions-remerciements-27370","title":"livre-lafayette-r-voltes-et-r-volutions-remerciements-27370","MultiTaille":{"1920x1440":{"url":"https:\/\/www.saint-brevin.com\/medias\/images\/prestations\/multitailles\/1920x1440_livre-lafayette-r-voltes-et-r-volutions-remerciements-27370.png"},"1200x900":{"url":"https:\/\/www.saint-brevin.com\/medias\/images\/prestations\/multitailles\/1200x900_livre-lafayette-r-voltes-et-r-volutions-remerciements-27370.png"},"800x600":{"url":"https:\/\/www.saint-brevin.com\/medias\/images\/prestations\/multitailles\/800x600_livre-lafayette-r-voltes-et-r-volutions-remerciements-27370.png"},"640x480":{"url":"https:\/\/www.saint-brevin.com\/medias\/images\/prestations\/multitailles\/640x480_livre-lafayette-r-voltes-et-r-volutions-remerciements-27370.png"},"320x240":{"url":"https:\/\/www.saint-brevin.com\/medias\/images\/prestations\/multitailles\/320x240_livre-lafayette-r-voltes-et-r-volutions-remerciements-27370.png"},"160x120":{"url":"https:\/\/www.saint-brevin.com\/medias\/images\/prestations\/multitailles\/160x120_livre-lafayette-r-voltes-et-r-volutions-remerciements-27370.png"},"origine":{"url":"https:\/\/www.saint-brevin.com\/medias\/images\/prestations\/livre-lafayette-r-voltes-et-r-volutions-remerciements-27370.png"}},"urlLien":"","typeLien":"","nofollow":"N","copyright":""}],"ByCategorie":{"":[{"url":"https:\/\/www.saint-brevin.com\/medias\/images\/prestations\/martyne-jacquemin-27374.png","chemin":"..\/medias\/images\/prestations\/martyne-jacquemin-27374.png","libelle":"martyne-jacquemin-27374","extension":"png","categorie":"","largeur":868,"theme":"","hauteur":655,"type":"Image","origine":"","liaisonPave":"","langue":"","id":"27374","urlVignette":"https:\/\/www.saint-brevin.com\/medias\/images\/prestations\/v-martyne-jacquemin-27374.png","alt":"martyne-jacquemin-27374","title":"martyne-jacquemin-27374","MultiTaille":{"1920x1440":{"url":"https:\/\/www.saint-brevin.com\/medias\/images\/prestations\/multitailles\/1920x1440_martyne-jacquemin-27374.png"},"1200x900":{"url":"https:\/\/www.saint-brevin.com\/medias\/images\/prestations\/multitailles\/1200x900_martyne-jacquemin-27374.png"},"800x600":{"url":"https:\/\/www.saint-brevin.com\/medias\/images\/prestations\/multitailles\/800x600_martyne-jacquemin-27374.png"},"640x480":{"url":"https:\/\/www.saint-brevin.com\/medias\/images\/prestations\/multitailles\/640x480_martyne-jacquemin-27374.png"},"320x240":{"url":"https:\/\/www.saint-brevin.com\/medias\/images\/prestations\/multitailles\/320x240_martyne-jacquemin-27374.png"},"160x120":{"url":"https:\/\/www.saint-brevin.com\/medias\/images\/prestations\/multitailles\/160x120_martyne-jacquemin-27374.png"},"origine":{"url":"https:\/\/www.saint-brevin.com\/medias\/images\/prestations\/martyne-jacquemin-27374.png"}},"urlLien":"","typeLien":"","nofollow":"N","copyright":""},{"url":"https:\/\/www.saint-brevin.com\/medias\/images\/prestations\/martyne-jacquemin-mus-e-de-la-marine-27373.jpg","chemin":"..\/medias\/images\/prestations\/martyne-jacquemin-mus-e-de-la-marine-27373.jpg","libelle":"martyne-jacquemin-mus-e-de-la-marine-27373","extension":"jpg","categorie":"","largeur":1051,"theme":"","hauteur":1600,"type":"Image","origine":"","liaisonPave":"","langue":"","id":"27373","urlVignette":"https:\/\/www.saint-brevin.com\/medias\/images\/prestations\/v-martyne-jacquemin-mus-e-de-la-marine-27373.jpg","alt":"martyne-jacquemin-mus-e-de-la-marine-27373","title":"martyne-jacquemin-mus-e-de-la-marine-27373","MultiTaille":{"1920x1440":{"url":"https:\/\/www.saint-brevin.com\/medias\/images\/prestations\/multitailles\/1920x1440_martyne-jacquemin-mus-e-de-la-marine-27373.jpg"},"1200x900":{"url":"https:\/\/www.saint-brevin.com\/medias\/images\/prestations\/multitailles\/1200x900_martyne-jacquemin-mus-e-de-la-marine-27373.jpg"},"800x600":{"url":"https:\/\/www.saint-brevin.com\/medias\/images\/prestations\/multitailles\/800x600_martyne-jacquemin-mus-e-de-la-marine-27373.jpg"},"640x480":{"url":"https:\/\/www.saint-brevin.com\/medias\/images\/prestations\/multitailles\/640x480_martyne-jacquemin-mus-e-de-la-marine-27373.jpg"},"320x240":{"url":"https:\/\/www.saint-brevin.com\/medias\/images\/prestations\/multitailles\/320x240_martyne-jacquemin-mus-e-de-la-marine-27373.jpg"},"160x120":{"url":"https:\/\/www.saint-brevin.com\/medias\/images\/prestations\/multitailles\/160x120_martyne-jacquemin-mus-e-de-la-marine-27373.jpg"},"origine":{"url":"https:\/\/www.saint-brevin.com\/medias\/images\/prestations\/martyne-jacquemin-mus-e-de-la-marine-27373.jpg"}},"urlLien":"","typeLien":"","nofollow":"N","copyright":""},{"url":"https:\/\/www.saint-brevin.com\/medias\/images\/prestations\/livre-lafayette-27371.png","chemin":"..\/medias\/images\/prestations\/livre-lafayette-27371.png","libelle":"livre-lafayette-27371","extension":"png","categorie":"","largeur":421,"theme":"","hauteur":576,"type":"Image","origine":"","liaisonPave":"","langue":"","id":"27371","urlVignette":"https:\/\/www.saint-brevin.com\/medias\/images\/prestations\/v-livre-lafayette-27371.png","alt":"livre-lafayette-27371","title":"livre-lafayette-27371","MultiTaille":{"1920x1440":{"url":"https:\/\/www.saint-brevin.com\/medias\/images\/prestations\/multitailles\/1920x1440_livre-lafayette-27371.png"},"1200x900":{"url":"https:\/\/www.saint-brevin.com\/medias\/images\/prestations\/multitailles\/1200x900_livre-lafayette-27371.png"},"800x600":{"url":"https:\/\/www.saint-brevin.com\/medias\/images\/prestations\/multitailles\/800x600_livre-lafayette-27371.png"},"640x480":{"url":"https:\/\/www.saint-brevin.com\/medias\/images\/prestations\/multitailles\/640x480_livre-lafayette-27371.png"},"320x240":{"url":"https:\/\/www.saint-brevin.com\/medias\/images\/prestations\/multitailles\/320x240_livre-lafayette-27371.png"},"160x120":{"url":"https:\/\/www.saint-brevin.com\/medias\/images\/prestations\/multitailles\/160x120_livre-lafayette-27371.png"},"origine":{"url":"https:\/\/www.saint-brevin.com\/medias\/images\/prestations\/livre-lafayette-27371.png"}},"urlLien":"","typeLien":"","nofollow":"N","copyright":""},{"url":"https:\/\/www.saint-brevin.com\/medias\/images\/prestations\/livre-lafayette-r-voltes-et-r-volutions-27372.png","chemin":"..\/medias\/images\/prestations\/livre-lafayette-r-voltes-et-r-volutions-27372.png","libelle":"livre-lafayette-r-voltes-et-r-volutions-27372","extension":"png","categorie":"","largeur":460,"theme":"","hauteur":658,"type":"Image","origine":"","liaisonPave":"","langue":"","id":"27372","urlVignette":"https:\/\/www.saint-brevin.com\/medias\/images\/prestations\/v-livre-lafayette-r-voltes-et-r-volutions-27372.png","alt":"livre-lafayette-r-voltes-et-r-volutions-27372","title":"livre-lafayette-r-voltes-et-r-volutions-27372","MultiTaille":{"1920x1440":{"url":"https:\/\/www.saint-brevin.com\/medias\/images\/prestations\/multitailles\/1920x1440_livre-lafayette-r-voltes-et-r-volutions-27372.png"},"1200x900":{"url":"https:\/\/www.saint-brevin.com\/medias\/images\/prestations\/multitailles\/1200x900_livre-lafayette-r-voltes-et-r-volutions-27372.png"},"800x600":{"url":"https:\/\/www.saint-brevin.com\/medias\/images\/prestations\/multitailles\/800x600_livre-lafayette-r-voltes-et-r-volutions-27372.png"},"640x480":{"url":"https:\/\/www.saint-brevin.com\/medias\/images\/prestations\/multitailles\/640x480_livre-lafayette-r-voltes-et-r-volutions-27372.png"},"320x240":{"url":"https:\/\/www.saint-brevin.com\/medias\/images\/prestations\/multitailles\/320x240_livre-lafayette-r-voltes-et-r-volutions-27372.png"},"160x120":{"url":"https:\/\/www.saint-brevin.com\/medias\/images\/prestations\/multitailles\/160x120_livre-lafayette-r-voltes-et-r-volutions-27372.png"},"origine":{"url":"https:\/\/www.saint-brevin.com\/medias\/images\/prestations\/livre-lafayette-r-voltes-et-r-volutions-27372.png"}},"urlLien":"","typeLien":"","nofollow":"N","copyright":""},{"url":"https:\/\/www.saint-brevin.com\/medias\/images\/prestations\/livre-lafayette-r-voltes-et-r-volutions-remerciements-27370.png","chemin":"..\/medias\/images\/prestations\/livre-lafayette-r-voltes-et-r-volutions-remerciements-27370.png","libelle":"livre-lafayette-r-voltes-et-r-volutions-remerciements-27370","extension":"png","categorie":"","largeur":498,"theme":"","hauteur":670,"type":"Image","origine":"","liaisonPave":"","langue":"","id":"27370","urlVignette":"https:\/\/www.saint-brevin.com\/medias\/images\/prestations\/v-livre-lafayette-r-voltes-et-r-volutions-remerciements-27370.png","alt":"livre-lafayette-r-voltes-et-r-volutions-remerciements-27370","title":"livre-lafayette-r-voltes-et-r-volutions-remerciements-27370","MultiTaille":{"1920x1440":{"url":"https:\/\/www.saint-brevin.com\/medias\/images\/prestations\/multitailles\/1920x1440_livre-lafayette-r-voltes-et-r-volutions-remerciements-27370.png"},"1200x900":{"url":"https:\/\/www.saint-brevin.com\/medias\/images\/prestations\/multitailles\/1200x900_livre-lafayette-r-voltes-et-r-volutions-remerciements-27370.png"},"800x600":{"url":"https:\/\/www.saint-brevin.com\/medias\/images\/prestations\/multitailles\/800x600_livre-lafayette-r-voltes-et-r-volutions-remerciements-27370.png"},"640x480":{"url":"https:\/\/www.saint-brevin.com\/medias\/images\/prestations\/multitailles\/640x480_livre-lafayette-r-voltes-et-r-volutions-remerciements-27370.png"},"320x240":{"url":"https:\/\/www.saint-brevin.com\/medias\/images\/prestations\/multitailles\/320x240_livre-lafayette-r-voltes-et-r-volutions-remerciements-27370.png"},"160x120":{"url":"https:\/\/www.saint-brevin.com\/medias\/images\/prestations\/multitailles\/160x120_livre-lafayette-r-voltes-et-r-volutions-remerciements-27370.png"},"origine":{"url":"https:\/\/www.saint-brevin.com\/medias\/images\/prestations\/livre-lafayette-r-voltes-et-r-volutions-remerciements-27370.png"}},"urlLien":"","typeLien":"","nofollow":"N","copyright":""}]}},"DateDebPublication":"","DateFinPublication":"","PrixAPartirDe":"","PrixPour":"","FicheListeEnCours":"fiche_liste_agenda_prestation_v2017","ParametresModele":{"AfficherPhotos":"1","NbPhotosMax":6,"AfficherReserver":0,"AfficherContact":0,"AfficherSalle":1,"AfficherZoneGeo":0,"AfficherEnSavoirPlus":"1","AfficherUneSeuleOuverture":"1","AfficherContactCarte":1,"AfficherTarifsChaudAPartirDe":0,"AfficherTarifChaudSansRecherche":0,"AfficherLiensCarnetVoyage":"1","AfficherOuverture":"1","BlocCritereInfo":{"critere1":{"libelle":""},"critere2":{"libelle":""},"critere3":{"libelle":""},"critere4":{"libelle":""},"critere5":{"libelle":""},"critere6":{"libelle":""},"critere7":{"libelle":"","liste_critere":["COMMUNES|Y"]},"critere8":{"libelle":""},"critere9":{"libelle":""},"afficherpictoetpaslibelle":"1"},"CriteresComportementResa":"|RESABILLET[RESAENLIGNE|","PositionBloc":"GALLERIE|NOM|OUVERTURES|CARNET_VOYAGE|URL|LIEN_RESERVER_DETAIL","TypePrestataire":"Y","ComportementResa":false,"ComportementDispo":false},"AffichageCoordonnees":[],"Coordonnees":{"Ville":"ST BREVIN LES PINS"},"ContexteId":"PRESTATION|Y|PCUPDL044000037|CONFERENCELAFAYETTEENUNOUD","ContexteIdHtml":"PRESTATION-Y-PCUPDL044000037-CONFERENCELAFAYETTEENUNOUD","cleContexte":"Y|PCUPDL044000037|CONFERENCELAFAYETTEENUNOUD","Bloc":{"texte1":"","texte3":"","critere1":{"libelle":"","contenu":[]},"critere2":{"libelle":"","contenu":[]},"critere3":{"libelle":"","contenu":[]},"critere4":{"libelle":"","contenu":[]},"critere5":{"libelle":"","contenu":[]},"critere6":{"libelle":"","contenu":[]},"critere7":{"libelle":"","contenu":[]},"critere8":{"libelle":"","contenu":[]},"critere9":{"libelle":"","contenu":[]}},"LocalisationGps":{"Latitude":"47.24771","Longitude":"-2.16817"},"libelleDuPrestataire":"","vuePrestataire":{"pave1":{"libelle":"Descriptif","contenu":"Tout pr&egrave;s du Serpent d&#39;Oc&eacute;an sur le site de Mindin, un ancien fort abrite le mus&eacute;e de la marine depuis 1983."},"pave2":{"libelle":"","contenu":""},"pave3":{"libelle":"","contenu":""},"pave4":{"libelle":"","contenu":""},"pave5":{"libelle":"","contenu":""},"pave6":{"libelle":"","contenu":""},"pave7":{"libelle":"","contenu":""},"pave8":{"libelle":"","contenu":""},"pave9":{"libelle":"","contenu":""},"pave10":{"libelle":"","contenu":""},"pave11":{"libelle":"","contenu":""},"pave12":{"libelle":"","contenu":""},"pave13":{"libelle":"","contenu":""},"pave14":{"libelle":"","contenu":""},"pave15":{"libelle":"","contenu":""},"pave16":{"libelle":"","contenu":""},"pave17":{"libelle":"","contenu":""},"pave18":{"libelle":"","contenu":""},"pave19":{"libelle":"","contenu":""},"pave20":{"libelle":"","contenu":""},"pave21":{"libelle":"","contenu":""},"pave22":{"libelle":"","contenu":""},"pave23":{"libelle":"","contenu":""},"pave24":{"libelle":"","contenu":""},"pave25":{"libelle":"","contenu":""},"ContactsParType":{"ETAB":{"1384":{"id_contact":"1384","type_contact":"ETAB","categorie_contact":"PRESTATAIRE","societe_contact":"","fonction_contact":"","civilite_nom_prenom_contact":"","adresse1_contact":"Place Bougainville","adresse2_contact":"","adresse3_contact":"","cpostal_contact":"44250","ville_contact":"ST BREVIN LES PINS","teldom_contact":"02 44 06 80 12","telbur_contact":"","fax_contact":"","portable_contact":"","email_contact":"musee-marine-mindin@orange.fr","siteweb_contact":"museemarinemindin.wordpress.com","commentaire_contact":"","langue_contact":"FR","autre_moyen_com":[]}}},"Libelle":"Mus\u00e9e de la Marine","Nom":"Mus\u00e9e de la Marine","Prenom":"","NomPrenom":"Mus\u00e9e de la Marine ","CiviliteNomPrenom":"Mus\u00e9e de la Marine ","Cle":"Y|PCUPDL044000037","PrestataireParent":"","ContexteStat":"PRESTATAIRE-Y-PCUPDL044000037","DateModificationIso":"2025-05-26T14:39:00+02:00","Type":"PRESTATAIRE","TypePrestataire":"Y","Adresse":{"LigneAdresse1":"Place Bougainville","LigneAdresse2":"","LigneAdresse3":"","CodePostal":"44250","Ville":"ST BREVIN LES PINS","Cedex":"","Etat":"","Pays":"FRA"},"Email":"musee-marine-mindin@orange.fr","Telephone":"02 44 06 80 12","TelephoneBureau":"","Portable":"","SiteWeb":"https:\/\/www.museemarinemindin.fr\/","Fax":"","Id":"y-pcupdl044000037","Code":"Y|PCUPDL044000037","Fichier":{"Image":[{"url":"https:\/\/www.saint-brevin.com\/medias\/images\/prestataires\/musee-marine-saint-brevin-2-874-3943.jpg","chemin":"..\/medias\/images\/prestataires\/musee-marine-saint-brevin-2-874-3943.jpg","libelle":"musee-marine-saint-brevin-2","extension":"jpg","categorie":"","largeur":5411,"theme":"","hauteur":3608,"type":"Image","origine":"","liaisonPave":"","langue":"","id":"3943","urlVignette":"https:\/\/www.saint-brevin.com\/medias\/images\/prestataires\/v-musee-marine-saint-brevin-2-874-3943.jpg","alt":"musee-marine-saint-brevin-2","title":"musee-marine-saint-brevin-2","MultiTaille":{"1920x1440":{"url":"https:\/\/www.saint-brevin.com\/medias\/images\/prestataires\/multitailles\/1920x1440_musee-marine-saint-brevin-2-874-3943.jpg"},"1200x900":{"url":"https:\/\/www.saint-brevin.com\/medias\/images\/prestataires\/multitailles\/1200x900_musee-marine-saint-brevin-2-874-3943.jpg"},"800x600":{"url":"https:\/\/www.saint-brevin.com\/medias\/images\/prestataires\/multitailles\/800x600_musee-marine-saint-brevin-2-874-3943.jpg"},"640x480":{"url":"https:\/\/www.saint-brevin.com\/medias\/images\/prestataires\/multitailles\/640x480_musee-marine-saint-brevin-2-874-3943.jpg"},"320x240":{"url":"https:\/\/www.saint-brevin.com\/medias\/images\/prestataires\/multitailles\/320x240_musee-marine-saint-brevin-2-874-3943.jpg"},"160x120":{"url":"https:\/\/www.saint-brevin.com\/medias\/images\/prestataires\/multitailles\/160x120_musee-marine-saint-brevin-2-874-3943.jpg"},"origine":{"url":"https:\/\/www.saint-brevin.com\/medias\/images\/prestataires\/musee-marine-saint-brevin-2-874-3943.jpg"}},"urlLien":"","typeLien":"|","nofollow":"N","copyright":"Ot-St-Brevin"},{"url":"https:\/\/www.saint-brevin.com\/medias\/images\/prestataires\/expo2024-affiche-9270.jpg","chemin":"..\/medias\/images\/prestataires\/expo2024-affiche-9270.jpg","libelle":"expo2024-affiche-9270","extension":"jpg","categorie":"","largeur":3508,"theme":"","hauteur":4961,"type":"Image","origine":"","liaisonPave":"","langue":"","id":"9270","urlVignette":"https:\/\/www.saint-brevin.com\/medias\/images\/prestataires\/v-expo2024-affiche-9270.jpg","alt":"expo2024-affiche-9270","title":"expo2024-affiche-9270","MultiTaille":{"1920x1440":{"url":"https:\/\/www.saint-brevin.com\/medias\/images\/prestataires\/multitailles\/1920x1440_expo2024-affiche-9270.jpg"},"1200x900":{"url":"https:\/\/www.saint-brevin.com\/medias\/images\/prestataires\/multitailles\/1200x900_expo2024-affiche-9270.jpg"},"800x600":{"url":"https:\/\/www.saint-brevin.com\/medias\/images\/prestataires\/multitailles\/800x600_expo2024-affiche-9270.jpg"},"640x480":{"url":"https:\/\/www.saint-brevin.com\/medias\/images\/prestataires\/multitailles\/640x480_expo2024-affiche-9270.jpg"},"320x240":{"url":"https:\/\/www.saint-brevin.com\/medias\/images\/prestataires\/multitailles\/320x240_expo2024-affiche-9270.jpg"},"160x120":{"url":"https:\/\/www.saint-brevin.com\/medias\/images\/prestataires\/multitailles\/160x120_expo2024-affiche-9270.jpg"},"origine":{"url":"https:\/\/www.saint-brevin.com\/medias\/images\/prestataires\/expo2024-affiche-9270.jpg"}},"urlLien":"","typeLien":"","nofollow":"N","copyright":""},{"url":"https:\/\/www.saint-brevin.com\/medias\/images\/prestataires\/musee-marine-saint-brevin-1-875-3944.jpg","chemin":"..\/medias\/images\/prestataires\/musee-marine-saint-brevin-1-875-3944.jpg","libelle":"musee-marine-saint-brevin-1","extension":"jpg","categorie":"","largeur":5259,"theme":"","hauteur":3506,"type":"Image","origine":"","liaisonPave":"","langue":"","id":"3944","urlVignette":"https:\/\/www.saint-brevin.com\/medias\/images\/prestataires\/v-musee-marine-saint-brevin-1-875-3944.jpg","alt":"musee-marine-saint-brevin-1","title":"musee-marine-saint-brevin-1","MultiTaille":{"1920x1440":{"url":"https:\/\/www.saint-brevin.com\/medias\/images\/prestataires\/multitailles\/1920x1440_musee-marine-saint-brevin-1-875-3944.jpg"},"1200x900":{"url":"https:\/\/www.saint-brevin.com\/medias\/images\/prestataires\/multitailles\/1200x900_musee-marine-saint-brevin-1-875-3944.jpg"},"800x600":{"url":"https:\/\/www.saint-brevin.com\/medias\/images\/prestataires\/multitailles\/800x600_musee-marine-saint-brevin-1-875-3944.jpg"},"640x480":{"url":"https:\/\/www.saint-brevin.com\/medias\/images\/prestataires\/multitailles\/640x480_musee-marine-saint-brevin-1-875-3944.jpg"},"320x240":{"url":"https:\/\/www.saint-brevin.com\/medias\/images\/prestataires\/multitailles\/320x240_musee-marine-saint-brevin-1-875-3944.jpg"},"160x120":{"url":"https:\/\/www.saint-brevin.com\/medias\/images\/prestataires\/multitailles\/160x120_musee-marine-saint-brevin-1-875-3944.jpg"},"origine":{"url":"https:\/\/www.saint-brevin.com\/medias\/images\/prestataires\/musee-marine-saint-brevin-1-875-3944.jpg"}},"urlLien":"","typeLien":"|","nofollow":"N","copyright":"Ot-St-Brevin"},{"url":"https:\/\/www.saint-brevin.com\/medias\/images\/prestataires\/musee-marine-saint-brevin-52-873-3942.jpg","chemin":"..\/medias\/images\/prestataires\/musee-marine-saint-brevin-52-873-3942.jpg","libelle":"musee-marine-saint-brevin-52","extension":"jpg","categorie":"","largeur":5760,"theme":"","hauteur":3840,"type":"Image","origine":"","liaisonPave":"","langue":"","id":"3942","urlVignette":"https:\/\/www.saint-brevin.com\/medias\/images\/prestataires\/v-musee-marine-saint-brevin-52-873-3942.jpg","alt":"musee-marine-saint-brevin-52","title":"musee-marine-saint-brevin-52","MultiTaille":{"1920x1440":{"url":"https:\/\/www.saint-brevin.com\/medias\/images\/prestataires\/multitailles\/1920x1440_musee-marine-saint-brevin-52-873-3942.jpg"},"1200x900":{"url":"https:\/\/www.saint-brevin.com\/medias\/images\/prestataires\/multitailles\/1200x900_musee-marine-saint-brevin-52-873-3942.jpg"},"800x600":{"url":"https:\/\/www.saint-brevin.com\/medias\/images\/prestataires\/multitailles\/800x600_musee-marine-saint-brevin-52-873-3942.jpg"},"640x480":{"url":"https:\/\/www.saint-brevin.com\/medias\/images\/prestataires\/multitailles\/640x480_musee-marine-saint-brevin-52-873-3942.jpg"},"320x240":{"url":"https:\/\/www.saint-brevin.com\/medias\/images\/prestataires\/multitailles\/320x240_musee-marine-saint-brevin-52-873-3942.jpg"},"160x120":{"url":"https:\/\/www.saint-brevin.com\/medias\/images\/prestataires\/multitailles\/160x120_musee-marine-saint-brevin-52-873-3942.jpg"},"origine":{"url":"https:\/\/www.saint-brevin.com\/medias\/images\/prestataires\/musee-marine-saint-brevin-52-873-3942.jpg"}},"urlLien":"","typeLien":"|","nofollow":"N","copyright":"Ot-St-Brevin"},{"url":"https:\/\/www.saint-brevin.com\/medias\/images\/prestataires\/musee-de-la-marine-saint-brevin1-2978-3955.jpg","chemin":"..\/medias\/images\/prestataires\/musee-de-la-marine-saint-brevin1-2978-3955.jpg","libelle":"musee-de-la-marine-saint-brevin1-2978","extension":"jpg","categorie":"","largeur":1920,"theme":"","hauteur":1280,"type":"Image","origine":"","liaisonPave":"","langue":"","id":"3955","urlVignette":"https:\/\/www.saint-brevin.com\/medias\/images\/prestataires\/v-musee-de-la-marine-saint-brevin1-2978-3955.jpg","alt":"musee-de-la-marine-saint-brevin1-2978","title":"musee-de-la-marine-saint-brevin1-2978","MultiTaille":{"1920x1440":{"url":"https:\/\/www.saint-brevin.com\/medias\/images\/prestataires\/multitailles\/1920x1440_musee-de-la-marine-saint-brevin1-2978-3955.jpg"},"1200x900":{"url":"https:\/\/www.saint-brevin.com\/medias\/images\/prestataires\/multitailles\/1200x900_musee-de-la-marine-saint-brevin1-2978-3955.jpg"},"800x600":{"url":"https:\/\/www.saint-brevin.com\/medias\/images\/prestataires\/multitailles\/800x600_musee-de-la-marine-saint-brevin1-2978-3955.jpg"},"640x480":{"url":"https:\/\/www.saint-brevin.com\/medias\/images\/prestataires\/multitailles\/640x480_musee-de-la-marine-saint-brevin1-2978-3955.jpg"},"320x240":{"url":"https:\/\/www.saint-brevin.com\/medias\/images\/prestataires\/multitailles\/320x240_musee-de-la-marine-saint-brevin1-2978-3955.jpg"},"160x120":{"url":"https:\/\/www.saint-brevin.com\/medias\/images\/prestataires\/multitailles\/160x120_musee-de-la-marine-saint-brevin1-2978-3955.jpg"},"origine":{"url":"https:\/\/www.saint-brevin.com\/medias\/images\/prestataires\/musee-de-la-marine-saint-brevin1-2978-3955.jpg"}},"urlLien":"","typeLien":"","nofollow":"N","copyright":""},{"url":"https:\/\/www.saint-brevin.com\/medias\/images\/prestataires\/musee-de-la-marine-saint-brevin2-2981-3958.jpg","chemin":"..\/medias\/images\/prestataires\/musee-de-la-marine-saint-brevin2-2981-3958.jpg","libelle":"musee-de-la-marine-saint-brevin2-2981","extension":"jpg","categorie":"","largeur":1920,"theme":"","hauteur":1280,"type":"Image","origine":"","liaisonPave":"","langue":"","id":"3958","urlVignette":"https:\/\/www.saint-brevin.com\/medias\/images\/prestataires\/v-musee-de-la-marine-saint-brevin2-2981-3958.jpg","alt":"musee-de-la-marine-saint-brevin2-2981","title":"musee-de-la-marine-saint-brevin2-2981","MultiTaille":{"1920x1440":{"url":"https:\/\/www.saint-brevin.com\/medias\/images\/prestataires\/multitailles\/1920x1440_musee-de-la-marine-saint-brevin2-2981-3958.jpg"},"1200x900":{"url":"https:\/\/www.saint-brevin.com\/medias\/images\/prestataires\/multitailles\/1200x900_musee-de-la-marine-saint-brevin2-2981-3958.jpg"},"800x600":{"url":"https:\/\/www.saint-brevin.com\/medias\/images\/prestataires\/multitailles\/800x600_musee-de-la-marine-saint-brevin2-2981-3958.jpg"},"640x480":{"url":"https:\/\/www.saint-brevin.com\/medias\/images\/prestataires\/multitailles\/640x480_musee-de-la-marine-saint-brevin2-2981-3958.jpg"},"320x240":{"url":"https:\/\/www.saint-brevin.com\/medias\/images\/prestataires\/multitailles\/320x240_musee-de-la-marine-saint-brevin2-2981-3958.jpg"},"160x120":{"url":"https:\/\/www.saint-brevin.com\/medias\/images\/prestataires\/multitailles\/160x120_musee-de-la-marine-saint-brevin2-2981-3958.jpg"},"origine":{"url":"https:\/\/www.saint-brevin.com\/medias\/images\/prestataires\/musee-de-la-marine-saint-brevin2-2981-3958.jpg"}},"urlLien":"","typeLien":"","nofollow":"N","copyright":""},{"url":"https:\/\/www.saint-brevin.com\/medias\/images\/prestataires\/musee-marine-saint-brevin-2-876-3945.jpg","chemin":"..\/medias\/images\/prestataires\/musee-marine-saint-brevin-2-876-3945.jpg","libelle":"musee-marine-saint-brevin-2","extension":"jpg","categorie":"","largeur":4368,"theme":"","hauteur":2912,"type":"Image","origine":"","liaisonPave":"","langue":"","id":"3945","urlVignette":"https:\/\/www.saint-brevin.com\/medias\/images\/prestataires\/v-musee-marine-saint-brevin-2-876-3945.jpg","alt":"musee-marine-saint-brevin-2","title":"musee-marine-saint-brevin-2","MultiTaille":{"1920x1440":{"url":"https:\/\/www.saint-brevin.com\/medias\/images\/prestataires\/multitailles\/1920x1440_musee-marine-saint-brevin-2-876-3945.jpg"},"1200x900":{"url":"https:\/\/www.saint-brevin.com\/medias\/images\/prestataires\/multitailles\/1200x900_musee-marine-saint-brevin-2-876-3945.jpg"},"800x600":{"url":"https:\/\/www.saint-brevin.com\/medias\/images\/prestataires\/multitailles\/800x600_musee-marine-saint-brevin-2-876-3945.jpg"},"640x480":{"url":"https:\/\/www.saint-brevin.com\/medias\/images\/prestataires\/multitailles\/640x480_musee-marine-saint-brevin-2-876-3945.jpg"},"320x240":{"url":"https:\/\/www.saint-brevin.com\/medias\/images\/prestataires\/multitailles\/320x240_musee-marine-saint-brevin-2-876-3945.jpg"},"160x120":{"url":"https:\/\/www.saint-brevin.com\/medias\/images\/prestataires\/multitailles\/160x120_musee-marine-saint-brevin-2-876-3945.jpg"},"origine":{"url":"https:\/\/www.saint-brevin.com\/medias\/images\/prestataires\/musee-marine-saint-brevin-2-876-3945.jpg"}},"urlLien":"","typeLien":"|","nofollow":"N","copyright":"Ot-St-Brevin"},{"url":"https:\/\/www.saint-brevin.com\/medias\/images\/prestataires\/musee-marine-saint-brevin-3-877-3946.jpg","chemin":"..\/medias\/images\/prestataires\/musee-marine-saint-brevin-3-877-3946.jpg","libelle":"musee-marine-saint-brevin-3","extension":"jpg","categorie":"","largeur":4368,"theme":"","hauteur":2912,"type":"Image","origine":"","liaisonPave":"","langue":"","id":"3946","urlVignette":"https:\/\/www.saint-brevin.com\/medias\/images\/prestataires\/v-musee-marine-saint-brevin-3-877-3946.jpg","alt":"musee-marine-saint-brevin-3","title":"musee-marine-saint-brevin-3","MultiTaille":{"1920x1440":{"url":"https:\/\/www.saint-brevin.com\/medias\/images\/prestataires\/multitailles\/1920x1440_musee-marine-saint-brevin-3-877-3946.jpg"},"1200x900":{"url":"https:\/\/www.saint-brevin.com\/medias\/images\/prestataires\/multitailles\/1200x900_musee-marine-saint-brevin-3-877-3946.jpg"},"800x600":{"url":"https:\/\/www.saint-brevin.com\/medias\/images\/prestataires\/multitailles\/800x600_musee-marine-saint-brevin-3-877-3946.jpg"},"640x480":{"url":"https:\/\/www.saint-brevin.com\/medias\/images\/prestataires\/multitailles\/640x480_musee-marine-saint-brevin-3-877-3946.jpg"},"320x240":{"url":"https:\/\/www.saint-brevin.com\/medias\/images\/prestataires\/multitailles\/320x240_musee-marine-saint-brevin-3-877-3946.jpg"},"160x120":{"url":"https:\/\/www.saint-brevin.com\/medias\/images\/prestataires\/multitailles\/160x120_musee-marine-saint-brevin-3-877-3946.jpg"},"origine":{"url":"https:\/\/www.saint-brevin.com\/medias\/images\/prestataires\/musee-marine-saint-brevin-3-877-3946.jpg"}},"urlLien":"","typeLien":"|","nofollow":"N","copyright":"Ot-St-Brevin"},{"url":"https:\/\/www.saint-brevin.com\/medias\/images\/prestataires\/musee-marine-saint-brevin-4-878-3947.jpg","chemin":"..\/medias\/images\/prestataires\/musee-marine-saint-brevin-4-878-3947.jpg","libelle":"musee-marine-saint-brevin-4","extension":"jpg","categorie":"","largeur":4368,"theme":"","hauteur":2912,"type":"Image","origine":"","liaisonPave":"","langue":"","id":"3947","urlVignette":"https:\/\/www.saint-brevin.com\/medias\/images\/prestataires\/v-musee-marine-saint-brevin-4-878-3947.jpg","alt":"musee-marine-saint-brevin-4","title":"musee-marine-saint-brevin-4","MultiTaille":{"1920x1440":{"url":"https:\/\/www.saint-brevin.com\/medias\/images\/prestataires\/multitailles\/1920x1440_musee-marine-saint-brevin-4-878-3947.jpg"},"1200x900":{"url":"https:\/\/www.saint-brevin.com\/medias\/images\/prestataires\/multitailles\/1200x900_musee-marine-saint-brevin-4-878-3947.jpg"},"800x600":{"url":"https:\/\/www.saint-brevin.com\/medias\/images\/prestataires\/multitailles\/800x600_musee-marine-saint-brevin-4-878-3947.jpg"},"640x480":{"url":"https:\/\/www.saint-brevin.com\/medias\/images\/prestataires\/multitailles\/640x480_musee-marine-saint-brevin-4-878-3947.jpg"},"320x240":{"url":"https:\/\/www.saint-brevin.com\/medias\/images\/prestataires\/multitailles\/320x240_musee-marine-saint-brevin-4-878-3947.jpg"},"160x120":{"url":"https:\/\/www.saint-brevin.com\/medias\/images\/prestataires\/multitailles\/160x120_musee-marine-saint-brevin-4-878-3947.jpg"},"origine":{"url":"https:\/\/www.saint-brevin.com\/medias\/images\/prestataires\/musee-marine-saint-brevin-4-878-3947.jpg"}},"urlLien":"","typeLien":"|","nofollow":"N","copyright":"Ot-St-Brevin"},{"url":"https:\/\/www.saint-brevin.com\/medias\/images\/prestataires\/musee-marine-saint-brevin-5-879-3948.jpg","chemin":"..\/medias\/images\/prestataires\/musee-marine-saint-brevin-5-879-3948.jpg","libelle":"musee-marine-saint-brevin-5","extension":"jpg","categorie":"","largeur":4368,"theme":"","hauteur":2912,"type":"Image","origine":"","liaisonPave":"","langue":"","id":"3948","urlVignette":"https:\/\/www.saint-brevin.com\/medias\/images\/prestataires\/v-musee-marine-saint-brevin-5-879-3948.jpg","alt":"musee-marine-saint-brevin-5","title":"musee-marine-saint-brevin-5","MultiTaille":{"1920x1440":{"url":"https:\/\/www.saint-brevin.com\/medias\/images\/prestataires\/multitailles\/1920x1440_musee-marine-saint-brevin-5-879-3948.jpg"},"1200x900":{"url":"https:\/\/www.saint-brevin.com\/medias\/images\/prestataires\/multitailles\/1200x900_musee-marine-saint-brevin-5-879-3948.jpg"},"800x600":{"url":"https:\/\/www.saint-brevin.com\/medias\/images\/prestataires\/multitailles\/800x600_musee-marine-saint-brevin-5-879-3948.jpg"},"640x480":{"url":"https:\/\/www.saint-brevin.com\/medias\/images\/prestataires\/multitailles\/640x480_musee-marine-saint-brevin-5-879-3948.jpg"},"320x240":{"url":"https:\/\/www.saint-brevin.com\/medias\/images\/prestataires\/multitailles\/320x240_musee-marine-saint-brevin-5-879-3948.jpg"},"160x120":{"url":"https:\/\/www.saint-brevin.com\/medias\/images\/prestataires\/multitailles\/160x120_musee-marine-saint-brevin-5-879-3948.jpg"},"origine":{"url":"https:\/\/www.saint-brevin.com\/medias\/images\/prestataires\/musee-marine-saint-brevin-5-879-3948.jpg"}},"urlLien":"","typeLien":"|","nofollow":"N","copyright":"Ot-St-Brevin"},{"url":"https:\/\/www.saint-brevin.com\/medias\/images\/prestataires\/musee-de-la-marine-saint-brevin-exposition-de-la-voile-aux-geants-des-mers2-2973-3950.jpg","chemin":"..\/medias\/images\/prestataires\/musee-de-la-marine-saint-brevin-exposition-de-la-voile-aux-geants-des-mers2-2973-3950.jpg","libelle":"musee-de-la-marine-saint-brevin-exposition-de-la-voile-aux-geants-des-mers2-2973","extension":"jpg","categorie":"","largeur":1920,"theme":"","hauteur":2560,"type":"Image","origine":"","liaisonPave":"","langue":"","id":"3950","urlVignette":"https:\/\/www.saint-brevin.com\/medias\/images\/prestataires\/v-musee-de-la-marine-saint-brevin-exposition-de-la-voile-aux-geants-des-mers2-2973-3950.jpg","alt":"musee-de-la-marine-saint-brevin-exposition-de-la-voile-aux-geants-des-mers2-2973","title":"musee-de-la-marine-saint-brevin-exposition-de-la-voile-aux-geants-des-mers2-2973","MultiTaille":{"1920x1440":{"url":"https:\/\/www.saint-brevin.com\/medias\/images\/prestataires\/multitailles\/1920x1440_musee-de-la-marine-saint-brevin-exposition-de-la-voile-aux-geants-des-mers2-2973-3950.jpg"},"1200x900":{"url":"https:\/\/www.saint-brevin.com\/medias\/images\/prestataires\/multitailles\/1200x900_musee-de-la-marine-saint-brevin-exposition-de-la-voile-aux-geants-des-mers2-2973-3950.jpg"},"800x600":{"url":"https:\/\/www.saint-brevin.com\/medias\/images\/prestataires\/multitailles\/800x600_musee-de-la-marine-saint-brevin-exposition-de-la-voile-aux-geants-des-mers2-2973-3950.jpg"},"640x480":{"url":"https:\/\/www.saint-brevin.com\/medias\/images\/prestataires\/multitailles\/640x480_musee-de-la-marine-saint-brevin-exposition-de-la-voile-aux-geants-des-mers2-2973-3950.jpg"},"320x240":{"url":"https:\/\/www.saint-brevin.com\/medias\/images\/prestataires\/multitailles\/320x240_musee-de-la-marine-saint-brevin-exposition-de-la-voile-aux-geants-des-mers2-2973-3950.jpg"},"160x120":{"url":"https:\/\/www.saint-brevin.com\/medias\/images\/prestataires\/multitailles\/160x120_musee-de-la-marine-saint-brevin-exposition-de-la-voile-aux-geants-des-mers2-2973-3950.jpg"},"origine":{"url":"https:\/\/www.saint-brevin.com\/medias\/images\/prestataires\/musee-de-la-marine-saint-brevin-exposition-de-la-voile-aux-geants-des-mers2-2973-3950.jpg"}},"urlLien":"","typeLien":"","nofollow":"N","copyright":""},{"url":"https:\/\/www.saint-brevin.com\/medias\/images\/prestataires\/musee-de-la-marine-saint-brevin-exposition-de-la-voile-aux-geants-des-mers1-2974-3951.jpg","chemin":"..\/medias\/images\/prestataires\/musee-de-la-marine-saint-brevin-exposition-de-la-voile-aux-geants-des-mers1-2974-3951.jpg","libelle":"musee-de-la-marine-saint-brevin-exposition-de-la-voile-aux-geants-des-mers1-2974","extension":"jpg","categorie":"","largeur":1920,"theme":"","hauteur":1440,"type":"Image","origine":"","liaisonPave":"","langue":"","id":"3951","urlVignette":"https:\/\/www.saint-brevin.com\/medias\/images\/prestataires\/v-musee-de-la-marine-saint-brevin-exposition-de-la-voile-aux-geants-des-mers1-2974-3951.jpg","alt":"musee-de-la-marine-saint-brevin-exposition-de-la-voile-aux-geants-des-mers1-2974","title":"musee-de-la-marine-saint-brevin-exposition-de-la-voile-aux-geants-des-mers1-2974","MultiTaille":{"1920x1440":{"url":"https:\/\/www.saint-brevin.com\/medias\/images\/prestataires\/multitailles\/1920x1440_musee-de-la-marine-saint-brevin-exposition-de-la-voile-aux-geants-des-mers1-2974-3951.jpg"},"1200x900":{"url":"https:\/\/www.saint-brevin.com\/medias\/images\/prestataires\/multitailles\/1200x900_musee-de-la-marine-saint-brevin-exposition-de-la-voile-aux-geants-des-mers1-2974-3951.jpg"},"800x600":{"url":"https:\/\/www.saint-brevin.com\/medias\/images\/prestataires\/multitailles\/800x600_musee-de-la-marine-saint-brevin-exposition-de-la-voile-aux-geants-des-mers1-2974-3951.jpg"},"640x480":{"url":"https:\/\/www.saint-brevin.com\/medias\/images\/prestataires\/multitailles\/640x480_musee-de-la-marine-saint-brevin-exposition-de-la-voile-aux-geants-des-mers1-2974-3951.jpg"},"320x240":{"url":"https:\/\/www.saint-brevin.com\/medias\/images\/prestataires\/multitailles\/320x240_musee-de-la-marine-saint-brevin-exposition-de-la-voile-aux-geants-des-mers1-2974-3951.jpg"},"160x120":{"url":"https:\/\/www.saint-brevin.com\/medias\/images\/prestataires\/multitailles\/160x120_musee-de-la-marine-saint-brevin-exposition-de-la-voile-aux-geants-des-mers1-2974-3951.jpg"},"origine":{"url":"https:\/\/www.saint-brevin.com\/medias\/images\/prestataires\/musee-de-la-marine-saint-brevin-exposition-de-la-voile-aux-geants-des-mers1-2974-3951.jpg"}},"urlLien":"","typeLien":"","nofollow":"N","copyright":""},{"url":"https:\/\/www.saint-brevin.com\/medias\/images\/prestataires\/musee-de-la-marine-saint-brevin-exposition-de-la-voile-aux-geants-des-mers4-2975-3952.jpg","chemin":"..\/medias\/images\/prestataires\/musee-de-la-marine-saint-brevin-exposition-de-la-voile-aux-geants-des-mers4-2975-3952.jpg","libelle":"musee-de-la-marine-saint-brevin-exposition-de-la-voile-aux-geants-des-mers4-2975","extension":"jpg","categorie":"","largeur":1920,"theme":"","hauteur":1440,"type":"Image","origine":"","liaisonPave":"","langue":"","id":"3952","urlVignette":"https:\/\/www.saint-brevin.com\/medias\/images\/prestataires\/v-musee-de-la-marine-saint-brevin-exposition-de-la-voile-aux-geants-des-mers4-2975-3952.jpg","alt":"musee-de-la-marine-saint-brevin-exposition-de-la-voile-aux-geants-des-mers4-2975","title":"musee-de-la-marine-saint-brevin-exposition-de-la-voile-aux-geants-des-mers4-2975","MultiTaille":{"1920x1440":{"url":"https:\/\/www.saint-brevin.com\/medias\/images\/prestataires\/multitailles\/1920x1440_musee-de-la-marine-saint-brevin-exposition-de-la-voile-aux-geants-des-mers4-2975-3952.jpg"},"1200x900":{"url":"https:\/\/www.saint-brevin.com\/medias\/images\/prestataires\/multitailles\/1200x900_musee-de-la-marine-saint-brevin-exposition-de-la-voile-aux-geants-des-mers4-2975-3952.jpg"},"800x600":{"url":"https:\/\/www.saint-brevin.com\/medias\/images\/prestataires\/multitailles\/800x600_musee-de-la-marine-saint-brevin-exposition-de-la-voile-aux-geants-des-mers4-2975-3952.jpg"},"640x480":{"url":"https:\/\/www.saint-brevin.com\/medias\/images\/prestataires\/multitailles\/640x480_musee-de-la-marine-saint-brevin-exposition-de-la-voile-aux-geants-des-mers4-2975-3952.jpg"},"320x240":{"url":"https:\/\/www.saint-brevin.com\/medias\/images\/prestataires\/multitailles\/320x240_musee-de-la-marine-saint-brevin-exposition-de-la-voile-aux-geants-des-mers4-2975-3952.jpg"},"160x120":{"url":"https:\/\/www.saint-brevin.com\/medias\/images\/prestataires\/multitailles\/160x120_musee-de-la-marine-saint-brevin-exposition-de-la-voile-aux-geants-des-mers4-2975-3952.jpg"},"origine":{"url":"https:\/\/www.saint-brevin.com\/medias\/images\/prestataires\/musee-de-la-marine-saint-brevin-exposition-de-la-voile-aux-geants-des-mers4-2975-3952.jpg"}},"urlLien":"","typeLien":"","nofollow":"N","copyright":""},{"url":"https:\/\/www.saint-brevin.com\/medias\/images\/prestataires\/musee-de-la-marine-saint-brevin-exposition-de-la-voile-aux-geants-des-mers3-2976-3953.jpg","chemin":"..\/medias\/images\/prestataires\/musee-de-la-marine-saint-brevin-exposition-de-la-voile-aux-geants-des-mers3-2976-3953.jpg","libelle":"musee-de-la-marine-saint-brevin-exposition-de-la-voile-aux-geants-des-mers3-2976","extension":"jpg","categorie":"","largeur":1920,"theme":"","hauteur":1440,"type":"Image","origine":"","liaisonPave":"","langue":"","id":"3953","urlVignette":"https:\/\/www.saint-brevin.com\/medias\/images\/prestataires\/v-musee-de-la-marine-saint-brevin-exposition-de-la-voile-aux-geants-des-mers3-2976-3953.jpg","alt":"musee-de-la-marine-saint-brevin-exposition-de-la-voile-aux-geants-des-mers3-2976","title":"musee-de-la-marine-saint-brevin-exposition-de-la-voile-aux-geants-des-mers3-2976","MultiTaille":{"1920x1440":{"url":"https:\/\/www.saint-brevin.com\/medias\/images\/prestataires\/multitailles\/1920x1440_musee-de-la-marine-saint-brevin-exposition-de-la-voile-aux-geants-des-mers3-2976-3953.jpg"},"1200x900":{"url":"https:\/\/www.saint-brevin.com\/medias\/images\/prestataires\/multitailles\/1200x900_musee-de-la-marine-saint-brevin-exposition-de-la-voile-aux-geants-des-mers3-2976-3953.jpg"},"800x600":{"url":"https:\/\/www.saint-brevin.com\/medias\/images\/prestataires\/multitailles\/800x600_musee-de-la-marine-saint-brevin-exposition-de-la-voile-aux-geants-des-mers3-2976-3953.jpg"},"640x480":{"url":"https:\/\/www.saint-brevin.com\/medias\/images\/prestataires\/multitailles\/640x480_musee-de-la-marine-saint-brevin-exposition-de-la-voile-aux-geants-des-mers3-2976-3953.jpg"},"320x240":{"url":"https:\/\/www.saint-brevin.com\/medias\/images\/prestataires\/multitailles\/320x240_musee-de-la-marine-saint-brevin-exposition-de-la-voile-aux-geants-des-mers3-2976-3953.jpg"},"160x120":{"url":"https:\/\/www.saint-brevin.com\/medias\/images\/prestataires\/multitailles\/160x120_musee-de-la-marine-saint-brevin-exposition-de-la-voile-aux-geants-des-mers3-2976-3953.jpg"},"origine":{"url":"https:\/\/www.saint-brevin.com\/medias\/images\/prestataires\/musee-de-la-marine-saint-brevin-exposition-de-la-voile-aux-geants-des-mers3-2976-3953.jpg"}},"urlLien":"","typeLien":"","nofollow":"N","copyright":""},{"url":"https:\/\/www.saint-brevin.com\/medias\/images\/prestataires\/musee-de-la-marine-saint-brevin-exposition-de-la-voile-aux-geants-des-mers6-2977-3954.jpg","chemin":"..\/medias\/images\/prestataires\/musee-de-la-marine-saint-brevin-exposition-de-la-voile-aux-geants-des-mers6-2977-3954.jpg","libelle":"musee-de-la-marine-saint-brevin-exposition-de-la-voile-aux-geants-des-mers6-2977","extension":"jpg","categorie":"","largeur":1920,"theme":"","hauteur":1440,"type":"Image","origine":"","liaisonPave":"","langue":"","id":"3954","urlVignette":"https:\/\/www.saint-brevin.com\/medias\/images\/prestataires\/v-musee-de-la-marine-saint-brevin-exposition-de-la-voile-aux-geants-des-mers6-2977-3954.jpg","alt":"musee-de-la-marine-saint-brevin-exposition-de-la-voile-aux-geants-des-mers6-2977","title":"musee-de-la-marine-saint-brevin-exposition-de-la-voile-aux-geants-des-mers6-2977","MultiTaille":{"1920x1440":{"url":"https:\/\/www.saint-brevin.com\/medias\/images\/prestataires\/multitailles\/1920x1440_musee-de-la-marine-saint-brevin-exposition-de-la-voile-aux-geants-des-mers6-2977-3954.jpg"},"1200x900":{"url":"https:\/\/www.saint-brevin.com\/medias\/images\/prestataires\/multitailles\/1200x900_musee-de-la-marine-saint-brevin-exposition-de-la-voile-aux-geants-des-mers6-2977-3954.jpg"},"800x600":{"url":"https:\/\/www.saint-brevin.com\/medias\/images\/prestataires\/multitailles\/800x600_musee-de-la-marine-saint-brevin-exposition-de-la-voile-aux-geants-des-mers6-2977-3954.jpg"},"640x480":{"url":"https:\/\/www.saint-brevin.com\/medias\/images\/prestataires\/multitailles\/640x480_musee-de-la-marine-saint-brevin-exposition-de-la-voile-aux-geants-des-mers6-2977-3954.jpg"},"320x240":{"url":"https:\/\/www.saint-brevin.com\/medias\/images\/prestataires\/multitailles\/320x240_musee-de-la-marine-saint-brevin-exposition-de-la-voile-aux-geants-des-mers6-2977-3954.jpg"},"160x120":{"url":"https:\/\/www.saint-brevin.com\/medias\/images\/prestataires\/multitailles\/160x120_musee-de-la-marine-saint-brevin-exposition-de-la-voile-aux-geants-des-mers6-2977-3954.jpg"},"origine":{"url":"https:\/\/www.saint-brevin.com\/medias\/images\/prestataires\/musee-de-la-marine-saint-brevin-exposition-de-la-voile-aux-geants-des-mers6-2977-3954.jpg"}},"urlLien":"","typeLien":"","nofollow":"N","copyright":""},{"url":"https:\/\/www.saint-brevin.com\/medias\/images\/prestataires\/musee-de-la-marine-saint-brevin-exposition-de-la-voile-aux-geants-des-mers5-2979-3956.jpg","chemin":"..\/medias\/images\/prestataires\/musee-de-la-marine-saint-brevin-exposition-de-la-voile-aux-geants-des-mers5-2979-3956.jpg","libelle":"musee-de-la-marine-saint-brevin-exposition-de-la-voile-aux-geants-des-mers5-2979","extension":"jpg","categorie":"","largeur":1920,"theme":"","hauteur":1440,"type":"Image","origine":"","liaisonPave":"","langue":"","id":"3956","urlVignette":"https:\/\/www.saint-brevin.com\/medias\/images\/prestataires\/v-musee-de-la-marine-saint-brevin-exposition-de-la-voile-aux-geants-des-mers5-2979-3956.jpg","alt":"musee-de-la-marine-saint-brevin-exposition-de-la-voile-aux-geants-des-mers5-2979","title":"musee-de-la-marine-saint-brevin-exposition-de-la-voile-aux-geants-des-mers5-2979","MultiTaille":{"1920x1440":{"url":"https:\/\/www.saint-brevin.com\/medias\/images\/prestataires\/multitailles\/1920x1440_musee-de-la-marine-saint-brevin-exposition-de-la-voile-aux-geants-des-mers5-2979-3956.jpg"},"1200x900":{"url":"https:\/\/www.saint-brevin.com\/medias\/images\/prestataires\/multitailles\/1200x900_musee-de-la-marine-saint-brevin-exposition-de-la-voile-aux-geants-des-mers5-2979-3956.jpg"},"800x600":{"url":"https:\/\/www.saint-brevin.com\/medias\/images\/prestataires\/multitailles\/800x600_musee-de-la-marine-saint-brevin-exposition-de-la-voile-aux-geants-des-mers5-2979-3956.jpg"},"640x480":{"url":"https:\/\/www.saint-brevin.com\/medias\/images\/prestataires\/multitailles\/640x480_musee-de-la-marine-saint-brevin-exposition-de-la-voile-aux-geants-des-mers5-2979-3956.jpg"},"320x240":{"url":"https:\/\/www.saint-brevin.com\/medias\/images\/prestataires\/multitailles\/320x240_musee-de-la-marine-saint-brevin-exposition-de-la-voile-aux-geants-des-mers5-2979-3956.jpg"},"160x120":{"url":"https:\/\/www.saint-brevin.com\/medias\/images\/prestataires\/multitailles\/160x120_musee-de-la-marine-saint-brevin-exposition-de-la-voile-aux-geants-des-mers5-2979-3956.jpg"},"origine":{"url":"https:\/\/www.saint-brevin.com\/medias\/images\/prestataires\/musee-de-la-marine-saint-brevin-exposition-de-la-voile-aux-geants-des-mers5-2979-3956.jpg"}},"urlLien":"","typeLien":"","nofollow":"N","copyright":""},{"url":"https:\/\/www.saint-brevin.com\/medias\/images\/prestataires\/musee-de-la-marine-saint-brevin3-2982-3959.jpg","chemin":"..\/medias\/images\/prestataires\/musee-de-la-marine-saint-brevin3-2982-3959.jpg","libelle":"musee-de-la-marine-saint-brevin3-2982","extension":"jpg","categorie":"","largeur":1920,"theme":"","hauteur":1440,"type":"Image","origine":"","liaisonPave":"","langue":"","id":"3959","urlVignette":"https:\/\/www.saint-brevin.com\/medias\/images\/prestataires\/v-musee-de-la-marine-saint-brevin3-2982-3959.jpg","alt":"musee-de-la-marine-saint-brevin3-2982","title":"musee-de-la-marine-saint-brevin3-2982","MultiTaille":{"1920x1440":{"url":"https:\/\/www.saint-brevin.com\/medias\/images\/prestataires\/multitailles\/1920x1440_musee-de-la-marine-saint-brevin3-2982-3959.jpg"},"1200x900":{"url":"https:\/\/www.saint-brevin.com\/medias\/images\/prestataires\/multitailles\/1200x900_musee-de-la-marine-saint-brevin3-2982-3959.jpg"},"800x600":{"url":"https:\/\/www.saint-brevin.com\/medias\/images\/prestataires\/multitailles\/800x600_musee-de-la-marine-saint-brevin3-2982-3959.jpg"},"640x480":{"url":"https:\/\/www.saint-brevin.com\/medias\/images\/prestataires\/multitailles\/640x480_musee-de-la-marine-saint-brevin3-2982-3959.jpg"},"320x240":{"url":"https:\/\/www.saint-brevin.com\/medias\/images\/prestataires\/multitailles\/320x240_musee-de-la-marine-saint-brevin3-2982-3959.jpg"},"160x120":{"url":"https:\/\/www.saint-brevin.com\/medias\/images\/prestataires\/multitailles\/160x120_musee-de-la-marine-saint-brevin3-2982-3959.jpg"},"origine":{"url":"https:\/\/www.saint-brevin.com\/medias\/images\/prestataires\/musee-de-la-marine-saint-brevin3-2982-3959.jpg"}},"urlLien":"","typeLien":"","nofollow":"N","copyright":""},{"url":"https:\/\/www.saint-brevin.com\/medias\/images\/prestataires\/musee-de-la-marine-saint-brevin-exposition-de-la-voile-aux-geants-des-mers7-2980-3957.jpg","chemin":"..\/medias\/images\/prestataires\/musee-de-la-marine-saint-brevin-exposition-de-la-voile-aux-geants-des-mers7-2980-3957.jpg","libelle":"musee-de-la-marine-saint-brevin-exposition-de-la-voile-aux-geants-des-mers7-2980","extension":"jpg","categorie":"","largeur":1920,"theme":"","hauteur":1440,"type":"Image","origine":"","liaisonPave":"","langue":"","id":"3957","urlVignette":"https:\/\/www.saint-brevin.com\/medias\/images\/prestataires\/v-musee-de-la-marine-saint-brevin-exposition-de-la-voile-aux-geants-des-mers7-2980-3957.jpg","alt":"musee-de-la-marine-saint-brevin-exposition-de-la-voile-aux-geants-des-mers7-2980","title":"musee-de-la-marine-saint-brevin-exposition-de-la-voile-aux-geants-des-mers7-2980","MultiTaille":{"1920x1440":{"url":"https:\/\/www.saint-brevin.com\/medias\/images\/prestataires\/multitailles\/1920x1440_musee-de-la-marine-saint-brevin-exposition-de-la-voile-aux-geants-des-mers7-2980-3957.jpg"},"1200x900":{"url":"https:\/\/www.saint-brevin.com\/medias\/images\/prestataires\/multitailles\/1200x900_musee-de-la-marine-saint-brevin-exposition-de-la-voile-aux-geants-des-mers7-2980-3957.jpg"},"800x600":{"url":"https:\/\/www.saint-brevin.com\/medias\/images\/prestataires\/multitailles\/800x600_musee-de-la-marine-saint-brevin-exposition-de-la-voile-aux-geants-des-mers7-2980-3957.jpg"},"640x480":{"url":"https:\/\/www.saint-brevin.com\/medias\/images\/prestataires\/multitailles\/640x480_musee-de-la-marine-saint-brevin-exposition-de-la-voile-aux-geants-des-mers7-2980-3957.jpg"},"320x240":{"url":"https:\/\/www.saint-brevin.com\/medias\/images\/prestataires\/multitailles\/320x240_musee-de-la-marine-saint-brevin-exposition-de-la-voile-aux-geants-des-mers7-2980-3957.jpg"},"160x120":{"url":"https:\/\/www.saint-brevin.com\/medias\/images\/prestataires\/multitailles\/160x120_musee-de-la-marine-saint-brevin-exposition-de-la-voile-aux-geants-des-mers7-2980-3957.jpg"},"origine":{"url":"https:\/\/www.saint-brevin.com\/medias\/images\/prestataires\/musee-de-la-marine-saint-brevin-exposition-de-la-voile-aux-geants-des-mers7-2980-3957.jpg"}},"urlLien":"","typeLien":"","nofollow":"N","copyright":""},{"url":"https:\/\/www.saint-brevin.com\/medias\/images\/prestataires\/musee-de-la-marine-saint-brevin4-2983-3960.jpg","chemin":"..\/medias\/images\/prestataires\/musee-de-la-marine-saint-brevin4-2983-3960.jpg","libelle":"musee-de-la-marine-saint-brevin4-2983","extension":"jpg","categorie":"","largeur":1800,"theme":"","hauteur":2400,"type":"Image","origine":"","liaisonPave":"","langue":"","id":"3960","urlVignette":"https:\/\/www.saint-brevin.com\/medias\/images\/prestataires\/v-musee-de-la-marine-saint-brevin4-2983-3960.jpg","alt":"musee-de-la-marine-saint-brevin4-2983","title":"musee-de-la-marine-saint-brevin4-2983","MultiTaille":{"1920x1440":{"url":"https:\/\/www.saint-brevin.com\/medias\/images\/prestataires\/multitailles\/1920x1440_musee-de-la-marine-saint-brevin4-2983-3960.jpg"},"1200x900":{"url":"https:\/\/www.saint-brevin.com\/medias\/images\/prestataires\/multitailles\/1200x900_musee-de-la-marine-saint-brevin4-2983-3960.jpg"},"800x600":{"url":"https:\/\/www.saint-brevin.com\/medias\/images\/prestataires\/multitailles\/800x600_musee-de-la-marine-saint-brevin4-2983-3960.jpg"},"640x480":{"url":"https:\/\/www.saint-brevin.com\/medias\/images\/prestataires\/multitailles\/640x480_musee-de-la-marine-saint-brevin4-2983-3960.jpg"},"320x240":{"url":"https:\/\/www.saint-brevin.com\/medias\/images\/prestataires\/multitailles\/320x240_musee-de-la-marine-saint-brevin4-2983-3960.jpg"},"160x120":{"url":"https:\/\/www.saint-brevin.com\/medias\/images\/prestataires\/multitailles\/160x120_musee-de-la-marine-saint-brevin4-2983-3960.jpg"},"origine":{"url":"https:\/\/www.saint-brevin.com\/medias\/images\/prestataires\/musee-de-la-marine-saint-brevin4-2983-3960.jpg"}},"urlLien":"","typeLien":"","nofollow":"N","copyright":""}],"ByCategorie":{"":[{"url":"https:\/\/www.saint-brevin.com\/medias\/images\/prestataires\/musee-marine-saint-brevin-2-874-3943.jpg","chemin":"..\/medias\/images\/prestataires\/musee-marine-saint-brevin-2-874-3943.jpg","libelle":"musee-marine-saint-brevin-2","extension":"jpg","categorie":"","largeur":5411,"theme":"","hauteur":3608,"type":"Image","origine":"","liaisonPave":"","langue":"","id":"3943","urlVignette":"https:\/\/www.saint-brevin.com\/medias\/images\/prestataires\/v-musee-marine-saint-brevin-2-874-3943.jpg","alt":"musee-marine-saint-brevin-2","title":"musee-marine-saint-brevin-2","MultiTaille":{"1920x1440":{"url":"https:\/\/www.saint-brevin.com\/medias\/images\/prestataires\/multitailles\/1920x1440_musee-marine-saint-brevin-2-874-3943.jpg"},"1200x900":{"url":"https:\/\/www.saint-brevin.com\/medias\/images\/prestataires\/multitailles\/1200x900_musee-marine-saint-brevin-2-874-3943.jpg"},"800x600":{"url":"https:\/\/www.saint-brevin.com\/medias\/images\/prestataires\/multitailles\/800x600_musee-marine-saint-brevin-2-874-3943.jpg"},"640x480":{"url":"https:\/\/www.saint-brevin.com\/medias\/images\/prestataires\/multitailles\/640x480_musee-marine-saint-brevin-2-874-3943.jpg"},"320x240":{"url":"https:\/\/www.saint-brevin.com\/medias\/images\/prestataires\/multitailles\/320x240_musee-marine-saint-brevin-2-874-3943.jpg"},"160x120":{"url":"https:\/\/www.saint-brevin.com\/medias\/images\/prestataires\/multitailles\/160x120_musee-marine-saint-brevin-2-874-3943.jpg"},"origine":{"url":"https:\/\/www.saint-brevin.com\/medias\/images\/prestataires\/musee-marine-saint-brevin-2-874-3943.jpg"}},"urlLien":"","typeLien":"|","nofollow":"N","copyright":"Ot-St-Brevin"},{"url":"https:\/\/youtu-3949.be\/2d_hpkdeqbm","libelle":"Embarquez avec les Sauveteurs en Mer !","categorie":"","largeur":"","theme":"","hauteur":"","type":"Video","origine":"YOUTUBE","liaisonPave":"","langue":"","id":"3949","htmlVideo":null,"vignetteVideo":null},{"url":"https:\/\/www.saint-brevin.com\/medias\/images\/prestataires\/expo2024-affiche-9270.jpg","chemin":"..\/medias\/images\/prestataires\/expo2024-affiche-9270.jpg","libelle":"expo2024-affiche-9270","extension":"jpg","categorie":"","largeur":3508,"theme":"","hauteur":4961,"type":"Image","origine":"","liaisonPave":"","langue":"","id":"9270","urlVignette":"https:\/\/www.saint-brevin.com\/medias\/images\/prestataires\/v-expo2024-affiche-9270.jpg","alt":"expo2024-affiche-9270","title":"expo2024-affiche-9270","MultiTaille":{"1920x1440":{"url":"https:\/\/www.saint-brevin.com\/medias\/images\/prestataires\/multitailles\/1920x1440_expo2024-affiche-9270.jpg"},"1200x900":{"url":"https:\/\/www.saint-brevin.com\/medias\/images\/prestataires\/multitailles\/1200x900_expo2024-affiche-9270.jpg"},"800x600":{"url":"https:\/\/www.saint-brevin.com\/medias\/images\/prestataires\/multitailles\/800x600_expo2024-affiche-9270.jpg"},"640x480":{"url":"https:\/\/www.saint-brevin.com\/medias\/images\/prestataires\/multitailles\/640x480_expo2024-affiche-9270.jpg"},"320x240":{"url":"https:\/\/www.saint-brevin.com\/medias\/images\/prestataires\/multitailles\/320x240_expo2024-affiche-9270.jpg"},"160x120":{"url":"https:\/\/www.saint-brevin.com\/medias\/images\/prestataires\/multitailles\/160x120_expo2024-affiche-9270.jpg"},"origine":{"url":"https:\/\/www.saint-brevin.com\/medias\/images\/prestataires\/expo2024-affiche-9270.jpg"}},"urlLien":"","typeLien":"","nofollow":"N","copyright":""},{"url":"https:\/\/youtu-3961.be\/7ntek3hvq_8","libelle":"Vend\u00e9e Globe et Route du Rhum - Les grands skippers d\u2019hier et d\u2019aujourd\u2019hui","categorie":"","largeur":"","theme":"","hauteur":"","type":"Video","origine":"YOUTUBE","liaisonPave":"","langue":"","id":"3961","htmlVideo":null,"vignetteVideo":null},{"url":"https:\/\/www.saint-brevin.com\/medias\/images\/prestataires\/musee-marine-saint-brevin-1-875-3944.jpg","chemin":"..\/medias\/images\/prestataires\/musee-marine-saint-brevin-1-875-3944.jpg","libelle":"musee-marine-saint-brevin-1","extension":"jpg","categorie":"","largeur":5259,"theme":"","hauteur":3506,"type":"Image","origine":"","liaisonPave":"","langue":"","id":"3944","urlVignette":"https:\/\/www.saint-brevin.com\/medias\/images\/prestataires\/v-musee-marine-saint-brevin-1-875-3944.jpg","alt":"musee-marine-saint-brevin-1","title":"musee-marine-saint-brevin-1","MultiTaille":{"1920x1440":{"url":"https:\/\/www.saint-brevin.com\/medias\/images\/prestataires\/multitailles\/1920x1440_musee-marine-saint-brevin-1-875-3944.jpg"},"1200x900":{"url":"https:\/\/www.saint-brevin.com\/medias\/images\/prestataires\/multitailles\/1200x900_musee-marine-saint-brevin-1-875-3944.jpg"},"800x600":{"url":"https:\/\/www.saint-brevin.com\/medias\/images\/prestataires\/multitailles\/800x600_musee-marine-saint-brevin-1-875-3944.jpg"},"640x480":{"url":"https:\/\/www.saint-brevin.com\/medias\/images\/prestataires\/multitailles\/640x480_musee-marine-saint-brevin-1-875-3944.jpg"},"320x240":{"url":"https:\/\/www.saint-brevin.com\/medias\/images\/prestataires\/multitailles\/320x240_musee-marine-saint-brevin-1-875-3944.jpg"},"160x120":{"url":"https:\/\/www.saint-brevin.com\/medias\/images\/prestataires\/multitailles\/160x120_musee-marine-saint-brevin-1-875-3944.jpg"},"origine":{"url":"https:\/\/www.saint-brevin.com\/medias\/images\/prestataires\/musee-marine-saint-brevin-1-875-3944.jpg"}},"urlLien":"","typeLien":"|","nofollow":"N","copyright":"Ot-St-Brevin"},{"url":"https:\/\/www.saint-brevin.com\/medias\/images\/prestataires\/musee-marine-saint-brevin-52-873-3942.jpg","chemin":"..\/medias\/images\/prestataires\/musee-marine-saint-brevin-52-873-3942.jpg","libelle":"musee-marine-saint-brevin-52","extension":"jpg","categorie":"","largeur":5760,"theme":"","hauteur":3840,"type":"Image","origine":"","liaisonPave":"","langue":"","id":"3942","urlVignette":"https:\/\/www.saint-brevin.com\/medias\/images\/prestataires\/v-musee-marine-saint-brevin-52-873-3942.jpg","alt":"musee-marine-saint-brevin-52","title":"musee-marine-saint-brevin-52","MultiTaille":{"1920x1440":{"url":"https:\/\/www.saint-brevin.com\/medias\/images\/prestataires\/multitailles\/1920x1440_musee-marine-saint-brevin-52-873-3942.jpg"},"1200x900":{"url":"https:\/\/www.saint-brevin.com\/medias\/images\/prestataires\/multitailles\/1200x900_musee-marine-saint-brevin-52-873-3942.jpg"},"800x600":{"url":"https:\/\/www.saint-brevin.com\/medias\/images\/prestataires\/multitailles\/800x600_musee-marine-saint-brevin-52-873-3942.jpg"},"640x480":{"url":"https:\/\/www.saint-brevin.com\/medias\/images\/prestataires\/multitailles\/640x480_musee-marine-saint-brevin-52-873-3942.jpg"},"320x240":{"url":"https:\/\/www.saint-brevin.com\/medias\/images\/prestataires\/multitailles\/320x240_musee-marine-saint-brevin-52-873-3942.jpg"},"160x120":{"url":"https:\/\/www.saint-brevin.com\/medias\/images\/prestataires\/multitailles\/160x120_musee-marine-saint-brevin-52-873-3942.jpg"},"origine":{"url":"https:\/\/www.saint-brevin.com\/medias\/images\/prestataires\/musee-marine-saint-brevin-52-873-3942.jpg"}},"urlLien":"","typeLien":"|","nofollow":"N","copyright":"Ot-St-Brevin"},{"url":"https:\/\/www.saint-brevin.com\/medias\/images\/prestataires\/musee-de-la-marine-saint-brevin1-2978-3955.jpg","chemin":"..\/medias\/images\/prestataires\/musee-de-la-marine-saint-brevin1-2978-3955.jpg","libelle":"musee-de-la-marine-saint-brevin1-2978","extension":"jpg","categorie":"","largeur":1920,"theme":"","hauteur":1280,"type":"Image","origine":"","liaisonPave":"","langue":"","id":"3955","urlVignette":"https:\/\/www.saint-brevin.com\/medias\/images\/prestataires\/v-musee-de-la-marine-saint-brevin1-2978-3955.jpg","alt":"musee-de-la-marine-saint-brevin1-2978","title":"musee-de-la-marine-saint-brevin1-2978","MultiTaille":{"1920x1440":{"url":"https:\/\/www.saint-brevin.com\/medias\/images\/prestataires\/multitailles\/1920x1440_musee-de-la-marine-saint-brevin1-2978-3955.jpg"},"1200x900":{"url":"https:\/\/www.saint-brevin.com\/medias\/images\/prestataires\/multitailles\/1200x900_musee-de-la-marine-saint-brevin1-2978-3955.jpg"},"800x600":{"url":"https:\/\/www.saint-brevin.com\/medias\/images\/prestataires\/multitailles\/800x600_musee-de-la-marine-saint-brevin1-2978-3955.jpg"},"640x480":{"url":"https:\/\/www.saint-brevin.com\/medias\/images\/prestataires\/multitailles\/640x480_musee-de-la-marine-saint-brevin1-2978-3955.jpg"},"320x240":{"url":"https:\/\/www.saint-brevin.com\/medias\/images\/prestataires\/multitailles\/320x240_musee-de-la-marine-saint-brevin1-2978-3955.jpg"},"160x120":{"url":"https:\/\/www.saint-brevin.com\/medias\/images\/prestataires\/multitailles\/160x120_musee-de-la-marine-saint-brevin1-2978-3955.jpg"},"origine":{"url":"https:\/\/www.saint-brevin.com\/medias\/images\/prestataires\/musee-de-la-marine-saint-brevin1-2978-3955.jpg"}},"urlLien":"","typeLien":"","nofollow":"N","copyright":""},{"url":"https:\/\/www.saint-brevin.com\/medias\/images\/prestataires\/musee-de-la-marine-saint-brevin2-2981-3958.jpg","chemin":"..\/medias\/images\/prestataires\/musee-de-la-marine-saint-brevin2-2981-3958.jpg","libelle":"musee-de-la-marine-saint-brevin2-2981","extension":"jpg","categorie":"","largeur":1920,"theme":"","hauteur":1280,"type":"Image","origine":"","liaisonPave":"","langue":"","id":"3958","urlVignette":"https:\/\/www.saint-brevin.com\/medias\/images\/prestataires\/v-musee-de-la-marine-saint-brevin2-2981-3958.jpg","alt":"musee-de-la-marine-saint-brevin2-2981","title":"musee-de-la-marine-saint-brevin2-2981","MultiTaille":{"1920x1440":{"url":"https:\/\/www.saint-brevin.com\/medias\/images\/prestataires\/multitailles\/1920x1440_musee-de-la-marine-saint-brevin2-2981-3958.jpg"},"1200x900":{"url":"https:\/\/www.saint-brevin.com\/medias\/images\/prestataires\/multitailles\/1200x900_musee-de-la-marine-saint-brevin2-2981-3958.jpg"},"800x600":{"url":"https:\/\/www.saint-brevin.com\/medias\/images\/prestataires\/multitailles\/800x600_musee-de-la-marine-saint-brevin2-2981-3958.jpg"},"640x480":{"url":"https:\/\/www.saint-brevin.com\/medias\/images\/prestataires\/multitailles\/640x480_musee-de-la-marine-saint-brevin2-2981-3958.jpg"},"320x240":{"url":"https:\/\/www.saint-brevin.com\/medias\/images\/prestataires\/multitailles\/320x240_musee-de-la-marine-saint-brevin2-2981-3958.jpg"},"160x120":{"url":"https:\/\/www.saint-brevin.com\/medias\/images\/prestataires\/multitailles\/160x120_musee-de-la-marine-saint-brevin2-2981-3958.jpg"},"origine":{"url":"https:\/\/www.saint-brevin.com\/medias\/images\/prestataires\/musee-de-la-marine-saint-brevin2-2981-3958.jpg"}},"urlLien":"","typeLien":"","nofollow":"N","copyright":""},{"url":"https:\/\/www.saint-brevin.com\/medias\/images\/prestataires\/musee-marine-saint-brevin-2-876-3945.jpg","chemin":"..\/medias\/images\/prestataires\/musee-marine-saint-brevin-2-876-3945.jpg","libelle":"musee-marine-saint-brevin-2","extension":"jpg","categorie":"","largeur":4368,"theme":"","hauteur":2912,"type":"Image","origine":"","liaisonPave":"","langue":"","id":"3945","urlVignette":"https:\/\/www.saint-brevin.com\/medias\/images\/prestataires\/v-musee-marine-saint-brevin-2-876-3945.jpg","alt":"musee-marine-saint-brevin-2","title":"musee-marine-saint-brevin-2","MultiTaille":{"1920x1440":{"url":"https:\/\/www.saint-brevin.com\/medias\/images\/prestataires\/multitailles\/1920x1440_musee-marine-saint-brevin-2-876-3945.jpg"},"1200x900":{"url":"https:\/\/www.saint-brevin.com\/medias\/images\/prestataires\/multitailles\/1200x900_musee-marine-saint-brevin-2-876-3945.jpg"},"800x600":{"url":"https:\/\/www.saint-brevin.com\/medias\/images\/prestataires\/multitailles\/800x600_musee-marine-saint-brevin-2-876-3945.jpg"},"640x480":{"url":"https:\/\/www.saint-brevin.com\/medias\/images\/prestataires\/multitailles\/640x480_musee-marine-saint-brevin-2-876-3945.jpg"},"320x240":{"url":"https:\/\/www.saint-brevin.com\/medias\/images\/prestataires\/multitailles\/320x240_musee-marine-saint-brevin-2-876-3945.jpg"},"160x120":{"url":"https:\/\/www.saint-brevin.com\/medias\/images\/prestataires\/multitailles\/160x120_musee-marine-saint-brevin-2-876-3945.jpg"},"origine":{"url":"https:\/\/www.saint-brevin.com\/medias\/images\/prestataires\/musee-marine-saint-brevin-2-876-3945.jpg"}},"urlLien":"","typeLien":"|","nofollow":"N","copyright":"Ot-St-Brevin"},{"url":"https:\/\/www.saint-brevin.com\/medias\/images\/prestataires\/musee-marine-saint-brevin-3-877-3946.jpg","chemin":"..\/medias\/images\/prestataires\/musee-marine-saint-brevin-3-877-3946.jpg","libelle":"musee-marine-saint-brevin-3","extension":"jpg","categorie":"","largeur":4368,"theme":"","hauteur":2912,"type":"Image","origine":"","liaisonPave":"","langue":"","id":"3946","urlVignette":"https:\/\/www.saint-brevin.com\/medias\/images\/prestataires\/v-musee-marine-saint-brevin-3-877-3946.jpg","alt":"musee-marine-saint-brevin-3","title":"musee-marine-saint-brevin-3","MultiTaille":{"1920x1440":{"url":"https:\/\/www.saint-brevin.com\/medias\/images\/prestataires\/multitailles\/1920x1440_musee-marine-saint-brevin-3-877-3946.jpg"},"1200x900":{"url":"https:\/\/www.saint-brevin.com\/medias\/images\/prestataires\/multitailles\/1200x900_musee-marine-saint-brevin-3-877-3946.jpg"},"800x600":{"url":"https:\/\/www.saint-brevin.com\/medias\/images\/prestataires\/multitailles\/800x600_musee-marine-saint-brevin-3-877-3946.jpg"},"640x480":{"url":"https:\/\/www.saint-brevin.com\/medias\/images\/prestataires\/multitailles\/640x480_musee-marine-saint-brevin-3-877-3946.jpg"},"320x240":{"url":"https:\/\/www.saint-brevin.com\/medias\/images\/prestataires\/multitailles\/320x240_musee-marine-saint-brevin-3-877-3946.jpg"},"160x120":{"url":"https:\/\/www.saint-brevin.com\/medias\/images\/prestataires\/multitailles\/160x120_musee-marine-saint-brevin-3-877-3946.jpg"},"origine":{"url":"https:\/\/www.saint-brevin.com\/medias\/images\/prestataires\/musee-marine-saint-brevin-3-877-3946.jpg"}},"urlLien":"","typeLien":"|","nofollow":"N","copyright":"Ot-St-Brevin"},{"url":"https:\/\/www.saint-brevin.com\/medias\/images\/prestataires\/musee-marine-saint-brevin-4-878-3947.jpg","chemin":"..\/medias\/images\/prestataires\/musee-marine-saint-brevin-4-878-3947.jpg","libelle":"musee-marine-saint-brevin-4","extension":"jpg","categorie":"","largeur":4368,"theme":"","hauteur":2912,"type":"Image","origine":"","liaisonPave":"","langue":"","id":"3947","urlVignette":"https:\/\/www.saint-brevin.com\/medias\/images\/prestataires\/v-musee-marine-saint-brevin-4-878-3947.jpg","alt":"musee-marine-saint-brevin-4","title":"musee-marine-saint-brevin-4","MultiTaille":{"1920x1440":{"url":"https:\/\/www.saint-brevin.com\/medias\/images\/prestataires\/multitailles\/1920x1440_musee-marine-saint-brevin-4-878-3947.jpg"},"1200x900":{"url":"https:\/\/www.saint-brevin.com\/medias\/images\/prestataires\/multitailles\/1200x900_musee-marine-saint-brevin-4-878-3947.jpg"},"800x600":{"url":"https:\/\/www.saint-brevin.com\/medias\/images\/prestataires\/multitailles\/800x600_musee-marine-saint-brevin-4-878-3947.jpg"},"640x480":{"url":"https:\/\/www.saint-brevin.com\/medias\/images\/prestataires\/multitailles\/640x480_musee-marine-saint-brevin-4-878-3947.jpg"},"320x240":{"url":"https:\/\/www.saint-brevin.com\/medias\/images\/prestataires\/multitailles\/320x240_musee-marine-saint-brevin-4-878-3947.jpg"},"160x120":{"url":"https:\/\/www.saint-brevin.com\/medias\/images\/prestataires\/multitailles\/160x120_musee-marine-saint-brevin-4-878-3947.jpg"},"origine":{"url":"https:\/\/www.saint-brevin.com\/medias\/images\/prestataires\/musee-marine-saint-brevin-4-878-3947.jpg"}},"urlLien":"","typeLien":"|","nofollow":"N","copyright":"Ot-St-Brevin"},{"url":"https:\/\/www.saint-brevin.com\/medias\/images\/prestataires\/musee-marine-saint-brevin-5-879-3948.jpg","chemin":"..\/medias\/images\/prestataires\/musee-marine-saint-brevin-5-879-3948.jpg","libelle":"musee-marine-saint-brevin-5","extension":"jpg","categorie":"","largeur":4368,"theme":"","hauteur":2912,"type":"Image","origine":"","liaisonPave":"","langue":"","id":"3948","urlVignette":"https:\/\/www.saint-brevin.com\/medias\/images\/prestataires\/v-musee-marine-saint-brevin-5-879-3948.jpg","alt":"musee-marine-saint-brevin-5","title":"musee-marine-saint-brevin-5","MultiTaille":{"1920x1440":{"url":"https:\/\/www.saint-brevin.com\/medias\/images\/prestataires\/multitailles\/1920x1440_musee-marine-saint-brevin-5-879-3948.jpg"},"1200x900":{"url":"https:\/\/www.saint-brevin.com\/medias\/images\/prestataires\/multitailles\/1200x900_musee-marine-saint-brevin-5-879-3948.jpg"},"800x600":{"url":"https:\/\/www.saint-brevin.com\/medias\/images\/prestataires\/multitailles\/800x600_musee-marine-saint-brevin-5-879-3948.jpg"},"640x480":{"url":"https:\/\/www.saint-brevin.com\/medias\/images\/prestataires\/multitailles\/640x480_musee-marine-saint-brevin-5-879-3948.jpg"},"320x240":{"url":"https:\/\/www.saint-brevin.com\/medias\/images\/prestataires\/multitailles\/320x240_musee-marine-saint-brevin-5-879-3948.jpg"},"160x120":{"url":"https:\/\/www.saint-brevin.com\/medias\/images\/prestataires\/multitailles\/160x120_musee-marine-saint-brevin-5-879-3948.jpg"},"origine":{"url":"https:\/\/www.saint-brevin.com\/medias\/images\/prestataires\/musee-marine-saint-brevin-5-879-3948.jpg"}},"urlLien":"","typeLien":"|","nofollow":"N","copyright":"Ot-St-Brevin"},{"url":"https:\/\/www.saint-brevin.com\/medias\/images\/prestataires\/musee-de-la-marine-saint-brevin-exposition-de-la-voile-aux-geants-des-mers2-2973-3950.jpg","chemin":"..\/medias\/images\/prestataires\/musee-de-la-marine-saint-brevin-exposition-de-la-voile-aux-geants-des-mers2-2973-3950.jpg","libelle":"musee-de-la-marine-saint-brevin-exposition-de-la-voile-aux-geants-des-mers2-2973","extension":"jpg","categorie":"","largeur":1920,"theme":"","hauteur":2560,"type":"Image","origine":"","liaisonPave":"","langue":"","id":"3950","urlVignette":"https:\/\/www.saint-brevin.com\/medias\/images\/prestataires\/v-musee-de-la-marine-saint-brevin-exposition-de-la-voile-aux-geants-des-mers2-2973-3950.jpg","alt":"musee-de-la-marine-saint-brevin-exposition-de-la-voile-aux-geants-des-mers2-2973","title":"musee-de-la-marine-saint-brevin-exposition-de-la-voile-aux-geants-des-mers2-2973","MultiTaille":{"1920x1440":{"url":"https:\/\/www.saint-brevin.com\/medias\/images\/prestataires\/multitailles\/1920x1440_musee-de-la-marine-saint-brevin-exposition-de-la-voile-aux-geants-des-mers2-2973-3950.jpg"},"1200x900":{"url":"https:\/\/www.saint-brevin.com\/medias\/images\/prestataires\/multitailles\/1200x900_musee-de-la-marine-saint-brevin-exposition-de-la-voile-aux-geants-des-mers2-2973-3950.jpg"},"800x600":{"url":"https:\/\/www.saint-brevin.com\/medias\/images\/prestataires\/multitailles\/800x600_musee-de-la-marine-saint-brevin-exposition-de-la-voile-aux-geants-des-mers2-2973-3950.jpg"},"640x480":{"url":"https:\/\/www.saint-brevin.com\/medias\/images\/prestataires\/multitailles\/640x480_musee-de-la-marine-saint-brevin-exposition-de-la-voile-aux-geants-des-mers2-2973-3950.jpg"},"320x240":{"url":"https:\/\/www.saint-brevin.com\/medias\/images\/prestataires\/multitailles\/320x240_musee-de-la-marine-saint-brevin-exposition-de-la-voile-aux-geants-des-mers2-2973-3950.jpg"},"160x120":{"url":"https:\/\/www.saint-brevin.com\/medias\/images\/prestataires\/multitailles\/160x120_musee-de-la-marine-saint-brevin-exposition-de-la-voile-aux-geants-des-mers2-2973-3950.jpg"},"origine":{"url":"https:\/\/www.saint-brevin.com\/medias\/images\/prestataires\/musee-de-la-marine-saint-brevin-exposition-de-la-voile-aux-geants-des-mers2-2973-3950.jpg"}},"urlLien":"","typeLien":"","nofollow":"N","copyright":""},{"url":"https:\/\/www.saint-brevin.com\/medias\/images\/prestataires\/musee-de-la-marine-saint-brevin-exposition-de-la-voile-aux-geants-des-mers1-2974-3951.jpg","chemin":"..\/medias\/images\/prestataires\/musee-de-la-marine-saint-brevin-exposition-de-la-voile-aux-geants-des-mers1-2974-3951.jpg","libelle":"musee-de-la-marine-saint-brevin-exposition-de-la-voile-aux-geants-des-mers1-2974","extension":"jpg","categorie":"","largeur":1920,"theme":"","hauteur":1440,"type":"Image","origine":"","liaisonPave":"","langue":"","id":"3951","urlVignette":"https:\/\/www.saint-brevin.com\/medias\/images\/prestataires\/v-musee-de-la-marine-saint-brevin-exposition-de-la-voile-aux-geants-des-mers1-2974-3951.jpg","alt":"musee-de-la-marine-saint-brevin-exposition-de-la-voile-aux-geants-des-mers1-2974","title":"musee-de-la-marine-saint-brevin-exposition-de-la-voile-aux-geants-des-mers1-2974","MultiTaille":{"1920x1440":{"url":"https:\/\/www.saint-brevin.com\/medias\/images\/prestataires\/multitailles\/1920x1440_musee-de-la-marine-saint-brevin-exposition-de-la-voile-aux-geants-des-mers1-2974-3951.jpg"},"1200x900":{"url":"https:\/\/www.saint-brevin.com\/medias\/images\/prestataires\/multitailles\/1200x900_musee-de-la-marine-saint-brevin-exposition-de-la-voile-aux-geants-des-mers1-2974-3951.jpg"},"800x600":{"url":"https:\/\/www.saint-brevin.com\/medias\/images\/prestataires\/multitailles\/800x600_musee-de-la-marine-saint-brevin-exposition-de-la-voile-aux-geants-des-mers1-2974-3951.jpg"},"640x480":{"url":"https:\/\/www.saint-brevin.com\/medias\/images\/prestataires\/multitailles\/640x480_musee-de-la-marine-saint-brevin-exposition-de-la-voile-aux-geants-des-mers1-2974-3951.jpg"},"320x240":{"url":"https:\/\/www.saint-brevin.com\/medias\/images\/prestataires\/multitailles\/320x240_musee-de-la-marine-saint-brevin-exposition-de-la-voile-aux-geants-des-mers1-2974-3951.jpg"},"160x120":{"url":"https:\/\/www.saint-brevin.com\/medias\/images\/prestataires\/multitailles\/160x120_musee-de-la-marine-saint-brevin-exposition-de-la-voile-aux-geants-des-mers1-2974-3951.jpg"},"origine":{"url":"https:\/\/www.saint-brevin.com\/medias\/images\/prestataires\/musee-de-la-marine-saint-brevin-exposition-de-la-voile-aux-geants-des-mers1-2974-3951.jpg"}},"urlLien":"","typeLien":"","nofollow":"N","copyright":""},{"url":"https:\/\/www.saint-brevin.com\/medias\/images\/prestataires\/musee-de-la-marine-saint-brevin-exposition-de-la-voile-aux-geants-des-mers4-2975-3952.jpg","chemin":"..\/medias\/images\/prestataires\/musee-de-la-marine-saint-brevin-exposition-de-la-voile-aux-geants-des-mers4-2975-3952.jpg","libelle":"musee-de-la-marine-saint-brevin-exposition-de-la-voile-aux-geants-des-mers4-2975","extension":"jpg","categorie":"","largeur":1920,"theme":"","hauteur":1440,"type":"Image","origine":"","liaisonPave":"","langue":"","id":"3952","urlVignette":"https:\/\/www.saint-brevin.com\/medias\/images\/prestataires\/v-musee-de-la-marine-saint-brevin-exposition-de-la-voile-aux-geants-des-mers4-2975-3952.jpg","alt":"musee-de-la-marine-saint-brevin-exposition-de-la-voile-aux-geants-des-mers4-2975","title":"musee-de-la-marine-saint-brevin-exposition-de-la-voile-aux-geants-des-mers4-2975","MultiTaille":{"1920x1440":{"url":"https:\/\/www.saint-brevin.com\/medias\/images\/prestataires\/multitailles\/1920x1440_musee-de-la-marine-saint-brevin-exposition-de-la-voile-aux-geants-des-mers4-2975-3952.jpg"},"1200x900":{"url":"https:\/\/www.saint-brevin.com\/medias\/images\/prestataires\/multitailles\/1200x900_musee-de-la-marine-saint-brevin-exposition-de-la-voile-aux-geants-des-mers4-2975-3952.jpg"},"800x600":{"url":"https:\/\/www.saint-brevin.com\/medias\/images\/prestataires\/multitailles\/800x600_musee-de-la-marine-saint-brevin-exposition-de-la-voile-aux-geants-des-mers4-2975-3952.jpg"},"640x480":{"url":"https:\/\/www.saint-brevin.com\/medias\/images\/prestataires\/multitailles\/640x480_musee-de-la-marine-saint-brevin-exposition-de-la-voile-aux-geants-des-mers4-2975-3952.jpg"},"320x240":{"url":"https:\/\/www.saint-brevin.com\/medias\/images\/prestataires\/multitailles\/320x240_musee-de-la-marine-saint-brevin-exposition-de-la-voile-aux-geants-des-mers4-2975-3952.jpg"},"160x120":{"url":"https:\/\/www.saint-brevin.com\/medias\/images\/prestataires\/multitailles\/160x120_musee-de-la-marine-saint-brevin-exposition-de-la-voile-aux-geants-des-mers4-2975-3952.jpg"},"origine":{"url":"https:\/\/www.saint-brevin.com\/medias\/images\/prestataires\/musee-de-la-marine-saint-brevin-exposition-de-la-voile-aux-geants-des-mers4-2975-3952.jpg"}},"urlLien":"","typeLien":"","nofollow":"N","copyright":""},{"url":"https:\/\/www.saint-brevin.com\/medias\/images\/prestataires\/musee-de-la-marine-saint-brevin-exposition-de-la-voile-aux-geants-des-mers3-2976-3953.jpg","chemin":"..\/medias\/images\/prestataires\/musee-de-la-marine-saint-brevin-exposition-de-la-voile-aux-geants-des-mers3-2976-3953.jpg","libelle":"musee-de-la-marine-saint-brevin-exposition-de-la-voile-aux-geants-des-mers3-2976","extension":"jpg","categorie":"","largeur":1920,"theme":"","hauteur":1440,"type":"Image","origine":"","liaisonPave":"","langue":"","id":"3953","urlVignette":"https:\/\/www.saint-brevin.com\/medias\/images\/prestataires\/v-musee-de-la-marine-saint-brevin-exposition-de-la-voile-aux-geants-des-mers3-2976-3953.jpg","alt":"musee-de-la-marine-saint-brevin-exposition-de-la-voile-aux-geants-des-mers3-2976","title":"musee-de-la-marine-saint-brevin-exposition-de-la-voile-aux-geants-des-mers3-2976","MultiTaille":{"1920x1440":{"url":"https:\/\/www.saint-brevin.com\/medias\/images\/prestataires\/multitailles\/1920x1440_musee-de-la-marine-saint-brevin-exposition-de-la-voile-aux-geants-des-mers3-2976-3953.jpg"},"1200x900":{"url":"https:\/\/www.saint-brevin.com\/medias\/images\/prestataires\/multitailles\/1200x900_musee-de-la-marine-saint-brevin-exposition-de-la-voile-aux-geants-des-mers3-2976-3953.jpg"},"800x600":{"url":"https:\/\/www.saint-brevin.com\/medias\/images\/prestataires\/multitailles\/800x600_musee-de-la-marine-saint-brevin-exposition-de-la-voile-aux-geants-des-mers3-2976-3953.jpg"},"640x480":{"url":"https:\/\/www.saint-brevin.com\/medias\/images\/prestataires\/multitailles\/640x480_musee-de-la-marine-saint-brevin-exposition-de-la-voile-aux-geants-des-mers3-2976-3953.jpg"},"320x240":{"url":"https:\/\/www.saint-brevin.com\/medias\/images\/prestataires\/multitailles\/320x240_musee-de-la-marine-saint-brevin-exposition-de-la-voile-aux-geants-des-mers3-2976-3953.jpg"},"160x120":{"url":"https:\/\/www.saint-brevin.com\/medias\/images\/prestataires\/multitailles\/160x120_musee-de-la-marine-saint-brevin-exposition-de-la-voile-aux-geants-des-mers3-2976-3953.jpg"},"origine":{"url":"https:\/\/www.saint-brevin.com\/medias\/images\/prestataires\/musee-de-la-marine-saint-brevin-exposition-de-la-voile-aux-geants-des-mers3-2976-3953.jpg"}},"urlLien":"","typeLien":"","nofollow":"N","copyright":""},{"url":"https:\/\/www.saint-brevin.com\/medias\/images\/prestataires\/musee-de-la-marine-saint-brevin-exposition-de-la-voile-aux-geants-des-mers6-2977-3954.jpg","chemin":"..\/medias\/images\/prestataires\/musee-de-la-marine-saint-brevin-exposition-de-la-voile-aux-geants-des-mers6-2977-3954.jpg","libelle":"musee-de-la-marine-saint-brevin-exposition-de-la-voile-aux-geants-des-mers6-2977","extension":"jpg","categorie":"","largeur":1920,"theme":"","hauteur":1440,"type":"Image","origine":"","liaisonPave":"","langue":"","id":"3954","urlVignette":"https:\/\/www.saint-brevin.com\/medias\/images\/prestataires\/v-musee-de-la-marine-saint-brevin-exposition-de-la-voile-aux-geants-des-mers6-2977-3954.jpg","alt":"musee-de-la-marine-saint-brevin-exposition-de-la-voile-aux-geants-des-mers6-2977","title":"musee-de-la-marine-saint-brevin-exposition-de-la-voile-aux-geants-des-mers6-2977","MultiTaille":{"1920x1440":{"url":"https:\/\/www.saint-brevin.com\/medias\/images\/prestataires\/multitailles\/1920x1440_musee-de-la-marine-saint-brevin-exposition-de-la-voile-aux-geants-des-mers6-2977-3954.jpg"},"1200x900":{"url":"https:\/\/www.saint-brevin.com\/medias\/images\/prestataires\/multitailles\/1200x900_musee-de-la-marine-saint-brevin-exposition-de-la-voile-aux-geants-des-mers6-2977-3954.jpg"},"800x600":{"url":"https:\/\/www.saint-brevin.com\/medias\/images\/prestataires\/multitailles\/800x600_musee-de-la-marine-saint-brevin-exposition-de-la-voile-aux-geants-des-mers6-2977-3954.jpg"},"640x480":{"url":"https:\/\/www.saint-brevin.com\/medias\/images\/prestataires\/multitailles\/640x480_musee-de-la-marine-saint-brevin-exposition-de-la-voile-aux-geants-des-mers6-2977-3954.jpg"},"320x240":{"url":"https:\/\/www.saint-brevin.com\/medias\/images\/prestataires\/multitailles\/320x240_musee-de-la-marine-saint-brevin-exposition-de-la-voile-aux-geants-des-mers6-2977-3954.jpg"},"160x120":{"url":"https:\/\/www.saint-brevin.com\/medias\/images\/prestataires\/multitailles\/160x120_musee-de-la-marine-saint-brevin-exposition-de-la-voile-aux-geants-des-mers6-2977-3954.jpg"},"origine":{"url":"https:\/\/www.saint-brevin.com\/medias\/images\/prestataires\/musee-de-la-marine-saint-brevin-exposition-de-la-voile-aux-geants-des-mers6-2977-3954.jpg"}},"urlLien":"","typeLien":"","nofollow":"N","copyright":""},{"url":"https:\/\/www.saint-brevin.com\/medias\/images\/prestataires\/musee-de-la-marine-saint-brevin-exposition-de-la-voile-aux-geants-des-mers5-2979-3956.jpg","chemin":"..\/medias\/images\/prestataires\/musee-de-la-marine-saint-brevin-exposition-de-la-voile-aux-geants-des-mers5-2979-3956.jpg","libelle":"musee-de-la-marine-saint-brevin-exposition-de-la-voile-aux-geants-des-mers5-2979","extension":"jpg","categorie":"","largeur":1920,"theme":"","hauteur":1440,"type":"Image","origine":"","liaisonPave":"","langue":"","id":"3956","urlVignette":"https:\/\/www.saint-brevin.com\/medias\/images\/prestataires\/v-musee-de-la-marine-saint-brevin-exposition-de-la-voile-aux-geants-des-mers5-2979-3956.jpg","alt":"musee-de-la-marine-saint-brevin-exposition-de-la-voile-aux-geants-des-mers5-2979","title":"musee-de-la-marine-saint-brevin-exposition-de-la-voile-aux-geants-des-mers5-2979","MultiTaille":{"1920x1440":{"url":"https:\/\/www.saint-brevin.com\/medias\/images\/prestataires\/multitailles\/1920x1440_musee-de-la-marine-saint-brevin-exposition-de-la-voile-aux-geants-des-mers5-2979-3956.jpg"},"1200x900":{"url":"https:\/\/www.saint-brevin.com\/medias\/images\/prestataires\/multitailles\/1200x900_musee-de-la-marine-saint-brevin-exposition-de-la-voile-aux-geants-des-mers5-2979-3956.jpg"},"800x600":{"url":"https:\/\/www.saint-brevin.com\/medias\/images\/prestataires\/multitailles\/800x600_musee-de-la-marine-saint-brevin-exposition-de-la-voile-aux-geants-des-mers5-2979-3956.jpg"},"640x480":{"url":"https:\/\/www.saint-brevin.com\/medias\/images\/prestataires\/multitailles\/640x480_musee-de-la-marine-saint-brevin-exposition-de-la-voile-aux-geants-des-mers5-2979-3956.jpg"},"320x240":{"url":"https:\/\/www.saint-brevin.com\/medias\/images\/prestataires\/multitailles\/320x240_musee-de-la-marine-saint-brevin-exposition-de-la-voile-aux-geants-des-mers5-2979-3956.jpg"},"160x120":{"url":"https:\/\/www.saint-brevin.com\/medias\/images\/prestataires\/multitailles\/160x120_musee-de-la-marine-saint-brevin-exposition-de-la-voile-aux-geants-des-mers5-2979-3956.jpg"},"origine":{"url":"https:\/\/www.saint-brevin.com\/medias\/images\/prestataires\/musee-de-la-marine-saint-brevin-exposition-de-la-voile-aux-geants-des-mers5-2979-3956.jpg"}},"urlLien":"","typeLien":"","nofollow":"N","copyright":""},{"url":"https:\/\/www.saint-brevin.com\/medias\/images\/prestataires\/musee-de-la-marine-saint-brevin3-2982-3959.jpg","chemin":"..\/medias\/images\/prestataires\/musee-de-la-marine-saint-brevin3-2982-3959.jpg","libelle":"musee-de-la-marine-saint-brevin3-2982","extension":"jpg","categorie":"","largeur":1920,"theme":"","hauteur":1440,"type":"Image","origine":"","liaisonPave":"","langue":"","id":"3959","urlVignette":"https:\/\/www.saint-brevin.com\/medias\/images\/prestataires\/v-musee-de-la-marine-saint-brevin3-2982-3959.jpg","alt":"musee-de-la-marine-saint-brevin3-2982","title":"musee-de-la-marine-saint-brevin3-2982","MultiTaille":{"1920x1440":{"url":"https:\/\/www.saint-brevin.com\/medias\/images\/prestataires\/multitailles\/1920x1440_musee-de-la-marine-saint-brevin3-2982-3959.jpg"},"1200x900":{"url":"https:\/\/www.saint-brevin.com\/medias\/images\/prestataires\/multitailles\/1200x900_musee-de-la-marine-saint-brevin3-2982-3959.jpg"},"800x600":{"url":"https:\/\/www.saint-brevin.com\/medias\/images\/prestataires\/multitailles\/800x600_musee-de-la-marine-saint-brevin3-2982-3959.jpg"},"640x480":{"url":"https:\/\/www.saint-brevin.com\/medias\/images\/prestataires\/multitailles\/640x480_musee-de-la-marine-saint-brevin3-2982-3959.jpg"},"320x240":{"url":"https:\/\/www.saint-brevin.com\/medias\/images\/prestataires\/multitailles\/320x240_musee-de-la-marine-saint-brevin3-2982-3959.jpg"},"160x120":{"url":"https:\/\/www.saint-brevin.com\/medias\/images\/prestataires\/multitailles\/160x120_musee-de-la-marine-saint-brevin3-2982-3959.jpg"},"origine":{"url":"https:\/\/www.saint-brevin.com\/medias\/images\/prestataires\/musee-de-la-marine-saint-brevin3-2982-3959.jpg"}},"urlLien":"","typeLien":"","nofollow":"N","copyright":""},{"url":"https:\/\/www.saint-brevin.com\/medias\/images\/prestataires\/musee-de-la-marine-saint-brevin-exposition-de-la-voile-aux-geants-des-mers7-2980-3957.jpg","chemin":"..\/medias\/images\/prestataires\/musee-de-la-marine-saint-brevin-exposition-de-la-voile-aux-geants-des-mers7-2980-3957.jpg","libelle":"musee-de-la-marine-saint-brevin-exposition-de-la-voile-aux-geants-des-mers7-2980","extension":"jpg","categorie":"","largeur":1920,"theme":"","hauteur":1440,"type":"Image","origine":"","liaisonPave":"","langue":"","id":"3957","urlVignette":"https:\/\/www.saint-brevin.com\/medias\/images\/prestataires\/v-musee-de-la-marine-saint-brevin-exposition-de-la-voile-aux-geants-des-mers7-2980-3957.jpg","alt":"musee-de-la-marine-saint-brevin-exposition-de-la-voile-aux-geants-des-mers7-2980","title":"musee-de-la-marine-saint-brevin-exposition-de-la-voile-aux-geants-des-mers7-2980","MultiTaille":{"1920x1440":{"url":"https:\/\/www.saint-brevin.com\/medias\/images\/prestataires\/multitailles\/1920x1440_musee-de-la-marine-saint-brevin-exposition-de-la-voile-aux-geants-des-mers7-2980-3957.jpg"},"1200x900":{"url":"https:\/\/www.saint-brevin.com\/medias\/images\/prestataires\/multitailles\/1200x900_musee-de-la-marine-saint-brevin-exposition-de-la-voile-aux-geants-des-mers7-2980-3957.jpg"},"800x600":{"url":"https:\/\/www.saint-brevin.com\/medias\/images\/prestataires\/multitailles\/800x600_musee-de-la-marine-saint-brevin-exposition-de-la-voile-aux-geants-des-mers7-2980-3957.jpg"},"640x480":{"url":"https:\/\/www.saint-brevin.com\/medias\/images\/prestataires\/multitailles\/640x480_musee-de-la-marine-saint-brevin-exposition-de-la-voile-aux-geants-des-mers7-2980-3957.jpg"},"320x240":{"url":"https:\/\/www.saint-brevin.com\/medias\/images\/prestataires\/multitailles\/320x240_musee-de-la-marine-saint-brevin-exposition-de-la-voile-aux-geants-des-mers7-2980-3957.jpg"},"160x120":{"url":"https:\/\/www.saint-brevin.com\/medias\/images\/prestataires\/multitailles\/160x120_musee-de-la-marine-saint-brevin-exposition-de-la-voile-aux-geants-des-mers7-2980-3957.jpg"},"origine":{"url":"https:\/\/www.saint-brevin.com\/medias\/images\/prestataires\/musee-de-la-marine-saint-brevin-exposition-de-la-voile-aux-geants-des-mers7-2980-3957.jpg"}},"urlLien":"","typeLien":"","nofollow":"N","copyright":""},{"url":"https:\/\/www.saint-brevin.com\/medias\/images\/prestataires\/musee-de-la-marine-saint-brevin4-2983-3960.jpg","chemin":"..\/medias\/images\/prestataires\/musee-de-la-marine-saint-brevin4-2983-3960.jpg","libelle":"musee-de-la-marine-saint-brevin4-2983","extension":"jpg","categorie":"","largeur":1800,"theme":"","hauteur":2400,"type":"Image","origine":"","liaisonPave":"","langue":"","id":"3960","urlVignette":"https:\/\/www.saint-brevin.com\/medias\/images\/prestataires\/v-musee-de-la-marine-saint-brevin4-2983-3960.jpg","alt":"musee-de-la-marine-saint-brevin4-2983","title":"musee-de-la-marine-saint-brevin4-2983","MultiTaille":{"1920x1440":{"url":"https:\/\/www.saint-brevin.com\/medias\/images\/prestataires\/multitailles\/1920x1440_musee-de-la-marine-saint-brevin4-2983-3960.jpg"},"1200x900":{"url":"https:\/\/www.saint-brevin.com\/medias\/images\/prestataires\/multitailles\/1200x900_musee-de-la-marine-saint-brevin4-2983-3960.jpg"},"800x600":{"url":"https:\/\/www.saint-brevin.com\/medias\/images\/prestataires\/multitailles\/800x600_musee-de-la-marine-saint-brevin4-2983-3960.jpg"},"640x480":{"url":"https:\/\/www.saint-brevin.com\/medias\/images\/prestataires\/multitailles\/640x480_musee-de-la-marine-saint-brevin4-2983-3960.jpg"},"320x240":{"url":"https:\/\/www.saint-brevin.com\/medias\/images\/prestataires\/multitailles\/320x240_musee-de-la-marine-saint-brevin4-2983-3960.jpg"},"160x120":{"url":"https:\/\/www.saint-brevin.com\/medias\/images\/prestataires\/multitailles\/160x120_musee-de-la-marine-saint-brevin4-2983-3960.jpg"},"origine":{"url":"https:\/\/www.saint-brevin.com\/medias\/images\/prestataires\/musee-de-la-marine-saint-brevin4-2983-3960.jpg"}},"urlLien":"","typeLien":"","nofollow":"N","copyright":""}]},"Video":[{"url":"https:\/\/youtu-3949.be\/2d_hpkdeqbm","libelle":"Embarquez avec les Sauveteurs en Mer !","categorie":"","largeur":"","theme":"","hauteur":"","type":"Video","origine":"YOUTUBE","liaisonPave":"","langue":"","id":"3949","htmlVideo":null,"vignetteVideo":null},{"url":"https:\/\/youtu-3961.be\/7ntek3hvq_8","libelle":"Vend\u00e9e Globe et Route du Rhum - Les grands skippers d\u2019hier et d\u2019aujourd\u2019hui","categorie":"","largeur":"","theme":"","hauteur":"","type":"Video","origine":"YOUTUBE","liaisonPave":"","langue":"","id":"3961","htmlVideo":null,"vignetteVideo":null}]},"Url":"","Localisation":{"GoogleMap":{"Latitude":"47.26868","Longitude":"-2.16851"}},"ZoneGeo":"","Criteres":[],"DateFinPublication":"","AffichageCoordonnees":[]},"listeCriteres":{"LIEUMANIF":{"SAINTBREVIN":""},"CATEGORIEANIMATION":{"CONF":""},"ICA":{"SA":"","ICATP":""},"GANIMA":{"GANIMNON":""},"MODEPAIEMENT":{"GRATUIT":"","ENTREELIBRE":"","PARTICIPATIONLIBRE":""},"MISEAJOURINGENIE":{"DATEDERNIEREMAJ":"20250530"},"MISEAJOURPAR":{"ANNABELLE":""}},"dansCarnetVoyage":true,"Ouverture":[],"OuverturePasse":[]},"html":" \n \u003Cdiv id=\"CV-PRESTATION-Y-PCUPDL044000037-CONFERENCELAFAYETTEENUNOUD\" data-contexte-id=\"PRESTATION|Y|PCUPDL044000037|CONFERENCELAFAYETTEENUNOUD\" data-cle=\"Y|PCUPDL044000037|CONFERENCELAFAYETTEENUNOUD\" class=\"fiche-liste\"\u003E\n    \n\n    \u003C!-- partie photo --\u003E\n    \u003Cdiv class=\"photo\"\u003E\t\t\t\t\t\t\t\t\t\t\t\t\t\t\t\t\t\t\t\t\t\n        \u003Cdiv class=\"cadre_photo_principale\"\u003E\t\t\n        \n            \t\t\t\t\t\n                    \u003Ca href=\"conference-lafayette-en-un-ou-deux-mots.html?origine=carnet#media\"\u003E\n                        \u003Cimg class=\"photo_principale\" alt=\"martyne-jacquemin-27374\" src=\"https:\/\/www.saint-brevin.com\/medias\/images\/prestations\/multitailles\/320x240_martyne-jacquemin-27374.png\" itemprop=\"image\"\u003E\n                    \u003C\/a\u003E\t\t\t\t\t\t\n                \n                    \u003C\/div\u003E\t\t\t\t\t\t\t\t\t\t\t\t\t\t\t\t\t\t\t \t\t\n    \u003C\/div\u003E\n    \n    \u003C!-- partie nom prest --\u003E\n    \u003Cdiv class=\"nom\"\u003E\n        \u003Ch2\u003EConf\u00e9rence : Lafayette en un ou deux mots\u003C\/h2\u003E\n        \n            \u003C\/div\u003E\n\n         \n    \u003C!-- partie adresse --\u003E\n    \u003Cdiv class=\"adresse\"\u003E\n    \n          \n    \u003C\/div\u003E\n    \n    \u003C!-- partie liens --\u003E\n    \u003Cdiv class=\"liens\"\u003E\n            \u003Ca class=\"btn-icon btn-view \" title=\"Voir la fiche d\u00e9taill\u00e9e\" href=\"conference-lafayette-en-un-ou-deux-mots.html?origine=carnet\"\u003E\u003C\/a\u003E\u003C!--\u003Ca class=\"btn-icon btn-view \" title=\"\" href=\"?origine=carnet#thaut\"\u003E\u003C\/a\u003E--\u003E\n      \u003Ca class=\"btn-icon btn-trash carnet_voyage_supprimer\" title=\"Supprimer cette fiche de mon carnet de voyage\" href=\"carnet-voyage?action=remove&fiche=Y|PCUPDL044000037|CONFERENCELAFAYETTEENUNOUD\"\u003E\u003C\/a\u003E\n    \u003C\/div\u003E\n\n\u003C\/div\u003E\n\n","icon":"https:\/\/static.ingenie.fr\/images\/carnetVoyageV3\/Y.png"},"fiche":"Y|PCUPDL044000037|CONFERENCELAFAYETTEENUNOUD","popup":"\u003Cdiv id=\"bloc_popup_ajout_fiche_carnet\"\u003E\n    \u003Cdiv class=\"info_popup_ajout_fiche_carnet\"\u003E\n        Vous venez d'ajouter cet \u00e9l\u00e9ment \u00e0 votre carnet de voyage :    \u003C\/div\u003E\n    \u003Cdiv class=\"prest_popup_ajout_fiche_carnet\"\u003E\n        Conf&eacute;rence : Lafayette en un ou deux mots    \u003C\/div\u003E\n    \u003Cdiv class=\"bloc_btn_ajout_fiche_carnet form_submit_div\"\u003E\n        \u003Cinput type=\"button\" value=\"Continuer ma s\u00e9lection\" title=\"Continuer ma s\u00e9lection\" name=\"btn_close\" class=\"btn_close_popup_carnet form_submit\" onclick=\"$.colorbox.close()\" \/\u003E\n        \u003Cinput type=\"button\" value=\"Voir mon carnet de voyage\" title=\"Voir mon carnet\" name=\"btn_panier\" class=\"btn_panier_popup_carnet form_submit\" onclick=\"if(typeof CarnetVoyage != 'undefined') {CarnetVoyage.voirCarnet();}\" \/\u003E\n    \u003C\/div\u003E\n    \u003Cdiv class=\"bloc_btn_ajout_fiche_carnet\"\u003E\n        \u003Cinput type=\"checkbox\" value=\"1\" name=\"desactiver_popup\" id=\"desactiver_popup\" \/\u003E\n        \u003Clabel for=\"desactiver_popup\"\u003ENe plus afficher ce message\u003C\/label\u003E\n    \u003C\/div\u003E\n\u003C\/div\u003E","success":1}