{"nbFiches":1,"dataPrest":{"infoPrest":{"pave1":{"libelle":"Slogan","contenu":"","fichiers":[]},"pave2":{"libelle":"Descriptif","contenu":"Semaine des m&eacute;tiers du tourisme 2025 : donnons de la visibilit&eacute; au secteur du Tourisme !\u003Cbr \/\u003E\r\nCette Semaine des m&eacute;tiers du Tourisme a pour vocation de faire d&eacute;couvrir au grand public, et plus particuli&egrave;rement aux jeunes et aux demandeurs d&rsquo;emplois, la diversit&eacute; des professions et formations, via la rencontre avec des professionnels de la fili&egrave;re.\u003Cbr \/\u003E\r\n\u003Cbr \/\u003E\r\nL&#39;&eacute;quipe de l&#39;office vous propose des rendez-vous pour pr&eacute;senter le m&eacute;tier de conseiller en s&eacute;jour ainsi que les diff&eacute;rentes missions associ&eacute;es :\u003Cbr \/\u003E\r\n\u003Cbr \/\u003E\r\n\u003Cspan background-color:=\"\" font-size:=\"\" style=\"color: rgb(51, 51, 51); font-family: sans-serif, Arial, Verdana, \" trebuchet=\"\"\u003E- lundi 17 mars entre 10h et 11h&nbsp; : venez d&eacute;couvrir le m&eacute;tier de Conseiller en S&eacute;jour et charg&eacute; de communication avec Annabelle\u003C\/span\u003E\u003Cbr \/\u003E\r\n- mardi 18 mars entre 15h et 16h&nbsp; : \u003Cspan background-color:=\"\" font-size:=\"\" style=\"color: rgb(51, 51, 51); font-family: sans-serif, Arial, Verdana, \" trebuchet=\"\"\u003E&nbsp;Venez d&eacute;couvrir le m&eacute;tier de Conseiller en S&eacute;jour et la mission&nbsp;itin&eacute;rance avec Fabienne\u003C\/span\u003E\u003Cbr \/\u003E\r\n- mercredi 19 mars entre 10h et 11h : &nbsp;venez d&eacute;couvrir le m&eacute;tier de Conseiller en S&eacute;jour et la gestion de la boutique avec Ma&euml;lle &agrave; Paimboeuf&nbsp;\u003Cbr \/\u003E\r\n- Jeudi 20 mars entre 15h et 16h : Venez d&eacute;couvrir le m&eacute;tier de Conseiller en S&eacute;jour et la mission patrimoine avec Amandine.\u003Cbr \/\u003E\r\n\u003Cbr \/\u003E\r\nN&#39;h&eacute;sitez pas &agrave; venir avec votre CV, nous recrutons pour la saison estivale.\u003Cbr \/\u003E\r\n\u003Cbr \/\u003E\r\nInscriptions par t&eacute;l&eacute;phone et par mail\u003Cbr \/\u003E\r\n\u003Cbr \/\u003E\r\n&nbsp;","fichiers":[]},"pave3":{"libelle":"","contenu":""},"pave4":{"libelle":"","contenu":""},"pave5":{"libelle":"","contenu":""},"pave6":{"libelle":"","contenu":""},"pave7":{"libelle":"","contenu":""},"pave8":{"libelle":"","contenu":""},"pave9":{"libelle":"","contenu":""},"pave10":{"libelle":"","contenu":""},"pave11":{"libelle":"","contenu":""},"pave12":{"libelle":"","contenu":""},"pave13":{"libelle":"","contenu":""},"pave14":{"libelle":"","contenu":""},"pave15":{"libelle":"","contenu":""},"pave16":{"libelle":"","contenu":""},"pave17":{"libelle":"","contenu":""},"pave18":{"libelle":"","contenu":""},"pave19":{"libelle":"","contenu":""},"pave20":{"libelle":"","contenu":""},"pave21":{"libelle":"","contenu":""},"pave22":{"libelle":"","contenu":""},"pave23":{"libelle":"","contenu":""},"pave24":{"libelle":"","contenu":""},"pave25":{"libelle":"","contenu":""},"Libelle":"Semaine des m\u00e9tiers du tourisme","Reference":"","Reftar":"","Type":"PRESTATION","TypePrestataire":"Y","ContexteStat":"PRESTATION-Y-OFFICEDETOURISMESTBREVINSUDEST-SEMAINEMTIERSTOURISME","DateModificationIso":"2025-03-18T08:51:00+01:00","Adresse":{"LigneAdresse1":"Offices de Tourisme Saint-Brevin et Paimboeuf","LigneAdresse2":"","LigneAdresse3":"","CodePostal":"44250","Ville":"ST BREVIN LES PINS","Cedex":"","Etat":"","Pays":"FRA"},"Id":"y-officedetourismestbrevinsudest-semainemtierstourisme","Code":"Y|OFFICEDETOURISMESTBREVINSUDEST|SEMAINEMTIERSTOURISME","Cle":"Y|OFFICEDETOURISMESTBREVINSUDEST|SEMAINEMTIERSTOURISME","Url":"semaine-des-metiers-du-tourisme.html","Localisation":{"GoogleMap":{"Latitude":"","Longitude":""}},"ZoneGeo":"","Criteres":{"LIEUMANIF[SAINTBREVIN":"","CATEGORIEANIMATION[ATELIER":"","ICA[ICATP":"","ANIAH[ANIACC":"","MODEPAIEMENT[GRATUIT":"","YVEL[SBACK":"","YVEL[SOUI":"","MISEAJOURINGENIE[DATEDERNIEREMAJ":"20240229","MISEAJOURPAR[JOHANNA":""},"ContactsParType":{"LIEU":{"2883":{"id_contact":"2883","type_contact":"LIEU","categorie_contact":"PRESTATION","societe_contact":"","fonction_contact":"","civilite_nom_prenom_contact":"","adresse1_contact":"10 Rue de l'\u00c9glise","adresse2_contact":"","adresse3_contact":"","cpostal_contact":"44250","ville_contact":"ST BREVIN LES PINS","teldom_contact":"02 40 27 24 32","telbur_contact":"","fax_contact":"","portable_contact":"","email_contact":"ot@tourisme-saint-brevin.fr","siteweb_contact":"","commentaire_contact":"","langue_contact":"","autre_moyen_com":[]}}},"Prestataire":{"pave1":{"libelle":"Descriptif","contenu":""},"pave2":{"libelle":"","contenu":""},"pave3":{"libelle":"","contenu":""},"pave4":{"libelle":"","contenu":""},"pave5":{"libelle":"","contenu":""},"pave6":{"libelle":"","contenu":""},"pave7":{"libelle":"","contenu":""},"pave8":{"libelle":"","contenu":""},"pave9":{"libelle":"","contenu":""},"pave10":{"libelle":"","contenu":""},"pave11":{"libelle":"","contenu":""},"pave12":{"libelle":"","contenu":""},"pave13":{"libelle":"","contenu":""},"pave14":{"libelle":"","contenu":""},"pave15":{"libelle":"","contenu":""},"pave16":{"libelle":"","contenu":""},"pave17":{"libelle":"","contenu":""},"pave18":{"libelle":"","contenu":""},"pave19":{"libelle":"","contenu":""},"pave20":{"libelle":"","contenu":""},"pave21":{"libelle":"","contenu":""},"pave22":{"libelle":"","contenu":""},"pave23":{"libelle":"","contenu":""},"pave24":{"libelle":"","contenu":""},"pave25":{"libelle":"","contenu":""},"Libelle":"Office de Tourisme Saint-Brevin Sud Estuaire","Nom":"Office de Tourisme Saint-Brevin Sud Estuaire","Prenom":"","NomPrenom":"Office de Tourisme Saint-Brevin Sud Estuaire ","CiviliteNomPrenom":"Office de Tourisme Saint-Brevin Sud Estuaire ","Cle":"Y|OFFICEDETOURISMESTBREVINSUDEST","PrestataireParent":"","ContexteStat":"PRESTATAIRE-Y-OFFICEDETOURISMESTBREVINSUDEST","DateModificationIso":"2026-04-30T15:09:00+02:00","Type":"PRESTATAIRE","TypePrestataire":"Y","Adresse":{"LigneAdresse1":"10 Rue de l'\u00c9glise","LigneAdresse2":"","LigneAdresse3":"","CodePostal":"44250","Ville":"ST BREVIN LES PINS","Cedex":"","Etat":"","Pays":"FRA"},"Email":"ot@tourisme-saint-brevin.fr","Telephone":"02 40 27 24 32","TelephoneBureau":"","Portable":"","SiteWeb":"","Fax":"","Id":"y-officedetourismestbrevinsudest","Code":"Y|OFFICEDETOURISMESTBREVINSUDEST","Fichier":{"Image":[{"url":"https:\/\/www.saint-brevin.com\/medias\/images\/prestataires\/320x240-croisieres-inedites-loirestua1-1342-430-9248.jpg","chemin":"..\/medias\/images\/prestataires\/320x240-croisieres-inedites-loirestua1-1342-430-9248.jpg","libelle":"320x240-croisieres-inedites-loirestua1-1342-430-9248","extension":"jpg","categorie":"","largeur":320,"theme":"","hauteur":213,"type":"Image","origine":"","liaisonPave":"","langue":"","id":"9248","urlVignette":"https:\/\/www.saint-brevin.com\/medias\/images\/prestataires\/v-320x240-croisieres-inedites-loirestua1-1342-430-9248.jpg","alt":"320x240-croisieres-inedites-loirestua1-1342-430-9248","title":"320x240-croisieres-inedites-loirestua1-1342-430-9248","MultiTaille":{"1920x1440":{"url":"https:\/\/www.saint-brevin.com\/medias\/images\/prestataires\/multitailles\/1920x1440_320x240-croisieres-inedites-loirestua1-1342-430-9248.jpg"},"1200x900":{"url":"https:\/\/www.saint-brevin.com\/medias\/images\/prestataires\/multitailles\/1200x900_320x240-croisieres-inedites-loirestua1-1342-430-9248.jpg"},"800x600":{"url":"https:\/\/www.saint-brevin.com\/medias\/images\/prestataires\/multitailles\/800x600_320x240-croisieres-inedites-loirestua1-1342-430-9248.jpg"},"640x480":{"url":"https:\/\/www.saint-brevin.com\/medias\/images\/prestataires\/multitailles\/640x480_320x240-croisieres-inedites-loirestua1-1342-430-9248.jpg"},"320x240":{"url":"https:\/\/www.saint-brevin.com\/medias\/images\/prestataires\/multitailles\/320x240_320x240-croisieres-inedites-loirestua1-1342-430-9248.jpg"},"160x120":{"url":"https:\/\/www.saint-brevin.com\/medias\/images\/prestataires\/multitailles\/160x120_320x240-croisieres-inedites-loirestua1-1342-430-9248.jpg"},"origine":{"url":"https:\/\/www.saint-brevin.com\/medias\/images\/prestataires\/320x240-croisieres-inedites-loirestua1-1342-430-9248.jpg"}},"urlLien":"","typeLien":"","nofollow":"N","copyright":""},{"url":"https:\/\/www.saint-brevin.com\/medias\/images\/prestataires\/capture-d-cran-2024-01-04-115655-9249.jpg","chemin":"..\/medias\/images\/prestataires\/capture-d-cran-2024-01-04-115655-9249.jpg","libelle":"capture-d-cran-2024-01-04-115655-9249","extension":"jpg","categorie":"","largeur":780,"theme":"","hauteur":657,"type":"Image","origine":"","liaisonPave":"","langue":"","id":"9249","urlVignette":"https:\/\/www.saint-brevin.com\/medias\/images\/prestataires\/v-capture-d-cran-2024-01-04-115655-9249.jpg","alt":"capture-d-cran-2024-01-04-115655-9249","title":"capture-d-cran-2024-01-04-115655-9249","MultiTaille":{"1920x1440":{"url":"https:\/\/www.saint-brevin.com\/medias\/images\/prestataires\/multitailles\/1920x1440_capture-d-cran-2024-01-04-115655-9249.jpg"},"1200x900":{"url":"https:\/\/www.saint-brevin.com\/medias\/images\/prestataires\/multitailles\/1200x900_capture-d-cran-2024-01-04-115655-9249.jpg"},"800x600":{"url":"https:\/\/www.saint-brevin.com\/medias\/images\/prestataires\/multitailles\/800x600_capture-d-cran-2024-01-04-115655-9249.jpg"},"640x480":{"url":"https:\/\/www.saint-brevin.com\/medias\/images\/prestataires\/multitailles\/640x480_capture-d-cran-2024-01-04-115655-9249.jpg"},"320x240":{"url":"https:\/\/www.saint-brevin.com\/medias\/images\/prestataires\/multitailles\/320x240_capture-d-cran-2024-01-04-115655-9249.jpg"},"160x120":{"url":"https:\/\/www.saint-brevin.com\/medias\/images\/prestataires\/multitailles\/160x120_capture-d-cran-2024-01-04-115655-9249.jpg"},"origine":{"url":"https:\/\/www.saint-brevin.com\/medias\/images\/prestataires\/capture-d-cran-2024-01-04-115655-9249.jpg"}},"urlLien":"","typeLien":"","nofollow":"N","copyright":""},{"url":"https:\/\/www.saint-brevin.com\/medias\/images\/prestataires\/capture-d-cran-2024-04-29-164902-9250.jpg","chemin":"..\/medias\/images\/prestataires\/capture-d-cran-2024-04-29-164902-9250.jpg","libelle":"capture-d-cran-2024-04-29-164902-9250","extension":"jpg","categorie":"","largeur":686,"theme":"","hauteur":382,"type":"Image","origine":"","liaisonPave":"","langue":"","id":"9250","urlVignette":"https:\/\/www.saint-brevin.com\/medias\/images\/prestataires\/v-capture-d-cran-2024-04-29-164902-9250.jpg","alt":"capture-d-cran-2024-04-29-164902-9250","title":"capture-d-cran-2024-04-29-164902-9250","MultiTaille":{"1920x1440":{"url":"https:\/\/www.saint-brevin.com\/medias\/images\/prestataires\/multitailles\/1920x1440_capture-d-cran-2024-04-29-164902-9250.jpg"},"1200x900":{"url":"https:\/\/www.saint-brevin.com\/medias\/images\/prestataires\/multitailles\/1200x900_capture-d-cran-2024-04-29-164902-9250.jpg"},"800x600":{"url":"https:\/\/www.saint-brevin.com\/medias\/images\/prestataires\/multitailles\/800x600_capture-d-cran-2024-04-29-164902-9250.jpg"},"640x480":{"url":"https:\/\/www.saint-brevin.com\/medias\/images\/prestataires\/multitailles\/640x480_capture-d-cran-2024-04-29-164902-9250.jpg"},"320x240":{"url":"https:\/\/www.saint-brevin.com\/medias\/images\/prestataires\/multitailles\/320x240_capture-d-cran-2024-04-29-164902-9250.jpg"},"160x120":{"url":"https:\/\/www.saint-brevin.com\/medias\/images\/prestataires\/multitailles\/160x120_capture-d-cran-2024-04-29-164902-9250.jpg"},"origine":{"url":"https:\/\/www.saint-brevin.com\/medias\/images\/prestataires\/capture-d-cran-2024-04-29-164902-9250.jpg"}},"urlLien":"","typeLien":"","nofollow":"N","copyright":""}],"ByCategorie":{"":[{"url":"https:\/\/www.saint-brevin.com\/medias\/images\/prestataires\/320x240-croisieres-inedites-loirestua1-1342-430-9248.jpg","chemin":"..\/medias\/images\/prestataires\/320x240-croisieres-inedites-loirestua1-1342-430-9248.jpg","libelle":"320x240-croisieres-inedites-loirestua1-1342-430-9248","extension":"jpg","categorie":"","largeur":320,"theme":"","hauteur":213,"type":"Image","origine":"","liaisonPave":"","langue":"","id":"9248","urlVignette":"https:\/\/www.saint-brevin.com\/medias\/images\/prestataires\/v-320x240-croisieres-inedites-loirestua1-1342-430-9248.jpg","alt":"320x240-croisieres-inedites-loirestua1-1342-430-9248","title":"320x240-croisieres-inedites-loirestua1-1342-430-9248","MultiTaille":{"1920x1440":{"url":"https:\/\/www.saint-brevin.com\/medias\/images\/prestataires\/multitailles\/1920x1440_320x240-croisieres-inedites-loirestua1-1342-430-9248.jpg"},"1200x900":{"url":"https:\/\/www.saint-brevin.com\/medias\/images\/prestataires\/multitailles\/1200x900_320x240-croisieres-inedites-loirestua1-1342-430-9248.jpg"},"800x600":{"url":"https:\/\/www.saint-brevin.com\/medias\/images\/prestataires\/multitailles\/800x600_320x240-croisieres-inedites-loirestua1-1342-430-9248.jpg"},"640x480":{"url":"https:\/\/www.saint-brevin.com\/medias\/images\/prestataires\/multitailles\/640x480_320x240-croisieres-inedites-loirestua1-1342-430-9248.jpg"},"320x240":{"url":"https:\/\/www.saint-brevin.com\/medias\/images\/prestataires\/multitailles\/320x240_320x240-croisieres-inedites-loirestua1-1342-430-9248.jpg"},"160x120":{"url":"https:\/\/www.saint-brevin.com\/medias\/images\/prestataires\/multitailles\/160x120_320x240-croisieres-inedites-loirestua1-1342-430-9248.jpg"},"origine":{"url":"https:\/\/www.saint-brevin.com\/medias\/images\/prestataires\/320x240-croisieres-inedites-loirestua1-1342-430-9248.jpg"}},"urlLien":"","typeLien":"","nofollow":"N","copyright":""},{"url":"https:\/\/www.saint-brevin.com\/medias\/images\/prestataires\/capture-d-cran-2024-01-04-115655-9249.jpg","chemin":"..\/medias\/images\/prestataires\/capture-d-cran-2024-01-04-115655-9249.jpg","libelle":"capture-d-cran-2024-01-04-115655-9249","extension":"jpg","categorie":"","largeur":780,"theme":"","hauteur":657,"type":"Image","origine":"","liaisonPave":"","langue":"","id":"9249","urlVignette":"https:\/\/www.saint-brevin.com\/medias\/images\/prestataires\/v-capture-d-cran-2024-01-04-115655-9249.jpg","alt":"capture-d-cran-2024-01-04-115655-9249","title":"capture-d-cran-2024-01-04-115655-9249","MultiTaille":{"1920x1440":{"url":"https:\/\/www.saint-brevin.com\/medias\/images\/prestataires\/multitailles\/1920x1440_capture-d-cran-2024-01-04-115655-9249.jpg"},"1200x900":{"url":"https:\/\/www.saint-brevin.com\/medias\/images\/prestataires\/multitailles\/1200x900_capture-d-cran-2024-01-04-115655-9249.jpg"},"800x600":{"url":"https:\/\/www.saint-brevin.com\/medias\/images\/prestataires\/multitailles\/800x600_capture-d-cran-2024-01-04-115655-9249.jpg"},"640x480":{"url":"https:\/\/www.saint-brevin.com\/medias\/images\/prestataires\/multitailles\/640x480_capture-d-cran-2024-01-04-115655-9249.jpg"},"320x240":{"url":"https:\/\/www.saint-brevin.com\/medias\/images\/prestataires\/multitailles\/320x240_capture-d-cran-2024-01-04-115655-9249.jpg"},"160x120":{"url":"https:\/\/www.saint-brevin.com\/medias\/images\/prestataires\/multitailles\/160x120_capture-d-cran-2024-01-04-115655-9249.jpg"},"origine":{"url":"https:\/\/www.saint-brevin.com\/medias\/images\/prestataires\/capture-d-cran-2024-01-04-115655-9249.jpg"}},"urlLien":"","typeLien":"","nofollow":"N","copyright":""},{"url":"https:\/\/www.saint-brevin.com\/medias\/images\/prestataires\/capture-d-cran-2024-04-29-164902-9250.jpg","chemin":"..\/medias\/images\/prestataires\/capture-d-cran-2024-04-29-164902-9250.jpg","libelle":"capture-d-cran-2024-04-29-164902-9250","extension":"jpg","categorie":"","largeur":686,"theme":"","hauteur":382,"type":"Image","origine":"","liaisonPave":"","langue":"","id":"9250","urlVignette":"https:\/\/www.saint-brevin.com\/medias\/images\/prestataires\/v-capture-d-cran-2024-04-29-164902-9250.jpg","alt":"capture-d-cran-2024-04-29-164902-9250","title":"capture-d-cran-2024-04-29-164902-9250","MultiTaille":{"1920x1440":{"url":"https:\/\/www.saint-brevin.com\/medias\/images\/prestataires\/multitailles\/1920x1440_capture-d-cran-2024-04-29-164902-9250.jpg"},"1200x900":{"url":"https:\/\/www.saint-brevin.com\/medias\/images\/prestataires\/multitailles\/1200x900_capture-d-cran-2024-04-29-164902-9250.jpg"},"800x600":{"url":"https:\/\/www.saint-brevin.com\/medias\/images\/prestataires\/multitailles\/800x600_capture-d-cran-2024-04-29-164902-9250.jpg"},"640x480":{"url":"https:\/\/www.saint-brevin.com\/medias\/images\/prestataires\/multitailles\/640x480_capture-d-cran-2024-04-29-164902-9250.jpg"},"320x240":{"url":"https:\/\/www.saint-brevin.com\/medias\/images\/prestataires\/multitailles\/320x240_capture-d-cran-2024-04-29-164902-9250.jpg"},"160x120":{"url":"https:\/\/www.saint-brevin.com\/medias\/images\/prestataires\/multitailles\/160x120_capture-d-cran-2024-04-29-164902-9250.jpg"},"origine":{"url":"https:\/\/www.saint-brevin.com\/medias\/images\/prestataires\/capture-d-cran-2024-04-29-164902-9250.jpg"}},"urlLien":"","typeLien":"","nofollow":"N","copyright":""}]}},"Url":"","Localisation":{"GoogleMap":{"Latitude":"47.24720","Longitude":"-2.16866"}},"ZoneGeo":"","Criteres":{"NIVPARTENAIRE[COMPLET":"","MAJINGENIE[DATEDERNIEREMAJ":"20170926","MISEAJOUR[ANNABELLE":""},"DateFinPublication":""},"Fichier":{"Video":[{"url":"https:\/\/youtu.be\/JzUbHLwZBAc?si=80mN0hFtLTVRccsE","libelle":"Amandine, conseill\u00e8re en s\u00e9jour et animatrice de patrimoine \u00e0 l'Office de Tourisme","categorie":"","largeur":"","theme":"","hauteur":"","type":"Video","origine":"YOUTUBE","liaisonPave":"","langue":"","id":"21800","htmlVideo":"\u003Ciframe src=\"https:\/\/www.youtube.com\/embed\/JzUbHLwZBAc?wmode=opaque&rel=0&start=0\" width=\"\" height=\"\" style=\"border:0;\" allowfullscreen\u003E\u003C\/iframe\u003E","vignetteVideo":"\u003Cimg src=\"https:\/\/img.youtube.com\/vi\/JzUbHLwZBAc\/0.jpg\" \/\u003E"},{"url":"https:\/\/youtu.be\/znmxw331UoA?si=pw0DusYE_TZ4Hy92","libelle":"Myl\u00e8ne Blandin - Community Manager \u00e0 Legendia Parc - Frossay","categorie":"","largeur":"","theme":"","hauteur":"","type":"Video","origine":"YOUTUBE","liaisonPave":"","langue":"","id":"21826","htmlVideo":"\u003Ciframe src=\"https:\/\/www.youtube.com\/embed\/znmxw331UoA?wmode=opaque&rel=0&start=0\" width=\"\" height=\"\" style=\"border:0;\" allowfullscreen\u003E\u003C\/iframe\u003E","vignetteVideo":"\u003Cimg src=\"https:\/\/img.youtube.com\/vi\/znmxw331UoA\/0.jpg\" \/\u003E"}],"ByCategorie":{"":[{"url":"https:\/\/youtu.be\/JzUbHLwZBAc?si=80mN0hFtLTVRccsE","libelle":"Amandine, conseill\u00e8re en s\u00e9jour et animatrice de patrimoine \u00e0 l'Office de Tourisme","categorie":"","largeur":"","theme":"","hauteur":"","type":"Video","origine":"YOUTUBE","liaisonPave":"","langue":"","id":"21800","htmlVideo":"\u003Ciframe src=\"https:\/\/www.youtube.com\/embed\/JzUbHLwZBAc?wmode=opaque&rel=0&start=0\" width=\"\" height=\"\" style=\"border:0;\" allowfullscreen\u003E\u003C\/iframe\u003E","vignetteVideo":"\u003Cimg src=\"https:\/\/img.youtube.com\/vi\/JzUbHLwZBAc\/0.jpg\" \/\u003E"},{"url":"https:\/\/www.saint-brevin.com\/medias\/images\/prestations\/semaine-des-m-tiers-du-tourisme-2025-26198.jpg","chemin":"..\/medias\/images\/prestations\/semaine-des-m-tiers-du-tourisme-2025-26198.jpg","libelle":"semaine-des-m-tiers-du-tourisme-2025-26198","extension":"jpg","categorie":"","largeur":277,"theme":"","hauteur":168,"type":"Image","origine":"","liaisonPave":"","langue":"","id":"26198","urlVignette":"https:\/\/www.saint-brevin.com\/medias\/images\/prestations\/v-semaine-des-m-tiers-du-tourisme-2025-26198.jpg","alt":"semaine-des-m-tiers-du-tourisme-2025-26198","title":"semaine-des-m-tiers-du-tourisme-2025-26198","MultiTaille":{"1920x1440":{"url":"https:\/\/www.saint-brevin.com\/medias\/images\/prestations\/multitailles\/1920x1440_semaine-des-m-tiers-du-tourisme-2025-26198.jpg"},"1200x900":{"url":"https:\/\/www.saint-brevin.com\/medias\/images\/prestations\/multitailles\/1200x900_semaine-des-m-tiers-du-tourisme-2025-26198.jpg"},"800x600":{"url":"https:\/\/www.saint-brevin.com\/medias\/images\/prestations\/multitailles\/800x600_semaine-des-m-tiers-du-tourisme-2025-26198.jpg"},"640x480":{"url":"https:\/\/www.saint-brevin.com\/medias\/images\/prestations\/multitailles\/640x480_semaine-des-m-tiers-du-tourisme-2025-26198.jpg"},"320x240":{"url":"https:\/\/www.saint-brevin.com\/medias\/images\/prestations\/multitailles\/320x240_semaine-des-m-tiers-du-tourisme-2025-26198.jpg"},"160x120":{"url":"https:\/\/www.saint-brevin.com\/medias\/images\/prestations\/multitailles\/160x120_semaine-des-m-tiers-du-tourisme-2025-26198.jpg"},"origine":{"url":"https:\/\/www.saint-brevin.com\/medias\/images\/prestations\/semaine-des-m-tiers-du-tourisme-2025-26198.jpg"}},"urlLien":"","typeLien":"","nofollow":"N","copyright":""},{"url":"https:\/\/youtu.be\/znmxw331UoA?si=pw0DusYE_TZ4Hy92","libelle":"Myl\u00e8ne Blandin - Community Manager \u00e0 Legendia Parc - Frossay","categorie":"","largeur":"","theme":"","hauteur":"","type":"Video","origine":"YOUTUBE","liaisonPave":"","langue":"","id":"21826","htmlVideo":"\u003Ciframe src=\"https:\/\/www.youtube.com\/embed\/znmxw331UoA?wmode=opaque&rel=0&start=0\" width=\"\" height=\"\" style=\"border:0;\" allowfullscreen\u003E\u003C\/iframe\u003E","vignetteVideo":"\u003Cimg src=\"https:\/\/img.youtube.com\/vi\/znmxw331UoA\/0.jpg\" \/\u003E"},{"url":"https:\/\/www.saint-brevin.com\/medias\/images\/prestations\/l-office-de-tourisme-ouvre-ses-portes-26199.png","chemin":"..\/medias\/images\/prestations\/l-office-de-tourisme-ouvre-ses-portes-26199.png","libelle":"l-office-de-tourisme-ouvre-ses-portes-26199","extension":"png","categorie":"","largeur":644,"theme":"","hauteur":911,"type":"Image","origine":"","liaisonPave":"","langue":"","id":"26199","urlVignette":"https:\/\/www.saint-brevin.com\/medias\/images\/prestations\/v-l-office-de-tourisme-ouvre-ses-portes-26199.png","alt":"l-office-de-tourisme-ouvre-ses-portes-26199","title":"l-office-de-tourisme-ouvre-ses-portes-26199","MultiTaille":{"1920x1440":{"url":"https:\/\/www.saint-brevin.com\/medias\/images\/prestations\/multitailles\/1920x1440_l-office-de-tourisme-ouvre-ses-portes-26199.png"},"1200x900":{"url":"https:\/\/www.saint-brevin.com\/medias\/images\/prestations\/multitailles\/1200x900_l-office-de-tourisme-ouvre-ses-portes-26199.png"},"800x600":{"url":"https:\/\/www.saint-brevin.com\/medias\/images\/prestations\/multitailles\/800x600_l-office-de-tourisme-ouvre-ses-portes-26199.png"},"640x480":{"url":"https:\/\/www.saint-brevin.com\/medias\/images\/prestations\/multitailles\/640x480_l-office-de-tourisme-ouvre-ses-portes-26199.png"},"320x240":{"url":"https:\/\/www.saint-brevin.com\/medias\/images\/prestations\/multitailles\/320x240_l-office-de-tourisme-ouvre-ses-portes-26199.png"},"160x120":{"url":"https:\/\/www.saint-brevin.com\/medias\/images\/prestations\/multitailles\/160x120_l-office-de-tourisme-ouvre-ses-portes-26199.png"},"origine":{"url":"https:\/\/www.saint-brevin.com\/medias\/images\/prestations\/l-office-de-tourisme-ouvre-ses-portes-26199.png"}},"urlLien":"","typeLien":"","nofollow":"N","copyright":""}]},"Image":[{"url":"https:\/\/www.saint-brevin.com\/medias\/images\/prestations\/semaine-des-m-tiers-du-tourisme-2025-26198.jpg","chemin":"..\/medias\/images\/prestations\/semaine-des-m-tiers-du-tourisme-2025-26198.jpg","libelle":"semaine-des-m-tiers-du-tourisme-2025-26198","extension":"jpg","categorie":"","largeur":277,"theme":"","hauteur":168,"type":"Image","origine":"","liaisonPave":"","langue":"","id":"26198","urlVignette":"https:\/\/www.saint-brevin.com\/medias\/images\/prestations\/v-semaine-des-m-tiers-du-tourisme-2025-26198.jpg","alt":"semaine-des-m-tiers-du-tourisme-2025-26198","title":"semaine-des-m-tiers-du-tourisme-2025-26198","MultiTaille":{"1920x1440":{"url":"https:\/\/www.saint-brevin.com\/medias\/images\/prestations\/multitailles\/1920x1440_semaine-des-m-tiers-du-tourisme-2025-26198.jpg"},"1200x900":{"url":"https:\/\/www.saint-brevin.com\/medias\/images\/prestations\/multitailles\/1200x900_semaine-des-m-tiers-du-tourisme-2025-26198.jpg"},"800x600":{"url":"https:\/\/www.saint-brevin.com\/medias\/images\/prestations\/multitailles\/800x600_semaine-des-m-tiers-du-tourisme-2025-26198.jpg"},"640x480":{"url":"https:\/\/www.saint-brevin.com\/medias\/images\/prestations\/multitailles\/640x480_semaine-des-m-tiers-du-tourisme-2025-26198.jpg"},"320x240":{"url":"https:\/\/www.saint-brevin.com\/medias\/images\/prestations\/multitailles\/320x240_semaine-des-m-tiers-du-tourisme-2025-26198.jpg"},"160x120":{"url":"https:\/\/www.saint-brevin.com\/medias\/images\/prestations\/multitailles\/160x120_semaine-des-m-tiers-du-tourisme-2025-26198.jpg"},"origine":{"url":"https:\/\/www.saint-brevin.com\/medias\/images\/prestations\/semaine-des-m-tiers-du-tourisme-2025-26198.jpg"}},"urlLien":"","typeLien":"","nofollow":"N","copyright":""},{"url":"https:\/\/www.saint-brevin.com\/medias\/images\/prestations\/l-office-de-tourisme-ouvre-ses-portes-26199.png","chemin":"..\/medias\/images\/prestations\/l-office-de-tourisme-ouvre-ses-portes-26199.png","libelle":"l-office-de-tourisme-ouvre-ses-portes-26199","extension":"png","categorie":"","largeur":644,"theme":"","hauteur":911,"type":"Image","origine":"","liaisonPave":"","langue":"","id":"26199","urlVignette":"https:\/\/www.saint-brevin.com\/medias\/images\/prestations\/v-l-office-de-tourisme-ouvre-ses-portes-26199.png","alt":"l-office-de-tourisme-ouvre-ses-portes-26199","title":"l-office-de-tourisme-ouvre-ses-portes-26199","MultiTaille":{"1920x1440":{"url":"https:\/\/www.saint-brevin.com\/medias\/images\/prestations\/multitailles\/1920x1440_l-office-de-tourisme-ouvre-ses-portes-26199.png"},"1200x900":{"url":"https:\/\/www.saint-brevin.com\/medias\/images\/prestations\/multitailles\/1200x900_l-office-de-tourisme-ouvre-ses-portes-26199.png"},"800x600":{"url":"https:\/\/www.saint-brevin.com\/medias\/images\/prestations\/multitailles\/800x600_l-office-de-tourisme-ouvre-ses-portes-26199.png"},"640x480":{"url":"https:\/\/www.saint-brevin.com\/medias\/images\/prestations\/multitailles\/640x480_l-office-de-tourisme-ouvre-ses-portes-26199.png"},"320x240":{"url":"https:\/\/www.saint-brevin.com\/medias\/images\/prestations\/multitailles\/320x240_l-office-de-tourisme-ouvre-ses-portes-26199.png"},"160x120":{"url":"https:\/\/www.saint-brevin.com\/medias\/images\/prestations\/multitailles\/160x120_l-office-de-tourisme-ouvre-ses-portes-26199.png"},"origine":{"url":"https:\/\/www.saint-brevin.com\/medias\/images\/prestations\/l-office-de-tourisme-ouvre-ses-portes-26199.png"}},"urlLien":"","typeLien":"","nofollow":"N","copyright":""}]},"DateDebPublication":"","DateFinPublication":"","PrixAPartirDe":"","PrixPour":"","FicheListeEnCours":"fiche_liste_agenda_prestation_v2017","ParametresModele":{"AfficherPhotos":"1","NbPhotosMax":6,"AfficherReserver":0,"AfficherContact":0,"AfficherSalle":1,"AfficherZoneGeo":0,"AfficherEnSavoirPlus":"1","AfficherUneSeuleOuverture":"1","AfficherContactCarte":0,"AfficherTarifsChaudAPartirDe":0,"AfficherTarifChaudSansRecherche":0,"AfficherLiensCarnetVoyage":"1","AfficherOuverture":"1","BlocCritereInfo":{"critere1":{"libelle":""},"critere2":{"libelle":""},"critere3":{"libelle":""},"critere4":{"libelle":""},"critere5":{"libelle":""},"critere6":{"libelle":""},"critere7":{"libelle":"","liste_critere":["COMMUNES|Y"]},"critere8":{"libelle":""},"critere9":{"libelle":""},"afficherpictoetpaslibelle":"1"},"CriteresComportementResa":"|RESABILLET[RESAENLIGNE|","PositionBloc":"GALLERIE|NOM|OUVERTURES|CARNET_VOYAGE|URL|LIEN_RESERVER_DETAIL","TypePrestataire":"Y","ComportementResa":false,"ComportementDispo":false},"AffichageCoordonnees":[],"Coordonnees":{"Ville":"ST BREVIN LES PINS"},"ContexteId":"PRESTATION|Y|OFFICEDETOURISMESTBREVINSUDEST|SEMAINEMTIERSTOURISME","ContexteIdHtml":"PRESTATION-Y-OFFICEDETOURISMESTBREVINSUDEST-SEMAINEMTIERSTOURISME","cleContexte":"Y|OFFICEDETOURISMESTBREVINSUDEST|SEMAINEMTIERSTOURISME","Bloc":{"texte1":"","texte3":"","critere1":{"libelle":"","contenu":[]},"critere2":{"libelle":"","contenu":[]},"critere3":{"libelle":"","contenu":[]},"critere4":{"libelle":"","contenu":[]},"critere5":{"libelle":"","contenu":[]},"critere6":{"libelle":"","contenu":[]},"critere7":{"libelle":"","contenu":[]},"critere8":{"libelle":"","contenu":[]},"critere9":{"libelle":"","contenu":[]}},"libelleDuPrestataire":"","vuePrestataire":{"pave1":{"libelle":"Descriptif","contenu":""},"pave2":{"libelle":"","contenu":""},"pave3":{"libelle":"","contenu":""},"pave4":{"libelle":"","contenu":""},"pave5":{"libelle":"","contenu":""},"pave6":{"libelle":"","contenu":""},"pave7":{"libelle":"","contenu":""},"pave8":{"libelle":"","contenu":""},"pave9":{"libelle":"","contenu":""},"pave10":{"libelle":"","contenu":""},"pave11":{"libelle":"","contenu":""},"pave12":{"libelle":"","contenu":""},"pave13":{"libelle":"","contenu":""},"pave14":{"libelle":"","contenu":""},"pave15":{"libelle":"","contenu":""},"pave16":{"libelle":"","contenu":""},"pave17":{"libelle":"","contenu":""},"pave18":{"libelle":"","contenu":""},"pave19":{"libelle":"","contenu":""},"pave20":{"libelle":"","contenu":""},"pave21":{"libelle":"","contenu":""},"pave22":{"libelle":"","contenu":""},"pave23":{"libelle":"","contenu":""},"pave24":{"libelle":"","contenu":""},"pave25":{"libelle":"","contenu":""},"Libelle":"Office de Tourisme Saint-Brevin Sud Estuaire","Nom":"Office de Tourisme Saint-Brevin Sud Estuaire","Prenom":"","NomPrenom":"Office de Tourisme Saint-Brevin Sud Estuaire ","CiviliteNomPrenom":"Office de Tourisme Saint-Brevin Sud Estuaire ","Cle":"Y|OFFICEDETOURISMESTBREVINSUDEST","PrestataireParent":"","ContexteStat":"PRESTATAIRE-Y-OFFICEDETOURISMESTBREVINSUDEST","DateModificationIso":"2026-04-30T15:09:00+02:00","Type":"PRESTATAIRE","TypePrestataire":"Y","Adresse":{"LigneAdresse1":"10 Rue de l'\u00c9glise","LigneAdresse2":"","LigneAdresse3":"","CodePostal":"44250","Ville":"ST BREVIN LES PINS","Cedex":"","Etat":"","Pays":"FRA"},"Email":"ot@tourisme-saint-brevin.fr","Telephone":"02 40 27 24 32","TelephoneBureau":"","Portable":"","SiteWeb":"","Fax":"","Id":"y-officedetourismestbrevinsudest","Code":"Y|OFFICEDETOURISMESTBREVINSUDEST","Fichier":{"Image":[{"url":"https:\/\/www.saint-brevin.com\/medias\/images\/prestataires\/320x240-croisieres-inedites-loirestua1-1342-430-9248.jpg","chemin":"..\/medias\/images\/prestataires\/320x240-croisieres-inedites-loirestua1-1342-430-9248.jpg","libelle":"320x240-croisieres-inedites-loirestua1-1342-430-9248","extension":"jpg","categorie":"","largeur":320,"theme":"","hauteur":213,"type":"Image","origine":"","liaisonPave":"","langue":"","id":"9248","urlVignette":"https:\/\/www.saint-brevin.com\/medias\/images\/prestataires\/v-320x240-croisieres-inedites-loirestua1-1342-430-9248.jpg","alt":"320x240-croisieres-inedites-loirestua1-1342-430-9248","title":"320x240-croisieres-inedites-loirestua1-1342-430-9248","MultiTaille":{"1920x1440":{"url":"https:\/\/www.saint-brevin.com\/medias\/images\/prestataires\/multitailles\/1920x1440_320x240-croisieres-inedites-loirestua1-1342-430-9248.jpg"},"1200x900":{"url":"https:\/\/www.saint-brevin.com\/medias\/images\/prestataires\/multitailles\/1200x900_320x240-croisieres-inedites-loirestua1-1342-430-9248.jpg"},"800x600":{"url":"https:\/\/www.saint-brevin.com\/medias\/images\/prestataires\/multitailles\/800x600_320x240-croisieres-inedites-loirestua1-1342-430-9248.jpg"},"640x480":{"url":"https:\/\/www.saint-brevin.com\/medias\/images\/prestataires\/multitailles\/640x480_320x240-croisieres-inedites-loirestua1-1342-430-9248.jpg"},"320x240":{"url":"https:\/\/www.saint-brevin.com\/medias\/images\/prestataires\/multitailles\/320x240_320x240-croisieres-inedites-loirestua1-1342-430-9248.jpg"},"160x120":{"url":"https:\/\/www.saint-brevin.com\/medias\/images\/prestataires\/multitailles\/160x120_320x240-croisieres-inedites-loirestua1-1342-430-9248.jpg"},"origine":{"url":"https:\/\/www.saint-brevin.com\/medias\/images\/prestataires\/320x240-croisieres-inedites-loirestua1-1342-430-9248.jpg"}},"urlLien":"","typeLien":"","nofollow":"N","copyright":""},{"url":"https:\/\/www.saint-brevin.com\/medias\/images\/prestataires\/capture-d-cran-2024-01-04-115655-9249.jpg","chemin":"..\/medias\/images\/prestataires\/capture-d-cran-2024-01-04-115655-9249.jpg","libelle":"capture-d-cran-2024-01-04-115655-9249","extension":"jpg","categorie":"","largeur":780,"theme":"","hauteur":657,"type":"Image","origine":"","liaisonPave":"","langue":"","id":"9249","urlVignette":"https:\/\/www.saint-brevin.com\/medias\/images\/prestataires\/v-capture-d-cran-2024-01-04-115655-9249.jpg","alt":"capture-d-cran-2024-01-04-115655-9249","title":"capture-d-cran-2024-01-04-115655-9249","MultiTaille":{"1920x1440":{"url":"https:\/\/www.saint-brevin.com\/medias\/images\/prestataires\/multitailles\/1920x1440_capture-d-cran-2024-01-04-115655-9249.jpg"},"1200x900":{"url":"https:\/\/www.saint-brevin.com\/medias\/images\/prestataires\/multitailles\/1200x900_capture-d-cran-2024-01-04-115655-9249.jpg"},"800x600":{"url":"https:\/\/www.saint-brevin.com\/medias\/images\/prestataires\/multitailles\/800x600_capture-d-cran-2024-01-04-115655-9249.jpg"},"640x480":{"url":"https:\/\/www.saint-brevin.com\/medias\/images\/prestataires\/multitailles\/640x480_capture-d-cran-2024-01-04-115655-9249.jpg"},"320x240":{"url":"https:\/\/www.saint-brevin.com\/medias\/images\/prestataires\/multitailles\/320x240_capture-d-cran-2024-01-04-115655-9249.jpg"},"160x120":{"url":"https:\/\/www.saint-brevin.com\/medias\/images\/prestataires\/multitailles\/160x120_capture-d-cran-2024-01-04-115655-9249.jpg"},"origine":{"url":"https:\/\/www.saint-brevin.com\/medias\/images\/prestataires\/capture-d-cran-2024-01-04-115655-9249.jpg"}},"urlLien":"","typeLien":"","nofollow":"N","copyright":""},{"url":"https:\/\/www.saint-brevin.com\/medias\/images\/prestataires\/capture-d-cran-2024-04-29-164902-9250.jpg","chemin":"..\/medias\/images\/prestataires\/capture-d-cran-2024-04-29-164902-9250.jpg","libelle":"capture-d-cran-2024-04-29-164902-9250","extension":"jpg","categorie":"","largeur":686,"theme":"","hauteur":382,"type":"Image","origine":"","liaisonPave":"","langue":"","id":"9250","urlVignette":"https:\/\/www.saint-brevin.com\/medias\/images\/prestataires\/v-capture-d-cran-2024-04-29-164902-9250.jpg","alt":"capture-d-cran-2024-04-29-164902-9250","title":"capture-d-cran-2024-04-29-164902-9250","MultiTaille":{"1920x1440":{"url":"https:\/\/www.saint-brevin.com\/medias\/images\/prestataires\/multitailles\/1920x1440_capture-d-cran-2024-04-29-164902-9250.jpg"},"1200x900":{"url":"https:\/\/www.saint-brevin.com\/medias\/images\/prestataires\/multitailles\/1200x900_capture-d-cran-2024-04-29-164902-9250.jpg"},"800x600":{"url":"https:\/\/www.saint-brevin.com\/medias\/images\/prestataires\/multitailles\/800x600_capture-d-cran-2024-04-29-164902-9250.jpg"},"640x480":{"url":"https:\/\/www.saint-brevin.com\/medias\/images\/prestataires\/multitailles\/640x480_capture-d-cran-2024-04-29-164902-9250.jpg"},"320x240":{"url":"https:\/\/www.saint-brevin.com\/medias\/images\/prestataires\/multitailles\/320x240_capture-d-cran-2024-04-29-164902-9250.jpg"},"160x120":{"url":"https:\/\/www.saint-brevin.com\/medias\/images\/prestataires\/multitailles\/160x120_capture-d-cran-2024-04-29-164902-9250.jpg"},"origine":{"url":"https:\/\/www.saint-brevin.com\/medias\/images\/prestataires\/capture-d-cran-2024-04-29-164902-9250.jpg"}},"urlLien":"","typeLien":"","nofollow":"N","copyright":""}],"ByCategorie":{"":[{"url":"https:\/\/www.saint-brevin.com\/medias\/images\/prestataires\/320x240-croisieres-inedites-loirestua1-1342-430-9248.jpg","chemin":"..\/medias\/images\/prestataires\/320x240-croisieres-inedites-loirestua1-1342-430-9248.jpg","libelle":"320x240-croisieres-inedites-loirestua1-1342-430-9248","extension":"jpg","categorie":"","largeur":320,"theme":"","hauteur":213,"type":"Image","origine":"","liaisonPave":"","langue":"","id":"9248","urlVignette":"https:\/\/www.saint-brevin.com\/medias\/images\/prestataires\/v-320x240-croisieres-inedites-loirestua1-1342-430-9248.jpg","alt":"320x240-croisieres-inedites-loirestua1-1342-430-9248","title":"320x240-croisieres-inedites-loirestua1-1342-430-9248","MultiTaille":{"1920x1440":{"url":"https:\/\/www.saint-brevin.com\/medias\/images\/prestataires\/multitailles\/1920x1440_320x240-croisieres-inedites-loirestua1-1342-430-9248.jpg"},"1200x900":{"url":"https:\/\/www.saint-brevin.com\/medias\/images\/prestataires\/multitailles\/1200x900_320x240-croisieres-inedites-loirestua1-1342-430-9248.jpg"},"800x600":{"url":"https:\/\/www.saint-brevin.com\/medias\/images\/prestataires\/multitailles\/800x600_320x240-croisieres-inedites-loirestua1-1342-430-9248.jpg"},"640x480":{"url":"https:\/\/www.saint-brevin.com\/medias\/images\/prestataires\/multitailles\/640x480_320x240-croisieres-inedites-loirestua1-1342-430-9248.jpg"},"320x240":{"url":"https:\/\/www.saint-brevin.com\/medias\/images\/prestataires\/multitailles\/320x240_320x240-croisieres-inedites-loirestua1-1342-430-9248.jpg"},"160x120":{"url":"https:\/\/www.saint-brevin.com\/medias\/images\/prestataires\/multitailles\/160x120_320x240-croisieres-inedites-loirestua1-1342-430-9248.jpg"},"origine":{"url":"https:\/\/www.saint-brevin.com\/medias\/images\/prestataires\/320x240-croisieres-inedites-loirestua1-1342-430-9248.jpg"}},"urlLien":"","typeLien":"","nofollow":"N","copyright":""},{"url":"https:\/\/www.saint-brevin.com\/medias\/images\/prestataires\/capture-d-cran-2024-01-04-115655-9249.jpg","chemin":"..\/medias\/images\/prestataires\/capture-d-cran-2024-01-04-115655-9249.jpg","libelle":"capture-d-cran-2024-01-04-115655-9249","extension":"jpg","categorie":"","largeur":780,"theme":"","hauteur":657,"type":"Image","origine":"","liaisonPave":"","langue":"","id":"9249","urlVignette":"https:\/\/www.saint-brevin.com\/medias\/images\/prestataires\/v-capture-d-cran-2024-01-04-115655-9249.jpg","alt":"capture-d-cran-2024-01-04-115655-9249","title":"capture-d-cran-2024-01-04-115655-9249","MultiTaille":{"1920x1440":{"url":"https:\/\/www.saint-brevin.com\/medias\/images\/prestataires\/multitailles\/1920x1440_capture-d-cran-2024-01-04-115655-9249.jpg"},"1200x900":{"url":"https:\/\/www.saint-brevin.com\/medias\/images\/prestataires\/multitailles\/1200x900_capture-d-cran-2024-01-04-115655-9249.jpg"},"800x600":{"url":"https:\/\/www.saint-brevin.com\/medias\/images\/prestataires\/multitailles\/800x600_capture-d-cran-2024-01-04-115655-9249.jpg"},"640x480":{"url":"https:\/\/www.saint-brevin.com\/medias\/images\/prestataires\/multitailles\/640x480_capture-d-cran-2024-01-04-115655-9249.jpg"},"320x240":{"url":"https:\/\/www.saint-brevin.com\/medias\/images\/prestataires\/multitailles\/320x240_capture-d-cran-2024-01-04-115655-9249.jpg"},"160x120":{"url":"https:\/\/www.saint-brevin.com\/medias\/images\/prestataires\/multitailles\/160x120_capture-d-cran-2024-01-04-115655-9249.jpg"},"origine":{"url":"https:\/\/www.saint-brevin.com\/medias\/images\/prestataires\/capture-d-cran-2024-01-04-115655-9249.jpg"}},"urlLien":"","typeLien":"","nofollow":"N","copyright":""},{"url":"https:\/\/www.saint-brevin.com\/medias\/images\/prestataires\/capture-d-cran-2024-04-29-164902-9250.jpg","chemin":"..\/medias\/images\/prestataires\/capture-d-cran-2024-04-29-164902-9250.jpg","libelle":"capture-d-cran-2024-04-29-164902-9250","extension":"jpg","categorie":"","largeur":686,"theme":"","hauteur":382,"type":"Image","origine":"","liaisonPave":"","langue":"","id":"9250","urlVignette":"https:\/\/www.saint-brevin.com\/medias\/images\/prestataires\/v-capture-d-cran-2024-04-29-164902-9250.jpg","alt":"capture-d-cran-2024-04-29-164902-9250","title":"capture-d-cran-2024-04-29-164902-9250","MultiTaille":{"1920x1440":{"url":"https:\/\/www.saint-brevin.com\/medias\/images\/prestataires\/multitailles\/1920x1440_capture-d-cran-2024-04-29-164902-9250.jpg"},"1200x900":{"url":"https:\/\/www.saint-brevin.com\/medias\/images\/prestataires\/multitailles\/1200x900_capture-d-cran-2024-04-29-164902-9250.jpg"},"800x600":{"url":"https:\/\/www.saint-brevin.com\/medias\/images\/prestataires\/multitailles\/800x600_capture-d-cran-2024-04-29-164902-9250.jpg"},"640x480":{"url":"https:\/\/www.saint-brevin.com\/medias\/images\/prestataires\/multitailles\/640x480_capture-d-cran-2024-04-29-164902-9250.jpg"},"320x240":{"url":"https:\/\/www.saint-brevin.com\/medias\/images\/prestataires\/multitailles\/320x240_capture-d-cran-2024-04-29-164902-9250.jpg"},"160x120":{"url":"https:\/\/www.saint-brevin.com\/medias\/images\/prestataires\/multitailles\/160x120_capture-d-cran-2024-04-29-164902-9250.jpg"},"origine":{"url":"https:\/\/www.saint-brevin.com\/medias\/images\/prestataires\/capture-d-cran-2024-04-29-164902-9250.jpg"}},"urlLien":"","typeLien":"","nofollow":"N","copyright":""}]}},"Url":"","Localisation":{"GoogleMap":{"Latitude":"47.24720","Longitude":"-2.16866"}},"ZoneGeo":"","Criteres":{"NIVPARTENAIRE[COMPLET":"","MAJINGENIE[DATEDERNIEREMAJ":"20170926","MISEAJOUR[ANNABELLE":""},"DateFinPublication":"","AffichageCoordonnees":[]},"listeCriteres":{"LIEUMANIF":{"SAINTBREVIN":""},"CATEGORIEANIMATION":{"ATELIER":""},"ICA":{"ICATP":""},"ANIAH":{"ANIACC":""},"MODEPAIEMENT":{"GRATUIT":""},"YVEL":{"SBACK":"","SOUI":""},"MISEAJOURINGENIE":{"DATEDERNIEREMAJ":"20240229"},"MISEAJOURPAR":{"JOHANNA":""},"NIVPARTENAIRE":{"COMPLET":""},"MAJINGENIE":{"DATEDERNIEREMAJ":"20170926"},"MISEAJOUR":{"ANNABELLE":""}},"dansCarnetVoyage":true,"Ouverture":[],"OuverturePasse":[]},"html":" \n \u003Cdiv id=\"CV-PRESTATION-Y-OFFICEDETOURISMESTBREVINSUDEST-SEMAINEMTIERSTOURISME\" data-contexte-id=\"PRESTATION|Y|OFFICEDETOURISMESTBREVINSUDEST|SEMAINEMTIERSTOURISME\" data-cle=\"Y|OFFICEDETOURISMESTBREVINSUDEST|SEMAINEMTIERSTOURISME\" class=\"fiche-liste\"\u003E\n    \n\n    \u003C!-- partie photo --\u003E\n    \u003Cdiv class=\"photo\"\u003E\t\t\t\t\t\t\t\t\t\t\t\t\t\t\t\t\t\t\t\t\t\n        \u003Cdiv class=\"cadre_photo_principale\"\u003E\t\t\n        \n            \t\t\t\t\t\n                    \u003Ca href=\"semaine-des-metiers-du-tourisme.html?origine=carnet#media\"\u003E\n                        \u003Cimg class=\"photo_principale\" alt=\"semaine-des-m-tiers-du-tourisme-2025-26198\" src=\"https:\/\/www.saint-brevin.com\/medias\/images\/prestations\/multitailles\/320x240_semaine-des-m-tiers-du-tourisme-2025-26198.jpg\" itemprop=\"image\"\u003E\n                    \u003C\/a\u003E\t\t\t\t\t\t\n                \n                    \u003C\/div\u003E\t\t\t\t\t\t\t\t\t\t\t\t\t\t\t\t\t\t\t \t\t\n    \u003C\/div\u003E\n    \n    \u003C!-- partie nom prest --\u003E\n    \u003Cdiv class=\"nom\"\u003E\n        \u003Ch2\u003ESemaine des m\u00e9tiers du tourisme\u003C\/h2\u003E\n        \n            \u003C\/div\u003E\n\n         \n    \u003C!-- partie adresse --\u003E\n    \u003Cdiv class=\"adresse\"\u003E\n    \n          \n    \u003C\/div\u003E\n    \n    \u003C!-- partie liens --\u003E\n    \u003Cdiv class=\"liens\"\u003E\n            \u003Ca class=\"btn-icon btn-view \" title=\"Voir la fiche d\u00e9taill\u00e9e\" href=\"semaine-des-metiers-du-tourisme.html?origine=carnet\"\u003E\u003C\/a\u003E\u003C!--\u003Ca class=\"btn-icon btn-view \" title=\"\" href=\"?origine=carnet#thaut\"\u003E\u003C\/a\u003E--\u003E\n      \u003Ca class=\"btn-icon btn-trash carnet_voyage_supprimer\" title=\"Supprimer cette fiche de mon carnet de voyage\" href=\"carnet-voyage?action=remove&fiche=Y|OFFICEDETOURISMESTBREVINSUDEST|SEMAINEMTIERSTOURISME\"\u003E\u003C\/a\u003E\n    \u003C\/div\u003E\n\n\u003C\/div\u003E\n\n","icon":"https:\/\/static.ingenie.fr\/images\/carnetVoyageV3\/Y.png"},"fiche":"Y|OFFICEDETOURISMESTBREVINSUDEST|SEMAINEMTIERSTOURISME","popup":"\u003Cdiv id=\"bloc_popup_ajout_fiche_carnet\"\u003E\n    \u003Cdiv class=\"info_popup_ajout_fiche_carnet\"\u003E\n        Vous venez d'ajouter cet \u00e9l\u00e9ment \u00e0 votre carnet de voyage :    \u003C\/div\u003E\n    \u003Cdiv class=\"prest_popup_ajout_fiche_carnet\"\u003E\n        Semaine des m&eacute;tiers du tourisme    \u003C\/div\u003E\n    \u003Cdiv class=\"bloc_btn_ajout_fiche_carnet form_submit_div\"\u003E\n        \u003Cinput type=\"button\" value=\"Continuer ma s\u00e9lection\" title=\"Continuer ma s\u00e9lection\" name=\"btn_close\" class=\"btn_close_popup_carnet form_submit\" onclick=\"$.colorbox.close()\" \/\u003E\n        \u003Cinput type=\"button\" value=\"Voir mon carnet de voyage\" title=\"Voir mon carnet\" name=\"btn_panier\" class=\"btn_panier_popup_carnet form_submit\" onclick=\"if(typeof CarnetVoyage != 'undefined') {CarnetVoyage.voirCarnet();}\" \/\u003E\n    \u003C\/div\u003E\n    \u003Cdiv class=\"bloc_btn_ajout_fiche_carnet\"\u003E\n        \u003Cinput type=\"checkbox\" value=\"1\" name=\"desactiver_popup\" id=\"desactiver_popup\" \/\u003E\n        \u003Clabel for=\"desactiver_popup\"\u003ENe plus afficher ce message\u003C\/label\u003E\n    \u003C\/div\u003E\n\u003C\/div\u003E","success":1}