{"nbFiches":1,"dataPrest":{"infoPrest":{"pave1":{"libelle":"Slogan","contenu":"","fichiers":[]},"pave2":{"libelle":"Descriptif","contenu":"Marche dans la campagne br&eacute;vinoise de 10 km environ.\u003Cbr \/\u003E\r\n\u003Cbr \/\u003E\r\nD&eacute;part Place Daniel Savary &agrave; 18h\u003Cbr \/\u003E\r\n\u003Cbr \/\u003E\r\n\u003Cbr \/\u003E\r\nOuvert &agrave; tous. Tarif non adh&eacute;rent : 2&euro;\u003Cbr \/\u003E\r\n&nbsp;","fichiers":[]},"pave3":{"libelle":"","contenu":""},"pave4":{"libelle":"","contenu":""},"pave5":{"libelle":"","contenu":""},"pave6":{"libelle":"","contenu":""},"pave7":{"libelle":"","contenu":""},"pave8":{"libelle":"","contenu":""},"pave9":{"libelle":"","contenu":""},"pave10":{"libelle":"","contenu":""},"pave11":{"libelle":"","contenu":""},"pave12":{"libelle":"","contenu":""},"pave13":{"libelle":"","contenu":""},"pave14":{"libelle":"","contenu":""},"pave15":{"libelle":"","contenu":""},"pave16":{"libelle":"","contenu":""},"pave17":{"libelle":"","contenu":""},"pave18":{"libelle":"","contenu":""},"pave19":{"libelle":"","contenu":""},"pave20":{"libelle":"","contenu":""},"pave21":{"libelle":"","contenu":""},"pave22":{"libelle":"","contenu":""},"pave23":{"libelle":"","contenu":""},"pave24":{"libelle":"","contenu":""},"pave25":{"libelle":"","contenu":""},"Libelle":"Randonn\u00e9e estivale : circuit de la campagne brevinoise","Reference":"","Reftar":"","Type":"PRESTATION","TypePrestataire":"Y","ContexteStat":"PRESTATION-Y-MARCHEURSJEUDIBREVINOIS-MARCHECAMPAGNE","DateModificationIso":"2026-03-11T10:36:00+01:00","Adresse":{"LigneAdresse1":"Parking Daniel Savary","LigneAdresse2":"P\u00f4le de la Bresse","LigneAdresse3":"","CodePostal":"44250","Ville":"ST BREVIN LES PINS","Cedex":"","Etat":"","Pays":"FRA"},"Id":"y-marcheursjeudibrevinois-marchecampagne","Code":"Y|MARCHEURSJEUDIBREVINOIS|MARCHECAMPAGNE","Cle":"Y|MARCHEURSJEUDIBREVINOIS|MARCHECAMPAGNE","Url":"randonnee-estivale-circuit-de-la-campagne-brevinoise.html","Localisation":{"GoogleMap":{"Latitude":"47.24802","Longitude":"-2.16223"}},"ZoneGeo":"","Criteres":{"LIEUMANIF[SAINTBREVIN":"","CATEGORIEANIMATION[SPORT":"","DETAILANIMATIONSPORTIVE[RANDONNEPEDESTRE":"","ANIAH[ANINACC":"","GANIMA[GANIMNON":"","MODEPAIEMENT[LESPE":"","MISEAJOURINGENIE[DATEDERNIEREMAJ":"20230427","MISEAJOURPAR[FABIENNE":""},"ContactsParType":{"IWEB":{"1344":{"id_contact":"1344","type_contact":"IWEB","categorie_contact":"PRESTATION","societe_contact":"Les Marcheurs du Jeudi Br\u00e9vinois","fonction_contact":"","civilite_nom_prenom_contact":"","adresse1_contact":"","adresse2_contact":"","adresse3_contact":"","cpostal_contact":"","ville_contact":"","teldom_contact":"06 24 55 01 94","telbur_contact":"","fax_contact":"","portable_contact":"06 50 16 22 18","email_contact":"","siteweb_contact":"","commentaire_contact":"","langue_contact":"","autre_moyen_com":[]}}},"ContactRemplaceCoordonnees":"1344","Prestataire":{"pave1":{"libelle":"Descriptif","contenu":""},"pave2":{"libelle":"","contenu":""},"pave3":{"libelle":"","contenu":""},"pave4":{"libelle":"","contenu":""},"pave5":{"libelle":"","contenu":""},"pave6":{"libelle":"","contenu":""},"pave7":{"libelle":"","contenu":""},"pave8":{"libelle":"","contenu":""},"pave9":{"libelle":"","contenu":""},"pave10":{"libelle":"","contenu":""},"pave11":{"libelle":"","contenu":""},"pave12":{"libelle":"","contenu":""},"pave13":{"libelle":"","contenu":""},"pave14":{"libelle":"","contenu":""},"pave15":{"libelle":"","contenu":""},"pave16":{"libelle":"","contenu":""},"pave17":{"libelle":"","contenu":""},"pave18":{"libelle":"","contenu":""},"pave19":{"libelle":"","contenu":""},"pave20":{"libelle":"","contenu":""},"pave21":{"libelle":"","contenu":""},"pave22":{"libelle":"","contenu":""},"pave23":{"libelle":"","contenu":""},"pave24":{"libelle":"","contenu":""},"pave25":{"libelle":"","contenu":""},"Libelle":"Les Marcheurs du Jeudi Br\u00e9vinois","Nom":"Les Marcheurs du Jeudi Br\u00e9vinois","Prenom":"","NomPrenom":"Les Marcheurs du Jeudi Br\u00e9vinois ","CiviliteNomPrenom":"Les Marcheurs du Jeudi Br\u00e9vinois ","Cle":"Y|MARCHEURSJEUDIBREVINOIS","PrestataireParent":"","ContexteStat":"PRESTATAIRE-Y-MARCHEURSJEUDIBREVINOIS","DateModificationIso":"2020-01-09T16:24:00+01:00","Type":"PRESTATAIRE","TypePrestataire":"Y","Adresse":{"LigneAdresse1":"","LigneAdresse2":"","LigneAdresse3":"","CodePostal":"","Ville":"","Cedex":"","Etat":"","Pays":"FRA"},"Email":"","Telephone":"06 24 55 01 94","TelephoneBureau":"","Portable":"06 50 16 22 18","SiteWeb":"","Fax":"","Id":"y-marcheursjeudibrevinois","Code":"Y|MARCHEURSJEUDIBREVINOIS","Fichier":[],"Url":"","Localisation":{"GoogleMap":{"Latitude":"47.23482","Longitude":"-2.16615"}},"ZoneGeo":"","Criteres":{"NIVPARTENAIRE[COMPLET":"","COMMUNES[SAINTBREVIN":"","MAJINGENIE[DATEDERNIEREMAJ":"20170914","MISEAJOUR[ANNABELLE":""},"DateFinPublication":""},"Fichier":{"Image":[{"url":"https:\/\/www.saint-brevin.com\/medias\/images\/prestations\/randonneur-808-1792-2254-2861-3281-6035-6042-6058.jpg","chemin":"..\/medias\/images\/prestations\/randonneur-808-1792-2254-2861-3281-6035-6042-6058.jpg","libelle":"randonneur-808","extension":"jpg","categorie":"","largeur":507,"theme":"","hauteur":340,"type":"Image","origine":"","liaisonPave":"","langue":"","id":"6058","urlVignette":"https:\/\/www.saint-brevin.com\/medias\/images\/prestations\/v-randonneur-808-1792-2254-2861-3281-6035-6042-6058.jpg","alt":"randonneur-808","title":"randonneur-808","MultiTaille":{"1920x1440":{"url":"https:\/\/www.saint-brevin.com\/medias\/images\/prestations\/multitailles\/1920x1440_randonneur-808-1792-2254-2861-3281-6035-6042-6058.jpg"},"1200x900":{"url":"https:\/\/www.saint-brevin.com\/medias\/images\/prestations\/multitailles\/1200x900_randonneur-808-1792-2254-2861-3281-6035-6042-6058.jpg"},"800x600":{"url":"https:\/\/www.saint-brevin.com\/medias\/images\/prestations\/multitailles\/800x600_randonneur-808-1792-2254-2861-3281-6035-6042-6058.jpg"},"640x480":{"url":"https:\/\/www.saint-brevin.com\/medias\/images\/prestations\/multitailles\/640x480_randonneur-808-1792-2254-2861-3281-6035-6042-6058.jpg"},"320x240":{"url":"https:\/\/www.saint-brevin.com\/medias\/images\/prestations\/multitailles\/320x240_randonneur-808-1792-2254-2861-3281-6035-6042-6058.jpg"},"160x120":{"url":"https:\/\/www.saint-brevin.com\/medias\/images\/prestations\/multitailles\/160x120_randonneur-808-1792-2254-2861-3281-6035-6042-6058.jpg"},"origine":{"url":"https:\/\/www.saint-brevin.com\/medias\/images\/prestations\/randonneur-808-1792-2254-2861-3281-6035-6042-6058.jpg"}},"urlLien":"","typeLien":"","nofollow":"N","copyright":""},{"url":"https:\/\/www.saint-brevin.com\/medias\/images\/prestations\/randonee-ile-d-adet-809-1793-2255-2862-3282-6036-6043-6059.jpg","chemin":"..\/medias\/images\/prestations\/randonee-ile-d-adet-809-1793-2255-2862-3282-6036-6043-6059.jpg","libelle":"randonee-ile-d-adet-809","extension":"jpg","categorie":"","largeur":1940,"theme":"","hauteur":1249,"type":"Image","origine":"","liaisonPave":"","langue":"","id":"6059","urlVignette":"https:\/\/www.saint-brevin.com\/medias\/images\/prestations\/v-randonee-ile-d-adet-809-1793-2255-2862-3282-6036-6043-6059.jpg","alt":"randonee-ile-d-adet-809","title":"randonee-ile-d-adet-809","MultiTaille":{"1920x1440":{"url":"https:\/\/www.saint-brevin.com\/medias\/images\/prestations\/multitailles\/1920x1440_randonee-ile-d-adet-809-1793-2255-2862-3282-6036-6043-6059.jpg"},"1200x900":{"url":"https:\/\/www.saint-brevin.com\/medias\/images\/prestations\/multitailles\/1200x900_randonee-ile-d-adet-809-1793-2255-2862-3282-6036-6043-6059.jpg"},"800x600":{"url":"https:\/\/www.saint-brevin.com\/medias\/images\/prestations\/multitailles\/800x600_randonee-ile-d-adet-809-1793-2255-2862-3282-6036-6043-6059.jpg"},"640x480":{"url":"https:\/\/www.saint-brevin.com\/medias\/images\/prestations\/multitailles\/640x480_randonee-ile-d-adet-809-1793-2255-2862-3282-6036-6043-6059.jpg"},"320x240":{"url":"https:\/\/www.saint-brevin.com\/medias\/images\/prestations\/multitailles\/320x240_randonee-ile-d-adet-809-1793-2255-2862-3282-6036-6043-6059.jpg"},"160x120":{"url":"https:\/\/www.saint-brevin.com\/medias\/images\/prestations\/multitailles\/160x120_randonee-ile-d-adet-809-1793-2255-2862-3282-6036-6043-6059.jpg"},"origine":{"url":"https:\/\/www.saint-brevin.com\/medias\/images\/prestations\/randonee-ile-d-adet-809-1793-2255-2862-3282-6036-6043-6059.jpg"}},"urlLien":"","typeLien":"","nofollow":"N","copyright":""},{"url":"https:\/\/www.saint-brevin.com\/medias\/images\/prestations\/randonneur2-810-1794-2256-2863-3283-6037-6044-6060.jpg","chemin":"..\/medias\/images\/prestations\/randonneur2-810-1794-2256-2863-3283-6037-6044-6060.jpg","libelle":"randonneur2-810","extension":"jpg","categorie":"","largeur":960,"theme":"","hauteur":642,"type":"Image","origine":"","liaisonPave":"","langue":"","id":"6060","urlVignette":"https:\/\/www.saint-brevin.com\/medias\/images\/prestations\/v-randonneur2-810-1794-2256-2863-3283-6037-6044-6060.jpg","alt":"randonneur2-810","title":"randonneur2-810","MultiTaille":{"1920x1440":{"url":"https:\/\/www.saint-brevin.com\/medias\/images\/prestations\/multitailles\/1920x1440_randonneur2-810-1794-2256-2863-3283-6037-6044-6060.jpg"},"1200x900":{"url":"https:\/\/www.saint-brevin.com\/medias\/images\/prestations\/multitailles\/1200x900_randonneur2-810-1794-2256-2863-3283-6037-6044-6060.jpg"},"800x600":{"url":"https:\/\/www.saint-brevin.com\/medias\/images\/prestations\/multitailles\/800x600_randonneur2-810-1794-2256-2863-3283-6037-6044-6060.jpg"},"640x480":{"url":"https:\/\/www.saint-brevin.com\/medias\/images\/prestations\/multitailles\/640x480_randonneur2-810-1794-2256-2863-3283-6037-6044-6060.jpg"},"320x240":{"url":"https:\/\/www.saint-brevin.com\/medias\/images\/prestations\/multitailles\/320x240_randonneur2-810-1794-2256-2863-3283-6037-6044-6060.jpg"},"160x120":{"url":"https:\/\/www.saint-brevin.com\/medias\/images\/prestations\/multitailles\/160x120_randonneur2-810-1794-2256-2863-3283-6037-6044-6060.jpg"},"origine":{"url":"https:\/\/www.saint-brevin.com\/medias\/images\/prestations\/randonneur2-810-1794-2256-2863-3283-6037-6044-6060.jpg"}},"urlLien":"","typeLien":"","nofollow":"N","copyright":""}],"ByCategorie":{"":[{"url":"https:\/\/www.saint-brevin.com\/medias\/images\/prestations\/randonneur-808-1792-2254-2861-3281-6035-6042-6058.jpg","chemin":"..\/medias\/images\/prestations\/randonneur-808-1792-2254-2861-3281-6035-6042-6058.jpg","libelle":"randonneur-808","extension":"jpg","categorie":"","largeur":507,"theme":"","hauteur":340,"type":"Image","origine":"","liaisonPave":"","langue":"","id":"6058","urlVignette":"https:\/\/www.saint-brevin.com\/medias\/images\/prestations\/v-randonneur-808-1792-2254-2861-3281-6035-6042-6058.jpg","alt":"randonneur-808","title":"randonneur-808","MultiTaille":{"1920x1440":{"url":"https:\/\/www.saint-brevin.com\/medias\/images\/prestations\/multitailles\/1920x1440_randonneur-808-1792-2254-2861-3281-6035-6042-6058.jpg"},"1200x900":{"url":"https:\/\/www.saint-brevin.com\/medias\/images\/prestations\/multitailles\/1200x900_randonneur-808-1792-2254-2861-3281-6035-6042-6058.jpg"},"800x600":{"url":"https:\/\/www.saint-brevin.com\/medias\/images\/prestations\/multitailles\/800x600_randonneur-808-1792-2254-2861-3281-6035-6042-6058.jpg"},"640x480":{"url":"https:\/\/www.saint-brevin.com\/medias\/images\/prestations\/multitailles\/640x480_randonneur-808-1792-2254-2861-3281-6035-6042-6058.jpg"},"320x240":{"url":"https:\/\/www.saint-brevin.com\/medias\/images\/prestations\/multitailles\/320x240_randonneur-808-1792-2254-2861-3281-6035-6042-6058.jpg"},"160x120":{"url":"https:\/\/www.saint-brevin.com\/medias\/images\/prestations\/multitailles\/160x120_randonneur-808-1792-2254-2861-3281-6035-6042-6058.jpg"},"origine":{"url":"https:\/\/www.saint-brevin.com\/medias\/images\/prestations\/randonneur-808-1792-2254-2861-3281-6035-6042-6058.jpg"}},"urlLien":"","typeLien":"","nofollow":"N","copyright":""},{"url":"https:\/\/www.saint-brevin.com\/medias\/images\/prestations\/randonee-ile-d-adet-809-1793-2255-2862-3282-6036-6043-6059.jpg","chemin":"..\/medias\/images\/prestations\/randonee-ile-d-adet-809-1793-2255-2862-3282-6036-6043-6059.jpg","libelle":"randonee-ile-d-adet-809","extension":"jpg","categorie":"","largeur":1940,"theme":"","hauteur":1249,"type":"Image","origine":"","liaisonPave":"","langue":"","id":"6059","urlVignette":"https:\/\/www.saint-brevin.com\/medias\/images\/prestations\/v-randonee-ile-d-adet-809-1793-2255-2862-3282-6036-6043-6059.jpg","alt":"randonee-ile-d-adet-809","title":"randonee-ile-d-adet-809","MultiTaille":{"1920x1440":{"url":"https:\/\/www.saint-brevin.com\/medias\/images\/prestations\/multitailles\/1920x1440_randonee-ile-d-adet-809-1793-2255-2862-3282-6036-6043-6059.jpg"},"1200x900":{"url":"https:\/\/www.saint-brevin.com\/medias\/images\/prestations\/multitailles\/1200x900_randonee-ile-d-adet-809-1793-2255-2862-3282-6036-6043-6059.jpg"},"800x600":{"url":"https:\/\/www.saint-brevin.com\/medias\/images\/prestations\/multitailles\/800x600_randonee-ile-d-adet-809-1793-2255-2862-3282-6036-6043-6059.jpg"},"640x480":{"url":"https:\/\/www.saint-brevin.com\/medias\/images\/prestations\/multitailles\/640x480_randonee-ile-d-adet-809-1793-2255-2862-3282-6036-6043-6059.jpg"},"320x240":{"url":"https:\/\/www.saint-brevin.com\/medias\/images\/prestations\/multitailles\/320x240_randonee-ile-d-adet-809-1793-2255-2862-3282-6036-6043-6059.jpg"},"160x120":{"url":"https:\/\/www.saint-brevin.com\/medias\/images\/prestations\/multitailles\/160x120_randonee-ile-d-adet-809-1793-2255-2862-3282-6036-6043-6059.jpg"},"origine":{"url":"https:\/\/www.saint-brevin.com\/medias\/images\/prestations\/randonee-ile-d-adet-809-1793-2255-2862-3282-6036-6043-6059.jpg"}},"urlLien":"","typeLien":"","nofollow":"N","copyright":""},{"url":"https:\/\/www.saint-brevin.com\/medias\/images\/prestations\/randonneur2-810-1794-2256-2863-3283-6037-6044-6060.jpg","chemin":"..\/medias\/images\/prestations\/randonneur2-810-1794-2256-2863-3283-6037-6044-6060.jpg","libelle":"randonneur2-810","extension":"jpg","categorie":"","largeur":960,"theme":"","hauteur":642,"type":"Image","origine":"","liaisonPave":"","langue":"","id":"6060","urlVignette":"https:\/\/www.saint-brevin.com\/medias\/images\/prestations\/v-randonneur2-810-1794-2256-2863-3283-6037-6044-6060.jpg","alt":"randonneur2-810","title":"randonneur2-810","MultiTaille":{"1920x1440":{"url":"https:\/\/www.saint-brevin.com\/medias\/images\/prestations\/multitailles\/1920x1440_randonneur2-810-1794-2256-2863-3283-6037-6044-6060.jpg"},"1200x900":{"url":"https:\/\/www.saint-brevin.com\/medias\/images\/prestations\/multitailles\/1200x900_randonneur2-810-1794-2256-2863-3283-6037-6044-6060.jpg"},"800x600":{"url":"https:\/\/www.saint-brevin.com\/medias\/images\/prestations\/multitailles\/800x600_randonneur2-810-1794-2256-2863-3283-6037-6044-6060.jpg"},"640x480":{"url":"https:\/\/www.saint-brevin.com\/medias\/images\/prestations\/multitailles\/640x480_randonneur2-810-1794-2256-2863-3283-6037-6044-6060.jpg"},"320x240":{"url":"https:\/\/www.saint-brevin.com\/medias\/images\/prestations\/multitailles\/320x240_randonneur2-810-1794-2256-2863-3283-6037-6044-6060.jpg"},"160x120":{"url":"https:\/\/www.saint-brevin.com\/medias\/images\/prestations\/multitailles\/160x120_randonneur2-810-1794-2256-2863-3283-6037-6044-6060.jpg"},"origine":{"url":"https:\/\/www.saint-brevin.com\/medias\/images\/prestations\/randonneur2-810-1794-2256-2863-3283-6037-6044-6060.jpg"}},"urlLien":"","typeLien":"","nofollow":"N","copyright":""}]}},"DateDebPublication":"","DateFinPublication":"20260724","PrixAPartirDe":"","PrixPour":"","FicheListeEnCours":"fiche_liste_agenda_prestation_v2017","ParametresModele":{"AfficherPhotos":"1","NbPhotosMax":6,"AfficherReserver":0,"AfficherContact":0,"AfficherSalle":1,"AfficherZoneGeo":0,"AfficherEnSavoirPlus":"1","AfficherUneSeuleOuverture":"1","AfficherContactCarte":1,"AfficherTarifsChaudAPartirDe":0,"AfficherTarifChaudSansRecherche":0,"AfficherLiensCarnetVoyage":"1","AfficherOuverture":"1","BlocCritereInfo":{"critere1":{"libelle":""},"critere2":{"libelle":""},"critere3":{"libelle":""},"critere4":{"libelle":""},"critere5":{"libelle":""},"critere6":{"libelle":""},"critere7":{"libelle":"","liste_critere":["COMMUNES|Y"]},"critere8":{"libelle":""},"critere9":{"libelle":""},"afficherpictoetpaslibelle":"1"},"CriteresComportementResa":"|RESABILLET[RESAENLIGNE|","PositionBloc":"GALLERIE|NOM|OUVERTURES|CARNET_VOYAGE|URL|LIEN_RESERVER_DETAIL","TypePrestataire":"Y","ComportementResa":false,"ComportementDispo":false},"AffichageCoordonnees":[],"Coordonnees":{"Ville":"ST BREVIN LES PINS"},"ContexteId":"PRESTATION|Y|MARCHEURSJEUDIBREVINOIS|MARCHECAMPAGNE","ContexteIdHtml":"PRESTATION-Y-MARCHEURSJEUDIBREVINOIS-MARCHECAMPAGNE","cleContexte":"Y|MARCHEURSJEUDIBREVINOIS|MARCHECAMPAGNE","Bloc":{"texte1":"","texte3":"","critere1":{"libelle":"","contenu":[]},"critere2":{"libelle":"","contenu":[]},"critere3":{"libelle":"","contenu":[]},"critere4":{"libelle":"","contenu":[]},"critere5":{"libelle":"","contenu":[]},"critere6":{"libelle":"","contenu":[]},"critere7":{"libelle":"","contenu":{"COMMUNES":{"libelle":"COMMUNE","contenu":{"1":"Saint-Brevin"},"codesValeurs":{"1":"COMMUNES|SAINTBREVIN|Y"},"criteres_datas":{"valeurs":{"1":{"SAINTBREVIN":{"descriptif":""}}}}}}},"critere8":{"libelle":"","contenu":[]},"critere9":{"libelle":"","contenu":[]}},"LocalisationGps":{"Latitude":"47.24802","Longitude":"-2.16223"},"libelleDuPrestataire":"","vuePrestataire":{"pave1":{"libelle":"Descriptif","contenu":""},"pave2":{"libelle":"","contenu":""},"pave3":{"libelle":"","contenu":""},"pave4":{"libelle":"","contenu":""},"pave5":{"libelle":"","contenu":""},"pave6":{"libelle":"","contenu":""},"pave7":{"libelle":"","contenu":""},"pave8":{"libelle":"","contenu":""},"pave9":{"libelle":"","contenu":""},"pave10":{"libelle":"","contenu":""},"pave11":{"libelle":"","contenu":""},"pave12":{"libelle":"","contenu":""},"pave13":{"libelle":"","contenu":""},"pave14":{"libelle":"","contenu":""},"pave15":{"libelle":"","contenu":""},"pave16":{"libelle":"","contenu":""},"pave17":{"libelle":"","contenu":""},"pave18":{"libelle":"","contenu":""},"pave19":{"libelle":"","contenu":""},"pave20":{"libelle":"","contenu":""},"pave21":{"libelle":"","contenu":""},"pave22":{"libelle":"","contenu":""},"pave23":{"libelle":"","contenu":""},"pave24":{"libelle":"","contenu":""},"pave25":{"libelle":"","contenu":""},"Libelle":"Les Marcheurs du Jeudi Br\u00e9vinois","Nom":"Les Marcheurs du Jeudi Br\u00e9vinois","Prenom":"","NomPrenom":"Les Marcheurs du Jeudi Br\u00e9vinois ","CiviliteNomPrenom":"Les Marcheurs du Jeudi Br\u00e9vinois ","Cle":"Y|MARCHEURSJEUDIBREVINOIS","PrestataireParent":"","ContexteStat":"PRESTATAIRE-Y-MARCHEURSJEUDIBREVINOIS","DateModificationIso":"2020-01-09T16:24:00+01:00","Type":"PRESTATAIRE","TypePrestataire":"Y","Adresse":{"LigneAdresse1":"","LigneAdresse2":"","LigneAdresse3":"","CodePostal":"","Ville":"","Cedex":"","Etat":"","Pays":"FRA"},"Email":"","Telephone":"06 24 55 01 94","TelephoneBureau":"","Portable":"06 50 16 22 18","SiteWeb":"","Fax":"","Id":"y-marcheursjeudibrevinois","Code":"Y|MARCHEURSJEUDIBREVINOIS","Fichier":[],"Url":"","Localisation":{"GoogleMap":{"Latitude":"47.23482","Longitude":"-2.16615"}},"ZoneGeo":"","Criteres":{"NIVPARTENAIRE[COMPLET":"","COMMUNES[SAINTBREVIN":"","MAJINGENIE[DATEDERNIEREMAJ":"20170914","MISEAJOUR[ANNABELLE":""},"DateFinPublication":"","AffichageCoordonnees":[]},"listeCriteres":{"LIEUMANIF":{"SAINTBREVIN":""},"CATEGORIEANIMATION":{"SPORT":""},"DETAILANIMATIONSPORTIVE":{"RANDONNEPEDESTRE":""},"ANIAH":{"ANINACC":""},"GANIMA":{"GANIMNON":""},"MODEPAIEMENT":{"LESPE":""},"MISEAJOURINGENIE":{"DATEDERNIEREMAJ":"20230427"},"MISEAJOURPAR":{"FABIENNE":""},"NIVPARTENAIRE":{"COMPLET":""},"COMMUNES":{"SAINTBREVIN":""},"MAJINGENIE":{"DATEDERNIEREMAJ":"20170914"},"MISEAJOUR":{"ANNABELLE":""}},"dansCarnetVoyage":true,"Ouverture":["\u003Cp class=\"date\" \u003EJeudi 23 juillet 2026\u003C\/p\u003E\u003Cp class=\"heure\" \u003E\u00e0 partir de 18:00\u003C\/p\u003E"],"OuverturePasse":[],"OuvertureObjs":[{}],"OuvertureTab":[["20260723","20260723"]]},"html":" \n \u003Cdiv id=\"CV-PRESTATION-Y-MARCHEURSJEUDIBREVINOIS-MARCHECAMPAGNE\" data-contexte-id=\"PRESTATION|Y|MARCHEURSJEUDIBREVINOIS|MARCHECAMPAGNE\" data-cle=\"Y|MARCHEURSJEUDIBREVINOIS|MARCHECAMPAGNE\" class=\"fiche-liste\"\u003E\n    \n\n    \u003C!-- partie photo --\u003E\n    \u003Cdiv class=\"photo\"\u003E\t\t\t\t\t\t\t\t\t\t\t\t\t\t\t\t\t\t\t\t\t\n        \u003Cdiv class=\"cadre_photo_principale\"\u003E\t\t\n        \n            \t\t\t\t\t\n                    \u003Ca href=\"randonnee-estivale-circuit-de-la-campagne-brevinoise.html?origine=carnet#media\"\u003E\n                        \u003Cimg class=\"photo_principale\" alt=\"randonneur-808\" src=\"https:\/\/www.saint-brevin.com\/medias\/images\/prestations\/multitailles\/320x240_randonneur-808-1792-2254-2861-3281-6035-6042-6058.jpg\" itemprop=\"image\"\u003E\n                    \u003C\/a\u003E\t\t\t\t\t\t\n                \n                    \u003C\/div\u003E\t\t\t\t\t\t\t\t\t\t\t\t\t\t\t\t\t\t\t \t\t\n    \u003C\/div\u003E\n    \n    \u003C!-- partie nom prest --\u003E\n    \u003Cdiv class=\"nom\"\u003E\n        \u003Ch2\u003ERandonn\u00e9e estivale : circuit de la campagne brevinoise\u003C\/h2\u003E\n        \n            \u003C\/div\u003E\n\n     \u003Cul style=\"display: none\" class=\"ouverture_list\"\u003E\u003Cli class=\"ouverture_item\"\u003E\u003Cp class=\"date\" \u003EJeudi 23 juillet 2026\u003C\/p\u003E\u003Cp class=\"heure\" \u003E\u00e0 partir de 18:00\u003C\/p\u003E\u003C\/li\u003E\u003C\/ul\u003E    \n    \u003C!-- partie adresse --\u003E\n    \u003Cdiv class=\"adresse\"\u003E\n    \n          \n    \u003C\/div\u003E\n    \n    \u003C!-- partie liens --\u003E\n    \u003Cdiv class=\"liens\"\u003E\n            \u003Ca class=\"btn-icon btn-view \" title=\"Voir la fiche d\u00e9taill\u00e9e\" href=\"randonnee-estivale-circuit-de-la-campagne-brevinoise.html?origine=carnet\"\u003E\u003C\/a\u003E\u003C!--\u003Ca class=\"btn-icon btn-view \" title=\"\" href=\"?origine=carnet#thaut\"\u003E\u003C\/a\u003E--\u003E\n      \u003Ca class=\"btn-icon btn-trash carnet_voyage_supprimer\" title=\"Supprimer cette fiche de mon carnet de voyage\" href=\"carnet-voyage?action=remove&fiche=Y|MARCHEURSJEUDIBREVINOIS|MARCHECAMPAGNE\"\u003E\u003C\/a\u003E\n    \u003C\/div\u003E\n\n\u003C\/div\u003E\n\n","icon":"https:\/\/static.ingenie.fr\/images\/carnetVoyageV3\/Y.png"},"fiche":"Y|MARCHEURSJEUDIBREVINOIS|MARCHECAMPAGNE","popup":"\u003Cdiv id=\"bloc_popup_ajout_fiche_carnet\"\u003E\n    \u003Cdiv class=\"info_popup_ajout_fiche_carnet\"\u003E\n        Vous venez d'ajouter cet \u00e9l\u00e9ment \u00e0 votre carnet de voyage :    \u003C\/div\u003E\n    \u003Cdiv class=\"prest_popup_ajout_fiche_carnet\"\u003E\n        Randonn&eacute;e estivale : circuit de la campagne brevinoise    \u003C\/div\u003E\n    \u003Cdiv class=\"bloc_btn_ajout_fiche_carnet form_submit_div\"\u003E\n        \u003Cinput type=\"button\" value=\"Continuer ma s\u00e9lection\" title=\"Continuer ma s\u00e9lection\" name=\"btn_close\" class=\"btn_close_popup_carnet form_submit\" onclick=\"$.colorbox.close()\" \/\u003E\n        \u003Cinput type=\"button\" value=\"Voir mon carnet de voyage\" title=\"Voir mon carnet\" name=\"btn_panier\" class=\"btn_panier_popup_carnet form_submit\" onclick=\"if(typeof CarnetVoyage != 'undefined') {CarnetVoyage.voirCarnet();}\" \/\u003E\n    \u003C\/div\u003E\n    \u003Cdiv class=\"bloc_btn_ajout_fiche_carnet\"\u003E\n        \u003Cinput type=\"checkbox\" value=\"1\" name=\"desactiver_popup\" id=\"desactiver_popup\" \/\u003E\n        \u003Clabel for=\"desactiver_popup\"\u003ENe plus afficher ce message\u003C\/label\u003E\n    \u003C\/div\u003E\n\u003C\/div\u003E","success":1}