{"nbFiches":1,"dataPrest":{"infoPrest":{"pave1":{"libelle":"Slogan","contenu":"","fichiers":[]},"pave2":{"libelle":"Descriptif","contenu":"\u003Cp data-end=\"958\" data-start=\"906\"\u003EDepuis plus de 25 ans, les b&eacute;n&eacute;voles installent chaque hiver une cr&egrave;che flottante sur le lac de Saint-Viaud. V&eacute;ritable symbole de partage et de fraternit&eacute;, elle attire chaque ann&eacute;e de nombreux visiteurs venus admirer sa mise en lumi&egrave;re et retrouver un peu de la magie de No&euml;l.\u003C\/p\u003E\r\n\r\n\u003Cp data-end=\"1752\" data-start=\"1282\"\u003ECette ann&eacute;e pour la deuxi&egrave;me fois, la commune vous invite &agrave; prolonger la visite par une d&eacute;ambulation autour du lac, &agrave; la d&eacute;couverte des pays li&eacute;s &agrave; son histoire.&nbsp;\u003Cbr \/\u003E\r\nD&eacute;couvrez trois nouvelles r&eacute;gions du monde cette ann&eacute;e : Les &icirc;les de l&#39;Oc&eacute;an Indien, l&#39;Acadie, et l&#39;Italie.\u003Cbr \/\u003E\r\n\u003Cbr data-end=\"1424\" data-start=\"1421\" \/\u003E\r\n&Agrave; chaque &eacute;tape, un panneau vous plonge dans les traditions de No&euml;l du pays concern&eacute;, &agrave; travers ses symboles et objets embl&eacute;matiques.\u003Cbr data-end=\"1559\" data-start=\"1556\" \/\u003E\r\nScannez le QR Code pr&eacute;sent sur chaque panneau : une page s&rsquo;ouvrira sur votre t&eacute;l&eacute;phone, accompagn&eacute;e d&rsquo;une musique traditionnelle de fin d&rsquo;ann&eacute;e. Fermez les yeux&hellip; et laissez-vous transporter !\u003C\/p\u003E\r\n\r\n\u003Cp data-end=\"2035\" data-start=\"1791\"\u003EPlusieurs soir&eacute;es seront anim&eacute;es et des chalets tenus par les associations de Saint-Viaud. Venez y d&eacute;guster des douceurs de saison, ou simplement profiter de l&rsquo;ambiance conviviale et lumineuse du bord du lac.\u003Cbr \/\u003E\r\n\u003Cbr \/\u003E\r\nLe 6 d&eacute;cembre &agrave; 16h : Concert d&eacute;couverte autour des chants traditionnels de l&#39;Ukraine&nbsp;\u003Cbr \/\u003E\r\nLe 13 d&eacute;cembre &agrave; 15h : Concert d&eacute;di&eacute; &agrave; la M&eacute;sopotamie\u003Cbr \/\u003E\r\nLe 14 d&eacute;cembre : Batucada - &eacute;cole de musique&nbsp;\u003Cbr \/\u003E\r\nLe 19 d&eacute;cembre pr&eacute;sence des jeunes agriculteurs du Pays de Retz et de leurs tracteurs lumineux\u003Cbr \/\u003E\r\n\u003Cbr \/\u003E\r\nOuverture des chalets gourmands les 6,13, 14, 20, 21, 27 et 28 d&eacute;cembre de 16h &agrave; 20h &amp; le vendredi 19 d&eacute;cembre de 18h &agrave; 20h - tenus par les associations de Saint-Viaud\u003C\/p\u003E\r\n\r\n\u003Cp data-end=\"2094\" data-start=\"2037\"\u003E\u003Cstrong\u003E\u2728 Bonne visite et joyeuses f&ecirc;tes de fin d&rsquo;ann&eacute;e ! \u2728\u003C\/strong\u003E\u003C\/p\u003E\r\n\r\n\u003Cp\u003E\u003Cbr \/\u003E\r\nVenez admirer la superbe cr&egrave;che de No&euml;l sur le lac et prolongez votre balade par ce moment de d&eacute;couverte en famille !&nbsp;\u003Cbr \/\u003E\r\n\u003Cbr \/\u003E\r\n\u003Cbr \/\u003E\r\n\u003Cbr \/\u003E\r\n\u003Ca href=\"https:\/\/www.saint-viaud.fr\/442_page_lumieres-du-monde.html\" target=\"_blank\"\u003EPlus d&#39;infos\u003C\/a\u003E\u003C\/p\u003E\r\n","fichiers":[]},"pave3":{"libelle":"","contenu":""},"pave4":{"libelle":"","contenu":""},"pave5":{"libelle":"","contenu":""},"pave6":{"libelle":"","contenu":""},"pave7":{"libelle":"","contenu":""},"pave8":{"libelle":"","contenu":""},"pave9":{"libelle":"","contenu":""},"pave10":{"libelle":"","contenu":""},"pave11":{"libelle":"","contenu":""},"pave12":{"libelle":"","contenu":""},"pave13":{"libelle":"","contenu":""},"pave14":{"libelle":"","contenu":""},"pave15":{"libelle":"","contenu":""},"pave16":{"libelle":"","contenu":""},"pave17":{"libelle":"","contenu":""},"pave18":{"libelle":"","contenu":""},"pave19":{"libelle":"","contenu":""},"pave20":{"libelle":"","contenu":""},"pave21":{"libelle":"","contenu":""},"pave22":{"libelle":"","contenu":""},"pave23":{"libelle":"","contenu":""},"pave24":{"libelle":"","contenu":""},"pave25":{"libelle":"","contenu":""},"Libelle":"Lumi\u00e8res du monde","Reference":"","Reftar":"","Type":"PRESTATION","TypePrestataire":"Y","ContexteStat":"PRESTATION-Y-MAIRIESTVIAUD-LUMIERESDUMONDE","DateModificationIso":"2025-12-01T16:25:00+01:00","Adresse":{"LigneAdresse1":"Lac","LigneAdresse2":"","LigneAdresse3":"","CodePostal":"44320","Ville":"ST VIAUD","Cedex":"","Etat":"","Pays":"FRA"},"Id":"y-mairiestviaud-lumieresdumonde","Code":"Y|MAIRIESTVIAUD|LUMIERESDUMONDE","Cle":"Y|MAIRIESTVIAUD|LUMIERESDUMONDE","Url":"lumieres-du-monde.html","Localisation":{"GoogleMap":{"Latitude":"47.26157","Longitude":"-2.01626"}},"ZoneGeo":"","Criteres":{"LIEUMANIF[SAINTVIAUD":"","TYPEDEPROGRAMMATION[FTESDEFINDANNE":"","TYPEDEPROGRAMMATION[NOEL":"","CATEGORIEANIMATION[TRADITIONFOLKLORE":"","DETAILCONCERTSPECTACLE[MFOLKT":"","DETAILCONCERTSPECTACLE[MOND":"","THEME[HISTO":"","DETAILDESVISITES[VISITELIBRE":"","ANIAH[ANIACC":"","ANIAH[ACCESPOUSSETTE":"","MODEPAIEMENT[GRATUIT":"","MODEPAIEMENT[ENTREELIBRE":"","TYPE[VILLESTVIAUD":"","MISEAJOURINGENIE[DATEDERNIEREMAJ":"20251103","MISEAJOURPAR[AMANDINE":""},"Prestataire":{"pave1":{"libelle":"Descriptif","contenu":""},"pave2":{"libelle":"","contenu":""},"pave3":{"libelle":"","contenu":""},"pave4":{"libelle":"","contenu":""},"pave5":{"libelle":"","contenu":""},"pave6":{"libelle":"","contenu":""},"pave7":{"libelle":"","contenu":""},"pave8":{"libelle":"","contenu":""},"pave9":{"libelle":"","contenu":""},"pave10":{"libelle":"","contenu":""},"pave11":{"libelle":"","contenu":""},"pave12":{"libelle":"","contenu":""},"pave13":{"libelle":"","contenu":""},"pave14":{"libelle":"","contenu":""},"pave15":{"libelle":"","contenu":""},"pave16":{"libelle":"","contenu":""},"pave17":{"libelle":"","contenu":""},"pave18":{"libelle":"","contenu":""},"pave19":{"libelle":"","contenu":""},"pave20":{"libelle":"","contenu":""},"pave21":{"libelle":"","contenu":""},"pave22":{"libelle":"","contenu":""},"pave23":{"libelle":"","contenu":""},"pave24":{"libelle":"","contenu":""},"pave25":{"libelle":"","contenu":""},"Libelle":"Mairie Saint-Viaud","Nom":"Mairie Saint-Viaud","Prenom":"","NomPrenom":"Mairie Saint-Viaud ","CiviliteNomPrenom":"Mairie Saint-Viaud ","Cle":"Y|MAIRIESTVIAUD","PrestataireParent":"","ContexteStat":"PRESTATAIRE-Y-MAIRIESTVIAUD","DateModificationIso":"2023-09-01T10:55:00+02:00","Type":"PRESTATAIRE","TypePrestataire":"Y","Adresse":{"LigneAdresse1":"Place de la Mairie","LigneAdresse2":"","LigneAdresse3":"","CodePostal":"44320","Ville":"ST VIAUD","Cedex":"","Etat":"","Pays":"FRA"},"Email":"accueil@saint-viaud.fr","Telephone":"02 40 27 53 14","TelephoneBureau":"","Portable":"","SiteWeb":"http:\/\/www.saint-viaud.fr","Fax":"02 40 27 60 97","Id":"y-mairiestviaud","Code":"Y|MAIRIESTVIAUD","Fichier":{"Image":[{"url":"https:\/\/www.saint-brevin.com\/medias\/images\/prestataires\/280px-saint-viaud-mairie-1549-2667.jpg","chemin":"..\/medias\/images\/prestataires\/280px-saint-viaud-mairie-1549-2667.jpg","libelle":"280px-saint-viaud-mairie-1549","extension":"jpg","categorie":"","largeur":280,"theme":"","hauteur":186,"type":"Image","origine":"","liaisonPave":"","langue":"","id":"2667","urlVignette":"https:\/\/www.saint-brevin.com\/medias\/images\/prestataires\/v-280px-saint-viaud-mairie-1549-2667.jpg","alt":"280px-saint-viaud-mairie-1549","title":"280px-saint-viaud-mairie-1549","MultiTaille":{"1920x1440":{"url":"https:\/\/www.saint-brevin.com\/medias\/images\/prestataires\/multitailles\/1920x1440_280px-saint-viaud-mairie-1549-2667.jpg"},"1200x900":{"url":"https:\/\/www.saint-brevin.com\/medias\/images\/prestataires\/multitailles\/1200x900_280px-saint-viaud-mairie-1549-2667.jpg"},"800x600":{"url":"https:\/\/www.saint-brevin.com\/medias\/images\/prestataires\/multitailles\/800x600_280px-saint-viaud-mairie-1549-2667.jpg"},"640x480":{"url":"https:\/\/www.saint-brevin.com\/medias\/images\/prestataires\/multitailles\/640x480_280px-saint-viaud-mairie-1549-2667.jpg"},"320x240":{"url":"https:\/\/www.saint-brevin.com\/medias\/images\/prestataires\/multitailles\/320x240_280px-saint-viaud-mairie-1549-2667.jpg"},"160x120":{"url":"https:\/\/www.saint-brevin.com\/medias\/images\/prestataires\/multitailles\/160x120_280px-saint-viaud-mairie-1549-2667.jpg"},"origine":{"url":"https:\/\/www.saint-brevin.com\/medias\/images\/prestataires\/280px-saint-viaud-mairie-1549-2667.jpg"}},"urlLien":"","typeLien":"","nofollow":"N","copyright":""}],"ByCategorie":{"":[{"url":"https:\/\/www.saint-brevin.com\/medias\/images\/prestataires\/280px-saint-viaud-mairie-1549-2667.jpg","chemin":"..\/medias\/images\/prestataires\/280px-saint-viaud-mairie-1549-2667.jpg","libelle":"280px-saint-viaud-mairie-1549","extension":"jpg","categorie":"","largeur":280,"theme":"","hauteur":186,"type":"Image","origine":"","liaisonPave":"","langue":"","id":"2667","urlVignette":"https:\/\/www.saint-brevin.com\/medias\/images\/prestataires\/v-280px-saint-viaud-mairie-1549-2667.jpg","alt":"280px-saint-viaud-mairie-1549","title":"280px-saint-viaud-mairie-1549","MultiTaille":{"1920x1440":{"url":"https:\/\/www.saint-brevin.com\/medias\/images\/prestataires\/multitailles\/1920x1440_280px-saint-viaud-mairie-1549-2667.jpg"},"1200x900":{"url":"https:\/\/www.saint-brevin.com\/medias\/images\/prestataires\/multitailles\/1200x900_280px-saint-viaud-mairie-1549-2667.jpg"},"800x600":{"url":"https:\/\/www.saint-brevin.com\/medias\/images\/prestataires\/multitailles\/800x600_280px-saint-viaud-mairie-1549-2667.jpg"},"640x480":{"url":"https:\/\/www.saint-brevin.com\/medias\/images\/prestataires\/multitailles\/640x480_280px-saint-viaud-mairie-1549-2667.jpg"},"320x240":{"url":"https:\/\/www.saint-brevin.com\/medias\/images\/prestataires\/multitailles\/320x240_280px-saint-viaud-mairie-1549-2667.jpg"},"160x120":{"url":"https:\/\/www.saint-brevin.com\/medias\/images\/prestataires\/multitailles\/160x120_280px-saint-viaud-mairie-1549-2667.jpg"},"origine":{"url":"https:\/\/www.saint-brevin.com\/medias\/images\/prestataires\/280px-saint-viaud-mairie-1549-2667.jpg"}},"urlLien":"","typeLien":"","nofollow":"N","copyright":""}]}},"Url":"","Localisation":{"GoogleMap":{"Latitude":"47.25609","Longitude":"-2.01886"}},"ZoneGeo":"","Criteres":[],"DateFinPublication":""},"Fichier":{"Image":[{"url":"https:\/\/www.saint-brevin.com\/medias\/images\/prestations\/winter-1791370-1280-24824.jpg","chemin":"..\/medias\/images\/prestations\/winter-1791370-1280-24824.jpg","libelle":"winter-1791370-1280-24824","extension":"jpg","categorie":"","largeur":1280,"theme":"","hauteur":853,"type":"Image","origine":"","liaisonPave":"","langue":"","id":"24824","urlVignette":"https:\/\/www.saint-brevin.com\/medias\/images\/prestations\/v-winter-1791370-1280-24824.jpg","alt":"winter-1791370-1280-24824","title":"winter-1791370-1280-24824","MultiTaille":{"1920x1440":{"url":"https:\/\/www.saint-brevin.com\/medias\/images\/prestations\/multitailles\/1920x1440_winter-1791370-1280-24824.jpg"},"1200x900":{"url":"https:\/\/www.saint-brevin.com\/medias\/images\/prestations\/multitailles\/1200x900_winter-1791370-1280-24824.jpg"},"800x600":{"url":"https:\/\/www.saint-brevin.com\/medias\/images\/prestations\/multitailles\/800x600_winter-1791370-1280-24824.jpg"},"640x480":{"url":"https:\/\/www.saint-brevin.com\/medias\/images\/prestations\/multitailles\/640x480_winter-1791370-1280-24824.jpg"},"320x240":{"url":"https:\/\/www.saint-brevin.com\/medias\/images\/prestations\/multitailles\/320x240_winter-1791370-1280-24824.jpg"},"160x120":{"url":"https:\/\/www.saint-brevin.com\/medias\/images\/prestations\/multitailles\/160x120_winter-1791370-1280-24824.jpg"},"origine":{"url":"https:\/\/www.saint-brevin.com\/medias\/images\/prestations\/winter-1791370-1280-24824.jpg"}},"urlLien":"","typeLien":"","nofollow":"N","copyright":""},{"url":"https:\/\/www.saint-brevin.com\/medias\/images\/prestations\/unnamed-25245.jpg","chemin":"..\/medias\/images\/prestations\/unnamed-25245.jpg","libelle":"unnamed-25245","extension":"jpg","categorie":"","largeur":995,"theme":"","hauteur":1194,"type":"Image","origine":"","liaisonPave":"","langue":"","id":"25245","urlVignette":"https:\/\/www.saint-brevin.com\/medias\/images\/prestations\/v-unnamed-25245.jpg","alt":"unnamed-25245","title":"unnamed-25245","MultiTaille":{"1920x1440":{"url":"https:\/\/www.saint-brevin.com\/medias\/images\/prestations\/multitailles\/1920x1440_unnamed-25245.jpg"},"1200x900":{"url":"https:\/\/www.saint-brevin.com\/medias\/images\/prestations\/multitailles\/1200x900_unnamed-25245.jpg"},"800x600":{"url":"https:\/\/www.saint-brevin.com\/medias\/images\/prestations\/multitailles\/800x600_unnamed-25245.jpg"},"640x480":{"url":"https:\/\/www.saint-brevin.com\/medias\/images\/prestations\/multitailles\/640x480_unnamed-25245.jpg"},"320x240":{"url":"https:\/\/www.saint-brevin.com\/medias\/images\/prestations\/multitailles\/320x240_unnamed-25245.jpg"},"160x120":{"url":"https:\/\/www.saint-brevin.com\/medias\/images\/prestations\/multitailles\/160x120_unnamed-25245.jpg"},"origine":{"url":"https:\/\/www.saint-brevin.com\/medias\/images\/prestations\/unnamed-25245.jpg"}},"urlLien":"","typeLien":"","nofollow":"N","copyright":""}],"ByCategorie":{"":[{"url":"https:\/\/www.saint-brevin.com\/medias\/images\/prestations\/winter-1791370-1280-24824.jpg","chemin":"..\/medias\/images\/prestations\/winter-1791370-1280-24824.jpg","libelle":"winter-1791370-1280-24824","extension":"jpg","categorie":"","largeur":1280,"theme":"","hauteur":853,"type":"Image","origine":"","liaisonPave":"","langue":"","id":"24824","urlVignette":"https:\/\/www.saint-brevin.com\/medias\/images\/prestations\/v-winter-1791370-1280-24824.jpg","alt":"winter-1791370-1280-24824","title":"winter-1791370-1280-24824","MultiTaille":{"1920x1440":{"url":"https:\/\/www.saint-brevin.com\/medias\/images\/prestations\/multitailles\/1920x1440_winter-1791370-1280-24824.jpg"},"1200x900":{"url":"https:\/\/www.saint-brevin.com\/medias\/images\/prestations\/multitailles\/1200x900_winter-1791370-1280-24824.jpg"},"800x600":{"url":"https:\/\/www.saint-brevin.com\/medias\/images\/prestations\/multitailles\/800x600_winter-1791370-1280-24824.jpg"},"640x480":{"url":"https:\/\/www.saint-brevin.com\/medias\/images\/prestations\/multitailles\/640x480_winter-1791370-1280-24824.jpg"},"320x240":{"url":"https:\/\/www.saint-brevin.com\/medias\/images\/prestations\/multitailles\/320x240_winter-1791370-1280-24824.jpg"},"160x120":{"url":"https:\/\/www.saint-brevin.com\/medias\/images\/prestations\/multitailles\/160x120_winter-1791370-1280-24824.jpg"},"origine":{"url":"https:\/\/www.saint-brevin.com\/medias\/images\/prestations\/winter-1791370-1280-24824.jpg"}},"urlLien":"","typeLien":"","nofollow":"N","copyright":""},{"url":"https:\/\/www.saint-brevin.com\/medias\/images\/prestations\/unnamed-25245.jpg","chemin":"..\/medias\/images\/prestations\/unnamed-25245.jpg","libelle":"unnamed-25245","extension":"jpg","categorie":"","largeur":995,"theme":"","hauteur":1194,"type":"Image","origine":"","liaisonPave":"","langue":"","id":"25245","urlVignette":"https:\/\/www.saint-brevin.com\/medias\/images\/prestations\/v-unnamed-25245.jpg","alt":"unnamed-25245","title":"unnamed-25245","MultiTaille":{"1920x1440":{"url":"https:\/\/www.saint-brevin.com\/medias\/images\/prestations\/multitailles\/1920x1440_unnamed-25245.jpg"},"1200x900":{"url":"https:\/\/www.saint-brevin.com\/medias\/images\/prestations\/multitailles\/1200x900_unnamed-25245.jpg"},"800x600":{"url":"https:\/\/www.saint-brevin.com\/medias\/images\/prestations\/multitailles\/800x600_unnamed-25245.jpg"},"640x480":{"url":"https:\/\/www.saint-brevin.com\/medias\/images\/prestations\/multitailles\/640x480_unnamed-25245.jpg"},"320x240":{"url":"https:\/\/www.saint-brevin.com\/medias\/images\/prestations\/multitailles\/320x240_unnamed-25245.jpg"},"160x120":{"url":"https:\/\/www.saint-brevin.com\/medias\/images\/prestations\/multitailles\/160x120_unnamed-25245.jpg"},"origine":{"url":"https:\/\/www.saint-brevin.com\/medias\/images\/prestations\/unnamed-25245.jpg"}},"urlLien":"","typeLien":"","nofollow":"N","copyright":""}]}},"DateDebPublication":"","DateFinPublication":"","PrixAPartirDe":"","PrixPour":"","FicheListeEnCours":"fiche_liste_agenda_prestation_v2017","ParametresModele":{"AfficherPhotos":"1","NbPhotosMax":6,"AfficherReserver":0,"AfficherContact":0,"AfficherSalle":1,"AfficherZoneGeo":0,"AfficherEnSavoirPlus":"1","AfficherUneSeuleOuverture":"1","AfficherContactCarte":1,"AfficherTarifsChaudAPartirDe":0,"AfficherTarifChaudSansRecherche":0,"AfficherLiensCarnetVoyage":"1","AfficherOuverture":"1","BlocCritereInfo":{"critere1":{"libelle":""},"critere2":{"libelle":""},"critere3":{"libelle":""},"critere4":{"libelle":""},"critere5":{"libelle":""},"critere6":{"libelle":""},"critere7":{"libelle":"","liste_critere":["COMMUNES|Y"]},"critere8":{"libelle":""},"critere9":{"libelle":""},"afficherpictoetpaslibelle":"1"},"CriteresComportementResa":"|RESABILLET[RESAENLIGNE|","PositionBloc":"GALLERIE|NOM|OUVERTURES|CARNET_VOYAGE|URL|LIEN_RESERVER_DETAIL","TypePrestataire":"Y","ComportementResa":false,"ComportementDispo":false},"AffichageCoordonnees":[],"Coordonnees":{"Ville":"ST VIAUD"},"ContexteId":"PRESTATION|Y|MAIRIESTVIAUD|LUMIERESDUMONDE","ContexteIdHtml":"PRESTATION-Y-MAIRIESTVIAUD-LUMIERESDUMONDE","cleContexte":"Y|MAIRIESTVIAUD|LUMIERESDUMONDE","Bloc":{"texte1":"","texte3":"","critere1":{"libelle":"","contenu":[]},"critere2":{"libelle":"","contenu":[]},"critere3":{"libelle":"","contenu":[]},"critere4":{"libelle":"","contenu":[]},"critere5":{"libelle":"","contenu":[]},"critere6":{"libelle":"","contenu":[]},"critere7":{"libelle":"","contenu":[]},"critere8":{"libelle":"","contenu":[]},"critere9":{"libelle":"","contenu":[]}},"LocalisationGps":{"Latitude":"47.26157","Longitude":"-2.01626"},"libelleDuPrestataire":"","vuePrestataire":{"pave1":{"libelle":"Descriptif","contenu":""},"pave2":{"libelle":"","contenu":""},"pave3":{"libelle":"","contenu":""},"pave4":{"libelle":"","contenu":""},"pave5":{"libelle":"","contenu":""},"pave6":{"libelle":"","contenu":""},"pave7":{"libelle":"","contenu":""},"pave8":{"libelle":"","contenu":""},"pave9":{"libelle":"","contenu":""},"pave10":{"libelle":"","contenu":""},"pave11":{"libelle":"","contenu":""},"pave12":{"libelle":"","contenu":""},"pave13":{"libelle":"","contenu":""},"pave14":{"libelle":"","contenu":""},"pave15":{"libelle":"","contenu":""},"pave16":{"libelle":"","contenu":""},"pave17":{"libelle":"","contenu":""},"pave18":{"libelle":"","contenu":""},"pave19":{"libelle":"","contenu":""},"pave20":{"libelle":"","contenu":""},"pave21":{"libelle":"","contenu":""},"pave22":{"libelle":"","contenu":""},"pave23":{"libelle":"","contenu":""},"pave24":{"libelle":"","contenu":""},"pave25":{"libelle":"","contenu":""},"Libelle":"Mairie Saint-Viaud","Nom":"Mairie Saint-Viaud","Prenom":"","NomPrenom":"Mairie Saint-Viaud ","CiviliteNomPrenom":"Mairie Saint-Viaud ","Cle":"Y|MAIRIESTVIAUD","PrestataireParent":"","ContexteStat":"PRESTATAIRE-Y-MAIRIESTVIAUD","DateModificationIso":"2023-09-01T10:55:00+02:00","Type":"PRESTATAIRE","TypePrestataire":"Y","Adresse":{"LigneAdresse1":"Place de la Mairie","LigneAdresse2":"","LigneAdresse3":"","CodePostal":"44320","Ville":"ST VIAUD","Cedex":"","Etat":"","Pays":"FRA"},"Email":"accueil@saint-viaud.fr","Telephone":"02 40 27 53 14","TelephoneBureau":"","Portable":"","SiteWeb":"http:\/\/www.saint-viaud.fr","Fax":"02 40 27 60 97","Id":"y-mairiestviaud","Code":"Y|MAIRIESTVIAUD","Fichier":{"Image":[{"url":"https:\/\/www.saint-brevin.com\/medias\/images\/prestataires\/280px-saint-viaud-mairie-1549-2667.jpg","chemin":"..\/medias\/images\/prestataires\/280px-saint-viaud-mairie-1549-2667.jpg","libelle":"280px-saint-viaud-mairie-1549","extension":"jpg","categorie":"","largeur":280,"theme":"","hauteur":186,"type":"Image","origine":"","liaisonPave":"","langue":"","id":"2667","urlVignette":"https:\/\/www.saint-brevin.com\/medias\/images\/prestataires\/v-280px-saint-viaud-mairie-1549-2667.jpg","alt":"280px-saint-viaud-mairie-1549","title":"280px-saint-viaud-mairie-1549","MultiTaille":{"1920x1440":{"url":"https:\/\/www.saint-brevin.com\/medias\/images\/prestataires\/multitailles\/1920x1440_280px-saint-viaud-mairie-1549-2667.jpg"},"1200x900":{"url":"https:\/\/www.saint-brevin.com\/medias\/images\/prestataires\/multitailles\/1200x900_280px-saint-viaud-mairie-1549-2667.jpg"},"800x600":{"url":"https:\/\/www.saint-brevin.com\/medias\/images\/prestataires\/multitailles\/800x600_280px-saint-viaud-mairie-1549-2667.jpg"},"640x480":{"url":"https:\/\/www.saint-brevin.com\/medias\/images\/prestataires\/multitailles\/640x480_280px-saint-viaud-mairie-1549-2667.jpg"},"320x240":{"url":"https:\/\/www.saint-brevin.com\/medias\/images\/prestataires\/multitailles\/320x240_280px-saint-viaud-mairie-1549-2667.jpg"},"160x120":{"url":"https:\/\/www.saint-brevin.com\/medias\/images\/prestataires\/multitailles\/160x120_280px-saint-viaud-mairie-1549-2667.jpg"},"origine":{"url":"https:\/\/www.saint-brevin.com\/medias\/images\/prestataires\/280px-saint-viaud-mairie-1549-2667.jpg"}},"urlLien":"","typeLien":"","nofollow":"N","copyright":""}],"ByCategorie":{"":[{"url":"https:\/\/www.saint-brevin.com\/medias\/images\/prestataires\/280px-saint-viaud-mairie-1549-2667.jpg","chemin":"..\/medias\/images\/prestataires\/280px-saint-viaud-mairie-1549-2667.jpg","libelle":"280px-saint-viaud-mairie-1549","extension":"jpg","categorie":"","largeur":280,"theme":"","hauteur":186,"type":"Image","origine":"","liaisonPave":"","langue":"","id":"2667","urlVignette":"https:\/\/www.saint-brevin.com\/medias\/images\/prestataires\/v-280px-saint-viaud-mairie-1549-2667.jpg","alt":"280px-saint-viaud-mairie-1549","title":"280px-saint-viaud-mairie-1549","MultiTaille":{"1920x1440":{"url":"https:\/\/www.saint-brevin.com\/medias\/images\/prestataires\/multitailles\/1920x1440_280px-saint-viaud-mairie-1549-2667.jpg"},"1200x900":{"url":"https:\/\/www.saint-brevin.com\/medias\/images\/prestataires\/multitailles\/1200x900_280px-saint-viaud-mairie-1549-2667.jpg"},"800x600":{"url":"https:\/\/www.saint-brevin.com\/medias\/images\/prestataires\/multitailles\/800x600_280px-saint-viaud-mairie-1549-2667.jpg"},"640x480":{"url":"https:\/\/www.saint-brevin.com\/medias\/images\/prestataires\/multitailles\/640x480_280px-saint-viaud-mairie-1549-2667.jpg"},"320x240":{"url":"https:\/\/www.saint-brevin.com\/medias\/images\/prestataires\/multitailles\/320x240_280px-saint-viaud-mairie-1549-2667.jpg"},"160x120":{"url":"https:\/\/www.saint-brevin.com\/medias\/images\/prestataires\/multitailles\/160x120_280px-saint-viaud-mairie-1549-2667.jpg"},"origine":{"url":"https:\/\/www.saint-brevin.com\/medias\/images\/prestataires\/280px-saint-viaud-mairie-1549-2667.jpg"}},"urlLien":"","typeLien":"","nofollow":"N","copyright":""}]}},"Url":"","Localisation":{"GoogleMap":{"Latitude":"47.25609","Longitude":"-2.01886"}},"ZoneGeo":"","Criteres":[],"DateFinPublication":"","AffichageCoordonnees":[]},"listeCriteres":{"LIEUMANIF":{"SAINTVIAUD":""},"TYPEDEPROGRAMMATION":{"FTESDEFINDANNE":"","NOEL":""},"CATEGORIEANIMATION":{"TRADITIONFOLKLORE":""},"DETAILCONCERTSPECTACLE":{"MFOLKT":"","MOND":""},"THEME":{"HISTO":""},"DETAILDESVISITES":{"VISITELIBRE":""},"ANIAH":{"ANIACC":"","ACCESPOUSSETTE":""},"MODEPAIEMENT":{"GRATUIT":"","ENTREELIBRE":""},"TYPE":{"VILLESTVIAUD":""},"MISEAJOURINGENIE":{"DATEDERNIEREMAJ":"20251103"},"MISEAJOURPAR":{"AMANDINE":""}},"dansCarnetVoyage":true,"Ouverture":[],"OuverturePasse":[]},"html":" \n \u003Cdiv id=\"CV-PRESTATION-Y-MAIRIESTVIAUD-LUMIERESDUMONDE\" data-contexte-id=\"PRESTATION|Y|MAIRIESTVIAUD|LUMIERESDUMONDE\" data-cle=\"Y|MAIRIESTVIAUD|LUMIERESDUMONDE\" class=\"fiche-liste\"\u003E\n    \n\n    \u003C!-- partie photo --\u003E\n    \u003Cdiv class=\"photo\"\u003E\t\t\t\t\t\t\t\t\t\t\t\t\t\t\t\t\t\t\t\t\t\n        \u003Cdiv class=\"cadre_photo_principale\"\u003E\t\t\n        \n            \t\t\t\t\t\n                    \u003Ca href=\"lumieres-du-monde.html?origine=carnet#media\"\u003E\n                        \u003Cimg class=\"photo_principale\" alt=\"winter-1791370-1280-24824\" src=\"https:\/\/www.saint-brevin.com\/medias\/images\/prestations\/multitailles\/320x240_winter-1791370-1280-24824.jpg\" itemprop=\"image\"\u003E\n                    \u003C\/a\u003E\t\t\t\t\t\t\n                \n                    \u003C\/div\u003E\t\t\t\t\t\t\t\t\t\t\t\t\t\t\t\t\t\t\t \t\t\n    \u003C\/div\u003E\n    \n    \u003C!-- partie nom prest --\u003E\n    \u003Cdiv class=\"nom\"\u003E\n        \u003Ch2\u003ELumi\u00e8res du monde\u003C\/h2\u003E\n        \n            \u003C\/div\u003E\n\n         \n    \u003C!-- partie adresse --\u003E\n    \u003Cdiv class=\"adresse\"\u003E\n    \n          \n    \u003C\/div\u003E\n    \n    \u003C!-- partie liens --\u003E\n    \u003Cdiv class=\"liens\"\u003E\n            \u003Ca class=\"btn-icon btn-view \" title=\"Voir la fiche d\u00e9taill\u00e9e\" href=\"lumieres-du-monde.html?origine=carnet\"\u003E\u003C\/a\u003E\u003C!--\u003Ca class=\"btn-icon btn-view \" title=\"\" href=\"?origine=carnet#thaut\"\u003E\u003C\/a\u003E--\u003E\n      \u003Ca class=\"btn-icon btn-trash carnet_voyage_supprimer\" title=\"Supprimer cette fiche de mon carnet de voyage\" href=\"carnet-voyage?action=remove&fiche=Y|MAIRIESTVIAUD|LUMIERESDUMONDE\"\u003E\u003C\/a\u003E\n    \u003C\/div\u003E\n\n\u003C\/div\u003E\n\n","icon":"https:\/\/static.ingenie.fr\/images\/carnetVoyageV3\/Y.png"},"fiche":"Y|MAIRIESTVIAUD|LUMIERESDUMONDE","popup":"\u003Cdiv id=\"bloc_popup_ajout_fiche_carnet\"\u003E\n    \u003Cdiv class=\"info_popup_ajout_fiche_carnet\"\u003E\n        Vous venez d'ajouter cet \u00e9l\u00e9ment \u00e0 votre carnet de voyage :    \u003C\/div\u003E\n    \u003Cdiv class=\"prest_popup_ajout_fiche_carnet\"\u003E\n        Lumi&egrave;res du monde    \u003C\/div\u003E\n    \u003Cdiv class=\"bloc_btn_ajout_fiche_carnet form_submit_div\"\u003E\n        \u003Cinput type=\"button\" value=\"Continuer ma s\u00e9lection\" title=\"Continuer ma s\u00e9lection\" name=\"btn_close\" class=\"btn_close_popup_carnet form_submit\" onclick=\"$.colorbox.close()\" \/\u003E\n        \u003Cinput type=\"button\" value=\"Voir mon carnet de voyage\" title=\"Voir mon carnet\" name=\"btn_panier\" class=\"btn_panier_popup_carnet form_submit\" onclick=\"if(typeof CarnetVoyage != 'undefined') {CarnetVoyage.voirCarnet();}\" \/\u003E\n    \u003C\/div\u003E\n    \u003Cdiv class=\"bloc_btn_ajout_fiche_carnet\"\u003E\n        \u003Cinput type=\"checkbox\" value=\"1\" name=\"desactiver_popup\" id=\"desactiver_popup\" \/\u003E\n        \u003Clabel for=\"desactiver_popup\"\u003ENe plus afficher ce message\u003C\/label\u003E\n    \u003C\/div\u003E\n\u003C\/div\u003E","success":1}