{"nbFiches":1,"dataPrest":{"infoPrest":{"pave1":{"libelle":"Slogan","contenu":"","fichiers":[]},"pave2":{"libelle":"Descriptif","contenu":"\u003Cbr \/\u003E\r\n\u003Cbr \/\u003E\r\nA l&#39;occasion des 80 ans de la Lib&eacute;ration de la Poche de Saint-Nazaire, et du 80&egrave;me anniversaire de la \u003Cstrong\u003E\u003Ca href=\"https:\/\/www.saint-brevin.com\/les-balades-eacute-motions-le-drame-de-la-brosse.html\" target=\"_blank\"\u003E\u003Cspan style=\"color:#008080;\"\u003ETrag&eacute;die de la Brosse\u003C\/span\u003E\u003C\/a\u003E\u003C\/strong\u003E\u003Cbr \/\u003E\r\n\u003Cbr \/\u003E\r\n\u003Cspan style=\"color:#000000;\"\u003ELa ville de Saint-Viaud et les villes amies de la Brosse vous invitent &agrave; des comm&eacute;morations sp&eacute;ciales. \u003C\/span\u003E\u003Cbr \/\u003E\r\n\u003Cbr \/\u003E\r\n9h30 - Accueil des autorit&eacute;s et des porte-drapeaux en mairie de Saint-Viaud, salle du Conseil.\u003Cbr \/\u003E\r\n\u003Cbr \/\u003E\r\n10h00 - Lev&eacute;e des couleurs au Monument du Souvenir, Place Jollan de Clerville suivie de la mise en place du cort&egrave;ge.\u003Cbr \/\u003E\r\n\u003Cbr \/\u003E\r\n10h30 - Office religieux en l&rsquo;&eacute;glise Saint-Vital, pr&eacute;sid&eacute; par Mgr BOZZO, Ev&ecirc;que de Limoges en la pr&eacute;sence du Pasteur PUTZ, aum&ocirc;nier militaire protestant de Co&euml;tquidan. D&eacute;voilement de la fresque.\u003Cbr \/\u003E\r\n\u003Cbr \/\u003E\r\n11h30 - Aubade musicale offerte par les \u003Cstrong\u003E\u003Ca href=\"https:\/\/gueules-seches.com\/\" target=\"_blank\"\u003E\u003Cspan style=\"color:#008080;\"\u003EGueules s&egrave;ches de Limoges\u003C\/span\u003E\u003C\/a\u003E\u003C\/strong\u003E, l&rsquo;entente musicale de Frossay et l&rsquo;Harmonie de Paimboeuf au th&eacute;&acirc;tre de verdure du Vallon de la Pivre en bas de l&rsquo;&eacute;glise.\u003Cbr \/\u003E\r\n\u003Cbr \/\u003E\r\n14h30 - Comm&eacute;morations &agrave; la st&egrave;le de la Brosse en pr&eacute;sence de Michel MENARD, Pr&eacute;sident du d&eacute;partement de Loire-Atlantique, de Jean-Claude LEBLOIS Pr&eacute;sident du d&eacute;partement de la Haute Vienne et de S.E L&rsquo;ambassadeur d&rsquo;Allemagne.\u003Cbr \/\u003E\r\n&nbsp;","fichiers":[]},"pave3":{"libelle":"","contenu":""},"pave4":{"libelle":"","contenu":""},"pave5":{"libelle":"","contenu":""},"pave6":{"libelle":"","contenu":""},"pave7":{"libelle":"","contenu":""},"pave8":{"libelle":"","contenu":""},"pave9":{"libelle":"","contenu":""},"pave10":{"libelle":"","contenu":""},"pave11":{"libelle":"","contenu":""},"pave12":{"libelle":"","contenu":""},"pave13":{"libelle":"","contenu":""},"pave14":{"libelle":"","contenu":""},"pave15":{"libelle":"","contenu":""},"pave16":{"libelle":"","contenu":""},"pave17":{"libelle":"","contenu":""},"pave18":{"libelle":"","contenu":""},"pave19":{"libelle":"","contenu":""},"pave20":{"libelle":"","contenu":""},"pave21":{"libelle":"","contenu":""},"pave22":{"libelle":"","contenu":""},"pave23":{"libelle":"","contenu":""},"pave24":{"libelle":"","contenu":""},"pave25":{"libelle":"","contenu":""},"Libelle":"80\u00e8me anniversaire de la Trag\u00e9die de la Brosse","Reference":"","Reftar":"","Type":"PRESTATION","TypePrestataire":"Y","ContexteStat":"PRESTATION-Y-MAIRIESTVIAUD-80ANSFINPOCHE","DateModificationIso":"2024-12-30T16:00:00+01:00","Adresse":{"LigneAdresse1":"","LigneAdresse2":"","LigneAdresse3":"","CodePostal":"44320","Ville":"ST VIAUD","Cedex":"","Etat":"","Pays":"FRA"},"Id":"y-mairiestviaud-80ansfinpoche","Code":"Y|MAIRIESTVIAUD|80ANSFINPOCHE","Cle":"Y|MAIRIESTVIAUD|80ANSFINPOCHE","Url":"80eme-anniversaire-de-la-tragedie-de-la-brosse.html","Localisation":{"GoogleMap":{"Latitude":"47.25824","Longitude":"-2.01765"}},"ZoneGeo":"","Criteres":{"LIEUMANIF[SAINTVIAUD":"","TYPEDEPROGRAMMATION[80ANSLIBERATION":"","THEME[HISTO":"","THEME[RELIGIEUSE":"","MODEPAIEMENT[GRATUIT":"","MODEPAIEMENT[ENTREELIBRE":"","TYPE[VILLESTVIAUD":"","MISEAJOURINGENIE[DATEDERNIEREMAJ":"20241230","MISEAJOURPAR[AMANDINE":""},"Prestataire":{"pave1":{"libelle":"Descriptif","contenu":""},"pave2":{"libelle":"","contenu":""},"pave3":{"libelle":"","contenu":""},"pave4":{"libelle":"","contenu":""},"pave5":{"libelle":"","contenu":""},"pave6":{"libelle":"","contenu":""},"pave7":{"libelle":"","contenu":""},"pave8":{"libelle":"","contenu":""},"pave9":{"libelle":"","contenu":""},"pave10":{"libelle":"","contenu":""},"pave11":{"libelle":"","contenu":""},"pave12":{"libelle":"","contenu":""},"pave13":{"libelle":"","contenu":""},"pave14":{"libelle":"","contenu":""},"pave15":{"libelle":"","contenu":""},"pave16":{"libelle":"","contenu":""},"pave17":{"libelle":"","contenu":""},"pave18":{"libelle":"","contenu":""},"pave19":{"libelle":"","contenu":""},"pave20":{"libelle":"","contenu":""},"pave21":{"libelle":"","contenu":""},"pave22":{"libelle":"","contenu":""},"pave23":{"libelle":"","contenu":""},"pave24":{"libelle":"","contenu":""},"pave25":{"libelle":"","contenu":""},"Libelle":"Mairie Saint-Viaud","Nom":"Mairie Saint-Viaud","Prenom":"","NomPrenom":"Mairie Saint-Viaud ","CiviliteNomPrenom":"Mairie Saint-Viaud ","Cle":"Y|MAIRIESTVIAUD","PrestataireParent":"","ContexteStat":"PRESTATAIRE-Y-MAIRIESTVIAUD","DateModificationIso":"2023-09-01T10:55:00+02:00","Type":"PRESTATAIRE","TypePrestataire":"Y","Adresse":{"LigneAdresse1":"Place de la Mairie","LigneAdresse2":"","LigneAdresse3":"","CodePostal":"44320","Ville":"ST VIAUD","Cedex":"","Etat":"","Pays":"FRA"},"Email":"accueil@saint-viaud.fr","Telephone":"02 40 27 53 14","TelephoneBureau":"","Portable":"","SiteWeb":"http:\/\/www.saint-viaud.fr","Fax":"02 40 27 60 97","Id":"y-mairiestviaud","Code":"Y|MAIRIESTVIAUD","Fichier":{"Image":[{"url":"https:\/\/www.saint-brevin.com\/medias\/images\/prestataires\/280px-saint-viaud-mairie-1549-2667.jpg","chemin":"..\/medias\/images\/prestataires\/280px-saint-viaud-mairie-1549-2667.jpg","libelle":"280px-saint-viaud-mairie-1549","extension":"jpg","categorie":"","largeur":280,"theme":"","hauteur":186,"type":"Image","origine":"","liaisonPave":"","langue":"","id":"2667","urlVignette":"https:\/\/www.saint-brevin.com\/medias\/images\/prestataires\/v-280px-saint-viaud-mairie-1549-2667.jpg","alt":"280px-saint-viaud-mairie-1549","title":"280px-saint-viaud-mairie-1549","MultiTaille":{"1920x1440":{"url":"https:\/\/www.saint-brevin.com\/medias\/images\/prestataires\/multitailles\/1920x1440_280px-saint-viaud-mairie-1549-2667.jpg"},"1200x900":{"url":"https:\/\/www.saint-brevin.com\/medias\/images\/prestataires\/multitailles\/1200x900_280px-saint-viaud-mairie-1549-2667.jpg"},"800x600":{"url":"https:\/\/www.saint-brevin.com\/medias\/images\/prestataires\/multitailles\/800x600_280px-saint-viaud-mairie-1549-2667.jpg"},"640x480":{"url":"https:\/\/www.saint-brevin.com\/medias\/images\/prestataires\/multitailles\/640x480_280px-saint-viaud-mairie-1549-2667.jpg"},"320x240":{"url":"https:\/\/www.saint-brevin.com\/medias\/images\/prestataires\/multitailles\/320x240_280px-saint-viaud-mairie-1549-2667.jpg"},"160x120":{"url":"https:\/\/www.saint-brevin.com\/medias\/images\/prestataires\/multitailles\/160x120_280px-saint-viaud-mairie-1549-2667.jpg"},"origine":{"url":"https:\/\/www.saint-brevin.com\/medias\/images\/prestataires\/280px-saint-viaud-mairie-1549-2667.jpg"}},"urlLien":"","typeLien":"","nofollow":"N","copyright":""}],"ByCategorie":{"":[{"url":"https:\/\/www.saint-brevin.com\/medias\/images\/prestataires\/280px-saint-viaud-mairie-1549-2667.jpg","chemin":"..\/medias\/images\/prestataires\/280px-saint-viaud-mairie-1549-2667.jpg","libelle":"280px-saint-viaud-mairie-1549","extension":"jpg","categorie":"","largeur":280,"theme":"","hauteur":186,"type":"Image","origine":"","liaisonPave":"","langue":"","id":"2667","urlVignette":"https:\/\/www.saint-brevin.com\/medias\/images\/prestataires\/v-280px-saint-viaud-mairie-1549-2667.jpg","alt":"280px-saint-viaud-mairie-1549","title":"280px-saint-viaud-mairie-1549","MultiTaille":{"1920x1440":{"url":"https:\/\/www.saint-brevin.com\/medias\/images\/prestataires\/multitailles\/1920x1440_280px-saint-viaud-mairie-1549-2667.jpg"},"1200x900":{"url":"https:\/\/www.saint-brevin.com\/medias\/images\/prestataires\/multitailles\/1200x900_280px-saint-viaud-mairie-1549-2667.jpg"},"800x600":{"url":"https:\/\/www.saint-brevin.com\/medias\/images\/prestataires\/multitailles\/800x600_280px-saint-viaud-mairie-1549-2667.jpg"},"640x480":{"url":"https:\/\/www.saint-brevin.com\/medias\/images\/prestataires\/multitailles\/640x480_280px-saint-viaud-mairie-1549-2667.jpg"},"320x240":{"url":"https:\/\/www.saint-brevin.com\/medias\/images\/prestataires\/multitailles\/320x240_280px-saint-viaud-mairie-1549-2667.jpg"},"160x120":{"url":"https:\/\/www.saint-brevin.com\/medias\/images\/prestataires\/multitailles\/160x120_280px-saint-viaud-mairie-1549-2667.jpg"},"origine":{"url":"https:\/\/www.saint-brevin.com\/medias\/images\/prestataires\/280px-saint-viaud-mairie-1549-2667.jpg"}},"urlLien":"","typeLien":"","nofollow":"N","copyright":""}]}},"Url":"","Localisation":{"GoogleMap":{"Latitude":"47.25609","Longitude":"-2.01886"}},"ZoneGeo":"","Criteres":[],"DateFinPublication":""},"Fichier":{"Image":[{"url":"https:\/\/www.saint-brevin.com\/medias\/images\/prestations\/flag-3210468-1280-25529.jpg","chemin":"..\/medias\/images\/prestations\/flag-3210468-1280-25529.jpg","libelle":"flag-3210468-1280-25529","extension":"jpg","categorie":"","largeur":1280,"theme":"","hauteur":818,"type":"Image","origine":"","liaisonPave":"","langue":"","id":"25529","urlVignette":"https:\/\/www.saint-brevin.com\/medias\/images\/prestations\/v-flag-3210468-1280-25529.jpg","alt":"flag-3210468-1280-25529","title":"flag-3210468-1280-25529","MultiTaille":{"1920x1440":{"url":"https:\/\/www.saint-brevin.com\/medias\/images\/prestations\/multitailles\/1920x1440_flag-3210468-1280-25529.jpg"},"1200x900":{"url":"https:\/\/www.saint-brevin.com\/medias\/images\/prestations\/multitailles\/1200x900_flag-3210468-1280-25529.jpg"},"800x600":{"url":"https:\/\/www.saint-brevin.com\/medias\/images\/prestations\/multitailles\/800x600_flag-3210468-1280-25529.jpg"},"640x480":{"url":"https:\/\/www.saint-brevin.com\/medias\/images\/prestations\/multitailles\/640x480_flag-3210468-1280-25529.jpg"},"320x240":{"url":"https:\/\/www.saint-brevin.com\/medias\/images\/prestations\/multitailles\/320x240_flag-3210468-1280-25529.jpg"},"160x120":{"url":"https:\/\/www.saint-brevin.com\/medias\/images\/prestations\/multitailles\/160x120_flag-3210468-1280-25529.jpg"},"origine":{"url":"https:\/\/www.saint-brevin.com\/medias\/images\/prestations\/flag-3210468-1280-25529.jpg"}},"urlLien":"","typeLien":"","nofollow":"N","copyright":""},{"url":"https:\/\/www.saint-brevin.com\/medias\/images\/prestations\/piano-partitions-10331-25528.jpg","chemin":"..\/medias\/images\/prestations\/piano-partitions-10331-25528.jpg","libelle":"piano-partitions-10331","extension":"jpg","categorie":"","largeur":1920,"theme":"","hauteur":1280,"type":"Image","origine":"","liaisonPave":"","langue":"","id":"25528","urlVignette":"https:\/\/www.saint-brevin.com\/medias\/images\/prestations\/v-piano-partitions-10331-25528.jpg","alt":"piano-partitions-10331","title":"piano-partitions-10331","MultiTaille":{"1920x1440":{"url":"https:\/\/www.saint-brevin.com\/medias\/images\/prestations\/multitailles\/1920x1440_piano-partitions-10331-25528.jpg"},"1200x900":{"url":"https:\/\/www.saint-brevin.com\/medias\/images\/prestations\/multitailles\/1200x900_piano-partitions-10331-25528.jpg"},"800x600":{"url":"https:\/\/www.saint-brevin.com\/medias\/images\/prestations\/multitailles\/800x600_piano-partitions-10331-25528.jpg"},"640x480":{"url":"https:\/\/www.saint-brevin.com\/medias\/images\/prestations\/multitailles\/640x480_piano-partitions-10331-25528.jpg"},"320x240":{"url":"https:\/\/www.saint-brevin.com\/medias\/images\/prestations\/multitailles\/320x240_piano-partitions-10331-25528.jpg"},"160x120":{"url":"https:\/\/www.saint-brevin.com\/medias\/images\/prestations\/multitailles\/160x120_piano-partitions-10331-25528.jpg"},"origine":{"url":"https:\/\/www.saint-brevin.com\/medias\/images\/prestations\/piano-partitions-10331-25528.jpg"}},"urlLien":"","typeLien":"","nofollow":"N","copyright":""}],"ByCategorie":{"":[{"url":"https:\/\/www.saint-brevin.com\/medias\/images\/prestations\/flag-3210468-1280-25529.jpg","chemin":"..\/medias\/images\/prestations\/flag-3210468-1280-25529.jpg","libelle":"flag-3210468-1280-25529","extension":"jpg","categorie":"","largeur":1280,"theme":"","hauteur":818,"type":"Image","origine":"","liaisonPave":"","langue":"","id":"25529","urlVignette":"https:\/\/www.saint-brevin.com\/medias\/images\/prestations\/v-flag-3210468-1280-25529.jpg","alt":"flag-3210468-1280-25529","title":"flag-3210468-1280-25529","MultiTaille":{"1920x1440":{"url":"https:\/\/www.saint-brevin.com\/medias\/images\/prestations\/multitailles\/1920x1440_flag-3210468-1280-25529.jpg"},"1200x900":{"url":"https:\/\/www.saint-brevin.com\/medias\/images\/prestations\/multitailles\/1200x900_flag-3210468-1280-25529.jpg"},"800x600":{"url":"https:\/\/www.saint-brevin.com\/medias\/images\/prestations\/multitailles\/800x600_flag-3210468-1280-25529.jpg"},"640x480":{"url":"https:\/\/www.saint-brevin.com\/medias\/images\/prestations\/multitailles\/640x480_flag-3210468-1280-25529.jpg"},"320x240":{"url":"https:\/\/www.saint-brevin.com\/medias\/images\/prestations\/multitailles\/320x240_flag-3210468-1280-25529.jpg"},"160x120":{"url":"https:\/\/www.saint-brevin.com\/medias\/images\/prestations\/multitailles\/160x120_flag-3210468-1280-25529.jpg"},"origine":{"url":"https:\/\/www.saint-brevin.com\/medias\/images\/prestations\/flag-3210468-1280-25529.jpg"}},"urlLien":"","typeLien":"","nofollow":"N","copyright":""},{"url":"https:\/\/www.saint-brevin.com\/medias\/images\/prestations\/piano-partitions-10331-25528.jpg","chemin":"..\/medias\/images\/prestations\/piano-partitions-10331-25528.jpg","libelle":"piano-partitions-10331","extension":"jpg","categorie":"","largeur":1920,"theme":"","hauteur":1280,"type":"Image","origine":"","liaisonPave":"","langue":"","id":"25528","urlVignette":"https:\/\/www.saint-brevin.com\/medias\/images\/prestations\/v-piano-partitions-10331-25528.jpg","alt":"piano-partitions-10331","title":"piano-partitions-10331","MultiTaille":{"1920x1440":{"url":"https:\/\/www.saint-brevin.com\/medias\/images\/prestations\/multitailles\/1920x1440_piano-partitions-10331-25528.jpg"},"1200x900":{"url":"https:\/\/www.saint-brevin.com\/medias\/images\/prestations\/multitailles\/1200x900_piano-partitions-10331-25528.jpg"},"800x600":{"url":"https:\/\/www.saint-brevin.com\/medias\/images\/prestations\/multitailles\/800x600_piano-partitions-10331-25528.jpg"},"640x480":{"url":"https:\/\/www.saint-brevin.com\/medias\/images\/prestations\/multitailles\/640x480_piano-partitions-10331-25528.jpg"},"320x240":{"url":"https:\/\/www.saint-brevin.com\/medias\/images\/prestations\/multitailles\/320x240_piano-partitions-10331-25528.jpg"},"160x120":{"url":"https:\/\/www.saint-brevin.com\/medias\/images\/prestations\/multitailles\/160x120_piano-partitions-10331-25528.jpg"},"origine":{"url":"https:\/\/www.saint-brevin.com\/medias\/images\/prestations\/piano-partitions-10331-25528.jpg"}},"urlLien":"","typeLien":"","nofollow":"N","copyright":""}]}},"DateDebPublication":"","DateFinPublication":"","PrixAPartirDe":"","PrixPour":"","FicheListeEnCours":"fiche_liste_agenda_prestation_v2017","ParametresModele":{"AfficherPhotos":"1","NbPhotosMax":6,"AfficherReserver":0,"AfficherContact":0,"AfficherSalle":1,"AfficherZoneGeo":0,"AfficherEnSavoirPlus":"1","AfficherUneSeuleOuverture":"1","AfficherContactCarte":1,"AfficherTarifsChaudAPartirDe":0,"AfficherTarifChaudSansRecherche":0,"AfficherLiensCarnetVoyage":"1","AfficherOuverture":"1","BlocCritereInfo":{"critere1":{"libelle":""},"critere2":{"libelle":""},"critere3":{"libelle":""},"critere4":{"libelle":""},"critere5":{"libelle":""},"critere6":{"libelle":""},"critere7":{"libelle":"","liste_critere":["COMMUNES|Y"]},"critere8":{"libelle":""},"critere9":{"libelle":""},"afficherpictoetpaslibelle":"1"},"CriteresComportementResa":"|RESABILLET[RESAENLIGNE|","PositionBloc":"GALLERIE|NOM|OUVERTURES|CARNET_VOYAGE|URL|LIEN_RESERVER_DETAIL","TypePrestataire":"Y","ComportementResa":false,"ComportementDispo":false},"AffichageCoordonnees":[],"Coordonnees":{"Ville":"ST VIAUD"},"ContexteId":"PRESTATION|Y|MAIRIESTVIAUD|80ANSFINPOCHE","ContexteIdHtml":"PRESTATION-Y-MAIRIESTVIAUD-80ANSFINPOCHE","cleContexte":"Y|MAIRIESTVIAUD|80ANSFINPOCHE","Bloc":{"texte1":"","texte3":"","critere1":{"libelle":"","contenu":[]},"critere2":{"libelle":"","contenu":[]},"critere3":{"libelle":"","contenu":[]},"critere4":{"libelle":"","contenu":[]},"critere5":{"libelle":"","contenu":[]},"critere6":{"libelle":"","contenu":[]},"critere7":{"libelle":"","contenu":[]},"critere8":{"libelle":"","contenu":[]},"critere9":{"libelle":"","contenu":[]}},"LocalisationGps":{"Latitude":"47.25824","Longitude":"-2.01765"},"libelleDuPrestataire":"","vuePrestataire":{"pave1":{"libelle":"Descriptif","contenu":""},"pave2":{"libelle":"","contenu":""},"pave3":{"libelle":"","contenu":""},"pave4":{"libelle":"","contenu":""},"pave5":{"libelle":"","contenu":""},"pave6":{"libelle":"","contenu":""},"pave7":{"libelle":"","contenu":""},"pave8":{"libelle":"","contenu":""},"pave9":{"libelle":"","contenu":""},"pave10":{"libelle":"","contenu":""},"pave11":{"libelle":"","contenu":""},"pave12":{"libelle":"","contenu":""},"pave13":{"libelle":"","contenu":""},"pave14":{"libelle":"","contenu":""},"pave15":{"libelle":"","contenu":""},"pave16":{"libelle":"","contenu":""},"pave17":{"libelle":"","contenu":""},"pave18":{"libelle":"","contenu":""},"pave19":{"libelle":"","contenu":""},"pave20":{"libelle":"","contenu":""},"pave21":{"libelle":"","contenu":""},"pave22":{"libelle":"","contenu":""},"pave23":{"libelle":"","contenu":""},"pave24":{"libelle":"","contenu":""},"pave25":{"libelle":"","contenu":""},"Libelle":"Mairie Saint-Viaud","Nom":"Mairie Saint-Viaud","Prenom":"","NomPrenom":"Mairie Saint-Viaud ","CiviliteNomPrenom":"Mairie Saint-Viaud ","Cle":"Y|MAIRIESTVIAUD","PrestataireParent":"","ContexteStat":"PRESTATAIRE-Y-MAIRIESTVIAUD","DateModificationIso":"2023-09-01T10:55:00+02:00","Type":"PRESTATAIRE","TypePrestataire":"Y","Adresse":{"LigneAdresse1":"Place de la Mairie","LigneAdresse2":"","LigneAdresse3":"","CodePostal":"44320","Ville":"ST VIAUD","Cedex":"","Etat":"","Pays":"FRA"},"Email":"accueil@saint-viaud.fr","Telephone":"02 40 27 53 14","TelephoneBureau":"","Portable":"","SiteWeb":"http:\/\/www.saint-viaud.fr","Fax":"02 40 27 60 97","Id":"y-mairiestviaud","Code":"Y|MAIRIESTVIAUD","Fichier":{"Image":[{"url":"https:\/\/www.saint-brevin.com\/medias\/images\/prestataires\/280px-saint-viaud-mairie-1549-2667.jpg","chemin":"..\/medias\/images\/prestataires\/280px-saint-viaud-mairie-1549-2667.jpg","libelle":"280px-saint-viaud-mairie-1549","extension":"jpg","categorie":"","largeur":280,"theme":"","hauteur":186,"type":"Image","origine":"","liaisonPave":"","langue":"","id":"2667","urlVignette":"https:\/\/www.saint-brevin.com\/medias\/images\/prestataires\/v-280px-saint-viaud-mairie-1549-2667.jpg","alt":"280px-saint-viaud-mairie-1549","title":"280px-saint-viaud-mairie-1549","MultiTaille":{"1920x1440":{"url":"https:\/\/www.saint-brevin.com\/medias\/images\/prestataires\/multitailles\/1920x1440_280px-saint-viaud-mairie-1549-2667.jpg"},"1200x900":{"url":"https:\/\/www.saint-brevin.com\/medias\/images\/prestataires\/multitailles\/1200x900_280px-saint-viaud-mairie-1549-2667.jpg"},"800x600":{"url":"https:\/\/www.saint-brevin.com\/medias\/images\/prestataires\/multitailles\/800x600_280px-saint-viaud-mairie-1549-2667.jpg"},"640x480":{"url":"https:\/\/www.saint-brevin.com\/medias\/images\/prestataires\/multitailles\/640x480_280px-saint-viaud-mairie-1549-2667.jpg"},"320x240":{"url":"https:\/\/www.saint-brevin.com\/medias\/images\/prestataires\/multitailles\/320x240_280px-saint-viaud-mairie-1549-2667.jpg"},"160x120":{"url":"https:\/\/www.saint-brevin.com\/medias\/images\/prestataires\/multitailles\/160x120_280px-saint-viaud-mairie-1549-2667.jpg"},"origine":{"url":"https:\/\/www.saint-brevin.com\/medias\/images\/prestataires\/280px-saint-viaud-mairie-1549-2667.jpg"}},"urlLien":"","typeLien":"","nofollow":"N","copyright":""}],"ByCategorie":{"":[{"url":"https:\/\/www.saint-brevin.com\/medias\/images\/prestataires\/280px-saint-viaud-mairie-1549-2667.jpg","chemin":"..\/medias\/images\/prestataires\/280px-saint-viaud-mairie-1549-2667.jpg","libelle":"280px-saint-viaud-mairie-1549","extension":"jpg","categorie":"","largeur":280,"theme":"","hauteur":186,"type":"Image","origine":"","liaisonPave":"","langue":"","id":"2667","urlVignette":"https:\/\/www.saint-brevin.com\/medias\/images\/prestataires\/v-280px-saint-viaud-mairie-1549-2667.jpg","alt":"280px-saint-viaud-mairie-1549","title":"280px-saint-viaud-mairie-1549","MultiTaille":{"1920x1440":{"url":"https:\/\/www.saint-brevin.com\/medias\/images\/prestataires\/multitailles\/1920x1440_280px-saint-viaud-mairie-1549-2667.jpg"},"1200x900":{"url":"https:\/\/www.saint-brevin.com\/medias\/images\/prestataires\/multitailles\/1200x900_280px-saint-viaud-mairie-1549-2667.jpg"},"800x600":{"url":"https:\/\/www.saint-brevin.com\/medias\/images\/prestataires\/multitailles\/800x600_280px-saint-viaud-mairie-1549-2667.jpg"},"640x480":{"url":"https:\/\/www.saint-brevin.com\/medias\/images\/prestataires\/multitailles\/640x480_280px-saint-viaud-mairie-1549-2667.jpg"},"320x240":{"url":"https:\/\/www.saint-brevin.com\/medias\/images\/prestataires\/multitailles\/320x240_280px-saint-viaud-mairie-1549-2667.jpg"},"160x120":{"url":"https:\/\/www.saint-brevin.com\/medias\/images\/prestataires\/multitailles\/160x120_280px-saint-viaud-mairie-1549-2667.jpg"},"origine":{"url":"https:\/\/www.saint-brevin.com\/medias\/images\/prestataires\/280px-saint-viaud-mairie-1549-2667.jpg"}},"urlLien":"","typeLien":"","nofollow":"N","copyright":""}]}},"Url":"","Localisation":{"GoogleMap":{"Latitude":"47.25609","Longitude":"-2.01886"}},"ZoneGeo":"","Criteres":[],"DateFinPublication":"","AffichageCoordonnees":[]},"listeCriteres":{"LIEUMANIF":{"SAINTVIAUD":""},"TYPEDEPROGRAMMATION":{"80ANSLIBERATION":""},"THEME":{"HISTO":"","RELIGIEUSE":""},"MODEPAIEMENT":{"GRATUIT":"","ENTREELIBRE":""},"TYPE":{"VILLESTVIAUD":""},"MISEAJOURINGENIE":{"DATEDERNIEREMAJ":"20241230"},"MISEAJOURPAR":{"AMANDINE":""}},"dansCarnetVoyage":true,"Ouverture":[],"OuverturePasse":[]},"html":" \n \u003Cdiv id=\"CV-PRESTATION-Y-MAIRIESTVIAUD-80ANSFINPOCHE\" data-contexte-id=\"PRESTATION|Y|MAIRIESTVIAUD|80ANSFINPOCHE\" data-cle=\"Y|MAIRIESTVIAUD|80ANSFINPOCHE\" class=\"fiche-liste\"\u003E\n    \n\n    \u003C!-- partie photo --\u003E\n    \u003Cdiv class=\"photo\"\u003E\t\t\t\t\t\t\t\t\t\t\t\t\t\t\t\t\t\t\t\t\t\n        \u003Cdiv class=\"cadre_photo_principale\"\u003E\t\t\n        \n            \t\t\t\t\t\n                    \u003Ca href=\"80eme-anniversaire-de-la-tragedie-de-la-brosse.html?origine=carnet#media\"\u003E\n                        \u003Cimg class=\"photo_principale\" alt=\"flag-3210468-1280-25529\" src=\"https:\/\/www.saint-brevin.com\/medias\/images\/prestations\/multitailles\/320x240_flag-3210468-1280-25529.jpg\" itemprop=\"image\"\u003E\n                    \u003C\/a\u003E\t\t\t\t\t\t\n                \n                    \u003C\/div\u003E\t\t\t\t\t\t\t\t\t\t\t\t\t\t\t\t\t\t\t \t\t\n    \u003C\/div\u003E\n    \n    \u003C!-- partie nom prest --\u003E\n    \u003Cdiv class=\"nom\"\u003E\n        \u003Ch2\u003E80\u00e8me anniversaire de la Trag\u00e9die de la Brosse\u003C\/h2\u003E\n        \n            \u003C\/div\u003E\n\n         \n    \u003C!-- partie adresse --\u003E\n    \u003Cdiv class=\"adresse\"\u003E\n    \n          \n    \u003C\/div\u003E\n    \n    \u003C!-- partie liens --\u003E\n    \u003Cdiv class=\"liens\"\u003E\n            \u003Ca class=\"btn-icon btn-view \" title=\"Voir la fiche d\u00e9taill\u00e9e\" href=\"80eme-anniversaire-de-la-tragedie-de-la-brosse.html?origine=carnet\"\u003E\u003C\/a\u003E\u003C!--\u003Ca class=\"btn-icon btn-view \" title=\"\" href=\"?origine=carnet#thaut\"\u003E\u003C\/a\u003E--\u003E\n      \u003Ca class=\"btn-icon btn-trash carnet_voyage_supprimer\" title=\"Supprimer cette fiche de mon carnet de voyage\" href=\"carnet-voyage?action=remove&fiche=Y|MAIRIESTVIAUD|80ANSFINPOCHE\"\u003E\u003C\/a\u003E\n    \u003C\/div\u003E\n\n\u003C\/div\u003E\n\n","icon":"https:\/\/static.ingenie.fr\/images\/carnetVoyageV3\/Y.png"},"fiche":"Y|MAIRIESTVIAUD|80ANSFINPOCHE","popup":"\u003Cdiv id=\"bloc_popup_ajout_fiche_carnet\"\u003E\n    \u003Cdiv class=\"info_popup_ajout_fiche_carnet\"\u003E\n        Vous venez d'ajouter cet \u00e9l\u00e9ment \u00e0 votre carnet de voyage :    \u003C\/div\u003E\n    \u003Cdiv class=\"prest_popup_ajout_fiche_carnet\"\u003E\n        80&egrave;me anniversaire de la Trag&eacute;die de la Brosse    \u003C\/div\u003E\n    \u003Cdiv class=\"bloc_btn_ajout_fiche_carnet form_submit_div\"\u003E\n        \u003Cinput type=\"button\" value=\"Continuer ma s\u00e9lection\" title=\"Continuer ma s\u00e9lection\" name=\"btn_close\" class=\"btn_close_popup_carnet form_submit\" onclick=\"$.colorbox.close()\" \/\u003E\n        \u003Cinput type=\"button\" value=\"Voir mon carnet de voyage\" title=\"Voir mon carnet\" name=\"btn_panier\" class=\"btn_panier_popup_carnet form_submit\" onclick=\"if(typeof CarnetVoyage != 'undefined') {CarnetVoyage.voirCarnet();}\" \/\u003E\n    \u003C\/div\u003E\n    \u003Cdiv class=\"bloc_btn_ajout_fiche_carnet\"\u003E\n        \u003Cinput type=\"checkbox\" value=\"1\" name=\"desactiver_popup\" id=\"desactiver_popup\" \/\u003E\n        \u003Clabel for=\"desactiver_popup\"\u003ENe plus afficher ce message\u003C\/label\u003E\n    \u003C\/div\u003E\n\u003C\/div\u003E","success":1}