{"nbFiches":1,"dataPrest":{"infoPrest":{"pave1":{"libelle":"Slogan","contenu":"","fichiers":[]},"pave2":{"libelle":"Descriptif","contenu":"\u003Cdiv\u003EA travers une &eacute;pop&eacute;e burlesque, les trois artistes de la Compagnie Ernesto Barytoni vous embarquent dans un voyage musical rocambolesque, de l&#39;&acirc;ge de pierre &agrave; l&#39;&acirc;ge 2.0 !\u003C\/div\u003E\r\n\r\n\u003Cdiv\u003EA la fois musiciens, com&eacute;diens, conteurs, bruiteurs et accessoiristes, ils revisitent&nbsp;tr&egrave;s librement l&#39;histoire de la musique.\u003C\/div\u003E\r\n\r\n\u003Cdiv\u003ESur une piste circulaire, &ccedil;a fonce, &ccedil;a bouge, &ccedil;a swingue, &ccedil;a wizz, &ccedil;a Zik et &ccedil;a Zap !\u003Cbr \/\u003E\r\n\u003Cbr \/\u003E\r\n\u003Cspan style=\"box-sizing: border-box; margin: 0px; padding: 0px; border-width: 0px; font-style: italic; font-variant: inherit; font-weight: inherit; font-stretch: inherit; font-size: inherit; line-height: inherit; font-family: Helvetica; font-optical-sizing: inherit; font-size-adjust: inherit; font-kerning: inherit; font-feature-settings: inherit; font-variation-settings: inherit; vertical-align: baseline; overflow: visible !important; text-align: justify !important; color: rgb(1, 0, 0);\"\u003Eartistes : Anthony Angebeault, Lucie Pires et Baptiste Abraham\u003C\/span\u003E\u003C\/div\u003E\r\n\r\n\u003Cdiv\u003E&nbsp;\u003C\/div\u003E\r\n\r\n\u003Cdiv\u003EDur&eacute;e 1h10&nbsp;\u003Cbr \/\u003E\r\nJeune public d&egrave;s 3 ans\u003Cbr \/\u003E\r\nTarif spectacle jeunesse&nbsp;: 4&euro;\u003C\/div\u003E\r\n\r\n\u003Cdiv style=\"text-align: center;\"\u003E\u003Cspan style=\"font-size:18px;\"\u003E\u003Cstrong\u003E\u003Ca href=\"https:\/\/www.vostickets.net\/billet\/FR\/catalogue-ST_PERE_EN_RETZ.wb?REFID=IKgSAAAAAABcAA#\" target=\"_blank\"\u003E\u003Cspan style=\"color:#008080;\"\u003ER&eacute;servation&nbsp;ici &gt;&gt;&gt;&gt;&gt;&gt; \u003C\/span\u003E\u003C\/a\u003E\u003Cbr \/\u003E\r\n\u003Cspan style=\"color:#008080;\"\u003Eou &agrave; la m&eacute;diath&egrave;que Livres y M&eacute;dias de Saint-P&egrave;re-en-Retz\u003C\/span\u003E\u003C\/strong\u003E\u003C\/span\u003E\u003C\/div\u003E\r\n","fichiers":[]},"pave3":{"libelle":"","contenu":""},"pave4":{"libelle":"","contenu":""},"pave5":{"libelle":"","contenu":""},"pave6":{"libelle":"","contenu":""},"pave7":{"libelle":"","contenu":""},"pave8":{"libelle":"","contenu":""},"pave9":{"libelle":"","contenu":""},"pave10":{"libelle":"","contenu":""},"pave11":{"libelle":"","contenu":""},"pave12":{"libelle":"","contenu":""},"pave13":{"libelle":"","contenu":""},"pave14":{"libelle":"","contenu":""},"pave15":{"libelle":"","contenu":""},"pave16":{"libelle":"","contenu":""},"pave17":{"libelle":"","contenu":""},"pave18":{"libelle":"","contenu":""},"pave19":{"libelle":"","contenu":""},"pave20":{"libelle":"","contenu":""},"pave21":{"libelle":"","contenu":""},"pave22":{"libelle":"","contenu":""},"pave23":{"libelle":"","contenu":""},"pave24":{"libelle":"","contenu":""},"pave25":{"libelle":"","contenu":""},"Libelle":"Dist'Retz : Zik Zap","Reference":"","Reftar":"","Type":"PRESTATION","TypePrestataire":"Y","ContexteStat":"PRESTATION-Y-MAIRIESTPEREENRETZ-ZIKZAP","DateModificationIso":"2025-10-03T10:58:00+02:00","Adresse":{"LigneAdresse1":"Espace Culturel Saint-Roch","LigneAdresse2":"15 rue de l'Abb\u00e9 Perrin","LigneAdresse3":"","CodePostal":"44320","Ville":"ST PERE EN RETZ","Cedex":"","Etat":"","Pays":"FRA"},"Id":"y-mairiestpereenretz-zikzap","Code":"Y|MAIRIESTPEREENRETZ|ZIKZAP","Cle":"Y|MAIRIESTPEREENRETZ|ZIKZAP","Url":"dist-retz-zik-zap.html","Localisation":{"GoogleMap":{"Latitude":"47.20539","Longitude":"-2.04272"}},"ZoneGeo":"","Criteres":{"LIEUMANIF[SAINTPERE":"","TYPEDEPROGRAMMATION[ENFANTS":"","CATEGORIEANIMATION[CONCER":"","ICA[DS":"1h10","ICA[SA":"","ICA[PLAL":"","ICA[ICATP":"","ICA[SCAPD":"3","ICA[AGEMINIM":"3","ANIAH[ANIACC":"","ANIAH[ACCESPOUSSETTE":"","YVEL[REWEB":"","TYPE[VILLESTPEREENRETZ":"","MISEAJOURINGENIE[DATEDERNIEREMAJ":"20250924","MISEAJOURPAR[ANNABELLE":""},"Prestataire":{"pave1":{"libelle":"Descriptif","contenu":""},"pave2":{"libelle":"","contenu":""},"pave3":{"libelle":"","contenu":""},"pave4":{"libelle":"","contenu":""},"pave5":{"libelle":"","contenu":""},"pave6":{"libelle":"","contenu":""},"pave7":{"libelle":"","contenu":""},"pave8":{"libelle":"","contenu":""},"pave9":{"libelle":"","contenu":""},"pave10":{"libelle":"","contenu":""},"pave11":{"libelle":"","contenu":""},"pave12":{"libelle":"","contenu":""},"pave13":{"libelle":"","contenu":""},"pave14":{"libelle":"","contenu":""},"pave15":{"libelle":"","contenu":""},"pave16":{"libelle":"","contenu":""},"pave17":{"libelle":"","contenu":""},"pave18":{"libelle":"","contenu":""},"pave19":{"libelle":"","contenu":""},"pave20":{"libelle":"","contenu":""},"pave21":{"libelle":"","contenu":""},"pave22":{"libelle":"","contenu":""},"pave23":{"libelle":"","contenu":""},"pave24":{"libelle":"","contenu":""},"pave25":{"libelle":"","contenu":""},"Libelle":"Mairie Saint P\u00e8re en Retz","Nom":"Mairie Saint P\u00e8re en Retz","Prenom":"","NomPrenom":"Mairie Saint P\u00e8re en Retz ","CiviliteNomPrenom":"Mairie Saint P\u00e8re en Retz ","Cle":"Y|MAIRIESTPEREENRETZ","PrestataireParent":"","ContexteStat":"PRESTATAIRE-Y-MAIRIESTPEREENRETZ","DateModificationIso":"2022-09-08T11:50:00+02:00","Type":"PRESTATAIRE","TypePrestataire":"Y","Adresse":{"LigneAdresse1":"1 place de la Mairie","LigneAdresse2":"","LigneAdresse3":"","CodePostal":"44320","Ville":"ST PERE EN RETZ","Cedex":"","Etat":"","Pays":"FRA"},"Email":"mairie@saintpereenretz.fr","Telephone":"02 40 21 70 29","TelephoneBureau":"","Portable":"","SiteWeb":"http:\/\/www.saintpereenretz.fr","Fax":"","Id":"y-mairiestpereenretz","Code":"Y|MAIRIESTPEREENRETZ","Fichier":{"Image":[{"url":"https:\/\/www.saint-brevin.com\/medias\/images\/prestataires\/mairie-saint-pere-en-retz-1548-2668.jpg","chemin":"..\/medias\/images\/prestataires\/mairie-saint-pere-en-retz-1548-2668.jpg","libelle":"mairie-saint-pere-en-retz-1548","extension":"jpg","categorie":"","largeur":600,"theme":"","hauteur":398,"type":"Image","origine":"","liaisonPave":"","langue":"","id":"2668","urlVignette":"https:\/\/www.saint-brevin.com\/medias\/images\/prestataires\/v-mairie-saint-pere-en-retz-1548-2668.jpg","alt":"mairie-saint-pere-en-retz-1548","title":"mairie-saint-pere-en-retz-1548","MultiTaille":{"1920x1440":{"url":"https:\/\/www.saint-brevin.com\/medias\/images\/prestataires\/multitailles\/1920x1440_mairie-saint-pere-en-retz-1548-2668.jpg"},"1200x900":{"url":"https:\/\/www.saint-brevin.com\/medias\/images\/prestataires\/multitailles\/1200x900_mairie-saint-pere-en-retz-1548-2668.jpg"},"800x600":{"url":"https:\/\/www.saint-brevin.com\/medias\/images\/prestataires\/multitailles\/800x600_mairie-saint-pere-en-retz-1548-2668.jpg"},"640x480":{"url":"https:\/\/www.saint-brevin.com\/medias\/images\/prestataires\/multitailles\/640x480_mairie-saint-pere-en-retz-1548-2668.jpg"},"320x240":{"url":"https:\/\/www.saint-brevin.com\/medias\/images\/prestataires\/multitailles\/320x240_mairie-saint-pere-en-retz-1548-2668.jpg"},"160x120":{"url":"https:\/\/www.saint-brevin.com\/medias\/images\/prestataires\/multitailles\/160x120_mairie-saint-pere-en-retz-1548-2668.jpg"},"origine":{"url":"https:\/\/www.saint-brevin.com\/medias\/images\/prestataires\/mairie-saint-pere-en-retz-1548-2668.jpg"}},"urlLien":"","typeLien":"","nofollow":"N","copyright":""}],"ByCategorie":{"":[{"url":"https:\/\/www.saint-brevin.com\/medias\/images\/prestataires\/mairie-saint-pere-en-retz-1548-2668.jpg","chemin":"..\/medias\/images\/prestataires\/mairie-saint-pere-en-retz-1548-2668.jpg","libelle":"mairie-saint-pere-en-retz-1548","extension":"jpg","categorie":"","largeur":600,"theme":"","hauteur":398,"type":"Image","origine":"","liaisonPave":"","langue":"","id":"2668","urlVignette":"https:\/\/www.saint-brevin.com\/medias\/images\/prestataires\/v-mairie-saint-pere-en-retz-1548-2668.jpg","alt":"mairie-saint-pere-en-retz-1548","title":"mairie-saint-pere-en-retz-1548","MultiTaille":{"1920x1440":{"url":"https:\/\/www.saint-brevin.com\/medias\/images\/prestataires\/multitailles\/1920x1440_mairie-saint-pere-en-retz-1548-2668.jpg"},"1200x900":{"url":"https:\/\/www.saint-brevin.com\/medias\/images\/prestataires\/multitailles\/1200x900_mairie-saint-pere-en-retz-1548-2668.jpg"},"800x600":{"url":"https:\/\/www.saint-brevin.com\/medias\/images\/prestataires\/multitailles\/800x600_mairie-saint-pere-en-retz-1548-2668.jpg"},"640x480":{"url":"https:\/\/www.saint-brevin.com\/medias\/images\/prestataires\/multitailles\/640x480_mairie-saint-pere-en-retz-1548-2668.jpg"},"320x240":{"url":"https:\/\/www.saint-brevin.com\/medias\/images\/prestataires\/multitailles\/320x240_mairie-saint-pere-en-retz-1548-2668.jpg"},"160x120":{"url":"https:\/\/www.saint-brevin.com\/medias\/images\/prestataires\/multitailles\/160x120_mairie-saint-pere-en-retz-1548-2668.jpg"},"origine":{"url":"https:\/\/www.saint-brevin.com\/medias\/images\/prestataires\/mairie-saint-pere-en-retz-1548-2668.jpg"}},"urlLien":"","typeLien":"","nofollow":"N","copyright":""}]}},"Url":"","Localisation":{"GoogleMap":{"Latitude":"47.20770","Longitude":"-2.04391"}},"ZoneGeo":"","Criteres":[],"DateFinPublication":""},"Fichier":{"Document":[{"url":"https:\/\/www.saint-brevin.com\/medias\/images\/prestations\/distretz-2025-2026-ligne-28691-28710.pdf","chemin":"..\/medias\/images\/prestations\/distretz-2025-2026-ligne-28691-28710.pdf","libelle":"distretz-2025-2026-ligne-28691","extension":"pdf","categorie":"","largeur":"","theme":"","hauteur":"","type":"Document","origine":"","liaisonPave":"","langue":"","id":"28710","poids":"963.8 Ko","alt":"distretz-2025-2026-ligne-28691","title":"distretz-2025-2026-ligne-28691"}],"ByCategorie":{"":[{"url":"https:\/\/www.saint-brevin.com\/medias\/images\/prestations\/distretz-2025-2026-ligne-28691-28710.pdf","chemin":"..\/medias\/images\/prestations\/distretz-2025-2026-ligne-28691-28710.pdf","libelle":"distretz-2025-2026-ligne-28691","extension":"pdf","categorie":"","largeur":"","theme":"","hauteur":"","type":"Document","origine":"","liaisonPave":"","langue":"","id":"28710","poids":"963.8 Ko","alt":"distretz-2025-2026-ligne-28691","title":"distretz-2025-2026-ligne-28691"},{"url":"https:\/\/www.saint-brevin.com\/medias\/images\/prestations\/25-10-29-zik-zap-2-28712.jpg","chemin":"..\/medias\/images\/prestations\/25-10-29-zik-zap-2-28712.jpg","libelle":"25-10-29-zik-zap-2-28712","extension":"jpg","categorie":"","largeur":3543,"theme":"","hauteur":2362,"type":"Image","origine":"","liaisonPave":"","langue":"","id":"28712","urlVignette":"https:\/\/www.saint-brevin.com\/medias\/images\/prestations\/v-25-10-29-zik-zap-2-28712.jpg","alt":"25-10-29-zik-zap-2-28712","title":"25-10-29-zik-zap-2-28712","MultiTaille":{"1920x1440":{"url":"https:\/\/www.saint-brevin.com\/medias\/images\/prestations\/multitailles\/1920x1440_25-10-29-zik-zap-2-28712.jpg"},"1200x900":{"url":"https:\/\/www.saint-brevin.com\/medias\/images\/prestations\/multitailles\/1200x900_25-10-29-zik-zap-2-28712.jpg"},"800x600":{"url":"https:\/\/www.saint-brevin.com\/medias\/images\/prestations\/multitailles\/800x600_25-10-29-zik-zap-2-28712.jpg"},"640x480":{"url":"https:\/\/www.saint-brevin.com\/medias\/images\/prestations\/multitailles\/640x480_25-10-29-zik-zap-2-28712.jpg"},"320x240":{"url":"https:\/\/www.saint-brevin.com\/medias\/images\/prestations\/multitailles\/320x240_25-10-29-zik-zap-2-28712.jpg"},"160x120":{"url":"https:\/\/www.saint-brevin.com\/medias\/images\/prestations\/multitailles\/160x120_25-10-29-zik-zap-2-28712.jpg"},"origine":{"url":"https:\/\/www.saint-brevin.com\/medias\/images\/prestations\/25-10-29-zik-zap-2-28712.jpg"}},"urlLien":"","typeLien":"","nofollow":"N","copyright":""}]},"Image":[{"url":"https:\/\/www.saint-brevin.com\/medias\/images\/prestations\/25-10-29-zik-zap-2-28712.jpg","chemin":"..\/medias\/images\/prestations\/25-10-29-zik-zap-2-28712.jpg","libelle":"25-10-29-zik-zap-2-28712","extension":"jpg","categorie":"","largeur":3543,"theme":"","hauteur":2362,"type":"Image","origine":"","liaisonPave":"","langue":"","id":"28712","urlVignette":"https:\/\/www.saint-brevin.com\/medias\/images\/prestations\/v-25-10-29-zik-zap-2-28712.jpg","alt":"25-10-29-zik-zap-2-28712","title":"25-10-29-zik-zap-2-28712","MultiTaille":{"1920x1440":{"url":"https:\/\/www.saint-brevin.com\/medias\/images\/prestations\/multitailles\/1920x1440_25-10-29-zik-zap-2-28712.jpg"},"1200x900":{"url":"https:\/\/www.saint-brevin.com\/medias\/images\/prestations\/multitailles\/1200x900_25-10-29-zik-zap-2-28712.jpg"},"800x600":{"url":"https:\/\/www.saint-brevin.com\/medias\/images\/prestations\/multitailles\/800x600_25-10-29-zik-zap-2-28712.jpg"},"640x480":{"url":"https:\/\/www.saint-brevin.com\/medias\/images\/prestations\/multitailles\/640x480_25-10-29-zik-zap-2-28712.jpg"},"320x240":{"url":"https:\/\/www.saint-brevin.com\/medias\/images\/prestations\/multitailles\/320x240_25-10-29-zik-zap-2-28712.jpg"},"160x120":{"url":"https:\/\/www.saint-brevin.com\/medias\/images\/prestations\/multitailles\/160x120_25-10-29-zik-zap-2-28712.jpg"},"origine":{"url":"https:\/\/www.saint-brevin.com\/medias\/images\/prestations\/25-10-29-zik-zap-2-28712.jpg"}},"urlLien":"","typeLien":"","nofollow":"N","copyright":""}]},"DateDebPublication":"","DateFinPublication":"","PrixAPartirDe":"","PrixPour":"","FicheListeEnCours":"fiche_liste_agenda_prestation_v2017","ParametresModele":{"AfficherPhotos":"1","NbPhotosMax":6,"AfficherReserver":0,"AfficherContact":0,"AfficherSalle":1,"AfficherZoneGeo":0,"AfficherEnSavoirPlus":"1","AfficherUneSeuleOuverture":"1","AfficherContactCarte":1,"AfficherTarifsChaudAPartirDe":0,"AfficherTarifChaudSansRecherche":0,"AfficherLiensCarnetVoyage":"1","AfficherOuverture":"1","BlocCritereInfo":{"critere1":{"libelle":""},"critere2":{"libelle":""},"critere3":{"libelle":""},"critere4":{"libelle":""},"critere5":{"libelle":""},"critere6":{"libelle":""},"critere7":{"libelle":"","liste_critere":["COMMUNES|Y"]},"critere8":{"libelle":""},"critere9":{"libelle":""},"afficherpictoetpaslibelle":"1"},"CriteresComportementResa":"|RESABILLET[RESAENLIGNE|","PositionBloc":"GALLERIE|NOM|OUVERTURES|CARNET_VOYAGE|URL|LIEN_RESERVER_DETAIL","TypePrestataire":"Y","ComportementResa":false,"ComportementDispo":false},"AffichageCoordonnees":[],"Coordonnees":{"Ville":"ST PERE EN RETZ"},"ContexteId":"PRESTATION|Y|MAIRIESTPEREENRETZ|ZIKZAP","ContexteIdHtml":"PRESTATION-Y-MAIRIESTPEREENRETZ-ZIKZAP","cleContexte":"Y|MAIRIESTPEREENRETZ|ZIKZAP","Bloc":{"texte1":"","texte3":"","critere1":{"libelle":"","contenu":[]},"critere2":{"libelle":"","contenu":[]},"critere3":{"libelle":"","contenu":[]},"critere4":{"libelle":"","contenu":[]},"critere5":{"libelle":"","contenu":[]},"critere6":{"libelle":"","contenu":[]},"critere7":{"libelle":"","contenu":[]},"critere8":{"libelle":"","contenu":[]},"critere9":{"libelle":"","contenu":[]}},"LocalisationGps":{"Latitude":"47.20539","Longitude":"-2.04272"},"libelleDuPrestataire":"","vuePrestataire":{"pave1":{"libelle":"Descriptif","contenu":""},"pave2":{"libelle":"","contenu":""},"pave3":{"libelle":"","contenu":""},"pave4":{"libelle":"","contenu":""},"pave5":{"libelle":"","contenu":""},"pave6":{"libelle":"","contenu":""},"pave7":{"libelle":"","contenu":""},"pave8":{"libelle":"","contenu":""},"pave9":{"libelle":"","contenu":""},"pave10":{"libelle":"","contenu":""},"pave11":{"libelle":"","contenu":""},"pave12":{"libelle":"","contenu":""},"pave13":{"libelle":"","contenu":""},"pave14":{"libelle":"","contenu":""},"pave15":{"libelle":"","contenu":""},"pave16":{"libelle":"","contenu":""},"pave17":{"libelle":"","contenu":""},"pave18":{"libelle":"","contenu":""},"pave19":{"libelle":"","contenu":""},"pave20":{"libelle":"","contenu":""},"pave21":{"libelle":"","contenu":""},"pave22":{"libelle":"","contenu":""},"pave23":{"libelle":"","contenu":""},"pave24":{"libelle":"","contenu":""},"pave25":{"libelle":"","contenu":""},"Libelle":"Mairie Saint P\u00e8re en Retz","Nom":"Mairie Saint P\u00e8re en Retz","Prenom":"","NomPrenom":"Mairie Saint P\u00e8re en Retz ","CiviliteNomPrenom":"Mairie Saint P\u00e8re en Retz ","Cle":"Y|MAIRIESTPEREENRETZ","PrestataireParent":"","ContexteStat":"PRESTATAIRE-Y-MAIRIESTPEREENRETZ","DateModificationIso":"2022-09-08T11:50:00+02:00","Type":"PRESTATAIRE","TypePrestataire":"Y","Adresse":{"LigneAdresse1":"1 place de la Mairie","LigneAdresse2":"","LigneAdresse3":"","CodePostal":"44320","Ville":"ST PERE EN RETZ","Cedex":"","Etat":"","Pays":"FRA"},"Email":"mairie@saintpereenretz.fr","Telephone":"02 40 21 70 29","TelephoneBureau":"","Portable":"","SiteWeb":"http:\/\/www.saintpereenretz.fr","Fax":"","Id":"y-mairiestpereenretz","Code":"Y|MAIRIESTPEREENRETZ","Fichier":{"Image":[{"url":"https:\/\/www.saint-brevin.com\/medias\/images\/prestataires\/mairie-saint-pere-en-retz-1548-2668.jpg","chemin":"..\/medias\/images\/prestataires\/mairie-saint-pere-en-retz-1548-2668.jpg","libelle":"mairie-saint-pere-en-retz-1548","extension":"jpg","categorie":"","largeur":600,"theme":"","hauteur":398,"type":"Image","origine":"","liaisonPave":"","langue":"","id":"2668","urlVignette":"https:\/\/www.saint-brevin.com\/medias\/images\/prestataires\/v-mairie-saint-pere-en-retz-1548-2668.jpg","alt":"mairie-saint-pere-en-retz-1548","title":"mairie-saint-pere-en-retz-1548","MultiTaille":{"1920x1440":{"url":"https:\/\/www.saint-brevin.com\/medias\/images\/prestataires\/multitailles\/1920x1440_mairie-saint-pere-en-retz-1548-2668.jpg"},"1200x900":{"url":"https:\/\/www.saint-brevin.com\/medias\/images\/prestataires\/multitailles\/1200x900_mairie-saint-pere-en-retz-1548-2668.jpg"},"800x600":{"url":"https:\/\/www.saint-brevin.com\/medias\/images\/prestataires\/multitailles\/800x600_mairie-saint-pere-en-retz-1548-2668.jpg"},"640x480":{"url":"https:\/\/www.saint-brevin.com\/medias\/images\/prestataires\/multitailles\/640x480_mairie-saint-pere-en-retz-1548-2668.jpg"},"320x240":{"url":"https:\/\/www.saint-brevin.com\/medias\/images\/prestataires\/multitailles\/320x240_mairie-saint-pere-en-retz-1548-2668.jpg"},"160x120":{"url":"https:\/\/www.saint-brevin.com\/medias\/images\/prestataires\/multitailles\/160x120_mairie-saint-pere-en-retz-1548-2668.jpg"},"origine":{"url":"https:\/\/www.saint-brevin.com\/medias\/images\/prestataires\/mairie-saint-pere-en-retz-1548-2668.jpg"}},"urlLien":"","typeLien":"","nofollow":"N","copyright":""}],"ByCategorie":{"":[{"url":"https:\/\/www.saint-brevin.com\/medias\/images\/prestataires\/mairie-saint-pere-en-retz-1548-2668.jpg","chemin":"..\/medias\/images\/prestataires\/mairie-saint-pere-en-retz-1548-2668.jpg","libelle":"mairie-saint-pere-en-retz-1548","extension":"jpg","categorie":"","largeur":600,"theme":"","hauteur":398,"type":"Image","origine":"","liaisonPave":"","langue":"","id":"2668","urlVignette":"https:\/\/www.saint-brevin.com\/medias\/images\/prestataires\/v-mairie-saint-pere-en-retz-1548-2668.jpg","alt":"mairie-saint-pere-en-retz-1548","title":"mairie-saint-pere-en-retz-1548","MultiTaille":{"1920x1440":{"url":"https:\/\/www.saint-brevin.com\/medias\/images\/prestataires\/multitailles\/1920x1440_mairie-saint-pere-en-retz-1548-2668.jpg"},"1200x900":{"url":"https:\/\/www.saint-brevin.com\/medias\/images\/prestataires\/multitailles\/1200x900_mairie-saint-pere-en-retz-1548-2668.jpg"},"800x600":{"url":"https:\/\/www.saint-brevin.com\/medias\/images\/prestataires\/multitailles\/800x600_mairie-saint-pere-en-retz-1548-2668.jpg"},"640x480":{"url":"https:\/\/www.saint-brevin.com\/medias\/images\/prestataires\/multitailles\/640x480_mairie-saint-pere-en-retz-1548-2668.jpg"},"320x240":{"url":"https:\/\/www.saint-brevin.com\/medias\/images\/prestataires\/multitailles\/320x240_mairie-saint-pere-en-retz-1548-2668.jpg"},"160x120":{"url":"https:\/\/www.saint-brevin.com\/medias\/images\/prestataires\/multitailles\/160x120_mairie-saint-pere-en-retz-1548-2668.jpg"},"origine":{"url":"https:\/\/www.saint-brevin.com\/medias\/images\/prestataires\/mairie-saint-pere-en-retz-1548-2668.jpg"}},"urlLien":"","typeLien":"","nofollow":"N","copyright":""}]}},"Url":"","Localisation":{"GoogleMap":{"Latitude":"47.20770","Longitude":"-2.04391"}},"ZoneGeo":"","Criteres":[],"DateFinPublication":"","AffichageCoordonnees":[]},"listeCriteres":{"LIEUMANIF":{"SAINTPERE":""},"TYPEDEPROGRAMMATION":{"ENFANTS":""},"CATEGORIEANIMATION":{"CONCER":""},"ICA":{"DS":"1h10","SA":"","PLAL":"","ICATP":"","SCAPD":"3","AGEMINIM":"3"},"ANIAH":{"ANIACC":"","ACCESPOUSSETTE":""},"YVEL":{"REWEB":""},"TYPE":{"VILLESTPEREENRETZ":""},"MISEAJOURINGENIE":{"DATEDERNIEREMAJ":"20250924"},"MISEAJOURPAR":{"ANNABELLE":""}},"dansCarnetVoyage":true,"Ouverture":[],"OuverturePasse":[]},"html":" \n \u003Cdiv id=\"CV-PRESTATION-Y-MAIRIESTPEREENRETZ-ZIKZAP\" data-contexte-id=\"PRESTATION|Y|MAIRIESTPEREENRETZ|ZIKZAP\" data-cle=\"Y|MAIRIESTPEREENRETZ|ZIKZAP\" class=\"fiche-liste\"\u003E\n    \n\n    \u003C!-- partie photo --\u003E\n    \u003Cdiv class=\"photo\"\u003E\t\t\t\t\t\t\t\t\t\t\t\t\t\t\t\t\t\t\t\t\t\n        \u003Cdiv class=\"cadre_photo_principale\"\u003E\t\t\n        \n            \t\t\t\t\t\n                    \u003Ca href=\"dist-retz-zik-zap.html?origine=carnet#media\"\u003E\n                        \u003Cimg class=\"photo_principale\" alt=\"25-10-29-zik-zap-2-28712\" src=\"https:\/\/www.saint-brevin.com\/medias\/images\/prestations\/multitailles\/320x240_25-10-29-zik-zap-2-28712.jpg\" itemprop=\"image\"\u003E\n                    \u003C\/a\u003E\t\t\t\t\t\t\n                \n                    \u003C\/div\u003E\t\t\t\t\t\t\t\t\t\t\t\t\t\t\t\t\t\t\t \t\t\n    \u003C\/div\u003E\n    \n    \u003C!-- partie nom prest --\u003E\n    \u003Cdiv class=\"nom\"\u003E\n        \u003Ch2\u003EDist'Retz : Zik Zap\u003C\/h2\u003E\n        \n            \u003C\/div\u003E\n\n         \n    \u003C!-- partie adresse --\u003E\n    \u003Cdiv class=\"adresse\"\u003E\n    \n          \n    \u003C\/div\u003E\n    \n    \u003C!-- partie liens --\u003E\n    \u003Cdiv class=\"liens\"\u003E\n            \u003Ca class=\"btn-icon btn-view \" title=\"Voir la fiche d\u00e9taill\u00e9e\" href=\"dist-retz-zik-zap.html?origine=carnet\"\u003E\u003C\/a\u003E\u003C!--\u003Ca class=\"btn-icon btn-view \" title=\"\" href=\"?origine=carnet#thaut\"\u003E\u003C\/a\u003E--\u003E\n      \u003Ca class=\"btn-icon btn-trash carnet_voyage_supprimer\" title=\"Supprimer cette fiche de mon carnet de voyage\" href=\"carnet-voyage?action=remove&fiche=Y|MAIRIESTPEREENRETZ|ZIKZAP\"\u003E\u003C\/a\u003E\n    \u003C\/div\u003E\n\n\u003C\/div\u003E\n\n","icon":"https:\/\/static.ingenie.fr\/images\/carnetVoyageV3\/Y.png"},"fiche":"Y|MAIRIESTPEREENRETZ|ZIKZAP","popup":"\u003Cdiv id=\"bloc_popup_ajout_fiche_carnet\"\u003E\n    \u003Cdiv class=\"info_popup_ajout_fiche_carnet\"\u003E\n        Vous venez d'ajouter cet \u00e9l\u00e9ment \u00e0 votre carnet de voyage :    \u003C\/div\u003E\n    \u003Cdiv class=\"prest_popup_ajout_fiche_carnet\"\u003E\n        Dist&#039;Retz : Zik Zap    \u003C\/div\u003E\n    \u003Cdiv class=\"bloc_btn_ajout_fiche_carnet form_submit_div\"\u003E\n        \u003Cinput type=\"button\" value=\"Continuer ma s\u00e9lection\" title=\"Continuer ma s\u00e9lection\" name=\"btn_close\" class=\"btn_close_popup_carnet form_submit\" onclick=\"$.colorbox.close()\" \/\u003E\n        \u003Cinput type=\"button\" value=\"Voir mon carnet de voyage\" title=\"Voir mon carnet\" name=\"btn_panier\" class=\"btn_panier_popup_carnet form_submit\" onclick=\"if(typeof CarnetVoyage != 'undefined') {CarnetVoyage.voirCarnet();}\" \/\u003E\n    \u003C\/div\u003E\n    \u003Cdiv class=\"bloc_btn_ajout_fiche_carnet\"\u003E\n        \u003Cinput type=\"checkbox\" value=\"1\" name=\"desactiver_popup\" id=\"desactiver_popup\" \/\u003E\n        \u003Clabel for=\"desactiver_popup\"\u003ENe plus afficher ce message\u003C\/label\u003E\n    \u003C\/div\u003E\n\u003C\/div\u003E","success":1}