{"nbFiches":1,"dataPrest":{"infoPrest":{"pave1":{"libelle":"Slogan","contenu":"","fichiers":[]},"pave2":{"libelle":"Descriptif","contenu":"DINO EXPO : UN &Eacute;V&Eacute;NEMENT CULTUREL ET FAMILIAL !\u003Cbr \/\u003E\r\nDino Expo vous invite &agrave; un v&eacute;ritable voyage &agrave; travers le temps, &agrave; la rencontre des cr&eacute;atures les plus fascinantes de l&rsquo;histoire de la Terre. L&rsquo;exposition pr&eacute;sente 17 dinosaures, repr&eacute;sentant 13 esp&egrave;ces diff&eacute;rentes, dont le c&eacute;l&egrave;bre Tyrannosaure, ainsi que le Brontosaure, le Pt&eacute;ranodon ou encore le Protoc&eacute;ratops. Con&ccedil;ue pour captiver petits et grands, Dino Expo allie richesse visuelle et rigueur scientifique et invite le visiteur &agrave; repenser certaines id&eacute;es re&ccedil;ues sur les dinosaures souvent influenc&eacute;es par le cin&eacute;ma. Chaque dinosaure est accompagn&eacute; d&rsquo;une signal&eacute;tique p&eacute;dagogique et ludique, permettant de comprendre l&rsquo;&eacute;volution de ces esp&egrave;ces &agrave; travers les diff&eacute;rentes p&eacute;riodes du M&eacute;sozo&iuml;que.\u003Cbr \/\u003E\r\nPour les enfants, un espace photo permet de prendre la pose sur deux adorables b&eacute;b&eacute;s dinosaures pour immortaliser leur visite !\u003Cbr \/\u003E\r\n\u003Cbr \/\u003E\r\nDino Expo est une cr&eacute;ation de Damien Gouvier, passionn&eacute; de dinosaures et habitant du Pays de Retz. Il a con&ccedil;u cette exposition &eacute;ph&eacute;m&egrave;re afin de la pr&eacute;senter dans les petites communes de la r&eacute;gion et ainsi partager sa passion avec le plus grand nombre. Elle sera prochainement export&eacute;e dans la r&eacute;gion nord du Portugal.","fichiers":[]},"pave3":{"libelle":"","contenu":""},"pave4":{"libelle":"","contenu":""},"pave5":{"libelle":"","contenu":""},"pave6":{"libelle":"","contenu":""},"pave7":{"libelle":"","contenu":""},"pave8":{"libelle":"","contenu":""},"pave9":{"libelle":"","contenu":""},"pave10":{"libelle":"","contenu":""},"pave11":{"libelle":"","contenu":""},"pave12":{"libelle":"","contenu":""},"pave13":{"libelle":"","contenu":""},"pave14":{"libelle":"","contenu":""},"pave15":{"libelle":"","contenu":""},"pave16":{"libelle":"","contenu":""},"pave17":{"libelle":"","contenu":""},"pave18":{"libelle":"","contenu":""},"pave19":{"libelle":"","contenu":""},"pave20":{"libelle":"","contenu":""},"pave21":{"libelle":"","contenu":""},"pave22":{"libelle":"","contenu":""},"pave23":{"libelle":"","contenu":""},"pave24":{"libelle":"","contenu":""},"pave25":{"libelle":"","contenu":""},"Libelle":"Exposition Les Dinosaures","Reference":"","Reftar":"","Type":"PRESTATION","TypePrestataire":"Y","ContexteStat":"PRESTATION-Y-MAIRIEFROSSAY-EXPODINO","DateModificationIso":"2026-08-31T10:10:00+02:00","Adresse":{"LigneAdresse1":"1 rue de Bel Air","LigneAdresse2":"","LigneAdresse3":"","CodePostal":"44320","Ville":"FROSSAY","Cedex":"","Etat":"","Pays":"FRA"},"Id":"y-mairiefrossay-expodino","Code":"Y|MAIRIEFROSSAY|EXPODINO","Cle":"Y|MAIRIEFROSSAY|EXPODINO","Url":"exposition-les-dinosaures.html","Localisation":{"GoogleMap":{"Latitude":"47.24437","Longitude":"-1.93274"}},"ZoneGeo":"","Criteres":{"LIEUMANIF[FROSSAY":"","CATEGORIEANIMATION[EXPO":"","THEME[HISTO":"","MODEPAIEMENT[GRATUIT":"","MODEPAIEMENT[ENTREELIBRE":"","MISEAJOURINGENIE[DATEDERNIEREMAJ":"20260831","MISEAJOURPAR[AMANDINE":""},"Prestataire":{"pave1":{"libelle":"Descriptif","contenu":""},"pave2":{"libelle":"","contenu":""},"pave3":{"libelle":"","contenu":""},"pave4":{"libelle":"","contenu":""},"pave5":{"libelle":"","contenu":""},"pave6":{"libelle":"","contenu":""},"pave7":{"libelle":"","contenu":""},"pave8":{"libelle":"","contenu":""},"pave9":{"libelle":"","contenu":""},"pave10":{"libelle":"","contenu":""},"pave11":{"libelle":"","contenu":""},"pave12":{"libelle":"","contenu":""},"pave13":{"libelle":"","contenu":""},"pave14":{"libelle":"","contenu":""},"pave15":{"libelle":"","contenu":""},"pave16":{"libelle":"","contenu":""},"pave17":{"libelle":"","contenu":""},"pave18":{"libelle":"","contenu":""},"pave19":{"libelle":"","contenu":""},"pave20":{"libelle":"","contenu":""},"pave21":{"libelle":"","contenu":""},"pave22":{"libelle":"","contenu":""},"pave23":{"libelle":"","contenu":""},"pave24":{"libelle":"","contenu":""},"pave25":{"libelle":"","contenu":""},"Libelle":"Mairie Frossay","Nom":"Mairie Frossay","Prenom":"","NomPrenom":"Mairie Frossay ","CiviliteNomPrenom":"Mairie Frossay ","Cle":"Y|MAIRIEFROSSAY","PrestataireParent":"","ContexteStat":"PRESTATAIRE-Y-MAIRIEFROSSAY","DateModificationIso":"2018-09-27T16:29:00+02:00","Type":"PRESTATAIRE","TypePrestataire":"Y","Adresse":{"LigneAdresse1":"4 rue du Capitaine Robert Martin","LigneAdresse2":"","LigneAdresse3":"","CodePostal":"44320","Ville":"FROSSAY","Cedex":"","Etat":"","Pays":"FRA"},"Email":"mairie@frossay.fr","Telephone":"02 40 39 72 72","TelephoneBureau":"","Portable":"","SiteWeb":"http:\/\/www.frossay.fr","Fax":"","Id":"y-mairiefrossay","Code":"Y|MAIRIEFROSSAY","Fichier":{"Image":[{"url":"https:\/\/www.saint-brevin.com\/medias\/images\/prestataires\/05mairie-frossay-stbrevin-ccse-1550-2666.jpg","chemin":"..\/medias\/images\/prestataires\/05mairie-frossay-stbrevin-ccse-1550-2666.jpg","libelle":"05mairie-frossay-stbrevin-ccse-1550","extension":"jpg","categorie":"","largeur":1142,"theme":"","hauteur":827,"type":"Image","origine":"","liaisonPave":"","langue":"","id":"2666","urlVignette":"https:\/\/www.saint-brevin.com\/medias\/images\/prestataires\/v-05mairie-frossay-stbrevin-ccse-1550-2666.jpg","alt":"05mairie-frossay-stbrevin-ccse-1550","title":"05mairie-frossay-stbrevin-ccse-1550","MultiTaille":{"1920x1440":{"url":"https:\/\/www.saint-brevin.com\/medias\/images\/prestataires\/multitailles\/1920x1440_05mairie-frossay-stbrevin-ccse-1550-2666.jpg"},"1200x900":{"url":"https:\/\/www.saint-brevin.com\/medias\/images\/prestataires\/multitailles\/1200x900_05mairie-frossay-stbrevin-ccse-1550-2666.jpg"},"800x600":{"url":"https:\/\/www.saint-brevin.com\/medias\/images\/prestataires\/multitailles\/800x600_05mairie-frossay-stbrevin-ccse-1550-2666.jpg"},"640x480":{"url":"https:\/\/www.saint-brevin.com\/medias\/images\/prestataires\/multitailles\/640x480_05mairie-frossay-stbrevin-ccse-1550-2666.jpg"},"320x240":{"url":"https:\/\/www.saint-brevin.com\/medias\/images\/prestataires\/multitailles\/320x240_05mairie-frossay-stbrevin-ccse-1550-2666.jpg"},"160x120":{"url":"https:\/\/www.saint-brevin.com\/medias\/images\/prestataires\/multitailles\/160x120_05mairie-frossay-stbrevin-ccse-1550-2666.jpg"},"origine":{"url":"https:\/\/www.saint-brevin.com\/medias\/images\/prestataires\/05mairie-frossay-stbrevin-ccse-1550-2666.jpg"}},"urlLien":"","typeLien":"","nofollow":"N","copyright":""}],"ByCategorie":{"":[{"url":"https:\/\/www.saint-brevin.com\/medias\/images\/prestataires\/05mairie-frossay-stbrevin-ccse-1550-2666.jpg","chemin":"..\/medias\/images\/prestataires\/05mairie-frossay-stbrevin-ccse-1550-2666.jpg","libelle":"05mairie-frossay-stbrevin-ccse-1550","extension":"jpg","categorie":"","largeur":1142,"theme":"","hauteur":827,"type":"Image","origine":"","liaisonPave":"","langue":"","id":"2666","urlVignette":"https:\/\/www.saint-brevin.com\/medias\/images\/prestataires\/v-05mairie-frossay-stbrevin-ccse-1550-2666.jpg","alt":"05mairie-frossay-stbrevin-ccse-1550","title":"05mairie-frossay-stbrevin-ccse-1550","MultiTaille":{"1920x1440":{"url":"https:\/\/www.saint-brevin.com\/medias\/images\/prestataires\/multitailles\/1920x1440_05mairie-frossay-stbrevin-ccse-1550-2666.jpg"},"1200x900":{"url":"https:\/\/www.saint-brevin.com\/medias\/images\/prestataires\/multitailles\/1200x900_05mairie-frossay-stbrevin-ccse-1550-2666.jpg"},"800x600":{"url":"https:\/\/www.saint-brevin.com\/medias\/images\/prestataires\/multitailles\/800x600_05mairie-frossay-stbrevin-ccse-1550-2666.jpg"},"640x480":{"url":"https:\/\/www.saint-brevin.com\/medias\/images\/prestataires\/multitailles\/640x480_05mairie-frossay-stbrevin-ccse-1550-2666.jpg"},"320x240":{"url":"https:\/\/www.saint-brevin.com\/medias\/images\/prestataires\/multitailles\/320x240_05mairie-frossay-stbrevin-ccse-1550-2666.jpg"},"160x120":{"url":"https:\/\/www.saint-brevin.com\/medias\/images\/prestataires\/multitailles\/160x120_05mairie-frossay-stbrevin-ccse-1550-2666.jpg"},"origine":{"url":"https:\/\/www.saint-brevin.com\/medias\/images\/prestataires\/05mairie-frossay-stbrevin-ccse-1550-2666.jpg"}},"urlLien":"","typeLien":"","nofollow":"N","copyright":""}]}},"Url":"","Localisation":{"GoogleMap":{"Latitude":"47.24480","Longitude":"-1.93330"}},"ZoneGeo":"","Criteres":[],"DateFinPublication":""},"Fichier":{"Image":[{"url":"https:\/\/www.saint-brevin.com\/medias\/images\/prestations\/capture-d-cran-2026-08-31-100744-32234.png","chemin":"..\/medias\/images\/prestations\/capture-d-cran-2026-08-31-100744-32234.png","libelle":"capture-d-cran-2026-08-31-100744-32234","extension":"png","categorie":"","largeur":502,"theme":"","hauteur":371,"type":"Image","origine":"","liaisonPave":"","langue":"","id":"32234","urlVignette":"https:\/\/www.saint-brevin.com\/medias\/images\/prestations\/v-capture-d-cran-2026-08-31-100744-32234.png","alt":"capture-d-cran-2026-08-31-100744-32234","title":"capture-d-cran-2026-08-31-100744-32234","MultiTaille":{"1920x1440":{"url":"https:\/\/www.saint-brevin.com\/medias\/images\/prestations\/multitailles\/1920x1440_capture-d-cran-2026-08-31-100744-32234.png"},"1200x900":{"url":"https:\/\/www.saint-brevin.com\/medias\/images\/prestations\/multitailles\/1200x900_capture-d-cran-2026-08-31-100744-32234.png"},"800x600":{"url":"https:\/\/www.saint-brevin.com\/medias\/images\/prestations\/multitailles\/800x600_capture-d-cran-2026-08-31-100744-32234.png"},"640x480":{"url":"https:\/\/www.saint-brevin.com\/medias\/images\/prestations\/multitailles\/640x480_capture-d-cran-2026-08-31-100744-32234.png"},"320x240":{"url":"https:\/\/www.saint-brevin.com\/medias\/images\/prestations\/multitailles\/320x240_capture-d-cran-2026-08-31-100744-32234.png"},"160x120":{"url":"https:\/\/www.saint-brevin.com\/medias\/images\/prestations\/multitailles\/160x120_capture-d-cran-2026-08-31-100744-32234.png"},"origine":{"url":"https:\/\/www.saint-brevin.com\/medias\/images\/prestations\/capture-d-cran-2026-08-31-100744-32234.png"}},"urlLien":"","typeLien":"","nofollow":"N","copyright":""},{"url":"https:\/\/www.saint-brevin.com\/medias\/images\/prestations\/capture-d-cran-2026-08-31-100917-32235.png","chemin":"..\/medias\/images\/prestations\/capture-d-cran-2026-08-31-100917-32235.png","libelle":"capture-d-cran-2026-08-31-100917-32235","extension":"png","categorie":"","largeur":497,"theme":"","hauteur":688,"type":"Image","origine":"","liaisonPave":"","langue":"","id":"32235","urlVignette":"https:\/\/www.saint-brevin.com\/medias\/images\/prestations\/v-capture-d-cran-2026-08-31-100917-32235.png","alt":"capture-d-cran-2026-08-31-100917-32235","title":"capture-d-cran-2026-08-31-100917-32235","MultiTaille":{"1920x1440":{"url":"https:\/\/www.saint-brevin.com\/medias\/images\/prestations\/multitailles\/1920x1440_capture-d-cran-2026-08-31-100917-32235.png"},"1200x900":{"url":"https:\/\/www.saint-brevin.com\/medias\/images\/prestations\/multitailles\/1200x900_capture-d-cran-2026-08-31-100917-32235.png"},"800x600":{"url":"https:\/\/www.saint-brevin.com\/medias\/images\/prestations\/multitailles\/800x600_capture-d-cran-2026-08-31-100917-32235.png"},"640x480":{"url":"https:\/\/www.saint-brevin.com\/medias\/images\/prestations\/multitailles\/640x480_capture-d-cran-2026-08-31-100917-32235.png"},"320x240":{"url":"https:\/\/www.saint-brevin.com\/medias\/images\/prestations\/multitailles\/320x240_capture-d-cran-2026-08-31-100917-32235.png"},"160x120":{"url":"https:\/\/www.saint-brevin.com\/medias\/images\/prestations\/multitailles\/160x120_capture-d-cran-2026-08-31-100917-32235.png"},"origine":{"url":"https:\/\/www.saint-brevin.com\/medias\/images\/prestations\/capture-d-cran-2026-08-31-100917-32235.png"}},"urlLien":"","typeLien":"","nofollow":"N","copyright":""},{"url":"https:\/\/www.saint-brevin.com\/medias\/images\/prestations\/capture-d-cran-2026-08-31-100950-32236.png","chemin":"..\/medias\/images\/prestations\/capture-d-cran-2026-08-31-100950-32236.png","libelle":"capture-d-cran-2026-08-31-100950-32236","extension":"png","categorie":"","largeur":501,"theme":"","hauteur":717,"type":"Image","origine":"","liaisonPave":"","langue":"","id":"32236","urlVignette":"https:\/\/www.saint-brevin.com\/medias\/images\/prestations\/v-capture-d-cran-2026-08-31-100950-32236.png","alt":"capture-d-cran-2026-08-31-100950-32236","title":"capture-d-cran-2026-08-31-100950-32236","MultiTaille":{"1920x1440":{"url":"https:\/\/www.saint-brevin.com\/medias\/images\/prestations\/multitailles\/1920x1440_capture-d-cran-2026-08-31-100950-32236.png"},"1200x900":{"url":"https:\/\/www.saint-brevin.com\/medias\/images\/prestations\/multitailles\/1200x900_capture-d-cran-2026-08-31-100950-32236.png"},"800x600":{"url":"https:\/\/www.saint-brevin.com\/medias\/images\/prestations\/multitailles\/800x600_capture-d-cran-2026-08-31-100950-32236.png"},"640x480":{"url":"https:\/\/www.saint-brevin.com\/medias\/images\/prestations\/multitailles\/640x480_capture-d-cran-2026-08-31-100950-32236.png"},"320x240":{"url":"https:\/\/www.saint-brevin.com\/medias\/images\/prestations\/multitailles\/320x240_capture-d-cran-2026-08-31-100950-32236.png"},"160x120":{"url":"https:\/\/www.saint-brevin.com\/medias\/images\/prestations\/multitailles\/160x120_capture-d-cran-2026-08-31-100950-32236.png"},"origine":{"url":"https:\/\/www.saint-brevin.com\/medias\/images\/prestations\/capture-d-cran-2026-08-31-100950-32236.png"}},"urlLien":"","typeLien":"","nofollow":"N","copyright":""}],"ByCategorie":{"":[{"url":"https:\/\/www.saint-brevin.com\/medias\/images\/prestations\/capture-d-cran-2026-08-31-100744-32234.png","chemin":"..\/medias\/images\/prestations\/capture-d-cran-2026-08-31-100744-32234.png","libelle":"capture-d-cran-2026-08-31-100744-32234","extension":"png","categorie":"","largeur":502,"theme":"","hauteur":371,"type":"Image","origine":"","liaisonPave":"","langue":"","id":"32234","urlVignette":"https:\/\/www.saint-brevin.com\/medias\/images\/prestations\/v-capture-d-cran-2026-08-31-100744-32234.png","alt":"capture-d-cran-2026-08-31-100744-32234","title":"capture-d-cran-2026-08-31-100744-32234","MultiTaille":{"1920x1440":{"url":"https:\/\/www.saint-brevin.com\/medias\/images\/prestations\/multitailles\/1920x1440_capture-d-cran-2026-08-31-100744-32234.png"},"1200x900":{"url":"https:\/\/www.saint-brevin.com\/medias\/images\/prestations\/multitailles\/1200x900_capture-d-cran-2026-08-31-100744-32234.png"},"800x600":{"url":"https:\/\/www.saint-brevin.com\/medias\/images\/prestations\/multitailles\/800x600_capture-d-cran-2026-08-31-100744-32234.png"},"640x480":{"url":"https:\/\/www.saint-brevin.com\/medias\/images\/prestations\/multitailles\/640x480_capture-d-cran-2026-08-31-100744-32234.png"},"320x240":{"url":"https:\/\/www.saint-brevin.com\/medias\/images\/prestations\/multitailles\/320x240_capture-d-cran-2026-08-31-100744-32234.png"},"160x120":{"url":"https:\/\/www.saint-brevin.com\/medias\/images\/prestations\/multitailles\/160x120_capture-d-cran-2026-08-31-100744-32234.png"},"origine":{"url":"https:\/\/www.saint-brevin.com\/medias\/images\/prestations\/capture-d-cran-2026-08-31-100744-32234.png"}},"urlLien":"","typeLien":"","nofollow":"N","copyright":""},{"url":"https:\/\/www.saint-brevin.com\/medias\/images\/prestations\/capture-d-cran-2026-08-31-100917-32235.png","chemin":"..\/medias\/images\/prestations\/capture-d-cran-2026-08-31-100917-32235.png","libelle":"capture-d-cran-2026-08-31-100917-32235","extension":"png","categorie":"","largeur":497,"theme":"","hauteur":688,"type":"Image","origine":"","liaisonPave":"","langue":"","id":"32235","urlVignette":"https:\/\/www.saint-brevin.com\/medias\/images\/prestations\/v-capture-d-cran-2026-08-31-100917-32235.png","alt":"capture-d-cran-2026-08-31-100917-32235","title":"capture-d-cran-2026-08-31-100917-32235","MultiTaille":{"1920x1440":{"url":"https:\/\/www.saint-brevin.com\/medias\/images\/prestations\/multitailles\/1920x1440_capture-d-cran-2026-08-31-100917-32235.png"},"1200x900":{"url":"https:\/\/www.saint-brevin.com\/medias\/images\/prestations\/multitailles\/1200x900_capture-d-cran-2026-08-31-100917-32235.png"},"800x600":{"url":"https:\/\/www.saint-brevin.com\/medias\/images\/prestations\/multitailles\/800x600_capture-d-cran-2026-08-31-100917-32235.png"},"640x480":{"url":"https:\/\/www.saint-brevin.com\/medias\/images\/prestations\/multitailles\/640x480_capture-d-cran-2026-08-31-100917-32235.png"},"320x240":{"url":"https:\/\/www.saint-brevin.com\/medias\/images\/prestations\/multitailles\/320x240_capture-d-cran-2026-08-31-100917-32235.png"},"160x120":{"url":"https:\/\/www.saint-brevin.com\/medias\/images\/prestations\/multitailles\/160x120_capture-d-cran-2026-08-31-100917-32235.png"},"origine":{"url":"https:\/\/www.saint-brevin.com\/medias\/images\/prestations\/capture-d-cran-2026-08-31-100917-32235.png"}},"urlLien":"","typeLien":"","nofollow":"N","copyright":""},{"url":"https:\/\/www.saint-brevin.com\/medias\/images\/prestations\/capture-d-cran-2026-08-31-100950-32236.png","chemin":"..\/medias\/images\/prestations\/capture-d-cran-2026-08-31-100950-32236.png","libelle":"capture-d-cran-2026-08-31-100950-32236","extension":"png","categorie":"","largeur":501,"theme":"","hauteur":717,"type":"Image","origine":"","liaisonPave":"","langue":"","id":"32236","urlVignette":"https:\/\/www.saint-brevin.com\/medias\/images\/prestations\/v-capture-d-cran-2026-08-31-100950-32236.png","alt":"capture-d-cran-2026-08-31-100950-32236","title":"capture-d-cran-2026-08-31-100950-32236","MultiTaille":{"1920x1440":{"url":"https:\/\/www.saint-brevin.com\/medias\/images\/prestations\/multitailles\/1920x1440_capture-d-cran-2026-08-31-100950-32236.png"},"1200x900":{"url":"https:\/\/www.saint-brevin.com\/medias\/images\/prestations\/multitailles\/1200x900_capture-d-cran-2026-08-31-100950-32236.png"},"800x600":{"url":"https:\/\/www.saint-brevin.com\/medias\/images\/prestations\/multitailles\/800x600_capture-d-cran-2026-08-31-100950-32236.png"},"640x480":{"url":"https:\/\/www.saint-brevin.com\/medias\/images\/prestations\/multitailles\/640x480_capture-d-cran-2026-08-31-100950-32236.png"},"320x240":{"url":"https:\/\/www.saint-brevin.com\/medias\/images\/prestations\/multitailles\/320x240_capture-d-cran-2026-08-31-100950-32236.png"},"160x120":{"url":"https:\/\/www.saint-brevin.com\/medias\/images\/prestations\/multitailles\/160x120_capture-d-cran-2026-08-31-100950-32236.png"},"origine":{"url":"https:\/\/www.saint-brevin.com\/medias\/images\/prestations\/capture-d-cran-2026-08-31-100950-32236.png"}},"urlLien":"","typeLien":"","nofollow":"N","copyright":""}]}},"DateDebPublication":"","DateFinPublication":"20260921","PrixAPartirDe":"","PrixPour":"","FicheListeEnCours":"fiche_liste_agenda_prestation_v2017","ParametresModele":{"AfficherPhotos":"1","NbPhotosMax":6,"AfficherReserver":0,"AfficherContact":0,"AfficherSalle":1,"AfficherZoneGeo":0,"AfficherEnSavoirPlus":"1","AfficherUneSeuleOuverture":"1","AfficherContactCarte":1,"AfficherTarifsChaudAPartirDe":0,"AfficherTarifChaudSansRecherche":0,"AfficherLiensCarnetVoyage":"1","AfficherOuverture":"1","BlocCritereInfo":{"critere1":{"libelle":""},"critere2":{"libelle":""},"critere3":{"libelle":""},"critere4":{"libelle":""},"critere5":{"libelle":""},"critere6":{"libelle":""},"critere7":{"libelle":"","liste_critere":["COMMUNES|Y"]},"critere8":{"libelle":""},"critere9":{"libelle":""},"afficherpictoetpaslibelle":"1"},"CriteresComportementResa":"|RESABILLET[RESAENLIGNE|","PositionBloc":"GALLERIE|NOM|OUVERTURES|CARNET_VOYAGE|URL|LIEN_RESERVER_DETAIL","TypePrestataire":"Y","ComportementResa":false,"ComportementDispo":false},"AffichageCoordonnees":[],"Coordonnees":{"Ville":"FROSSAY"},"ContexteId":"PRESTATION|Y|MAIRIEFROSSAY|EXPODINO","ContexteIdHtml":"PRESTATION-Y-MAIRIEFROSSAY-EXPODINO","cleContexte":"Y|MAIRIEFROSSAY|EXPODINO","Bloc":{"texte1":"","texte3":"","critere1":{"libelle":"","contenu":[]},"critere2":{"libelle":"","contenu":[]},"critere3":{"libelle":"","contenu":[]},"critere4":{"libelle":"","contenu":[]},"critere5":{"libelle":"","contenu":[]},"critere6":{"libelle":"","contenu":[]},"critere7":{"libelle":"","contenu":[]},"critere8":{"libelle":"","contenu":[]},"critere9":{"libelle":"","contenu":[]}},"LocalisationGps":{"Latitude":"47.24437","Longitude":"-1.93274"},"libelleDuPrestataire":"","vuePrestataire":{"pave1":{"libelle":"Descriptif","contenu":""},"pave2":{"libelle":"","contenu":""},"pave3":{"libelle":"","contenu":""},"pave4":{"libelle":"","contenu":""},"pave5":{"libelle":"","contenu":""},"pave6":{"libelle":"","contenu":""},"pave7":{"libelle":"","contenu":""},"pave8":{"libelle":"","contenu":""},"pave9":{"libelle":"","contenu":""},"pave10":{"libelle":"","contenu":""},"pave11":{"libelle":"","contenu":""},"pave12":{"libelle":"","contenu":""},"pave13":{"libelle":"","contenu":""},"pave14":{"libelle":"","contenu":""},"pave15":{"libelle":"","contenu":""},"pave16":{"libelle":"","contenu":""},"pave17":{"libelle":"","contenu":""},"pave18":{"libelle":"","contenu":""},"pave19":{"libelle":"","contenu":""},"pave20":{"libelle":"","contenu":""},"pave21":{"libelle":"","contenu":""},"pave22":{"libelle":"","contenu":""},"pave23":{"libelle":"","contenu":""},"pave24":{"libelle":"","contenu":""},"pave25":{"libelle":"","contenu":""},"Libelle":"Mairie Frossay","Nom":"Mairie Frossay","Prenom":"","NomPrenom":"Mairie Frossay ","CiviliteNomPrenom":"Mairie Frossay ","Cle":"Y|MAIRIEFROSSAY","PrestataireParent":"","ContexteStat":"PRESTATAIRE-Y-MAIRIEFROSSAY","DateModificationIso":"2018-09-27T16:29:00+02:00","Type":"PRESTATAIRE","TypePrestataire":"Y","Adresse":{"LigneAdresse1":"4 rue du Capitaine Robert Martin","LigneAdresse2":"","LigneAdresse3":"","CodePostal":"44320","Ville":"FROSSAY","Cedex":"","Etat":"","Pays":"FRA"},"Email":"mairie@frossay.fr","Telephone":"02 40 39 72 72","TelephoneBureau":"","Portable":"","SiteWeb":"http:\/\/www.frossay.fr","Fax":"","Id":"y-mairiefrossay","Code":"Y|MAIRIEFROSSAY","Fichier":{"Image":[{"url":"https:\/\/www.saint-brevin.com\/medias\/images\/prestataires\/05mairie-frossay-stbrevin-ccse-1550-2666.jpg","chemin":"..\/medias\/images\/prestataires\/05mairie-frossay-stbrevin-ccse-1550-2666.jpg","libelle":"05mairie-frossay-stbrevin-ccse-1550","extension":"jpg","categorie":"","largeur":1142,"theme":"","hauteur":827,"type":"Image","origine":"","liaisonPave":"","langue":"","id":"2666","urlVignette":"https:\/\/www.saint-brevin.com\/medias\/images\/prestataires\/v-05mairie-frossay-stbrevin-ccse-1550-2666.jpg","alt":"05mairie-frossay-stbrevin-ccse-1550","title":"05mairie-frossay-stbrevin-ccse-1550","MultiTaille":{"1920x1440":{"url":"https:\/\/www.saint-brevin.com\/medias\/images\/prestataires\/multitailles\/1920x1440_05mairie-frossay-stbrevin-ccse-1550-2666.jpg"},"1200x900":{"url":"https:\/\/www.saint-brevin.com\/medias\/images\/prestataires\/multitailles\/1200x900_05mairie-frossay-stbrevin-ccse-1550-2666.jpg"},"800x600":{"url":"https:\/\/www.saint-brevin.com\/medias\/images\/prestataires\/multitailles\/800x600_05mairie-frossay-stbrevin-ccse-1550-2666.jpg"},"640x480":{"url":"https:\/\/www.saint-brevin.com\/medias\/images\/prestataires\/multitailles\/640x480_05mairie-frossay-stbrevin-ccse-1550-2666.jpg"},"320x240":{"url":"https:\/\/www.saint-brevin.com\/medias\/images\/prestataires\/multitailles\/320x240_05mairie-frossay-stbrevin-ccse-1550-2666.jpg"},"160x120":{"url":"https:\/\/www.saint-brevin.com\/medias\/images\/prestataires\/multitailles\/160x120_05mairie-frossay-stbrevin-ccse-1550-2666.jpg"},"origine":{"url":"https:\/\/www.saint-brevin.com\/medias\/images\/prestataires\/05mairie-frossay-stbrevin-ccse-1550-2666.jpg"}},"urlLien":"","typeLien":"","nofollow":"N","copyright":""}],"ByCategorie":{"":[{"url":"https:\/\/www.saint-brevin.com\/medias\/images\/prestataires\/05mairie-frossay-stbrevin-ccse-1550-2666.jpg","chemin":"..\/medias\/images\/prestataires\/05mairie-frossay-stbrevin-ccse-1550-2666.jpg","libelle":"05mairie-frossay-stbrevin-ccse-1550","extension":"jpg","categorie":"","largeur":1142,"theme":"","hauteur":827,"type":"Image","origine":"","liaisonPave":"","langue":"","id":"2666","urlVignette":"https:\/\/www.saint-brevin.com\/medias\/images\/prestataires\/v-05mairie-frossay-stbrevin-ccse-1550-2666.jpg","alt":"05mairie-frossay-stbrevin-ccse-1550","title":"05mairie-frossay-stbrevin-ccse-1550","MultiTaille":{"1920x1440":{"url":"https:\/\/www.saint-brevin.com\/medias\/images\/prestataires\/multitailles\/1920x1440_05mairie-frossay-stbrevin-ccse-1550-2666.jpg"},"1200x900":{"url":"https:\/\/www.saint-brevin.com\/medias\/images\/prestataires\/multitailles\/1200x900_05mairie-frossay-stbrevin-ccse-1550-2666.jpg"},"800x600":{"url":"https:\/\/www.saint-brevin.com\/medias\/images\/prestataires\/multitailles\/800x600_05mairie-frossay-stbrevin-ccse-1550-2666.jpg"},"640x480":{"url":"https:\/\/www.saint-brevin.com\/medias\/images\/prestataires\/multitailles\/640x480_05mairie-frossay-stbrevin-ccse-1550-2666.jpg"},"320x240":{"url":"https:\/\/www.saint-brevin.com\/medias\/images\/prestataires\/multitailles\/320x240_05mairie-frossay-stbrevin-ccse-1550-2666.jpg"},"160x120":{"url":"https:\/\/www.saint-brevin.com\/medias\/images\/prestataires\/multitailles\/160x120_05mairie-frossay-stbrevin-ccse-1550-2666.jpg"},"origine":{"url":"https:\/\/www.saint-brevin.com\/medias\/images\/prestataires\/05mairie-frossay-stbrevin-ccse-1550-2666.jpg"}},"urlLien":"","typeLien":"","nofollow":"N","copyright":""}]}},"Url":"","Localisation":{"GoogleMap":{"Latitude":"47.24480","Longitude":"-1.93330"}},"ZoneGeo":"","Criteres":[],"DateFinPublication":"","AffichageCoordonnees":[]},"listeCriteres":{"LIEUMANIF":{"FROSSAY":""},"CATEGORIEANIMATION":{"EXPO":""},"THEME":{"HISTO":""},"MODEPAIEMENT":{"GRATUIT":"","ENTREELIBRE":""},"MISEAJOURINGENIE":{"DATEDERNIEREMAJ":"20260831"},"MISEAJOURPAR":{"AMANDINE":""}},"dansCarnetVoyage":true,"Ouverture":["\u003Cp class=\"date\" \u003EDimanche 20 septembre 2026\u003C\/p\u003E\u003Cp class=\"heure\" \u003Ede 10:00 \u00e0 12:00 et de 14:00 \u00e0 18:00\u003C\/p\u003E"],"OuverturePasse":[],"OuvertureObjs":[{}],"OuvertureTab":[["20260920","20260920"]]},"html":" \n \u003Cdiv id=\"CV-PRESTATION-Y-MAIRIEFROSSAY-EXPODINO\" data-contexte-id=\"PRESTATION|Y|MAIRIEFROSSAY|EXPODINO\" data-cle=\"Y|MAIRIEFROSSAY|EXPODINO\" class=\"fiche-liste\"\u003E\n    \n\n    \u003C!-- partie photo --\u003E\n    \u003Cdiv class=\"photo\"\u003E\t\t\t\t\t\t\t\t\t\t\t\t\t\t\t\t\t\t\t\t\t\n        \u003Cdiv class=\"cadre_photo_principale\"\u003E\t\t\n        \n            \t\t\t\t\t\n                    \u003Ca href=\"exposition-les-dinosaures.html?origine=carnet#media\"\u003E\n                        \u003Cimg class=\"photo_principale\" alt=\"capture-d-cran-2026-08-31-100744-32234\" src=\"https:\/\/www.saint-brevin.com\/medias\/images\/prestations\/multitailles\/320x240_capture-d-cran-2026-08-31-100744-32234.png\" itemprop=\"image\"\u003E\n                    \u003C\/a\u003E\t\t\t\t\t\t\n                \n                    \u003C\/div\u003E\t\t\t\t\t\t\t\t\t\t\t\t\t\t\t\t\t\t\t \t\t\n    \u003C\/div\u003E\n    \n    \u003C!-- partie nom prest --\u003E\n    \u003Cdiv class=\"nom\"\u003E\n        \u003Ch2\u003EExposition Les Dinosaures\u003C\/h2\u003E\n        \n            \u003C\/div\u003E\n\n     \u003Cul style=\"display: none\" class=\"ouverture_list\"\u003E\u003Cli class=\"ouverture_item\"\u003E\u003Cp class=\"date\" \u003EDimanche 20 septembre 2026\u003C\/p\u003E\u003Cp class=\"heure\" \u003Ede 10:00 \u00e0 12:00 et de 14:00 \u00e0 18:00\u003C\/p\u003E\u003C\/li\u003E\u003C\/ul\u003E    \n    \u003C!-- partie adresse --\u003E\n    \u003Cdiv class=\"adresse\"\u003E\n    \n          \n    \u003C\/div\u003E\n    \n    \u003C!-- partie liens --\u003E\n    \u003Cdiv class=\"liens\"\u003E\n            \u003Ca class=\"btn-icon btn-view \" title=\"Voir la fiche d\u00e9taill\u00e9e\" href=\"exposition-les-dinosaures.html?origine=carnet\"\u003E\u003C\/a\u003E\u003C!--\u003Ca class=\"btn-icon btn-view \" title=\"\" href=\"?origine=carnet#thaut\"\u003E\u003C\/a\u003E--\u003E\n      \u003Ca class=\"btn-icon btn-trash carnet_voyage_supprimer\" title=\"Supprimer cette fiche de mon carnet de voyage\" href=\"carnet-voyage?action=remove&fiche=Y|MAIRIEFROSSAY|EXPODINO\"\u003E\u003C\/a\u003E\n    \u003C\/div\u003E\n\n\u003C\/div\u003E\n\n","icon":"https:\/\/static.ingenie.fr\/images\/carnetVoyageV3\/Y.png"},"fiche":"Y|MAIRIEFROSSAY|EXPODINO","popup":"\u003Cdiv id=\"bloc_popup_ajout_fiche_carnet\"\u003E\n    \u003Cdiv class=\"info_popup_ajout_fiche_carnet\"\u003E\n        Vous venez d'ajouter cet \u00e9l\u00e9ment \u00e0 votre carnet de voyage :    \u003C\/div\u003E\n    \u003Cdiv class=\"prest_popup_ajout_fiche_carnet\"\u003E\n        Exposition Les Dinosaures    \u003C\/div\u003E\n    \u003Cdiv class=\"bloc_btn_ajout_fiche_carnet form_submit_div\"\u003E\n        \u003Cinput type=\"button\" value=\"Continuer ma s\u00e9lection\" title=\"Continuer ma s\u00e9lection\" name=\"btn_close\" class=\"btn_close_popup_carnet form_submit\" onclick=\"$.colorbox.close()\" \/\u003E\n        \u003Cinput type=\"button\" value=\"Voir mon carnet de voyage\" title=\"Voir mon carnet\" name=\"btn_panier\" class=\"btn_panier_popup_carnet form_submit\" onclick=\"if(typeof CarnetVoyage != 'undefined') {CarnetVoyage.voirCarnet();}\" \/\u003E\n    \u003C\/div\u003E\n    \u003Cdiv class=\"bloc_btn_ajout_fiche_carnet\"\u003E\n        \u003Cinput type=\"checkbox\" value=\"1\" name=\"desactiver_popup\" id=\"desactiver_popup\" \/\u003E\n        \u003Clabel for=\"desactiver_popup\"\u003ENe plus afficher ce message\u003C\/label\u003E\n    \u003C\/div\u003E\n\u003C\/div\u003E","success":1}