{"nbFiches":1,"dataPrest":{"infoPrest":{"pave1":{"libelle":"Slogan","contenu":"","fichiers":[]},"pave2":{"libelle":"Descriptif","contenu":"\u003Cp\u003EComme chaque ann&eacute;e, la ville de Corsept invite ses habitants &agrave; la c&eacute;r&eacute;monie de comm&eacute;moration du 8 mai 1945.\u003Cbr \/\u003E\r\n\u003Cbr \/\u003E\r\nAu programme :\u003Cbr \/\u003E\r\n9h30 : messe en l&#39;&eacute;glise Saint-Martin\u003Cbr \/\u003E\r\n10h : rassemblement des drapeaux, place de l&#39;&Eacute;glise\u003Cbr \/\u003E\r\n10h15 : discours et d&eacute;p&ocirc;t de gerbes au monument aux Morts.\u003Cbr \/\u003E\r\n\u003Cbr \/\u003E\r\nLa c&eacute;r&eacute;monie, ouverte &agrave; tous, est suivie d&#39;un vin d&#39;honneur &agrave; la salle du Conseil de la mairie.\u003Cbr \/\u003E\r\n\u003Cbr \/\u003E\r\nToutes les informations sont disponibles sur le site internet : \u003Ca href=\"https:\/\/www.corsept.fr\/\" target=\"_blank\"\u003Ewww.corsept.fr\u003C\/a\u003E\u003C\/p\u003E\r\n\u003Cbr \/\u003E\r\n&nbsp;","fichiers":[]},"pave3":{"libelle":"","contenu":""},"pave4":{"libelle":"","contenu":""},"pave5":{"libelle":"","contenu":""},"pave6":{"libelle":"","contenu":""},"pave7":{"libelle":"","contenu":""},"pave8":{"libelle":"","contenu":""},"pave9":{"libelle":"","contenu":""},"pave10":{"libelle":"","contenu":""},"pave11":{"libelle":"","contenu":""},"pave12":{"libelle":"","contenu":""},"pave13":{"libelle":"","contenu":""},"pave14":{"libelle":"","contenu":""},"pave15":{"libelle":"","contenu":""},"pave16":{"libelle":"","contenu":""},"pave17":{"libelle":"","contenu":""},"pave18":{"libelle":"","contenu":""},"pave19":{"libelle":"","contenu":""},"pave20":{"libelle":"","contenu":""},"pave21":{"libelle":"","contenu":""},"pave22":{"libelle":"","contenu":""},"pave23":{"libelle":"","contenu":""},"pave24":{"libelle":"","contenu":""},"pave25":{"libelle":"","contenu":""},"Libelle":"Comm\u00e9moration du 8 mai 1945","Reference":"","Reftar":"","Type":"PRESTATION","TypePrestataire":"Y","ContexteStat":"PRESTATION-Y-MAIRIECORSEPT-COMMEMORATIONDU8MAI1945","DateModificationIso":"2026-04-30T15:51:00+02:00","Adresse":{"LigneAdresse1":"Port de la Maison Verte","LigneAdresse2":"","LigneAdresse3":"","CodePostal":"44560","Ville":"CORSEPT","Cedex":"","Etat":"","Pays":"FRA"},"Id":"y-mairiecorsept-commemorationdu8mai1945","Code":"Y|MAIRIECORSEPT|COMMEMORATIONDU8MAI1945","Cle":"Y|MAIRIECORSEPT|COMMEMORATIONDU8MAI1945","Url":"commemoration-du-8-mai-1945.html","Localisation":{"GoogleMap":{"Latitude":"47.28028","Longitude":"-2.06274"}},"ZoneGeo":"","Criteres":{"ALAFFICHEACC[OUIALAFFICHE":"","LIEUMANIF[CORSEPT":"","CATEGORIEANIMATION[CONCER":"","CATEGORIEANIMATION[ARTIF":"","CATEGORIEANIMATION[SPORT":"","DETAILCONCERTSPECTACLE[BALPOPU":"","DETAILCONCERTSPECTACLE[MUSIQUEACTUELLEPOPRAP":"","DETAILCONCERTSPECTACLE[ROCKANDROLL":"","DETAILCONCERTSPECTACLE[SOULFUNK":"","DETAILANIMATIONSPORTIVE[COURSEAPIED":"","ICA[ICATP":"","ICA[BARSURPLACE":"","ICA[RESTAURATIONSURPLACE":"","MODEPAIEMENT[ENTREELIBRE":"","TYPE[VILLECORSEPT":"","MISEAJOURINGENIE[DATEDERNIEREMAJ":"20260219","MISEAJOURPAR[FABIENNE":""},"Prestataire":{"pave1":{"libelle":"Descriptif","contenu":""},"pave2":{"libelle":"","contenu":""},"pave3":{"libelle":"","contenu":""},"pave4":{"libelle":"","contenu":""},"pave5":{"libelle":"","contenu":""},"pave6":{"libelle":"","contenu":""},"pave7":{"libelle":"","contenu":""},"pave8":{"libelle":"","contenu":""},"pave9":{"libelle":"","contenu":""},"pave10":{"libelle":"","contenu":""},"pave11":{"libelle":"","contenu":""},"pave12":{"libelle":"","contenu":""},"pave13":{"libelle":"","contenu":""},"pave14":{"libelle":"","contenu":""},"pave15":{"libelle":"","contenu":""},"pave16":{"libelle":"","contenu":""},"pave17":{"libelle":"","contenu":""},"pave18":{"libelle":"","contenu":""},"pave19":{"libelle":"","contenu":""},"pave20":{"libelle":"","contenu":""},"pave21":{"libelle":"","contenu":""},"pave22":{"libelle":"","contenu":""},"pave23":{"libelle":"","contenu":""},"pave24":{"libelle":"","contenu":""},"pave25":{"libelle":"","contenu":""},"Libelle":"Mairie Corsept","Nom":"Mairie Corsept","Prenom":"","NomPrenom":"Mairie Corsept ","CiviliteNomPrenom":"Mairie Corsept ","Cle":"Y|MAIRIECORSEPT","PrestataireParent":"","ContexteStat":"PRESTATAIRE-Y-MAIRIECORSEPT","DateModificationIso":"2026-04-30T15:06:00+02:00","Type":"PRESTATAIRE","TypePrestataire":"Y","Adresse":{"LigneAdresse1":"6 rue de la Mairie","LigneAdresse2":"","LigneAdresse3":"","CodePostal":"44560","Ville":"CORSEPT","Cedex":"","Etat":"","Pays":"FRA"},"Email":"accueil@corsept.fr","Telephone":"02 40 27 51 96","TelephoneBureau":"","Portable":"","SiteWeb":"http:\/\/www.corsept.fr","Fax":"","Id":"y-mairiecorsept","Code":"Y|MAIRIECORSEPT","Fichier":{"Image":[{"url":"https:\/\/www.saint-brevin.com\/medias\/images\/prestataires\/mairie-corsept-ccse-1551-2665.jpg","chemin":"..\/medias\/images\/prestataires\/mairie-corsept-ccse-1551-2665.jpg","libelle":"mairie-corsept-ccse-1551","extension":"jpg","categorie":"","largeur":1142,"theme":"","hauteur":827,"type":"Image","origine":"","liaisonPave":"","langue":"","id":"2665","urlVignette":"https:\/\/www.saint-brevin.com\/medias\/images\/prestataires\/v-mairie-corsept-ccse-1551-2665.jpg","alt":"mairie-corsept-ccse-1551","title":"mairie-corsept-ccse-1551","MultiTaille":{"1920x1440":{"url":"https:\/\/www.saint-brevin.com\/medias\/images\/prestataires\/multitailles\/1920x1440_mairie-corsept-ccse-1551-2665.jpg"},"1200x900":{"url":"https:\/\/www.saint-brevin.com\/medias\/images\/prestataires\/multitailles\/1200x900_mairie-corsept-ccse-1551-2665.jpg"},"800x600":{"url":"https:\/\/www.saint-brevin.com\/medias\/images\/prestataires\/multitailles\/800x600_mairie-corsept-ccse-1551-2665.jpg"},"640x480":{"url":"https:\/\/www.saint-brevin.com\/medias\/images\/prestataires\/multitailles\/640x480_mairie-corsept-ccse-1551-2665.jpg"},"320x240":{"url":"https:\/\/www.saint-brevin.com\/medias\/images\/prestataires\/multitailles\/320x240_mairie-corsept-ccse-1551-2665.jpg"},"160x120":{"url":"https:\/\/www.saint-brevin.com\/medias\/images\/prestataires\/multitailles\/160x120_mairie-corsept-ccse-1551-2665.jpg"},"origine":{"url":"https:\/\/www.saint-brevin.com\/medias\/images\/prestataires\/mairie-corsept-ccse-1551-2665.jpg"}},"urlLien":"","typeLien":"","nofollow":"N","copyright":""}],"ByCategorie":{"":[{"url":"https:\/\/www.saint-brevin.com\/medias\/images\/prestataires\/mairie-corsept-ccse-1551-2665.jpg","chemin":"..\/medias\/images\/prestataires\/mairie-corsept-ccse-1551-2665.jpg","libelle":"mairie-corsept-ccse-1551","extension":"jpg","categorie":"","largeur":1142,"theme":"","hauteur":827,"type":"Image","origine":"","liaisonPave":"","langue":"","id":"2665","urlVignette":"https:\/\/www.saint-brevin.com\/medias\/images\/prestataires\/v-mairie-corsept-ccse-1551-2665.jpg","alt":"mairie-corsept-ccse-1551","title":"mairie-corsept-ccse-1551","MultiTaille":{"1920x1440":{"url":"https:\/\/www.saint-brevin.com\/medias\/images\/prestataires\/multitailles\/1920x1440_mairie-corsept-ccse-1551-2665.jpg"},"1200x900":{"url":"https:\/\/www.saint-brevin.com\/medias\/images\/prestataires\/multitailles\/1200x900_mairie-corsept-ccse-1551-2665.jpg"},"800x600":{"url":"https:\/\/www.saint-brevin.com\/medias\/images\/prestataires\/multitailles\/800x600_mairie-corsept-ccse-1551-2665.jpg"},"640x480":{"url":"https:\/\/www.saint-brevin.com\/medias\/images\/prestataires\/multitailles\/640x480_mairie-corsept-ccse-1551-2665.jpg"},"320x240":{"url":"https:\/\/www.saint-brevin.com\/medias\/images\/prestataires\/multitailles\/320x240_mairie-corsept-ccse-1551-2665.jpg"},"160x120":{"url":"https:\/\/www.saint-brevin.com\/medias\/images\/prestataires\/multitailles\/160x120_mairie-corsept-ccse-1551-2665.jpg"},"origine":{"url":"https:\/\/www.saint-brevin.com\/medias\/images\/prestataires\/mairie-corsept-ccse-1551-2665.jpg"}},"urlLien":"","typeLien":"","nofollow":"N","copyright":""}]}},"Url":"","Localisation":{"GoogleMap":{"Latitude":"47.27839","Longitude":"-2.05784"}},"ZoneGeo":"","Criteres":{"LIEU[CORSEPT":"","COMMUNES[CORSEPT":""},"DateFinPublication":""},"Fichier":{"Image":[{"url":"https:\/\/www.saint-brevin.com\/medias\/images\/prestations\/invitation-8-mai-30976.jpg","chemin":"..\/medias\/images\/prestations\/invitation-8-mai-30976.jpg","libelle":"invitation-8-mai-30976","extension":"jpg","categorie":"","largeur":940,"theme":"","hauteur":788,"type":"Image","origine":"","liaisonPave":"","langue":"","id":"30976","urlVignette":"https:\/\/www.saint-brevin.com\/medias\/images\/prestations\/v-invitation-8-mai-30976.jpg","alt":"invitation-8-mai-30976","title":"invitation-8-mai-30976","MultiTaille":{"1920x1440":{"url":"https:\/\/www.saint-brevin.com\/medias\/images\/prestations\/multitailles\/1920x1440_invitation-8-mai-30976.jpg"},"1200x900":{"url":"https:\/\/www.saint-brevin.com\/medias\/images\/prestations\/multitailles\/1200x900_invitation-8-mai-30976.jpg"},"800x600":{"url":"https:\/\/www.saint-brevin.com\/medias\/images\/prestations\/multitailles\/800x600_invitation-8-mai-30976.jpg"},"640x480":{"url":"https:\/\/www.saint-brevin.com\/medias\/images\/prestations\/multitailles\/640x480_invitation-8-mai-30976.jpg"},"320x240":{"url":"https:\/\/www.saint-brevin.com\/medias\/images\/prestations\/multitailles\/320x240_invitation-8-mai-30976.jpg"},"160x120":{"url":"https:\/\/www.saint-brevin.com\/medias\/images\/prestations\/multitailles\/160x120_invitation-8-mai-30976.jpg"},"origine":{"url":"https:\/\/www.saint-brevin.com\/medias\/images\/prestations\/invitation-8-mai-30976.jpg"}},"urlLien":"","typeLien":"","nofollow":"N","copyright":""}],"ByCategorie":{"":[{"url":"https:\/\/www.saint-brevin.com\/medias\/images\/prestations\/invitation-8-mai-30976.jpg","chemin":"..\/medias\/images\/prestations\/invitation-8-mai-30976.jpg","libelle":"invitation-8-mai-30976","extension":"jpg","categorie":"","largeur":940,"theme":"","hauteur":788,"type":"Image","origine":"","liaisonPave":"","langue":"","id":"30976","urlVignette":"https:\/\/www.saint-brevin.com\/medias\/images\/prestations\/v-invitation-8-mai-30976.jpg","alt":"invitation-8-mai-30976","title":"invitation-8-mai-30976","MultiTaille":{"1920x1440":{"url":"https:\/\/www.saint-brevin.com\/medias\/images\/prestations\/multitailles\/1920x1440_invitation-8-mai-30976.jpg"},"1200x900":{"url":"https:\/\/www.saint-brevin.com\/medias\/images\/prestations\/multitailles\/1200x900_invitation-8-mai-30976.jpg"},"800x600":{"url":"https:\/\/www.saint-brevin.com\/medias\/images\/prestations\/multitailles\/800x600_invitation-8-mai-30976.jpg"},"640x480":{"url":"https:\/\/www.saint-brevin.com\/medias\/images\/prestations\/multitailles\/640x480_invitation-8-mai-30976.jpg"},"320x240":{"url":"https:\/\/www.saint-brevin.com\/medias\/images\/prestations\/multitailles\/320x240_invitation-8-mai-30976.jpg"},"160x120":{"url":"https:\/\/www.saint-brevin.com\/medias\/images\/prestations\/multitailles\/160x120_invitation-8-mai-30976.jpg"},"origine":{"url":"https:\/\/www.saint-brevin.com\/medias\/images\/prestations\/invitation-8-mai-30976.jpg"}},"urlLien":"","typeLien":"","nofollow":"N","copyright":""}]}},"DateDebPublication":"","DateFinPublication":"20260705","PrixAPartirDe":"","PrixPour":"","FicheListeEnCours":"fiche_liste_agenda_prestation_v2017","ParametresModele":{"AfficherPhotos":"1","NbPhotosMax":6,"AfficherReserver":0,"AfficherContact":0,"AfficherSalle":1,"AfficherZoneGeo":0,"AfficherEnSavoirPlus":"1","AfficherUneSeuleOuverture":"1","AfficherContactCarte":1,"AfficherTarifsChaudAPartirDe":0,"AfficherTarifChaudSansRecherche":0,"AfficherLiensCarnetVoyage":"1","AfficherOuverture":"1","BlocCritereInfo":{"critere1":{"libelle":""},"critere2":{"libelle":""},"critere3":{"libelle":""},"critere4":{"libelle":""},"critere5":{"libelle":""},"critere6":{"libelle":""},"critere7":{"libelle":"","liste_critere":["COMMUNES|Y"]},"critere8":{"libelle":""},"critere9":{"libelle":""},"afficherpictoetpaslibelle":"1"},"CriteresComportementResa":"|RESABILLET[RESAENLIGNE|","PositionBloc":"GALLERIE|NOM|OUVERTURES|CARNET_VOYAGE|URL|LIEN_RESERVER_DETAIL","TypePrestataire":"Y","ComportementResa":false,"ComportementDispo":false},"AffichageCoordonnees":[],"Coordonnees":{"Ville":"CORSEPT"},"ContexteId":"PRESTATION|Y|MAIRIECORSEPT|COMMEMORATIONDU8MAI1945","ContexteIdHtml":"PRESTATION-Y-MAIRIECORSEPT-COMMEMORATIONDU8MAI1945","cleContexte":"Y|MAIRIECORSEPT|COMMEMORATIONDU8MAI1945","Bloc":{"texte1":"","texte3":"","critere1":{"libelle":"","contenu":[]},"critere2":{"libelle":"","contenu":[]},"critere3":{"libelle":"","contenu":[]},"critere4":{"libelle":"","contenu":[]},"critere5":{"libelle":"","contenu":[]},"critere6":{"libelle":"","contenu":[]},"critere7":{"libelle":"","contenu":{"COMMUNES":{"libelle":"COMMUNE","contenu":{"3":"Corsept"},"codesValeurs":{"3":"COMMUNES|CORSEPT|Y"},"criteres_datas":{"valeurs":{"3":{"CORSEPT":{"descriptif":""}}}}}}},"critere8":{"libelle":"","contenu":[]},"critere9":{"libelle":"","contenu":[]}},"LocalisationGps":{"Latitude":"47.28028","Longitude":"-2.06274"},"libelleDuPrestataire":"","vuePrestataire":{"pave1":{"libelle":"Descriptif","contenu":""},"pave2":{"libelle":"","contenu":""},"pave3":{"libelle":"","contenu":""},"pave4":{"libelle":"","contenu":""},"pave5":{"libelle":"","contenu":""},"pave6":{"libelle":"","contenu":""},"pave7":{"libelle":"","contenu":""},"pave8":{"libelle":"","contenu":""},"pave9":{"libelle":"","contenu":""},"pave10":{"libelle":"","contenu":""},"pave11":{"libelle":"","contenu":""},"pave12":{"libelle":"","contenu":""},"pave13":{"libelle":"","contenu":""},"pave14":{"libelle":"","contenu":""},"pave15":{"libelle":"","contenu":""},"pave16":{"libelle":"","contenu":""},"pave17":{"libelle":"","contenu":""},"pave18":{"libelle":"","contenu":""},"pave19":{"libelle":"","contenu":""},"pave20":{"libelle":"","contenu":""},"pave21":{"libelle":"","contenu":""},"pave22":{"libelle":"","contenu":""},"pave23":{"libelle":"","contenu":""},"pave24":{"libelle":"","contenu":""},"pave25":{"libelle":"","contenu":""},"Libelle":"Mairie Corsept","Nom":"Mairie Corsept","Prenom":"","NomPrenom":"Mairie Corsept ","CiviliteNomPrenom":"Mairie Corsept ","Cle":"Y|MAIRIECORSEPT","PrestataireParent":"","ContexteStat":"PRESTATAIRE-Y-MAIRIECORSEPT","DateModificationIso":"2026-04-30T15:06:00+02:00","Type":"PRESTATAIRE","TypePrestataire":"Y","Adresse":{"LigneAdresse1":"6 rue de la Mairie","LigneAdresse2":"","LigneAdresse3":"","CodePostal":"44560","Ville":"CORSEPT","Cedex":"","Etat":"","Pays":"FRA"},"Email":"accueil@corsept.fr","Telephone":"02 40 27 51 96","TelephoneBureau":"","Portable":"","SiteWeb":"http:\/\/www.corsept.fr","Fax":"","Id":"y-mairiecorsept","Code":"Y|MAIRIECORSEPT","Fichier":{"Image":[{"url":"https:\/\/www.saint-brevin.com\/medias\/images\/prestataires\/mairie-corsept-ccse-1551-2665.jpg","chemin":"..\/medias\/images\/prestataires\/mairie-corsept-ccse-1551-2665.jpg","libelle":"mairie-corsept-ccse-1551","extension":"jpg","categorie":"","largeur":1142,"theme":"","hauteur":827,"type":"Image","origine":"","liaisonPave":"","langue":"","id":"2665","urlVignette":"https:\/\/www.saint-brevin.com\/medias\/images\/prestataires\/v-mairie-corsept-ccse-1551-2665.jpg","alt":"mairie-corsept-ccse-1551","title":"mairie-corsept-ccse-1551","MultiTaille":{"1920x1440":{"url":"https:\/\/www.saint-brevin.com\/medias\/images\/prestataires\/multitailles\/1920x1440_mairie-corsept-ccse-1551-2665.jpg"},"1200x900":{"url":"https:\/\/www.saint-brevin.com\/medias\/images\/prestataires\/multitailles\/1200x900_mairie-corsept-ccse-1551-2665.jpg"},"800x600":{"url":"https:\/\/www.saint-brevin.com\/medias\/images\/prestataires\/multitailles\/800x600_mairie-corsept-ccse-1551-2665.jpg"},"640x480":{"url":"https:\/\/www.saint-brevin.com\/medias\/images\/prestataires\/multitailles\/640x480_mairie-corsept-ccse-1551-2665.jpg"},"320x240":{"url":"https:\/\/www.saint-brevin.com\/medias\/images\/prestataires\/multitailles\/320x240_mairie-corsept-ccse-1551-2665.jpg"},"160x120":{"url":"https:\/\/www.saint-brevin.com\/medias\/images\/prestataires\/multitailles\/160x120_mairie-corsept-ccse-1551-2665.jpg"},"origine":{"url":"https:\/\/www.saint-brevin.com\/medias\/images\/prestataires\/mairie-corsept-ccse-1551-2665.jpg"}},"urlLien":"","typeLien":"","nofollow":"N","copyright":""}],"ByCategorie":{"":[{"url":"https:\/\/www.saint-brevin.com\/medias\/images\/prestataires\/mairie-corsept-ccse-1551-2665.jpg","chemin":"..\/medias\/images\/prestataires\/mairie-corsept-ccse-1551-2665.jpg","libelle":"mairie-corsept-ccse-1551","extension":"jpg","categorie":"","largeur":1142,"theme":"","hauteur":827,"type":"Image","origine":"","liaisonPave":"","langue":"","id":"2665","urlVignette":"https:\/\/www.saint-brevin.com\/medias\/images\/prestataires\/v-mairie-corsept-ccse-1551-2665.jpg","alt":"mairie-corsept-ccse-1551","title":"mairie-corsept-ccse-1551","MultiTaille":{"1920x1440":{"url":"https:\/\/www.saint-brevin.com\/medias\/images\/prestataires\/multitailles\/1920x1440_mairie-corsept-ccse-1551-2665.jpg"},"1200x900":{"url":"https:\/\/www.saint-brevin.com\/medias\/images\/prestataires\/multitailles\/1200x900_mairie-corsept-ccse-1551-2665.jpg"},"800x600":{"url":"https:\/\/www.saint-brevin.com\/medias\/images\/prestataires\/multitailles\/800x600_mairie-corsept-ccse-1551-2665.jpg"},"640x480":{"url":"https:\/\/www.saint-brevin.com\/medias\/images\/prestataires\/multitailles\/640x480_mairie-corsept-ccse-1551-2665.jpg"},"320x240":{"url":"https:\/\/www.saint-brevin.com\/medias\/images\/prestataires\/multitailles\/320x240_mairie-corsept-ccse-1551-2665.jpg"},"160x120":{"url":"https:\/\/www.saint-brevin.com\/medias\/images\/prestataires\/multitailles\/160x120_mairie-corsept-ccse-1551-2665.jpg"},"origine":{"url":"https:\/\/www.saint-brevin.com\/medias\/images\/prestataires\/mairie-corsept-ccse-1551-2665.jpg"}},"urlLien":"","typeLien":"","nofollow":"N","copyright":""}]}},"Url":"","Localisation":{"GoogleMap":{"Latitude":"47.27839","Longitude":"-2.05784"}},"ZoneGeo":"","Criteres":{"LIEU[CORSEPT":"","COMMUNES[CORSEPT":""},"DateFinPublication":"","AffichageCoordonnees":[]},"listeCriteres":{"ALAFFICHEACC":{"OUIALAFFICHE":""},"LIEUMANIF":{"CORSEPT":""},"CATEGORIEANIMATION":{"CONCER":"","ARTIF":"","SPORT":""},"DETAILCONCERTSPECTACLE":{"BALPOPU":"","MUSIQUEACTUELLEPOPRAP":"","ROCKANDROLL":"","SOULFUNK":""},"DETAILANIMATIONSPORTIVE":{"COURSEAPIED":""},"ICA":{"ICATP":"","BARSURPLACE":"","RESTAURATIONSURPLACE":""},"MODEPAIEMENT":{"ENTREELIBRE":""},"TYPE":{"VILLECORSEPT":""},"MISEAJOURINGENIE":{"DATEDERNIEREMAJ":"20260219"},"MISEAJOURPAR":{"FABIENNE":""},"LIEU":{"CORSEPT":""},"COMMUNES":{"CORSEPT":""}},"dansCarnetVoyage":true,"Ouverture":["\u003Cp class=\"date\" \u003EVendredi 08 mai 2026\u003C\/p\u003E\u003Cp class=\"heure\" \u003E\u00e0 partir de 09:30\u003C\/p\u003E"],"OuverturePasse":[],"OuvertureObjs":[{}],"OuvertureTab":[["20260508","20260508"]]},"html":" \n \u003Cdiv id=\"CV-PRESTATION-Y-MAIRIECORSEPT-COMMEMORATIONDU8MAI1945\" data-contexte-id=\"PRESTATION|Y|MAIRIECORSEPT|COMMEMORATIONDU8MAI1945\" data-cle=\"Y|MAIRIECORSEPT|COMMEMORATIONDU8MAI1945\" class=\"fiche-liste\"\u003E\n    \n\n    \u003C!-- partie photo --\u003E\n    \u003Cdiv class=\"photo\"\u003E\t\t\t\t\t\t\t\t\t\t\t\t\t\t\t\t\t\t\t\t\t\n        \u003Cdiv class=\"cadre_photo_principale\"\u003E\t\t\n        \n            \t\t\t\t\t\n                    \u003Ca href=\"commemoration-du-8-mai-1945.html?origine=carnet#media\"\u003E\n                        \u003Cimg class=\"photo_principale\" alt=\"invitation-8-mai-30976\" src=\"https:\/\/www.saint-brevin.com\/medias\/images\/prestations\/multitailles\/320x240_invitation-8-mai-30976.jpg\" itemprop=\"image\"\u003E\n                    \u003C\/a\u003E\t\t\t\t\t\t\n                \n                    \u003C\/div\u003E\t\t\t\t\t\t\t\t\t\t\t\t\t\t\t\t\t\t\t \t\t\n    \u003C\/div\u003E\n    \n    \u003C!-- partie nom prest --\u003E\n    \u003Cdiv class=\"nom\"\u003E\n        \u003Ch2\u003EComm\u00e9moration du 8 mai 1945\u003C\/h2\u003E\n        \n            \u003C\/div\u003E\n\n     \u003Cul style=\"display: none\" class=\"ouverture_list\"\u003E\u003Cli class=\"ouverture_item\"\u003E\u003Cp class=\"date\" \u003EVendredi 08 mai 2026\u003C\/p\u003E\u003Cp class=\"heure\" \u003E\u00e0 partir de 09:30\u003C\/p\u003E\u003C\/li\u003E\u003C\/ul\u003E    \n    \u003C!-- partie adresse --\u003E\n    \u003Cdiv class=\"adresse\"\u003E\n    \n          \n    \u003C\/div\u003E\n    \n    \u003C!-- partie liens --\u003E\n    \u003Cdiv class=\"liens\"\u003E\n            \u003Ca class=\"btn-icon btn-view \" title=\"Voir la fiche d\u00e9taill\u00e9e\" href=\"commemoration-du-8-mai-1945.html?origine=carnet\"\u003E\u003C\/a\u003E\u003C!--\u003Ca class=\"btn-icon btn-view \" title=\"\" href=\"?origine=carnet#thaut\"\u003E\u003C\/a\u003E--\u003E\n      \u003Ca class=\"btn-icon btn-trash carnet_voyage_supprimer\" title=\"Supprimer cette fiche de mon carnet de voyage\" href=\"carnet-voyage?action=remove&fiche=Y|MAIRIECORSEPT|COMMEMORATIONDU8MAI1945\"\u003E\u003C\/a\u003E\n    \u003C\/div\u003E\n\n\u003C\/div\u003E\n\n","icon":"https:\/\/static.ingenie.fr\/images\/carnetVoyageV3\/Y.png"},"fiche":"Y|MAIRIECORSEPT|COMMEMORATIONDU8MAI1945","popup":"\u003Cdiv id=\"bloc_popup_ajout_fiche_carnet\"\u003E\n    \u003Cdiv class=\"info_popup_ajout_fiche_carnet\"\u003E\n        Vous venez d'ajouter cet \u00e9l\u00e9ment \u00e0 votre carnet de voyage :    \u003C\/div\u003E\n    \u003Cdiv class=\"prest_popup_ajout_fiche_carnet\"\u003E\n        Comm&eacute;moration du 8 mai 1945    \u003C\/div\u003E\n    \u003Cdiv class=\"bloc_btn_ajout_fiche_carnet form_submit_div\"\u003E\n        \u003Cinput type=\"button\" value=\"Continuer ma s\u00e9lection\" title=\"Continuer ma s\u00e9lection\" name=\"btn_close\" class=\"btn_close_popup_carnet form_submit\" onclick=\"$.colorbox.close()\" \/\u003E\n        \u003Cinput type=\"button\" value=\"Voir mon carnet de voyage\" title=\"Voir mon carnet\" name=\"btn_panier\" class=\"btn_panier_popup_carnet form_submit\" onclick=\"if(typeof CarnetVoyage != 'undefined') {CarnetVoyage.voirCarnet();}\" \/\u003E\n    \u003C\/div\u003E\n    \u003Cdiv class=\"bloc_btn_ajout_fiche_carnet\"\u003E\n        \u003Cinput type=\"checkbox\" value=\"1\" name=\"desactiver_popup\" id=\"desactiver_popup\" \/\u003E\n        \u003Clabel for=\"desactiver_popup\"\u003ENe plus afficher ce message\u003C\/label\u003E\n    \u003C\/div\u003E\n\u003C\/div\u003E","success":1}