{"nbFiches":1,"dataPrest":{"infoPrest":{"pave1":{"libelle":"Slogan","contenu":"","fichiers":[]},"pave2":{"libelle":"Descriptif","contenu":"Diffusion en diff&eacute;r&eacute; (du 15 f&eacute;vrier) de l&#39;op&eacute;ra jou&eacute; au Royal Op&eacute;ra House de Londres.\u003Cbr \/\u003E\r\n\u003Cbr \/\u003E\r\nAvec ses envol&eacute;es vocales, ses amoureux sournois et son barbier tr&egrave;s affair&eacute;, l&rsquo;op&eacute;ra-bouffe de Rossini est rempli de dr&ocirc;lerie et de malice.\u003Cbr \/\u003E\r\n\u003Cbr \/\u003E\r\nLorsque Rosine tombe amoureuse d&rsquo;un jeune soupirant myst&eacute;rieux appel&eacute; Lindoro, elle doit utiliser toute son&nbsp; ing&eacute;niosit&eacute;, avec&nbsp; l&rsquo;aide du barbier local, pour&nbsp; se&nbsp; montrer&nbsp; plus&nbsp; maligne&nbsp; que&nbsp; son&nbsp; tuteur&nbsp; rus&eacute;,&nbsp; le&nbsp; Dr Bartholo.\u003Cbr \/\u003E\r\nAttendez-vous &agrave; des s&eacute;r&eacute;nades &agrave; faire fondre le c&oelig;ur, &agrave; des d&eacute;guisements ridicules et &agrave; une fin de conte de&nbsp; f&eacute;es qui semblait hors de port&eacute;e.\u003Cbr \/\u003E\r\nDu c&eacute;l&egrave;bre morceau du barbier, &quot;Largo&nbsp; al&nbsp; factotum&quot;, avec son&nbsp; cri &quot;Figaro ! Figaro ! &quot;, jusqu&rsquo;&agrave; l&rsquo;aria enflamm&eacute;e de Rosine, &quot;Una voce poco fa&quot;, l&rsquo;op&eacute;ra-bouffe de Gioachino Rossini est un divertissement d&eacute;brid&eacute;.\u003Cbr \/\u003E\r\nRafael Payare fait ses d&eacute;buts au Royal Opera House en dirigeant un orchestre exceptionnel &agrave; la renomm&eacute;e internationale compos&eacute;, notamment, d&rsquo;Andrzej Filo\u0144czyk, Aigul Akhmetshina, Lawrence Brownlee etBryn Terfel.\u003Cbr \/\u003E\r\n&nbsp;\r\n\u003Cdiv style=\"text-align: center;\"\u003E\u003Ca href=\"https:\/\/www.ticketingcine.fr\/?NC=0161\" target=\"_blank\"\u003E\u003Cspan style=\"color:#008080;\"\u003E\u003Cstrong\u003E\u003Cspan style=\"font-size:20px;\"\u003EBilletterie ICI&gt;&gt;&gt;\u003C\/span\u003E\u003C\/strong\u003E\u003C\/span\u003E\u003C\/a\u003E\u003C\/div\u003E\r\n\u003Cbr \/\u003E\r\n\u003Cbr \/\u003E\r\n\u003Cstrong\u003ELe ch&oelig;ur du Royal Opera\u003C\/strong\u003E\u003Cbr \/\u003E\r\nL&rsquo;orchestre du Royal Opera House\u003Cbr \/\u003E\r\n&nbsp;\r\n\u003Csection\u003E\r\n\u003Cp\u003E\u003Cstrong\u003EMusique \u003C\/strong\u003E: Gioachino Rossini\u003Cbr \/\u003E\r\n\u003Cstrong\u003ELivret\u003C\/strong\u003E : Cesare Sterbini\u003Cbr \/\u003E\r\n\u003Cstrong\u003EMetteurs en sc&egrave;ne\u003C\/strong\u003E : Moshe Leiser et Patrice Caurier\u003Cbr \/\u003E\r\n\u003Cstrong\u003ED&eacute;corateur \u003C\/strong\u003E: Christian Fenouillat\u003Cbr \/\u003E\r\n\u003Cstrong\u003ECostumier\u003C\/strong\u003E : Agostino Cavalca\u003Cbr \/\u003E\r\n\u003Cstrong\u003EConcepteur-&eacute;clairagiste \u003C\/strong\u003E: Christophe Forey\u003Cbr \/\u003E\r\n\u003Cstrong\u003EChef d&rsquo;orchestre\u003C\/strong\u003E : Rafael Payare\u003Cbr \/\u003E\r\n\u003Cbr \/\u003E\r\n\u003Cstrong\u003ERosine\u003C\/strong\u003E : Aigul Akhmetshina\u003Cbr \/\u003E\r\n\u003Cstrong\u003EFigaro\u003C\/strong\u003E : Andrzej Filo\u0144czyk\u003Cbr \/\u003E\r\n\u003Cstrong\u003ELe comte Almaviva\u003C\/strong\u003E : Lawrence Brownlee\u003Cbr \/\u003E\r\n\u003Cstrong\u003EDon Basile \u003C\/strong\u003E: Bryn Terfel\u003Cbr \/\u003E\r\n\u003Cstrong\u003EDocteur Bartholo\u003C\/strong\u003E : Fabio Capitanucci\u003Cbr \/\u003E\r\n\u003Cstrong\u003EBerta\u003C\/strong\u003E : Ailish Tynan\u003Cbr \/\u003E\r\n\u003Cstrong\u003EFiorello\u003C\/strong\u003E : Josef Jeongmeen Ahn\u003Cbr \/\u003E\r\n\u003Cstrong\u003ECh&oelig;ur du Royal Opera Orchestre du Royal Opera House\u003C\/strong\u003E\u003C\/p\u003E\r\n\u003C\/section\u003E\r\n\r\n\u003Cdiv\u003E\r\n\u003Cdiv\u003E\r\n\u003Cdiv title=\"r\u00f4le\"\u003E\r\n\u003Cdiv\u003E\r\n\u003Cdiv font-size:=\"\" gotham=\"\" ssm=\"\"\u003E\r\n\u003Cdiv\u003E\r\n\u003Cdiv title=\"r\u00f4le\"\u003E\r\n\u003Cdiv\u003E\r\n\u003Cdiv\u003E\r\n\u003Cdiv\u003E\r\n\u003Cdiv\u003E&nbsp;\u003C\/div\u003E\r\n\u003C\/div\u003E\r\n\u003C\/div\u003E\r\n\u003C\/div\u003E\r\n\u003C\/div\u003E\r\n\u003C\/div\u003E\r\n\u003C\/div\u003E\r\n\u003C\/div\u003E\r\n\u003C\/div\u003E\r\n\u003C\/div\u003E\r\n\u003C\/div\u003E\r\n\u003Cbr \/\u003E\r\nLangue : Chant&eacute; en italien et sous-titr&eacute; fran&ccedil;ais\u003Cbr \/\u003E\r\nDur&eacute;e : 3h45 (y compris l&rsquo;entracte).","fichiers":[]},"pave3":{"libelle":"","contenu":""},"pave4":{"libelle":"","contenu":""},"pave5":{"libelle":"","contenu":""},"pave6":{"libelle":"","contenu":""},"pave7":{"libelle":"","contenu":""},"pave8":{"libelle":"","contenu":""},"pave9":{"libelle":"","contenu":""},"pave10":{"libelle":"","contenu":""},"pave11":{"libelle":"","contenu":""},"pave12":{"libelle":"","contenu":""},"pave13":{"libelle":"","contenu":""},"pave14":{"libelle":"","contenu":""},"pave15":{"libelle":"","contenu":""},"pave16":{"libelle":"","contenu":""},"pave17":{"libelle":"","contenu":""},"pave18":{"libelle":"","contenu":""},"pave19":{"libelle":"","contenu":""},"pave20":{"libelle":"","contenu":""},"pave21":{"libelle":"","contenu":""},"pave22":{"libelle":"","contenu":""},"pave23":{"libelle":"","contenu":""},"pave24":{"libelle":"","contenu":""},"pave25":{"libelle":"","contenu":""},"Libelle":"Op\u00e9ra : Le Barbier de S\u00e9ville","Reference":"","Reftar":"","Type":"PRESTATION","TypePrestataire":"Y","ContexteStat":"PRESTATION-Y-LOIPDL044V500448-OPERALEBARBIERDESVILLE","DateModificationIso":"2023-02-18T09:40:00+01:00","Adresse":{"LigneAdresse1":"Cin\u00e9jade","LigneAdresse2":"2 avenue des Fr\u00e8res Lumi\u00e8re","LigneAdresse3":"","CodePostal":"44250","Ville":"ST BREVIN LES PINS","Cedex":"","Etat":"","Pays":"FRA"},"Id":"y-loipdl044v500448-operalebarbierdesville","Code":"Y|LOIPDL044V500448|OPERALEBARBIERDESVILLE","Cle":"Y|LOIPDL044V500448|OPERALEBARBIERDESVILLE","Url":"opera-le-barbier-de-seville.html","Localisation":{"GoogleMap":{"Latitude":"47.23483","Longitude":"-2.15552"}},"ZoneGeo":"","Criteres":{"ALAFFICHEACC[OUIALAFFICHE":"","LIEUMANIF[SAINTBREVIN":"","TYPEDEPROGRAMMATION[RETRANSOPERA":"","CATEGORIEANIMATION[CINE":"","CATEGORIEANIMATION[CINEJADE":"","DETAILCONCERTSPECTACLE[OPERA":"","ICA[DS":"3h45","ICA[SA":"","ICA[PLAL":"","ICA[ICATP":"","ANIAH[ANIACC":"","GANIMA[GANIMNON":"","MODEPAIEMENT[LCBP":"","MODEPAIEMENT[LESPE":"","MODEPAIEMENT[LCB":"","MODEPAIEMENT[LANCV":"","YVEL[PLACE":"","YVEL[REWEB":"","MISEAJOURINGENIE[DATEDERNIEREMAJ":"20220818","MISEAJOURPAR[ANNABELLE":""},"Prestataire":{"pave1":{"libelle":"Descriptif","contenu":""},"pave2":{"libelle":"","contenu":""},"pave3":{"libelle":"","contenu":""},"pave4":{"libelle":"","contenu":""},"pave5":{"libelle":"","contenu":""},"pave6":{"libelle":"","contenu":""},"pave7":{"libelle":"","contenu":""},"pave8":{"libelle":"","contenu":""},"pave9":{"libelle":"","contenu":""},"pave10":{"libelle":"","contenu":""},"pave11":{"libelle":"","contenu":""},"pave12":{"libelle":"","contenu":""},"pave13":{"libelle":"","contenu":""},"pave14":{"libelle":"","contenu":""},"pave15":{"libelle":"","contenu":""},"pave16":{"libelle":"","contenu":""},"pave17":{"libelle":"","contenu":""},"pave18":{"libelle":"","contenu":""},"pave19":{"libelle":"","contenu":""},"pave20":{"libelle":"","contenu":""},"pave21":{"libelle":"","contenu":""},"pave22":{"libelle":"","contenu":""},"pave23":{"libelle":"","contenu":""},"pave24":{"libelle":"","contenu":""},"pave25":{"libelle":"","contenu":""},"ContactsParType":{"RESP":{"12":{"id_contact":"12","type_contact":"RESP","categorie_contact":"PRESTATAIRE","societe_contact":"","fonction_contact":"","civilite_nom_prenom_contact":"M Letort Rodolphe ","adresse1_contact":"Avenue des Fr\u00e8res Lumi\u00e8re","adresse2_contact":"","adresse3_contact":"","cpostal_contact":"44250","ville_contact":"ST BREVIN LES PINS","teldom_contact":"02 40 39 39 39","telbur_contact":"","fax_contact":"","portable_contact":"06 03 32 69 03","email_contact":"cinejade@tourisme-saint-brevin.fr","siteweb_contact":"","commentaire_contact":"","langue_contact":"","autre_moyen_com":[]}}},"Libelle":"Cin\u00e9jade","Nom":"Cin\u00e9jade","Prenom":"","NomPrenom":"Cin\u00e9jade ","CiviliteNomPrenom":"Cin\u00e9jade ","Cle":"Y|LOIPDL044V500448","PrestataireParent":"","ContexteStat":"PRESTATAIRE-Y-LOIPDL044V500448","DateModificationIso":"2024-02-12T18:01:00+01:00","Type":"PRESTATAIRE","TypePrestataire":"Y","Adresse":{"LigneAdresse1":"2 Avenue des Fr\u00e8res Lumi\u00e8re","LigneAdresse2":"","LigneAdresse3":"","CodePostal":"44250","Ville":"ST BREVIN LES PINS","Cedex":"","Etat":"","Pays":"FRA"},"Email":"ot@tourisme-saint-brevin.fr","Telephone":"02 40 39 39 39","TelephoneBureau":"","Portable":"","SiteWeb":"","Fax":"","Id":"y-loipdl044v500448","Code":"Y|LOIPDL044V500448","Fichier":[],"Url":"","Localisation":{"GoogleMap":{"Latitude":"47.23479","Longitude":"-2.15553"}},"ZoneGeo":"","Criteres":{"COMMUNES[SAINTBREVIN":"","INSPUBMAJ[GRATUITPRECISER":"Equipement SEM SEL","LDLTH[DHAACO":"","DLATH[DDA":"","THANDI[WC":"","THANDI[ACCESFAUT":"","MAJINGENIE[DATEDERNIEREMAJ":"20170914","MISEAJOUR[ANNABELLE":""},"DateFinPublication":""},"Fichier":{"Document":[{"url":"https:\/\/www.saint-brevin.com\/medias\/images\/prestations\/ballet-opera2022-2023-programme-16672-16682.pdf","chemin":"..\/medias\/images\/prestations\/ballet-opera2022-2023-programme-16672-16682.pdf","libelle":"ballet-opera2022-2023-programme-16672","extension":"pdf","categorie":"","largeur":"","theme":"","hauteur":"","type":"Document","origine":"","liaisonPave":"","langue":"","id":"16682","poids":"1.03 Mo","alt":"ballet-opera2022-2023-programme-16672","title":"ballet-opera2022-2023-programme-16672"}],"ByCategorie":{"":[{"url":"https:\/\/www.saint-brevin.com\/medias\/images\/prestations\/ballet-opera2022-2023-programme-16672-16682.pdf","chemin":"..\/medias\/images\/prestations\/ballet-opera2022-2023-programme-16672-16682.pdf","libelle":"ballet-opera2022-2023-programme-16672","extension":"pdf","categorie":"","largeur":"","theme":"","hauteur":"","type":"Document","origine":"","liaisonPave":"","langue":"","id":"16682","poids":"1.03 Mo","alt":"ballet-opera2022-2023-programme-16672","title":"ballet-opera2022-2023-programme-16672"},{"url":"https:\/\/www.saint-brevin.com\/medias\/images\/prestations\/le-barbier-de-s-ville-16683.jpg","chemin":"..\/medias\/images\/prestations\/le-barbier-de-s-ville-16683.jpg","libelle":"le-barbier-de-s-ville-16683","extension":"jpg","categorie":"","largeur":960,"theme":"","hauteur":640,"type":"Image","origine":"","liaisonPave":"","langue":"","id":"16683","urlVignette":"https:\/\/www.saint-brevin.com\/medias\/images\/prestations\/v-le-barbier-de-s-ville-16683.jpg","alt":"le-barbier-de-s-ville-16683","title":"le-barbier-de-s-ville-16683","MultiTaille":{"1920x1440":{"url":"https:\/\/www.saint-brevin.com\/medias\/images\/prestations\/multitailles\/1920x1440_le-barbier-de-s-ville-16683.jpg"},"1200x900":{"url":"https:\/\/www.saint-brevin.com\/medias\/images\/prestations\/multitailles\/1200x900_le-barbier-de-s-ville-16683.jpg"},"800x600":{"url":"https:\/\/www.saint-brevin.com\/medias\/images\/prestations\/multitailles\/800x600_le-barbier-de-s-ville-16683.jpg"},"640x480":{"url":"https:\/\/www.saint-brevin.com\/medias\/images\/prestations\/multitailles\/640x480_le-barbier-de-s-ville-16683.jpg"},"320x240":{"url":"https:\/\/www.saint-brevin.com\/medias\/images\/prestations\/multitailles\/320x240_le-barbier-de-s-ville-16683.jpg"},"160x120":{"url":"https:\/\/www.saint-brevin.com\/medias\/images\/prestations\/multitailles\/160x120_le-barbier-de-s-ville-16683.jpg"},"origine":{"url":"https:\/\/www.saint-brevin.com\/medias\/images\/prestations\/le-barbier-de-s-ville-16683.jpg"}},"urlLien":"","typeLien":"","nofollow":"N","copyright":""},{"url":"https:\/\/youtu.be\/8UPDV3YkN14","libelle":"Op\u00e9ra : Le Barbier de S\u00e9ville","categorie":"","largeur":"","theme":"","hauteur":"","type":"Video","origine":"YOUTUBE","liaisonPave":"","langue":"","id":"18038","htmlVideo":"\u003Ciframe src=\"https:\/\/www.youtube.com\/embed\/8UPDV3YkN14?wmode=opaque&rel=0&start=0\" width=\"\" height=\"\" style=\"border:0;\" allowfullscreen\u003E\u003C\/iframe\u003E","vignetteVideo":"\u003Cimg src=\"https:\/\/img.youtube.com\/vi\/8UPDV3YkN14\/0.jpg\" \/\u003E"}]},"Image":[{"url":"https:\/\/www.saint-brevin.com\/medias\/images\/prestations\/le-barbier-de-s-ville-16683.jpg","chemin":"..\/medias\/images\/prestations\/le-barbier-de-s-ville-16683.jpg","libelle":"le-barbier-de-s-ville-16683","extension":"jpg","categorie":"","largeur":960,"theme":"","hauteur":640,"type":"Image","origine":"","liaisonPave":"","langue":"","id":"16683","urlVignette":"https:\/\/www.saint-brevin.com\/medias\/images\/prestations\/v-le-barbier-de-s-ville-16683.jpg","alt":"le-barbier-de-s-ville-16683","title":"le-barbier-de-s-ville-16683","MultiTaille":{"1920x1440":{"url":"https:\/\/www.saint-brevin.com\/medias\/images\/prestations\/multitailles\/1920x1440_le-barbier-de-s-ville-16683.jpg"},"1200x900":{"url":"https:\/\/www.saint-brevin.com\/medias\/images\/prestations\/multitailles\/1200x900_le-barbier-de-s-ville-16683.jpg"},"800x600":{"url":"https:\/\/www.saint-brevin.com\/medias\/images\/prestations\/multitailles\/800x600_le-barbier-de-s-ville-16683.jpg"},"640x480":{"url":"https:\/\/www.saint-brevin.com\/medias\/images\/prestations\/multitailles\/640x480_le-barbier-de-s-ville-16683.jpg"},"320x240":{"url":"https:\/\/www.saint-brevin.com\/medias\/images\/prestations\/multitailles\/320x240_le-barbier-de-s-ville-16683.jpg"},"160x120":{"url":"https:\/\/www.saint-brevin.com\/medias\/images\/prestations\/multitailles\/160x120_le-barbier-de-s-ville-16683.jpg"},"origine":{"url":"https:\/\/www.saint-brevin.com\/medias\/images\/prestations\/le-barbier-de-s-ville-16683.jpg"}},"urlLien":"","typeLien":"","nofollow":"N","copyright":""}],"Video":[{"url":"https:\/\/youtu.be\/8UPDV3YkN14","libelle":"Op\u00e9ra : Le Barbier de S\u00e9ville","categorie":"","largeur":"","theme":"","hauteur":"","type":"Video","origine":"YOUTUBE","liaisonPave":"","langue":"","id":"18038","htmlVideo":"\u003Ciframe src=\"https:\/\/www.youtube.com\/embed\/8UPDV3YkN14?wmode=opaque&rel=0&start=0\" width=\"\" height=\"\" style=\"border:0;\" allowfullscreen\u003E\u003C\/iframe\u003E","vignetteVideo":"\u003Cimg src=\"https:\/\/img.youtube.com\/vi\/8UPDV3YkN14\/0.jpg\" \/\u003E"}]},"DateDebPublication":"","DateFinPublication":"","PrixAPartirDe":"","PrixPour":"","FicheListeEnCours":"fiche_liste_agenda_prestation_v2017","ParametresModele":{"AfficherPhotos":"1","NbPhotosMax":6,"AfficherReserver":0,"AfficherContact":0,"AfficherSalle":1,"AfficherZoneGeo":0,"AfficherEnSavoirPlus":"1","AfficherUneSeuleOuverture":"1","AfficherContactCarte":1,"AfficherTarifsChaudAPartirDe":0,"AfficherTarifChaudSansRecherche":0,"AfficherLiensCarnetVoyage":"1","AfficherOuverture":"1","BlocCritereInfo":{"critere1":{"libelle":""},"critere2":{"libelle":""},"critere3":{"libelle":""},"critere4":{"libelle":""},"critere5":{"libelle":""},"critere6":{"libelle":""},"critere7":{"libelle":"","liste_critere":["COMMUNES|Y"]},"critere8":{"libelle":""},"critere9":{"libelle":""},"afficherpictoetpaslibelle":"1"},"CriteresComportementResa":"|RESABILLET[RESAENLIGNE|","PositionBloc":"GALLERIE|NOM|OUVERTURES|CARNET_VOYAGE|URL|LIEN_RESERVER_DETAIL","TypePrestataire":"Y","ComportementResa":false,"ComportementDispo":false},"AffichageCoordonnees":[],"Coordonnees":{"Ville":"ST BREVIN LES PINS"},"ContexteId":"PRESTATION|Y|LOIPDL044V500448|OPERALEBARBIERDESVILLE","ContexteIdHtml":"PRESTATION-Y-LOIPDL044V500448-OPERALEBARBIERDESVILLE","cleContexte":"Y|LOIPDL044V500448|OPERALEBARBIERDESVILLE","Bloc":{"texte1":"","texte3":"","critere1":{"libelle":"","contenu":[]},"critere2":{"libelle":"","contenu":[]},"critere3":{"libelle":"","contenu":[]},"critere4":{"libelle":"","contenu":[]},"critere5":{"libelle":"","contenu":[]},"critere6":{"libelle":"","contenu":[]},"critere7":{"libelle":"","contenu":{"COMMUNES":{"libelle":"COMMUNE","contenu":{"1":"Saint-Brevin"},"codesValeurs":{"1":"COMMUNES|SAINTBREVIN|Y"},"criteres_datas":{"valeurs":{"1":{"SAINTBREVIN":{"descriptif":""}}}}}}},"critere8":{"libelle":"","contenu":[]},"critere9":{"libelle":"","contenu":[]}},"LocalisationGps":{"Latitude":"47.23483","Longitude":"-2.15552"},"libelleDuPrestataire":"","vuePrestataire":{"pave1":{"libelle":"Descriptif","contenu":""},"pave2":{"libelle":"","contenu":""},"pave3":{"libelle":"","contenu":""},"pave4":{"libelle":"","contenu":""},"pave5":{"libelle":"","contenu":""},"pave6":{"libelle":"","contenu":""},"pave7":{"libelle":"","contenu":""},"pave8":{"libelle":"","contenu":""},"pave9":{"libelle":"","contenu":""},"pave10":{"libelle":"","contenu":""},"pave11":{"libelle":"","contenu":""},"pave12":{"libelle":"","contenu":""},"pave13":{"libelle":"","contenu":""},"pave14":{"libelle":"","contenu":""},"pave15":{"libelle":"","contenu":""},"pave16":{"libelle":"","contenu":""},"pave17":{"libelle":"","contenu":""},"pave18":{"libelle":"","contenu":""},"pave19":{"libelle":"","contenu":""},"pave20":{"libelle":"","contenu":""},"pave21":{"libelle":"","contenu":""},"pave22":{"libelle":"","contenu":""},"pave23":{"libelle":"","contenu":""},"pave24":{"libelle":"","contenu":""},"pave25":{"libelle":"","contenu":""},"ContactsParType":{"RESP":{"12":{"id_contact":"12","type_contact":"RESP","categorie_contact":"PRESTATAIRE","societe_contact":"","fonction_contact":"","civilite_nom_prenom_contact":"M Letort Rodolphe ","adresse1_contact":"Avenue des Fr\u00e8res Lumi\u00e8re","adresse2_contact":"","adresse3_contact":"","cpostal_contact":"44250","ville_contact":"ST BREVIN LES PINS","teldom_contact":"02 40 39 39 39","telbur_contact":"","fax_contact":"","portable_contact":"06 03 32 69 03","email_contact":"cinejade@tourisme-saint-brevin.fr","siteweb_contact":"","commentaire_contact":"","langue_contact":"","autre_moyen_com":[]}}},"Libelle":"Cin\u00e9jade","Nom":"Cin\u00e9jade","Prenom":"","NomPrenom":"Cin\u00e9jade ","CiviliteNomPrenom":"Cin\u00e9jade ","Cle":"Y|LOIPDL044V500448","PrestataireParent":"","ContexteStat":"PRESTATAIRE-Y-LOIPDL044V500448","DateModificationIso":"2024-02-12T18:01:00+01:00","Type":"PRESTATAIRE","TypePrestataire":"Y","Adresse":{"LigneAdresse1":"2 Avenue des Fr\u00e8res Lumi\u00e8re","LigneAdresse2":"","LigneAdresse3":"","CodePostal":"44250","Ville":"ST BREVIN LES PINS","Cedex":"","Etat":"","Pays":"FRA"},"Email":"ot@tourisme-saint-brevin.fr","Telephone":"02 40 39 39 39","TelephoneBureau":"","Portable":"","SiteWeb":"","Fax":"","Id":"y-loipdl044v500448","Code":"Y|LOIPDL044V500448","Fichier":[],"Url":"","Localisation":{"GoogleMap":{"Latitude":"47.23479","Longitude":"-2.15553"}},"ZoneGeo":"","Criteres":{"COMMUNES[SAINTBREVIN":"","INSPUBMAJ[GRATUITPRECISER":"Equipement SEM SEL","LDLTH[DHAACO":"","DLATH[DDA":"","THANDI[WC":"","THANDI[ACCESFAUT":"","MAJINGENIE[DATEDERNIEREMAJ":"20170914","MISEAJOUR[ANNABELLE":""},"DateFinPublication":"","AffichageCoordonnees":[]},"listeCriteres":{"ALAFFICHEACC":{"OUIALAFFICHE":""},"LIEUMANIF":{"SAINTBREVIN":""},"TYPEDEPROGRAMMATION":{"RETRANSOPERA":""},"CATEGORIEANIMATION":{"CINE":"","CINEJADE":""},"DETAILCONCERTSPECTACLE":{"OPERA":""},"ICA":{"DS":"3h45","SA":"","PLAL":"","ICATP":""},"ANIAH":{"ANIACC":""},"GANIMA":{"GANIMNON":""},"MODEPAIEMENT":{"LCBP":"","LESPE":"","LCB":"","LANCV":""},"YVEL":{"PLACE":"","REWEB":""},"MISEAJOURINGENIE":{"DATEDERNIEREMAJ":"20220818"},"MISEAJOURPAR":{"ANNABELLE":""},"COMMUNES":{"SAINTBREVIN":""},"INSPUBMAJ":{"GRATUITPRECISER":"Equipement SEM SEL"},"LDLTH":{"DHAACO":""},"DLATH":{"DDA":""},"THANDI":{"WC":"","ACCESFAUT":""},"MAJINGENIE":{"DATEDERNIEREMAJ":"20170914"},"MISEAJOUR":{"ANNABELLE":""}},"dansCarnetVoyage":true,"Ouverture":[],"OuverturePasse":[]},"html":" \n \u003Cdiv id=\"CV-PRESTATION-Y-LOIPDL044V500448-OPERALEBARBIERDESVILLE\" data-contexte-id=\"PRESTATION|Y|LOIPDL044V500448|OPERALEBARBIERDESVILLE\" data-cle=\"Y|LOIPDL044V500448|OPERALEBARBIERDESVILLE\" class=\"fiche-liste\"\u003E\n    \n\n    \u003C!-- partie photo --\u003E\n    \u003Cdiv class=\"photo\"\u003E\t\t\t\t\t\t\t\t\t\t\t\t\t\t\t\t\t\t\t\t\t\n        \u003Cdiv class=\"cadre_photo_principale\"\u003E\t\t\n        \n            \t\t\t\t\t\n                    \u003Ca href=\"opera-le-barbier-de-seville.html?origine=carnet#media\"\u003E\n                        \u003Cimg class=\"photo_principale\" alt=\"le-barbier-de-s-ville-16683\" src=\"https:\/\/www.saint-brevin.com\/medias\/images\/prestations\/multitailles\/320x240_le-barbier-de-s-ville-16683.jpg\" itemprop=\"image\"\u003E\n                    \u003C\/a\u003E\t\t\t\t\t\t\n                \n                    \u003C\/div\u003E\t\t\t\t\t\t\t\t\t\t\t\t\t\t\t\t\t\t\t \t\t\n    \u003C\/div\u003E\n    \n    \u003C!-- partie nom prest --\u003E\n    \u003Cdiv class=\"nom\"\u003E\n        \u003Ch2\u003EOp\u00e9ra : Le Barbier de S\u00e9ville\u003C\/h2\u003E\n        \n            \u003C\/div\u003E\n\n         \n    \u003C!-- partie adresse --\u003E\n    \u003Cdiv class=\"adresse\"\u003E\n    \n          \n    \u003C\/div\u003E\n    \n    \u003C!-- partie liens --\u003E\n    \u003Cdiv class=\"liens\"\u003E\n            \u003Ca class=\"btn-icon btn-view \" title=\"Voir la fiche d\u00e9taill\u00e9e\" href=\"opera-le-barbier-de-seville.html?origine=carnet\"\u003E\u003C\/a\u003E\u003C!--\u003Ca class=\"btn-icon btn-view \" title=\"\" href=\"?origine=carnet#thaut\"\u003E\u003C\/a\u003E--\u003E\n      \u003Ca class=\"btn-icon btn-trash carnet_voyage_supprimer\" title=\"Supprimer cette fiche de mon carnet de voyage\" href=\"carnet-voyage?action=remove&fiche=Y|LOIPDL044V500448|OPERALEBARBIERDESVILLE\"\u003E\u003C\/a\u003E\n    \u003C\/div\u003E\n\n\u003C\/div\u003E\n\n","icon":"https:\/\/static.ingenie.fr\/images\/carnetVoyageV3\/Y.png"},"fiche":"Y|LOIPDL044V500448|OPERALEBARBIERDESVILLE","popup":"\u003Cdiv id=\"bloc_popup_ajout_fiche_carnet\"\u003E\n    \u003Cdiv class=\"info_popup_ajout_fiche_carnet\"\u003E\n        Vous venez d'ajouter cet \u00e9l\u00e9ment \u00e0 votre carnet de voyage :    \u003C\/div\u003E\n    \u003Cdiv class=\"prest_popup_ajout_fiche_carnet\"\u003E\n        Op&eacute;ra : Le Barbier de S&eacute;ville    \u003C\/div\u003E\n    \u003Cdiv class=\"bloc_btn_ajout_fiche_carnet form_submit_div\"\u003E\n        \u003Cinput type=\"button\" value=\"Continuer ma s\u00e9lection\" title=\"Continuer ma s\u00e9lection\" name=\"btn_close\" class=\"btn_close_popup_carnet form_submit\" onclick=\"$.colorbox.close()\" \/\u003E\n        \u003Cinput type=\"button\" value=\"Voir mon carnet de voyage\" title=\"Voir mon carnet\" name=\"btn_panier\" class=\"btn_panier_popup_carnet form_submit\" onclick=\"if(typeof CarnetVoyage != 'undefined') {CarnetVoyage.voirCarnet();}\" \/\u003E\n    \u003C\/div\u003E\n    \u003Cdiv class=\"bloc_btn_ajout_fiche_carnet\"\u003E\n        \u003Cinput type=\"checkbox\" value=\"1\" name=\"desactiver_popup\" id=\"desactiver_popup\" \/\u003E\n        \u003Clabel for=\"desactiver_popup\"\u003ENe plus afficher ce message\u003C\/label\u003E\n    \u003C\/div\u003E\n\u003C\/div\u003E","success":1}