{"nbFiches":1,"dataPrest":{"infoPrest":{"pave1":{"libelle":"Slogan","contenu":"","fichiers":[]},"pave2":{"libelle":"Descriptif","contenu":"Diffusion en direct de l&#39;op&eacute;ra jou&eacute; au Royal Op&eacute;ra House de Londres.\u003Cbr \/\u003E\r\n\u003Cbr \/\u003E\r\nL&#39;amour et le devoir se heurtent et les nations s&#39;affrontent dans le drame politique de Verdi, mettant en vedette Elena Stikhina et Angel Blue et dirig&eacute; par Antonio Pappano et Mark Elder.\u003Cbr \/\u003E\r\n\u003Cbr \/\u003E\r\nSynopsis\u003Cbr \/\u003E\r\nAdam&egrave;s (t&eacute;nor), capitaine de la garde &eacute;gyptienne, est &eacute;pris d&rsquo;A&iuml;da (soprano), l&rsquo;esclave de la princesse Amn&eacute;ris (mezzo-soprano). Amn&eacute;ris qui est, bien entendu, elle aussi amoureuse du jeune homme.\u003Cbr \/\u003E\r\nAlors qu&#39;ils se rapprochent, chacun doit faire un choix angoissant entre sa loyaut&eacute; envers son foyer et son amour l&#39;un pour l&#39;autre.\r\n\u003Cp\u003EDans cette nouvelle production, le r&eacute;alisateur Robert Carsen situe le drame politique &agrave; grande &eacute;chelle de Verdi dans un monde contemporain, encadrant ses luttes de pouvoir et ses jalousies toxiques dans l&#39;appareil d&#39;un &Eacute;tat moderne et totalitaire.&nbsp;\u003Cbr \/\u003E\r\nAntonio Pappano et Mark Elder dirigent la partition glorieuse et monumentale de Verdi.\u003C\/p\u003E\r\n&nbsp;\r\n\r\n\u003Cdiv style=\"text-align: center;\"\u003E\u003Ca href=\"https:\/\/www.ticketingcine.fr\/?NC=0161\" target=\"_blank\"\u003E\u003Cspan style=\"color:#008080;\"\u003E\u003Cstrong\u003E\u003Cspan style=\"font-size:20px;\"\u003EBilletterie ICI&gt;&gt;&gt;\u003C\/span\u003E\u003C\/strong\u003E\u003C\/span\u003E\u003C\/a\u003E\u003C\/div\u003E\r\n\u003Cbr \/\u003E\r\n\u003Cbr \/\u003E\r\n\u003Cstrong\u003ELe ch&oelig;ur du Royal Opera\u003C\/strong\u003E\u003Cbr \/\u003E\r\nL&rsquo;orchestre du Royal Opera House\r\n\u003Csection\u003E\r\n\u003Ch2\u003E\u003Cstrong style=\"font-size: 13px;\"\u003ECr&eacute;dits\u003C\/strong\u003E\u003C\/h2\u003E\r\n\u003C\/section\u003E\r\n\r\n\u003Cdiv\u003E\r\n\u003Cdiv\u003E\r\n\u003Cdiv title=\"r\u00f4le\"\u003E\r\n\u003Cdiv\u003E\r\n\u003Cdiv class=\"sc-175uz2x-6 DTZWb\" font-size:=\"\" gotham=\"\" ssm=\"\" style=\"box-sizing: border-box; color: rgb(0, 0, 0); font-family: \"\u003E\r\n\u003Cdiv class=\"sc-175uz2x-149 dVEGNF\" style=\"box-sizing: border-box; grid-area: role-person \/ role-person \/ role-person \/ role-person;\"\u003E\r\n\u003Cdiv class=\"sc-175uz2x-148 klezLE\" style=\"box-sizing: border-box; color: var(--base-color-darkgrey); overflow-wrap: break-word; margin-bottom: 4px;\" title=\"r\u00f4le\"\u003E\r\n\u003Cdiv class=\"sc-175uz2x-25 gwIuWJ\" style=\"box-sizing: border-box; font-family: var(--font-family-overline); font-feature-settings: var(--font-feature-settings-overline); font-size: var(--font-size-overline-1); font-weight: var(--font-weight-overline-1); letter-spacing: var(--letter-spacing-overline-1); line-height: var(--line-height-overline-1); text-transform: var(--text-transform-overline); word-break: var(--word-break-overline);\"\u003E\u003Cfont style=\"box-sizing: border-box; vertical-align: inherit;\"\u003EMUSIQUE :&nbsp;\u003C\/font\u003E\u003Ca class=\"sc-175uz2x-150 dPYAfy\" href=\"https:\/\/www.roh.org.uk\/people\/giuseppe-verdi\" style=\"color: var(--base-color-black); box-sizing: border-box;\"\u003E\u003Cfont style=\"box-sizing: border-box; vertical-align: inherit;\"\u003EGiuseppe Verdi\u003C\/font\u003E\u003C\/a\u003E\u003C\/div\u003E\r\n\u003C\/div\u003E\r\n\u003C\/div\u003E\r\n\u003C\/div\u003E\r\n\r\n\u003Cdiv class=\"sc-175uz2x-6 DTZWb\" font-size:=\"\" gotham=\"\" ssm=\"\" style=\"box-sizing: border-box; color: rgb(0, 0, 0); font-family: \"\u003E\r\n\u003Cdiv class=\"sc-175uz2x-149 dVEGNF\" style=\"box-sizing: border-box; grid-area: role-person \/ role-person \/ role-person \/ role-person;\"\u003E\r\n\u003Cdiv class=\"sc-175uz2x-148 klezLE\" style=\"box-sizing: border-box; color: var(--base-color-darkgrey); overflow-wrap: break-word; margin-bottom: 4px;\" title=\"r\u00f4le\"\u003E\r\n\u003Cdiv class=\"sc-175uz2x-25 gwIuWJ\" style=\"box-sizing: border-box; font-family: var(--font-family-overline); font-feature-settings: var(--font-feature-settings-overline); font-size: var(--font-size-overline-1); font-weight: var(--font-weight-overline-1); letter-spacing: var(--letter-spacing-overline-1); line-height: var(--line-height-overline-1); text-transform: var(--text-transform-overline); word-break: var(--word-break-overline);\"\u003E\u003Cfont style=\"box-sizing: border-box; vertical-align: inherit;\"\u003EDIRECTEUR :&nbsp;\u003C\/font\u003E\u003Ca class=\"sc-175uz2x-150 dPYAfy\" href=\"https:\/\/www.roh.org.uk\/people\/robert-carsen\" style=\"color: var(--base-color-black); box-sizing: border-box;\"\u003E\u003Cfont style=\"box-sizing: border-box; vertical-align: inherit;\"\u003ERobert Carsen\u003C\/font\u003E\u003C\/a\u003E\u003C\/div\u003E\r\n\u003C\/div\u003E\r\n\u003C\/div\u003E\r\n\u003C\/div\u003E\r\n\r\n\u003Cdiv class=\"sc-175uz2x-6 DTZWb\" font-size:=\"\" gotham=\"\" ssm=\"\" style=\"box-sizing: border-box; color: rgb(0, 0, 0); font-family: \"\u003E\r\n\u003Cdiv class=\"sc-175uz2x-149 dVEGNF\" style=\"box-sizing: border-box; grid-area: role-person \/ role-person \/ role-person \/ role-person;\"\u003E\r\n\u003Cdiv class=\"sc-175uz2x-148 klezLE\" style=\"box-sizing: border-box; color: var(--base-color-darkgrey); overflow-wrap: break-word; margin-bottom: 4px;\" title=\"r\u00f4le\"\u003E\r\n\u003Cdiv class=\"sc-175uz2x-25 gwIuWJ\" style=\"box-sizing: border-box; font-family: var(--font-family-overline); font-feature-settings: var(--font-feature-settings-overline); font-size: var(--font-size-overline-1); font-weight: var(--font-weight-overline-1); letter-spacing: var(--letter-spacing-overline-1); line-height: var(--line-height-overline-1); text-transform: var(--text-transform-overline); word-break: var(--word-break-overline);\"\u003E\u003Cfont style=\"box-sizing: border-box; vertical-align: inherit;\"\u003ESC&Eacute;NOGRAPHE&nbsp;&nbsp;\u003C\/font\u003E\u003Ca class=\"sc-175uz2x-150 dPYAfy\" href=\"https:\/\/www.roh.org.uk\/people\/miriam-buether\" style=\"color: var(--base-color-black); box-sizing: border-box;\"\u003E\u003Cfont style=\"box-sizing: border-box; vertical-align: inherit;\"\u003EMiriam Buether\u003C\/font\u003E\u003C\/a\u003E\u003C\/div\u003E\r\n\u003C\/div\u003E\r\n\u003C\/div\u003E\r\n\u003C\/div\u003E\r\n\r\n\u003Cdiv class=\"sc-175uz2x-6 DTZWb\" font-size:=\"\" gotham=\"\" ssm=\"\" style=\"box-sizing: border-box; color: rgb(0, 0, 0); font-family: \"\u003E\r\n\u003Cdiv class=\"sc-175uz2x-149 dVEGNF\" style=\"box-sizing: border-box; grid-area: role-person \/ role-person \/ role-person \/ role-person;\"\u003E\r\n\u003Cdiv class=\"sc-175uz2x-148 klezLE\" style=\"box-sizing: border-box; color: var(--base-color-darkgrey); overflow-wrap: break-word; margin-bottom: 4px;\" title=\"r\u00f4le\"\u003E\r\n\u003Cdiv class=\"sc-175uz2x-25 gwIuWJ\" style=\"box-sizing: border-box; font-family: var(--font-family-overline); font-feature-settings: var(--font-feature-settings-overline); font-size: var(--font-size-overline-1); font-weight: var(--font-weight-overline-1); letter-spacing: var(--letter-spacing-overline-1); line-height: var(--line-height-overline-1); text-transform: var(--text-transform-overline); word-break: var(--word-break-overline);\"\u003E\u003Cfont style=\"box-sizing: border-box; vertical-align: inherit;\"\u003ECOSTUMI&Egrave;RE :&nbsp;\u003C\/font\u003E\u003Cspan style=\"box-sizing: border-box;\"\u003EAnnemarie Woods\u003C\/span\u003E\u003C\/div\u003E\r\n\u003C\/div\u003E\r\n\u003C\/div\u003E\r\n\u003C\/div\u003E\r\n\r\n\u003Cdiv class=\"sc-175uz2x-6 DTZWb\" font-size:=\"\" gotham=\"\" ssm=\"\" style=\"box-sizing: border-box; color: rgb(0, 0, 0); font-family: \"\u003E\r\n\u003Cdiv class=\"sc-175uz2x-149 dVEGNF\" style=\"box-sizing: border-box; grid-area: role-person \/ role-person \/ role-person \/ role-person;\"\u003E\r\n\u003Cdiv class=\"sc-175uz2x-148 klezLE\" style=\"box-sizing: border-box; color: var(--base-color-darkgrey); overflow-wrap: break-word; margin-bottom: 4px;\" title=\"r\u00f4le\"\u003E\r\n\u003Cdiv class=\"sc-175uz2x-25 gwIuWJ\" style=\"box-sizing: border-box; font-family: var(--font-family-overline); font-feature-settings: var(--font-feature-settings-overline); font-size: var(--font-size-overline-1); font-weight: var(--font-weight-overline-1); letter-spacing: var(--letter-spacing-overline-1); line-height: var(--line-height-overline-1); text-transform: var(--text-transform-overline); word-break: var(--word-break-overline);\"\u003E\u003Cfont style=\"box-sizing: border-box; vertical-align: inherit;\"\u003EDESIGNER D&#39;ILLUMINATION :&nbsp;\u003C\/font\u003E\u003Ca class=\"sc-175uz2x-150 dPYAfy\" href=\"https:\/\/www.roh.org.uk\/people\/robert-carsen\" style=\"color: var(--base-color-black); box-sizing: border-box;\"\u003E\u003Cfont style=\"box-sizing: border-box; vertical-align: inherit;\"\u003ERobert Carsen&nbsp;\u003C\/font\u003E\u003C\/a\u003E\u003Cspan style=\"box-sizing: border-box;\"\u003Eet&nbsp;\u003C\/span\u003E\u003Ca class=\"sc-175uz2x-150 dPYAfy\" href=\"https:\/\/www.roh.org.uk\/people\/peter-van-praet\" style=\"color: var(--base-color-black); box-sizing: border-box;\"\u003E\u003Cfont style=\"box-sizing: border-box; vertical-align: inherit;\"\u003EPeter van Praet\u003C\/font\u003E\u003C\/a\u003E\u003C\/div\u003E\r\n\u003C\/div\u003E\r\n\u003C\/div\u003E\r\n\u003C\/div\u003E\r\n\r\n\u003Cdiv class=\"sc-175uz2x-6 DTZWb\" font-size:=\"\" gotham=\"\" ssm=\"\" style=\"box-sizing: border-box; color: rgb(0, 0, 0); font-family: \"\u003E\r\n\u003Cdiv class=\"sc-175uz2x-149 dVEGNF\" style=\"box-sizing: border-box; grid-area: role-person \/ role-person \/ role-person \/ role-person;\"\u003E\r\n\u003Cdiv class=\"sc-175uz2x-148 klezLE\" style=\"box-sizing: border-box; color: var(--base-color-darkgrey); overflow-wrap: break-word; margin-bottom: 4px;\" title=\"r\u00f4le\"\u003E\r\n\u003Cdiv class=\"sc-175uz2x-25 gwIuWJ\" style=\"box-sizing: border-box; font-family: var(--font-family-overline); font-feature-settings: var(--font-feature-settings-overline); font-size: var(--font-size-overline-1); font-weight: var(--font-weight-overline-1); letter-spacing: var(--letter-spacing-overline-1); line-height: var(--line-height-overline-1); text-transform: var(--text-transform-overline); word-break: var(--word-break-overline);\"\u003E\u003Cfont style=\"box-sizing: border-box; vertical-align: inherit;\"\u003ECONCEPTEUR VID&Eacute;O :&nbsp;\u003C\/font\u003E\u003Cspan style=\"box-sizing: border-box;\"\u003EDuncan Mc Lean\u003C\/span\u003E\u003C\/div\u003E\r\n\u003C\/div\u003E\r\n\u003C\/div\u003E\r\n\u003C\/div\u003E\r\n\r\n\u003Cdiv class=\"sc-175uz2x-6 DTZWb\" font-size:=\"\" gotham=\"\" ssm=\"\" style=\"box-sizing: border-box; color: rgb(0, 0, 0); font-family: \"\u003E\r\n\u003Cdiv class=\"sc-175uz2x-149 dVEGNF\" style=\"box-sizing: border-box; grid-area: role-person \/ role-person \/ role-person \/ role-person;\"\u003E\r\n\u003Cdiv class=\"sc-175uz2x-148 klezLE\" style=\"box-sizing: border-box; color: var(--base-color-darkgrey); overflow-wrap: break-word; margin-bottom: 4px;\" title=\"r\u00f4le\"\u003E\r\n\u003Cdiv class=\"sc-175uz2x-25 gwIuWJ\" style=\"box-sizing: border-box; font-family: var(--font-family-overline); font-feature-settings: var(--font-feature-settings-overline); font-size: var(--font-size-overline-1); font-weight: var(--font-weight-overline-1); letter-spacing: var(--letter-spacing-overline-1); line-height: var(--line-height-overline-1); text-transform: var(--text-transform-overline); word-break: var(--word-break-overline);\"\u003E\u003Cfont style=\"box-sizing: border-box; vertical-align: inherit;\"\u003ECHOR&Eacute;GRAPHE :&nbsp;\u003C\/font\u003E\u003Cspan style=\"box-sizing: border-box;\"\u003ERebecca Howel\u003C\/span\u003E\u003C\/div\u003E\r\n\u003C\/div\u003E\r\n\u003C\/div\u003E\r\n\u003C\/div\u003E\r\n\u003C\/div\u003E\r\n\u003C\/div\u003E\r\n\u003C\/div\u003E\r\n\u003C\/div\u003E\r\n\r\n\u003Cdiv\u003E\r\n\u003Cdiv\u003E\r\n\u003Cdiv title=\"r\u00f4le\"\u003E\r\n\u003Cdiv\u003E&nbsp;\u003C\/div\u003E\r\n\u003C\/div\u003E\r\n\u003C\/div\u003E\r\n\u003C\/div\u003E\r\n\u003Cbr \/\u003E\r\nChant&eacute; en italien avec sous-titres en anglais.","fichiers":[]},"pave3":{"libelle":"","contenu":""},"pave4":{"libelle":"","contenu":""},"pave5":{"libelle":"","contenu":""},"pave6":{"libelle":"","contenu":""},"pave7":{"libelle":"","contenu":""},"pave8":{"libelle":"","contenu":""},"pave9":{"libelle":"","contenu":""},"pave10":{"libelle":"","contenu":""},"pave11":{"libelle":"","contenu":""},"pave12":{"libelle":"","contenu":""},"pave13":{"libelle":"","contenu":""},"pave14":{"libelle":"","contenu":""},"pave15":{"libelle":"","contenu":""},"pave16":{"libelle":"","contenu":""},"pave17":{"libelle":"","contenu":""},"pave18":{"libelle":"","contenu":""},"pave19":{"libelle":"","contenu":""},"pave20":{"libelle":"","contenu":""},"pave21":{"libelle":"","contenu":""},"pave22":{"libelle":"","contenu":""},"pave23":{"libelle":"","contenu":""},"pave24":{"libelle":"","contenu":""},"pave25":{"libelle":"","contenu":""},"Libelle":"Op\u00e9ra : A\u00efda","Reference":"","Reftar":"","Type":"PRESTATION","TypePrestataire":"Y","ContexteStat":"PRESTATION-Y-LOIPDL044V500448-OPERAAIDA","DateModificationIso":"2022-09-28T13:47:00+02:00","Adresse":{"LigneAdresse1":"Cin\u00e9jade","LigneAdresse2":"2 avenue des Fr\u00e8res Lumi\u00e8re","LigneAdresse3":"","CodePostal":"44250","Ville":"ST BREVIN LES PINS","Cedex":"","Etat":"","Pays":"FRA"},"Id":"y-loipdl044v500448-operaaida","Code":"Y|LOIPDL044V500448|OPERAAIDA","Cle":"Y|LOIPDL044V500448|OPERAAIDA","Url":"opera-aida.html","Localisation":{"GoogleMap":{"Latitude":"47.23483","Longitude":"-2.15552"}},"ZoneGeo":"","Criteres":{"ALAFFICHEACC[OUIALAFFICHE":"","LIEUMANIF[SAINTBREVIN":"","TYPEDEPROGRAMMATION[RETRANSOPERA":"","CATEGORIEANIMATION[CINE":"","CATEGORIEANIMATION[CINEJADE":"","DETAILCONCERTSPECTACLE[OPERA":"","ICA[SA":"","ICA[PLAL":"","ICA[SAE":"","ICA[ICATP":"","ANIAH[ANIACC":"","GANIMA[GANIMNON":"","MODEPAIEMENT[LCBP":"","MODEPAIEMENT[LESPE":"","MODEPAIEMENT[LCB":"","MODEPAIEMENT[LANCV":"","YVEL[PLACE":"","YVEL[REWEB":"","MISEAJOURINGENIE[DATEDERNIEREMAJ":"20220818","MISEAJOURPAR[ANNABELLE":""},"Prestataire":{"pave1":{"libelle":"Descriptif","contenu":""},"pave2":{"libelle":"","contenu":""},"pave3":{"libelle":"","contenu":""},"pave4":{"libelle":"","contenu":""},"pave5":{"libelle":"","contenu":""},"pave6":{"libelle":"","contenu":""},"pave7":{"libelle":"","contenu":""},"pave8":{"libelle":"","contenu":""},"pave9":{"libelle":"","contenu":""},"pave10":{"libelle":"","contenu":""},"pave11":{"libelle":"","contenu":""},"pave12":{"libelle":"","contenu":""},"pave13":{"libelle":"","contenu":""},"pave14":{"libelle":"","contenu":""},"pave15":{"libelle":"","contenu":""},"pave16":{"libelle":"","contenu":""},"pave17":{"libelle":"","contenu":""},"pave18":{"libelle":"","contenu":""},"pave19":{"libelle":"","contenu":""},"pave20":{"libelle":"","contenu":""},"pave21":{"libelle":"","contenu":""},"pave22":{"libelle":"","contenu":""},"pave23":{"libelle":"","contenu":""},"pave24":{"libelle":"","contenu":""},"pave25":{"libelle":"","contenu":""},"ContactsParType":{"RESP":{"12":{"id_contact":"12","type_contact":"RESP","categorie_contact":"PRESTATAIRE","societe_contact":"","fonction_contact":"","civilite_nom_prenom_contact":"M Letort Rodolphe ","adresse1_contact":"Avenue des Fr\u00e8res Lumi\u00e8re","adresse2_contact":"","adresse3_contact":"","cpostal_contact":"44250","ville_contact":"ST BREVIN LES PINS","teldom_contact":"02 40 39 39 39","telbur_contact":"","fax_contact":"","portable_contact":"06 03 32 69 03","email_contact":"cinejade@tourisme-saint-brevin.fr","siteweb_contact":"","commentaire_contact":"","langue_contact":"","autre_moyen_com":[]}}},"Libelle":"Cin\u00e9jade","Nom":"Cin\u00e9jade","Prenom":"","NomPrenom":"Cin\u00e9jade ","CiviliteNomPrenom":"Cin\u00e9jade ","Cle":"Y|LOIPDL044V500448","PrestataireParent":"","ContexteStat":"PRESTATAIRE-Y-LOIPDL044V500448","DateModificationIso":"2024-02-12T18:01:00+01:00","Type":"PRESTATAIRE","TypePrestataire":"Y","Adresse":{"LigneAdresse1":"2 Avenue des Fr\u00e8res Lumi\u00e8re","LigneAdresse2":"","LigneAdresse3":"","CodePostal":"44250","Ville":"ST BREVIN LES PINS","Cedex":"","Etat":"","Pays":"FRA"},"Email":"ot@tourisme-saint-brevin.fr","Telephone":"02 40 39 39 39","TelephoneBureau":"","Portable":"","SiteWeb":"","Fax":"","Id":"y-loipdl044v500448","Code":"Y|LOIPDL044V500448","Fichier":[],"Url":"","Localisation":{"GoogleMap":{"Latitude":"47.23479","Longitude":"-2.15553"}},"ZoneGeo":"","Criteres":{"COMMUNES[SAINTBREVIN":"","INSPUBMAJ[GRATUITPRECISER":"Equipement SEM SEL","LDLTH[DHAACO":"","DLATH[DDA":"","THANDI[WC":"","THANDI[ACCESFAUT":"","MAJINGENIE[DATEDERNIEREMAJ":"20170914","MISEAJOUR[ANNABELLE":""},"DateFinPublication":""},"Fichier":{"Document":[{"url":"https:\/\/www.saint-brevin.com\/medias\/images\/prestations\/ballet-opera2022-2023-programme-16671.pdf","chemin":"..\/medias\/images\/prestations\/ballet-opera2022-2023-programme-16671.pdf","libelle":"ballet-opera2022-2023-programme-16671","extension":"pdf","categorie":"","largeur":"","theme":"","hauteur":"","type":"Document","origine":"","liaisonPave":"","langue":"","id":"16671","poids":"1.03 Mo","alt":"ballet-opera2022-2023-programme-16671","title":"ballet-opera2022-2023-programme-16671"}],"ByCategorie":{"":[{"url":"https:\/\/www.saint-brevin.com\/medias\/images\/prestations\/ballet-opera2022-2023-programme-16671.pdf","chemin":"..\/medias\/images\/prestations\/ballet-opera2022-2023-programme-16671.pdf","libelle":"ballet-opera2022-2023-programme-16671","extension":"pdf","categorie":"","largeur":"","theme":"","hauteur":"","type":"Document","origine":"","liaisonPave":"","langue":"","id":"16671","poids":"1.03 Mo","alt":"ballet-opera2022-2023-programme-16671","title":"ballet-opera2022-2023-programme-16671"},{"url":"https:\/\/youtu.be\/Cb4OM1-8tNc","libelle":"A\u00efda","categorie":"","largeur":"","theme":"","hauteur":"","type":"Video","origine":"YOUTUBE","liaisonPave":"","langue":"","id":"16870","htmlVideo":"\u003Ciframe src=\"https:\/\/www.youtube.com\/embed\/Cb4OM1-8tNc?wmode=opaque&rel=0&start=0\" width=\"\" height=\"\" style=\"border:0;\" allowfullscreen\u003E\u003C\/iframe\u003E","vignetteVideo":"\u003Cimg src=\"https:\/\/img.youtube.com\/vi\/Cb4OM1-8tNc\/0.jpg\" \/\u003E"},{"url":"https:\/\/www.saint-brevin.com\/medias\/images\/prestations\/aida-16364.jpg","chemin":"..\/medias\/images\/prestations\/aida-16364.jpg","libelle":"aida-16364","extension":"jpg","categorie":"","largeur":960,"theme":"","hauteur":640,"type":"Image","origine":"","liaisonPave":"","langue":"","id":"16364","urlVignette":"https:\/\/www.saint-brevin.com\/medias\/images\/prestations\/v-aida-16364.jpg","alt":"aida-16364","title":"aida-16364","MultiTaille":{"1920x1440":{"url":"https:\/\/www.saint-brevin.com\/medias\/images\/prestations\/multitailles\/1920x1440_aida-16364.jpg"},"1200x900":{"url":"https:\/\/www.saint-brevin.com\/medias\/images\/prestations\/multitailles\/1200x900_aida-16364.jpg"},"800x600":{"url":"https:\/\/www.saint-brevin.com\/medias\/images\/prestations\/multitailles\/800x600_aida-16364.jpg"},"640x480":{"url":"https:\/\/www.saint-brevin.com\/medias\/images\/prestations\/multitailles\/640x480_aida-16364.jpg"},"320x240":{"url":"https:\/\/www.saint-brevin.com\/medias\/images\/prestations\/multitailles\/320x240_aida-16364.jpg"},"160x120":{"url":"https:\/\/www.saint-brevin.com\/medias\/images\/prestations\/multitailles\/160x120_aida-16364.jpg"},"origine":{"url":"https:\/\/www.saint-brevin.com\/medias\/images\/prestations\/aida-16364.jpg"}},"urlLien":"","typeLien":"","nofollow":"N","copyright":""},{"url":"https:\/\/youtu.be\/Y7TR1LIXRFM","libelle":"Royal Opera House saison 2022-2023","categorie":"","largeur":"","theme":"","hauteur":"","type":"Video","origine":"YOUTUBE","liaisonPave":"","langue":"","id":"16365","htmlVideo":"\u003Ciframe src=\"https:\/\/www.youtube.com\/embed\/Y7TR1LIXRFM?wmode=opaque&rel=0&start=0\" width=\"\" height=\"\" style=\"border:0;\" allowfullscreen\u003E\u003C\/iframe\u003E","vignetteVideo":"\u003Cimg src=\"https:\/\/img.youtube.com\/vi\/Y7TR1LIXRFM\/0.jpg\" \/\u003E"}]},"Video":[{"url":"https:\/\/youtu.be\/Cb4OM1-8tNc","libelle":"A\u00efda","categorie":"","largeur":"","theme":"","hauteur":"","type":"Video","origine":"YOUTUBE","liaisonPave":"","langue":"","id":"16870","htmlVideo":"\u003Ciframe src=\"https:\/\/www.youtube.com\/embed\/Cb4OM1-8tNc?wmode=opaque&rel=0&start=0\" width=\"\" height=\"\" style=\"border:0;\" allowfullscreen\u003E\u003C\/iframe\u003E","vignetteVideo":"\u003Cimg src=\"https:\/\/img.youtube.com\/vi\/Cb4OM1-8tNc\/0.jpg\" \/\u003E"},{"url":"https:\/\/youtu.be\/Y7TR1LIXRFM","libelle":"Royal Opera House saison 2022-2023","categorie":"","largeur":"","theme":"","hauteur":"","type":"Video","origine":"YOUTUBE","liaisonPave":"","langue":"","id":"16365","htmlVideo":"\u003Ciframe src=\"https:\/\/www.youtube.com\/embed\/Y7TR1LIXRFM?wmode=opaque&rel=0&start=0\" width=\"\" height=\"\" style=\"border:0;\" allowfullscreen\u003E\u003C\/iframe\u003E","vignetteVideo":"\u003Cimg src=\"https:\/\/img.youtube.com\/vi\/Y7TR1LIXRFM\/0.jpg\" \/\u003E"}],"Image":[{"url":"https:\/\/www.saint-brevin.com\/medias\/images\/prestations\/aida-16364.jpg","chemin":"..\/medias\/images\/prestations\/aida-16364.jpg","libelle":"aida-16364","extension":"jpg","categorie":"","largeur":960,"theme":"","hauteur":640,"type":"Image","origine":"","liaisonPave":"","langue":"","id":"16364","urlVignette":"https:\/\/www.saint-brevin.com\/medias\/images\/prestations\/v-aida-16364.jpg","alt":"aida-16364","title":"aida-16364","MultiTaille":{"1920x1440":{"url":"https:\/\/www.saint-brevin.com\/medias\/images\/prestations\/multitailles\/1920x1440_aida-16364.jpg"},"1200x900":{"url":"https:\/\/www.saint-brevin.com\/medias\/images\/prestations\/multitailles\/1200x900_aida-16364.jpg"},"800x600":{"url":"https:\/\/www.saint-brevin.com\/medias\/images\/prestations\/multitailles\/800x600_aida-16364.jpg"},"640x480":{"url":"https:\/\/www.saint-brevin.com\/medias\/images\/prestations\/multitailles\/640x480_aida-16364.jpg"},"320x240":{"url":"https:\/\/www.saint-brevin.com\/medias\/images\/prestations\/multitailles\/320x240_aida-16364.jpg"},"160x120":{"url":"https:\/\/www.saint-brevin.com\/medias\/images\/prestations\/multitailles\/160x120_aida-16364.jpg"},"origine":{"url":"https:\/\/www.saint-brevin.com\/medias\/images\/prestations\/aida-16364.jpg"}},"urlLien":"","typeLien":"","nofollow":"N","copyright":""}]},"DateDebPublication":"","DateFinPublication":"","PrixAPartirDe":"","PrixPour":"","FicheListeEnCours":"fiche_liste_agenda_prestation_v2017","ParametresModele":{"AfficherPhotos":"1","NbPhotosMax":6,"AfficherReserver":0,"AfficherContact":0,"AfficherSalle":1,"AfficherZoneGeo":0,"AfficherEnSavoirPlus":"1","AfficherUneSeuleOuverture":"1","AfficherContactCarte":1,"AfficherTarifsChaudAPartirDe":0,"AfficherTarifChaudSansRecherche":0,"AfficherLiensCarnetVoyage":"1","AfficherOuverture":"1","BlocCritereInfo":{"critere1":{"libelle":""},"critere2":{"libelle":""},"critere3":{"libelle":""},"critere4":{"libelle":""},"critere5":{"libelle":""},"critere6":{"libelle":""},"critere7":{"libelle":"","liste_critere":["COMMUNES|Y"]},"critere8":{"libelle":""},"critere9":{"libelle":""},"afficherpictoetpaslibelle":"1"},"CriteresComportementResa":"|RESABILLET[RESAENLIGNE|","PositionBloc":"GALLERIE|NOM|OUVERTURES|CARNET_VOYAGE|URL|LIEN_RESERVER_DETAIL","TypePrestataire":"Y","ComportementResa":false,"ComportementDispo":false},"AffichageCoordonnees":[],"Coordonnees":{"Ville":"ST BREVIN LES PINS"},"ContexteId":"PRESTATION|Y|LOIPDL044V500448|OPERAAIDA","ContexteIdHtml":"PRESTATION-Y-LOIPDL044V500448-OPERAAIDA","cleContexte":"Y|LOIPDL044V500448|OPERAAIDA","Bloc":{"texte1":"","texte3":"","critere1":{"libelle":"","contenu":[]},"critere2":{"libelle":"","contenu":[]},"critere3":{"libelle":"","contenu":[]},"critere4":{"libelle":"","contenu":[]},"critere5":{"libelle":"","contenu":[]},"critere6":{"libelle":"","contenu":[]},"critere7":{"libelle":"","contenu":{"COMMUNES":{"libelle":"COMMUNE","contenu":{"1":"Saint-Brevin"},"codesValeurs":{"1":"COMMUNES|SAINTBREVIN|Y"},"criteres_datas":{"valeurs":{"1":{"SAINTBREVIN":{"descriptif":""}}}}}}},"critere8":{"libelle":"","contenu":[]},"critere9":{"libelle":"","contenu":[]}},"LocalisationGps":{"Latitude":"47.23483","Longitude":"-2.15552"},"libelleDuPrestataire":"","vuePrestataire":{"pave1":{"libelle":"Descriptif","contenu":""},"pave2":{"libelle":"","contenu":""},"pave3":{"libelle":"","contenu":""},"pave4":{"libelle":"","contenu":""},"pave5":{"libelle":"","contenu":""},"pave6":{"libelle":"","contenu":""},"pave7":{"libelle":"","contenu":""},"pave8":{"libelle":"","contenu":""},"pave9":{"libelle":"","contenu":""},"pave10":{"libelle":"","contenu":""},"pave11":{"libelle":"","contenu":""},"pave12":{"libelle":"","contenu":""},"pave13":{"libelle":"","contenu":""},"pave14":{"libelle":"","contenu":""},"pave15":{"libelle":"","contenu":""},"pave16":{"libelle":"","contenu":""},"pave17":{"libelle":"","contenu":""},"pave18":{"libelle":"","contenu":""},"pave19":{"libelle":"","contenu":""},"pave20":{"libelle":"","contenu":""},"pave21":{"libelle":"","contenu":""},"pave22":{"libelle":"","contenu":""},"pave23":{"libelle":"","contenu":""},"pave24":{"libelle":"","contenu":""},"pave25":{"libelle":"","contenu":""},"ContactsParType":{"RESP":{"12":{"id_contact":"12","type_contact":"RESP","categorie_contact":"PRESTATAIRE","societe_contact":"","fonction_contact":"","civilite_nom_prenom_contact":"M Letort Rodolphe ","adresse1_contact":"Avenue des Fr\u00e8res Lumi\u00e8re","adresse2_contact":"","adresse3_contact":"","cpostal_contact":"44250","ville_contact":"ST BREVIN LES PINS","teldom_contact":"02 40 39 39 39","telbur_contact":"","fax_contact":"","portable_contact":"06 03 32 69 03","email_contact":"cinejade@tourisme-saint-brevin.fr","siteweb_contact":"","commentaire_contact":"","langue_contact":"","autre_moyen_com":[]}}},"Libelle":"Cin\u00e9jade","Nom":"Cin\u00e9jade","Prenom":"","NomPrenom":"Cin\u00e9jade ","CiviliteNomPrenom":"Cin\u00e9jade ","Cle":"Y|LOIPDL044V500448","PrestataireParent":"","ContexteStat":"PRESTATAIRE-Y-LOIPDL044V500448","DateModificationIso":"2024-02-12T18:01:00+01:00","Type":"PRESTATAIRE","TypePrestataire":"Y","Adresse":{"LigneAdresse1":"2 Avenue des Fr\u00e8res Lumi\u00e8re","LigneAdresse2":"","LigneAdresse3":"","CodePostal":"44250","Ville":"ST BREVIN LES PINS","Cedex":"","Etat":"","Pays":"FRA"},"Email":"ot@tourisme-saint-brevin.fr","Telephone":"02 40 39 39 39","TelephoneBureau":"","Portable":"","SiteWeb":"","Fax":"","Id":"y-loipdl044v500448","Code":"Y|LOIPDL044V500448","Fichier":[],"Url":"","Localisation":{"GoogleMap":{"Latitude":"47.23479","Longitude":"-2.15553"}},"ZoneGeo":"","Criteres":{"COMMUNES[SAINTBREVIN":"","INSPUBMAJ[GRATUITPRECISER":"Equipement SEM SEL","LDLTH[DHAACO":"","DLATH[DDA":"","THANDI[WC":"","THANDI[ACCESFAUT":"","MAJINGENIE[DATEDERNIEREMAJ":"20170914","MISEAJOUR[ANNABELLE":""},"DateFinPublication":"","AffichageCoordonnees":[]},"listeCriteres":{"ALAFFICHEACC":{"OUIALAFFICHE":""},"LIEUMANIF":{"SAINTBREVIN":""},"TYPEDEPROGRAMMATION":{"RETRANSOPERA":""},"CATEGORIEANIMATION":{"CINE":"","CINEJADE":""},"DETAILCONCERTSPECTACLE":{"OPERA":""},"ICA":{"SA":"","PLAL":"","SAE":"","ICATP":""},"ANIAH":{"ANIACC":""},"GANIMA":{"GANIMNON":""},"MODEPAIEMENT":{"LCBP":"","LESPE":"","LCB":"","LANCV":""},"YVEL":{"PLACE":"","REWEB":""},"MISEAJOURINGENIE":{"DATEDERNIEREMAJ":"20220818"},"MISEAJOURPAR":{"ANNABELLE":""},"COMMUNES":{"SAINTBREVIN":""},"INSPUBMAJ":{"GRATUITPRECISER":"Equipement SEM SEL"},"LDLTH":{"DHAACO":""},"DLATH":{"DDA":""},"THANDI":{"WC":"","ACCESFAUT":""},"MAJINGENIE":{"DATEDERNIEREMAJ":"20170914"},"MISEAJOUR":{"ANNABELLE":""}},"dansCarnetVoyage":true,"Ouverture":[],"OuverturePasse":[]},"html":" \n \u003Cdiv id=\"CV-PRESTATION-Y-LOIPDL044V500448-OPERAAIDA\" data-contexte-id=\"PRESTATION|Y|LOIPDL044V500448|OPERAAIDA\" data-cle=\"Y|LOIPDL044V500448|OPERAAIDA\" class=\"fiche-liste\"\u003E\n    \n\n    \u003C!-- partie photo --\u003E\n    \u003Cdiv class=\"photo\"\u003E\t\t\t\t\t\t\t\t\t\t\t\t\t\t\t\t\t\t\t\t\t\n        \u003Cdiv class=\"cadre_photo_principale\"\u003E\t\t\n        \n            \t\t\t\t\t\n                    \u003Ca href=\"opera-aida.html?origine=carnet#media\"\u003E\n                        \u003Cimg class=\"photo_principale\" alt=\"aida-16364\" src=\"https:\/\/www.saint-brevin.com\/medias\/images\/prestations\/multitailles\/320x240_aida-16364.jpg\" itemprop=\"image\"\u003E\n                    \u003C\/a\u003E\t\t\t\t\t\t\n                \n                    \u003C\/div\u003E\t\t\t\t\t\t\t\t\t\t\t\t\t\t\t\t\t\t\t \t\t\n    \u003C\/div\u003E\n    \n    \u003C!-- partie nom prest --\u003E\n    \u003Cdiv class=\"nom\"\u003E\n        \u003Ch2\u003EOp\u00e9ra : A\u00efda\u003C\/h2\u003E\n        \n            \u003C\/div\u003E\n\n         \n    \u003C!-- partie adresse --\u003E\n    \u003Cdiv class=\"adresse\"\u003E\n    \n          \n    \u003C\/div\u003E\n    \n    \u003C!-- partie liens --\u003E\n    \u003Cdiv class=\"liens\"\u003E\n            \u003Ca class=\"btn-icon btn-view \" title=\"Voir la fiche d\u00e9taill\u00e9e\" href=\"opera-aida.html?origine=carnet\"\u003E\u003C\/a\u003E\u003C!--\u003Ca class=\"btn-icon btn-view \" title=\"\" href=\"?origine=carnet#thaut\"\u003E\u003C\/a\u003E--\u003E\n      \u003Ca class=\"btn-icon btn-trash carnet_voyage_supprimer\" title=\"Supprimer cette fiche de mon carnet de voyage\" href=\"carnet-voyage?action=remove&fiche=Y|LOIPDL044V500448|OPERAAIDA\"\u003E\u003C\/a\u003E\n    \u003C\/div\u003E\n\n\u003C\/div\u003E\n\n","icon":"https:\/\/static.ingenie.fr\/images\/carnetVoyageV3\/Y.png"},"fiche":"Y|LOIPDL044V500448|OPERAAIDA","popup":"\u003Cdiv id=\"bloc_popup_ajout_fiche_carnet\"\u003E\n    \u003Cdiv class=\"info_popup_ajout_fiche_carnet\"\u003E\n        Vous venez d'ajouter cet \u00e9l\u00e9ment \u00e0 votre carnet de voyage :    \u003C\/div\u003E\n    \u003Cdiv class=\"prest_popup_ajout_fiche_carnet\"\u003E\n        Op&eacute;ra : A&iuml;da    \u003C\/div\u003E\n    \u003Cdiv class=\"bloc_btn_ajout_fiche_carnet form_submit_div\"\u003E\n        \u003Cinput type=\"button\" value=\"Continuer ma s\u00e9lection\" title=\"Continuer ma s\u00e9lection\" name=\"btn_close\" class=\"btn_close_popup_carnet form_submit\" onclick=\"$.colorbox.close()\" \/\u003E\n        \u003Cinput type=\"button\" value=\"Voir mon carnet de voyage\" title=\"Voir mon carnet\" name=\"btn_panier\" class=\"btn_panier_popup_carnet form_submit\" onclick=\"if(typeof CarnetVoyage != 'undefined') {CarnetVoyage.voirCarnet();}\" \/\u003E\n    \u003C\/div\u003E\n    \u003Cdiv class=\"bloc_btn_ajout_fiche_carnet\"\u003E\n        \u003Cinput type=\"checkbox\" value=\"1\" name=\"desactiver_popup\" id=\"desactiver_popup\" \/\u003E\n        \u003Clabel for=\"desactiver_popup\"\u003ENe plus afficher ce message\u003C\/label\u003E\n    \u003C\/div\u003E\n\u003C\/div\u003E","success":1}