{"nbFiches":1,"dataPrest":{"infoPrest":{"pave1":{"libelle":"Slogan","contenu":"","fichiers":[]},"pave2":{"libelle":"Descriptif","contenu":"\u003Cdiv itemprop=\"description\"\u003ESoyez les premiers &agrave; vous immerger dans le nouvel album &eacute;v&eacute;nement de Myl&egrave;ne Farmer, mis en images.\u003Cbr \/\u003E\r\n\u003Cbr \/\u003E\r\nSa sortie est pr&eacute;vue le 30 octobre, &agrave; cette occasion Cin&eacute;jade pr&eacute;sente, en \u003Cstrong\u003EAVANT-PREMI&Egrave;RE\u003C\/strong\u003E les premi&egrave;res images de l&#39;album, \u003Cstrong\u003Emardi 27 octobre, 20h\u003C\/strong\u003E.\u003Cbr \/\u003E\r\n\u003Cbr \/\u003E\r\n&Agrave; l&#39;image du teaser, l&#39;&eacute;gr&eacute;gor est&nbsp;une entit&eacute; &eacute;nerg&eacute;tique invisible, cr&eacute;&eacute;e et nourrie par les pens&eacute;es, les &eacute;motions et les croyances d&#39;un groupe de personnes unies par un m&ecirc;me id&eacute;al, tout un programme pour les fans de l&#39;artiste !\u003Cbr \/\u003E\r\n&nbsp;\u003C\/div\u003E\r\n\r\n\u003Cdiv\u003E\r\n\u003Cdiv\u003E\r\n\u003Cp\u003EDocumentaire, Musique\u003Cbr \/\u003E\r\nDur&eacute;e : 01h05\u003Cbr \/\u003E\r\nR&eacute;alisation : Fran&ccedil;ois Hanss\u003C\/p\u003E\r\n\r\n\u003Cp style=\"text-align: center;\"\u003E\u003Cstrong\u003E\u003Cspan style=\"font-size:16px;\"\u003E\u003Ca href=\"https:\/\/www.ticketingcine.com\/EMS0161\/FR8S6DP?cmp=other#showsession?id=emsx016100056415&amp;ps=erakys\" target=\"_blank\"\u003E\u003Cspan style=\"color:#008080;\"\u003ER&eacute;servation en ligne ICI&gt;&gt;&gt;\u003C\/span\u003E\u003C\/a\u003E\u003C\/span\u003E\u003C\/strong\u003E\u003C\/p\u003E\r\n\u003C\/div\u003E\r\n\u003C\/div\u003E\r\n\u003Cbr \/\u003E\r\n&nbsp;","fichiers":[]},"pave3":{"libelle":"","contenu":""},"pave4":{"libelle":"","contenu":""},"pave5":{"libelle":"","contenu":""},"pave6":{"libelle":"","contenu":""},"pave7":{"libelle":"","contenu":""},"pave8":{"libelle":"","contenu":""},"pave9":{"libelle":"","contenu":""},"pave10":{"libelle":"","contenu":""},"pave11":{"libelle":"","contenu":""},"pave12":{"libelle":"","contenu":""},"pave13":{"libelle":"","contenu":""},"pave14":{"libelle":"","contenu":""},"pave15":{"libelle":"","contenu":""},"pave16":{"libelle":"","contenu":""},"pave17":{"libelle":"","contenu":""},"pave18":{"libelle":"","contenu":""},"pave19":{"libelle":"","contenu":""},"pave20":{"libelle":"","contenu":""},"pave21":{"libelle":"","contenu":""},"pave22":{"libelle":"","contenu":""},"pave23":{"libelle":"","contenu":""},"pave24":{"libelle":"","contenu":""},"pave25":{"libelle":"","contenu":""},"Libelle":"Myl\u00e8ne Farmer - \u00c9gr\u00e9gore - L'avant-premi\u00e8re","Reference":"","Reftar":"","Type":"PRESTATION","TypePrestataire":"Y","ContexteStat":"PRESTATION-Y-LOIPDL044V500448-MYLENEFARMEREGREGORE","DateModificationIso":"2026-09-03T17:50:00+02:00","Adresse":{"LigneAdresse1":"Cin\u00e9jade","LigneAdresse2":"2 Avenue des Fr\u00e8res Lumi\u00e8re","LigneAdresse3":"","CodePostal":"44250","Ville":"ST BREVIN LES PINS","Cedex":"","Etat":"","Pays":"FRA"},"Id":"y-loipdl044v500448-mylenefarmeregregore","Code":"Y|LOIPDL044V500448|MYLENEFARMEREGREGORE","Cle":"Y|LOIPDL044V500448|MYLENEFARMEREGREGORE","Url":"mylene-farmer-egregore-l-avant-premiere.html","Localisation":{"GoogleMap":{"Latitude":"47.23509","Longitude":"-2.15551"}},"ZoneGeo":"","Criteres":{"LIEUMANIF[SAINTBREVIN":"","CATEGORIEANIMATION[CINE":"","CATEGORIEANIMATION[CINEJADE":"","ICA[SA":"","ICA[PLAL":"","ANIAH[ANIACC":"","GANIMA[GANIMNON":"","MODEPAIEMENT[LCBP":"","MODEPAIEMENT[LESPE":"","MODEPAIEMENT[LCB":"","MODEPAIEMENT[LANCV":"","YVEL[PLACE":"","YVEL[REWEB":"","MISEAJOURINGENIE[DATEDERNIEREMAJ":"20181006","MISEAJOURPAR[ANNABELLE":""},"Prestataire":{"pave1":{"libelle":"Descriptif","contenu":""},"pave2":{"libelle":"","contenu":""},"pave3":{"libelle":"","contenu":""},"pave4":{"libelle":"","contenu":""},"pave5":{"libelle":"","contenu":""},"pave6":{"libelle":"","contenu":""},"pave7":{"libelle":"","contenu":""},"pave8":{"libelle":"","contenu":""},"pave9":{"libelle":"","contenu":""},"pave10":{"libelle":"","contenu":""},"pave11":{"libelle":"","contenu":""},"pave12":{"libelle":"","contenu":""},"pave13":{"libelle":"","contenu":""},"pave14":{"libelle":"","contenu":""},"pave15":{"libelle":"","contenu":""},"pave16":{"libelle":"","contenu":""},"pave17":{"libelle":"","contenu":""},"pave18":{"libelle":"","contenu":""},"pave19":{"libelle":"","contenu":""},"pave20":{"libelle":"","contenu":""},"pave21":{"libelle":"","contenu":""},"pave22":{"libelle":"","contenu":""},"pave23":{"libelle":"","contenu":""},"pave24":{"libelle":"","contenu":""},"pave25":{"libelle":"","contenu":""},"ContactsParType":{"RESP":{"12":{"id_contact":"12","type_contact":"RESP","categorie_contact":"PRESTATAIRE","societe_contact":"","fonction_contact":"","civilite_nom_prenom_contact":"M Letort Rodolphe ","adresse1_contact":"Avenue des Fr\u00e8res Lumi\u00e8re","adresse2_contact":"","adresse3_contact":"","cpostal_contact":"44250","ville_contact":"ST BREVIN LES PINS","teldom_contact":"02 40 39 39 39","telbur_contact":"","fax_contact":"","portable_contact":"06 03 32 69 03","email_contact":"cinejade@tourisme-saint-brevin.fr","siteweb_contact":"","commentaire_contact":"","langue_contact":"","autre_moyen_com":[]}}},"Libelle":"Cin\u00e9jade","Nom":"Cin\u00e9jade","Prenom":"","NomPrenom":"Cin\u00e9jade ","CiviliteNomPrenom":"Cin\u00e9jade ","Cle":"Y|LOIPDL044V500448","PrestataireParent":"","ContexteStat":"PRESTATAIRE-Y-LOIPDL044V500448","DateModificationIso":"2024-02-12T18:01:00+01:00","Type":"PRESTATAIRE","TypePrestataire":"Y","Adresse":{"LigneAdresse1":"2 Avenue des Fr\u00e8res Lumi\u00e8re","LigneAdresse2":"","LigneAdresse3":"","CodePostal":"44250","Ville":"ST BREVIN LES PINS","Cedex":"","Etat":"","Pays":"FRA"},"Email":"ot@tourisme-saint-brevin.fr","Telephone":"02 40 39 39 39","TelephoneBureau":"","Portable":"","SiteWeb":"","Fax":"","Id":"y-loipdl044v500448","Code":"Y|LOIPDL044V500448","Fichier":[],"Url":"","Localisation":{"GoogleMap":{"Latitude":"47.23479","Longitude":"-2.15553"}},"ZoneGeo":"","Criteres":{"COMMUNES[SAINTBREVIN":"","INSPUBMAJ[GRATUITPRECISER":"Equipement SEM SEL","LDLTH[DHAACO":"","DLATH[DDA":"","THANDI[WC":"","THANDI[ACCESFAUT":"","MAJINGENIE[DATEDERNIEREMAJ":"20170914","MISEAJOUR[ANNABELLE":""},"DateFinPublication":""},"Fichier":{"Video":[{"url":"https:\/\/youtu.be\/pGog8Xi2KfM?si=qpxpsXe00hRtI3TE","libelle":"Myl\u00e8ne Farmer - \u00c9gr\u00e9gore - L'avant-premi\u00e8re","categorie":"","largeur":"","theme":"","hauteur":"","type":"Video","origine":"YOUTUBE","liaisonPave":"","langue":"","id":"32393","htmlVideo":"\u003Ciframe src=\"https:\/\/www.youtube.com\/embed\/pGog8Xi2KfM?wmode=opaque&rel=0&start=0\" width=\"\" height=\"\" style=\"border:0;\" allowfullscreen\u003E\u003C\/iframe\u003E","vignetteVideo":"\u003Cimg src=\"https:\/\/img.youtube.com\/vi\/pGog8Xi2KfM\/0.jpg\" \/\u003E"}],"ByCategorie":{"":[{"url":"https:\/\/youtu.be\/pGog8Xi2KfM?si=qpxpsXe00hRtI3TE","libelle":"Myl\u00e8ne Farmer - \u00c9gr\u00e9gore - L'avant-premi\u00e8re","categorie":"","largeur":"","theme":"","hauteur":"","type":"Video","origine":"YOUTUBE","liaisonPave":"","langue":"","id":"32393","htmlVideo":"\u003Ciframe src=\"https:\/\/www.youtube.com\/embed\/pGog8Xi2KfM?wmode=opaque&rel=0&start=0\" width=\"\" height=\"\" style=\"border:0;\" allowfullscreen\u003E\u003C\/iframe\u003E","vignetteVideo":"\u003Cimg src=\"https:\/\/img.youtube.com\/vi\/pGog8Xi2KfM\/0.jpg\" \/\u003E"},{"url":"https:\/\/www.saint-brevin.com\/medias\/images\/prestations\/myl-ne-farmer-27-octobre-sortie-le-30-octobre-32395.png","chemin":"..\/medias\/images\/prestations\/myl-ne-farmer-27-octobre-sortie-le-30-octobre-32395.png","libelle":"myl-ne-farmer-27-octobre-sortie-le-30-octobre-32395","extension":"png","categorie":"","largeur":793,"theme":"","hauteur":502,"type":"Image","origine":"","liaisonPave":"","langue":"","id":"32395","urlVignette":"https:\/\/www.saint-brevin.com\/medias\/images\/prestations\/v-myl-ne-farmer-27-octobre-sortie-le-30-octobre-32395.png","alt":"myl-ne-farmer-27-octobre-sortie-le-30-octobre-32395","title":"myl-ne-farmer-27-octobre-sortie-le-30-octobre-32395","MultiTaille":{"1920x1440":{"url":"https:\/\/www.saint-brevin.com\/medias\/images\/prestations\/multitailles\/1920x1440_myl-ne-farmer-27-octobre-sortie-le-30-octobre-32395.png"},"1200x900":{"url":"https:\/\/www.saint-brevin.com\/medias\/images\/prestations\/multitailles\/1200x900_myl-ne-farmer-27-octobre-sortie-le-30-octobre-32395.png"},"800x600":{"url":"https:\/\/www.saint-brevin.com\/medias\/images\/prestations\/multitailles\/800x600_myl-ne-farmer-27-octobre-sortie-le-30-octobre-32395.png"},"640x480":{"url":"https:\/\/www.saint-brevin.com\/medias\/images\/prestations\/multitailles\/640x480_myl-ne-farmer-27-octobre-sortie-le-30-octobre-32395.png"},"320x240":{"url":"https:\/\/www.saint-brevin.com\/medias\/images\/prestations\/multitailles\/320x240_myl-ne-farmer-27-octobre-sortie-le-30-octobre-32395.png"},"160x120":{"url":"https:\/\/www.saint-brevin.com\/medias\/images\/prestations\/multitailles\/160x120_myl-ne-farmer-27-octobre-sortie-le-30-octobre-32395.png"},"origine":{"url":"https:\/\/www.saint-brevin.com\/medias\/images\/prestations\/myl-ne-farmer-27-octobre-sortie-le-30-octobre-32395.png"}},"urlLien":"","typeLien":"","nofollow":"N","copyright":""},{"url":"https:\/\/www.saint-brevin.com\/medias\/images\/prestations\/mf-egr-rs-affiche-officielle-4-5-32396.jpg","chemin":"..\/medias\/images\/prestations\/mf-egr-rs-affiche-officielle-4-5-32396.jpg","libelle":"mf-egr-rs-affiche-officielle-4-5-32396","extension":"jpg","categorie":"","largeur":1080,"theme":"","hauteur":1350,"type":"Image","origine":"","liaisonPave":"","langue":"","id":"32396","urlVignette":"https:\/\/www.saint-brevin.com\/medias\/images\/prestations\/v-mf-egr-rs-affiche-officielle-4-5-32396.jpg","alt":"mf-egr-rs-affiche-officielle-4-5-32396","title":"mf-egr-rs-affiche-officielle-4-5-32396","MultiTaille":{"1920x1440":{"url":"https:\/\/www.saint-brevin.com\/medias\/images\/prestations\/multitailles\/1920x1440_mf-egr-rs-affiche-officielle-4-5-32396.jpg"},"1200x900":{"url":"https:\/\/www.saint-brevin.com\/medias\/images\/prestations\/multitailles\/1200x900_mf-egr-rs-affiche-officielle-4-5-32396.jpg"},"800x600":{"url":"https:\/\/www.saint-brevin.com\/medias\/images\/prestations\/multitailles\/800x600_mf-egr-rs-affiche-officielle-4-5-32396.jpg"},"640x480":{"url":"https:\/\/www.saint-brevin.com\/medias\/images\/prestations\/multitailles\/640x480_mf-egr-rs-affiche-officielle-4-5-32396.jpg"},"320x240":{"url":"https:\/\/www.saint-brevin.com\/medias\/images\/prestations\/multitailles\/320x240_mf-egr-rs-affiche-officielle-4-5-32396.jpg"},"160x120":{"url":"https:\/\/www.saint-brevin.com\/medias\/images\/prestations\/multitailles\/160x120_mf-egr-rs-affiche-officielle-4-5-32396.jpg"},"origine":{"url":"https:\/\/www.saint-brevin.com\/medias\/images\/prestations\/mf-egr-rs-affiche-officielle-4-5-32396.jpg"}},"urlLien":"","typeLien":"","nofollow":"N","copyright":""},{"url":"https:\/\/www.saint-brevin.com\/medias\/images\/prestations\/mf-egr-rs-affiche-officielle-story-32394.jpg","chemin":"..\/medias\/images\/prestations\/mf-egr-rs-affiche-officielle-story-32394.jpg","libelle":"mf-egr-rs-affiche-officielle-story-32394","extension":"jpg","categorie":"","largeur":1080,"theme":"","hauteur":1920,"type":"Image","origine":"","liaisonPave":"","langue":"","id":"32394","urlVignette":"https:\/\/www.saint-brevin.com\/medias\/images\/prestations\/v-mf-egr-rs-affiche-officielle-story-32394.jpg","alt":"mf-egr-rs-affiche-officielle-story-32394","title":"mf-egr-rs-affiche-officielle-story-32394","MultiTaille":{"1920x1440":{"url":"https:\/\/www.saint-brevin.com\/medias\/images\/prestations\/multitailles\/1920x1440_mf-egr-rs-affiche-officielle-story-32394.jpg"},"1200x900":{"url":"https:\/\/www.saint-brevin.com\/medias\/images\/prestations\/multitailles\/1200x900_mf-egr-rs-affiche-officielle-story-32394.jpg"},"800x600":{"url":"https:\/\/www.saint-brevin.com\/medias\/images\/prestations\/multitailles\/800x600_mf-egr-rs-affiche-officielle-story-32394.jpg"},"640x480":{"url":"https:\/\/www.saint-brevin.com\/medias\/images\/prestations\/multitailles\/640x480_mf-egr-rs-affiche-officielle-story-32394.jpg"},"320x240":{"url":"https:\/\/www.saint-brevin.com\/medias\/images\/prestations\/multitailles\/320x240_mf-egr-rs-affiche-officielle-story-32394.jpg"},"160x120":{"url":"https:\/\/www.saint-brevin.com\/medias\/images\/prestations\/multitailles\/160x120_mf-egr-rs-affiche-officielle-story-32394.jpg"},"origine":{"url":"https:\/\/www.saint-brevin.com\/medias\/images\/prestations\/mf-egr-rs-affiche-officielle-story-32394.jpg"}},"urlLien":"","typeLien":"","nofollow":"N","copyright":""}]},"Image":[{"url":"https:\/\/www.saint-brevin.com\/medias\/images\/prestations\/myl-ne-farmer-27-octobre-sortie-le-30-octobre-32395.png","chemin":"..\/medias\/images\/prestations\/myl-ne-farmer-27-octobre-sortie-le-30-octobre-32395.png","libelle":"myl-ne-farmer-27-octobre-sortie-le-30-octobre-32395","extension":"png","categorie":"","largeur":793,"theme":"","hauteur":502,"type":"Image","origine":"","liaisonPave":"","langue":"","id":"32395","urlVignette":"https:\/\/www.saint-brevin.com\/medias\/images\/prestations\/v-myl-ne-farmer-27-octobre-sortie-le-30-octobre-32395.png","alt":"myl-ne-farmer-27-octobre-sortie-le-30-octobre-32395","title":"myl-ne-farmer-27-octobre-sortie-le-30-octobre-32395","MultiTaille":{"1920x1440":{"url":"https:\/\/www.saint-brevin.com\/medias\/images\/prestations\/multitailles\/1920x1440_myl-ne-farmer-27-octobre-sortie-le-30-octobre-32395.png"},"1200x900":{"url":"https:\/\/www.saint-brevin.com\/medias\/images\/prestations\/multitailles\/1200x900_myl-ne-farmer-27-octobre-sortie-le-30-octobre-32395.png"},"800x600":{"url":"https:\/\/www.saint-brevin.com\/medias\/images\/prestations\/multitailles\/800x600_myl-ne-farmer-27-octobre-sortie-le-30-octobre-32395.png"},"640x480":{"url":"https:\/\/www.saint-brevin.com\/medias\/images\/prestations\/multitailles\/640x480_myl-ne-farmer-27-octobre-sortie-le-30-octobre-32395.png"},"320x240":{"url":"https:\/\/www.saint-brevin.com\/medias\/images\/prestations\/multitailles\/320x240_myl-ne-farmer-27-octobre-sortie-le-30-octobre-32395.png"},"160x120":{"url":"https:\/\/www.saint-brevin.com\/medias\/images\/prestations\/multitailles\/160x120_myl-ne-farmer-27-octobre-sortie-le-30-octobre-32395.png"},"origine":{"url":"https:\/\/www.saint-brevin.com\/medias\/images\/prestations\/myl-ne-farmer-27-octobre-sortie-le-30-octobre-32395.png"}},"urlLien":"","typeLien":"","nofollow":"N","copyright":""},{"url":"https:\/\/www.saint-brevin.com\/medias\/images\/prestations\/mf-egr-rs-affiche-officielle-4-5-32396.jpg","chemin":"..\/medias\/images\/prestations\/mf-egr-rs-affiche-officielle-4-5-32396.jpg","libelle":"mf-egr-rs-affiche-officielle-4-5-32396","extension":"jpg","categorie":"","largeur":1080,"theme":"","hauteur":1350,"type":"Image","origine":"","liaisonPave":"","langue":"","id":"32396","urlVignette":"https:\/\/www.saint-brevin.com\/medias\/images\/prestations\/v-mf-egr-rs-affiche-officielle-4-5-32396.jpg","alt":"mf-egr-rs-affiche-officielle-4-5-32396","title":"mf-egr-rs-affiche-officielle-4-5-32396","MultiTaille":{"1920x1440":{"url":"https:\/\/www.saint-brevin.com\/medias\/images\/prestations\/multitailles\/1920x1440_mf-egr-rs-affiche-officielle-4-5-32396.jpg"},"1200x900":{"url":"https:\/\/www.saint-brevin.com\/medias\/images\/prestations\/multitailles\/1200x900_mf-egr-rs-affiche-officielle-4-5-32396.jpg"},"800x600":{"url":"https:\/\/www.saint-brevin.com\/medias\/images\/prestations\/multitailles\/800x600_mf-egr-rs-affiche-officielle-4-5-32396.jpg"},"640x480":{"url":"https:\/\/www.saint-brevin.com\/medias\/images\/prestations\/multitailles\/640x480_mf-egr-rs-affiche-officielle-4-5-32396.jpg"},"320x240":{"url":"https:\/\/www.saint-brevin.com\/medias\/images\/prestations\/multitailles\/320x240_mf-egr-rs-affiche-officielle-4-5-32396.jpg"},"160x120":{"url":"https:\/\/www.saint-brevin.com\/medias\/images\/prestations\/multitailles\/160x120_mf-egr-rs-affiche-officielle-4-5-32396.jpg"},"origine":{"url":"https:\/\/www.saint-brevin.com\/medias\/images\/prestations\/mf-egr-rs-affiche-officielle-4-5-32396.jpg"}},"urlLien":"","typeLien":"","nofollow":"N","copyright":""},{"url":"https:\/\/www.saint-brevin.com\/medias\/images\/prestations\/mf-egr-rs-affiche-officielle-story-32394.jpg","chemin":"..\/medias\/images\/prestations\/mf-egr-rs-affiche-officielle-story-32394.jpg","libelle":"mf-egr-rs-affiche-officielle-story-32394","extension":"jpg","categorie":"","largeur":1080,"theme":"","hauteur":1920,"type":"Image","origine":"","liaisonPave":"","langue":"","id":"32394","urlVignette":"https:\/\/www.saint-brevin.com\/medias\/images\/prestations\/v-mf-egr-rs-affiche-officielle-story-32394.jpg","alt":"mf-egr-rs-affiche-officielle-story-32394","title":"mf-egr-rs-affiche-officielle-story-32394","MultiTaille":{"1920x1440":{"url":"https:\/\/www.saint-brevin.com\/medias\/images\/prestations\/multitailles\/1920x1440_mf-egr-rs-affiche-officielle-story-32394.jpg"},"1200x900":{"url":"https:\/\/www.saint-brevin.com\/medias\/images\/prestations\/multitailles\/1200x900_mf-egr-rs-affiche-officielle-story-32394.jpg"},"800x600":{"url":"https:\/\/www.saint-brevin.com\/medias\/images\/prestations\/multitailles\/800x600_mf-egr-rs-affiche-officielle-story-32394.jpg"},"640x480":{"url":"https:\/\/www.saint-brevin.com\/medias\/images\/prestations\/multitailles\/640x480_mf-egr-rs-affiche-officielle-story-32394.jpg"},"320x240":{"url":"https:\/\/www.saint-brevin.com\/medias\/images\/prestations\/multitailles\/320x240_mf-egr-rs-affiche-officielle-story-32394.jpg"},"160x120":{"url":"https:\/\/www.saint-brevin.com\/medias\/images\/prestations\/multitailles\/160x120_mf-egr-rs-affiche-officielle-story-32394.jpg"},"origine":{"url":"https:\/\/www.saint-brevin.com\/medias\/images\/prestations\/mf-egr-rs-affiche-officielle-story-32394.jpg"}},"urlLien":"","typeLien":"","nofollow":"N","copyright":""}]},"DateDebPublication":"","DateFinPublication":"","PrixAPartirDe":"","PrixPour":"","FicheListeEnCours":"fiche_liste_agenda_prestation_v2017","ParametresModele":{"AfficherPhotos":"1","NbPhotosMax":6,"AfficherReserver":0,"AfficherContact":0,"AfficherSalle":1,"AfficherZoneGeo":0,"AfficherEnSavoirPlus":"1","AfficherUneSeuleOuverture":"1","AfficherContactCarte":1,"AfficherTarifsChaudAPartirDe":0,"AfficherTarifChaudSansRecherche":0,"AfficherLiensCarnetVoyage":"1","AfficherOuverture":"1","BlocCritereInfo":{"critere1":{"libelle":""},"critere2":{"libelle":""},"critere3":{"libelle":""},"critere4":{"libelle":""},"critere5":{"libelle":""},"critere6":{"libelle":""},"critere7":{"libelle":"","liste_critere":["COMMUNES|Y"]},"critere8":{"libelle":""},"critere9":{"libelle":""},"afficherpictoetpaslibelle":"1"},"CriteresComportementResa":"|RESABILLET[RESAENLIGNE|","PositionBloc":"GALLERIE|NOM|OUVERTURES|CARNET_VOYAGE|URL|LIEN_RESERVER_DETAIL","TypePrestataire":"Y","ComportementResa":false,"ComportementDispo":false},"AffichageCoordonnees":[],"Coordonnees":{"Ville":"ST BREVIN LES PINS"},"ContexteId":"PRESTATION|Y|LOIPDL044V500448|MYLENEFARMEREGREGORE","ContexteIdHtml":"PRESTATION-Y-LOIPDL044V500448-MYLENEFARMEREGREGORE","cleContexte":"Y|LOIPDL044V500448|MYLENEFARMEREGREGORE","Bloc":{"texte1":"","texte3":"","critere1":{"libelle":"","contenu":[]},"critere2":{"libelle":"","contenu":[]},"critere3":{"libelle":"","contenu":[]},"critere4":{"libelle":"","contenu":[]},"critere5":{"libelle":"","contenu":[]},"critere6":{"libelle":"","contenu":[]},"critere7":{"libelle":"","contenu":{"COMMUNES":{"libelle":"COMMUNE","contenu":{"1":"Saint-Brevin"},"codesValeurs":{"1":"COMMUNES|SAINTBREVIN|Y"},"criteres_datas":{"valeurs":{"1":{"SAINTBREVIN":{"descriptif":""}}}}}}},"critere8":{"libelle":"","contenu":[]},"critere9":{"libelle":"","contenu":[]}},"LocalisationGps":{"Latitude":"47.23509","Longitude":"-2.15551"},"libelleDuPrestataire":"","vuePrestataire":{"pave1":{"libelle":"Descriptif","contenu":""},"pave2":{"libelle":"","contenu":""},"pave3":{"libelle":"","contenu":""},"pave4":{"libelle":"","contenu":""},"pave5":{"libelle":"","contenu":""},"pave6":{"libelle":"","contenu":""},"pave7":{"libelle":"","contenu":""},"pave8":{"libelle":"","contenu":""},"pave9":{"libelle":"","contenu":""},"pave10":{"libelle":"","contenu":""},"pave11":{"libelle":"","contenu":""},"pave12":{"libelle":"","contenu":""},"pave13":{"libelle":"","contenu":""},"pave14":{"libelle":"","contenu":""},"pave15":{"libelle":"","contenu":""},"pave16":{"libelle":"","contenu":""},"pave17":{"libelle":"","contenu":""},"pave18":{"libelle":"","contenu":""},"pave19":{"libelle":"","contenu":""},"pave20":{"libelle":"","contenu":""},"pave21":{"libelle":"","contenu":""},"pave22":{"libelle":"","contenu":""},"pave23":{"libelle":"","contenu":""},"pave24":{"libelle":"","contenu":""},"pave25":{"libelle":"","contenu":""},"ContactsParType":{"RESP":{"12":{"id_contact":"12","type_contact":"RESP","categorie_contact":"PRESTATAIRE","societe_contact":"","fonction_contact":"","civilite_nom_prenom_contact":"M Letort Rodolphe ","adresse1_contact":"Avenue des Fr\u00e8res Lumi\u00e8re","adresse2_contact":"","adresse3_contact":"","cpostal_contact":"44250","ville_contact":"ST BREVIN LES PINS","teldom_contact":"02 40 39 39 39","telbur_contact":"","fax_contact":"","portable_contact":"06 03 32 69 03","email_contact":"cinejade@tourisme-saint-brevin.fr","siteweb_contact":"","commentaire_contact":"","langue_contact":"","autre_moyen_com":[]}}},"Libelle":"Cin\u00e9jade","Nom":"Cin\u00e9jade","Prenom":"","NomPrenom":"Cin\u00e9jade ","CiviliteNomPrenom":"Cin\u00e9jade ","Cle":"Y|LOIPDL044V500448","PrestataireParent":"","ContexteStat":"PRESTATAIRE-Y-LOIPDL044V500448","DateModificationIso":"2024-02-12T18:01:00+01:00","Type":"PRESTATAIRE","TypePrestataire":"Y","Adresse":{"LigneAdresse1":"2 Avenue des Fr\u00e8res Lumi\u00e8re","LigneAdresse2":"","LigneAdresse3":"","CodePostal":"44250","Ville":"ST BREVIN LES PINS","Cedex":"","Etat":"","Pays":"FRA"},"Email":"ot@tourisme-saint-brevin.fr","Telephone":"02 40 39 39 39","TelephoneBureau":"","Portable":"","SiteWeb":"","Fax":"","Id":"y-loipdl044v500448","Code":"Y|LOIPDL044V500448","Fichier":[],"Url":"","Localisation":{"GoogleMap":{"Latitude":"47.23479","Longitude":"-2.15553"}},"ZoneGeo":"","Criteres":{"COMMUNES[SAINTBREVIN":"","INSPUBMAJ[GRATUITPRECISER":"Equipement SEM SEL","LDLTH[DHAACO":"","DLATH[DDA":"","THANDI[WC":"","THANDI[ACCESFAUT":"","MAJINGENIE[DATEDERNIEREMAJ":"20170914","MISEAJOUR[ANNABELLE":""},"DateFinPublication":"","AffichageCoordonnees":[]},"listeCriteres":{"LIEUMANIF":{"SAINTBREVIN":""},"CATEGORIEANIMATION":{"CINE":"","CINEJADE":""},"ICA":{"SA":"","PLAL":""},"ANIAH":{"ANIACC":""},"GANIMA":{"GANIMNON":""},"MODEPAIEMENT":{"LCBP":"","LESPE":"","LCB":"","LANCV":""},"YVEL":{"PLACE":"","REWEB":""},"MISEAJOURINGENIE":{"DATEDERNIEREMAJ":"20181006"},"MISEAJOURPAR":{"ANNABELLE":""},"COMMUNES":{"SAINTBREVIN":""},"INSPUBMAJ":{"GRATUITPRECISER":"Equipement SEM SEL"},"LDLTH":{"DHAACO":""},"DLATH":{"DDA":""},"THANDI":{"WC":"","ACCESFAUT":""},"MAJINGENIE":{"DATEDERNIEREMAJ":"20170914"},"MISEAJOUR":{"ANNABELLE":""}},"dansCarnetVoyage":true,"Ouverture":["\u003Cp class=\"date\" \u003EMardi 27 octobre 2026\u003C\/p\u003E\u003Cp class=\"heure\" \u003E\u00e0 partir de 20:00\u003C\/p\u003E"],"OuverturePasse":[],"OuvertureObjs":[{}],"OuvertureTab":[["20261027","20261027"]]},"html":" \n \u003Cdiv id=\"CV-PRESTATION-Y-LOIPDL044V500448-MYLENEFARMEREGREGORE\" data-contexte-id=\"PRESTATION|Y|LOIPDL044V500448|MYLENEFARMEREGREGORE\" data-cle=\"Y|LOIPDL044V500448|MYLENEFARMEREGREGORE\" class=\"fiche-liste\"\u003E\n    \n\n    \u003C!-- partie photo --\u003E\n    \u003Cdiv class=\"photo\"\u003E\t\t\t\t\t\t\t\t\t\t\t\t\t\t\t\t\t\t\t\t\t\n        \u003Cdiv class=\"cadre_photo_principale\"\u003E\t\t\n        \n            \t\t\t\t\t\n                    \u003Ca href=\"mylene-farmer-egregore-l-avant-premiere.html?origine=carnet#media\"\u003E\n                        \u003Cimg class=\"photo_principale\" alt=\"myl-ne-farmer-27-octobre-sortie-le-30-octobre-32395\" src=\"https:\/\/www.saint-brevin.com\/medias\/images\/prestations\/multitailles\/320x240_myl-ne-farmer-27-octobre-sortie-le-30-octobre-32395.png\" itemprop=\"image\"\u003E\n                    \u003C\/a\u003E\t\t\t\t\t\t\n                \n                    \u003C\/div\u003E\t\t\t\t\t\t\t\t\t\t\t\t\t\t\t\t\t\t\t \t\t\n    \u003C\/div\u003E\n    \n    \u003C!-- partie nom prest --\u003E\n    \u003Cdiv class=\"nom\"\u003E\n        \u003Ch2\u003EMyl\u00e8ne Farmer - \u00c9gr\u00e9gore - L'avant-premi\u00e8re\u003C\/h2\u003E\n        \n            \u003C\/div\u003E\n\n     \u003Cul style=\"display: none\" class=\"ouverture_list\"\u003E\u003Cli class=\"ouverture_item\"\u003E\u003Cp class=\"date\" \u003EMardi 27 octobre 2026\u003C\/p\u003E\u003Cp class=\"heure\" \u003E\u00e0 partir de 20:00\u003C\/p\u003E\u003C\/li\u003E\u003C\/ul\u003E    \n    \u003C!-- partie adresse --\u003E\n    \u003Cdiv class=\"adresse\"\u003E\n    \n          \n    \u003C\/div\u003E\n    \n    \u003C!-- partie liens --\u003E\n    \u003Cdiv class=\"liens\"\u003E\n            \u003Ca class=\"btn-icon btn-view \" title=\"Voir la fiche d\u00e9taill\u00e9e\" href=\"mylene-farmer-egregore-l-avant-premiere.html?origine=carnet\"\u003E\u003C\/a\u003E\u003C!--\u003Ca class=\"btn-icon btn-view \" title=\"\" href=\"?origine=carnet#thaut\"\u003E\u003C\/a\u003E--\u003E\n      \u003Ca class=\"btn-icon btn-trash carnet_voyage_supprimer\" title=\"Supprimer cette fiche de mon carnet de voyage\" href=\"carnet-voyage?action=remove&fiche=Y|LOIPDL044V500448|MYLENEFARMEREGREGORE\"\u003E\u003C\/a\u003E\n    \u003C\/div\u003E\n\n\u003C\/div\u003E\n\n","icon":"https:\/\/static.ingenie.fr\/images\/carnetVoyageV3\/Y.png"},"fiche":"Y|LOIPDL044V500448|MYLENEFARMEREGREGORE","popup":"\u003Cdiv id=\"bloc_popup_ajout_fiche_carnet\"\u003E\n    \u003Cdiv class=\"info_popup_ajout_fiche_carnet\"\u003E\n        Vous venez d'ajouter cet \u00e9l\u00e9ment \u00e0 votre carnet de voyage :    \u003C\/div\u003E\n    \u003Cdiv class=\"prest_popup_ajout_fiche_carnet\"\u003E\n        Myl&egrave;ne Farmer - &Eacute;gr&eacute;gore - L&#039;avant-premi&egrave;re    \u003C\/div\u003E\n    \u003Cdiv class=\"bloc_btn_ajout_fiche_carnet form_submit_div\"\u003E\n        \u003Cinput type=\"button\" value=\"Continuer ma s\u00e9lection\" title=\"Continuer ma s\u00e9lection\" name=\"btn_close\" class=\"btn_close_popup_carnet form_submit\" onclick=\"$.colorbox.close()\" \/\u003E\n        \u003Cinput type=\"button\" value=\"Voir mon carnet de voyage\" title=\"Voir mon carnet\" name=\"btn_panier\" class=\"btn_panier_popup_carnet form_submit\" onclick=\"if(typeof CarnetVoyage != 'undefined') {CarnetVoyage.voirCarnet();}\" \/\u003E\n    \u003C\/div\u003E\n    \u003Cdiv class=\"bloc_btn_ajout_fiche_carnet\"\u003E\n        \u003Cinput type=\"checkbox\" value=\"1\" name=\"desactiver_popup\" id=\"desactiver_popup\" \/\u003E\n        \u003Clabel for=\"desactiver_popup\"\u003ENe plus afficher ce message\u003C\/label\u003E\n    \u003C\/div\u003E\n\u003C\/div\u003E","success":1}