{"nbFiches":1,"dataPrest":{"infoPrest":{"pave1":{"libelle":"Slogan","contenu":"","fichiers":[]},"pave2":{"libelle":"Descriptif","contenu":"Une s&eacute;ance adapt&eacute;e aux jeunes enfants, id&eacute;ale pour un premier contact avec le cin&eacute;ma.\u003Cbr \/\u003E\r\nUn film court, ou plusieurs courts-m&eacute;trages,&nbsp;un son moins fort en salle, et pas de pub,&nbsp;un film class&eacute; art et essai, donc un film visant &agrave; &eacute;veiller la curiosit&eacute; des enfants&nbsp;et leur go&ucirc;t pour le cin&eacute;ma dans toute sa diversit&eacute;,&nbsp;un go&ucirc;ter offert sur une des s&eacute;ances propos&eacute;es !\u003Cbr \/\u003E\r\n\u003Cbr \/\u003E\r\n\u003Cbr \/\u003E\r\nCowboy et Indien, accompagn&eacute;s de personnages loufoques et extravagants, vivent une vie pleine de rebondissements.\u003Cbr \/\u003E\r\nAvec cette joyeuse &eacute;quipe, l&rsquo;inattendu peut survenir &agrave; chaque instant !\u003Cbr \/\u003E\r\nAinsi, se rendre &agrave; une foire agricole ou partir en vacances devient une dr&ocirc;le d&rsquo;aventure, compl&egrave;tement rocambolesque, &agrave; laquelle Cowboy et Indien (et Cheval) vous invitent !\u003Cbr \/\u003E\r\n\u003Cbr \/\u003E\r\nProgramme :\u003Cbr \/\u003E\r\n\u003Cstrong\u003ELa Foire agricole&nbsp;(Belgique, France, 2019, 26&#39;)\u003C\/strong\u003E : Indien et Cowboy ont brillamment r&eacute;ussi leurs examens scolaires.\u003Cbr \/\u003E\r\nCheval leur a donc achet&eacute; des tickets pour la Foire Agricole.\u003Cbr \/\u003E\r\nAvant leur d&eacute;part, Cheval glisse sur un skateboard et se r&eacute;veille amn&eacute;sique.\u003Cbr \/\u003E\r\nPour Indien et Cowboy commence une course contre la montre pour essayer de retrouver les tickets cach&eacute;s par Cheval !\u003Cbr \/\u003E\r\n\u003Cbr \/\u003E\r\n\u003Cstrong\u003ELes Grandes vacances&nbsp;(Belgique, France, Suisse, 2021, 26&#39;) :\u003C\/strong\u003E\u003Cbr \/\u003E\r\nL&rsquo;&eacute;cole est finie.\u003Cbr \/\u003E\r\nIndien et Cowboy s&rsquo;ennuient.\u003Cbr \/\u003E\r\nIls d&eacute;cident de construire un bateau et de partir &agrave; l&rsquo;aventure.\u003Cbr \/\u003E\r\nMais la premi&egrave;re tentative est un d&eacute;sastre.\u003Cbr \/\u003E\r\nAvec l&rsquo;aide des animaux, ils arrivent enfin &agrave; inaugurer leur fier vaisseau.\u003Cbr \/\u003E\r\n&Eacute;videmment, rien ne va se passer comme pr&eacute;vu&hellip;\u003Cbr \/\u003E\r\n&nbsp;\r\n\u003Cdiv style=\"text-align: center;\"\u003E\u003Cspan style=\"font-size:18px;\"\u003E\u003Cstrong\u003E\u003Ca href=\"https:\/\/app-cinejade.saint-brevin.com\/FR\/horaire-iframe\/#\" target=\"_blank\"\u003E\u003Cspan style=\"color:#008080;\"\u003EBilletterie en ligne\u003C\/span\u003E\u003C\/a\u003E\u003C\/strong\u003E\u003C\/span\u003E\u003C\/div\u003E\r\n","fichiers":[]},"pave3":{"libelle":"","contenu":""},"pave4":{"libelle":"","contenu":""},"pave5":{"libelle":"","contenu":""},"pave6":{"libelle":"","contenu":""},"pave7":{"libelle":"","contenu":""},"pave8":{"libelle":"","contenu":""},"pave9":{"libelle":"","contenu":""},"pave10":{"libelle":"","contenu":""},"pave11":{"libelle":"","contenu":""},"pave12":{"libelle":"","contenu":""},"pave13":{"libelle":"","contenu":""},"pave14":{"libelle":"","contenu":""},"pave15":{"libelle":"","contenu":""},"pave16":{"libelle":"","contenu":""},"pave17":{"libelle":"","contenu":""},"pave18":{"libelle":"","contenu":""},"pave19":{"libelle":"","contenu":""},"pave20":{"libelle":"","contenu":""},"pave21":{"libelle":"","contenu":""},"pave22":{"libelle":"","contenu":""},"pave23":{"libelle":"","contenu":""},"pave24":{"libelle":"","contenu":""},"pave25":{"libelle":"","contenu":""},"Libelle":"Little Films Festival : Les Grandes Vacances de Cowboy et Indien","Reference":"","Reftar":"","Type":"PRESTATION","TypePrestataire":"Y","ContexteStat":"PRESTATION-Y-LOIPDL044V500448-LESGRANDESVACANCESDECOWBOYETIN","DateModificationIso":"2023-07-20T12:44:00+02:00","Adresse":{"LigneAdresse1":"Cin\u00e9jade","LigneAdresse2":"2 avenue des Fr\u00e8res Lumi\u00e8re","LigneAdresse3":"","CodePostal":"44250","Ville":"ST BREVIN LES PINS","Cedex":"","Etat":"","Pays":"FRA"},"Id":"y-loipdl044v500448-lesgrandesvacancesdecowboyetin","Code":"Y|LOIPDL044V500448|LESGRANDESVACANCESDECOWBOYETIN","Cle":"Y|LOIPDL044V500448|LESGRANDESVACANCESDECOWBOYETIN","Url":"little-films-festival-les-grandes-vacances-de-cowboy-et-indien.html","Localisation":{"GoogleMap":{"Latitude":"47.23483","Longitude":"-2.15552"}},"ZoneGeo":"","Criteres":{"ALAFFICHEACC[OUIALAFFICHE":"","LIEUMANIF[SAINTBREVIN":"","TYPEDEPROGRAMMATION[CINEFILOU":"","TYPEDEPROGRAMMATION[ENFANTS":"","CATEGORIEANIMATION[CINE":"","CATEGORIEANIMATION[CINEJADE":"","THEME[DESS":"","ICA[DS":"52mn","ICA[SA":"","ICA[PLAL":"","ICA[ICATP":"","ICA[AGEMINIM":"5","ANIAH[ANIACC":"","GANIMA[GANIMNON":"","PERIOD[YDPERI":"","MODEPAIEMENT[LCBP":"","MODEPAIEMENT[LESPE":"","MODEPAIEMENT[LCB":"","MODEPAIEMENT[LAE":"","MISEAJOURINGENIE[DATEDERNIEREMAJ":"20230323","MISEAJOURPAR[ANNABELLE":""},"Prestataire":{"pave1":{"libelle":"Descriptif","contenu":""},"pave2":{"libelle":"","contenu":""},"pave3":{"libelle":"","contenu":""},"pave4":{"libelle":"","contenu":""},"pave5":{"libelle":"","contenu":""},"pave6":{"libelle":"","contenu":""},"pave7":{"libelle":"","contenu":""},"pave8":{"libelle":"","contenu":""},"pave9":{"libelle":"","contenu":""},"pave10":{"libelle":"","contenu":""},"pave11":{"libelle":"","contenu":""},"pave12":{"libelle":"","contenu":""},"pave13":{"libelle":"","contenu":""},"pave14":{"libelle":"","contenu":""},"pave15":{"libelle":"","contenu":""},"pave16":{"libelle":"","contenu":""},"pave17":{"libelle":"","contenu":""},"pave18":{"libelle":"","contenu":""},"pave19":{"libelle":"","contenu":""},"pave20":{"libelle":"","contenu":""},"pave21":{"libelle":"","contenu":""},"pave22":{"libelle":"","contenu":""},"pave23":{"libelle":"","contenu":""},"pave24":{"libelle":"","contenu":""},"pave25":{"libelle":"","contenu":""},"ContactsParType":{"RESP":{"12":{"id_contact":"12","type_contact":"RESP","categorie_contact":"PRESTATAIRE","societe_contact":"","fonction_contact":"","civilite_nom_prenom_contact":"M Letort Rodolphe ","adresse1_contact":"Avenue des Fr\u00e8res Lumi\u00e8re","adresse2_contact":"","adresse3_contact":"","cpostal_contact":"44250","ville_contact":"ST BREVIN LES PINS","teldom_contact":"02 40 39 39 39","telbur_contact":"","fax_contact":"","portable_contact":"06 03 32 69 03","email_contact":"cinejade@tourisme-saint-brevin.fr","siteweb_contact":"","commentaire_contact":"","langue_contact":"","autre_moyen_com":[]}}},"Libelle":"Cin\u00e9jade","Nom":"Cin\u00e9jade","Prenom":"","NomPrenom":"Cin\u00e9jade ","CiviliteNomPrenom":"Cin\u00e9jade ","Cle":"Y|LOIPDL044V500448","PrestataireParent":"","ContexteStat":"PRESTATAIRE-Y-LOIPDL044V500448","DateModificationIso":"2024-02-12T18:01:00+01:00","Type":"PRESTATAIRE","TypePrestataire":"Y","Adresse":{"LigneAdresse1":"2 Avenue des Fr\u00e8res Lumi\u00e8re","LigneAdresse2":"","LigneAdresse3":"","CodePostal":"44250","Ville":"ST BREVIN LES PINS","Cedex":"","Etat":"","Pays":"FRA"},"Email":"ot@tourisme-saint-brevin.fr","Telephone":"02 40 39 39 39","TelephoneBureau":"","Portable":"","SiteWeb":"","Fax":"","Id":"y-loipdl044v500448","Code":"Y|LOIPDL044V500448","Fichier":[],"Url":"","Localisation":{"GoogleMap":{"Latitude":"47.23479","Longitude":"-2.15553"}},"ZoneGeo":"","Criteres":{"COMMUNES[SAINTBREVIN":"","INSPUBMAJ[GRATUITPRECISER":"Equipement SEM SEL","LDLTH[DHAACO":"","DLATH[DDA":"","THANDI[WC":"","THANDI[ACCESFAUT":"","MAJINGENIE[DATEDERNIEREMAJ":"20170914","MISEAJOUR[ANNABELLE":""},"DateFinPublication":""},"Fichier":{"Document":[{"url":"https:\/\/www.saint-brevin.com\/medias\/images\/prestations\/little-films-festival-ete-2023-19304-19306.pdf","chemin":"..\/medias\/images\/prestations\/little-films-festival-ete-2023-19304-19306.pdf","libelle":"little-films-festival-ete-2023-19304","extension":"pdf","categorie":"","largeur":"","theme":"","hauteur":"","type":"Document","origine":"","liaisonPave":"","langue":"","id":"19306","poids":"5.09 Mo","alt":"little-films-festival-ete-2023-19304","title":"little-films-festival-ete-2023-19304"}],"ByCategorie":{"":[{"url":"https:\/\/www.saint-brevin.com\/medias\/images\/prestations\/little-films-festival-ete-2023-19304-19306.pdf","chemin":"..\/medias\/images\/prestations\/little-films-festival-ete-2023-19304-19306.pdf","libelle":"little-films-festival-ete-2023-19304","extension":"pdf","categorie":"","largeur":"","theme":"","hauteur":"","type":"Document","origine":"","liaisonPave":"","langue":"","id":"19306","poids":"5.09 Mo","alt":"little-films-festival-ete-2023-19304","title":"little-films-festival-ete-2023-19304"},{"url":"https:\/\/www.saint-brevin.com\/medias\/images\/prestations\/les-grandes-vacances-de-cow-boy-et-indien-1-19308.jpg","chemin":"..\/medias\/images\/prestations\/les-grandes-vacances-de-cow-boy-et-indien-1-19308.jpg","libelle":"les-grandes-vacances-de-cow-boy-et-indien-1-19308","extension":"jpg","categorie":"","largeur":814,"theme":"","hauteur":451,"type":"Image","origine":"","liaisonPave":"","langue":"","id":"19308","urlVignette":"https:\/\/www.saint-brevin.com\/medias\/images\/prestations\/v-les-grandes-vacances-de-cow-boy-et-indien-1-19308.jpg","alt":"les-grandes-vacances-de-cow-boy-et-indien-1-19308","title":"les-grandes-vacances-de-cow-boy-et-indien-1-19308","MultiTaille":{"1920x1440":{"url":"https:\/\/www.saint-brevin.com\/medias\/images\/prestations\/multitailles\/1920x1440_les-grandes-vacances-de-cow-boy-et-indien-1-19308.jpg"},"1200x900":{"url":"https:\/\/www.saint-brevin.com\/medias\/images\/prestations\/multitailles\/1200x900_les-grandes-vacances-de-cow-boy-et-indien-1-19308.jpg"},"800x600":{"url":"https:\/\/www.saint-brevin.com\/medias\/images\/prestations\/multitailles\/800x600_les-grandes-vacances-de-cow-boy-et-indien-1-19308.jpg"},"640x480":{"url":"https:\/\/www.saint-brevin.com\/medias\/images\/prestations\/multitailles\/640x480_les-grandes-vacances-de-cow-boy-et-indien-1-19308.jpg"},"320x240":{"url":"https:\/\/www.saint-brevin.com\/medias\/images\/prestations\/multitailles\/320x240_les-grandes-vacances-de-cow-boy-et-indien-1-19308.jpg"},"160x120":{"url":"https:\/\/www.saint-brevin.com\/medias\/images\/prestations\/multitailles\/160x120_les-grandes-vacances-de-cow-boy-et-indien-1-19308.jpg"},"origine":{"url":"https:\/\/www.saint-brevin.com\/medias\/images\/prestations\/les-grandes-vacances-de-cow-boy-et-indien-1-19308.jpg"}},"urlLien":"","typeLien":"","nofollow":"N","copyright":""},{"url":"https:\/\/youtu.be\/vQeASS_J2mU","libelle":"Les Grandes Vacances de Cowboy et Indien","categorie":"","largeur":"","theme":"","hauteur":"","type":"Video","origine":"YOUTUBE","liaisonPave":"","langue":"","id":"19316","htmlVideo":"\u003Ciframe src=\"https:\/\/www.youtube.com\/embed\/vQeASS_J2mU?wmode=opaque&rel=0&start=0\" width=\"\" height=\"\" style=\"border:0;\" allowfullscreen\u003E\u003C\/iframe\u003E","vignetteVideo":"\u003Cimg src=\"https:\/\/img.youtube.com\/vi\/vQeASS_J2mU\/0.jpg\" \/\u003E"},{"url":"https:\/\/www.saint-brevin.com\/medias\/images\/prestations\/les-grandes-vacances-de-cow-boy-et-indien-2-19307.jpg","chemin":"..\/medias\/images\/prestations\/les-grandes-vacances-de-cow-boy-et-indien-2-19307.jpg","libelle":"les-grandes-vacances-de-cow-boy-et-indien-2-19307","extension":"jpg","categorie":"","largeur":817,"theme":"","hauteur":456,"type":"Image","origine":"","liaisonPave":"","langue":"","id":"19307","urlVignette":"https:\/\/www.saint-brevin.com\/medias\/images\/prestations\/v-les-grandes-vacances-de-cow-boy-et-indien-2-19307.jpg","alt":"les-grandes-vacances-de-cow-boy-et-indien-2-19307","title":"les-grandes-vacances-de-cow-boy-et-indien-2-19307","MultiTaille":{"1920x1440":{"url":"https:\/\/www.saint-brevin.com\/medias\/images\/prestations\/multitailles\/1920x1440_les-grandes-vacances-de-cow-boy-et-indien-2-19307.jpg"},"1200x900":{"url":"https:\/\/www.saint-brevin.com\/medias\/images\/prestations\/multitailles\/1200x900_les-grandes-vacances-de-cow-boy-et-indien-2-19307.jpg"},"800x600":{"url":"https:\/\/www.saint-brevin.com\/medias\/images\/prestations\/multitailles\/800x600_les-grandes-vacances-de-cow-boy-et-indien-2-19307.jpg"},"640x480":{"url":"https:\/\/www.saint-brevin.com\/medias\/images\/prestations\/multitailles\/640x480_les-grandes-vacances-de-cow-boy-et-indien-2-19307.jpg"},"320x240":{"url":"https:\/\/www.saint-brevin.com\/medias\/images\/prestations\/multitailles\/320x240_les-grandes-vacances-de-cow-boy-et-indien-2-19307.jpg"},"160x120":{"url":"https:\/\/www.saint-brevin.com\/medias\/images\/prestations\/multitailles\/160x120_les-grandes-vacances-de-cow-boy-et-indien-2-19307.jpg"},"origine":{"url":"https:\/\/www.saint-brevin.com\/medias\/images\/prestations\/les-grandes-vacances-de-cow-boy-et-indien-2-19307.jpg"}},"urlLien":"","typeLien":"","nofollow":"N","copyright":""},{"url":"https:\/\/www.saint-brevin.com\/medias\/images\/prestations\/les-grandes-vacances-de-cow-boy-et-indien-3-19309.jpg","chemin":"..\/medias\/images\/prestations\/les-grandes-vacances-de-cow-boy-et-indien-3-19309.jpg","libelle":"les-grandes-vacances-de-cow-boy-et-indien-3-19309","extension":"jpg","categorie":"","largeur":816,"theme":"","hauteur":457,"type":"Image","origine":"","liaisonPave":"","langue":"","id":"19309","urlVignette":"https:\/\/www.saint-brevin.com\/medias\/images\/prestations\/v-les-grandes-vacances-de-cow-boy-et-indien-3-19309.jpg","alt":"les-grandes-vacances-de-cow-boy-et-indien-3-19309","title":"les-grandes-vacances-de-cow-boy-et-indien-3-19309","MultiTaille":{"1920x1440":{"url":"https:\/\/www.saint-brevin.com\/medias\/images\/prestations\/multitailles\/1920x1440_les-grandes-vacances-de-cow-boy-et-indien-3-19309.jpg"},"1200x900":{"url":"https:\/\/www.saint-brevin.com\/medias\/images\/prestations\/multitailles\/1200x900_les-grandes-vacances-de-cow-boy-et-indien-3-19309.jpg"},"800x600":{"url":"https:\/\/www.saint-brevin.com\/medias\/images\/prestations\/multitailles\/800x600_les-grandes-vacances-de-cow-boy-et-indien-3-19309.jpg"},"640x480":{"url":"https:\/\/www.saint-brevin.com\/medias\/images\/prestations\/multitailles\/640x480_les-grandes-vacances-de-cow-boy-et-indien-3-19309.jpg"},"320x240":{"url":"https:\/\/www.saint-brevin.com\/medias\/images\/prestations\/multitailles\/320x240_les-grandes-vacances-de-cow-boy-et-indien-3-19309.jpg"},"160x120":{"url":"https:\/\/www.saint-brevin.com\/medias\/images\/prestations\/multitailles\/160x120_les-grandes-vacances-de-cow-boy-et-indien-3-19309.jpg"},"origine":{"url":"https:\/\/www.saint-brevin.com\/medias\/images\/prestations\/les-grandes-vacances-de-cow-boy-et-indien-3-19309.jpg"}},"urlLien":"","typeLien":"","nofollow":"N","copyright":""},{"url":"https:\/\/www.saint-brevin.com\/medias\/images\/prestations\/les-grandes-vacances-de-cow-boy-et-indien-4-19310.jpg","chemin":"..\/medias\/images\/prestations\/les-grandes-vacances-de-cow-boy-et-indien-4-19310.jpg","libelle":"les-grandes-vacances-de-cow-boy-et-indien-4-19310","extension":"jpg","categorie":"","largeur":814,"theme":"","hauteur":461,"type":"Image","origine":"","liaisonPave":"","langue":"","id":"19310","urlVignette":"https:\/\/www.saint-brevin.com\/medias\/images\/prestations\/v-les-grandes-vacances-de-cow-boy-et-indien-4-19310.jpg","alt":"les-grandes-vacances-de-cow-boy-et-indien-4-19310","title":"les-grandes-vacances-de-cow-boy-et-indien-4-19310","MultiTaille":{"1920x1440":{"url":"https:\/\/www.saint-brevin.com\/medias\/images\/prestations\/multitailles\/1920x1440_les-grandes-vacances-de-cow-boy-et-indien-4-19310.jpg"},"1200x900":{"url":"https:\/\/www.saint-brevin.com\/medias\/images\/prestations\/multitailles\/1200x900_les-grandes-vacances-de-cow-boy-et-indien-4-19310.jpg"},"800x600":{"url":"https:\/\/www.saint-brevin.com\/medias\/images\/prestations\/multitailles\/800x600_les-grandes-vacances-de-cow-boy-et-indien-4-19310.jpg"},"640x480":{"url":"https:\/\/www.saint-brevin.com\/medias\/images\/prestations\/multitailles\/640x480_les-grandes-vacances-de-cow-boy-et-indien-4-19310.jpg"},"320x240":{"url":"https:\/\/www.saint-brevin.com\/medias\/images\/prestations\/multitailles\/320x240_les-grandes-vacances-de-cow-boy-et-indien-4-19310.jpg"},"160x120":{"url":"https:\/\/www.saint-brevin.com\/medias\/images\/prestations\/multitailles\/160x120_les-grandes-vacances-de-cow-boy-et-indien-4-19310.jpg"},"origine":{"url":"https:\/\/www.saint-brevin.com\/medias\/images\/prestations\/les-grandes-vacances-de-cow-boy-et-indien-4-19310.jpg"}},"urlLien":"","typeLien":"","nofollow":"N","copyright":""},{"url":"https:\/\/www.saint-brevin.com\/medias\/images\/prestations\/les-grandes-vacances-de-cow-boy-et-indien-5-19311.jpg","chemin":"..\/medias\/images\/prestations\/les-grandes-vacances-de-cow-boy-et-indien-5-19311.jpg","libelle":"les-grandes-vacances-de-cow-boy-et-indien-5-19311","extension":"jpg","categorie":"","largeur":812,"theme":"","hauteur":458,"type":"Image","origine":"","liaisonPave":"","langue":"","id":"19311","urlVignette":"https:\/\/www.saint-brevin.com\/medias\/images\/prestations\/v-les-grandes-vacances-de-cow-boy-et-indien-5-19311.jpg","alt":"les-grandes-vacances-de-cow-boy-et-indien-5-19311","title":"les-grandes-vacances-de-cow-boy-et-indien-5-19311","MultiTaille":{"1920x1440":{"url":"https:\/\/www.saint-brevin.com\/medias\/images\/prestations\/multitailles\/1920x1440_les-grandes-vacances-de-cow-boy-et-indien-5-19311.jpg"},"1200x900":{"url":"https:\/\/www.saint-brevin.com\/medias\/images\/prestations\/multitailles\/1200x900_les-grandes-vacances-de-cow-boy-et-indien-5-19311.jpg"},"800x600":{"url":"https:\/\/www.saint-brevin.com\/medias\/images\/prestations\/multitailles\/800x600_les-grandes-vacances-de-cow-boy-et-indien-5-19311.jpg"},"640x480":{"url":"https:\/\/www.saint-brevin.com\/medias\/images\/prestations\/multitailles\/640x480_les-grandes-vacances-de-cow-boy-et-indien-5-19311.jpg"},"320x240":{"url":"https:\/\/www.saint-brevin.com\/medias\/images\/prestations\/multitailles\/320x240_les-grandes-vacances-de-cow-boy-et-indien-5-19311.jpg"},"160x120":{"url":"https:\/\/www.saint-brevin.com\/medias\/images\/prestations\/multitailles\/160x120_les-grandes-vacances-de-cow-boy-et-indien-5-19311.jpg"},"origine":{"url":"https:\/\/www.saint-brevin.com\/medias\/images\/prestations\/les-grandes-vacances-de-cow-boy-et-indien-5-19311.jpg"}},"urlLien":"","typeLien":"","nofollow":"N","copyright":""},{"url":"https:\/\/www.saint-brevin.com\/medias\/images\/prestations\/les-grandes-vacances-de-cow-boy-et-indien-6-19312.jpg","chemin":"..\/medias\/images\/prestations\/les-grandes-vacances-de-cow-boy-et-indien-6-19312.jpg","libelle":"les-grandes-vacances-de-cow-boy-et-indien-6-19312","extension":"jpg","categorie":"","largeur":816,"theme":"","hauteur":457,"type":"Image","origine":"","liaisonPave":"","langue":"","id":"19312","urlVignette":"https:\/\/www.saint-brevin.com\/medias\/images\/prestations\/v-les-grandes-vacances-de-cow-boy-et-indien-6-19312.jpg","alt":"les-grandes-vacances-de-cow-boy-et-indien-6-19312","title":"les-grandes-vacances-de-cow-boy-et-indien-6-19312","MultiTaille":{"1920x1440":{"url":"https:\/\/www.saint-brevin.com\/medias\/images\/prestations\/multitailles\/1920x1440_les-grandes-vacances-de-cow-boy-et-indien-6-19312.jpg"},"1200x900":{"url":"https:\/\/www.saint-brevin.com\/medias\/images\/prestations\/multitailles\/1200x900_les-grandes-vacances-de-cow-boy-et-indien-6-19312.jpg"},"800x600":{"url":"https:\/\/www.saint-brevin.com\/medias\/images\/prestations\/multitailles\/800x600_les-grandes-vacances-de-cow-boy-et-indien-6-19312.jpg"},"640x480":{"url":"https:\/\/www.saint-brevin.com\/medias\/images\/prestations\/multitailles\/640x480_les-grandes-vacances-de-cow-boy-et-indien-6-19312.jpg"},"320x240":{"url":"https:\/\/www.saint-brevin.com\/medias\/images\/prestations\/multitailles\/320x240_les-grandes-vacances-de-cow-boy-et-indien-6-19312.jpg"},"160x120":{"url":"https:\/\/www.saint-brevin.com\/medias\/images\/prestations\/multitailles\/160x120_les-grandes-vacances-de-cow-boy-et-indien-6-19312.jpg"},"origine":{"url":"https:\/\/www.saint-brevin.com\/medias\/images\/prestations\/les-grandes-vacances-de-cow-boy-et-indien-6-19312.jpg"}},"urlLien":"","typeLien":"","nofollow":"N","copyright":""},{"url":"https:\/\/www.saint-brevin.com\/medias\/images\/prestations\/les-grandes-vacances-de-cow-boy-et-indien-7-19313.jpg","chemin":"..\/medias\/images\/prestations\/les-grandes-vacances-de-cow-boy-et-indien-7-19313.jpg","libelle":"les-grandes-vacances-de-cow-boy-et-indien-7-19313","extension":"jpg","categorie":"","largeur":817,"theme":"","hauteur":459,"type":"Image","origine":"","liaisonPave":"","langue":"","id":"19313","urlVignette":"https:\/\/www.saint-brevin.com\/medias\/images\/prestations\/v-les-grandes-vacances-de-cow-boy-et-indien-7-19313.jpg","alt":"les-grandes-vacances-de-cow-boy-et-indien-7-19313","title":"les-grandes-vacances-de-cow-boy-et-indien-7-19313","MultiTaille":{"1920x1440":{"url":"https:\/\/www.saint-brevin.com\/medias\/images\/prestations\/multitailles\/1920x1440_les-grandes-vacances-de-cow-boy-et-indien-7-19313.jpg"},"1200x900":{"url":"https:\/\/www.saint-brevin.com\/medias\/images\/prestations\/multitailles\/1200x900_les-grandes-vacances-de-cow-boy-et-indien-7-19313.jpg"},"800x600":{"url":"https:\/\/www.saint-brevin.com\/medias\/images\/prestations\/multitailles\/800x600_les-grandes-vacances-de-cow-boy-et-indien-7-19313.jpg"},"640x480":{"url":"https:\/\/www.saint-brevin.com\/medias\/images\/prestations\/multitailles\/640x480_les-grandes-vacances-de-cow-boy-et-indien-7-19313.jpg"},"320x240":{"url":"https:\/\/www.saint-brevin.com\/medias\/images\/prestations\/multitailles\/320x240_les-grandes-vacances-de-cow-boy-et-indien-7-19313.jpg"},"160x120":{"url":"https:\/\/www.saint-brevin.com\/medias\/images\/prestations\/multitailles\/160x120_les-grandes-vacances-de-cow-boy-et-indien-7-19313.jpg"},"origine":{"url":"https:\/\/www.saint-brevin.com\/medias\/images\/prestations\/les-grandes-vacances-de-cow-boy-et-indien-7-19313.jpg"}},"urlLien":"","typeLien":"","nofollow":"N","copyright":""},{"url":"https:\/\/www.saint-brevin.com\/medias\/images\/prestations\/les-grandes-vacances-de-cow-boy-et-indien-8-19314.jpg","chemin":"..\/medias\/images\/prestations\/les-grandes-vacances-de-cow-boy-et-indien-8-19314.jpg","libelle":"les-grandes-vacances-de-cow-boy-et-indien-8-19314","extension":"jpg","categorie":"","largeur":812,"theme":"","hauteur":456,"type":"Image","origine":"","liaisonPave":"","langue":"","id":"19314","urlVignette":"https:\/\/www.saint-brevin.com\/medias\/images\/prestations\/v-les-grandes-vacances-de-cow-boy-et-indien-8-19314.jpg","alt":"les-grandes-vacances-de-cow-boy-et-indien-8-19314","title":"les-grandes-vacances-de-cow-boy-et-indien-8-19314","MultiTaille":{"1920x1440":{"url":"https:\/\/www.saint-brevin.com\/medias\/images\/prestations\/multitailles\/1920x1440_les-grandes-vacances-de-cow-boy-et-indien-8-19314.jpg"},"1200x900":{"url":"https:\/\/www.saint-brevin.com\/medias\/images\/prestations\/multitailles\/1200x900_les-grandes-vacances-de-cow-boy-et-indien-8-19314.jpg"},"800x600":{"url":"https:\/\/www.saint-brevin.com\/medias\/images\/prestations\/multitailles\/800x600_les-grandes-vacances-de-cow-boy-et-indien-8-19314.jpg"},"640x480":{"url":"https:\/\/www.saint-brevin.com\/medias\/images\/prestations\/multitailles\/640x480_les-grandes-vacances-de-cow-boy-et-indien-8-19314.jpg"},"320x240":{"url":"https:\/\/www.saint-brevin.com\/medias\/images\/prestations\/multitailles\/320x240_les-grandes-vacances-de-cow-boy-et-indien-8-19314.jpg"},"160x120":{"url":"https:\/\/www.saint-brevin.com\/medias\/images\/prestations\/multitailles\/160x120_les-grandes-vacances-de-cow-boy-et-indien-8-19314.jpg"},"origine":{"url":"https:\/\/www.saint-brevin.com\/medias\/images\/prestations\/les-grandes-vacances-de-cow-boy-et-indien-8-19314.jpg"}},"urlLien":"","typeLien":"","nofollow":"N","copyright":""},{"url":"https:\/\/www.saint-brevin.com\/medias\/images\/prestations\/les-grandes-vacances-de-cow-boy-et-indien-19315.jpg","chemin":"..\/medias\/images\/prestations\/les-grandes-vacances-de-cow-boy-et-indien-19315.jpg","libelle":"les-grandes-vacances-de-cow-boy-et-indien-19315","extension":"jpg","categorie":"","largeur":410,"theme":"","hauteur":541,"type":"Image","origine":"","liaisonPave":"","langue":"","id":"19315","urlVignette":"https:\/\/www.saint-brevin.com\/medias\/images\/prestations\/v-les-grandes-vacances-de-cow-boy-et-indien-19315.jpg","alt":"les-grandes-vacances-de-cow-boy-et-indien-19315","title":"les-grandes-vacances-de-cow-boy-et-indien-19315","MultiTaille":{"1920x1440":{"url":"https:\/\/www.saint-brevin.com\/medias\/images\/prestations\/multitailles\/1920x1440_les-grandes-vacances-de-cow-boy-et-indien-19315.jpg"},"1200x900":{"url":"https:\/\/www.saint-brevin.com\/medias\/images\/prestations\/multitailles\/1200x900_les-grandes-vacances-de-cow-boy-et-indien-19315.jpg"},"800x600":{"url":"https:\/\/www.saint-brevin.com\/medias\/images\/prestations\/multitailles\/800x600_les-grandes-vacances-de-cow-boy-et-indien-19315.jpg"},"640x480":{"url":"https:\/\/www.saint-brevin.com\/medias\/images\/prestations\/multitailles\/640x480_les-grandes-vacances-de-cow-boy-et-indien-19315.jpg"},"320x240":{"url":"https:\/\/www.saint-brevin.com\/medias\/images\/prestations\/multitailles\/320x240_les-grandes-vacances-de-cow-boy-et-indien-19315.jpg"},"160x120":{"url":"https:\/\/www.saint-brevin.com\/medias\/images\/prestations\/multitailles\/160x120_les-grandes-vacances-de-cow-boy-et-indien-19315.jpg"},"origine":{"url":"https:\/\/www.saint-brevin.com\/medias\/images\/prestations\/les-grandes-vacances-de-cow-boy-et-indien-19315.jpg"}},"urlLien":"","typeLien":"","nofollow":"N","copyright":""}]},"Image":[{"url":"https:\/\/www.saint-brevin.com\/medias\/images\/prestations\/les-grandes-vacances-de-cow-boy-et-indien-1-19308.jpg","chemin":"..\/medias\/images\/prestations\/les-grandes-vacances-de-cow-boy-et-indien-1-19308.jpg","libelle":"les-grandes-vacances-de-cow-boy-et-indien-1-19308","extension":"jpg","categorie":"","largeur":814,"theme":"","hauteur":451,"type":"Image","origine":"","liaisonPave":"","langue":"","id":"19308","urlVignette":"https:\/\/www.saint-brevin.com\/medias\/images\/prestations\/v-les-grandes-vacances-de-cow-boy-et-indien-1-19308.jpg","alt":"les-grandes-vacances-de-cow-boy-et-indien-1-19308","title":"les-grandes-vacances-de-cow-boy-et-indien-1-19308","MultiTaille":{"1920x1440":{"url":"https:\/\/www.saint-brevin.com\/medias\/images\/prestations\/multitailles\/1920x1440_les-grandes-vacances-de-cow-boy-et-indien-1-19308.jpg"},"1200x900":{"url":"https:\/\/www.saint-brevin.com\/medias\/images\/prestations\/multitailles\/1200x900_les-grandes-vacances-de-cow-boy-et-indien-1-19308.jpg"},"800x600":{"url":"https:\/\/www.saint-brevin.com\/medias\/images\/prestations\/multitailles\/800x600_les-grandes-vacances-de-cow-boy-et-indien-1-19308.jpg"},"640x480":{"url":"https:\/\/www.saint-brevin.com\/medias\/images\/prestations\/multitailles\/640x480_les-grandes-vacances-de-cow-boy-et-indien-1-19308.jpg"},"320x240":{"url":"https:\/\/www.saint-brevin.com\/medias\/images\/prestations\/multitailles\/320x240_les-grandes-vacances-de-cow-boy-et-indien-1-19308.jpg"},"160x120":{"url":"https:\/\/www.saint-brevin.com\/medias\/images\/prestations\/multitailles\/160x120_les-grandes-vacances-de-cow-boy-et-indien-1-19308.jpg"},"origine":{"url":"https:\/\/www.saint-brevin.com\/medias\/images\/prestations\/les-grandes-vacances-de-cow-boy-et-indien-1-19308.jpg"}},"urlLien":"","typeLien":"","nofollow":"N","copyright":""},{"url":"https:\/\/www.saint-brevin.com\/medias\/images\/prestations\/les-grandes-vacances-de-cow-boy-et-indien-2-19307.jpg","chemin":"..\/medias\/images\/prestations\/les-grandes-vacances-de-cow-boy-et-indien-2-19307.jpg","libelle":"les-grandes-vacances-de-cow-boy-et-indien-2-19307","extension":"jpg","categorie":"","largeur":817,"theme":"","hauteur":456,"type":"Image","origine":"","liaisonPave":"","langue":"","id":"19307","urlVignette":"https:\/\/www.saint-brevin.com\/medias\/images\/prestations\/v-les-grandes-vacances-de-cow-boy-et-indien-2-19307.jpg","alt":"les-grandes-vacances-de-cow-boy-et-indien-2-19307","title":"les-grandes-vacances-de-cow-boy-et-indien-2-19307","MultiTaille":{"1920x1440":{"url":"https:\/\/www.saint-brevin.com\/medias\/images\/prestations\/multitailles\/1920x1440_les-grandes-vacances-de-cow-boy-et-indien-2-19307.jpg"},"1200x900":{"url":"https:\/\/www.saint-brevin.com\/medias\/images\/prestations\/multitailles\/1200x900_les-grandes-vacances-de-cow-boy-et-indien-2-19307.jpg"},"800x600":{"url":"https:\/\/www.saint-brevin.com\/medias\/images\/prestations\/multitailles\/800x600_les-grandes-vacances-de-cow-boy-et-indien-2-19307.jpg"},"640x480":{"url":"https:\/\/www.saint-brevin.com\/medias\/images\/prestations\/multitailles\/640x480_les-grandes-vacances-de-cow-boy-et-indien-2-19307.jpg"},"320x240":{"url":"https:\/\/www.saint-brevin.com\/medias\/images\/prestations\/multitailles\/320x240_les-grandes-vacances-de-cow-boy-et-indien-2-19307.jpg"},"160x120":{"url":"https:\/\/www.saint-brevin.com\/medias\/images\/prestations\/multitailles\/160x120_les-grandes-vacances-de-cow-boy-et-indien-2-19307.jpg"},"origine":{"url":"https:\/\/www.saint-brevin.com\/medias\/images\/prestations\/les-grandes-vacances-de-cow-boy-et-indien-2-19307.jpg"}},"urlLien":"","typeLien":"","nofollow":"N","copyright":""},{"url":"https:\/\/www.saint-brevin.com\/medias\/images\/prestations\/les-grandes-vacances-de-cow-boy-et-indien-3-19309.jpg","chemin":"..\/medias\/images\/prestations\/les-grandes-vacances-de-cow-boy-et-indien-3-19309.jpg","libelle":"les-grandes-vacances-de-cow-boy-et-indien-3-19309","extension":"jpg","categorie":"","largeur":816,"theme":"","hauteur":457,"type":"Image","origine":"","liaisonPave":"","langue":"","id":"19309","urlVignette":"https:\/\/www.saint-brevin.com\/medias\/images\/prestations\/v-les-grandes-vacances-de-cow-boy-et-indien-3-19309.jpg","alt":"les-grandes-vacances-de-cow-boy-et-indien-3-19309","title":"les-grandes-vacances-de-cow-boy-et-indien-3-19309","MultiTaille":{"1920x1440":{"url":"https:\/\/www.saint-brevin.com\/medias\/images\/prestations\/multitailles\/1920x1440_les-grandes-vacances-de-cow-boy-et-indien-3-19309.jpg"},"1200x900":{"url":"https:\/\/www.saint-brevin.com\/medias\/images\/prestations\/multitailles\/1200x900_les-grandes-vacances-de-cow-boy-et-indien-3-19309.jpg"},"800x600":{"url":"https:\/\/www.saint-brevin.com\/medias\/images\/prestations\/multitailles\/800x600_les-grandes-vacances-de-cow-boy-et-indien-3-19309.jpg"},"640x480":{"url":"https:\/\/www.saint-brevin.com\/medias\/images\/prestations\/multitailles\/640x480_les-grandes-vacances-de-cow-boy-et-indien-3-19309.jpg"},"320x240":{"url":"https:\/\/www.saint-brevin.com\/medias\/images\/prestations\/multitailles\/320x240_les-grandes-vacances-de-cow-boy-et-indien-3-19309.jpg"},"160x120":{"url":"https:\/\/www.saint-brevin.com\/medias\/images\/prestations\/multitailles\/160x120_les-grandes-vacances-de-cow-boy-et-indien-3-19309.jpg"},"origine":{"url":"https:\/\/www.saint-brevin.com\/medias\/images\/prestations\/les-grandes-vacances-de-cow-boy-et-indien-3-19309.jpg"}},"urlLien":"","typeLien":"","nofollow":"N","copyright":""},{"url":"https:\/\/www.saint-brevin.com\/medias\/images\/prestations\/les-grandes-vacances-de-cow-boy-et-indien-4-19310.jpg","chemin":"..\/medias\/images\/prestations\/les-grandes-vacances-de-cow-boy-et-indien-4-19310.jpg","libelle":"les-grandes-vacances-de-cow-boy-et-indien-4-19310","extension":"jpg","categorie":"","largeur":814,"theme":"","hauteur":461,"type":"Image","origine":"","liaisonPave":"","langue":"","id":"19310","urlVignette":"https:\/\/www.saint-brevin.com\/medias\/images\/prestations\/v-les-grandes-vacances-de-cow-boy-et-indien-4-19310.jpg","alt":"les-grandes-vacances-de-cow-boy-et-indien-4-19310","title":"les-grandes-vacances-de-cow-boy-et-indien-4-19310","MultiTaille":{"1920x1440":{"url":"https:\/\/www.saint-brevin.com\/medias\/images\/prestations\/multitailles\/1920x1440_les-grandes-vacances-de-cow-boy-et-indien-4-19310.jpg"},"1200x900":{"url":"https:\/\/www.saint-brevin.com\/medias\/images\/prestations\/multitailles\/1200x900_les-grandes-vacances-de-cow-boy-et-indien-4-19310.jpg"},"800x600":{"url":"https:\/\/www.saint-brevin.com\/medias\/images\/prestations\/multitailles\/800x600_les-grandes-vacances-de-cow-boy-et-indien-4-19310.jpg"},"640x480":{"url":"https:\/\/www.saint-brevin.com\/medias\/images\/prestations\/multitailles\/640x480_les-grandes-vacances-de-cow-boy-et-indien-4-19310.jpg"},"320x240":{"url":"https:\/\/www.saint-brevin.com\/medias\/images\/prestations\/multitailles\/320x240_les-grandes-vacances-de-cow-boy-et-indien-4-19310.jpg"},"160x120":{"url":"https:\/\/www.saint-brevin.com\/medias\/images\/prestations\/multitailles\/160x120_les-grandes-vacances-de-cow-boy-et-indien-4-19310.jpg"},"origine":{"url":"https:\/\/www.saint-brevin.com\/medias\/images\/prestations\/les-grandes-vacances-de-cow-boy-et-indien-4-19310.jpg"}},"urlLien":"","typeLien":"","nofollow":"N","copyright":""},{"url":"https:\/\/www.saint-brevin.com\/medias\/images\/prestations\/les-grandes-vacances-de-cow-boy-et-indien-5-19311.jpg","chemin":"..\/medias\/images\/prestations\/les-grandes-vacances-de-cow-boy-et-indien-5-19311.jpg","libelle":"les-grandes-vacances-de-cow-boy-et-indien-5-19311","extension":"jpg","categorie":"","largeur":812,"theme":"","hauteur":458,"type":"Image","origine":"","liaisonPave":"","langue":"","id":"19311","urlVignette":"https:\/\/www.saint-brevin.com\/medias\/images\/prestations\/v-les-grandes-vacances-de-cow-boy-et-indien-5-19311.jpg","alt":"les-grandes-vacances-de-cow-boy-et-indien-5-19311","title":"les-grandes-vacances-de-cow-boy-et-indien-5-19311","MultiTaille":{"1920x1440":{"url":"https:\/\/www.saint-brevin.com\/medias\/images\/prestations\/multitailles\/1920x1440_les-grandes-vacances-de-cow-boy-et-indien-5-19311.jpg"},"1200x900":{"url":"https:\/\/www.saint-brevin.com\/medias\/images\/prestations\/multitailles\/1200x900_les-grandes-vacances-de-cow-boy-et-indien-5-19311.jpg"},"800x600":{"url":"https:\/\/www.saint-brevin.com\/medias\/images\/prestations\/multitailles\/800x600_les-grandes-vacances-de-cow-boy-et-indien-5-19311.jpg"},"640x480":{"url":"https:\/\/www.saint-brevin.com\/medias\/images\/prestations\/multitailles\/640x480_les-grandes-vacances-de-cow-boy-et-indien-5-19311.jpg"},"320x240":{"url":"https:\/\/www.saint-brevin.com\/medias\/images\/prestations\/multitailles\/320x240_les-grandes-vacances-de-cow-boy-et-indien-5-19311.jpg"},"160x120":{"url":"https:\/\/www.saint-brevin.com\/medias\/images\/prestations\/multitailles\/160x120_les-grandes-vacances-de-cow-boy-et-indien-5-19311.jpg"},"origine":{"url":"https:\/\/www.saint-brevin.com\/medias\/images\/prestations\/les-grandes-vacances-de-cow-boy-et-indien-5-19311.jpg"}},"urlLien":"","typeLien":"","nofollow":"N","copyright":""},{"url":"https:\/\/www.saint-brevin.com\/medias\/images\/prestations\/les-grandes-vacances-de-cow-boy-et-indien-6-19312.jpg","chemin":"..\/medias\/images\/prestations\/les-grandes-vacances-de-cow-boy-et-indien-6-19312.jpg","libelle":"les-grandes-vacances-de-cow-boy-et-indien-6-19312","extension":"jpg","categorie":"","largeur":816,"theme":"","hauteur":457,"type":"Image","origine":"","liaisonPave":"","langue":"","id":"19312","urlVignette":"https:\/\/www.saint-brevin.com\/medias\/images\/prestations\/v-les-grandes-vacances-de-cow-boy-et-indien-6-19312.jpg","alt":"les-grandes-vacances-de-cow-boy-et-indien-6-19312","title":"les-grandes-vacances-de-cow-boy-et-indien-6-19312","MultiTaille":{"1920x1440":{"url":"https:\/\/www.saint-brevin.com\/medias\/images\/prestations\/multitailles\/1920x1440_les-grandes-vacances-de-cow-boy-et-indien-6-19312.jpg"},"1200x900":{"url":"https:\/\/www.saint-brevin.com\/medias\/images\/prestations\/multitailles\/1200x900_les-grandes-vacances-de-cow-boy-et-indien-6-19312.jpg"},"800x600":{"url":"https:\/\/www.saint-brevin.com\/medias\/images\/prestations\/multitailles\/800x600_les-grandes-vacances-de-cow-boy-et-indien-6-19312.jpg"},"640x480":{"url":"https:\/\/www.saint-brevin.com\/medias\/images\/prestations\/multitailles\/640x480_les-grandes-vacances-de-cow-boy-et-indien-6-19312.jpg"},"320x240":{"url":"https:\/\/www.saint-brevin.com\/medias\/images\/prestations\/multitailles\/320x240_les-grandes-vacances-de-cow-boy-et-indien-6-19312.jpg"},"160x120":{"url":"https:\/\/www.saint-brevin.com\/medias\/images\/prestations\/multitailles\/160x120_les-grandes-vacances-de-cow-boy-et-indien-6-19312.jpg"},"origine":{"url":"https:\/\/www.saint-brevin.com\/medias\/images\/prestations\/les-grandes-vacances-de-cow-boy-et-indien-6-19312.jpg"}},"urlLien":"","typeLien":"","nofollow":"N","copyright":""},{"url":"https:\/\/www.saint-brevin.com\/medias\/images\/prestations\/les-grandes-vacances-de-cow-boy-et-indien-7-19313.jpg","chemin":"..\/medias\/images\/prestations\/les-grandes-vacances-de-cow-boy-et-indien-7-19313.jpg","libelle":"les-grandes-vacances-de-cow-boy-et-indien-7-19313","extension":"jpg","categorie":"","largeur":817,"theme":"","hauteur":459,"type":"Image","origine":"","liaisonPave":"","langue":"","id":"19313","urlVignette":"https:\/\/www.saint-brevin.com\/medias\/images\/prestations\/v-les-grandes-vacances-de-cow-boy-et-indien-7-19313.jpg","alt":"les-grandes-vacances-de-cow-boy-et-indien-7-19313","title":"les-grandes-vacances-de-cow-boy-et-indien-7-19313","MultiTaille":{"1920x1440":{"url":"https:\/\/www.saint-brevin.com\/medias\/images\/prestations\/multitailles\/1920x1440_les-grandes-vacances-de-cow-boy-et-indien-7-19313.jpg"},"1200x900":{"url":"https:\/\/www.saint-brevin.com\/medias\/images\/prestations\/multitailles\/1200x900_les-grandes-vacances-de-cow-boy-et-indien-7-19313.jpg"},"800x600":{"url":"https:\/\/www.saint-brevin.com\/medias\/images\/prestations\/multitailles\/800x600_les-grandes-vacances-de-cow-boy-et-indien-7-19313.jpg"},"640x480":{"url":"https:\/\/www.saint-brevin.com\/medias\/images\/prestations\/multitailles\/640x480_les-grandes-vacances-de-cow-boy-et-indien-7-19313.jpg"},"320x240":{"url":"https:\/\/www.saint-brevin.com\/medias\/images\/prestations\/multitailles\/320x240_les-grandes-vacances-de-cow-boy-et-indien-7-19313.jpg"},"160x120":{"url":"https:\/\/www.saint-brevin.com\/medias\/images\/prestations\/multitailles\/160x120_les-grandes-vacances-de-cow-boy-et-indien-7-19313.jpg"},"origine":{"url":"https:\/\/www.saint-brevin.com\/medias\/images\/prestations\/les-grandes-vacances-de-cow-boy-et-indien-7-19313.jpg"}},"urlLien":"","typeLien":"","nofollow":"N","copyright":""},{"url":"https:\/\/www.saint-brevin.com\/medias\/images\/prestations\/les-grandes-vacances-de-cow-boy-et-indien-8-19314.jpg","chemin":"..\/medias\/images\/prestations\/les-grandes-vacances-de-cow-boy-et-indien-8-19314.jpg","libelle":"les-grandes-vacances-de-cow-boy-et-indien-8-19314","extension":"jpg","categorie":"","largeur":812,"theme":"","hauteur":456,"type":"Image","origine":"","liaisonPave":"","langue":"","id":"19314","urlVignette":"https:\/\/www.saint-brevin.com\/medias\/images\/prestations\/v-les-grandes-vacances-de-cow-boy-et-indien-8-19314.jpg","alt":"les-grandes-vacances-de-cow-boy-et-indien-8-19314","title":"les-grandes-vacances-de-cow-boy-et-indien-8-19314","MultiTaille":{"1920x1440":{"url":"https:\/\/www.saint-brevin.com\/medias\/images\/prestations\/multitailles\/1920x1440_les-grandes-vacances-de-cow-boy-et-indien-8-19314.jpg"},"1200x900":{"url":"https:\/\/www.saint-brevin.com\/medias\/images\/prestations\/multitailles\/1200x900_les-grandes-vacances-de-cow-boy-et-indien-8-19314.jpg"},"800x600":{"url":"https:\/\/www.saint-brevin.com\/medias\/images\/prestations\/multitailles\/800x600_les-grandes-vacances-de-cow-boy-et-indien-8-19314.jpg"},"640x480":{"url":"https:\/\/www.saint-brevin.com\/medias\/images\/prestations\/multitailles\/640x480_les-grandes-vacances-de-cow-boy-et-indien-8-19314.jpg"},"320x240":{"url":"https:\/\/www.saint-brevin.com\/medias\/images\/prestations\/multitailles\/320x240_les-grandes-vacances-de-cow-boy-et-indien-8-19314.jpg"},"160x120":{"url":"https:\/\/www.saint-brevin.com\/medias\/images\/prestations\/multitailles\/160x120_les-grandes-vacances-de-cow-boy-et-indien-8-19314.jpg"},"origine":{"url":"https:\/\/www.saint-brevin.com\/medias\/images\/prestations\/les-grandes-vacances-de-cow-boy-et-indien-8-19314.jpg"}},"urlLien":"","typeLien":"","nofollow":"N","copyright":""},{"url":"https:\/\/www.saint-brevin.com\/medias\/images\/prestations\/les-grandes-vacances-de-cow-boy-et-indien-19315.jpg","chemin":"..\/medias\/images\/prestations\/les-grandes-vacances-de-cow-boy-et-indien-19315.jpg","libelle":"les-grandes-vacances-de-cow-boy-et-indien-19315","extension":"jpg","categorie":"","largeur":410,"theme":"","hauteur":541,"type":"Image","origine":"","liaisonPave":"","langue":"","id":"19315","urlVignette":"https:\/\/www.saint-brevin.com\/medias\/images\/prestations\/v-les-grandes-vacances-de-cow-boy-et-indien-19315.jpg","alt":"les-grandes-vacances-de-cow-boy-et-indien-19315","title":"les-grandes-vacances-de-cow-boy-et-indien-19315","MultiTaille":{"1920x1440":{"url":"https:\/\/www.saint-brevin.com\/medias\/images\/prestations\/multitailles\/1920x1440_les-grandes-vacances-de-cow-boy-et-indien-19315.jpg"},"1200x900":{"url":"https:\/\/www.saint-brevin.com\/medias\/images\/prestations\/multitailles\/1200x900_les-grandes-vacances-de-cow-boy-et-indien-19315.jpg"},"800x600":{"url":"https:\/\/www.saint-brevin.com\/medias\/images\/prestations\/multitailles\/800x600_les-grandes-vacances-de-cow-boy-et-indien-19315.jpg"},"640x480":{"url":"https:\/\/www.saint-brevin.com\/medias\/images\/prestations\/multitailles\/640x480_les-grandes-vacances-de-cow-boy-et-indien-19315.jpg"},"320x240":{"url":"https:\/\/www.saint-brevin.com\/medias\/images\/prestations\/multitailles\/320x240_les-grandes-vacances-de-cow-boy-et-indien-19315.jpg"},"160x120":{"url":"https:\/\/www.saint-brevin.com\/medias\/images\/prestations\/multitailles\/160x120_les-grandes-vacances-de-cow-boy-et-indien-19315.jpg"},"origine":{"url":"https:\/\/www.saint-brevin.com\/medias\/images\/prestations\/les-grandes-vacances-de-cow-boy-et-indien-19315.jpg"}},"urlLien":"","typeLien":"","nofollow":"N","copyright":""}],"Video":[{"url":"https:\/\/youtu.be\/vQeASS_J2mU","libelle":"Les Grandes Vacances de Cowboy et Indien","categorie":"","largeur":"","theme":"","hauteur":"","type":"Video","origine":"YOUTUBE","liaisonPave":"","langue":"","id":"19316","htmlVideo":"\u003Ciframe src=\"https:\/\/www.youtube.com\/embed\/vQeASS_J2mU?wmode=opaque&rel=0&start=0\" width=\"\" height=\"\" style=\"border:0;\" allowfullscreen\u003E\u003C\/iframe\u003E","vignetteVideo":"\u003Cimg src=\"https:\/\/img.youtube.com\/vi\/vQeASS_J2mU\/0.jpg\" \/\u003E"}]},"DateDebPublication":"","DateFinPublication":"","PrixAPartirDe":"","PrixPour":"","FicheListeEnCours":"fiche_liste_agenda_prestation_v2017","ParametresModele":{"AfficherPhotos":"1","NbPhotosMax":6,"AfficherReserver":0,"AfficherContact":0,"AfficherSalle":1,"AfficherZoneGeo":0,"AfficherEnSavoirPlus":"1","AfficherUneSeuleOuverture":"1","AfficherContactCarte":1,"AfficherTarifsChaudAPartirDe":0,"AfficherTarifChaudSansRecherche":0,"AfficherLiensCarnetVoyage":"1","AfficherOuverture":"1","BlocCritereInfo":{"critere1":{"libelle":""},"critere2":{"libelle":""},"critere3":{"libelle":""},"critere4":{"libelle":""},"critere5":{"libelle":""},"critere6":{"libelle":""},"critere7":{"libelle":"","liste_critere":["COMMUNES|Y"]},"critere8":{"libelle":""},"critere9":{"libelle":""},"afficherpictoetpaslibelle":"1"},"CriteresComportementResa":"|RESABILLET[RESAENLIGNE|","PositionBloc":"GALLERIE|NOM|OUVERTURES|CARNET_VOYAGE|URL|LIEN_RESERVER_DETAIL","TypePrestataire":"Y","ComportementResa":false,"ComportementDispo":false},"AffichageCoordonnees":[],"Coordonnees":{"Ville":"ST BREVIN LES PINS"},"ContexteId":"PRESTATION|Y|LOIPDL044V500448|LESGRANDESVACANCESDECOWBOYETIN","ContexteIdHtml":"PRESTATION-Y-LOIPDL044V500448-LESGRANDESVACANCESDECOWBOYETIN","cleContexte":"Y|LOIPDL044V500448|LESGRANDESVACANCESDECOWBOYETIN","Bloc":{"texte1":"","texte3":"","critere1":{"libelle":"","contenu":[]},"critere2":{"libelle":"","contenu":[]},"critere3":{"libelle":"","contenu":[]},"critere4":{"libelle":"","contenu":[]},"critere5":{"libelle":"","contenu":[]},"critere6":{"libelle":"","contenu":[]},"critere7":{"libelle":"","contenu":{"COMMUNES":{"libelle":"COMMUNE","contenu":{"1":"Saint-Brevin"},"codesValeurs":{"1":"COMMUNES|SAINTBREVIN|Y"},"criteres_datas":{"valeurs":{"1":{"SAINTBREVIN":{"descriptif":""}}}}}}},"critere8":{"libelle":"","contenu":[]},"critere9":{"libelle":"","contenu":[]}},"LocalisationGps":{"Latitude":"47.23483","Longitude":"-2.15552"},"libelleDuPrestataire":"","vuePrestataire":{"pave1":{"libelle":"Descriptif","contenu":""},"pave2":{"libelle":"","contenu":""},"pave3":{"libelle":"","contenu":""},"pave4":{"libelle":"","contenu":""},"pave5":{"libelle":"","contenu":""},"pave6":{"libelle":"","contenu":""},"pave7":{"libelle":"","contenu":""},"pave8":{"libelle":"","contenu":""},"pave9":{"libelle":"","contenu":""},"pave10":{"libelle":"","contenu":""},"pave11":{"libelle":"","contenu":""},"pave12":{"libelle":"","contenu":""},"pave13":{"libelle":"","contenu":""},"pave14":{"libelle":"","contenu":""},"pave15":{"libelle":"","contenu":""},"pave16":{"libelle":"","contenu":""},"pave17":{"libelle":"","contenu":""},"pave18":{"libelle":"","contenu":""},"pave19":{"libelle":"","contenu":""},"pave20":{"libelle":"","contenu":""},"pave21":{"libelle":"","contenu":""},"pave22":{"libelle":"","contenu":""},"pave23":{"libelle":"","contenu":""},"pave24":{"libelle":"","contenu":""},"pave25":{"libelle":"","contenu":""},"ContactsParType":{"RESP":{"12":{"id_contact":"12","type_contact":"RESP","categorie_contact":"PRESTATAIRE","societe_contact":"","fonction_contact":"","civilite_nom_prenom_contact":"M Letort Rodolphe ","adresse1_contact":"Avenue des Fr\u00e8res Lumi\u00e8re","adresse2_contact":"","adresse3_contact":"","cpostal_contact":"44250","ville_contact":"ST BREVIN LES PINS","teldom_contact":"02 40 39 39 39","telbur_contact":"","fax_contact":"","portable_contact":"06 03 32 69 03","email_contact":"cinejade@tourisme-saint-brevin.fr","siteweb_contact":"","commentaire_contact":"","langue_contact":"","autre_moyen_com":[]}}},"Libelle":"Cin\u00e9jade","Nom":"Cin\u00e9jade","Prenom":"","NomPrenom":"Cin\u00e9jade ","CiviliteNomPrenom":"Cin\u00e9jade ","Cle":"Y|LOIPDL044V500448","PrestataireParent":"","ContexteStat":"PRESTATAIRE-Y-LOIPDL044V500448","DateModificationIso":"2024-02-12T18:01:00+01:00","Type":"PRESTATAIRE","TypePrestataire":"Y","Adresse":{"LigneAdresse1":"2 Avenue des Fr\u00e8res Lumi\u00e8re","LigneAdresse2":"","LigneAdresse3":"","CodePostal":"44250","Ville":"ST BREVIN LES PINS","Cedex":"","Etat":"","Pays":"FRA"},"Email":"ot@tourisme-saint-brevin.fr","Telephone":"02 40 39 39 39","TelephoneBureau":"","Portable":"","SiteWeb":"","Fax":"","Id":"y-loipdl044v500448","Code":"Y|LOIPDL044V500448","Fichier":[],"Url":"","Localisation":{"GoogleMap":{"Latitude":"47.23479","Longitude":"-2.15553"}},"ZoneGeo":"","Criteres":{"COMMUNES[SAINTBREVIN":"","INSPUBMAJ[GRATUITPRECISER":"Equipement SEM SEL","LDLTH[DHAACO":"","DLATH[DDA":"","THANDI[WC":"","THANDI[ACCESFAUT":"","MAJINGENIE[DATEDERNIEREMAJ":"20170914","MISEAJOUR[ANNABELLE":""},"DateFinPublication":"","AffichageCoordonnees":[]},"listeCriteres":{"ALAFFICHEACC":{"OUIALAFFICHE":""},"LIEUMANIF":{"SAINTBREVIN":""},"TYPEDEPROGRAMMATION":{"CINEFILOU":"","ENFANTS":""},"CATEGORIEANIMATION":{"CINE":"","CINEJADE":""},"THEME":{"DESS":""},"ICA":{"DS":"52mn","SA":"","PLAL":"","ICATP":"","AGEMINIM":"5"},"ANIAH":{"ANIACC":""},"GANIMA":{"GANIMNON":""},"PERIOD":{"YDPERI":""},"MODEPAIEMENT":{"LCBP":"","LESPE":"","LCB":"","LAE":""},"MISEAJOURINGENIE":{"DATEDERNIEREMAJ":"20230323"},"MISEAJOURPAR":{"ANNABELLE":""},"COMMUNES":{"SAINTBREVIN":""},"INSPUBMAJ":{"GRATUITPRECISER":"Equipement SEM SEL"},"LDLTH":{"DHAACO":""},"DLATH":{"DDA":""},"THANDI":{"WC":"","ACCESFAUT":""},"MAJINGENIE":{"DATEDERNIEREMAJ":"20170914"},"MISEAJOUR":{"ANNABELLE":""}},"dansCarnetVoyage":true,"Ouverture":[],"OuverturePasse":[]},"html":" \n \u003Cdiv id=\"CV-PRESTATION-Y-LOIPDL044V500448-LESGRANDESVACANCESDECOWBOYETIN\" data-contexte-id=\"PRESTATION|Y|LOIPDL044V500448|LESGRANDESVACANCESDECOWBOYETIN\" data-cle=\"Y|LOIPDL044V500448|LESGRANDESVACANCESDECOWBOYETIN\" class=\"fiche-liste\"\u003E\n    \n\n    \u003C!-- partie photo --\u003E\n    \u003Cdiv class=\"photo\"\u003E\t\t\t\t\t\t\t\t\t\t\t\t\t\t\t\t\t\t\t\t\t\n        \u003Cdiv class=\"cadre_photo_principale\"\u003E\t\t\n        \n            \t\t\t\t\t\n                    \u003Ca href=\"little-films-festival-les-grandes-vacances-de-cowboy-et-indien.html?origine=carnet#media\"\u003E\n                        \u003Cimg class=\"photo_principale\" alt=\"les-grandes-vacances-de-cow-boy-et-indien-1-19308\" src=\"https:\/\/www.saint-brevin.com\/medias\/images\/prestations\/multitailles\/320x240_les-grandes-vacances-de-cow-boy-et-indien-1-19308.jpg\" itemprop=\"image\"\u003E\n                    \u003C\/a\u003E\t\t\t\t\t\t\n                \n                    \u003C\/div\u003E\t\t\t\t\t\t\t\t\t\t\t\t\t\t\t\t\t\t\t \t\t\n    \u003C\/div\u003E\n    \n    \u003C!-- partie nom prest --\u003E\n    \u003Cdiv class=\"nom\"\u003E\n        \u003Ch2\u003ELittle Films Festival : Les Grandes Vacances de Cowboy et Indien\u003C\/h2\u003E\n        \n            \u003C\/div\u003E\n\n         \n    \u003C!-- partie adresse --\u003E\n    \u003Cdiv class=\"adresse\"\u003E\n    \n          \n    \u003C\/div\u003E\n    \n    \u003C!-- partie liens --\u003E\n    \u003Cdiv class=\"liens\"\u003E\n            \u003Ca class=\"btn-icon btn-view \" title=\"Voir la fiche d\u00e9taill\u00e9e\" href=\"little-films-festival-les-grandes-vacances-de-cowboy-et-indien.html?origine=carnet\"\u003E\u003C\/a\u003E\u003C!--\u003Ca class=\"btn-icon btn-view \" title=\"\" href=\"?origine=carnet#thaut\"\u003E\u003C\/a\u003E--\u003E\n      \u003Ca class=\"btn-icon btn-trash carnet_voyage_supprimer\" title=\"Supprimer cette fiche de mon carnet de voyage\" href=\"carnet-voyage?action=remove&fiche=Y|LOIPDL044V500448|LESGRANDESVACANCESDECOWBOYETIN\"\u003E\u003C\/a\u003E\n    \u003C\/div\u003E\n\n\u003C\/div\u003E\n\n","icon":"https:\/\/static.ingenie.fr\/images\/carnetVoyageV3\/Y.png"},"fiche":"Y|LOIPDL044V500448|LESGRANDESVACANCESDECOWBOYETIN","popup":"\u003Cdiv id=\"bloc_popup_ajout_fiche_carnet\"\u003E\n    \u003Cdiv class=\"info_popup_ajout_fiche_carnet\"\u003E\n        Vous venez d'ajouter cet \u00e9l\u00e9ment \u00e0 votre carnet de voyage :    \u003C\/div\u003E\n    \u003Cdiv class=\"prest_popup_ajout_fiche_carnet\"\u003E\n        Little Films Festival : Les Grandes Vacances de Cowboy et Indien    \u003C\/div\u003E\n    \u003Cdiv class=\"bloc_btn_ajout_fiche_carnet form_submit_div\"\u003E\n        \u003Cinput type=\"button\" value=\"Continuer ma s\u00e9lection\" title=\"Continuer ma s\u00e9lection\" name=\"btn_close\" class=\"btn_close_popup_carnet form_submit\" onclick=\"$.colorbox.close()\" \/\u003E\n        \u003Cinput type=\"button\" value=\"Voir mon carnet de voyage\" title=\"Voir mon carnet\" name=\"btn_panier\" class=\"btn_panier_popup_carnet form_submit\" onclick=\"if(typeof CarnetVoyage != 'undefined') {CarnetVoyage.voirCarnet();}\" \/\u003E\n    \u003C\/div\u003E\n    \u003Cdiv class=\"bloc_btn_ajout_fiche_carnet\"\u003E\n        \u003Cinput type=\"checkbox\" value=\"1\" name=\"desactiver_popup\" id=\"desactiver_popup\" \/\u003E\n        \u003Clabel for=\"desactiver_popup\"\u003ENe plus afficher ce message\u003C\/label\u003E\n    \u003C\/div\u003E\n\u003C\/div\u003E","success":1}