{"nbFiches":1,"dataPrest":{"infoPrest":{"pave1":{"libelle":"Slogan","contenu":"","fichiers":[]},"pave2":{"libelle":"Descriptif","contenu":"Lanc&eacute; il y a plus de 20 ans, le \u003Cstrong style=\"font-size: 14px;\"\u003E\u003Ca href=\"https:\/\/www.festivaldessolidarites.org\/evenements?city=44250&amp;start_date=&amp;end_date=&amp;q=\" target=\"_blank\"\u003EFestival des Solidarit&eacute;s\u003C\/a\u003E\u003C\/strong\u003E est&nbsp;un rendez-vous international pour promouvoir et c&eacute;l&eacute;brer une solidarit&eacute; ouverte au monde et aux autres.\u003Cbr \/\u003E\r\nChaque ann&eacute;e en novembre, des associations, collectivit&eacute;s, &eacute;tablissements scolaires, structures socio-culturelles, acteurs d&#39;&eacute;conomie sociale, groupes de citoyen.ne.s, etc. organisent plus de 4 400 animations conviviales et engag&eacute;es pour&nbsp;donner aux citoyen.ne.s de tout &acirc;ge l&#39;envie d&rsquo;agir pour un monde juste, solidaire et durable.\u003Cbr \/\u003E\r\nL&rsquo;&eacute;dition 2025 se d&eacute;roulera du vendredi 14 novembre au dimanche 30 novembre en France et du&nbsp;jeudi 27 au samedi 29 novembre &agrave; Saint-Brevin sur le th&egrave;me &laquo; Le respect des droits humains, o&ugrave; en sommes-nous ?\u003Cbr \/\u003E\r\n\u003Cbr \/\u003E\r\nDans ce cadre, Cin&eacute;jade ouvre la programmation avec cette soir&eacute;e d&#39;ouverture, jeudi 27 novembre &agrave; 20h30.\u003Cbr \/\u003E\r\n\u003Cbr \/\u003E\r\n\u003Cspan style=\"color:#008080;\"\u003E\u003Cstrong\u003EProgramme :\u003C\/strong\u003E\u003C\/span\u003E\u003Cbr \/\u003E\r\n\u003Cspan style=\"color: rgb(34, 34, 34); font-family: Arial, Helvetica, sans-serif; font-size: small;\"\u003EProjection du&nbsp;film &quot;\u003Cem\u003E\u003Cstrong\u003EPremi&egrave;res&nbsp;Classes\u003C\/strong\u003E\u003C\/em\u003E&quot;&nbsp;\u003C\/span\u003E\u003Cbr \/\u003E\r\nDocumentaire de 2h05,&nbsp; de&nbsp;Kateryna Gornostai.\u003Cbr \/\u003E\r\n\u003Cstrong\u003ESynopsis :\u003C\/strong\u003E\u003Cbr \/\u003E\r\nEn Ukraine, maintenir les &eacute;coles ouvertes est devenu un acte de r&eacute;sistance.\u003Cbr \/\u003E\r\nSur la ligne de front ou dans des zones plus recul&eacute;es, l&rsquo;apprentissage continue malgr&eacute; les alertes, les coupures d&rsquo;&eacute;lectricit&eacute; et les menaces constantes.\u003Cbr \/\u003E\r\nUn t&eacute;moignage pr&eacute;cieux o&ugrave; chaque image raconte la t&eacute;nacit&eacute; et la dignit&eacute; face au chaos.\u003Cbr \/\u003E\r\n\u003Cbr \/\u003E\r\n\u003Cbr \/\u003E\r\n\u003Cstrong\u003E&Agrave; l&shy;&#39;issue du film &quot;Premi&egrave;res Classes&quot;, un &eacute;change avec quelques ukrainien(e)s de \u003Ca href=\"https:\/\/www.facebook.com\/droujbasaintnazaire\/?locale=fr_FR\" target=\"_blank\"\u003El&#39;association &quot;Droujba&quot;\u003C\/a\u003E sera propos&eacute; au public.\u003C\/strong\u003E\u003Cbr \/\u003E\r\n\u003Cbr \/\u003E\r\n&nbsp;\r\n\u003Cdiv style=\"text-align: center;\"\u003E\u003Cspan style=\"font-size:16px;\"\u003E\u003Cstrong\u003E\u003Ca href=\"https:\/\/app-cinejade.saint-brevin.com\/FR\/horaire-iframe\/\" target=\"_blank\"\u003E\u003Cspan style=\"color:#008080;\"\u003EBilletterie en ligne ICI&gt;&gt;&gt;\u003C\/span\u003E\u003C\/a\u003E\u003C\/strong\u003E\u003C\/span\u003E\u003C\/div\u003E\r\n\u003Cbr \/\u003E\r\n\u003Cstrong\u003EVENDREDI 28 NOVEMBRE A 20H SALLE BOBY LAPOINTE\u003C\/strong\u003E\r\n\r\n\u003Cp\u003E&nbsp;&laquo;&nbsp;Requiem pour un smartphone&nbsp;&raquo; par la compagnie &laquo; bulle de zinc &raquo;&nbsp; I&laquo; Vous ne verrez plus jamais votre smartphone comme avant &raquo;\u003C\/p\u003E\r\n\r\n\u003Cp\u003EGratuit mais r&eacute;servation sur hello asso&nbsp;\u003Ca href=\"https:\/\/www.helloasso.com\/associations\/collectif-des-brevinois-attentifs-et-solidaires\/evenements\/soiree-theatre-festisol-2025\" rel=\"noopener\" target=\"_blank\"\u003Een cliquant sur ce lien&nbsp;\u003C\/a\u003E\u003C\/p\u003E\r\n\u003Cstrong\u003ESAMEDI 29 NOVEMBRE 10H AU CENTRE D&rsquo;H&Eacute;BERGEMENT ET DE LOISIRS\u003C\/strong\u003E\r\n\r\n\u003Cp\u003ECaf&eacute; citoyen : &laquo;&nbsp;Comment&nbsp;comprendre le droit international au regard de la question palestinienne&nbsp;&raquo; I&nbsp;&nbsp;Avec Alain Fenet, professeur retrait&eacute; de droit public &agrave; l&rsquo;universit&eacute; de Nantes\u003C\/p\u003E\r\n\r\n\u003Cp\u003E\u003Cstrong\u003ESAMEDI 29 NOVEMBRE 14 H30 AU CENTRE D&rsquo;H&Eacute;BERGEMENT ET DE LOISIRS\u003C\/strong\u003E\u003C\/p\u003E\r\n\r\n\u003Cp\u003E&laquo;&nbsp;La libert&eacute; d&rsquo;expression dans la presse, o&ugrave; en sommes-nous ?&nbsp;&raquo; I&nbsp;Avec Vanessa Ripoche journaliste et membre du syndicat national des journalistes\u003C\/p\u003E\r\n\r\n\u003Cp\u003E\u003Cstrong\u003ESAMEDI 29 NOVEMBRE&nbsp; 15H30 AU CENTRE D&rsquo;H&Eacute;BERGEMENT ET DE LOISIRS\u003C\/strong\u003E\u003C\/p\u003E\r\n\r\n\u003Cp\u003E&laquo;&nbsp;T&eacute;moignages sur la libert&eacute; d&rsquo;expression bafou&eacute;e et censur&eacute;e&nbsp;&raquo; I&nbsp; Avec Vladimir, exil&eacute; de Russie et Boris exil&eacute; de centrafrique\u003C\/p\u003E\r\n\r\n\u003Cp\u003E\u003Cstrong\u003E&nbsp;SAMEDI 29 NOVEMBRE&nbsp; 16H30 AU CENTRE D&rsquo;H&Eacute;BERGEMENT ET DE LOISIRS\u003C\/strong\u003E\u003C\/p\u003E\r\n\r\n\u003Cp\u003E&nbsp;&nbsp;&raquo; Les nomades&nbsp;&raquo;&nbsp; I&nbsp;Chorale\u003C\/p\u003E\r\n\r\n\u003Cp\u003EGrignotage et pot de la solidarit&eacute;\u003C\/p\u003E\r\n\r\n\u003Cp\u003EOrganisation&nbsp;: collectif des br&eacute;vinois attentifs&nbsp;et solidaires, Amicale la&iuml;que, ABCD&rsquo;Retz, Retz activit&eacute;s, &eacute;picerie solidaire, France Palestine solidarit&eacute;, secours catholique,\u003C\/p\u003E\r\n\r\n\u003Cp\u003EEn partenariat avec Cin&eacute; Jade, la case des pins, la CCSE et la mairie de Saint Br&eacute;vin\u003C\/p\u003E\r\n\r\n\u003Cp\u003EContacts&nbsp;:&nbsp;\u003Ca href=\"mailto:attentifsbrevinois@gmail.com\" rel=\"noopener\" target=\"_blank\"\u003Eattentifsbrevinois@gmail.com\u003C\/a\u003ELiens&nbsp;:&nbsp;\u003Ca href=\"https:\/\/cbas44home.wordpress.com\/\" rel=\"noopener\" target=\"_blank\"\u003Ehttps:\/\/cbas44home.wordpress.com\u003C\/a\u003E\u003C\/p\u003E\r\n","fichiers":[]},"pave3":{"libelle":"","contenu":""},"pave4":{"libelle":"","contenu":""},"pave5":{"libelle":"","contenu":""},"pave6":{"libelle":"","contenu":""},"pave7":{"libelle":"","contenu":""},"pave8":{"libelle":"","contenu":""},"pave9":{"libelle":"","contenu":""},"pave10":{"libelle":"","contenu":""},"pave11":{"libelle":"","contenu":""},"pave12":{"libelle":"","contenu":""},"pave13":{"libelle":"","contenu":""},"pave14":{"libelle":"","contenu":""},"pave15":{"libelle":"","contenu":""},"pave16":{"libelle":"","contenu":""},"pave17":{"libelle":"","contenu":""},"pave18":{"libelle":"","contenu":""},"pave19":{"libelle":"","contenu":""},"pave20":{"libelle":"","contenu":""},"pave21":{"libelle":"","contenu":""},"pave22":{"libelle":"","contenu":""},"pave23":{"libelle":"","contenu":""},"pave24":{"libelle":"","contenu":""},"pave25":{"libelle":"","contenu":""},"Libelle":"Festisol \u00e0 Cin\u00e9jade","Reference":"","Reftar":"","Type":"PRESTATION","TypePrestataire":"Y","ContexteStat":"PRESTATION-Y-LOIPDL044V500448-FESTISOLCINEJADE","DateModificationIso":"2025-11-20T10:10:00+01:00","Adresse":{"LigneAdresse1":"","LigneAdresse2":"","LigneAdresse3":"","CodePostal":"44250","Ville":"ST BREVIN LES PINS","Cedex":"","Etat":"","Pays":"FRA"},"Id":"y-loipdl044v500448-festisolcinejade","Code":"Y|LOIPDL044V500448|FESTISOLCINEJADE","Cle":"Y|LOIPDL044V500448|FESTISOLCINEJADE","Url":"festisol-a-cinejade.html","Localisation":{"GoogleMap":{"Latitude":"","Longitude":""}},"ZoneGeo":"","Criteres":{"LIEUMANIF[SAINTBREVIN":"","CATEGORIEANIMATION[CINE":"","CATEGORIEANIMATION[CINEJADE":"","CATEGORIEANIMATION[EXPO":"","CATEGORIEANIMATION[FEST":"","ANIAH[ANIACC":"","MISEAJOURINGENIE[DATEDERNIEREMAJ":"20221102","MISEAJOURPAR[ANNABELLE":""},"Prestataire":{"pave1":{"libelle":"Descriptif","contenu":""},"pave2":{"libelle":"","contenu":""},"pave3":{"libelle":"","contenu":""},"pave4":{"libelle":"","contenu":""},"pave5":{"libelle":"","contenu":""},"pave6":{"libelle":"","contenu":""},"pave7":{"libelle":"","contenu":""},"pave8":{"libelle":"","contenu":""},"pave9":{"libelle":"","contenu":""},"pave10":{"libelle":"","contenu":""},"pave11":{"libelle":"","contenu":""},"pave12":{"libelle":"","contenu":""},"pave13":{"libelle":"","contenu":""},"pave14":{"libelle":"","contenu":""},"pave15":{"libelle":"","contenu":""},"pave16":{"libelle":"","contenu":""},"pave17":{"libelle":"","contenu":""},"pave18":{"libelle":"","contenu":""},"pave19":{"libelle":"","contenu":""},"pave20":{"libelle":"","contenu":""},"pave21":{"libelle":"","contenu":""},"pave22":{"libelle":"","contenu":""},"pave23":{"libelle":"","contenu":""},"pave24":{"libelle":"","contenu":""},"pave25":{"libelle":"","contenu":""},"ContactsParType":{"RESP":{"12":{"id_contact":"12","type_contact":"RESP","categorie_contact":"PRESTATAIRE","societe_contact":"","fonction_contact":"","civilite_nom_prenom_contact":"M Letort Rodolphe ","adresse1_contact":"Avenue des Fr\u00e8res Lumi\u00e8re","adresse2_contact":"","adresse3_contact":"","cpostal_contact":"44250","ville_contact":"ST BREVIN LES PINS","teldom_contact":"02 40 39 39 39","telbur_contact":"","fax_contact":"","portable_contact":"06 03 32 69 03","email_contact":"cinejade@tourisme-saint-brevin.fr","siteweb_contact":"","commentaire_contact":"","langue_contact":"","autre_moyen_com":[]}}},"Libelle":"Cin\u00e9jade","Nom":"Cin\u00e9jade","Prenom":"","NomPrenom":"Cin\u00e9jade ","CiviliteNomPrenom":"Cin\u00e9jade ","Cle":"Y|LOIPDL044V500448","PrestataireParent":"","ContexteStat":"PRESTATAIRE-Y-LOIPDL044V500448","DateModificationIso":"2024-02-12T18:01:00+01:00","Type":"PRESTATAIRE","TypePrestataire":"Y","Adresse":{"LigneAdresse1":"2 Avenue des Fr\u00e8res Lumi\u00e8re","LigneAdresse2":"","LigneAdresse3":"","CodePostal":"44250","Ville":"ST BREVIN LES PINS","Cedex":"","Etat":"","Pays":"FRA"},"Email":"ot@tourisme-saint-brevin.fr","Telephone":"02 40 39 39 39","TelephoneBureau":"","Portable":"","SiteWeb":"","Fax":"","Id":"y-loipdl044v500448","Code":"Y|LOIPDL044V500448","Fichier":[],"Url":"","Localisation":{"GoogleMap":{"Latitude":"47.23479","Longitude":"-2.15553"}},"ZoneGeo":"","Criteres":{"COMMUNES[SAINTBREVIN":"","INSPUBMAJ[GRATUITPRECISER":"Equipement SEM SEL","LDLTH[DHAACO":"","DLATH[DDA":"","THANDI[WC":"","THANDI[ACCESFAUT":"","MAJINGENIE[DATEDERNIEREMAJ":"20170914","MISEAJOUR[ANNABELLE":""},"DateFinPublication":""},"Fichier":{"Video":[{"url":"https:\/\/youtu.be\/TxYe_xuU0ps","libelle":"Festival des Solidarit\u00e9s","categorie":"","largeur":"","theme":"","hauteur":"","type":"Video","origine":"YOUTUBE","liaisonPave":"","langue":"","id":"29207","htmlVideo":"\u003Ciframe src=\"https:\/\/www.youtube.com\/embed\/TxYe_xuU0ps?wmode=opaque&rel=0&start=0\" width=\"\" height=\"\" style=\"border:0;\" allowfullscreen\u003E\u003C\/iframe\u003E","vignetteVideo":"\u003Cimg src=\"https:\/\/img.youtube.com\/vi\/TxYe_xuU0ps\/0.jpg\" \/\u003E"},{"url":"https:\/\/youtu.be\/ApAJ7OX7Iac?si=TFqqVWHxtTdejooH","libelle":"Premi\u00e8res Classes","categorie":"","largeur":"","theme":"","hauteur":"","type":"Video","origine":"YOUTUBE","liaisonPave":"","langue":"","id":"29208","htmlVideo":"\u003Ciframe src=\"https:\/\/www.youtube.com\/embed\/ApAJ7OX7Iac?wmode=opaque&rel=0&start=0\" width=\"\" height=\"\" style=\"border:0;\" allowfullscreen\u003E\u003C\/iframe\u003E","vignetteVideo":"\u003Cimg src=\"https:\/\/img.youtube.com\/vi\/ApAJ7OX7Iac\/0.jpg\" \/\u003E"}],"ByCategorie":{"":[{"url":"https:\/\/youtu.be\/TxYe_xuU0ps","libelle":"Festival des Solidarit\u00e9s","categorie":"","largeur":"","theme":"","hauteur":"","type":"Video","origine":"YOUTUBE","liaisonPave":"","langue":"","id":"29207","htmlVideo":"\u003Ciframe src=\"https:\/\/www.youtube.com\/embed\/TxYe_xuU0ps?wmode=opaque&rel=0&start=0\" width=\"\" height=\"\" style=\"border:0;\" allowfullscreen\u003E\u003C\/iframe\u003E","vignetteVideo":"\u003Cimg src=\"https:\/\/img.youtube.com\/vi\/TxYe_xuU0ps\/0.jpg\" \/\u003E"},{"url":"https:\/\/www.saint-brevin.com\/medias\/images\/prestations\/festisol-20530.jpg","chemin":"..\/medias\/images\/prestations\/festisol-20530.jpg","libelle":"festisol-20530","extension":"jpg","categorie":"","largeur":724,"theme":"","hauteur":404,"type":"Image","origine":"","liaisonPave":"","langue":"","id":"20530","urlVignette":"https:\/\/www.saint-brevin.com\/medias\/images\/prestations\/v-festisol-20530.jpg","alt":"festisol-20530","title":"festisol-20530","MultiTaille":{"1920x1440":{"url":"https:\/\/www.saint-brevin.com\/medias\/images\/prestations\/multitailles\/1920x1440_festisol-20530.jpg"},"1200x900":{"url":"https:\/\/www.saint-brevin.com\/medias\/images\/prestations\/multitailles\/1200x900_festisol-20530.jpg"},"800x600":{"url":"https:\/\/www.saint-brevin.com\/medias\/images\/prestations\/multitailles\/800x600_festisol-20530.jpg"},"640x480":{"url":"https:\/\/www.saint-brevin.com\/medias\/images\/prestations\/multitailles\/640x480_festisol-20530.jpg"},"320x240":{"url":"https:\/\/www.saint-brevin.com\/medias\/images\/prestations\/multitailles\/320x240_festisol-20530.jpg"},"160x120":{"url":"https:\/\/www.saint-brevin.com\/medias\/images\/prestations\/multitailles\/160x120_festisol-20530.jpg"},"origine":{"url":"https:\/\/www.saint-brevin.com\/medias\/images\/prestations\/festisol-20530.jpg"}},"urlLien":"","typeLien":"","nofollow":"N","copyright":""},{"url":"https:\/\/youtu.be\/ApAJ7OX7Iac?si=TFqqVWHxtTdejooH","libelle":"Premi\u00e8res Classes","categorie":"","largeur":"","theme":"","hauteur":"","type":"Video","origine":"YOUTUBE","liaisonPave":"","langue":"","id":"29208","htmlVideo":"\u003Ciframe src=\"https:\/\/www.youtube.com\/embed\/ApAJ7OX7Iac?wmode=opaque&rel=0&start=0\" width=\"\" height=\"\" style=\"border:0;\" allowfullscreen\u003E\u003C\/iframe\u003E","vignetteVideo":"\u003Cimg src=\"https:\/\/img.youtube.com\/vi\/ApAJ7OX7Iac\/0.jpg\" \/\u003E"},{"url":"https:\/\/www.saint-brevin.com\/medias\/images\/prestations\/premi-res-classe-1-29220.jpg","chemin":"..\/medias\/images\/prestations\/premi-res-classe-1-29220.jpg","libelle":"premi-res-classe-1-29220","extension":"jpg","categorie":"","largeur":787,"theme":"","hauteur":451,"type":"Image","origine":"","liaisonPave":"","langue":"","id":"29220","urlVignette":"https:\/\/www.saint-brevin.com\/medias\/images\/prestations\/v-premi-res-classe-1-29220.jpg","alt":"premi-res-classe-1-29220","title":"premi-res-classe-1-29220","MultiTaille":{"1920x1440":{"url":"https:\/\/www.saint-brevin.com\/medias\/images\/prestations\/multitailles\/1920x1440_premi-res-classe-1-29220.jpg"},"1200x900":{"url":"https:\/\/www.saint-brevin.com\/medias\/images\/prestations\/multitailles\/1200x900_premi-res-classe-1-29220.jpg"},"800x600":{"url":"https:\/\/www.saint-brevin.com\/medias\/images\/prestations\/multitailles\/800x600_premi-res-classe-1-29220.jpg"},"640x480":{"url":"https:\/\/www.saint-brevin.com\/medias\/images\/prestations\/multitailles\/640x480_premi-res-classe-1-29220.jpg"},"320x240":{"url":"https:\/\/www.saint-brevin.com\/medias\/images\/prestations\/multitailles\/320x240_premi-res-classe-1-29220.jpg"},"160x120":{"url":"https:\/\/www.saint-brevin.com\/medias\/images\/prestations\/multitailles\/160x120_premi-res-classe-1-29220.jpg"},"origine":{"url":"https:\/\/www.saint-brevin.com\/medias\/images\/prestations\/premi-res-classe-1-29220.jpg"}},"urlLien":"","typeLien":"","nofollow":"N","copyright":""},{"url":"https:\/\/www.saint-brevin.com\/medias\/images\/prestations\/premi-res-classe-2-29221.jpg","chemin":"..\/medias\/images\/prestations\/premi-res-classe-2-29221.jpg","libelle":"premi-res-classe-2-29221","extension":"jpg","categorie":"","largeur":766,"theme":"","hauteur":451,"type":"Image","origine":"","liaisonPave":"","langue":"","id":"29221","urlVignette":"https:\/\/www.saint-brevin.com\/medias\/images\/prestations\/v-premi-res-classe-2-29221.jpg","alt":"premi-res-classe-2-29221","title":"premi-res-classe-2-29221","MultiTaille":{"1920x1440":{"url":"https:\/\/www.saint-brevin.com\/medias\/images\/prestations\/multitailles\/1920x1440_premi-res-classe-2-29221.jpg"},"1200x900":{"url":"https:\/\/www.saint-brevin.com\/medias\/images\/prestations\/multitailles\/1200x900_premi-res-classe-2-29221.jpg"},"800x600":{"url":"https:\/\/www.saint-brevin.com\/medias\/images\/prestations\/multitailles\/800x600_premi-res-classe-2-29221.jpg"},"640x480":{"url":"https:\/\/www.saint-brevin.com\/medias\/images\/prestations\/multitailles\/640x480_premi-res-classe-2-29221.jpg"},"320x240":{"url":"https:\/\/www.saint-brevin.com\/medias\/images\/prestations\/multitailles\/320x240_premi-res-classe-2-29221.jpg"},"160x120":{"url":"https:\/\/www.saint-brevin.com\/medias\/images\/prestations\/multitailles\/160x120_premi-res-classe-2-29221.jpg"},"origine":{"url":"https:\/\/www.saint-brevin.com\/medias\/images\/prestations\/premi-res-classe-2-29221.jpg"}},"urlLien":"","typeLien":"","nofollow":"N","copyright":""},{"url":"https:\/\/www.saint-brevin.com\/medias\/images\/prestations\/premi-res-classe-3-29223.jpg","chemin":"..\/medias\/images\/prestations\/premi-res-classe-3-29223.jpg","libelle":"premi-res-classe-3-29223","extension":"jpg","categorie":"","largeur":804,"theme":"","hauteur":451,"type":"Image","origine":"","liaisonPave":"","langue":"","id":"29223","urlVignette":"https:\/\/www.saint-brevin.com\/medias\/images\/prestations\/v-premi-res-classe-3-29223.jpg","alt":"premi-res-classe-3-29223","title":"premi-res-classe-3-29223","MultiTaille":{"1920x1440":{"url":"https:\/\/www.saint-brevin.com\/medias\/images\/prestations\/multitailles\/1920x1440_premi-res-classe-3-29223.jpg"},"1200x900":{"url":"https:\/\/www.saint-brevin.com\/medias\/images\/prestations\/multitailles\/1200x900_premi-res-classe-3-29223.jpg"},"800x600":{"url":"https:\/\/www.saint-brevin.com\/medias\/images\/prestations\/multitailles\/800x600_premi-res-classe-3-29223.jpg"},"640x480":{"url":"https:\/\/www.saint-brevin.com\/medias\/images\/prestations\/multitailles\/640x480_premi-res-classe-3-29223.jpg"},"320x240":{"url":"https:\/\/www.saint-brevin.com\/medias\/images\/prestations\/multitailles\/320x240_premi-res-classe-3-29223.jpg"},"160x120":{"url":"https:\/\/www.saint-brevin.com\/medias\/images\/prestations\/multitailles\/160x120_premi-res-classe-3-29223.jpg"},"origine":{"url":"https:\/\/www.saint-brevin.com\/medias\/images\/prestations\/premi-res-classe-3-29223.jpg"}},"urlLien":"","typeLien":"","nofollow":"N","copyright":""},{"url":"https:\/\/www.saint-brevin.com\/medias\/images\/prestations\/festisol2025-insert-29222.jpg","chemin":"..\/medias\/images\/prestations\/festisol2025-insert-29222.jpg","libelle":"festisol2025-insert-29222","extension":"jpg","categorie":"","largeur":1142,"theme":"","hauteur":559,"type":"Image","origine":"","liaisonPave":"","langue":"","id":"29222","urlVignette":"https:\/\/www.saint-brevin.com\/medias\/images\/prestations\/v-festisol2025-insert-29222.jpg","alt":"festisol2025-insert-29222","title":"festisol2025-insert-29222","MultiTaille":{"1920x1440":{"url":"https:\/\/www.saint-brevin.com\/medias\/images\/prestations\/multitailles\/1920x1440_festisol2025-insert-29222.jpg"},"1200x900":{"url":"https:\/\/www.saint-brevin.com\/medias\/images\/prestations\/multitailles\/1200x900_festisol2025-insert-29222.jpg"},"800x600":{"url":"https:\/\/www.saint-brevin.com\/medias\/images\/prestations\/multitailles\/800x600_festisol2025-insert-29222.jpg"},"640x480":{"url":"https:\/\/www.saint-brevin.com\/medias\/images\/prestations\/multitailles\/640x480_festisol2025-insert-29222.jpg"},"320x240":{"url":"https:\/\/www.saint-brevin.com\/medias\/images\/prestations\/multitailles\/320x240_festisol2025-insert-29222.jpg"},"160x120":{"url":"https:\/\/www.saint-brevin.com\/medias\/images\/prestations\/multitailles\/160x120_festisol2025-insert-29222.jpg"},"origine":{"url":"https:\/\/www.saint-brevin.com\/medias\/images\/prestations\/festisol2025-insert-29222.jpg"}},"urlLien":"","typeLien":"","nofollow":"N","copyright":""},{"url":"https:\/\/www.saint-brevin.com\/medias\/images\/prestations\/premi-res-classe-affiche-29224.jpg","chemin":"..\/medias\/images\/prestations\/premi-res-classe-affiche-29224.jpg","libelle":"premi-res-classe-affiche-29224","extension":"jpg","categorie":"","largeur":399,"theme":"","hauteur":538,"type":"Image","origine":"","liaisonPave":"","langue":"","id":"29224","urlVignette":"https:\/\/www.saint-brevin.com\/medias\/images\/prestations\/v-premi-res-classe-affiche-29224.jpg","alt":"premi-res-classe-affiche-29224","title":"premi-res-classe-affiche-29224","MultiTaille":{"1920x1440":{"url":"https:\/\/www.saint-brevin.com\/medias\/images\/prestations\/multitailles\/1920x1440_premi-res-classe-affiche-29224.jpg"},"1200x900":{"url":"https:\/\/www.saint-brevin.com\/medias\/images\/prestations\/multitailles\/1200x900_premi-res-classe-affiche-29224.jpg"},"800x600":{"url":"https:\/\/www.saint-brevin.com\/medias\/images\/prestations\/multitailles\/800x600_premi-res-classe-affiche-29224.jpg"},"640x480":{"url":"https:\/\/www.saint-brevin.com\/medias\/images\/prestations\/multitailles\/640x480_premi-res-classe-affiche-29224.jpg"},"320x240":{"url":"https:\/\/www.saint-brevin.com\/medias\/images\/prestations\/multitailles\/320x240_premi-res-classe-affiche-29224.jpg"},"160x120":{"url":"https:\/\/www.saint-brevin.com\/medias\/images\/prestations\/multitailles\/160x120_premi-res-classe-affiche-29224.jpg"},"origine":{"url":"https:\/\/www.saint-brevin.com\/medias\/images\/prestations\/premi-res-classe-affiche-29224.jpg"}},"urlLien":"","typeLien":"","nofollow":"N","copyright":""}]},"Image":[{"url":"https:\/\/www.saint-brevin.com\/medias\/images\/prestations\/festisol-20530.jpg","chemin":"..\/medias\/images\/prestations\/festisol-20530.jpg","libelle":"festisol-20530","extension":"jpg","categorie":"","largeur":724,"theme":"","hauteur":404,"type":"Image","origine":"","liaisonPave":"","langue":"","id":"20530","urlVignette":"https:\/\/www.saint-brevin.com\/medias\/images\/prestations\/v-festisol-20530.jpg","alt":"festisol-20530","title":"festisol-20530","MultiTaille":{"1920x1440":{"url":"https:\/\/www.saint-brevin.com\/medias\/images\/prestations\/multitailles\/1920x1440_festisol-20530.jpg"},"1200x900":{"url":"https:\/\/www.saint-brevin.com\/medias\/images\/prestations\/multitailles\/1200x900_festisol-20530.jpg"},"800x600":{"url":"https:\/\/www.saint-brevin.com\/medias\/images\/prestations\/multitailles\/800x600_festisol-20530.jpg"},"640x480":{"url":"https:\/\/www.saint-brevin.com\/medias\/images\/prestations\/multitailles\/640x480_festisol-20530.jpg"},"320x240":{"url":"https:\/\/www.saint-brevin.com\/medias\/images\/prestations\/multitailles\/320x240_festisol-20530.jpg"},"160x120":{"url":"https:\/\/www.saint-brevin.com\/medias\/images\/prestations\/multitailles\/160x120_festisol-20530.jpg"},"origine":{"url":"https:\/\/www.saint-brevin.com\/medias\/images\/prestations\/festisol-20530.jpg"}},"urlLien":"","typeLien":"","nofollow":"N","copyright":""},{"url":"https:\/\/www.saint-brevin.com\/medias\/images\/prestations\/premi-res-classe-1-29220.jpg","chemin":"..\/medias\/images\/prestations\/premi-res-classe-1-29220.jpg","libelle":"premi-res-classe-1-29220","extension":"jpg","categorie":"","largeur":787,"theme":"","hauteur":451,"type":"Image","origine":"","liaisonPave":"","langue":"","id":"29220","urlVignette":"https:\/\/www.saint-brevin.com\/medias\/images\/prestations\/v-premi-res-classe-1-29220.jpg","alt":"premi-res-classe-1-29220","title":"premi-res-classe-1-29220","MultiTaille":{"1920x1440":{"url":"https:\/\/www.saint-brevin.com\/medias\/images\/prestations\/multitailles\/1920x1440_premi-res-classe-1-29220.jpg"},"1200x900":{"url":"https:\/\/www.saint-brevin.com\/medias\/images\/prestations\/multitailles\/1200x900_premi-res-classe-1-29220.jpg"},"800x600":{"url":"https:\/\/www.saint-brevin.com\/medias\/images\/prestations\/multitailles\/800x600_premi-res-classe-1-29220.jpg"},"640x480":{"url":"https:\/\/www.saint-brevin.com\/medias\/images\/prestations\/multitailles\/640x480_premi-res-classe-1-29220.jpg"},"320x240":{"url":"https:\/\/www.saint-brevin.com\/medias\/images\/prestations\/multitailles\/320x240_premi-res-classe-1-29220.jpg"},"160x120":{"url":"https:\/\/www.saint-brevin.com\/medias\/images\/prestations\/multitailles\/160x120_premi-res-classe-1-29220.jpg"},"origine":{"url":"https:\/\/www.saint-brevin.com\/medias\/images\/prestations\/premi-res-classe-1-29220.jpg"}},"urlLien":"","typeLien":"","nofollow":"N","copyright":""},{"url":"https:\/\/www.saint-brevin.com\/medias\/images\/prestations\/premi-res-classe-2-29221.jpg","chemin":"..\/medias\/images\/prestations\/premi-res-classe-2-29221.jpg","libelle":"premi-res-classe-2-29221","extension":"jpg","categorie":"","largeur":766,"theme":"","hauteur":451,"type":"Image","origine":"","liaisonPave":"","langue":"","id":"29221","urlVignette":"https:\/\/www.saint-brevin.com\/medias\/images\/prestations\/v-premi-res-classe-2-29221.jpg","alt":"premi-res-classe-2-29221","title":"premi-res-classe-2-29221","MultiTaille":{"1920x1440":{"url":"https:\/\/www.saint-brevin.com\/medias\/images\/prestations\/multitailles\/1920x1440_premi-res-classe-2-29221.jpg"},"1200x900":{"url":"https:\/\/www.saint-brevin.com\/medias\/images\/prestations\/multitailles\/1200x900_premi-res-classe-2-29221.jpg"},"800x600":{"url":"https:\/\/www.saint-brevin.com\/medias\/images\/prestations\/multitailles\/800x600_premi-res-classe-2-29221.jpg"},"640x480":{"url":"https:\/\/www.saint-brevin.com\/medias\/images\/prestations\/multitailles\/640x480_premi-res-classe-2-29221.jpg"},"320x240":{"url":"https:\/\/www.saint-brevin.com\/medias\/images\/prestations\/multitailles\/320x240_premi-res-classe-2-29221.jpg"},"160x120":{"url":"https:\/\/www.saint-brevin.com\/medias\/images\/prestations\/multitailles\/160x120_premi-res-classe-2-29221.jpg"},"origine":{"url":"https:\/\/www.saint-brevin.com\/medias\/images\/prestations\/premi-res-classe-2-29221.jpg"}},"urlLien":"","typeLien":"","nofollow":"N","copyright":""},{"url":"https:\/\/www.saint-brevin.com\/medias\/images\/prestations\/premi-res-classe-3-29223.jpg","chemin":"..\/medias\/images\/prestations\/premi-res-classe-3-29223.jpg","libelle":"premi-res-classe-3-29223","extension":"jpg","categorie":"","largeur":804,"theme":"","hauteur":451,"type":"Image","origine":"","liaisonPave":"","langue":"","id":"29223","urlVignette":"https:\/\/www.saint-brevin.com\/medias\/images\/prestations\/v-premi-res-classe-3-29223.jpg","alt":"premi-res-classe-3-29223","title":"premi-res-classe-3-29223","MultiTaille":{"1920x1440":{"url":"https:\/\/www.saint-brevin.com\/medias\/images\/prestations\/multitailles\/1920x1440_premi-res-classe-3-29223.jpg"},"1200x900":{"url":"https:\/\/www.saint-brevin.com\/medias\/images\/prestations\/multitailles\/1200x900_premi-res-classe-3-29223.jpg"},"800x600":{"url":"https:\/\/www.saint-brevin.com\/medias\/images\/prestations\/multitailles\/800x600_premi-res-classe-3-29223.jpg"},"640x480":{"url":"https:\/\/www.saint-brevin.com\/medias\/images\/prestations\/multitailles\/640x480_premi-res-classe-3-29223.jpg"},"320x240":{"url":"https:\/\/www.saint-brevin.com\/medias\/images\/prestations\/multitailles\/320x240_premi-res-classe-3-29223.jpg"},"160x120":{"url":"https:\/\/www.saint-brevin.com\/medias\/images\/prestations\/multitailles\/160x120_premi-res-classe-3-29223.jpg"},"origine":{"url":"https:\/\/www.saint-brevin.com\/medias\/images\/prestations\/premi-res-classe-3-29223.jpg"}},"urlLien":"","typeLien":"","nofollow":"N","copyright":""},{"url":"https:\/\/www.saint-brevin.com\/medias\/images\/prestations\/festisol2025-insert-29222.jpg","chemin":"..\/medias\/images\/prestations\/festisol2025-insert-29222.jpg","libelle":"festisol2025-insert-29222","extension":"jpg","categorie":"","largeur":1142,"theme":"","hauteur":559,"type":"Image","origine":"","liaisonPave":"","langue":"","id":"29222","urlVignette":"https:\/\/www.saint-brevin.com\/medias\/images\/prestations\/v-festisol2025-insert-29222.jpg","alt":"festisol2025-insert-29222","title":"festisol2025-insert-29222","MultiTaille":{"1920x1440":{"url":"https:\/\/www.saint-brevin.com\/medias\/images\/prestations\/multitailles\/1920x1440_festisol2025-insert-29222.jpg"},"1200x900":{"url":"https:\/\/www.saint-brevin.com\/medias\/images\/prestations\/multitailles\/1200x900_festisol2025-insert-29222.jpg"},"800x600":{"url":"https:\/\/www.saint-brevin.com\/medias\/images\/prestations\/multitailles\/800x600_festisol2025-insert-29222.jpg"},"640x480":{"url":"https:\/\/www.saint-brevin.com\/medias\/images\/prestations\/multitailles\/640x480_festisol2025-insert-29222.jpg"},"320x240":{"url":"https:\/\/www.saint-brevin.com\/medias\/images\/prestations\/multitailles\/320x240_festisol2025-insert-29222.jpg"},"160x120":{"url":"https:\/\/www.saint-brevin.com\/medias\/images\/prestations\/multitailles\/160x120_festisol2025-insert-29222.jpg"},"origine":{"url":"https:\/\/www.saint-brevin.com\/medias\/images\/prestations\/festisol2025-insert-29222.jpg"}},"urlLien":"","typeLien":"","nofollow":"N","copyright":""},{"url":"https:\/\/www.saint-brevin.com\/medias\/images\/prestations\/premi-res-classe-affiche-29224.jpg","chemin":"..\/medias\/images\/prestations\/premi-res-classe-affiche-29224.jpg","libelle":"premi-res-classe-affiche-29224","extension":"jpg","categorie":"","largeur":399,"theme":"","hauteur":538,"type":"Image","origine":"","liaisonPave":"","langue":"","id":"29224","urlVignette":"https:\/\/www.saint-brevin.com\/medias\/images\/prestations\/v-premi-res-classe-affiche-29224.jpg","alt":"premi-res-classe-affiche-29224","title":"premi-res-classe-affiche-29224","MultiTaille":{"1920x1440":{"url":"https:\/\/www.saint-brevin.com\/medias\/images\/prestations\/multitailles\/1920x1440_premi-res-classe-affiche-29224.jpg"},"1200x900":{"url":"https:\/\/www.saint-brevin.com\/medias\/images\/prestations\/multitailles\/1200x900_premi-res-classe-affiche-29224.jpg"},"800x600":{"url":"https:\/\/www.saint-brevin.com\/medias\/images\/prestations\/multitailles\/800x600_premi-res-classe-affiche-29224.jpg"},"640x480":{"url":"https:\/\/www.saint-brevin.com\/medias\/images\/prestations\/multitailles\/640x480_premi-res-classe-affiche-29224.jpg"},"320x240":{"url":"https:\/\/www.saint-brevin.com\/medias\/images\/prestations\/multitailles\/320x240_premi-res-classe-affiche-29224.jpg"},"160x120":{"url":"https:\/\/www.saint-brevin.com\/medias\/images\/prestations\/multitailles\/160x120_premi-res-classe-affiche-29224.jpg"},"origine":{"url":"https:\/\/www.saint-brevin.com\/medias\/images\/prestations\/premi-res-classe-affiche-29224.jpg"}},"urlLien":"","typeLien":"","nofollow":"N","copyright":""}]},"DateDebPublication":"","DateFinPublication":"","PrixAPartirDe":"","PrixPour":"","FicheListeEnCours":"fiche_liste_agenda_prestation_v2017","ParametresModele":{"AfficherPhotos":"1","NbPhotosMax":6,"AfficherReserver":0,"AfficherContact":0,"AfficherSalle":1,"AfficherZoneGeo":0,"AfficherEnSavoirPlus":"1","AfficherUneSeuleOuverture":"1","AfficherContactCarte":0,"AfficherTarifsChaudAPartirDe":0,"AfficherTarifChaudSansRecherche":0,"AfficherLiensCarnetVoyage":"1","AfficherOuverture":"1","BlocCritereInfo":{"critere1":{"libelle":""},"critere2":{"libelle":""},"critere3":{"libelle":""},"critere4":{"libelle":""},"critere5":{"libelle":""},"critere6":{"libelle":""},"critere7":{"libelle":"","liste_critere":["COMMUNES|Y"]},"critere8":{"libelle":""},"critere9":{"libelle":""},"afficherpictoetpaslibelle":"1"},"CriteresComportementResa":"|RESABILLET[RESAENLIGNE|","PositionBloc":"GALLERIE|NOM|OUVERTURES|CARNET_VOYAGE|URL|LIEN_RESERVER_DETAIL","TypePrestataire":"Y","ComportementResa":false,"ComportementDispo":false},"AffichageCoordonnees":[],"Coordonnees":{"Ville":"ST BREVIN LES PINS"},"ContexteId":"PRESTATION|Y|LOIPDL044V500448|FESTISOLCINEJADE","ContexteIdHtml":"PRESTATION-Y-LOIPDL044V500448-FESTISOLCINEJADE","cleContexte":"Y|LOIPDL044V500448|FESTISOLCINEJADE","Bloc":{"texte1":"","texte3":"","critere1":{"libelle":"","contenu":[]},"critere2":{"libelle":"","contenu":[]},"critere3":{"libelle":"","contenu":[]},"critere4":{"libelle":"","contenu":[]},"critere5":{"libelle":"","contenu":[]},"critere6":{"libelle":"","contenu":[]},"critere7":{"libelle":"","contenu":{"COMMUNES":{"libelle":"COMMUNE","contenu":{"1":"Saint-Brevin"},"codesValeurs":{"1":"COMMUNES|SAINTBREVIN|Y"},"criteres_datas":{"valeurs":{"1":{"SAINTBREVIN":{"descriptif":""}}}}}}},"critere8":{"libelle":"","contenu":[]},"critere9":{"libelle":"","contenu":[]}},"libelleDuPrestataire":"","vuePrestataire":{"pave1":{"libelle":"Descriptif","contenu":""},"pave2":{"libelle":"","contenu":""},"pave3":{"libelle":"","contenu":""},"pave4":{"libelle":"","contenu":""},"pave5":{"libelle":"","contenu":""},"pave6":{"libelle":"","contenu":""},"pave7":{"libelle":"","contenu":""},"pave8":{"libelle":"","contenu":""},"pave9":{"libelle":"","contenu":""},"pave10":{"libelle":"","contenu":""},"pave11":{"libelle":"","contenu":""},"pave12":{"libelle":"","contenu":""},"pave13":{"libelle":"","contenu":""},"pave14":{"libelle":"","contenu":""},"pave15":{"libelle":"","contenu":""},"pave16":{"libelle":"","contenu":""},"pave17":{"libelle":"","contenu":""},"pave18":{"libelle":"","contenu":""},"pave19":{"libelle":"","contenu":""},"pave20":{"libelle":"","contenu":""},"pave21":{"libelle":"","contenu":""},"pave22":{"libelle":"","contenu":""},"pave23":{"libelle":"","contenu":""},"pave24":{"libelle":"","contenu":""},"pave25":{"libelle":"","contenu":""},"ContactsParType":{"RESP":{"12":{"id_contact":"12","type_contact":"RESP","categorie_contact":"PRESTATAIRE","societe_contact":"","fonction_contact":"","civilite_nom_prenom_contact":"M Letort Rodolphe ","adresse1_contact":"Avenue des Fr\u00e8res Lumi\u00e8re","adresse2_contact":"","adresse3_contact":"","cpostal_contact":"44250","ville_contact":"ST BREVIN LES PINS","teldom_contact":"02 40 39 39 39","telbur_contact":"","fax_contact":"","portable_contact":"06 03 32 69 03","email_contact":"cinejade@tourisme-saint-brevin.fr","siteweb_contact":"","commentaire_contact":"","langue_contact":"","autre_moyen_com":[]}}},"Libelle":"Cin\u00e9jade","Nom":"Cin\u00e9jade","Prenom":"","NomPrenom":"Cin\u00e9jade ","CiviliteNomPrenom":"Cin\u00e9jade ","Cle":"Y|LOIPDL044V500448","PrestataireParent":"","ContexteStat":"PRESTATAIRE-Y-LOIPDL044V500448","DateModificationIso":"2024-02-12T18:01:00+01:00","Type":"PRESTATAIRE","TypePrestataire":"Y","Adresse":{"LigneAdresse1":"2 Avenue des Fr\u00e8res Lumi\u00e8re","LigneAdresse2":"","LigneAdresse3":"","CodePostal":"44250","Ville":"ST BREVIN LES PINS","Cedex":"","Etat":"","Pays":"FRA"},"Email":"ot@tourisme-saint-brevin.fr","Telephone":"02 40 39 39 39","TelephoneBureau":"","Portable":"","SiteWeb":"","Fax":"","Id":"y-loipdl044v500448","Code":"Y|LOIPDL044V500448","Fichier":[],"Url":"","Localisation":{"GoogleMap":{"Latitude":"47.23479","Longitude":"-2.15553"}},"ZoneGeo":"","Criteres":{"COMMUNES[SAINTBREVIN":"","INSPUBMAJ[GRATUITPRECISER":"Equipement SEM SEL","LDLTH[DHAACO":"","DLATH[DDA":"","THANDI[WC":"","THANDI[ACCESFAUT":"","MAJINGENIE[DATEDERNIEREMAJ":"20170914","MISEAJOUR[ANNABELLE":""},"DateFinPublication":"","AffichageCoordonnees":[]},"listeCriteres":{"LIEUMANIF":{"SAINTBREVIN":""},"CATEGORIEANIMATION":{"CINE":"","CINEJADE":"","EXPO":"","FEST":""},"ANIAH":{"ANIACC":""},"MISEAJOURINGENIE":{"DATEDERNIEREMAJ":"20221102"},"MISEAJOURPAR":{"ANNABELLE":""},"COMMUNES":{"SAINTBREVIN":""},"INSPUBMAJ":{"GRATUITPRECISER":"Equipement SEM SEL"},"LDLTH":{"DHAACO":""},"DLATH":{"DDA":""},"THANDI":{"WC":"","ACCESFAUT":""},"MAJINGENIE":{"DATEDERNIEREMAJ":"20170914"},"MISEAJOUR":{"ANNABELLE":""}},"dansCarnetVoyage":true,"Ouverture":[],"OuverturePasse":[]},"html":" \n \u003Cdiv id=\"CV-PRESTATION-Y-LOIPDL044V500448-FESTISOLCINEJADE\" data-contexte-id=\"PRESTATION|Y|LOIPDL044V500448|FESTISOLCINEJADE\" data-cle=\"Y|LOIPDL044V500448|FESTISOLCINEJADE\" class=\"fiche-liste\"\u003E\n    \n\n    \u003C!-- partie photo --\u003E\n    \u003Cdiv class=\"photo\"\u003E\t\t\t\t\t\t\t\t\t\t\t\t\t\t\t\t\t\t\t\t\t\n        \u003Cdiv class=\"cadre_photo_principale\"\u003E\t\t\n        \n            \t\t\t\t\t\n                    \u003Ca href=\"festisol-a-cinejade.html?origine=carnet#media\"\u003E\n                        \u003Cimg class=\"photo_principale\" alt=\"festisol-20530\" src=\"https:\/\/www.saint-brevin.com\/medias\/images\/prestations\/multitailles\/320x240_festisol-20530.jpg\" itemprop=\"image\"\u003E\n                    \u003C\/a\u003E\t\t\t\t\t\t\n                \n                    \u003C\/div\u003E\t\t\t\t\t\t\t\t\t\t\t\t\t\t\t\t\t\t\t \t\t\n    \u003C\/div\u003E\n    \n    \u003C!-- partie nom prest --\u003E\n    \u003Cdiv class=\"nom\"\u003E\n        \u003Ch2\u003EFestisol \u00e0 Cin\u00e9jade\u003C\/h2\u003E\n        \n            \u003C\/div\u003E\n\n         \n    \u003C!-- partie adresse --\u003E\n    \u003Cdiv class=\"adresse\"\u003E\n    \n          \n    \u003C\/div\u003E\n    \n    \u003C!-- partie liens --\u003E\n    \u003Cdiv class=\"liens\"\u003E\n            \u003Ca class=\"btn-icon btn-view \" title=\"Voir la fiche d\u00e9taill\u00e9e\" href=\"festisol-a-cinejade.html?origine=carnet\"\u003E\u003C\/a\u003E\u003C!--\u003Ca class=\"btn-icon btn-view \" title=\"\" href=\"?origine=carnet#thaut\"\u003E\u003C\/a\u003E--\u003E\n      \u003Ca class=\"btn-icon btn-trash carnet_voyage_supprimer\" title=\"Supprimer cette fiche de mon carnet de voyage\" href=\"carnet-voyage?action=remove&fiche=Y|LOIPDL044V500448|FESTISOLCINEJADE\"\u003E\u003C\/a\u003E\n    \u003C\/div\u003E\n\n\u003C\/div\u003E\n\n","icon":"https:\/\/static.ingenie.fr\/images\/carnetVoyageV3\/Y.png"},"fiche":"Y|LOIPDL044V500448|FESTISOLCINEJADE","popup":"\u003Cdiv id=\"bloc_popup_ajout_fiche_carnet\"\u003E\n    \u003Cdiv class=\"info_popup_ajout_fiche_carnet\"\u003E\n        Vous venez d'ajouter cet \u00e9l\u00e9ment \u00e0 votre carnet de voyage :    \u003C\/div\u003E\n    \u003Cdiv class=\"prest_popup_ajout_fiche_carnet\"\u003E\n        Festisol &agrave; Cin&eacute;jade    \u003C\/div\u003E\n    \u003Cdiv class=\"bloc_btn_ajout_fiche_carnet form_submit_div\"\u003E\n        \u003Cinput type=\"button\" value=\"Continuer ma s\u00e9lection\" title=\"Continuer ma s\u00e9lection\" name=\"btn_close\" class=\"btn_close_popup_carnet form_submit\" onclick=\"$.colorbox.close()\" \/\u003E\n        \u003Cinput type=\"button\" value=\"Voir mon carnet de voyage\" title=\"Voir mon carnet\" name=\"btn_panier\" class=\"btn_panier_popup_carnet form_submit\" onclick=\"if(typeof CarnetVoyage != 'undefined') {CarnetVoyage.voirCarnet();}\" \/\u003E\n    \u003C\/div\u003E\n    \u003Cdiv class=\"bloc_btn_ajout_fiche_carnet\"\u003E\n        \u003Cinput type=\"checkbox\" value=\"1\" name=\"desactiver_popup\" id=\"desactiver_popup\" \/\u003E\n        \u003Clabel for=\"desactiver_popup\"\u003ENe plus afficher ce message\u003C\/label\u003E\n    \u003C\/div\u003E\n\u003C\/div\u003E","success":1}