{"nbFiches":1,"dataPrest":{"infoPrest":{"pave1":{"libelle":"Slogan","contenu":"","fichiers":[]},"pave2":{"libelle":"Descriptif","contenu":"La s&eacute;ance adapt&eacute;e aux cin&eacute;filous confirm&eacute;s !\u003Cbr \/\u003E\r\n\u003Cbr \/\u003E\r\nUn film court, ou plusieurs courts-m&eacute;trages,&nbsp;un son moins fort en salle, et pas de pub,&nbsp;un film class&eacute; art et essai, donc un film visant &agrave; &eacute;veiller la curiosit&eacute; des enfants&nbsp;et leur go&ucirc;t pour le cin&eacute;ma dans toute sa diversit&eacute;.\u003Cbr \/\u003E\r\n\u003Cbr \/\u003E\r\n&Agrave; Vol d&rsquo;oiseaux rassemble trois courts m&eacute;trages d&rsquo;animation d&eacute;licats, sensibles.\u003Cbr \/\u003E\r\nUn pur moment de bonheur, a&eacute;rien, &agrave; la fin duquel on se sent pousser des ailes !\u003Cbr \/\u003E\r\nUn programme comme une parenth&egrave;se de douceur, o&ugrave; les adultes retrouvent leur &acirc;me d&rsquo;enfant, les plus jeunes grandissent dans l&rsquo;espoir d&rsquo;une vie bienveillante, o&ugrave; chacun est incit&eacute; &agrave; sortir de sa coquille pour voler de ses propres ailes.&nbsp;\u003Cbr \/\u003E\r\n\u003Cbr \/\u003E\r\nProgramme :\u003Cbr \/\u003E\r\n-&nbsp;\u003Cstrong\u003ELe Tout petit voyage\u003C\/strong\u003E&nbsp;de Emily Worms :\u003Cbr \/\u003E\r\nJean est t&eacute;moin d&rsquo;une chose extraordinaire : Titi, sa perruche, peut ouvrir la porte de sa cage ! Pourtant l&rsquo;oiseau ne part pas. En essayant de comprendre pourquoi, Jean se retrouve embarqu&eacute; dans un monde magique. Titi va pouvoir montrer ses failles et peurs, et Jean l&rsquo;aidera &agrave; les surmonter. En traversant d&#39;&eacute;tonnants paysages, ils enrichiront leur amiti&eacute; et apprendront que dire au revoir, ce n&rsquo;est pas dire adieu.\u003Cbr \/\u003E\r\n\u003Cbr \/\u003E\r\n-\u003Cstrong\u003E&nbsp;L&#39;Air de rien\u003C\/strong\u003E&nbsp;de Gabriel H&eacute;not Lef&egrave;vre :\u003Cbr \/\u003E\r\nDans un sanatorium en bord de mer, un vieil homme voit sa vie bouscul&eacute;e par l&rsquo;arriv&eacute;e d&rsquo;une mouette qu&rsquo;il va doucement apprivoiser. Le jour o&ugrave; celle-ci est bless&eacute;e, l&rsquo;homme va prendre soin d&rsquo;elle et retrouver, pour un instant, son &acirc;me d&rsquo;enfant.\u003Cbr \/\u003E\r\n\u003Cbr \/\u003E\r\n-&nbsp;\u003Cstrong\u003EDr&ocirc;les d&#39;oiseaux\u003C\/strong\u003E&nbsp;de Charlie Belin :\u003Cbr \/\u003E\r\nEllie entre en sixi&egrave;me &agrave; Saumur. Timide et passionn&eacute;e par la nature, elle passe son temps plong&eacute;e dans des livres, en particulier d&rsquo;ornithologie. Elle intrigue Anna, la documentaliste du coll&egrave;ge, une femme myst&eacute;rieuse avec qui elle tisse une relation pleine de malice. Le jour o&ugrave; Ellie doit absolument lui rendre un livre, la porte du CDI est ferm&eacute;e. Elle d&eacute;cide alors de le ramener directement chez Anna qui vit sur une &icirc;le sur la Loire, &agrave; quelques kilom&egrave;tres du coll&egrave;ge. Une &icirc;le pleine d&rsquo;oiseaux&hellip;\u003Cbr \/\u003E\r\n\u003Cbr \/\u003E\r\nSans oublier ... le go&ucirc;ter offert en partenariat avec l&#39;&#39;\u003Ca href=\"https:\/\/www.saint-brevin.com\/l-epicerie-retz-aunee.html\" target=\"_blank\"\u003E&eacute;picerie Retz&#39;aun&eacute;e\u003C\/a\u003E.\u003Cbr \/\u003E\r\n&nbsp;\r\n\u003Cdiv style=\"text-align: center;\"\u003E\u003Cspan style=\"font-size:18px;\"\u003E\u003Cstrong\u003E\u003Ca href=\"https:\/\/app-cinejade.saint-brevin.com\/FR\/horaire-iframe\/#\" target=\"_blank\"\u003E\u003Cspan style=\"color:#008080;\"\u003EBilletterie en ligne\u003C\/span\u003E\u003C\/a\u003E\u003C\/strong\u003E\u003C\/span\u003E\u003C\/div\u003E\r\n","fichiers":[]},"pave3":{"libelle":"","contenu":""},"pave4":{"libelle":"","contenu":""},"pave5":{"libelle":"","contenu":""},"pave6":{"libelle":"","contenu":""},"pave7":{"libelle":"","contenu":""},"pave8":{"libelle":"","contenu":""},"pave9":{"libelle":"","contenu":""},"pave10":{"libelle":"","contenu":""},"pave11":{"libelle":"","contenu":""},"pave12":{"libelle":"","contenu":""},"pave13":{"libelle":"","contenu":""},"pave14":{"libelle":"","contenu":""},"pave15":{"libelle":"","contenu":""},"pave16":{"libelle":"","contenu":""},"pave17":{"libelle":"","contenu":""},"pave18":{"libelle":"","contenu":""},"pave19":{"libelle":"","contenu":""},"pave20":{"libelle":"","contenu":""},"pave21":{"libelle":"","contenu":""},"pave22":{"libelle":"","contenu":""},"pave23":{"libelle":"","contenu":""},"pave24":{"libelle":"","contenu":""},"pave25":{"libelle":"","contenu":""},"Libelle":"Cin\u00e9fil : \u00c0 vol d'Oiseaux","Reference":"","Reftar":"","Type":"PRESTATION","TypePrestataire":"Y","ContexteStat":"PRESTATION-Y-LOIPDL044V500448-CINEFILVOLDOISEAUX","DateModificationIso":"2023-05-11T15:02:00+02:00","Adresse":{"LigneAdresse1":"Cin\u00e9jade","LigneAdresse2":"2 avenue des Fr\u00e8res Lumi\u00e8re","LigneAdresse3":"","CodePostal":"44250","Ville":"ST BREVIN LES PINS","Cedex":"","Etat":"","Pays":"FRA"},"Id":"y-loipdl044v500448-cinefilvoldoiseaux","Code":"Y|LOIPDL044V500448|CINEFILVOLDOISEAUX","Cle":"Y|LOIPDL044V500448|CINEFILVOLDOISEAUX","Url":"cinefil-a-vol-d-oiseaux.html","Localisation":{"GoogleMap":{"Latitude":"47.23483","Longitude":"-2.15552"}},"ZoneGeo":"","Criteres":{"ALAFFICHEACC[OUIALAFFICHE":"","LIEUMANIF[SAINTBREVIN":"","TYPEDEPROGRAMMATION[CINEFILOU":"","TYPEDEPROGRAMMATION[ENFANTS":"","CATEGORIEANIMATION[CINE":"","CATEGORIEANIMATION[CINEJADE":"","THEME[DESS":"","ICA[DS":"1h","ICA[SA":"","ICA[PLAL":"","ICA[ICATP":"","ICA[AGEMINIM":"6","ANIAH[ANIACC":"","GANIMA[GANIMNON":"","PERIOD[YDPERI":"","MODEPAIEMENT[LCBP":"","MODEPAIEMENT[LESPE":"","MODEPAIEMENT[LCB":"","MODEPAIEMENT[LAE":"","MISEAJOURINGENIE[DATEDERNIEREMAJ":"20230323","MISEAJOURPAR[ANNABELLE":""},"Prestataire":{"pave1":{"libelle":"Descriptif","contenu":""},"pave2":{"libelle":"","contenu":""},"pave3":{"libelle":"","contenu":""},"pave4":{"libelle":"","contenu":""},"pave5":{"libelle":"","contenu":""},"pave6":{"libelle":"","contenu":""},"pave7":{"libelle":"","contenu":""},"pave8":{"libelle":"","contenu":""},"pave9":{"libelle":"","contenu":""},"pave10":{"libelle":"","contenu":""},"pave11":{"libelle":"","contenu":""},"pave12":{"libelle":"","contenu":""},"pave13":{"libelle":"","contenu":""},"pave14":{"libelle":"","contenu":""},"pave15":{"libelle":"","contenu":""},"pave16":{"libelle":"","contenu":""},"pave17":{"libelle":"","contenu":""},"pave18":{"libelle":"","contenu":""},"pave19":{"libelle":"","contenu":""},"pave20":{"libelle":"","contenu":""},"pave21":{"libelle":"","contenu":""},"pave22":{"libelle":"","contenu":""},"pave23":{"libelle":"","contenu":""},"pave24":{"libelle":"","contenu":""},"pave25":{"libelle":"","contenu":""},"ContactsParType":{"RESP":{"12":{"id_contact":"12","type_contact":"RESP","categorie_contact":"PRESTATAIRE","societe_contact":"","fonction_contact":"","civilite_nom_prenom_contact":"M Letort Rodolphe ","adresse1_contact":"Avenue des Fr\u00e8res Lumi\u00e8re","adresse2_contact":"","adresse3_contact":"","cpostal_contact":"44250","ville_contact":"ST BREVIN LES PINS","teldom_contact":"02 40 39 39 39","telbur_contact":"","fax_contact":"","portable_contact":"06 03 32 69 03","email_contact":"cinejade@tourisme-saint-brevin.fr","siteweb_contact":"","commentaire_contact":"","langue_contact":"","autre_moyen_com":[]}}},"Libelle":"Cin\u00e9jade","Nom":"Cin\u00e9jade","Prenom":"","NomPrenom":"Cin\u00e9jade ","CiviliteNomPrenom":"Cin\u00e9jade ","Cle":"Y|LOIPDL044V500448","PrestataireParent":"","ContexteStat":"PRESTATAIRE-Y-LOIPDL044V500448","DateModificationIso":"2024-02-12T18:01:00+01:00","Type":"PRESTATAIRE","TypePrestataire":"Y","Adresse":{"LigneAdresse1":"2 Avenue des Fr\u00e8res Lumi\u00e8re","LigneAdresse2":"","LigneAdresse3":"","CodePostal":"44250","Ville":"ST BREVIN LES PINS","Cedex":"","Etat":"","Pays":"FRA"},"Email":"ot@tourisme-saint-brevin.fr","Telephone":"02 40 39 39 39","TelephoneBureau":"","Portable":"","SiteWeb":"","Fax":"","Id":"y-loipdl044v500448","Code":"Y|LOIPDL044V500448","Fichier":[],"Url":"","Localisation":{"GoogleMap":{"Latitude":"47.23479","Longitude":"-2.15553"}},"ZoneGeo":"","Criteres":{"COMMUNES[SAINTBREVIN":"","INSPUBMAJ[GRATUITPRECISER":"Equipement SEM SEL","LDLTH[DHAACO":"","DLATH[DDA":"","THANDI[WC":"","THANDI[ACCESFAUT":"","MAJINGENIE[DATEDERNIEREMAJ":"20170914","MISEAJOUR[ANNABELLE":""},"DateFinPublication":""},"Fichier":{"Image":[{"url":"https:\/\/www.saint-brevin.com\/medias\/images\/prestations\/a-vol-d-oiseaux-18315.png","chemin":"..\/medias\/images\/prestations\/a-vol-d-oiseaux-18315.png","libelle":"a-vol-d-oiseaux-18315","extension":"png","categorie":"","largeur":960,"theme":"","hauteur":640,"type":"Image","origine":"","liaisonPave":"","langue":"","id":"18315","urlVignette":"https:\/\/www.saint-brevin.com\/medias\/images\/prestations\/v-a-vol-d-oiseaux-18315.png","alt":"a-vol-d-oiseaux-18315","title":"a-vol-d-oiseaux-18315","MultiTaille":{"1920x1440":{"url":"https:\/\/www.saint-brevin.com\/medias\/images\/prestations\/multitailles\/1920x1440_a-vol-d-oiseaux-18315.png"},"1200x900":{"url":"https:\/\/www.saint-brevin.com\/medias\/images\/prestations\/multitailles\/1200x900_a-vol-d-oiseaux-18315.png"},"800x600":{"url":"https:\/\/www.saint-brevin.com\/medias\/images\/prestations\/multitailles\/800x600_a-vol-d-oiseaux-18315.png"},"640x480":{"url":"https:\/\/www.saint-brevin.com\/medias\/images\/prestations\/multitailles\/640x480_a-vol-d-oiseaux-18315.png"},"320x240":{"url":"https:\/\/www.saint-brevin.com\/medias\/images\/prestations\/multitailles\/320x240_a-vol-d-oiseaux-18315.png"},"160x120":{"url":"https:\/\/www.saint-brevin.com\/medias\/images\/prestations\/multitailles\/160x120_a-vol-d-oiseaux-18315.png"},"origine":{"url":"https:\/\/www.saint-brevin.com\/medias\/images\/prestations\/a-vol-d-oiseaux-18315.png"}},"urlLien":"","typeLien":"","nofollow":"N","copyright":""},{"url":"https:\/\/www.saint-brevin.com\/medias\/images\/prestations\/a-vol-d-oiseaux-3-18316.jpg","chemin":"..\/medias\/images\/prestations\/a-vol-d-oiseaux-3-18316.jpg","libelle":"a-vol-d-oiseaux-3-18316","extension":"jpg","categorie":"","largeur":807,"theme":"","hauteur":453,"type":"Image","origine":"","liaisonPave":"","langue":"","id":"18316","urlVignette":"https:\/\/www.saint-brevin.com\/medias\/images\/prestations\/v-a-vol-d-oiseaux-3-18316.jpg","alt":"a-vol-d-oiseaux-3-18316","title":"a-vol-d-oiseaux-3-18316","MultiTaille":{"1920x1440":{"url":"https:\/\/www.saint-brevin.com\/medias\/images\/prestations\/multitailles\/1920x1440_a-vol-d-oiseaux-3-18316.jpg"},"1200x900":{"url":"https:\/\/www.saint-brevin.com\/medias\/images\/prestations\/multitailles\/1200x900_a-vol-d-oiseaux-3-18316.jpg"},"800x600":{"url":"https:\/\/www.saint-brevin.com\/medias\/images\/prestations\/multitailles\/800x600_a-vol-d-oiseaux-3-18316.jpg"},"640x480":{"url":"https:\/\/www.saint-brevin.com\/medias\/images\/prestations\/multitailles\/640x480_a-vol-d-oiseaux-3-18316.jpg"},"320x240":{"url":"https:\/\/www.saint-brevin.com\/medias\/images\/prestations\/multitailles\/320x240_a-vol-d-oiseaux-3-18316.jpg"},"160x120":{"url":"https:\/\/www.saint-brevin.com\/medias\/images\/prestations\/multitailles\/160x120_a-vol-d-oiseaux-3-18316.jpg"},"origine":{"url":"https:\/\/www.saint-brevin.com\/medias\/images\/prestations\/a-vol-d-oiseaux-3-18316.jpg"}},"urlLien":"","typeLien":"","nofollow":"N","copyright":""},{"url":"https:\/\/www.saint-brevin.com\/medias\/images\/prestations\/a-vol-d-oiseaux-5-18317.jpg","chemin":"..\/medias\/images\/prestations\/a-vol-d-oiseaux-5-18317.jpg","libelle":"a-vol-d-oiseaux-5-18317","extension":"jpg","categorie":"","largeur":808,"theme":"","hauteur":453,"type":"Image","origine":"","liaisonPave":"","langue":"","id":"18317","urlVignette":"https:\/\/www.saint-brevin.com\/medias\/images\/prestations\/v-a-vol-d-oiseaux-5-18317.jpg","alt":"a-vol-d-oiseaux-5-18317","title":"a-vol-d-oiseaux-5-18317","MultiTaille":{"1920x1440":{"url":"https:\/\/www.saint-brevin.com\/medias\/images\/prestations\/multitailles\/1920x1440_a-vol-d-oiseaux-5-18317.jpg"},"1200x900":{"url":"https:\/\/www.saint-brevin.com\/medias\/images\/prestations\/multitailles\/1200x900_a-vol-d-oiseaux-5-18317.jpg"},"800x600":{"url":"https:\/\/www.saint-brevin.com\/medias\/images\/prestations\/multitailles\/800x600_a-vol-d-oiseaux-5-18317.jpg"},"640x480":{"url":"https:\/\/www.saint-brevin.com\/medias\/images\/prestations\/multitailles\/640x480_a-vol-d-oiseaux-5-18317.jpg"},"320x240":{"url":"https:\/\/www.saint-brevin.com\/medias\/images\/prestations\/multitailles\/320x240_a-vol-d-oiseaux-5-18317.jpg"},"160x120":{"url":"https:\/\/www.saint-brevin.com\/medias\/images\/prestations\/multitailles\/160x120_a-vol-d-oiseaux-5-18317.jpg"},"origine":{"url":"https:\/\/www.saint-brevin.com\/medias\/images\/prestations\/a-vol-d-oiseaux-5-18317.jpg"}},"urlLien":"","typeLien":"","nofollow":"N","copyright":""},{"url":"https:\/\/www.saint-brevin.com\/medias\/images\/prestations\/a-vol-d-oiseaux-1-18318.jpg","chemin":"..\/medias\/images\/prestations\/a-vol-d-oiseaux-1-18318.jpg","libelle":"a-vol-d-oiseaux-1-18318","extension":"jpg","categorie":"","largeur":808,"theme":"","hauteur":450,"type":"Image","origine":"","liaisonPave":"","langue":"","id":"18318","urlVignette":"https:\/\/www.saint-brevin.com\/medias\/images\/prestations\/v-a-vol-d-oiseaux-1-18318.jpg","alt":"a-vol-d-oiseaux-1-18318","title":"a-vol-d-oiseaux-1-18318","MultiTaille":{"1920x1440":{"url":"https:\/\/www.saint-brevin.com\/medias\/images\/prestations\/multitailles\/1920x1440_a-vol-d-oiseaux-1-18318.jpg"},"1200x900":{"url":"https:\/\/www.saint-brevin.com\/medias\/images\/prestations\/multitailles\/1200x900_a-vol-d-oiseaux-1-18318.jpg"},"800x600":{"url":"https:\/\/www.saint-brevin.com\/medias\/images\/prestations\/multitailles\/800x600_a-vol-d-oiseaux-1-18318.jpg"},"640x480":{"url":"https:\/\/www.saint-brevin.com\/medias\/images\/prestations\/multitailles\/640x480_a-vol-d-oiseaux-1-18318.jpg"},"320x240":{"url":"https:\/\/www.saint-brevin.com\/medias\/images\/prestations\/multitailles\/320x240_a-vol-d-oiseaux-1-18318.jpg"},"160x120":{"url":"https:\/\/www.saint-brevin.com\/medias\/images\/prestations\/multitailles\/160x120_a-vol-d-oiseaux-1-18318.jpg"},"origine":{"url":"https:\/\/www.saint-brevin.com\/medias\/images\/prestations\/a-vol-d-oiseaux-1-18318.jpg"}},"urlLien":"","typeLien":"","nofollow":"N","copyright":""},{"url":"https:\/\/www.saint-brevin.com\/medias\/images\/prestations\/a-vol-d-oiseaux-6-18319.jpg","chemin":"..\/medias\/images\/prestations\/a-vol-d-oiseaux-6-18319.jpg","libelle":"a-vol-d-oiseaux-6-18319","extension":"jpg","categorie":"","largeur":810,"theme":"","hauteur":458,"type":"Image","origine":"","liaisonPave":"","langue":"","id":"18319","urlVignette":"https:\/\/www.saint-brevin.com\/medias\/images\/prestations\/v-a-vol-d-oiseaux-6-18319.jpg","alt":"a-vol-d-oiseaux-6-18319","title":"a-vol-d-oiseaux-6-18319","MultiTaille":{"1920x1440":{"url":"https:\/\/www.saint-brevin.com\/medias\/images\/prestations\/multitailles\/1920x1440_a-vol-d-oiseaux-6-18319.jpg"},"1200x900":{"url":"https:\/\/www.saint-brevin.com\/medias\/images\/prestations\/multitailles\/1200x900_a-vol-d-oiseaux-6-18319.jpg"},"800x600":{"url":"https:\/\/www.saint-brevin.com\/medias\/images\/prestations\/multitailles\/800x600_a-vol-d-oiseaux-6-18319.jpg"},"640x480":{"url":"https:\/\/www.saint-brevin.com\/medias\/images\/prestations\/multitailles\/640x480_a-vol-d-oiseaux-6-18319.jpg"},"320x240":{"url":"https:\/\/www.saint-brevin.com\/medias\/images\/prestations\/multitailles\/320x240_a-vol-d-oiseaux-6-18319.jpg"},"160x120":{"url":"https:\/\/www.saint-brevin.com\/medias\/images\/prestations\/multitailles\/160x120_a-vol-d-oiseaux-6-18319.jpg"},"origine":{"url":"https:\/\/www.saint-brevin.com\/medias\/images\/prestations\/a-vol-d-oiseaux-6-18319.jpg"}},"urlLien":"","typeLien":"","nofollow":"N","copyright":""},{"url":"https:\/\/www.saint-brevin.com\/medias\/images\/prestations\/a-vol-d-oiseaux-4-18321.jpg","chemin":"..\/medias\/images\/prestations\/a-vol-d-oiseaux-4-18321.jpg","libelle":"a-vol-d-oiseaux-4-18321","extension":"jpg","categorie":"","largeur":803,"theme":"","hauteur":451,"type":"Image","origine":"","liaisonPave":"","langue":"","id":"18321","urlVignette":"https:\/\/www.saint-brevin.com\/medias\/images\/prestations\/v-a-vol-d-oiseaux-4-18321.jpg","alt":"a-vol-d-oiseaux-4-18321","title":"a-vol-d-oiseaux-4-18321","MultiTaille":{"1920x1440":{"url":"https:\/\/www.saint-brevin.com\/medias\/images\/prestations\/multitailles\/1920x1440_a-vol-d-oiseaux-4-18321.jpg"},"1200x900":{"url":"https:\/\/www.saint-brevin.com\/medias\/images\/prestations\/multitailles\/1200x900_a-vol-d-oiseaux-4-18321.jpg"},"800x600":{"url":"https:\/\/www.saint-brevin.com\/medias\/images\/prestations\/multitailles\/800x600_a-vol-d-oiseaux-4-18321.jpg"},"640x480":{"url":"https:\/\/www.saint-brevin.com\/medias\/images\/prestations\/multitailles\/640x480_a-vol-d-oiseaux-4-18321.jpg"},"320x240":{"url":"https:\/\/www.saint-brevin.com\/medias\/images\/prestations\/multitailles\/320x240_a-vol-d-oiseaux-4-18321.jpg"},"160x120":{"url":"https:\/\/www.saint-brevin.com\/medias\/images\/prestations\/multitailles\/160x120_a-vol-d-oiseaux-4-18321.jpg"},"origine":{"url":"https:\/\/www.saint-brevin.com\/medias\/images\/prestations\/a-vol-d-oiseaux-4-18321.jpg"}},"urlLien":"","typeLien":"","nofollow":"N","copyright":""},{"url":"https:\/\/www.saint-brevin.com\/medias\/images\/prestations\/a-vol-d-oiseaux-affiche-18320.jpg","chemin":"..\/medias\/images\/prestations\/a-vol-d-oiseaux-affiche-18320.jpg","libelle":"a-vol-d-oiseaux-affiche-18320","extension":"jpg","categorie":"","largeur":401,"theme":"","hauteur":539,"type":"Image","origine":"","liaisonPave":"","langue":"","id":"18320","urlVignette":"https:\/\/www.saint-brevin.com\/medias\/images\/prestations\/v-a-vol-d-oiseaux-affiche-18320.jpg","alt":"a-vol-d-oiseaux-affiche-18320","title":"a-vol-d-oiseaux-affiche-18320","MultiTaille":{"1920x1440":{"url":"https:\/\/www.saint-brevin.com\/medias\/images\/prestations\/multitailles\/1920x1440_a-vol-d-oiseaux-affiche-18320.jpg"},"1200x900":{"url":"https:\/\/www.saint-brevin.com\/medias\/images\/prestations\/multitailles\/1200x900_a-vol-d-oiseaux-affiche-18320.jpg"},"800x600":{"url":"https:\/\/www.saint-brevin.com\/medias\/images\/prestations\/multitailles\/800x600_a-vol-d-oiseaux-affiche-18320.jpg"},"640x480":{"url":"https:\/\/www.saint-brevin.com\/medias\/images\/prestations\/multitailles\/640x480_a-vol-d-oiseaux-affiche-18320.jpg"},"320x240":{"url":"https:\/\/www.saint-brevin.com\/medias\/images\/prestations\/multitailles\/320x240_a-vol-d-oiseaux-affiche-18320.jpg"},"160x120":{"url":"https:\/\/www.saint-brevin.com\/medias\/images\/prestations\/multitailles\/160x120_a-vol-d-oiseaux-affiche-18320.jpg"},"origine":{"url":"https:\/\/www.saint-brevin.com\/medias\/images\/prestations\/a-vol-d-oiseaux-affiche-18320.jpg"}},"urlLien":"","typeLien":"","nofollow":"N","copyright":""}],"ByCategorie":{"":[{"url":"https:\/\/www.saint-brevin.com\/medias\/images\/prestations\/a-vol-d-oiseaux-18315.png","chemin":"..\/medias\/images\/prestations\/a-vol-d-oiseaux-18315.png","libelle":"a-vol-d-oiseaux-18315","extension":"png","categorie":"","largeur":960,"theme":"","hauteur":640,"type":"Image","origine":"","liaisonPave":"","langue":"","id":"18315","urlVignette":"https:\/\/www.saint-brevin.com\/medias\/images\/prestations\/v-a-vol-d-oiseaux-18315.png","alt":"a-vol-d-oiseaux-18315","title":"a-vol-d-oiseaux-18315","MultiTaille":{"1920x1440":{"url":"https:\/\/www.saint-brevin.com\/medias\/images\/prestations\/multitailles\/1920x1440_a-vol-d-oiseaux-18315.png"},"1200x900":{"url":"https:\/\/www.saint-brevin.com\/medias\/images\/prestations\/multitailles\/1200x900_a-vol-d-oiseaux-18315.png"},"800x600":{"url":"https:\/\/www.saint-brevin.com\/medias\/images\/prestations\/multitailles\/800x600_a-vol-d-oiseaux-18315.png"},"640x480":{"url":"https:\/\/www.saint-brevin.com\/medias\/images\/prestations\/multitailles\/640x480_a-vol-d-oiseaux-18315.png"},"320x240":{"url":"https:\/\/www.saint-brevin.com\/medias\/images\/prestations\/multitailles\/320x240_a-vol-d-oiseaux-18315.png"},"160x120":{"url":"https:\/\/www.saint-brevin.com\/medias\/images\/prestations\/multitailles\/160x120_a-vol-d-oiseaux-18315.png"},"origine":{"url":"https:\/\/www.saint-brevin.com\/medias\/images\/prestations\/a-vol-d-oiseaux-18315.png"}},"urlLien":"","typeLien":"","nofollow":"N","copyright":""},{"url":"https:\/\/youtu.be\/uyWaGsopRJk","libelle":"\u00c0 vol d'Oiseaux","categorie":"","largeur":"","theme":"","hauteur":"","type":"Video","origine":"YOUTUBE","liaisonPave":"","langue":"","id":"18322","htmlVideo":"\u003Ciframe src=\"https:\/\/www.youtube.com\/embed\/uyWaGsopRJk?wmode=opaque&rel=0&start=0\" width=\"\" height=\"\" style=\"border:0;\" allowfullscreen\u003E\u003C\/iframe\u003E","vignetteVideo":"\u003Cimg src=\"https:\/\/img.youtube.com\/vi\/uyWaGsopRJk\/0.jpg\" \/\u003E"},{"url":"https:\/\/www.saint-brevin.com\/medias\/images\/prestations\/cinefilou-avril-juin2023-18370.pdf","chemin":"..\/medias\/images\/prestations\/cinefilou-avril-juin2023-18370.pdf","libelle":"cinefilou-avril-juin2023-18370","extension":"pdf","categorie":"","largeur":"","theme":"","hauteur":"","type":"Document","origine":"","liaisonPave":"","langue":"","id":"18370","poids":"5.08 Mo","alt":"cinefilou-avril-juin2023-18370","title":"cinefilou-avril-juin2023-18370"},{"url":"https:\/\/www.saint-brevin.com\/medias\/images\/prestations\/a-vol-d-oiseaux-3-18316.jpg","chemin":"..\/medias\/images\/prestations\/a-vol-d-oiseaux-3-18316.jpg","libelle":"a-vol-d-oiseaux-3-18316","extension":"jpg","categorie":"","largeur":807,"theme":"","hauteur":453,"type":"Image","origine":"","liaisonPave":"","langue":"","id":"18316","urlVignette":"https:\/\/www.saint-brevin.com\/medias\/images\/prestations\/v-a-vol-d-oiseaux-3-18316.jpg","alt":"a-vol-d-oiseaux-3-18316","title":"a-vol-d-oiseaux-3-18316","MultiTaille":{"1920x1440":{"url":"https:\/\/www.saint-brevin.com\/medias\/images\/prestations\/multitailles\/1920x1440_a-vol-d-oiseaux-3-18316.jpg"},"1200x900":{"url":"https:\/\/www.saint-brevin.com\/medias\/images\/prestations\/multitailles\/1200x900_a-vol-d-oiseaux-3-18316.jpg"},"800x600":{"url":"https:\/\/www.saint-brevin.com\/medias\/images\/prestations\/multitailles\/800x600_a-vol-d-oiseaux-3-18316.jpg"},"640x480":{"url":"https:\/\/www.saint-brevin.com\/medias\/images\/prestations\/multitailles\/640x480_a-vol-d-oiseaux-3-18316.jpg"},"320x240":{"url":"https:\/\/www.saint-brevin.com\/medias\/images\/prestations\/multitailles\/320x240_a-vol-d-oiseaux-3-18316.jpg"},"160x120":{"url":"https:\/\/www.saint-brevin.com\/medias\/images\/prestations\/multitailles\/160x120_a-vol-d-oiseaux-3-18316.jpg"},"origine":{"url":"https:\/\/www.saint-brevin.com\/medias\/images\/prestations\/a-vol-d-oiseaux-3-18316.jpg"}},"urlLien":"","typeLien":"","nofollow":"N","copyright":""},{"url":"https:\/\/www.saint-brevin.com\/medias\/images\/prestations\/a-vol-d-oiseaux-5-18317.jpg","chemin":"..\/medias\/images\/prestations\/a-vol-d-oiseaux-5-18317.jpg","libelle":"a-vol-d-oiseaux-5-18317","extension":"jpg","categorie":"","largeur":808,"theme":"","hauteur":453,"type":"Image","origine":"","liaisonPave":"","langue":"","id":"18317","urlVignette":"https:\/\/www.saint-brevin.com\/medias\/images\/prestations\/v-a-vol-d-oiseaux-5-18317.jpg","alt":"a-vol-d-oiseaux-5-18317","title":"a-vol-d-oiseaux-5-18317","MultiTaille":{"1920x1440":{"url":"https:\/\/www.saint-brevin.com\/medias\/images\/prestations\/multitailles\/1920x1440_a-vol-d-oiseaux-5-18317.jpg"},"1200x900":{"url":"https:\/\/www.saint-brevin.com\/medias\/images\/prestations\/multitailles\/1200x900_a-vol-d-oiseaux-5-18317.jpg"},"800x600":{"url":"https:\/\/www.saint-brevin.com\/medias\/images\/prestations\/multitailles\/800x600_a-vol-d-oiseaux-5-18317.jpg"},"640x480":{"url":"https:\/\/www.saint-brevin.com\/medias\/images\/prestations\/multitailles\/640x480_a-vol-d-oiseaux-5-18317.jpg"},"320x240":{"url":"https:\/\/www.saint-brevin.com\/medias\/images\/prestations\/multitailles\/320x240_a-vol-d-oiseaux-5-18317.jpg"},"160x120":{"url":"https:\/\/www.saint-brevin.com\/medias\/images\/prestations\/multitailles\/160x120_a-vol-d-oiseaux-5-18317.jpg"},"origine":{"url":"https:\/\/www.saint-brevin.com\/medias\/images\/prestations\/a-vol-d-oiseaux-5-18317.jpg"}},"urlLien":"","typeLien":"","nofollow":"N","copyright":""},{"url":"https:\/\/www.saint-brevin.com\/medias\/images\/prestations\/a-vol-d-oiseaux-1-18318.jpg","chemin":"..\/medias\/images\/prestations\/a-vol-d-oiseaux-1-18318.jpg","libelle":"a-vol-d-oiseaux-1-18318","extension":"jpg","categorie":"","largeur":808,"theme":"","hauteur":450,"type":"Image","origine":"","liaisonPave":"","langue":"","id":"18318","urlVignette":"https:\/\/www.saint-brevin.com\/medias\/images\/prestations\/v-a-vol-d-oiseaux-1-18318.jpg","alt":"a-vol-d-oiseaux-1-18318","title":"a-vol-d-oiseaux-1-18318","MultiTaille":{"1920x1440":{"url":"https:\/\/www.saint-brevin.com\/medias\/images\/prestations\/multitailles\/1920x1440_a-vol-d-oiseaux-1-18318.jpg"},"1200x900":{"url":"https:\/\/www.saint-brevin.com\/medias\/images\/prestations\/multitailles\/1200x900_a-vol-d-oiseaux-1-18318.jpg"},"800x600":{"url":"https:\/\/www.saint-brevin.com\/medias\/images\/prestations\/multitailles\/800x600_a-vol-d-oiseaux-1-18318.jpg"},"640x480":{"url":"https:\/\/www.saint-brevin.com\/medias\/images\/prestations\/multitailles\/640x480_a-vol-d-oiseaux-1-18318.jpg"},"320x240":{"url":"https:\/\/www.saint-brevin.com\/medias\/images\/prestations\/multitailles\/320x240_a-vol-d-oiseaux-1-18318.jpg"},"160x120":{"url":"https:\/\/www.saint-brevin.com\/medias\/images\/prestations\/multitailles\/160x120_a-vol-d-oiseaux-1-18318.jpg"},"origine":{"url":"https:\/\/www.saint-brevin.com\/medias\/images\/prestations\/a-vol-d-oiseaux-1-18318.jpg"}},"urlLien":"","typeLien":"","nofollow":"N","copyright":""},{"url":"https:\/\/www.saint-brevin.com\/medias\/images\/prestations\/a-vol-d-oiseaux-6-18319.jpg","chemin":"..\/medias\/images\/prestations\/a-vol-d-oiseaux-6-18319.jpg","libelle":"a-vol-d-oiseaux-6-18319","extension":"jpg","categorie":"","largeur":810,"theme":"","hauteur":458,"type":"Image","origine":"","liaisonPave":"","langue":"","id":"18319","urlVignette":"https:\/\/www.saint-brevin.com\/medias\/images\/prestations\/v-a-vol-d-oiseaux-6-18319.jpg","alt":"a-vol-d-oiseaux-6-18319","title":"a-vol-d-oiseaux-6-18319","MultiTaille":{"1920x1440":{"url":"https:\/\/www.saint-brevin.com\/medias\/images\/prestations\/multitailles\/1920x1440_a-vol-d-oiseaux-6-18319.jpg"},"1200x900":{"url":"https:\/\/www.saint-brevin.com\/medias\/images\/prestations\/multitailles\/1200x900_a-vol-d-oiseaux-6-18319.jpg"},"800x600":{"url":"https:\/\/www.saint-brevin.com\/medias\/images\/prestations\/multitailles\/800x600_a-vol-d-oiseaux-6-18319.jpg"},"640x480":{"url":"https:\/\/www.saint-brevin.com\/medias\/images\/prestations\/multitailles\/640x480_a-vol-d-oiseaux-6-18319.jpg"},"320x240":{"url":"https:\/\/www.saint-brevin.com\/medias\/images\/prestations\/multitailles\/320x240_a-vol-d-oiseaux-6-18319.jpg"},"160x120":{"url":"https:\/\/www.saint-brevin.com\/medias\/images\/prestations\/multitailles\/160x120_a-vol-d-oiseaux-6-18319.jpg"},"origine":{"url":"https:\/\/www.saint-brevin.com\/medias\/images\/prestations\/a-vol-d-oiseaux-6-18319.jpg"}},"urlLien":"","typeLien":"","nofollow":"N","copyright":""},{"url":"https:\/\/www.saint-brevin.com\/medias\/images\/prestations\/a-vol-d-oiseaux-4-18321.jpg","chemin":"..\/medias\/images\/prestations\/a-vol-d-oiseaux-4-18321.jpg","libelle":"a-vol-d-oiseaux-4-18321","extension":"jpg","categorie":"","largeur":803,"theme":"","hauteur":451,"type":"Image","origine":"","liaisonPave":"","langue":"","id":"18321","urlVignette":"https:\/\/www.saint-brevin.com\/medias\/images\/prestations\/v-a-vol-d-oiseaux-4-18321.jpg","alt":"a-vol-d-oiseaux-4-18321","title":"a-vol-d-oiseaux-4-18321","MultiTaille":{"1920x1440":{"url":"https:\/\/www.saint-brevin.com\/medias\/images\/prestations\/multitailles\/1920x1440_a-vol-d-oiseaux-4-18321.jpg"},"1200x900":{"url":"https:\/\/www.saint-brevin.com\/medias\/images\/prestations\/multitailles\/1200x900_a-vol-d-oiseaux-4-18321.jpg"},"800x600":{"url":"https:\/\/www.saint-brevin.com\/medias\/images\/prestations\/multitailles\/800x600_a-vol-d-oiseaux-4-18321.jpg"},"640x480":{"url":"https:\/\/www.saint-brevin.com\/medias\/images\/prestations\/multitailles\/640x480_a-vol-d-oiseaux-4-18321.jpg"},"320x240":{"url":"https:\/\/www.saint-brevin.com\/medias\/images\/prestations\/multitailles\/320x240_a-vol-d-oiseaux-4-18321.jpg"},"160x120":{"url":"https:\/\/www.saint-brevin.com\/medias\/images\/prestations\/multitailles\/160x120_a-vol-d-oiseaux-4-18321.jpg"},"origine":{"url":"https:\/\/www.saint-brevin.com\/medias\/images\/prestations\/a-vol-d-oiseaux-4-18321.jpg"}},"urlLien":"","typeLien":"","nofollow":"N","copyright":""},{"url":"https:\/\/www.saint-brevin.com\/medias\/images\/prestations\/a-vol-d-oiseaux-affiche-18320.jpg","chemin":"..\/medias\/images\/prestations\/a-vol-d-oiseaux-affiche-18320.jpg","libelle":"a-vol-d-oiseaux-affiche-18320","extension":"jpg","categorie":"","largeur":401,"theme":"","hauteur":539,"type":"Image","origine":"","liaisonPave":"","langue":"","id":"18320","urlVignette":"https:\/\/www.saint-brevin.com\/medias\/images\/prestations\/v-a-vol-d-oiseaux-affiche-18320.jpg","alt":"a-vol-d-oiseaux-affiche-18320","title":"a-vol-d-oiseaux-affiche-18320","MultiTaille":{"1920x1440":{"url":"https:\/\/www.saint-brevin.com\/medias\/images\/prestations\/multitailles\/1920x1440_a-vol-d-oiseaux-affiche-18320.jpg"},"1200x900":{"url":"https:\/\/www.saint-brevin.com\/medias\/images\/prestations\/multitailles\/1200x900_a-vol-d-oiseaux-affiche-18320.jpg"},"800x600":{"url":"https:\/\/www.saint-brevin.com\/medias\/images\/prestations\/multitailles\/800x600_a-vol-d-oiseaux-affiche-18320.jpg"},"640x480":{"url":"https:\/\/www.saint-brevin.com\/medias\/images\/prestations\/multitailles\/640x480_a-vol-d-oiseaux-affiche-18320.jpg"},"320x240":{"url":"https:\/\/www.saint-brevin.com\/medias\/images\/prestations\/multitailles\/320x240_a-vol-d-oiseaux-affiche-18320.jpg"},"160x120":{"url":"https:\/\/www.saint-brevin.com\/medias\/images\/prestations\/multitailles\/160x120_a-vol-d-oiseaux-affiche-18320.jpg"},"origine":{"url":"https:\/\/www.saint-brevin.com\/medias\/images\/prestations\/a-vol-d-oiseaux-affiche-18320.jpg"}},"urlLien":"","typeLien":"","nofollow":"N","copyright":""}]},"Video":[{"url":"https:\/\/youtu.be\/uyWaGsopRJk","libelle":"\u00c0 vol d'Oiseaux","categorie":"","largeur":"","theme":"","hauteur":"","type":"Video","origine":"YOUTUBE","liaisonPave":"","langue":"","id":"18322","htmlVideo":"\u003Ciframe src=\"https:\/\/www.youtube.com\/embed\/uyWaGsopRJk?wmode=opaque&rel=0&start=0\" width=\"\" height=\"\" style=\"border:0;\" allowfullscreen\u003E\u003C\/iframe\u003E","vignetteVideo":"\u003Cimg src=\"https:\/\/img.youtube.com\/vi\/uyWaGsopRJk\/0.jpg\" \/\u003E"}],"Document":[{"url":"https:\/\/www.saint-brevin.com\/medias\/images\/prestations\/cinefilou-avril-juin2023-18370.pdf","chemin":"..\/medias\/images\/prestations\/cinefilou-avril-juin2023-18370.pdf","libelle":"cinefilou-avril-juin2023-18370","extension":"pdf","categorie":"","largeur":"","theme":"","hauteur":"","type":"Document","origine":"","liaisonPave":"","langue":"","id":"18370","poids":"5.08 Mo","alt":"cinefilou-avril-juin2023-18370","title":"cinefilou-avril-juin2023-18370"}]},"DateDebPublication":"","DateFinPublication":"","PrixAPartirDe":"","PrixPour":"","FicheListeEnCours":"fiche_liste_agenda_prestation_v2017","ParametresModele":{"AfficherPhotos":"1","NbPhotosMax":6,"AfficherReserver":0,"AfficherContact":0,"AfficherSalle":1,"AfficherZoneGeo":0,"AfficherEnSavoirPlus":"1","AfficherUneSeuleOuverture":"1","AfficherContactCarte":1,"AfficherTarifsChaudAPartirDe":0,"AfficherTarifChaudSansRecherche":0,"AfficherLiensCarnetVoyage":"1","AfficherOuverture":"1","BlocCritereInfo":{"critere1":{"libelle":""},"critere2":{"libelle":""},"critere3":{"libelle":""},"critere4":{"libelle":""},"critere5":{"libelle":""},"critere6":{"libelle":""},"critere7":{"libelle":"","liste_critere":["COMMUNES|Y"]},"critere8":{"libelle":""},"critere9":{"libelle":""},"afficherpictoetpaslibelle":"1"},"CriteresComportementResa":"|RESABILLET[RESAENLIGNE|","PositionBloc":"GALLERIE|NOM|OUVERTURES|CARNET_VOYAGE|URL|LIEN_RESERVER_DETAIL","TypePrestataire":"Y","ComportementResa":false,"ComportementDispo":false},"AffichageCoordonnees":[],"Coordonnees":{"Ville":"ST BREVIN LES PINS"},"ContexteId":"PRESTATION|Y|LOIPDL044V500448|CINEFILVOLDOISEAUX","ContexteIdHtml":"PRESTATION-Y-LOIPDL044V500448-CINEFILVOLDOISEAUX","cleContexte":"Y|LOIPDL044V500448|CINEFILVOLDOISEAUX","Bloc":{"texte1":"","texte3":"","critere1":{"libelle":"","contenu":[]},"critere2":{"libelle":"","contenu":[]},"critere3":{"libelle":"","contenu":[]},"critere4":{"libelle":"","contenu":[]},"critere5":{"libelle":"","contenu":[]},"critere6":{"libelle":"","contenu":[]},"critere7":{"libelle":"","contenu":{"COMMUNES":{"libelle":"COMMUNE","contenu":{"1":"Saint-Brevin"},"codesValeurs":{"1":"COMMUNES|SAINTBREVIN|Y"},"criteres_datas":{"valeurs":{"1":{"SAINTBREVIN":{"descriptif":""}}}}}}},"critere8":{"libelle":"","contenu":[]},"critere9":{"libelle":"","contenu":[]}},"LocalisationGps":{"Latitude":"47.23483","Longitude":"-2.15552"},"libelleDuPrestataire":"","vuePrestataire":{"pave1":{"libelle":"Descriptif","contenu":""},"pave2":{"libelle":"","contenu":""},"pave3":{"libelle":"","contenu":""},"pave4":{"libelle":"","contenu":""},"pave5":{"libelle":"","contenu":""},"pave6":{"libelle":"","contenu":""},"pave7":{"libelle":"","contenu":""},"pave8":{"libelle":"","contenu":""},"pave9":{"libelle":"","contenu":""},"pave10":{"libelle":"","contenu":""},"pave11":{"libelle":"","contenu":""},"pave12":{"libelle":"","contenu":""},"pave13":{"libelle":"","contenu":""},"pave14":{"libelle":"","contenu":""},"pave15":{"libelle":"","contenu":""},"pave16":{"libelle":"","contenu":""},"pave17":{"libelle":"","contenu":""},"pave18":{"libelle":"","contenu":""},"pave19":{"libelle":"","contenu":""},"pave20":{"libelle":"","contenu":""},"pave21":{"libelle":"","contenu":""},"pave22":{"libelle":"","contenu":""},"pave23":{"libelle":"","contenu":""},"pave24":{"libelle":"","contenu":""},"pave25":{"libelle":"","contenu":""},"ContactsParType":{"RESP":{"12":{"id_contact":"12","type_contact":"RESP","categorie_contact":"PRESTATAIRE","societe_contact":"","fonction_contact":"","civilite_nom_prenom_contact":"M Letort Rodolphe ","adresse1_contact":"Avenue des Fr\u00e8res Lumi\u00e8re","adresse2_contact":"","adresse3_contact":"","cpostal_contact":"44250","ville_contact":"ST BREVIN LES PINS","teldom_contact":"02 40 39 39 39","telbur_contact":"","fax_contact":"","portable_contact":"06 03 32 69 03","email_contact":"cinejade@tourisme-saint-brevin.fr","siteweb_contact":"","commentaire_contact":"","langue_contact":"","autre_moyen_com":[]}}},"Libelle":"Cin\u00e9jade","Nom":"Cin\u00e9jade","Prenom":"","NomPrenom":"Cin\u00e9jade ","CiviliteNomPrenom":"Cin\u00e9jade ","Cle":"Y|LOIPDL044V500448","PrestataireParent":"","ContexteStat":"PRESTATAIRE-Y-LOIPDL044V500448","DateModificationIso":"2024-02-12T18:01:00+01:00","Type":"PRESTATAIRE","TypePrestataire":"Y","Adresse":{"LigneAdresse1":"2 Avenue des Fr\u00e8res Lumi\u00e8re","LigneAdresse2":"","LigneAdresse3":"","CodePostal":"44250","Ville":"ST BREVIN LES PINS","Cedex":"","Etat":"","Pays":"FRA"},"Email":"ot@tourisme-saint-brevin.fr","Telephone":"02 40 39 39 39","TelephoneBureau":"","Portable":"","SiteWeb":"","Fax":"","Id":"y-loipdl044v500448","Code":"Y|LOIPDL044V500448","Fichier":[],"Url":"","Localisation":{"GoogleMap":{"Latitude":"47.23479","Longitude":"-2.15553"}},"ZoneGeo":"","Criteres":{"COMMUNES[SAINTBREVIN":"","INSPUBMAJ[GRATUITPRECISER":"Equipement SEM SEL","LDLTH[DHAACO":"","DLATH[DDA":"","THANDI[WC":"","THANDI[ACCESFAUT":"","MAJINGENIE[DATEDERNIEREMAJ":"20170914","MISEAJOUR[ANNABELLE":""},"DateFinPublication":"","AffichageCoordonnees":[]},"listeCriteres":{"ALAFFICHEACC":{"OUIALAFFICHE":""},"LIEUMANIF":{"SAINTBREVIN":""},"TYPEDEPROGRAMMATION":{"CINEFILOU":"","ENFANTS":""},"CATEGORIEANIMATION":{"CINE":"","CINEJADE":""},"THEME":{"DESS":""},"ICA":{"DS":"1h","SA":"","PLAL":"","ICATP":"","AGEMINIM":"6"},"ANIAH":{"ANIACC":""},"GANIMA":{"GANIMNON":""},"PERIOD":{"YDPERI":""},"MODEPAIEMENT":{"LCBP":"","LESPE":"","LCB":"","LAE":""},"MISEAJOURINGENIE":{"DATEDERNIEREMAJ":"20230323"},"MISEAJOURPAR":{"ANNABELLE":""},"COMMUNES":{"SAINTBREVIN":""},"INSPUBMAJ":{"GRATUITPRECISER":"Equipement SEM SEL"},"LDLTH":{"DHAACO":""},"DLATH":{"DDA":""},"THANDI":{"WC":"","ACCESFAUT":""},"MAJINGENIE":{"DATEDERNIEREMAJ":"20170914"},"MISEAJOUR":{"ANNABELLE":""}},"dansCarnetVoyage":true,"Ouverture":[],"OuverturePasse":[]},"html":" \n \u003Cdiv id=\"CV-PRESTATION-Y-LOIPDL044V500448-CINEFILVOLDOISEAUX\" data-contexte-id=\"PRESTATION|Y|LOIPDL044V500448|CINEFILVOLDOISEAUX\" data-cle=\"Y|LOIPDL044V500448|CINEFILVOLDOISEAUX\" class=\"fiche-liste\"\u003E\n    \n\n    \u003C!-- partie photo --\u003E\n    \u003Cdiv class=\"photo\"\u003E\t\t\t\t\t\t\t\t\t\t\t\t\t\t\t\t\t\t\t\t\t\n        \u003Cdiv class=\"cadre_photo_principale\"\u003E\t\t\n        \n            \t\t\t\t\t\n                    \u003Ca href=\"cinefil-a-vol-d-oiseaux.html?origine=carnet#media\"\u003E\n                        \u003Cimg class=\"photo_principale\" alt=\"a-vol-d-oiseaux-18315\" src=\"https:\/\/www.saint-brevin.com\/medias\/images\/prestations\/multitailles\/320x240_a-vol-d-oiseaux-18315.png\" itemprop=\"image\"\u003E\n                    \u003C\/a\u003E\t\t\t\t\t\t\n                \n                    \u003C\/div\u003E\t\t\t\t\t\t\t\t\t\t\t\t\t\t\t\t\t\t\t \t\t\n    \u003C\/div\u003E\n    \n    \u003C!-- partie nom prest --\u003E\n    \u003Cdiv class=\"nom\"\u003E\n        \u003Ch2\u003ECin\u00e9fil : \u00c0 vol d'Oiseaux\u003C\/h2\u003E\n        \n            \u003C\/div\u003E\n\n         \n    \u003C!-- partie adresse --\u003E\n    \u003Cdiv class=\"adresse\"\u003E\n    \n          \n    \u003C\/div\u003E\n    \n    \u003C!-- partie liens --\u003E\n    \u003Cdiv class=\"liens\"\u003E\n            \u003Ca class=\"btn-icon btn-view \" title=\"Voir la fiche d\u00e9taill\u00e9e\" href=\"cinefil-a-vol-d-oiseaux.html?origine=carnet\"\u003E\u003C\/a\u003E\u003C!--\u003Ca class=\"btn-icon btn-view \" title=\"\" href=\"?origine=carnet#thaut\"\u003E\u003C\/a\u003E--\u003E\n      \u003Ca class=\"btn-icon btn-trash carnet_voyage_supprimer\" title=\"Supprimer cette fiche de mon carnet de voyage\" href=\"carnet-voyage?action=remove&fiche=Y|LOIPDL044V500448|CINEFILVOLDOISEAUX\"\u003E\u003C\/a\u003E\n    \u003C\/div\u003E\n\n\u003C\/div\u003E\n\n","icon":"https:\/\/static.ingenie.fr\/images\/carnetVoyageV3\/Y.png"},"fiche":"Y|LOIPDL044V500448|CINEFILVOLDOISEAUX","popup":"\u003Cdiv id=\"bloc_popup_ajout_fiche_carnet\"\u003E\n    \u003Cdiv class=\"info_popup_ajout_fiche_carnet\"\u003E\n        Vous venez d'ajouter cet \u00e9l\u00e9ment \u00e0 votre carnet de voyage :    \u003C\/div\u003E\n    \u003Cdiv class=\"prest_popup_ajout_fiche_carnet\"\u003E\n        Cin&eacute;fil : &Agrave; vol d&#039;Oiseaux    \u003C\/div\u003E\n    \u003Cdiv class=\"bloc_btn_ajout_fiche_carnet form_submit_div\"\u003E\n        \u003Cinput type=\"button\" value=\"Continuer ma s\u00e9lection\" title=\"Continuer ma s\u00e9lection\" name=\"btn_close\" class=\"btn_close_popup_carnet form_submit\" onclick=\"$.colorbox.close()\" \/\u003E\n        \u003Cinput type=\"button\" value=\"Voir mon carnet de voyage\" title=\"Voir mon carnet\" name=\"btn_panier\" class=\"btn_panier_popup_carnet form_submit\" onclick=\"if(typeof CarnetVoyage != 'undefined') {CarnetVoyage.voirCarnet();}\" \/\u003E\n    \u003C\/div\u003E\n    \u003Cdiv class=\"bloc_btn_ajout_fiche_carnet\"\u003E\n        \u003Cinput type=\"checkbox\" value=\"1\" name=\"desactiver_popup\" id=\"desactiver_popup\" \/\u003E\n        \u003Clabel for=\"desactiver_popup\"\u003ENe plus afficher ce message\u003C\/label\u003E\n    \u003C\/div\u003E\n\u003C\/div\u003E","success":1}