{"nbFiches":1,"dataPrest":{"infoPrest":{"pave1":{"libelle":"Slogan","contenu":"","fichiers":[]},"pave2":{"libelle":"Descriptif","contenu":"Une s&eacute;ance adapt&eacute;e aux jeunes enfants, id&eacute;ale pour un premier contact avec le cin&eacute;ma.\u003Cbr \/\u003E\r\nUn film court, ou plusieurs courts-m&eacute;trages,&nbsp;un son moins fort en salle, et pas de pub,&nbsp;un film class&eacute; art et essai, donc un film visant &agrave; &eacute;veiller la curiosit&eacute; des enfants&nbsp;et leur go&ucirc;t pour le cin&eacute;ma dans toute sa diversit&eacute;,&nbsp;un go&ucirc;ter offert sur une des s&eacute;ances propos&eacute;es !\u003Cbr \/\u003E\r\n\u003Cbr \/\u003E\r\n\u003Cbr \/\u003E\r\n\u003Cstrong\u003ESynopsis :\u003C\/strong\u003E\u003Cbr \/\u003E\r\nProgramme de trois courts m&eacute;trages d&#39;animation.\u003Cbr \/\u003E\r\n\u003Cbr \/\u003E\r\nProgramme :\u003Cbr \/\u003E\r\n-\u003Cstrong\u003E Pourquoi les arbres perdent leurs feuilles &agrave; l&rsquo;automne ? \u003C\/strong\u003Ede Pascale Hecquet (2022, 8&#39;) :\u003Cbr \/\u003E\r\nGiuseppe le petit h&eacute;risson se prom&egrave;ne avec son papa dans les bois. C&rsquo;est l&rsquo;automne, il joue dans les feuilles tomb&eacute;es par terre et demande &agrave; son p&egrave;re pourquoi les arbres perdent leurs feuilles. La r&eacute;ponse lui est donn&eacute;e sous la forme d&rsquo;un joli conte&hellip;\u003Cbr \/\u003E\r\n\u003Cbr \/\u003E\r\n- \u003Cstrong\u003EGiuseppe \u003C\/strong\u003Ed&#39;Isabelle Favez (2021, 26&#39;) :\u003Cbr \/\u003E\r\nGiuseppe n&rsquo;a qu&rsquo;un r&ecirc;ve, celui de voir la neige. Mais attention, quand le froid arrive, gare au fant&ocirc;me de l&rsquo;hiver! On dit qu&rsquo;il sort de ses montagnes pour attraper les petits h&eacute;rissons qui ne voudraient pas hiberner...\u003Cbr \/\u003E\r\n\u003Cbr \/\u003E\r\n-\u003Cstrong\u003E Pourquoi la neige est blanche ? \u003C\/strong\u003Ede Pascale Hecquet (2022, 5&#39;) :\u003Cbr \/\u003E\r\nGiuseppe sort de l&rsquo;hibernation et d&eacute;couvre des petits restes de neige autour de sa maison. Tout heureux de pouvoir encore en profiter au d&eacute;but de ce printemps, il demande &agrave; son papa pourquoi la neige est blanche. Au travers d&rsquo;un joli conte d&rsquo;antan, Giuseppe va comprendre que l&rsquo;&eacute;clat de la neige est tout simplement la lumi&egrave;re du soleil r&eacute;fl&eacute;chie par l&rsquo;ensemble de ses cristaux.\u003Cbr \/\u003E\r\n\u003Cbr \/\u003E\r\nSans oublier ... le go&ucirc;ter offert en partenariat avec l&#39;&#39;\u003Ca href=\"https:\/\/www.saint-brevin.com\/l-epicerie-retz-aunee.html\" target=\"_blank\"\u003E&eacute;picerie Retz&#39;aun&eacute;e\u003C\/a\u003E.\u003Cbr \/\u003E\r\n&nbsp;\r\n\u003Cdiv style=\"text-align: center;\"\u003E\u003Cspan style=\"font-size:18px;\"\u003E\u003Cstrong\u003E\u003Ca href=\"https:\/\/www.ticketingcine.fr\/?NC=0161\" target=\"_blank\"\u003E\u003Cspan style=\"color:#008080;\"\u003EBilletterie en ligne\u003C\/span\u003E\u003C\/a\u003E\u003C\/strong\u003E\u003C\/span\u003E\u003C\/div\u003E\r\n","fichiers":[]},"pave3":{"libelle":"","contenu":""},"pave4":{"libelle":"","contenu":""},"pave5":{"libelle":"","contenu":""},"pave6":{"libelle":"","contenu":""},"pave7":{"libelle":"","contenu":""},"pave8":{"libelle":"","contenu":""},"pave9":{"libelle":"","contenu":""},"pave10":{"libelle":"","contenu":""},"pave11":{"libelle":"","contenu":""},"pave12":{"libelle":"","contenu":""},"pave13":{"libelle":"","contenu":""},"pave14":{"libelle":"","contenu":""},"pave15":{"libelle":"","contenu":""},"pave16":{"libelle":"","contenu":""},"pave17":{"libelle":"","contenu":""},"pave18":{"libelle":"","contenu":""},"pave19":{"libelle":"","contenu":""},"pave20":{"libelle":"","contenu":""},"pave21":{"libelle":"","contenu":""},"pave22":{"libelle":"","contenu":""},"pave23":{"libelle":"","contenu":""},"pave24":{"libelle":"","contenu":""},"pave25":{"libelle":"","contenu":""},"Libelle":"Cin\u00e9filou : Un h\u00e9risson dans la neige","Reference":"","Reftar":"","Type":"PRESTATION","TypePrestataire":"Y","ContexteStat":"PRESTATION-Y-LOIPDL044V500448-CINEFILOUUNHRISSONDANSLAN","DateModificationIso":"2022-11-16T22:16:00+01:00","Adresse":{"LigneAdresse1":"Cin\u00e9jade","LigneAdresse2":"2 avenue des Fr\u00e8res Lumi\u00e8re","LigneAdresse3":"","CodePostal":"44250","Ville":"ST BREVIN LES PINS","Cedex":"","Etat":"","Pays":"FRA"},"Id":"y-loipdl044v500448-cinefilouunhrissondanslan","Code":"Y|LOIPDL044V500448|CINEFILOUUNHRISSONDANSLAN","Cle":"Y|LOIPDL044V500448|CINEFILOUUNHRISSONDANSLAN","Url":"cinefilou-un-herisson-dans-la-neige.html","Localisation":{"GoogleMap":{"Latitude":"47.23483","Longitude":"-2.15552"}},"ZoneGeo":"","Criteres":{"ALAFFICHEACC[OUIALAFFICHE":"","LIEUMANIF[SAINTBREVIN":"","TYPEDEPROGRAMMATION[CINEFILOU":"","TYPEDEPROGRAMMATION[ENFANTS":"","CATEGORIEANIMATION[CINE":"","CATEGORIEANIMATION[CINEJADE":"","THEME[DESS":"","ICA[DS":"39mn","ICA[SA":"","ICA[PLAL":"","ICA[ICATP":"","ICA[AGEMINIM":"3","ANIAH[ANIACC":"","GANIMA[GANIMNON":"","PERIOD[YDPERI":"Chaque mois de Septembre \u00e0 Juin","MODEPAIEMENT[LCBP":"","MODEPAIEMENT[LESPE":"","MODEPAIEMENT[LCB":"","MODEPAIEMENT[LAE":"","MISEAJOURINGENIE[DATEDERNIEREMAJ":"20220617","MISEAJOURPAR[ANNABELLE":""},"Prestataire":{"pave1":{"libelle":"Descriptif","contenu":""},"pave2":{"libelle":"","contenu":""},"pave3":{"libelle":"","contenu":""},"pave4":{"libelle":"","contenu":""},"pave5":{"libelle":"","contenu":""},"pave6":{"libelle":"","contenu":""},"pave7":{"libelle":"","contenu":""},"pave8":{"libelle":"","contenu":""},"pave9":{"libelle":"","contenu":""},"pave10":{"libelle":"","contenu":""},"pave11":{"libelle":"","contenu":""},"pave12":{"libelle":"","contenu":""},"pave13":{"libelle":"","contenu":""},"pave14":{"libelle":"","contenu":""},"pave15":{"libelle":"","contenu":""},"pave16":{"libelle":"","contenu":""},"pave17":{"libelle":"","contenu":""},"pave18":{"libelle":"","contenu":""},"pave19":{"libelle":"","contenu":""},"pave20":{"libelle":"","contenu":""},"pave21":{"libelle":"","contenu":""},"pave22":{"libelle":"","contenu":""},"pave23":{"libelle":"","contenu":""},"pave24":{"libelle":"","contenu":""},"pave25":{"libelle":"","contenu":""},"ContactsParType":{"RESP":{"12":{"id_contact":"12","type_contact":"RESP","categorie_contact":"PRESTATAIRE","societe_contact":"","fonction_contact":"","civilite_nom_prenom_contact":"M Letort Rodolphe ","adresse1_contact":"Avenue des Fr\u00e8res Lumi\u00e8re","adresse2_contact":"","adresse3_contact":"","cpostal_contact":"44250","ville_contact":"ST BREVIN LES PINS","teldom_contact":"02 40 39 39 39","telbur_contact":"","fax_contact":"","portable_contact":"06 03 32 69 03","email_contact":"cinejade@tourisme-saint-brevin.fr","siteweb_contact":"","commentaire_contact":"","langue_contact":"","autre_moyen_com":[]}}},"Libelle":"Cin\u00e9jade","Nom":"Cin\u00e9jade","Prenom":"","NomPrenom":"Cin\u00e9jade ","CiviliteNomPrenom":"Cin\u00e9jade ","Cle":"Y|LOIPDL044V500448","PrestataireParent":"","ContexteStat":"PRESTATAIRE-Y-LOIPDL044V500448","DateModificationIso":"2024-02-12T18:01:00+01:00","Type":"PRESTATAIRE","TypePrestataire":"Y","Adresse":{"LigneAdresse1":"2 Avenue des Fr\u00e8res Lumi\u00e8re","LigneAdresse2":"","LigneAdresse3":"","CodePostal":"44250","Ville":"ST BREVIN LES PINS","Cedex":"","Etat":"","Pays":"FRA"},"Email":"ot@tourisme-saint-brevin.fr","Telephone":"02 40 39 39 39","TelephoneBureau":"","Portable":"","SiteWeb":"","Fax":"","Id":"y-loipdl044v500448","Code":"Y|LOIPDL044V500448","Fichier":[],"Url":"","Localisation":{"GoogleMap":{"Latitude":"47.23479","Longitude":"-2.15553"}},"ZoneGeo":"","Criteres":{"COMMUNES[SAINTBREVIN":"","INSPUBMAJ[GRATUITPRECISER":"Equipement SEM SEL","LDLTH[DHAACO":"","DLATH[DDA":"","THANDI[WC":"","THANDI[ACCESFAUT":"","MAJINGENIE[DATEDERNIEREMAJ":"20170914","MISEAJOUR[ANNABELLE":""},"DateFinPublication":""},"Fichier":{"Image":[{"url":"https:\/\/www.saint-brevin.com\/medias\/images\/prestations\/un-h-risson-dans-la-neige-1-16642.jpg","chemin":"..\/medias\/images\/prestations\/un-h-risson-dans-la-neige-1-16642.jpg","libelle":"un-h-risson-dans-la-neige-1-16642","extension":"jpg","categorie":"","largeur":800,"theme":"","hauteur":533,"type":"Image","origine":"","liaisonPave":"","langue":"","id":"16642","urlVignette":"https:\/\/www.saint-brevin.com\/medias\/images\/prestations\/v-un-h-risson-dans-la-neige-1-16642.jpg","alt":"un-h-risson-dans-la-neige-1-16642","title":"un-h-risson-dans-la-neige-1-16642","MultiTaille":{"1920x1440":{"url":"https:\/\/www.saint-brevin.com\/medias\/images\/prestations\/multitailles\/1920x1440_un-h-risson-dans-la-neige-1-16642.jpg"},"1200x900":{"url":"https:\/\/www.saint-brevin.com\/medias\/images\/prestations\/multitailles\/1200x900_un-h-risson-dans-la-neige-1-16642.jpg"},"800x600":{"url":"https:\/\/www.saint-brevin.com\/medias\/images\/prestations\/multitailles\/800x600_un-h-risson-dans-la-neige-1-16642.jpg"},"640x480":{"url":"https:\/\/www.saint-brevin.com\/medias\/images\/prestations\/multitailles\/640x480_un-h-risson-dans-la-neige-1-16642.jpg"},"320x240":{"url":"https:\/\/www.saint-brevin.com\/medias\/images\/prestations\/multitailles\/320x240_un-h-risson-dans-la-neige-1-16642.jpg"},"160x120":{"url":"https:\/\/www.saint-brevin.com\/medias\/images\/prestations\/multitailles\/160x120_un-h-risson-dans-la-neige-1-16642.jpg"},"origine":{"url":"https:\/\/www.saint-brevin.com\/medias\/images\/prestations\/un-h-risson-dans-la-neige-1-16642.jpg"}},"urlLien":"","typeLien":"","nofollow":"N","copyright":""},{"url":"https:\/\/www.saint-brevin.com\/medias\/images\/prestations\/un-h-risson-dans-la-neige-2-16641.jpg","chemin":"..\/medias\/images\/prestations\/un-h-risson-dans-la-neige-2-16641.jpg","libelle":"un-h-risson-dans-la-neige-2-16641","extension":"jpg","categorie":"","largeur":1600,"theme":"","hauteur":900,"type":"Image","origine":"","liaisonPave":"","langue":"","id":"16641","urlVignette":"https:\/\/www.saint-brevin.com\/medias\/images\/prestations\/v-un-h-risson-dans-la-neige-2-16641.jpg","alt":"un-h-risson-dans-la-neige-2-16641","title":"un-h-risson-dans-la-neige-2-16641","MultiTaille":{"1920x1440":{"url":"https:\/\/www.saint-brevin.com\/medias\/images\/prestations\/multitailles\/1920x1440_un-h-risson-dans-la-neige-2-16641.jpg"},"1200x900":{"url":"https:\/\/www.saint-brevin.com\/medias\/images\/prestations\/multitailles\/1200x900_un-h-risson-dans-la-neige-2-16641.jpg"},"800x600":{"url":"https:\/\/www.saint-brevin.com\/medias\/images\/prestations\/multitailles\/800x600_un-h-risson-dans-la-neige-2-16641.jpg"},"640x480":{"url":"https:\/\/www.saint-brevin.com\/medias\/images\/prestations\/multitailles\/640x480_un-h-risson-dans-la-neige-2-16641.jpg"},"320x240":{"url":"https:\/\/www.saint-brevin.com\/medias\/images\/prestations\/multitailles\/320x240_un-h-risson-dans-la-neige-2-16641.jpg"},"160x120":{"url":"https:\/\/www.saint-brevin.com\/medias\/images\/prestations\/multitailles\/160x120_un-h-risson-dans-la-neige-2-16641.jpg"},"origine":{"url":"https:\/\/www.saint-brevin.com\/medias\/images\/prestations\/un-h-risson-dans-la-neige-2-16641.jpg"}},"urlLien":"","typeLien":"","nofollow":"N","copyright":""},{"url":"https:\/\/www.saint-brevin.com\/medias\/images\/prestations\/un-h-risson-dans-la-neige-3-16643.jpg","chemin":"..\/medias\/images\/prestations\/un-h-risson-dans-la-neige-3-16643.jpg","libelle":"un-h-risson-dans-la-neige-3-16643","extension":"jpg","categorie":"","largeur":1600,"theme":"","hauteur":899,"type":"Image","origine":"","liaisonPave":"","langue":"","id":"16643","urlVignette":"https:\/\/www.saint-brevin.com\/medias\/images\/prestations\/v-un-h-risson-dans-la-neige-3-16643.jpg","alt":"un-h-risson-dans-la-neige-3-16643","title":"un-h-risson-dans-la-neige-3-16643","MultiTaille":{"1920x1440":{"url":"https:\/\/www.saint-brevin.com\/medias\/images\/prestations\/multitailles\/1920x1440_un-h-risson-dans-la-neige-3-16643.jpg"},"1200x900":{"url":"https:\/\/www.saint-brevin.com\/medias\/images\/prestations\/multitailles\/1200x900_un-h-risson-dans-la-neige-3-16643.jpg"},"800x600":{"url":"https:\/\/www.saint-brevin.com\/medias\/images\/prestations\/multitailles\/800x600_un-h-risson-dans-la-neige-3-16643.jpg"},"640x480":{"url":"https:\/\/www.saint-brevin.com\/medias\/images\/prestations\/multitailles\/640x480_un-h-risson-dans-la-neige-3-16643.jpg"},"320x240":{"url":"https:\/\/www.saint-brevin.com\/medias\/images\/prestations\/multitailles\/320x240_un-h-risson-dans-la-neige-3-16643.jpg"},"160x120":{"url":"https:\/\/www.saint-brevin.com\/medias\/images\/prestations\/multitailles\/160x120_un-h-risson-dans-la-neige-3-16643.jpg"},"origine":{"url":"https:\/\/www.saint-brevin.com\/medias\/images\/prestations\/un-h-risson-dans-la-neige-3-16643.jpg"}},"urlLien":"","typeLien":"","nofollow":"N","copyright":""},{"url":"https:\/\/www.saint-brevin.com\/medias\/images\/prestations\/un-h-risson-dans-la-neige-affiche-16640.jpg","chemin":"..\/medias\/images\/prestations\/un-h-risson-dans-la-neige-affiche-16640.jpg","libelle":"un-h-risson-dans-la-neige-affiche-16640","extension":"jpg","categorie":"","largeur":810,"theme":"","hauteur":1080,"type":"Image","origine":"","liaisonPave":"","langue":"","id":"16640","urlVignette":"https:\/\/www.saint-brevin.com\/medias\/images\/prestations\/v-un-h-risson-dans-la-neige-affiche-16640.jpg","alt":"un-h-risson-dans-la-neige-affiche-16640","title":"un-h-risson-dans-la-neige-affiche-16640","MultiTaille":{"1920x1440":{"url":"https:\/\/www.saint-brevin.com\/medias\/images\/prestations\/multitailles\/1920x1440_un-h-risson-dans-la-neige-affiche-16640.jpg"},"1200x900":{"url":"https:\/\/www.saint-brevin.com\/medias\/images\/prestations\/multitailles\/1200x900_un-h-risson-dans-la-neige-affiche-16640.jpg"},"800x600":{"url":"https:\/\/www.saint-brevin.com\/medias\/images\/prestations\/multitailles\/800x600_un-h-risson-dans-la-neige-affiche-16640.jpg"},"640x480":{"url":"https:\/\/www.saint-brevin.com\/medias\/images\/prestations\/multitailles\/640x480_un-h-risson-dans-la-neige-affiche-16640.jpg"},"320x240":{"url":"https:\/\/www.saint-brevin.com\/medias\/images\/prestations\/multitailles\/320x240_un-h-risson-dans-la-neige-affiche-16640.jpg"},"160x120":{"url":"https:\/\/www.saint-brevin.com\/medias\/images\/prestations\/multitailles\/160x120_un-h-risson-dans-la-neige-affiche-16640.jpg"},"origine":{"url":"https:\/\/www.saint-brevin.com\/medias\/images\/prestations\/un-h-risson-dans-la-neige-affiche-16640.jpg"}},"urlLien":"","typeLien":"","nofollow":"N","copyright":""}],"ByCategorie":{"":[{"url":"https:\/\/www.saint-brevin.com\/medias\/images\/prestations\/un-h-risson-dans-la-neige-1-16642.jpg","chemin":"..\/medias\/images\/prestations\/un-h-risson-dans-la-neige-1-16642.jpg","libelle":"un-h-risson-dans-la-neige-1-16642","extension":"jpg","categorie":"","largeur":800,"theme":"","hauteur":533,"type":"Image","origine":"","liaisonPave":"","langue":"","id":"16642","urlVignette":"https:\/\/www.saint-brevin.com\/medias\/images\/prestations\/v-un-h-risson-dans-la-neige-1-16642.jpg","alt":"un-h-risson-dans-la-neige-1-16642","title":"un-h-risson-dans-la-neige-1-16642","MultiTaille":{"1920x1440":{"url":"https:\/\/www.saint-brevin.com\/medias\/images\/prestations\/multitailles\/1920x1440_un-h-risson-dans-la-neige-1-16642.jpg"},"1200x900":{"url":"https:\/\/www.saint-brevin.com\/medias\/images\/prestations\/multitailles\/1200x900_un-h-risson-dans-la-neige-1-16642.jpg"},"800x600":{"url":"https:\/\/www.saint-brevin.com\/medias\/images\/prestations\/multitailles\/800x600_un-h-risson-dans-la-neige-1-16642.jpg"},"640x480":{"url":"https:\/\/www.saint-brevin.com\/medias\/images\/prestations\/multitailles\/640x480_un-h-risson-dans-la-neige-1-16642.jpg"},"320x240":{"url":"https:\/\/www.saint-brevin.com\/medias\/images\/prestations\/multitailles\/320x240_un-h-risson-dans-la-neige-1-16642.jpg"},"160x120":{"url":"https:\/\/www.saint-brevin.com\/medias\/images\/prestations\/multitailles\/160x120_un-h-risson-dans-la-neige-1-16642.jpg"},"origine":{"url":"https:\/\/www.saint-brevin.com\/medias\/images\/prestations\/un-h-risson-dans-la-neige-1-16642.jpg"}},"urlLien":"","typeLien":"","nofollow":"N","copyright":""},{"url":"https:\/\/youtu.be\/lDO0XkHwLqo","libelle":"Cin\u00e9filou : Un h\u00e9risson dans la neige","categorie":"","largeur":"","theme":"","hauteur":"","type":"Video","origine":"YOUTUBE","liaisonPave":"","langue":"","id":"16644","htmlVideo":"\u003Ciframe src=\"https:\/\/www.youtube.com\/embed\/lDO0XkHwLqo?wmode=opaque&rel=0&start=0\" width=\"\" height=\"\" style=\"border:0;\" allowfullscreen\u003E\u003C\/iframe\u003E","vignetteVideo":"\u003Cimg src=\"https:\/\/img.youtube.com\/vi\/lDO0XkHwLqo\/0.jpg\" \/\u003E"},{"url":"https:\/\/www.saint-brevin.com\/medias\/images\/prestations\/cinefilou-flyer-sept-dec2022-16581-16633-16639.pdf","chemin":"..\/medias\/images\/prestations\/cinefilou-flyer-sept-dec2022-16581-16633-16639.pdf","libelle":"cinefilou-flyer-sept-dec2022-16581","extension":"pdf","categorie":"","largeur":"","theme":"","hauteur":"","type":"Document","origine":"","liaisonPave":"","langue":"","id":"16639","poids":"3.83 Mo","alt":"cinefilou-flyer-sept-dec2022-16581","title":"cinefilou-flyer-sept-dec2022-16581"},{"url":"https:\/\/www.saint-brevin.com\/medias\/images\/prestations\/un-h-risson-dans-la-neige-2-16641.jpg","chemin":"..\/medias\/images\/prestations\/un-h-risson-dans-la-neige-2-16641.jpg","libelle":"un-h-risson-dans-la-neige-2-16641","extension":"jpg","categorie":"","largeur":1600,"theme":"","hauteur":900,"type":"Image","origine":"","liaisonPave":"","langue":"","id":"16641","urlVignette":"https:\/\/www.saint-brevin.com\/medias\/images\/prestations\/v-un-h-risson-dans-la-neige-2-16641.jpg","alt":"un-h-risson-dans-la-neige-2-16641","title":"un-h-risson-dans-la-neige-2-16641","MultiTaille":{"1920x1440":{"url":"https:\/\/www.saint-brevin.com\/medias\/images\/prestations\/multitailles\/1920x1440_un-h-risson-dans-la-neige-2-16641.jpg"},"1200x900":{"url":"https:\/\/www.saint-brevin.com\/medias\/images\/prestations\/multitailles\/1200x900_un-h-risson-dans-la-neige-2-16641.jpg"},"800x600":{"url":"https:\/\/www.saint-brevin.com\/medias\/images\/prestations\/multitailles\/800x600_un-h-risson-dans-la-neige-2-16641.jpg"},"640x480":{"url":"https:\/\/www.saint-brevin.com\/medias\/images\/prestations\/multitailles\/640x480_un-h-risson-dans-la-neige-2-16641.jpg"},"320x240":{"url":"https:\/\/www.saint-brevin.com\/medias\/images\/prestations\/multitailles\/320x240_un-h-risson-dans-la-neige-2-16641.jpg"},"160x120":{"url":"https:\/\/www.saint-brevin.com\/medias\/images\/prestations\/multitailles\/160x120_un-h-risson-dans-la-neige-2-16641.jpg"},"origine":{"url":"https:\/\/www.saint-brevin.com\/medias\/images\/prestations\/un-h-risson-dans-la-neige-2-16641.jpg"}},"urlLien":"","typeLien":"","nofollow":"N","copyright":""},{"url":"https:\/\/www.saint-brevin.com\/medias\/images\/prestations\/un-h-risson-dans-la-neige-3-16643.jpg","chemin":"..\/medias\/images\/prestations\/un-h-risson-dans-la-neige-3-16643.jpg","libelle":"un-h-risson-dans-la-neige-3-16643","extension":"jpg","categorie":"","largeur":1600,"theme":"","hauteur":899,"type":"Image","origine":"","liaisonPave":"","langue":"","id":"16643","urlVignette":"https:\/\/www.saint-brevin.com\/medias\/images\/prestations\/v-un-h-risson-dans-la-neige-3-16643.jpg","alt":"un-h-risson-dans-la-neige-3-16643","title":"un-h-risson-dans-la-neige-3-16643","MultiTaille":{"1920x1440":{"url":"https:\/\/www.saint-brevin.com\/medias\/images\/prestations\/multitailles\/1920x1440_un-h-risson-dans-la-neige-3-16643.jpg"},"1200x900":{"url":"https:\/\/www.saint-brevin.com\/medias\/images\/prestations\/multitailles\/1200x900_un-h-risson-dans-la-neige-3-16643.jpg"},"800x600":{"url":"https:\/\/www.saint-brevin.com\/medias\/images\/prestations\/multitailles\/800x600_un-h-risson-dans-la-neige-3-16643.jpg"},"640x480":{"url":"https:\/\/www.saint-brevin.com\/medias\/images\/prestations\/multitailles\/640x480_un-h-risson-dans-la-neige-3-16643.jpg"},"320x240":{"url":"https:\/\/www.saint-brevin.com\/medias\/images\/prestations\/multitailles\/320x240_un-h-risson-dans-la-neige-3-16643.jpg"},"160x120":{"url":"https:\/\/www.saint-brevin.com\/medias\/images\/prestations\/multitailles\/160x120_un-h-risson-dans-la-neige-3-16643.jpg"},"origine":{"url":"https:\/\/www.saint-brevin.com\/medias\/images\/prestations\/un-h-risson-dans-la-neige-3-16643.jpg"}},"urlLien":"","typeLien":"","nofollow":"N","copyright":""},{"url":"https:\/\/www.saint-brevin.com\/medias\/images\/prestations\/un-h-risson-dans-la-neige-affiche-16640.jpg","chemin":"..\/medias\/images\/prestations\/un-h-risson-dans-la-neige-affiche-16640.jpg","libelle":"un-h-risson-dans-la-neige-affiche-16640","extension":"jpg","categorie":"","largeur":810,"theme":"","hauteur":1080,"type":"Image","origine":"","liaisonPave":"","langue":"","id":"16640","urlVignette":"https:\/\/www.saint-brevin.com\/medias\/images\/prestations\/v-un-h-risson-dans-la-neige-affiche-16640.jpg","alt":"un-h-risson-dans-la-neige-affiche-16640","title":"un-h-risson-dans-la-neige-affiche-16640","MultiTaille":{"1920x1440":{"url":"https:\/\/www.saint-brevin.com\/medias\/images\/prestations\/multitailles\/1920x1440_un-h-risson-dans-la-neige-affiche-16640.jpg"},"1200x900":{"url":"https:\/\/www.saint-brevin.com\/medias\/images\/prestations\/multitailles\/1200x900_un-h-risson-dans-la-neige-affiche-16640.jpg"},"800x600":{"url":"https:\/\/www.saint-brevin.com\/medias\/images\/prestations\/multitailles\/800x600_un-h-risson-dans-la-neige-affiche-16640.jpg"},"640x480":{"url":"https:\/\/www.saint-brevin.com\/medias\/images\/prestations\/multitailles\/640x480_un-h-risson-dans-la-neige-affiche-16640.jpg"},"320x240":{"url":"https:\/\/www.saint-brevin.com\/medias\/images\/prestations\/multitailles\/320x240_un-h-risson-dans-la-neige-affiche-16640.jpg"},"160x120":{"url":"https:\/\/www.saint-brevin.com\/medias\/images\/prestations\/multitailles\/160x120_un-h-risson-dans-la-neige-affiche-16640.jpg"},"origine":{"url":"https:\/\/www.saint-brevin.com\/medias\/images\/prestations\/un-h-risson-dans-la-neige-affiche-16640.jpg"}},"urlLien":"","typeLien":"","nofollow":"N","copyright":""}]},"Video":[{"url":"https:\/\/youtu.be\/lDO0XkHwLqo","libelle":"Cin\u00e9filou : Un h\u00e9risson dans la neige","categorie":"","largeur":"","theme":"","hauteur":"","type":"Video","origine":"YOUTUBE","liaisonPave":"","langue":"","id":"16644","htmlVideo":"\u003Ciframe src=\"https:\/\/www.youtube.com\/embed\/lDO0XkHwLqo?wmode=opaque&rel=0&start=0\" width=\"\" height=\"\" style=\"border:0;\" allowfullscreen\u003E\u003C\/iframe\u003E","vignetteVideo":"\u003Cimg src=\"https:\/\/img.youtube.com\/vi\/lDO0XkHwLqo\/0.jpg\" \/\u003E"}],"Document":[{"url":"https:\/\/www.saint-brevin.com\/medias\/images\/prestations\/cinefilou-flyer-sept-dec2022-16581-16633-16639.pdf","chemin":"..\/medias\/images\/prestations\/cinefilou-flyer-sept-dec2022-16581-16633-16639.pdf","libelle":"cinefilou-flyer-sept-dec2022-16581","extension":"pdf","categorie":"","largeur":"","theme":"","hauteur":"","type":"Document","origine":"","liaisonPave":"","langue":"","id":"16639","poids":"3.83 Mo","alt":"cinefilou-flyer-sept-dec2022-16581","title":"cinefilou-flyer-sept-dec2022-16581"}]},"DateDebPublication":"","DateFinPublication":"","PrixAPartirDe":"","PrixPour":"","FicheListeEnCours":"fiche_liste_agenda_prestation_v2017","ParametresModele":{"AfficherPhotos":"1","NbPhotosMax":6,"AfficherReserver":0,"AfficherContact":0,"AfficherSalle":1,"AfficherZoneGeo":0,"AfficherEnSavoirPlus":"1","AfficherUneSeuleOuverture":"1","AfficherContactCarte":1,"AfficherTarifsChaudAPartirDe":0,"AfficherTarifChaudSansRecherche":0,"AfficherLiensCarnetVoyage":"1","AfficherOuverture":"1","BlocCritereInfo":{"critere1":{"libelle":""},"critere2":{"libelle":""},"critere3":{"libelle":""},"critere4":{"libelle":""},"critere5":{"libelle":""},"critere6":{"libelle":""},"critere7":{"libelle":"","liste_critere":["COMMUNES|Y"]},"critere8":{"libelle":""},"critere9":{"libelle":""},"afficherpictoetpaslibelle":"1"},"CriteresComportementResa":"|RESABILLET[RESAENLIGNE|","PositionBloc":"GALLERIE|NOM|OUVERTURES|CARNET_VOYAGE|URL|LIEN_RESERVER_DETAIL","TypePrestataire":"Y","ComportementResa":false,"ComportementDispo":false},"AffichageCoordonnees":[],"Coordonnees":{"Ville":"ST BREVIN LES PINS"},"ContexteId":"PRESTATION|Y|LOIPDL044V500448|CINEFILOUUNHRISSONDANSLAN","ContexteIdHtml":"PRESTATION-Y-LOIPDL044V500448-CINEFILOUUNHRISSONDANSLAN","cleContexte":"Y|LOIPDL044V500448|CINEFILOUUNHRISSONDANSLAN","Bloc":{"texte1":"","texte3":"","critere1":{"libelle":"","contenu":[]},"critere2":{"libelle":"","contenu":[]},"critere3":{"libelle":"","contenu":[]},"critere4":{"libelle":"","contenu":[]},"critere5":{"libelle":"","contenu":[]},"critere6":{"libelle":"","contenu":[]},"critere7":{"libelle":"","contenu":{"COMMUNES":{"libelle":"COMMUNE","contenu":{"1":"Saint-Brevin"},"codesValeurs":{"1":"COMMUNES|SAINTBREVIN|Y"},"criteres_datas":{"valeurs":{"1":{"SAINTBREVIN":{"descriptif":""}}}}}}},"critere8":{"libelle":"","contenu":[]},"critere9":{"libelle":"","contenu":[]}},"LocalisationGps":{"Latitude":"47.23483","Longitude":"-2.15552"},"libelleDuPrestataire":"","vuePrestataire":{"pave1":{"libelle":"Descriptif","contenu":""},"pave2":{"libelle":"","contenu":""},"pave3":{"libelle":"","contenu":""},"pave4":{"libelle":"","contenu":""},"pave5":{"libelle":"","contenu":""},"pave6":{"libelle":"","contenu":""},"pave7":{"libelle":"","contenu":""},"pave8":{"libelle":"","contenu":""},"pave9":{"libelle":"","contenu":""},"pave10":{"libelle":"","contenu":""},"pave11":{"libelle":"","contenu":""},"pave12":{"libelle":"","contenu":""},"pave13":{"libelle":"","contenu":""},"pave14":{"libelle":"","contenu":""},"pave15":{"libelle":"","contenu":""},"pave16":{"libelle":"","contenu":""},"pave17":{"libelle":"","contenu":""},"pave18":{"libelle":"","contenu":""},"pave19":{"libelle":"","contenu":""},"pave20":{"libelle":"","contenu":""},"pave21":{"libelle":"","contenu":""},"pave22":{"libelle":"","contenu":""},"pave23":{"libelle":"","contenu":""},"pave24":{"libelle":"","contenu":""},"pave25":{"libelle":"","contenu":""},"ContactsParType":{"RESP":{"12":{"id_contact":"12","type_contact":"RESP","categorie_contact":"PRESTATAIRE","societe_contact":"","fonction_contact":"","civilite_nom_prenom_contact":"M Letort Rodolphe ","adresse1_contact":"Avenue des Fr\u00e8res Lumi\u00e8re","adresse2_contact":"","adresse3_contact":"","cpostal_contact":"44250","ville_contact":"ST BREVIN LES PINS","teldom_contact":"02 40 39 39 39","telbur_contact":"","fax_contact":"","portable_contact":"06 03 32 69 03","email_contact":"cinejade@tourisme-saint-brevin.fr","siteweb_contact":"","commentaire_contact":"","langue_contact":"","autre_moyen_com":[]}}},"Libelle":"Cin\u00e9jade","Nom":"Cin\u00e9jade","Prenom":"","NomPrenom":"Cin\u00e9jade ","CiviliteNomPrenom":"Cin\u00e9jade ","Cle":"Y|LOIPDL044V500448","PrestataireParent":"","ContexteStat":"PRESTATAIRE-Y-LOIPDL044V500448","DateModificationIso":"2024-02-12T18:01:00+01:00","Type":"PRESTATAIRE","TypePrestataire":"Y","Adresse":{"LigneAdresse1":"2 Avenue des Fr\u00e8res Lumi\u00e8re","LigneAdresse2":"","LigneAdresse3":"","CodePostal":"44250","Ville":"ST BREVIN LES PINS","Cedex":"","Etat":"","Pays":"FRA"},"Email":"ot@tourisme-saint-brevin.fr","Telephone":"02 40 39 39 39","TelephoneBureau":"","Portable":"","SiteWeb":"","Fax":"","Id":"y-loipdl044v500448","Code":"Y|LOIPDL044V500448","Fichier":[],"Url":"","Localisation":{"GoogleMap":{"Latitude":"47.23479","Longitude":"-2.15553"}},"ZoneGeo":"","Criteres":{"COMMUNES[SAINTBREVIN":"","INSPUBMAJ[GRATUITPRECISER":"Equipement SEM SEL","LDLTH[DHAACO":"","DLATH[DDA":"","THANDI[WC":"","THANDI[ACCESFAUT":"","MAJINGENIE[DATEDERNIEREMAJ":"20170914","MISEAJOUR[ANNABELLE":""},"DateFinPublication":"","AffichageCoordonnees":[]},"listeCriteres":{"ALAFFICHEACC":{"OUIALAFFICHE":""},"LIEUMANIF":{"SAINTBREVIN":""},"TYPEDEPROGRAMMATION":{"CINEFILOU":"","ENFANTS":""},"CATEGORIEANIMATION":{"CINE":"","CINEJADE":""},"THEME":{"DESS":""},"ICA":{"DS":"39mn","SA":"","PLAL":"","ICATP":"","AGEMINIM":"3"},"ANIAH":{"ANIACC":""},"GANIMA":{"GANIMNON":""},"PERIOD":{"YDPERI":"Chaque mois de Septembre \u00e0 Juin"},"MODEPAIEMENT":{"LCBP":"","LESPE":"","LCB":"","LAE":""},"MISEAJOURINGENIE":{"DATEDERNIEREMAJ":"20220617"},"MISEAJOURPAR":{"ANNABELLE":""},"COMMUNES":{"SAINTBREVIN":""},"INSPUBMAJ":{"GRATUITPRECISER":"Equipement SEM SEL"},"LDLTH":{"DHAACO":""},"DLATH":{"DDA":""},"THANDI":{"WC":"","ACCESFAUT":""},"MAJINGENIE":{"DATEDERNIEREMAJ":"20170914"},"MISEAJOUR":{"ANNABELLE":""}},"dansCarnetVoyage":true,"Ouverture":[],"OuverturePasse":[]},"html":" \n \u003Cdiv id=\"CV-PRESTATION-Y-LOIPDL044V500448-CINEFILOUUNHRISSONDANSLAN\" data-contexte-id=\"PRESTATION|Y|LOIPDL044V500448|CINEFILOUUNHRISSONDANSLAN\" data-cle=\"Y|LOIPDL044V500448|CINEFILOUUNHRISSONDANSLAN\" class=\"fiche-liste\"\u003E\n    \n\n    \u003C!-- partie photo --\u003E\n    \u003Cdiv class=\"photo\"\u003E\t\t\t\t\t\t\t\t\t\t\t\t\t\t\t\t\t\t\t\t\t\n        \u003Cdiv class=\"cadre_photo_principale\"\u003E\t\t\n        \n            \t\t\t\t\t\n                    \u003Ca href=\"cinefilou-un-herisson-dans-la-neige.html?origine=carnet#media\"\u003E\n                        \u003Cimg class=\"photo_principale\" alt=\"un-h-risson-dans-la-neige-1-16642\" src=\"https:\/\/www.saint-brevin.com\/medias\/images\/prestations\/multitailles\/320x240_un-h-risson-dans-la-neige-1-16642.jpg\" itemprop=\"image\"\u003E\n                    \u003C\/a\u003E\t\t\t\t\t\t\n                \n                    \u003C\/div\u003E\t\t\t\t\t\t\t\t\t\t\t\t\t\t\t\t\t\t\t \t\t\n    \u003C\/div\u003E\n    \n    \u003C!-- partie nom prest --\u003E\n    \u003Cdiv class=\"nom\"\u003E\n        \u003Ch2\u003ECin\u00e9filou : Un h\u00e9risson dans la neige\u003C\/h2\u003E\n        \n            \u003C\/div\u003E\n\n         \n    \u003C!-- partie adresse --\u003E\n    \u003Cdiv class=\"adresse\"\u003E\n    \n          \n    \u003C\/div\u003E\n    \n    \u003C!-- partie liens --\u003E\n    \u003Cdiv class=\"liens\"\u003E\n            \u003Ca class=\"btn-icon btn-view \" title=\"Voir la fiche d\u00e9taill\u00e9e\" href=\"cinefilou-un-herisson-dans-la-neige.html?origine=carnet\"\u003E\u003C\/a\u003E\u003C!--\u003Ca class=\"btn-icon btn-view \" title=\"\" href=\"?origine=carnet#thaut\"\u003E\u003C\/a\u003E--\u003E\n      \u003Ca class=\"btn-icon btn-trash carnet_voyage_supprimer\" title=\"Supprimer cette fiche de mon carnet de voyage\" href=\"carnet-voyage?action=remove&fiche=Y|LOIPDL044V500448|CINEFILOUUNHRISSONDANSLAN\"\u003E\u003C\/a\u003E\n    \u003C\/div\u003E\n\n\u003C\/div\u003E\n\n","icon":"https:\/\/static.ingenie.fr\/images\/carnetVoyageV3\/Y.png"},"fiche":"Y|LOIPDL044V500448|CINEFILOUUNHRISSONDANSLAN","popup":"\u003Cdiv id=\"bloc_popup_ajout_fiche_carnet\"\u003E\n    \u003Cdiv class=\"info_popup_ajout_fiche_carnet\"\u003E\n        Vous venez d'ajouter cet \u00e9l\u00e9ment \u00e0 votre carnet de voyage :    \u003C\/div\u003E\n    \u003Cdiv class=\"prest_popup_ajout_fiche_carnet\"\u003E\n        Cin&eacute;filou : Un h&eacute;risson dans la neige    \u003C\/div\u003E\n    \u003Cdiv class=\"bloc_btn_ajout_fiche_carnet form_submit_div\"\u003E\n        \u003Cinput type=\"button\" value=\"Continuer ma s\u00e9lection\" title=\"Continuer ma s\u00e9lection\" name=\"btn_close\" class=\"btn_close_popup_carnet form_submit\" onclick=\"$.colorbox.close()\" \/\u003E\n        \u003Cinput type=\"button\" value=\"Voir mon carnet de voyage\" title=\"Voir mon carnet\" name=\"btn_panier\" class=\"btn_panier_popup_carnet form_submit\" onclick=\"if(typeof CarnetVoyage != 'undefined') {CarnetVoyage.voirCarnet();}\" \/\u003E\n    \u003C\/div\u003E\n    \u003Cdiv class=\"bloc_btn_ajout_fiche_carnet\"\u003E\n        \u003Cinput type=\"checkbox\" value=\"1\" name=\"desactiver_popup\" id=\"desactiver_popup\" \/\u003E\n        \u003Clabel for=\"desactiver_popup\"\u003ENe plus afficher ce message\u003C\/label\u003E\n    \u003C\/div\u003E\n\u003C\/div\u003E","success":1}