{"nbFiches":1,"dataPrest":{"infoPrest":{"pave1":{"libelle":"Slogan","contenu":"Une s&eacute;ance adapt&eacute;e aux jeunes enfants, id&eacute;ale pour un premier contact avec le cin&eacute;ma.\u003Cbr \/\u003E\r\n\u003Cbr \/\u003E\r\n&nbsp;","fichiers":[]},"pave2":{"libelle":"Descriptif","contenu":"Un film court, ou plusieurs courts-m&eacute;trages,&nbsp;un son moins fort en salle, et pas de pub,&nbsp;un film class&eacute; art et essai, donc un film visant &agrave; &eacute;veiller la curiosit&eacute; des enfants&nbsp;et leur go&ucirc;t pour le cin&eacute;ma dans toute sa diversit&eacute;.\u003Cbr \/\u003E\r\n\u003Cbr \/\u003E\r\n&Agrave; noter que la s&eacute;ance du mercredi est accompagn&eacute;e d&#39;un go&ucirc;ter offert, en partenariat avec l&#39;\u003Ca href=\"https:\/\/www.facebook.com\/epicerie.retzaunee.7\" target=\"_blank\"\u003E&Eacute;picerie Retz&#39;aun&eacute;e\u003C\/a\u003E&nbsp;de Saint-Brevin, ce qui induit des gourmandises provenant de nos producteurs locaux !\u003Cbr \/\u003E\r\n\u003Cbr \/\u003E\r\n\u003Cbr \/\u003E\r\nSynopsis :\u003Cbr \/\u003E\r\n&Agrave; l&#39;approche de No&euml;l, tout le monde se presse pour r&eacute;unir de quoi manger malgr&eacute; le froid.\u003Cbr \/\u003E\r\nLa malice et l&#39;imagination seront au rendez-vous chez les animaux de la for&ecirc;t pour c&eacute;l&eacute;brer l&#39;hiver comme il se doit !\u003Cbr \/\u003E\r\nDur&eacute;e : 43mn\r\n\u003Cdiv style=\"text-align: center;\"\u003E\u003Cstrong style=\"font-size: 16px; text-align: center;\"\u003E\u003Ca href=\"https:\/\/www.ticketingcine.fr\/?NC=0161\" target=\"_blank\"\u003E\u003Cspan style=\"color: rgb(0, 128, 128);\"\u003EBilletterie ICI &gt;&gt;&gt;\u003C\/span\u003E\u003C\/a\u003E\u003C\/strong\u003E\u003C\/div\u003E\r\n","fichiers":[]},"pave3":{"libelle":"","contenu":""},"pave4":{"libelle":"","contenu":""},"pave5":{"libelle":"","contenu":""},"pave6":{"libelle":"","contenu":""},"pave7":{"libelle":"","contenu":""},"pave8":{"libelle":"","contenu":""},"pave9":{"libelle":"","contenu":""},"pave10":{"libelle":"","contenu":""},"pave11":{"libelle":"","contenu":""},"pave12":{"libelle":"","contenu":""},"pave13":{"libelle":"","contenu":""},"pave14":{"libelle":"","contenu":""},"pave15":{"libelle":"","contenu":""},"pave16":{"libelle":"","contenu":""},"pave17":{"libelle":"","contenu":""},"pave18":{"libelle":"","contenu":""},"pave19":{"libelle":"","contenu":""},"pave20":{"libelle":"","contenu":""},"pave21":{"libelle":"","contenu":""},"pave22":{"libelle":"","contenu":""},"pave23":{"libelle":"","contenu":""},"pave24":{"libelle":"","contenu":""},"pave25":{"libelle":"","contenu":""},"Libelle":"Cin\u00e9filou : Le No\u00ebl de Petit Li\u00e8vre Brun","Reference":"","Reftar":"","Type":"PRESTATION","TypePrestataire":"Y","ContexteStat":"PRESTATION-Y-LOIPDL044V500448-CINEFILOUNOELPETITLIEVREBRUN","DateModificationIso":"2021-12-17T09:15:00+01:00","Adresse":{"LigneAdresse1":"Cin\u00e9jade","LigneAdresse2":"2 Avenue des Fr\u00e8res-Lumi\u00e8re","LigneAdresse3":"","CodePostal":"44250","Ville":"ST BREVIN LES PINS","Cedex":"","Etat":"","Pays":"FRA"},"Id":"y-loipdl044v500448-cinefilounoelpetitlievrebrun","Code":"Y|LOIPDL044V500448|CINEFILOUNOELPETITLIEVREBRUN","Cle":"Y|LOIPDL044V500448|CINEFILOUNOELPETITLIEVREBRUN","Url":"cinefilou-le-noel-de-petit-lievre-brun.html","Localisation":{"GoogleMap":{"Latitude":"47.23483","Longitude":"-2.15552"}},"ZoneGeo":"","Criteres":{"LIEUMANIF[SAINTBREVIN":"","TYPEDEPROGRAMMATION[CINEFILOU":"","TYPEDEPROGRAMMATION[ENFANTS":"","CATEGORIEANIMATION[CINE":"","CATEGORIEANIMATION[CINEJADE":"","THEME[DESS":"","ICA[DS":"43mn","ICA[SA":"","ICA[PLAL":"","ICA[ICATP":"","ICA[AGEMINIM":"3","ANIAH[ANIACC":"","GANIMA[GANIMNON":"","PERIOD[YDPERI":"Chaque mois de Septembre \u00e0 Juin","MODEPAIEMENT[LCBP":"","MODEPAIEMENT[LESPE":"","MODEPAIEMENT[LCB":"","MODEPAIEMENT[LAE":"","MISEAJOURINGENIE[DATEDERNIEREMAJ":"20200905","MISEAJOURPAR[ANNABELLE":""},"Prestataire":{"pave1":{"libelle":"Descriptif","contenu":""},"pave2":{"libelle":"","contenu":""},"pave3":{"libelle":"","contenu":""},"pave4":{"libelle":"","contenu":""},"pave5":{"libelle":"","contenu":""},"pave6":{"libelle":"","contenu":""},"pave7":{"libelle":"","contenu":""},"pave8":{"libelle":"","contenu":""},"pave9":{"libelle":"","contenu":""},"pave10":{"libelle":"","contenu":""},"pave11":{"libelle":"","contenu":""},"pave12":{"libelle":"","contenu":""},"pave13":{"libelle":"","contenu":""},"pave14":{"libelle":"","contenu":""},"pave15":{"libelle":"","contenu":""},"pave16":{"libelle":"","contenu":""},"pave17":{"libelle":"","contenu":""},"pave18":{"libelle":"","contenu":""},"pave19":{"libelle":"","contenu":""},"pave20":{"libelle":"","contenu":""},"pave21":{"libelle":"","contenu":""},"pave22":{"libelle":"","contenu":""},"pave23":{"libelle":"","contenu":""},"pave24":{"libelle":"","contenu":""},"pave25":{"libelle":"","contenu":""},"ContactsParType":{"RESP":{"12":{"id_contact":"12","type_contact":"RESP","categorie_contact":"PRESTATAIRE","societe_contact":"","fonction_contact":"","civilite_nom_prenom_contact":"M Letort Rodolphe ","adresse1_contact":"Avenue des Fr\u00e8res Lumi\u00e8re","adresse2_contact":"","adresse3_contact":"","cpostal_contact":"44250","ville_contact":"ST BREVIN LES PINS","teldom_contact":"02 40 39 39 39","telbur_contact":"","fax_contact":"","portable_contact":"06 03 32 69 03","email_contact":"cinejade@tourisme-saint-brevin.fr","siteweb_contact":"","commentaire_contact":"","langue_contact":"","autre_moyen_com":[]}}},"Libelle":"Cin\u00e9jade","Nom":"Cin\u00e9jade","Prenom":"","NomPrenom":"Cin\u00e9jade ","CiviliteNomPrenom":"Cin\u00e9jade ","Cle":"Y|LOIPDL044V500448","PrestataireParent":"","ContexteStat":"PRESTATAIRE-Y-LOIPDL044V500448","DateModificationIso":"2024-02-12T18:01:00+01:00","Type":"PRESTATAIRE","TypePrestataire":"Y","Adresse":{"LigneAdresse1":"2 Avenue des Fr\u00e8res Lumi\u00e8re","LigneAdresse2":"","LigneAdresse3":"","CodePostal":"44250","Ville":"ST BREVIN LES PINS","Cedex":"","Etat":"","Pays":"FRA"},"Email":"ot@tourisme-saint-brevin.fr","Telephone":"02 40 39 39 39","TelephoneBureau":"","Portable":"","SiteWeb":"","Fax":"","Id":"y-loipdl044v500448","Code":"Y|LOIPDL044V500448","Fichier":[],"Url":"","Localisation":{"GoogleMap":{"Latitude":"47.23479","Longitude":"-2.15553"}},"ZoneGeo":"","Criteres":{"COMMUNES[SAINTBREVIN":"","INSPUBMAJ[GRATUITPRECISER":"Equipement SEM SEL","LDLTH[DHAACO":"","DLATH[DDA":"","THANDI[WC":"","THANDI[ACCESFAUT":"","MAJINGENIE[DATEDERNIEREMAJ":"20170914","MISEAJOUR[ANNABELLE":""},"DateFinPublication":""},"Fichier":{"Video":[{"url":"https:\/\/youtu.be\/V8GDEMZHWaU","libelle":"Le No\u00ebl de Petit Li\u00e8vre Brun","categorie":"","largeur":"","theme":"","hauteur":"","type":"Video","origine":"YOUTUBE","liaisonPave":"","langue":"","id":"13456","htmlVideo":"\u003Ciframe src=\"https:\/\/www.youtube.com\/embed\/V8GDEMZHWaU?wmode=opaque&rel=0&start=0\" width=\"\" height=\"\" style=\"border:0;\" allowfullscreen\u003E\u003C\/iframe\u003E","vignetteVideo":"\u003Cimg src=\"https:\/\/img.youtube.com\/vi\/V8GDEMZHWaU\/0.jpg\" \/\u003E"}],"ByCategorie":{"":[{"url":"https:\/\/youtu.be\/V8GDEMZHWaU","libelle":"Le No\u00ebl de Petit Li\u00e8vre Brun","categorie":"","largeur":"","theme":"","hauteur":"","type":"Video","origine":"YOUTUBE","liaisonPave":"","langue":"","id":"13456","htmlVideo":"\u003Ciframe src=\"https:\/\/www.youtube.com\/embed\/V8GDEMZHWaU?wmode=opaque&rel=0&start=0\" width=\"\" height=\"\" style=\"border:0;\" allowfullscreen\u003E\u003C\/iframe\u003E","vignetteVideo":"\u003Cimg src=\"https:\/\/img.youtube.com\/vi\/V8GDEMZHWaU\/0.jpg\" \/\u003E"},{"url":"https:\/\/www.saint-brevin.com\/medias\/images\/prestations\/cinefilou-programme-sept-dec2021-13461.pdf","chemin":"..\/medias\/images\/prestations\/cinefilou-programme-sept-dec2021-13461.pdf","libelle":"cinefilou-programme-sept-dec2021-13461","extension":"pdf","categorie":"","largeur":"","theme":"","hauteur":"","type":"Document","origine":"","liaisonPave":"","langue":"","id":"13461","poids":"1.63 Mo","alt":"cinefilou-programme-sept-dec2021-13461","title":"cinefilou-programme-sept-dec2021-13461"},{"url":"https:\/\/www.saint-brevin.com\/medias\/images\/prestations\/le-no-l-de-petit-li-vre-brun-4-13462.jpg","chemin":"..\/medias\/images\/prestations\/le-no-l-de-petit-li-vre-brun-4-13462.jpg","libelle":"le-no-l-de-petit-li-vre-brun-4-13462","extension":"jpg","categorie":"","largeur":960,"theme":"","hauteur":640,"type":"Image","origine":"","liaisonPave":"","langue":"","id":"13462","urlVignette":"https:\/\/www.saint-brevin.com\/medias\/images\/prestations\/v-le-no-l-de-petit-li-vre-brun-4-13462.jpg","alt":"le-no-l-de-petit-li-vre-brun-4-13462","title":"le-no-l-de-petit-li-vre-brun-4-13462","MultiTaille":{"1920x1440":{"url":"https:\/\/www.saint-brevin.com\/medias\/images\/prestations\/multitailles\/1920x1440_le-no-l-de-petit-li-vre-brun-4-13462.jpg"},"1200x900":{"url":"https:\/\/www.saint-brevin.com\/medias\/images\/prestations\/multitailles\/1200x900_le-no-l-de-petit-li-vre-brun-4-13462.jpg"},"800x600":{"url":"https:\/\/www.saint-brevin.com\/medias\/images\/prestations\/multitailles\/800x600_le-no-l-de-petit-li-vre-brun-4-13462.jpg"},"640x480":{"url":"https:\/\/www.saint-brevin.com\/medias\/images\/prestations\/multitailles\/640x480_le-no-l-de-petit-li-vre-brun-4-13462.jpg"},"320x240":{"url":"https:\/\/www.saint-brevin.com\/medias\/images\/prestations\/multitailles\/320x240_le-no-l-de-petit-li-vre-brun-4-13462.jpg"},"160x120":{"url":"https:\/\/www.saint-brevin.com\/medias\/images\/prestations\/multitailles\/160x120_le-no-l-de-petit-li-vre-brun-4-13462.jpg"},"origine":{"url":"https:\/\/www.saint-brevin.com\/medias\/images\/prestations\/le-no-l-de-petit-li-vre-brun-4-13462.jpg"}},"urlLien":"","typeLien":"","nofollow":"N","copyright":""},{"url":"https:\/\/www.saint-brevin.com\/medias\/images\/prestations\/le-no-l-de-petit-li-vre-brun-1-13457.jpg","chemin":"..\/medias\/images\/prestations\/le-no-l-de-petit-li-vre-brun-1-13457.jpg","libelle":"le-no-l-de-petit-li-vre-brun-1-13457","extension":"jpg","categorie":"","largeur":822,"theme":"","hauteur":462,"type":"Image","origine":"","liaisonPave":"","langue":"","id":"13457","urlVignette":"https:\/\/www.saint-brevin.com\/medias\/images\/prestations\/v-le-no-l-de-petit-li-vre-brun-1-13457.jpg","alt":"le-no-l-de-petit-li-vre-brun-1-13457","title":"le-no-l-de-petit-li-vre-brun-1-13457","MultiTaille":{"1920x1440":{"url":"https:\/\/www.saint-brevin.com\/medias\/images\/prestations\/multitailles\/1920x1440_le-no-l-de-petit-li-vre-brun-1-13457.jpg"},"1200x900":{"url":"https:\/\/www.saint-brevin.com\/medias\/images\/prestations\/multitailles\/1200x900_le-no-l-de-petit-li-vre-brun-1-13457.jpg"},"800x600":{"url":"https:\/\/www.saint-brevin.com\/medias\/images\/prestations\/multitailles\/800x600_le-no-l-de-petit-li-vre-brun-1-13457.jpg"},"640x480":{"url":"https:\/\/www.saint-brevin.com\/medias\/images\/prestations\/multitailles\/640x480_le-no-l-de-petit-li-vre-brun-1-13457.jpg"},"320x240":{"url":"https:\/\/www.saint-brevin.com\/medias\/images\/prestations\/multitailles\/320x240_le-no-l-de-petit-li-vre-brun-1-13457.jpg"},"160x120":{"url":"https:\/\/www.saint-brevin.com\/medias\/images\/prestations\/multitailles\/160x120_le-no-l-de-petit-li-vre-brun-1-13457.jpg"},"origine":{"url":"https:\/\/www.saint-brevin.com\/medias\/images\/prestations\/le-no-l-de-petit-li-vre-brun-1-13457.jpg"}},"urlLien":"","typeLien":"","nofollow":"N","copyright":""},{"url":"https:\/\/www.saint-brevin.com\/medias\/images\/prestations\/le-noel-petit-lievre-brun3-13458.jpg","chemin":"..\/medias\/images\/prestations\/le-noel-petit-lievre-brun3-13458.jpg","libelle":"le-noel-petit-lievre-brun3-13458","extension":"jpg","categorie":"","largeur":1280,"theme":"","hauteur":720,"type":"Image","origine":"","liaisonPave":"","langue":"","id":"13458","urlVignette":"https:\/\/www.saint-brevin.com\/medias\/images\/prestations\/v-le-noel-petit-lievre-brun3-13458.jpg","alt":"le-noel-petit-lievre-brun3-13458","title":"le-noel-petit-lievre-brun3-13458","MultiTaille":{"1920x1440":{"url":"https:\/\/www.saint-brevin.com\/medias\/images\/prestations\/multitailles\/1920x1440_le-noel-petit-lievre-brun3-13458.jpg"},"1200x900":{"url":"https:\/\/www.saint-brevin.com\/medias\/images\/prestations\/multitailles\/1200x900_le-noel-petit-lievre-brun3-13458.jpg"},"800x600":{"url":"https:\/\/www.saint-brevin.com\/medias\/images\/prestations\/multitailles\/800x600_le-noel-petit-lievre-brun3-13458.jpg"},"640x480":{"url":"https:\/\/www.saint-brevin.com\/medias\/images\/prestations\/multitailles\/640x480_le-noel-petit-lievre-brun3-13458.jpg"},"320x240":{"url":"https:\/\/www.saint-brevin.com\/medias\/images\/prestations\/multitailles\/320x240_le-noel-petit-lievre-brun3-13458.jpg"},"160x120":{"url":"https:\/\/www.saint-brevin.com\/medias\/images\/prestations\/multitailles\/160x120_le-noel-petit-lievre-brun3-13458.jpg"},"origine":{"url":"https:\/\/www.saint-brevin.com\/medias\/images\/prestations\/le-noel-petit-lievre-brun3-13458.jpg"}},"urlLien":"","typeLien":"","nofollow":"N","copyright":""},{"url":"https:\/\/www.saint-brevin.com\/medias\/images\/prestations\/le-noel-petit-lievre-brun-affiche-13460.jpg","chemin":"..\/medias\/images\/prestations\/le-noel-petit-lievre-brun-affiche-13460.jpg","libelle":"le-noel-petit-lievre-brun-affiche-13460","extension":"jpg","categorie":"","largeur":1175,"theme":"","hauteur":1600,"type":"Image","origine":"","liaisonPave":"","langue":"","id":"13460","urlVignette":"https:\/\/www.saint-brevin.com\/medias\/images\/prestations\/v-le-noel-petit-lievre-brun-affiche-13460.jpg","alt":"le-noel-petit-lievre-brun-affiche-13460","title":"le-noel-petit-lievre-brun-affiche-13460","MultiTaille":{"1920x1440":{"url":"https:\/\/www.saint-brevin.com\/medias\/images\/prestations\/multitailles\/1920x1440_le-noel-petit-lievre-brun-affiche-13460.jpg"},"1200x900":{"url":"https:\/\/www.saint-brevin.com\/medias\/images\/prestations\/multitailles\/1200x900_le-noel-petit-lievre-brun-affiche-13460.jpg"},"800x600":{"url":"https:\/\/www.saint-brevin.com\/medias\/images\/prestations\/multitailles\/800x600_le-noel-petit-lievre-brun-affiche-13460.jpg"},"640x480":{"url":"https:\/\/www.saint-brevin.com\/medias\/images\/prestations\/multitailles\/640x480_le-noel-petit-lievre-brun-affiche-13460.jpg"},"320x240":{"url":"https:\/\/www.saint-brevin.com\/medias\/images\/prestations\/multitailles\/320x240_le-noel-petit-lievre-brun-affiche-13460.jpg"},"160x120":{"url":"https:\/\/www.saint-brevin.com\/medias\/images\/prestations\/multitailles\/160x120_le-noel-petit-lievre-brun-affiche-13460.jpg"},"origine":{"url":"https:\/\/www.saint-brevin.com\/medias\/images\/prestations\/le-noel-petit-lievre-brun-affiche-13460.jpg"}},"urlLien":"","typeLien":"","nofollow":"N","copyright":""},{"url":"https:\/\/www.saint-brevin.com\/medias\/images\/prestations\/cin-filou-go-ter-14175.png","chemin":"..\/medias\/images\/prestations\/cin-filou-go-ter-14175.png","libelle":"cin-filou-go-ter-14175","extension":"png","categorie":"","largeur":1240,"theme":"","hauteur":1754,"type":"Image","origine":"","liaisonPave":"","langue":"","id":"14175","urlVignette":"https:\/\/www.saint-brevin.com\/medias\/images\/prestations\/v-cin-filou-go-ter-14175.png","alt":"cin-filou-go-ter-14175","title":"cin-filou-go-ter-14175","MultiTaille":{"1920x1440":{"url":"https:\/\/www.saint-brevin.com\/medias\/images\/prestations\/multitailles\/1920x1440_cin-filou-go-ter-14175.png"},"1200x900":{"url":"https:\/\/www.saint-brevin.com\/medias\/images\/prestations\/multitailles\/1200x900_cin-filou-go-ter-14175.png"},"800x600":{"url":"https:\/\/www.saint-brevin.com\/medias\/images\/prestations\/multitailles\/800x600_cin-filou-go-ter-14175.png"},"640x480":{"url":"https:\/\/www.saint-brevin.com\/medias\/images\/prestations\/multitailles\/640x480_cin-filou-go-ter-14175.png"},"320x240":{"url":"https:\/\/www.saint-brevin.com\/medias\/images\/prestations\/multitailles\/320x240_cin-filou-go-ter-14175.png"},"160x120":{"url":"https:\/\/www.saint-brevin.com\/medias\/images\/prestations\/multitailles\/160x120_cin-filou-go-ter-14175.png"},"origine":{"url":"https:\/\/www.saint-brevin.com\/medias\/images\/prestations\/cin-filou-go-ter-14175.png"}},"urlLien":"","typeLien":"","nofollow":"N","copyright":""}]},"Document":[{"url":"https:\/\/www.saint-brevin.com\/medias\/images\/prestations\/cinefilou-programme-sept-dec2021-13461.pdf","chemin":"..\/medias\/images\/prestations\/cinefilou-programme-sept-dec2021-13461.pdf","libelle":"cinefilou-programme-sept-dec2021-13461","extension":"pdf","categorie":"","largeur":"","theme":"","hauteur":"","type":"Document","origine":"","liaisonPave":"","langue":"","id":"13461","poids":"1.63 Mo","alt":"cinefilou-programme-sept-dec2021-13461","title":"cinefilou-programme-sept-dec2021-13461"}],"Image":[{"url":"https:\/\/www.saint-brevin.com\/medias\/images\/prestations\/le-no-l-de-petit-li-vre-brun-4-13462.jpg","chemin":"..\/medias\/images\/prestations\/le-no-l-de-petit-li-vre-brun-4-13462.jpg","libelle":"le-no-l-de-petit-li-vre-brun-4-13462","extension":"jpg","categorie":"","largeur":960,"theme":"","hauteur":640,"type":"Image","origine":"","liaisonPave":"","langue":"","id":"13462","urlVignette":"https:\/\/www.saint-brevin.com\/medias\/images\/prestations\/v-le-no-l-de-petit-li-vre-brun-4-13462.jpg","alt":"le-no-l-de-petit-li-vre-brun-4-13462","title":"le-no-l-de-petit-li-vre-brun-4-13462","MultiTaille":{"1920x1440":{"url":"https:\/\/www.saint-brevin.com\/medias\/images\/prestations\/multitailles\/1920x1440_le-no-l-de-petit-li-vre-brun-4-13462.jpg"},"1200x900":{"url":"https:\/\/www.saint-brevin.com\/medias\/images\/prestations\/multitailles\/1200x900_le-no-l-de-petit-li-vre-brun-4-13462.jpg"},"800x600":{"url":"https:\/\/www.saint-brevin.com\/medias\/images\/prestations\/multitailles\/800x600_le-no-l-de-petit-li-vre-brun-4-13462.jpg"},"640x480":{"url":"https:\/\/www.saint-brevin.com\/medias\/images\/prestations\/multitailles\/640x480_le-no-l-de-petit-li-vre-brun-4-13462.jpg"},"320x240":{"url":"https:\/\/www.saint-brevin.com\/medias\/images\/prestations\/multitailles\/320x240_le-no-l-de-petit-li-vre-brun-4-13462.jpg"},"160x120":{"url":"https:\/\/www.saint-brevin.com\/medias\/images\/prestations\/multitailles\/160x120_le-no-l-de-petit-li-vre-brun-4-13462.jpg"},"origine":{"url":"https:\/\/www.saint-brevin.com\/medias\/images\/prestations\/le-no-l-de-petit-li-vre-brun-4-13462.jpg"}},"urlLien":"","typeLien":"","nofollow":"N","copyright":""},{"url":"https:\/\/www.saint-brevin.com\/medias\/images\/prestations\/le-no-l-de-petit-li-vre-brun-1-13457.jpg","chemin":"..\/medias\/images\/prestations\/le-no-l-de-petit-li-vre-brun-1-13457.jpg","libelle":"le-no-l-de-petit-li-vre-brun-1-13457","extension":"jpg","categorie":"","largeur":822,"theme":"","hauteur":462,"type":"Image","origine":"","liaisonPave":"","langue":"","id":"13457","urlVignette":"https:\/\/www.saint-brevin.com\/medias\/images\/prestations\/v-le-no-l-de-petit-li-vre-brun-1-13457.jpg","alt":"le-no-l-de-petit-li-vre-brun-1-13457","title":"le-no-l-de-petit-li-vre-brun-1-13457","MultiTaille":{"1920x1440":{"url":"https:\/\/www.saint-brevin.com\/medias\/images\/prestations\/multitailles\/1920x1440_le-no-l-de-petit-li-vre-brun-1-13457.jpg"},"1200x900":{"url":"https:\/\/www.saint-brevin.com\/medias\/images\/prestations\/multitailles\/1200x900_le-no-l-de-petit-li-vre-brun-1-13457.jpg"},"800x600":{"url":"https:\/\/www.saint-brevin.com\/medias\/images\/prestations\/multitailles\/800x600_le-no-l-de-petit-li-vre-brun-1-13457.jpg"},"640x480":{"url":"https:\/\/www.saint-brevin.com\/medias\/images\/prestations\/multitailles\/640x480_le-no-l-de-petit-li-vre-brun-1-13457.jpg"},"320x240":{"url":"https:\/\/www.saint-brevin.com\/medias\/images\/prestations\/multitailles\/320x240_le-no-l-de-petit-li-vre-brun-1-13457.jpg"},"160x120":{"url":"https:\/\/www.saint-brevin.com\/medias\/images\/prestations\/multitailles\/160x120_le-no-l-de-petit-li-vre-brun-1-13457.jpg"},"origine":{"url":"https:\/\/www.saint-brevin.com\/medias\/images\/prestations\/le-no-l-de-petit-li-vre-brun-1-13457.jpg"}},"urlLien":"","typeLien":"","nofollow":"N","copyright":""},{"url":"https:\/\/www.saint-brevin.com\/medias\/images\/prestations\/le-noel-petit-lievre-brun3-13458.jpg","chemin":"..\/medias\/images\/prestations\/le-noel-petit-lievre-brun3-13458.jpg","libelle":"le-noel-petit-lievre-brun3-13458","extension":"jpg","categorie":"","largeur":1280,"theme":"","hauteur":720,"type":"Image","origine":"","liaisonPave":"","langue":"","id":"13458","urlVignette":"https:\/\/www.saint-brevin.com\/medias\/images\/prestations\/v-le-noel-petit-lievre-brun3-13458.jpg","alt":"le-noel-petit-lievre-brun3-13458","title":"le-noel-petit-lievre-brun3-13458","MultiTaille":{"1920x1440":{"url":"https:\/\/www.saint-brevin.com\/medias\/images\/prestations\/multitailles\/1920x1440_le-noel-petit-lievre-brun3-13458.jpg"},"1200x900":{"url":"https:\/\/www.saint-brevin.com\/medias\/images\/prestations\/multitailles\/1200x900_le-noel-petit-lievre-brun3-13458.jpg"},"800x600":{"url":"https:\/\/www.saint-brevin.com\/medias\/images\/prestations\/multitailles\/800x600_le-noel-petit-lievre-brun3-13458.jpg"},"640x480":{"url":"https:\/\/www.saint-brevin.com\/medias\/images\/prestations\/multitailles\/640x480_le-noel-petit-lievre-brun3-13458.jpg"},"320x240":{"url":"https:\/\/www.saint-brevin.com\/medias\/images\/prestations\/multitailles\/320x240_le-noel-petit-lievre-brun3-13458.jpg"},"160x120":{"url":"https:\/\/www.saint-brevin.com\/medias\/images\/prestations\/multitailles\/160x120_le-noel-petit-lievre-brun3-13458.jpg"},"origine":{"url":"https:\/\/www.saint-brevin.com\/medias\/images\/prestations\/le-noel-petit-lievre-brun3-13458.jpg"}},"urlLien":"","typeLien":"","nofollow":"N","copyright":""},{"url":"https:\/\/www.saint-brevin.com\/medias\/images\/prestations\/le-noel-petit-lievre-brun-affiche-13460.jpg","chemin":"..\/medias\/images\/prestations\/le-noel-petit-lievre-brun-affiche-13460.jpg","libelle":"le-noel-petit-lievre-brun-affiche-13460","extension":"jpg","categorie":"","largeur":1175,"theme":"","hauteur":1600,"type":"Image","origine":"","liaisonPave":"","langue":"","id":"13460","urlVignette":"https:\/\/www.saint-brevin.com\/medias\/images\/prestations\/v-le-noel-petit-lievre-brun-affiche-13460.jpg","alt":"le-noel-petit-lievre-brun-affiche-13460","title":"le-noel-petit-lievre-brun-affiche-13460","MultiTaille":{"1920x1440":{"url":"https:\/\/www.saint-brevin.com\/medias\/images\/prestations\/multitailles\/1920x1440_le-noel-petit-lievre-brun-affiche-13460.jpg"},"1200x900":{"url":"https:\/\/www.saint-brevin.com\/medias\/images\/prestations\/multitailles\/1200x900_le-noel-petit-lievre-brun-affiche-13460.jpg"},"800x600":{"url":"https:\/\/www.saint-brevin.com\/medias\/images\/prestations\/multitailles\/800x600_le-noel-petit-lievre-brun-affiche-13460.jpg"},"640x480":{"url":"https:\/\/www.saint-brevin.com\/medias\/images\/prestations\/multitailles\/640x480_le-noel-petit-lievre-brun-affiche-13460.jpg"},"320x240":{"url":"https:\/\/www.saint-brevin.com\/medias\/images\/prestations\/multitailles\/320x240_le-noel-petit-lievre-brun-affiche-13460.jpg"},"160x120":{"url":"https:\/\/www.saint-brevin.com\/medias\/images\/prestations\/multitailles\/160x120_le-noel-petit-lievre-brun-affiche-13460.jpg"},"origine":{"url":"https:\/\/www.saint-brevin.com\/medias\/images\/prestations\/le-noel-petit-lievre-brun-affiche-13460.jpg"}},"urlLien":"","typeLien":"","nofollow":"N","copyright":""},{"url":"https:\/\/www.saint-brevin.com\/medias\/images\/prestations\/cin-filou-go-ter-14175.png","chemin":"..\/medias\/images\/prestations\/cin-filou-go-ter-14175.png","libelle":"cin-filou-go-ter-14175","extension":"png","categorie":"","largeur":1240,"theme":"","hauteur":1754,"type":"Image","origine":"","liaisonPave":"","langue":"","id":"14175","urlVignette":"https:\/\/www.saint-brevin.com\/medias\/images\/prestations\/v-cin-filou-go-ter-14175.png","alt":"cin-filou-go-ter-14175","title":"cin-filou-go-ter-14175","MultiTaille":{"1920x1440":{"url":"https:\/\/www.saint-brevin.com\/medias\/images\/prestations\/multitailles\/1920x1440_cin-filou-go-ter-14175.png"},"1200x900":{"url":"https:\/\/www.saint-brevin.com\/medias\/images\/prestations\/multitailles\/1200x900_cin-filou-go-ter-14175.png"},"800x600":{"url":"https:\/\/www.saint-brevin.com\/medias\/images\/prestations\/multitailles\/800x600_cin-filou-go-ter-14175.png"},"640x480":{"url":"https:\/\/www.saint-brevin.com\/medias\/images\/prestations\/multitailles\/640x480_cin-filou-go-ter-14175.png"},"320x240":{"url":"https:\/\/www.saint-brevin.com\/medias\/images\/prestations\/multitailles\/320x240_cin-filou-go-ter-14175.png"},"160x120":{"url":"https:\/\/www.saint-brevin.com\/medias\/images\/prestations\/multitailles\/160x120_cin-filou-go-ter-14175.png"},"origine":{"url":"https:\/\/www.saint-brevin.com\/medias\/images\/prestations\/cin-filou-go-ter-14175.png"}},"urlLien":"","typeLien":"","nofollow":"N","copyright":""}]},"DateDebPublication":"","DateFinPublication":"","PrixAPartirDe":"","PrixPour":"","FicheListeEnCours":"fiche_liste_agenda_prestation_v2017","ParametresModele":{"AfficherPhotos":"1","NbPhotosMax":6,"AfficherReserver":0,"AfficherContact":0,"AfficherSalle":1,"AfficherZoneGeo":0,"AfficherEnSavoirPlus":"1","AfficherUneSeuleOuverture":"1","AfficherContactCarte":1,"AfficherTarifsChaudAPartirDe":0,"AfficherTarifChaudSansRecherche":0,"AfficherLiensCarnetVoyage":"1","AfficherOuverture":"1","BlocCritereInfo":{"critere1":{"libelle":""},"critere2":{"libelle":""},"critere3":{"libelle":""},"critere4":{"libelle":""},"critere5":{"libelle":""},"critere6":{"libelle":""},"critere7":{"libelle":"","liste_critere":["COMMUNES|Y"]},"critere8":{"libelle":""},"critere9":{"libelle":""},"afficherpictoetpaslibelle":"1"},"CriteresComportementResa":"|RESABILLET[RESAENLIGNE|","PositionBloc":"GALLERIE|NOM|OUVERTURES|CARNET_VOYAGE|URL|LIEN_RESERVER_DETAIL","TypePrestataire":"Y","ComportementResa":false,"ComportementDispo":false},"AffichageCoordonnees":[],"Coordonnees":{"Ville":"ST BREVIN LES PINS"},"ContexteId":"PRESTATION|Y|LOIPDL044V500448|CINEFILOUNOELPETITLIEVREBRUN","ContexteIdHtml":"PRESTATION-Y-LOIPDL044V500448-CINEFILOUNOELPETITLIEVREBRUN","cleContexte":"Y|LOIPDL044V500448|CINEFILOUNOELPETITLIEVREBRUN","Bloc":{"texte1":"","texte3":"","critere1":{"libelle":"","contenu":[]},"critere2":{"libelle":"","contenu":[]},"critere3":{"libelle":"","contenu":[]},"critere4":{"libelle":"","contenu":[]},"critere5":{"libelle":"","contenu":[]},"critere6":{"libelle":"","contenu":[]},"critere7":{"libelle":"","contenu":{"COMMUNES":{"libelle":"COMMUNE","contenu":{"1":"Saint-Brevin"},"codesValeurs":{"1":"COMMUNES|SAINTBREVIN|Y"},"criteres_datas":{"valeurs":{"1":{"SAINTBREVIN":{"descriptif":""}}}}}}},"critere8":{"libelle":"","contenu":[]},"critere9":{"libelle":"","contenu":[]}},"LocalisationGps":{"Latitude":"47.23483","Longitude":"-2.15552"},"libelleDuPrestataire":"","vuePrestataire":{"pave1":{"libelle":"Descriptif","contenu":""},"pave2":{"libelle":"","contenu":""},"pave3":{"libelle":"","contenu":""},"pave4":{"libelle":"","contenu":""},"pave5":{"libelle":"","contenu":""},"pave6":{"libelle":"","contenu":""},"pave7":{"libelle":"","contenu":""},"pave8":{"libelle":"","contenu":""},"pave9":{"libelle":"","contenu":""},"pave10":{"libelle":"","contenu":""},"pave11":{"libelle":"","contenu":""},"pave12":{"libelle":"","contenu":""},"pave13":{"libelle":"","contenu":""},"pave14":{"libelle":"","contenu":""},"pave15":{"libelle":"","contenu":""},"pave16":{"libelle":"","contenu":""},"pave17":{"libelle":"","contenu":""},"pave18":{"libelle":"","contenu":""},"pave19":{"libelle":"","contenu":""},"pave20":{"libelle":"","contenu":""},"pave21":{"libelle":"","contenu":""},"pave22":{"libelle":"","contenu":""},"pave23":{"libelle":"","contenu":""},"pave24":{"libelle":"","contenu":""},"pave25":{"libelle":"","contenu":""},"ContactsParType":{"RESP":{"12":{"id_contact":"12","type_contact":"RESP","categorie_contact":"PRESTATAIRE","societe_contact":"","fonction_contact":"","civilite_nom_prenom_contact":"M Letort Rodolphe ","adresse1_contact":"Avenue des Fr\u00e8res Lumi\u00e8re","adresse2_contact":"","adresse3_contact":"","cpostal_contact":"44250","ville_contact":"ST BREVIN LES PINS","teldom_contact":"02 40 39 39 39","telbur_contact":"","fax_contact":"","portable_contact":"06 03 32 69 03","email_contact":"cinejade@tourisme-saint-brevin.fr","siteweb_contact":"","commentaire_contact":"","langue_contact":"","autre_moyen_com":[]}}},"Libelle":"Cin\u00e9jade","Nom":"Cin\u00e9jade","Prenom":"","NomPrenom":"Cin\u00e9jade ","CiviliteNomPrenom":"Cin\u00e9jade ","Cle":"Y|LOIPDL044V500448","PrestataireParent":"","ContexteStat":"PRESTATAIRE-Y-LOIPDL044V500448","DateModificationIso":"2024-02-12T18:01:00+01:00","Type":"PRESTATAIRE","TypePrestataire":"Y","Adresse":{"LigneAdresse1":"2 Avenue des Fr\u00e8res Lumi\u00e8re","LigneAdresse2":"","LigneAdresse3":"","CodePostal":"44250","Ville":"ST BREVIN LES PINS","Cedex":"","Etat":"","Pays":"FRA"},"Email":"ot@tourisme-saint-brevin.fr","Telephone":"02 40 39 39 39","TelephoneBureau":"","Portable":"","SiteWeb":"","Fax":"","Id":"y-loipdl044v500448","Code":"Y|LOIPDL044V500448","Fichier":[],"Url":"","Localisation":{"GoogleMap":{"Latitude":"47.23479","Longitude":"-2.15553"}},"ZoneGeo":"","Criteres":{"COMMUNES[SAINTBREVIN":"","INSPUBMAJ[GRATUITPRECISER":"Equipement SEM SEL","LDLTH[DHAACO":"","DLATH[DDA":"","THANDI[WC":"","THANDI[ACCESFAUT":"","MAJINGENIE[DATEDERNIEREMAJ":"20170914","MISEAJOUR[ANNABELLE":""},"DateFinPublication":"","AffichageCoordonnees":[]},"listeCriteres":{"LIEUMANIF":{"SAINTBREVIN":""},"TYPEDEPROGRAMMATION":{"CINEFILOU":"","ENFANTS":""},"CATEGORIEANIMATION":{"CINE":"","CINEJADE":""},"THEME":{"DESS":""},"ICA":{"DS":"43mn","SA":"","PLAL":"","ICATP":"","AGEMINIM":"3"},"ANIAH":{"ANIACC":""},"GANIMA":{"GANIMNON":""},"PERIOD":{"YDPERI":"Chaque mois de Septembre \u00e0 Juin"},"MODEPAIEMENT":{"LCBP":"","LESPE":"","LCB":"","LAE":""},"MISEAJOURINGENIE":{"DATEDERNIEREMAJ":"20200905"},"MISEAJOURPAR":{"ANNABELLE":""},"COMMUNES":{"SAINTBREVIN":""},"INSPUBMAJ":{"GRATUITPRECISER":"Equipement SEM SEL"},"LDLTH":{"DHAACO":""},"DLATH":{"DDA":""},"THANDI":{"WC":"","ACCESFAUT":""},"MAJINGENIE":{"DATEDERNIEREMAJ":"20170914"},"MISEAJOUR":{"ANNABELLE":""}},"dansCarnetVoyage":true,"Ouverture":[],"OuverturePasse":[]},"html":" \n \u003Cdiv id=\"CV-PRESTATION-Y-LOIPDL044V500448-CINEFILOUNOELPETITLIEVREBRUN\" data-contexte-id=\"PRESTATION|Y|LOIPDL044V500448|CINEFILOUNOELPETITLIEVREBRUN\" data-cle=\"Y|LOIPDL044V500448|CINEFILOUNOELPETITLIEVREBRUN\" class=\"fiche-liste\"\u003E\n    \n\n    \u003C!-- partie photo --\u003E\n    \u003Cdiv class=\"photo\"\u003E\t\t\t\t\t\t\t\t\t\t\t\t\t\t\t\t\t\t\t\t\t\n        \u003Cdiv class=\"cadre_photo_principale\"\u003E\t\t\n        \n            \t\t\t\t\t\n                    \u003Ca href=\"cinefilou-le-noel-de-petit-lievre-brun.html?origine=carnet#media\"\u003E\n                        \u003Cimg class=\"photo_principale\" alt=\"le-no-l-de-petit-li-vre-brun-4-13462\" src=\"https:\/\/www.saint-brevin.com\/medias\/images\/prestations\/multitailles\/320x240_le-no-l-de-petit-li-vre-brun-4-13462.jpg\" itemprop=\"image\"\u003E\n                    \u003C\/a\u003E\t\t\t\t\t\t\n                \n                    \u003C\/div\u003E\t\t\t\t\t\t\t\t\t\t\t\t\t\t\t\t\t\t\t \t\t\n    \u003C\/div\u003E\n    \n    \u003C!-- partie nom prest --\u003E\n    \u003Cdiv class=\"nom\"\u003E\n        \u003Ch2\u003ECin\u00e9filou : Le No\u00ebl de Petit Li\u00e8vre Brun\u003C\/h2\u003E\n        \n            \u003C\/div\u003E\n\n         \n    \u003C!-- partie adresse --\u003E\n    \u003Cdiv class=\"adresse\"\u003E\n    \n          \n    \u003C\/div\u003E\n    \n    \u003C!-- partie liens --\u003E\n    \u003Cdiv class=\"liens\"\u003E\n            \u003Ca class=\"btn-icon btn-view \" title=\"Voir la fiche d\u00e9taill\u00e9e\" href=\"cinefilou-le-noel-de-petit-lievre-brun.html?origine=carnet\"\u003E\u003C\/a\u003E\u003C!--\u003Ca class=\"btn-icon btn-view \" title=\"\" href=\"?origine=carnet#thaut\"\u003E\u003C\/a\u003E--\u003E\n      \u003Ca class=\"btn-icon btn-trash carnet_voyage_supprimer\" title=\"Supprimer cette fiche de mon carnet de voyage\" href=\"carnet-voyage?action=remove&fiche=Y|LOIPDL044V500448|CINEFILOUNOELPETITLIEVREBRUN\"\u003E\u003C\/a\u003E\n    \u003C\/div\u003E\n\n\u003C\/div\u003E\n\n","icon":"https:\/\/static.ingenie.fr\/images\/carnetVoyageV3\/Y.png"},"fiche":"Y|LOIPDL044V500448|CINEFILOUNOELPETITLIEVREBRUN","popup":"\u003Cdiv id=\"bloc_popup_ajout_fiche_carnet\"\u003E\n    \u003Cdiv class=\"info_popup_ajout_fiche_carnet\"\u003E\n        Vous venez d'ajouter cet \u00e9l\u00e9ment \u00e0 votre carnet de voyage :    \u003C\/div\u003E\n    \u003Cdiv class=\"prest_popup_ajout_fiche_carnet\"\u003E\n        Cin&eacute;filou : Le No&euml;l de Petit Li&egrave;vre Brun    \u003C\/div\u003E\n    \u003Cdiv class=\"bloc_btn_ajout_fiche_carnet form_submit_div\"\u003E\n        \u003Cinput type=\"button\" value=\"Continuer ma s\u00e9lection\" title=\"Continuer ma s\u00e9lection\" name=\"btn_close\" class=\"btn_close_popup_carnet form_submit\" onclick=\"$.colorbox.close()\" \/\u003E\n        \u003Cinput type=\"button\" value=\"Voir mon carnet de voyage\" title=\"Voir mon carnet\" name=\"btn_panier\" class=\"btn_panier_popup_carnet form_submit\" onclick=\"if(typeof CarnetVoyage != 'undefined') {CarnetVoyage.voirCarnet();}\" \/\u003E\n    \u003C\/div\u003E\n    \u003Cdiv class=\"bloc_btn_ajout_fiche_carnet\"\u003E\n        \u003Cinput type=\"checkbox\" value=\"1\" name=\"desactiver_popup\" id=\"desactiver_popup\" \/\u003E\n        \u003Clabel for=\"desactiver_popup\"\u003ENe plus afficher ce message\u003C\/label\u003E\n    \u003C\/div\u003E\n\u003C\/div\u003E","success":1}