{"nbFiches":1,"dataPrest":{"infoPrest":{"pave1":{"libelle":"Slogan","contenu":"","fichiers":[]},"pave2":{"libelle":"Descriptif","contenu":"Un film court, ou plusieurs courts-m&eacute;trages,&nbsp;un son moins fort en salle, et pas de pub,&nbsp;un film class&eacute; art et essai, donc un film visant &agrave; &eacute;veiller la curiosit&eacute; des enfants&nbsp;et leur go&ucirc;t pour le cin&eacute;ma dans toute sa diversit&eacute;.\u003Cbr \/\u003E\r\n\u003Cbr \/\u003E\r\n&Agrave; noter que la s&eacute;ance du mercredi est accompagn&eacute;e d&#39;un go&ucirc;ter offert, en partenariat avec l&#39;\u003Ca href=\"https:\/\/www.facebook.com\/epicerie.retzaunee.7\" target=\"_blank\"\u003E&Eacute;picerie Retz&#39;aun&eacute;e\u003C\/a\u003E&nbsp;de Saint-Brevin, ce qui induit des gourmandises provenant de nos producteurs locaux !\u003Cbr \/\u003E\r\n\u003Cbr \/\u003E\r\nCe programme de trois courts m&eacute;trages de la r&eacute;alisatrice sud-cor&eacute;enne Miyoung Baek nous invite &agrave; plonger dans son univers po&eacute;tique et onirique.\u003Cbr \/\u003E\r\nLes objets du quotidien emportent-ils une part de nous-m&ecirc;mes ?\u003Cbr \/\u003E\r\nPeut-on remonter le temps pour &eacute;crire une autre histoire ?\u003Cbr \/\u003E\r\nEt o&ugrave; peut bien se cacher la Lune perdue ?\u003Cbr \/\u003E\r\nTels sont les enjeux de ces films qui nous enveloppent dans la douceur et la sensibilit&eacute; d&#39;un merveilleux voyage imaginaire.\u003Cbr \/\u003E\r\n&nbsp;\r\n\u003Cdiv style=\"text-align: center;\"\u003E\u003Cspan style=\"font-size:20px;\"\u003E\u003Cstrong\u003E\u003Ca href=\"https:\/\/app-cinejade.saint-brevin.com\/FR\/horaire-iframe\/#\" target=\"_blank\"\u003E\u003Cspan style=\"color:#008080;\"\u003EBilletterie en ligne ICI&gt;&gt;&gt;\u003C\/span\u003E\u003C\/a\u003E\u003C\/strong\u003E\u003C\/span\u003E\u003C\/div\u003E\r\n","fichiers":[]},"pave3":{"libelle":"","contenu":""},"pave4":{"libelle":"","contenu":""},"pave5":{"libelle":"","contenu":""},"pave6":{"libelle":"","contenu":""},"pave7":{"libelle":"","contenu":""},"pave8":{"libelle":"","contenu":""},"pave9":{"libelle":"","contenu":""},"pave10":{"libelle":"","contenu":""},"pave11":{"libelle":"","contenu":""},"pave12":{"libelle":"","contenu":""},"pave13":{"libelle":"","contenu":""},"pave14":{"libelle":"","contenu":""},"pave15":{"libelle":"","contenu":""},"pave16":{"libelle":"","contenu":""},"pave17":{"libelle":"","contenu":""},"pave18":{"libelle":"","contenu":""},"pave19":{"libelle":"","contenu":""},"pave20":{"libelle":"","contenu":""},"pave21":{"libelle":"","contenu":""},"pave22":{"libelle":"","contenu":""},"pave23":{"libelle":"","contenu":""},"pave24":{"libelle":"","contenu":""},"pave25":{"libelle":"","contenu":""},"Libelle":"Cin\u00e9filou : Le cygne et l'enfant","Reference":"","Reftar":"","Type":"PRESTATION","TypePrestataire":"Y","ContexteStat":"PRESTATION-Y-LOIPDL044V500448-CINEFILOULECYGNEETLENFANT","DateModificationIso":"2026-09-02T11:06:00+02:00","Adresse":{"LigneAdresse1":"Cin\u00e9jade","LigneAdresse2":"Avenue des Fr\u00e8res Lumi\u00e8re","LigneAdresse3":"","CodePostal":"44250","Ville":"ST BREVIN LES PINS","Cedex":"","Etat":"","Pays":"FRA"},"Id":"y-loipdl044v500448-cinefiloulecygneetlenfant","Code":"Y|LOIPDL044V500448|CINEFILOULECYGNEETLENFANT","Cle":"Y|LOIPDL044V500448|CINEFILOULECYGNEETLENFANT","Url":"cinefilou-le-cygne-et-l-enfant.html","Localisation":{"GoogleMap":{"Latitude":"47.23483","Longitude":"-2.15552"}},"ZoneGeo":"","Criteres":{"ALAFFICHEACC[OUIALAFFICHE":"","LIEUMANIF[SAINTBREVIN":"","TYPEDEPROGRAMMATION[CINEFILOU":"","TYPEDEPROGRAMMATION[ENFANTS":"","CATEGORIEANIMATION[CINE":"","CATEGORIEANIMATION[CINEJADE":"","THEME[DESS":"","ICA[DS":"39mn","ICA[SA":"","ICA[PLAL":"","ICA[ICATP":"","ICA[AGEMINIM":"3","ANIAH[ANIACC":"","GANIMA[GANIMNON":"","PERIOD[YDPERI":"Chaque mois de Septembre \u00e0 Juin","MODEPAIEMENT[LCBP":"","MODEPAIEMENT[LESPE":"","MODEPAIEMENT[LCB":"","MODEPAIEMENT[LAE":"","MISEAJOURINGENIE[DATEDERNIEREMAJ":"20260902","MISEAJOURPAR[ANNABELLE":""},"Prestataire":{"pave1":{"libelle":"Descriptif","contenu":""},"pave2":{"libelle":"","contenu":""},"pave3":{"libelle":"","contenu":""},"pave4":{"libelle":"","contenu":""},"pave5":{"libelle":"","contenu":""},"pave6":{"libelle":"","contenu":""},"pave7":{"libelle":"","contenu":""},"pave8":{"libelle":"","contenu":""},"pave9":{"libelle":"","contenu":""},"pave10":{"libelle":"","contenu":""},"pave11":{"libelle":"","contenu":""},"pave12":{"libelle":"","contenu":""},"pave13":{"libelle":"","contenu":""},"pave14":{"libelle":"","contenu":""},"pave15":{"libelle":"","contenu":""},"pave16":{"libelle":"","contenu":""},"pave17":{"libelle":"","contenu":""},"pave18":{"libelle":"","contenu":""},"pave19":{"libelle":"","contenu":""},"pave20":{"libelle":"","contenu":""},"pave21":{"libelle":"","contenu":""},"pave22":{"libelle":"","contenu":""},"pave23":{"libelle":"","contenu":""},"pave24":{"libelle":"","contenu":""},"pave25":{"libelle":"","contenu":""},"ContactsParType":{"RESP":{"12":{"id_contact":"12","type_contact":"RESP","categorie_contact":"PRESTATAIRE","societe_contact":"","fonction_contact":"","civilite_nom_prenom_contact":"M Letort Rodolphe ","adresse1_contact":"Avenue des Fr\u00e8res Lumi\u00e8re","adresse2_contact":"","adresse3_contact":"","cpostal_contact":"44250","ville_contact":"ST BREVIN LES PINS","teldom_contact":"02 40 39 39 39","telbur_contact":"","fax_contact":"","portable_contact":"06 03 32 69 03","email_contact":"cinejade@tourisme-saint-brevin.fr","siteweb_contact":"","commentaire_contact":"","langue_contact":"","autre_moyen_com":[]}}},"Libelle":"Cin\u00e9jade","Nom":"Cin\u00e9jade","Prenom":"","NomPrenom":"Cin\u00e9jade ","CiviliteNomPrenom":"Cin\u00e9jade ","Cle":"Y|LOIPDL044V500448","PrestataireParent":"","ContexteStat":"PRESTATAIRE-Y-LOIPDL044V500448","DateModificationIso":"2024-02-12T18:01:00+01:00","Type":"PRESTATAIRE","TypePrestataire":"Y","Adresse":{"LigneAdresse1":"2 Avenue des Fr\u00e8res Lumi\u00e8re","LigneAdresse2":"","LigneAdresse3":"","CodePostal":"44250","Ville":"ST BREVIN LES PINS","Cedex":"","Etat":"","Pays":"FRA"},"Email":"ot@tourisme-saint-brevin.fr","Telephone":"02 40 39 39 39","TelephoneBureau":"","Portable":"","SiteWeb":"","Fax":"","Id":"y-loipdl044v500448","Code":"Y|LOIPDL044V500448","Fichier":[],"Url":"","Localisation":{"GoogleMap":{"Latitude":"47.23479","Longitude":"-2.15553"}},"ZoneGeo":"","Criteres":{"COMMUNES[SAINTBREVIN":"","INSPUBMAJ[GRATUITPRECISER":"Equipement SEM SEL","LDLTH[DHAACO":"","DLATH[DDA":"","THANDI[WC":"","THANDI[ACCESFAUT":"","MAJINGENIE[DATEDERNIEREMAJ":"20170914","MISEAJOUR[ANNABELLE":""},"DateFinPublication":""},"Fichier":{"Document":[{"url":"https:\/\/www.saint-brevin.com\/medias\/images\/prestations\/cinefilou-sept-dec2026-32318-32325-32342.pdf","chemin":"..\/medias\/images\/prestations\/cinefilou-sept-dec2026-32318-32325-32342.pdf","libelle":"cinefilou-sept-dec2026-32318","extension":"pdf","categorie":"","largeur":"","theme":"","hauteur":"","type":"Document","origine":"","liaisonPave":"","langue":"","id":"32342","poids":"2.82 Mo","alt":"cinefilou-sept-dec2026-32318","title":"cinefilou-sept-dec2026-32318"}],"ByCategorie":{"":[{"url":"https:\/\/www.saint-brevin.com\/medias\/images\/prestations\/cinefilou-sept-dec2026-32318-32325-32342.pdf","chemin":"..\/medias\/images\/prestations\/cinefilou-sept-dec2026-32318-32325-32342.pdf","libelle":"cinefilou-sept-dec2026-32318","extension":"pdf","categorie":"","largeur":"","theme":"","hauteur":"","type":"Document","origine":"","liaisonPave":"","langue":"","id":"32342","poids":"2.82 Mo","alt":"cinefilou-sept-dec2026-32318","title":"cinefilou-sept-dec2026-32318"},{"url":"https:\/\/www.saint-brevin.com\/medias\/images\/prestations\/le-cygne-et-l-enfant-2-32343.png","chemin":"..\/medias\/images\/prestations\/le-cygne-et-l-enfant-2-32343.png","libelle":"le-cygne-et-l-enfant-2-32343","extension":"png","categorie":"","largeur":1192,"theme":"","hauteur":690,"type":"Image","origine":"","liaisonPave":"","langue":"","id":"32343","urlVignette":"https:\/\/www.saint-brevin.com\/medias\/images\/prestations\/v-le-cygne-et-l-enfant-2-32343.png","alt":"le-cygne-et-l-enfant-2-32343","title":"le-cygne-et-l-enfant-2-32343","MultiTaille":{"1920x1440":{"url":"https:\/\/www.saint-brevin.com\/medias\/images\/prestations\/multitailles\/1920x1440_le-cygne-et-l-enfant-2-32343.png"},"1200x900":{"url":"https:\/\/www.saint-brevin.com\/medias\/images\/prestations\/multitailles\/1200x900_le-cygne-et-l-enfant-2-32343.png"},"800x600":{"url":"https:\/\/www.saint-brevin.com\/medias\/images\/prestations\/multitailles\/800x600_le-cygne-et-l-enfant-2-32343.png"},"640x480":{"url":"https:\/\/www.saint-brevin.com\/medias\/images\/prestations\/multitailles\/640x480_le-cygne-et-l-enfant-2-32343.png"},"320x240":{"url":"https:\/\/www.saint-brevin.com\/medias\/images\/prestations\/multitailles\/320x240_le-cygne-et-l-enfant-2-32343.png"},"160x120":{"url":"https:\/\/www.saint-brevin.com\/medias\/images\/prestations\/multitailles\/160x120_le-cygne-et-l-enfant-2-32343.png"},"origine":{"url":"https:\/\/www.saint-brevin.com\/medias\/images\/prestations\/le-cygne-et-l-enfant-2-32343.png"}},"urlLien":"","typeLien":"","nofollow":"N","copyright":""},{"url":"https:\/\/youtu.be\/z0kr6uGxEe4?si=i7gDDy8UW9JQ47NJ","libelle":"Le cygne et l'enfant","categorie":"","largeur":"","theme":"","hauteur":"","type":"Video","origine":"YOUTUBE","liaisonPave":"","langue":"","id":"32349","htmlVideo":"\u003Ciframe src=\"https:\/\/www.youtube.com\/embed\/z0kr6uGxEe4?wmode=opaque&rel=0&start=0\" width=\"\" height=\"\" style=\"border:0;\" allowfullscreen\u003E\u003C\/iframe\u003E","vignetteVideo":"\u003Cimg src=\"https:\/\/img.youtube.com\/vi\/z0kr6uGxEe4\/0.jpg\" \/\u003E"},{"url":"https:\/\/www.saint-brevin.com\/medias\/images\/prestations\/le-cygne-et-l-enfant-1-32344.png","chemin":"..\/medias\/images\/prestations\/le-cygne-et-l-enfant-1-32344.png","libelle":"le-cygne-et-l-enfant-1-32344","extension":"png","categorie":"","largeur":1188,"theme":"","hauteur":684,"type":"Image","origine":"","liaisonPave":"","langue":"","id":"32344","urlVignette":"https:\/\/www.saint-brevin.com\/medias\/images\/prestations\/v-le-cygne-et-l-enfant-1-32344.png","alt":"le-cygne-et-l-enfant-1-32344","title":"le-cygne-et-l-enfant-1-32344","MultiTaille":{"1920x1440":{"url":"https:\/\/www.saint-brevin.com\/medias\/images\/prestations\/multitailles\/1920x1440_le-cygne-et-l-enfant-1-32344.png"},"1200x900":{"url":"https:\/\/www.saint-brevin.com\/medias\/images\/prestations\/multitailles\/1200x900_le-cygne-et-l-enfant-1-32344.png"},"800x600":{"url":"https:\/\/www.saint-brevin.com\/medias\/images\/prestations\/multitailles\/800x600_le-cygne-et-l-enfant-1-32344.png"},"640x480":{"url":"https:\/\/www.saint-brevin.com\/medias\/images\/prestations\/multitailles\/640x480_le-cygne-et-l-enfant-1-32344.png"},"320x240":{"url":"https:\/\/www.saint-brevin.com\/medias\/images\/prestations\/multitailles\/320x240_le-cygne-et-l-enfant-1-32344.png"},"160x120":{"url":"https:\/\/www.saint-brevin.com\/medias\/images\/prestations\/multitailles\/160x120_le-cygne-et-l-enfant-1-32344.png"},"origine":{"url":"https:\/\/www.saint-brevin.com\/medias\/images\/prestations\/le-cygne-et-l-enfant-1-32344.png"}},"urlLien":"","typeLien":"","nofollow":"N","copyright":""},{"url":"https:\/\/www.saint-brevin.com\/medias\/images\/prestations\/le-cygne-et-l-enfant-3-32345.png","chemin":"..\/medias\/images\/prestations\/le-cygne-et-l-enfant-3-32345.png","libelle":"le-cygne-et-l-enfant-3-32345","extension":"png","categorie":"","largeur":1083,"theme":"","hauteur":706,"type":"Image","origine":"","liaisonPave":"","langue":"","id":"32345","urlVignette":"https:\/\/www.saint-brevin.com\/medias\/images\/prestations\/v-le-cygne-et-l-enfant-3-32345.png","alt":"le-cygne-et-l-enfant-3-32345","title":"le-cygne-et-l-enfant-3-32345","MultiTaille":{"1920x1440":{"url":"https:\/\/www.saint-brevin.com\/medias\/images\/prestations\/multitailles\/1920x1440_le-cygne-et-l-enfant-3-32345.png"},"1200x900":{"url":"https:\/\/www.saint-brevin.com\/medias\/images\/prestations\/multitailles\/1200x900_le-cygne-et-l-enfant-3-32345.png"},"800x600":{"url":"https:\/\/www.saint-brevin.com\/medias\/images\/prestations\/multitailles\/800x600_le-cygne-et-l-enfant-3-32345.png"},"640x480":{"url":"https:\/\/www.saint-brevin.com\/medias\/images\/prestations\/multitailles\/640x480_le-cygne-et-l-enfant-3-32345.png"},"320x240":{"url":"https:\/\/www.saint-brevin.com\/medias\/images\/prestations\/multitailles\/320x240_le-cygne-et-l-enfant-3-32345.png"},"160x120":{"url":"https:\/\/www.saint-brevin.com\/medias\/images\/prestations\/multitailles\/160x120_le-cygne-et-l-enfant-3-32345.png"},"origine":{"url":"https:\/\/www.saint-brevin.com\/medias\/images\/prestations\/le-cygne-et-l-enfant-3-32345.png"}},"urlLien":"","typeLien":"","nofollow":"N","copyright":""},{"url":"https:\/\/www.saint-brevin.com\/medias\/images\/prestations\/le-cygne-et-l-enfant-4-32346.png","chemin":"..\/medias\/images\/prestations\/le-cygne-et-l-enfant-4-32346.png","libelle":"le-cygne-et-l-enfant-4-32346","extension":"png","categorie":"","largeur":1143,"theme":"","hauteur":705,"type":"Image","origine":"","liaisonPave":"","langue":"","id":"32346","urlVignette":"https:\/\/www.saint-brevin.com\/medias\/images\/prestations\/v-le-cygne-et-l-enfant-4-32346.png","alt":"le-cygne-et-l-enfant-4-32346","title":"le-cygne-et-l-enfant-4-32346","MultiTaille":{"1920x1440":{"url":"https:\/\/www.saint-brevin.com\/medias\/images\/prestations\/multitailles\/1920x1440_le-cygne-et-l-enfant-4-32346.png"},"1200x900":{"url":"https:\/\/www.saint-brevin.com\/medias\/images\/prestations\/multitailles\/1200x900_le-cygne-et-l-enfant-4-32346.png"},"800x600":{"url":"https:\/\/www.saint-brevin.com\/medias\/images\/prestations\/multitailles\/800x600_le-cygne-et-l-enfant-4-32346.png"},"640x480":{"url":"https:\/\/www.saint-brevin.com\/medias\/images\/prestations\/multitailles\/640x480_le-cygne-et-l-enfant-4-32346.png"},"320x240":{"url":"https:\/\/www.saint-brevin.com\/medias\/images\/prestations\/multitailles\/320x240_le-cygne-et-l-enfant-4-32346.png"},"160x120":{"url":"https:\/\/www.saint-brevin.com\/medias\/images\/prestations\/multitailles\/160x120_le-cygne-et-l-enfant-4-32346.png"},"origine":{"url":"https:\/\/www.saint-brevin.com\/medias\/images\/prestations\/le-cygne-et-l-enfant-4-32346.png"}},"urlLien":"","typeLien":"","nofollow":"N","copyright":""},{"url":"https:\/\/www.saint-brevin.com\/medias\/images\/prestations\/le-cygne-et-l-enfant-5-32347.png","chemin":"..\/medias\/images\/prestations\/le-cygne-et-l-enfant-5-32347.png","libelle":"le-cygne-et-l-enfant-5-32347","extension":"png","categorie":"","largeur":1185,"theme":"","hauteur":682,"type":"Image","origine":"","liaisonPave":"","langue":"","id":"32347","urlVignette":"https:\/\/www.saint-brevin.com\/medias\/images\/prestations\/v-le-cygne-et-l-enfant-5-32347.png","alt":"le-cygne-et-l-enfant-5-32347","title":"le-cygne-et-l-enfant-5-32347","MultiTaille":{"1920x1440":{"url":"https:\/\/www.saint-brevin.com\/medias\/images\/prestations\/multitailles\/1920x1440_le-cygne-et-l-enfant-5-32347.png"},"1200x900":{"url":"https:\/\/www.saint-brevin.com\/medias\/images\/prestations\/multitailles\/1200x900_le-cygne-et-l-enfant-5-32347.png"},"800x600":{"url":"https:\/\/www.saint-brevin.com\/medias\/images\/prestations\/multitailles\/800x600_le-cygne-et-l-enfant-5-32347.png"},"640x480":{"url":"https:\/\/www.saint-brevin.com\/medias\/images\/prestations\/multitailles\/640x480_le-cygne-et-l-enfant-5-32347.png"},"320x240":{"url":"https:\/\/www.saint-brevin.com\/medias\/images\/prestations\/multitailles\/320x240_le-cygne-et-l-enfant-5-32347.png"},"160x120":{"url":"https:\/\/www.saint-brevin.com\/medias\/images\/prestations\/multitailles\/160x120_le-cygne-et-l-enfant-5-32347.png"},"origine":{"url":"https:\/\/www.saint-brevin.com\/medias\/images\/prestations\/le-cygne-et-l-enfant-5-32347.png"}},"urlLien":"","typeLien":"","nofollow":"N","copyright":""},{"url":"https:\/\/www.saint-brevin.com\/medias\/images\/prestations\/le-cygne-et-l-enfant-affiche-32348.png","chemin":"..\/medias\/images\/prestations\/le-cygne-et-l-enfant-affiche-32348.png","libelle":"le-cygne-et-l-enfant-affiche-32348","extension":"png","categorie":"","largeur":603,"theme":"","hauteur":804,"type":"Image","origine":"","liaisonPave":"","langue":"","id":"32348","urlVignette":"https:\/\/www.saint-brevin.com\/medias\/images\/prestations\/v-le-cygne-et-l-enfant-affiche-32348.png","alt":"le-cygne-et-l-enfant-affiche-32348","title":"le-cygne-et-l-enfant-affiche-32348","MultiTaille":{"1920x1440":{"url":"https:\/\/www.saint-brevin.com\/medias\/images\/prestations\/multitailles\/1920x1440_le-cygne-et-l-enfant-affiche-32348.png"},"1200x900":{"url":"https:\/\/www.saint-brevin.com\/medias\/images\/prestations\/multitailles\/1200x900_le-cygne-et-l-enfant-affiche-32348.png"},"800x600":{"url":"https:\/\/www.saint-brevin.com\/medias\/images\/prestations\/multitailles\/800x600_le-cygne-et-l-enfant-affiche-32348.png"},"640x480":{"url":"https:\/\/www.saint-brevin.com\/medias\/images\/prestations\/multitailles\/640x480_le-cygne-et-l-enfant-affiche-32348.png"},"320x240":{"url":"https:\/\/www.saint-brevin.com\/medias\/images\/prestations\/multitailles\/320x240_le-cygne-et-l-enfant-affiche-32348.png"},"160x120":{"url":"https:\/\/www.saint-brevin.com\/medias\/images\/prestations\/multitailles\/160x120_le-cygne-et-l-enfant-affiche-32348.png"},"origine":{"url":"https:\/\/www.saint-brevin.com\/medias\/images\/prestations\/le-cygne-et-l-enfant-affiche-32348.png"}},"urlLien":"","typeLien":"","nofollow":"N","copyright":""}]},"Image":[{"url":"https:\/\/www.saint-brevin.com\/medias\/images\/prestations\/le-cygne-et-l-enfant-2-32343.png","chemin":"..\/medias\/images\/prestations\/le-cygne-et-l-enfant-2-32343.png","libelle":"le-cygne-et-l-enfant-2-32343","extension":"png","categorie":"","largeur":1192,"theme":"","hauteur":690,"type":"Image","origine":"","liaisonPave":"","langue":"","id":"32343","urlVignette":"https:\/\/www.saint-brevin.com\/medias\/images\/prestations\/v-le-cygne-et-l-enfant-2-32343.png","alt":"le-cygne-et-l-enfant-2-32343","title":"le-cygne-et-l-enfant-2-32343","MultiTaille":{"1920x1440":{"url":"https:\/\/www.saint-brevin.com\/medias\/images\/prestations\/multitailles\/1920x1440_le-cygne-et-l-enfant-2-32343.png"},"1200x900":{"url":"https:\/\/www.saint-brevin.com\/medias\/images\/prestations\/multitailles\/1200x900_le-cygne-et-l-enfant-2-32343.png"},"800x600":{"url":"https:\/\/www.saint-brevin.com\/medias\/images\/prestations\/multitailles\/800x600_le-cygne-et-l-enfant-2-32343.png"},"640x480":{"url":"https:\/\/www.saint-brevin.com\/medias\/images\/prestations\/multitailles\/640x480_le-cygne-et-l-enfant-2-32343.png"},"320x240":{"url":"https:\/\/www.saint-brevin.com\/medias\/images\/prestations\/multitailles\/320x240_le-cygne-et-l-enfant-2-32343.png"},"160x120":{"url":"https:\/\/www.saint-brevin.com\/medias\/images\/prestations\/multitailles\/160x120_le-cygne-et-l-enfant-2-32343.png"},"origine":{"url":"https:\/\/www.saint-brevin.com\/medias\/images\/prestations\/le-cygne-et-l-enfant-2-32343.png"}},"urlLien":"","typeLien":"","nofollow":"N","copyright":""},{"url":"https:\/\/www.saint-brevin.com\/medias\/images\/prestations\/le-cygne-et-l-enfant-1-32344.png","chemin":"..\/medias\/images\/prestations\/le-cygne-et-l-enfant-1-32344.png","libelle":"le-cygne-et-l-enfant-1-32344","extension":"png","categorie":"","largeur":1188,"theme":"","hauteur":684,"type":"Image","origine":"","liaisonPave":"","langue":"","id":"32344","urlVignette":"https:\/\/www.saint-brevin.com\/medias\/images\/prestations\/v-le-cygne-et-l-enfant-1-32344.png","alt":"le-cygne-et-l-enfant-1-32344","title":"le-cygne-et-l-enfant-1-32344","MultiTaille":{"1920x1440":{"url":"https:\/\/www.saint-brevin.com\/medias\/images\/prestations\/multitailles\/1920x1440_le-cygne-et-l-enfant-1-32344.png"},"1200x900":{"url":"https:\/\/www.saint-brevin.com\/medias\/images\/prestations\/multitailles\/1200x900_le-cygne-et-l-enfant-1-32344.png"},"800x600":{"url":"https:\/\/www.saint-brevin.com\/medias\/images\/prestations\/multitailles\/800x600_le-cygne-et-l-enfant-1-32344.png"},"640x480":{"url":"https:\/\/www.saint-brevin.com\/medias\/images\/prestations\/multitailles\/640x480_le-cygne-et-l-enfant-1-32344.png"},"320x240":{"url":"https:\/\/www.saint-brevin.com\/medias\/images\/prestations\/multitailles\/320x240_le-cygne-et-l-enfant-1-32344.png"},"160x120":{"url":"https:\/\/www.saint-brevin.com\/medias\/images\/prestations\/multitailles\/160x120_le-cygne-et-l-enfant-1-32344.png"},"origine":{"url":"https:\/\/www.saint-brevin.com\/medias\/images\/prestations\/le-cygne-et-l-enfant-1-32344.png"}},"urlLien":"","typeLien":"","nofollow":"N","copyright":""},{"url":"https:\/\/www.saint-brevin.com\/medias\/images\/prestations\/le-cygne-et-l-enfant-3-32345.png","chemin":"..\/medias\/images\/prestations\/le-cygne-et-l-enfant-3-32345.png","libelle":"le-cygne-et-l-enfant-3-32345","extension":"png","categorie":"","largeur":1083,"theme":"","hauteur":706,"type":"Image","origine":"","liaisonPave":"","langue":"","id":"32345","urlVignette":"https:\/\/www.saint-brevin.com\/medias\/images\/prestations\/v-le-cygne-et-l-enfant-3-32345.png","alt":"le-cygne-et-l-enfant-3-32345","title":"le-cygne-et-l-enfant-3-32345","MultiTaille":{"1920x1440":{"url":"https:\/\/www.saint-brevin.com\/medias\/images\/prestations\/multitailles\/1920x1440_le-cygne-et-l-enfant-3-32345.png"},"1200x900":{"url":"https:\/\/www.saint-brevin.com\/medias\/images\/prestations\/multitailles\/1200x900_le-cygne-et-l-enfant-3-32345.png"},"800x600":{"url":"https:\/\/www.saint-brevin.com\/medias\/images\/prestations\/multitailles\/800x600_le-cygne-et-l-enfant-3-32345.png"},"640x480":{"url":"https:\/\/www.saint-brevin.com\/medias\/images\/prestations\/multitailles\/640x480_le-cygne-et-l-enfant-3-32345.png"},"320x240":{"url":"https:\/\/www.saint-brevin.com\/medias\/images\/prestations\/multitailles\/320x240_le-cygne-et-l-enfant-3-32345.png"},"160x120":{"url":"https:\/\/www.saint-brevin.com\/medias\/images\/prestations\/multitailles\/160x120_le-cygne-et-l-enfant-3-32345.png"},"origine":{"url":"https:\/\/www.saint-brevin.com\/medias\/images\/prestations\/le-cygne-et-l-enfant-3-32345.png"}},"urlLien":"","typeLien":"","nofollow":"N","copyright":""},{"url":"https:\/\/www.saint-brevin.com\/medias\/images\/prestations\/le-cygne-et-l-enfant-4-32346.png","chemin":"..\/medias\/images\/prestations\/le-cygne-et-l-enfant-4-32346.png","libelle":"le-cygne-et-l-enfant-4-32346","extension":"png","categorie":"","largeur":1143,"theme":"","hauteur":705,"type":"Image","origine":"","liaisonPave":"","langue":"","id":"32346","urlVignette":"https:\/\/www.saint-brevin.com\/medias\/images\/prestations\/v-le-cygne-et-l-enfant-4-32346.png","alt":"le-cygne-et-l-enfant-4-32346","title":"le-cygne-et-l-enfant-4-32346","MultiTaille":{"1920x1440":{"url":"https:\/\/www.saint-brevin.com\/medias\/images\/prestations\/multitailles\/1920x1440_le-cygne-et-l-enfant-4-32346.png"},"1200x900":{"url":"https:\/\/www.saint-brevin.com\/medias\/images\/prestations\/multitailles\/1200x900_le-cygne-et-l-enfant-4-32346.png"},"800x600":{"url":"https:\/\/www.saint-brevin.com\/medias\/images\/prestations\/multitailles\/800x600_le-cygne-et-l-enfant-4-32346.png"},"640x480":{"url":"https:\/\/www.saint-brevin.com\/medias\/images\/prestations\/multitailles\/640x480_le-cygne-et-l-enfant-4-32346.png"},"320x240":{"url":"https:\/\/www.saint-brevin.com\/medias\/images\/prestations\/multitailles\/320x240_le-cygne-et-l-enfant-4-32346.png"},"160x120":{"url":"https:\/\/www.saint-brevin.com\/medias\/images\/prestations\/multitailles\/160x120_le-cygne-et-l-enfant-4-32346.png"},"origine":{"url":"https:\/\/www.saint-brevin.com\/medias\/images\/prestations\/le-cygne-et-l-enfant-4-32346.png"}},"urlLien":"","typeLien":"","nofollow":"N","copyright":""},{"url":"https:\/\/www.saint-brevin.com\/medias\/images\/prestations\/le-cygne-et-l-enfant-5-32347.png","chemin":"..\/medias\/images\/prestations\/le-cygne-et-l-enfant-5-32347.png","libelle":"le-cygne-et-l-enfant-5-32347","extension":"png","categorie":"","largeur":1185,"theme":"","hauteur":682,"type":"Image","origine":"","liaisonPave":"","langue":"","id":"32347","urlVignette":"https:\/\/www.saint-brevin.com\/medias\/images\/prestations\/v-le-cygne-et-l-enfant-5-32347.png","alt":"le-cygne-et-l-enfant-5-32347","title":"le-cygne-et-l-enfant-5-32347","MultiTaille":{"1920x1440":{"url":"https:\/\/www.saint-brevin.com\/medias\/images\/prestations\/multitailles\/1920x1440_le-cygne-et-l-enfant-5-32347.png"},"1200x900":{"url":"https:\/\/www.saint-brevin.com\/medias\/images\/prestations\/multitailles\/1200x900_le-cygne-et-l-enfant-5-32347.png"},"800x600":{"url":"https:\/\/www.saint-brevin.com\/medias\/images\/prestations\/multitailles\/800x600_le-cygne-et-l-enfant-5-32347.png"},"640x480":{"url":"https:\/\/www.saint-brevin.com\/medias\/images\/prestations\/multitailles\/640x480_le-cygne-et-l-enfant-5-32347.png"},"320x240":{"url":"https:\/\/www.saint-brevin.com\/medias\/images\/prestations\/multitailles\/320x240_le-cygne-et-l-enfant-5-32347.png"},"160x120":{"url":"https:\/\/www.saint-brevin.com\/medias\/images\/prestations\/multitailles\/160x120_le-cygne-et-l-enfant-5-32347.png"},"origine":{"url":"https:\/\/www.saint-brevin.com\/medias\/images\/prestations\/le-cygne-et-l-enfant-5-32347.png"}},"urlLien":"","typeLien":"","nofollow":"N","copyright":""},{"url":"https:\/\/www.saint-brevin.com\/medias\/images\/prestations\/le-cygne-et-l-enfant-affiche-32348.png","chemin":"..\/medias\/images\/prestations\/le-cygne-et-l-enfant-affiche-32348.png","libelle":"le-cygne-et-l-enfant-affiche-32348","extension":"png","categorie":"","largeur":603,"theme":"","hauteur":804,"type":"Image","origine":"","liaisonPave":"","langue":"","id":"32348","urlVignette":"https:\/\/www.saint-brevin.com\/medias\/images\/prestations\/v-le-cygne-et-l-enfant-affiche-32348.png","alt":"le-cygne-et-l-enfant-affiche-32348","title":"le-cygne-et-l-enfant-affiche-32348","MultiTaille":{"1920x1440":{"url":"https:\/\/www.saint-brevin.com\/medias\/images\/prestations\/multitailles\/1920x1440_le-cygne-et-l-enfant-affiche-32348.png"},"1200x900":{"url":"https:\/\/www.saint-brevin.com\/medias\/images\/prestations\/multitailles\/1200x900_le-cygne-et-l-enfant-affiche-32348.png"},"800x600":{"url":"https:\/\/www.saint-brevin.com\/medias\/images\/prestations\/multitailles\/800x600_le-cygne-et-l-enfant-affiche-32348.png"},"640x480":{"url":"https:\/\/www.saint-brevin.com\/medias\/images\/prestations\/multitailles\/640x480_le-cygne-et-l-enfant-affiche-32348.png"},"320x240":{"url":"https:\/\/www.saint-brevin.com\/medias\/images\/prestations\/multitailles\/320x240_le-cygne-et-l-enfant-affiche-32348.png"},"160x120":{"url":"https:\/\/www.saint-brevin.com\/medias\/images\/prestations\/multitailles\/160x120_le-cygne-et-l-enfant-affiche-32348.png"},"origine":{"url":"https:\/\/www.saint-brevin.com\/medias\/images\/prestations\/le-cygne-et-l-enfant-affiche-32348.png"}},"urlLien":"","typeLien":"","nofollow":"N","copyright":""}],"Video":[{"url":"https:\/\/youtu.be\/z0kr6uGxEe4?si=i7gDDy8UW9JQ47NJ","libelle":"Le cygne et l'enfant","categorie":"","largeur":"","theme":"","hauteur":"","type":"Video","origine":"YOUTUBE","liaisonPave":"","langue":"","id":"32349","htmlVideo":"\u003Ciframe src=\"https:\/\/www.youtube.com\/embed\/z0kr6uGxEe4?wmode=opaque&rel=0&start=0\" width=\"\" height=\"\" style=\"border:0;\" allowfullscreen\u003E\u003C\/iframe\u003E","vignetteVideo":"\u003Cimg src=\"https:\/\/img.youtube.com\/vi\/z0kr6uGxEe4\/0.jpg\" \/\u003E"}]},"DateDebPublication":"","DateFinPublication":"20261011","PrixAPartirDe":"","PrixPour":"","FicheListeEnCours":"fiche_liste_agenda_prestation_v2017","ParametresModele":{"AfficherPhotos":"1","NbPhotosMax":6,"AfficherReserver":0,"AfficherContact":0,"AfficherSalle":1,"AfficherZoneGeo":0,"AfficherEnSavoirPlus":"1","AfficherUneSeuleOuverture":"1","AfficherContactCarte":1,"AfficherTarifsChaudAPartirDe":0,"AfficherTarifChaudSansRecherche":0,"AfficherLiensCarnetVoyage":"1","AfficherOuverture":"1","BlocCritereInfo":{"critere1":{"libelle":""},"critere2":{"libelle":""},"critere3":{"libelle":""},"critere4":{"libelle":""},"critere5":{"libelle":""},"critere6":{"libelle":""},"critere7":{"libelle":"","liste_critere":["COMMUNES|Y"]},"critere8":{"libelle":""},"critere9":{"libelle":""},"afficherpictoetpaslibelle":"1"},"CriteresComportementResa":"|RESABILLET[RESAENLIGNE|","PositionBloc":"GALLERIE|NOM|OUVERTURES|CARNET_VOYAGE|URL|LIEN_RESERVER_DETAIL","TypePrestataire":"Y","ComportementResa":false,"ComportementDispo":false},"AffichageCoordonnees":[],"Coordonnees":{"Ville":"ST BREVIN LES PINS"},"ContexteId":"PRESTATION|Y|LOIPDL044V500448|CINEFILOULECYGNEETLENFANT","ContexteIdHtml":"PRESTATION-Y-LOIPDL044V500448-CINEFILOULECYGNEETLENFANT","cleContexte":"Y|LOIPDL044V500448|CINEFILOULECYGNEETLENFANT","Bloc":{"texte1":"","texte3":"","critere1":{"libelle":"","contenu":[]},"critere2":{"libelle":"","contenu":[]},"critere3":{"libelle":"","contenu":[]},"critere4":{"libelle":"","contenu":[]},"critere5":{"libelle":"","contenu":[]},"critere6":{"libelle":"","contenu":[]},"critere7":{"libelle":"","contenu":{"COMMUNES":{"libelle":"COMMUNE","contenu":{"1":"Saint-Brevin"},"codesValeurs":{"1":"COMMUNES|SAINTBREVIN|Y"},"criteres_datas":{"valeurs":{"1":{"SAINTBREVIN":{"descriptif":""}}}}}}},"critere8":{"libelle":"","contenu":[]},"critere9":{"libelle":"","contenu":[]}},"LocalisationGps":{"Latitude":"47.23483","Longitude":"-2.15552"},"libelleDuPrestataire":"","vuePrestataire":{"pave1":{"libelle":"Descriptif","contenu":""},"pave2":{"libelle":"","contenu":""},"pave3":{"libelle":"","contenu":""},"pave4":{"libelle":"","contenu":""},"pave5":{"libelle":"","contenu":""},"pave6":{"libelle":"","contenu":""},"pave7":{"libelle":"","contenu":""},"pave8":{"libelle":"","contenu":""},"pave9":{"libelle":"","contenu":""},"pave10":{"libelle":"","contenu":""},"pave11":{"libelle":"","contenu":""},"pave12":{"libelle":"","contenu":""},"pave13":{"libelle":"","contenu":""},"pave14":{"libelle":"","contenu":""},"pave15":{"libelle":"","contenu":""},"pave16":{"libelle":"","contenu":""},"pave17":{"libelle":"","contenu":""},"pave18":{"libelle":"","contenu":""},"pave19":{"libelle":"","contenu":""},"pave20":{"libelle":"","contenu":""},"pave21":{"libelle":"","contenu":""},"pave22":{"libelle":"","contenu":""},"pave23":{"libelle":"","contenu":""},"pave24":{"libelle":"","contenu":""},"pave25":{"libelle":"","contenu":""},"ContactsParType":{"RESP":{"12":{"id_contact":"12","type_contact":"RESP","categorie_contact":"PRESTATAIRE","societe_contact":"","fonction_contact":"","civilite_nom_prenom_contact":"M Letort Rodolphe ","adresse1_contact":"Avenue des Fr\u00e8res Lumi\u00e8re","adresse2_contact":"","adresse3_contact":"","cpostal_contact":"44250","ville_contact":"ST BREVIN LES PINS","teldom_contact":"02 40 39 39 39","telbur_contact":"","fax_contact":"","portable_contact":"06 03 32 69 03","email_contact":"cinejade@tourisme-saint-brevin.fr","siteweb_contact":"","commentaire_contact":"","langue_contact":"","autre_moyen_com":[]}}},"Libelle":"Cin\u00e9jade","Nom":"Cin\u00e9jade","Prenom":"","NomPrenom":"Cin\u00e9jade ","CiviliteNomPrenom":"Cin\u00e9jade ","Cle":"Y|LOIPDL044V500448","PrestataireParent":"","ContexteStat":"PRESTATAIRE-Y-LOIPDL044V500448","DateModificationIso":"2024-02-12T18:01:00+01:00","Type":"PRESTATAIRE","TypePrestataire":"Y","Adresse":{"LigneAdresse1":"2 Avenue des Fr\u00e8res Lumi\u00e8re","LigneAdresse2":"","LigneAdresse3":"","CodePostal":"44250","Ville":"ST BREVIN LES PINS","Cedex":"","Etat":"","Pays":"FRA"},"Email":"ot@tourisme-saint-brevin.fr","Telephone":"02 40 39 39 39","TelephoneBureau":"","Portable":"","SiteWeb":"","Fax":"","Id":"y-loipdl044v500448","Code":"Y|LOIPDL044V500448","Fichier":[],"Url":"","Localisation":{"GoogleMap":{"Latitude":"47.23479","Longitude":"-2.15553"}},"ZoneGeo":"","Criteres":{"COMMUNES[SAINTBREVIN":"","INSPUBMAJ[GRATUITPRECISER":"Equipement SEM SEL","LDLTH[DHAACO":"","DLATH[DDA":"","THANDI[WC":"","THANDI[ACCESFAUT":"","MAJINGENIE[DATEDERNIEREMAJ":"20170914","MISEAJOUR[ANNABELLE":""},"DateFinPublication":"","AffichageCoordonnees":[]},"listeCriteres":{"ALAFFICHEACC":{"OUIALAFFICHE":""},"LIEUMANIF":{"SAINTBREVIN":""},"TYPEDEPROGRAMMATION":{"CINEFILOU":"","ENFANTS":""},"CATEGORIEANIMATION":{"CINE":"","CINEJADE":""},"THEME":{"DESS":""},"ICA":{"DS":"39mn","SA":"","PLAL":"","ICATP":"","AGEMINIM":"3"},"ANIAH":{"ANIACC":""},"GANIMA":{"GANIMNON":""},"PERIOD":{"YDPERI":"Chaque mois de Septembre \u00e0 Juin"},"MODEPAIEMENT":{"LCBP":"","LESPE":"","LCB":"","LAE":""},"MISEAJOURINGENIE":{"DATEDERNIEREMAJ":"20260902"},"MISEAJOURPAR":{"ANNABELLE":""},"COMMUNES":{"SAINTBREVIN":""},"INSPUBMAJ":{"GRATUITPRECISER":"Equipement SEM SEL"},"LDLTH":{"DHAACO":""},"DLATH":{"DDA":""},"THANDI":{"WC":"","ACCESFAUT":""},"MAJINGENIE":{"DATEDERNIEREMAJ":"20170914"},"MISEAJOUR":{"ANNABELLE":""}},"dansCarnetVoyage":true,"Ouverture":["\u003Cp class=\"date\" \u003EMercredi 07 octobre 2026\u003C\/p\u003E\u003Cp class=\"heure\" \u003E\u00e0 partir de 16:15\u003C\/p\u003E"],"OuverturePasse":[],"OuvertureObjs":[{},{}],"OuvertureTab":[["20261007","20261007"],["20261011","20261011"]]},"html":" \n \u003Cdiv id=\"CV-PRESTATION-Y-LOIPDL044V500448-CINEFILOULECYGNEETLENFANT\" data-contexte-id=\"PRESTATION|Y|LOIPDL044V500448|CINEFILOULECYGNEETLENFANT\" data-cle=\"Y|LOIPDL044V500448|CINEFILOULECYGNEETLENFANT\" class=\"fiche-liste\"\u003E\n    \n\n    \u003C!-- partie photo --\u003E\n    \u003Cdiv class=\"photo\"\u003E\t\t\t\t\t\t\t\t\t\t\t\t\t\t\t\t\t\t\t\t\t\n        \u003Cdiv class=\"cadre_photo_principale\"\u003E\t\t\n        \n            \t\t\t\t\t\n                    \u003Ca href=\"cinefilou-le-cygne-et-l-enfant.html?origine=carnet#media\"\u003E\n                        \u003Cimg class=\"photo_principale\" alt=\"le-cygne-et-l-enfant-2-32343\" src=\"https:\/\/www.saint-brevin.com\/medias\/images\/prestations\/multitailles\/320x240_le-cygne-et-l-enfant-2-32343.png\" itemprop=\"image\"\u003E\n                    \u003C\/a\u003E\t\t\t\t\t\t\n                \n                    \u003C\/div\u003E\t\t\t\t\t\t\t\t\t\t\t\t\t\t\t\t\t\t\t \t\t\n    \u003C\/div\u003E\n    \n    \u003C!-- partie nom prest --\u003E\n    \u003Cdiv class=\"nom\"\u003E\n        \u003Ch2\u003ECin\u00e9filou : Le cygne et l'enfant\u003C\/h2\u003E\n        \n            \u003C\/div\u003E\n\n     \u003Cul style=\"display: none\" class=\"ouverture_list\"\u003E\u003Cli class=\"ouverture_item\"\u003E\u003Cp class=\"date\" \u003EMercredi 07 octobre 2026\u003C\/p\u003E\u003Cp class=\"heure\" \u003E\u00e0 partir de 16:15\u003C\/p\u003E\u003C\/li\u003E\u003C\/ul\u003E    \n    \u003C!-- partie adresse --\u003E\n    \u003Cdiv class=\"adresse\"\u003E\n    \n          \n    \u003C\/div\u003E\n    \n    \u003C!-- partie liens --\u003E\n    \u003Cdiv class=\"liens\"\u003E\n            \u003Ca class=\"btn-icon btn-view \" title=\"Voir la fiche d\u00e9taill\u00e9e\" href=\"cinefilou-le-cygne-et-l-enfant.html?origine=carnet\"\u003E\u003C\/a\u003E\u003C!--\u003Ca class=\"btn-icon btn-view \" title=\"\" href=\"?origine=carnet#thaut\"\u003E\u003C\/a\u003E--\u003E\n      \u003Ca class=\"btn-icon btn-trash carnet_voyage_supprimer\" title=\"Supprimer cette fiche de mon carnet de voyage\" href=\"carnet-voyage?action=remove&fiche=Y|LOIPDL044V500448|CINEFILOULECYGNEETLENFANT\"\u003E\u003C\/a\u003E\n    \u003C\/div\u003E\n\n\u003C\/div\u003E\n\n","icon":"https:\/\/static.ingenie.fr\/images\/carnetVoyageV3\/Y.png"},"fiche":"Y|LOIPDL044V500448|CINEFILOULECYGNEETLENFANT","popup":"\u003Cdiv id=\"bloc_popup_ajout_fiche_carnet\"\u003E\n    \u003Cdiv class=\"info_popup_ajout_fiche_carnet\"\u003E\n        Vous venez d'ajouter cet \u00e9l\u00e9ment \u00e0 votre carnet de voyage :    \u003C\/div\u003E\n    \u003Cdiv class=\"prest_popup_ajout_fiche_carnet\"\u003E\n        Cin&eacute;filou : Le cygne et l&#039;enfant    \u003C\/div\u003E\n    \u003Cdiv class=\"bloc_btn_ajout_fiche_carnet form_submit_div\"\u003E\n        \u003Cinput type=\"button\" value=\"Continuer ma s\u00e9lection\" title=\"Continuer ma s\u00e9lection\" name=\"btn_close\" class=\"btn_close_popup_carnet form_submit\" onclick=\"$.colorbox.close()\" \/\u003E\n        \u003Cinput type=\"button\" value=\"Voir mon carnet de voyage\" title=\"Voir mon carnet\" name=\"btn_panier\" class=\"btn_panier_popup_carnet form_submit\" onclick=\"if(typeof CarnetVoyage != 'undefined') {CarnetVoyage.voirCarnet();}\" \/\u003E\n    \u003C\/div\u003E\n    \u003Cdiv class=\"bloc_btn_ajout_fiche_carnet\"\u003E\n        \u003Cinput type=\"checkbox\" value=\"1\" name=\"desactiver_popup\" id=\"desactiver_popup\" \/\u003E\n        \u003Clabel for=\"desactiver_popup\"\u003ENe plus afficher ce message\u003C\/label\u003E\n    \u003C\/div\u003E\n\u003C\/div\u003E","success":1}