{"nbFiches":1,"dataPrest":{"infoPrest":{"pave1":{"libelle":"Slogan","contenu":"","fichiers":[]},"pave2":{"libelle":"Descriptif","contenu":"Un film court, ou plusieurs courts-m&eacute;trages,&nbsp;un son moins fort en salle, et pas de pub,&nbsp;un film class&eacute; art et essai, donc un film visant &agrave; &eacute;veiller la curiosit&eacute; des enfants&nbsp;et leur go&ucirc;t pour le cin&eacute;ma dans toute sa diversit&eacute;.\u003Cbr \/\u003E\r\n\u003Cbr \/\u003E\r\n&Agrave; noter que la s&eacute;ance du mercredi est accompagn&eacute;e d&#39;un go&ucirc;ter offert, en partenariat avec l&#39;\u003Ca href=\"https:\/\/www.facebook.com\/epicerie.retzaunee.7\" target=\"_blank\"\u003E&Eacute;picerie Retz&#39;aun&eacute;e\u003C\/a\u003E&nbsp;de Saint-Brevin, ce qui induit des gourmandises provenant de nos producteurs locaux !\u003Cbr \/\u003E\r\n\u003Cbr \/\u003E\r\nSao Paulo, ann&eacute;es 1980&hellip;\u003Cbr \/\u003E\r\nNoboru doit pr&eacute;parer pour l&rsquo;&eacute;cole un expos&eacute; sur ses origines japonaises qu&rsquo;il a toujours cherch&eacute; &agrave; gommer.\u003Cbr \/\u003E\r\nIl doit alors se tourner vers son grand-p&egrave;re grincheux, Hideo, pour apprendre &agrave; conna&icirc;tre en profondeur sa famille et l&rsquo;histoire de son arriv&eacute;e au Br&eacute;sil en 1920, alors qu&rsquo;il &eacute;tait encore un jeune homme.\u003Cbr \/\u003E\r\nAyant toujours voulu &eacute;viter d&rsquo;&eacute;voquer son pass&eacute; et son d&eacute;racinement, pouss&eacute; par son &eacute;pouse, adorable grand-m&egrave;re, Hideo accepte &agrave; contre-c&oelig;ur de raconter &agrave; Noboru son histoire et son installation en Am&eacute;rique du Sud.\u003Cbr \/\u003E\r\nAu fur et &agrave; mesure que ce dernier plonge dans le r&eacute;cit de l&rsquo;exil de ses anc&ecirc;tres, le jeune &eacute;colier se plaira &agrave; s&rsquo;approprier cette culture de l&rsquo;autre bout du monde et d&eacute;couvrira m&ecirc;me l&rsquo;existence d&rsquo;un oncle inconnu&hellip;\u003Cbr \/\u003E\r\n&nbsp;\r\n\u003Cdiv style=\"text-align: center;\"\u003E\u003Cspan style=\"font-size:20px;\"\u003E\u003Cstrong\u003E\u003Ca href=\"https:\/\/app-cinejade.saint-brevin.com\/FR\/horaire-iframe\/#\" target=\"_blank\"\u003E\u003Cspan style=\"color:#008080;\"\u003EBilletterie en ligne ICI&gt;&gt;&gt;\u003C\/span\u003E\u003C\/a\u003E\u003C\/strong\u003E\u003C\/span\u003E\u003C\/div\u003E\r\n","fichiers":[]},"pave3":{"libelle":"","contenu":""},"pave4":{"libelle":"","contenu":""},"pave5":{"libelle":"","contenu":""},"pave6":{"libelle":"","contenu":""},"pave7":{"libelle":"","contenu":""},"pave8":{"libelle":"","contenu":""},"pave9":{"libelle":"","contenu":""},"pave10":{"libelle":"","contenu":""},"pave11":{"libelle":"","contenu":""},"pave12":{"libelle":"","contenu":""},"pave13":{"libelle":"","contenu":""},"pave14":{"libelle":"","contenu":""},"pave15":{"libelle":"","contenu":""},"pave16":{"libelle":"","contenu":""},"pave17":{"libelle":"","contenu":""},"pave18":{"libelle":"","contenu":""},"pave19":{"libelle":"","contenu":""},"pave20":{"libelle":"","contenu":""},"pave21":{"libelle":"","contenu":""},"pave22":{"libelle":"","contenu":""},"pave23":{"libelle":"","contenu":""},"pave24":{"libelle":"","contenu":""},"pave25":{"libelle":"","contenu":""},"Libelle":"Cin\u00e9fil : Ma famille de samoura\u00efs","Reference":"","Reftar":"","Type":"PRESTATION","TypePrestataire":"Y","ContexteStat":"PRESTATION-Y-LOIPDL044V500448-CINEFILMAFAMILLEDESAMOURAS","DateModificationIso":"2026-09-03T08:34:00+02:00","Adresse":{"LigneAdresse1":"Cin\u00e9jade","LigneAdresse2":"Avenue des Fr\u00e8res Lumi\u00e8re","LigneAdresse3":"","CodePostal":"44250","Ville":"ST BREVIN LES PINS","Cedex":"","Etat":"","Pays":"FRA"},"Id":"y-loipdl044v500448-cinefilmafamilledesamouras","Code":"Y|LOIPDL044V500448|CINEFILMAFAMILLEDESAMOURAS","Cle":"Y|LOIPDL044V500448|CINEFILMAFAMILLEDESAMOURAS","Url":"cinefil-ma-famille-de-samourais.html","Localisation":{"GoogleMap":{"Latitude":"47.23483","Longitude":"-2.15552"}},"ZoneGeo":"","Criteres":{"ALAFFICHEACC[OUIALAFFICHE":"","LIEUMANIF[SAINTBREVIN":"","TYPEDEPROGRAMMATION[CINEFILOU":"","TYPEDEPROGRAMMATION[ENFANTS":"","CATEGORIEANIMATION[CINE":"","CATEGORIEANIMATION[CINEJADE":"","THEME[DESS":"","ICA[DS":"1h22","ICA[SA":"","ICA[PLAL":"","ICA[ICATP":"","ICA[AGEMINIM":"7","ANIAH[ANIACC":"","GANIMA[GANIMNON":"","PERIOD[YDPERI":"Chaque mois de Septembre \u00e0 Juin","MODEPAIEMENT[LCBP":"","MODEPAIEMENT[LESPE":"","MODEPAIEMENT[LCB":"","MODEPAIEMENT[LAE":"","MISEAJOURINGENIE[DATEDERNIEREMAJ":"20260902","MISEAJOURPAR[ANNABELLE":""},"Prestataire":{"pave1":{"libelle":"Descriptif","contenu":""},"pave2":{"libelle":"","contenu":""},"pave3":{"libelle":"","contenu":""},"pave4":{"libelle":"","contenu":""},"pave5":{"libelle":"","contenu":""},"pave6":{"libelle":"","contenu":""},"pave7":{"libelle":"","contenu":""},"pave8":{"libelle":"","contenu":""},"pave9":{"libelle":"","contenu":""},"pave10":{"libelle":"","contenu":""},"pave11":{"libelle":"","contenu":""},"pave12":{"libelle":"","contenu":""},"pave13":{"libelle":"","contenu":""},"pave14":{"libelle":"","contenu":""},"pave15":{"libelle":"","contenu":""},"pave16":{"libelle":"","contenu":""},"pave17":{"libelle":"","contenu":""},"pave18":{"libelle":"","contenu":""},"pave19":{"libelle":"","contenu":""},"pave20":{"libelle":"","contenu":""},"pave21":{"libelle":"","contenu":""},"pave22":{"libelle":"","contenu":""},"pave23":{"libelle":"","contenu":""},"pave24":{"libelle":"","contenu":""},"pave25":{"libelle":"","contenu":""},"ContactsParType":{"RESP":{"12":{"id_contact":"12","type_contact":"RESP","categorie_contact":"PRESTATAIRE","societe_contact":"","fonction_contact":"","civilite_nom_prenom_contact":"M Letort Rodolphe ","adresse1_contact":"Avenue des Fr\u00e8res Lumi\u00e8re","adresse2_contact":"","adresse3_contact":"","cpostal_contact":"44250","ville_contact":"ST BREVIN LES PINS","teldom_contact":"02 40 39 39 39","telbur_contact":"","fax_contact":"","portable_contact":"06 03 32 69 03","email_contact":"cinejade@tourisme-saint-brevin.fr","siteweb_contact":"","commentaire_contact":"","langue_contact":"","autre_moyen_com":[]}}},"Libelle":"Cin\u00e9jade","Nom":"Cin\u00e9jade","Prenom":"","NomPrenom":"Cin\u00e9jade ","CiviliteNomPrenom":"Cin\u00e9jade ","Cle":"Y|LOIPDL044V500448","PrestataireParent":"","ContexteStat":"PRESTATAIRE-Y-LOIPDL044V500448","DateModificationIso":"2024-02-12T18:01:00+01:00","Type":"PRESTATAIRE","TypePrestataire":"Y","Adresse":{"LigneAdresse1":"2 Avenue des Fr\u00e8res Lumi\u00e8re","LigneAdresse2":"","LigneAdresse3":"","CodePostal":"44250","Ville":"ST BREVIN LES PINS","Cedex":"","Etat":"","Pays":"FRA"},"Email":"ot@tourisme-saint-brevin.fr","Telephone":"02 40 39 39 39","TelephoneBureau":"","Portable":"","SiteWeb":"","Fax":"","Id":"y-loipdl044v500448","Code":"Y|LOIPDL044V500448","Fichier":[],"Url":"","Localisation":{"GoogleMap":{"Latitude":"47.23479","Longitude":"-2.15553"}},"ZoneGeo":"","Criteres":{"COMMUNES[SAINTBREVIN":"","INSPUBMAJ[GRATUITPRECISER":"Equipement SEM SEL","LDLTH[DHAACO":"","DLATH[DDA":"","THANDI[WC":"","THANDI[ACCESFAUT":"","MAJINGENIE[DATEDERNIEREMAJ":"20170914","MISEAJOUR[ANNABELLE":""},"DateFinPublication":""},"Fichier":{"Image":[{"url":"https:\/\/www.saint-brevin.com\/medias\/images\/prestations\/ma-famille-de-samoura-s-4-32336.png","chemin":"..\/medias\/images\/prestations\/ma-famille-de-samoura-s-4-32336.png","libelle":"ma-famille-de-samoura-s-4-32336","extension":"png","categorie":"","largeur":1102,"theme":"","hauteur":672,"type":"Image","origine":"","liaisonPave":"","langue":"","id":"32336","urlVignette":"https:\/\/www.saint-brevin.com\/medias\/images\/prestations\/v-ma-famille-de-samoura-s-4-32336.png","alt":"ma-famille-de-samoura-s-4-32336","title":"ma-famille-de-samoura-s-4-32336","MultiTaille":{"1920x1440":{"url":"https:\/\/www.saint-brevin.com\/medias\/images\/prestations\/multitailles\/1920x1440_ma-famille-de-samoura-s-4-32336.png"},"1200x900":{"url":"https:\/\/www.saint-brevin.com\/medias\/images\/prestations\/multitailles\/1200x900_ma-famille-de-samoura-s-4-32336.png"},"800x600":{"url":"https:\/\/www.saint-brevin.com\/medias\/images\/prestations\/multitailles\/800x600_ma-famille-de-samoura-s-4-32336.png"},"640x480":{"url":"https:\/\/www.saint-brevin.com\/medias\/images\/prestations\/multitailles\/640x480_ma-famille-de-samoura-s-4-32336.png"},"320x240":{"url":"https:\/\/www.saint-brevin.com\/medias\/images\/prestations\/multitailles\/320x240_ma-famille-de-samoura-s-4-32336.png"},"160x120":{"url":"https:\/\/www.saint-brevin.com\/medias\/images\/prestations\/multitailles\/160x120_ma-famille-de-samoura-s-4-32336.png"},"origine":{"url":"https:\/\/www.saint-brevin.com\/medias\/images\/prestations\/ma-famille-de-samoura-s-4-32336.png"}},"urlLien":"","typeLien":"","nofollow":"N","copyright":""},{"url":"https:\/\/www.saint-brevin.com\/medias\/images\/prestations\/ma-famille-de-samoura-s-1-32337.png","chemin":"..\/medias\/images\/prestations\/ma-famille-de-samoura-s-1-32337.png","libelle":"ma-famille-de-samoura-s-1-32337","extension":"png","categorie":"","largeur":1144,"theme":"","hauteur":687,"type":"Image","origine":"","liaisonPave":"","langue":"","id":"32337","urlVignette":"https:\/\/www.saint-brevin.com\/medias\/images\/prestations\/v-ma-famille-de-samoura-s-1-32337.png","alt":"ma-famille-de-samoura-s-1-32337","title":"ma-famille-de-samoura-s-1-32337","MultiTaille":{"1920x1440":{"url":"https:\/\/www.saint-brevin.com\/medias\/images\/prestations\/multitailles\/1920x1440_ma-famille-de-samoura-s-1-32337.png"},"1200x900":{"url":"https:\/\/www.saint-brevin.com\/medias\/images\/prestations\/multitailles\/1200x900_ma-famille-de-samoura-s-1-32337.png"},"800x600":{"url":"https:\/\/www.saint-brevin.com\/medias\/images\/prestations\/multitailles\/800x600_ma-famille-de-samoura-s-1-32337.png"},"640x480":{"url":"https:\/\/www.saint-brevin.com\/medias\/images\/prestations\/multitailles\/640x480_ma-famille-de-samoura-s-1-32337.png"},"320x240":{"url":"https:\/\/www.saint-brevin.com\/medias\/images\/prestations\/multitailles\/320x240_ma-famille-de-samoura-s-1-32337.png"},"160x120":{"url":"https:\/\/www.saint-brevin.com\/medias\/images\/prestations\/multitailles\/160x120_ma-famille-de-samoura-s-1-32337.png"},"origine":{"url":"https:\/\/www.saint-brevin.com\/medias\/images\/prestations\/ma-famille-de-samoura-s-1-32337.png"}},"urlLien":"","typeLien":"","nofollow":"N","copyright":""},{"url":"https:\/\/www.saint-brevin.com\/medias\/images\/prestations\/ma-famille-de-samoura-s-3-32338.png","chemin":"..\/medias\/images\/prestations\/ma-famille-de-samoura-s-3-32338.png","libelle":"ma-famille-de-samoura-s-3-32338","extension":"png","categorie":"","largeur":1176,"theme":"","hauteur":682,"type":"Image","origine":"","liaisonPave":"","langue":"","id":"32338","urlVignette":"https:\/\/www.saint-brevin.com\/medias\/images\/prestations\/v-ma-famille-de-samoura-s-3-32338.png","alt":"ma-famille-de-samoura-s-3-32338","title":"ma-famille-de-samoura-s-3-32338","MultiTaille":{"1920x1440":{"url":"https:\/\/www.saint-brevin.com\/medias\/images\/prestations\/multitailles\/1920x1440_ma-famille-de-samoura-s-3-32338.png"},"1200x900":{"url":"https:\/\/www.saint-brevin.com\/medias\/images\/prestations\/multitailles\/1200x900_ma-famille-de-samoura-s-3-32338.png"},"800x600":{"url":"https:\/\/www.saint-brevin.com\/medias\/images\/prestations\/multitailles\/800x600_ma-famille-de-samoura-s-3-32338.png"},"640x480":{"url":"https:\/\/www.saint-brevin.com\/medias\/images\/prestations\/multitailles\/640x480_ma-famille-de-samoura-s-3-32338.png"},"320x240":{"url":"https:\/\/www.saint-brevin.com\/medias\/images\/prestations\/multitailles\/320x240_ma-famille-de-samoura-s-3-32338.png"},"160x120":{"url":"https:\/\/www.saint-brevin.com\/medias\/images\/prestations\/multitailles\/160x120_ma-famille-de-samoura-s-3-32338.png"},"origine":{"url":"https:\/\/www.saint-brevin.com\/medias\/images\/prestations\/ma-famille-de-samoura-s-3-32338.png"}},"urlLien":"","typeLien":"","nofollow":"N","copyright":""},{"url":"https:\/\/www.saint-brevin.com\/medias\/images\/prestations\/ma-famille-de-samoura-s-12-32339.png","chemin":"..\/medias\/images\/prestations\/ma-famille-de-samoura-s-12-32339.png","libelle":"ma-famille-de-samoura-s-12-32339","extension":"png","categorie":"","largeur":1141,"theme":"","hauteur":679,"type":"Image","origine":"","liaisonPave":"","langue":"","id":"32339","urlVignette":"https:\/\/www.saint-brevin.com\/medias\/images\/prestations\/v-ma-famille-de-samoura-s-12-32339.png","alt":"ma-famille-de-samoura-s-12-32339","title":"ma-famille-de-samoura-s-12-32339","MultiTaille":{"1920x1440":{"url":"https:\/\/www.saint-brevin.com\/medias\/images\/prestations\/multitailles\/1920x1440_ma-famille-de-samoura-s-12-32339.png"},"1200x900":{"url":"https:\/\/www.saint-brevin.com\/medias\/images\/prestations\/multitailles\/1200x900_ma-famille-de-samoura-s-12-32339.png"},"800x600":{"url":"https:\/\/www.saint-brevin.com\/medias\/images\/prestations\/multitailles\/800x600_ma-famille-de-samoura-s-12-32339.png"},"640x480":{"url":"https:\/\/www.saint-brevin.com\/medias\/images\/prestations\/multitailles\/640x480_ma-famille-de-samoura-s-12-32339.png"},"320x240":{"url":"https:\/\/www.saint-brevin.com\/medias\/images\/prestations\/multitailles\/320x240_ma-famille-de-samoura-s-12-32339.png"},"160x120":{"url":"https:\/\/www.saint-brevin.com\/medias\/images\/prestations\/multitailles\/160x120_ma-famille-de-samoura-s-12-32339.png"},"origine":{"url":"https:\/\/www.saint-brevin.com\/medias\/images\/prestations\/ma-famille-de-samoura-s-12-32339.png"}},"urlLien":"","typeLien":"","nofollow":"N","copyright":""},{"url":"https:\/\/www.saint-brevin.com\/medias\/images\/prestations\/ma-famille-de-samoura-s-affiche-32340.png","chemin":"..\/medias\/images\/prestations\/ma-famille-de-samoura-s-affiche-32340.png","libelle":"ma-famille-de-samoura-s-affiche-32340","extension":"png","categorie":"","largeur":601,"theme":"","hauteur":813,"type":"Image","origine":"","liaisonPave":"","langue":"","id":"32340","urlVignette":"https:\/\/www.saint-brevin.com\/medias\/images\/prestations\/v-ma-famille-de-samoura-s-affiche-32340.png","alt":"ma-famille-de-samoura-s-affiche-32340","title":"ma-famille-de-samoura-s-affiche-32340","MultiTaille":{"1920x1440":{"url":"https:\/\/www.saint-brevin.com\/medias\/images\/prestations\/multitailles\/1920x1440_ma-famille-de-samoura-s-affiche-32340.png"},"1200x900":{"url":"https:\/\/www.saint-brevin.com\/medias\/images\/prestations\/multitailles\/1200x900_ma-famille-de-samoura-s-affiche-32340.png"},"800x600":{"url":"https:\/\/www.saint-brevin.com\/medias\/images\/prestations\/multitailles\/800x600_ma-famille-de-samoura-s-affiche-32340.png"},"640x480":{"url":"https:\/\/www.saint-brevin.com\/medias\/images\/prestations\/multitailles\/640x480_ma-famille-de-samoura-s-affiche-32340.png"},"320x240":{"url":"https:\/\/www.saint-brevin.com\/medias\/images\/prestations\/multitailles\/320x240_ma-famille-de-samoura-s-affiche-32340.png"},"160x120":{"url":"https:\/\/www.saint-brevin.com\/medias\/images\/prestations\/multitailles\/160x120_ma-famille-de-samoura-s-affiche-32340.png"},"origine":{"url":"https:\/\/www.saint-brevin.com\/medias\/images\/prestations\/ma-famille-de-samoura-s-affiche-32340.png"}},"urlLien":"","typeLien":"","nofollow":"N","copyright":""}],"ByCategorie":{"":[{"url":"https:\/\/www.saint-brevin.com\/medias\/images\/prestations\/ma-famille-de-samoura-s-4-32336.png","chemin":"..\/medias\/images\/prestations\/ma-famille-de-samoura-s-4-32336.png","libelle":"ma-famille-de-samoura-s-4-32336","extension":"png","categorie":"","largeur":1102,"theme":"","hauteur":672,"type":"Image","origine":"","liaisonPave":"","langue":"","id":"32336","urlVignette":"https:\/\/www.saint-brevin.com\/medias\/images\/prestations\/v-ma-famille-de-samoura-s-4-32336.png","alt":"ma-famille-de-samoura-s-4-32336","title":"ma-famille-de-samoura-s-4-32336","MultiTaille":{"1920x1440":{"url":"https:\/\/www.saint-brevin.com\/medias\/images\/prestations\/multitailles\/1920x1440_ma-famille-de-samoura-s-4-32336.png"},"1200x900":{"url":"https:\/\/www.saint-brevin.com\/medias\/images\/prestations\/multitailles\/1200x900_ma-famille-de-samoura-s-4-32336.png"},"800x600":{"url":"https:\/\/www.saint-brevin.com\/medias\/images\/prestations\/multitailles\/800x600_ma-famille-de-samoura-s-4-32336.png"},"640x480":{"url":"https:\/\/www.saint-brevin.com\/medias\/images\/prestations\/multitailles\/640x480_ma-famille-de-samoura-s-4-32336.png"},"320x240":{"url":"https:\/\/www.saint-brevin.com\/medias\/images\/prestations\/multitailles\/320x240_ma-famille-de-samoura-s-4-32336.png"},"160x120":{"url":"https:\/\/www.saint-brevin.com\/medias\/images\/prestations\/multitailles\/160x120_ma-famille-de-samoura-s-4-32336.png"},"origine":{"url":"https:\/\/www.saint-brevin.com\/medias\/images\/prestations\/ma-famille-de-samoura-s-4-32336.png"}},"urlLien":"","typeLien":"","nofollow":"N","copyright":""},{"url":"https:\/\/youtu.be\/AHUhfYIDPtY?si=38KisxTDSrg2K_fb","libelle":"Ma famille de samoura\u00efs","categorie":"","largeur":"","theme":"","hauteur":"","type":"Video","origine":"YOUTUBE","liaisonPave":"","langue":"","id":"32341","htmlVideo":"\u003Ciframe src=\"https:\/\/www.youtube.com\/embed\/AHUhfYIDPtY?wmode=opaque&rel=0&start=0\" width=\"\" height=\"\" style=\"border:0;\" allowfullscreen\u003E\u003C\/iframe\u003E","vignetteVideo":"\u003Cimg src=\"https:\/\/img.youtube.com\/vi\/AHUhfYIDPtY\/0.jpg\" \/\u003E"},{"url":"https:\/\/www.saint-brevin.com\/medias\/images\/prestations\/cinefilou-sept-dec2026-32379.pdf","chemin":"..\/medias\/images\/prestations\/cinefilou-sept-dec2026-32379.pdf","libelle":"cinefilou-sept-dec2026-32379","extension":"pdf","categorie":"","largeur":"","theme":"","hauteur":"","type":"Document","origine":"","liaisonPave":"","langue":"","id":"32379","poids":"2.89 Mo","alt":"cinefilou-sept-dec2026-32379","title":"cinefilou-sept-dec2026-32379"},{"url":"https:\/\/www.saint-brevin.com\/medias\/images\/prestations\/ma-famille-de-samoura-s-1-32337.png","chemin":"..\/medias\/images\/prestations\/ma-famille-de-samoura-s-1-32337.png","libelle":"ma-famille-de-samoura-s-1-32337","extension":"png","categorie":"","largeur":1144,"theme":"","hauteur":687,"type":"Image","origine":"","liaisonPave":"","langue":"","id":"32337","urlVignette":"https:\/\/www.saint-brevin.com\/medias\/images\/prestations\/v-ma-famille-de-samoura-s-1-32337.png","alt":"ma-famille-de-samoura-s-1-32337","title":"ma-famille-de-samoura-s-1-32337","MultiTaille":{"1920x1440":{"url":"https:\/\/www.saint-brevin.com\/medias\/images\/prestations\/multitailles\/1920x1440_ma-famille-de-samoura-s-1-32337.png"},"1200x900":{"url":"https:\/\/www.saint-brevin.com\/medias\/images\/prestations\/multitailles\/1200x900_ma-famille-de-samoura-s-1-32337.png"},"800x600":{"url":"https:\/\/www.saint-brevin.com\/medias\/images\/prestations\/multitailles\/800x600_ma-famille-de-samoura-s-1-32337.png"},"640x480":{"url":"https:\/\/www.saint-brevin.com\/medias\/images\/prestations\/multitailles\/640x480_ma-famille-de-samoura-s-1-32337.png"},"320x240":{"url":"https:\/\/www.saint-brevin.com\/medias\/images\/prestations\/multitailles\/320x240_ma-famille-de-samoura-s-1-32337.png"},"160x120":{"url":"https:\/\/www.saint-brevin.com\/medias\/images\/prestations\/multitailles\/160x120_ma-famille-de-samoura-s-1-32337.png"},"origine":{"url":"https:\/\/www.saint-brevin.com\/medias\/images\/prestations\/ma-famille-de-samoura-s-1-32337.png"}},"urlLien":"","typeLien":"","nofollow":"N","copyright":""},{"url":"https:\/\/www.saint-brevin.com\/medias\/images\/prestations\/ma-famille-de-samoura-s-3-32338.png","chemin":"..\/medias\/images\/prestations\/ma-famille-de-samoura-s-3-32338.png","libelle":"ma-famille-de-samoura-s-3-32338","extension":"png","categorie":"","largeur":1176,"theme":"","hauteur":682,"type":"Image","origine":"","liaisonPave":"","langue":"","id":"32338","urlVignette":"https:\/\/www.saint-brevin.com\/medias\/images\/prestations\/v-ma-famille-de-samoura-s-3-32338.png","alt":"ma-famille-de-samoura-s-3-32338","title":"ma-famille-de-samoura-s-3-32338","MultiTaille":{"1920x1440":{"url":"https:\/\/www.saint-brevin.com\/medias\/images\/prestations\/multitailles\/1920x1440_ma-famille-de-samoura-s-3-32338.png"},"1200x900":{"url":"https:\/\/www.saint-brevin.com\/medias\/images\/prestations\/multitailles\/1200x900_ma-famille-de-samoura-s-3-32338.png"},"800x600":{"url":"https:\/\/www.saint-brevin.com\/medias\/images\/prestations\/multitailles\/800x600_ma-famille-de-samoura-s-3-32338.png"},"640x480":{"url":"https:\/\/www.saint-brevin.com\/medias\/images\/prestations\/multitailles\/640x480_ma-famille-de-samoura-s-3-32338.png"},"320x240":{"url":"https:\/\/www.saint-brevin.com\/medias\/images\/prestations\/multitailles\/320x240_ma-famille-de-samoura-s-3-32338.png"},"160x120":{"url":"https:\/\/www.saint-brevin.com\/medias\/images\/prestations\/multitailles\/160x120_ma-famille-de-samoura-s-3-32338.png"},"origine":{"url":"https:\/\/www.saint-brevin.com\/medias\/images\/prestations\/ma-famille-de-samoura-s-3-32338.png"}},"urlLien":"","typeLien":"","nofollow":"N","copyright":""},{"url":"https:\/\/www.saint-brevin.com\/medias\/images\/prestations\/ma-famille-de-samoura-s-12-32339.png","chemin":"..\/medias\/images\/prestations\/ma-famille-de-samoura-s-12-32339.png","libelle":"ma-famille-de-samoura-s-12-32339","extension":"png","categorie":"","largeur":1141,"theme":"","hauteur":679,"type":"Image","origine":"","liaisonPave":"","langue":"","id":"32339","urlVignette":"https:\/\/www.saint-brevin.com\/medias\/images\/prestations\/v-ma-famille-de-samoura-s-12-32339.png","alt":"ma-famille-de-samoura-s-12-32339","title":"ma-famille-de-samoura-s-12-32339","MultiTaille":{"1920x1440":{"url":"https:\/\/www.saint-brevin.com\/medias\/images\/prestations\/multitailles\/1920x1440_ma-famille-de-samoura-s-12-32339.png"},"1200x900":{"url":"https:\/\/www.saint-brevin.com\/medias\/images\/prestations\/multitailles\/1200x900_ma-famille-de-samoura-s-12-32339.png"},"800x600":{"url":"https:\/\/www.saint-brevin.com\/medias\/images\/prestations\/multitailles\/800x600_ma-famille-de-samoura-s-12-32339.png"},"640x480":{"url":"https:\/\/www.saint-brevin.com\/medias\/images\/prestations\/multitailles\/640x480_ma-famille-de-samoura-s-12-32339.png"},"320x240":{"url":"https:\/\/www.saint-brevin.com\/medias\/images\/prestations\/multitailles\/320x240_ma-famille-de-samoura-s-12-32339.png"},"160x120":{"url":"https:\/\/www.saint-brevin.com\/medias\/images\/prestations\/multitailles\/160x120_ma-famille-de-samoura-s-12-32339.png"},"origine":{"url":"https:\/\/www.saint-brevin.com\/medias\/images\/prestations\/ma-famille-de-samoura-s-12-32339.png"}},"urlLien":"","typeLien":"","nofollow":"N","copyright":""},{"url":"https:\/\/www.saint-brevin.com\/medias\/images\/prestations\/ma-famille-de-samoura-s-affiche-32340.png","chemin":"..\/medias\/images\/prestations\/ma-famille-de-samoura-s-affiche-32340.png","libelle":"ma-famille-de-samoura-s-affiche-32340","extension":"png","categorie":"","largeur":601,"theme":"","hauteur":813,"type":"Image","origine":"","liaisonPave":"","langue":"","id":"32340","urlVignette":"https:\/\/www.saint-brevin.com\/medias\/images\/prestations\/v-ma-famille-de-samoura-s-affiche-32340.png","alt":"ma-famille-de-samoura-s-affiche-32340","title":"ma-famille-de-samoura-s-affiche-32340","MultiTaille":{"1920x1440":{"url":"https:\/\/www.saint-brevin.com\/medias\/images\/prestations\/multitailles\/1920x1440_ma-famille-de-samoura-s-affiche-32340.png"},"1200x900":{"url":"https:\/\/www.saint-brevin.com\/medias\/images\/prestations\/multitailles\/1200x900_ma-famille-de-samoura-s-affiche-32340.png"},"800x600":{"url":"https:\/\/www.saint-brevin.com\/medias\/images\/prestations\/multitailles\/800x600_ma-famille-de-samoura-s-affiche-32340.png"},"640x480":{"url":"https:\/\/www.saint-brevin.com\/medias\/images\/prestations\/multitailles\/640x480_ma-famille-de-samoura-s-affiche-32340.png"},"320x240":{"url":"https:\/\/www.saint-brevin.com\/medias\/images\/prestations\/multitailles\/320x240_ma-famille-de-samoura-s-affiche-32340.png"},"160x120":{"url":"https:\/\/www.saint-brevin.com\/medias\/images\/prestations\/multitailles\/160x120_ma-famille-de-samoura-s-affiche-32340.png"},"origine":{"url":"https:\/\/www.saint-brevin.com\/medias\/images\/prestations\/ma-famille-de-samoura-s-affiche-32340.png"}},"urlLien":"","typeLien":"","nofollow":"N","copyright":""}]},"Video":[{"url":"https:\/\/youtu.be\/AHUhfYIDPtY?si=38KisxTDSrg2K_fb","libelle":"Ma famille de samoura\u00efs","categorie":"","largeur":"","theme":"","hauteur":"","type":"Video","origine":"YOUTUBE","liaisonPave":"","langue":"","id":"32341","htmlVideo":"\u003Ciframe src=\"https:\/\/www.youtube.com\/embed\/AHUhfYIDPtY?wmode=opaque&rel=0&start=0\" width=\"\" height=\"\" style=\"border:0;\" allowfullscreen\u003E\u003C\/iframe\u003E","vignetteVideo":"\u003Cimg src=\"https:\/\/img.youtube.com\/vi\/AHUhfYIDPtY\/0.jpg\" \/\u003E"}],"Document":[{"url":"https:\/\/www.saint-brevin.com\/medias\/images\/prestations\/cinefilou-sept-dec2026-32379.pdf","chemin":"..\/medias\/images\/prestations\/cinefilou-sept-dec2026-32379.pdf","libelle":"cinefilou-sept-dec2026-32379","extension":"pdf","categorie":"","largeur":"","theme":"","hauteur":"","type":"Document","origine":"","liaisonPave":"","langue":"","id":"32379","poids":"2.89 Mo","alt":"cinefilou-sept-dec2026-32379","title":"cinefilou-sept-dec2026-32379"}]},"DateDebPublication":"","DateFinPublication":"20261004","PrixAPartirDe":"","PrixPour":"","FicheListeEnCours":"fiche_liste_agenda_prestation_v2017","ParametresModele":{"AfficherPhotos":"1","NbPhotosMax":6,"AfficherReserver":0,"AfficherContact":0,"AfficherSalle":1,"AfficherZoneGeo":0,"AfficherEnSavoirPlus":"1","AfficherUneSeuleOuverture":"1","AfficherContactCarte":1,"AfficherTarifsChaudAPartirDe":0,"AfficherTarifChaudSansRecherche":0,"AfficherLiensCarnetVoyage":"1","AfficherOuverture":"1","BlocCritereInfo":{"critere1":{"libelle":""},"critere2":{"libelle":""},"critere3":{"libelle":""},"critere4":{"libelle":""},"critere5":{"libelle":""},"critere6":{"libelle":""},"critere7":{"libelle":"","liste_critere":["COMMUNES|Y"]},"critere8":{"libelle":""},"critere9":{"libelle":""},"afficherpictoetpaslibelle":"1"},"CriteresComportementResa":"|RESABILLET[RESAENLIGNE|","PositionBloc":"GALLERIE|NOM|OUVERTURES|CARNET_VOYAGE|URL|LIEN_RESERVER_DETAIL","TypePrestataire":"Y","ComportementResa":false,"ComportementDispo":false},"AffichageCoordonnees":[],"Coordonnees":{"Ville":"ST BREVIN LES PINS"},"ContexteId":"PRESTATION|Y|LOIPDL044V500448|CINEFILMAFAMILLEDESAMOURAS","ContexteIdHtml":"PRESTATION-Y-LOIPDL044V500448-CINEFILMAFAMILLEDESAMOURAS","cleContexte":"Y|LOIPDL044V500448|CINEFILMAFAMILLEDESAMOURAS","Bloc":{"texte1":"","texte3":"","critere1":{"libelle":"","contenu":[]},"critere2":{"libelle":"","contenu":[]},"critere3":{"libelle":"","contenu":[]},"critere4":{"libelle":"","contenu":[]},"critere5":{"libelle":"","contenu":[]},"critere6":{"libelle":"","contenu":[]},"critere7":{"libelle":"","contenu":{"COMMUNES":{"libelle":"COMMUNE","contenu":{"1":"Saint-Brevin"},"codesValeurs":{"1":"COMMUNES|SAINTBREVIN|Y"},"criteres_datas":{"valeurs":{"1":{"SAINTBREVIN":{"descriptif":""}}}}}}},"critere8":{"libelle":"","contenu":[]},"critere9":{"libelle":"","contenu":[]}},"LocalisationGps":{"Latitude":"47.23483","Longitude":"-2.15552"},"libelleDuPrestataire":"","vuePrestataire":{"pave1":{"libelle":"Descriptif","contenu":""},"pave2":{"libelle":"","contenu":""},"pave3":{"libelle":"","contenu":""},"pave4":{"libelle":"","contenu":""},"pave5":{"libelle":"","contenu":""},"pave6":{"libelle":"","contenu":""},"pave7":{"libelle":"","contenu":""},"pave8":{"libelle":"","contenu":""},"pave9":{"libelle":"","contenu":""},"pave10":{"libelle":"","contenu":""},"pave11":{"libelle":"","contenu":""},"pave12":{"libelle":"","contenu":""},"pave13":{"libelle":"","contenu":""},"pave14":{"libelle":"","contenu":""},"pave15":{"libelle":"","contenu":""},"pave16":{"libelle":"","contenu":""},"pave17":{"libelle":"","contenu":""},"pave18":{"libelle":"","contenu":""},"pave19":{"libelle":"","contenu":""},"pave20":{"libelle":"","contenu":""},"pave21":{"libelle":"","contenu":""},"pave22":{"libelle":"","contenu":""},"pave23":{"libelle":"","contenu":""},"pave24":{"libelle":"","contenu":""},"pave25":{"libelle":"","contenu":""},"ContactsParType":{"RESP":{"12":{"id_contact":"12","type_contact":"RESP","categorie_contact":"PRESTATAIRE","societe_contact":"","fonction_contact":"","civilite_nom_prenom_contact":"M Letort Rodolphe ","adresse1_contact":"Avenue des Fr\u00e8res Lumi\u00e8re","adresse2_contact":"","adresse3_contact":"","cpostal_contact":"44250","ville_contact":"ST BREVIN LES PINS","teldom_contact":"02 40 39 39 39","telbur_contact":"","fax_contact":"","portable_contact":"06 03 32 69 03","email_contact":"cinejade@tourisme-saint-brevin.fr","siteweb_contact":"","commentaire_contact":"","langue_contact":"","autre_moyen_com":[]}}},"Libelle":"Cin\u00e9jade","Nom":"Cin\u00e9jade","Prenom":"","NomPrenom":"Cin\u00e9jade ","CiviliteNomPrenom":"Cin\u00e9jade ","Cle":"Y|LOIPDL044V500448","PrestataireParent":"","ContexteStat":"PRESTATAIRE-Y-LOIPDL044V500448","DateModificationIso":"2024-02-12T18:01:00+01:00","Type":"PRESTATAIRE","TypePrestataire":"Y","Adresse":{"LigneAdresse1":"2 Avenue des Fr\u00e8res Lumi\u00e8re","LigneAdresse2":"","LigneAdresse3":"","CodePostal":"44250","Ville":"ST BREVIN LES PINS","Cedex":"","Etat":"","Pays":"FRA"},"Email":"ot@tourisme-saint-brevin.fr","Telephone":"02 40 39 39 39","TelephoneBureau":"","Portable":"","SiteWeb":"","Fax":"","Id":"y-loipdl044v500448","Code":"Y|LOIPDL044V500448","Fichier":[],"Url":"","Localisation":{"GoogleMap":{"Latitude":"47.23479","Longitude":"-2.15553"}},"ZoneGeo":"","Criteres":{"COMMUNES[SAINTBREVIN":"","INSPUBMAJ[GRATUITPRECISER":"Equipement SEM SEL","LDLTH[DHAACO":"","DLATH[DDA":"","THANDI[WC":"","THANDI[ACCESFAUT":"","MAJINGENIE[DATEDERNIEREMAJ":"20170914","MISEAJOUR[ANNABELLE":""},"DateFinPublication":"","AffichageCoordonnees":[]},"listeCriteres":{"ALAFFICHEACC":{"OUIALAFFICHE":""},"LIEUMANIF":{"SAINTBREVIN":""},"TYPEDEPROGRAMMATION":{"CINEFILOU":"","ENFANTS":""},"CATEGORIEANIMATION":{"CINE":"","CINEJADE":""},"THEME":{"DESS":""},"ICA":{"DS":"1h22","SA":"","PLAL":"","ICATP":"","AGEMINIM":"7"},"ANIAH":{"ANIACC":""},"GANIMA":{"GANIMNON":""},"PERIOD":{"YDPERI":"Chaque mois de Septembre \u00e0 Juin"},"MODEPAIEMENT":{"LCBP":"","LESPE":"","LCB":"","LAE":""},"MISEAJOURINGENIE":{"DATEDERNIEREMAJ":"20260902"},"MISEAJOURPAR":{"ANNABELLE":""},"COMMUNES":{"SAINTBREVIN":""},"INSPUBMAJ":{"GRATUITPRECISER":"Equipement SEM SEL"},"LDLTH":{"DHAACO":""},"DLATH":{"DDA":""},"THANDI":{"WC":"","ACCESFAUT":""},"MAJINGENIE":{"DATEDERNIEREMAJ":"20170914"},"MISEAJOUR":{"ANNABELLE":""}},"dansCarnetVoyage":true,"Ouverture":["\u003Cp class=\"date\" \u003ESamedi 03 octobre 2026\u003C\/p\u003E\u003Cp class=\"heure\" \u003E\u00e0 partir de 14:00\u003C\/p\u003E"],"OuverturePasse":[],"OuvertureObjs":[{},{}],"OuvertureTab":[["20261003","20261003"],["20261004","20261004"]]},"html":" \n \u003Cdiv id=\"CV-PRESTATION-Y-LOIPDL044V500448-CINEFILMAFAMILLEDESAMOURAS\" data-contexte-id=\"PRESTATION|Y|LOIPDL044V500448|CINEFILMAFAMILLEDESAMOURAS\" data-cle=\"Y|LOIPDL044V500448|CINEFILMAFAMILLEDESAMOURAS\" class=\"fiche-liste\"\u003E\n    \n\n    \u003C!-- partie photo --\u003E\n    \u003Cdiv class=\"photo\"\u003E\t\t\t\t\t\t\t\t\t\t\t\t\t\t\t\t\t\t\t\t\t\n        \u003Cdiv class=\"cadre_photo_principale\"\u003E\t\t\n        \n            \t\t\t\t\t\n                    \u003Ca href=\"cinefil-ma-famille-de-samourais.html?origine=carnet#media\"\u003E\n                        \u003Cimg class=\"photo_principale\" alt=\"ma-famille-de-samoura-s-4-32336\" src=\"https:\/\/www.saint-brevin.com\/medias\/images\/prestations\/multitailles\/320x240_ma-famille-de-samoura-s-4-32336.png\" itemprop=\"image\"\u003E\n                    \u003C\/a\u003E\t\t\t\t\t\t\n                \n                    \u003C\/div\u003E\t\t\t\t\t\t\t\t\t\t\t\t\t\t\t\t\t\t\t \t\t\n    \u003C\/div\u003E\n    \n    \u003C!-- partie nom prest --\u003E\n    \u003Cdiv class=\"nom\"\u003E\n        \u003Ch2\u003ECin\u00e9fil : Ma famille de samoura\u00efs\u003C\/h2\u003E\n        \n            \u003C\/div\u003E\n\n     \u003Cul style=\"display: none\" class=\"ouverture_list\"\u003E\u003Cli class=\"ouverture_item\"\u003E\u003Cp class=\"date\" \u003ESamedi 03 octobre 2026\u003C\/p\u003E\u003Cp class=\"heure\" \u003E\u00e0 partir de 14:00\u003C\/p\u003E\u003C\/li\u003E\u003C\/ul\u003E    \n    \u003C!-- partie adresse --\u003E\n    \u003Cdiv class=\"adresse\"\u003E\n    \n          \n    \u003C\/div\u003E\n    \n    \u003C!-- partie liens --\u003E\n    \u003Cdiv class=\"liens\"\u003E\n            \u003Ca class=\"btn-icon btn-view \" title=\"Voir la fiche d\u00e9taill\u00e9e\" href=\"cinefil-ma-famille-de-samourais.html?origine=carnet\"\u003E\u003C\/a\u003E\u003C!--\u003Ca class=\"btn-icon btn-view \" title=\"\" href=\"?origine=carnet#thaut\"\u003E\u003C\/a\u003E--\u003E\n      \u003Ca class=\"btn-icon btn-trash carnet_voyage_supprimer\" title=\"Supprimer cette fiche de mon carnet de voyage\" href=\"carnet-voyage?action=remove&fiche=Y|LOIPDL044V500448|CINEFILMAFAMILLEDESAMOURAS\"\u003E\u003C\/a\u003E\n    \u003C\/div\u003E\n\n\u003C\/div\u003E\n\n","icon":"https:\/\/static.ingenie.fr\/images\/carnetVoyageV3\/Y.png"},"fiche":"Y|LOIPDL044V500448|CINEFILMAFAMILLEDESAMOURAS","popup":"\u003Cdiv id=\"bloc_popup_ajout_fiche_carnet\"\u003E\n    \u003Cdiv class=\"info_popup_ajout_fiche_carnet\"\u003E\n        Vous venez d'ajouter cet \u00e9l\u00e9ment \u00e0 votre carnet de voyage :    \u003C\/div\u003E\n    \u003Cdiv class=\"prest_popup_ajout_fiche_carnet\"\u003E\n        Cin&eacute;fil : Ma famille de samoura&iuml;s    \u003C\/div\u003E\n    \u003Cdiv class=\"bloc_btn_ajout_fiche_carnet form_submit_div\"\u003E\n        \u003Cinput type=\"button\" value=\"Continuer ma s\u00e9lection\" title=\"Continuer ma s\u00e9lection\" name=\"btn_close\" class=\"btn_close_popup_carnet form_submit\" onclick=\"$.colorbox.close()\" \/\u003E\n        \u003Cinput type=\"button\" value=\"Voir mon carnet de voyage\" title=\"Voir mon carnet\" name=\"btn_panier\" class=\"btn_panier_popup_carnet form_submit\" onclick=\"if(typeof CarnetVoyage != 'undefined') {CarnetVoyage.voirCarnet();}\" \/\u003E\n    \u003C\/div\u003E\n    \u003Cdiv class=\"bloc_btn_ajout_fiche_carnet\"\u003E\n        \u003Cinput type=\"checkbox\" value=\"1\" name=\"desactiver_popup\" id=\"desactiver_popup\" \/\u003E\n        \u003Clabel for=\"desactiver_popup\"\u003ENe plus afficher ce message\u003C\/label\u003E\n    \u003C\/div\u003E\n\u003C\/div\u003E","success":1}