{"nbFiches":1,"dataPrest":{"infoPrest":{"pave1":{"libelle":"Slogan","contenu":"","fichiers":[]},"pave2":{"libelle":"Descriptif","contenu":"\u003Cp\u003E\u003Cem\u003EConnaissance du monde : Compostelle, Chemin de vie\u003Cbr \/\u003E\r\nJeudi&nbsp;19 mars&nbsp;\u003Cbr \/\u003E\r\n14:30\u003C\/em\u003E\u003Cbr \/\u003E\r\n&nbsp;\u003Cbr \/\u003E\r\n\u003Cstrong\u003ECompostelle\u003Cbr \/\u003E\r\nChemin de vie\u003Cbr \/\u003E\r\nPauline WALD\u003C\/strong\u003E\u003Cbr \/\u003E\r\n&nbsp;\u003Cbr \/\u003E\r\n&Agrave; l&rsquo;aube de ses 30 ans, Pauline quitte sa vie parisienne stressante et se met &agrave; marcher seule en sac &agrave; dos, en partant d&rsquo;Alsace, en direction de Saint-Jacques de Compostelle en Espagne. Durant ses 4 mois de marche &agrave; travers la France et l&rsquo;Espagne - 2000 km &agrave; pied - elle rencontre de nombreux p&egrave;lerins et leur demande ce qui les a amen&eacute;s &agrave; se lancer sur ce chemin, et ce que cette aventure leur apporte. Besoin de reconnexion &agrave; soi dans un monde qui va trop vite, d&eacute;sir de challenge, de rencontres ou encore qu&ecirc;te spirituelle : chaque chemin est unique.\u003Cbr \/\u003E\r\n&nbsp;\u003Cbr \/\u003E\r\n\u003Cstrong\u003E&Agrave; propos du r&eacute;alisateur\u003C\/strong\u003E\u003Cbr \/\u003E\r\nPauline WALD\u003Cbr \/\u003E\r\nApr&egrave;s avoir travaill&eacute; sept ans dans le secteur bancaire, en qu&ecirc;te de sens, Pauline quitte son travail pour marcher, de sa maison natale en Alsace jusqu&#39;&agrave; Saint-Jacques-de-Compostelle. C&#39;est alors qu&#39;un nouveau chemin s&#39;offre &agrave; elle : elle r&eacute;alise le film Chemins de Vie et entreprend une tourn&eacute;e de projections. En parall&egrave;le, elle poursuit des &eacute;tudes de psychologie et devient psychologue. Puis, elle &eacute;crit les livres &quot;Marcher vers son essentiel&quot; et &quot;Enseignements de la montagne&quot;. Aujourd&#39;hui, elle accompagne des personnes &agrave; &eacute;crire leur propre livre.\u003Cbr \/\u003E\r\n&nbsp;\u003C\/p\u003E\r\n\r\n\u003Cp dir=\"ltr\" style=\"text-align: center;\"\u003E\u003Cspan style=\"font-size:20px;\"\u003E\u003Cstrong\u003E\u003Ca href=\"https:\/\/app-cinejade.saint-brevin.com\/FR\/horaire-iframe\/#\" target=\"_blank\"\u003E\u003Cspan style=\"color:#008080;\"\u003EBilletterie en ligne ICI&gt;&gt;&gt;\u003C\/span\u003E\u003C\/a\u003E\u003C\/strong\u003E\u003C\/span\u003E\u003C\/p\u003E\r\n","fichiers":[]},"pave3":{"libelle":"","contenu":""},"pave4":{"libelle":"","contenu":""},"pave5":{"libelle":"","contenu":""},"pave6":{"libelle":"","contenu":""},"pave7":{"libelle":"","contenu":""},"pave8":{"libelle":"","contenu":""},"pave9":{"libelle":"","contenu":""},"pave10":{"libelle":"","contenu":""},"pave11":{"libelle":"","contenu":""},"pave12":{"libelle":"","contenu":""},"pave13":{"libelle":"","contenu":""},"pave14":{"libelle":"","contenu":""},"pave15":{"libelle":"","contenu":""},"pave16":{"libelle":"","contenu":""},"pave17":{"libelle":"","contenu":""},"pave18":{"libelle":"","contenu":""},"pave19":{"libelle":"","contenu":""},"pave20":{"libelle":"","contenu":""},"pave21":{"libelle":"","contenu":""},"pave22":{"libelle":"","contenu":""},"pave23":{"libelle":"","contenu":""},"pave24":{"libelle":"","contenu":""},"pave25":{"libelle":"","contenu":""},"Libelle":"Cin\u00e9-conf\u00e9rence : Compostelle","Reference":"","Reftar":"","Type":"PRESTATION","TypePrestataire":"Y","ContexteStat":"PRESTATION-Y-LOIPDL044V500448-CINECONFERENCECOMPOSTELLE25","DateModificationIso":"2026-02-27T11:56:00+01:00","Adresse":{"LigneAdresse1":"Cin\u00e9jade","LigneAdresse2":"2 Avenue des Fr\u00e8res Lumi\u00e8re","LigneAdresse3":"","CodePostal":"44250","Ville":"ST BREVIN LES PINS","Cedex":"","Etat":"","Pays":"FRA"},"Id":"y-loipdl044v500448-cineconferencecompostelle25","Code":"Y|LOIPDL044V500448|CINECONFERENCECOMPOSTELLE25","Cle":"Y|LOIPDL044V500448|CINECONFERENCECOMPOSTELLE25","Url":"cine-conference-compostelle-1-1.html","Localisation":{"GoogleMap":{"Latitude":"47.23483","Longitude":"-2.15551"}},"ZoneGeo":"","Criteres":{"MISEAJOURINGENIE[DATEDERNIEREMAJ":"20220914","MODEPAIEMENT[LCB":"","MODEPAIEMENT[LESPE":"","MODEPAIEMENT[LCBP":"","ANIAH[ANIACC":"","CATEGORIEANIMATION[CONF":"","CATEGORIEANIMATION[CINEJADE":"","CATEGORIEANIMATION[CINE":"","TYPEDEPROGRAMMATION[CINECONF":"","LIEUMANIF[SAINTBREVIN":"","MISEAJOURPAR[ANNABELLE":""},"Prestataire":{"pave1":{"libelle":"Descriptif","contenu":""},"pave2":{"libelle":"","contenu":""},"pave3":{"libelle":"","contenu":""},"pave4":{"libelle":"","contenu":""},"pave5":{"libelle":"","contenu":""},"pave6":{"libelle":"","contenu":""},"pave7":{"libelle":"","contenu":""},"pave8":{"libelle":"","contenu":""},"pave9":{"libelle":"","contenu":""},"pave10":{"libelle":"","contenu":""},"pave11":{"libelle":"","contenu":""},"pave12":{"libelle":"","contenu":""},"pave13":{"libelle":"","contenu":""},"pave14":{"libelle":"","contenu":""},"pave15":{"libelle":"","contenu":""},"pave16":{"libelle":"","contenu":""},"pave17":{"libelle":"","contenu":""},"pave18":{"libelle":"","contenu":""},"pave19":{"libelle":"","contenu":""},"pave20":{"libelle":"","contenu":""},"pave21":{"libelle":"","contenu":""},"pave22":{"libelle":"","contenu":""},"pave23":{"libelle":"","contenu":""},"pave24":{"libelle":"","contenu":""},"pave25":{"libelle":"","contenu":""},"ContactsParType":{"RESP":{"12":{"id_contact":"12","type_contact":"RESP","categorie_contact":"PRESTATAIRE","societe_contact":"","fonction_contact":"","civilite_nom_prenom_contact":"M Letort Rodolphe ","adresse1_contact":"Avenue des Fr\u00e8res Lumi\u00e8re","adresse2_contact":"","adresse3_contact":"","cpostal_contact":"44250","ville_contact":"ST BREVIN LES PINS","teldom_contact":"02 40 39 39 39","telbur_contact":"","fax_contact":"","portable_contact":"06 03 32 69 03","email_contact":"cinejade@tourisme-saint-brevin.fr","siteweb_contact":"","commentaire_contact":"","langue_contact":"","autre_moyen_com":[]}}},"Libelle":"Cin\u00e9jade","Nom":"Cin\u00e9jade","Prenom":"","NomPrenom":"Cin\u00e9jade ","CiviliteNomPrenom":"Cin\u00e9jade ","Cle":"Y|LOIPDL044V500448","PrestataireParent":"","ContexteStat":"PRESTATAIRE-Y-LOIPDL044V500448","DateModificationIso":"2024-02-12T18:01:00+01:00","Type":"PRESTATAIRE","TypePrestataire":"Y","Adresse":{"LigneAdresse1":"2 Avenue des Fr\u00e8res Lumi\u00e8re","LigneAdresse2":"","LigneAdresse3":"","CodePostal":"44250","Ville":"ST BREVIN LES PINS","Cedex":"","Etat":"","Pays":"FRA"},"Email":"ot@tourisme-saint-brevin.fr","Telephone":"02 40 39 39 39","TelephoneBureau":"","Portable":"","SiteWeb":"","Fax":"","Id":"y-loipdl044v500448","Code":"Y|LOIPDL044V500448","Fichier":[],"Url":"","Localisation":{"GoogleMap":{"Latitude":"47.23479","Longitude":"-2.15553"}},"ZoneGeo":"","Criteres":{"COMMUNES[SAINTBREVIN":"","INSPUBMAJ[GRATUITPRECISER":"Equipement SEM SEL","LDLTH[DHAACO":"","DLATH[DDA":"","THANDI[WC":"","THANDI[ACCESFAUT":"","MAJINGENIE[DATEDERNIEREMAJ":"20170914","MISEAJOUR[ANNABELLE":""},"DateFinPublication":""},"Fichier":{"Video":[{"url":"https:\/\/www.youtube-28458.com\/watch?v=jxbbvou5ddq","libelle":"Cin\u00e9-conf\u00e9rence : Compostelle","categorie":"","largeur":"","theme":"","hauteur":"","type":"Video","origine":"YOUTUBE","liaisonPave":"","langue":"","id":"28458","htmlVideo":null,"vignetteVideo":null},{"url":"https:\/\/youtu.be\/JxbBVoU5ddQ?si=E4_oz1FWgiFRPPE4","libelle":"Compostelle","categorie":"","largeur":"","theme":"","hauteur":"","type":"Video","origine":"YOUTUBE","liaisonPave":"","langue":"","id":"30266","htmlVideo":"\u003Ciframe src=\"https:\/\/www.youtube.com\/embed\/JxbBVoU5ddQ?wmode=opaque&rel=0&start=0\" width=\"\" height=\"\" style=\"border:0;\" allowfullscreen\u003E\u003C\/iframe\u003E","vignetteVideo":"\u003Cimg src=\"https:\/\/img.youtube.com\/vi\/JxbBVoU5ddQ\/0.jpg\" \/\u003E"}],"ByCategorie":{"":[{"url":"https:\/\/www.youtube-28458.com\/watch?v=jxbbvou5ddq","libelle":"Cin\u00e9-conf\u00e9rence : Compostelle","categorie":"","largeur":"","theme":"","hauteur":"","type":"Video","origine":"YOUTUBE","liaisonPave":"","langue":"","id":"28458","htmlVideo":null,"vignetteVideo":null},{"url":"https:\/\/www.saint-brevin.com\/medias\/images\/prestations\/compostelle-2-30267.jpg","chemin":"..\/medias\/images\/prestations\/compostelle-2-30267.jpg","libelle":"compostelle-2-30267","extension":"jpg","categorie":"","largeur":1495,"theme":"","hauteur":838,"type":"Image","origine":"","liaisonPave":"","langue":"","id":"30267","urlVignette":"https:\/\/www.saint-brevin.com\/medias\/images\/prestations\/v-compostelle-2-30267.jpg","alt":"compostelle-2-30267","title":"compostelle-2-30267","MultiTaille":{"1920x1440":{"url":"https:\/\/www.saint-brevin.com\/medias\/images\/prestations\/multitailles\/1920x1440_compostelle-2-30267.jpg"},"1200x900":{"url":"https:\/\/www.saint-brevin.com\/medias\/images\/prestations\/multitailles\/1200x900_compostelle-2-30267.jpg"},"800x600":{"url":"https:\/\/www.saint-brevin.com\/medias\/images\/prestations\/multitailles\/800x600_compostelle-2-30267.jpg"},"640x480":{"url":"https:\/\/www.saint-brevin.com\/medias\/images\/prestations\/multitailles\/640x480_compostelle-2-30267.jpg"},"320x240":{"url":"https:\/\/www.saint-brevin.com\/medias\/images\/prestations\/multitailles\/320x240_compostelle-2-30267.jpg"},"160x120":{"url":"https:\/\/www.saint-brevin.com\/medias\/images\/prestations\/multitailles\/160x120_compostelle-2-30267.jpg"},"origine":{"url":"https:\/\/www.saint-brevin.com\/medias\/images\/prestations\/compostelle-2-30267.jpg"}},"urlLien":"","typeLien":"","nofollow":"N","copyright":""},{"url":"https:\/\/www.saint-brevin.com\/medias\/images\/prestations\/compostelle960x640-28455-28460.jpg","chemin":"..\/medias\/images\/prestations\/compostelle960x640-28455-28460.jpg","libelle":"compostelle960x640","extension":"jpg","categorie":"","largeur":959,"theme":"","hauteur":640,"type":"Image","origine":"","liaisonPave":"","langue":"","id":"28460","urlVignette":"https:\/\/www.saint-brevin.com\/medias\/images\/prestations\/v-compostelle960x640-28455-28460.jpg","alt":"compostelle960x640","title":"compostelle960x640","MultiTaille":{"1920x1440":{"url":"https:\/\/www.saint-brevin.com\/medias\/images\/prestations\/multitailles\/1920x1440_compostelle960x640-28455-28460.jpg"},"1200x900":{"url":"https:\/\/www.saint-brevin.com\/medias\/images\/prestations\/multitailles\/1200x900_compostelle960x640-28455-28460.jpg"},"800x600":{"url":"https:\/\/www.saint-brevin.com\/medias\/images\/prestations\/multitailles\/800x600_compostelle960x640-28455-28460.jpg"},"640x480":{"url":"https:\/\/www.saint-brevin.com\/medias\/images\/prestations\/multitailles\/640x480_compostelle960x640-28455-28460.jpg"},"320x240":{"url":"https:\/\/www.saint-brevin.com\/medias\/images\/prestations\/multitailles\/320x240_compostelle960x640-28455-28460.jpg"},"160x120":{"url":"https:\/\/www.saint-brevin.com\/medias\/images\/prestations\/multitailles\/160x120_compostelle960x640-28455-28460.jpg"},"origine":{"url":"https:\/\/www.saint-brevin.com\/medias\/images\/prestations\/compostelle960x640-28455-28460.jpg"}},"urlLien":"","typeLien":"|","nofollow":"N","copyright":""},{"url":"https:\/\/youtu.be\/JxbBVoU5ddQ?si=E4_oz1FWgiFRPPE4","libelle":"Compostelle","categorie":"","largeur":"","theme":"","hauteur":"","type":"Video","origine":"YOUTUBE","liaisonPave":"","langue":"","id":"30266","htmlVideo":"\u003Ciframe src=\"https:\/\/www.youtube.com\/embed\/JxbBVoU5ddQ?wmode=opaque&rel=0&start=0\" width=\"\" height=\"\" style=\"border:0;\" allowfullscreen\u003E\u003C\/iframe\u003E","vignetteVideo":"\u003Cimg src=\"https:\/\/img.youtube.com\/vi\/JxbBVoU5ddQ\/0.jpg\" \/\u003E"},{"url":"https:\/\/www.saint-brevin.com\/medias\/images\/prestations\/pauline-wald-28456-28461.jpeg","chemin":"..\/medias\/images\/prestations\/pauline-wald-28456-28461.jpeg","libelle":"pauline-wald","extension":"jpeg","categorie":"","largeur":2000,"theme":"","hauteur":2439,"type":"Image","origine":"","liaisonPave":"","langue":"","id":"28461","urlVignette":"https:\/\/www.saint-brevin.com\/medias\/images\/prestations\/v-pauline-wald-28456-28461.jpeg","alt":"pauline-wald","title":"pauline-wald","MultiTaille":{"1920x1440":{"url":"https:\/\/www.saint-brevin.com\/medias\/images\/prestations\/multitailles\/1920x1440_pauline-wald-28456-28461.jpeg"},"1200x900":{"url":"https:\/\/www.saint-brevin.com\/medias\/images\/prestations\/multitailles\/1200x900_pauline-wald-28456-28461.jpeg"},"800x600":{"url":"https:\/\/www.saint-brevin.com\/medias\/images\/prestations\/multitailles\/800x600_pauline-wald-28456-28461.jpeg"},"640x480":{"url":"https:\/\/www.saint-brevin.com\/medias\/images\/prestations\/multitailles\/640x480_pauline-wald-28456-28461.jpeg"},"320x240":{"url":"https:\/\/www.saint-brevin.com\/medias\/images\/prestations\/multitailles\/320x240_pauline-wald-28456-28461.jpeg"},"160x120":{"url":"https:\/\/www.saint-brevin.com\/medias\/images\/prestations\/multitailles\/160x120_pauline-wald-28456-28461.jpeg"},"origine":{"url":"https:\/\/www.saint-brevin.com\/medias\/images\/prestations\/pauline-wald-28456-28461.jpeg"}},"urlLien":"","typeLien":"|","nofollow":"N","copyright":""},{"url":"https:\/\/www.saint-brevin.com\/medias\/images\/prestations\/programme-28457-28462.png","chemin":"..\/medias\/images\/prestations\/programme-28457-28462.png","libelle":"programme","extension":"png","categorie":"","largeur":1828,"theme":"","hauteur":1640,"type":"Image","origine":"","liaisonPave":"","langue":"","id":"28462","urlVignette":"https:\/\/www.saint-brevin.com\/medias\/images\/prestations\/v-programme-28457-28462.png","alt":"programme","title":"programme","MultiTaille":{"1920x1440":{"url":"https:\/\/www.saint-brevin.com\/medias\/images\/prestations\/multitailles\/1920x1440_programme-28457-28462.png"},"1200x900":{"url":"https:\/\/www.saint-brevin.com\/medias\/images\/prestations\/multitailles\/1200x900_programme-28457-28462.png"},"800x600":{"url":"https:\/\/www.saint-brevin.com\/medias\/images\/prestations\/multitailles\/800x600_programme-28457-28462.png"},"640x480":{"url":"https:\/\/www.saint-brevin.com\/medias\/images\/prestations\/multitailles\/640x480_programme-28457-28462.png"},"320x240":{"url":"https:\/\/www.saint-brevin.com\/medias\/images\/prestations\/multitailles\/320x240_programme-28457-28462.png"},"160x120":{"url":"https:\/\/www.saint-brevin.com\/medias\/images\/prestations\/multitailles\/160x120_programme-28457-28462.png"},"origine":{"url":"https:\/\/www.saint-brevin.com\/medias\/images\/prestations\/programme-28457-28462.png"}},"urlLien":"","typeLien":"|","nofollow":"N","copyright":""},{"url":"https:\/\/www.saint-brevin.com\/medias\/images\/prestations\/compostelle-affiche-30270.jpg","chemin":"..\/medias\/images\/prestations\/compostelle-affiche-30270.jpg","libelle":"compostelle-affiche-30270","extension":"jpg","categorie":"","largeur":406,"theme":"","hauteur":541,"type":"Image","origine":"","liaisonPave":"","langue":"","id":"30270","urlVignette":"https:\/\/www.saint-brevin.com\/medias\/images\/prestations\/v-compostelle-affiche-30270.jpg","alt":"compostelle-affiche-30270","title":"compostelle-affiche-30270","MultiTaille":{"1920x1440":{"url":"https:\/\/www.saint-brevin.com\/medias\/images\/prestations\/multitailles\/1920x1440_compostelle-affiche-30270.jpg"},"1200x900":{"url":"https:\/\/www.saint-brevin.com\/medias\/images\/prestations\/multitailles\/1200x900_compostelle-affiche-30270.jpg"},"800x600":{"url":"https:\/\/www.saint-brevin.com\/medias\/images\/prestations\/multitailles\/800x600_compostelle-affiche-30270.jpg"},"640x480":{"url":"https:\/\/www.saint-brevin.com\/medias\/images\/prestations\/multitailles\/640x480_compostelle-affiche-30270.jpg"},"320x240":{"url":"https:\/\/www.saint-brevin.com\/medias\/images\/prestations\/multitailles\/320x240_compostelle-affiche-30270.jpg"},"160x120":{"url":"https:\/\/www.saint-brevin.com\/medias\/images\/prestations\/multitailles\/160x120_compostelle-affiche-30270.jpg"},"origine":{"url":"https:\/\/www.saint-brevin.com\/medias\/images\/prestations\/compostelle-affiche-30270.jpg"}},"urlLien":"","typeLien":"","nofollow":"N","copyright":""}]},"Image":[{"url":"https:\/\/www.saint-brevin.com\/medias\/images\/prestations\/compostelle-2-30267.jpg","chemin":"..\/medias\/images\/prestations\/compostelle-2-30267.jpg","libelle":"compostelle-2-30267","extension":"jpg","categorie":"","largeur":1495,"theme":"","hauteur":838,"type":"Image","origine":"","liaisonPave":"","langue":"","id":"30267","urlVignette":"https:\/\/www.saint-brevin.com\/medias\/images\/prestations\/v-compostelle-2-30267.jpg","alt":"compostelle-2-30267","title":"compostelle-2-30267","MultiTaille":{"1920x1440":{"url":"https:\/\/www.saint-brevin.com\/medias\/images\/prestations\/multitailles\/1920x1440_compostelle-2-30267.jpg"},"1200x900":{"url":"https:\/\/www.saint-brevin.com\/medias\/images\/prestations\/multitailles\/1200x900_compostelle-2-30267.jpg"},"800x600":{"url":"https:\/\/www.saint-brevin.com\/medias\/images\/prestations\/multitailles\/800x600_compostelle-2-30267.jpg"},"640x480":{"url":"https:\/\/www.saint-brevin.com\/medias\/images\/prestations\/multitailles\/640x480_compostelle-2-30267.jpg"},"320x240":{"url":"https:\/\/www.saint-brevin.com\/medias\/images\/prestations\/multitailles\/320x240_compostelle-2-30267.jpg"},"160x120":{"url":"https:\/\/www.saint-brevin.com\/medias\/images\/prestations\/multitailles\/160x120_compostelle-2-30267.jpg"},"origine":{"url":"https:\/\/www.saint-brevin.com\/medias\/images\/prestations\/compostelle-2-30267.jpg"}},"urlLien":"","typeLien":"","nofollow":"N","copyright":""},{"url":"https:\/\/www.saint-brevin.com\/medias\/images\/prestations\/compostelle960x640-28455-28460.jpg","chemin":"..\/medias\/images\/prestations\/compostelle960x640-28455-28460.jpg","libelle":"compostelle960x640","extension":"jpg","categorie":"","largeur":959,"theme":"","hauteur":640,"type":"Image","origine":"","liaisonPave":"","langue":"","id":"28460","urlVignette":"https:\/\/www.saint-brevin.com\/medias\/images\/prestations\/v-compostelle960x640-28455-28460.jpg","alt":"compostelle960x640","title":"compostelle960x640","MultiTaille":{"1920x1440":{"url":"https:\/\/www.saint-brevin.com\/medias\/images\/prestations\/multitailles\/1920x1440_compostelle960x640-28455-28460.jpg"},"1200x900":{"url":"https:\/\/www.saint-brevin.com\/medias\/images\/prestations\/multitailles\/1200x900_compostelle960x640-28455-28460.jpg"},"800x600":{"url":"https:\/\/www.saint-brevin.com\/medias\/images\/prestations\/multitailles\/800x600_compostelle960x640-28455-28460.jpg"},"640x480":{"url":"https:\/\/www.saint-brevin.com\/medias\/images\/prestations\/multitailles\/640x480_compostelle960x640-28455-28460.jpg"},"320x240":{"url":"https:\/\/www.saint-brevin.com\/medias\/images\/prestations\/multitailles\/320x240_compostelle960x640-28455-28460.jpg"},"160x120":{"url":"https:\/\/www.saint-brevin.com\/medias\/images\/prestations\/multitailles\/160x120_compostelle960x640-28455-28460.jpg"},"origine":{"url":"https:\/\/www.saint-brevin.com\/medias\/images\/prestations\/compostelle960x640-28455-28460.jpg"}},"urlLien":"","typeLien":"|","nofollow":"N","copyright":""},{"url":"https:\/\/www.saint-brevin.com\/medias\/images\/prestations\/pauline-wald-28456-28461.jpeg","chemin":"..\/medias\/images\/prestations\/pauline-wald-28456-28461.jpeg","libelle":"pauline-wald","extension":"jpeg","categorie":"","largeur":2000,"theme":"","hauteur":2439,"type":"Image","origine":"","liaisonPave":"","langue":"","id":"28461","urlVignette":"https:\/\/www.saint-brevin.com\/medias\/images\/prestations\/v-pauline-wald-28456-28461.jpeg","alt":"pauline-wald","title":"pauline-wald","MultiTaille":{"1920x1440":{"url":"https:\/\/www.saint-brevin.com\/medias\/images\/prestations\/multitailles\/1920x1440_pauline-wald-28456-28461.jpeg"},"1200x900":{"url":"https:\/\/www.saint-brevin.com\/medias\/images\/prestations\/multitailles\/1200x900_pauline-wald-28456-28461.jpeg"},"800x600":{"url":"https:\/\/www.saint-brevin.com\/medias\/images\/prestations\/multitailles\/800x600_pauline-wald-28456-28461.jpeg"},"640x480":{"url":"https:\/\/www.saint-brevin.com\/medias\/images\/prestations\/multitailles\/640x480_pauline-wald-28456-28461.jpeg"},"320x240":{"url":"https:\/\/www.saint-brevin.com\/medias\/images\/prestations\/multitailles\/320x240_pauline-wald-28456-28461.jpeg"},"160x120":{"url":"https:\/\/www.saint-brevin.com\/medias\/images\/prestations\/multitailles\/160x120_pauline-wald-28456-28461.jpeg"},"origine":{"url":"https:\/\/www.saint-brevin.com\/medias\/images\/prestations\/pauline-wald-28456-28461.jpeg"}},"urlLien":"","typeLien":"|","nofollow":"N","copyright":""},{"url":"https:\/\/www.saint-brevin.com\/medias\/images\/prestations\/programme-28457-28462.png","chemin":"..\/medias\/images\/prestations\/programme-28457-28462.png","libelle":"programme","extension":"png","categorie":"","largeur":1828,"theme":"","hauteur":1640,"type":"Image","origine":"","liaisonPave":"","langue":"","id":"28462","urlVignette":"https:\/\/www.saint-brevin.com\/medias\/images\/prestations\/v-programme-28457-28462.png","alt":"programme","title":"programme","MultiTaille":{"1920x1440":{"url":"https:\/\/www.saint-brevin.com\/medias\/images\/prestations\/multitailles\/1920x1440_programme-28457-28462.png"},"1200x900":{"url":"https:\/\/www.saint-brevin.com\/medias\/images\/prestations\/multitailles\/1200x900_programme-28457-28462.png"},"800x600":{"url":"https:\/\/www.saint-brevin.com\/medias\/images\/prestations\/multitailles\/800x600_programme-28457-28462.png"},"640x480":{"url":"https:\/\/www.saint-brevin.com\/medias\/images\/prestations\/multitailles\/640x480_programme-28457-28462.png"},"320x240":{"url":"https:\/\/www.saint-brevin.com\/medias\/images\/prestations\/multitailles\/320x240_programme-28457-28462.png"},"160x120":{"url":"https:\/\/www.saint-brevin.com\/medias\/images\/prestations\/multitailles\/160x120_programme-28457-28462.png"},"origine":{"url":"https:\/\/www.saint-brevin.com\/medias\/images\/prestations\/programme-28457-28462.png"}},"urlLien":"","typeLien":"|","nofollow":"N","copyright":""},{"url":"https:\/\/www.saint-brevin.com\/medias\/images\/prestations\/compostelle-affiche-30270.jpg","chemin":"..\/medias\/images\/prestations\/compostelle-affiche-30270.jpg","libelle":"compostelle-affiche-30270","extension":"jpg","categorie":"","largeur":406,"theme":"","hauteur":541,"type":"Image","origine":"","liaisonPave":"","langue":"","id":"30270","urlVignette":"https:\/\/www.saint-brevin.com\/medias\/images\/prestations\/v-compostelle-affiche-30270.jpg","alt":"compostelle-affiche-30270","title":"compostelle-affiche-30270","MultiTaille":{"1920x1440":{"url":"https:\/\/www.saint-brevin.com\/medias\/images\/prestations\/multitailles\/1920x1440_compostelle-affiche-30270.jpg"},"1200x900":{"url":"https:\/\/www.saint-brevin.com\/medias\/images\/prestations\/multitailles\/1200x900_compostelle-affiche-30270.jpg"},"800x600":{"url":"https:\/\/www.saint-brevin.com\/medias\/images\/prestations\/multitailles\/800x600_compostelle-affiche-30270.jpg"},"640x480":{"url":"https:\/\/www.saint-brevin.com\/medias\/images\/prestations\/multitailles\/640x480_compostelle-affiche-30270.jpg"},"320x240":{"url":"https:\/\/www.saint-brevin.com\/medias\/images\/prestations\/multitailles\/320x240_compostelle-affiche-30270.jpg"},"160x120":{"url":"https:\/\/www.saint-brevin.com\/medias\/images\/prestations\/multitailles\/160x120_compostelle-affiche-30270.jpg"},"origine":{"url":"https:\/\/www.saint-brevin.com\/medias\/images\/prestations\/compostelle-affiche-30270.jpg"}},"urlLien":"","typeLien":"","nofollow":"N","copyright":""}]},"DateDebPublication":"","DateFinPublication":"","PrixAPartirDe":"","PrixPour":"","FicheListeEnCours":"fiche_liste_agenda_prestation_v2017","ParametresModele":{"AfficherPhotos":"1","NbPhotosMax":6,"AfficherReserver":0,"AfficherContact":0,"AfficherSalle":1,"AfficherZoneGeo":0,"AfficherEnSavoirPlus":"1","AfficherUneSeuleOuverture":"1","AfficherContactCarte":1,"AfficherTarifsChaudAPartirDe":0,"AfficherTarifChaudSansRecherche":0,"AfficherLiensCarnetVoyage":"1","AfficherOuverture":"1","BlocCritereInfo":{"critere1":{"libelle":""},"critere2":{"libelle":""},"critere3":{"libelle":""},"critere4":{"libelle":""},"critere5":{"libelle":""},"critere6":{"libelle":""},"critere7":{"libelle":"","liste_critere":["COMMUNES|Y"]},"critere8":{"libelle":""},"critere9":{"libelle":""},"afficherpictoetpaslibelle":"1"},"CriteresComportementResa":"|RESABILLET[RESAENLIGNE|","PositionBloc":"GALLERIE|NOM|OUVERTURES|CARNET_VOYAGE|URL|LIEN_RESERVER_DETAIL","TypePrestataire":"Y","ComportementResa":false,"ComportementDispo":false},"AffichageCoordonnees":[],"Coordonnees":{"Ville":"ST BREVIN LES PINS"},"ContexteId":"PRESTATION|Y|LOIPDL044V500448|CINECONFERENCECOMPOSTELLE25","ContexteIdHtml":"PRESTATION-Y-LOIPDL044V500448-CINECONFERENCECOMPOSTELLE25","cleContexte":"Y|LOIPDL044V500448|CINECONFERENCECOMPOSTELLE25","Bloc":{"texte1":"","texte3":"","critere1":{"libelle":"","contenu":[]},"critere2":{"libelle":"","contenu":[]},"critere3":{"libelle":"","contenu":[]},"critere4":{"libelle":"","contenu":[]},"critere5":{"libelle":"","contenu":[]},"critere6":{"libelle":"","contenu":[]},"critere7":{"libelle":"","contenu":{"COMMUNES":{"libelle":"COMMUNE","contenu":{"1":"Saint-Brevin"},"codesValeurs":{"1":"COMMUNES|SAINTBREVIN|Y"},"criteres_datas":{"valeurs":{"1":{"SAINTBREVIN":{"descriptif":""}}}}}}},"critere8":{"libelle":"","contenu":[]},"critere9":{"libelle":"","contenu":[]}},"LocalisationGps":{"Latitude":"47.23483","Longitude":"-2.15551"},"libelleDuPrestataire":"","vuePrestataire":{"pave1":{"libelle":"Descriptif","contenu":""},"pave2":{"libelle":"","contenu":""},"pave3":{"libelle":"","contenu":""},"pave4":{"libelle":"","contenu":""},"pave5":{"libelle":"","contenu":""},"pave6":{"libelle":"","contenu":""},"pave7":{"libelle":"","contenu":""},"pave8":{"libelle":"","contenu":""},"pave9":{"libelle":"","contenu":""},"pave10":{"libelle":"","contenu":""},"pave11":{"libelle":"","contenu":""},"pave12":{"libelle":"","contenu":""},"pave13":{"libelle":"","contenu":""},"pave14":{"libelle":"","contenu":""},"pave15":{"libelle":"","contenu":""},"pave16":{"libelle":"","contenu":""},"pave17":{"libelle":"","contenu":""},"pave18":{"libelle":"","contenu":""},"pave19":{"libelle":"","contenu":""},"pave20":{"libelle":"","contenu":""},"pave21":{"libelle":"","contenu":""},"pave22":{"libelle":"","contenu":""},"pave23":{"libelle":"","contenu":""},"pave24":{"libelle":"","contenu":""},"pave25":{"libelle":"","contenu":""},"ContactsParType":{"RESP":{"12":{"id_contact":"12","type_contact":"RESP","categorie_contact":"PRESTATAIRE","societe_contact":"","fonction_contact":"","civilite_nom_prenom_contact":"M Letort Rodolphe ","adresse1_contact":"Avenue des Fr\u00e8res Lumi\u00e8re","adresse2_contact":"","adresse3_contact":"","cpostal_contact":"44250","ville_contact":"ST BREVIN LES PINS","teldom_contact":"02 40 39 39 39","telbur_contact":"","fax_contact":"","portable_contact":"06 03 32 69 03","email_contact":"cinejade@tourisme-saint-brevin.fr","siteweb_contact":"","commentaire_contact":"","langue_contact":"","autre_moyen_com":[]}}},"Libelle":"Cin\u00e9jade","Nom":"Cin\u00e9jade","Prenom":"","NomPrenom":"Cin\u00e9jade ","CiviliteNomPrenom":"Cin\u00e9jade ","Cle":"Y|LOIPDL044V500448","PrestataireParent":"","ContexteStat":"PRESTATAIRE-Y-LOIPDL044V500448","DateModificationIso":"2024-02-12T18:01:00+01:00","Type":"PRESTATAIRE","TypePrestataire":"Y","Adresse":{"LigneAdresse1":"2 Avenue des Fr\u00e8res Lumi\u00e8re","LigneAdresse2":"","LigneAdresse3":"","CodePostal":"44250","Ville":"ST BREVIN LES PINS","Cedex":"","Etat":"","Pays":"FRA"},"Email":"ot@tourisme-saint-brevin.fr","Telephone":"02 40 39 39 39","TelephoneBureau":"","Portable":"","SiteWeb":"","Fax":"","Id":"y-loipdl044v500448","Code":"Y|LOIPDL044V500448","Fichier":[],"Url":"","Localisation":{"GoogleMap":{"Latitude":"47.23479","Longitude":"-2.15553"}},"ZoneGeo":"","Criteres":{"COMMUNES[SAINTBREVIN":"","INSPUBMAJ[GRATUITPRECISER":"Equipement SEM SEL","LDLTH[DHAACO":"","DLATH[DDA":"","THANDI[WC":"","THANDI[ACCESFAUT":"","MAJINGENIE[DATEDERNIEREMAJ":"20170914","MISEAJOUR[ANNABELLE":""},"DateFinPublication":"","AffichageCoordonnees":[]},"listeCriteres":{"MISEAJOURINGENIE":{"DATEDERNIEREMAJ":"20220914"},"MODEPAIEMENT":{"LCB":"","LESPE":"","LCBP":""},"ANIAH":{"ANIACC":""},"CATEGORIEANIMATION":{"CONF":"","CINEJADE":"","CINE":""},"TYPEDEPROGRAMMATION":{"CINECONF":""},"LIEUMANIF":{"SAINTBREVIN":""},"MISEAJOURPAR":{"ANNABELLE":""},"COMMUNES":{"SAINTBREVIN":""},"INSPUBMAJ":{"GRATUITPRECISER":"Equipement SEM SEL"},"LDLTH":{"DHAACO":""},"DLATH":{"DDA":""},"THANDI":{"WC":"","ACCESFAUT":""},"MAJINGENIE":{"DATEDERNIEREMAJ":"20170914"},"MISEAJOUR":{"ANNABELLE":""}},"dansCarnetVoyage":true,"Ouverture":[],"OuverturePasse":[]},"html":" \n \u003Cdiv id=\"CV-PRESTATION-Y-LOIPDL044V500448-CINECONFERENCECOMPOSTELLE25\" data-contexte-id=\"PRESTATION|Y|LOIPDL044V500448|CINECONFERENCECOMPOSTELLE25\" data-cle=\"Y|LOIPDL044V500448|CINECONFERENCECOMPOSTELLE25\" class=\"fiche-liste\"\u003E\n    \n\n    \u003C!-- partie photo --\u003E\n    \u003Cdiv class=\"photo\"\u003E\t\t\t\t\t\t\t\t\t\t\t\t\t\t\t\t\t\t\t\t\t\n        \u003Cdiv class=\"cadre_photo_principale\"\u003E\t\t\n        \n            \t\t\t\t\t\n                    \u003Ca href=\"cine-conference-compostelle-1-1.html?origine=carnet#media\"\u003E\n                        \u003Cimg class=\"photo_principale\" alt=\"compostelle-2-30267\" src=\"https:\/\/www.saint-brevin.com\/medias\/images\/prestations\/multitailles\/320x240_compostelle-2-30267.jpg\" itemprop=\"image\"\u003E\n                    \u003C\/a\u003E\t\t\t\t\t\t\n                \n                    \u003C\/div\u003E\t\t\t\t\t\t\t\t\t\t\t\t\t\t\t\t\t\t\t \t\t\n    \u003C\/div\u003E\n    \n    \u003C!-- partie nom prest --\u003E\n    \u003Cdiv class=\"nom\"\u003E\n        \u003Ch2\u003ECin\u00e9-conf\u00e9rence : Compostelle\u003C\/h2\u003E\n        \n            \u003C\/div\u003E\n\n         \n    \u003C!-- partie adresse --\u003E\n    \u003Cdiv class=\"adresse\"\u003E\n    \n          \n    \u003C\/div\u003E\n    \n    \u003C!-- partie liens --\u003E\n    \u003Cdiv class=\"liens\"\u003E\n            \u003Ca class=\"btn-icon btn-view \" title=\"Voir la fiche d\u00e9taill\u00e9e\" href=\"cine-conference-compostelle-1-1.html?origine=carnet\"\u003E\u003C\/a\u003E\u003C!--\u003Ca class=\"btn-icon btn-view \" title=\"\" href=\"?origine=carnet#thaut\"\u003E\u003C\/a\u003E--\u003E\n      \u003Ca class=\"btn-icon btn-trash carnet_voyage_supprimer\" title=\"Supprimer cette fiche de mon carnet de voyage\" href=\"carnet-voyage?action=remove&fiche=Y|LOIPDL044V500448|CINECONFERENCECOMPOSTELLE25\"\u003E\u003C\/a\u003E\n    \u003C\/div\u003E\n\n\u003C\/div\u003E\n\n","icon":"https:\/\/static.ingenie.fr\/images\/carnetVoyageV3\/Y.png"},"fiche":"Y|LOIPDL044V500448|CINECONFERENCECOMPOSTELLE25","popup":"\u003Cdiv id=\"bloc_popup_ajout_fiche_carnet\"\u003E\n    \u003Cdiv class=\"info_popup_ajout_fiche_carnet\"\u003E\n        Vous venez d'ajouter cet \u00e9l\u00e9ment \u00e0 votre carnet de voyage :    \u003C\/div\u003E\n    \u003Cdiv class=\"prest_popup_ajout_fiche_carnet\"\u003E\n        Cin&eacute;-conf&eacute;rence : Compostelle    \u003C\/div\u003E\n    \u003Cdiv class=\"bloc_btn_ajout_fiche_carnet form_submit_div\"\u003E\n        \u003Cinput type=\"button\" value=\"Continuer ma s\u00e9lection\" title=\"Continuer ma s\u00e9lection\" name=\"btn_close\" class=\"btn_close_popup_carnet form_submit\" onclick=\"$.colorbox.close()\" \/\u003E\n        \u003Cinput type=\"button\" value=\"Voir mon carnet de voyage\" title=\"Voir mon carnet\" name=\"btn_panier\" class=\"btn_panier_popup_carnet form_submit\" onclick=\"if(typeof CarnetVoyage != 'undefined') {CarnetVoyage.voirCarnet();}\" \/\u003E\n    \u003C\/div\u003E\n    \u003Cdiv class=\"bloc_btn_ajout_fiche_carnet\"\u003E\n        \u003Cinput type=\"checkbox\" value=\"1\" name=\"desactiver_popup\" id=\"desactiver_popup\" \/\u003E\n        \u003Clabel for=\"desactiver_popup\"\u003ENe plus afficher ce message\u003C\/label\u003E\n    \u003C\/div\u003E\n\u003C\/div\u003E","success":1}