{"nbFiches":1,"dataPrest":{"infoPrest":{"pave1":{"libelle":"Slogan","contenu":"","fichiers":[]},"pave2":{"libelle":"Descriptif","contenu":"\u003Cp\u003E\u003Cstrong\u003EDans le sillage des baleines\u003C\/strong\u003E\u003C\/p\u003E\r\n\r\n\u003Cp\u003EL&rsquo;EcoVoyage d&rsquo;Arvik\u003C\/p\u003E\r\n\r\n\u003Cp\u003E3 passionn&eacute;es de voile Cl&eacute;mence, Charly et Gu&eacute;nola partent sur la route de migration des baleines &agrave; bosses &agrave; bord de leur voilier Arvik.\u003C\/p\u003E\r\n\r\n\u003Cdiv\u003E\r\n\u003Cp\u003EIls ont l&rsquo;envie commune d&rsquo;aller &agrave; la rencontre de ces animaux fascinants, avec l&rsquo;espoir d&rsquo;enregistrer leur chant.\u003C\/p\u003E\r\n\r\n\u003Cp\u003ESimples citoyens, ils veulent s&rsquo;engager dans la protection des oc&eacute;ans en prenant part &agrave; des programmes de sciences participatives.\u003Cbr \/\u003E\r\nLors de leurs escales ils iront &agrave; la rencontre d&rsquo;acteurs locaux pour en apprendre plus sur les c&eacute;tac&eacute;s et l&rsquo;une des grandes menaces auxquels ils doivent faire face, le plastique.\u003C\/p\u003E\r\n\r\n\u003Cp\u003EUn documentaire engag&eacute; et inspirant qui veut faire passer un message fort : nous avons tous un r&ocirc;le &agrave; jouer dans la protection de notre environnement.\u003Cbr \/\u003E\r\n\u003Cbr \/\u003E\r\n&nbsp;\u003C\/p\u003E\r\n\r\n\u003Cp\u003E\u003Cstrong\u003EGuenola VIOLEAU\u003C\/strong\u003E\u003Cbr \/\u003E\r\nGu&eacute;nola est n&eacute;e &agrave; Nantes en 1992. Pendant ces &eacute;tudes d&rsquo;art elle fait ses premiers voyages dans le nord et tombe amoureuse des grands espaces sauvages. Son admiration pour les r&eacute;gions polaires l&rsquo;emm&egrave;nera &agrave; faire un premier voyage au Groenland &agrave; la voile puis &agrave; visiter d&rsquo;autres r&eacute;gions comme l&rsquo;Islande et le Danemark. C&rsquo;est lors de ces exp&eacute;riences qu&rsquo;elle se rend compte de l&rsquo;impact des activit&eacute;s humaines sur l&rsquo;environnement. En 2020 elle embarque avec le projet l&rsquo;Ecovoyage d&rsquo;Arvik pour un voyage de 18 mois sur la route de migration des baleines, avec un objectif&nbsp;: sensibiliser &agrave; la pollution plastique. C&rsquo;est lors de cette aventure qu&rsquo;elle se d&eacute;cide &agrave; r&eacute;aliser son premier documentaire pour porter son message.\u003C\/p\u003E\r\n\u003C\/div\u003E\r\n\r\n\u003Cp dir=\"ltr\" style=\"text-align: center;\"\u003E\u003Cspan style=\"font-size:20px;\"\u003E\u003Cstrong\u003E\u003Ca href=\"https:\/\/www.ticketingcine.fr\/?nc=0161&amp;lang=fr&amp;ids=38699&amp;ps=erakys\" target=\"_blank\"\u003E\u003Cspan style=\"color:#008080;\"\u003EBilletterie en ligne ICI&gt;&gt;&gt;\u003C\/span\u003E\u003C\/a\u003E\u003C\/strong\u003E\u003C\/span\u003E\u003C\/p\u003E\r\n&nbsp;\r\n\r\n\u003Cp\u003E&nbsp;\u003C\/p\u003E\r\n","fichiers":[]},"pave3":{"libelle":"","contenu":""},"pave4":{"libelle":"","contenu":""},"pave5":{"libelle":"","contenu":""},"pave6":{"libelle":"","contenu":""},"pave7":{"libelle":"","contenu":""},"pave8":{"libelle":"","contenu":""},"pave9":{"libelle":"","contenu":""},"pave10":{"libelle":"","contenu":""},"pave11":{"libelle":"","contenu":""},"pave12":{"libelle":"","contenu":""},"pave13":{"libelle":"","contenu":""},"pave14":{"libelle":"","contenu":""},"pave15":{"libelle":"","contenu":""},"pave16":{"libelle":"","contenu":""},"pave17":{"libelle":"","contenu":""},"pave18":{"libelle":"","contenu":""},"pave19":{"libelle":"","contenu":""},"pave20":{"libelle":"","contenu":""},"pave21":{"libelle":"","contenu":""},"pave22":{"libelle":"","contenu":""},"pave23":{"libelle":"","contenu":""},"pave24":{"libelle":"","contenu":""},"pave25":{"libelle":"","contenu":""},"Libelle":"Cin\u00e9-conf\u00e9rence : Dans le sillage des baleines","Reference":"","Reftar":"","Type":"PRESTATION","TypePrestataire":"Y","ContexteStat":"PRESTATION-Y-LOIPDL044V500448-CINECONFERENCEBALEINES","DateModificationIso":"2022-12-26T09:43:00+01:00","Adresse":{"LigneAdresse1":"Cin\u00e9jade","LigneAdresse2":"2 Avenue des Fr\u00e8res Lumi\u00e8re","LigneAdresse3":"","CodePostal":"44250","Ville":"ST BREVIN LES PINS","Cedex":"","Etat":"","Pays":"FRA"},"Id":"y-loipdl044v500448-cineconferencebaleines","Code":"Y|LOIPDL044V500448|CINECONFERENCEBALEINES","Cle":"Y|LOIPDL044V500448|CINECONFERENCEBALEINES","Url":"cine-conference-dans-le-sillage-des-baleines.html","Localisation":{"GoogleMap":{"Latitude":"47.23483","Longitude":"-2.15551"}},"ZoneGeo":"","Criteres":{"MISEAJOURINGENIE[DATEDERNIEREMAJ":"20220914","MODEPAIEMENT[LCB":"","MODEPAIEMENT[LESPE":"","MODEPAIEMENT[LCBP":"","ANIAH[ANIACC":"","CATEGORIEANIMATION[CONF":"","CATEGORIEANIMATION[CINEJADE":"","CATEGORIEANIMATION[CINE":"","TYPEDEPROGRAMMATION[CINECONF":"","LIEUMANIF[SAINTBREVIN":"","MISEAJOURPAR[ANNABELLE":""},"Prestataire":{"pave1":{"libelle":"Descriptif","contenu":""},"pave2":{"libelle":"","contenu":""},"pave3":{"libelle":"","contenu":""},"pave4":{"libelle":"","contenu":""},"pave5":{"libelle":"","contenu":""},"pave6":{"libelle":"","contenu":""},"pave7":{"libelle":"","contenu":""},"pave8":{"libelle":"","contenu":""},"pave9":{"libelle":"","contenu":""},"pave10":{"libelle":"","contenu":""},"pave11":{"libelle":"","contenu":""},"pave12":{"libelle":"","contenu":""},"pave13":{"libelle":"","contenu":""},"pave14":{"libelle":"","contenu":""},"pave15":{"libelle":"","contenu":""},"pave16":{"libelle":"","contenu":""},"pave17":{"libelle":"","contenu":""},"pave18":{"libelle":"","contenu":""},"pave19":{"libelle":"","contenu":""},"pave20":{"libelle":"","contenu":""},"pave21":{"libelle":"","contenu":""},"pave22":{"libelle":"","contenu":""},"pave23":{"libelle":"","contenu":""},"pave24":{"libelle":"","contenu":""},"pave25":{"libelle":"","contenu":""},"ContactsParType":{"RESP":{"12":{"id_contact":"12","type_contact":"RESP","categorie_contact":"PRESTATAIRE","societe_contact":"","fonction_contact":"","civilite_nom_prenom_contact":"M Letort Rodolphe ","adresse1_contact":"Avenue des Fr\u00e8res Lumi\u00e8re","adresse2_contact":"","adresse3_contact":"","cpostal_contact":"44250","ville_contact":"ST BREVIN LES PINS","teldom_contact":"02 40 39 39 39","telbur_contact":"","fax_contact":"","portable_contact":"06 03 32 69 03","email_contact":"cinejade@tourisme-saint-brevin.fr","siteweb_contact":"","commentaire_contact":"","langue_contact":"","autre_moyen_com":[]}}},"Libelle":"Cin\u00e9jade","Nom":"Cin\u00e9jade","Prenom":"","NomPrenom":"Cin\u00e9jade ","CiviliteNomPrenom":"Cin\u00e9jade ","Cle":"Y|LOIPDL044V500448","PrestataireParent":"","ContexteStat":"PRESTATAIRE-Y-LOIPDL044V500448","DateModificationIso":"2024-02-12T18:01:00+01:00","Type":"PRESTATAIRE","TypePrestataire":"Y","Adresse":{"LigneAdresse1":"2 Avenue des Fr\u00e8res Lumi\u00e8re","LigneAdresse2":"","LigneAdresse3":"","CodePostal":"44250","Ville":"ST BREVIN LES PINS","Cedex":"","Etat":"","Pays":"FRA"},"Email":"ot@tourisme-saint-brevin.fr","Telephone":"02 40 39 39 39","TelephoneBureau":"","Portable":"","SiteWeb":"","Fax":"","Id":"y-loipdl044v500448","Code":"Y|LOIPDL044V500448","Fichier":[],"Url":"","Localisation":{"GoogleMap":{"Latitude":"47.23479","Longitude":"-2.15553"}},"ZoneGeo":"","Criteres":{"COMMUNES[SAINTBREVIN":"","INSPUBMAJ[GRATUITPRECISER":"Equipement SEM SEL","LDLTH[DHAACO":"","DLATH[DDA":"","THANDI[WC":"","THANDI[ACCESFAUT":"","MAJINGENIE[DATEDERNIEREMAJ":"20170914","MISEAJOUR[ANNABELLE":""},"DateFinPublication":""},"Fichier":{"Image":[{"url":"https:\/\/www.saint-brevin.com\/medias\/images\/prestations\/dans-le-sillage-des-baleines-17118.jpg","chemin":"..\/medias\/images\/prestations\/dans-le-sillage-des-baleines-17118.jpg","libelle":"dans-le-sillage-des-baleines-17118","extension":"jpg","categorie":"","largeur":500,"theme":"","hauteur":334,"type":"Image","origine":"","liaisonPave":"","langue":"","id":"17118","urlVignette":"https:\/\/www.saint-brevin.com\/medias\/images\/prestations\/v-dans-le-sillage-des-baleines-17118.jpg","alt":"dans-le-sillage-des-baleines-17118","title":"dans-le-sillage-des-baleines-17118","MultiTaille":{"1920x1440":{"url":"https:\/\/www.saint-brevin.com\/medias\/images\/prestations\/multitailles\/1920x1440_dans-le-sillage-des-baleines-17118.jpg"},"1200x900":{"url":"https:\/\/www.saint-brevin.com\/medias\/images\/prestations\/multitailles\/1200x900_dans-le-sillage-des-baleines-17118.jpg"},"800x600":{"url":"https:\/\/www.saint-brevin.com\/medias\/images\/prestations\/multitailles\/800x600_dans-le-sillage-des-baleines-17118.jpg"},"640x480":{"url":"https:\/\/www.saint-brevin.com\/medias\/images\/prestations\/multitailles\/640x480_dans-le-sillage-des-baleines-17118.jpg"},"320x240":{"url":"https:\/\/www.saint-brevin.com\/medias\/images\/prestations\/multitailles\/320x240_dans-le-sillage-des-baleines-17118.jpg"},"160x120":{"url":"https:\/\/www.saint-brevin.com\/medias\/images\/prestations\/multitailles\/160x120_dans-le-sillage-des-baleines-17118.jpg"},"origine":{"url":"https:\/\/www.saint-brevin.com\/medias\/images\/prestations\/dans-le-sillage-des-baleines-17118.jpg"}},"urlLien":"","typeLien":"","nofollow":"N","copyright":""},{"url":"https:\/\/www.saint-brevin.com\/medias\/images\/prestations\/gwenola-violeau-17121.jpg","chemin":"..\/medias\/images\/prestations\/gwenola-violeau-17121.jpg","libelle":"gwenola-violeau-17121","extension":"jpg","categorie":"","largeur":738,"theme":"","hauteur":414,"type":"Image","origine":"","liaisonPave":"","langue":"","id":"17121","urlVignette":"https:\/\/www.saint-brevin.com\/medias\/images\/prestations\/v-gwenola-violeau-17121.jpg","alt":"gwenola-violeau-17121","title":"gwenola-violeau-17121","MultiTaille":{"1920x1440":{"url":"https:\/\/www.saint-brevin.com\/medias\/images\/prestations\/multitailles\/1920x1440_gwenola-violeau-17121.jpg"},"1200x900":{"url":"https:\/\/www.saint-brevin.com\/medias\/images\/prestations\/multitailles\/1200x900_gwenola-violeau-17121.jpg"},"800x600":{"url":"https:\/\/www.saint-brevin.com\/medias\/images\/prestations\/multitailles\/800x600_gwenola-violeau-17121.jpg"},"640x480":{"url":"https:\/\/www.saint-brevin.com\/medias\/images\/prestations\/multitailles\/640x480_gwenola-violeau-17121.jpg"},"320x240":{"url":"https:\/\/www.saint-brevin.com\/medias\/images\/prestations\/multitailles\/320x240_gwenola-violeau-17121.jpg"},"160x120":{"url":"https:\/\/www.saint-brevin.com\/medias\/images\/prestations\/multitailles\/160x120_gwenola-violeau-17121.jpg"},"origine":{"url":"https:\/\/www.saint-brevin.com\/medias\/images\/prestations\/gwenola-violeau-17121.jpg"}},"urlLien":"","typeLien":"","nofollow":"N","copyright":""},{"url":"https:\/\/www.saint-brevin.com\/medias\/images\/prestations\/dans-le-sillage-des-baleines-affiche-17120.jpg","chemin":"..\/medias\/images\/prestations\/dans-le-sillage-des-baleines-affiche-17120.jpg","libelle":"dans-le-sillage-des-baleines-affiche-17120","extension":"jpg","categorie":"","largeur":810,"theme":"","hauteur":1080,"type":"Image","origine":"","liaisonPave":"","langue":"","id":"17120","urlVignette":"https:\/\/www.saint-brevin.com\/medias\/images\/prestations\/v-dans-le-sillage-des-baleines-affiche-17120.jpg","alt":"dans-le-sillage-des-baleines-affiche-17120","title":"dans-le-sillage-des-baleines-affiche-17120","MultiTaille":{"1920x1440":{"url":"https:\/\/www.saint-brevin.com\/medias\/images\/prestations\/multitailles\/1920x1440_dans-le-sillage-des-baleines-affiche-17120.jpg"},"1200x900":{"url":"https:\/\/www.saint-brevin.com\/medias\/images\/prestations\/multitailles\/1200x900_dans-le-sillage-des-baleines-affiche-17120.jpg"},"800x600":{"url":"https:\/\/www.saint-brevin.com\/medias\/images\/prestations\/multitailles\/800x600_dans-le-sillage-des-baleines-affiche-17120.jpg"},"640x480":{"url":"https:\/\/www.saint-brevin.com\/medias\/images\/prestations\/multitailles\/640x480_dans-le-sillage-des-baleines-affiche-17120.jpg"},"320x240":{"url":"https:\/\/www.saint-brevin.com\/medias\/images\/prestations\/multitailles\/320x240_dans-le-sillage-des-baleines-affiche-17120.jpg"},"160x120":{"url":"https:\/\/www.saint-brevin.com\/medias\/images\/prestations\/multitailles\/160x120_dans-le-sillage-des-baleines-affiche-17120.jpg"},"origine":{"url":"https:\/\/www.saint-brevin.com\/medias\/images\/prestations\/dans-le-sillage-des-baleines-affiche-17120.jpg"}},"urlLien":"","typeLien":"","nofollow":"N","copyright":""}],"ByCategorie":{"":[{"url":"https:\/\/www.saint-brevin.com\/medias\/images\/prestations\/dans-le-sillage-des-baleines-17118.jpg","chemin":"..\/medias\/images\/prestations\/dans-le-sillage-des-baleines-17118.jpg","libelle":"dans-le-sillage-des-baleines-17118","extension":"jpg","categorie":"","largeur":500,"theme":"","hauteur":334,"type":"Image","origine":"","liaisonPave":"","langue":"","id":"17118","urlVignette":"https:\/\/www.saint-brevin.com\/medias\/images\/prestations\/v-dans-le-sillage-des-baleines-17118.jpg","alt":"dans-le-sillage-des-baleines-17118","title":"dans-le-sillage-des-baleines-17118","MultiTaille":{"1920x1440":{"url":"https:\/\/www.saint-brevin.com\/medias\/images\/prestations\/multitailles\/1920x1440_dans-le-sillage-des-baleines-17118.jpg"},"1200x900":{"url":"https:\/\/www.saint-brevin.com\/medias\/images\/prestations\/multitailles\/1200x900_dans-le-sillage-des-baleines-17118.jpg"},"800x600":{"url":"https:\/\/www.saint-brevin.com\/medias\/images\/prestations\/multitailles\/800x600_dans-le-sillage-des-baleines-17118.jpg"},"640x480":{"url":"https:\/\/www.saint-brevin.com\/medias\/images\/prestations\/multitailles\/640x480_dans-le-sillage-des-baleines-17118.jpg"},"320x240":{"url":"https:\/\/www.saint-brevin.com\/medias\/images\/prestations\/multitailles\/320x240_dans-le-sillage-des-baleines-17118.jpg"},"160x120":{"url":"https:\/\/www.saint-brevin.com\/medias\/images\/prestations\/multitailles\/160x120_dans-le-sillage-des-baleines-17118.jpg"},"origine":{"url":"https:\/\/www.saint-brevin.com\/medias\/images\/prestations\/dans-le-sillage-des-baleines-17118.jpg"}},"urlLien":"","typeLien":"","nofollow":"N","copyright":""},{"url":"https:\/\/youtu.be\/wXt8ZJrTSvY","libelle":"Dans le sillage des baleines","categorie":"","largeur":"","theme":"","hauteur":"","type":"Video","origine":"YOUTUBE","liaisonPave":"","langue":"","id":"17119","htmlVideo":"\u003Ciframe src=\"https:\/\/www.youtube.com\/embed\/wXt8ZJrTSvY?wmode=opaque&rel=0&start=0\" width=\"\" height=\"\" style=\"border:0;\" allowfullscreen\u003E\u003C\/iframe\u003E","vignetteVideo":"\u003Cimg src=\"https:\/\/img.youtube.com\/vi\/wXt8ZJrTSvY\/0.jpg\" \/\u003E"},{"url":"https:\/\/www.saint-brevin.com\/medias\/images\/prestations\/gwenola-violeau-17121.jpg","chemin":"..\/medias\/images\/prestations\/gwenola-violeau-17121.jpg","libelle":"gwenola-violeau-17121","extension":"jpg","categorie":"","largeur":738,"theme":"","hauteur":414,"type":"Image","origine":"","liaisonPave":"","langue":"","id":"17121","urlVignette":"https:\/\/www.saint-brevin.com\/medias\/images\/prestations\/v-gwenola-violeau-17121.jpg","alt":"gwenola-violeau-17121","title":"gwenola-violeau-17121","MultiTaille":{"1920x1440":{"url":"https:\/\/www.saint-brevin.com\/medias\/images\/prestations\/multitailles\/1920x1440_gwenola-violeau-17121.jpg"},"1200x900":{"url":"https:\/\/www.saint-brevin.com\/medias\/images\/prestations\/multitailles\/1200x900_gwenola-violeau-17121.jpg"},"800x600":{"url":"https:\/\/www.saint-brevin.com\/medias\/images\/prestations\/multitailles\/800x600_gwenola-violeau-17121.jpg"},"640x480":{"url":"https:\/\/www.saint-brevin.com\/medias\/images\/prestations\/multitailles\/640x480_gwenola-violeau-17121.jpg"},"320x240":{"url":"https:\/\/www.saint-brevin.com\/medias\/images\/prestations\/multitailles\/320x240_gwenola-violeau-17121.jpg"},"160x120":{"url":"https:\/\/www.saint-brevin.com\/medias\/images\/prestations\/multitailles\/160x120_gwenola-violeau-17121.jpg"},"origine":{"url":"https:\/\/www.saint-brevin.com\/medias\/images\/prestations\/gwenola-violeau-17121.jpg"}},"urlLien":"","typeLien":"","nofollow":"N","copyright":""},{"url":"https:\/\/www.saint-brevin.com\/medias\/images\/prestations\/dans-le-sillage-des-baleines-affiche-17120.jpg","chemin":"..\/medias\/images\/prestations\/dans-le-sillage-des-baleines-affiche-17120.jpg","libelle":"dans-le-sillage-des-baleines-affiche-17120","extension":"jpg","categorie":"","largeur":810,"theme":"","hauteur":1080,"type":"Image","origine":"","liaisonPave":"","langue":"","id":"17120","urlVignette":"https:\/\/www.saint-brevin.com\/medias\/images\/prestations\/v-dans-le-sillage-des-baleines-affiche-17120.jpg","alt":"dans-le-sillage-des-baleines-affiche-17120","title":"dans-le-sillage-des-baleines-affiche-17120","MultiTaille":{"1920x1440":{"url":"https:\/\/www.saint-brevin.com\/medias\/images\/prestations\/multitailles\/1920x1440_dans-le-sillage-des-baleines-affiche-17120.jpg"},"1200x900":{"url":"https:\/\/www.saint-brevin.com\/medias\/images\/prestations\/multitailles\/1200x900_dans-le-sillage-des-baleines-affiche-17120.jpg"},"800x600":{"url":"https:\/\/www.saint-brevin.com\/medias\/images\/prestations\/multitailles\/800x600_dans-le-sillage-des-baleines-affiche-17120.jpg"},"640x480":{"url":"https:\/\/www.saint-brevin.com\/medias\/images\/prestations\/multitailles\/640x480_dans-le-sillage-des-baleines-affiche-17120.jpg"},"320x240":{"url":"https:\/\/www.saint-brevin.com\/medias\/images\/prestations\/multitailles\/320x240_dans-le-sillage-des-baleines-affiche-17120.jpg"},"160x120":{"url":"https:\/\/www.saint-brevin.com\/medias\/images\/prestations\/multitailles\/160x120_dans-le-sillage-des-baleines-affiche-17120.jpg"},"origine":{"url":"https:\/\/www.saint-brevin.com\/medias\/images\/prestations\/dans-le-sillage-des-baleines-affiche-17120.jpg"}},"urlLien":"","typeLien":"","nofollow":"N","copyright":""}]},"Video":[{"url":"https:\/\/youtu.be\/wXt8ZJrTSvY","libelle":"Dans le sillage des baleines","categorie":"","largeur":"","theme":"","hauteur":"","type":"Video","origine":"YOUTUBE","liaisonPave":"","langue":"","id":"17119","htmlVideo":"\u003Ciframe src=\"https:\/\/www.youtube.com\/embed\/wXt8ZJrTSvY?wmode=opaque&rel=0&start=0\" width=\"\" height=\"\" style=\"border:0;\" allowfullscreen\u003E\u003C\/iframe\u003E","vignetteVideo":"\u003Cimg src=\"https:\/\/img.youtube.com\/vi\/wXt8ZJrTSvY\/0.jpg\" \/\u003E"}]},"DateDebPublication":"","DateFinPublication":"","PrixAPartirDe":"","PrixPour":"","FicheListeEnCours":"fiche_liste_agenda_prestation_v2017","ParametresModele":{"AfficherPhotos":"1","NbPhotosMax":6,"AfficherReserver":0,"AfficherContact":0,"AfficherSalle":1,"AfficherZoneGeo":0,"AfficherEnSavoirPlus":"1","AfficherUneSeuleOuverture":"1","AfficherContactCarte":1,"AfficherTarifsChaudAPartirDe":0,"AfficherTarifChaudSansRecherche":0,"AfficherLiensCarnetVoyage":"1","AfficherOuverture":"1","BlocCritereInfo":{"critere1":{"libelle":""},"critere2":{"libelle":""},"critere3":{"libelle":""},"critere4":{"libelle":""},"critere5":{"libelle":""},"critere6":{"libelle":""},"critere7":{"libelle":"","liste_critere":["COMMUNES|Y"]},"critere8":{"libelle":""},"critere9":{"libelle":""},"afficherpictoetpaslibelle":"1"},"CriteresComportementResa":"|RESABILLET[RESAENLIGNE|","PositionBloc":"GALLERIE|NOM|OUVERTURES|CARNET_VOYAGE|URL|LIEN_RESERVER_DETAIL","TypePrestataire":"Y","ComportementResa":false,"ComportementDispo":false},"AffichageCoordonnees":[],"Coordonnees":{"Ville":"ST BREVIN LES PINS"},"ContexteId":"PRESTATION|Y|LOIPDL044V500448|CINECONFERENCEBALEINES","ContexteIdHtml":"PRESTATION-Y-LOIPDL044V500448-CINECONFERENCEBALEINES","cleContexte":"Y|LOIPDL044V500448|CINECONFERENCEBALEINES","Bloc":{"texte1":"","texte3":"","critere1":{"libelle":"","contenu":[]},"critere2":{"libelle":"","contenu":[]},"critere3":{"libelle":"","contenu":[]},"critere4":{"libelle":"","contenu":[]},"critere5":{"libelle":"","contenu":[]},"critere6":{"libelle":"","contenu":[]},"critere7":{"libelle":"","contenu":{"COMMUNES":{"libelle":"COMMUNE","contenu":{"1":"Saint-Brevin"},"codesValeurs":{"1":"COMMUNES|SAINTBREVIN|Y"},"criteres_datas":{"valeurs":{"1":{"SAINTBREVIN":{"descriptif":""}}}}}}},"critere8":{"libelle":"","contenu":[]},"critere9":{"libelle":"","contenu":[]}},"LocalisationGps":{"Latitude":"47.23483","Longitude":"-2.15551"},"libelleDuPrestataire":"","vuePrestataire":{"pave1":{"libelle":"Descriptif","contenu":""},"pave2":{"libelle":"","contenu":""},"pave3":{"libelle":"","contenu":""},"pave4":{"libelle":"","contenu":""},"pave5":{"libelle":"","contenu":""},"pave6":{"libelle":"","contenu":""},"pave7":{"libelle":"","contenu":""},"pave8":{"libelle":"","contenu":""},"pave9":{"libelle":"","contenu":""},"pave10":{"libelle":"","contenu":""},"pave11":{"libelle":"","contenu":""},"pave12":{"libelle":"","contenu":""},"pave13":{"libelle":"","contenu":""},"pave14":{"libelle":"","contenu":""},"pave15":{"libelle":"","contenu":""},"pave16":{"libelle":"","contenu":""},"pave17":{"libelle":"","contenu":""},"pave18":{"libelle":"","contenu":""},"pave19":{"libelle":"","contenu":""},"pave20":{"libelle":"","contenu":""},"pave21":{"libelle":"","contenu":""},"pave22":{"libelle":"","contenu":""},"pave23":{"libelle":"","contenu":""},"pave24":{"libelle":"","contenu":""},"pave25":{"libelle":"","contenu":""},"ContactsParType":{"RESP":{"12":{"id_contact":"12","type_contact":"RESP","categorie_contact":"PRESTATAIRE","societe_contact":"","fonction_contact":"","civilite_nom_prenom_contact":"M Letort Rodolphe ","adresse1_contact":"Avenue des Fr\u00e8res Lumi\u00e8re","adresse2_contact":"","adresse3_contact":"","cpostal_contact":"44250","ville_contact":"ST BREVIN LES PINS","teldom_contact":"02 40 39 39 39","telbur_contact":"","fax_contact":"","portable_contact":"06 03 32 69 03","email_contact":"cinejade@tourisme-saint-brevin.fr","siteweb_contact":"","commentaire_contact":"","langue_contact":"","autre_moyen_com":[]}}},"Libelle":"Cin\u00e9jade","Nom":"Cin\u00e9jade","Prenom":"","NomPrenom":"Cin\u00e9jade ","CiviliteNomPrenom":"Cin\u00e9jade ","Cle":"Y|LOIPDL044V500448","PrestataireParent":"","ContexteStat":"PRESTATAIRE-Y-LOIPDL044V500448","DateModificationIso":"2024-02-12T18:01:00+01:00","Type":"PRESTATAIRE","TypePrestataire":"Y","Adresse":{"LigneAdresse1":"2 Avenue des Fr\u00e8res Lumi\u00e8re","LigneAdresse2":"","LigneAdresse3":"","CodePostal":"44250","Ville":"ST BREVIN LES PINS","Cedex":"","Etat":"","Pays":"FRA"},"Email":"ot@tourisme-saint-brevin.fr","Telephone":"02 40 39 39 39","TelephoneBureau":"","Portable":"","SiteWeb":"","Fax":"","Id":"y-loipdl044v500448","Code":"Y|LOIPDL044V500448","Fichier":[],"Url":"","Localisation":{"GoogleMap":{"Latitude":"47.23479","Longitude":"-2.15553"}},"ZoneGeo":"","Criteres":{"COMMUNES[SAINTBREVIN":"","INSPUBMAJ[GRATUITPRECISER":"Equipement SEM SEL","LDLTH[DHAACO":"","DLATH[DDA":"","THANDI[WC":"","THANDI[ACCESFAUT":"","MAJINGENIE[DATEDERNIEREMAJ":"20170914","MISEAJOUR[ANNABELLE":""},"DateFinPublication":"","AffichageCoordonnees":[]},"listeCriteres":{"MISEAJOURINGENIE":{"DATEDERNIEREMAJ":"20220914"},"MODEPAIEMENT":{"LCB":"","LESPE":"","LCBP":""},"ANIAH":{"ANIACC":""},"CATEGORIEANIMATION":{"CONF":"","CINEJADE":"","CINE":""},"TYPEDEPROGRAMMATION":{"CINECONF":""},"LIEUMANIF":{"SAINTBREVIN":""},"MISEAJOURPAR":{"ANNABELLE":""},"COMMUNES":{"SAINTBREVIN":""},"INSPUBMAJ":{"GRATUITPRECISER":"Equipement SEM SEL"},"LDLTH":{"DHAACO":""},"DLATH":{"DDA":""},"THANDI":{"WC":"","ACCESFAUT":""},"MAJINGENIE":{"DATEDERNIEREMAJ":"20170914"},"MISEAJOUR":{"ANNABELLE":""}},"dansCarnetVoyage":true,"Ouverture":[],"OuverturePasse":[]},"html":" \n \u003Cdiv id=\"CV-PRESTATION-Y-LOIPDL044V500448-CINECONFERENCEBALEINES\" data-contexte-id=\"PRESTATION|Y|LOIPDL044V500448|CINECONFERENCEBALEINES\" data-cle=\"Y|LOIPDL044V500448|CINECONFERENCEBALEINES\" class=\"fiche-liste\"\u003E\n    \n\n    \u003C!-- partie photo --\u003E\n    \u003Cdiv class=\"photo\"\u003E\t\t\t\t\t\t\t\t\t\t\t\t\t\t\t\t\t\t\t\t\t\n        \u003Cdiv class=\"cadre_photo_principale\"\u003E\t\t\n        \n            \t\t\t\t\t\n                    \u003Ca href=\"cine-conference-dans-le-sillage-des-baleines.html?origine=carnet#media\"\u003E\n                        \u003Cimg class=\"photo_principale\" alt=\"dans-le-sillage-des-baleines-17118\" src=\"https:\/\/www.saint-brevin.com\/medias\/images\/prestations\/multitailles\/320x240_dans-le-sillage-des-baleines-17118.jpg\" itemprop=\"image\"\u003E\n                    \u003C\/a\u003E\t\t\t\t\t\t\n                \n                    \u003C\/div\u003E\t\t\t\t\t\t\t\t\t\t\t\t\t\t\t\t\t\t\t \t\t\n    \u003C\/div\u003E\n    \n    \u003C!-- partie nom prest --\u003E\n    \u003Cdiv class=\"nom\"\u003E\n        \u003Ch2\u003ECin\u00e9-conf\u00e9rence : Dans le sillage des baleines\u003C\/h2\u003E\n        \n            \u003C\/div\u003E\n\n         \n    \u003C!-- partie adresse --\u003E\n    \u003Cdiv class=\"adresse\"\u003E\n    \n          \n    \u003C\/div\u003E\n    \n    \u003C!-- partie liens --\u003E\n    \u003Cdiv class=\"liens\"\u003E\n            \u003Ca class=\"btn-icon btn-view \" title=\"Voir la fiche d\u00e9taill\u00e9e\" href=\"cine-conference-dans-le-sillage-des-baleines.html?origine=carnet\"\u003E\u003C\/a\u003E\u003C!--\u003Ca class=\"btn-icon btn-view \" title=\"\" href=\"?origine=carnet#thaut\"\u003E\u003C\/a\u003E--\u003E\n      \u003Ca class=\"btn-icon btn-trash carnet_voyage_supprimer\" title=\"Supprimer cette fiche de mon carnet de voyage\" href=\"carnet-voyage?action=remove&fiche=Y|LOIPDL044V500448|CINECONFERENCEBALEINES\"\u003E\u003C\/a\u003E\n    \u003C\/div\u003E\n\n\u003C\/div\u003E\n\n","icon":"https:\/\/static.ingenie.fr\/images\/carnetVoyageV3\/Y.png"},"fiche":"Y|LOIPDL044V500448|CINECONFERENCEBALEINES","popup":"\u003Cdiv id=\"bloc_popup_ajout_fiche_carnet\"\u003E\n    \u003Cdiv class=\"info_popup_ajout_fiche_carnet\"\u003E\n        Vous venez d'ajouter cet \u00e9l\u00e9ment \u00e0 votre carnet de voyage :    \u003C\/div\u003E\n    \u003Cdiv class=\"prest_popup_ajout_fiche_carnet\"\u003E\n        Cin&eacute;-conf&eacute;rence : Dans le sillage des baleines    \u003C\/div\u003E\n    \u003Cdiv class=\"bloc_btn_ajout_fiche_carnet form_submit_div\"\u003E\n        \u003Cinput type=\"button\" value=\"Continuer ma s\u00e9lection\" title=\"Continuer ma s\u00e9lection\" name=\"btn_close\" class=\"btn_close_popup_carnet form_submit\" onclick=\"$.colorbox.close()\" \/\u003E\n        \u003Cinput type=\"button\" value=\"Voir mon carnet de voyage\" title=\"Voir mon carnet\" name=\"btn_panier\" class=\"btn_panier_popup_carnet form_submit\" onclick=\"if(typeof CarnetVoyage != 'undefined') {CarnetVoyage.voirCarnet();}\" \/\u003E\n    \u003C\/div\u003E\n    \u003Cdiv class=\"bloc_btn_ajout_fiche_carnet\"\u003E\n        \u003Cinput type=\"checkbox\" value=\"1\" name=\"desactiver_popup\" id=\"desactiver_popup\" \/\u003E\n        \u003Clabel for=\"desactiver_popup\"\u003ENe plus afficher ce message\u003C\/label\u003E\n    \u003C\/div\u003E\n\u003C\/div\u003E","success":1}