{"nbFiches":1,"dataPrest":{"infoPrest":{"pave1":{"libelle":"Slogan","contenu":"","fichiers":[]},"pave2":{"libelle":"Descriptif","contenu":"\u003Cp\u003E\u003Cstrong\u003ECin&eacute;-conf&eacute;rence :&nbsp;Antartique, aux confins du monde par Luc D&eacute;noyer\u003C\/strong\u003E\u003Cbr \/\u003E\r\n\u003Cbr \/\u003E\r\nL&rsquo;Antarctique. Ce territoire hostile &agrave; l&rsquo;homme est le th&eacute;&acirc;tre des plus belles aventures humaines.\u003Cbr \/\u003E\r\nNous partons sur les traces des premiers explorateurs &agrave; la rencontre des chercheurs passionn&eacute;s qui y vivent dans des conditions extr&ecirc;mes.\u003Cbr \/\u003E\r\nCe voyage spectaculaire aux confins du monde nous r&eacute;v&egrave;le les splendeurs d&rsquo;un univers unique.\u003Cbr \/\u003E\r\nUn sanctuaire immacul&eacute; que l&rsquo;homme se doit de pr&eacute;server.\u003Cbr \/\u003E\r\n&nbsp;\u003Cbr \/\u003E\r\n\u003Cstrong\u003ELes conf&eacute;renciers\u003C\/strong\u003E&nbsp;\u003Cstrong\u003E:\u003Cbr \/\u003E\r\nLuc D&eacute;noyer\u003C\/strong\u003E\u003Cbr \/\u003E\r\nLuc D&eacute;noyer est auteur, r&eacute;alisateur et conf&eacute;rencier.\u003Cbr \/\u003E\r\nIl d&eacute;couvre l&rsquo;Arctique en 1985 et participe &agrave; la cr&eacute;ation de l&rsquo;agence Grand Nord Grand Large dont il sera guide polaire.\u003Cbr \/\u003E\r\nVoyageur au long cours infatigable, il a rapport&eacute; de ses tours du monde nombre de photos et de films qu&rsquo;il pr&eacute;sente lors de conf&eacute;rences et expositions.\u003Cbr \/\u003E\r\nSon film pr&eacute;c&eacute;dent sur la disparition des banquises a &eacute;t&eacute; pr&eacute;sent&eacute; en avant-premi&egrave;re &agrave; la COP21.\u003Cbr \/\u003E\r\n\u003Cbr \/\u003E\r\n\u200b\u003Cstrong\u003ESol&egrave;ne Desbois\u003C\/strong\u003E\u003Cbr \/\u003E\r\nSol&egrave;ne Desbois est r&eacute;alisatrice et ses voyages&nbsp;s&rsquo;accompagnent toujours de sa cam&eacute;ra.\u003Cbr \/\u003E\r\nApr&egrave;s avoir&nbsp;parcouru l&rsquo;Asie et l&rsquo;Oc&eacute;anie avec son sac-&agrave;-dos, elle&nbsp;embarque sur des bateaux de croisi&egrave;re pour r&eacute;aliser des&nbsp;films de voyage.\u003Cbr \/\u003E\r\nCinq ann&eacute;es de navigation qui l&rsquo;emm&egrave;nent&nbsp;plusieurs fois en Arctique et en Antarctique.\u003Cbr \/\u003E\r\nNourrie par les&nbsp;rencontres et les connaissances des scientifiques &agrave; bord,&nbsp;elle t&eacute;moigne de la richesse de ces terres lointaines.\u003C\/p\u003E\r\n","fichiers":[]},"pave3":{"libelle":"","contenu":""},"pave4":{"libelle":"","contenu":""},"pave5":{"libelle":"","contenu":""},"pave6":{"libelle":"","contenu":""},"pave7":{"libelle":"","contenu":""},"pave8":{"libelle":"","contenu":""},"pave9":{"libelle":"","contenu":""},"pave10":{"libelle":"","contenu":""},"pave11":{"libelle":"","contenu":""},"pave12":{"libelle":"","contenu":""},"pave13":{"libelle":"","contenu":""},"pave14":{"libelle":"","contenu":""},"pave15":{"libelle":"","contenu":""},"pave16":{"libelle":"","contenu":""},"pave17":{"libelle":"","contenu":""},"pave18":{"libelle":"","contenu":""},"pave19":{"libelle":"","contenu":""},"pave20":{"libelle":"","contenu":""},"pave21":{"libelle":"","contenu":""},"pave22":{"libelle":"","contenu":""},"pave23":{"libelle":"","contenu":""},"pave24":{"libelle":"","contenu":""},"pave25":{"libelle":"","contenu":""},"Libelle":"Cin\u00e9-conf\u00e9rence :  Antarctique","Reference":"","Reftar":"","Type":"PRESTATION","TypePrestataire":"Y","ContexteStat":"PRESTATION-Y-LOIPDL044V500448-CINECONFERENCEANTARCTIQUE","DateModificationIso":"2022-02-25T12:51:00+01:00","Adresse":{"LigneAdresse1":"Cin\u00e9jade","LigneAdresse2":"Avenue des Fr\u00e8res Lumi\u00e8re","LigneAdresse3":"","CodePostal":"44250","Ville":"ST BREVIN LES PINS","Cedex":"","Etat":"","Pays":"FRA"},"Id":"y-loipdl044v500448-cineconferenceantarctique","Code":"Y|LOIPDL044V500448|CINECONFERENCEANTARCTIQUE","Cle":"Y|LOIPDL044V500448|CINECONFERENCEANTARCTIQUE","Url":"cine-conference-antarctique.html","Localisation":{"GoogleMap":{"Latitude":"47.23483","Longitude":"-2.15551"}},"ZoneGeo":"","Criteres":{"MISEAJOURINGENIE[DATEDERNIEREMAJ":"20210914","MODEPAIEMENT[LCB":"","MODEPAIEMENT[LESPE":"","MODEPAIEMENT[LCBP":"","ANIAH[ANIACC":"","CATEGORIEANIMATION[CONF":"","CATEGORIEANIMATION[CINEJADE":"","CATEGORIEANIMATION[CINE":"","TYPEDEPROGRAMMATION[CINECONF":"","LIEUMANIF[SAINTBREVIN":"","MISEAJOURPAR[ANNABELLE":""},"Prestataire":{"pave1":{"libelle":"Descriptif","contenu":""},"pave2":{"libelle":"","contenu":""},"pave3":{"libelle":"","contenu":""},"pave4":{"libelle":"","contenu":""},"pave5":{"libelle":"","contenu":""},"pave6":{"libelle":"","contenu":""},"pave7":{"libelle":"","contenu":""},"pave8":{"libelle":"","contenu":""},"pave9":{"libelle":"","contenu":""},"pave10":{"libelle":"","contenu":""},"pave11":{"libelle":"","contenu":""},"pave12":{"libelle":"","contenu":""},"pave13":{"libelle":"","contenu":""},"pave14":{"libelle":"","contenu":""},"pave15":{"libelle":"","contenu":""},"pave16":{"libelle":"","contenu":""},"pave17":{"libelle":"","contenu":""},"pave18":{"libelle":"","contenu":""},"pave19":{"libelle":"","contenu":""},"pave20":{"libelle":"","contenu":""},"pave21":{"libelle":"","contenu":""},"pave22":{"libelle":"","contenu":""},"pave23":{"libelle":"","contenu":""},"pave24":{"libelle":"","contenu":""},"pave25":{"libelle":"","contenu":""},"ContactsParType":{"RESP":{"12":{"id_contact":"12","type_contact":"RESP","categorie_contact":"PRESTATAIRE","societe_contact":"","fonction_contact":"","civilite_nom_prenom_contact":"M Letort Rodolphe ","adresse1_contact":"Avenue des Fr\u00e8res Lumi\u00e8re","adresse2_contact":"","adresse3_contact":"","cpostal_contact":"44250","ville_contact":"ST BREVIN LES PINS","teldom_contact":"02 40 39 39 39","telbur_contact":"","fax_contact":"","portable_contact":"06 03 32 69 03","email_contact":"cinejade@tourisme-saint-brevin.fr","siteweb_contact":"","commentaire_contact":"","langue_contact":"","autre_moyen_com":[]}}},"Libelle":"Cin\u00e9jade","Nom":"Cin\u00e9jade","Prenom":"","NomPrenom":"Cin\u00e9jade ","CiviliteNomPrenom":"Cin\u00e9jade ","Cle":"Y|LOIPDL044V500448","PrestataireParent":"","ContexteStat":"PRESTATAIRE-Y-LOIPDL044V500448","DateModificationIso":"2024-02-12T18:01:00+01:00","Type":"PRESTATAIRE","TypePrestataire":"Y","Adresse":{"LigneAdresse1":"2 Avenue des Fr\u00e8res Lumi\u00e8re","LigneAdresse2":"","LigneAdresse3":"","CodePostal":"44250","Ville":"ST BREVIN LES PINS","Cedex":"","Etat":"","Pays":"FRA"},"Email":"ot@tourisme-saint-brevin.fr","Telephone":"02 40 39 39 39","TelephoneBureau":"","Portable":"","SiteWeb":"","Fax":"","Id":"y-loipdl044v500448","Code":"Y|LOIPDL044V500448","Fichier":[],"Url":"","Localisation":{"GoogleMap":{"Latitude":"47.23479","Longitude":"-2.15553"}},"ZoneGeo":"","Criteres":{"COMMUNES[SAINTBREVIN":"","INSPUBMAJ[GRATUITPRECISER":"Equipement SEM SEL","LDLTH[DHAACO":"","DLATH[DDA":"","THANDI[WC":"","THANDI[ACCESFAUT":"","MAJINGENIE[DATEDERNIEREMAJ":"20170914","MISEAJOUR[ANNABELLE":""},"DateFinPublication":""},"Fichier":{"Video":[{"url":"https:\/\/youtu.be\/OuH_UneLwAs","libelle":"Antarctique aux confins du monde","categorie":"","largeur":"","theme":"","hauteur":"","type":"Video","origine":"YOUTUBE","liaisonPave":"","langue":"","id":"14805","htmlVideo":"\u003Ciframe src=\"https:\/\/www.youtube.com\/embed\/OuH_UneLwAs?wmode=opaque&rel=0&start=0\" width=\"\" height=\"\" style=\"border:0;\" allowfullscreen\u003E\u003C\/iframe\u003E","vignetteVideo":"\u003Cimg src=\"https:\/\/img.youtube.com\/vi\/OuH_UneLwAs\/0.jpg\" \/\u003E"},{"url":"https:\/\/youtu.be\/RxctKnFJieE","libelle":"Antartique","categorie":"","largeur":"","theme":"","hauteur":"","type":"Video","origine":"YOUTUBE","liaisonPave":"","langue":"","id":"14308","htmlVideo":"\u003Ciframe src=\"https:\/\/www.youtube.com\/embed\/RxctKnFJieE?wmode=opaque&rel=0&start=0\" width=\"\" height=\"\" style=\"border:0;\" allowfullscreen\u003E\u003C\/iframe\u003E","vignetteVideo":"\u003Cimg src=\"https:\/\/img.youtube.com\/vi\/RxctKnFJieE\/0.jpg\" \/\u003E"}],"ByCategorie":{"":[{"url":"https:\/\/youtu.be\/OuH_UneLwAs","libelle":"Antarctique aux confins du monde","categorie":"","largeur":"","theme":"","hauteur":"","type":"Video","origine":"YOUTUBE","liaisonPave":"","langue":"","id":"14805","htmlVideo":"\u003Ciframe src=\"https:\/\/www.youtube.com\/embed\/OuH_UneLwAs?wmode=opaque&rel=0&start=0\" width=\"\" height=\"\" style=\"border:0;\" allowfullscreen\u003E\u003C\/iframe\u003E","vignetteVideo":"\u003Cimg src=\"https:\/\/img.youtube.com\/vi\/OuH_UneLwAs\/0.jpg\" \/\u003E"},{"url":"https:\/\/www.saint-brevin.com\/medias\/images\/prestations\/antartique-14806.jpg","chemin":"..\/medias\/images\/prestations\/antartique-14806.jpg","libelle":"antartique-14806","extension":"jpg","categorie":"","largeur":960,"theme":"","hauteur":640,"type":"Image","origine":"","liaisonPave":"","langue":"","id":"14806","urlVignette":"https:\/\/www.saint-brevin.com\/medias\/images\/prestations\/v-antartique-14806.jpg","alt":"antartique-14806","title":"antartique-14806 - &copy Laurence Fischer","MultiTaille":{"1920x1440":{"url":"https:\/\/www.saint-brevin.com\/medias\/images\/prestations\/multitailles\/1920x1440_antartique-14806.jpg"},"1200x900":{"url":"https:\/\/www.saint-brevin.com\/medias\/images\/prestations\/multitailles\/1200x900_antartique-14806.jpg"},"800x600":{"url":"https:\/\/www.saint-brevin.com\/medias\/images\/prestations\/multitailles\/800x600_antartique-14806.jpg"},"640x480":{"url":"https:\/\/www.saint-brevin.com\/medias\/images\/prestations\/multitailles\/640x480_antartique-14806.jpg"},"320x240":{"url":"https:\/\/www.saint-brevin.com\/medias\/images\/prestations\/multitailles\/320x240_antartique-14806.jpg"},"160x120":{"url":"https:\/\/www.saint-brevin.com\/medias\/images\/prestations\/multitailles\/160x120_antartique-14806.jpg"},"origine":{"url":"https:\/\/www.saint-brevin.com\/medias\/images\/prestations\/antartique-14806.jpg"}},"urlLien":"","typeLien":"|","nofollow":"N","copyright":"Laurence Fischer"},{"url":"https:\/\/www.saint-brevin.com\/medias\/images\/prestations\/antarctique-cp-solene-desbois-1-14807.pdf","chemin":"..\/medias\/images\/prestations\/antarctique-cp-solene-desbois-1-14807.pdf","libelle":"antarctique-cp-solene-desbois-1-14807","extension":"pdf","categorie":"","largeur":"","theme":"","hauteur":"","type":"Document","origine":"","liaisonPave":"","langue":"","id":"14807","poids":"4.27 Mo","alt":"antarctique-cp-solene-desbois-1-14807","title":"antarctique-cp-solene-desbois-1-14807"},{"url":"https:\/\/www.saint-brevin.com\/medias\/images\/prestations\/connaissance-du-monde-antartique-cinejade-saint-brevin-13636.jpg","chemin":"..\/medias\/images\/prestations\/connaissance-du-monde-antartique-cinejade-saint-brevin-13636.jpg","libelle":"connaissance-du-monde-antartique-cinejade-saint-brevin-13636","extension":"jpg","categorie":"","largeur":960,"theme":"","hauteur":640,"type":"Image","origine":"","liaisonPave":"","langue":"","id":"13636","urlVignette":"https:\/\/www.saint-brevin.com\/medias\/images\/prestations\/v-connaissance-du-monde-antartique-cinejade-saint-brevin-13636.jpg","alt":"connaissance-du-monde-antartique-cinejade-saint-brevin-13636","title":"connaissance-du-monde-antartique-cinejade-saint-brevin-13636","MultiTaille":{"1920x1440":{"url":"https:\/\/www.saint-brevin.com\/medias\/images\/prestations\/multitailles\/1920x1440_connaissance-du-monde-antartique-cinejade-saint-brevin-13636.jpg"},"1200x900":{"url":"https:\/\/www.saint-brevin.com\/medias\/images\/prestations\/multitailles\/1200x900_connaissance-du-monde-antartique-cinejade-saint-brevin-13636.jpg"},"800x600":{"url":"https:\/\/www.saint-brevin.com\/medias\/images\/prestations\/multitailles\/800x600_connaissance-du-monde-antartique-cinejade-saint-brevin-13636.jpg"},"640x480":{"url":"https:\/\/www.saint-brevin.com\/medias\/images\/prestations\/multitailles\/640x480_connaissance-du-monde-antartique-cinejade-saint-brevin-13636.jpg"},"320x240":{"url":"https:\/\/www.saint-brevin.com\/medias\/images\/prestations\/multitailles\/320x240_connaissance-du-monde-antartique-cinejade-saint-brevin-13636.jpg"},"160x120":{"url":"https:\/\/www.saint-brevin.com\/medias\/images\/prestations\/multitailles\/160x120_connaissance-du-monde-antartique-cinejade-saint-brevin-13636.jpg"},"origine":{"url":"https:\/\/www.saint-brevin.com\/medias\/images\/prestations\/connaissance-du-monde-antartique-cinejade-saint-brevin-13636.jpg"}},"urlLien":"","typeLien":"","nofollow":"N","copyright":""},{"url":"https:\/\/youtu.be\/RxctKnFJieE","libelle":"Antartique","categorie":"","largeur":"","theme":"","hauteur":"","type":"Video","origine":"YOUTUBE","liaisonPave":"","langue":"","id":"14308","htmlVideo":"\u003Ciframe src=\"https:\/\/www.youtube.com\/embed\/RxctKnFJieE?wmode=opaque&rel=0&start=0\" width=\"\" height=\"\" style=\"border:0;\" allowfullscreen\u003E\u003C\/iframe\u003E","vignetteVideo":"\u003Cimg src=\"https:\/\/img.youtube.com\/vi\/RxctKnFJieE\/0.jpg\" \/\u003E"},{"url":"https:\/\/www.saint-brevin.com\/medias\/images\/prestations\/luc-denoyer-14771.jpg","chemin":"..\/medias\/images\/prestations\/luc-denoyer-14771.jpg","libelle":"luc-denoyer-14771","extension":"jpg","categorie":"","largeur":852,"theme":"","hauteur":546,"type":"Image","origine":"","liaisonPave":"","langue":"","id":"14771","urlVignette":"https:\/\/www.saint-brevin.com\/medias\/images\/prestations\/v-luc-denoyer-14771.jpg","alt":"luc-denoyer-14771","title":"luc-denoyer-14771","MultiTaille":{"1920x1440":{"url":"https:\/\/www.saint-brevin.com\/medias\/images\/prestations\/multitailles\/1920x1440_luc-denoyer-14771.jpg"},"1200x900":{"url":"https:\/\/www.saint-brevin.com\/medias\/images\/prestations\/multitailles\/1200x900_luc-denoyer-14771.jpg"},"800x600":{"url":"https:\/\/www.saint-brevin.com\/medias\/images\/prestations\/multitailles\/800x600_luc-denoyer-14771.jpg"},"640x480":{"url":"https:\/\/www.saint-brevin.com\/medias\/images\/prestations\/multitailles\/640x480_luc-denoyer-14771.jpg"},"320x240":{"url":"https:\/\/www.saint-brevin.com\/medias\/images\/prestations\/multitailles\/320x240_luc-denoyer-14771.jpg"},"160x120":{"url":"https:\/\/www.saint-brevin.com\/medias\/images\/prestations\/multitailles\/160x120_luc-denoyer-14771.jpg"},"origine":{"url":"https:\/\/www.saint-brevin.com\/medias\/images\/prestations\/luc-denoyer-14771.jpg"}},"urlLien":"","typeLien":"","nofollow":"N","copyright":""},{"url":"https:\/\/www.saint-brevin.com\/medias\/images\/prestations\/a3-antarctique-13635.jpg","chemin":"..\/medias\/images\/prestations\/a3-antarctique-13635.jpg","libelle":"a3-antarctique-13635","extension":"jpg","categorie":"","largeur":842,"theme":"","hauteur":1191,"type":"Image","origine":"","liaisonPave":"","langue":"","id":"13635","urlVignette":"https:\/\/www.saint-brevin.com\/medias\/images\/prestations\/v-a3-antarctique-13635.jpg","alt":"a3-antarctique-13635","title":"a3-antarctique-13635","MultiTaille":{"1920x1440":{"url":"https:\/\/www.saint-brevin.com\/medias\/images\/prestations\/multitailles\/1920x1440_a3-antarctique-13635.jpg"},"1200x900":{"url":"https:\/\/www.saint-brevin.com\/medias\/images\/prestations\/multitailles\/1200x900_a3-antarctique-13635.jpg"},"800x600":{"url":"https:\/\/www.saint-brevin.com\/medias\/images\/prestations\/multitailles\/800x600_a3-antarctique-13635.jpg"},"640x480":{"url":"https:\/\/www.saint-brevin.com\/medias\/images\/prestations\/multitailles\/640x480_a3-antarctique-13635.jpg"},"320x240":{"url":"https:\/\/www.saint-brevin.com\/medias\/images\/prestations\/multitailles\/320x240_a3-antarctique-13635.jpg"},"160x120":{"url":"https:\/\/www.saint-brevin.com\/medias\/images\/prestations\/multitailles\/160x120_a3-antarctique-13635.jpg"},"origine":{"url":"https:\/\/www.saint-brevin.com\/medias\/images\/prestations\/a3-antarctique-13635.jpg"}},"urlLien":"","typeLien":"","nofollow":"N","copyright":""},{"url":"https:\/\/www.saint-brevin.com\/medias\/images\/prestations\/solene-desbois-laurencefischer-1-14808.jpg","chemin":"..\/medias\/images\/prestations\/solene-desbois-laurencefischer-1-14808.jpg","libelle":"solene-desbois-laurencefischer-1-14808","extension":"jpg","categorie":"","largeur":1334,"theme":"","hauteur":1474,"type":"Image","origine":"","liaisonPave":"","langue":"","id":"14808","urlVignette":"https:\/\/www.saint-brevin.com\/medias\/images\/prestations\/v-solene-desbois-laurencefischer-1-14808.jpg","alt":"solene-desbois-laurencefischer-1-14808","title":"solene-desbois-laurencefischer-1-14808","MultiTaille":{"1920x1440":{"url":"https:\/\/www.saint-brevin.com\/medias\/images\/prestations\/multitailles\/1920x1440_solene-desbois-laurencefischer-1-14808.jpg"},"1200x900":{"url":"https:\/\/www.saint-brevin.com\/medias\/images\/prestations\/multitailles\/1200x900_solene-desbois-laurencefischer-1-14808.jpg"},"800x600":{"url":"https:\/\/www.saint-brevin.com\/medias\/images\/prestations\/multitailles\/800x600_solene-desbois-laurencefischer-1-14808.jpg"},"640x480":{"url":"https:\/\/www.saint-brevin.com\/medias\/images\/prestations\/multitailles\/640x480_solene-desbois-laurencefischer-1-14808.jpg"},"320x240":{"url":"https:\/\/www.saint-brevin.com\/medias\/images\/prestations\/multitailles\/320x240_solene-desbois-laurencefischer-1-14808.jpg"},"160x120":{"url":"https:\/\/www.saint-brevin.com\/medias\/images\/prestations\/multitailles\/160x120_solene-desbois-laurencefischer-1-14808.jpg"},"origine":{"url":"https:\/\/www.saint-brevin.com\/medias\/images\/prestations\/solene-desbois-laurencefischer-1-14808.jpg"}},"urlLien":"","typeLien":"","nofollow":"N","copyright":""},{"url":"https:\/\/www.saint-brevin.com\/medias\/images\/prestations\/antarctique-laurence-fischer-4-14809.jpg","chemin":"..\/medias\/images\/prestations\/antarctique-laurence-fischer-4-14809.jpg","libelle":"antarctique-laurence-fischer-4-14809","extension":"jpg","categorie":"","largeur":1000,"theme":"","hauteur":542,"type":"Image","origine":"","liaisonPave":"","langue":"","id":"14809","urlVignette":"https:\/\/www.saint-brevin.com\/medias\/images\/prestations\/v-antarctique-laurence-fischer-4-14809.jpg","alt":"antarctique-laurence-fischer-4-14809","title":"antarctique-laurence-fischer-4-14809","MultiTaille":{"1920x1440":{"url":"https:\/\/www.saint-brevin.com\/medias\/images\/prestations\/multitailles\/1920x1440_antarctique-laurence-fischer-4-14809.jpg"},"1200x900":{"url":"https:\/\/www.saint-brevin.com\/medias\/images\/prestations\/multitailles\/1200x900_antarctique-laurence-fischer-4-14809.jpg"},"800x600":{"url":"https:\/\/www.saint-brevin.com\/medias\/images\/prestations\/multitailles\/800x600_antarctique-laurence-fischer-4-14809.jpg"},"640x480":{"url":"https:\/\/www.saint-brevin.com\/medias\/images\/prestations\/multitailles\/640x480_antarctique-laurence-fischer-4-14809.jpg"},"320x240":{"url":"https:\/\/www.saint-brevin.com\/medias\/images\/prestations\/multitailles\/320x240_antarctique-laurence-fischer-4-14809.jpg"},"160x120":{"url":"https:\/\/www.saint-brevin.com\/medias\/images\/prestations\/multitailles\/160x120_antarctique-laurence-fischer-4-14809.jpg"},"origine":{"url":"https:\/\/www.saint-brevin.com\/medias\/images\/prestations\/antarctique-laurence-fischer-4-14809.jpg"}},"urlLien":"","typeLien":"","nofollow":"N","copyright":""},{"url":"https:\/\/www.saint-brevin.com\/medias\/images\/prestations\/antarctique-laurence-fischer-8-14810.jpg","chemin":"..\/medias\/images\/prestations\/antarctique-laurence-fischer-8-14810.jpg","libelle":"antarctique-laurence-fischer-8-14810","extension":"jpg","categorie":"","largeur":1000,"theme":"","hauteur":666,"type":"Image","origine":"","liaisonPave":"","langue":"","id":"14810","urlVignette":"https:\/\/www.saint-brevin.com\/medias\/images\/prestations\/v-antarctique-laurence-fischer-8-14810.jpg","alt":"antarctique-laurence-fischer-8-14810","title":"antarctique-laurence-fischer-8-14810","MultiTaille":{"1920x1440":{"url":"https:\/\/www.saint-brevin.com\/medias\/images\/prestations\/multitailles\/1920x1440_antarctique-laurence-fischer-8-14810.jpg"},"1200x900":{"url":"https:\/\/www.saint-brevin.com\/medias\/images\/prestations\/multitailles\/1200x900_antarctique-laurence-fischer-8-14810.jpg"},"800x600":{"url":"https:\/\/www.saint-brevin.com\/medias\/images\/prestations\/multitailles\/800x600_antarctique-laurence-fischer-8-14810.jpg"},"640x480":{"url":"https:\/\/www.saint-brevin.com\/medias\/images\/prestations\/multitailles\/640x480_antarctique-laurence-fischer-8-14810.jpg"},"320x240":{"url":"https:\/\/www.saint-brevin.com\/medias\/images\/prestations\/multitailles\/320x240_antarctique-laurence-fischer-8-14810.jpg"},"160x120":{"url":"https:\/\/www.saint-brevin.com\/medias\/images\/prestations\/multitailles\/160x120_antarctique-laurence-fischer-8-14810.jpg"},"origine":{"url":"https:\/\/www.saint-brevin.com\/medias\/images\/prestations\/antarctique-laurence-fischer-8-14810.jpg"}},"urlLien":"","typeLien":"","nofollow":"N","copyright":""},{"url":"https:\/\/www.saint-brevin.com\/medias\/images\/prestations\/antarctique-laurence-fischer-1-14811.jpg","chemin":"..\/medias\/images\/prestations\/antarctique-laurence-fischer-1-14811.jpg","libelle":"antarctique-laurence-fischer-1-14811","extension":"jpg","categorie":"","largeur":1800,"theme":"","hauteur":1198,"type":"Image","origine":"","liaisonPave":"","langue":"","id":"14811","urlVignette":"https:\/\/www.saint-brevin.com\/medias\/images\/prestations\/v-antarctique-laurence-fischer-1-14811.jpg","alt":"antarctique-laurence-fischer-1-14811","title":"antarctique-laurence-fischer-1-14811 - &copy Laurence Fischer","MultiTaille":{"1920x1440":{"url":"https:\/\/www.saint-brevin.com\/medias\/images\/prestations\/multitailles\/1920x1440_antarctique-laurence-fischer-1-14811.jpg"},"1200x900":{"url":"https:\/\/www.saint-brevin.com\/medias\/images\/prestations\/multitailles\/1200x900_antarctique-laurence-fischer-1-14811.jpg"},"800x600":{"url":"https:\/\/www.saint-brevin.com\/medias\/images\/prestations\/multitailles\/800x600_antarctique-laurence-fischer-1-14811.jpg"},"640x480":{"url":"https:\/\/www.saint-brevin.com\/medias\/images\/prestations\/multitailles\/640x480_antarctique-laurence-fischer-1-14811.jpg"},"320x240":{"url":"https:\/\/www.saint-brevin.com\/medias\/images\/prestations\/multitailles\/320x240_antarctique-laurence-fischer-1-14811.jpg"},"160x120":{"url":"https:\/\/www.saint-brevin.com\/medias\/images\/prestations\/multitailles\/160x120_antarctique-laurence-fischer-1-14811.jpg"},"origine":{"url":"https:\/\/www.saint-brevin.com\/medias\/images\/prestations\/antarctique-laurence-fischer-1-14811.jpg"}},"urlLien":"","typeLien":"|","nofollow":"N","copyright":"Laurence Fischer"}]},"Image":[{"url":"https:\/\/www.saint-brevin.com\/medias\/images\/prestations\/antartique-14806.jpg","chemin":"..\/medias\/images\/prestations\/antartique-14806.jpg","libelle":"antartique-14806","extension":"jpg","categorie":"","largeur":960,"theme":"","hauteur":640,"type":"Image","origine":"","liaisonPave":"","langue":"","id":"14806","urlVignette":"https:\/\/www.saint-brevin.com\/medias\/images\/prestations\/v-antartique-14806.jpg","alt":"antartique-14806","title":"antartique-14806 - &copy Laurence Fischer","MultiTaille":{"1920x1440":{"url":"https:\/\/www.saint-brevin.com\/medias\/images\/prestations\/multitailles\/1920x1440_antartique-14806.jpg"},"1200x900":{"url":"https:\/\/www.saint-brevin.com\/medias\/images\/prestations\/multitailles\/1200x900_antartique-14806.jpg"},"800x600":{"url":"https:\/\/www.saint-brevin.com\/medias\/images\/prestations\/multitailles\/800x600_antartique-14806.jpg"},"640x480":{"url":"https:\/\/www.saint-brevin.com\/medias\/images\/prestations\/multitailles\/640x480_antartique-14806.jpg"},"320x240":{"url":"https:\/\/www.saint-brevin.com\/medias\/images\/prestations\/multitailles\/320x240_antartique-14806.jpg"},"160x120":{"url":"https:\/\/www.saint-brevin.com\/medias\/images\/prestations\/multitailles\/160x120_antartique-14806.jpg"},"origine":{"url":"https:\/\/www.saint-brevin.com\/medias\/images\/prestations\/antartique-14806.jpg"}},"urlLien":"","typeLien":"|","nofollow":"N","copyright":"Laurence Fischer"},{"url":"https:\/\/www.saint-brevin.com\/medias\/images\/prestations\/connaissance-du-monde-antartique-cinejade-saint-brevin-13636.jpg","chemin":"..\/medias\/images\/prestations\/connaissance-du-monde-antartique-cinejade-saint-brevin-13636.jpg","libelle":"connaissance-du-monde-antartique-cinejade-saint-brevin-13636","extension":"jpg","categorie":"","largeur":960,"theme":"","hauteur":640,"type":"Image","origine":"","liaisonPave":"","langue":"","id":"13636","urlVignette":"https:\/\/www.saint-brevin.com\/medias\/images\/prestations\/v-connaissance-du-monde-antartique-cinejade-saint-brevin-13636.jpg","alt":"connaissance-du-monde-antartique-cinejade-saint-brevin-13636","title":"connaissance-du-monde-antartique-cinejade-saint-brevin-13636","MultiTaille":{"1920x1440":{"url":"https:\/\/www.saint-brevin.com\/medias\/images\/prestations\/multitailles\/1920x1440_connaissance-du-monde-antartique-cinejade-saint-brevin-13636.jpg"},"1200x900":{"url":"https:\/\/www.saint-brevin.com\/medias\/images\/prestations\/multitailles\/1200x900_connaissance-du-monde-antartique-cinejade-saint-brevin-13636.jpg"},"800x600":{"url":"https:\/\/www.saint-brevin.com\/medias\/images\/prestations\/multitailles\/800x600_connaissance-du-monde-antartique-cinejade-saint-brevin-13636.jpg"},"640x480":{"url":"https:\/\/www.saint-brevin.com\/medias\/images\/prestations\/multitailles\/640x480_connaissance-du-monde-antartique-cinejade-saint-brevin-13636.jpg"},"320x240":{"url":"https:\/\/www.saint-brevin.com\/medias\/images\/prestations\/multitailles\/320x240_connaissance-du-monde-antartique-cinejade-saint-brevin-13636.jpg"},"160x120":{"url":"https:\/\/www.saint-brevin.com\/medias\/images\/prestations\/multitailles\/160x120_connaissance-du-monde-antartique-cinejade-saint-brevin-13636.jpg"},"origine":{"url":"https:\/\/www.saint-brevin.com\/medias\/images\/prestations\/connaissance-du-monde-antartique-cinejade-saint-brevin-13636.jpg"}},"urlLien":"","typeLien":"","nofollow":"N","copyright":""},{"url":"https:\/\/www.saint-brevin.com\/medias\/images\/prestations\/luc-denoyer-14771.jpg","chemin":"..\/medias\/images\/prestations\/luc-denoyer-14771.jpg","libelle":"luc-denoyer-14771","extension":"jpg","categorie":"","largeur":852,"theme":"","hauteur":546,"type":"Image","origine":"","liaisonPave":"","langue":"","id":"14771","urlVignette":"https:\/\/www.saint-brevin.com\/medias\/images\/prestations\/v-luc-denoyer-14771.jpg","alt":"luc-denoyer-14771","title":"luc-denoyer-14771","MultiTaille":{"1920x1440":{"url":"https:\/\/www.saint-brevin.com\/medias\/images\/prestations\/multitailles\/1920x1440_luc-denoyer-14771.jpg"},"1200x900":{"url":"https:\/\/www.saint-brevin.com\/medias\/images\/prestations\/multitailles\/1200x900_luc-denoyer-14771.jpg"},"800x600":{"url":"https:\/\/www.saint-brevin.com\/medias\/images\/prestations\/multitailles\/800x600_luc-denoyer-14771.jpg"},"640x480":{"url":"https:\/\/www.saint-brevin.com\/medias\/images\/prestations\/multitailles\/640x480_luc-denoyer-14771.jpg"},"320x240":{"url":"https:\/\/www.saint-brevin.com\/medias\/images\/prestations\/multitailles\/320x240_luc-denoyer-14771.jpg"},"160x120":{"url":"https:\/\/www.saint-brevin.com\/medias\/images\/prestations\/multitailles\/160x120_luc-denoyer-14771.jpg"},"origine":{"url":"https:\/\/www.saint-brevin.com\/medias\/images\/prestations\/luc-denoyer-14771.jpg"}},"urlLien":"","typeLien":"","nofollow":"N","copyright":""},{"url":"https:\/\/www.saint-brevin.com\/medias\/images\/prestations\/a3-antarctique-13635.jpg","chemin":"..\/medias\/images\/prestations\/a3-antarctique-13635.jpg","libelle":"a3-antarctique-13635","extension":"jpg","categorie":"","largeur":842,"theme":"","hauteur":1191,"type":"Image","origine":"","liaisonPave":"","langue":"","id":"13635","urlVignette":"https:\/\/www.saint-brevin.com\/medias\/images\/prestations\/v-a3-antarctique-13635.jpg","alt":"a3-antarctique-13635","title":"a3-antarctique-13635","MultiTaille":{"1920x1440":{"url":"https:\/\/www.saint-brevin.com\/medias\/images\/prestations\/multitailles\/1920x1440_a3-antarctique-13635.jpg"},"1200x900":{"url":"https:\/\/www.saint-brevin.com\/medias\/images\/prestations\/multitailles\/1200x900_a3-antarctique-13635.jpg"},"800x600":{"url":"https:\/\/www.saint-brevin.com\/medias\/images\/prestations\/multitailles\/800x600_a3-antarctique-13635.jpg"},"640x480":{"url":"https:\/\/www.saint-brevin.com\/medias\/images\/prestations\/multitailles\/640x480_a3-antarctique-13635.jpg"},"320x240":{"url":"https:\/\/www.saint-brevin.com\/medias\/images\/prestations\/multitailles\/320x240_a3-antarctique-13635.jpg"},"160x120":{"url":"https:\/\/www.saint-brevin.com\/medias\/images\/prestations\/multitailles\/160x120_a3-antarctique-13635.jpg"},"origine":{"url":"https:\/\/www.saint-brevin.com\/medias\/images\/prestations\/a3-antarctique-13635.jpg"}},"urlLien":"","typeLien":"","nofollow":"N","copyright":""},{"url":"https:\/\/www.saint-brevin.com\/medias\/images\/prestations\/solene-desbois-laurencefischer-1-14808.jpg","chemin":"..\/medias\/images\/prestations\/solene-desbois-laurencefischer-1-14808.jpg","libelle":"solene-desbois-laurencefischer-1-14808","extension":"jpg","categorie":"","largeur":1334,"theme":"","hauteur":1474,"type":"Image","origine":"","liaisonPave":"","langue":"","id":"14808","urlVignette":"https:\/\/www.saint-brevin.com\/medias\/images\/prestations\/v-solene-desbois-laurencefischer-1-14808.jpg","alt":"solene-desbois-laurencefischer-1-14808","title":"solene-desbois-laurencefischer-1-14808","MultiTaille":{"1920x1440":{"url":"https:\/\/www.saint-brevin.com\/medias\/images\/prestations\/multitailles\/1920x1440_solene-desbois-laurencefischer-1-14808.jpg"},"1200x900":{"url":"https:\/\/www.saint-brevin.com\/medias\/images\/prestations\/multitailles\/1200x900_solene-desbois-laurencefischer-1-14808.jpg"},"800x600":{"url":"https:\/\/www.saint-brevin.com\/medias\/images\/prestations\/multitailles\/800x600_solene-desbois-laurencefischer-1-14808.jpg"},"640x480":{"url":"https:\/\/www.saint-brevin.com\/medias\/images\/prestations\/multitailles\/640x480_solene-desbois-laurencefischer-1-14808.jpg"},"320x240":{"url":"https:\/\/www.saint-brevin.com\/medias\/images\/prestations\/multitailles\/320x240_solene-desbois-laurencefischer-1-14808.jpg"},"160x120":{"url":"https:\/\/www.saint-brevin.com\/medias\/images\/prestations\/multitailles\/160x120_solene-desbois-laurencefischer-1-14808.jpg"},"origine":{"url":"https:\/\/www.saint-brevin.com\/medias\/images\/prestations\/solene-desbois-laurencefischer-1-14808.jpg"}},"urlLien":"","typeLien":"","nofollow":"N","copyright":""},{"url":"https:\/\/www.saint-brevin.com\/medias\/images\/prestations\/antarctique-laurence-fischer-4-14809.jpg","chemin":"..\/medias\/images\/prestations\/antarctique-laurence-fischer-4-14809.jpg","libelle":"antarctique-laurence-fischer-4-14809","extension":"jpg","categorie":"","largeur":1000,"theme":"","hauteur":542,"type":"Image","origine":"","liaisonPave":"","langue":"","id":"14809","urlVignette":"https:\/\/www.saint-brevin.com\/medias\/images\/prestations\/v-antarctique-laurence-fischer-4-14809.jpg","alt":"antarctique-laurence-fischer-4-14809","title":"antarctique-laurence-fischer-4-14809","MultiTaille":{"1920x1440":{"url":"https:\/\/www.saint-brevin.com\/medias\/images\/prestations\/multitailles\/1920x1440_antarctique-laurence-fischer-4-14809.jpg"},"1200x900":{"url":"https:\/\/www.saint-brevin.com\/medias\/images\/prestations\/multitailles\/1200x900_antarctique-laurence-fischer-4-14809.jpg"},"800x600":{"url":"https:\/\/www.saint-brevin.com\/medias\/images\/prestations\/multitailles\/800x600_antarctique-laurence-fischer-4-14809.jpg"},"640x480":{"url":"https:\/\/www.saint-brevin.com\/medias\/images\/prestations\/multitailles\/640x480_antarctique-laurence-fischer-4-14809.jpg"},"320x240":{"url":"https:\/\/www.saint-brevin.com\/medias\/images\/prestations\/multitailles\/320x240_antarctique-laurence-fischer-4-14809.jpg"},"160x120":{"url":"https:\/\/www.saint-brevin.com\/medias\/images\/prestations\/multitailles\/160x120_antarctique-laurence-fischer-4-14809.jpg"},"origine":{"url":"https:\/\/www.saint-brevin.com\/medias\/images\/prestations\/antarctique-laurence-fischer-4-14809.jpg"}},"urlLien":"","typeLien":"","nofollow":"N","copyright":""},{"url":"https:\/\/www.saint-brevin.com\/medias\/images\/prestations\/antarctique-laurence-fischer-8-14810.jpg","chemin":"..\/medias\/images\/prestations\/antarctique-laurence-fischer-8-14810.jpg","libelle":"antarctique-laurence-fischer-8-14810","extension":"jpg","categorie":"","largeur":1000,"theme":"","hauteur":666,"type":"Image","origine":"","liaisonPave":"","langue":"","id":"14810","urlVignette":"https:\/\/www.saint-brevin.com\/medias\/images\/prestations\/v-antarctique-laurence-fischer-8-14810.jpg","alt":"antarctique-laurence-fischer-8-14810","title":"antarctique-laurence-fischer-8-14810","MultiTaille":{"1920x1440":{"url":"https:\/\/www.saint-brevin.com\/medias\/images\/prestations\/multitailles\/1920x1440_antarctique-laurence-fischer-8-14810.jpg"},"1200x900":{"url":"https:\/\/www.saint-brevin.com\/medias\/images\/prestations\/multitailles\/1200x900_antarctique-laurence-fischer-8-14810.jpg"},"800x600":{"url":"https:\/\/www.saint-brevin.com\/medias\/images\/prestations\/multitailles\/800x600_antarctique-laurence-fischer-8-14810.jpg"},"640x480":{"url":"https:\/\/www.saint-brevin.com\/medias\/images\/prestations\/multitailles\/640x480_antarctique-laurence-fischer-8-14810.jpg"},"320x240":{"url":"https:\/\/www.saint-brevin.com\/medias\/images\/prestations\/multitailles\/320x240_antarctique-laurence-fischer-8-14810.jpg"},"160x120":{"url":"https:\/\/www.saint-brevin.com\/medias\/images\/prestations\/multitailles\/160x120_antarctique-laurence-fischer-8-14810.jpg"},"origine":{"url":"https:\/\/www.saint-brevin.com\/medias\/images\/prestations\/antarctique-laurence-fischer-8-14810.jpg"}},"urlLien":"","typeLien":"","nofollow":"N","copyright":""},{"url":"https:\/\/www.saint-brevin.com\/medias\/images\/prestations\/antarctique-laurence-fischer-1-14811.jpg","chemin":"..\/medias\/images\/prestations\/antarctique-laurence-fischer-1-14811.jpg","libelle":"antarctique-laurence-fischer-1-14811","extension":"jpg","categorie":"","largeur":1800,"theme":"","hauteur":1198,"type":"Image","origine":"","liaisonPave":"","langue":"","id":"14811","urlVignette":"https:\/\/www.saint-brevin.com\/medias\/images\/prestations\/v-antarctique-laurence-fischer-1-14811.jpg","alt":"antarctique-laurence-fischer-1-14811","title":"antarctique-laurence-fischer-1-14811 - &copy Laurence Fischer","MultiTaille":{"1920x1440":{"url":"https:\/\/www.saint-brevin.com\/medias\/images\/prestations\/multitailles\/1920x1440_antarctique-laurence-fischer-1-14811.jpg"},"1200x900":{"url":"https:\/\/www.saint-brevin.com\/medias\/images\/prestations\/multitailles\/1200x900_antarctique-laurence-fischer-1-14811.jpg"},"800x600":{"url":"https:\/\/www.saint-brevin.com\/medias\/images\/prestations\/multitailles\/800x600_antarctique-laurence-fischer-1-14811.jpg"},"640x480":{"url":"https:\/\/www.saint-brevin.com\/medias\/images\/prestations\/multitailles\/640x480_antarctique-laurence-fischer-1-14811.jpg"},"320x240":{"url":"https:\/\/www.saint-brevin.com\/medias\/images\/prestations\/multitailles\/320x240_antarctique-laurence-fischer-1-14811.jpg"},"160x120":{"url":"https:\/\/www.saint-brevin.com\/medias\/images\/prestations\/multitailles\/160x120_antarctique-laurence-fischer-1-14811.jpg"},"origine":{"url":"https:\/\/www.saint-brevin.com\/medias\/images\/prestations\/antarctique-laurence-fischer-1-14811.jpg"}},"urlLien":"","typeLien":"|","nofollow":"N","copyright":"Laurence Fischer"}],"Document":[{"url":"https:\/\/www.saint-brevin.com\/medias\/images\/prestations\/antarctique-cp-solene-desbois-1-14807.pdf","chemin":"..\/medias\/images\/prestations\/antarctique-cp-solene-desbois-1-14807.pdf","libelle":"antarctique-cp-solene-desbois-1-14807","extension":"pdf","categorie":"","largeur":"","theme":"","hauteur":"","type":"Document","origine":"","liaisonPave":"","langue":"","id":"14807","poids":"4.27 Mo","alt":"antarctique-cp-solene-desbois-1-14807","title":"antarctique-cp-solene-desbois-1-14807"}]},"DateDebPublication":"","DateFinPublication":"","PrixAPartirDe":"","PrixPour":"","FicheListeEnCours":"fiche_liste_agenda_prestation_v2017","ParametresModele":{"AfficherPhotos":"1","NbPhotosMax":6,"AfficherReserver":0,"AfficherContact":0,"AfficherSalle":1,"AfficherZoneGeo":0,"AfficherEnSavoirPlus":"1","AfficherUneSeuleOuverture":"1","AfficherContactCarte":1,"AfficherTarifsChaudAPartirDe":0,"AfficherTarifChaudSansRecherche":0,"AfficherLiensCarnetVoyage":"1","AfficherOuverture":"1","BlocCritereInfo":{"critere1":{"libelle":""},"critere2":{"libelle":""},"critere3":{"libelle":""},"critere4":{"libelle":""},"critere5":{"libelle":""},"critere6":{"libelle":""},"critere7":{"libelle":"","liste_critere":["COMMUNES|Y"]},"critere8":{"libelle":""},"critere9":{"libelle":""},"afficherpictoetpaslibelle":"1"},"CriteresComportementResa":"|RESABILLET[RESAENLIGNE|","PositionBloc":"GALLERIE|NOM|OUVERTURES|CARNET_VOYAGE|URL|LIEN_RESERVER_DETAIL","TypePrestataire":"Y","ComportementResa":false,"ComportementDispo":false},"AffichageCoordonnees":[],"Coordonnees":{"Ville":"ST BREVIN LES PINS"},"ContexteId":"PRESTATION|Y|LOIPDL044V500448|CINECONFERENCEANTARCTIQUE","ContexteIdHtml":"PRESTATION-Y-LOIPDL044V500448-CINECONFERENCEANTARCTIQUE","cleContexte":"Y|LOIPDL044V500448|CINECONFERENCEANTARCTIQUE","Bloc":{"texte1":"","texte3":"","critere1":{"libelle":"","contenu":[]},"critere2":{"libelle":"","contenu":[]},"critere3":{"libelle":"","contenu":[]},"critere4":{"libelle":"","contenu":[]},"critere5":{"libelle":"","contenu":[]},"critere6":{"libelle":"","contenu":[]},"critere7":{"libelle":"","contenu":{"COMMUNES":{"libelle":"COMMUNE","contenu":{"1":"Saint-Brevin"},"codesValeurs":{"1":"COMMUNES|SAINTBREVIN|Y"},"criteres_datas":{"valeurs":{"1":{"SAINTBREVIN":{"descriptif":""}}}}}}},"critere8":{"libelle":"","contenu":[]},"critere9":{"libelle":"","contenu":[]}},"LocalisationGps":{"Latitude":"47.23483","Longitude":"-2.15551"},"libelleDuPrestataire":"","vuePrestataire":{"pave1":{"libelle":"Descriptif","contenu":""},"pave2":{"libelle":"","contenu":""},"pave3":{"libelle":"","contenu":""},"pave4":{"libelle":"","contenu":""},"pave5":{"libelle":"","contenu":""},"pave6":{"libelle":"","contenu":""},"pave7":{"libelle":"","contenu":""},"pave8":{"libelle":"","contenu":""},"pave9":{"libelle":"","contenu":""},"pave10":{"libelle":"","contenu":""},"pave11":{"libelle":"","contenu":""},"pave12":{"libelle":"","contenu":""},"pave13":{"libelle":"","contenu":""},"pave14":{"libelle":"","contenu":""},"pave15":{"libelle":"","contenu":""},"pave16":{"libelle":"","contenu":""},"pave17":{"libelle":"","contenu":""},"pave18":{"libelle":"","contenu":""},"pave19":{"libelle":"","contenu":""},"pave20":{"libelle":"","contenu":""},"pave21":{"libelle":"","contenu":""},"pave22":{"libelle":"","contenu":""},"pave23":{"libelle":"","contenu":""},"pave24":{"libelle":"","contenu":""},"pave25":{"libelle":"","contenu":""},"ContactsParType":{"RESP":{"12":{"id_contact":"12","type_contact":"RESP","categorie_contact":"PRESTATAIRE","societe_contact":"","fonction_contact":"","civilite_nom_prenom_contact":"M Letort Rodolphe ","adresse1_contact":"Avenue des Fr\u00e8res Lumi\u00e8re","adresse2_contact":"","adresse3_contact":"","cpostal_contact":"44250","ville_contact":"ST BREVIN LES PINS","teldom_contact":"02 40 39 39 39","telbur_contact":"","fax_contact":"","portable_contact":"06 03 32 69 03","email_contact":"cinejade@tourisme-saint-brevin.fr","siteweb_contact":"","commentaire_contact":"","langue_contact":"","autre_moyen_com":[]}}},"Libelle":"Cin\u00e9jade","Nom":"Cin\u00e9jade","Prenom":"","NomPrenom":"Cin\u00e9jade ","CiviliteNomPrenom":"Cin\u00e9jade ","Cle":"Y|LOIPDL044V500448","PrestataireParent":"","ContexteStat":"PRESTATAIRE-Y-LOIPDL044V500448","DateModificationIso":"2024-02-12T18:01:00+01:00","Type":"PRESTATAIRE","TypePrestataire":"Y","Adresse":{"LigneAdresse1":"2 Avenue des Fr\u00e8res Lumi\u00e8re","LigneAdresse2":"","LigneAdresse3":"","CodePostal":"44250","Ville":"ST BREVIN LES PINS","Cedex":"","Etat":"","Pays":"FRA"},"Email":"ot@tourisme-saint-brevin.fr","Telephone":"02 40 39 39 39","TelephoneBureau":"","Portable":"","SiteWeb":"","Fax":"","Id":"y-loipdl044v500448","Code":"Y|LOIPDL044V500448","Fichier":[],"Url":"","Localisation":{"GoogleMap":{"Latitude":"47.23479","Longitude":"-2.15553"}},"ZoneGeo":"","Criteres":{"COMMUNES[SAINTBREVIN":"","INSPUBMAJ[GRATUITPRECISER":"Equipement SEM SEL","LDLTH[DHAACO":"","DLATH[DDA":"","THANDI[WC":"","THANDI[ACCESFAUT":"","MAJINGENIE[DATEDERNIEREMAJ":"20170914","MISEAJOUR[ANNABELLE":""},"DateFinPublication":"","AffichageCoordonnees":[]},"listeCriteres":{"MISEAJOURINGENIE":{"DATEDERNIEREMAJ":"20210914"},"MODEPAIEMENT":{"LCB":"","LESPE":"","LCBP":""},"ANIAH":{"ANIACC":""},"CATEGORIEANIMATION":{"CONF":"","CINEJADE":"","CINE":""},"TYPEDEPROGRAMMATION":{"CINECONF":""},"LIEUMANIF":{"SAINTBREVIN":""},"MISEAJOURPAR":{"ANNABELLE":""},"COMMUNES":{"SAINTBREVIN":""},"INSPUBMAJ":{"GRATUITPRECISER":"Equipement SEM SEL"},"LDLTH":{"DHAACO":""},"DLATH":{"DDA":""},"THANDI":{"WC":"","ACCESFAUT":""},"MAJINGENIE":{"DATEDERNIEREMAJ":"20170914"},"MISEAJOUR":{"ANNABELLE":""}},"dansCarnetVoyage":true,"Ouverture":[],"OuverturePasse":[]},"html":" \n \u003Cdiv id=\"CV-PRESTATION-Y-LOIPDL044V500448-CINECONFERENCEANTARCTIQUE\" data-contexte-id=\"PRESTATION|Y|LOIPDL044V500448|CINECONFERENCEANTARCTIQUE\" data-cle=\"Y|LOIPDL044V500448|CINECONFERENCEANTARCTIQUE\" class=\"fiche-liste\"\u003E\n    \n\n    \u003C!-- partie photo --\u003E\n    \u003Cdiv class=\"photo\"\u003E\t\t\t\t\t\t\t\t\t\t\t\t\t\t\t\t\t\t\t\t\t\n        \u003Cdiv class=\"cadre_photo_principale\"\u003E\t\t\n        \n            \t\t\t\t\t\n                    \u003Ca href=\"cine-conference-antarctique.html?origine=carnet#media\"\u003E\n                        \u003Cimg class=\"photo_principale\" alt=\"antartique-14806\" src=\"https:\/\/www.saint-brevin.com\/medias\/images\/prestations\/multitailles\/320x240_antartique-14806.jpg\" itemprop=\"image\"\u003E\n                    \u003C\/a\u003E\t\t\t\t\t\t\n                \n                    \u003C\/div\u003E\t\t\t\t\t\t\t\t\t\t\t\t\t\t\t\t\t\t\t \t\t\n    \u003C\/div\u003E\n    \n    \u003C!-- partie nom prest --\u003E\n    \u003Cdiv class=\"nom\"\u003E\n        \u003Ch2\u003ECin\u00e9-conf\u00e9rence :  Antarctique\u003C\/h2\u003E\n        \n            \u003C\/div\u003E\n\n         \n    \u003C!-- partie adresse --\u003E\n    \u003Cdiv class=\"adresse\"\u003E\n    \n          \n    \u003C\/div\u003E\n    \n    \u003C!-- partie liens --\u003E\n    \u003Cdiv class=\"liens\"\u003E\n            \u003Ca class=\"btn-icon btn-view \" title=\"Voir la fiche d\u00e9taill\u00e9e\" href=\"cine-conference-antarctique.html?origine=carnet\"\u003E\u003C\/a\u003E\u003C!--\u003Ca class=\"btn-icon btn-view \" title=\"\" href=\"?origine=carnet#thaut\"\u003E\u003C\/a\u003E--\u003E\n      \u003Ca class=\"btn-icon btn-trash carnet_voyage_supprimer\" title=\"Supprimer cette fiche de mon carnet de voyage\" href=\"carnet-voyage?action=remove&fiche=Y|LOIPDL044V500448|CINECONFERENCEANTARCTIQUE\"\u003E\u003C\/a\u003E\n    \u003C\/div\u003E\n\n\u003C\/div\u003E\n\n","icon":"https:\/\/static.ingenie.fr\/images\/carnetVoyageV3\/Y.png"},"fiche":"Y|LOIPDL044V500448|CINECONFERENCEANTARCTIQUE","popup":"\u003Cdiv id=\"bloc_popup_ajout_fiche_carnet\"\u003E\n    \u003Cdiv class=\"info_popup_ajout_fiche_carnet\"\u003E\n        Vous venez d'ajouter cet \u00e9l\u00e9ment \u00e0 votre carnet de voyage :    \u003C\/div\u003E\n    \u003Cdiv class=\"prest_popup_ajout_fiche_carnet\"\u003E\n        Cin&eacute;-conf&eacute;rence :  Antarctique    \u003C\/div\u003E\n    \u003Cdiv class=\"bloc_btn_ajout_fiche_carnet form_submit_div\"\u003E\n        \u003Cinput type=\"button\" value=\"Continuer ma s\u00e9lection\" title=\"Continuer ma s\u00e9lection\" name=\"btn_close\" class=\"btn_close_popup_carnet form_submit\" onclick=\"$.colorbox.close()\" \/\u003E\n        \u003Cinput type=\"button\" value=\"Voir mon carnet de voyage\" title=\"Voir mon carnet\" name=\"btn_panier\" class=\"btn_panier_popup_carnet form_submit\" onclick=\"if(typeof CarnetVoyage != 'undefined') {CarnetVoyage.voirCarnet();}\" \/\u003E\n    \u003C\/div\u003E\n    \u003Cdiv class=\"bloc_btn_ajout_fiche_carnet\"\u003E\n        \u003Cinput type=\"checkbox\" value=\"1\" name=\"desactiver_popup\" id=\"desactiver_popup\" \/\u003E\n        \u003Clabel for=\"desactiver_popup\"\u003ENe plus afficher ce message\u003C\/label\u003E\n    \u003C\/div\u003E\n\u003C\/div\u003E","success":1}