{"nbFiches":1,"dataPrest":{"infoPrest":{"pave1":{"libelle":"Slogan","contenu":"","fichiers":[]},"pave2":{"libelle":"Descriptif","contenu":"\u003Ch4\u003ELe spectacle hommage &agrave; l&rsquo;univers de Michel Berger.\u003Cbr \/\u003E\r\nIls sont 6 musiciens, 1 chanteuse et 1 chanteur pour porter ce projet un peu fou de faire revivre la musique de cet intemporel auteur-compositeur.\u003Cbr \/\u003E\r\n\u003Cbr \/\u003E\r\nDe l&rsquo;&eacute;v&egrave;nement Starmania &agrave; son duo iconique avec France GALL, la musique de Michel BERGER a travers&eacute; les &acirc;ges et les g&eacute;n&eacute;rations.\u003Cbr \/\u003E\r\nBenoit DAVID en a fait un spectacle de haut vol, mis en musique par des musiciens de talents ! Les voix d&rsquo;Oc&eacute;ane BARRON et Jean-Baptiste CRAIPEAU viennent sublimer cette aventure.\u003Cbr \/\u003E\r\nUne chose est s&ucirc;re, que vous soyez fan de toujours ou simple curieux, vous n&rsquo;en ressortirez pas indiff&eacute;rent&hellip;\u003Cbr \/\u003E\r\n\u003Cbr \/\u003E\r\nDirection Artistique : Benoit DAVID.\u003Cbr \/\u003E\r\n\u003Cbr \/\u003E\r\nMusiciens :\u003Cbr \/\u003E\r\n\u003Cbr \/\u003E\r\n&ndash; Benoit DAVID : Piano &ndash; Fender Rhodes &ndash; Accord&eacute;on &ndash; Choeurs\u003Cbr \/\u003E\r\n&ndash; Martin PIVETEAU : Batterie &ndash; Cajon\u003Cbr \/\u003E\r\n&ndash; Ga&euml;l VENTROUX : Basse &ndash; Contrebasse\u003Cbr \/\u003E\r\n&ndash; Christopher BEZIER : Percussions &ndash; Guitare folk &ndash; Choeurs\u003Cbr \/\u003E\r\n&ndash; Fran&ccedil;ois GILBERT : Claviers &ndash; Choeurs\u003Cbr \/\u003E\r\n&ndash; Maxence CROUZARD : Guitares\u003Cbr \/\u003E\r\n&ndash; Oc&eacute;ane BARRON : Chant\u003Cbr \/\u003E\r\n&ndash; Jean-Baptiste CRAIPEAU : Chant\u003Cbr \/\u003E\r\n\u003C\/h4\u003E\r\n\r\n\u003Cp id=\"block-3d6b87f5-7bbd-439d-af62-1ef3cf725a24\"\u003E\u003Cbr \/\u003E\r\n\u003Cbr \/\u003E\r\n\u003Ca href=\"https:\/\/www.le-canotier.net\/%C3%A9v%C3%A8nement\/un-autre-paradis-blanc-concert-michel-berger\/\" target=\"_blank\"\u003E\u003Cspan style=\"font-size:14px;\"\u003E\u003Cstrong\u003EBilletterie en ligne&nbsp; ICI\u003C\/strong\u003E\u003C\/span\u003E\u003C\/a\u003E\u003C\/p\u003E\r\n\r\n\u003Cp\u003EPlacement libre.\u003C\/p\u003E\r\n\r\n\u003Cp\u003ESur&nbsp;place : Bar.\u003C\/p\u003E\r\n\r\n\u003Cp id=\"block-c396b313-5d99-4db6-bfcf-a8479d4325ce\"\u003EAcc&egrave;s &agrave; la salle possible avec contr&ocirc;le billet 30 &agrave; 45 minutes avant le d&eacute;but de la repr&eacute;sentation\u003Cbr \/\u003E\r\nL&rsquo;horaire indiqu&eacute; correspond &agrave; l&rsquo;heure de d&eacute;but du spectacle. Toute personne se pr&eacute;sentant apr&egrave;s cet horaire, m&ecirc;me en possession d&rsquo;un billet, pourra se voir refuser l&rsquo;acc&egrave;s &agrave; la salle.\u003C\/p\u003E\r\n\r\n\u003Cp id=\"block-76253bf7-fb56-49c8-870d-df906d329036\"\u003EIMPORTANT :\u003Cbr \/\u003E\r\nUne r&eacute;servation vous engage, votre pr&eacute;sence est obligatoire au moins 15 minutes avant le d&eacute;but du spectacle.&nbsp;L&rsquo;acc&egrave;s &agrave; la salle vous sera refus&eacute; une fois le spectacle commenc&eacute; et ne pourra donner lieu &agrave; aucun remboursement.\u003Cbr \/\u003E\r\nVotre r&eacute;servation ne pourra pas non plus &ecirc;tre d&eacute;plac&eacute;e sur une autre repr&eacute;sentation.\u003C\/p\u003E\r\n","fichiers":[]},"pave3":{"libelle":"","contenu":""},"pave4":{"libelle":"","contenu":""},"pave5":{"libelle":"","contenu":""},"pave6":{"libelle":"","contenu":""},"pave7":{"libelle":"","contenu":""},"pave8":{"libelle":"","contenu":""},"pave9":{"libelle":"","contenu":""},"pave10":{"libelle":"","contenu":""},"pave11":{"libelle":"","contenu":""},"pave12":{"libelle":"","contenu":""},"pave13":{"libelle":"","contenu":""},"pave14":{"libelle":"","contenu":""},"pave15":{"libelle":"","contenu":""},"pave16":{"libelle":"","contenu":""},"pave17":{"libelle":"","contenu":""},"pave18":{"libelle":"","contenu":""},"pave19":{"libelle":"","contenu":""},"pave20":{"libelle":"","contenu":""},"pave21":{"libelle":"","contenu":""},"pave22":{"libelle":"","contenu":""},"pave23":{"libelle":"","contenu":""},"pave24":{"libelle":"","contenu":""},"pave25":{"libelle":"","contenu":""},"Libelle":"CONCERT : Un Autre Paradis Blanc \u2013 Concert Michel BERGER","Reference":"","Reftar":"","Type":"PRESTATION","TypePrestataire":"Y","ContexteStat":"PRESTATION-Y-LECANOTIER-CONCERTUNAUTREPARADISBLANC","DateModificationIso":"2026-09-01T16:45:00+02:00","Adresse":{"LigneAdresse1":"10 Avenue des Fr\u00e8res Lumi\u00e8re","LigneAdresse2":"Le Canotier","LigneAdresse3":"","CodePostal":"44250","Ville":"ST BREVIN LES PINS","Cedex":"","Etat":"","Pays":"FRA"},"Id":"y-lecanotier-concertunautreparadisblanc","Code":"Y|LECANOTIER|CONCERTUNAUTREPARADISBLANC","Cle":"Y|LECANOTIER|CONCERTUNAUTREPARADISBLANC","Url":"concert-un-autre-paradis-blanc-concert-michel-berger.html","Localisation":{"GoogleMap":{"Latitude":"47.23500","Longitude":"-2.15321"}},"ZoneGeo":"","Criteres":{"LIEUMANIF[SAINTBREVIN":"","CATEGORIEANIMATION[CONCER":"","DETAILCONCERTSPECTACLE[MUSIQUEACTUELLEPOPRAP":"","DETAILCONCERTSPECTACLE[CHAN":"","ICA[ICATP":"","ANIAH[ANIACC":"","GANIMA[GANIMNON":"","MODEPAIEMENT[LCBP":"","MODEPAIEMENT[LESPE":"","MODEPAIEMENT[LCB":"","MODEPAIEMENT[LANCV":"","MISEAJOURINGENIE[DATEDERNIEREMAJ":"20260901","MISEAJOURPAR[JOHANNA":""},"Prestataire":{"pave1":{"libelle":"Descriptif","contenu":""},"pave2":{"libelle":"","contenu":""},"pave3":{"libelle":"","contenu":""},"pave4":{"libelle":"","contenu":""},"pave5":{"libelle":"","contenu":""},"pave6":{"libelle":"","contenu":""},"pave7":{"libelle":"","contenu":""},"pave8":{"libelle":"","contenu":""},"pave9":{"libelle":"","contenu":""},"pave10":{"libelle":"","contenu":""},"pave11":{"libelle":"","contenu":""},"pave12":{"libelle":"","contenu":""},"pave13":{"libelle":"","contenu":""},"pave14":{"libelle":"","contenu":""},"pave15":{"libelle":"","contenu":""},"pave16":{"libelle":"","contenu":""},"pave17":{"libelle":"","contenu":""},"pave18":{"libelle":"","contenu":""},"pave19":{"libelle":"","contenu":""},"pave20":{"libelle":"","contenu":""},"pave21":{"libelle":"","contenu":""},"pave22":{"libelle":"","contenu":""},"pave23":{"libelle":"","contenu":""},"pave24":{"libelle":"","contenu":""},"pave25":{"libelle":"","contenu":""},"ContactsParType":{"DIR":{"2871":{"id_contact":"2871","type_contact":"DIR","categorie_contact":"PRESTATAIRE","societe_contact":"","fonction_contact":"","civilite_nom_prenom_contact":"","adresse1_contact":"","adresse2_contact":"","adresse3_contact":"","cpostal_contact":"","ville_contact":"","teldom_contact":"","telbur_contact":"","fax_contact":"","portable_contact":"06 73 66 54 63","email_contact":"","siteweb_contact":"","commentaire_contact":"","langue_contact":"","autre_moyen_com":[]}}},"Libelle":"Le Canotier","Nom":"Le Canotier","Prenom":"","NomPrenom":"Le Canotier ","CiviliteNomPrenom":"Le Canotier ","Cle":"Y|LECANOTIER","PrestataireParent":"","ContexteStat":"PRESTATAIRE-Y-LECANOTIER","DateModificationIso":"2026-05-12T15:21:00+02:00","Type":"PRESTATAIRE","TypePrestataire":"Y","Adresse":{"LigneAdresse1":"7 Avenue des Fr\u00e8res Lumi\u00e8re","LigneAdresse2":"","LigneAdresse3":"","CodePostal":"44250","Ville":"ST BREVIN LES PINS","Cedex":"","Etat":"","Pays":"FRA"},"Email":"contact@le-canotier.net","Telephone":"02 52 800 075","TelephoneBureau":"","Portable":"","SiteWeb":"https:\/\/www.le-canotier.net\/","Fax":"","Id":"y-lecanotier","Code":"Y|LECANOTIER","Fichier":{"Image":[{"url":"https:\/\/www.saint-brevin.com\/medias\/images\/prestataires\/le-canotier-bar-dansant-saint-brevin1-5542-5978.jpg","chemin":"..\/medias\/images\/prestataires\/le-canotier-bar-dansant-saint-brevin1-5542-5978.jpg","libelle":"le-canotier-bar-dansant-saint-brevin1-5542","extension":"jpg","categorie":"","largeur":960,"theme":"","hauteur":720,"type":"Image","origine":"","liaisonPave":"","langue":"","id":"5978","urlVignette":"https:\/\/www.saint-brevin.com\/medias\/images\/prestataires\/v-le-canotier-bar-dansant-saint-brevin1-5542-5978.jpg","alt":"le-canotier-bar-dansant-saint-brevin1-5542","title":"le-canotier-bar-dansant-saint-brevin1-5542","MultiTaille":{"1920x1440":{"url":"https:\/\/www.saint-brevin.com\/medias\/images\/prestataires\/multitailles\/1920x1440_le-canotier-bar-dansant-saint-brevin1-5542-5978.jpg"},"1200x900":{"url":"https:\/\/www.saint-brevin.com\/medias\/images\/prestataires\/multitailles\/1200x900_le-canotier-bar-dansant-saint-brevin1-5542-5978.jpg"},"800x600":{"url":"https:\/\/www.saint-brevin.com\/medias\/images\/prestataires\/multitailles\/800x600_le-canotier-bar-dansant-saint-brevin1-5542-5978.jpg"},"640x480":{"url":"https:\/\/www.saint-brevin.com\/medias\/images\/prestataires\/multitailles\/640x480_le-canotier-bar-dansant-saint-brevin1-5542-5978.jpg"},"320x240":{"url":"https:\/\/www.saint-brevin.com\/medias\/images\/prestataires\/multitailles\/320x240_le-canotier-bar-dansant-saint-brevin1-5542-5978.jpg"},"160x120":{"url":"https:\/\/www.saint-brevin.com\/medias\/images\/prestataires\/multitailles\/160x120_le-canotier-bar-dansant-saint-brevin1-5542-5978.jpg"},"origine":{"url":"https:\/\/www.saint-brevin.com\/medias\/images\/prestataires\/le-canotier-bar-dansant-saint-brevin1-5542-5978.jpg"}},"urlLien":"","typeLien":"","nofollow":"N","copyright":""},{"url":"https:\/\/www.saint-brevin.com\/medias\/images\/prestataires\/le-canotier-bar-dansant-saint-brevin-5541-5977.jpg","chemin":"..\/medias\/images\/prestataires\/le-canotier-bar-dansant-saint-brevin-5541-5977.jpg","libelle":"le-canotier-bar-dansant-saint-brevin-5541","extension":"jpg","categorie":"","largeur":400,"theme":"","hauteur":400,"type":"Image","origine":"","liaisonPave":"","langue":"","id":"5977","urlVignette":"https:\/\/www.saint-brevin.com\/medias\/images\/prestataires\/v-le-canotier-bar-dansant-saint-brevin-5541-5977.jpg","alt":"le-canotier-bar-dansant-saint-brevin-5541","title":"le-canotier-bar-dansant-saint-brevin-5541","MultiTaille":{"1920x1440":{"url":"https:\/\/www.saint-brevin.com\/medias\/images\/prestataires\/multitailles\/1920x1440_le-canotier-bar-dansant-saint-brevin-5541-5977.jpg"},"1200x900":{"url":"https:\/\/www.saint-brevin.com\/medias\/images\/prestataires\/multitailles\/1200x900_le-canotier-bar-dansant-saint-brevin-5541-5977.jpg"},"800x600":{"url":"https:\/\/www.saint-brevin.com\/medias\/images\/prestataires\/multitailles\/800x600_le-canotier-bar-dansant-saint-brevin-5541-5977.jpg"},"640x480":{"url":"https:\/\/www.saint-brevin.com\/medias\/images\/prestataires\/multitailles\/640x480_le-canotier-bar-dansant-saint-brevin-5541-5977.jpg"},"320x240":{"url":"https:\/\/www.saint-brevin.com\/medias\/images\/prestataires\/multitailles\/320x240_le-canotier-bar-dansant-saint-brevin-5541-5977.jpg"},"160x120":{"url":"https:\/\/www.saint-brevin.com\/medias\/images\/prestataires\/multitailles\/160x120_le-canotier-bar-dansant-saint-brevin-5541-5977.jpg"},"origine":{"url":"https:\/\/www.saint-brevin.com\/medias\/images\/prestataires\/le-canotier-bar-dansant-saint-brevin-5541-5977.jpg"}},"urlLien":"","typeLien":"","nofollow":"N","copyright":""}],"ByCategorie":{"":[{"url":"https:\/\/www.saint-brevin.com\/medias\/images\/prestataires\/le-canotier-bar-dansant-saint-brevin1-5542-5978.jpg","chemin":"..\/medias\/images\/prestataires\/le-canotier-bar-dansant-saint-brevin1-5542-5978.jpg","libelle":"le-canotier-bar-dansant-saint-brevin1-5542","extension":"jpg","categorie":"","largeur":960,"theme":"","hauteur":720,"type":"Image","origine":"","liaisonPave":"","langue":"","id":"5978","urlVignette":"https:\/\/www.saint-brevin.com\/medias\/images\/prestataires\/v-le-canotier-bar-dansant-saint-brevin1-5542-5978.jpg","alt":"le-canotier-bar-dansant-saint-brevin1-5542","title":"le-canotier-bar-dansant-saint-brevin1-5542","MultiTaille":{"1920x1440":{"url":"https:\/\/www.saint-brevin.com\/medias\/images\/prestataires\/multitailles\/1920x1440_le-canotier-bar-dansant-saint-brevin1-5542-5978.jpg"},"1200x900":{"url":"https:\/\/www.saint-brevin.com\/medias\/images\/prestataires\/multitailles\/1200x900_le-canotier-bar-dansant-saint-brevin1-5542-5978.jpg"},"800x600":{"url":"https:\/\/www.saint-brevin.com\/medias\/images\/prestataires\/multitailles\/800x600_le-canotier-bar-dansant-saint-brevin1-5542-5978.jpg"},"640x480":{"url":"https:\/\/www.saint-brevin.com\/medias\/images\/prestataires\/multitailles\/640x480_le-canotier-bar-dansant-saint-brevin1-5542-5978.jpg"},"320x240":{"url":"https:\/\/www.saint-brevin.com\/medias\/images\/prestataires\/multitailles\/320x240_le-canotier-bar-dansant-saint-brevin1-5542-5978.jpg"},"160x120":{"url":"https:\/\/www.saint-brevin.com\/medias\/images\/prestataires\/multitailles\/160x120_le-canotier-bar-dansant-saint-brevin1-5542-5978.jpg"},"origine":{"url":"https:\/\/www.saint-brevin.com\/medias\/images\/prestataires\/le-canotier-bar-dansant-saint-brevin1-5542-5978.jpg"}},"urlLien":"","typeLien":"","nofollow":"N","copyright":""},{"url":"https:\/\/www.saint-brevin.com\/medias\/images\/prestataires\/le-canotier-bar-dansant-saint-brevin-5541-5977.jpg","chemin":"..\/medias\/images\/prestataires\/le-canotier-bar-dansant-saint-brevin-5541-5977.jpg","libelle":"le-canotier-bar-dansant-saint-brevin-5541","extension":"jpg","categorie":"","largeur":400,"theme":"","hauteur":400,"type":"Image","origine":"","liaisonPave":"","langue":"","id":"5977","urlVignette":"https:\/\/www.saint-brevin.com\/medias\/images\/prestataires\/v-le-canotier-bar-dansant-saint-brevin-5541-5977.jpg","alt":"le-canotier-bar-dansant-saint-brevin-5541","title":"le-canotier-bar-dansant-saint-brevin-5541","MultiTaille":{"1920x1440":{"url":"https:\/\/www.saint-brevin.com\/medias\/images\/prestataires\/multitailles\/1920x1440_le-canotier-bar-dansant-saint-brevin-5541-5977.jpg"},"1200x900":{"url":"https:\/\/www.saint-brevin.com\/medias\/images\/prestataires\/multitailles\/1200x900_le-canotier-bar-dansant-saint-brevin-5541-5977.jpg"},"800x600":{"url":"https:\/\/www.saint-brevin.com\/medias\/images\/prestataires\/multitailles\/800x600_le-canotier-bar-dansant-saint-brevin-5541-5977.jpg"},"640x480":{"url":"https:\/\/www.saint-brevin.com\/medias\/images\/prestataires\/multitailles\/640x480_le-canotier-bar-dansant-saint-brevin-5541-5977.jpg"},"320x240":{"url":"https:\/\/www.saint-brevin.com\/medias\/images\/prestataires\/multitailles\/320x240_le-canotier-bar-dansant-saint-brevin-5541-5977.jpg"},"160x120":{"url":"https:\/\/www.saint-brevin.com\/medias\/images\/prestataires\/multitailles\/160x120_le-canotier-bar-dansant-saint-brevin-5541-5977.jpg"},"origine":{"url":"https:\/\/www.saint-brevin.com\/medias\/images\/prestataires\/le-canotier-bar-dansant-saint-brevin-5541-5977.jpg"}},"urlLien":"","typeLien":"","nofollow":"N","copyright":""}]}},"Url":"","Localisation":{"GoogleMap":{"Latitude":"47.23500","Longitude":"-2.15326"}},"ZoneGeo":"","LiensEtWidgetsParType":{"A":[{"Id":"214","TypePrestataire":"Y","CodePrestataire":"LECANOTIER","CodePrestation":"","CodeLibelle":"","Type":"A","Url":"https:\/\/www.facebook.com\/LeCanotierBarDancing","Defaut":"N","Langue":"","Nature":"URL","Import":"","LibelleText":"","Theme":""}],"IG":[{"Id":"215","TypePrestataire":"Y","CodePrestataire":"LECANOTIER","CodePrestation":"","CodeLibelle":"","Type":"IG","Url":"https:\/\/www.instagram.com\/lecanotierbardancing\/","Defaut":"N","Langue":"","Nature":"URL","Import":"","LibelleText":"","Theme":""}]},"LiensEtWidgets":[{"Id":"214","TypePrestataire":"Y","CodePrestataire":"LECANOTIER","CodePrestation":"","CodeLibelle":"","Type":"A","Url":"https:\/\/www.facebook.com\/LeCanotierBarDancing","Defaut":"N","Langue":"","Nature":"URL","Import":"","LibelleText":"","Theme":""},{"Id":"215","TypePrestataire":"Y","CodePrestataire":"LECANOTIER","CodePrestation":"","CodeLibelle":"","Type":"IG","Url":"https:\/\/www.instagram.com\/lecanotierbardancing\/","Defaut":"N","Langue":"","Nature":"URL","Import":"","LibelleText":"","Theme":""}],"Criteres":{"LDLTH[DHAACO":"","MAJINGENIE[DATEDERNIEREMAJ":"20230110","MISEAJOUR[AMANDINE":""},"DateFinPublication":""},"Fichier":{"Image":[{"url":"https:\/\/www.saint-brevin.com\/medias\/images\/prestations\/capture-d-cran-2026-09-01-164250-32306.jpg","chemin":"..\/medias\/images\/prestations\/capture-d-cran-2026-09-01-164250-32306.jpg","libelle":"capture-d-cran-2026-09-01-164250-32306","extension":"jpg","categorie":"","largeur":666,"theme":"","hauteur":582,"type":"Image","origine":"","liaisonPave":"","langue":"","id":"32306","urlVignette":"https:\/\/www.saint-brevin.com\/medias\/images\/prestations\/v-capture-d-cran-2026-09-01-164250-32306.jpg","alt":"capture-d-cran-2026-09-01-164250-32306","title":"capture-d-cran-2026-09-01-164250-32306","MultiTaille":{"1920x1440":{"url":"https:\/\/www.saint-brevin.com\/medias\/images\/prestations\/multitailles\/1920x1440_capture-d-cran-2026-09-01-164250-32306.jpg"},"1200x900":{"url":"https:\/\/www.saint-brevin.com\/medias\/images\/prestations\/multitailles\/1200x900_capture-d-cran-2026-09-01-164250-32306.jpg"},"800x600":{"url":"https:\/\/www.saint-brevin.com\/medias\/images\/prestations\/multitailles\/800x600_capture-d-cran-2026-09-01-164250-32306.jpg"},"640x480":{"url":"https:\/\/www.saint-brevin.com\/medias\/images\/prestations\/multitailles\/640x480_capture-d-cran-2026-09-01-164250-32306.jpg"},"320x240":{"url":"https:\/\/www.saint-brevin.com\/medias\/images\/prestations\/multitailles\/320x240_capture-d-cran-2026-09-01-164250-32306.jpg"},"160x120":{"url":"https:\/\/www.saint-brevin.com\/medias\/images\/prestations\/multitailles\/160x120_capture-d-cran-2026-09-01-164250-32306.jpg"},"origine":{"url":"https:\/\/www.saint-brevin.com\/medias\/images\/prestations\/capture-d-cran-2026-09-01-164250-32306.jpg"}},"urlLien":"","typeLien":"","nofollow":"N","copyright":""}],"ByCategorie":{"":[{"url":"https:\/\/www.saint-brevin.com\/medias\/images\/prestations\/capture-d-cran-2026-09-01-164250-32306.jpg","chemin":"..\/medias\/images\/prestations\/capture-d-cran-2026-09-01-164250-32306.jpg","libelle":"capture-d-cran-2026-09-01-164250-32306","extension":"jpg","categorie":"","largeur":666,"theme":"","hauteur":582,"type":"Image","origine":"","liaisonPave":"","langue":"","id":"32306","urlVignette":"https:\/\/www.saint-brevin.com\/medias\/images\/prestations\/v-capture-d-cran-2026-09-01-164250-32306.jpg","alt":"capture-d-cran-2026-09-01-164250-32306","title":"capture-d-cran-2026-09-01-164250-32306","MultiTaille":{"1920x1440":{"url":"https:\/\/www.saint-brevin.com\/medias\/images\/prestations\/multitailles\/1920x1440_capture-d-cran-2026-09-01-164250-32306.jpg"},"1200x900":{"url":"https:\/\/www.saint-brevin.com\/medias\/images\/prestations\/multitailles\/1200x900_capture-d-cran-2026-09-01-164250-32306.jpg"},"800x600":{"url":"https:\/\/www.saint-brevin.com\/medias\/images\/prestations\/multitailles\/800x600_capture-d-cran-2026-09-01-164250-32306.jpg"},"640x480":{"url":"https:\/\/www.saint-brevin.com\/medias\/images\/prestations\/multitailles\/640x480_capture-d-cran-2026-09-01-164250-32306.jpg"},"320x240":{"url":"https:\/\/www.saint-brevin.com\/medias\/images\/prestations\/multitailles\/320x240_capture-d-cran-2026-09-01-164250-32306.jpg"},"160x120":{"url":"https:\/\/www.saint-brevin.com\/medias\/images\/prestations\/multitailles\/160x120_capture-d-cran-2026-09-01-164250-32306.jpg"},"origine":{"url":"https:\/\/www.saint-brevin.com\/medias\/images\/prestations\/capture-d-cran-2026-09-01-164250-32306.jpg"}},"urlLien":"","typeLien":"","nofollow":"N","copyright":""}]}},"DateDebPublication":"","DateFinPublication":"20270205","PrixAPartirDe":"","PrixPour":"","FicheListeEnCours":"fiche_liste_agenda_prestation_v2017","ParametresModele":{"AfficherPhotos":"1","NbPhotosMax":6,"AfficherReserver":0,"AfficherContact":0,"AfficherSalle":1,"AfficherZoneGeo":0,"AfficherEnSavoirPlus":"1","AfficherUneSeuleOuverture":"1","AfficherContactCarte":1,"AfficherTarifsChaudAPartirDe":0,"AfficherTarifChaudSansRecherche":0,"AfficherLiensCarnetVoyage":"1","AfficherOuverture":"1","BlocCritereInfo":{"critere1":{"libelle":""},"critere2":{"libelle":""},"critere3":{"libelle":""},"critere4":{"libelle":""},"critere5":{"libelle":""},"critere6":{"libelle":""},"critere7":{"libelle":"","liste_critere":["COMMUNES|Y"]},"critere8":{"libelle":""},"critere9":{"libelle":""},"afficherpictoetpaslibelle":"1"},"CriteresComportementResa":"|RESABILLET[RESAENLIGNE|","PositionBloc":"GALLERIE|NOM|OUVERTURES|CARNET_VOYAGE|URL|LIEN_RESERVER_DETAIL","TypePrestataire":"Y","ComportementResa":false,"ComportementDispo":false},"AffichageCoordonnees":[],"Coordonnees":{"Ville":"ST BREVIN LES PINS"},"ContexteId":"PRESTATION|Y|LECANOTIER|CONCERTUNAUTREPARADISBLANC","ContexteIdHtml":"PRESTATION-Y-LECANOTIER-CONCERTUNAUTREPARADISBLANC","cleContexte":"Y|LECANOTIER|CONCERTUNAUTREPARADISBLANC","Bloc":{"texte1":"","texte3":"","critere1":{"libelle":"","contenu":[]},"critere2":{"libelle":"","contenu":[]},"critere3":{"libelle":"","contenu":[]},"critere4":{"libelle":"","contenu":[]},"critere5":{"libelle":"","contenu":[]},"critere6":{"libelle":"","contenu":[]},"critere7":{"libelle":"","contenu":[]},"critere8":{"libelle":"","contenu":[]},"critere9":{"libelle":"","contenu":[]}},"LocalisationGps":{"Latitude":"47.23500","Longitude":"-2.15321"},"libelleDuPrestataire":"","vuePrestataire":{"pave1":{"libelle":"Descriptif","contenu":""},"pave2":{"libelle":"","contenu":""},"pave3":{"libelle":"","contenu":""},"pave4":{"libelle":"","contenu":""},"pave5":{"libelle":"","contenu":""},"pave6":{"libelle":"","contenu":""},"pave7":{"libelle":"","contenu":""},"pave8":{"libelle":"","contenu":""},"pave9":{"libelle":"","contenu":""},"pave10":{"libelle":"","contenu":""},"pave11":{"libelle":"","contenu":""},"pave12":{"libelle":"","contenu":""},"pave13":{"libelle":"","contenu":""},"pave14":{"libelle":"","contenu":""},"pave15":{"libelle":"","contenu":""},"pave16":{"libelle":"","contenu":""},"pave17":{"libelle":"","contenu":""},"pave18":{"libelle":"","contenu":""},"pave19":{"libelle":"","contenu":""},"pave20":{"libelle":"","contenu":""},"pave21":{"libelle":"","contenu":""},"pave22":{"libelle":"","contenu":""},"pave23":{"libelle":"","contenu":""},"pave24":{"libelle":"","contenu":""},"pave25":{"libelle":"","contenu":""},"ContactsParType":{"DIR":{"2871":{"id_contact":"2871","type_contact":"DIR","categorie_contact":"PRESTATAIRE","societe_contact":"","fonction_contact":"","civilite_nom_prenom_contact":"","adresse1_contact":"","adresse2_contact":"","adresse3_contact":"","cpostal_contact":"","ville_contact":"","teldom_contact":"","telbur_contact":"","fax_contact":"","portable_contact":"06 73 66 54 63","email_contact":"","siteweb_contact":"","commentaire_contact":"","langue_contact":"","autre_moyen_com":[]}}},"Libelle":"Le Canotier","Nom":"Le Canotier","Prenom":"","NomPrenom":"Le Canotier ","CiviliteNomPrenom":"Le Canotier ","Cle":"Y|LECANOTIER","PrestataireParent":"","ContexteStat":"PRESTATAIRE-Y-LECANOTIER","DateModificationIso":"2026-05-12T15:21:00+02:00","Type":"PRESTATAIRE","TypePrestataire":"Y","Adresse":{"LigneAdresse1":"7 Avenue des Fr\u00e8res Lumi\u00e8re","LigneAdresse2":"","LigneAdresse3":"","CodePostal":"44250","Ville":"ST BREVIN LES PINS","Cedex":"","Etat":"","Pays":"FRA"},"Email":"contact@le-canotier.net","Telephone":"02 52 800 075","TelephoneBureau":"","Portable":"","SiteWeb":"https:\/\/www.le-canotier.net\/","Fax":"","Id":"y-lecanotier","Code":"Y|LECANOTIER","Fichier":{"Image":[{"url":"https:\/\/www.saint-brevin.com\/medias\/images\/prestataires\/le-canotier-bar-dansant-saint-brevin1-5542-5978.jpg","chemin":"..\/medias\/images\/prestataires\/le-canotier-bar-dansant-saint-brevin1-5542-5978.jpg","libelle":"le-canotier-bar-dansant-saint-brevin1-5542","extension":"jpg","categorie":"","largeur":960,"theme":"","hauteur":720,"type":"Image","origine":"","liaisonPave":"","langue":"","id":"5978","urlVignette":"https:\/\/www.saint-brevin.com\/medias\/images\/prestataires\/v-le-canotier-bar-dansant-saint-brevin1-5542-5978.jpg","alt":"le-canotier-bar-dansant-saint-brevin1-5542","title":"le-canotier-bar-dansant-saint-brevin1-5542","MultiTaille":{"1920x1440":{"url":"https:\/\/www.saint-brevin.com\/medias\/images\/prestataires\/multitailles\/1920x1440_le-canotier-bar-dansant-saint-brevin1-5542-5978.jpg"},"1200x900":{"url":"https:\/\/www.saint-brevin.com\/medias\/images\/prestataires\/multitailles\/1200x900_le-canotier-bar-dansant-saint-brevin1-5542-5978.jpg"},"800x600":{"url":"https:\/\/www.saint-brevin.com\/medias\/images\/prestataires\/multitailles\/800x600_le-canotier-bar-dansant-saint-brevin1-5542-5978.jpg"},"640x480":{"url":"https:\/\/www.saint-brevin.com\/medias\/images\/prestataires\/multitailles\/640x480_le-canotier-bar-dansant-saint-brevin1-5542-5978.jpg"},"320x240":{"url":"https:\/\/www.saint-brevin.com\/medias\/images\/prestataires\/multitailles\/320x240_le-canotier-bar-dansant-saint-brevin1-5542-5978.jpg"},"160x120":{"url":"https:\/\/www.saint-brevin.com\/medias\/images\/prestataires\/multitailles\/160x120_le-canotier-bar-dansant-saint-brevin1-5542-5978.jpg"},"origine":{"url":"https:\/\/www.saint-brevin.com\/medias\/images\/prestataires\/le-canotier-bar-dansant-saint-brevin1-5542-5978.jpg"}},"urlLien":"","typeLien":"","nofollow":"N","copyright":""},{"url":"https:\/\/www.saint-brevin.com\/medias\/images\/prestataires\/le-canotier-bar-dansant-saint-brevin-5541-5977.jpg","chemin":"..\/medias\/images\/prestataires\/le-canotier-bar-dansant-saint-brevin-5541-5977.jpg","libelle":"le-canotier-bar-dansant-saint-brevin-5541","extension":"jpg","categorie":"","largeur":400,"theme":"","hauteur":400,"type":"Image","origine":"","liaisonPave":"","langue":"","id":"5977","urlVignette":"https:\/\/www.saint-brevin.com\/medias\/images\/prestataires\/v-le-canotier-bar-dansant-saint-brevin-5541-5977.jpg","alt":"le-canotier-bar-dansant-saint-brevin-5541","title":"le-canotier-bar-dansant-saint-brevin-5541","MultiTaille":{"1920x1440":{"url":"https:\/\/www.saint-brevin.com\/medias\/images\/prestataires\/multitailles\/1920x1440_le-canotier-bar-dansant-saint-brevin-5541-5977.jpg"},"1200x900":{"url":"https:\/\/www.saint-brevin.com\/medias\/images\/prestataires\/multitailles\/1200x900_le-canotier-bar-dansant-saint-brevin-5541-5977.jpg"},"800x600":{"url":"https:\/\/www.saint-brevin.com\/medias\/images\/prestataires\/multitailles\/800x600_le-canotier-bar-dansant-saint-brevin-5541-5977.jpg"},"640x480":{"url":"https:\/\/www.saint-brevin.com\/medias\/images\/prestataires\/multitailles\/640x480_le-canotier-bar-dansant-saint-brevin-5541-5977.jpg"},"320x240":{"url":"https:\/\/www.saint-brevin.com\/medias\/images\/prestataires\/multitailles\/320x240_le-canotier-bar-dansant-saint-brevin-5541-5977.jpg"},"160x120":{"url":"https:\/\/www.saint-brevin.com\/medias\/images\/prestataires\/multitailles\/160x120_le-canotier-bar-dansant-saint-brevin-5541-5977.jpg"},"origine":{"url":"https:\/\/www.saint-brevin.com\/medias\/images\/prestataires\/le-canotier-bar-dansant-saint-brevin-5541-5977.jpg"}},"urlLien":"","typeLien":"","nofollow":"N","copyright":""}],"ByCategorie":{"":[{"url":"https:\/\/www.saint-brevin.com\/medias\/images\/prestataires\/le-canotier-bar-dansant-saint-brevin1-5542-5978.jpg","chemin":"..\/medias\/images\/prestataires\/le-canotier-bar-dansant-saint-brevin1-5542-5978.jpg","libelle":"le-canotier-bar-dansant-saint-brevin1-5542","extension":"jpg","categorie":"","largeur":960,"theme":"","hauteur":720,"type":"Image","origine":"","liaisonPave":"","langue":"","id":"5978","urlVignette":"https:\/\/www.saint-brevin.com\/medias\/images\/prestataires\/v-le-canotier-bar-dansant-saint-brevin1-5542-5978.jpg","alt":"le-canotier-bar-dansant-saint-brevin1-5542","title":"le-canotier-bar-dansant-saint-brevin1-5542","MultiTaille":{"1920x1440":{"url":"https:\/\/www.saint-brevin.com\/medias\/images\/prestataires\/multitailles\/1920x1440_le-canotier-bar-dansant-saint-brevin1-5542-5978.jpg"},"1200x900":{"url":"https:\/\/www.saint-brevin.com\/medias\/images\/prestataires\/multitailles\/1200x900_le-canotier-bar-dansant-saint-brevin1-5542-5978.jpg"},"800x600":{"url":"https:\/\/www.saint-brevin.com\/medias\/images\/prestataires\/multitailles\/800x600_le-canotier-bar-dansant-saint-brevin1-5542-5978.jpg"},"640x480":{"url":"https:\/\/www.saint-brevin.com\/medias\/images\/prestataires\/multitailles\/640x480_le-canotier-bar-dansant-saint-brevin1-5542-5978.jpg"},"320x240":{"url":"https:\/\/www.saint-brevin.com\/medias\/images\/prestataires\/multitailles\/320x240_le-canotier-bar-dansant-saint-brevin1-5542-5978.jpg"},"160x120":{"url":"https:\/\/www.saint-brevin.com\/medias\/images\/prestataires\/multitailles\/160x120_le-canotier-bar-dansant-saint-brevin1-5542-5978.jpg"},"origine":{"url":"https:\/\/www.saint-brevin.com\/medias\/images\/prestataires\/le-canotier-bar-dansant-saint-brevin1-5542-5978.jpg"}},"urlLien":"","typeLien":"","nofollow":"N","copyright":""},{"url":"https:\/\/www.saint-brevin.com\/medias\/images\/prestataires\/le-canotier-bar-dansant-saint-brevin-5541-5977.jpg","chemin":"..\/medias\/images\/prestataires\/le-canotier-bar-dansant-saint-brevin-5541-5977.jpg","libelle":"le-canotier-bar-dansant-saint-brevin-5541","extension":"jpg","categorie":"","largeur":400,"theme":"","hauteur":400,"type":"Image","origine":"","liaisonPave":"","langue":"","id":"5977","urlVignette":"https:\/\/www.saint-brevin.com\/medias\/images\/prestataires\/v-le-canotier-bar-dansant-saint-brevin-5541-5977.jpg","alt":"le-canotier-bar-dansant-saint-brevin-5541","title":"le-canotier-bar-dansant-saint-brevin-5541","MultiTaille":{"1920x1440":{"url":"https:\/\/www.saint-brevin.com\/medias\/images\/prestataires\/multitailles\/1920x1440_le-canotier-bar-dansant-saint-brevin-5541-5977.jpg"},"1200x900":{"url":"https:\/\/www.saint-brevin.com\/medias\/images\/prestataires\/multitailles\/1200x900_le-canotier-bar-dansant-saint-brevin-5541-5977.jpg"},"800x600":{"url":"https:\/\/www.saint-brevin.com\/medias\/images\/prestataires\/multitailles\/800x600_le-canotier-bar-dansant-saint-brevin-5541-5977.jpg"},"640x480":{"url":"https:\/\/www.saint-brevin.com\/medias\/images\/prestataires\/multitailles\/640x480_le-canotier-bar-dansant-saint-brevin-5541-5977.jpg"},"320x240":{"url":"https:\/\/www.saint-brevin.com\/medias\/images\/prestataires\/multitailles\/320x240_le-canotier-bar-dansant-saint-brevin-5541-5977.jpg"},"160x120":{"url":"https:\/\/www.saint-brevin.com\/medias\/images\/prestataires\/multitailles\/160x120_le-canotier-bar-dansant-saint-brevin-5541-5977.jpg"},"origine":{"url":"https:\/\/www.saint-brevin.com\/medias\/images\/prestataires\/le-canotier-bar-dansant-saint-brevin-5541-5977.jpg"}},"urlLien":"","typeLien":"","nofollow":"N","copyright":""}]}},"Url":"","Localisation":{"GoogleMap":{"Latitude":"47.23500","Longitude":"-2.15326"}},"ZoneGeo":"","LiensEtWidgetsParType":{"A":[{"Id":"214","TypePrestataire":"Y","CodePrestataire":"LECANOTIER","CodePrestation":"","CodeLibelle":"","Type":"A","Url":"https:\/\/www.facebook.com\/LeCanotierBarDancing","Defaut":"N","Langue":"","Nature":"URL","Import":"","LibelleText":"","Theme":""}],"IG":[{"Id":"215","TypePrestataire":"Y","CodePrestataire":"LECANOTIER","CodePrestation":"","CodeLibelle":"","Type":"IG","Url":"https:\/\/www.instagram.com\/lecanotierbardancing\/","Defaut":"N","Langue":"","Nature":"URL","Import":"","LibelleText":"","Theme":""}]},"LiensEtWidgets":[{"Id":"214","TypePrestataire":"Y","CodePrestataire":"LECANOTIER","CodePrestation":"","CodeLibelle":"","Type":"A","Url":"https:\/\/www.facebook.com\/LeCanotierBarDancing","Defaut":"N","Langue":"","Nature":"URL","Import":"","LibelleText":"","Theme":""},{"Id":"215","TypePrestataire":"Y","CodePrestataire":"LECANOTIER","CodePrestation":"","CodeLibelle":"","Type":"IG","Url":"https:\/\/www.instagram.com\/lecanotierbardancing\/","Defaut":"N","Langue":"","Nature":"URL","Import":"","LibelleText":"","Theme":""}],"Criteres":{"LDLTH[DHAACO":"","MAJINGENIE[DATEDERNIEREMAJ":"20230110","MISEAJOUR[AMANDINE":""},"DateFinPublication":"","AffichageCoordonnees":[]},"listeCriteres":{"LIEUMANIF":{"SAINTBREVIN":""},"CATEGORIEANIMATION":{"CONCER":""},"DETAILCONCERTSPECTACLE":{"MUSIQUEACTUELLEPOPRAP":"","CHAN":""},"ICA":{"ICATP":""},"ANIAH":{"ANIACC":""},"GANIMA":{"GANIMNON":""},"MODEPAIEMENT":{"LCBP":"","LESPE":"","LCB":"","LANCV":""},"MISEAJOURINGENIE":{"DATEDERNIEREMAJ":"20260901"},"MISEAJOURPAR":{"JOHANNA":""},"LDLTH":{"DHAACO":""},"MAJINGENIE":{"DATEDERNIEREMAJ":"20230110"},"MISEAJOUR":{"AMANDINE":""}},"dansCarnetVoyage":true,"Ouverture":["\u003Cp class=\"date\" \u003EVendredi 13 novembre 2026\u003C\/p\u003E\u003Cp class=\"heure\" \u003E\u00e0 partir de 21:00\u003C\/p\u003E"],"OuverturePasse":[],"OuvertureObjs":[{}],"OuvertureTab":[["20261113","20261113"]]},"html":" \n \u003Cdiv id=\"CV-PRESTATION-Y-LECANOTIER-CONCERTUNAUTREPARADISBLANC\" data-contexte-id=\"PRESTATION|Y|LECANOTIER|CONCERTUNAUTREPARADISBLANC\" data-cle=\"Y|LECANOTIER|CONCERTUNAUTREPARADISBLANC\" class=\"fiche-liste\"\u003E\n    \n\n    \u003C!-- partie photo --\u003E\n    \u003Cdiv class=\"photo\"\u003E\t\t\t\t\t\t\t\t\t\t\t\t\t\t\t\t\t\t\t\t\t\n        \u003Cdiv class=\"cadre_photo_principale\"\u003E\t\t\n        \n            \t\t\t\t\t\n                    \u003Ca href=\"concert-un-autre-paradis-blanc-concert-michel-berger.html?origine=carnet#media\"\u003E\n                        \u003Cimg class=\"photo_principale\" alt=\"capture-d-cran-2026-09-01-164250-32306\" src=\"https:\/\/www.saint-brevin.com\/medias\/images\/prestations\/multitailles\/320x240_capture-d-cran-2026-09-01-164250-32306.jpg\" itemprop=\"image\"\u003E\n                    \u003C\/a\u003E\t\t\t\t\t\t\n                \n                    \u003C\/div\u003E\t\t\t\t\t\t\t\t\t\t\t\t\t\t\t\t\t\t\t \t\t\n    \u003C\/div\u003E\n    \n    \u003C!-- partie nom prest --\u003E\n    \u003Cdiv class=\"nom\"\u003E\n        \u003Ch2\u003ECONCERT : Un Autre Paradis Blanc \u2013 Concert Michel BERGER\u003C\/h2\u003E\n        \n            \u003C\/div\u003E\n\n     \u003Cul style=\"display: none\" class=\"ouverture_list\"\u003E\u003Cli class=\"ouverture_item\"\u003E\u003Cp class=\"date\" \u003EVendredi 13 novembre 2026\u003C\/p\u003E\u003Cp class=\"heure\" \u003E\u00e0 partir de 21:00\u003C\/p\u003E\u003C\/li\u003E\u003C\/ul\u003E    \n    \u003C!-- partie adresse --\u003E\n    \u003Cdiv class=\"adresse\"\u003E\n    \n          \n    \u003C\/div\u003E\n    \n    \u003C!-- partie liens --\u003E\n    \u003Cdiv class=\"liens\"\u003E\n            \u003Ca class=\"btn-icon btn-view \" title=\"Voir la fiche d\u00e9taill\u00e9e\" href=\"concert-un-autre-paradis-blanc-concert-michel-berger.html?origine=carnet\"\u003E\u003C\/a\u003E\u003C!--\u003Ca class=\"btn-icon btn-view \" title=\"\" href=\"?origine=carnet#thaut\"\u003E\u003C\/a\u003E--\u003E\n      \u003Ca class=\"btn-icon btn-trash carnet_voyage_supprimer\" title=\"Supprimer cette fiche de mon carnet de voyage\" href=\"carnet-voyage?action=remove&fiche=Y|LECANOTIER|CONCERTUNAUTREPARADISBLANC\"\u003E\u003C\/a\u003E\n    \u003C\/div\u003E\n\n\u003C\/div\u003E\n\n","icon":"https:\/\/static.ingenie.fr\/images\/carnetVoyageV3\/Y.png"},"fiche":"Y|LECANOTIER|CONCERTUNAUTREPARADISBLANC","popup":"\u003Cdiv id=\"bloc_popup_ajout_fiche_carnet\"\u003E\n    \u003Cdiv class=\"info_popup_ajout_fiche_carnet\"\u003E\n        Vous venez d'ajouter cet \u00e9l\u00e9ment \u00e0 votre carnet de voyage :    \u003C\/div\u003E\n    \u003Cdiv class=\"prest_popup_ajout_fiche_carnet\"\u003E\n        CONCERT : Un Autre Paradis Blanc &ndash; Concert Michel BERGER    \u003C\/div\u003E\n    \u003Cdiv class=\"bloc_btn_ajout_fiche_carnet form_submit_div\"\u003E\n        \u003Cinput type=\"button\" value=\"Continuer ma s\u00e9lection\" title=\"Continuer ma s\u00e9lection\" name=\"btn_close\" class=\"btn_close_popup_carnet form_submit\" onclick=\"$.colorbox.close()\" \/\u003E\n        \u003Cinput type=\"button\" value=\"Voir mon carnet de voyage\" title=\"Voir mon carnet\" name=\"btn_panier\" class=\"btn_panier_popup_carnet form_submit\" onclick=\"if(typeof CarnetVoyage != 'undefined') {CarnetVoyage.voirCarnet();}\" \/\u003E\n    \u003C\/div\u003E\n    \u003Cdiv class=\"bloc_btn_ajout_fiche_carnet\"\u003E\n        \u003Cinput type=\"checkbox\" value=\"1\" name=\"desactiver_popup\" id=\"desactiver_popup\" \/\u003E\n        \u003Clabel for=\"desactiver_popup\"\u003ENe plus afficher ce message\u003C\/label\u003E\n    \u003C\/div\u003E\n\u003C\/div\u003E","success":1}