{"nbFiches":1,"dataPrest":{"infoPrest":{"pave1":{"libelle":"Slogan","contenu":"","fichiers":[]},"pave2":{"libelle":"Descriptif","contenu":"\u003Cp\u003EDans un couple, il y a toujours deux r&ocirc;les bien d&eacute;finis : celui qui est maladroit&hellip; et celui qui fait semblant de ne pas l&rsquo;&ecirc;tre.\u003Cbr \/\u003E\r\nChez Lo&iuml;c et Am&eacute;lie, les petites attentions finissent en grosses bourdes, les malentendus s&rsquo;empilent plus vite que le linge sale, et la routine a install&eacute; une ambiance capable de congeler la libido d&rsquo;un lapin australien en plein mois d&rsquo;ao&ucirc;t.\u003Cbr \/\u003E\r\nBref : &ccedil;a coince. Partout.\u003Cbr \/\u003E\r\nAlors comment raviver la flamme quand on a d&eacute;j&agrave; du mal &agrave; allumer la lumi&egrave;re du salon sans se disputer ? Comment parler d&rsquo;amour quand la flemme est devenue un art de vivre ?\u003Cbr \/\u003E\r\n\u003Cbr \/\u003E\r\nCh&eacute;ri, je veux du love est une com&eacute;die (presque) romantique, f&eacute;rocement dr&ocirc;le, o&ugrave; la mauvaise foi se partage &agrave; parts &eacute;gales&hellip; ou pas.\u003Cbr \/\u003E\r\nUn duel amoureux sans arbitre, o&ugrave; chacun est persuad&eacute; d&rsquo;avoir raison &mdash; et surtout de subir l&rsquo;autre.\u003Cbr \/\u003E\r\nUn spectacle &agrave; voir en couple, pour rire de ce qui pique un peu trop pr&egrave;s de la v&eacute;rit&eacute;. Et &agrave; voir en c&eacute;libataire, pour &eacute;viter de refaire les m&ecirc;mes erreurs de casting.\u003Cbr \/\u003E\r\n\u003Cbr \/\u003E\r\nParce que l&rsquo;amour, c&rsquo;est beau&hellip; mais &ccedil;a se m&eacute;rite.\u003C\/p\u003E\r\n\r\n\u003Cp\u003E&nbsp;\u003C\/p\u003E\r\n\r\n\u003Cp style=\"box-sizing: border-box; margin: 0.75em 0px 0px; color: rgb(112, 113, 114); font-family: Heebo, sans-serif; font-size: 14.4px;\"\u003E\u003Cspan class=\"contenu_descriptif\"\u003E\u003Cspan style=\"box-sizing: border-box; font-family: Heebo, sans-serif; font-size: 14.4px; color: rgb(0, 0, 0);\"\u003EBilletterie en ligne&nbsp;\u003C\/span\u003E\u003Cspan style=\"color: rgb(112, 113, 114); font-family: Heebo, sans-serif; font-size: 14.4px;\"\u003E:&nbsp; &nbsp;\u003C\/span\u003E\u003Ca href=\"https:\/\/www.le-canotier.net\/%C3%A9v%C3%A8nement\/cheri-je-veux-du-love-comedie\/\" target=\"_blank\"\u003E\u003Cspan style=\"box-sizing: border-box; color: rgb(0, 128, 128);\"\u003E\u003Cu style=\"box-sizing: border-box;\"\u003E\u003Cstrong style=\"box-sizing: border-box;\"\u003ER&eacute;servation ici &gt;&gt;&gt;&gt;&gt;&gt;&gt;\u003C\/strong\u003E\u003C\/u\u003E\u003C\/span\u003E\u003C\/a\u003E\u003C\/span\u003E\u003C\/p\u003E\r\n\r\n\u003Cp style=\"box-sizing: border-box; margin: 0.75em 0px 0px; color: rgb(112, 113, 114); font-family: Heebo, sans-serif; font-size: 14.4px;\"\u003E&nbsp;\u003C\/p\u003E\r\n\r\n\u003Cp style=\"box-sizing: border-box; margin: 0.75em 0px 0px; color: rgb(112, 113, 114); font-family: Heebo, sans-serif; font-size: 14.4px;\"\u003E\u003Cbr \/\u003E\r\nPlacement libre.\u003Cbr \/\u003E\r\n\u003Cbr \/\u003E\r\nAcc&egrave;s &agrave; la salle possible avec contr&ocirc;le billet 30 minutes avant le d&eacute;but de la repr&eacute;sentation\u003Cbr \/\u003E\r\nL&rsquo;horaire indiqu&eacute; correspond &agrave; l&rsquo;heure de d&eacute;but du spectacle. Toute personne se pr&eacute;sentant apr&egrave;s cet horaire, m&ecirc;me en possession d&rsquo;un billet, pourra se voir refuser l&rsquo;acc&egrave;s &agrave; la salle.\u003Cbr \/\u003E\r\n\u003Cbr \/\u003E\r\nNB : Chaque enfant doit &ecirc;tre sous la responsabilit&eacute; d&rsquo;un adulte majeur et chaque participant doit &ecirc;tre muni d&rsquo;un billet.\u003C\/p\u003E\r\n&nbsp;\r\n\r\n\u003Cp style=\"box-sizing: border-box; margin: 0.75em 0px 0px; color: rgb(112, 113, 114); font-family: Heebo, sans-serif; font-size: 14.4px;\"\u003E\u003Cbr \/\u003E\r\nIMPORTANT :\u003Cbr \/\u003E\r\nUne r&eacute;servation vous engage, votre pr&eacute;sence est obligatoire au moins 15 minutes avant le d&eacute;but du spectacle.&nbsp;\u003Cbr \/\u003E\r\nL&rsquo;acc&egrave;s &agrave; la salle vous sera refus&eacute; une fois le spectacle commenc&eacute; et ne pourra donner lieu &agrave; aucun remboursement.\u003Cbr \/\u003E\r\nVotre r&eacute;servation ne pourra pas non plus &ecirc;tre d&eacute;plac&eacute;e sur une autre repr&eacute;sentation.\u003C\/p\u003E\r\n","fichiers":[]},"pave3":{"libelle":"","contenu":""},"pave4":{"libelle":"","contenu":""},"pave5":{"libelle":"","contenu":""},"pave6":{"libelle":"","contenu":""},"pave7":{"libelle":"","contenu":""},"pave8":{"libelle":"","contenu":""},"pave9":{"libelle":"","contenu":""},"pave10":{"libelle":"","contenu":""},"pave11":{"libelle":"","contenu":""},"pave12":{"libelle":"","contenu":""},"pave13":{"libelle":"","contenu":""},"pave14":{"libelle":"","contenu":""},"pave15":{"libelle":"","contenu":""},"pave16":{"libelle":"","contenu":""},"pave17":{"libelle":"","contenu":""},"pave18":{"libelle":"","contenu":""},"pave19":{"libelle":"","contenu":""},"pave20":{"libelle":"","contenu":""},"pave21":{"libelle":"","contenu":""},"pave22":{"libelle":"","contenu":""},"pave23":{"libelle":"","contenu":""},"pave24":{"libelle":"","contenu":""},"pave25":{"libelle":"","contenu":""},"Libelle":"Ch\u00e9ri, je veux du love !","Reference":"","Reftar":"","Type":"PRESTATION","TypePrestataire":"Y","ContexteStat":"PRESTATION-Y-LECANOTIER-COMEDIEJEVEUXDULOVE","DateModificationIso":"2026-09-01T15:48:00+02:00","Adresse":{"LigneAdresse1":"10 Avenue des Fr\u00e8res Lumi\u00e8re","LigneAdresse2":"Le Canotier","LigneAdresse3":"","CodePostal":"44250","Ville":"ST BREVIN LES PINS","Cedex":"","Etat":"","Pays":"FRA"},"Id":"y-lecanotier-comediejeveuxdulove","Code":"Y|LECANOTIER|COMEDIEJEVEUXDULOVE","Cle":"Y|LECANOTIER|COMEDIEJEVEUXDULOVE","Url":"cheri-je-veux-du-love.html","Localisation":{"GoogleMap":{"Latitude":"47.23500","Longitude":"-2.15321"}},"ZoneGeo":"","Criteres":{"LIEUMANIF[SAINTBREVIN":"","CATEGORIEANIMATION[CONCER":"","CATEGORIEANIMATION[SOIREDANSANTE":"","DETAILCONCERTSPECTACLE[DANS":"","DETAILCONCERTSPECTACLE[MUSIQUEACTUELLEPOPRAP":"","DETAILCONCERTSPECTACLE[CHAN":"","ICA[ICATP":"","ANIAH[ANIACC":"","GANIMA[GANIMNON":"","MODEPAIEMENT[LCBP":"","MODEPAIEMENT[LESPE":"","MODEPAIEMENT[LCB":"","MODEPAIEMENT[LANCV":"","MISEAJOURINGENIE[DATEDERNIEREMAJ":"20250910","MISEAJOURPAR[ANNABELLE":""},"Prestataire":{"pave1":{"libelle":"Descriptif","contenu":""},"pave2":{"libelle":"","contenu":""},"pave3":{"libelle":"","contenu":""},"pave4":{"libelle":"","contenu":""},"pave5":{"libelle":"","contenu":""},"pave6":{"libelle":"","contenu":""},"pave7":{"libelle":"","contenu":""},"pave8":{"libelle":"","contenu":""},"pave9":{"libelle":"","contenu":""},"pave10":{"libelle":"","contenu":""},"pave11":{"libelle":"","contenu":""},"pave12":{"libelle":"","contenu":""},"pave13":{"libelle":"","contenu":""},"pave14":{"libelle":"","contenu":""},"pave15":{"libelle":"","contenu":""},"pave16":{"libelle":"","contenu":""},"pave17":{"libelle":"","contenu":""},"pave18":{"libelle":"","contenu":""},"pave19":{"libelle":"","contenu":""},"pave20":{"libelle":"","contenu":""},"pave21":{"libelle":"","contenu":""},"pave22":{"libelle":"","contenu":""},"pave23":{"libelle":"","contenu":""},"pave24":{"libelle":"","contenu":""},"pave25":{"libelle":"","contenu":""},"ContactsParType":{"DIR":{"2871":{"id_contact":"2871","type_contact":"DIR","categorie_contact":"PRESTATAIRE","societe_contact":"","fonction_contact":"","civilite_nom_prenom_contact":"","adresse1_contact":"","adresse2_contact":"","adresse3_contact":"","cpostal_contact":"","ville_contact":"","teldom_contact":"","telbur_contact":"","fax_contact":"","portable_contact":"06 73 66 54 63","email_contact":"","siteweb_contact":"","commentaire_contact":"","langue_contact":"","autre_moyen_com":[]}}},"Libelle":"Le Canotier","Nom":"Le Canotier","Prenom":"","NomPrenom":"Le Canotier ","CiviliteNomPrenom":"Le Canotier ","Cle":"Y|LECANOTIER","PrestataireParent":"","ContexteStat":"PRESTATAIRE-Y-LECANOTIER","DateModificationIso":"2026-05-12T15:21:00+02:00","Type":"PRESTATAIRE","TypePrestataire":"Y","Adresse":{"LigneAdresse1":"7 Avenue des Fr\u00e8res Lumi\u00e8re","LigneAdresse2":"","LigneAdresse3":"","CodePostal":"44250","Ville":"ST BREVIN LES PINS","Cedex":"","Etat":"","Pays":"FRA"},"Email":"contact@le-canotier.net","Telephone":"02 52 800 075","TelephoneBureau":"","Portable":"","SiteWeb":"https:\/\/www.le-canotier.net\/","Fax":"","Id":"y-lecanotier","Code":"Y|LECANOTIER","Fichier":{"Image":[{"url":"https:\/\/www.saint-brevin.com\/medias\/images\/prestataires\/le-canotier-bar-dansant-saint-brevin1-5542-5978.jpg","chemin":"..\/medias\/images\/prestataires\/le-canotier-bar-dansant-saint-brevin1-5542-5978.jpg","libelle":"le-canotier-bar-dansant-saint-brevin1-5542","extension":"jpg","categorie":"","largeur":960,"theme":"","hauteur":720,"type":"Image","origine":"","liaisonPave":"","langue":"","id":"5978","urlVignette":"https:\/\/www.saint-brevin.com\/medias\/images\/prestataires\/v-le-canotier-bar-dansant-saint-brevin1-5542-5978.jpg","alt":"le-canotier-bar-dansant-saint-brevin1-5542","title":"le-canotier-bar-dansant-saint-brevin1-5542","MultiTaille":{"1920x1440":{"url":"https:\/\/www.saint-brevin.com\/medias\/images\/prestataires\/multitailles\/1920x1440_le-canotier-bar-dansant-saint-brevin1-5542-5978.jpg"},"1200x900":{"url":"https:\/\/www.saint-brevin.com\/medias\/images\/prestataires\/multitailles\/1200x900_le-canotier-bar-dansant-saint-brevin1-5542-5978.jpg"},"800x600":{"url":"https:\/\/www.saint-brevin.com\/medias\/images\/prestataires\/multitailles\/800x600_le-canotier-bar-dansant-saint-brevin1-5542-5978.jpg"},"640x480":{"url":"https:\/\/www.saint-brevin.com\/medias\/images\/prestataires\/multitailles\/640x480_le-canotier-bar-dansant-saint-brevin1-5542-5978.jpg"},"320x240":{"url":"https:\/\/www.saint-brevin.com\/medias\/images\/prestataires\/multitailles\/320x240_le-canotier-bar-dansant-saint-brevin1-5542-5978.jpg"},"160x120":{"url":"https:\/\/www.saint-brevin.com\/medias\/images\/prestataires\/multitailles\/160x120_le-canotier-bar-dansant-saint-brevin1-5542-5978.jpg"},"origine":{"url":"https:\/\/www.saint-brevin.com\/medias\/images\/prestataires\/le-canotier-bar-dansant-saint-brevin1-5542-5978.jpg"}},"urlLien":"","typeLien":"","nofollow":"N","copyright":""},{"url":"https:\/\/www.saint-brevin.com\/medias\/images\/prestataires\/le-canotier-bar-dansant-saint-brevin-5541-5977.jpg","chemin":"..\/medias\/images\/prestataires\/le-canotier-bar-dansant-saint-brevin-5541-5977.jpg","libelle":"le-canotier-bar-dansant-saint-brevin-5541","extension":"jpg","categorie":"","largeur":400,"theme":"","hauteur":400,"type":"Image","origine":"","liaisonPave":"","langue":"","id":"5977","urlVignette":"https:\/\/www.saint-brevin.com\/medias\/images\/prestataires\/v-le-canotier-bar-dansant-saint-brevin-5541-5977.jpg","alt":"le-canotier-bar-dansant-saint-brevin-5541","title":"le-canotier-bar-dansant-saint-brevin-5541","MultiTaille":{"1920x1440":{"url":"https:\/\/www.saint-brevin.com\/medias\/images\/prestataires\/multitailles\/1920x1440_le-canotier-bar-dansant-saint-brevin-5541-5977.jpg"},"1200x900":{"url":"https:\/\/www.saint-brevin.com\/medias\/images\/prestataires\/multitailles\/1200x900_le-canotier-bar-dansant-saint-brevin-5541-5977.jpg"},"800x600":{"url":"https:\/\/www.saint-brevin.com\/medias\/images\/prestataires\/multitailles\/800x600_le-canotier-bar-dansant-saint-brevin-5541-5977.jpg"},"640x480":{"url":"https:\/\/www.saint-brevin.com\/medias\/images\/prestataires\/multitailles\/640x480_le-canotier-bar-dansant-saint-brevin-5541-5977.jpg"},"320x240":{"url":"https:\/\/www.saint-brevin.com\/medias\/images\/prestataires\/multitailles\/320x240_le-canotier-bar-dansant-saint-brevin-5541-5977.jpg"},"160x120":{"url":"https:\/\/www.saint-brevin.com\/medias\/images\/prestataires\/multitailles\/160x120_le-canotier-bar-dansant-saint-brevin-5541-5977.jpg"},"origine":{"url":"https:\/\/www.saint-brevin.com\/medias\/images\/prestataires\/le-canotier-bar-dansant-saint-brevin-5541-5977.jpg"}},"urlLien":"","typeLien":"","nofollow":"N","copyright":""}],"ByCategorie":{"":[{"url":"https:\/\/www.saint-brevin.com\/medias\/images\/prestataires\/le-canotier-bar-dansant-saint-brevin1-5542-5978.jpg","chemin":"..\/medias\/images\/prestataires\/le-canotier-bar-dansant-saint-brevin1-5542-5978.jpg","libelle":"le-canotier-bar-dansant-saint-brevin1-5542","extension":"jpg","categorie":"","largeur":960,"theme":"","hauteur":720,"type":"Image","origine":"","liaisonPave":"","langue":"","id":"5978","urlVignette":"https:\/\/www.saint-brevin.com\/medias\/images\/prestataires\/v-le-canotier-bar-dansant-saint-brevin1-5542-5978.jpg","alt":"le-canotier-bar-dansant-saint-brevin1-5542","title":"le-canotier-bar-dansant-saint-brevin1-5542","MultiTaille":{"1920x1440":{"url":"https:\/\/www.saint-brevin.com\/medias\/images\/prestataires\/multitailles\/1920x1440_le-canotier-bar-dansant-saint-brevin1-5542-5978.jpg"},"1200x900":{"url":"https:\/\/www.saint-brevin.com\/medias\/images\/prestataires\/multitailles\/1200x900_le-canotier-bar-dansant-saint-brevin1-5542-5978.jpg"},"800x600":{"url":"https:\/\/www.saint-brevin.com\/medias\/images\/prestataires\/multitailles\/800x600_le-canotier-bar-dansant-saint-brevin1-5542-5978.jpg"},"640x480":{"url":"https:\/\/www.saint-brevin.com\/medias\/images\/prestataires\/multitailles\/640x480_le-canotier-bar-dansant-saint-brevin1-5542-5978.jpg"},"320x240":{"url":"https:\/\/www.saint-brevin.com\/medias\/images\/prestataires\/multitailles\/320x240_le-canotier-bar-dansant-saint-brevin1-5542-5978.jpg"},"160x120":{"url":"https:\/\/www.saint-brevin.com\/medias\/images\/prestataires\/multitailles\/160x120_le-canotier-bar-dansant-saint-brevin1-5542-5978.jpg"},"origine":{"url":"https:\/\/www.saint-brevin.com\/medias\/images\/prestataires\/le-canotier-bar-dansant-saint-brevin1-5542-5978.jpg"}},"urlLien":"","typeLien":"","nofollow":"N","copyright":""},{"url":"https:\/\/www.saint-brevin.com\/medias\/images\/prestataires\/le-canotier-bar-dansant-saint-brevin-5541-5977.jpg","chemin":"..\/medias\/images\/prestataires\/le-canotier-bar-dansant-saint-brevin-5541-5977.jpg","libelle":"le-canotier-bar-dansant-saint-brevin-5541","extension":"jpg","categorie":"","largeur":400,"theme":"","hauteur":400,"type":"Image","origine":"","liaisonPave":"","langue":"","id":"5977","urlVignette":"https:\/\/www.saint-brevin.com\/medias\/images\/prestataires\/v-le-canotier-bar-dansant-saint-brevin-5541-5977.jpg","alt":"le-canotier-bar-dansant-saint-brevin-5541","title":"le-canotier-bar-dansant-saint-brevin-5541","MultiTaille":{"1920x1440":{"url":"https:\/\/www.saint-brevin.com\/medias\/images\/prestataires\/multitailles\/1920x1440_le-canotier-bar-dansant-saint-brevin-5541-5977.jpg"},"1200x900":{"url":"https:\/\/www.saint-brevin.com\/medias\/images\/prestataires\/multitailles\/1200x900_le-canotier-bar-dansant-saint-brevin-5541-5977.jpg"},"800x600":{"url":"https:\/\/www.saint-brevin.com\/medias\/images\/prestataires\/multitailles\/800x600_le-canotier-bar-dansant-saint-brevin-5541-5977.jpg"},"640x480":{"url":"https:\/\/www.saint-brevin.com\/medias\/images\/prestataires\/multitailles\/640x480_le-canotier-bar-dansant-saint-brevin-5541-5977.jpg"},"320x240":{"url":"https:\/\/www.saint-brevin.com\/medias\/images\/prestataires\/multitailles\/320x240_le-canotier-bar-dansant-saint-brevin-5541-5977.jpg"},"160x120":{"url":"https:\/\/www.saint-brevin.com\/medias\/images\/prestataires\/multitailles\/160x120_le-canotier-bar-dansant-saint-brevin-5541-5977.jpg"},"origine":{"url":"https:\/\/www.saint-brevin.com\/medias\/images\/prestataires\/le-canotier-bar-dansant-saint-brevin-5541-5977.jpg"}},"urlLien":"","typeLien":"","nofollow":"N","copyright":""}]}},"Url":"","Localisation":{"GoogleMap":{"Latitude":"47.23500","Longitude":"-2.15326"}},"ZoneGeo":"","LiensEtWidgetsParType":{"A":[{"Id":"214","TypePrestataire":"Y","CodePrestataire":"LECANOTIER","CodePrestation":"","CodeLibelle":"","Type":"A","Url":"https:\/\/www.facebook.com\/LeCanotierBarDancing","Defaut":"N","Langue":"","Nature":"URL","Import":"","LibelleText":"","Theme":""}],"IG":[{"Id":"215","TypePrestataire":"Y","CodePrestataire":"LECANOTIER","CodePrestation":"","CodeLibelle":"","Type":"IG","Url":"https:\/\/www.instagram.com\/lecanotierbardancing\/","Defaut":"N","Langue":"","Nature":"URL","Import":"","LibelleText":"","Theme":""}]},"LiensEtWidgets":[{"Id":"214","TypePrestataire":"Y","CodePrestataire":"LECANOTIER","CodePrestation":"","CodeLibelle":"","Type":"A","Url":"https:\/\/www.facebook.com\/LeCanotierBarDancing","Defaut":"N","Langue":"","Nature":"URL","Import":"","LibelleText":"","Theme":""},{"Id":"215","TypePrestataire":"Y","CodePrestataire":"LECANOTIER","CodePrestation":"","CodeLibelle":"","Type":"IG","Url":"https:\/\/www.instagram.com\/lecanotierbardancing\/","Defaut":"N","Langue":"","Nature":"URL","Import":"","LibelleText":"","Theme":""}],"Criteres":{"LDLTH[DHAACO":"","MAJINGENIE[DATEDERNIEREMAJ":"20230110","MISEAJOUR[AMANDINE":""},"DateFinPublication":""},"Fichier":{"Image":[{"url":"https:\/\/www.saint-brevin.com\/medias\/images\/prestations\/capture-d-cran-2026-09-01-154721-32291.jpg","chemin":"..\/medias\/images\/prestations\/capture-d-cran-2026-09-01-154721-32291.jpg","libelle":"capture-d-cran-2026-09-01-154721-32291","extension":"jpg","categorie":"","largeur":463,"theme":"","hauteur":463,"type":"Image","origine":"","liaisonPave":"","langue":"","id":"32291","urlVignette":"https:\/\/www.saint-brevin.com\/medias\/images\/prestations\/v-capture-d-cran-2026-09-01-154721-32291.jpg","alt":"capture-d-cran-2026-09-01-154721-32291","title":"capture-d-cran-2026-09-01-154721-32291","MultiTaille":{"1920x1440":{"url":"https:\/\/www.saint-brevin.com\/medias\/images\/prestations\/multitailles\/1920x1440_capture-d-cran-2026-09-01-154721-32291.jpg"},"1200x900":{"url":"https:\/\/www.saint-brevin.com\/medias\/images\/prestations\/multitailles\/1200x900_capture-d-cran-2026-09-01-154721-32291.jpg"},"800x600":{"url":"https:\/\/www.saint-brevin.com\/medias\/images\/prestations\/multitailles\/800x600_capture-d-cran-2026-09-01-154721-32291.jpg"},"640x480":{"url":"https:\/\/www.saint-brevin.com\/medias\/images\/prestations\/multitailles\/640x480_capture-d-cran-2026-09-01-154721-32291.jpg"},"320x240":{"url":"https:\/\/www.saint-brevin.com\/medias\/images\/prestations\/multitailles\/320x240_capture-d-cran-2026-09-01-154721-32291.jpg"},"160x120":{"url":"https:\/\/www.saint-brevin.com\/medias\/images\/prestations\/multitailles\/160x120_capture-d-cran-2026-09-01-154721-32291.jpg"},"origine":{"url":"https:\/\/www.saint-brevin.com\/medias\/images\/prestations\/capture-d-cran-2026-09-01-154721-32291.jpg"}},"urlLien":"","typeLien":"","nofollow":"N","copyright":""}],"ByCategorie":{"":[{"url":"https:\/\/www.saint-brevin.com\/medias\/images\/prestations\/capture-d-cran-2026-09-01-154721-32291.jpg","chemin":"..\/medias\/images\/prestations\/capture-d-cran-2026-09-01-154721-32291.jpg","libelle":"capture-d-cran-2026-09-01-154721-32291","extension":"jpg","categorie":"","largeur":463,"theme":"","hauteur":463,"type":"Image","origine":"","liaisonPave":"","langue":"","id":"32291","urlVignette":"https:\/\/www.saint-brevin.com\/medias\/images\/prestations\/v-capture-d-cran-2026-09-01-154721-32291.jpg","alt":"capture-d-cran-2026-09-01-154721-32291","title":"capture-d-cran-2026-09-01-154721-32291","MultiTaille":{"1920x1440":{"url":"https:\/\/www.saint-brevin.com\/medias\/images\/prestations\/multitailles\/1920x1440_capture-d-cran-2026-09-01-154721-32291.jpg"},"1200x900":{"url":"https:\/\/www.saint-brevin.com\/medias\/images\/prestations\/multitailles\/1200x900_capture-d-cran-2026-09-01-154721-32291.jpg"},"800x600":{"url":"https:\/\/www.saint-brevin.com\/medias\/images\/prestations\/multitailles\/800x600_capture-d-cran-2026-09-01-154721-32291.jpg"},"640x480":{"url":"https:\/\/www.saint-brevin.com\/medias\/images\/prestations\/multitailles\/640x480_capture-d-cran-2026-09-01-154721-32291.jpg"},"320x240":{"url":"https:\/\/www.saint-brevin.com\/medias\/images\/prestations\/multitailles\/320x240_capture-d-cran-2026-09-01-154721-32291.jpg"},"160x120":{"url":"https:\/\/www.saint-brevin.com\/medias\/images\/prestations\/multitailles\/160x120_capture-d-cran-2026-09-01-154721-32291.jpg"},"origine":{"url":"https:\/\/www.saint-brevin.com\/medias\/images\/prestations\/capture-d-cran-2026-09-01-154721-32291.jpg"}},"urlLien":"","typeLien":"","nofollow":"N","copyright":""}]}},"DateDebPublication":"","DateFinPublication":"20261023","PrixAPartirDe":"","PrixPour":"","FicheListeEnCours":"fiche_liste_agenda_prestation_v2017","ParametresModele":{"AfficherPhotos":"1","NbPhotosMax":6,"AfficherReserver":0,"AfficherContact":0,"AfficherSalle":1,"AfficherZoneGeo":0,"AfficherEnSavoirPlus":"1","AfficherUneSeuleOuverture":"1","AfficherContactCarte":1,"AfficherTarifsChaudAPartirDe":0,"AfficherTarifChaudSansRecherche":0,"AfficherLiensCarnetVoyage":"1","AfficherOuverture":"1","BlocCritereInfo":{"critere1":{"libelle":""},"critere2":{"libelle":""},"critere3":{"libelle":""},"critere4":{"libelle":""},"critere5":{"libelle":""},"critere6":{"libelle":""},"critere7":{"libelle":"","liste_critere":["COMMUNES|Y"]},"critere8":{"libelle":""},"critere9":{"libelle":""},"afficherpictoetpaslibelle":"1"},"CriteresComportementResa":"|RESABILLET[RESAENLIGNE|","PositionBloc":"GALLERIE|NOM|OUVERTURES|CARNET_VOYAGE|URL|LIEN_RESERVER_DETAIL","TypePrestataire":"Y","ComportementResa":false,"ComportementDispo":false},"AffichageCoordonnees":[],"Coordonnees":{"Ville":"ST BREVIN LES PINS"},"ContexteId":"PRESTATION|Y|LECANOTIER|COMEDIEJEVEUXDULOVE","ContexteIdHtml":"PRESTATION-Y-LECANOTIER-COMEDIEJEVEUXDULOVE","cleContexte":"Y|LECANOTIER|COMEDIEJEVEUXDULOVE","Bloc":{"texte1":"","texte3":"","critere1":{"libelle":"","contenu":[]},"critere2":{"libelle":"","contenu":[]},"critere3":{"libelle":"","contenu":[]},"critere4":{"libelle":"","contenu":[]},"critere5":{"libelle":"","contenu":[]},"critere6":{"libelle":"","contenu":[]},"critere7":{"libelle":"","contenu":[]},"critere8":{"libelle":"","contenu":[]},"critere9":{"libelle":"","contenu":[]}},"LocalisationGps":{"Latitude":"47.23500","Longitude":"-2.15321"},"libelleDuPrestataire":"","vuePrestataire":{"pave1":{"libelle":"Descriptif","contenu":""},"pave2":{"libelle":"","contenu":""},"pave3":{"libelle":"","contenu":""},"pave4":{"libelle":"","contenu":""},"pave5":{"libelle":"","contenu":""},"pave6":{"libelle":"","contenu":""},"pave7":{"libelle":"","contenu":""},"pave8":{"libelle":"","contenu":""},"pave9":{"libelle":"","contenu":""},"pave10":{"libelle":"","contenu":""},"pave11":{"libelle":"","contenu":""},"pave12":{"libelle":"","contenu":""},"pave13":{"libelle":"","contenu":""},"pave14":{"libelle":"","contenu":""},"pave15":{"libelle":"","contenu":""},"pave16":{"libelle":"","contenu":""},"pave17":{"libelle":"","contenu":""},"pave18":{"libelle":"","contenu":""},"pave19":{"libelle":"","contenu":""},"pave20":{"libelle":"","contenu":""},"pave21":{"libelle":"","contenu":""},"pave22":{"libelle":"","contenu":""},"pave23":{"libelle":"","contenu":""},"pave24":{"libelle":"","contenu":""},"pave25":{"libelle":"","contenu":""},"ContactsParType":{"DIR":{"2871":{"id_contact":"2871","type_contact":"DIR","categorie_contact":"PRESTATAIRE","societe_contact":"","fonction_contact":"","civilite_nom_prenom_contact":"","adresse1_contact":"","adresse2_contact":"","adresse3_contact":"","cpostal_contact":"","ville_contact":"","teldom_contact":"","telbur_contact":"","fax_contact":"","portable_contact":"06 73 66 54 63","email_contact":"","siteweb_contact":"","commentaire_contact":"","langue_contact":"","autre_moyen_com":[]}}},"Libelle":"Le Canotier","Nom":"Le Canotier","Prenom":"","NomPrenom":"Le Canotier ","CiviliteNomPrenom":"Le Canotier ","Cle":"Y|LECANOTIER","PrestataireParent":"","ContexteStat":"PRESTATAIRE-Y-LECANOTIER","DateModificationIso":"2026-05-12T15:21:00+02:00","Type":"PRESTATAIRE","TypePrestataire":"Y","Adresse":{"LigneAdresse1":"7 Avenue des Fr\u00e8res Lumi\u00e8re","LigneAdresse2":"","LigneAdresse3":"","CodePostal":"44250","Ville":"ST BREVIN LES PINS","Cedex":"","Etat":"","Pays":"FRA"},"Email":"contact@le-canotier.net","Telephone":"02 52 800 075","TelephoneBureau":"","Portable":"","SiteWeb":"https:\/\/www.le-canotier.net\/","Fax":"","Id":"y-lecanotier","Code":"Y|LECANOTIER","Fichier":{"Image":[{"url":"https:\/\/www.saint-brevin.com\/medias\/images\/prestataires\/le-canotier-bar-dansant-saint-brevin1-5542-5978.jpg","chemin":"..\/medias\/images\/prestataires\/le-canotier-bar-dansant-saint-brevin1-5542-5978.jpg","libelle":"le-canotier-bar-dansant-saint-brevin1-5542","extension":"jpg","categorie":"","largeur":960,"theme":"","hauteur":720,"type":"Image","origine":"","liaisonPave":"","langue":"","id":"5978","urlVignette":"https:\/\/www.saint-brevin.com\/medias\/images\/prestataires\/v-le-canotier-bar-dansant-saint-brevin1-5542-5978.jpg","alt":"le-canotier-bar-dansant-saint-brevin1-5542","title":"le-canotier-bar-dansant-saint-brevin1-5542","MultiTaille":{"1920x1440":{"url":"https:\/\/www.saint-brevin.com\/medias\/images\/prestataires\/multitailles\/1920x1440_le-canotier-bar-dansant-saint-brevin1-5542-5978.jpg"},"1200x900":{"url":"https:\/\/www.saint-brevin.com\/medias\/images\/prestataires\/multitailles\/1200x900_le-canotier-bar-dansant-saint-brevin1-5542-5978.jpg"},"800x600":{"url":"https:\/\/www.saint-brevin.com\/medias\/images\/prestataires\/multitailles\/800x600_le-canotier-bar-dansant-saint-brevin1-5542-5978.jpg"},"640x480":{"url":"https:\/\/www.saint-brevin.com\/medias\/images\/prestataires\/multitailles\/640x480_le-canotier-bar-dansant-saint-brevin1-5542-5978.jpg"},"320x240":{"url":"https:\/\/www.saint-brevin.com\/medias\/images\/prestataires\/multitailles\/320x240_le-canotier-bar-dansant-saint-brevin1-5542-5978.jpg"},"160x120":{"url":"https:\/\/www.saint-brevin.com\/medias\/images\/prestataires\/multitailles\/160x120_le-canotier-bar-dansant-saint-brevin1-5542-5978.jpg"},"origine":{"url":"https:\/\/www.saint-brevin.com\/medias\/images\/prestataires\/le-canotier-bar-dansant-saint-brevin1-5542-5978.jpg"}},"urlLien":"","typeLien":"","nofollow":"N","copyright":""},{"url":"https:\/\/www.saint-brevin.com\/medias\/images\/prestataires\/le-canotier-bar-dansant-saint-brevin-5541-5977.jpg","chemin":"..\/medias\/images\/prestataires\/le-canotier-bar-dansant-saint-brevin-5541-5977.jpg","libelle":"le-canotier-bar-dansant-saint-brevin-5541","extension":"jpg","categorie":"","largeur":400,"theme":"","hauteur":400,"type":"Image","origine":"","liaisonPave":"","langue":"","id":"5977","urlVignette":"https:\/\/www.saint-brevin.com\/medias\/images\/prestataires\/v-le-canotier-bar-dansant-saint-brevin-5541-5977.jpg","alt":"le-canotier-bar-dansant-saint-brevin-5541","title":"le-canotier-bar-dansant-saint-brevin-5541","MultiTaille":{"1920x1440":{"url":"https:\/\/www.saint-brevin.com\/medias\/images\/prestataires\/multitailles\/1920x1440_le-canotier-bar-dansant-saint-brevin-5541-5977.jpg"},"1200x900":{"url":"https:\/\/www.saint-brevin.com\/medias\/images\/prestataires\/multitailles\/1200x900_le-canotier-bar-dansant-saint-brevin-5541-5977.jpg"},"800x600":{"url":"https:\/\/www.saint-brevin.com\/medias\/images\/prestataires\/multitailles\/800x600_le-canotier-bar-dansant-saint-brevin-5541-5977.jpg"},"640x480":{"url":"https:\/\/www.saint-brevin.com\/medias\/images\/prestataires\/multitailles\/640x480_le-canotier-bar-dansant-saint-brevin-5541-5977.jpg"},"320x240":{"url":"https:\/\/www.saint-brevin.com\/medias\/images\/prestataires\/multitailles\/320x240_le-canotier-bar-dansant-saint-brevin-5541-5977.jpg"},"160x120":{"url":"https:\/\/www.saint-brevin.com\/medias\/images\/prestataires\/multitailles\/160x120_le-canotier-bar-dansant-saint-brevin-5541-5977.jpg"},"origine":{"url":"https:\/\/www.saint-brevin.com\/medias\/images\/prestataires\/le-canotier-bar-dansant-saint-brevin-5541-5977.jpg"}},"urlLien":"","typeLien":"","nofollow":"N","copyright":""}],"ByCategorie":{"":[{"url":"https:\/\/www.saint-brevin.com\/medias\/images\/prestataires\/le-canotier-bar-dansant-saint-brevin1-5542-5978.jpg","chemin":"..\/medias\/images\/prestataires\/le-canotier-bar-dansant-saint-brevin1-5542-5978.jpg","libelle":"le-canotier-bar-dansant-saint-brevin1-5542","extension":"jpg","categorie":"","largeur":960,"theme":"","hauteur":720,"type":"Image","origine":"","liaisonPave":"","langue":"","id":"5978","urlVignette":"https:\/\/www.saint-brevin.com\/medias\/images\/prestataires\/v-le-canotier-bar-dansant-saint-brevin1-5542-5978.jpg","alt":"le-canotier-bar-dansant-saint-brevin1-5542","title":"le-canotier-bar-dansant-saint-brevin1-5542","MultiTaille":{"1920x1440":{"url":"https:\/\/www.saint-brevin.com\/medias\/images\/prestataires\/multitailles\/1920x1440_le-canotier-bar-dansant-saint-brevin1-5542-5978.jpg"},"1200x900":{"url":"https:\/\/www.saint-brevin.com\/medias\/images\/prestataires\/multitailles\/1200x900_le-canotier-bar-dansant-saint-brevin1-5542-5978.jpg"},"800x600":{"url":"https:\/\/www.saint-brevin.com\/medias\/images\/prestataires\/multitailles\/800x600_le-canotier-bar-dansant-saint-brevin1-5542-5978.jpg"},"640x480":{"url":"https:\/\/www.saint-brevin.com\/medias\/images\/prestataires\/multitailles\/640x480_le-canotier-bar-dansant-saint-brevin1-5542-5978.jpg"},"320x240":{"url":"https:\/\/www.saint-brevin.com\/medias\/images\/prestataires\/multitailles\/320x240_le-canotier-bar-dansant-saint-brevin1-5542-5978.jpg"},"160x120":{"url":"https:\/\/www.saint-brevin.com\/medias\/images\/prestataires\/multitailles\/160x120_le-canotier-bar-dansant-saint-brevin1-5542-5978.jpg"},"origine":{"url":"https:\/\/www.saint-brevin.com\/medias\/images\/prestataires\/le-canotier-bar-dansant-saint-brevin1-5542-5978.jpg"}},"urlLien":"","typeLien":"","nofollow":"N","copyright":""},{"url":"https:\/\/www.saint-brevin.com\/medias\/images\/prestataires\/le-canotier-bar-dansant-saint-brevin-5541-5977.jpg","chemin":"..\/medias\/images\/prestataires\/le-canotier-bar-dansant-saint-brevin-5541-5977.jpg","libelle":"le-canotier-bar-dansant-saint-brevin-5541","extension":"jpg","categorie":"","largeur":400,"theme":"","hauteur":400,"type":"Image","origine":"","liaisonPave":"","langue":"","id":"5977","urlVignette":"https:\/\/www.saint-brevin.com\/medias\/images\/prestataires\/v-le-canotier-bar-dansant-saint-brevin-5541-5977.jpg","alt":"le-canotier-bar-dansant-saint-brevin-5541","title":"le-canotier-bar-dansant-saint-brevin-5541","MultiTaille":{"1920x1440":{"url":"https:\/\/www.saint-brevin.com\/medias\/images\/prestataires\/multitailles\/1920x1440_le-canotier-bar-dansant-saint-brevin-5541-5977.jpg"},"1200x900":{"url":"https:\/\/www.saint-brevin.com\/medias\/images\/prestataires\/multitailles\/1200x900_le-canotier-bar-dansant-saint-brevin-5541-5977.jpg"},"800x600":{"url":"https:\/\/www.saint-brevin.com\/medias\/images\/prestataires\/multitailles\/800x600_le-canotier-bar-dansant-saint-brevin-5541-5977.jpg"},"640x480":{"url":"https:\/\/www.saint-brevin.com\/medias\/images\/prestataires\/multitailles\/640x480_le-canotier-bar-dansant-saint-brevin-5541-5977.jpg"},"320x240":{"url":"https:\/\/www.saint-brevin.com\/medias\/images\/prestataires\/multitailles\/320x240_le-canotier-bar-dansant-saint-brevin-5541-5977.jpg"},"160x120":{"url":"https:\/\/www.saint-brevin.com\/medias\/images\/prestataires\/multitailles\/160x120_le-canotier-bar-dansant-saint-brevin-5541-5977.jpg"},"origine":{"url":"https:\/\/www.saint-brevin.com\/medias\/images\/prestataires\/le-canotier-bar-dansant-saint-brevin-5541-5977.jpg"}},"urlLien":"","typeLien":"","nofollow":"N","copyright":""}]}},"Url":"","Localisation":{"GoogleMap":{"Latitude":"47.23500","Longitude":"-2.15326"}},"ZoneGeo":"","LiensEtWidgetsParType":{"A":[{"Id":"214","TypePrestataire":"Y","CodePrestataire":"LECANOTIER","CodePrestation":"","CodeLibelle":"","Type":"A","Url":"https:\/\/www.facebook.com\/LeCanotierBarDancing","Defaut":"N","Langue":"","Nature":"URL","Import":"","LibelleText":"","Theme":""}],"IG":[{"Id":"215","TypePrestataire":"Y","CodePrestataire":"LECANOTIER","CodePrestation":"","CodeLibelle":"","Type":"IG","Url":"https:\/\/www.instagram.com\/lecanotierbardancing\/","Defaut":"N","Langue":"","Nature":"URL","Import":"","LibelleText":"","Theme":""}]},"LiensEtWidgets":[{"Id":"214","TypePrestataire":"Y","CodePrestataire":"LECANOTIER","CodePrestation":"","CodeLibelle":"","Type":"A","Url":"https:\/\/www.facebook.com\/LeCanotierBarDancing","Defaut":"N","Langue":"","Nature":"URL","Import":"","LibelleText":"","Theme":""},{"Id":"215","TypePrestataire":"Y","CodePrestataire":"LECANOTIER","CodePrestation":"","CodeLibelle":"","Type":"IG","Url":"https:\/\/www.instagram.com\/lecanotierbardancing\/","Defaut":"N","Langue":"","Nature":"URL","Import":"","LibelleText":"","Theme":""}],"Criteres":{"LDLTH[DHAACO":"","MAJINGENIE[DATEDERNIEREMAJ":"20230110","MISEAJOUR[AMANDINE":""},"DateFinPublication":"","AffichageCoordonnees":[]},"listeCriteres":{"LIEUMANIF":{"SAINTBREVIN":""},"CATEGORIEANIMATION":{"CONCER":"","SOIREDANSANTE":""},"DETAILCONCERTSPECTACLE":{"DANS":"","MUSIQUEACTUELLEPOPRAP":"","CHAN":""},"ICA":{"ICATP":""},"ANIAH":{"ANIACC":""},"GANIMA":{"GANIMNON":""},"MODEPAIEMENT":{"LCBP":"","LESPE":"","LCB":"","LANCV":""},"MISEAJOURINGENIE":{"DATEDERNIEREMAJ":"20250910"},"MISEAJOURPAR":{"ANNABELLE":""},"LDLTH":{"DHAACO":""},"MAJINGENIE":{"DATEDERNIEREMAJ":"20230110"},"MISEAJOUR":{"AMANDINE":""}},"dansCarnetVoyage":true,"Ouverture":["\u003Cp class=\"date\" \u003EVendredi 23 octobre 2026\u003C\/p\u003E\u003Cp class=\"heure\" \u003E\u00e0 partir de 20:30\u003C\/p\u003E"],"OuverturePasse":[],"OuvertureObjs":[{}],"OuvertureTab":[["20261023","20261023"]]},"html":" \n \u003Cdiv id=\"CV-PRESTATION-Y-LECANOTIER-COMEDIEJEVEUXDULOVE\" data-contexte-id=\"PRESTATION|Y|LECANOTIER|COMEDIEJEVEUXDULOVE\" data-cle=\"Y|LECANOTIER|COMEDIEJEVEUXDULOVE\" class=\"fiche-liste\"\u003E\n    \n\n    \u003C!-- partie photo --\u003E\n    \u003Cdiv class=\"photo\"\u003E\t\t\t\t\t\t\t\t\t\t\t\t\t\t\t\t\t\t\t\t\t\n        \u003Cdiv class=\"cadre_photo_principale\"\u003E\t\t\n        \n            \t\t\t\t\t\n                    \u003Ca href=\"cheri-je-veux-du-love.html?origine=carnet#media\"\u003E\n                        \u003Cimg class=\"photo_principale\" alt=\"capture-d-cran-2026-09-01-154721-32291\" src=\"https:\/\/www.saint-brevin.com\/medias\/images\/prestations\/multitailles\/320x240_capture-d-cran-2026-09-01-154721-32291.jpg\" itemprop=\"image\"\u003E\n                    \u003C\/a\u003E\t\t\t\t\t\t\n                \n                    \u003C\/div\u003E\t\t\t\t\t\t\t\t\t\t\t\t\t\t\t\t\t\t\t \t\t\n    \u003C\/div\u003E\n    \n    \u003C!-- partie nom prest --\u003E\n    \u003Cdiv class=\"nom\"\u003E\n        \u003Ch2\u003ECh\u00e9ri, je veux du love !\u003C\/h2\u003E\n        \n            \u003C\/div\u003E\n\n     \u003Cul style=\"display: none\" class=\"ouverture_list\"\u003E\u003Cli class=\"ouverture_item\"\u003E\u003Cp class=\"date\" \u003EVendredi 23 octobre 2026\u003C\/p\u003E\u003Cp class=\"heure\" \u003E\u00e0 partir de 20:30\u003C\/p\u003E\u003C\/li\u003E\u003C\/ul\u003E    \n    \u003C!-- partie adresse --\u003E\n    \u003Cdiv class=\"adresse\"\u003E\n    \n          \n    \u003C\/div\u003E\n    \n    \u003C!-- partie liens --\u003E\n    \u003Cdiv class=\"liens\"\u003E\n            \u003Ca class=\"btn-icon btn-view \" title=\"Voir la fiche d\u00e9taill\u00e9e\" href=\"cheri-je-veux-du-love.html?origine=carnet\"\u003E\u003C\/a\u003E\u003C!--\u003Ca class=\"btn-icon btn-view \" title=\"\" href=\"?origine=carnet#thaut\"\u003E\u003C\/a\u003E--\u003E\n      \u003Ca class=\"btn-icon btn-trash carnet_voyage_supprimer\" title=\"Supprimer cette fiche de mon carnet de voyage\" href=\"carnet-voyage?action=remove&fiche=Y|LECANOTIER|COMEDIEJEVEUXDULOVE\"\u003E\u003C\/a\u003E\n    \u003C\/div\u003E\n\n\u003C\/div\u003E\n\n","icon":"https:\/\/static.ingenie.fr\/images\/carnetVoyageV3\/Y.png"},"fiche":"Y|LECANOTIER|COMEDIEJEVEUXDULOVE","popup":"\u003Cdiv id=\"bloc_popup_ajout_fiche_carnet\"\u003E\n    \u003Cdiv class=\"info_popup_ajout_fiche_carnet\"\u003E\n        Vous venez d'ajouter cet \u00e9l\u00e9ment \u00e0 votre carnet de voyage :    \u003C\/div\u003E\n    \u003Cdiv class=\"prest_popup_ajout_fiche_carnet\"\u003E\n        Ch&eacute;ri, je veux du love !    \u003C\/div\u003E\n    \u003Cdiv class=\"bloc_btn_ajout_fiche_carnet form_submit_div\"\u003E\n        \u003Cinput type=\"button\" value=\"Continuer ma s\u00e9lection\" title=\"Continuer ma s\u00e9lection\" name=\"btn_close\" class=\"btn_close_popup_carnet form_submit\" onclick=\"$.colorbox.close()\" \/\u003E\n        \u003Cinput type=\"button\" value=\"Voir mon carnet de voyage\" title=\"Voir mon carnet\" name=\"btn_panier\" class=\"btn_panier_popup_carnet form_submit\" onclick=\"if(typeof CarnetVoyage != 'undefined') {CarnetVoyage.voirCarnet();}\" \/\u003E\n    \u003C\/div\u003E\n    \u003Cdiv class=\"bloc_btn_ajout_fiche_carnet\"\u003E\n        \u003Cinput type=\"checkbox\" value=\"1\" name=\"desactiver_popup\" id=\"desactiver_popup\" \/\u003E\n        \u003Clabel for=\"desactiver_popup\"\u003ENe plus afficher ce message\u003C\/label\u003E\n    \u003C\/div\u003E\n\u003C\/div\u003E","success":1}