{"nbFiches":1,"dataPrest":{"infoPrest":{"pave1":{"libelle":"Slogan","contenu":"","fichiers":[]},"pave2":{"libelle":"Descriptif","contenu":"Nos exposants vous accueillent lors de cette journ&eacute;e de f&ecirc;te !\u003Cbr \/\u003E\r\n\u003Cbr \/\u003E\r\nDiff&eacute;rents domaines seront mis &agrave; l&#39;honneur.\u003Cbr \/\u003E\r\n\u003Cbr \/\u003E\r\npetite restauration et buvette sur place.\u003Cbr \/\u003E\r\n\u003Cbr \/\u003E\r\nRenseignements : latelierenchante.eve@gmail.com","fichiers":[]},"pave3":{"libelle":"","contenu":""},"pave4":{"libelle":"","contenu":""},"pave5":{"libelle":"","contenu":""},"pave6":{"libelle":"","contenu":""},"pave7":{"libelle":"","contenu":""},"pave8":{"libelle":"","contenu":""},"pave9":{"libelle":"","contenu":""},"pave10":{"libelle":"","contenu":""},"pave11":{"libelle":"","contenu":""},"pave12":{"libelle":"","contenu":""},"pave13":{"libelle":"","contenu":""},"pave14":{"libelle":"","contenu":""},"pave15":{"libelle":"","contenu":""},"pave16":{"libelle":"","contenu":""},"pave17":{"libelle":"","contenu":""},"pave18":{"libelle":"","contenu":""},"pave19":{"libelle":"","contenu":""},"pave20":{"libelle":"","contenu":""},"pave21":{"libelle":"","contenu":""},"pave22":{"libelle":"","contenu":""},"pave23":{"libelle":"","contenu":""},"pave24":{"libelle":"","contenu":""},"pave25":{"libelle":"","contenu":""},"Libelle":"March\u00e9 de cr\u00e9ateurs","Reference":"","Reftar":"","Type":"PRESTATION","TypePrestataire":"Y","ContexteStat":"PRESTATION-Y-LATELIERCOLORE-MARCHEDECREATEURS","DateModificationIso":"2026-03-09T14:01:00+01:00","Adresse":{"LigneAdresse1":"Salle des Dunes","LigneAdresse2":"17 avenue Jules Verne","LigneAdresse3":"","CodePostal":"44250","Ville":"ST BREVIN LES PINS","Cedex":"","Etat":"","Pays":"FRA"},"Id":"y-lateliercolore-marchedecreateurs","Code":"Y|LATELIERCOLORE|MARCHEDECREATEURS","Cle":"Y|LATELIERCOLORE|MARCHEDECREATEURS","Url":"marche-de-createurs-1-1.html","Localisation":{"GoogleMap":{"Latitude":"47.24736","Longitude":"-2.16828"}},"ZoneGeo":"","Criteres":{"LIEUMANIF[SAINTBREVIN":"","TYPEDEPROGRAMMATION[NOEL":"","CATEGORIEANIMATION[MARCHE":"","MISEAJOURINGENIE[DATEDERNIEREMAJ":"20251118","MISEAJOURPAR[AMANDINE":"","MISEAJOURPAR[FABIENNE":""},"ContactsParType":{"IWEB":{"2796":{"id_contact":"2796","type_contact":"IWEB","categorie_contact":"PRESTATION","societe_contact":"L'Atelier Color\u00e9","fonction_contact":"","civilite_nom_prenom_contact":"","adresse1_contact":"15 rue Albert Chassagne","adresse2_contact":"","adresse3_contact":"","cpostal_contact":"44250","ville_contact":"ST BREVIN LES PINS","teldom_contact":"","telbur_contact":"","fax_contact":"","portable_contact":"","email_contact":"latelierenchante.eve@gmail.com","siteweb_contact":"","commentaire_contact":"","langue_contact":"","autre_moyen_com":[]}}},"ContactRemplaceCoordonnees":"2796","Prestataire":{"pave1":{"libelle":"Descriptif","contenu":""},"pave2":{"libelle":"","contenu":""},"pave3":{"libelle":"","contenu":""},"pave4":{"libelle":"","contenu":""},"pave5":{"libelle":"","contenu":""},"pave6":{"libelle":"","contenu":""},"pave7":{"libelle":"","contenu":""},"pave8":{"libelle":"","contenu":""},"pave9":{"libelle":"","contenu":""},"pave10":{"libelle":"","contenu":""},"pave11":{"libelle":"","contenu":""},"pave12":{"libelle":"","contenu":""},"pave13":{"libelle":"","contenu":""},"pave14":{"libelle":"","contenu":""},"pave15":{"libelle":"","contenu":""},"pave16":{"libelle":"","contenu":""},"pave17":{"libelle":"","contenu":""},"pave18":{"libelle":"","contenu":""},"pave19":{"libelle":"","contenu":""},"pave20":{"libelle":"","contenu":""},"pave21":{"libelle":"","contenu":""},"pave22":{"libelle":"","contenu":""},"pave23":{"libelle":"","contenu":""},"pave24":{"libelle":"","contenu":""},"pave25":{"libelle":"","contenu":""},"Libelle":"L'Atelier Color\u00e9","Nom":"L'Atelier Color\u00e9","Prenom":"","NomPrenom":"L'Atelier Color\u00e9 ","CiviliteNomPrenom":"L'Atelier Color\u00e9 ","Cle":"Y|LATELIERCOLORE","PrestataireParent":"","ContexteStat":"PRESTATAIRE-Y-LATELIERCOLORE","DateModificationIso":"2023-10-12T15:03:00+02:00","Type":"PRESTATAIRE","TypePrestataire":"Y","Adresse":{"LigneAdresse1":"15 rue Albert Chassagne","LigneAdresse2":"","LigneAdresse3":"","CodePostal":"44250","Ville":"ST BREVIN LES PINS","Cedex":"","Etat":"","Pays":"FRA"},"Email":"latelierenchante.eve@gmail.com","Telephone":"","TelephoneBureau":"","Portable":"","SiteWeb":"","Fax":"","Id":"y-lateliercolore","Code":"Y|LATELIERCOLORE","Fichier":{"Image":[{"url":"https:\/\/www.saint-brevin.com\/medias\/images\/prestataires\/atelier-colore-8505-8506.jpg","chemin":"..\/medias\/images\/prestataires\/atelier-colore-8505-8506.jpg","libelle":"atelier-colore-8505","extension":"jpg","categorie":"","largeur":698,"theme":"","hauteur":523,"type":"Image","origine":"","liaisonPave":"","langue":"","id":"8506","urlVignette":"https:\/\/www.saint-brevin.com\/medias\/images\/prestataires\/v-atelier-colore-8505-8506.jpg","alt":"atelier-colore-8505","title":"atelier-colore-8505","MultiTaille":{"1920x1440":{"url":"https:\/\/www.saint-brevin.com\/medias\/images\/prestataires\/multitailles\/1920x1440_atelier-colore-8505-8506.jpg"},"1200x900":{"url":"https:\/\/www.saint-brevin.com\/medias\/images\/prestataires\/multitailles\/1200x900_atelier-colore-8505-8506.jpg"},"800x600":{"url":"https:\/\/www.saint-brevin.com\/medias\/images\/prestataires\/multitailles\/800x600_atelier-colore-8505-8506.jpg"},"640x480":{"url":"https:\/\/www.saint-brevin.com\/medias\/images\/prestataires\/multitailles\/640x480_atelier-colore-8505-8506.jpg"},"320x240":{"url":"https:\/\/www.saint-brevin.com\/medias\/images\/prestataires\/multitailles\/320x240_atelier-colore-8505-8506.jpg"},"160x120":{"url":"https:\/\/www.saint-brevin.com\/medias\/images\/prestataires\/multitailles\/160x120_atelier-colore-8505-8506.jpg"},"origine":{"url":"https:\/\/www.saint-brevin.com\/medias\/images\/prestataires\/atelier-colore-8505-8506.jpg"}},"urlLien":"","typeLien":"","nofollow":"N","copyright":""}],"ByCategorie":{"":[{"url":"https:\/\/www.saint-brevin.com\/medias\/images\/prestataires\/atelier-colore-8505-8506.jpg","chemin":"..\/medias\/images\/prestataires\/atelier-colore-8505-8506.jpg","libelle":"atelier-colore-8505","extension":"jpg","categorie":"","largeur":698,"theme":"","hauteur":523,"type":"Image","origine":"","liaisonPave":"","langue":"","id":"8506","urlVignette":"https:\/\/www.saint-brevin.com\/medias\/images\/prestataires\/v-atelier-colore-8505-8506.jpg","alt":"atelier-colore-8505","title":"atelier-colore-8505","MultiTaille":{"1920x1440":{"url":"https:\/\/www.saint-brevin.com\/medias\/images\/prestataires\/multitailles\/1920x1440_atelier-colore-8505-8506.jpg"},"1200x900":{"url":"https:\/\/www.saint-brevin.com\/medias\/images\/prestataires\/multitailles\/1200x900_atelier-colore-8505-8506.jpg"},"800x600":{"url":"https:\/\/www.saint-brevin.com\/medias\/images\/prestataires\/multitailles\/800x600_atelier-colore-8505-8506.jpg"},"640x480":{"url":"https:\/\/www.saint-brevin.com\/medias\/images\/prestataires\/multitailles\/640x480_atelier-colore-8505-8506.jpg"},"320x240":{"url":"https:\/\/www.saint-brevin.com\/medias\/images\/prestataires\/multitailles\/320x240_atelier-colore-8505-8506.jpg"},"160x120":{"url":"https:\/\/www.saint-brevin.com\/medias\/images\/prestataires\/multitailles\/160x120_atelier-colore-8505-8506.jpg"},"origine":{"url":"https:\/\/www.saint-brevin.com\/medias\/images\/prestataires\/atelier-colore-8505-8506.jpg"}},"urlLien":"","typeLien":"","nofollow":"N","copyright":""}]}},"Url":"","Localisation":{"GoogleMap":{"Latitude":"","Longitude":""}},"ZoneGeo":"","Criteres":[],"DateFinPublication":""},"Fichier":{"Image":[{"url":"https:\/\/www.saint-brevin.com\/medias\/images\/prestations\/marche-createurs-30404.jpg","chemin":"..\/medias\/images\/prestations\/marche-createurs-30404.jpg","libelle":"marche-createurs-30404","extension":"jpg","categorie":"","largeur":943,"theme":"","hauteur":631,"type":"Image","origine":"","liaisonPave":"","langue":"","id":"30404","urlVignette":"https:\/\/www.saint-brevin.com\/medias\/images\/prestations\/v-marche-createurs-30404.jpg","alt":"marche-createurs-30404","title":"marche-createurs-30404","MultiTaille":{"1920x1440":{"url":"https:\/\/www.saint-brevin.com\/medias\/images\/prestations\/multitailles\/1920x1440_marche-createurs-30404.jpg"},"1200x900":{"url":"https:\/\/www.saint-brevin.com\/medias\/images\/prestations\/multitailles\/1200x900_marche-createurs-30404.jpg"},"800x600":{"url":"https:\/\/www.saint-brevin.com\/medias\/images\/prestations\/multitailles\/800x600_marche-createurs-30404.jpg"},"640x480":{"url":"https:\/\/www.saint-brevin.com\/medias\/images\/prestations\/multitailles\/640x480_marche-createurs-30404.jpg"},"320x240":{"url":"https:\/\/www.saint-brevin.com\/medias\/images\/prestations\/multitailles\/320x240_marche-createurs-30404.jpg"},"160x120":{"url":"https:\/\/www.saint-brevin.com\/medias\/images\/prestations\/multitailles\/160x120_marche-createurs-30404.jpg"},"origine":{"url":"https:\/\/www.saint-brevin.com\/medias\/images\/prestations\/marche-createurs-30404.jpg"}},"urlLien":"","typeLien":"","nofollow":"N","copyright":""},{"url":"https:\/\/www.saint-brevin.com\/medias\/images\/prestations\/marche-crrateurs-26-avril-30403.jpeg","chemin":"..\/medias\/images\/prestations\/marche-crrateurs-26-avril-30403.jpeg","libelle":"marche-crrateurs-26-avril-30403","extension":"jpeg","categorie":"","largeur":1075,"theme":"","hauteur":1600,"type":"Image","origine":"","liaisonPave":"","langue":"","id":"30403","urlVignette":"https:\/\/www.saint-brevin.com\/medias\/images\/prestations\/v-marche-crrateurs-26-avril-30403.jpeg","alt":"marche-crrateurs-26-avril-30403","title":"marche-crrateurs-26-avril-30403","MultiTaille":{"1920x1440":{"url":"https:\/\/www.saint-brevin.com\/medias\/images\/prestations\/multitailles\/1920x1440_marche-crrateurs-26-avril-30403.jpeg"},"1200x900":{"url":"https:\/\/www.saint-brevin.com\/medias\/images\/prestations\/multitailles\/1200x900_marche-crrateurs-26-avril-30403.jpeg"},"800x600":{"url":"https:\/\/www.saint-brevin.com\/medias\/images\/prestations\/multitailles\/800x600_marche-crrateurs-26-avril-30403.jpeg"},"640x480":{"url":"https:\/\/www.saint-brevin.com\/medias\/images\/prestations\/multitailles\/640x480_marche-crrateurs-26-avril-30403.jpeg"},"320x240":{"url":"https:\/\/www.saint-brevin.com\/medias\/images\/prestations\/multitailles\/320x240_marche-crrateurs-26-avril-30403.jpeg"},"160x120":{"url":"https:\/\/www.saint-brevin.com\/medias\/images\/prestations\/multitailles\/160x120_marche-crrateurs-26-avril-30403.jpeg"},"origine":{"url":"https:\/\/www.saint-brevin.com\/medias\/images\/prestations\/marche-crrateurs-26-avril-30403.jpeg"}},"urlLien":"","typeLien":"","nofollow":"N","copyright":""}],"ByCategorie":{"":[{"url":"https:\/\/www.saint-brevin.com\/medias\/images\/prestations\/marche-createurs-30404.jpg","chemin":"..\/medias\/images\/prestations\/marche-createurs-30404.jpg","libelle":"marche-createurs-30404","extension":"jpg","categorie":"","largeur":943,"theme":"","hauteur":631,"type":"Image","origine":"","liaisonPave":"","langue":"","id":"30404","urlVignette":"https:\/\/www.saint-brevin.com\/medias\/images\/prestations\/v-marche-createurs-30404.jpg","alt":"marche-createurs-30404","title":"marche-createurs-30404","MultiTaille":{"1920x1440":{"url":"https:\/\/www.saint-brevin.com\/medias\/images\/prestations\/multitailles\/1920x1440_marche-createurs-30404.jpg"},"1200x900":{"url":"https:\/\/www.saint-brevin.com\/medias\/images\/prestations\/multitailles\/1200x900_marche-createurs-30404.jpg"},"800x600":{"url":"https:\/\/www.saint-brevin.com\/medias\/images\/prestations\/multitailles\/800x600_marche-createurs-30404.jpg"},"640x480":{"url":"https:\/\/www.saint-brevin.com\/medias\/images\/prestations\/multitailles\/640x480_marche-createurs-30404.jpg"},"320x240":{"url":"https:\/\/www.saint-brevin.com\/medias\/images\/prestations\/multitailles\/320x240_marche-createurs-30404.jpg"},"160x120":{"url":"https:\/\/www.saint-brevin.com\/medias\/images\/prestations\/multitailles\/160x120_marche-createurs-30404.jpg"},"origine":{"url":"https:\/\/www.saint-brevin.com\/medias\/images\/prestations\/marche-createurs-30404.jpg"}},"urlLien":"","typeLien":"","nofollow":"N","copyright":""},{"url":"https:\/\/www.saint-brevin.com\/medias\/images\/prestations\/marche-crrateurs-26-avril-30403.jpeg","chemin":"..\/medias\/images\/prestations\/marche-crrateurs-26-avril-30403.jpeg","libelle":"marche-crrateurs-26-avril-30403","extension":"jpeg","categorie":"","largeur":1075,"theme":"","hauteur":1600,"type":"Image","origine":"","liaisonPave":"","langue":"","id":"30403","urlVignette":"https:\/\/www.saint-brevin.com\/medias\/images\/prestations\/v-marche-crrateurs-26-avril-30403.jpeg","alt":"marche-crrateurs-26-avril-30403","title":"marche-crrateurs-26-avril-30403","MultiTaille":{"1920x1440":{"url":"https:\/\/www.saint-brevin.com\/medias\/images\/prestations\/multitailles\/1920x1440_marche-crrateurs-26-avril-30403.jpeg"},"1200x900":{"url":"https:\/\/www.saint-brevin.com\/medias\/images\/prestations\/multitailles\/1200x900_marche-crrateurs-26-avril-30403.jpeg"},"800x600":{"url":"https:\/\/www.saint-brevin.com\/medias\/images\/prestations\/multitailles\/800x600_marche-crrateurs-26-avril-30403.jpeg"},"640x480":{"url":"https:\/\/www.saint-brevin.com\/medias\/images\/prestations\/multitailles\/640x480_marche-crrateurs-26-avril-30403.jpeg"},"320x240":{"url":"https:\/\/www.saint-brevin.com\/medias\/images\/prestations\/multitailles\/320x240_marche-crrateurs-26-avril-30403.jpeg"},"160x120":{"url":"https:\/\/www.saint-brevin.com\/medias\/images\/prestations\/multitailles\/160x120_marche-crrateurs-26-avril-30403.jpeg"},"origine":{"url":"https:\/\/www.saint-brevin.com\/medias\/images\/prestations\/marche-crrateurs-26-avril-30403.jpeg"}},"urlLien":"","typeLien":"","nofollow":"N","copyright":""}]}},"DateDebPublication":"","DateFinPublication":"","PrixAPartirDe":"","PrixPour":"","FicheListeEnCours":"fiche_liste_agenda_prestation_v2017","ParametresModele":{"AfficherPhotos":"1","NbPhotosMax":6,"AfficherReserver":0,"AfficherContact":0,"AfficherSalle":1,"AfficherZoneGeo":0,"AfficherEnSavoirPlus":"1","AfficherUneSeuleOuverture":"1","AfficherContactCarte":1,"AfficherTarifsChaudAPartirDe":0,"AfficherTarifChaudSansRecherche":0,"AfficherLiensCarnetVoyage":"1","AfficherOuverture":"1","BlocCritereInfo":{"critere1":{"libelle":""},"critere2":{"libelle":""},"critere3":{"libelle":""},"critere4":{"libelle":""},"critere5":{"libelle":""},"critere6":{"libelle":""},"critere7":{"libelle":"","liste_critere":["COMMUNES|Y"]},"critere8":{"libelle":""},"critere9":{"libelle":""},"afficherpictoetpaslibelle":"1"},"CriteresComportementResa":"|RESABILLET[RESAENLIGNE|","PositionBloc":"GALLERIE|NOM|OUVERTURES|CARNET_VOYAGE|URL|LIEN_RESERVER_DETAIL","TypePrestataire":"Y","ComportementResa":false,"ComportementDispo":false},"AffichageCoordonnees":[],"Coordonnees":{"Ville":"ST BREVIN LES PINS"},"ContexteId":"PRESTATION|Y|LATELIERCOLORE|MARCHEDECREATEURS","ContexteIdHtml":"PRESTATION-Y-LATELIERCOLORE-MARCHEDECREATEURS","cleContexte":"Y|LATELIERCOLORE|MARCHEDECREATEURS","Bloc":{"texte1":"","texte3":"","critere1":{"libelle":"","contenu":[]},"critere2":{"libelle":"","contenu":[]},"critere3":{"libelle":"","contenu":[]},"critere4":{"libelle":"","contenu":[]},"critere5":{"libelle":"","contenu":[]},"critere6":{"libelle":"","contenu":[]},"critere7":{"libelle":"","contenu":[]},"critere8":{"libelle":"","contenu":[]},"critere9":{"libelle":"","contenu":[]}},"LocalisationGps":{"Latitude":"47.24736","Longitude":"-2.16828"},"libelleDuPrestataire":"","vuePrestataire":{"pave1":{"libelle":"Descriptif","contenu":""},"pave2":{"libelle":"","contenu":""},"pave3":{"libelle":"","contenu":""},"pave4":{"libelle":"","contenu":""},"pave5":{"libelle":"","contenu":""},"pave6":{"libelle":"","contenu":""},"pave7":{"libelle":"","contenu":""},"pave8":{"libelle":"","contenu":""},"pave9":{"libelle":"","contenu":""},"pave10":{"libelle":"","contenu":""},"pave11":{"libelle":"","contenu":""},"pave12":{"libelle":"","contenu":""},"pave13":{"libelle":"","contenu":""},"pave14":{"libelle":"","contenu":""},"pave15":{"libelle":"","contenu":""},"pave16":{"libelle":"","contenu":""},"pave17":{"libelle":"","contenu":""},"pave18":{"libelle":"","contenu":""},"pave19":{"libelle":"","contenu":""},"pave20":{"libelle":"","contenu":""},"pave21":{"libelle":"","contenu":""},"pave22":{"libelle":"","contenu":""},"pave23":{"libelle":"","contenu":""},"pave24":{"libelle":"","contenu":""},"pave25":{"libelle":"","contenu":""},"Libelle":"L'Atelier Color\u00e9","Nom":"L'Atelier Color\u00e9","Prenom":"","NomPrenom":"L'Atelier Color\u00e9 ","CiviliteNomPrenom":"L'Atelier Color\u00e9 ","Cle":"Y|LATELIERCOLORE","PrestataireParent":"","ContexteStat":"PRESTATAIRE-Y-LATELIERCOLORE","DateModificationIso":"2023-10-12T15:03:00+02:00","Type":"PRESTATAIRE","TypePrestataire":"Y","Adresse":{"LigneAdresse1":"15 rue Albert Chassagne","LigneAdresse2":"","LigneAdresse3":"","CodePostal":"44250","Ville":"ST BREVIN LES PINS","Cedex":"","Etat":"","Pays":"FRA"},"Email":"latelierenchante.eve@gmail.com","Telephone":"","TelephoneBureau":"","Portable":"","SiteWeb":"","Fax":"","Id":"y-lateliercolore","Code":"Y|LATELIERCOLORE","Fichier":{"Image":[{"url":"https:\/\/www.saint-brevin.com\/medias\/images\/prestataires\/atelier-colore-8505-8506.jpg","chemin":"..\/medias\/images\/prestataires\/atelier-colore-8505-8506.jpg","libelle":"atelier-colore-8505","extension":"jpg","categorie":"","largeur":698,"theme":"","hauteur":523,"type":"Image","origine":"","liaisonPave":"","langue":"","id":"8506","urlVignette":"https:\/\/www.saint-brevin.com\/medias\/images\/prestataires\/v-atelier-colore-8505-8506.jpg","alt":"atelier-colore-8505","title":"atelier-colore-8505","MultiTaille":{"1920x1440":{"url":"https:\/\/www.saint-brevin.com\/medias\/images\/prestataires\/multitailles\/1920x1440_atelier-colore-8505-8506.jpg"},"1200x900":{"url":"https:\/\/www.saint-brevin.com\/medias\/images\/prestataires\/multitailles\/1200x900_atelier-colore-8505-8506.jpg"},"800x600":{"url":"https:\/\/www.saint-brevin.com\/medias\/images\/prestataires\/multitailles\/800x600_atelier-colore-8505-8506.jpg"},"640x480":{"url":"https:\/\/www.saint-brevin.com\/medias\/images\/prestataires\/multitailles\/640x480_atelier-colore-8505-8506.jpg"},"320x240":{"url":"https:\/\/www.saint-brevin.com\/medias\/images\/prestataires\/multitailles\/320x240_atelier-colore-8505-8506.jpg"},"160x120":{"url":"https:\/\/www.saint-brevin.com\/medias\/images\/prestataires\/multitailles\/160x120_atelier-colore-8505-8506.jpg"},"origine":{"url":"https:\/\/www.saint-brevin.com\/medias\/images\/prestataires\/atelier-colore-8505-8506.jpg"}},"urlLien":"","typeLien":"","nofollow":"N","copyright":""}],"ByCategorie":{"":[{"url":"https:\/\/www.saint-brevin.com\/medias\/images\/prestataires\/atelier-colore-8505-8506.jpg","chemin":"..\/medias\/images\/prestataires\/atelier-colore-8505-8506.jpg","libelle":"atelier-colore-8505","extension":"jpg","categorie":"","largeur":698,"theme":"","hauteur":523,"type":"Image","origine":"","liaisonPave":"","langue":"","id":"8506","urlVignette":"https:\/\/www.saint-brevin.com\/medias\/images\/prestataires\/v-atelier-colore-8505-8506.jpg","alt":"atelier-colore-8505","title":"atelier-colore-8505","MultiTaille":{"1920x1440":{"url":"https:\/\/www.saint-brevin.com\/medias\/images\/prestataires\/multitailles\/1920x1440_atelier-colore-8505-8506.jpg"},"1200x900":{"url":"https:\/\/www.saint-brevin.com\/medias\/images\/prestataires\/multitailles\/1200x900_atelier-colore-8505-8506.jpg"},"800x600":{"url":"https:\/\/www.saint-brevin.com\/medias\/images\/prestataires\/multitailles\/800x600_atelier-colore-8505-8506.jpg"},"640x480":{"url":"https:\/\/www.saint-brevin.com\/medias\/images\/prestataires\/multitailles\/640x480_atelier-colore-8505-8506.jpg"},"320x240":{"url":"https:\/\/www.saint-brevin.com\/medias\/images\/prestataires\/multitailles\/320x240_atelier-colore-8505-8506.jpg"},"160x120":{"url":"https:\/\/www.saint-brevin.com\/medias\/images\/prestataires\/multitailles\/160x120_atelier-colore-8505-8506.jpg"},"origine":{"url":"https:\/\/www.saint-brevin.com\/medias\/images\/prestataires\/atelier-colore-8505-8506.jpg"}},"urlLien":"","typeLien":"","nofollow":"N","copyright":""}]}},"Url":"","Localisation":{"GoogleMap":{"Latitude":"","Longitude":""}},"ZoneGeo":"","Criteres":[],"DateFinPublication":"","AffichageCoordonnees":[]},"listeCriteres":{"LIEUMANIF":{"SAINTBREVIN":""},"TYPEDEPROGRAMMATION":{"NOEL":""},"CATEGORIEANIMATION":{"MARCHE":""},"MISEAJOURINGENIE":{"DATEDERNIEREMAJ":"20251118"},"MISEAJOURPAR":{"AMANDINE":"","FABIENNE":""}},"dansCarnetVoyage":true,"Ouverture":[],"OuverturePasse":[]},"html":" \n \u003Cdiv id=\"CV-PRESTATION-Y-LATELIERCOLORE-MARCHEDECREATEURS\" data-contexte-id=\"PRESTATION|Y|LATELIERCOLORE|MARCHEDECREATEURS\" data-cle=\"Y|LATELIERCOLORE|MARCHEDECREATEURS\" class=\"fiche-liste\"\u003E\n    \n\n    \u003C!-- partie photo --\u003E\n    \u003Cdiv class=\"photo\"\u003E\t\t\t\t\t\t\t\t\t\t\t\t\t\t\t\t\t\t\t\t\t\n        \u003Cdiv class=\"cadre_photo_principale\"\u003E\t\t\n        \n            \t\t\t\t\t\n                    \u003Ca href=\"marche-de-createurs-1-1.html?origine=carnet#media\"\u003E\n                        \u003Cimg class=\"photo_principale\" alt=\"marche-createurs-30404\" src=\"https:\/\/www.saint-brevin.com\/medias\/images\/prestations\/multitailles\/320x240_marche-createurs-30404.jpg\" itemprop=\"image\"\u003E\n                    \u003C\/a\u003E\t\t\t\t\t\t\n                \n                    \u003C\/div\u003E\t\t\t\t\t\t\t\t\t\t\t\t\t\t\t\t\t\t\t \t\t\n    \u003C\/div\u003E\n    \n    \u003C!-- partie nom prest --\u003E\n    \u003Cdiv class=\"nom\"\u003E\n        \u003Ch2\u003EMarch\u00e9 de cr\u00e9ateurs\u003C\/h2\u003E\n        \n            \u003C\/div\u003E\n\n         \n    \u003C!-- partie adresse --\u003E\n    \u003Cdiv class=\"adresse\"\u003E\n    \n          \n    \u003C\/div\u003E\n    \n    \u003C!-- partie liens --\u003E\n    \u003Cdiv class=\"liens\"\u003E\n            \u003Ca class=\"btn-icon btn-view \" title=\"Voir la fiche d\u00e9taill\u00e9e\" href=\"marche-de-createurs-1-1.html?origine=carnet\"\u003E\u003C\/a\u003E\u003C!--\u003Ca class=\"btn-icon btn-view \" title=\"\" href=\"?origine=carnet#thaut\"\u003E\u003C\/a\u003E--\u003E\n      \u003Ca class=\"btn-icon btn-trash carnet_voyage_supprimer\" title=\"Supprimer cette fiche de mon carnet de voyage\" href=\"carnet-voyage?action=remove&fiche=Y|LATELIERCOLORE|MARCHEDECREATEURS\"\u003E\u003C\/a\u003E\n    \u003C\/div\u003E\n\n\u003C\/div\u003E\n\n","icon":"https:\/\/static.ingenie.fr\/images\/carnetVoyageV3\/Y.png"},"fiche":"Y|LATELIERCOLORE|MARCHEDECREATEURS","popup":"\u003Cdiv id=\"bloc_popup_ajout_fiche_carnet\"\u003E\n    \u003Cdiv class=\"info_popup_ajout_fiche_carnet\"\u003E\n        Vous venez d'ajouter cet \u00e9l\u00e9ment \u00e0 votre carnet de voyage :    \u003C\/div\u003E\n    \u003Cdiv class=\"prest_popup_ajout_fiche_carnet\"\u003E\n        March&eacute; de cr&eacute;ateurs    \u003C\/div\u003E\n    \u003Cdiv class=\"bloc_btn_ajout_fiche_carnet form_submit_div\"\u003E\n        \u003Cinput type=\"button\" value=\"Continuer ma s\u00e9lection\" title=\"Continuer ma s\u00e9lection\" name=\"btn_close\" class=\"btn_close_popup_carnet form_submit\" onclick=\"$.colorbox.close()\" \/\u003E\n        \u003Cinput type=\"button\" value=\"Voir mon carnet de voyage\" title=\"Voir mon carnet\" name=\"btn_panier\" class=\"btn_panier_popup_carnet form_submit\" onclick=\"if(typeof CarnetVoyage != 'undefined') {CarnetVoyage.voirCarnet();}\" \/\u003E\n    \u003C\/div\u003E\n    \u003Cdiv class=\"bloc_btn_ajout_fiche_carnet\"\u003E\n        \u003Cinput type=\"checkbox\" value=\"1\" name=\"desactiver_popup\" id=\"desactiver_popup\" \/\u003E\n        \u003Clabel for=\"desactiver_popup\"\u003ENe plus afficher ce message\u003C\/label\u003E\n    \u003C\/div\u003E\n\u003C\/div\u003E","success":1}