{"nbFiches":1,"dataPrest":{"infoPrest":{"pave1":{"libelle":"Slogan","contenu":"","fichiers":[]},"pave2":{"libelle":"Descriptif","contenu":"Le Salon du Chemin vers Soi est un rendez-vous d&eacute;di&eacute; au bien-&ecirc;tre, &agrave; la spiritualit&eacute; et &agrave; l&rsquo;&eacute;veil personnel, ouvert aussi bien aux adultes qu&rsquo;aux enfants.\u003Cbr \/\u003E\r\nPendant tout un week-end, praticiens, artisans et passionn&eacute;s du mieux-&ecirc;tre se r&eacute;unissent pour partager leurs savoirs et faire d&eacute;couvrir diff&eacute;rentes approches pour prendre soin du corps, de l&rsquo;esprit et de l&rsquo;&acirc;me.\u003Cbr \/\u003E\r\nAu programme : conf&eacute;rences, ateliers bien-&ecirc;tre, voyages sonores, rencontres inspirantes, espace d&eacute;di&eacute; aux enfants et stands autour des pratiques &eacute;nerg&eacute;tiques, du d&eacute;veloppement personnel et de l&rsquo;artisanat intuitif.\u003Cbr \/\u003E\r\nUn moment convivial et lumineux pour se reconnecter &agrave; soi, d&eacute;couvrir de nouvelles pratiques et vivre une exp&eacute;rience enrichissante en famille. Un week-end pour souffler, apprendre, ressentir&hellip; et avancer sur son propre chemin.\u003Cbr \/\u003E\r\n\u003Cbr \/\u003E\r\nEntr&eacute;e gratuite\u003Cbr \/\u003E\r\n&nbsp;","fichiers":[]},"pave3":{"libelle":"","contenu":""},"pave4":{"libelle":"","contenu":""},"pave5":{"libelle":"","contenu":""},"pave6":{"libelle":"","contenu":""},"pave7":{"libelle":"","contenu":""},"pave8":{"libelle":"","contenu":""},"pave9":{"libelle":"","contenu":""},"pave10":{"libelle":"","contenu":""},"pave11":{"libelle":"","contenu":""},"pave12":{"libelle":"","contenu":""},"pave13":{"libelle":"","contenu":""},"pave14":{"libelle":"","contenu":""},"pave15":{"libelle":"","contenu":""},"pave16":{"libelle":"","contenu":""},"pave17":{"libelle":"","contenu":""},"pave18":{"libelle":"","contenu":""},"pave19":{"libelle":"","contenu":""},"pave20":{"libelle":"","contenu":""},"pave21":{"libelle":"","contenu":""},"pave22":{"libelle":"","contenu":""},"pave23":{"libelle":"","contenu":""},"pave24":{"libelle":"","contenu":""},"pave25":{"libelle":"","contenu":""},"Libelle":"Salon du Chemin vers Soi","Reference":"","Reftar":"","Type":"PRESTATION","TypePrestataire":"Y","ContexteStat":"PRESTATION-Y-JUMOSPIRITESTPERE-SALONCHEMINVERSSOI","DateModificationIso":"2026-03-17T13:04:00+01:00","Adresse":{"LigneAdresse1":"Salle de la Bergerie","LigneAdresse2":"La Bergerie","LigneAdresse3":"Route de Saint-Viaud","CodePostal":"44320","Ville":"ST PERE EN RETZ","Cedex":"","Etat":"","Pays":"FRA"},"Id":"y-jumospiritestpere-saloncheminverssoi","Code":"Y|JUMOSPIRITESTPERE|SALONCHEMINVERSSOI","Cle":"Y|JUMOSPIRITESTPERE|SALONCHEMINVERSSOI","Url":"salon-du-chemin-vers-soi.html","Localisation":{"GoogleMap":{"Latitude":"47.21734","Longitude":"-2.03873"}},"ZoneGeo":"","Criteres":{"LIEUMANIF[SAINTPERE":"","CATEGORIEANIMATION[BIENETRE":"","CATEGORIEANIMATION[SALON":"","ICA[ICATP":"","ANIAH[ANIACC":"","MODEPAIEMENT[GRATUIT":"","MODEPAIEMENT[ENTREELIBRE":"","MISEAJOURINGENIE[DATEDERNIEREMAJ":"20260317","MISEAJOURPAR[FABIENNE":""},"Prestataire":{"pave1":{"libelle":"Descriptif","contenu":""},"pave2":{"libelle":"","contenu":""},"pave3":{"libelle":"","contenu":""},"pave4":{"libelle":"","contenu":""},"pave5":{"libelle":"","contenu":""},"pave6":{"libelle":"","contenu":""},"pave7":{"libelle":"","contenu":""},"pave8":{"libelle":"","contenu":""},"pave9":{"libelle":"","contenu":""},"pave10":{"libelle":"","contenu":""},"pave11":{"libelle":"","contenu":""},"pave12":{"libelle":"","contenu":""},"pave13":{"libelle":"","contenu":""},"pave14":{"libelle":"","contenu":""},"pave15":{"libelle":"","contenu":""},"pave16":{"libelle":"","contenu":""},"pave17":{"libelle":"","contenu":""},"pave18":{"libelle":"","contenu":""},"pave19":{"libelle":"","contenu":""},"pave20":{"libelle":"","contenu":""},"pave21":{"libelle":"","contenu":""},"pave22":{"libelle":"","contenu":""},"pave23":{"libelle":"","contenu":""},"pave24":{"libelle":"","contenu":""},"pave25":{"libelle":"","contenu":""},"Libelle":"Association Jumo Spirite","Nom":"Association Jumo Spirite","Prenom":"","NomPrenom":"Association Jumo Spirite ","CiviliteNomPrenom":"Association Jumo Spirite ","Cle":"Y|JUMOSPIRITESTPERE","PrestataireParent":"","ContexteStat":"PRESTATAIRE-Y-JUMOSPIRITESTPERE","DateModificationIso":"2026-03-17T13:05:00+01:00","Type":"PRESTATAIRE","TypePrestataire":"Y","Adresse":{"LigneAdresse1":"9 rue de la Tani\u00e8re","LigneAdresse2":"","LigneAdresse3":"","CodePostal":"44320","Ville":"ST PERE EN RETZ","Cedex":"","Etat":"","Pays":"FRA"},"Email":"infos@jumo-spirite.fr","Telephone":"06 48 23 28 51","TelephoneBureau":"","Portable":"","SiteWeb":"","Fax":"","Id":"y-jumospiritestpere","Code":"Y|JUMOSPIRITESTPERE","Fichier":[],"Url":"","Localisation":{"GoogleMap":{"Latitude":"","Longitude":""}},"ZoneGeo":"","Criteres":{"MAJINGENIE[DATEDERNIEREMAJ":"20260317","MISEAJOUR[FABIENNE":""},"DateFinPublication":""},"Fichier":{"Image":[{"url":"https:\/\/www.saint-brevin.com\/medias\/images\/prestations\/affiche-salon-jumo-spirite-st-pere-juin2026-30498.jpg","chemin":"..\/medias\/images\/prestations\/affiche-salon-jumo-spirite-st-pere-juin2026-30498.jpg","libelle":"affiche-salon-jumo-spirite-st-pere-juin2026-30498","extension":"jpg","categorie":"","largeur":940,"theme":"","hauteur":788,"type":"Image","origine":"","liaisonPave":"","langue":"","id":"30498","urlVignette":"https:\/\/www.saint-brevin.com\/medias\/images\/prestations\/v-affiche-salon-jumo-spirite-st-pere-juin2026-30498.jpg","alt":"affiche-salon-jumo-spirite-st-pere-juin2026-30498","title":"affiche-salon-jumo-spirite-st-pere-juin2026-30498","MultiTaille":{"1920x1440":{"url":"https:\/\/www.saint-brevin.com\/medias\/images\/prestations\/multitailles\/1920x1440_affiche-salon-jumo-spirite-st-pere-juin2026-30498.jpg"},"1200x900":{"url":"https:\/\/www.saint-brevin.com\/medias\/images\/prestations\/multitailles\/1200x900_affiche-salon-jumo-spirite-st-pere-juin2026-30498.jpg"},"800x600":{"url":"https:\/\/www.saint-brevin.com\/medias\/images\/prestations\/multitailles\/800x600_affiche-salon-jumo-spirite-st-pere-juin2026-30498.jpg"},"640x480":{"url":"https:\/\/www.saint-brevin.com\/medias\/images\/prestations\/multitailles\/640x480_affiche-salon-jumo-spirite-st-pere-juin2026-30498.jpg"},"320x240":{"url":"https:\/\/www.saint-brevin.com\/medias\/images\/prestations\/multitailles\/320x240_affiche-salon-jumo-spirite-st-pere-juin2026-30498.jpg"},"160x120":{"url":"https:\/\/www.saint-brevin.com\/medias\/images\/prestations\/multitailles\/160x120_affiche-salon-jumo-spirite-st-pere-juin2026-30498.jpg"},"origine":{"url":"https:\/\/www.saint-brevin.com\/medias\/images\/prestations\/affiche-salon-jumo-spirite-st-pere-juin2026-30498.jpg"}},"urlLien":"","typeLien":"","nofollow":"N","copyright":""},{"url":"https:\/\/www.saint-brevin.com\/medias\/images\/prestations\/visuel-salon-bien-etre-st-pere-en-retz-juin2026-30496.png","chemin":"..\/medias\/images\/prestations\/visuel-salon-bien-etre-st-pere-en-retz-juin2026-30496.png","libelle":"visuel-salon-bien-etre-st-pere-en-retz-juin2026-30496","extension":"png","categorie":"","largeur":1920,"theme":"","hauteur":1920,"type":"Image","origine":"","liaisonPave":"","langue":"","id":"30496","urlVignette":"https:\/\/www.saint-brevin.com\/medias\/images\/prestations\/v-visuel-salon-bien-etre-st-pere-en-retz-juin2026-30496.png","alt":"visuel-salon-bien-etre-st-pere-en-retz-juin2026-30496","title":"visuel-salon-bien-etre-st-pere-en-retz-juin2026-30496","MultiTaille":{"1920x1440":{"url":"https:\/\/www.saint-brevin.com\/medias\/images\/prestations\/multitailles\/1920x1440_visuel-salon-bien-etre-st-pere-en-retz-juin2026-30496.png"},"1200x900":{"url":"https:\/\/www.saint-brevin.com\/medias\/images\/prestations\/multitailles\/1200x900_visuel-salon-bien-etre-st-pere-en-retz-juin2026-30496.png"},"800x600":{"url":"https:\/\/www.saint-brevin.com\/medias\/images\/prestations\/multitailles\/800x600_visuel-salon-bien-etre-st-pere-en-retz-juin2026-30496.png"},"640x480":{"url":"https:\/\/www.saint-brevin.com\/medias\/images\/prestations\/multitailles\/640x480_visuel-salon-bien-etre-st-pere-en-retz-juin2026-30496.png"},"320x240":{"url":"https:\/\/www.saint-brevin.com\/medias\/images\/prestations\/multitailles\/320x240_visuel-salon-bien-etre-st-pere-en-retz-juin2026-30496.png"},"160x120":{"url":"https:\/\/www.saint-brevin.com\/medias\/images\/prestations\/multitailles\/160x120_visuel-salon-bien-etre-st-pere-en-retz-juin2026-30496.png"},"origine":{"url":"https:\/\/www.saint-brevin.com\/medias\/images\/prestations\/visuel-salon-bien-etre-st-pere-en-retz-juin2026-30496.png"}},"urlLien":"","typeLien":"","nofollow":"N","copyright":""}],"ByCategorie":{"":[{"url":"https:\/\/www.saint-brevin.com\/medias\/images\/prestations\/affiche-salon-jumo-spirite-st-pere-juin2026-30498.jpg","chemin":"..\/medias\/images\/prestations\/affiche-salon-jumo-spirite-st-pere-juin2026-30498.jpg","libelle":"affiche-salon-jumo-spirite-st-pere-juin2026-30498","extension":"jpg","categorie":"","largeur":940,"theme":"","hauteur":788,"type":"Image","origine":"","liaisonPave":"","langue":"","id":"30498","urlVignette":"https:\/\/www.saint-brevin.com\/medias\/images\/prestations\/v-affiche-salon-jumo-spirite-st-pere-juin2026-30498.jpg","alt":"affiche-salon-jumo-spirite-st-pere-juin2026-30498","title":"affiche-salon-jumo-spirite-st-pere-juin2026-30498","MultiTaille":{"1920x1440":{"url":"https:\/\/www.saint-brevin.com\/medias\/images\/prestations\/multitailles\/1920x1440_affiche-salon-jumo-spirite-st-pere-juin2026-30498.jpg"},"1200x900":{"url":"https:\/\/www.saint-brevin.com\/medias\/images\/prestations\/multitailles\/1200x900_affiche-salon-jumo-spirite-st-pere-juin2026-30498.jpg"},"800x600":{"url":"https:\/\/www.saint-brevin.com\/medias\/images\/prestations\/multitailles\/800x600_affiche-salon-jumo-spirite-st-pere-juin2026-30498.jpg"},"640x480":{"url":"https:\/\/www.saint-brevin.com\/medias\/images\/prestations\/multitailles\/640x480_affiche-salon-jumo-spirite-st-pere-juin2026-30498.jpg"},"320x240":{"url":"https:\/\/www.saint-brevin.com\/medias\/images\/prestations\/multitailles\/320x240_affiche-salon-jumo-spirite-st-pere-juin2026-30498.jpg"},"160x120":{"url":"https:\/\/www.saint-brevin.com\/medias\/images\/prestations\/multitailles\/160x120_affiche-salon-jumo-spirite-st-pere-juin2026-30498.jpg"},"origine":{"url":"https:\/\/www.saint-brevin.com\/medias\/images\/prestations\/affiche-salon-jumo-spirite-st-pere-juin2026-30498.jpg"}},"urlLien":"","typeLien":"","nofollow":"N","copyright":""},{"url":"https:\/\/www.saint-brevin.com\/medias\/images\/prestations\/visuel-salon-bien-etre-st-pere-en-retz-juin2026-30496.png","chemin":"..\/medias\/images\/prestations\/visuel-salon-bien-etre-st-pere-en-retz-juin2026-30496.png","libelle":"visuel-salon-bien-etre-st-pere-en-retz-juin2026-30496","extension":"png","categorie":"","largeur":1920,"theme":"","hauteur":1920,"type":"Image","origine":"","liaisonPave":"","langue":"","id":"30496","urlVignette":"https:\/\/www.saint-brevin.com\/medias\/images\/prestations\/v-visuel-salon-bien-etre-st-pere-en-retz-juin2026-30496.png","alt":"visuel-salon-bien-etre-st-pere-en-retz-juin2026-30496","title":"visuel-salon-bien-etre-st-pere-en-retz-juin2026-30496","MultiTaille":{"1920x1440":{"url":"https:\/\/www.saint-brevin.com\/medias\/images\/prestations\/multitailles\/1920x1440_visuel-salon-bien-etre-st-pere-en-retz-juin2026-30496.png"},"1200x900":{"url":"https:\/\/www.saint-brevin.com\/medias\/images\/prestations\/multitailles\/1200x900_visuel-salon-bien-etre-st-pere-en-retz-juin2026-30496.png"},"800x600":{"url":"https:\/\/www.saint-brevin.com\/medias\/images\/prestations\/multitailles\/800x600_visuel-salon-bien-etre-st-pere-en-retz-juin2026-30496.png"},"640x480":{"url":"https:\/\/www.saint-brevin.com\/medias\/images\/prestations\/multitailles\/640x480_visuel-salon-bien-etre-st-pere-en-retz-juin2026-30496.png"},"320x240":{"url":"https:\/\/www.saint-brevin.com\/medias\/images\/prestations\/multitailles\/320x240_visuel-salon-bien-etre-st-pere-en-retz-juin2026-30496.png"},"160x120":{"url":"https:\/\/www.saint-brevin.com\/medias\/images\/prestations\/multitailles\/160x120_visuel-salon-bien-etre-st-pere-en-retz-juin2026-30496.png"},"origine":{"url":"https:\/\/www.saint-brevin.com\/medias\/images\/prestations\/visuel-salon-bien-etre-st-pere-en-retz-juin2026-30496.png"}},"urlLien":"","typeLien":"","nofollow":"N","copyright":""}]}},"DateDebPublication":"","DateFinPublication":"20260608","PrixAPartirDe":"","PrixPour":"","FicheListeEnCours":"fiche_liste_agenda_prestation_v2017","ParametresModele":{"AfficherPhotos":"1","NbPhotosMax":6,"AfficherReserver":0,"AfficherContact":0,"AfficherSalle":1,"AfficherZoneGeo":0,"AfficherEnSavoirPlus":"1","AfficherUneSeuleOuverture":"1","AfficherContactCarte":1,"AfficherTarifsChaudAPartirDe":0,"AfficherTarifChaudSansRecherche":0,"AfficherLiensCarnetVoyage":"1","AfficherOuverture":"1","BlocCritereInfo":{"critere1":{"libelle":""},"critere2":{"libelle":""},"critere3":{"libelle":""},"critere4":{"libelle":""},"critere5":{"libelle":""},"critere6":{"libelle":""},"critere7":{"libelle":"","liste_critere":["COMMUNES|Y"]},"critere8":{"libelle":""},"critere9":{"libelle":""},"afficherpictoetpaslibelle":"1"},"CriteresComportementResa":"|RESABILLET[RESAENLIGNE|","PositionBloc":"GALLERIE|NOM|OUVERTURES|CARNET_VOYAGE|URL|LIEN_RESERVER_DETAIL","TypePrestataire":"Y","ComportementResa":false,"ComportementDispo":false},"AffichageCoordonnees":[],"Coordonnees":{"Ville":"ST PERE EN RETZ"},"ContexteId":"PRESTATION|Y|JUMOSPIRITESTPERE|SALONCHEMINVERSSOI","ContexteIdHtml":"PRESTATION-Y-JUMOSPIRITESTPERE-SALONCHEMINVERSSOI","cleContexte":"Y|JUMOSPIRITESTPERE|SALONCHEMINVERSSOI","Bloc":{"texte1":"","texte3":"","critere1":{"libelle":"","contenu":[]},"critere2":{"libelle":"","contenu":[]},"critere3":{"libelle":"","contenu":[]},"critere4":{"libelle":"","contenu":[]},"critere5":{"libelle":"","contenu":[]},"critere6":{"libelle":"","contenu":[]},"critere7":{"libelle":"","contenu":[]},"critere8":{"libelle":"","contenu":[]},"critere9":{"libelle":"","contenu":[]}},"LocalisationGps":{"Latitude":"47.21734","Longitude":"-2.03873"},"libelleDuPrestataire":"","vuePrestataire":{"pave1":{"libelle":"Descriptif","contenu":""},"pave2":{"libelle":"","contenu":""},"pave3":{"libelle":"","contenu":""},"pave4":{"libelle":"","contenu":""},"pave5":{"libelle":"","contenu":""},"pave6":{"libelle":"","contenu":""},"pave7":{"libelle":"","contenu":""},"pave8":{"libelle":"","contenu":""},"pave9":{"libelle":"","contenu":""},"pave10":{"libelle":"","contenu":""},"pave11":{"libelle":"","contenu":""},"pave12":{"libelle":"","contenu":""},"pave13":{"libelle":"","contenu":""},"pave14":{"libelle":"","contenu":""},"pave15":{"libelle":"","contenu":""},"pave16":{"libelle":"","contenu":""},"pave17":{"libelle":"","contenu":""},"pave18":{"libelle":"","contenu":""},"pave19":{"libelle":"","contenu":""},"pave20":{"libelle":"","contenu":""},"pave21":{"libelle":"","contenu":""},"pave22":{"libelle":"","contenu":""},"pave23":{"libelle":"","contenu":""},"pave24":{"libelle":"","contenu":""},"pave25":{"libelle":"","contenu":""},"Libelle":"Association Jumo Spirite","Nom":"Association Jumo Spirite","Prenom":"","NomPrenom":"Association Jumo Spirite ","CiviliteNomPrenom":"Association Jumo Spirite ","Cle":"Y|JUMOSPIRITESTPERE","PrestataireParent":"","ContexteStat":"PRESTATAIRE-Y-JUMOSPIRITESTPERE","DateModificationIso":"2026-03-17T13:05:00+01:00","Type":"PRESTATAIRE","TypePrestataire":"Y","Adresse":{"LigneAdresse1":"9 rue de la Tani\u00e8re","LigneAdresse2":"","LigneAdresse3":"","CodePostal":"44320","Ville":"ST PERE EN RETZ","Cedex":"","Etat":"","Pays":"FRA"},"Email":"infos@jumo-spirite.fr","Telephone":"06 48 23 28 51","TelephoneBureau":"","Portable":"","SiteWeb":"","Fax":"","Id":"y-jumospiritestpere","Code":"Y|JUMOSPIRITESTPERE","Fichier":[],"Url":"","Localisation":{"GoogleMap":{"Latitude":"","Longitude":""}},"ZoneGeo":"","Criteres":{"MAJINGENIE[DATEDERNIEREMAJ":"20260317","MISEAJOUR[FABIENNE":""},"DateFinPublication":"","AffichageCoordonnees":[]},"listeCriteres":{"LIEUMANIF":{"SAINTPERE":""},"CATEGORIEANIMATION":{"BIENETRE":"","SALON":""},"ICA":{"ICATP":""},"ANIAH":{"ANIACC":""},"MODEPAIEMENT":{"GRATUIT":"","ENTREELIBRE":""},"MISEAJOURINGENIE":{"DATEDERNIEREMAJ":"20260317"},"MISEAJOURPAR":{"FABIENNE":""},"MAJINGENIE":{"DATEDERNIEREMAJ":"20260317"},"MISEAJOUR":{"FABIENNE":""}},"dansCarnetVoyage":true,"Ouverture":["\u003Cp class=\"date\" \u003EVendredi 05 juin 2026\u003C\/p\u003E\u003Cp class=\"heure\" \u003Ede 16:00 \u00e0 21:00\u003C\/p\u003E"],"OuverturePasse":[],"OuvertureObjs":[{},{},{}],"OuvertureTab":[["20260605","20260605"],["20260606","20260606"],["20260607","20260607"]]},"html":" \n \u003Cdiv id=\"CV-PRESTATION-Y-JUMOSPIRITESTPERE-SALONCHEMINVERSSOI\" data-contexte-id=\"PRESTATION|Y|JUMOSPIRITESTPERE|SALONCHEMINVERSSOI\" data-cle=\"Y|JUMOSPIRITESTPERE|SALONCHEMINVERSSOI\" class=\"fiche-liste\"\u003E\n    \n\n    \u003C!-- partie photo --\u003E\n    \u003Cdiv class=\"photo\"\u003E\t\t\t\t\t\t\t\t\t\t\t\t\t\t\t\t\t\t\t\t\t\n        \u003Cdiv class=\"cadre_photo_principale\"\u003E\t\t\n        \n            \t\t\t\t\t\n                    \u003Ca href=\"salon-du-chemin-vers-soi.html?origine=carnet#media\"\u003E\n                        \u003Cimg class=\"photo_principale\" alt=\"affiche-salon-jumo-spirite-st-pere-juin2026-30498\" src=\"https:\/\/www.saint-brevin.com\/medias\/images\/prestations\/multitailles\/320x240_affiche-salon-jumo-spirite-st-pere-juin2026-30498.jpg\" itemprop=\"image\"\u003E\n                    \u003C\/a\u003E\t\t\t\t\t\t\n                \n                    \u003C\/div\u003E\t\t\t\t\t\t\t\t\t\t\t\t\t\t\t\t\t\t\t \t\t\n    \u003C\/div\u003E\n    \n    \u003C!-- partie nom prest --\u003E\n    \u003Cdiv class=\"nom\"\u003E\n        \u003Ch2\u003ESalon du Chemin vers Soi\u003C\/h2\u003E\n        \n            \u003C\/div\u003E\n\n     \u003Cul style=\"display: none\" class=\"ouverture_list\"\u003E\u003Cli class=\"ouverture_item\"\u003E\u003Cp class=\"date\" \u003EVendredi 05 juin 2026\u003C\/p\u003E\u003Cp class=\"heure\" \u003Ede 16:00 \u00e0 21:00\u003C\/p\u003E\u003C\/li\u003E\u003C\/ul\u003E    \n    \u003C!-- partie adresse --\u003E\n    \u003Cdiv class=\"adresse\"\u003E\n    \n          \n    \u003C\/div\u003E\n    \n    \u003C!-- partie liens --\u003E\n    \u003Cdiv class=\"liens\"\u003E\n            \u003Ca class=\"btn-icon btn-view \" title=\"Voir la fiche d\u00e9taill\u00e9e\" href=\"salon-du-chemin-vers-soi.html?origine=carnet\"\u003E\u003C\/a\u003E\u003C!--\u003Ca class=\"btn-icon btn-view \" title=\"\" href=\"?origine=carnet#thaut\"\u003E\u003C\/a\u003E--\u003E\n      \u003Ca class=\"btn-icon btn-trash carnet_voyage_supprimer\" title=\"Supprimer cette fiche de mon carnet de voyage\" href=\"carnet-voyage?action=remove&fiche=Y|JUMOSPIRITESTPERE|SALONCHEMINVERSSOI\"\u003E\u003C\/a\u003E\n    \u003C\/div\u003E\n\n\u003C\/div\u003E\n\n","icon":"https:\/\/static.ingenie.fr\/images\/carnetVoyageV3\/Y.png"},"fiche":"Y|JUMOSPIRITESTPERE|SALONCHEMINVERSSOI","popup":"\u003Cdiv id=\"bloc_popup_ajout_fiche_carnet\"\u003E\n    \u003Cdiv class=\"info_popup_ajout_fiche_carnet\"\u003E\n        Vous venez d'ajouter cet \u00e9l\u00e9ment \u00e0 votre carnet de voyage :    \u003C\/div\u003E\n    \u003Cdiv class=\"prest_popup_ajout_fiche_carnet\"\u003E\n        Salon du Chemin vers Soi    \u003C\/div\u003E\n    \u003Cdiv class=\"bloc_btn_ajout_fiche_carnet form_submit_div\"\u003E\n        \u003Cinput type=\"button\" value=\"Continuer ma s\u00e9lection\" title=\"Continuer ma s\u00e9lection\" name=\"btn_close\" class=\"btn_close_popup_carnet form_submit\" onclick=\"$.colorbox.close()\" \/\u003E\n        \u003Cinput type=\"button\" value=\"Voir mon carnet de voyage\" title=\"Voir mon carnet\" name=\"btn_panier\" class=\"btn_panier_popup_carnet form_submit\" onclick=\"if(typeof CarnetVoyage != 'undefined') {CarnetVoyage.voirCarnet();}\" \/\u003E\n    \u003C\/div\u003E\n    \u003Cdiv class=\"bloc_btn_ajout_fiche_carnet\"\u003E\n        \u003Cinput type=\"checkbox\" value=\"1\" name=\"desactiver_popup\" id=\"desactiver_popup\" \/\u003E\n        \u003Clabel for=\"desactiver_popup\"\u003ENe plus afficher ce message\u003C\/label\u003E\n    \u003C\/div\u003E\n\u003C\/div\u003E","success":1}