{"nbFiches":3,"dataPrest":{"infoPrest":{"pave1":{"libelle":"Slogan","contenu":"","fichiers":[]},"pave2":{"libelle":"Descriptif","contenu":"\u003Cstrong data-end=\"1641\" data-start=\"1613\"\u003EDimanche 5 juillet &ndash; 16h\u003C\/strong\u003E\u003Cbr data-end=\"1644\" data-start=\"1641\" \/\u003E\r\n\u003Cstrong data-end=\"1657\" data-start=\"1644\"\u003ELine Azul\u003C\/strong\u003E &ndash; Solo guitare &amp; ukul&eacute;l&eacute;\u003Cbr data-end=\"1685\" data-start=\"1682\" \/\u003E\r\n\u003Cspan style=\"color: rgb(0, 0, 0); font-family: -apple-system, BlinkMacSystemFont, &quot;Segoe UI&quot;, Roboto, Helvetica, Arial, sans-serif; font-size: 14px;\"\u003E&nbsp;Chanson &agrave; textes po&eacute;tiques, humoristiques et audacieux\u003C\/span\u003E\u003Cbr \/\u003E\r\n\u003Cbr \/\u003E\r\nPour d&eacute;couvrir l&#39;artiste c&#39;est\u003Ca href=\"https:\/\/www.instagram.com\/line.azul.music\/\" target=\"_blank\"\u003E ici&nbsp;\u003C\/a\u003E\r\n\u003Cdiv\u003E&nbsp;\u003C\/div\u003E\r\n","fichiers":[]},"pave3":{"libelle":"","contenu":""},"pave4":{"libelle":"","contenu":""},"pave5":{"libelle":"","contenu":""},"pave6":{"libelle":"","contenu":""},"pave7":{"libelle":"","contenu":""},"pave8":{"libelle":"","contenu":""},"pave9":{"libelle":"","contenu":""},"pave10":{"libelle":"","contenu":""},"pave11":{"libelle":"","contenu":""},"pave12":{"libelle":"","contenu":""},"pave13":{"libelle":"","contenu":""},"pave14":{"libelle":"","contenu":""},"pave15":{"libelle":"","contenu":""},"pave16":{"libelle":"","contenu":""},"pave17":{"libelle":"","contenu":""},"pave18":{"libelle":"","contenu":""},"pave19":{"libelle":"","contenu":""},"pave20":{"libelle":"","contenu":""},"pave21":{"libelle":"","contenu":""},"pave22":{"libelle":"","contenu":""},"pave23":{"libelle":"","contenu":""},"pave24":{"libelle":"","contenu":""},"pave25":{"libelle":"","contenu":""},"Libelle":"Concert : Line Azul","Reference":"","Reftar":"","Type":"PRESTATION","TypePrestataire":"Y","ContexteStat":"PRESTATION-Y-HPAPDL044000026-CONCERT5JUILLET","DateModificationIso":"2026-04-30T11:30:00+02:00","Adresse":{"LigneAdresse1":"Square de la Chauss\u00e9e","LigneAdresse2":"Le Migron","LigneAdresse3":"","CodePostal":"44320","Ville":"FROSSAY","Cedex":"","Etat":"","Pays":"FRA"},"Id":"y-hpapdl044000026-concert5juillet","Code":"Y|HPAPDL044000026|CONCERT5JUILLET","Cle":"Y|HPAPDL044000026|CONCERT5JUILLET","Url":"concert-line-azul.html","Localisation":{"GoogleMap":{"Latitude":"47.25772","Longitude":"-1.91398"}},"ZoneGeo":"","Criteres":{"LIEUMANIF[FROSSAY":"","CATEGORIEANIMATION[CONCER":"","DETAILCONCERTSPECTACLE[ROCKANDROLL":"","ICA[ICATP":"","ANIAH[ANIACC":"","MISEAJOURINGENIE[DATEDERNIEREMAJ":"20250430","MISEAJOURPAR[AMANDINE":""},"Prestataire":{"pave1":{"libelle":"Descriptif","contenu":""},"pave2":{"libelle":"","contenu":""},"pave3":{"libelle":"","contenu":""},"pave4":{"libelle":"","contenu":""},"pave5":{"libelle":"","contenu":""},"pave6":{"libelle":"","contenu":""},"pave7":{"libelle":"","contenu":""},"pave8":{"libelle":"","contenu":""},"pave9":{"libelle":"","contenu":""},"pave10":{"libelle":"","contenu":""},"pave11":{"libelle":"","contenu":""},"pave12":{"libelle":"","contenu":""},"pave13":{"libelle":"","contenu":""},"pave14":{"libelle":"","contenu":""},"pave15":{"libelle":"","contenu":""},"pave16":{"libelle":"","contenu":""},"pave17":{"libelle":"","contenu":""},"pave18":{"libelle":"","contenu":""},"pave19":{"libelle":"","contenu":""},"pave20":{"libelle":"","contenu":""},"pave21":{"libelle":"","contenu":""},"pave22":{"libelle":"","contenu":""},"pave23":{"libelle":"","contenu":""},"pave24":{"libelle":"","contenu":""},"pave25":{"libelle":"","contenu":""},"Libelle":"La cale sauvage","Nom":"La cale sauvage","Prenom":"","NomPrenom":"La cale sauvage ","CiviliteNomPrenom":"La cale sauvage ","Cle":"Y|HPAPDL044000026","PrestataireParent":"","ContexteStat":"PRESTATAIRE-Y-HPAPDL044000026","DateModificationIso":"2025-05-22T16:27:00+02:00","Type":"PRESTATAIRE","TypePrestataire":"Y","Adresse":{"LigneAdresse1":"Square de la Chauss\u00e9e","LigneAdresse2":"Le Migron","LigneAdresse3":"","CodePostal":"44320","Ville":"FROSSAY","Cedex":"","Etat":"","Pays":"FRA"},"Email":"camping@la-cale-sauvage.com","Telephone":"02 40 39 45 64","TelephoneBureau":"","Portable":"","SiteWeb":"","Fax":"","Id":"y-hpapdl044000026","Code":"Y|HPAPDL044000026","Fichier":{"Image":[{"url":"https:\/\/www.saint-brevin.com\/medias\/images\/prestataires\/camping-migron-espace-detente-frossay-4563-9225.jpg","chemin":"..\/medias\/images\/prestataires\/camping-migron-espace-detente-frossay-4563-9225.jpg","libelle":"camping-migron-espace-detente-frossay-4563","extension":"jpg","categorie":"","largeur":960,"theme":"","hauteur":640,"type":"Image","origine":"","liaisonPave":"","langue":"","id":"9225","urlVignette":"https:\/\/www.saint-brevin.com\/medias\/images\/prestataires\/v-camping-migron-espace-detente-frossay-4563-9225.jpg","alt":"camping-migron-espace-detente-frossay-4563","title":"camping-migron-espace-detente-frossay-4563","MultiTaille":{"1920x1440":{"url":"https:\/\/www.saint-brevin.com\/medias\/images\/prestataires\/multitailles\/1920x1440_camping-migron-espace-detente-frossay-4563-9225.jpg"},"1200x900":{"url":"https:\/\/www.saint-brevin.com\/medias\/images\/prestataires\/multitailles\/1200x900_camping-migron-espace-detente-frossay-4563-9225.jpg"},"800x600":{"url":"https:\/\/www.saint-brevin.com\/medias\/images\/prestataires\/multitailles\/800x600_camping-migron-espace-detente-frossay-4563-9225.jpg"},"640x480":{"url":"https:\/\/www.saint-brevin.com\/medias\/images\/prestataires\/multitailles\/640x480_camping-migron-espace-detente-frossay-4563-9225.jpg"},"320x240":{"url":"https:\/\/www.saint-brevin.com\/medias\/images\/prestataires\/multitailles\/320x240_camping-migron-espace-detente-frossay-4563-9225.jpg"},"160x120":{"url":"https:\/\/www.saint-brevin.com\/medias\/images\/prestataires\/multitailles\/160x120_camping-migron-espace-detente-frossay-4563-9225.jpg"},"origine":{"url":"https:\/\/www.saint-brevin.com\/medias\/images\/prestataires\/camping-migron-espace-detente-frossay-4563-9225.jpg"}},"urlLien":"","typeLien":"","nofollow":"N","copyright":""},{"url":"https:\/\/www.saint-brevin.com\/medias\/images\/prestataires\/camping-migron-frossay-st-brevin-tourisme1-4056-9224.gif","chemin":"..\/medias\/images\/prestataires\/camping-migron-frossay-st-brevin-tourisme1-4056-9224.gif","libelle":"camping-migron-frossay-st-brevin-tourisme1-4056","extension":"gif","categorie":"","largeur":960,"theme":"","hauteur":640,"type":"Image","origine":"","liaisonPave":"","langue":"","id":"9224","urlVignette":"https:\/\/www.saint-brevin.com\/medias\/images\/prestataires\/v-camping-migron-frossay-st-brevin-tourisme1-4056-9224.gif","alt":"camping-migron-frossay-st-brevin-tourisme1-4056","title":"camping-migron-frossay-st-brevin-tourisme1-4056","MultiTaille":{"1920x1440":{"url":"https:\/\/www.saint-brevin.com\/medias\/images\/prestataires\/multitailles\/1920x1440_camping-migron-frossay-st-brevin-tourisme1-4056-9224.gif"},"1200x900":{"url":"https:\/\/www.saint-brevin.com\/medias\/images\/prestataires\/multitailles\/1200x900_camping-migron-frossay-st-brevin-tourisme1-4056-9224.gif"},"800x600":{"url":"https:\/\/www.saint-brevin.com\/medias\/images\/prestataires\/multitailles\/800x600_camping-migron-frossay-st-brevin-tourisme1-4056-9224.gif"},"640x480":{"url":"https:\/\/www.saint-brevin.com\/medias\/images\/prestataires\/multitailles\/640x480_camping-migron-frossay-st-brevin-tourisme1-4056-9224.gif"},"320x240":{"url":"https:\/\/www.saint-brevin.com\/medias\/images\/prestataires\/multitailles\/320x240_camping-migron-frossay-st-brevin-tourisme1-4056-9224.gif"},"160x120":{"url":"https:\/\/www.saint-brevin.com\/medias\/images\/prestataires\/multitailles\/160x120_camping-migron-frossay-st-brevin-tourisme1-4056-9224.gif"},"origine":{"url":"https:\/\/www.saint-brevin.com\/medias\/images\/prestataires\/camping-migron-frossay-st-brevin-tourisme1-4056-9224.gif"}},"urlLien":"","typeLien":"","nofollow":"N","copyright":""}],"ByCategorie":{"":[{"url":"https:\/\/www.saint-brevin.com\/medias\/images\/prestataires\/camping-migron-espace-detente-frossay-4563-9225.jpg","chemin":"..\/medias\/images\/prestataires\/camping-migron-espace-detente-frossay-4563-9225.jpg","libelle":"camping-migron-espace-detente-frossay-4563","extension":"jpg","categorie":"","largeur":960,"theme":"","hauteur":640,"type":"Image","origine":"","liaisonPave":"","langue":"","id":"9225","urlVignette":"https:\/\/www.saint-brevin.com\/medias\/images\/prestataires\/v-camping-migron-espace-detente-frossay-4563-9225.jpg","alt":"camping-migron-espace-detente-frossay-4563","title":"camping-migron-espace-detente-frossay-4563","MultiTaille":{"1920x1440":{"url":"https:\/\/www.saint-brevin.com\/medias\/images\/prestataires\/multitailles\/1920x1440_camping-migron-espace-detente-frossay-4563-9225.jpg"},"1200x900":{"url":"https:\/\/www.saint-brevin.com\/medias\/images\/prestataires\/multitailles\/1200x900_camping-migron-espace-detente-frossay-4563-9225.jpg"},"800x600":{"url":"https:\/\/www.saint-brevin.com\/medias\/images\/prestataires\/multitailles\/800x600_camping-migron-espace-detente-frossay-4563-9225.jpg"},"640x480":{"url":"https:\/\/www.saint-brevin.com\/medias\/images\/prestataires\/multitailles\/640x480_camping-migron-espace-detente-frossay-4563-9225.jpg"},"320x240":{"url":"https:\/\/www.saint-brevin.com\/medias\/images\/prestataires\/multitailles\/320x240_camping-migron-espace-detente-frossay-4563-9225.jpg"},"160x120":{"url":"https:\/\/www.saint-brevin.com\/medias\/images\/prestataires\/multitailles\/160x120_camping-migron-espace-detente-frossay-4563-9225.jpg"},"origine":{"url":"https:\/\/www.saint-brevin.com\/medias\/images\/prestataires\/camping-migron-espace-detente-frossay-4563-9225.jpg"}},"urlLien":"","typeLien":"","nofollow":"N","copyright":""},{"url":"https:\/\/www.saint-brevin.com\/medias\/images\/prestataires\/camping-migron-frossay-st-brevin-tourisme1-4056-9224.gif","chemin":"..\/medias\/images\/prestataires\/camping-migron-frossay-st-brevin-tourisme1-4056-9224.gif","libelle":"camping-migron-frossay-st-brevin-tourisme1-4056","extension":"gif","categorie":"","largeur":960,"theme":"","hauteur":640,"type":"Image","origine":"","liaisonPave":"","langue":"","id":"9224","urlVignette":"https:\/\/www.saint-brevin.com\/medias\/images\/prestataires\/v-camping-migron-frossay-st-brevin-tourisme1-4056-9224.gif","alt":"camping-migron-frossay-st-brevin-tourisme1-4056","title":"camping-migron-frossay-st-brevin-tourisme1-4056","MultiTaille":{"1920x1440":{"url":"https:\/\/www.saint-brevin.com\/medias\/images\/prestataires\/multitailles\/1920x1440_camping-migron-frossay-st-brevin-tourisme1-4056-9224.gif"},"1200x900":{"url":"https:\/\/www.saint-brevin.com\/medias\/images\/prestataires\/multitailles\/1200x900_camping-migron-frossay-st-brevin-tourisme1-4056-9224.gif"},"800x600":{"url":"https:\/\/www.saint-brevin.com\/medias\/images\/prestataires\/multitailles\/800x600_camping-migron-frossay-st-brevin-tourisme1-4056-9224.gif"},"640x480":{"url":"https:\/\/www.saint-brevin.com\/medias\/images\/prestataires\/multitailles\/640x480_camping-migron-frossay-st-brevin-tourisme1-4056-9224.gif"},"320x240":{"url":"https:\/\/www.saint-brevin.com\/medias\/images\/prestataires\/multitailles\/320x240_camping-migron-frossay-st-brevin-tourisme1-4056-9224.gif"},"160x120":{"url":"https:\/\/www.saint-brevin.com\/medias\/images\/prestataires\/multitailles\/160x120_camping-migron-frossay-st-brevin-tourisme1-4056-9224.gif"},"origine":{"url":"https:\/\/www.saint-brevin.com\/medias\/images\/prestataires\/camping-migron-frossay-st-brevin-tourisme1-4056-9224.gif"}},"urlLien":"","typeLien":"","nofollow":"N","copyright":""}]}},"Url":"","Localisation":{"GoogleMap":{"Latitude":"47.25741","Longitude":"-1.91339"}},"ZoneGeo":"","Criteres":{"NIVPARTENAIRE[COMPLET":"","DESTINATION[DESTINATIONCCSE":"","LIEU[FROSSAYLEMIGRON":"","COMMUNES[FROSSAY":"","LDLTH[LSAA":"","THANDI[ACCESFAUT":"","MAJINGENIE[DATEDERNIEREMAJ":"20240416","MISEAJOUR[FABIENNE":""},"DateFinPublication":""},"Fichier":{"Image":[{"url":"https:\/\/www.saint-brevin.com\/medias\/images\/prestations\/capture-d-cran-2026-04-30-105500-30932.png","chemin":"..\/medias\/images\/prestations\/capture-d-cran-2026-04-30-105500-30932.png","libelle":"capture-d-cran-2026-04-30-105500-30932","extension":"png","categorie":"","largeur":390,"theme":"","hauteur":279,"type":"Image","origine":"","liaisonPave":"","langue":"","id":"30932","urlVignette":"https:\/\/www.saint-brevin.com\/medias\/images\/prestations\/v-capture-d-cran-2026-04-30-105500-30932.png","alt":"capture-d-cran-2026-04-30-105500-30932","title":"capture-d-cran-2026-04-30-105500-30932","MultiTaille":{"1920x1440":{"url":"https:\/\/www.saint-brevin.com\/medias\/images\/prestations\/multitailles\/1920x1440_capture-d-cran-2026-04-30-105500-30932.png"},"1200x900":{"url":"https:\/\/www.saint-brevin.com\/medias\/images\/prestations\/multitailles\/1200x900_capture-d-cran-2026-04-30-105500-30932.png"},"800x600":{"url":"https:\/\/www.saint-brevin.com\/medias\/images\/prestations\/multitailles\/800x600_capture-d-cran-2026-04-30-105500-30932.png"},"640x480":{"url":"https:\/\/www.saint-brevin.com\/medias\/images\/prestations\/multitailles\/640x480_capture-d-cran-2026-04-30-105500-30932.png"},"320x240":{"url":"https:\/\/www.saint-brevin.com\/medias\/images\/prestations\/multitailles\/320x240_capture-d-cran-2026-04-30-105500-30932.png"},"160x120":{"url":"https:\/\/www.saint-brevin.com\/medias\/images\/prestations\/multitailles\/160x120_capture-d-cran-2026-04-30-105500-30932.png"},"origine":{"url":"https:\/\/www.saint-brevin.com\/medias\/images\/prestations\/capture-d-cran-2026-04-30-105500-30932.png"}},"urlLien":"","typeLien":"","nofollow":"N","copyright":""},{"url":"https:\/\/www.saint-brevin.com\/medias\/images\/prestations\/img-9458-30952.jpeg","chemin":"..\/medias\/images\/prestations\/img-9458-30952.jpeg","libelle":"img-9458-30952","extension":"jpeg","categorie":"","largeur":1273,"theme":"","hauteur":1800,"type":"Image","origine":"","liaisonPave":"","langue":"","id":"30952","urlVignette":"https:\/\/www.saint-brevin.com\/medias\/images\/prestations\/v-img-9458-30952.jpeg","alt":"img-9458-30952","title":"img-9458-30952","MultiTaille":{"1920x1440":{"url":"https:\/\/www.saint-brevin.com\/medias\/images\/prestations\/multitailles\/1920x1440_img-9458-30952.jpeg"},"1200x900":{"url":"https:\/\/www.saint-brevin.com\/medias\/images\/prestations\/multitailles\/1200x900_img-9458-30952.jpeg"},"800x600":{"url":"https:\/\/www.saint-brevin.com\/medias\/images\/prestations\/multitailles\/800x600_img-9458-30952.jpeg"},"640x480":{"url":"https:\/\/www.saint-brevin.com\/medias\/images\/prestations\/multitailles\/640x480_img-9458-30952.jpeg"},"320x240":{"url":"https:\/\/www.saint-brevin.com\/medias\/images\/prestations\/multitailles\/320x240_img-9458-30952.jpeg"},"160x120":{"url":"https:\/\/www.saint-brevin.com\/medias\/images\/prestations\/multitailles\/160x120_img-9458-30952.jpeg"},"origine":{"url":"https:\/\/www.saint-brevin.com\/medias\/images\/prestations\/img-9458-30952.jpeg"}},"urlLien":"","typeLien":"","nofollow":"N","copyright":""}],"ByCategorie":{"":[{"url":"https:\/\/www.saint-brevin.com\/medias\/images\/prestations\/capture-d-cran-2026-04-30-105500-30932.png","chemin":"..\/medias\/images\/prestations\/capture-d-cran-2026-04-30-105500-30932.png","libelle":"capture-d-cran-2026-04-30-105500-30932","extension":"png","categorie":"","largeur":390,"theme":"","hauteur":279,"type":"Image","origine":"","liaisonPave":"","langue":"","id":"30932","urlVignette":"https:\/\/www.saint-brevin.com\/medias\/images\/prestations\/v-capture-d-cran-2026-04-30-105500-30932.png","alt":"capture-d-cran-2026-04-30-105500-30932","title":"capture-d-cran-2026-04-30-105500-30932","MultiTaille":{"1920x1440":{"url":"https:\/\/www.saint-brevin.com\/medias\/images\/prestations\/multitailles\/1920x1440_capture-d-cran-2026-04-30-105500-30932.png"},"1200x900":{"url":"https:\/\/www.saint-brevin.com\/medias\/images\/prestations\/multitailles\/1200x900_capture-d-cran-2026-04-30-105500-30932.png"},"800x600":{"url":"https:\/\/www.saint-brevin.com\/medias\/images\/prestations\/multitailles\/800x600_capture-d-cran-2026-04-30-105500-30932.png"},"640x480":{"url":"https:\/\/www.saint-brevin.com\/medias\/images\/prestations\/multitailles\/640x480_capture-d-cran-2026-04-30-105500-30932.png"},"320x240":{"url":"https:\/\/www.saint-brevin.com\/medias\/images\/prestations\/multitailles\/320x240_capture-d-cran-2026-04-30-105500-30932.png"},"160x120":{"url":"https:\/\/www.saint-brevin.com\/medias\/images\/prestations\/multitailles\/160x120_capture-d-cran-2026-04-30-105500-30932.png"},"origine":{"url":"https:\/\/www.saint-brevin.com\/medias\/images\/prestations\/capture-d-cran-2026-04-30-105500-30932.png"}},"urlLien":"","typeLien":"","nofollow":"N","copyright":""},{"url":"https:\/\/www.saint-brevin.com\/medias\/images\/prestations\/img-9458-30952.jpeg","chemin":"..\/medias\/images\/prestations\/img-9458-30952.jpeg","libelle":"img-9458-30952","extension":"jpeg","categorie":"","largeur":1273,"theme":"","hauteur":1800,"type":"Image","origine":"","liaisonPave":"","langue":"","id":"30952","urlVignette":"https:\/\/www.saint-brevin.com\/medias\/images\/prestations\/v-img-9458-30952.jpeg","alt":"img-9458-30952","title":"img-9458-30952","MultiTaille":{"1920x1440":{"url":"https:\/\/www.saint-brevin.com\/medias\/images\/prestations\/multitailles\/1920x1440_img-9458-30952.jpeg"},"1200x900":{"url":"https:\/\/www.saint-brevin.com\/medias\/images\/prestations\/multitailles\/1200x900_img-9458-30952.jpeg"},"800x600":{"url":"https:\/\/www.saint-brevin.com\/medias\/images\/prestations\/multitailles\/800x600_img-9458-30952.jpeg"},"640x480":{"url":"https:\/\/www.saint-brevin.com\/medias\/images\/prestations\/multitailles\/640x480_img-9458-30952.jpeg"},"320x240":{"url":"https:\/\/www.saint-brevin.com\/medias\/images\/prestations\/multitailles\/320x240_img-9458-30952.jpeg"},"160x120":{"url":"https:\/\/www.saint-brevin.com\/medias\/images\/prestations\/multitailles\/160x120_img-9458-30952.jpeg"},"origine":{"url":"https:\/\/www.saint-brevin.com\/medias\/images\/prestations\/img-9458-30952.jpeg"}},"urlLien":"","typeLien":"","nofollow":"N","copyright":""}]}},"DateDebPublication":"","DateFinPublication":"","PrixAPartirDe":"","PrixPour":"","FicheListeEnCours":"fiche_liste_agenda_prestation_v2017","ParametresModele":{"AfficherPhotos":"1","NbPhotosMax":6,"AfficherReserver":0,"AfficherContact":0,"AfficherSalle":1,"AfficherZoneGeo":0,"AfficherEnSavoirPlus":"1","AfficherUneSeuleOuverture":"1","AfficherContactCarte":1,"AfficherTarifsChaudAPartirDe":0,"AfficherTarifChaudSansRecherche":0,"AfficherLiensCarnetVoyage":"1","AfficherOuverture":"1","BlocCritereInfo":{"critere1":{"libelle":""},"critere2":{"libelle":""},"critere3":{"libelle":""},"critere4":{"libelle":""},"critere5":{"libelle":""},"critere6":{"libelle":""},"critere7":{"libelle":"","liste_critere":["COMMUNES|Y"]},"critere8":{"libelle":""},"critere9":{"libelle":""},"afficherpictoetpaslibelle":"1"},"CriteresComportementResa":"|RESABILLET[RESAENLIGNE|","PositionBloc":"GALLERIE|NOM|OUVERTURES|CARNET_VOYAGE|URL|LIEN_RESERVER_DETAIL","TypePrestataire":"Y","ComportementResa":false,"ComportementDispo":false},"AffichageCoordonnees":[],"Coordonnees":{"Ville":"FROSSAY"},"ContexteId":"PRESTATION|Y|HPAPDL044000026|CONCERT5JUILLET","ContexteIdHtml":"PRESTATION-Y-HPAPDL044000026-CONCERT5JUILLET","cleContexte":"Y|HPAPDL044000026|CONCERT5JUILLET","Bloc":{"texte1":"","texte3":"","critere1":{"libelle":"","contenu":[]},"critere2":{"libelle":"","contenu":[]},"critere3":{"libelle":"","contenu":[]},"critere4":{"libelle":"","contenu":[]},"critere5":{"libelle":"","contenu":[]},"critere6":{"libelle":"","contenu":[]},"critere7":{"libelle":"","contenu":{"COMMUNES":{"libelle":"COMMUNE","contenu":{"4":"Frossay"},"codesValeurs":{"4":"COMMUNES|FROSSAY|Y"},"criteres_datas":{"valeurs":{"4":{"FROSSAY":{"descriptif":""}}}}}}},"critere8":{"libelle":"","contenu":[]},"critere9":{"libelle":"","contenu":[]}},"LocalisationGps":{"Latitude":"47.25772","Longitude":"-1.91398"},"libelleDuPrestataire":"","vuePrestataire":{"pave1":{"libelle":"Descriptif","contenu":""},"pave2":{"libelle":"","contenu":""},"pave3":{"libelle":"","contenu":""},"pave4":{"libelle":"","contenu":""},"pave5":{"libelle":"","contenu":""},"pave6":{"libelle":"","contenu":""},"pave7":{"libelle":"","contenu":""},"pave8":{"libelle":"","contenu":""},"pave9":{"libelle":"","contenu":""},"pave10":{"libelle":"","contenu":""},"pave11":{"libelle":"","contenu":""},"pave12":{"libelle":"","contenu":""},"pave13":{"libelle":"","contenu":""},"pave14":{"libelle":"","contenu":""},"pave15":{"libelle":"","contenu":""},"pave16":{"libelle":"","contenu":""},"pave17":{"libelle":"","contenu":""},"pave18":{"libelle":"","contenu":""},"pave19":{"libelle":"","contenu":""},"pave20":{"libelle":"","contenu":""},"pave21":{"libelle":"","contenu":""},"pave22":{"libelle":"","contenu":""},"pave23":{"libelle":"","contenu":""},"pave24":{"libelle":"","contenu":""},"pave25":{"libelle":"","contenu":""},"Libelle":"La cale sauvage","Nom":"La cale sauvage","Prenom":"","NomPrenom":"La cale sauvage ","CiviliteNomPrenom":"La cale sauvage ","Cle":"Y|HPAPDL044000026","PrestataireParent":"","ContexteStat":"PRESTATAIRE-Y-HPAPDL044000026","DateModificationIso":"2025-05-22T16:27:00+02:00","Type":"PRESTATAIRE","TypePrestataire":"Y","Adresse":{"LigneAdresse1":"Square de la Chauss\u00e9e","LigneAdresse2":"Le Migron","LigneAdresse3":"","CodePostal":"44320","Ville":"FROSSAY","Cedex":"","Etat":"","Pays":"FRA"},"Email":"camping@la-cale-sauvage.com","Telephone":"02 40 39 45 64","TelephoneBureau":"","Portable":"","SiteWeb":"","Fax":"","Id":"y-hpapdl044000026","Code":"Y|HPAPDL044000026","Fichier":{"Image":[{"url":"https:\/\/www.saint-brevin.com\/medias\/images\/prestataires\/camping-migron-espace-detente-frossay-4563-9225.jpg","chemin":"..\/medias\/images\/prestataires\/camping-migron-espace-detente-frossay-4563-9225.jpg","libelle":"camping-migron-espace-detente-frossay-4563","extension":"jpg","categorie":"","largeur":960,"theme":"","hauteur":640,"type":"Image","origine":"","liaisonPave":"","langue":"","id":"9225","urlVignette":"https:\/\/www.saint-brevin.com\/medias\/images\/prestataires\/v-camping-migron-espace-detente-frossay-4563-9225.jpg","alt":"camping-migron-espace-detente-frossay-4563","title":"camping-migron-espace-detente-frossay-4563","MultiTaille":{"1920x1440":{"url":"https:\/\/www.saint-brevin.com\/medias\/images\/prestataires\/multitailles\/1920x1440_camping-migron-espace-detente-frossay-4563-9225.jpg"},"1200x900":{"url":"https:\/\/www.saint-brevin.com\/medias\/images\/prestataires\/multitailles\/1200x900_camping-migron-espace-detente-frossay-4563-9225.jpg"},"800x600":{"url":"https:\/\/www.saint-brevin.com\/medias\/images\/prestataires\/multitailles\/800x600_camping-migron-espace-detente-frossay-4563-9225.jpg"},"640x480":{"url":"https:\/\/www.saint-brevin.com\/medias\/images\/prestataires\/multitailles\/640x480_camping-migron-espace-detente-frossay-4563-9225.jpg"},"320x240":{"url":"https:\/\/www.saint-brevin.com\/medias\/images\/prestataires\/multitailles\/320x240_camping-migron-espace-detente-frossay-4563-9225.jpg"},"160x120":{"url":"https:\/\/www.saint-brevin.com\/medias\/images\/prestataires\/multitailles\/160x120_camping-migron-espace-detente-frossay-4563-9225.jpg"},"origine":{"url":"https:\/\/www.saint-brevin.com\/medias\/images\/prestataires\/camping-migron-espace-detente-frossay-4563-9225.jpg"}},"urlLien":"","typeLien":"","nofollow":"N","copyright":""},{"url":"https:\/\/www.saint-brevin.com\/medias\/images\/prestataires\/camping-migron-frossay-st-brevin-tourisme1-4056-9224.gif","chemin":"..\/medias\/images\/prestataires\/camping-migron-frossay-st-brevin-tourisme1-4056-9224.gif","libelle":"camping-migron-frossay-st-brevin-tourisme1-4056","extension":"gif","categorie":"","largeur":960,"theme":"","hauteur":640,"type":"Image","origine":"","liaisonPave":"","langue":"","id":"9224","urlVignette":"https:\/\/www.saint-brevin.com\/medias\/images\/prestataires\/v-camping-migron-frossay-st-brevin-tourisme1-4056-9224.gif","alt":"camping-migron-frossay-st-brevin-tourisme1-4056","title":"camping-migron-frossay-st-brevin-tourisme1-4056","MultiTaille":{"1920x1440":{"url":"https:\/\/www.saint-brevin.com\/medias\/images\/prestataires\/multitailles\/1920x1440_camping-migron-frossay-st-brevin-tourisme1-4056-9224.gif"},"1200x900":{"url":"https:\/\/www.saint-brevin.com\/medias\/images\/prestataires\/multitailles\/1200x900_camping-migron-frossay-st-brevin-tourisme1-4056-9224.gif"},"800x600":{"url":"https:\/\/www.saint-brevin.com\/medias\/images\/prestataires\/multitailles\/800x600_camping-migron-frossay-st-brevin-tourisme1-4056-9224.gif"},"640x480":{"url":"https:\/\/www.saint-brevin.com\/medias\/images\/prestataires\/multitailles\/640x480_camping-migron-frossay-st-brevin-tourisme1-4056-9224.gif"},"320x240":{"url":"https:\/\/www.saint-brevin.com\/medias\/images\/prestataires\/multitailles\/320x240_camping-migron-frossay-st-brevin-tourisme1-4056-9224.gif"},"160x120":{"url":"https:\/\/www.saint-brevin.com\/medias\/images\/prestataires\/multitailles\/160x120_camping-migron-frossay-st-brevin-tourisme1-4056-9224.gif"},"origine":{"url":"https:\/\/www.saint-brevin.com\/medias\/images\/prestataires\/camping-migron-frossay-st-brevin-tourisme1-4056-9224.gif"}},"urlLien":"","typeLien":"","nofollow":"N","copyright":""}],"ByCategorie":{"":[{"url":"https:\/\/www.saint-brevin.com\/medias\/images\/prestataires\/camping-migron-espace-detente-frossay-4563-9225.jpg","chemin":"..\/medias\/images\/prestataires\/camping-migron-espace-detente-frossay-4563-9225.jpg","libelle":"camping-migron-espace-detente-frossay-4563","extension":"jpg","categorie":"","largeur":960,"theme":"","hauteur":640,"type":"Image","origine":"","liaisonPave":"","langue":"","id":"9225","urlVignette":"https:\/\/www.saint-brevin.com\/medias\/images\/prestataires\/v-camping-migron-espace-detente-frossay-4563-9225.jpg","alt":"camping-migron-espace-detente-frossay-4563","title":"camping-migron-espace-detente-frossay-4563","MultiTaille":{"1920x1440":{"url":"https:\/\/www.saint-brevin.com\/medias\/images\/prestataires\/multitailles\/1920x1440_camping-migron-espace-detente-frossay-4563-9225.jpg"},"1200x900":{"url":"https:\/\/www.saint-brevin.com\/medias\/images\/prestataires\/multitailles\/1200x900_camping-migron-espace-detente-frossay-4563-9225.jpg"},"800x600":{"url":"https:\/\/www.saint-brevin.com\/medias\/images\/prestataires\/multitailles\/800x600_camping-migron-espace-detente-frossay-4563-9225.jpg"},"640x480":{"url":"https:\/\/www.saint-brevin.com\/medias\/images\/prestataires\/multitailles\/640x480_camping-migron-espace-detente-frossay-4563-9225.jpg"},"320x240":{"url":"https:\/\/www.saint-brevin.com\/medias\/images\/prestataires\/multitailles\/320x240_camping-migron-espace-detente-frossay-4563-9225.jpg"},"160x120":{"url":"https:\/\/www.saint-brevin.com\/medias\/images\/prestataires\/multitailles\/160x120_camping-migron-espace-detente-frossay-4563-9225.jpg"},"origine":{"url":"https:\/\/www.saint-brevin.com\/medias\/images\/prestataires\/camping-migron-espace-detente-frossay-4563-9225.jpg"}},"urlLien":"","typeLien":"","nofollow":"N","copyright":""},{"url":"https:\/\/www.saint-brevin.com\/medias\/images\/prestataires\/camping-migron-frossay-st-brevin-tourisme1-4056-9224.gif","chemin":"..\/medias\/images\/prestataires\/camping-migron-frossay-st-brevin-tourisme1-4056-9224.gif","libelle":"camping-migron-frossay-st-brevin-tourisme1-4056","extension":"gif","categorie":"","largeur":960,"theme":"","hauteur":640,"type":"Image","origine":"","liaisonPave":"","langue":"","id":"9224","urlVignette":"https:\/\/www.saint-brevin.com\/medias\/images\/prestataires\/v-camping-migron-frossay-st-brevin-tourisme1-4056-9224.gif","alt":"camping-migron-frossay-st-brevin-tourisme1-4056","title":"camping-migron-frossay-st-brevin-tourisme1-4056","MultiTaille":{"1920x1440":{"url":"https:\/\/www.saint-brevin.com\/medias\/images\/prestataires\/multitailles\/1920x1440_camping-migron-frossay-st-brevin-tourisme1-4056-9224.gif"},"1200x900":{"url":"https:\/\/www.saint-brevin.com\/medias\/images\/prestataires\/multitailles\/1200x900_camping-migron-frossay-st-brevin-tourisme1-4056-9224.gif"},"800x600":{"url":"https:\/\/www.saint-brevin.com\/medias\/images\/prestataires\/multitailles\/800x600_camping-migron-frossay-st-brevin-tourisme1-4056-9224.gif"},"640x480":{"url":"https:\/\/www.saint-brevin.com\/medias\/images\/prestataires\/multitailles\/640x480_camping-migron-frossay-st-brevin-tourisme1-4056-9224.gif"},"320x240":{"url":"https:\/\/www.saint-brevin.com\/medias\/images\/prestataires\/multitailles\/320x240_camping-migron-frossay-st-brevin-tourisme1-4056-9224.gif"},"160x120":{"url":"https:\/\/www.saint-brevin.com\/medias\/images\/prestataires\/multitailles\/160x120_camping-migron-frossay-st-brevin-tourisme1-4056-9224.gif"},"origine":{"url":"https:\/\/www.saint-brevin.com\/medias\/images\/prestataires\/camping-migron-frossay-st-brevin-tourisme1-4056-9224.gif"}},"urlLien":"","typeLien":"","nofollow":"N","copyright":""}]}},"Url":"","Localisation":{"GoogleMap":{"Latitude":"47.25741","Longitude":"-1.91339"}},"ZoneGeo":"","Criteres":{"NIVPARTENAIRE[COMPLET":"","DESTINATION[DESTINATIONCCSE":"","LIEU[FROSSAYLEMIGRON":"","COMMUNES[FROSSAY":"","LDLTH[LSAA":"","THANDI[ACCESFAUT":"","MAJINGENIE[DATEDERNIEREMAJ":"20240416","MISEAJOUR[FABIENNE":""},"DateFinPublication":"","AffichageCoordonnees":[]},"listeCriteres":{"LIEUMANIF":{"FROSSAY":""},"CATEGORIEANIMATION":{"CONCER":""},"DETAILCONCERTSPECTACLE":{"ROCKANDROLL":""},"ICA":{"ICATP":""},"ANIAH":{"ANIACC":""},"MISEAJOURINGENIE":{"DATEDERNIEREMAJ":"20250430"},"MISEAJOURPAR":{"AMANDINE":""},"NIVPARTENAIRE":{"COMPLET":""},"DESTINATION":{"DESTINATIONCCSE":""},"LIEU":{"FROSSAYLEMIGRON":""},"COMMUNES":{"FROSSAY":""},"LDLTH":{"LSAA":""},"THANDI":{"ACCESFAUT":""},"MAJINGENIE":{"DATEDERNIEREMAJ":"20240416"},"MISEAJOUR":{"FABIENNE":""}},"dansCarnetVoyage":true,"Ouverture":["\u003Cp class=\"date\" \u003EDimanche 05 juillet 2026\u003C\/p\u003E\u003Cp class=\"heure\" \u003E\u00e0 partir de 16:00\u003C\/p\u003E"],"OuverturePasse":[],"OuvertureObjs":[{}],"OuvertureTab":[["20260705","20260705"]]},"html":" \n \u003Cdiv id=\"CV-PRESTATION-Y-HPAPDL044000026-CONCERT5JUILLET\" data-contexte-id=\"PRESTATION|Y|HPAPDL044000026|CONCERT5JUILLET\" data-cle=\"Y|HPAPDL044000026|CONCERT5JUILLET\" class=\"fiche-liste\"\u003E\n    \n\n    \u003C!-- partie photo --\u003E\n    \u003Cdiv class=\"photo\"\u003E\t\t\t\t\t\t\t\t\t\t\t\t\t\t\t\t\t\t\t\t\t\n        \u003Cdiv class=\"cadre_photo_principale\"\u003E\t\t\n        \n            \t\t\t\t\t\n                    \u003Ca href=\"concert-line-azul.html?origine=carnet#media\"\u003E\n                        \u003Cimg class=\"photo_principale\" alt=\"capture-d-cran-2026-04-30-105500-30932\" src=\"https:\/\/www.saint-brevin.com\/medias\/images\/prestations\/multitailles\/320x240_capture-d-cran-2026-04-30-105500-30932.png\" itemprop=\"image\"\u003E\n                    \u003C\/a\u003E\t\t\t\t\t\t\n                \n                    \u003C\/div\u003E\t\t\t\t\t\t\t\t\t\t\t\t\t\t\t\t\t\t\t \t\t\n    \u003C\/div\u003E\n    \n    \u003C!-- partie nom prest --\u003E\n    \u003Cdiv class=\"nom\"\u003E\n        \u003Ch2\u003EConcert : Line Azul\u003C\/h2\u003E\n        \n            \u003C\/div\u003E\n\n     \u003Cul style=\"display: none\" class=\"ouverture_list\"\u003E\u003Cli class=\"ouverture_item\"\u003E\u003Cp class=\"date\" \u003EDimanche 05 juillet 2026\u003C\/p\u003E\u003Cp class=\"heure\" \u003E\u00e0 partir de 16:00\u003C\/p\u003E\u003C\/li\u003E\u003C\/ul\u003E    \n    \u003C!-- partie adresse --\u003E\n    \u003Cdiv class=\"adresse\"\u003E\n    \n          \n    \u003C\/div\u003E\n    \n    \u003C!-- partie liens --\u003E\n    \u003Cdiv class=\"liens\"\u003E\n            \u003Ca class=\"btn-icon btn-view \" title=\"Voir la fiche d\u00e9taill\u00e9e\" href=\"concert-line-azul.html?origine=carnet\"\u003E\u003C\/a\u003E\u003C!--\u003Ca class=\"btn-icon btn-view \" title=\"\" href=\"?origine=carnet#thaut\"\u003E\u003C\/a\u003E--\u003E\n      \u003Ca class=\"btn-icon btn-trash carnet_voyage_supprimer\" title=\"Supprimer cette fiche de mon carnet de voyage\" href=\"carnet-voyage?action=remove&fiche=Y|HPAPDL044000026|CONCERT5JUILLET\"\u003E\u003C\/a\u003E\n    \u003C\/div\u003E\n\n\u003C\/div\u003E\n\n","icon":"https:\/\/static.ingenie.fr\/images\/carnetVoyageV3\/Y.png"},"fiche":"Y|HPAPDL044000026|CONCERT5JUILLET","popup":"\u003Cdiv id=\"bloc_popup_ajout_fiche_carnet\"\u003E\n    \u003Cdiv class=\"info_popup_ajout_fiche_carnet\"\u003E\n        Vous venez d'ajouter cet \u00e9l\u00e9ment \u00e0 votre carnet de voyage :    \u003C\/div\u003E\n    \u003Cdiv class=\"prest_popup_ajout_fiche_carnet\"\u003E\n        Concert : Line Azul    \u003C\/div\u003E\n    \u003Cdiv class=\"bloc_btn_ajout_fiche_carnet form_submit_div\"\u003E\n        \u003Cinput type=\"button\" value=\"Continuer ma s\u00e9lection\" title=\"Continuer ma s\u00e9lection\" name=\"btn_close\" class=\"btn_close_popup_carnet form_submit\" onclick=\"$.colorbox.close()\" \/\u003E\n        \u003Cinput type=\"button\" value=\"Voir mon carnet de voyage\" title=\"Voir mon carnet\" name=\"btn_panier\" class=\"btn_panier_popup_carnet form_submit\" onclick=\"if(typeof CarnetVoyage != 'undefined') {CarnetVoyage.voirCarnet();}\" \/\u003E\n    \u003C\/div\u003E\n    \u003Cdiv class=\"bloc_btn_ajout_fiche_carnet\"\u003E\n        \u003Cinput type=\"checkbox\" value=\"1\" name=\"desactiver_popup\" id=\"desactiver_popup\" \/\u003E\n        \u003Clabel for=\"desactiver_popup\"\u003ENe plus afficher ce message\u003C\/label\u003E\n    \u003C\/div\u003E\n\u003C\/div\u003E","success":1}