{"nbFiches":1,"dataPrest":{"infoPrest":{"pave1":{"libelle":"Slogan","contenu":"","fichiers":[]},"pave2":{"libelle":"Descriptif","contenu":"\u003Cspan style=\"color: rgb(31, 31, 31); font-family: Roboto, Arial, sans-serif; font-size: 14px; letter-spacing: 0.2px; white-space: pre-wrap;\"\u003ELa nouvelle &egrave;re pour bien vieillir chez soi !\u003Cbr \/\u003E\r\n\u003Cbr \/\u003E\r\n13h30 : Accueil des participants autour d&#39;un caf&eacute;\u003Cbr \/\u003E\r\n14h00 : Discours d&#39;accueil Introduction par le GUIPA CLIC\u003Cbr \/\u003E\r\n14h10 : Adaptation du domicile : De l&#39;ergoth&eacute;rapie &agrave; la Domotique Conseill&egrave;re habitat et ergoth&eacute;rapeute de SOLIHA Ergoth&eacute;rapeute de l&#39;Equipe Sp&eacute;cialis&eacute;e Alzheimer\u003Cbr \/\u003E\r\n\u003Cbr \/\u003E\r\n15h Pause d&eacute;couverte du Truck (pr&eacute;sentation de mat&eacute;riel)\u003Cbr \/\u003E\r\n\u003Cbr \/\u003E\r\n15h30 Avenir et IA : Des nouvelles possibilit&eacute;s aux limites : Manager chez WELLIOM Avocate sp&eacute;cialis&eacute;e dans le droit du num&eacute;rique du cabinet Novus\u003Cbr \/\u003E\r\n16h15 : Echange avec la salle, d&eacute;couverte du truck\u003Cbr \/\u003E\r\n\u003Cbr \/\u003E\r\nR&eacute;servation conseill&eacute;e au 02.40.39.88.50\u003C\/span\u003E","fichiers":[]},"pave3":{"libelle":"","contenu":""},"pave4":{"libelle":"","contenu":""},"pave5":{"libelle":"","contenu":""},"pave6":{"libelle":"","contenu":""},"pave7":{"libelle":"","contenu":""},"pave8":{"libelle":"","contenu":""},"pave9":{"libelle":"","contenu":""},"pave10":{"libelle":"","contenu":""},"pave11":{"libelle":"","contenu":""},"pave12":{"libelle":"","contenu":""},"pave13":{"libelle":"","contenu":""},"pave14":{"libelle":"","contenu":""},"pave15":{"libelle":"","contenu":""},"pave16":{"libelle":"","contenu":""},"pave17":{"libelle":"","contenu":""},"pave18":{"libelle":"","contenu":""},"pave19":{"libelle":"","contenu":""},"pave20":{"libelle":"","contenu":""},"pave21":{"libelle":"","contenu":""},"pave22":{"libelle":"","contenu":""},"pave23":{"libelle":"","contenu":""},"pave24":{"libelle":"","contenu":""},"pave25":{"libelle":"","contenu":""},"Libelle":"Conf\u00e9rence : De la canne \u00e0 l'intelligence artificielle","Reference":"","Reftar":"","Type":"PRESTATION","TypePrestataire":"Y","ContexteStat":"PRESTATION-Y-GUIPACLIC-GUIPACLICCONFERENCE","DateModificationIso":"2026-04-30T15:26:00+02:00","Adresse":{"LigneAdresse1":"Salle du lac","LigneAdresse2":"","LigneAdresse3":"","CodePostal":"44320","Ville":"ST VIAUD","Cedex":"","Etat":"","Pays":"FRA"},"Id":"y-guipaclic-guipaclicconference","Code":"Y|GUIPACLIC|GUIPACLICCONFERENCE","Cle":"Y|GUIPACLIC|GUIPACLICCONFERENCE","Url":"conference-de-la-canne-a-l-intelligence-artificielle.html","Localisation":{"GoogleMap":{"Latitude":"47.25848","Longitude":"-2.01754"}},"ZoneGeo":"","Criteres":{"LIEUMANIF[SAINTBREVIN":"","CATEGORIEANIMATION[CONF":"","ICA[ICATP":"","ANIAH[ANIACC":"","MODEPAIEMENT[GRATUIT":"","MODEPAIEMENT[ENTREELIBRE":"","MISEAJOURINGENIE[DATEDERNIEREMAJ":"20250919","MISEAJOURPAR[FABIENNE":""},"Prestataire":{"pave1":{"libelle":"","contenu":""},"pave2":{"libelle":"","contenu":""},"pave3":{"libelle":"","contenu":""},"pave4":{"libelle":"","contenu":""},"pave5":{"libelle":"","contenu":""},"pave6":{"libelle":"","contenu":""},"pave7":{"libelle":"","contenu":""},"pave8":{"libelle":"","contenu":""},"pave9":{"libelle":"","contenu":""},"pave10":{"libelle":"","contenu":""},"pave11":{"libelle":"","contenu":""},"pave12":{"libelle":"","contenu":""},"pave13":{"libelle":"","contenu":""},"pave14":{"libelle":"","contenu":""},"pave15":{"libelle":"","contenu":""},"pave16":{"libelle":"","contenu":""},"pave17":{"libelle":"","contenu":""},"pave18":{"libelle":"","contenu":""},"pave19":{"libelle":"","contenu":""},"pave20":{"libelle":"","contenu":""},"pave21":{"libelle":"","contenu":""},"pave22":{"libelle":"","contenu":""},"pave23":{"libelle":"","contenu":""},"pave24":{"libelle":"","contenu":""},"pave25":{"libelle":"","contenu":""}},"Fichier":{"Image":[{"url":"https:\/\/www.saint-brevin.com\/medias\/images\/prestations\/conf-rence-accompagnant-st-brevin-nov25-28591.jpg","chemin":"..\/medias\/images\/prestations\/conf-rence-accompagnant-st-brevin-nov25-28591.jpg","libelle":"conf-rence-accompagnant-st-brevin-nov25-28591","extension":"jpg","categorie":"","largeur":960,"theme":"","hauteur":640,"type":"Image","origine":"","liaisonPave":"","langue":"","id":"28591","urlVignette":"https:\/\/www.saint-brevin.com\/medias\/images\/prestations\/v-conf-rence-accompagnant-st-brevin-nov25-28591.jpg","alt":"conf-rence-accompagnant-st-brevin-nov25-28591","title":"conf-rence-accompagnant-st-brevin-nov25-28591","MultiTaille":{"1920x1440":{"url":"https:\/\/www.saint-brevin.com\/medias\/images\/prestations\/multitailles\/1920x1440_conf-rence-accompagnant-st-brevin-nov25-28591.jpg"},"1200x900":{"url":"https:\/\/www.saint-brevin.com\/medias\/images\/prestations\/multitailles\/1200x900_conf-rence-accompagnant-st-brevin-nov25-28591.jpg"},"800x600":{"url":"https:\/\/www.saint-brevin.com\/medias\/images\/prestations\/multitailles\/800x600_conf-rence-accompagnant-st-brevin-nov25-28591.jpg"},"640x480":{"url":"https:\/\/www.saint-brevin.com\/medias\/images\/prestations\/multitailles\/640x480_conf-rence-accompagnant-st-brevin-nov25-28591.jpg"},"320x240":{"url":"https:\/\/www.saint-brevin.com\/medias\/images\/prestations\/multitailles\/320x240_conf-rence-accompagnant-st-brevin-nov25-28591.jpg"},"160x120":{"url":"https:\/\/www.saint-brevin.com\/medias\/images\/prestations\/multitailles\/160x120_conf-rence-accompagnant-st-brevin-nov25-28591.jpg"},"origine":{"url":"https:\/\/www.saint-brevin.com\/medias\/images\/prestations\/conf-rence-accompagnant-st-brevin-nov25-28591.jpg"}},"urlLien":"","typeLien":"","nofollow":"N","copyright":""},{"url":"https:\/\/www.saint-brevin.com\/medias\/images\/prestations\/recto-guipa-clic-30975.png","chemin":"..\/medias\/images\/prestations\/recto-guipa-clic-30975.png","libelle":"recto-guipa-clic-30975","extension":"png","categorie":"","largeur":645,"theme":"","hauteur":903,"type":"Image","origine":"","liaisonPave":"","langue":"","id":"30975","urlVignette":"https:\/\/www.saint-brevin.com\/medias\/images\/prestations\/v-recto-guipa-clic-30975.png","alt":"recto-guipa-clic-30975","title":"recto-guipa-clic-30975","MultiTaille":{"1920x1440":{"url":"https:\/\/www.saint-brevin.com\/medias\/images\/prestations\/multitailles\/1920x1440_recto-guipa-clic-30975.png"},"1200x900":{"url":"https:\/\/www.saint-brevin.com\/medias\/images\/prestations\/multitailles\/1200x900_recto-guipa-clic-30975.png"},"800x600":{"url":"https:\/\/www.saint-brevin.com\/medias\/images\/prestations\/multitailles\/800x600_recto-guipa-clic-30975.png"},"640x480":{"url":"https:\/\/www.saint-brevin.com\/medias\/images\/prestations\/multitailles\/640x480_recto-guipa-clic-30975.png"},"320x240":{"url":"https:\/\/www.saint-brevin.com\/medias\/images\/prestations\/multitailles\/320x240_recto-guipa-clic-30975.png"},"160x120":{"url":"https:\/\/www.saint-brevin.com\/medias\/images\/prestations\/multitailles\/160x120_recto-guipa-clic-30975.png"},"origine":{"url":"https:\/\/www.saint-brevin.com\/medias\/images\/prestations\/recto-guipa-clic-30975.png"}},"urlLien":"","typeLien":"","nofollow":"N","copyright":""}],"ByCategorie":{"":[{"url":"https:\/\/www.saint-brevin.com\/medias\/images\/prestations\/conf-rence-accompagnant-st-brevin-nov25-28591.jpg","chemin":"..\/medias\/images\/prestations\/conf-rence-accompagnant-st-brevin-nov25-28591.jpg","libelle":"conf-rence-accompagnant-st-brevin-nov25-28591","extension":"jpg","categorie":"","largeur":960,"theme":"","hauteur":640,"type":"Image","origine":"","liaisonPave":"","langue":"","id":"28591","urlVignette":"https:\/\/www.saint-brevin.com\/medias\/images\/prestations\/v-conf-rence-accompagnant-st-brevin-nov25-28591.jpg","alt":"conf-rence-accompagnant-st-brevin-nov25-28591","title":"conf-rence-accompagnant-st-brevin-nov25-28591","MultiTaille":{"1920x1440":{"url":"https:\/\/www.saint-brevin.com\/medias\/images\/prestations\/multitailles\/1920x1440_conf-rence-accompagnant-st-brevin-nov25-28591.jpg"},"1200x900":{"url":"https:\/\/www.saint-brevin.com\/medias\/images\/prestations\/multitailles\/1200x900_conf-rence-accompagnant-st-brevin-nov25-28591.jpg"},"800x600":{"url":"https:\/\/www.saint-brevin.com\/medias\/images\/prestations\/multitailles\/800x600_conf-rence-accompagnant-st-brevin-nov25-28591.jpg"},"640x480":{"url":"https:\/\/www.saint-brevin.com\/medias\/images\/prestations\/multitailles\/640x480_conf-rence-accompagnant-st-brevin-nov25-28591.jpg"},"320x240":{"url":"https:\/\/www.saint-brevin.com\/medias\/images\/prestations\/multitailles\/320x240_conf-rence-accompagnant-st-brevin-nov25-28591.jpg"},"160x120":{"url":"https:\/\/www.saint-brevin.com\/medias\/images\/prestations\/multitailles\/160x120_conf-rence-accompagnant-st-brevin-nov25-28591.jpg"},"origine":{"url":"https:\/\/www.saint-brevin.com\/medias\/images\/prestations\/conf-rence-accompagnant-st-brevin-nov25-28591.jpg"}},"urlLien":"","typeLien":"","nofollow":"N","copyright":""},{"url":"https:\/\/www.saint-brevin.com\/medias\/images\/prestations\/recto-guipa-clic-30975.png","chemin":"..\/medias\/images\/prestations\/recto-guipa-clic-30975.png","libelle":"recto-guipa-clic-30975","extension":"png","categorie":"","largeur":645,"theme":"","hauteur":903,"type":"Image","origine":"","liaisonPave":"","langue":"","id":"30975","urlVignette":"https:\/\/www.saint-brevin.com\/medias\/images\/prestations\/v-recto-guipa-clic-30975.png","alt":"recto-guipa-clic-30975","title":"recto-guipa-clic-30975","MultiTaille":{"1920x1440":{"url":"https:\/\/www.saint-brevin.com\/medias\/images\/prestations\/multitailles\/1920x1440_recto-guipa-clic-30975.png"},"1200x900":{"url":"https:\/\/www.saint-brevin.com\/medias\/images\/prestations\/multitailles\/1200x900_recto-guipa-clic-30975.png"},"800x600":{"url":"https:\/\/www.saint-brevin.com\/medias\/images\/prestations\/multitailles\/800x600_recto-guipa-clic-30975.png"},"640x480":{"url":"https:\/\/www.saint-brevin.com\/medias\/images\/prestations\/multitailles\/640x480_recto-guipa-clic-30975.png"},"320x240":{"url":"https:\/\/www.saint-brevin.com\/medias\/images\/prestations\/multitailles\/320x240_recto-guipa-clic-30975.png"},"160x120":{"url":"https:\/\/www.saint-brevin.com\/medias\/images\/prestations\/multitailles\/160x120_recto-guipa-clic-30975.png"},"origine":{"url":"https:\/\/www.saint-brevin.com\/medias\/images\/prestations\/recto-guipa-clic-30975.png"}},"urlLien":"","typeLien":"","nofollow":"N","copyright":""}]}},"DateDebPublication":"","DateFinPublication":"20260606","PrixAPartirDe":"","PrixPour":"","FicheListeEnCours":"fiche_liste_agenda_prestation_v2017","ParametresModele":{"AfficherPhotos":"1","NbPhotosMax":6,"AfficherReserver":0,"AfficherContact":0,"AfficherSalle":1,"AfficherZoneGeo":0,"AfficherEnSavoirPlus":"1","AfficherUneSeuleOuverture":"1","AfficherContactCarte":1,"AfficherTarifsChaudAPartirDe":0,"AfficherTarifChaudSansRecherche":0,"AfficherLiensCarnetVoyage":"1","AfficherOuverture":"1","BlocCritereInfo":{"critere1":{"libelle":""},"critere2":{"libelle":""},"critere3":{"libelle":""},"critere4":{"libelle":""},"critere5":{"libelle":""},"critere6":{"libelle":""},"critere7":{"libelle":"","liste_critere":["COMMUNES|Y"]},"critere8":{"libelle":""},"critere9":{"libelle":""},"afficherpictoetpaslibelle":"1"},"CriteresComportementResa":"|RESABILLET[RESAENLIGNE|","PositionBloc":"GALLERIE|NOM|OUVERTURES|CARNET_VOYAGE|URL|LIEN_RESERVER_DETAIL","TypePrestataire":"Y","ComportementResa":false,"ComportementDispo":false},"AffichageCoordonnees":[],"Coordonnees":{"Ville":"ST VIAUD"},"ContexteId":"PRESTATION|Y|GUIPACLIC|GUIPACLICCONFERENCE","ContexteIdHtml":"PRESTATION-Y-GUIPACLIC-GUIPACLICCONFERENCE","cleContexte":"Y|GUIPACLIC|GUIPACLICCONFERENCE","Bloc":{"texte1":"","texte3":"","critere1":{"libelle":"","contenu":[]},"critere2":{"libelle":"","contenu":[]},"critere3":{"libelle":"","contenu":[]},"critere4":{"libelle":"","contenu":[]},"critere5":{"libelle":"","contenu":[]},"critere6":{"libelle":"","contenu":[]},"critere7":{"libelle":"","contenu":[]},"critere8":{"libelle":"","contenu":[]},"critere9":{"libelle":"","contenu":[]}},"LocalisationGps":{"Latitude":"47.25848","Longitude":"-2.01754"},"libelleDuPrestataire":"","vuePrestataire":{"pave1":{"libelle":"","contenu":""},"pave2":{"libelle":"","contenu":""},"pave3":{"libelle":"","contenu":""},"pave4":{"libelle":"","contenu":""},"pave5":{"libelle":"","contenu":""},"pave6":{"libelle":"","contenu":""},"pave7":{"libelle":"","contenu":""},"pave8":{"libelle":"","contenu":""},"pave9":{"libelle":"","contenu":""},"pave10":{"libelle":"","contenu":""},"pave11":{"libelle":"","contenu":""},"pave12":{"libelle":"","contenu":""},"pave13":{"libelle":"","contenu":""},"pave14":{"libelle":"","contenu":""},"pave15":{"libelle":"","contenu":""},"pave16":{"libelle":"","contenu":""},"pave17":{"libelle":"","contenu":""},"pave18":{"libelle":"","contenu":""},"pave19":{"libelle":"","contenu":""},"pave20":{"libelle":"","contenu":""},"pave21":{"libelle":"","contenu":""},"pave22":{"libelle":"","contenu":""},"pave23":{"libelle":"","contenu":""},"pave24":{"libelle":"","contenu":""},"pave25":{"libelle":"","contenu":""},"AffichageCoordonnees":[]},"listeCriteres":{"LIEUMANIF":{"SAINTBREVIN":""},"CATEGORIEANIMATION":{"CONF":""},"ICA":{"ICATP":""},"ANIAH":{"ANIACC":""},"MODEPAIEMENT":{"GRATUIT":"","ENTREELIBRE":""},"MISEAJOURINGENIE":{"DATEDERNIEREMAJ":"20250919"},"MISEAJOURPAR":{"FABIENNE":""},"LIEU":{"SAINTBREVINLESPINS":""},"MAJINGENIE":{"DATEDERNIEREMAJ":"20190920"},"MISEAJOUR":{"MAELLE":""}},"dansCarnetVoyage":true,"Ouverture":["\u003Cp class=\"date\" \u003EVendredi 05 juin 2026\u003C\/p\u003E\u003Cp class=\"heure\" \u003Ede 13:30 \u00e0 17:00\u003C\/p\u003E"],"OuverturePasse":[],"OuvertureObjs":[{}],"OuvertureTab":[["20260605","20260605"]]},"html":" \n \u003Cdiv id=\"CV-PRESTATION-Y-GUIPACLIC-GUIPACLICCONFERENCE\" data-contexte-id=\"PRESTATION|Y|GUIPACLIC|GUIPACLICCONFERENCE\" data-cle=\"Y|GUIPACLIC|GUIPACLICCONFERENCE\" class=\"fiche-liste\"\u003E\n    \n\n    \u003C!-- partie photo --\u003E\n    \u003Cdiv class=\"photo\"\u003E\t\t\t\t\t\t\t\t\t\t\t\t\t\t\t\t\t\t\t\t\t\n        \u003Cdiv class=\"cadre_photo_principale\"\u003E\t\t\n        \n            \t\t\t\t\t\n                    \u003Ca href=\"conference-de-la-canne-a-l-intelligence-artificielle.html?origine=carnet#media\"\u003E\n                        \u003Cimg class=\"photo_principale\" alt=\"conf-rence-accompagnant-st-brevin-nov25-28591\" src=\"https:\/\/www.saint-brevin.com\/medias\/images\/prestations\/multitailles\/320x240_conf-rence-accompagnant-st-brevin-nov25-28591.jpg\" itemprop=\"image\"\u003E\n                    \u003C\/a\u003E\t\t\t\t\t\t\n                \n                    \u003C\/div\u003E\t\t\t\t\t\t\t\t\t\t\t\t\t\t\t\t\t\t\t \t\t\n    \u003C\/div\u003E\n    \n    \u003C!-- partie nom prest --\u003E\n    \u003Cdiv class=\"nom\"\u003E\n        \u003Ch2\u003EConf\u00e9rence : De la canne \u00e0 l'intelligence artificielle\u003C\/h2\u003E\n        \n            \u003C\/div\u003E\n\n     \u003Cul style=\"display: none\" class=\"ouverture_list\"\u003E\u003Cli class=\"ouverture_item\"\u003E\u003Cp class=\"date\" \u003EVendredi 05 juin 2026\u003C\/p\u003E\u003Cp class=\"heure\" \u003Ede 13:30 \u00e0 17:00\u003C\/p\u003E\u003C\/li\u003E\u003C\/ul\u003E    \n    \u003C!-- partie adresse --\u003E\n    \u003Cdiv class=\"adresse\"\u003E\n    \n          \n    \u003C\/div\u003E\n    \n    \u003C!-- partie liens --\u003E\n    \u003Cdiv class=\"liens\"\u003E\n            \u003Ca class=\"btn-icon btn-view \" title=\"Voir la fiche d\u00e9taill\u00e9e\" href=\"conference-de-la-canne-a-l-intelligence-artificielle.html?origine=carnet\"\u003E\u003C\/a\u003E\u003C!--\u003Ca class=\"btn-icon btn-view \" title=\"\" href=\"?origine=carnet#thaut\"\u003E\u003C\/a\u003E--\u003E\n      \u003Ca class=\"btn-icon btn-trash carnet_voyage_supprimer\" title=\"Supprimer cette fiche de mon carnet de voyage\" href=\"carnet-voyage?action=remove&fiche=Y|GUIPACLIC|GUIPACLICCONFERENCE\"\u003E\u003C\/a\u003E\n    \u003C\/div\u003E\n\n\u003C\/div\u003E\n\n","icon":"https:\/\/static.ingenie.fr\/images\/carnetVoyageV3\/Y.png"},"fiche":"Y|GUIPACLIC|GUIPACLICCONFERENCE","popup":"\u003Cdiv id=\"bloc_popup_ajout_fiche_carnet\"\u003E\n    \u003Cdiv class=\"info_popup_ajout_fiche_carnet\"\u003E\n        Vous venez d'ajouter cet \u00e9l\u00e9ment \u00e0 votre carnet de voyage :    \u003C\/div\u003E\n    \u003Cdiv class=\"prest_popup_ajout_fiche_carnet\"\u003E\n        Conf&eacute;rence : De la canne &agrave; l&#039;intelligence artificielle    \u003C\/div\u003E\n    \u003Cdiv class=\"bloc_btn_ajout_fiche_carnet form_submit_div\"\u003E\n        \u003Cinput type=\"button\" value=\"Continuer ma s\u00e9lection\" title=\"Continuer ma s\u00e9lection\" name=\"btn_close\" class=\"btn_close_popup_carnet form_submit\" onclick=\"$.colorbox.close()\" \/\u003E\n        \u003Cinput type=\"button\" value=\"Voir mon carnet de voyage\" title=\"Voir mon carnet\" name=\"btn_panier\" class=\"btn_panier_popup_carnet form_submit\" onclick=\"if(typeof CarnetVoyage != 'undefined') {CarnetVoyage.voirCarnet();}\" \/\u003E\n    \u003C\/div\u003E\n    \u003Cdiv class=\"bloc_btn_ajout_fiche_carnet\"\u003E\n        \u003Cinput type=\"checkbox\" value=\"1\" name=\"desactiver_popup\" id=\"desactiver_popup\" \/\u003E\n        \u003Clabel for=\"desactiver_popup\"\u003ENe plus afficher ce message\u003C\/label\u003E\n    \u003C\/div\u003E\n\u003C\/div\u003E","success":1}