{"nbFiches":2,"dataPrest":{"infoPrest":{"pave1":{"libelle":"Slogan","contenu":"","fichiers":[]},"pave2":{"libelle":"Descriptif","contenu":"\u003Cdiv role=\"listitem\"\u003E\r\n\u003Cdiv data-item-id=\"2142981863\" data-observe-id=\"2142981863\"\u003E\r\n\u003Cdiv\u003E\r\n\u003Cdiv\u003E\r\n\u003Cdiv aria-disabled=\"true\" aria-label=\"Descriptif de la manifestation\" role=\"textbox\" tabindex=\"0\"\u003EEnvie de sortir, de rencontrer de nouvelles personnes et de partager un moment simple et convivial ?\u003Cbr \/\u003E\r\n\u003Cbr \/\u003E\r\nNous vous proposons une marche (ou rencontre) chaque 2\u1d49 mercredi du mois, dans une ambiance chaleureuse et bienveillante.\u003Cbr \/\u003E\r\n\u003Cbr \/\u003E\r\n\ud83d\udccd Selon la m&eacute;t&eacute;o : - En ext&eacute;rieur, pour une marche en bord de mer, - Ou en int&eacute;rieur, dans un caf&eacute; &agrave; Saint-Br&eacute;vin ou bien dans la salle de l&#39;association\u003Cbr \/\u003E\r\n\u003Cbr \/\u003E\r\nL&rsquo;objectif est de cr&eacute;er une dynamique positive, de favoriser les &eacute;changes et de permettre &agrave; chacun de sortir de l&rsquo;isolement le cas &eacute;ch&eacute;ant, le tout : &agrave; son rythme ! Afin de pr&eacute;server la qualit&eacute; des &eacute;changes et de respecter les capacit&eacute;s d&rsquo;accueil des lieux en int&eacute;rieur, les groupes sont volontairement limit&eacute;s.\u003Cbr \/\u003E\r\n\u003Cbr \/\u003E\r\n\ud83d\udc49 Gratuit, sur inscription obligatoire. (le lieu est donn&eacute; la veille par SMS); une inscription par personne. Au&nbsp;06.69.31.92.92 ou par mail contact@etsensdesoi.org\u003Cbr \/\u003E\r\n\u003Cbr \/\u003E\r\n\u003Cbr \/\u003E\r\n\u003Cbr \/\u003E\r\nAu moins un membre de l&rsquo;association sera pr&eacute;sent pour vous accueillir et faciliter les &eacute;changes. Un moment simple pour prendre l&rsquo;air, discuter, rencontrer&hellip; et peut-&ecirc;tre tisser de nouveaux liens\u003C\/div\u003E\r\n\u003C\/div\u003E\r\n\u003C\/div\u003E\r\n\u003C\/div\u003E\r\n\u003C\/div\u003E\r\n","fichiers":[]},"pave3":{"libelle":"","contenu":""},"pave4":{"libelle":"","contenu":""},"pave5":{"libelle":"","contenu":""},"pave6":{"libelle":"","contenu":""},"pave7":{"libelle":"","contenu":""},"pave8":{"libelle":"","contenu":""},"pave9":{"libelle":"","contenu":""},"pave10":{"libelle":"","contenu":""},"pave11":{"libelle":"","contenu":""},"pave12":{"libelle":"","contenu":""},"pave13":{"libelle":"","contenu":""},"pave14":{"libelle":"","contenu":""},"pave15":{"libelle":"","contenu":""},"pave16":{"libelle":"","contenu":""},"pave17":{"libelle":"","contenu":""},"pave18":{"libelle":"","contenu":""},"pave19":{"libelle":"","contenu":""},"pave20":{"libelle":"","contenu":""},"pave21":{"libelle":"","contenu":""},"pave22":{"libelle":"","contenu":""},"pave23":{"libelle":"","contenu":""},"pave24":{"libelle":"","contenu":""},"pave25":{"libelle":"","contenu":""},"Libelle":"Marche collective","Reference":"","Reftar":"","Type":"PRESTATION","TypePrestataire":"Y","ContexteStat":"PRESTATION-Y-ETSENSDESOI-MARCHECOLLECTIVE","DateModificationIso":"2026-04-27T15:25:00+02:00","Adresse":{"LigneAdresse1":"7 all\u00e9e de la Plage","LigneAdresse2":"","LigneAdresse3":"","CodePostal":"44250","Ville":"ST BREVIN LES PINS","Cedex":"","Etat":"","Pays":"FRA"},"Id":"y-etsensdesoi-marchecollective","Code":"Y|ETSENSDESOI|MARCHECOLLECTIVE","Cle":"Y|ETSENSDESOI|MARCHECOLLECTIVE","Url":"marche-collective.html","Localisation":{"GoogleMap":{"Latitude":"47.22865","Longitude":"-2.17310"}},"ZoneGeo":"","Criteres":{"LIEUMANIF[SAINTBREVIN":"","CATEGORIEANIMATION[BIENETRE":"","DETAILANIMATIONSPORTIVE[RANDONNEPEDESTRE":"","MODEPAIEMENT[GRATUIT":"","YVEL[SOUI":"","MISEAJOURINGENIE[DATEDERNIEREMAJ":"20260427","MISEAJOURPAR[AMANDINE":""},"ContactsParType":{"IWEB":{"3784":{"id_contact":"3784","type_contact":"IWEB","categorie_contact":"PRESTATION","societe_contact":"Association Et Sens de Soi","fonction_contact":"","civilite_nom_prenom_contact":"","adresse1_contact":"","adresse2_contact":"","adresse3_contact":"","cpostal_contact":"","ville_contact":"","teldom_contact":"06 69 31 92 92","telbur_contact":"","fax_contact":"","portable_contact":"","email_contact":"contact@etsensdesoi.org","siteweb_contact":"etsensdesoi.org","commentaire_contact":"","langue_contact":"","autre_moyen_com":[]}}},"ContactRemplaceCoordonnees":"3784","Prestataire":{"pave1":{"libelle":"Descriptif","contenu":""},"pave2":{"libelle":"","contenu":""},"pave3":{"libelle":"","contenu":""},"pave4":{"libelle":"","contenu":""},"pave5":{"libelle":"","contenu":""},"pave6":{"libelle":"","contenu":""},"pave7":{"libelle":"","contenu":""},"pave8":{"libelle":"","contenu":""},"pave9":{"libelle":"","contenu":""},"pave10":{"libelle":"","contenu":""},"pave11":{"libelle":"","contenu":""},"pave12":{"libelle":"","contenu":""},"pave13":{"libelle":"","contenu":""},"pave14":{"libelle":"","contenu":""},"pave15":{"libelle":"","contenu":""},"pave16":{"libelle":"","contenu":""},"pave17":{"libelle":"","contenu":""},"pave18":{"libelle":"","contenu":""},"pave19":{"libelle":"","contenu":""},"pave20":{"libelle":"","contenu":""},"pave21":{"libelle":"","contenu":""},"pave22":{"libelle":"","contenu":""},"pave23":{"libelle":"","contenu":""},"pave24":{"libelle":"","contenu":""},"pave25":{"libelle":"","contenu":""},"ContactsParType":{"ORG":{"3760":{"id_contact":"3760","type_contact":"ORG","categorie_contact":"PRESTATAIRE","societe_contact":"","fonction_contact":"","civilite_nom_prenom_contact":"Ferre  Clarrisse ","adresse1_contact":"","adresse2_contact":"","adresse3_contact":"","cpostal_contact":"","ville_contact":"","teldom_contact":"107 75 79 49 95","telbur_contact":"","fax_contact":"","portable_contact":"","email_contact":"clarisseferre.tfh@gmail.com","siteweb_contact":"","commentaire_contact":"","langue_contact":"","autre_moyen_com":[]}}},"Libelle":"Association Et Sens de Soi","Nom":"Association Et Sens de Soi","Prenom":"","NomPrenom":"Association Et Sens de Soi ","CiviliteNomPrenom":"Association Et Sens de Soi ","Cle":"Y|ETSENSDESOI","PrestataireParent":"","ContexteStat":"PRESTATAIRE-Y-ETSENSDESOI","DateModificationIso":"2026-04-08T10:52:00+02:00","Type":"PRESTATAIRE","TypePrestataire":"Y","Adresse":{"LigneAdresse1":"","LigneAdresse2":"","LigneAdresse3":"","CodePostal":"","Ville":"","Cedex":"","Etat":"","Pays":"FRA"},"Email":"contact@etsensdesoi.org","Telephone":"06 69 31 92 92","TelephoneBureau":"","Portable":"","SiteWeb":"http:\/\/etsensdesoi.org","Fax":"","Id":"y-etsensdesoi","Code":"Y|ETSENSDESOI","Fichier":[],"Url":"","Localisation":{"GoogleMap":{"Latitude":"","Longitude":""}},"ZoneGeo":"","Criteres":[],"DateFinPublication":""},"Fichier":{"Image":[{"url":"https:\/\/www.saint-brevin.com\/medias\/images\/prestations\/capture-d-cran-2026-04-27-145941-30901.png","chemin":"..\/medias\/images\/prestations\/capture-d-cran-2026-04-27-145941-30901.png","libelle":"capture-d-cran-2026-04-27-145941-30901","extension":"png","categorie":"","largeur":1114,"theme":"","hauteur":739,"type":"Image","origine":"","liaisonPave":"","langue":"","id":"30901","urlVignette":"https:\/\/www.saint-brevin.com\/medias\/images\/prestations\/v-capture-d-cran-2026-04-27-145941-30901.png","alt":"capture-d-cran-2026-04-27-145941-30901","title":"capture-d-cran-2026-04-27-145941-30901","MultiTaille":{"1920x1440":{"url":"https:\/\/www.saint-brevin.com\/medias\/images\/prestations\/multitailles\/1920x1440_capture-d-cran-2026-04-27-145941-30901.png"},"1200x900":{"url":"https:\/\/www.saint-brevin.com\/medias\/images\/prestations\/multitailles\/1200x900_capture-d-cran-2026-04-27-145941-30901.png"},"800x600":{"url":"https:\/\/www.saint-brevin.com\/medias\/images\/prestations\/multitailles\/800x600_capture-d-cran-2026-04-27-145941-30901.png"},"640x480":{"url":"https:\/\/www.saint-brevin.com\/medias\/images\/prestations\/multitailles\/640x480_capture-d-cran-2026-04-27-145941-30901.png"},"320x240":{"url":"https:\/\/www.saint-brevin.com\/medias\/images\/prestations\/multitailles\/320x240_capture-d-cran-2026-04-27-145941-30901.png"},"160x120":{"url":"https:\/\/www.saint-brevin.com\/medias\/images\/prestations\/multitailles\/160x120_capture-d-cran-2026-04-27-145941-30901.png"},"origine":{"url":"https:\/\/www.saint-brevin.com\/medias\/images\/prestations\/capture-d-cran-2026-04-27-145941-30901.png"}},"urlLien":"","typeLien":"","nofollow":"N","copyright":""}],"ByCategorie":{"":[{"url":"https:\/\/www.saint-brevin.com\/medias\/images\/prestations\/capture-d-cran-2026-04-27-145941-30901.png","chemin":"..\/medias\/images\/prestations\/capture-d-cran-2026-04-27-145941-30901.png","libelle":"capture-d-cran-2026-04-27-145941-30901","extension":"png","categorie":"","largeur":1114,"theme":"","hauteur":739,"type":"Image","origine":"","liaisonPave":"","langue":"","id":"30901","urlVignette":"https:\/\/www.saint-brevin.com\/medias\/images\/prestations\/v-capture-d-cran-2026-04-27-145941-30901.png","alt":"capture-d-cran-2026-04-27-145941-30901","title":"capture-d-cran-2026-04-27-145941-30901","MultiTaille":{"1920x1440":{"url":"https:\/\/www.saint-brevin.com\/medias\/images\/prestations\/multitailles\/1920x1440_capture-d-cran-2026-04-27-145941-30901.png"},"1200x900":{"url":"https:\/\/www.saint-brevin.com\/medias\/images\/prestations\/multitailles\/1200x900_capture-d-cran-2026-04-27-145941-30901.png"},"800x600":{"url":"https:\/\/www.saint-brevin.com\/medias\/images\/prestations\/multitailles\/800x600_capture-d-cran-2026-04-27-145941-30901.png"},"640x480":{"url":"https:\/\/www.saint-brevin.com\/medias\/images\/prestations\/multitailles\/640x480_capture-d-cran-2026-04-27-145941-30901.png"},"320x240":{"url":"https:\/\/www.saint-brevin.com\/medias\/images\/prestations\/multitailles\/320x240_capture-d-cran-2026-04-27-145941-30901.png"},"160x120":{"url":"https:\/\/www.saint-brevin.com\/medias\/images\/prestations\/multitailles\/160x120_capture-d-cran-2026-04-27-145941-30901.png"},"origine":{"url":"https:\/\/www.saint-brevin.com\/medias\/images\/prestations\/capture-d-cran-2026-04-27-145941-30901.png"}},"urlLien":"","typeLien":"","nofollow":"N","copyright":""}]}},"DateDebPublication":"","DateFinPublication":"20260504","PrixAPartirDe":"","PrixPour":"","FicheListeEnCours":"fiche_liste_agenda_prestation_v2017","ParametresModele":{"AfficherPhotos":"1","NbPhotosMax":6,"AfficherReserver":0,"AfficherContact":0,"AfficherSalle":1,"AfficherZoneGeo":0,"AfficherEnSavoirPlus":"1","AfficherUneSeuleOuverture":"1","AfficherContactCarte":1,"AfficherTarifsChaudAPartirDe":0,"AfficherTarifChaudSansRecherche":0,"AfficherLiensCarnetVoyage":"1","AfficherOuverture":"1","BlocCritereInfo":{"critere1":{"libelle":""},"critere2":{"libelle":""},"critere3":{"libelle":""},"critere4":{"libelle":""},"critere5":{"libelle":""},"critere6":{"libelle":""},"critere7":{"libelle":"","liste_critere":["COMMUNES|Y"]},"critere8":{"libelle":""},"critere9":{"libelle":""},"afficherpictoetpaslibelle":"1"},"CriteresComportementResa":"|RESABILLET[RESAENLIGNE|","PositionBloc":"GALLERIE|NOM|OUVERTURES|CARNET_VOYAGE|URL|LIEN_RESERVER_DETAIL","TypePrestataire":"Y","ComportementResa":false,"ComportementDispo":false},"AffichageCoordonnees":[],"Coordonnees":{"Ville":"ST BREVIN LES PINS"},"ContexteId":"PRESTATION|Y|ETSENSDESOI|MARCHECOLLECTIVE","ContexteIdHtml":"PRESTATION-Y-ETSENSDESOI-MARCHECOLLECTIVE","cleContexte":"Y|ETSENSDESOI|MARCHECOLLECTIVE","Bloc":{"texte1":"","texte3":"","critere1":{"libelle":"","contenu":[]},"critere2":{"libelle":"","contenu":[]},"critere3":{"libelle":"","contenu":[]},"critere4":{"libelle":"","contenu":[]},"critere5":{"libelle":"","contenu":[]},"critere6":{"libelle":"","contenu":[]},"critere7":{"libelle":"","contenu":[]},"critere8":{"libelle":"","contenu":[]},"critere9":{"libelle":"","contenu":[]}},"LocalisationGps":{"Latitude":"47.22865","Longitude":"-2.17310"},"libelleDuPrestataire":"","vuePrestataire":{"pave1":{"libelle":"Descriptif","contenu":""},"pave2":{"libelle":"","contenu":""},"pave3":{"libelle":"","contenu":""},"pave4":{"libelle":"","contenu":""},"pave5":{"libelle":"","contenu":""},"pave6":{"libelle":"","contenu":""},"pave7":{"libelle":"","contenu":""},"pave8":{"libelle":"","contenu":""},"pave9":{"libelle":"","contenu":""},"pave10":{"libelle":"","contenu":""},"pave11":{"libelle":"","contenu":""},"pave12":{"libelle":"","contenu":""},"pave13":{"libelle":"","contenu":""},"pave14":{"libelle":"","contenu":""},"pave15":{"libelle":"","contenu":""},"pave16":{"libelle":"","contenu":""},"pave17":{"libelle":"","contenu":""},"pave18":{"libelle":"","contenu":""},"pave19":{"libelle":"","contenu":""},"pave20":{"libelle":"","contenu":""},"pave21":{"libelle":"","contenu":""},"pave22":{"libelle":"","contenu":""},"pave23":{"libelle":"","contenu":""},"pave24":{"libelle":"","contenu":""},"pave25":{"libelle":"","contenu":""},"ContactsParType":{"ORG":{"3760":{"id_contact":"3760","type_contact":"ORG","categorie_contact":"PRESTATAIRE","societe_contact":"","fonction_contact":"","civilite_nom_prenom_contact":"Ferre  Clarrisse ","adresse1_contact":"","adresse2_contact":"","adresse3_contact":"","cpostal_contact":"","ville_contact":"","teldom_contact":"107 75 79 49 95","telbur_contact":"","fax_contact":"","portable_contact":"","email_contact":"clarisseferre.tfh@gmail.com","siteweb_contact":"","commentaire_contact":"","langue_contact":"","autre_moyen_com":[]}}},"Libelle":"Association Et Sens de Soi","Nom":"Association Et Sens de Soi","Prenom":"","NomPrenom":"Association Et Sens de Soi ","CiviliteNomPrenom":"Association Et Sens de Soi ","Cle":"Y|ETSENSDESOI","PrestataireParent":"","ContexteStat":"PRESTATAIRE-Y-ETSENSDESOI","DateModificationIso":"2026-04-08T10:52:00+02:00","Type":"PRESTATAIRE","TypePrestataire":"Y","Adresse":{"LigneAdresse1":"","LigneAdresse2":"","LigneAdresse3":"","CodePostal":"","Ville":"","Cedex":"","Etat":"","Pays":"FRA"},"Email":"contact@etsensdesoi.org","Telephone":"06 69 31 92 92","TelephoneBureau":"","Portable":"","SiteWeb":"http:\/\/etsensdesoi.org","Fax":"","Id":"y-etsensdesoi","Code":"Y|ETSENSDESOI","Fichier":[],"Url":"","Localisation":{"GoogleMap":{"Latitude":"","Longitude":""}},"ZoneGeo":"","Criteres":[],"DateFinPublication":"","AffichageCoordonnees":[]},"listeCriteres":{"LIEUMANIF":{"SAINTBREVIN":""},"CATEGORIEANIMATION":{"BIENETRE":""},"DETAILANIMATIONSPORTIVE":{"RANDONNEPEDESTRE":""},"MODEPAIEMENT":{"GRATUIT":""},"YVEL":{"SOUI":""},"MISEAJOURINGENIE":{"DATEDERNIEREMAJ":"20260427"},"MISEAJOURPAR":{"AMANDINE":""}},"dansCarnetVoyage":true,"Ouverture":["\u003Cp class=\"date\" \u003EDu vendredi 01 mai au vendredi 31 juillet 2026\u003C\/p\u003E\u003Cp class=\"nature\" \u003ELe 2nd Mercredi tous les mois\u003C\/p\u003E\u003Cp class=\"heure\" \u003Ede 15:30 \u00e0 16:30\u003C\/p\u003E"],"OuverturePasse":[],"OuvertureObjs":[{}],"OuvertureTab":[["20260501","20260731"]]},"html":" \n \u003Cdiv id=\"CV-PRESTATION-Y-ETSENSDESOI-MARCHECOLLECTIVE\" data-contexte-id=\"PRESTATION|Y|ETSENSDESOI|MARCHECOLLECTIVE\" data-cle=\"Y|ETSENSDESOI|MARCHECOLLECTIVE\" class=\"fiche-liste\"\u003E\n    \n\n    \u003C!-- partie photo --\u003E\n    \u003Cdiv class=\"photo\"\u003E\t\t\t\t\t\t\t\t\t\t\t\t\t\t\t\t\t\t\t\t\t\n        \u003Cdiv class=\"cadre_photo_principale\"\u003E\t\t\n        \n            \t\t\t\t\t\n                    \u003Ca href=\"marche-collective.html?origine=carnet#media\"\u003E\n                        \u003Cimg class=\"photo_principale\" alt=\"capture-d-cran-2026-04-27-145941-30901\" src=\"https:\/\/www.saint-brevin.com\/medias\/images\/prestations\/multitailles\/320x240_capture-d-cran-2026-04-27-145941-30901.png\" itemprop=\"image\"\u003E\n                    \u003C\/a\u003E\t\t\t\t\t\t\n                \n                    \u003C\/div\u003E\t\t\t\t\t\t\t\t\t\t\t\t\t\t\t\t\t\t\t \t\t\n    \u003C\/div\u003E\n    \n    \u003C!-- partie nom prest --\u003E\n    \u003Cdiv class=\"nom\"\u003E\n        \u003Ch2\u003EMarche collective\u003C\/h2\u003E\n        \n            \u003C\/div\u003E\n\n     \u003Cul style=\"display: none\" class=\"ouverture_list\"\u003E\u003Cli class=\"ouverture_item\"\u003E\u003Cp class=\"date\" \u003EDu vendredi 01 mai au vendredi 31 juillet 2026\u003C\/p\u003E\u003Cp class=\"nature\" \u003ELe 2nd Mercredi tous les mois\u003C\/p\u003E\u003Cp class=\"heure\" \u003Ede 15:30 \u00e0 16:30\u003C\/p\u003E\u003C\/li\u003E\u003C\/ul\u003E    \n    \u003C!-- partie adresse --\u003E\n    \u003Cdiv class=\"adresse\"\u003E\n    \n          \n    \u003C\/div\u003E\n    \n    \u003C!-- partie liens --\u003E\n    \u003Cdiv class=\"liens\"\u003E\n            \u003Ca class=\"btn-icon btn-view \" title=\"Voir la fiche d\u00e9taill\u00e9e\" href=\"marche-collective.html?origine=carnet\"\u003E\u003C\/a\u003E\u003C!--\u003Ca class=\"btn-icon btn-view \" title=\"\" href=\"?origine=carnet#thaut\"\u003E\u003C\/a\u003E--\u003E\n      \u003Ca class=\"btn-icon btn-trash carnet_voyage_supprimer\" title=\"Supprimer cette fiche de mon carnet de voyage\" href=\"carnet-voyage?action=remove&fiche=Y|ETSENSDESOI|MARCHECOLLECTIVE\"\u003E\u003C\/a\u003E\n    \u003C\/div\u003E\n\n\u003C\/div\u003E\n\n","icon":"https:\/\/static.ingenie.fr\/images\/carnetVoyageV3\/Y.png"},"fiche":"Y|ETSENSDESOI|MARCHECOLLECTIVE","popup":"\u003Cdiv id=\"bloc_popup_ajout_fiche_carnet\"\u003E\n    \u003Cdiv class=\"info_popup_ajout_fiche_carnet\"\u003E\n        Vous venez d'ajouter cet \u00e9l\u00e9ment \u00e0 votre carnet de voyage :    \u003C\/div\u003E\n    \u003Cdiv class=\"prest_popup_ajout_fiche_carnet\"\u003E\n        Marche collective    \u003C\/div\u003E\n    \u003Cdiv class=\"bloc_btn_ajout_fiche_carnet form_submit_div\"\u003E\n        \u003Cinput type=\"button\" value=\"Continuer ma s\u00e9lection\" title=\"Continuer ma s\u00e9lection\" name=\"btn_close\" class=\"btn_close_popup_carnet form_submit\" onclick=\"$.colorbox.close()\" \/\u003E\n        \u003Cinput type=\"button\" value=\"Voir mon carnet de voyage\" title=\"Voir mon carnet\" name=\"btn_panier\" class=\"btn_panier_popup_carnet form_submit\" onclick=\"if(typeof CarnetVoyage != 'undefined') {CarnetVoyage.voirCarnet();}\" \/\u003E\n    \u003C\/div\u003E\n    \u003Cdiv class=\"bloc_btn_ajout_fiche_carnet\"\u003E\n        \u003Cinput type=\"checkbox\" value=\"1\" name=\"desactiver_popup\" id=\"desactiver_popup\" \/\u003E\n        \u003Clabel for=\"desactiver_popup\"\u003ENe plus afficher ce message\u003C\/label\u003E\n    \u003C\/div\u003E\n\u003C\/div\u003E","success":1}