{"nbFiches":5,"dataPrest":{"infoPrest":{"pave1":{"libelle":"Slogan","contenu":"","fichiers":[]},"pave2":{"libelle":"Descriptif","contenu":"\u003Cdiv role=\"listitem\"\u003E\r\n\u003Cdiv data-item-id=\"2142981863\" data-observe-id=\"2142981863\"\u003E\r\n\u003Cdiv aria-disabled=\"true\" aria-label=\"Descriptif de la manifestation\" role=\"textbox\" tabindex=\"0\"\u003E\u003Cspan style=\"color: rgb(31, 31, 31); font-family: Roboto, Arial, sans-serif; font-size: 14px; letter-spacing: 0.2px; white-space: pre-wrap;\"\u003EViens cr&eacute;er ta d&eacute;co naturelle et r&eacute;cup en r&eacute;utilisant un vieux cadre, dans lequel on viendra coller des coquillages et divers &eacute;l&eacute;ments que tu mettras en vie au feutre\u003C\/span\u003E\u003Cbr \/\u003E\r\n\u003Cbr \/\u003E\r\n\u003Cspan style=\"font-family: Roboto, Arial, sans-serif; font-size: 14px; letter-spacing: 0.2px; white-space: pre-wrap;\"\u003E\u003Cstrong\u003E\u003Ca href=\"https:\/\/lesateliersdemaia.fr\/\" target=\"_blank\"\u003E\u003Cspan style=\"color:#008080;\"\u003ER&eacute;servation ici\u003C\/span\u003E\u003C\/a\u003E\u003C\/strong\u003E\u003C\/span\u003E\u003Cbr \/\u003E\r\n\u003Cbr \/\u003E\r\n\u003Cspan style=\"color: rgb(31, 31, 31); font-family: Roboto, Arial, sans-serif; font-size: 14px; letter-spacing: 0.2px; white-space: pre-wrap;\"\u003ETout public, a partir de 6 ans\u003C\/span\u003E\u003C\/div\u003E\r\n\u003C\/div\u003E\r\n\u003C\/div\u003E\r\n","fichiers":[]},"pave3":{"libelle":"","contenu":""},"pave4":{"libelle":"","contenu":""},"pave5":{"libelle":"","contenu":""},"pave6":{"libelle":"","contenu":""},"pave7":{"libelle":"","contenu":""},"pave8":{"libelle":"","contenu":""},"pave9":{"libelle":"","contenu":""},"pave10":{"libelle":"","contenu":""},"pave11":{"libelle":"","contenu":""},"pave12":{"libelle":"","contenu":""},"pave13":{"libelle":"","contenu":""},"pave14":{"libelle":"","contenu":""},"pave15":{"libelle":"","contenu":""},"pave16":{"libelle":"","contenu":""},"pave17":{"libelle":"","contenu":""},"pave18":{"libelle":"","contenu":""},"pave19":{"libelle":"","contenu":""},"pave20":{"libelle":"","contenu":""},"pave21":{"libelle":"","contenu":""},"pave22":{"libelle":"","contenu":""},"pave23":{"libelle":"","contenu":""},"pave24":{"libelle":"","contenu":""},"pave25":{"libelle":"","contenu":""},"Libelle":"Atelier D\u00e9co cadre en coquillage","Reference":"","Reftar":"","Type":"PRESTATION","TypePrestataire":"Y","ContexteStat":"PRESTATION-Y-ETSENSDESOI-DECOCADRECOQUILLAGE","DateModificationIso":"2026-04-30T15:26:00+02:00","Adresse":{"LigneAdresse1":"Lieu donn\u00e9 \u00e0 l'inscription","LigneAdresse2":"","LigneAdresse3":"","CodePostal":"44250","Ville":"ST BREVIN LES PINS","Cedex":"","Etat":"","Pays":"FRA"},"Id":"y-etsensdesoi-decocadrecoquillage","Code":"Y|ETSENSDESOI|DECOCADRECOQUILLAGE","Cle":"Y|ETSENSDESOI|DECOCADRECOQUILLAGE","Url":"atelier-deco-cadre-en-coquillage.html","Localisation":{"GoogleMap":{"Latitude":"47.22865","Longitude":"-2.17310"}},"ZoneGeo":"","Criteres":{"LIEUMANIF[SAINTBREVIN":"","CATEGORIEANIMATION[BIENETRE":"","DETAILANIMATIONSPORTIVE[RANDONNEPEDESTRE":"","MODEPAIEMENT[GRATUIT":"","YVEL[SOUI":"","MISEAJOURINGENIE[DATEDERNIEREMAJ":"20260427","MISEAJOURPAR[AMANDINE":""},"ContactsParType":{"IWEB":{"3790":{"id_contact":"3790","type_contact":"IWEB","categorie_contact":"PRESTATION","societe_contact":"Association Et Sens de Soi","fonction_contact":"","civilite_nom_prenom_contact":"","adresse1_contact":"","adresse2_contact":"","adresse3_contact":"","cpostal_contact":"","ville_contact":"","teldom_contact":"06 69 31 92 92","telbur_contact":"","fax_contact":"","portable_contact":"","email_contact":"contact@etsensdesoi.org","siteweb_contact":"etsensdesoi.org","commentaire_contact":"","langue_contact":"","autre_moyen_com":[]}}},"ContactRemplaceCoordonnees":"3790","Prestataire":{"pave1":{"libelle":"Descriptif","contenu":""},"pave2":{"libelle":"","contenu":""},"pave3":{"libelle":"","contenu":""},"pave4":{"libelle":"","contenu":""},"pave5":{"libelle":"","contenu":""},"pave6":{"libelle":"","contenu":""},"pave7":{"libelle":"","contenu":""},"pave8":{"libelle":"","contenu":""},"pave9":{"libelle":"","contenu":""},"pave10":{"libelle":"","contenu":""},"pave11":{"libelle":"","contenu":""},"pave12":{"libelle":"","contenu":""},"pave13":{"libelle":"","contenu":""},"pave14":{"libelle":"","contenu":""},"pave15":{"libelle":"","contenu":""},"pave16":{"libelle":"","contenu":""},"pave17":{"libelle":"","contenu":""},"pave18":{"libelle":"","contenu":""},"pave19":{"libelle":"","contenu":""},"pave20":{"libelle":"","contenu":""},"pave21":{"libelle":"","contenu":""},"pave22":{"libelle":"","contenu":""},"pave23":{"libelle":"","contenu":""},"pave24":{"libelle":"","contenu":""},"pave25":{"libelle":"","contenu":""},"ContactsParType":{"ORG":{"3760":{"id_contact":"3760","type_contact":"ORG","categorie_contact":"PRESTATAIRE","societe_contact":"","fonction_contact":"","civilite_nom_prenom_contact":"Ferre  Clarrisse ","adresse1_contact":"","adresse2_contact":"","adresse3_contact":"","cpostal_contact":"","ville_contact":"","teldom_contact":"107 75 79 49 95","telbur_contact":"","fax_contact":"","portable_contact":"","email_contact":"clarisseferre.tfh@gmail.com","siteweb_contact":"","commentaire_contact":"","langue_contact":"","autre_moyen_com":[]}}},"Libelle":"Association Et Sens de Soi","Nom":"Association Et Sens de Soi","Prenom":"","NomPrenom":"Association Et Sens de Soi ","CiviliteNomPrenom":"Association Et Sens de Soi ","Cle":"Y|ETSENSDESOI","PrestataireParent":"","ContexteStat":"PRESTATAIRE-Y-ETSENSDESOI","DateModificationIso":"2026-04-08T10:52:00+02:00","Type":"PRESTATAIRE","TypePrestataire":"Y","Adresse":{"LigneAdresse1":"","LigneAdresse2":"","LigneAdresse3":"","CodePostal":"","Ville":"","Cedex":"","Etat":"","Pays":"FRA"},"Email":"contact@etsensdesoi.org","Telephone":"06 69 31 92 92","TelephoneBureau":"","Portable":"","SiteWeb":"http:\/\/etsensdesoi.org","Fax":"","Id":"y-etsensdesoi","Code":"Y|ETSENSDESOI","Fichier":[],"Url":"","Localisation":{"GoogleMap":{"Latitude":"","Longitude":""}},"ZoneGeo":"","Criteres":[],"DateFinPublication":""},"Fichier":{"Image":[{"url":"https:\/\/www.saint-brevin.com\/medias\/images\/prestations\/kmerriman-shell-2152731-30974.jpg","chemin":"..\/medias\/images\/prestations\/kmerriman-shell-2152731-30974.jpg","libelle":"kmerriman-shell-2152731-30974","extension":"jpg","categorie":"","largeur":4512,"theme":"","hauteur":3008,"type":"Image","origine":"","liaisonPave":"","langue":"","id":"30974","urlVignette":"https:\/\/www.saint-brevin.com\/medias\/images\/prestations\/v-kmerriman-shell-2152731-30974.jpg","alt":"kmerriman-shell-2152731-30974","title":"kmerriman-shell-2152731-30974","MultiTaille":{"1920x1440":{"url":"https:\/\/www.saint-brevin.com\/medias\/images\/prestations\/multitailles\/1920x1440_kmerriman-shell-2152731-30974.jpg"},"1200x900":{"url":"https:\/\/www.saint-brevin.com\/medias\/images\/prestations\/multitailles\/1200x900_kmerriman-shell-2152731-30974.jpg"},"800x600":{"url":"https:\/\/www.saint-brevin.com\/medias\/images\/prestations\/multitailles\/800x600_kmerriman-shell-2152731-30974.jpg"},"640x480":{"url":"https:\/\/www.saint-brevin.com\/medias\/images\/prestations\/multitailles\/640x480_kmerriman-shell-2152731-30974.jpg"},"320x240":{"url":"https:\/\/www.saint-brevin.com\/medias\/images\/prestations\/multitailles\/320x240_kmerriman-shell-2152731-30974.jpg"},"160x120":{"url":"https:\/\/www.saint-brevin.com\/medias\/images\/prestations\/multitailles\/160x120_kmerriman-shell-2152731-30974.jpg"},"origine":{"url":"https:\/\/www.saint-brevin.com\/medias\/images\/prestations\/kmerriman-shell-2152731-30974.jpg"}},"urlLien":"","typeLien":"","nofollow":"N","copyright":""},{"url":"https:\/\/www.saint-brevin.com\/medias\/images\/prestations\/1753036003038-camille-olivier-30973.jpg","chemin":"..\/medias\/images\/prestations\/1753036003038-camille-olivier-30973.jpg","libelle":"1753036003038-camille-olivier-30973","extension":"jpg","categorie":"","largeur":1800,"theme":"","hauteur":4000,"type":"Image","origine":"","liaisonPave":"","langue":"","id":"30973","urlVignette":"https:\/\/www.saint-brevin.com\/medias\/images\/prestations\/v-1753036003038-camille-olivier-30973.jpg","alt":"1753036003038-camille-olivier-30973","title":"1753036003038-camille-olivier-30973","MultiTaille":{"1920x1440":{"url":"https:\/\/www.saint-brevin.com\/medias\/images\/prestations\/multitailles\/1920x1440_1753036003038-camille-olivier-30973.jpg"},"1200x900":{"url":"https:\/\/www.saint-brevin.com\/medias\/images\/prestations\/multitailles\/1200x900_1753036003038-camille-olivier-30973.jpg"},"800x600":{"url":"https:\/\/www.saint-brevin.com\/medias\/images\/prestations\/multitailles\/800x600_1753036003038-camille-olivier-30973.jpg"},"640x480":{"url":"https:\/\/www.saint-brevin.com\/medias\/images\/prestations\/multitailles\/640x480_1753036003038-camille-olivier-30973.jpg"},"320x240":{"url":"https:\/\/www.saint-brevin.com\/medias\/images\/prestations\/multitailles\/320x240_1753036003038-camille-olivier-30973.jpg"},"160x120":{"url":"https:\/\/www.saint-brevin.com\/medias\/images\/prestations\/multitailles\/160x120_1753036003038-camille-olivier-30973.jpg"},"origine":{"url":"https:\/\/www.saint-brevin.com\/medias\/images\/prestations\/1753036003038-camille-olivier-30973.jpg"}},"urlLien":"","typeLien":"","nofollow":"N","copyright":""}],"ByCategorie":{"":[{"url":"https:\/\/www.saint-brevin.com\/medias\/images\/prestations\/kmerriman-shell-2152731-30974.jpg","chemin":"..\/medias\/images\/prestations\/kmerriman-shell-2152731-30974.jpg","libelle":"kmerriman-shell-2152731-30974","extension":"jpg","categorie":"","largeur":4512,"theme":"","hauteur":3008,"type":"Image","origine":"","liaisonPave":"","langue":"","id":"30974","urlVignette":"https:\/\/www.saint-brevin.com\/medias\/images\/prestations\/v-kmerriman-shell-2152731-30974.jpg","alt":"kmerriman-shell-2152731-30974","title":"kmerriman-shell-2152731-30974","MultiTaille":{"1920x1440":{"url":"https:\/\/www.saint-brevin.com\/medias\/images\/prestations\/multitailles\/1920x1440_kmerriman-shell-2152731-30974.jpg"},"1200x900":{"url":"https:\/\/www.saint-brevin.com\/medias\/images\/prestations\/multitailles\/1200x900_kmerriman-shell-2152731-30974.jpg"},"800x600":{"url":"https:\/\/www.saint-brevin.com\/medias\/images\/prestations\/multitailles\/800x600_kmerriman-shell-2152731-30974.jpg"},"640x480":{"url":"https:\/\/www.saint-brevin.com\/medias\/images\/prestations\/multitailles\/640x480_kmerriman-shell-2152731-30974.jpg"},"320x240":{"url":"https:\/\/www.saint-brevin.com\/medias\/images\/prestations\/multitailles\/320x240_kmerriman-shell-2152731-30974.jpg"},"160x120":{"url":"https:\/\/www.saint-brevin.com\/medias\/images\/prestations\/multitailles\/160x120_kmerriman-shell-2152731-30974.jpg"},"origine":{"url":"https:\/\/www.saint-brevin.com\/medias\/images\/prestations\/kmerriman-shell-2152731-30974.jpg"}},"urlLien":"","typeLien":"","nofollow":"N","copyright":""},{"url":"https:\/\/www.saint-brevin.com\/medias\/images\/prestations\/1753036003038-camille-olivier-30973.jpg","chemin":"..\/medias\/images\/prestations\/1753036003038-camille-olivier-30973.jpg","libelle":"1753036003038-camille-olivier-30973","extension":"jpg","categorie":"","largeur":1800,"theme":"","hauteur":4000,"type":"Image","origine":"","liaisonPave":"","langue":"","id":"30973","urlVignette":"https:\/\/www.saint-brevin.com\/medias\/images\/prestations\/v-1753036003038-camille-olivier-30973.jpg","alt":"1753036003038-camille-olivier-30973","title":"1753036003038-camille-olivier-30973","MultiTaille":{"1920x1440":{"url":"https:\/\/www.saint-brevin.com\/medias\/images\/prestations\/multitailles\/1920x1440_1753036003038-camille-olivier-30973.jpg"},"1200x900":{"url":"https:\/\/www.saint-brevin.com\/medias\/images\/prestations\/multitailles\/1200x900_1753036003038-camille-olivier-30973.jpg"},"800x600":{"url":"https:\/\/www.saint-brevin.com\/medias\/images\/prestations\/multitailles\/800x600_1753036003038-camille-olivier-30973.jpg"},"640x480":{"url":"https:\/\/www.saint-brevin.com\/medias\/images\/prestations\/multitailles\/640x480_1753036003038-camille-olivier-30973.jpg"},"320x240":{"url":"https:\/\/www.saint-brevin.com\/medias\/images\/prestations\/multitailles\/320x240_1753036003038-camille-olivier-30973.jpg"},"160x120":{"url":"https:\/\/www.saint-brevin.com\/medias\/images\/prestations\/multitailles\/160x120_1753036003038-camille-olivier-30973.jpg"},"origine":{"url":"https:\/\/www.saint-brevin.com\/medias\/images\/prestations\/1753036003038-camille-olivier-30973.jpg"}},"urlLien":"","typeLien":"","nofollow":"N","copyright":""}]}},"DateDebPublication":"","DateFinPublication":"20260704","PrixAPartirDe":"","PrixPour":"","FicheListeEnCours":"fiche_liste_agenda_prestation_v2017","ParametresModele":{"AfficherPhotos":"1","NbPhotosMax":6,"AfficherReserver":0,"AfficherContact":0,"AfficherSalle":1,"AfficherZoneGeo":0,"AfficherEnSavoirPlus":"1","AfficherUneSeuleOuverture":"1","AfficherContactCarte":1,"AfficherTarifsChaudAPartirDe":0,"AfficherTarifChaudSansRecherche":0,"AfficherLiensCarnetVoyage":"1","AfficherOuverture":"1","BlocCritereInfo":{"critere1":{"libelle":""},"critere2":{"libelle":""},"critere3":{"libelle":""},"critere4":{"libelle":""},"critere5":{"libelle":""},"critere6":{"libelle":""},"critere7":{"libelle":"","liste_critere":["COMMUNES|Y"]},"critere8":{"libelle":""},"critere9":{"libelle":""},"afficherpictoetpaslibelle":"1"},"CriteresComportementResa":"|RESABILLET[RESAENLIGNE|","PositionBloc":"GALLERIE|NOM|OUVERTURES|CARNET_VOYAGE|URL|LIEN_RESERVER_DETAIL","TypePrestataire":"Y","ComportementResa":false,"ComportementDispo":false},"AffichageCoordonnees":[],"Coordonnees":{"Ville":"ST BREVIN LES PINS"},"ContexteId":"PRESTATION|Y|ETSENSDESOI|DECOCADRECOQUILLAGE","ContexteIdHtml":"PRESTATION-Y-ETSENSDESOI-DECOCADRECOQUILLAGE","cleContexte":"Y|ETSENSDESOI|DECOCADRECOQUILLAGE","Bloc":{"texte1":"","texte3":"","critere1":{"libelle":"","contenu":[]},"critere2":{"libelle":"","contenu":[]},"critere3":{"libelle":"","contenu":[]},"critere4":{"libelle":"","contenu":[]},"critere5":{"libelle":"","contenu":[]},"critere6":{"libelle":"","contenu":[]},"critere7":{"libelle":"","contenu":[]},"critere8":{"libelle":"","contenu":[]},"critere9":{"libelle":"","contenu":[]}},"LocalisationGps":{"Latitude":"47.22865","Longitude":"-2.17310"},"libelleDuPrestataire":"","vuePrestataire":{"pave1":{"libelle":"Descriptif","contenu":""},"pave2":{"libelle":"","contenu":""},"pave3":{"libelle":"","contenu":""},"pave4":{"libelle":"","contenu":""},"pave5":{"libelle":"","contenu":""},"pave6":{"libelle":"","contenu":""},"pave7":{"libelle":"","contenu":""},"pave8":{"libelle":"","contenu":""},"pave9":{"libelle":"","contenu":""},"pave10":{"libelle":"","contenu":""},"pave11":{"libelle":"","contenu":""},"pave12":{"libelle":"","contenu":""},"pave13":{"libelle":"","contenu":""},"pave14":{"libelle":"","contenu":""},"pave15":{"libelle":"","contenu":""},"pave16":{"libelle":"","contenu":""},"pave17":{"libelle":"","contenu":""},"pave18":{"libelle":"","contenu":""},"pave19":{"libelle":"","contenu":""},"pave20":{"libelle":"","contenu":""},"pave21":{"libelle":"","contenu":""},"pave22":{"libelle":"","contenu":""},"pave23":{"libelle":"","contenu":""},"pave24":{"libelle":"","contenu":""},"pave25":{"libelle":"","contenu":""},"ContactsParType":{"ORG":{"3760":{"id_contact":"3760","type_contact":"ORG","categorie_contact":"PRESTATAIRE","societe_contact":"","fonction_contact":"","civilite_nom_prenom_contact":"Ferre  Clarrisse ","adresse1_contact":"","adresse2_contact":"","adresse3_contact":"","cpostal_contact":"","ville_contact":"","teldom_contact":"107 75 79 49 95","telbur_contact":"","fax_contact":"","portable_contact":"","email_contact":"clarisseferre.tfh@gmail.com","siteweb_contact":"","commentaire_contact":"","langue_contact":"","autre_moyen_com":[]}}},"Libelle":"Association Et Sens de Soi","Nom":"Association Et Sens de Soi","Prenom":"","NomPrenom":"Association Et Sens de Soi ","CiviliteNomPrenom":"Association Et Sens de Soi ","Cle":"Y|ETSENSDESOI","PrestataireParent":"","ContexteStat":"PRESTATAIRE-Y-ETSENSDESOI","DateModificationIso":"2026-04-08T10:52:00+02:00","Type":"PRESTATAIRE","TypePrestataire":"Y","Adresse":{"LigneAdresse1":"","LigneAdresse2":"","LigneAdresse3":"","CodePostal":"","Ville":"","Cedex":"","Etat":"","Pays":"FRA"},"Email":"contact@etsensdesoi.org","Telephone":"06 69 31 92 92","TelephoneBureau":"","Portable":"","SiteWeb":"http:\/\/etsensdesoi.org","Fax":"","Id":"y-etsensdesoi","Code":"Y|ETSENSDESOI","Fichier":[],"Url":"","Localisation":{"GoogleMap":{"Latitude":"","Longitude":""}},"ZoneGeo":"","Criteres":[],"DateFinPublication":"","AffichageCoordonnees":[]},"listeCriteres":{"LIEUMANIF":{"SAINTBREVIN":""},"CATEGORIEANIMATION":{"BIENETRE":""},"DETAILANIMATIONSPORTIVE":{"RANDONNEPEDESTRE":""},"MODEPAIEMENT":{"GRATUIT":""},"YVEL":{"SOUI":""},"MISEAJOURINGENIE":{"DATEDERNIEREMAJ":"20260427"},"MISEAJOURPAR":{"AMANDINE":""}},"dansCarnetVoyage":true,"Ouverture":["\u003Cp class=\"date\" \u003ESamedi 01 ao\u00fbt 2026\u003C\/p\u003E\u003Cp class=\"heure\" \u003Ede 14:00 \u00e0 15:30\u003C\/p\u003E"],"OuverturePasse":[],"OuvertureObjs":[{}],"OuvertureTab":[["20260801","20260801"]]},"html":" \n \u003Cdiv id=\"CV-PRESTATION-Y-ETSENSDESOI-DECOCADRECOQUILLAGE\" data-contexte-id=\"PRESTATION|Y|ETSENSDESOI|DECOCADRECOQUILLAGE\" data-cle=\"Y|ETSENSDESOI|DECOCADRECOQUILLAGE\" class=\"fiche-liste\"\u003E\n    \n\n    \u003C!-- partie photo --\u003E\n    \u003Cdiv class=\"photo\"\u003E\t\t\t\t\t\t\t\t\t\t\t\t\t\t\t\t\t\t\t\t\t\n        \u003Cdiv class=\"cadre_photo_principale\"\u003E\t\t\n        \n            \t\t\t\t\t\n                    \u003Ca href=\"atelier-deco-cadre-en-coquillage.html?origine=carnet#media\"\u003E\n                        \u003Cimg class=\"photo_principale\" alt=\"kmerriman-shell-2152731-30974\" src=\"https:\/\/www.saint-brevin.com\/medias\/images\/prestations\/multitailles\/320x240_kmerriman-shell-2152731-30974.jpg\" itemprop=\"image\"\u003E\n                    \u003C\/a\u003E\t\t\t\t\t\t\n                \n                    \u003C\/div\u003E\t\t\t\t\t\t\t\t\t\t\t\t\t\t\t\t\t\t\t \t\t\n    \u003C\/div\u003E\n    \n    \u003C!-- partie nom prest --\u003E\n    \u003Cdiv class=\"nom\"\u003E\n        \u003Ch2\u003EAtelier D\u00e9co cadre en coquillage\u003C\/h2\u003E\n        \n            \u003C\/div\u003E\n\n     \u003Cul style=\"display: none\" class=\"ouverture_list\"\u003E\u003Cli class=\"ouverture_item\"\u003E\u003Cp class=\"date\" \u003ESamedi 01 ao\u00fbt 2026\u003C\/p\u003E\u003Cp class=\"heure\" \u003Ede 14:00 \u00e0 15:30\u003C\/p\u003E\u003C\/li\u003E\u003C\/ul\u003E    \n    \u003C!-- partie adresse --\u003E\n    \u003Cdiv class=\"adresse\"\u003E\n    \n          \n    \u003C\/div\u003E\n    \n    \u003C!-- partie liens --\u003E\n    \u003Cdiv class=\"liens\"\u003E\n            \u003Ca class=\"btn-icon btn-view \" title=\"Voir la fiche d\u00e9taill\u00e9e\" href=\"atelier-deco-cadre-en-coquillage.html?origine=carnet\"\u003E\u003C\/a\u003E\u003C!--\u003Ca class=\"btn-icon btn-view \" title=\"\" href=\"?origine=carnet#thaut\"\u003E\u003C\/a\u003E--\u003E\n      \u003Ca class=\"btn-icon btn-trash carnet_voyage_supprimer\" title=\"Supprimer cette fiche de mon carnet de voyage\" href=\"carnet-voyage?action=remove&fiche=Y|ETSENSDESOI|DECOCADRECOQUILLAGE\"\u003E\u003C\/a\u003E\n    \u003C\/div\u003E\n\n\u003C\/div\u003E\n\n","icon":"https:\/\/static.ingenie.fr\/images\/carnetVoyageV3\/Y.png"},"fiche":"Y|ETSENSDESOI|DECOCADRECOQUILLAGE","popup":"\u003Cdiv id=\"bloc_popup_ajout_fiche_carnet\"\u003E\n    \u003Cdiv class=\"info_popup_ajout_fiche_carnet\"\u003E\n        Vous venez d'ajouter cet \u00e9l\u00e9ment \u00e0 votre carnet de voyage :    \u003C\/div\u003E\n    \u003Cdiv class=\"prest_popup_ajout_fiche_carnet\"\u003E\n        Atelier D&eacute;co cadre en coquillage    \u003C\/div\u003E\n    \u003Cdiv class=\"bloc_btn_ajout_fiche_carnet form_submit_div\"\u003E\n        \u003Cinput type=\"button\" value=\"Continuer ma s\u00e9lection\" title=\"Continuer ma s\u00e9lection\" name=\"btn_close\" class=\"btn_close_popup_carnet form_submit\" onclick=\"$.colorbox.close()\" \/\u003E\n        \u003Cinput type=\"button\" value=\"Voir mon carnet de voyage\" title=\"Voir mon carnet\" name=\"btn_panier\" class=\"btn_panier_popup_carnet form_submit\" onclick=\"if(typeof CarnetVoyage != 'undefined') {CarnetVoyage.voirCarnet();}\" \/\u003E\n    \u003C\/div\u003E\n    \u003Cdiv class=\"bloc_btn_ajout_fiche_carnet\"\u003E\n        \u003Cinput type=\"checkbox\" value=\"1\" name=\"desactiver_popup\" id=\"desactiver_popup\" \/\u003E\n        \u003Clabel for=\"desactiver_popup\"\u003ENe plus afficher ce message\u003C\/label\u003E\n    \u003C\/div\u003E\n\u003C\/div\u003E","success":1}