{"nbFiches":1,"dataPrest":{"infoPrest":{"pave1":{"libelle":"Slogan","contenu":"","fichiers":[]},"pave2":{"libelle":"Descriptif","contenu":"Un atelier pour d&eacute;couvrir ou red&eacute;couvrir le plaisir de la couture. Guid&eacute;&middot;e pas &agrave; pas, vous r&eacute;alisez une cr&eacute;ation simple dans une ambiance conviviale et accessible &agrave; tous. Un moment pour apprendre, cr&eacute;er et repartir avec une pi&egrave;ce faite main, unique et personnalis&eacute;e.\r\n\u003Cdiv data-testid=\"campaign-presentation\"\u003E\r\n\u003Cdiv\u003E\r\n\u003Cdiv\u003E\r\n\u003Cp\u003EEt si vous preniez le temps de cr&eacute;er de vos mains ?\u003C\/p\u003E\r\n\r\n\u003Cp\u003ECet atelier couture vous invite &agrave; d&eacute;couvrir ou approfondir les bases de la couture, dans une ambiance conviviale et accessible &agrave; tous. Que vous soyez d&eacute;butant&middot;e ou que vous ayez d&eacute;j&agrave; quelques notions, vous serez guid&eacute;&middot;e pas &agrave; pas dans la r&eacute;alisation d&rsquo;une cr&eacute;ation adapt&eacute;e au niveau du groupe.\u003C\/p\u003E\r\n\r\n\u003Cp\u003EAu fil de l&rsquo;atelier, vous apprendrez &agrave; manipuler les tissus, comprendre les &eacute;tapes de fabrication et assembler votre cr&eacute;ation avec pr&eacute;cision et plaisir.\u003C\/p\u003E\r\n\r\n\u003Cp\u003EL&rsquo;objectif est avant tout de vous offrir un moment pour vous, entre apprentissage, cr&eacute;ativit&eacute; et satisfaction du &ldquo;fait main&rdquo;.\u003C\/p\u003E\r\n\r\n\u003Cp\u003ETout le mat&eacute;riel est fourni (nous travaillons &agrave; base de chutes de tissus).Vous repartez avec votre r&eacute;alisation, unique et personnalis&eacute;e.\u003C\/p\u003E\r\n\r\n\u003Cp\u003EUn temps pour ralentir, cr&eacute;er et se reconnecter &agrave; la fiert&eacute; de faire soi-m&ecirc;me.\u003C\/p\u003E\r\n\r\n\u003Cp\u003ELe tissu et le fil sont fournis (est non tout le mat&eacute;riel). Si vous avez une machine a coudre elle sera la bienvenue !&nbsp;\u003C\/p\u003E\r\n\u003C\/div\u003E\r\n\u003C\/div\u003E\r\n\u003C\/div\u003E\r\n\r\n\u003Cdiv data-testid=\"campaign-presentation\"\u003E\r\n\u003Cdiv\u003E\r\n\u003Cdiv\u003E\r\n\u003Cp\u003E\u003Cbr \/\u003E\r\n\u003Cspan style=\"font-size:14px;\"\u003E\u003Cstrong\u003E\u003Ca href=\"https:\/\/www.helloasso.com\/associations\/et-sens-de-soi\/evenements\/couture-realisation-de-petit-objet-a-base-de-chutes-de-tissus-15-mai\" target=\"_blank\"\u003E\u003Cspan style=\"color:#008080;\"\u003ER&eacute;servez ici\u003C\/span\u003E\u003C\/a\u003E\u003C\/strong\u003E\u003C\/span\u003E\u003C\/p\u003E\r\n\u003C\/div\u003E\r\n\u003C\/div\u003E\r\n\u003C\/div\u003E\r\n","fichiers":[]},"pave3":{"libelle":"","contenu":""},"pave4":{"libelle":"","contenu":""},"pave5":{"libelle":"","contenu":""},"pave6":{"libelle":"","contenu":""},"pave7":{"libelle":"","contenu":""},"pave8":{"libelle":"","contenu":""},"pave9":{"libelle":"","contenu":""},"pave10":{"libelle":"","contenu":""},"pave11":{"libelle":"","contenu":""},"pave12":{"libelle":"","contenu":""},"pave13":{"libelle":"","contenu":""},"pave14":{"libelle":"","contenu":""},"pave15":{"libelle":"","contenu":""},"pave16":{"libelle":"","contenu":""},"pave17":{"libelle":"","contenu":""},"pave18":{"libelle":"","contenu":""},"pave19":{"libelle":"","contenu":""},"pave20":{"libelle":"","contenu":""},"pave21":{"libelle":"","contenu":""},"pave22":{"libelle":"","contenu":""},"pave23":{"libelle":"","contenu":""},"pave24":{"libelle":"","contenu":""},"pave25":{"libelle":"","contenu":""},"Libelle":"Atelier Couture : R\u00e9alisation de petit objet \u00e0 base de chutes de tissus","Reference":"","Reftar":"","Type":"PRESTATION","TypePrestataire":"Y","ContexteStat":"PRESTATION-Y-ETSENSDESOI-COUTUREOBJET","DateModificationIso":"2026-04-30T17:39:00+02:00","Adresse":{"LigneAdresse1":"7 All\u00e9e de la Plage","LigneAdresse2":"","LigneAdresse3":"","CodePostal":"44250","Ville":"ST BREVIN LES PINS","Cedex":"","Etat":"","Pays":"FRA"},"Id":"y-etsensdesoi-coutureobjet","Code":"Y|ETSENSDESOI|COUTUREOBJET","Cle":"Y|ETSENSDESOI|COUTUREOBJET","Url":"atelier-couture-realisation-de-petit-objet-a-base-de-chutes-de-tissus.html","Localisation":{"GoogleMap":{"Latitude":"47.22865","Longitude":"-2.17310"}},"ZoneGeo":"","Criteres":{"LIEUMANIF[SAINTBREVIN":"","CATEGORIEANIMATION[ATELIER":"","THEME[ARTIS":"","THEME[DECO":"","YVEL[REWEB":"","MISEAJOURINGENIE[DATEDERNIEREMAJ":"20260430"},"ContactsParType":{"IWEB":{"3792":{"id_contact":"3792","type_contact":"IWEB","categorie_contact":"PRESTATION","societe_contact":"Association Et Sens de Soi","fonction_contact":"","civilite_nom_prenom_contact":"","adresse1_contact":"Salle de l'Association &sens de soi","adresse2_contact":"7 All\u00e9e de la Plage","adresse3_contact":"","cpostal_contact":"44250","ville_contact":"ST BREVIN LES PINS","teldom_contact":"06 69 31 92 92","telbur_contact":"","fax_contact":"","portable_contact":"","email_contact":"contact@etsensdesoi.org","siteweb_contact":"etsensdesoi.org","commentaire_contact":"","langue_contact":"","autre_moyen_com":[]}}},"ContactRemplaceCoordonnees":"3792","Prestataire":{"pave1":{"libelle":"Descriptif","contenu":""},"pave2":{"libelle":"","contenu":""},"pave3":{"libelle":"","contenu":""},"pave4":{"libelle":"","contenu":""},"pave5":{"libelle":"","contenu":""},"pave6":{"libelle":"","contenu":""},"pave7":{"libelle":"","contenu":""},"pave8":{"libelle":"","contenu":""},"pave9":{"libelle":"","contenu":""},"pave10":{"libelle":"","contenu":""},"pave11":{"libelle":"","contenu":""},"pave12":{"libelle":"","contenu":""},"pave13":{"libelle":"","contenu":""},"pave14":{"libelle":"","contenu":""},"pave15":{"libelle":"","contenu":""},"pave16":{"libelle":"","contenu":""},"pave17":{"libelle":"","contenu":""},"pave18":{"libelle":"","contenu":""},"pave19":{"libelle":"","contenu":""},"pave20":{"libelle":"","contenu":""},"pave21":{"libelle":"","contenu":""},"pave22":{"libelle":"","contenu":""},"pave23":{"libelle":"","contenu":""},"pave24":{"libelle":"","contenu":""},"pave25":{"libelle":"","contenu":""},"ContactsParType":{"ORG":{"3760":{"id_contact":"3760","type_contact":"ORG","categorie_contact":"PRESTATAIRE","societe_contact":"","fonction_contact":"","civilite_nom_prenom_contact":"Ferre  Clarrisse ","adresse1_contact":"","adresse2_contact":"","adresse3_contact":"","cpostal_contact":"","ville_contact":"","teldom_contact":"107 75 79 49 95","telbur_contact":"","fax_contact":"","portable_contact":"","email_contact":"clarisseferre.tfh@gmail.com","siteweb_contact":"","commentaire_contact":"","langue_contact":"","autre_moyen_com":[]}}},"Libelle":"Association Et Sens de Soi","Nom":"Association Et Sens de Soi","Prenom":"","NomPrenom":"Association Et Sens de Soi ","CiviliteNomPrenom":"Association Et Sens de Soi ","Cle":"Y|ETSENSDESOI","PrestataireParent":"","ContexteStat":"PRESTATAIRE-Y-ETSENSDESOI","DateModificationIso":"2026-04-08T10:52:00+02:00","Type":"PRESTATAIRE","TypePrestataire":"Y","Adresse":{"LigneAdresse1":"Salle de l'Association &sens de soi","LigneAdresse2":"7 All\u00e9e de la Plage","LigneAdresse3":"","CodePostal":"44250","Ville":"ST BREVIN LES PINS","Cedex":"","Etat":"","Pays":"FRA"},"Email":"contact@etsensdesoi.org","Telephone":"06 69 31 92 92","TelephoneBureau":"","Portable":"","SiteWeb":"http:\/\/etsensdesoi.org","Fax":"","Id":"y-etsensdesoi","Code":"Y|ETSENSDESOI","Fichier":[],"Url":"","Localisation":{"GoogleMap":{"Latitude":"","Longitude":""}},"ZoneGeo":"","Criteres":[],"DateFinPublication":""},"Fichier":{"Image":[{"url":"https:\/\/www.saint-brevin.com\/medias\/images\/prestations\/publicdomainpictures-weaving-218985-1280-30978.jpg","chemin":"..\/medias\/images\/prestations\/publicdomainpictures-weaving-218985-1280-30978.jpg","libelle":"publicdomainpictures-weaving-218985-1280-30978","extension":"jpg","categorie":"","largeur":1280,"theme":"","hauteur":961,"type":"Image","origine":"","liaisonPave":"","langue":"","id":"30978","urlVignette":"https:\/\/www.saint-brevin.com\/medias\/images\/prestations\/v-publicdomainpictures-weaving-218985-1280-30978.jpg","alt":"publicdomainpictures-weaving-218985-1280-30978","title":"publicdomainpictures-weaving-218985-1280-30978","MultiTaille":{"1920x1440":{"url":"https:\/\/www.saint-brevin.com\/medias\/images\/prestations\/multitailles\/1920x1440_publicdomainpictures-weaving-218985-1280-30978.jpg"},"1200x900":{"url":"https:\/\/www.saint-brevin.com\/medias\/images\/prestations\/multitailles\/1200x900_publicdomainpictures-weaving-218985-1280-30978.jpg"},"800x600":{"url":"https:\/\/www.saint-brevin.com\/medias\/images\/prestations\/multitailles\/800x600_publicdomainpictures-weaving-218985-1280-30978.jpg"},"640x480":{"url":"https:\/\/www.saint-brevin.com\/medias\/images\/prestations\/multitailles\/640x480_publicdomainpictures-weaving-218985-1280-30978.jpg"},"320x240":{"url":"https:\/\/www.saint-brevin.com\/medias\/images\/prestations\/multitailles\/320x240_publicdomainpictures-weaving-218985-1280-30978.jpg"},"160x120":{"url":"https:\/\/www.saint-brevin.com\/medias\/images\/prestations\/multitailles\/160x120_publicdomainpictures-weaving-218985-1280-30978.jpg"},"origine":{"url":"https:\/\/www.saint-brevin.com\/medias\/images\/prestations\/publicdomainpictures-weaving-218985-1280-30978.jpg"}},"urlLien":"","typeLien":"","nofollow":"N","copyright":""}],"ByCategorie":{"":[{"url":"https:\/\/www.saint-brevin.com\/medias\/images\/prestations\/publicdomainpictures-weaving-218985-1280-30978.jpg","chemin":"..\/medias\/images\/prestations\/publicdomainpictures-weaving-218985-1280-30978.jpg","libelle":"publicdomainpictures-weaving-218985-1280-30978","extension":"jpg","categorie":"","largeur":1280,"theme":"","hauteur":961,"type":"Image","origine":"","liaisonPave":"","langue":"","id":"30978","urlVignette":"https:\/\/www.saint-brevin.com\/medias\/images\/prestations\/v-publicdomainpictures-weaving-218985-1280-30978.jpg","alt":"publicdomainpictures-weaving-218985-1280-30978","title":"publicdomainpictures-weaving-218985-1280-30978","MultiTaille":{"1920x1440":{"url":"https:\/\/www.saint-brevin.com\/medias\/images\/prestations\/multitailles\/1920x1440_publicdomainpictures-weaving-218985-1280-30978.jpg"},"1200x900":{"url":"https:\/\/www.saint-brevin.com\/medias\/images\/prestations\/multitailles\/1200x900_publicdomainpictures-weaving-218985-1280-30978.jpg"},"800x600":{"url":"https:\/\/www.saint-brevin.com\/medias\/images\/prestations\/multitailles\/800x600_publicdomainpictures-weaving-218985-1280-30978.jpg"},"640x480":{"url":"https:\/\/www.saint-brevin.com\/medias\/images\/prestations\/multitailles\/640x480_publicdomainpictures-weaving-218985-1280-30978.jpg"},"320x240":{"url":"https:\/\/www.saint-brevin.com\/medias\/images\/prestations\/multitailles\/320x240_publicdomainpictures-weaving-218985-1280-30978.jpg"},"160x120":{"url":"https:\/\/www.saint-brevin.com\/medias\/images\/prestations\/multitailles\/160x120_publicdomainpictures-weaving-218985-1280-30978.jpg"},"origine":{"url":"https:\/\/www.saint-brevin.com\/medias\/images\/prestations\/publicdomainpictures-weaving-218985-1280-30978.jpg"}},"urlLien":"","typeLien":"","nofollow":"N","copyright":""}]}},"DateDebPublication":"20260430","DateFinPublication":"20260516","PrixAPartirDe":"","PrixPour":"","FicheListeEnCours":"fiche_liste_agenda_prestation_v2017","ParametresModele":{"AfficherPhotos":"1","NbPhotosMax":6,"AfficherReserver":0,"AfficherContact":0,"AfficherSalle":1,"AfficherZoneGeo":0,"AfficherEnSavoirPlus":"1","AfficherUneSeuleOuverture":"1","AfficherContactCarte":1,"AfficherTarifsChaudAPartirDe":0,"AfficherTarifChaudSansRecherche":0,"AfficherLiensCarnetVoyage":"1","AfficherOuverture":"1","BlocCritereInfo":{"critere1":{"libelle":""},"critere2":{"libelle":""},"critere3":{"libelle":""},"critere4":{"libelle":""},"critere5":{"libelle":""},"critere6":{"libelle":""},"critere7":{"libelle":"","liste_critere":["COMMUNES|Y"]},"critere8":{"libelle":""},"critere9":{"libelle":""},"afficherpictoetpaslibelle":"1"},"CriteresComportementResa":"|RESABILLET[RESAENLIGNE|","PositionBloc":"GALLERIE|NOM|OUVERTURES|CARNET_VOYAGE|URL|LIEN_RESERVER_DETAIL","TypePrestataire":"Y","ComportementResa":false,"ComportementDispo":false},"AffichageCoordonnees":[],"Coordonnees":{"Ville":"ST BREVIN LES PINS"},"ContexteId":"PRESTATION|Y|ETSENSDESOI|COUTUREOBJET","ContexteIdHtml":"PRESTATION-Y-ETSENSDESOI-COUTUREOBJET","cleContexte":"Y|ETSENSDESOI|COUTUREOBJET","Bloc":{"texte1":"","texte3":"","critere1":{"libelle":"","contenu":[]},"critere2":{"libelle":"","contenu":[]},"critere3":{"libelle":"","contenu":[]},"critere4":{"libelle":"","contenu":[]},"critere5":{"libelle":"","contenu":[]},"critere6":{"libelle":"","contenu":[]},"critere7":{"libelle":"","contenu":[]},"critere8":{"libelle":"","contenu":[]},"critere9":{"libelle":"","contenu":[]}},"LocalisationGps":{"Latitude":"47.22865","Longitude":"-2.17310"},"libelleDuPrestataire":"","vuePrestataire":{"pave1":{"libelle":"Descriptif","contenu":""},"pave2":{"libelle":"","contenu":""},"pave3":{"libelle":"","contenu":""},"pave4":{"libelle":"","contenu":""},"pave5":{"libelle":"","contenu":""},"pave6":{"libelle":"","contenu":""},"pave7":{"libelle":"","contenu":""},"pave8":{"libelle":"","contenu":""},"pave9":{"libelle":"","contenu":""},"pave10":{"libelle":"","contenu":""},"pave11":{"libelle":"","contenu":""},"pave12":{"libelle":"","contenu":""},"pave13":{"libelle":"","contenu":""},"pave14":{"libelle":"","contenu":""},"pave15":{"libelle":"","contenu":""},"pave16":{"libelle":"","contenu":""},"pave17":{"libelle":"","contenu":""},"pave18":{"libelle":"","contenu":""},"pave19":{"libelle":"","contenu":""},"pave20":{"libelle":"","contenu":""},"pave21":{"libelle":"","contenu":""},"pave22":{"libelle":"","contenu":""},"pave23":{"libelle":"","contenu":""},"pave24":{"libelle":"","contenu":""},"pave25":{"libelle":"","contenu":""},"ContactsParType":{"ORG":{"3760":{"id_contact":"3760","type_contact":"ORG","categorie_contact":"PRESTATAIRE","societe_contact":"","fonction_contact":"","civilite_nom_prenom_contact":"Ferre  Clarrisse ","adresse1_contact":"","adresse2_contact":"","adresse3_contact":"","cpostal_contact":"","ville_contact":"","teldom_contact":"107 75 79 49 95","telbur_contact":"","fax_contact":"","portable_contact":"","email_contact":"clarisseferre.tfh@gmail.com","siteweb_contact":"","commentaire_contact":"","langue_contact":"","autre_moyen_com":[]}}},"Libelle":"Association Et Sens de Soi","Nom":"Association Et Sens de Soi","Prenom":"","NomPrenom":"Association Et Sens de Soi ","CiviliteNomPrenom":"Association Et Sens de Soi ","Cle":"Y|ETSENSDESOI","PrestataireParent":"","ContexteStat":"PRESTATAIRE-Y-ETSENSDESOI","DateModificationIso":"2026-04-08T10:52:00+02:00","Type":"PRESTATAIRE","TypePrestataire":"Y","Adresse":{"LigneAdresse1":"Salle de l'Association &sens de soi","LigneAdresse2":"7 All\u00e9e de la Plage","LigneAdresse3":"","CodePostal":"44250","Ville":"ST BREVIN LES PINS","Cedex":"","Etat":"","Pays":"FRA"},"Email":"contact@etsensdesoi.org","Telephone":"06 69 31 92 92","TelephoneBureau":"","Portable":"","SiteWeb":"http:\/\/etsensdesoi.org","Fax":"","Id":"y-etsensdesoi","Code":"Y|ETSENSDESOI","Fichier":[],"Url":"","Localisation":{"GoogleMap":{"Latitude":"","Longitude":""}},"ZoneGeo":"","Criteres":[],"DateFinPublication":"","AffichageCoordonnees":[]},"listeCriteres":{"LIEUMANIF":{"SAINTBREVIN":""},"CATEGORIEANIMATION":{"ATELIER":""},"THEME":{"ARTIS":"","DECO":""},"YVEL":{"REWEB":""},"MISEAJOURINGENIE":{"DATEDERNIEREMAJ":"20260430"}},"dansCarnetVoyage":true,"Ouverture":["\u003Cp class=\"date\" \u003EVendredi 15 mai 2026\u003C\/p\u003E\u003Cp class=\"heure\" \u003Ede 10:00 \u00e0 12:00\u003C\/p\u003E"],"OuverturePasse":[],"OuvertureObjs":[{}],"OuvertureTab":[["20260515","20260515"]]},"html":" \n \u003Cdiv id=\"CV-PRESTATION-Y-ETSENSDESOI-COUTUREOBJET\" data-contexte-id=\"PRESTATION|Y|ETSENSDESOI|COUTUREOBJET\" data-cle=\"Y|ETSENSDESOI|COUTUREOBJET\" class=\"fiche-liste\"\u003E\n    \n\n    \u003C!-- partie photo --\u003E\n    \u003Cdiv class=\"photo\"\u003E\t\t\t\t\t\t\t\t\t\t\t\t\t\t\t\t\t\t\t\t\t\n        \u003Cdiv class=\"cadre_photo_principale\"\u003E\t\t\n        \n            \t\t\t\t\t\n                    \u003Ca href=\"atelier-couture-realisation-de-petit-objet-a-base-de-chutes-de-tissus.html?origine=carnet#media\"\u003E\n                        \u003Cimg class=\"photo_principale\" alt=\"publicdomainpictures-weaving-218985-1280-30978\" src=\"https:\/\/www.saint-brevin.com\/medias\/images\/prestations\/multitailles\/320x240_publicdomainpictures-weaving-218985-1280-30978.jpg\" itemprop=\"image\"\u003E\n                    \u003C\/a\u003E\t\t\t\t\t\t\n                \n                    \u003C\/div\u003E\t\t\t\t\t\t\t\t\t\t\t\t\t\t\t\t\t\t\t \t\t\n    \u003C\/div\u003E\n    \n    \u003C!-- partie nom prest --\u003E\n    \u003Cdiv class=\"nom\"\u003E\n        \u003Ch2\u003EAtelier Couture : R\u00e9alisation de petit objet \u00e0 base de chutes de tissus\u003C\/h2\u003E\n        \n            \u003C\/div\u003E\n\n     \u003Cul style=\"display: none\" class=\"ouverture_list\"\u003E\u003Cli class=\"ouverture_item\"\u003E\u003Cp class=\"date\" \u003EVendredi 15 mai 2026\u003C\/p\u003E\u003Cp class=\"heure\" \u003Ede 10:00 \u00e0 12:00\u003C\/p\u003E\u003C\/li\u003E\u003C\/ul\u003E    \n    \u003C!-- partie adresse --\u003E\n    \u003Cdiv class=\"adresse\"\u003E\n    \n          \n    \u003C\/div\u003E\n    \n    \u003C!-- partie liens --\u003E\n    \u003Cdiv class=\"liens\"\u003E\n            \u003Ca class=\"btn-icon btn-view \" title=\"Voir la fiche d\u00e9taill\u00e9e\" href=\"atelier-couture-realisation-de-petit-objet-a-base-de-chutes-de-tissus.html?origine=carnet\"\u003E\u003C\/a\u003E\u003C!--\u003Ca class=\"btn-icon btn-view \" title=\"\" href=\"?origine=carnet#thaut\"\u003E\u003C\/a\u003E--\u003E\n      \u003Ca class=\"btn-icon btn-trash carnet_voyage_supprimer\" title=\"Supprimer cette fiche de mon carnet de voyage\" href=\"carnet-voyage?action=remove&fiche=Y|ETSENSDESOI|COUTUREOBJET\"\u003E\u003C\/a\u003E\n    \u003C\/div\u003E\n\n\u003C\/div\u003E\n\n","icon":"https:\/\/static.ingenie.fr\/images\/carnetVoyageV3\/Y.png"},"fiche":"Y|ETSENSDESOI|COUTUREOBJET","popup":"\u003Cdiv id=\"bloc_popup_ajout_fiche_carnet\"\u003E\n    \u003Cdiv class=\"info_popup_ajout_fiche_carnet\"\u003E\n        Vous venez d'ajouter cet \u00e9l\u00e9ment \u00e0 votre carnet de voyage :    \u003C\/div\u003E\n    \u003Cdiv class=\"prest_popup_ajout_fiche_carnet\"\u003E\n        Atelier Couture : R&eacute;alisation de petit objet &agrave; base de chutes de tissus    \u003C\/div\u003E\n    \u003Cdiv class=\"bloc_btn_ajout_fiche_carnet form_submit_div\"\u003E\n        \u003Cinput type=\"button\" value=\"Continuer ma s\u00e9lection\" title=\"Continuer ma s\u00e9lection\" name=\"btn_close\" class=\"btn_close_popup_carnet form_submit\" onclick=\"$.colorbox.close()\" \/\u003E\n        \u003Cinput type=\"button\" value=\"Voir mon carnet de voyage\" title=\"Voir mon carnet\" name=\"btn_panier\" class=\"btn_panier_popup_carnet form_submit\" onclick=\"if(typeof CarnetVoyage != 'undefined') {CarnetVoyage.voirCarnet();}\" \/\u003E\n    \u003C\/div\u003E\n    \u003Cdiv class=\"bloc_btn_ajout_fiche_carnet\"\u003E\n        \u003Cinput type=\"checkbox\" value=\"1\" name=\"desactiver_popup\" id=\"desactiver_popup\" \/\u003E\n        \u003Clabel for=\"desactiver_popup\"\u003ENe plus afficher ce message\u003C\/label\u003E\n    \u003C\/div\u003E\n\u003C\/div\u003E","success":1}