{"nbFiches":1,"dataPrest":{"infoPrest":{"pave1":{"libelle":"Slogan","contenu":"","fichiers":[]},"pave2":{"libelle":"Descriptif","contenu":"\u003Cp class=\"pf0\"\u003EDans la continuit&eacute; du Festival d&rsquo;&eacute;t&eacute; &Eacute;ole en Musiques, la ville de Saint-Brevin vous propose de vivre un week-end musical d&rsquo;exception avec trois concerts consacr&eacute;s aux chefs-d&rsquo;&oelig;uvre de Mozart, Haydn, Beethoven et Mendelssohn.\u003Cbr \/\u003E\r\nPort&eacute;s par l&rsquo;esprit des Lumi&egrave;res, ces quatre compositeurs ont laiss&eacute; des &oelig;uvres majeures, interpr&eacute;t&eacute;es ici par des musiciens &ndash; laur&eacute;ats de concours internationaux, solistes et membres d&rsquo;ensembles prestigieux &ndash; venus de France et d&rsquo;Europe.\u003Cbr \/\u003E\r\nCes &oelig;uvres transmettront jusqu&rsquo;&agrave; nous leur &eacute;lan humaniste et raconteront, d&rsquo;un soir &agrave; l&rsquo;autre, les chapitres de cette histoire d&rsquo;id&eacute;aux et de musique.\u003Cbr \/\u003E\r\n\u003Cbr \/\u003E\r\nTout public\u003Cbr \/\u003E\r\n\u003Cbr \/\u003E\r\nProgrammation&nbsp;:\u003Cbr \/\u003E\r\n\u003Cbr \/\u003E\r\n\u003Cstrong\u003EMercredi 22 avril -15h\u003Cbr \/\u003E\r\n\u003Cem\u003EL&#39;ART DE L&rsquo;ENFANCE\u003C\/em\u003E\u003C\/strong\u003E\u003Cbr \/\u003E\r\nEhpad Mer et Pins&nbsp;\u003Cbr \/\u003E\r\nJoseph Haydn, par son inventivit&eacute; joyeuse, est consid&eacute;r&eacute; comme l&rsquo;inventeur de deux formations majeures de la musique de chambre, le quatuor &agrave; cordes et le trio avec piano.\u003Cbr \/\u003E\r\nRejoignez les r&eacute;sidents de l&rsquo;EHPAD Mer et Pins pour ce concert ouvert &agrave; tous, au cours duquel vous pourrez entendre la tr&egrave;s jeune talentueuse violoncelliste Mia Zurkovic dans deux trios de Haydn, dont le c&eacute;l&egrave;bre Rondo &agrave; la hongroise. En faisant dialoguer jeunesse et m&eacute;moire, ce concert rappellera l&rsquo;essentiel.\u003Cbr \/\u003E\r\nLa musique parle &agrave; tous les &acirc;ges de la vie.\u003Cbr \/\u003E\r\nGratuit sur r&eacute;servation\u003Cbr \/\u003E\r\nAvec Lidija Bizjak, Mia Zurkovic et Pablo Schatzman\u003Cbr \/\u003E\r\n\u003Cbr \/\u003E\r\n\u003Cbr \/\u003E\r\n\u003Cstrong\u003EJeudi 23 avril &ndash; 18h\u003C\/strong\u003E\u003Cbr \/\u003E\r\n\u003Cem\u003E\u003Cstrong\u003ELA FAMILLE MENDELSSOHN\u003C\/strong\u003E\u003C\/em\u003E\u003Cbr \/\u003E\r\nM&eacute;diath&egrave;que Jules-Verne\u003Cbr \/\u003E\r\nPhilosophe majeur des Lumi&egrave;res en Allemagne et figure centrale de la modernit&eacute; juive, Mo&iuml;se Mendelssohn occupe une place essentielle dans l&rsquo;histoire intellectuelle europ&eacute;enne. Son petit-fils F&eacute;lix et sa s&oelig;ur Fanny, elle aussi compositrice, incarnent le g&eacute;nie du romantisme allemand. &Agrave; travers cette lign&eacute;e exceptionnelle, c&rsquo;est tout un h&eacute;ritage de pens&eacute;e, d&rsquo;&eacute;mancipation et de culture qui se transmet.\u003Cbr \/\u003E\r\nUne conf&eacute;rence musicale avec le philosophe Franck Lemonde et les musiciens du festival.\u003Cbr \/\u003E\r\nGratuit sur r&eacute;servation aupr&egrave;s de la m&eacute;diath&egrave;que\u003Cbr \/\u003E\r\n\u003Cbr \/\u003E\r\n\u003Cbr \/\u003E\r\n\u003Cstrong\u003EVendredi 24 avril &ndash; 20h\u003C\/strong\u003E\u003Cbr \/\u003E\r\n\u003Cstrong\u003E\u003Cem\u003E&Eacute;TERNELLE JEUNESSE\u003C\/em\u003E\u003Cbr \/\u003E\r\nChapelle Saint-Charles (Paimb&oelig;uf) &ndash; dur&eacute;e : 1h30\u003C\/strong\u003E\u003Cbr \/\u003E\r\nMozart : Quatuor &laquo; Les Dissonances &raquo; en do majeur, KV 465\u003Cbr \/\u003E\r\nMendelssohn : Romances sans paroles (arrangements : Michael Cohen-Weissert)\u003Cbr \/\u003E\r\nMendelssohn : Quatuor &agrave; cordes en la mineur, op. 13\u003Cbr \/\u003E\r\n\u003Cbr \/\u003E\r\n\u003Cbr \/\u003E\r\n\u003Cstrong\u003ESamedi 25 avril &ndash; 20h\u003C\/strong\u003E\u003Cbr \/\u003E\r\n\u003Cstrong\u003E\u003Cem\u003ELA TEMP&Ecirc;TE\u003C\/em\u003E\u003Cbr \/\u003E\r\nSalle &Eacute;toile de Jade &ndash; dur&eacute;e : 1h30\u003C\/strong\u003E\u003Cbr \/\u003E\r\nUn r&eacute;cital de piano de Michael Cohen-Weissert\u003Cbr \/\u003E\r\nMendelssohn : Variations s&eacute;rieuses, op. 54\u003Cbr \/\u003E\r\nBeethoven : Sonate op. 31 n&deg; 2 &laquo; Temp&ecirc;te &raquo; en r&eacute; mineur\u003Cbr \/\u003E\r\nHaydn : Sonate en ut di&egrave;se mineur, Hob. XVI:36\u003Cbr \/\u003E\r\nBeethoven : Sonate &laquo; Clair de lune &raquo;, op. 27 n&deg; 2\u003Cbr \/\u003E\r\n\u003Cbr \/\u003E\r\n\u003Cbr \/\u003E\r\n\u003Cstrong\u003EDimanche 26 avril &ndash; 17h\u003C\/strong\u003E\u003Cbr \/\u003E\r\n\u003Cem\u003E\u003Cstrong\u003EDERNIERS CLASSIQUES, PREMIERS ROMANTIQUES\u003C\/strong\u003E\u003C\/em\u003E\u003Cbr \/\u003E\r\n\u003Cstrong\u003E&Eacute;glise Saint-Nicolas de l&rsquo;Estuaire &ndash; dur&eacute;e : 1h30\u003C\/strong\u003E\u003Cbr \/\u003E\r\nMendelssohn : Concerto pour violon en r&eacute; mineur\u003Cbr \/\u003E\r\nMozart : Airs\u003Cbr \/\u003E\r\nBeethoven : Quintette &agrave; cordes, op. 29\u003Cbr \/\u003E\r\n\u003Cbr \/\u003E\r\n\u003Ca href=\"https:\/\/www.saint-brevin.com\/les-printemps-d-eole.html\" target=\"_blank\"\u003E\u003Cspan style=\"color:#0000CD;\"\u003E\u003Cspan style=\"font-size:18px;\"\u003E\u003Cstrong\u003EBILLETTERIE EN LIGNE&nbsp; &nbsp;ICI\u003C\/strong\u003E\u003C\/span\u003E\u003C\/span\u003E\u003C\/a\u003E\u003C\/p\u003E\r\n\u003Cspan class=\"contenu_descriptif\"\u003E\u003Cspan style=\"color:#0000FF;\"\u003E\u003Cspan style=\"font-size:18px;\"\u003E\u003Cstrong\u003E&nbsp;&nbsp;\u003C\/strong\u003E\u003C\/span\u003E\u003C\/span\u003E\u003C\/span\u003E","fichiers":[]},"pave3":{"libelle":"","contenu":""},"pave4":{"libelle":"","contenu":""},"pave5":{"libelle":"","contenu":""},"pave6":{"libelle":"","contenu":""},"pave7":{"libelle":"","contenu":""},"pave8":{"libelle":"","contenu":""},"pave9":{"libelle":"","contenu":""},"pave10":{"libelle":"","contenu":""},"pave11":{"libelle":"","contenu":""},"pave12":{"libelle":"","contenu":""},"pave13":{"libelle":"","contenu":""},"pave14":{"libelle":"","contenu":""},"pave15":{"libelle":"","contenu":""},"pave16":{"libelle":"","contenu":""},"pave17":{"libelle":"","contenu":""},"pave18":{"libelle":"","contenu":""},"pave19":{"libelle":"","contenu":""},"pave20":{"libelle":"","contenu":""},"pave21":{"libelle":"","contenu":""},"pave22":{"libelle":"","contenu":""},"pave23":{"libelle":"","contenu":""},"pave24":{"libelle":"","contenu":""},"pave25":{"libelle":"","contenu":""},"Libelle":"Les printemps d\u2019\u00c9ole - \u00c9ole en Musiques","Reference":"","Reftar":"","Type":"PRESTATION","TypePrestataire":"Y","ContexteStat":"PRESTATION-Y-EOLEMUSIQUE-LESPRINTEMPSDEOLEEOLEEN","DateModificationIso":"2026-04-23T10:36:00+02:00","Adresse":{"LigneAdresse1":"","LigneAdresse2":"","LigneAdresse3":"","CodePostal":"","Ville":"","Cedex":"","Etat":"","Pays":"FRA"},"Id":"y-eolemusique-lesprintempsdeoleeoleen","Code":"Y|EOLEMUSIQUE|LESPRINTEMPSDEOLEEOLEEN","Cle":"Y|EOLEMUSIQUE|LESPRINTEMPSDEOLEEOLEEN","Url":"les-printemps-deole-eole-en-musiques-1.html","Localisation":{"GoogleMap":{"Latitude":"","Longitude":""}},"ZoneGeo":"","Criteres":{"ALAFFICHEACC[OUIALAFFICHE":"","RESABILLET[RESAENLIGNE":"","RESABILLET[BILLETTERIEOT":"","LIEUMANIF[SAINTBREVIN":"","LIEUMANIF[PAIMBOEUF":"","CATEGORIEANIMATION[CONCER":"","ICA[DS":"1h30","ICA[ICATP":"","ICA[BARSURPLACE":"","ANIAH[ANIACC":"","ANIAH[ACCESPOUSSETTE":"","MODEPAIEMENT[LCBP":"","MODEPAIEMENT[LESPE":"","MODEPAIEMENT[LCB":"","MODEPAIEMENT[LANCV":"","MODEPAIEMENT[MONEKO":"","YVEL[SBACK":"","YVEL[REWEB":"","TYPE[VILLESTBREVIN":"","MISEAJOURINGENIE[DATEDERNIEREMAJ":"20260106","MISEAJOURPAR[JOHANNA":""},"ContactsParType":{"IWEB":{"3717":{"id_contact":"3717","type_contact":"IWEB","categorie_contact":"PRESTATION","societe_contact":"Office de Tourisme Intercommunal","fonction_contact":"","civilite_nom_prenom_contact":"","adresse1_contact":"","adresse2_contact":"","adresse3_contact":"","cpostal_contact":"44250","ville_contact":"ST BREVIN LES PINS","teldom_contact":"02 40 27 24 32","telbur_contact":"","fax_contact":"","portable_contact":"","email_contact":"ot@tourisme-saint-brevin.fr","siteweb_contact":"www.saint-brevin.com","commentaire_contact":"","langue_contact":"","autre_moyen_com":[]}}},"ContactRemplaceCoordonnees":"3717","Prestataire":{"pave1":{"libelle":"Descriptif","contenu":"Une quinzaine de musiciens venus de toute l&#39;Europe se r&eacute;unissent &agrave; Paimboeuf&nbsp; et au c&oelig;ur du&nbsp; Pays de Retz pour y faire r&eacute;sonner les plus belles &oelig;uvres de la musique de chambre &agrave; travers des programmes, des lieux de concerts et des formats originaux.\u003Cbr \/\u003E\r\nVenez passer un week-end musical dans cette ville d&rsquo;histoire au bord de la Loire !&nbsp;"},"pave2":{"libelle":"","contenu":""},"pave3":{"libelle":"","contenu":""},"pave4":{"libelle":"","contenu":""},"pave5":{"libelle":"","contenu":""},"pave6":{"libelle":"","contenu":""},"pave7":{"libelle":"","contenu":""},"pave8":{"libelle":"","contenu":""},"pave9":{"libelle":"","contenu":""},"pave10":{"libelle":"","contenu":""},"pave11":{"libelle":"","contenu":""},"pave12":{"libelle":"","contenu":""},"pave13":{"libelle":"","contenu":""},"pave14":{"libelle":"","contenu":""},"pave15":{"libelle":"","contenu":""},"pave16":{"libelle":"","contenu":""},"pave17":{"libelle":"","contenu":""},"pave18":{"libelle":"","contenu":""},"pave19":{"libelle":"","contenu":""},"pave20":{"libelle":"","contenu":""},"pave21":{"libelle":"","contenu":""},"pave22":{"libelle":"","contenu":""},"pave23":{"libelle":"","contenu":""},"pave24":{"libelle":"","contenu":""},"pave25":{"libelle":"","contenu":""},"Libelle":"Office de Tourisme Intercommunal","Nom":"Office de Tourisme Intercommunal","Prenom":"","NomPrenom":"Office de Tourisme Intercommunal ","CiviliteNomPrenom":"Office de Tourisme Intercommunal ","Cle":"Y|EOLEMUSIQUE","PrestataireParent":"","ContexteStat":"PRESTATAIRE-Y-EOLEMUSIQUE","DateModificationIso":"2025-12-30T16:46:00+01:00","Type":"PRESTATAIRE","TypePrestataire":"Y","Adresse":{"LigneAdresse1":"","LigneAdresse2":"","LigneAdresse3":"","CodePostal":"44250","Ville":"ST BREVIN LES PINS","Cedex":"","Etat":"","Pays":"FRA"},"Email":"ot@tourisme-saint-brevin.fr","Telephone":"02 40 27 24 32","TelephoneBureau":"","Portable":"","SiteWeb":"http:\/\/www.saint-brevin.com","Fax":"","Id":"y-eolemusique","Code":"Y|EOLEMUSIQUE","Fichier":{"Image":[{"url":"https:\/\/www.saint-brevin.com\/medias\/images\/prestataires\/capture-d-cran-2022-06-23-164746-7335.jpg","chemin":"..\/medias\/images\/prestataires\/capture-d-cran-2022-06-23-164746-7335.jpg","libelle":"capture-d-cran-2022-06-23-164746-7335","extension":"jpg","categorie":"","largeur":906,"theme":"","hauteur":585,"type":"Image","origine":"","liaisonPave":"","langue":"","id":"7335","urlVignette":"https:\/\/www.saint-brevin.com\/medias\/images\/prestataires\/v-capture-d-cran-2022-06-23-164746-7335.jpg","alt":"capture-d-cran-2022-06-23-164746-7335","title":"capture-d-cran-2022-06-23-164746-7335","MultiTaille":{"1920x1440":{"url":"https:\/\/www.saint-brevin.com\/medias\/images\/prestataires\/multitailles\/1920x1440_capture-d-cran-2022-06-23-164746-7335.jpg"},"1200x900":{"url":"https:\/\/www.saint-brevin.com\/medias\/images\/prestataires\/multitailles\/1200x900_capture-d-cran-2022-06-23-164746-7335.jpg"},"800x600":{"url":"https:\/\/www.saint-brevin.com\/medias\/images\/prestataires\/multitailles\/800x600_capture-d-cran-2022-06-23-164746-7335.jpg"},"640x480":{"url":"https:\/\/www.saint-brevin.com\/medias\/images\/prestataires\/multitailles\/640x480_capture-d-cran-2022-06-23-164746-7335.jpg"},"320x240":{"url":"https:\/\/www.saint-brevin.com\/medias\/images\/prestataires\/multitailles\/320x240_capture-d-cran-2022-06-23-164746-7335.jpg"},"160x120":{"url":"https:\/\/www.saint-brevin.com\/medias\/images\/prestataires\/multitailles\/160x120_capture-d-cran-2022-06-23-164746-7335.jpg"},"origine":{"url":"https:\/\/www.saint-brevin.com\/medias\/images\/prestataires\/capture-d-cran-2022-06-23-164746-7335.jpg"}},"urlLien":"","typeLien":"","nofollow":"N","copyright":""}],"ByCategorie":{"":[{"url":"https:\/\/www.saint-brevin.com\/medias\/images\/prestataires\/capture-d-cran-2022-06-23-164746-7335.jpg","chemin":"..\/medias\/images\/prestataires\/capture-d-cran-2022-06-23-164746-7335.jpg","libelle":"capture-d-cran-2022-06-23-164746-7335","extension":"jpg","categorie":"","largeur":906,"theme":"","hauteur":585,"type":"Image","origine":"","liaisonPave":"","langue":"","id":"7335","urlVignette":"https:\/\/www.saint-brevin.com\/medias\/images\/prestataires\/v-capture-d-cran-2022-06-23-164746-7335.jpg","alt":"capture-d-cran-2022-06-23-164746-7335","title":"capture-d-cran-2022-06-23-164746-7335","MultiTaille":{"1920x1440":{"url":"https:\/\/www.saint-brevin.com\/medias\/images\/prestataires\/multitailles\/1920x1440_capture-d-cran-2022-06-23-164746-7335.jpg"},"1200x900":{"url":"https:\/\/www.saint-brevin.com\/medias\/images\/prestataires\/multitailles\/1200x900_capture-d-cran-2022-06-23-164746-7335.jpg"},"800x600":{"url":"https:\/\/www.saint-brevin.com\/medias\/images\/prestataires\/multitailles\/800x600_capture-d-cran-2022-06-23-164746-7335.jpg"},"640x480":{"url":"https:\/\/www.saint-brevin.com\/medias\/images\/prestataires\/multitailles\/640x480_capture-d-cran-2022-06-23-164746-7335.jpg"},"320x240":{"url":"https:\/\/www.saint-brevin.com\/medias\/images\/prestataires\/multitailles\/320x240_capture-d-cran-2022-06-23-164746-7335.jpg"},"160x120":{"url":"https:\/\/www.saint-brevin.com\/medias\/images\/prestataires\/multitailles\/160x120_capture-d-cran-2022-06-23-164746-7335.jpg"},"origine":{"url":"https:\/\/www.saint-brevin.com\/medias\/images\/prestataires\/capture-d-cran-2022-06-23-164746-7335.jpg"}},"urlLien":"","typeLien":"","nofollow":"N","copyright":""}]}},"Url":"","Localisation":{"GoogleMap":{"Latitude":"47.28688","Longitude":"-2.03043"}},"ZoneGeo":"","Criteres":{"NIVPARTENAIRE[COMPLET":"","LIEU[PAIBOEUFPORTQUAIS":"","MAJINGENIE[DATEDERNIEREMAJ":"20220623"},"DateFinPublication":""},"Fichier":{"Document":[{"url":"https:\/\/www.saint-brevin.com\/medias\/images\/prestations\/la-prog-culture-2025-2026-saint-brevin-28192-28279-28297-28318-28329-28333-28351-28366-28377-28390-28467-29684.pdf","chemin":"..\/medias\/images\/prestations\/la-prog-culture-2025-2026-saint-brevin-28192-28279-28297-28318-28329-28333-28351-28366-28377-28390-28467-29684.pdf","libelle":"la-prog-culture-2025-2026-saint-brevin-28192","extension":"pdf","categorie":"","largeur":"","theme":"","hauteur":"","type":"Document","origine":"","liaisonPave":"","langue":"","id":"29684","poids":"5.04 Mo","alt":"la-prog-culture-2025-2026-saint-brevin-28192","title":"la-prog-culture-2025-2026-saint-brevin-28192"},{"url":"https:\/\/www.saint-brevin.com\/medias\/images\/prestations\/flyer-recto-verso-programme-les-printemps-d-eole-ok-30440.pdf","chemin":"..\/medias\/images\/prestations\/flyer-recto-verso-programme-les-printemps-d-eole-ok-30440.pdf","libelle":"flyer-recto-verso-programme-les-printemps-d-eole-ok-30440","extension":"pdf","categorie":"","largeur":"","theme":"","hauteur":"","type":"Document","origine":"","liaisonPave":"","langue":"","id":"30440","poids":"3.86 Mo","alt":"flyer-recto-verso-programme-les-printemps-d-eole-ok-30440","title":"flyer-recto-verso-programme-les-printemps-d-eole-ok-30440"}],"ByCategorie":{"":[{"url":"https:\/\/www.saint-brevin.com\/medias\/images\/prestations\/la-prog-culture-2025-2026-saint-brevin-28192-28279-28297-28318-28329-28333-28351-28366-28377-28390-28467-29684.pdf","chemin":"..\/medias\/images\/prestations\/la-prog-culture-2025-2026-saint-brevin-28192-28279-28297-28318-28329-28333-28351-28366-28377-28390-28467-29684.pdf","libelle":"la-prog-culture-2025-2026-saint-brevin-28192","extension":"pdf","categorie":"","largeur":"","theme":"","hauteur":"","type":"Document","origine":"","liaisonPave":"","langue":"","id":"29684","poids":"5.04 Mo","alt":"la-prog-culture-2025-2026-saint-brevin-28192","title":"la-prog-culture-2025-2026-saint-brevin-28192"},{"url":"https:\/\/www.saint-brevin.com\/medias\/images\/prestations\/les-printemps-d-ole-28468-29685.jpg","chemin":"..\/medias\/images\/prestations\/les-printemps-d-ole-28468-29685.jpg","libelle":"les-printemps-d-ole-28468","extension":"jpg","categorie":"","largeur":504,"theme":"","hauteur":334,"type":"Image","origine":"","liaisonPave":"","langue":"","id":"29685","urlVignette":"https:\/\/www.saint-brevin.com\/medias\/images\/prestations\/v-les-printemps-d-ole-28468-29685.jpg","alt":"les-printemps-d-ole-28468","title":"les-printemps-d-ole-28468","MultiTaille":{"1920x1440":{"url":"https:\/\/www.saint-brevin.com\/medias\/images\/prestations\/multitailles\/1920x1440_les-printemps-d-ole-28468-29685.jpg"},"1200x900":{"url":"https:\/\/www.saint-brevin.com\/medias\/images\/prestations\/multitailles\/1200x900_les-printemps-d-ole-28468-29685.jpg"},"800x600":{"url":"https:\/\/www.saint-brevin.com\/medias\/images\/prestations\/multitailles\/800x600_les-printemps-d-ole-28468-29685.jpg"},"640x480":{"url":"https:\/\/www.saint-brevin.com\/medias\/images\/prestations\/multitailles\/640x480_les-printemps-d-ole-28468-29685.jpg"},"320x240":{"url":"https:\/\/www.saint-brevin.com\/medias\/images\/prestations\/multitailles\/320x240_les-printemps-d-ole-28468-29685.jpg"},"160x120":{"url":"https:\/\/www.saint-brevin.com\/medias\/images\/prestations\/multitailles\/160x120_les-printemps-d-ole-28468-29685.jpg"},"origine":{"url":"https:\/\/www.saint-brevin.com\/medias\/images\/prestations\/les-printemps-d-ole-28468-29685.jpg"}},"urlLien":"","typeLien":"","nofollow":"N","copyright":""},{"url":"https:\/\/www.saint-brevin.com\/medias\/images\/prestations\/flyer-recto-verso-programme-les-printemps-d-eole-ok-30440.pdf","chemin":"..\/medias\/images\/prestations\/flyer-recto-verso-programme-les-printemps-d-eole-ok-30440.pdf","libelle":"flyer-recto-verso-programme-les-printemps-d-eole-ok-30440","extension":"pdf","categorie":"","largeur":"","theme":"","hauteur":"","type":"Document","origine":"","liaisonPave":"","langue":"","id":"30440","poids":"3.86 Mo","alt":"flyer-recto-verso-programme-les-printemps-d-eole-ok-30440","title":"flyer-recto-verso-programme-les-printemps-d-eole-ok-30440"},{"url":"https:\/\/www.saint-brevin.com\/medias\/images\/prestations\/les-printemps-d-eole-28469-29686.jpg","chemin":"..\/medias\/images\/prestations\/les-printemps-d-eole-28469-29686.jpg","libelle":"les-printemps-d-eole-28469","extension":"jpg","categorie":"","largeur":1200,"theme":"","hauteur":2000,"type":"Image","origine":"","liaisonPave":"","langue":"","id":"29686","urlVignette":"https:\/\/www.saint-brevin.com\/medias\/images\/prestations\/v-les-printemps-d-eole-28469-29686.jpg","alt":"les-printemps-d-eole-28469","title":"les-printemps-d-eole-28469","MultiTaille":{"1920x1440":{"url":"https:\/\/www.saint-brevin.com\/medias\/images\/prestations\/multitailles\/1920x1440_les-printemps-d-eole-28469-29686.jpg"},"1200x900":{"url":"https:\/\/www.saint-brevin.com\/medias\/images\/prestations\/multitailles\/1200x900_les-printemps-d-eole-28469-29686.jpg"},"800x600":{"url":"https:\/\/www.saint-brevin.com\/medias\/images\/prestations\/multitailles\/800x600_les-printemps-d-eole-28469-29686.jpg"},"640x480":{"url":"https:\/\/www.saint-brevin.com\/medias\/images\/prestations\/multitailles\/640x480_les-printemps-d-eole-28469-29686.jpg"},"320x240":{"url":"https:\/\/www.saint-brevin.com\/medias\/images\/prestations\/multitailles\/320x240_les-printemps-d-eole-28469-29686.jpg"},"160x120":{"url":"https:\/\/www.saint-brevin.com\/medias\/images\/prestations\/multitailles\/160x120_les-printemps-d-eole-28469-29686.jpg"},"origine":{"url":"https:\/\/www.saint-brevin.com\/medias\/images\/prestations\/les-printemps-d-eole-28469-29686.jpg"}},"urlLien":"","typeLien":"","nofollow":"N","copyright":""}]},"Image":[{"url":"https:\/\/www.saint-brevin.com\/medias\/images\/prestations\/les-printemps-d-ole-28468-29685.jpg","chemin":"..\/medias\/images\/prestations\/les-printemps-d-ole-28468-29685.jpg","libelle":"les-printemps-d-ole-28468","extension":"jpg","categorie":"","largeur":504,"theme":"","hauteur":334,"type":"Image","origine":"","liaisonPave":"","langue":"","id":"29685","urlVignette":"https:\/\/www.saint-brevin.com\/medias\/images\/prestations\/v-les-printemps-d-ole-28468-29685.jpg","alt":"les-printemps-d-ole-28468","title":"les-printemps-d-ole-28468","MultiTaille":{"1920x1440":{"url":"https:\/\/www.saint-brevin.com\/medias\/images\/prestations\/multitailles\/1920x1440_les-printemps-d-ole-28468-29685.jpg"},"1200x900":{"url":"https:\/\/www.saint-brevin.com\/medias\/images\/prestations\/multitailles\/1200x900_les-printemps-d-ole-28468-29685.jpg"},"800x600":{"url":"https:\/\/www.saint-brevin.com\/medias\/images\/prestations\/multitailles\/800x600_les-printemps-d-ole-28468-29685.jpg"},"640x480":{"url":"https:\/\/www.saint-brevin.com\/medias\/images\/prestations\/multitailles\/640x480_les-printemps-d-ole-28468-29685.jpg"},"320x240":{"url":"https:\/\/www.saint-brevin.com\/medias\/images\/prestations\/multitailles\/320x240_les-printemps-d-ole-28468-29685.jpg"},"160x120":{"url":"https:\/\/www.saint-brevin.com\/medias\/images\/prestations\/multitailles\/160x120_les-printemps-d-ole-28468-29685.jpg"},"origine":{"url":"https:\/\/www.saint-brevin.com\/medias\/images\/prestations\/les-printemps-d-ole-28468-29685.jpg"}},"urlLien":"","typeLien":"","nofollow":"N","copyright":""},{"url":"https:\/\/www.saint-brevin.com\/medias\/images\/prestations\/les-printemps-d-eole-28469-29686.jpg","chemin":"..\/medias\/images\/prestations\/les-printemps-d-eole-28469-29686.jpg","libelle":"les-printemps-d-eole-28469","extension":"jpg","categorie":"","largeur":1200,"theme":"","hauteur":2000,"type":"Image","origine":"","liaisonPave":"","langue":"","id":"29686","urlVignette":"https:\/\/www.saint-brevin.com\/medias\/images\/prestations\/v-les-printemps-d-eole-28469-29686.jpg","alt":"les-printemps-d-eole-28469","title":"les-printemps-d-eole-28469","MultiTaille":{"1920x1440":{"url":"https:\/\/www.saint-brevin.com\/medias\/images\/prestations\/multitailles\/1920x1440_les-printemps-d-eole-28469-29686.jpg"},"1200x900":{"url":"https:\/\/www.saint-brevin.com\/medias\/images\/prestations\/multitailles\/1200x900_les-printemps-d-eole-28469-29686.jpg"},"800x600":{"url":"https:\/\/www.saint-brevin.com\/medias\/images\/prestations\/multitailles\/800x600_les-printemps-d-eole-28469-29686.jpg"},"640x480":{"url":"https:\/\/www.saint-brevin.com\/medias\/images\/prestations\/multitailles\/640x480_les-printemps-d-eole-28469-29686.jpg"},"320x240":{"url":"https:\/\/www.saint-brevin.com\/medias\/images\/prestations\/multitailles\/320x240_les-printemps-d-eole-28469-29686.jpg"},"160x120":{"url":"https:\/\/www.saint-brevin.com\/medias\/images\/prestations\/multitailles\/160x120_les-printemps-d-eole-28469-29686.jpg"},"origine":{"url":"https:\/\/www.saint-brevin.com\/medias\/images\/prestations\/les-printemps-d-eole-28469-29686.jpg"}},"urlLien":"","typeLien":"","nofollow":"N","copyright":""}]},"DateDebPublication":"","DateFinPublication":"20260426","PrixAPartirDe":"","PrixPour":"","FicheListeEnCours":"fiche_liste_agenda_prestation_v2017","ParametresModele":{"AfficherPhotos":"1","NbPhotosMax":6,"AfficherReserver":"1","AfficherContact":0,"AfficherSalle":1,"AfficherZoneGeo":0,"AfficherEnSavoirPlus":"1","AfficherUneSeuleOuverture":"1","AfficherContactCarte":0,"AfficherTarifsChaudAPartirDe":0,"AfficherTarifChaudSansRecherche":0,"AfficherLiensCarnetVoyage":"1","AfficherOuverture":"1","BlocCritereInfo":{"critere1":{"libelle":""},"critere2":{"libelle":""},"critere3":{"libelle":""},"critere4":{"libelle":""},"critere5":{"libelle":""},"critere6":{"libelle":""},"critere7":{"libelle":"","liste_critere":["COMMUNES|Y"]},"critere8":{"libelle":""},"critere9":{"libelle":""},"afficherpictoetpaslibelle":"1"},"CriteresComportementResa":"|RESABILLET[RESAENLIGNE|","PositionBloc":"GALLERIE|NOM|OUVERTURES|CARNET_VOYAGE|URL|LIEN_RESERVER_DETAIL","TypePrestataire":"Y","ComportementResa":true,"ComportementDispo":false},"AffichageCoordonnees":[],"Coordonnees":{"Ville":""},"ContexteId":"PRESTATION|Y|EOLEMUSIQUE|LESPRINTEMPSDEOLEEOLEEN","ContexteIdHtml":"PRESTATION-Y-EOLEMUSIQUE-LESPRINTEMPSDEOLEEOLEEN","cleContexte":"Y|EOLEMUSIQUE|LESPRINTEMPSDEOLEEOLEEN","Bloc":{"texte1":"","texte3":"","critere1":{"libelle":"","contenu":[]},"critere2":{"libelle":"","contenu":[]},"critere3":{"libelle":"","contenu":[]},"critere4":{"libelle":"","contenu":[]},"critere5":{"libelle":"","contenu":[]},"critere6":{"libelle":"","contenu":[]},"critere7":{"libelle":"","contenu":[]},"critere8":{"libelle":"","contenu":[]},"critere9":{"libelle":"","contenu":[]}},"libelleDuPrestataire":"","vuePrestataire":{"pave1":{"libelle":"Descriptif","contenu":"Une quinzaine de musiciens venus de toute l&#39;Europe se r&eacute;unissent &agrave; Paimboeuf&nbsp; et au c&oelig;ur du&nbsp; Pays de Retz pour y faire r&eacute;sonner les plus belles &oelig;uvres de la musique de chambre &agrave; travers des programmes, des lieux de concerts et des formats originaux.\u003Cbr \/\u003E\r\nVenez passer un week-end musical dans cette ville d&rsquo;histoire au bord de la Loire !&nbsp;"},"pave2":{"libelle":"","contenu":""},"pave3":{"libelle":"","contenu":""},"pave4":{"libelle":"","contenu":""},"pave5":{"libelle":"","contenu":""},"pave6":{"libelle":"","contenu":""},"pave7":{"libelle":"","contenu":""},"pave8":{"libelle":"","contenu":""},"pave9":{"libelle":"","contenu":""},"pave10":{"libelle":"","contenu":""},"pave11":{"libelle":"","contenu":""},"pave12":{"libelle":"","contenu":""},"pave13":{"libelle":"","contenu":""},"pave14":{"libelle":"","contenu":""},"pave15":{"libelle":"","contenu":""},"pave16":{"libelle":"","contenu":""},"pave17":{"libelle":"","contenu":""},"pave18":{"libelle":"","contenu":""},"pave19":{"libelle":"","contenu":""},"pave20":{"libelle":"","contenu":""},"pave21":{"libelle":"","contenu":""},"pave22":{"libelle":"","contenu":""},"pave23":{"libelle":"","contenu":""},"pave24":{"libelle":"","contenu":""},"pave25":{"libelle":"","contenu":""},"Libelle":"Office de Tourisme Intercommunal","Nom":"Office de Tourisme Intercommunal","Prenom":"","NomPrenom":"Office de Tourisme Intercommunal ","CiviliteNomPrenom":"Office de Tourisme Intercommunal ","Cle":"Y|EOLEMUSIQUE","PrestataireParent":"","ContexteStat":"PRESTATAIRE-Y-EOLEMUSIQUE","DateModificationIso":"2025-12-30T16:46:00+01:00","Type":"PRESTATAIRE","TypePrestataire":"Y","Adresse":{"LigneAdresse1":"","LigneAdresse2":"","LigneAdresse3":"","CodePostal":"44250","Ville":"ST BREVIN LES PINS","Cedex":"","Etat":"","Pays":"FRA"},"Email":"ot@tourisme-saint-brevin.fr","Telephone":"02 40 27 24 32","TelephoneBureau":"","Portable":"","SiteWeb":"http:\/\/www.saint-brevin.com","Fax":"","Id":"y-eolemusique","Code":"Y|EOLEMUSIQUE","Fichier":{"Image":[{"url":"https:\/\/www.saint-brevin.com\/medias\/images\/prestataires\/capture-d-cran-2022-06-23-164746-7335.jpg","chemin":"..\/medias\/images\/prestataires\/capture-d-cran-2022-06-23-164746-7335.jpg","libelle":"capture-d-cran-2022-06-23-164746-7335","extension":"jpg","categorie":"","largeur":906,"theme":"","hauteur":585,"type":"Image","origine":"","liaisonPave":"","langue":"","id":"7335","urlVignette":"https:\/\/www.saint-brevin.com\/medias\/images\/prestataires\/v-capture-d-cran-2022-06-23-164746-7335.jpg","alt":"capture-d-cran-2022-06-23-164746-7335","title":"capture-d-cran-2022-06-23-164746-7335","MultiTaille":{"1920x1440":{"url":"https:\/\/www.saint-brevin.com\/medias\/images\/prestataires\/multitailles\/1920x1440_capture-d-cran-2022-06-23-164746-7335.jpg"},"1200x900":{"url":"https:\/\/www.saint-brevin.com\/medias\/images\/prestataires\/multitailles\/1200x900_capture-d-cran-2022-06-23-164746-7335.jpg"},"800x600":{"url":"https:\/\/www.saint-brevin.com\/medias\/images\/prestataires\/multitailles\/800x600_capture-d-cran-2022-06-23-164746-7335.jpg"},"640x480":{"url":"https:\/\/www.saint-brevin.com\/medias\/images\/prestataires\/multitailles\/640x480_capture-d-cran-2022-06-23-164746-7335.jpg"},"320x240":{"url":"https:\/\/www.saint-brevin.com\/medias\/images\/prestataires\/multitailles\/320x240_capture-d-cran-2022-06-23-164746-7335.jpg"},"160x120":{"url":"https:\/\/www.saint-brevin.com\/medias\/images\/prestataires\/multitailles\/160x120_capture-d-cran-2022-06-23-164746-7335.jpg"},"origine":{"url":"https:\/\/www.saint-brevin.com\/medias\/images\/prestataires\/capture-d-cran-2022-06-23-164746-7335.jpg"}},"urlLien":"","typeLien":"","nofollow":"N","copyright":""}],"ByCategorie":{"":[{"url":"https:\/\/www.saint-brevin.com\/medias\/images\/prestataires\/capture-d-cran-2022-06-23-164746-7335.jpg","chemin":"..\/medias\/images\/prestataires\/capture-d-cran-2022-06-23-164746-7335.jpg","libelle":"capture-d-cran-2022-06-23-164746-7335","extension":"jpg","categorie":"","largeur":906,"theme":"","hauteur":585,"type":"Image","origine":"","liaisonPave":"","langue":"","id":"7335","urlVignette":"https:\/\/www.saint-brevin.com\/medias\/images\/prestataires\/v-capture-d-cran-2022-06-23-164746-7335.jpg","alt":"capture-d-cran-2022-06-23-164746-7335","title":"capture-d-cran-2022-06-23-164746-7335","MultiTaille":{"1920x1440":{"url":"https:\/\/www.saint-brevin.com\/medias\/images\/prestataires\/multitailles\/1920x1440_capture-d-cran-2022-06-23-164746-7335.jpg"},"1200x900":{"url":"https:\/\/www.saint-brevin.com\/medias\/images\/prestataires\/multitailles\/1200x900_capture-d-cran-2022-06-23-164746-7335.jpg"},"800x600":{"url":"https:\/\/www.saint-brevin.com\/medias\/images\/prestataires\/multitailles\/800x600_capture-d-cran-2022-06-23-164746-7335.jpg"},"640x480":{"url":"https:\/\/www.saint-brevin.com\/medias\/images\/prestataires\/multitailles\/640x480_capture-d-cran-2022-06-23-164746-7335.jpg"},"320x240":{"url":"https:\/\/www.saint-brevin.com\/medias\/images\/prestataires\/multitailles\/320x240_capture-d-cran-2022-06-23-164746-7335.jpg"},"160x120":{"url":"https:\/\/www.saint-brevin.com\/medias\/images\/prestataires\/multitailles\/160x120_capture-d-cran-2022-06-23-164746-7335.jpg"},"origine":{"url":"https:\/\/www.saint-brevin.com\/medias\/images\/prestataires\/capture-d-cran-2022-06-23-164746-7335.jpg"}},"urlLien":"","typeLien":"","nofollow":"N","copyright":""}]}},"Url":"","Localisation":{"GoogleMap":{"Latitude":"47.28688","Longitude":"-2.03043"}},"ZoneGeo":"","Criteres":{"NIVPARTENAIRE[COMPLET":"","LIEU[PAIBOEUFPORTQUAIS":"","MAJINGENIE[DATEDERNIEREMAJ":"20220623"},"DateFinPublication":"","AffichageCoordonnees":[]},"listeCriteres":{"ALAFFICHEACC":{"OUIALAFFICHE":""},"RESABILLET":{"RESAENLIGNE":"","BILLETTERIEOT":""},"LIEUMANIF":{"SAINTBREVIN":"","PAIMBOEUF":""},"CATEGORIEANIMATION":{"CONCER":""},"ICA":{"DS":"1h30","ICATP":"","BARSURPLACE":""},"ANIAH":{"ANIACC":"","ACCESPOUSSETTE":""},"MODEPAIEMENT":{"LCBP":"","LESPE":"","LCB":"","LANCV":"","MONEKO":""},"YVEL":{"SBACK":"","REWEB":""},"TYPE":{"VILLESTBREVIN":""},"MISEAJOURINGENIE":{"DATEDERNIEREMAJ":"20260106"},"MISEAJOURPAR":{"JOHANNA":""},"NIVPARTENAIRE":{"COMPLET":""},"LIEU":{"PAIBOEUFPORTQUAIS":""},"MAJINGENIE":{"DATEDERNIEREMAJ":"20220623"}},"dansCarnetVoyage":true,"Ouverture":[],"OuverturePasse":[]},"html":" \n \u003Cdiv id=\"CV-PRESTATION-Y-EOLEMUSIQUE-LESPRINTEMPSDEOLEEOLEEN\" data-contexte-id=\"PRESTATION|Y|EOLEMUSIQUE|LESPRINTEMPSDEOLEEOLEEN\" data-cle=\"Y|EOLEMUSIQUE|LESPRINTEMPSDEOLEEOLEEN\" class=\"fiche-liste\"\u003E\n    \n\n    \u003C!-- partie photo --\u003E\n    \u003Cdiv class=\"photo\"\u003E\t\t\t\t\t\t\t\t\t\t\t\t\t\t\t\t\t\t\t\t\t\n        \u003Cdiv class=\"cadre_photo_principale\"\u003E\t\t\n        \n            \t\t\t\t\t\n                    \u003Ca href=\"les-printemps-deole-eole-en-musiques-1.html?origine=carnet#media\"\u003E\n                        \u003Cimg class=\"photo_principale\" alt=\"les-printemps-d-ole-28468\" src=\"https:\/\/www.saint-brevin.com\/medias\/images\/prestations\/multitailles\/320x240_les-printemps-d-ole-28468-29685.jpg\" itemprop=\"image\"\u003E\n                    \u003C\/a\u003E\t\t\t\t\t\t\n                \n                    \u003C\/div\u003E\t\t\t\t\t\t\t\t\t\t\t\t\t\t\t\t\t\t\t \t\t\n    \u003C\/div\u003E\n    \n    \u003C!-- partie nom prest --\u003E\n    \u003Cdiv class=\"nom\"\u003E\n        \u003Ch2\u003ELes printemps d\u2019\u00c9ole - \u00c9ole en Musiques\u003C\/h2\u003E\n        \n            \u003C\/div\u003E\n\n         \n    \u003C!-- partie adresse --\u003E\n    \u003Cdiv class=\"adresse\"\u003E\n    \n          \n    \u003C\/div\u003E\n    \n    \u003C!-- partie liens --\u003E\n    \u003Cdiv class=\"liens\"\u003E\n            \u003Ca class=\"btn-icon btn-view \" title=\"Voir la fiche d\u00e9taill\u00e9e\" href=\"les-printemps-deole-eole-en-musiques-1.html?origine=carnet\"\u003E\u003C\/a\u003E\u003C!--\u003Ca class=\"btn-icon btn-view \" title=\"\" href=\"?origine=carnet#thaut\"\u003E\u003C\/a\u003E--\u003E\n      \u003Ca class=\"btn-icon btn-trash carnet_voyage_supprimer\" title=\"Supprimer cette fiche de mon carnet de voyage\" href=\"carnet-voyage?action=remove&fiche=Y|EOLEMUSIQUE|LESPRINTEMPSDEOLEEOLEEN\"\u003E\u003C\/a\u003E\n    \u003C\/div\u003E\n\n\u003C\/div\u003E\n\n","icon":"https:\/\/static.ingenie.fr\/images\/carnetVoyageV3\/Y.png"},"fiche":"Y|EOLEMUSIQUE|LESPRINTEMPSDEOLEEOLEEN","popup":"\u003Cdiv id=\"bloc_popup_ajout_fiche_carnet\"\u003E\n    \u003Cdiv class=\"info_popup_ajout_fiche_carnet\"\u003E\n        Vous venez d'ajouter cet \u00e9l\u00e9ment \u00e0 votre carnet de voyage :    \u003C\/div\u003E\n    \u003Cdiv class=\"prest_popup_ajout_fiche_carnet\"\u003E\n        Les printemps d&rsquo;&Eacute;ole - &Eacute;ole en Musiques    \u003C\/div\u003E\n    \u003Cdiv class=\"bloc_btn_ajout_fiche_carnet form_submit_div\"\u003E\n        \u003Cinput type=\"button\" value=\"Continuer ma s\u00e9lection\" title=\"Continuer ma s\u00e9lection\" name=\"btn_close\" class=\"btn_close_popup_carnet form_submit\" onclick=\"$.colorbox.close()\" \/\u003E\n        \u003Cinput type=\"button\" value=\"Voir mon carnet de voyage\" title=\"Voir mon carnet\" name=\"btn_panier\" class=\"btn_panier_popup_carnet form_submit\" onclick=\"if(typeof CarnetVoyage != 'undefined') {CarnetVoyage.voirCarnet();}\" \/\u003E\n    \u003C\/div\u003E\n    \u003Cdiv class=\"bloc_btn_ajout_fiche_carnet\"\u003E\n        \u003Cinput type=\"checkbox\" value=\"1\" name=\"desactiver_popup\" id=\"desactiver_popup\" \/\u003E\n        \u003Clabel for=\"desactiver_popup\"\u003ENe plus afficher ce message\u003C\/label\u003E\n    \u003C\/div\u003E\n\u003C\/div\u003E","success":1}