{"nbFiches":1,"dataPrest":{"infoPrest":{"pave1":{"libelle":"Slogan","contenu":"","fichiers":[]},"pave2":{"libelle":"Descriptif","contenu":"\u003Cp\u003E&quot;Hommage &agrave; Paco Iba&ntilde;ez : Chants espagnols et guitare flamenca&quot;\u003C\/p\u003E\r\n\r\n\u003Cp\u003ELaissez-vous emporter dans un voyage po&eacute;tique et poignant gr&acirc;ce &agrave; la voix puissante et la guitare virtuose d&rsquo;Eddy Maucourt qui chantera les plus belles chansons de Paco Iba&ntilde;ez au sein de la magnifique acoustique de l&#39;&eacute;glise Saint-Nicolas. Une exp&eacute;rience &agrave; ne pas rater.\u003C\/p\u003E\r\n\r\n\u003Cp\u003EParler de paix en temps de guerre et de libert&eacute; face aux totalitarismes. Voici toute l&rsquo;&oelig;uvre de Paco Iba&ntilde;ez auquel Eddy Maucourt rendra un hommage poignant au c&oelig;ur de la merveilleuse acoustique de l&#39;&eacute;glise &agrave; laquelle s&rsquo;accordera sa voix puissante et sa guitare flamenca.\u003Cbr \/\u003E\r\nUn voyage aupr&egrave;s des plus grands po&egrave;tes pacifistes espagnols mis en musique par le chanteur Paco Iba&ntilde;ez depuis plus de cinquante ans, lorsqu&rsquo;il d&eacute;butait dans le quartier latin de Paris, devenant ainsi selon Salvador Dali lui-m&ecirc;me,&nbsp; &quot;La voix de l&rsquo;Espagne&quot; !\u003Cbr \/\u003E\r\nAvec Eddy Maucourt vous d&eacute;couvrirez ou red&eacute;couvrirez ces chansons magnifiques, parfois m&eacute;lancoliques mais toujours solaires qui ont travers&eacute;s le temps de par leur force et leur message universel et intemporel. Des po&egrave;mes mis en chansons, comme ceux de Garcia Lorca et des th&egrave;mes profonds et &eacute;ternels puisqu&rsquo;il s&rsquo;agira surtout de paix, d&rsquo;amour et de libert&eacute;. Une heure de po&eacute;sie donc, de laquelle le public sort grandi dans un monde qui nous rappelle sans cesse qu&rsquo;il faut en d&eacute;fendre les valeurs humanistes.\u003C\/p\u003E\r\n\r\n\u003Cp\u003E&nbsp;\u003C\/p\u003E\r\n","fichiers":[]},"pave3":{"libelle":"","contenu":""},"pave4":{"libelle":"","contenu":""},"pave5":{"libelle":"","contenu":""},"pave6":{"libelle":"","contenu":""},"pave7":{"libelle":"","contenu":""},"pave8":{"libelle":"","contenu":""},"pave9":{"libelle":"","contenu":""},"pave10":{"libelle":"","contenu":""},"pave11":{"libelle":"","contenu":""},"pave12":{"libelle":"","contenu":""},"pave13":{"libelle":"","contenu":""},"pave14":{"libelle":"","contenu":""},"pave15":{"libelle":"","contenu":""},"pave16":{"libelle":"","contenu":""},"pave17":{"libelle":"","contenu":""},"pave18":{"libelle":"","contenu":""},"pave19":{"libelle":"","contenu":""},"pave20":{"libelle":"","contenu":""},"pave21":{"libelle":"","contenu":""},"pave22":{"libelle":"","contenu":""},"pave23":{"libelle":"","contenu":""},"pave24":{"libelle":"","contenu":""},"pave25":{"libelle":"","contenu":""},"Libelle":"Concert hommage \u00e0 Paco Iba\u00f1ez : chants espagnols et guitare flamenca","Reference":"","Reftar":"","Type":"PRESTATION","TypePrestataire":"Y","ContexteStat":"PRESTATION-Y-EDDYMAUCOURT-CONCERTPOESIA","DateModificationIso":"2026-04-08T17:27:00+02:00","Adresse":{"LigneAdresse1":"Eglise Saint-Nicolas de l'Estuaire","LigneAdresse2":"Rue de l'\u00e9glise","LigneAdresse3":"","CodePostal":"44250","Ville":"ST BREVIN LES PINS","Cedex":"","Etat":"","Pays":"FRA"},"Id":"y-eddymaucourt-concertpoesia","Code":"Y|EDDYMAUCOURT|CONCERTPOESIA","Cle":"Y|EDDYMAUCOURT|CONCERTPOESIA","Url":"concert-hommage-a-paco-ibanez-chants-espagnols-et-guitare-flamenca.html","Localisation":{"GoogleMap":{"Latitude":"47.24726","Longitude":"-2.16732"}},"ZoneGeo":"","Criteres":{"LIEUMANIF[SAINTBREVIN":"","CATEGORIEANIMATION[CONCER":"","DETAILCONCERTSPECTACLE[MOND":"","ANIAH[ANIACC":"","GANIMA[GANIMNON":"","MISEAJOURINGENIE[DATEDERNIEREMAJ":"20260328","MISEAJOURPAR[MAELLE":""},"Prestataire":{"pave1":{"libelle":"Descriptif","contenu":""},"pave2":{"libelle":"","contenu":""},"pave3":{"libelle":"","contenu":""},"pave4":{"libelle":"","contenu":""},"pave5":{"libelle":"","contenu":""},"pave6":{"libelle":"","contenu":""},"pave7":{"libelle":"","contenu":""},"pave8":{"libelle":"","contenu":""},"pave9":{"libelle":"","contenu":""},"pave10":{"libelle":"","contenu":""},"pave11":{"libelle":"","contenu":""},"pave12":{"libelle":"","contenu":""},"pave13":{"libelle":"","contenu":""},"pave14":{"libelle":"","contenu":""},"pave15":{"libelle":"","contenu":""},"pave16":{"libelle":"","contenu":""},"pave17":{"libelle":"","contenu":""},"pave18":{"libelle":"","contenu":""},"pave19":{"libelle":"","contenu":""},"pave20":{"libelle":"","contenu":""},"pave21":{"libelle":"","contenu":""},"pave22":{"libelle":"","contenu":""},"pave23":{"libelle":"","contenu":""},"pave24":{"libelle":"","contenu":""},"pave25":{"libelle":"","contenu":""},"Libelle":"Maucourt Eddy","Nom":"Maucourt","Prenom":"Eddy","NomPrenom":"Maucourt Eddy ","CiviliteNomPrenom":"Maucourt Eddy ","Cle":"Y|EDDYMAUCOURT","PrestataireParent":"","ContexteStat":"PRESTATAIRE-Y-EDDYMAUCOURT","DateModificationIso":"2021-06-28T06:58:00+02:00","Type":"PRESTATAIRE","TypePrestataire":"Y","Adresse":{"LigneAdresse1":"","LigneAdresse2":"","LigneAdresse3":"","CodePostal":"","Ville":"","Cedex":"","Etat":"","Pays":"FRA"},"Email":"emaucourt@laposte.net","Telephone":"","TelephoneBureau":"","Portable":"","SiteWeb":"","Fax":"","Id":"y-eddymaucourt","Code":"Y|EDDYMAUCOURT","Fichier":[],"Url":"","Localisation":{"GoogleMap":{"Latitude":"","Longitude":""}},"ZoneGeo":"","LiensEtWidgetsParType":{"A":[{"Id":"217","TypePrestataire":"Y","CodePrestataire":"EDDYMAUCOURT","CodePrestation":"","CodeLibelle":"URL00000257","Type":"A","Url":"https:\/\/www.facebook.com\/EddyMaucourt\/","Defaut":"N","Langue":"FR","Nature":"URL","Import":"","LibelleText":"EddyMaucourt","Theme":""}],"YOU":[{"Id":"218","TypePrestataire":"Y","CodePrestataire":"EDDYMAUCOURT","CodePrestation":"","CodeLibelle":"URL00000258","Type":"YOU","Url":"https:\/\/www.youtube.com\/channel\/UCq29BEkFfd1_m5fhToV0XLA","Defaut":"N","Langue":"FR","Nature":"URL","Import":"","LibelleText":"Eddy Maucourt","Theme":""}]},"LiensEtWidgets":[{"Id":"217","TypePrestataire":"Y","CodePrestataire":"EDDYMAUCOURT","CodePrestation":"","CodeLibelle":"URL00000257","Type":"A","Url":"https:\/\/www.facebook.com\/EddyMaucourt\/","Defaut":"N","Langue":"FR","Nature":"URL","Import":"","LibelleText":"EddyMaucourt","Theme":""},{"Id":"218","TypePrestataire":"Y","CodePrestataire":"EDDYMAUCOURT","CodePrestation":"","CodeLibelle":"URL00000258","Type":"YOU","Url":"https:\/\/www.youtube.com\/channel\/UCq29BEkFfd1_m5fhToV0XLA","Defaut":"N","Langue":"FR","Nature":"URL","Import":"","LibelleText":"Eddy Maucourt","Theme":""}],"Criteres":{"NIVPARTENAIRE[COMPLET":"","COMMUNES[SAINTBREVIN":"","MAJINGENIE[DATEDERNIEREMAJ":"20210628","MISEAJOUR[ANNABELLE":""},"DateFinPublication":""},"Fichier":{"Image":[{"url":"https:\/\/www.saint-brevin.com\/medias\/images\/prestations\/eddy-maucourt-30628.png","chemin":"..\/medias\/images\/prestations\/eddy-maucourt-30628.png","libelle":"eddy-maucourt-30628","extension":"png","categorie":"","largeur":1431,"theme":"","hauteur":1333,"type":"Image","origine":"","liaisonPave":"","langue":"","id":"30628","urlVignette":"https:\/\/www.saint-brevin.com\/medias\/images\/prestations\/v-eddy-maucourt-30628.png","alt":"eddy-maucourt-30628","title":"eddy-maucourt-30628","MultiTaille":{"1920x1440":{"url":"https:\/\/www.saint-brevin.com\/medias\/images\/prestations\/multitailles\/1920x1440_eddy-maucourt-30628.png"},"1200x900":{"url":"https:\/\/www.saint-brevin.com\/medias\/images\/prestations\/multitailles\/1200x900_eddy-maucourt-30628.png"},"800x600":{"url":"https:\/\/www.saint-brevin.com\/medias\/images\/prestations\/multitailles\/800x600_eddy-maucourt-30628.png"},"640x480":{"url":"https:\/\/www.saint-brevin.com\/medias\/images\/prestations\/multitailles\/640x480_eddy-maucourt-30628.png"},"320x240":{"url":"https:\/\/www.saint-brevin.com\/medias\/images\/prestations\/multitailles\/320x240_eddy-maucourt-30628.png"},"160x120":{"url":"https:\/\/www.saint-brevin.com\/medias\/images\/prestations\/multitailles\/160x120_eddy-maucourt-30628.png"},"origine":{"url":"https:\/\/www.saint-brevin.com\/medias\/images\/prestations\/eddy-maucourt-30628.png"}},"urlLien":"","typeLien":"","nofollow":"N","copyright":""},{"url":"https:\/\/www.saint-brevin.com\/medias\/images\/prestations\/eddy-zouna-concert-st-brevin-aout2025-26658.jpg","chemin":"..\/medias\/images\/prestations\/eddy-zouna-concert-st-brevin-aout2025-26658.jpg","libelle":"eddy-zouna-concert-st-brevin-aout2025-26658","extension":"jpg","categorie":"","largeur":455,"theme":"","hauteur":404,"type":"Image","origine":"","liaisonPave":"","langue":"","id":"26658","urlVignette":"https:\/\/www.saint-brevin.com\/medias\/images\/prestations\/v-eddy-zouna-concert-st-brevin-aout2025-26658.jpg","alt":"eddy-zouna-concert-st-brevin-aout2025-26658","title":"eddy-zouna-concert-st-brevin-aout2025-26658","MultiTaille":{"1920x1440":{"url":"https:\/\/www.saint-brevin.com\/medias\/images\/prestations\/multitailles\/1920x1440_eddy-zouna-concert-st-brevin-aout2025-26658.jpg"},"1200x900":{"url":"https:\/\/www.saint-brevin.com\/medias\/images\/prestations\/multitailles\/1200x900_eddy-zouna-concert-st-brevin-aout2025-26658.jpg"},"800x600":{"url":"https:\/\/www.saint-brevin.com\/medias\/images\/prestations\/multitailles\/800x600_eddy-zouna-concert-st-brevin-aout2025-26658.jpg"},"640x480":{"url":"https:\/\/www.saint-brevin.com\/medias\/images\/prestations\/multitailles\/640x480_eddy-zouna-concert-st-brevin-aout2025-26658.jpg"},"320x240":{"url":"https:\/\/www.saint-brevin.com\/medias\/images\/prestations\/multitailles\/320x240_eddy-zouna-concert-st-brevin-aout2025-26658.jpg"},"160x120":{"url":"https:\/\/www.saint-brevin.com\/medias\/images\/prestations\/multitailles\/160x120_eddy-zouna-concert-st-brevin-aout2025-26658.jpg"},"origine":{"url":"https:\/\/www.saint-brevin.com\/medias\/images\/prestations\/eddy-zouna-concert-st-brevin-aout2025-26658.jpg"}},"urlLien":"","typeLien":"","nofollow":"N","copyright":""},{"url":"https:\/\/www.saint-brevin.com\/medias\/images\/prestations\/affiche-sb-30629.png","chemin":"..\/medias\/images\/prestations\/affiche-sb-30629.png","libelle":"affiche-sb-30629","extension":"png","categorie":"","largeur":522,"theme":"","hauteur":740,"type":"Image","origine":"","liaisonPave":"","langue":"","id":"30629","urlVignette":"https:\/\/www.saint-brevin.com\/medias\/images\/prestations\/v-affiche-sb-30629.png","alt":"affiche-sb-30629","title":"affiche-sb-30629","MultiTaille":{"1920x1440":{"url":"https:\/\/www.saint-brevin.com\/medias\/images\/prestations\/multitailles\/1920x1440_affiche-sb-30629.png"},"1200x900":{"url":"https:\/\/www.saint-brevin.com\/medias\/images\/prestations\/multitailles\/1200x900_affiche-sb-30629.png"},"800x600":{"url":"https:\/\/www.saint-brevin.com\/medias\/images\/prestations\/multitailles\/800x600_affiche-sb-30629.png"},"640x480":{"url":"https:\/\/www.saint-brevin.com\/medias\/images\/prestations\/multitailles\/640x480_affiche-sb-30629.png"},"320x240":{"url":"https:\/\/www.saint-brevin.com\/medias\/images\/prestations\/multitailles\/320x240_affiche-sb-30629.png"},"160x120":{"url":"https:\/\/www.saint-brevin.com\/medias\/images\/prestations\/multitailles\/160x120_affiche-sb-30629.png"},"origine":{"url":"https:\/\/www.saint-brevin.com\/medias\/images\/prestations\/affiche-sb-30629.png"}},"urlLien":"","typeLien":"","nofollow":"N","copyright":""}],"ByCategorie":{"":[{"url":"https:\/\/www.saint-brevin.com\/medias\/images\/prestations\/eddy-maucourt-30628.png","chemin":"..\/medias\/images\/prestations\/eddy-maucourt-30628.png","libelle":"eddy-maucourt-30628","extension":"png","categorie":"","largeur":1431,"theme":"","hauteur":1333,"type":"Image","origine":"","liaisonPave":"","langue":"","id":"30628","urlVignette":"https:\/\/www.saint-brevin.com\/medias\/images\/prestations\/v-eddy-maucourt-30628.png","alt":"eddy-maucourt-30628","title":"eddy-maucourt-30628","MultiTaille":{"1920x1440":{"url":"https:\/\/www.saint-brevin.com\/medias\/images\/prestations\/multitailles\/1920x1440_eddy-maucourt-30628.png"},"1200x900":{"url":"https:\/\/www.saint-brevin.com\/medias\/images\/prestations\/multitailles\/1200x900_eddy-maucourt-30628.png"},"800x600":{"url":"https:\/\/www.saint-brevin.com\/medias\/images\/prestations\/multitailles\/800x600_eddy-maucourt-30628.png"},"640x480":{"url":"https:\/\/www.saint-brevin.com\/medias\/images\/prestations\/multitailles\/640x480_eddy-maucourt-30628.png"},"320x240":{"url":"https:\/\/www.saint-brevin.com\/medias\/images\/prestations\/multitailles\/320x240_eddy-maucourt-30628.png"},"160x120":{"url":"https:\/\/www.saint-brevin.com\/medias\/images\/prestations\/multitailles\/160x120_eddy-maucourt-30628.png"},"origine":{"url":"https:\/\/www.saint-brevin.com\/medias\/images\/prestations\/eddy-maucourt-30628.png"}},"urlLien":"","typeLien":"","nofollow":"N","copyright":""},{"url":"https:\/\/www.saint-brevin.com\/medias\/images\/prestations\/eddy-zouna-concert-st-brevin-aout2025-26658.jpg","chemin":"..\/medias\/images\/prestations\/eddy-zouna-concert-st-brevin-aout2025-26658.jpg","libelle":"eddy-zouna-concert-st-brevin-aout2025-26658","extension":"jpg","categorie":"","largeur":455,"theme":"","hauteur":404,"type":"Image","origine":"","liaisonPave":"","langue":"","id":"26658","urlVignette":"https:\/\/www.saint-brevin.com\/medias\/images\/prestations\/v-eddy-zouna-concert-st-brevin-aout2025-26658.jpg","alt":"eddy-zouna-concert-st-brevin-aout2025-26658","title":"eddy-zouna-concert-st-brevin-aout2025-26658","MultiTaille":{"1920x1440":{"url":"https:\/\/www.saint-brevin.com\/medias\/images\/prestations\/multitailles\/1920x1440_eddy-zouna-concert-st-brevin-aout2025-26658.jpg"},"1200x900":{"url":"https:\/\/www.saint-brevin.com\/medias\/images\/prestations\/multitailles\/1200x900_eddy-zouna-concert-st-brevin-aout2025-26658.jpg"},"800x600":{"url":"https:\/\/www.saint-brevin.com\/medias\/images\/prestations\/multitailles\/800x600_eddy-zouna-concert-st-brevin-aout2025-26658.jpg"},"640x480":{"url":"https:\/\/www.saint-brevin.com\/medias\/images\/prestations\/multitailles\/640x480_eddy-zouna-concert-st-brevin-aout2025-26658.jpg"},"320x240":{"url":"https:\/\/www.saint-brevin.com\/medias\/images\/prestations\/multitailles\/320x240_eddy-zouna-concert-st-brevin-aout2025-26658.jpg"},"160x120":{"url":"https:\/\/www.saint-brevin.com\/medias\/images\/prestations\/multitailles\/160x120_eddy-zouna-concert-st-brevin-aout2025-26658.jpg"},"origine":{"url":"https:\/\/www.saint-brevin.com\/medias\/images\/prestations\/eddy-zouna-concert-st-brevin-aout2025-26658.jpg"}},"urlLien":"","typeLien":"","nofollow":"N","copyright":""},{"url":"https:\/\/www.saint-brevin.com\/medias\/images\/prestations\/affiche-sb-30629.png","chemin":"..\/medias\/images\/prestations\/affiche-sb-30629.png","libelle":"affiche-sb-30629","extension":"png","categorie":"","largeur":522,"theme":"","hauteur":740,"type":"Image","origine":"","liaisonPave":"","langue":"","id":"30629","urlVignette":"https:\/\/www.saint-brevin.com\/medias\/images\/prestations\/v-affiche-sb-30629.png","alt":"affiche-sb-30629","title":"affiche-sb-30629","MultiTaille":{"1920x1440":{"url":"https:\/\/www.saint-brevin.com\/medias\/images\/prestations\/multitailles\/1920x1440_affiche-sb-30629.png"},"1200x900":{"url":"https:\/\/www.saint-brevin.com\/medias\/images\/prestations\/multitailles\/1200x900_affiche-sb-30629.png"},"800x600":{"url":"https:\/\/www.saint-brevin.com\/medias\/images\/prestations\/multitailles\/800x600_affiche-sb-30629.png"},"640x480":{"url":"https:\/\/www.saint-brevin.com\/medias\/images\/prestations\/multitailles\/640x480_affiche-sb-30629.png"},"320x240":{"url":"https:\/\/www.saint-brevin.com\/medias\/images\/prestations\/multitailles\/320x240_affiche-sb-30629.png"},"160x120":{"url":"https:\/\/www.saint-brevin.com\/medias\/images\/prestations\/multitailles\/160x120_affiche-sb-30629.png"},"origine":{"url":"https:\/\/www.saint-brevin.com\/medias\/images\/prestations\/affiche-sb-30629.png"}},"urlLien":"","typeLien":"","nofollow":"N","copyright":""}]}},"DateDebPublication":"","DateFinPublication":"20260823","PrixAPartirDe":"","PrixPour":"","FicheListeEnCours":"fiche_liste_agenda_prestation_v2017","ParametresModele":{"AfficherPhotos":"1","NbPhotosMax":6,"AfficherReserver":0,"AfficherContact":0,"AfficherSalle":1,"AfficherZoneGeo":0,"AfficherEnSavoirPlus":"1","AfficherUneSeuleOuverture":"1","AfficherContactCarte":1,"AfficherTarifsChaudAPartirDe":0,"AfficherTarifChaudSansRecherche":0,"AfficherLiensCarnetVoyage":"1","AfficherOuverture":"1","BlocCritereInfo":{"critere1":{"libelle":""},"critere2":{"libelle":""},"critere3":{"libelle":""},"critere4":{"libelle":""},"critere5":{"libelle":""},"critere6":{"libelle":""},"critere7":{"libelle":"","liste_critere":["COMMUNES|Y"]},"critere8":{"libelle":""},"critere9":{"libelle":""},"afficherpictoetpaslibelle":"1"},"CriteresComportementResa":"|RESABILLET[RESAENLIGNE|","PositionBloc":"GALLERIE|NOM|OUVERTURES|CARNET_VOYAGE|URL|LIEN_RESERVER_DETAIL","TypePrestataire":"Y","ComportementResa":false,"ComportementDispo":false},"AffichageCoordonnees":[],"Coordonnees":{"Ville":"ST BREVIN LES PINS"},"ContexteId":"PRESTATION|Y|EDDYMAUCOURT|CONCERTPOESIA","ContexteIdHtml":"PRESTATION-Y-EDDYMAUCOURT-CONCERTPOESIA","cleContexte":"Y|EDDYMAUCOURT|CONCERTPOESIA","Bloc":{"texte1":"","texte3":"","critere1":{"libelle":"","contenu":[]},"critere2":{"libelle":"","contenu":[]},"critere3":{"libelle":"","contenu":[]},"critere4":{"libelle":"","contenu":[]},"critere5":{"libelle":"","contenu":[]},"critere6":{"libelle":"","contenu":[]},"critere7":{"libelle":"","contenu":{"COMMUNES":{"libelle":"COMMUNE","contenu":{"1":"Saint-Brevin"},"codesValeurs":{"1":"COMMUNES|SAINTBREVIN|Y"},"criteres_datas":{"valeurs":{"1":{"SAINTBREVIN":{"descriptif":""}}}}}}},"critere8":{"libelle":"","contenu":[]},"critere9":{"libelle":"","contenu":[]}},"LocalisationGps":{"Latitude":"47.24726","Longitude":"-2.16732"},"libelleDuPrestataire":"","vuePrestataire":{"pave1":{"libelle":"Descriptif","contenu":""},"pave2":{"libelle":"","contenu":""},"pave3":{"libelle":"","contenu":""},"pave4":{"libelle":"","contenu":""},"pave5":{"libelle":"","contenu":""},"pave6":{"libelle":"","contenu":""},"pave7":{"libelle":"","contenu":""},"pave8":{"libelle":"","contenu":""},"pave9":{"libelle":"","contenu":""},"pave10":{"libelle":"","contenu":""},"pave11":{"libelle":"","contenu":""},"pave12":{"libelle":"","contenu":""},"pave13":{"libelle":"","contenu":""},"pave14":{"libelle":"","contenu":""},"pave15":{"libelle":"","contenu":""},"pave16":{"libelle":"","contenu":""},"pave17":{"libelle":"","contenu":""},"pave18":{"libelle":"","contenu":""},"pave19":{"libelle":"","contenu":""},"pave20":{"libelle":"","contenu":""},"pave21":{"libelle":"","contenu":""},"pave22":{"libelle":"","contenu":""},"pave23":{"libelle":"","contenu":""},"pave24":{"libelle":"","contenu":""},"pave25":{"libelle":"","contenu":""},"Libelle":"Maucourt Eddy","Nom":"Maucourt","Prenom":"Eddy","NomPrenom":"Maucourt Eddy ","CiviliteNomPrenom":"Maucourt Eddy ","Cle":"Y|EDDYMAUCOURT","PrestataireParent":"","ContexteStat":"PRESTATAIRE-Y-EDDYMAUCOURT","DateModificationIso":"2021-06-28T06:58:00+02:00","Type":"PRESTATAIRE","TypePrestataire":"Y","Adresse":{"LigneAdresse1":"","LigneAdresse2":"","LigneAdresse3":"","CodePostal":"","Ville":"","Cedex":"","Etat":"","Pays":"FRA"},"Email":"emaucourt@laposte.net","Telephone":"","TelephoneBureau":"","Portable":"","SiteWeb":"","Fax":"","Id":"y-eddymaucourt","Code":"Y|EDDYMAUCOURT","Fichier":[],"Url":"","Localisation":{"GoogleMap":{"Latitude":"","Longitude":""}},"ZoneGeo":"","LiensEtWidgetsParType":{"A":[{"Id":"217","TypePrestataire":"Y","CodePrestataire":"EDDYMAUCOURT","CodePrestation":"","CodeLibelle":"URL00000257","Type":"A","Url":"https:\/\/www.facebook.com\/EddyMaucourt\/","Defaut":"N","Langue":"FR","Nature":"URL","Import":"","LibelleText":"EddyMaucourt","Theme":""}],"YOU":[{"Id":"218","TypePrestataire":"Y","CodePrestataire":"EDDYMAUCOURT","CodePrestation":"","CodeLibelle":"URL00000258","Type":"YOU","Url":"https:\/\/www.youtube.com\/channel\/UCq29BEkFfd1_m5fhToV0XLA","Defaut":"N","Langue":"FR","Nature":"URL","Import":"","LibelleText":"Eddy Maucourt","Theme":""}]},"LiensEtWidgets":[{"Id":"217","TypePrestataire":"Y","CodePrestataire":"EDDYMAUCOURT","CodePrestation":"","CodeLibelle":"URL00000257","Type":"A","Url":"https:\/\/www.facebook.com\/EddyMaucourt\/","Defaut":"N","Langue":"FR","Nature":"URL","Import":"","LibelleText":"EddyMaucourt","Theme":""},{"Id":"218","TypePrestataire":"Y","CodePrestataire":"EDDYMAUCOURT","CodePrestation":"","CodeLibelle":"URL00000258","Type":"YOU","Url":"https:\/\/www.youtube.com\/channel\/UCq29BEkFfd1_m5fhToV0XLA","Defaut":"N","Langue":"FR","Nature":"URL","Import":"","LibelleText":"Eddy Maucourt","Theme":""}],"Criteres":{"NIVPARTENAIRE[COMPLET":"","COMMUNES[SAINTBREVIN":"","MAJINGENIE[DATEDERNIEREMAJ":"20210628","MISEAJOUR[ANNABELLE":""},"DateFinPublication":"","AffichageCoordonnees":[]},"listeCriteres":{"LIEUMANIF":{"SAINTBREVIN":""},"CATEGORIEANIMATION":{"CONCER":""},"DETAILCONCERTSPECTACLE":{"MOND":""},"ANIAH":{"ANIACC":""},"GANIMA":{"GANIMNON":""},"MISEAJOURINGENIE":{"DATEDERNIEREMAJ":"20260328"},"MISEAJOURPAR":{"MAELLE":""},"NIVPARTENAIRE":{"COMPLET":""},"COMMUNES":{"SAINTBREVIN":""},"MAJINGENIE":{"DATEDERNIEREMAJ":"20210628"},"MISEAJOUR":{"ANNABELLE":""}},"dansCarnetVoyage":true,"Ouverture":["\u003Cp class=\"date\" \u003EMercredi 19 ao\u00fbt 2026\u003C\/p\u003E\u003Cp class=\"heure\" \u003E\u00e0 partir de 21:00\u003C\/p\u003E"],"OuverturePasse":[],"OuvertureObjs":[{}],"OuvertureTab":[["20260819","20260819"]]},"html":" \n \u003Cdiv id=\"CV-PRESTATION-Y-EDDYMAUCOURT-CONCERTPOESIA\" data-contexte-id=\"PRESTATION|Y|EDDYMAUCOURT|CONCERTPOESIA\" data-cle=\"Y|EDDYMAUCOURT|CONCERTPOESIA\" class=\"fiche-liste\"\u003E\n    \n\n    \u003C!-- partie photo --\u003E\n    \u003Cdiv class=\"photo\"\u003E\t\t\t\t\t\t\t\t\t\t\t\t\t\t\t\t\t\t\t\t\t\n        \u003Cdiv class=\"cadre_photo_principale\"\u003E\t\t\n        \n            \t\t\t\t\t\n                    \u003Ca href=\"concert-hommage-a-paco-ibanez-chants-espagnols-et-guitare-flamenca.html?origine=carnet#media\"\u003E\n                        \u003Cimg class=\"photo_principale\" alt=\"eddy-maucourt-30628\" src=\"https:\/\/www.saint-brevin.com\/medias\/images\/prestations\/multitailles\/320x240_eddy-maucourt-30628.png\" itemprop=\"image\"\u003E\n                    \u003C\/a\u003E\t\t\t\t\t\t\n                \n                    \u003C\/div\u003E\t\t\t\t\t\t\t\t\t\t\t\t\t\t\t\t\t\t\t \t\t\n    \u003C\/div\u003E\n    \n    \u003C!-- partie nom prest --\u003E\n    \u003Cdiv class=\"nom\"\u003E\n        \u003Ch2\u003EConcert hommage \u00e0 Paco Iba\u00f1ez : chants espagnols et guitare flamenca\u003C\/h2\u003E\n        \n            \u003C\/div\u003E\n\n     \u003Cul style=\"display: none\" class=\"ouverture_list\"\u003E\u003Cli class=\"ouverture_item\"\u003E\u003Cp class=\"date\" \u003EMercredi 19 ao\u00fbt 2026\u003C\/p\u003E\u003Cp class=\"heure\" \u003E\u00e0 partir de 21:00\u003C\/p\u003E\u003C\/li\u003E\u003C\/ul\u003E    \n    \u003C!-- partie adresse --\u003E\n    \u003Cdiv class=\"adresse\"\u003E\n    \n          \n    \u003C\/div\u003E\n    \n    \u003C!-- partie liens --\u003E\n    \u003Cdiv class=\"liens\"\u003E\n            \u003Ca class=\"btn-icon btn-view \" title=\"Voir la fiche d\u00e9taill\u00e9e\" href=\"concert-hommage-a-paco-ibanez-chants-espagnols-et-guitare-flamenca.html?origine=carnet\"\u003E\u003C\/a\u003E\u003C!--\u003Ca class=\"btn-icon btn-view \" title=\"\" href=\"?origine=carnet#thaut\"\u003E\u003C\/a\u003E--\u003E\n      \u003Ca class=\"btn-icon btn-trash carnet_voyage_supprimer\" title=\"Supprimer cette fiche de mon carnet de voyage\" href=\"carnet-voyage?action=remove&fiche=Y|EDDYMAUCOURT|CONCERTPOESIA\"\u003E\u003C\/a\u003E\n    \u003C\/div\u003E\n\n\u003C\/div\u003E\n\n","icon":"https:\/\/static.ingenie.fr\/images\/carnetVoyageV3\/Y.png"},"fiche":"Y|EDDYMAUCOURT|CONCERTPOESIA","popup":"\u003Cdiv id=\"bloc_popup_ajout_fiche_carnet\"\u003E\n    \u003Cdiv class=\"info_popup_ajout_fiche_carnet\"\u003E\n        Vous venez d'ajouter cet \u00e9l\u00e9ment \u00e0 votre carnet de voyage :    \u003C\/div\u003E\n    \u003Cdiv class=\"prest_popup_ajout_fiche_carnet\"\u003E\n        Concert hommage &agrave; Paco Iba&ntilde;ez : chants espagnols et guitare flamenca    \u003C\/div\u003E\n    \u003Cdiv class=\"bloc_btn_ajout_fiche_carnet form_submit_div\"\u003E\n        \u003Cinput type=\"button\" value=\"Continuer ma s\u00e9lection\" title=\"Continuer ma s\u00e9lection\" name=\"btn_close\" class=\"btn_close_popup_carnet form_submit\" onclick=\"$.colorbox.close()\" \/\u003E\n        \u003Cinput type=\"button\" value=\"Voir mon carnet de voyage\" title=\"Voir mon carnet\" name=\"btn_panier\" class=\"btn_panier_popup_carnet form_submit\" onclick=\"if(typeof CarnetVoyage != 'undefined') {CarnetVoyage.voirCarnet();}\" \/\u003E\n    \u003C\/div\u003E\n    \u003Cdiv class=\"bloc_btn_ajout_fiche_carnet\"\u003E\n        \u003Cinput type=\"checkbox\" value=\"1\" name=\"desactiver_popup\" id=\"desactiver_popup\" \/\u003E\n        \u003Clabel for=\"desactiver_popup\"\u003ENe plus afficher ce message\u003C\/label\u003E\n    \u003C\/div\u003E\n\u003C\/div\u003E","success":1}