{"nbFiches":1,"dataPrest":{"infoPrest":{"pave1":{"libelle":"Slogan","contenu":"","fichiers":[]},"pave2":{"libelle":"Descriptif","contenu":"\u003Cp data-end=\"221\" data-start=\"126\"\u003E\u003Cstrong data-end=\"221\" data-start=\"126\"\u003EDominique Leroy, l&rsquo;artiste incontournable de Paimb&oelig;uf, revient avec une nouvelle surprise !\u003C\/strong\u003E\u003C\/p\u003E\r\n\r\n\u003Cp data-end=\"570\" data-start=\"223\"\u003EImpossible de passer &agrave; c&ocirc;t&eacute; de sa maison-atelier situ&eacute;e sur les quais : v&eacute;ritable &oelig;uvre d&rsquo;art &agrave; ciel ouvert, elle &eacute;volue au fil des ann&eacute;es et des inspirations de l&rsquo;artiste. Dominique Leroy, figure bien connue des Paimblotins et des curieux de passage, transforme sa fa&ccedil;ade comme d&#39;autres remplissent une toile : avec audace, humour et imagination.\u003C\/p\u003E\r\n\r\n\u003Cp data-end=\"841\" data-start=\"572\"\u003EVous vous souvenez sans doute de sa fa&ccedil;ade couverte de milliers de circuits &eacute;lectroniques ? Ou de celle par&eacute;e de chaises, de meubles en bois, de chambres &agrave; air ou encore de fen&ecirc;tres d&eacute;tourn&eacute;es ? Chaque installation raconte une histoire, interpelle, amuse ou &eacute;merveille.\u003C\/p\u003E\r\n\r\n\u003Cp data-end=\"1063\" data-start=\"843\"\u003EDepuis quelques jours, un grand myst&egrave;re plane sur les quais : sa maison est recouverte d&rsquo;une b&acirc;che plastique bleue. Que cache-t-elle cette fois-ci ? Quelle sera la nouvelle m&eacute;tamorphose ? Une seule fa&ccedil;on de le d&eacute;couvrir&hellip;\u003C\/p\u003E\r\n\r\n\u003Cp data-end=\"1473\" data-start=\"1065\"\u003E\ud83d\udcc5 \u003Cstrong data-end=\"1223\" data-start=\"1068\"\u003ERendez-vous le 20 juin pour le grand d&eacute;voilement officiel de la fa&ccedil;ade, suivi d&rsquo;un vernissage et d&rsquo;une visite exceptionnelle de l&rsquo;atelier de l&rsquo;artiste.\u003C\/strong\u003E\u003Cbr data-end=\"1226\" data-start=\"1223\" \/\u003E\r\nCar Dominique Leroy, c&rsquo;est aussi un peintre singulier, nourri de cubisme et d&rsquo;abstraction, libre des formats, des codes et des mati&egrave;res. Son univers pictural riche et sans limites vous attend derri&egrave;re les murs de cette maison pas comme les autres.\u003C\/p\u003E\r\n\r\n\u003Cp data-end=\"1543\" data-start=\"1475\"\u003E\ud83d\udc49 Un &eacute;v&eacute;nement &agrave; ne pas manquer, entre art de rue et art de vivre !\u003C\/p\u003E\r\n","fichiers":[]},"pave3":{"libelle":"","contenu":""},"pave4":{"libelle":"","contenu":""},"pave5":{"libelle":"","contenu":""},"pave6":{"libelle":"","contenu":""},"pave7":{"libelle":"","contenu":""},"pave8":{"libelle":"","contenu":""},"pave9":{"libelle":"","contenu":""},"pave10":{"libelle":"","contenu":""},"pave11":{"libelle":"","contenu":""},"pave12":{"libelle":"","contenu":""},"pave13":{"libelle":"","contenu":""},"pave14":{"libelle":"","contenu":""},"pave15":{"libelle":"","contenu":""},"pave16":{"libelle":"","contenu":""},"pave17":{"libelle":"","contenu":""},"pave18":{"libelle":"","contenu":""},"pave19":{"libelle":"","contenu":""},"pave20":{"libelle":"","contenu":""},"pave21":{"libelle":"","contenu":""},"pave22":{"libelle":"","contenu":""},"pave23":{"libelle":"","contenu":""},"pave24":{"libelle":"","contenu":""},"pave25":{"libelle":"","contenu":""},"Libelle":"Vernissage de la nouvelle fa\u00e7ade extraordinaire","Reference":"","Reftar":"","Type":"PRESTATION","TypePrestataire":"Y","ContexteStat":"PRESTATION-Y-DOMINIQUELEROY-VERNISSAGENOUVELLEFACADE","DateModificationIso":"2025-06-11T15:00:00+02:00","Adresse":{"LigneAdresse1":"Quai Boulay Paty","LigneAdresse2":"","LigneAdresse3":"","CodePostal":"44560","Ville":"PAIMBOEUF","Cedex":"","Etat":"","Pays":"FRA"},"Id":"y-dominiqueleroy-vernissagenouvellefacade","Code":"Y|DOMINIQUELEROY|VERNISSAGENOUVELLEFACADE","Cle":"Y|DOMINIQUELEROY|VERNISSAGENOUVELLEFACADE","Url":"vernissage-de-la-nouvelle-facade-extraordinaire.html","Localisation":{"GoogleMap":{"Latitude":"47.28987","Longitude":"-2.03125"}},"ZoneGeo":"","Criteres":{"LIEUMANIF[PAIMBOEUF":"","CATEGORIEANIMATION[ATELIER":"","CATEGORIEANIMATION[EXPO":"","CATEGORIEANIMATION[VGUIDEE":"","THEME[DECO":"","MISEAJOURINGENIE[DATEDERNIEREMAJ":"20250608","MISEAJOURPAR[AMANDINE":""},"Prestataire":{"pave1":{"libelle":"Descriptif","contenu":""},"pave2":{"libelle":"","contenu":""},"pave3":{"libelle":"","contenu":""},"pave4":{"libelle":"","contenu":""},"pave5":{"libelle":"","contenu":""},"pave6":{"libelle":"","contenu":""},"pave7":{"libelle":"","contenu":""},"pave8":{"libelle":"","contenu":""},"pave9":{"libelle":"","contenu":""},"pave10":{"libelle":"","contenu":""},"pave11":{"libelle":"","contenu":""},"pave12":{"libelle":"","contenu":""},"pave13":{"libelle":"","contenu":""},"pave14":{"libelle":"","contenu":""},"pave15":{"libelle":"","contenu":""},"pave16":{"libelle":"","contenu":""},"pave17":{"libelle":"","contenu":""},"pave18":{"libelle":"","contenu":""},"pave19":{"libelle":"","contenu":""},"pave20":{"libelle":"","contenu":""},"pave21":{"libelle":"","contenu":""},"pave22":{"libelle":"","contenu":""},"pave23":{"libelle":"","contenu":""},"pave24":{"libelle":"","contenu":""},"pave25":{"libelle":"","contenu":""},"Libelle":"LEROY Dominique","Nom":"LEROY","Prenom":"Dominique","NomPrenom":"LEROY Dominique ","CiviliteNomPrenom":"LEROY Dominique ","Cle":"Y|DOMINIQUELEROY","PrestataireParent":"","ContexteStat":"PRESTATAIRE-Y-DOMINIQUELEROY","DateModificationIso":"2025-06-11T12:03:00+02:00","Type":"PRESTATAIRE","TypePrestataire":"Y","Adresse":{"LigneAdresse1":"Quai Boulay Paty","LigneAdresse2":"","LigneAdresse3":"","CodePostal":"44560","Ville":"CORSEPT","Cedex":"","Etat":"","Pays":"FRA"},"Email":"","Telephone":"","TelephoneBureau":"","Portable":"","SiteWeb":"","Fax":"","Id":"y-dominiqueleroy","Code":"Y|DOMINIQUELEROY","Fichier":[],"Url":"","Localisation":{"GoogleMap":{"Latitude":"47.28993","Longitude":"-2.03153"}},"ZoneGeo":"","Criteres":{"LIEU[PAIBOEUFPORTQUAIS":"","LIEU[PAIMBOEUFCENTRE":"","MISEAJOUR[AMANDINE":""},"DateFinPublication":""},"Fichier":{"Image":[{"url":"https:\/\/www.saint-brevin.com\/medias\/images\/prestations\/capture-d-cran-2025-06-11-145947-27461.jpg","chemin":"..\/medias\/images\/prestations\/capture-d-cran-2025-06-11-145947-27461.jpg","libelle":"capture-d-cran-2025-06-11-145947-27461","extension":"jpg","categorie":"","largeur":485,"theme":"","hauteur":399,"type":"Image","origine":"","liaisonPave":"","langue":"","id":"27461","urlVignette":"https:\/\/www.saint-brevin.com\/medias\/images\/prestations\/v-capture-d-cran-2025-06-11-145947-27461.jpg","alt":"capture-d-cran-2025-06-11-145947-27461","title":"capture-d-cran-2025-06-11-145947-27461","MultiTaille":{"1920x1440":{"url":"https:\/\/www.saint-brevin.com\/medias\/images\/prestations\/multitailles\/1920x1440_capture-d-cran-2025-06-11-145947-27461.jpg"},"1200x900":{"url":"https:\/\/www.saint-brevin.com\/medias\/images\/prestations\/multitailles\/1200x900_capture-d-cran-2025-06-11-145947-27461.jpg"},"800x600":{"url":"https:\/\/www.saint-brevin.com\/medias\/images\/prestations\/multitailles\/800x600_capture-d-cran-2025-06-11-145947-27461.jpg"},"640x480":{"url":"https:\/\/www.saint-brevin.com\/medias\/images\/prestations\/multitailles\/640x480_capture-d-cran-2025-06-11-145947-27461.jpg"},"320x240":{"url":"https:\/\/www.saint-brevin.com\/medias\/images\/prestations\/multitailles\/320x240_capture-d-cran-2025-06-11-145947-27461.jpg"},"160x120":{"url":"https:\/\/www.saint-brevin.com\/medias\/images\/prestations\/multitailles\/160x120_capture-d-cran-2025-06-11-145947-27461.jpg"},"origine":{"url":"https:\/\/www.saint-brevin.com\/medias\/images\/prestations\/capture-d-cran-2025-06-11-145947-27461.jpg"}},"urlLien":"","typeLien":"","nofollow":"N","copyright":""},{"url":"https:\/\/www.saint-brevin.com\/medias\/images\/prestations\/dsc02311-web-27460.jpg","chemin":"..\/medias\/images\/prestations\/dsc02311-web-27460.jpg","libelle":"dsc02311-web-27460","extension":"jpg","categorie":"","largeur":1000,"theme":"","hauteur":1500,"type":"Image","origine":"","liaisonPave":"","langue":"","id":"27460","urlVignette":"https:\/\/www.saint-brevin.com\/medias\/images\/prestations\/v-dsc02311-web-27460.jpg","alt":"dsc02311-web-27460","title":"dsc02311-web-27460","MultiTaille":{"1920x1440":{"url":"https:\/\/www.saint-brevin.com\/medias\/images\/prestations\/multitailles\/1920x1440_dsc02311-web-27460.jpg"},"1200x900":{"url":"https:\/\/www.saint-brevin.com\/medias\/images\/prestations\/multitailles\/1200x900_dsc02311-web-27460.jpg"},"800x600":{"url":"https:\/\/www.saint-brevin.com\/medias\/images\/prestations\/multitailles\/800x600_dsc02311-web-27460.jpg"},"640x480":{"url":"https:\/\/www.saint-brevin.com\/medias\/images\/prestations\/multitailles\/640x480_dsc02311-web-27460.jpg"},"320x240":{"url":"https:\/\/www.saint-brevin.com\/medias\/images\/prestations\/multitailles\/320x240_dsc02311-web-27460.jpg"},"160x120":{"url":"https:\/\/www.saint-brevin.com\/medias\/images\/prestations\/multitailles\/160x120_dsc02311-web-27460.jpg"},"origine":{"url":"https:\/\/www.saint-brevin.com\/medias\/images\/prestations\/dsc02311-web-27460.jpg"}},"urlLien":"","typeLien":"","nofollow":"N","copyright":""}],"ByCategorie":{"":[{"url":"https:\/\/www.saint-brevin.com\/medias\/images\/prestations\/capture-d-cran-2025-06-11-145947-27461.jpg","chemin":"..\/medias\/images\/prestations\/capture-d-cran-2025-06-11-145947-27461.jpg","libelle":"capture-d-cran-2025-06-11-145947-27461","extension":"jpg","categorie":"","largeur":485,"theme":"","hauteur":399,"type":"Image","origine":"","liaisonPave":"","langue":"","id":"27461","urlVignette":"https:\/\/www.saint-brevin.com\/medias\/images\/prestations\/v-capture-d-cran-2025-06-11-145947-27461.jpg","alt":"capture-d-cran-2025-06-11-145947-27461","title":"capture-d-cran-2025-06-11-145947-27461","MultiTaille":{"1920x1440":{"url":"https:\/\/www.saint-brevin.com\/medias\/images\/prestations\/multitailles\/1920x1440_capture-d-cran-2025-06-11-145947-27461.jpg"},"1200x900":{"url":"https:\/\/www.saint-brevin.com\/medias\/images\/prestations\/multitailles\/1200x900_capture-d-cran-2025-06-11-145947-27461.jpg"},"800x600":{"url":"https:\/\/www.saint-brevin.com\/medias\/images\/prestations\/multitailles\/800x600_capture-d-cran-2025-06-11-145947-27461.jpg"},"640x480":{"url":"https:\/\/www.saint-brevin.com\/medias\/images\/prestations\/multitailles\/640x480_capture-d-cran-2025-06-11-145947-27461.jpg"},"320x240":{"url":"https:\/\/www.saint-brevin.com\/medias\/images\/prestations\/multitailles\/320x240_capture-d-cran-2025-06-11-145947-27461.jpg"},"160x120":{"url":"https:\/\/www.saint-brevin.com\/medias\/images\/prestations\/multitailles\/160x120_capture-d-cran-2025-06-11-145947-27461.jpg"},"origine":{"url":"https:\/\/www.saint-brevin.com\/medias\/images\/prestations\/capture-d-cran-2025-06-11-145947-27461.jpg"}},"urlLien":"","typeLien":"","nofollow":"N","copyright":""},{"url":"https:\/\/www.saint-brevin.com\/medias\/images\/prestations\/dsc02311-web-27460.jpg","chemin":"..\/medias\/images\/prestations\/dsc02311-web-27460.jpg","libelle":"dsc02311-web-27460","extension":"jpg","categorie":"","largeur":1000,"theme":"","hauteur":1500,"type":"Image","origine":"","liaisonPave":"","langue":"","id":"27460","urlVignette":"https:\/\/www.saint-brevin.com\/medias\/images\/prestations\/v-dsc02311-web-27460.jpg","alt":"dsc02311-web-27460","title":"dsc02311-web-27460","MultiTaille":{"1920x1440":{"url":"https:\/\/www.saint-brevin.com\/medias\/images\/prestations\/multitailles\/1920x1440_dsc02311-web-27460.jpg"},"1200x900":{"url":"https:\/\/www.saint-brevin.com\/medias\/images\/prestations\/multitailles\/1200x900_dsc02311-web-27460.jpg"},"800x600":{"url":"https:\/\/www.saint-brevin.com\/medias\/images\/prestations\/multitailles\/800x600_dsc02311-web-27460.jpg"},"640x480":{"url":"https:\/\/www.saint-brevin.com\/medias\/images\/prestations\/multitailles\/640x480_dsc02311-web-27460.jpg"},"320x240":{"url":"https:\/\/www.saint-brevin.com\/medias\/images\/prestations\/multitailles\/320x240_dsc02311-web-27460.jpg"},"160x120":{"url":"https:\/\/www.saint-brevin.com\/medias\/images\/prestations\/multitailles\/160x120_dsc02311-web-27460.jpg"},"origine":{"url":"https:\/\/www.saint-brevin.com\/medias\/images\/prestations\/dsc02311-web-27460.jpg"}},"urlLien":"","typeLien":"","nofollow":"N","copyright":""}]}},"DateDebPublication":"","DateFinPublication":"","PrixAPartirDe":"","PrixPour":"","FicheListeEnCours":"fiche_liste_agenda_prestation_v2017","ParametresModele":{"AfficherPhotos":"1","NbPhotosMax":6,"AfficherReserver":0,"AfficherContact":0,"AfficherSalle":1,"AfficherZoneGeo":0,"AfficherEnSavoirPlus":"1","AfficherUneSeuleOuverture":"1","AfficherContactCarte":1,"AfficherTarifsChaudAPartirDe":0,"AfficherTarifChaudSansRecherche":0,"AfficherLiensCarnetVoyage":"1","AfficherOuverture":"1","BlocCritereInfo":{"critere1":{"libelle":""},"critere2":{"libelle":""},"critere3":{"libelle":""},"critere4":{"libelle":""},"critere5":{"libelle":""},"critere6":{"libelle":""},"critere7":{"libelle":"","liste_critere":["COMMUNES|Y"]},"critere8":{"libelle":""},"critere9":{"libelle":""},"afficherpictoetpaslibelle":"1"},"CriteresComportementResa":"|RESABILLET[RESAENLIGNE|","PositionBloc":"GALLERIE|NOM|OUVERTURES|CARNET_VOYAGE|URL|LIEN_RESERVER_DETAIL","TypePrestataire":"Y","ComportementResa":false,"ComportementDispo":false},"AffichageCoordonnees":[],"Coordonnees":{"Ville":"PAIMBOEUF"},"ContexteId":"PRESTATION|Y|DOMINIQUELEROY|VERNISSAGENOUVELLEFACADE","ContexteIdHtml":"PRESTATION-Y-DOMINIQUELEROY-VERNISSAGENOUVELLEFACADE","cleContexte":"Y|DOMINIQUELEROY|VERNISSAGENOUVELLEFACADE","Bloc":{"texte1":"","texte3":"","critere1":{"libelle":"","contenu":[]},"critere2":{"libelle":"","contenu":[]},"critere3":{"libelle":"","contenu":[]},"critere4":{"libelle":"","contenu":[]},"critere5":{"libelle":"","contenu":[]},"critere6":{"libelle":"","contenu":[]},"critere7":{"libelle":"","contenu":[]},"critere8":{"libelle":"","contenu":[]},"critere9":{"libelle":"","contenu":[]}},"LocalisationGps":{"Latitude":"47.28987","Longitude":"-2.03125"},"libelleDuPrestataire":"","vuePrestataire":{"pave1":{"libelle":"Descriptif","contenu":""},"pave2":{"libelle":"","contenu":""},"pave3":{"libelle":"","contenu":""},"pave4":{"libelle":"","contenu":""},"pave5":{"libelle":"","contenu":""},"pave6":{"libelle":"","contenu":""},"pave7":{"libelle":"","contenu":""},"pave8":{"libelle":"","contenu":""},"pave9":{"libelle":"","contenu":""},"pave10":{"libelle":"","contenu":""},"pave11":{"libelle":"","contenu":""},"pave12":{"libelle":"","contenu":""},"pave13":{"libelle":"","contenu":""},"pave14":{"libelle":"","contenu":""},"pave15":{"libelle":"","contenu":""},"pave16":{"libelle":"","contenu":""},"pave17":{"libelle":"","contenu":""},"pave18":{"libelle":"","contenu":""},"pave19":{"libelle":"","contenu":""},"pave20":{"libelle":"","contenu":""},"pave21":{"libelle":"","contenu":""},"pave22":{"libelle":"","contenu":""},"pave23":{"libelle":"","contenu":""},"pave24":{"libelle":"","contenu":""},"pave25":{"libelle":"","contenu":""},"Libelle":"LEROY Dominique","Nom":"LEROY","Prenom":"Dominique","NomPrenom":"LEROY Dominique ","CiviliteNomPrenom":"LEROY Dominique ","Cle":"Y|DOMINIQUELEROY","PrestataireParent":"","ContexteStat":"PRESTATAIRE-Y-DOMINIQUELEROY","DateModificationIso":"2025-06-11T12:03:00+02:00","Type":"PRESTATAIRE","TypePrestataire":"Y","Adresse":{"LigneAdresse1":"Quai Boulay Paty","LigneAdresse2":"","LigneAdresse3":"","CodePostal":"44560","Ville":"CORSEPT","Cedex":"","Etat":"","Pays":"FRA"},"Email":"","Telephone":"","TelephoneBureau":"","Portable":"","SiteWeb":"","Fax":"","Id":"y-dominiqueleroy","Code":"Y|DOMINIQUELEROY","Fichier":[],"Url":"","Localisation":{"GoogleMap":{"Latitude":"47.28993","Longitude":"-2.03153"}},"ZoneGeo":"","Criteres":{"LIEU[PAIBOEUFPORTQUAIS":"","LIEU[PAIMBOEUFCENTRE":"","MISEAJOUR[AMANDINE":""},"DateFinPublication":"","AffichageCoordonnees":[]},"listeCriteres":{"LIEUMANIF":{"PAIMBOEUF":""},"CATEGORIEANIMATION":{"ATELIER":"","EXPO":"","VGUIDEE":""},"THEME":{"DECO":""},"MISEAJOURINGENIE":{"DATEDERNIEREMAJ":"20250608"},"MISEAJOURPAR":{"AMANDINE":""},"LIEU":{"PAIBOEUFPORTQUAIS":"","PAIMBOEUFCENTRE":""},"MISEAJOUR":{"AMANDINE":""}},"dansCarnetVoyage":true,"Ouverture":[],"OuverturePasse":[]},"html":" \n \u003Cdiv id=\"CV-PRESTATION-Y-DOMINIQUELEROY-VERNISSAGENOUVELLEFACADE\" data-contexte-id=\"PRESTATION|Y|DOMINIQUELEROY|VERNISSAGENOUVELLEFACADE\" data-cle=\"Y|DOMINIQUELEROY|VERNISSAGENOUVELLEFACADE\" class=\"fiche-liste\"\u003E\n    \n\n    \u003C!-- partie photo --\u003E\n    \u003Cdiv class=\"photo\"\u003E\t\t\t\t\t\t\t\t\t\t\t\t\t\t\t\t\t\t\t\t\t\n        \u003Cdiv class=\"cadre_photo_principale\"\u003E\t\t\n        \n            \t\t\t\t\t\n                    \u003Ca href=\"vernissage-de-la-nouvelle-facade-extraordinaire.html?origine=carnet#media\"\u003E\n                        \u003Cimg class=\"photo_principale\" alt=\"capture-d-cran-2025-06-11-145947-27461\" src=\"https:\/\/www.saint-brevin.com\/medias\/images\/prestations\/multitailles\/320x240_capture-d-cran-2025-06-11-145947-27461.jpg\" itemprop=\"image\"\u003E\n                    \u003C\/a\u003E\t\t\t\t\t\t\n                \n                    \u003C\/div\u003E\t\t\t\t\t\t\t\t\t\t\t\t\t\t\t\t\t\t\t \t\t\n    \u003C\/div\u003E\n    \n    \u003C!-- partie nom prest --\u003E\n    \u003Cdiv class=\"nom\"\u003E\n        \u003Ch2\u003EVernissage de la nouvelle fa\u00e7ade extraordinaire\u003C\/h2\u003E\n        \n            \u003C\/div\u003E\n\n         \n    \u003C!-- partie adresse --\u003E\n    \u003Cdiv class=\"adresse\"\u003E\n    \n          \n    \u003C\/div\u003E\n    \n    \u003C!-- partie liens --\u003E\n    \u003Cdiv class=\"liens\"\u003E\n            \u003Ca class=\"btn-icon btn-view \" title=\"Voir la fiche d\u00e9taill\u00e9e\" href=\"vernissage-de-la-nouvelle-facade-extraordinaire.html?origine=carnet\"\u003E\u003C\/a\u003E\u003C!--\u003Ca class=\"btn-icon btn-view \" title=\"\" href=\"?origine=carnet#thaut\"\u003E\u003C\/a\u003E--\u003E\n      \u003Ca class=\"btn-icon btn-trash carnet_voyage_supprimer\" title=\"Supprimer cette fiche de mon carnet de voyage\" href=\"carnet-voyage?action=remove&fiche=Y|DOMINIQUELEROY|VERNISSAGENOUVELLEFACADE\"\u003E\u003C\/a\u003E\n    \u003C\/div\u003E\n\n\u003C\/div\u003E\n\n","icon":"https:\/\/static.ingenie.fr\/images\/carnetVoyageV3\/Y.png"},"fiche":"Y|DOMINIQUELEROY|VERNISSAGENOUVELLEFACADE","popup":"\u003Cdiv id=\"bloc_popup_ajout_fiche_carnet\"\u003E\n    \u003Cdiv class=\"info_popup_ajout_fiche_carnet\"\u003E\n        Vous venez d'ajouter cet \u00e9l\u00e9ment \u00e0 votre carnet de voyage :    \u003C\/div\u003E\n    \u003Cdiv class=\"prest_popup_ajout_fiche_carnet\"\u003E\n        Vernissage de la nouvelle fa&ccedil;ade extraordinaire    \u003C\/div\u003E\n    \u003Cdiv class=\"bloc_btn_ajout_fiche_carnet form_submit_div\"\u003E\n        \u003Cinput type=\"button\" value=\"Continuer ma s\u00e9lection\" title=\"Continuer ma s\u00e9lection\" name=\"btn_close\" class=\"btn_close_popup_carnet form_submit\" onclick=\"$.colorbox.close()\" \/\u003E\n        \u003Cinput type=\"button\" value=\"Voir mon carnet de voyage\" title=\"Voir mon carnet\" name=\"btn_panier\" class=\"btn_panier_popup_carnet form_submit\" onclick=\"if(typeof CarnetVoyage != 'undefined') {CarnetVoyage.voirCarnet();}\" \/\u003E\n    \u003C\/div\u003E\n    \u003Cdiv class=\"bloc_btn_ajout_fiche_carnet\"\u003E\n        \u003Cinput type=\"checkbox\" value=\"1\" name=\"desactiver_popup\" id=\"desactiver_popup\" \/\u003E\n        \u003Clabel for=\"desactiver_popup\"\u003ENe plus afficher ce message\u003C\/label\u003E\n    \u003C\/div\u003E\n\u003C\/div\u003E","success":1}