{"nbFiches":1,"dataPrest":{"infoPrest":{"pave1":{"libelle":"Slogan","contenu":"","fichiers":[]},"pave2":{"libelle":"Descriptif","contenu":"La F&ecirc;te du Pain &agrave; Saint-P&egrave;re-ene-Retz, c&#39;est du pain fabriqu&eacute; &agrave; l&#39;ancienne et cuit sur place dans le four &agrave; pain, d&egrave;s 10h.\u003Cbr \/\u003E\r\n\u003Cbr \/\u003E\r\nOn y trouve l&#39;ambiance conviviale d&#39;antan avec stands artisanaux et restauration : galettes, saucisses, frites, fou&eacute;es, cr&ecirc;pes, buvette.\u003Cbr \/\u003E\r\n\u003Cbr \/\u003E\r\nA partir de 14h, vous pourrez assister &agrave; une repr&eacute;sentation du Cercle Celtique Galet&#39;s Jade. Il y aura aussi de l&#39;animation musicale par Debout en Sc&egrave;ne.\u003Cbr \/\u003E\r\n\u003Cbr \/\u003E\r\nEntr&eacute;e libre - De 10 h &agrave; 22 h\u003Cbr \/\u003E\r\n\u003Cbr \/\u003E\r\nContact : 02 40 21 74 46 ou 07 82 29 40 85&nbsp; \/&nbsp; \u003Ca href=\"mailto:com-libre-ste-opportune@orange.fr\" target=\"_blank\"\u003Ecom-libre-ste-opportune@\u003Cwbr \/\u003Eorange.fr\u003C\/a\u003E","fichiers":[]},"pave3":{"libelle":"","contenu":""},"pave4":{"libelle":"","contenu":""},"pave5":{"libelle":"","contenu":""},"pave6":{"libelle":"","contenu":""},"pave7":{"libelle":"","contenu":""},"pave8":{"libelle":"","contenu":""},"pave9":{"libelle":"","contenu":""},"pave10":{"libelle":"","contenu":""},"pave11":{"libelle":"","contenu":""},"pave12":{"libelle":"","contenu":""},"pave13":{"libelle":"","contenu":""},"pave14":{"libelle":"","contenu":""},"pave15":{"libelle":"","contenu":""},"pave16":{"libelle":"","contenu":""},"pave17":{"libelle":"","contenu":""},"pave18":{"libelle":"","contenu":""},"pave19":{"libelle":"","contenu":""},"pave20":{"libelle":"","contenu":""},"pave21":{"libelle":"","contenu":""},"pave22":{"libelle":"","contenu":""},"pave23":{"libelle":"","contenu":""},"pave24":{"libelle":"","contenu":""},"pave25":{"libelle":"","contenu":""},"Libelle":"La F\u00eate du Pain","Reference":"","Reftar":"","Type":"PRESTATION","TypePrestataire":"Y","ContexteStat":"PRESTATION-Y-COMMUNELIBRESTEOPPRTUNE-FETEDUPAINSTPERE","DateModificationIso":"2026-04-20T15:58:00+02:00","Adresse":{"LigneAdresse1":"14 Chemin de Sainte Opportune","LigneAdresse2":"","LigneAdresse3":"","CodePostal":"44320","Ville":"ST PERE EN RETZ","Cedex":"","Etat":"","Pays":"FRA"},"Id":"y-communelibresteopprtune-fetedupainstpere","Code":"Y|COMMUNELIBRESTEOPPRTUNE|FETEDUPAINSTPERE","Cle":"Y|COMMUNELIBRESTEOPPRTUNE|FETEDUPAINSTPERE","Url":"la-fete-du-pain.html","Localisation":{"GoogleMap":{"Latitude":"47.20740","Longitude":"-2.04879"}},"ZoneGeo":"","Criteres":{"LIEUMANIF[SAINTPERE":"","CATEGORIEANIMATION[LOISIRS":"","CATEGORIEANIMATION[TRADITIONFOLKLORE":"","THEME[AUTRE":"F\u00eate du Pain","DETAILDESVISITES[VISITELIBRE":"","ICA[ICATP":"","MODEPAIEMENT[ENTREELIBRE":"","MISEAJOURINGENIE[DATEDERNIEREMAJ":"20260420","MISEAJOURPAR[AMANDINE":""},"ContactsParType":{"IWEB":{"2299":{"id_contact":"2299","type_contact":"IWEB","categorie_contact":"PRESTATION","societe_contact":"Association Commune Libre de Ste Opportune","fonction_contact":"","civilite_nom_prenom_contact":"","adresse1_contact":"","adresse2_contact":"","adresse3_contact":"","cpostal_contact":"","ville_contact":"","teldom_contact":"","telbur_contact":"","fax_contact":"","portable_contact":"07 82 29 40 85","email_contact":"com-libre-ste-opportune@orange.fr","siteweb_contact":"","commentaire_contact":"","langue_contact":"","autre_moyen_com":[]}}},"ContactRemplaceCoordonnees":"2299","Prestataire":{"pave1":{"libelle":"Descriptif","contenu":""},"pave2":{"libelle":"","contenu":""},"pave3":{"libelle":"","contenu":""},"pave4":{"libelle":"","contenu":""},"pave5":{"libelle":"","contenu":""},"pave6":{"libelle":"","contenu":""},"pave7":{"libelle":"","contenu":""},"pave8":{"libelle":"","contenu":""},"pave9":{"libelle":"","contenu":""},"pave10":{"libelle":"","contenu":""},"pave11":{"libelle":"","contenu":""},"pave12":{"libelle":"","contenu":""},"pave13":{"libelle":"","contenu":""},"pave14":{"libelle":"","contenu":""},"pave15":{"libelle":"","contenu":""},"pave16":{"libelle":"","contenu":""},"pave17":{"libelle":"","contenu":""},"pave18":{"libelle":"","contenu":""},"pave19":{"libelle":"","contenu":""},"pave20":{"libelle":"","contenu":""},"pave21":{"libelle":"","contenu":""},"pave22":{"libelle":"","contenu":""},"pave23":{"libelle":"","contenu":""},"pave24":{"libelle":"","contenu":""},"pave25":{"libelle":"","contenu":""},"Libelle":"Association Commune Libre de Ste Opportune","Nom":"Association Commune Libre de Ste Opportune","Prenom":"","NomPrenom":"Association Commune Libre de Ste Opportune ","CiviliteNomPrenom":"Association Commune Libre de Ste Opportune ","Cle":"Y|COMMUNELIBRESTEOPPRTUNE","PrestataireParent":"","ContexteStat":"PRESTATAIRE-Y-COMMUNELIBRESTEOPPRTUNE","DateModificationIso":"2022-04-12T09:53:00+02:00","Type":"PRESTATAIRE","TypePrestataire":"Y","Adresse":{"LigneAdresse1":"","LigneAdresse2":"","LigneAdresse3":"","CodePostal":"","Ville":"","Cedex":"","Etat":"","Pays":"FRA"},"Email":"com-libre-ste-opportune@orange.fr","Telephone":"","TelephoneBureau":"","Portable":"07 82 29 40 85","SiteWeb":"","Fax":"","Id":"y-communelibresteopprtune","Code":"Y|COMMUNELIBRESTEOPPRTUNE","Fichier":[],"Url":"","Localisation":{"GoogleMap":{"Latitude":"47.20769","Longitude":"-2.04390"}},"ZoneGeo":"","Criteres":{"NIVPARTENAIRE[COMPLET":"","LIEU[SAINTPEREENRETZ":"","COMMUNES[SAINTPEREENRETZ":"","INSPUBMAJ[ASSOCIATIONS":"","MAJINGENIE[DATEDERNIEREMAJ":"20180526","MISEAJOUR[ANNABELLE":""},"DateFinPublication":""},"Fichier":{"Image":[{"url":"https:\/\/www.saint-brevin.com\/medias\/images\/prestations\/fete-du-pain-2973-7956.jpg","chemin":"..\/medias\/images\/prestations\/fete-du-pain-2973-7956.jpg","libelle":"fete-du-pain-2973","extension":"jpg","categorie":"","largeur":960,"theme":"","hauteur":592,"type":"Image","origine":"","liaisonPave":"","langue":"","id":"7956","urlVignette":"https:\/\/www.saint-brevin.com\/medias\/images\/prestations\/v-fete-du-pain-2973-7956.jpg","alt":"fete-du-pain-2973","title":"fete-du-pain-2973","MultiTaille":{"1920x1440":{"url":"https:\/\/www.saint-brevin.com\/medias\/images\/prestations\/multitailles\/1920x1440_fete-du-pain-2973-7956.jpg"},"1200x900":{"url":"https:\/\/www.saint-brevin.com\/medias\/images\/prestations\/multitailles\/1200x900_fete-du-pain-2973-7956.jpg"},"800x600":{"url":"https:\/\/www.saint-brevin.com\/medias\/images\/prestations\/multitailles\/800x600_fete-du-pain-2973-7956.jpg"},"640x480":{"url":"https:\/\/www.saint-brevin.com\/medias\/images\/prestations\/multitailles\/640x480_fete-du-pain-2973-7956.jpg"},"320x240":{"url":"https:\/\/www.saint-brevin.com\/medias\/images\/prestations\/multitailles\/320x240_fete-du-pain-2973-7956.jpg"},"160x120":{"url":"https:\/\/www.saint-brevin.com\/medias\/images\/prestations\/multitailles\/160x120_fete-du-pain-2973-7956.jpg"},"origine":{"url":"https:\/\/www.saint-brevin.com\/medias\/images\/prestations\/fete-du-pain-2973-7956.jpg"}},"urlLien":"","typeLien":"","nofollow":"N","copyright":""},{"url":"https:\/\/www.saint-brevin.com\/medias\/images\/prestations\/four-a-pain-2972-7955.jpg","chemin":"..\/medias\/images\/prestations\/four-a-pain-2972-7955.jpg","libelle":"four-a-pain-2972","extension":"jpg","categorie":"","largeur":960,"theme":"","hauteur":664,"type":"Image","origine":"","liaisonPave":"","langue":"","id":"7955","urlVignette":"https:\/\/www.saint-brevin.com\/medias\/images\/prestations\/v-four-a-pain-2972-7955.jpg","alt":"four-a-pain-2972","title":"four-a-pain-2972","MultiTaille":{"1920x1440":{"url":"https:\/\/www.saint-brevin.com\/medias\/images\/prestations\/multitailles\/1920x1440_four-a-pain-2972-7955.jpg"},"1200x900":{"url":"https:\/\/www.saint-brevin.com\/medias\/images\/prestations\/multitailles\/1200x900_four-a-pain-2972-7955.jpg"},"800x600":{"url":"https:\/\/www.saint-brevin.com\/medias\/images\/prestations\/multitailles\/800x600_four-a-pain-2972-7955.jpg"},"640x480":{"url":"https:\/\/www.saint-brevin.com\/medias\/images\/prestations\/multitailles\/640x480_four-a-pain-2972-7955.jpg"},"320x240":{"url":"https:\/\/www.saint-brevin.com\/medias\/images\/prestations\/multitailles\/320x240_four-a-pain-2972-7955.jpg"},"160x120":{"url":"https:\/\/www.saint-brevin.com\/medias\/images\/prestations\/multitailles\/160x120_four-a-pain-2972-7955.jpg"},"origine":{"url":"https:\/\/www.saint-brevin.com\/medias\/images\/prestations\/four-a-pain-2972-7955.jpg"}},"urlLien":"","typeLien":"","nofollow":"N","copyright":""}],"ByCategorie":{"":[{"url":"https:\/\/www.saint-brevin.com\/medias\/images\/prestations\/fete-du-pain-2973-7956.jpg","chemin":"..\/medias\/images\/prestations\/fete-du-pain-2973-7956.jpg","libelle":"fete-du-pain-2973","extension":"jpg","categorie":"","largeur":960,"theme":"","hauteur":592,"type":"Image","origine":"","liaisonPave":"","langue":"","id":"7956","urlVignette":"https:\/\/www.saint-brevin.com\/medias\/images\/prestations\/v-fete-du-pain-2973-7956.jpg","alt":"fete-du-pain-2973","title":"fete-du-pain-2973","MultiTaille":{"1920x1440":{"url":"https:\/\/www.saint-brevin.com\/medias\/images\/prestations\/multitailles\/1920x1440_fete-du-pain-2973-7956.jpg"},"1200x900":{"url":"https:\/\/www.saint-brevin.com\/medias\/images\/prestations\/multitailles\/1200x900_fete-du-pain-2973-7956.jpg"},"800x600":{"url":"https:\/\/www.saint-brevin.com\/medias\/images\/prestations\/multitailles\/800x600_fete-du-pain-2973-7956.jpg"},"640x480":{"url":"https:\/\/www.saint-brevin.com\/medias\/images\/prestations\/multitailles\/640x480_fete-du-pain-2973-7956.jpg"},"320x240":{"url":"https:\/\/www.saint-brevin.com\/medias\/images\/prestations\/multitailles\/320x240_fete-du-pain-2973-7956.jpg"},"160x120":{"url":"https:\/\/www.saint-brevin.com\/medias\/images\/prestations\/multitailles\/160x120_fete-du-pain-2973-7956.jpg"},"origine":{"url":"https:\/\/www.saint-brevin.com\/medias\/images\/prestations\/fete-du-pain-2973-7956.jpg"}},"urlLien":"","typeLien":"","nofollow":"N","copyright":""},{"url":"https:\/\/www.saint-brevin.com\/medias\/images\/prestations\/four-a-pain-2972-7955.jpg","chemin":"..\/medias\/images\/prestations\/four-a-pain-2972-7955.jpg","libelle":"four-a-pain-2972","extension":"jpg","categorie":"","largeur":960,"theme":"","hauteur":664,"type":"Image","origine":"","liaisonPave":"","langue":"","id":"7955","urlVignette":"https:\/\/www.saint-brevin.com\/medias\/images\/prestations\/v-four-a-pain-2972-7955.jpg","alt":"four-a-pain-2972","title":"four-a-pain-2972","MultiTaille":{"1920x1440":{"url":"https:\/\/www.saint-brevin.com\/medias\/images\/prestations\/multitailles\/1920x1440_four-a-pain-2972-7955.jpg"},"1200x900":{"url":"https:\/\/www.saint-brevin.com\/medias\/images\/prestations\/multitailles\/1200x900_four-a-pain-2972-7955.jpg"},"800x600":{"url":"https:\/\/www.saint-brevin.com\/medias\/images\/prestations\/multitailles\/800x600_four-a-pain-2972-7955.jpg"},"640x480":{"url":"https:\/\/www.saint-brevin.com\/medias\/images\/prestations\/multitailles\/640x480_four-a-pain-2972-7955.jpg"},"320x240":{"url":"https:\/\/www.saint-brevin.com\/medias\/images\/prestations\/multitailles\/320x240_four-a-pain-2972-7955.jpg"},"160x120":{"url":"https:\/\/www.saint-brevin.com\/medias\/images\/prestations\/multitailles\/160x120_four-a-pain-2972-7955.jpg"},"origine":{"url":"https:\/\/www.saint-brevin.com\/medias\/images\/prestations\/four-a-pain-2972-7955.jpg"}},"urlLien":"","typeLien":"","nofollow":"N","copyright":""}]}},"DateDebPublication":"","DateFinPublication":"","PrixAPartirDe":"","PrixPour":"","FicheListeEnCours":"fiche_liste_agenda_prestation_v2017","ParametresModele":{"AfficherPhotos":"1","NbPhotosMax":6,"AfficherReserver":0,"AfficherContact":0,"AfficherSalle":1,"AfficherZoneGeo":0,"AfficherEnSavoirPlus":"1","AfficherUneSeuleOuverture":"1","AfficherContactCarte":1,"AfficherTarifsChaudAPartirDe":0,"AfficherTarifChaudSansRecherche":0,"AfficherLiensCarnetVoyage":"1","AfficherOuverture":"1","BlocCritereInfo":{"critere1":{"libelle":""},"critere2":{"libelle":""},"critere3":{"libelle":""},"critere4":{"libelle":""},"critere5":{"libelle":""},"critere6":{"libelle":""},"critere7":{"libelle":"","liste_critere":["COMMUNES|Y"]},"critere8":{"libelle":""},"critere9":{"libelle":""},"afficherpictoetpaslibelle":"1"},"CriteresComportementResa":"|RESABILLET[RESAENLIGNE|","PositionBloc":"GALLERIE|NOM|OUVERTURES|CARNET_VOYAGE|URL|LIEN_RESERVER_DETAIL","TypePrestataire":"Y","ComportementResa":false,"ComportementDispo":false},"AffichageCoordonnees":[],"Coordonnees":{"Ville":"ST PERE EN RETZ"},"ContexteId":"PRESTATION|Y|COMMUNELIBRESTEOPPRTUNE|FETEDUPAINSTPERE","ContexteIdHtml":"PRESTATION-Y-COMMUNELIBRESTEOPPRTUNE-FETEDUPAINSTPERE","cleContexte":"Y|COMMUNELIBRESTEOPPRTUNE|FETEDUPAINSTPERE","Bloc":{"texte1":"","texte3":"","critere1":{"libelle":"","contenu":[]},"critere2":{"libelle":"","contenu":[]},"critere3":{"libelle":"","contenu":[]},"critere4":{"libelle":"","contenu":[]},"critere5":{"libelle":"","contenu":[]},"critere6":{"libelle":"","contenu":[]},"critere7":{"libelle":"","contenu":{"COMMUNES":{"libelle":"COMMUNE","contenu":{"5":"Saint-P\u00e8re en Retz"},"codesValeurs":{"5":"COMMUNES|SAINTPEREENRETZ|Y"},"criteres_datas":{"valeurs":{"5":{"SAINTPEREENRETZ":{"descriptif":""}}}}}}},"critere8":{"libelle":"","contenu":[]},"critere9":{"libelle":"","contenu":[]}},"LocalisationGps":{"Latitude":"47.20740","Longitude":"-2.04879"},"libelleDuPrestataire":"","vuePrestataire":{"pave1":{"libelle":"Descriptif","contenu":""},"pave2":{"libelle":"","contenu":""},"pave3":{"libelle":"","contenu":""},"pave4":{"libelle":"","contenu":""},"pave5":{"libelle":"","contenu":""},"pave6":{"libelle":"","contenu":""},"pave7":{"libelle":"","contenu":""},"pave8":{"libelle":"","contenu":""},"pave9":{"libelle":"","contenu":""},"pave10":{"libelle":"","contenu":""},"pave11":{"libelle":"","contenu":""},"pave12":{"libelle":"","contenu":""},"pave13":{"libelle":"","contenu":""},"pave14":{"libelle":"","contenu":""},"pave15":{"libelle":"","contenu":""},"pave16":{"libelle":"","contenu":""},"pave17":{"libelle":"","contenu":""},"pave18":{"libelle":"","contenu":""},"pave19":{"libelle":"","contenu":""},"pave20":{"libelle":"","contenu":""},"pave21":{"libelle":"","contenu":""},"pave22":{"libelle":"","contenu":""},"pave23":{"libelle":"","contenu":""},"pave24":{"libelle":"","contenu":""},"pave25":{"libelle":"","contenu":""},"Libelle":"Association Commune Libre de Ste Opportune","Nom":"Association Commune Libre de Ste Opportune","Prenom":"","NomPrenom":"Association Commune Libre de Ste Opportune ","CiviliteNomPrenom":"Association Commune Libre de Ste Opportune ","Cle":"Y|COMMUNELIBRESTEOPPRTUNE","PrestataireParent":"","ContexteStat":"PRESTATAIRE-Y-COMMUNELIBRESTEOPPRTUNE","DateModificationIso":"2022-04-12T09:53:00+02:00","Type":"PRESTATAIRE","TypePrestataire":"Y","Adresse":{"LigneAdresse1":"","LigneAdresse2":"","LigneAdresse3":"","CodePostal":"","Ville":"","Cedex":"","Etat":"","Pays":"FRA"},"Email":"com-libre-ste-opportune@orange.fr","Telephone":"","TelephoneBureau":"","Portable":"07 82 29 40 85","SiteWeb":"","Fax":"","Id":"y-communelibresteopprtune","Code":"Y|COMMUNELIBRESTEOPPRTUNE","Fichier":[],"Url":"","Localisation":{"GoogleMap":{"Latitude":"47.20769","Longitude":"-2.04390"}},"ZoneGeo":"","Criteres":{"NIVPARTENAIRE[COMPLET":"","LIEU[SAINTPEREENRETZ":"","COMMUNES[SAINTPEREENRETZ":"","INSPUBMAJ[ASSOCIATIONS":"","MAJINGENIE[DATEDERNIEREMAJ":"20180526","MISEAJOUR[ANNABELLE":""},"DateFinPublication":"","AffichageCoordonnees":[]},"listeCriteres":{"LIEUMANIF":{"SAINTPERE":""},"CATEGORIEANIMATION":{"LOISIRS":"","TRADITIONFOLKLORE":""},"THEME":{"AUTRE":"F\u00eate du Pain"},"DETAILDESVISITES":{"VISITELIBRE":""},"ICA":{"ICATP":""},"MODEPAIEMENT":{"ENTREELIBRE":""},"MISEAJOURINGENIE":{"DATEDERNIEREMAJ":"20260420"},"MISEAJOURPAR":{"AMANDINE":""},"NIVPARTENAIRE":{"COMPLET":""},"LIEU":{"SAINTPEREENRETZ":""},"COMMUNES":{"SAINTPEREENRETZ":""},"INSPUBMAJ":{"ASSOCIATIONS":""},"MAJINGENIE":{"DATEDERNIEREMAJ":"20180526"},"MISEAJOUR":{"ANNABELLE":""}},"dansCarnetVoyage":true,"Ouverture":["\u003Cp class=\"date\" \u003ESamedi 15 ao\u00fbt 2026\u003C\/p\u003E\u003Cp class=\"heure\" \u003Ede 10:00 \u00e0 22:00\u003C\/p\u003E"],"OuverturePasse":[],"OuvertureObjs":[{}],"OuvertureTab":[["20260815","20260815"]]},"html":" \n \u003Cdiv id=\"CV-PRESTATION-Y-COMMUNELIBRESTEOPPRTUNE-FETEDUPAINSTPERE\" data-contexte-id=\"PRESTATION|Y|COMMUNELIBRESTEOPPRTUNE|FETEDUPAINSTPERE\" data-cle=\"Y|COMMUNELIBRESTEOPPRTUNE|FETEDUPAINSTPERE\" class=\"fiche-liste\"\u003E\n    \n\n    \u003C!-- partie photo --\u003E\n    \u003Cdiv class=\"photo\"\u003E\t\t\t\t\t\t\t\t\t\t\t\t\t\t\t\t\t\t\t\t\t\n        \u003Cdiv class=\"cadre_photo_principale\"\u003E\t\t\n        \n            \t\t\t\t\t\n                    \u003Ca href=\"la-fete-du-pain.html?origine=carnet#media\"\u003E\n                        \u003Cimg class=\"photo_principale\" alt=\"fete-du-pain-2973\" src=\"https:\/\/www.saint-brevin.com\/medias\/images\/prestations\/multitailles\/320x240_fete-du-pain-2973-7956.jpg\" itemprop=\"image\"\u003E\n                    \u003C\/a\u003E\t\t\t\t\t\t\n                \n                    \u003C\/div\u003E\t\t\t\t\t\t\t\t\t\t\t\t\t\t\t\t\t\t\t \t\t\n    \u003C\/div\u003E\n    \n    \u003C!-- partie nom prest --\u003E\n    \u003Cdiv class=\"nom\"\u003E\n        \u003Ch2\u003ELa F\u00eate du Pain\u003C\/h2\u003E\n        \n            \u003C\/div\u003E\n\n     \u003Cul style=\"display: none\" class=\"ouverture_list\"\u003E\u003Cli class=\"ouverture_item\"\u003E\u003Cp class=\"date\" \u003ESamedi 15 ao\u00fbt 2026\u003C\/p\u003E\u003Cp class=\"heure\" \u003Ede 10:00 \u00e0 22:00\u003C\/p\u003E\u003C\/li\u003E\u003C\/ul\u003E    \n    \u003C!-- partie adresse --\u003E\n    \u003Cdiv class=\"adresse\"\u003E\n    \n          \n    \u003C\/div\u003E\n    \n    \u003C!-- partie liens --\u003E\n    \u003Cdiv class=\"liens\"\u003E\n            \u003Ca class=\"btn-icon btn-view \" title=\"Voir la fiche d\u00e9taill\u00e9e\" href=\"la-fete-du-pain.html?origine=carnet\"\u003E\u003C\/a\u003E\u003C!--\u003Ca class=\"btn-icon btn-view \" title=\"\" href=\"?origine=carnet#thaut\"\u003E\u003C\/a\u003E--\u003E\n      \u003Ca class=\"btn-icon btn-trash carnet_voyage_supprimer\" title=\"Supprimer cette fiche de mon carnet de voyage\" href=\"carnet-voyage?action=remove&fiche=Y|COMMUNELIBRESTEOPPRTUNE|FETEDUPAINSTPERE\"\u003E\u003C\/a\u003E\n    \u003C\/div\u003E\n\n\u003C\/div\u003E\n\n","icon":"https:\/\/static.ingenie.fr\/images\/carnetVoyageV3\/Y.png"},"fiche":"Y|COMMUNELIBRESTEOPPRTUNE|FETEDUPAINSTPERE","popup":"\u003Cdiv id=\"bloc_popup_ajout_fiche_carnet\"\u003E\n    \u003Cdiv class=\"info_popup_ajout_fiche_carnet\"\u003E\n        Vous venez d'ajouter cet \u00e9l\u00e9ment \u00e0 votre carnet de voyage :    \u003C\/div\u003E\n    \u003Cdiv class=\"prest_popup_ajout_fiche_carnet\"\u003E\n        La F&ecirc;te du Pain    \u003C\/div\u003E\n    \u003Cdiv class=\"bloc_btn_ajout_fiche_carnet form_submit_div\"\u003E\n        \u003Cinput type=\"button\" value=\"Continuer ma s\u00e9lection\" title=\"Continuer ma s\u00e9lection\" name=\"btn_close\" class=\"btn_close_popup_carnet form_submit\" onclick=\"$.colorbox.close()\" \/\u003E\n        \u003Cinput type=\"button\" value=\"Voir mon carnet de voyage\" title=\"Voir mon carnet\" name=\"btn_panier\" class=\"btn_panier_popup_carnet form_submit\" onclick=\"if(typeof CarnetVoyage != 'undefined') {CarnetVoyage.voirCarnet();}\" \/\u003E\n    \u003C\/div\u003E\n    \u003Cdiv class=\"bloc_btn_ajout_fiche_carnet\"\u003E\n        \u003Cinput type=\"checkbox\" value=\"1\" name=\"desactiver_popup\" id=\"desactiver_popup\" \/\u003E\n        \u003Clabel for=\"desactiver_popup\"\u003ENe plus afficher ce message\u003C\/label\u003E\n    \u003C\/div\u003E\n\u003C\/div\u003E","success":1}