{"nbFiches":1,"dataPrest":{"infoPrest":{"pave1":{"libelle":"Slogan","contenu":"","fichiers":[]},"pave2":{"libelle":"Descriptif","contenu":"Une manifestation festive et culturelle avec musiques, et chants du monde.\u003Cbr \/\u003E\r\n\u003Cbr \/\u003E\r\nPique-nique partag&eacute;, vente de boissons et de sal&eacute; sucr&eacute; sur place, jeux de plein air, improvisation th&eacute;&acirc;trale, programmation musicale : batucada, percussions avec Wassa percussion, Celt&#39;en Retz musique Irlandaise, L&eacute;o Corr&ecirc;a-Forro Br&eacute;sil (Danse Forro), R&eacute;mi Tone Music Tanzanie.\u003Cbr \/\u003E\r\n\u003Cbr \/\u003E\r\nEntr&eacute;e libre.\u003Cbr \/\u003E\r\n\u003Cbr \/\u003E\r\nSur place buvette et grignotage.","fichiers":[]},"pave3":{"libelle":"","contenu":""},"pave4":{"libelle":"","contenu":""},"pave5":{"libelle":"","contenu":""},"pave6":{"libelle":"","contenu":""},"pave7":{"libelle":"","contenu":""},"pave8":{"libelle":"","contenu":""},"pave9":{"libelle":"","contenu":""},"pave10":{"libelle":"","contenu":""},"pave11":{"libelle":"","contenu":""},"pave12":{"libelle":"","contenu":""},"pave13":{"libelle":"","contenu":""},"pave14":{"libelle":"","contenu":""},"pave15":{"libelle":"","contenu":""},"pave16":{"libelle":"","contenu":""},"pave17":{"libelle":"","contenu":""},"pave18":{"libelle":"","contenu":""},"pave19":{"libelle":"","contenu":""},"pave20":{"libelle":"","contenu":""},"pave21":{"libelle":"","contenu":""},"pave22":{"libelle":"","contenu":""},"pave23":{"libelle":"","contenu":""},"pave24":{"libelle":"","contenu":""},"pave25":{"libelle":"","contenu":""},"Libelle":"F\u00eate de la diversit\u00e9","Reference":"","Reftar":"","Type":"PRESTATION","TypePrestataire":"Y","ContexteStat":"PRESTATION-Y-COLLECTIFBREVINOISATTENTIFS-FETEDESTBREVINTERREDACCUEIL","DateModificationIso":"2025-05-14T11:58:00+02:00","Adresse":{"LigneAdresse1":"Parc du Pointeau","LigneAdresse2":"Avenue du Mar\u00e9chal Foch","LigneAdresse3":"","CodePostal":"44250","Ville":"ST BREVIN LES PINS","Cedex":"","Etat":"","Pays":"FRA"},"Id":"y-collectifbrevinoisattentifs-fetedestbrevinterredaccueil","Code":"Y|COLLECTIFBREVINOISATTENTIFS|FETEDESTBREVINTERREDACCUEIL","Cle":"Y|COLLECTIFBREVINOISATTENTIFS|FETEDESTBREVINTERREDACCUEIL","Url":"fete-de-la-diversite.html","Localisation":{"GoogleMap":{"Latitude":"47.23425","Longitude":"-2.17672"}},"ZoneGeo":"","Criteres":{"LIEUMANIF[SAINTBREVIN":"","CATEGORIEANIMATION[CONCER":"","CATEGORIEANIMATION[TRADITIONFOLKLORE":"","DETAILCONCERTSPECTACLE[DANS":"","DETAILCONCERTSPECTACLE[MOND":"","ICA[ICATP":"","ICA[BARSURPLACE":"","ANIAH[ANIACC":"","MODEPAIEMENT[ENTREELIBRE":"","TYPE[LOISI":"","MISEAJOURINGENIE[DATEDERNIEREMAJ":"20250514","MISEAJOURPAR[AMANDINE":""},"Prestataire":{"pave1":{"libelle":"Descriptif","contenu":""},"pave2":{"libelle":"","contenu":""},"pave3":{"libelle":"","contenu":""},"pave4":{"libelle":"","contenu":""},"pave5":{"libelle":"","contenu":""},"pave6":{"libelle":"","contenu":""},"pave7":{"libelle":"","contenu":""},"pave8":{"libelle":"","contenu":""},"pave9":{"libelle":"","contenu":""},"pave10":{"libelle":"","contenu":""},"pave11":{"libelle":"","contenu":""},"pave12":{"libelle":"","contenu":""},"pave13":{"libelle":"","contenu":""},"pave14":{"libelle":"","contenu":""},"pave15":{"libelle":"","contenu":""},"pave16":{"libelle":"","contenu":""},"pave17":{"libelle":"","contenu":""},"pave18":{"libelle":"","contenu":""},"pave19":{"libelle":"","contenu":""},"pave20":{"libelle":"","contenu":""},"pave21":{"libelle":"","contenu":""},"pave22":{"libelle":"","contenu":""},"pave23":{"libelle":"","contenu":""},"pave24":{"libelle":"","contenu":""},"pave25":{"libelle":"","contenu":""},"Libelle":"Collectif des Br\u00e9vinois Attentifs et Solidaires","Nom":"Collectif des Br\u00e9vinois Attentifs et Solidaires","Prenom":"","NomPrenom":"Collectif des Br\u00e9vinois Attentifs et Solidaires ","CiviliteNomPrenom":"Collectif des Br\u00e9vinois Attentifs et Solidaires ","Cle":"Y|COLLECTIFBREVINOISATTENTIFS","PrestataireParent":"","ContexteStat":"PRESTATAIRE-Y-COLLECTIFBREVINOISATTENTIFS","DateModificationIso":"2023-06-08T17:31:00+02:00","Type":"PRESTATAIRE","TypePrestataire":"Y","Adresse":{"LigneAdresse1":"","LigneAdresse2":"","LigneAdresse3":"","CodePostal":"44250","Ville":"ST BREVIN LES PINS","Cedex":"","Etat":"","Pays":"FRA"},"Email":"attentifsbrevinois@gmail.com","Telephone":"","TelephoneBureau":"","Portable":"","SiteWeb":"https:\/\/cbas44.home.blog\/","Fax":"","Id":"y-collectifbrevinoisattentifs","Code":"Y|COLLECTIFBREVINOISATTENTIFS","Fichier":[],"Url":"","Localisation":{"GoogleMap":{"Latitude":"","Longitude":""}},"ZoneGeo":"","Criteres":[],"DateFinPublication":""},"Fichier":{"Image":[{"url":"https:\/\/www.saint-brevin.com\/medias\/images\/prestations\/capture-d-cran-2024-01-22-094203-21120.png","chemin":"..\/medias\/images\/prestations\/capture-d-cran-2024-01-22-094203-21120.png","libelle":"capture-d-cran-2024-01-22-094203-21120","extension":"png","categorie":"","largeur":522,"theme":"","hauteur":304,"type":"Image","origine":"","liaisonPave":"","langue":"","id":"21120","urlVignette":"https:\/\/www.saint-brevin.com\/medias\/images\/prestations\/v-capture-d-cran-2024-01-22-094203-21120.png","alt":"capture-d-cran-2024-01-22-094203-21120","title":"capture-d-cran-2024-01-22-094203-21120","MultiTaille":{"1920x1440":{"url":"https:\/\/www.saint-brevin.com\/medias\/images\/prestations\/multitailles\/1920x1440_capture-d-cran-2024-01-22-094203-21120.png"},"1200x900":{"url":"https:\/\/www.saint-brevin.com\/medias\/images\/prestations\/multitailles\/1200x900_capture-d-cran-2024-01-22-094203-21120.png"},"800x600":{"url":"https:\/\/www.saint-brevin.com\/medias\/images\/prestations\/multitailles\/800x600_capture-d-cran-2024-01-22-094203-21120.png"},"640x480":{"url":"https:\/\/www.saint-brevin.com\/medias\/images\/prestations\/multitailles\/640x480_capture-d-cran-2024-01-22-094203-21120.png"},"320x240":{"url":"https:\/\/www.saint-brevin.com\/medias\/images\/prestations\/multitailles\/320x240_capture-d-cran-2024-01-22-094203-21120.png"},"160x120":{"url":"https:\/\/www.saint-brevin.com\/medias\/images\/prestations\/multitailles\/160x120_capture-d-cran-2024-01-22-094203-21120.png"},"origine":{"url":"https:\/\/www.saint-brevin.com\/medias\/images\/prestations\/capture-d-cran-2024-01-22-094203-21120.png"}},"urlLien":"","typeLien":"","nofollow":"N","copyright":""},{"url":"https:\/\/www.saint-brevin.com\/medias\/images\/prestations\/thumbnail-img-20240602-wa0012-brevinois-attentifs-27216.jpg","chemin":"..\/medias\/images\/prestations\/thumbnail-img-20240602-wa0012-brevinois-attentifs-27216.jpg","libelle":"thumbnail-img-20240602-wa0012-brevinois-attentifs-27216","extension":"jpg","categorie":"","largeur":333,"theme":"","hauteur":250,"type":"Image","origine":"","liaisonPave":"","langue":"","id":"27216","urlVignette":"https:\/\/www.saint-brevin.com\/medias\/images\/prestations\/v-thumbnail-img-20240602-wa0012-brevinois-attentifs-27216.jpg","alt":"thumbnail-img-20240602-wa0012-brevinois-attentifs-27216","title":"thumbnail-img-20240602-wa0012-brevinois-attentifs-27216","MultiTaille":{"1920x1440":{"url":"https:\/\/www.saint-brevin.com\/medias\/images\/prestations\/multitailles\/1920x1440_thumbnail-img-20240602-wa0012-brevinois-attentifs-27216.jpg"},"1200x900":{"url":"https:\/\/www.saint-brevin.com\/medias\/images\/prestations\/multitailles\/1200x900_thumbnail-img-20240602-wa0012-brevinois-attentifs-27216.jpg"},"800x600":{"url":"https:\/\/www.saint-brevin.com\/medias\/images\/prestations\/multitailles\/800x600_thumbnail-img-20240602-wa0012-brevinois-attentifs-27216.jpg"},"640x480":{"url":"https:\/\/www.saint-brevin.com\/medias\/images\/prestations\/multitailles\/640x480_thumbnail-img-20240602-wa0012-brevinois-attentifs-27216.jpg"},"320x240":{"url":"https:\/\/www.saint-brevin.com\/medias\/images\/prestations\/multitailles\/320x240_thumbnail-img-20240602-wa0012-brevinois-attentifs-27216.jpg"},"160x120":{"url":"https:\/\/www.saint-brevin.com\/medias\/images\/prestations\/multitailles\/160x120_thumbnail-img-20240602-wa0012-brevinois-attentifs-27216.jpg"},"origine":{"url":"https:\/\/www.saint-brevin.com\/medias\/images\/prestations\/thumbnail-img-20240602-wa0012-brevinois-attentifs-27216.jpg"}},"urlLien":"","typeLien":"","nofollow":"N","copyright":""},{"url":"https:\/\/www.saint-brevin.com\/medias\/images\/prestations\/thumbnail-img-20240604-wa0005-brevinois-attentifs-27217.jpg","chemin":"..\/medias\/images\/prestations\/thumbnail-img-20240604-wa0005-brevinois-attentifs-27217.jpg","libelle":"thumbnail-img-20240604-wa0005-brevinois-attentifs-27217","extension":"jpg","categorie":"","largeur":444,"theme":"","hauteur":250,"type":"Image","origine":"","liaisonPave":"","langue":"","id":"27217","urlVignette":"https:\/\/www.saint-brevin.com\/medias\/images\/prestations\/v-thumbnail-img-20240604-wa0005-brevinois-attentifs-27217.jpg","alt":"thumbnail-img-20240604-wa0005-brevinois-attentifs-27217","title":"thumbnail-img-20240604-wa0005-brevinois-attentifs-27217","MultiTaille":{"1920x1440":{"url":"https:\/\/www.saint-brevin.com\/medias\/images\/prestations\/multitailles\/1920x1440_thumbnail-img-20240604-wa0005-brevinois-attentifs-27217.jpg"},"1200x900":{"url":"https:\/\/www.saint-brevin.com\/medias\/images\/prestations\/multitailles\/1200x900_thumbnail-img-20240604-wa0005-brevinois-attentifs-27217.jpg"},"800x600":{"url":"https:\/\/www.saint-brevin.com\/medias\/images\/prestations\/multitailles\/800x600_thumbnail-img-20240604-wa0005-brevinois-attentifs-27217.jpg"},"640x480":{"url":"https:\/\/www.saint-brevin.com\/medias\/images\/prestations\/multitailles\/640x480_thumbnail-img-20240604-wa0005-brevinois-attentifs-27217.jpg"},"320x240":{"url":"https:\/\/www.saint-brevin.com\/medias\/images\/prestations\/multitailles\/320x240_thumbnail-img-20240604-wa0005-brevinois-attentifs-27217.jpg"},"160x120":{"url":"https:\/\/www.saint-brevin.com\/medias\/images\/prestations\/multitailles\/160x120_thumbnail-img-20240604-wa0005-brevinois-attentifs-27217.jpg"},"origine":{"url":"https:\/\/www.saint-brevin.com\/medias\/images\/prestations\/thumbnail-img-20240604-wa0005-brevinois-attentifs-27217.jpg"}},"urlLien":"","typeLien":"","nofollow":"N","copyright":""}],"ByCategorie":{"":[{"url":"https:\/\/www.saint-brevin.com\/medias\/images\/prestations\/capture-d-cran-2024-01-22-094203-21120.png","chemin":"..\/medias\/images\/prestations\/capture-d-cran-2024-01-22-094203-21120.png","libelle":"capture-d-cran-2024-01-22-094203-21120","extension":"png","categorie":"","largeur":522,"theme":"","hauteur":304,"type":"Image","origine":"","liaisonPave":"","langue":"","id":"21120","urlVignette":"https:\/\/www.saint-brevin.com\/medias\/images\/prestations\/v-capture-d-cran-2024-01-22-094203-21120.png","alt":"capture-d-cran-2024-01-22-094203-21120","title":"capture-d-cran-2024-01-22-094203-21120","MultiTaille":{"1920x1440":{"url":"https:\/\/www.saint-brevin.com\/medias\/images\/prestations\/multitailles\/1920x1440_capture-d-cran-2024-01-22-094203-21120.png"},"1200x900":{"url":"https:\/\/www.saint-brevin.com\/medias\/images\/prestations\/multitailles\/1200x900_capture-d-cran-2024-01-22-094203-21120.png"},"800x600":{"url":"https:\/\/www.saint-brevin.com\/medias\/images\/prestations\/multitailles\/800x600_capture-d-cran-2024-01-22-094203-21120.png"},"640x480":{"url":"https:\/\/www.saint-brevin.com\/medias\/images\/prestations\/multitailles\/640x480_capture-d-cran-2024-01-22-094203-21120.png"},"320x240":{"url":"https:\/\/www.saint-brevin.com\/medias\/images\/prestations\/multitailles\/320x240_capture-d-cran-2024-01-22-094203-21120.png"},"160x120":{"url":"https:\/\/www.saint-brevin.com\/medias\/images\/prestations\/multitailles\/160x120_capture-d-cran-2024-01-22-094203-21120.png"},"origine":{"url":"https:\/\/www.saint-brevin.com\/medias\/images\/prestations\/capture-d-cran-2024-01-22-094203-21120.png"}},"urlLien":"","typeLien":"","nofollow":"N","copyright":""},{"url":"https:\/\/www.saint-brevin.com\/medias\/images\/prestations\/thumbnail-img-20240602-wa0012-brevinois-attentifs-27216.jpg","chemin":"..\/medias\/images\/prestations\/thumbnail-img-20240602-wa0012-brevinois-attentifs-27216.jpg","libelle":"thumbnail-img-20240602-wa0012-brevinois-attentifs-27216","extension":"jpg","categorie":"","largeur":333,"theme":"","hauteur":250,"type":"Image","origine":"","liaisonPave":"","langue":"","id":"27216","urlVignette":"https:\/\/www.saint-brevin.com\/medias\/images\/prestations\/v-thumbnail-img-20240602-wa0012-brevinois-attentifs-27216.jpg","alt":"thumbnail-img-20240602-wa0012-brevinois-attentifs-27216","title":"thumbnail-img-20240602-wa0012-brevinois-attentifs-27216","MultiTaille":{"1920x1440":{"url":"https:\/\/www.saint-brevin.com\/medias\/images\/prestations\/multitailles\/1920x1440_thumbnail-img-20240602-wa0012-brevinois-attentifs-27216.jpg"},"1200x900":{"url":"https:\/\/www.saint-brevin.com\/medias\/images\/prestations\/multitailles\/1200x900_thumbnail-img-20240602-wa0012-brevinois-attentifs-27216.jpg"},"800x600":{"url":"https:\/\/www.saint-brevin.com\/medias\/images\/prestations\/multitailles\/800x600_thumbnail-img-20240602-wa0012-brevinois-attentifs-27216.jpg"},"640x480":{"url":"https:\/\/www.saint-brevin.com\/medias\/images\/prestations\/multitailles\/640x480_thumbnail-img-20240602-wa0012-brevinois-attentifs-27216.jpg"},"320x240":{"url":"https:\/\/www.saint-brevin.com\/medias\/images\/prestations\/multitailles\/320x240_thumbnail-img-20240602-wa0012-brevinois-attentifs-27216.jpg"},"160x120":{"url":"https:\/\/www.saint-brevin.com\/medias\/images\/prestations\/multitailles\/160x120_thumbnail-img-20240602-wa0012-brevinois-attentifs-27216.jpg"},"origine":{"url":"https:\/\/www.saint-brevin.com\/medias\/images\/prestations\/thumbnail-img-20240602-wa0012-brevinois-attentifs-27216.jpg"}},"urlLien":"","typeLien":"","nofollow":"N","copyright":""},{"url":"https:\/\/www.saint-brevin.com\/medias\/images\/prestations\/thumbnail-img-20240604-wa0005-brevinois-attentifs-27217.jpg","chemin":"..\/medias\/images\/prestations\/thumbnail-img-20240604-wa0005-brevinois-attentifs-27217.jpg","libelle":"thumbnail-img-20240604-wa0005-brevinois-attentifs-27217","extension":"jpg","categorie":"","largeur":444,"theme":"","hauteur":250,"type":"Image","origine":"","liaisonPave":"","langue":"","id":"27217","urlVignette":"https:\/\/www.saint-brevin.com\/medias\/images\/prestations\/v-thumbnail-img-20240604-wa0005-brevinois-attentifs-27217.jpg","alt":"thumbnail-img-20240604-wa0005-brevinois-attentifs-27217","title":"thumbnail-img-20240604-wa0005-brevinois-attentifs-27217","MultiTaille":{"1920x1440":{"url":"https:\/\/www.saint-brevin.com\/medias\/images\/prestations\/multitailles\/1920x1440_thumbnail-img-20240604-wa0005-brevinois-attentifs-27217.jpg"},"1200x900":{"url":"https:\/\/www.saint-brevin.com\/medias\/images\/prestations\/multitailles\/1200x900_thumbnail-img-20240604-wa0005-brevinois-attentifs-27217.jpg"},"800x600":{"url":"https:\/\/www.saint-brevin.com\/medias\/images\/prestations\/multitailles\/800x600_thumbnail-img-20240604-wa0005-brevinois-attentifs-27217.jpg"},"640x480":{"url":"https:\/\/www.saint-brevin.com\/medias\/images\/prestations\/multitailles\/640x480_thumbnail-img-20240604-wa0005-brevinois-attentifs-27217.jpg"},"320x240":{"url":"https:\/\/www.saint-brevin.com\/medias\/images\/prestations\/multitailles\/320x240_thumbnail-img-20240604-wa0005-brevinois-attentifs-27217.jpg"},"160x120":{"url":"https:\/\/www.saint-brevin.com\/medias\/images\/prestations\/multitailles\/160x120_thumbnail-img-20240604-wa0005-brevinois-attentifs-27217.jpg"},"origine":{"url":"https:\/\/www.saint-brevin.com\/medias\/images\/prestations\/thumbnail-img-20240604-wa0005-brevinois-attentifs-27217.jpg"}},"urlLien":"","typeLien":"","nofollow":"N","copyright":""}]}},"DateDebPublication":"","DateFinPublication":"","PrixAPartirDe":"","PrixPour":"","FicheListeEnCours":"fiche_liste_agenda_prestation_v2017","ParametresModele":{"AfficherPhotos":"1","NbPhotosMax":6,"AfficherReserver":0,"AfficherContact":0,"AfficherSalle":1,"AfficherZoneGeo":0,"AfficherEnSavoirPlus":"1","AfficherUneSeuleOuverture":"1","AfficherContactCarte":1,"AfficherTarifsChaudAPartirDe":0,"AfficherTarifChaudSansRecherche":0,"AfficherLiensCarnetVoyage":"1","AfficherOuverture":"1","BlocCritereInfo":{"critere1":{"libelle":""},"critere2":{"libelle":""},"critere3":{"libelle":""},"critere4":{"libelle":""},"critere5":{"libelle":""},"critere6":{"libelle":""},"critere7":{"libelle":"","liste_critere":["COMMUNES|Y"]},"critere8":{"libelle":""},"critere9":{"libelle":""},"afficherpictoetpaslibelle":"1"},"CriteresComportementResa":"|RESABILLET[RESAENLIGNE|","PositionBloc":"GALLERIE|NOM|OUVERTURES|CARNET_VOYAGE|URL|LIEN_RESERVER_DETAIL","TypePrestataire":"Y","ComportementResa":false,"ComportementDispo":false},"AffichageCoordonnees":[],"Coordonnees":{"Ville":"ST BREVIN LES PINS"},"ContexteId":"PRESTATION|Y|COLLECTIFBREVINOISATTENTIFS|FETEDESTBREVINTERREDACCUEIL","ContexteIdHtml":"PRESTATION-Y-COLLECTIFBREVINOISATTENTIFS-FETEDESTBREVINTERREDACCUEIL","cleContexte":"Y|COLLECTIFBREVINOISATTENTIFS|FETEDESTBREVINTERREDACCUEIL","Bloc":{"texte1":"","texte3":"","critere1":{"libelle":"","contenu":[]},"critere2":{"libelle":"","contenu":[]},"critere3":{"libelle":"","contenu":[]},"critere4":{"libelle":"","contenu":[]},"critere5":{"libelle":"","contenu":[]},"critere6":{"libelle":"","contenu":[]},"critere7":{"libelle":"","contenu":[]},"critere8":{"libelle":"","contenu":[]},"critere9":{"libelle":"","contenu":[]}},"LocalisationGps":{"Latitude":"47.23425","Longitude":"-2.17672"},"libelleDuPrestataire":"","vuePrestataire":{"pave1":{"libelle":"Descriptif","contenu":""},"pave2":{"libelle":"","contenu":""},"pave3":{"libelle":"","contenu":""},"pave4":{"libelle":"","contenu":""},"pave5":{"libelle":"","contenu":""},"pave6":{"libelle":"","contenu":""},"pave7":{"libelle":"","contenu":""},"pave8":{"libelle":"","contenu":""},"pave9":{"libelle":"","contenu":""},"pave10":{"libelle":"","contenu":""},"pave11":{"libelle":"","contenu":""},"pave12":{"libelle":"","contenu":""},"pave13":{"libelle":"","contenu":""},"pave14":{"libelle":"","contenu":""},"pave15":{"libelle":"","contenu":""},"pave16":{"libelle":"","contenu":""},"pave17":{"libelle":"","contenu":""},"pave18":{"libelle":"","contenu":""},"pave19":{"libelle":"","contenu":""},"pave20":{"libelle":"","contenu":""},"pave21":{"libelle":"","contenu":""},"pave22":{"libelle":"","contenu":""},"pave23":{"libelle":"","contenu":""},"pave24":{"libelle":"","contenu":""},"pave25":{"libelle":"","contenu":""},"Libelle":"Collectif des Br\u00e9vinois Attentifs et Solidaires","Nom":"Collectif des Br\u00e9vinois Attentifs et Solidaires","Prenom":"","NomPrenom":"Collectif des Br\u00e9vinois Attentifs et Solidaires ","CiviliteNomPrenom":"Collectif des Br\u00e9vinois Attentifs et Solidaires ","Cle":"Y|COLLECTIFBREVINOISATTENTIFS","PrestataireParent":"","ContexteStat":"PRESTATAIRE-Y-COLLECTIFBREVINOISATTENTIFS","DateModificationIso":"2023-06-08T17:31:00+02:00","Type":"PRESTATAIRE","TypePrestataire":"Y","Adresse":{"LigneAdresse1":"","LigneAdresse2":"","LigneAdresse3":"","CodePostal":"44250","Ville":"ST BREVIN LES PINS","Cedex":"","Etat":"","Pays":"FRA"},"Email":"attentifsbrevinois@gmail.com","Telephone":"","TelephoneBureau":"","Portable":"","SiteWeb":"https:\/\/cbas44.home.blog\/","Fax":"","Id":"y-collectifbrevinoisattentifs","Code":"Y|COLLECTIFBREVINOISATTENTIFS","Fichier":[],"Url":"","Localisation":{"GoogleMap":{"Latitude":"","Longitude":""}},"ZoneGeo":"","Criteres":[],"DateFinPublication":"","AffichageCoordonnees":[]},"listeCriteres":{"LIEUMANIF":{"SAINTBREVIN":""},"CATEGORIEANIMATION":{"CONCER":"","TRADITIONFOLKLORE":""},"DETAILCONCERTSPECTACLE":{"DANS":"","MOND":""},"ICA":{"ICATP":"","BARSURPLACE":""},"ANIAH":{"ANIACC":""},"MODEPAIEMENT":{"ENTREELIBRE":""},"TYPE":{"LOISI":""},"MISEAJOURINGENIE":{"DATEDERNIEREMAJ":"20250514"},"MISEAJOURPAR":{"AMANDINE":""}},"dansCarnetVoyage":true,"Ouverture":[],"OuverturePasse":[]},"html":" \n \u003Cdiv id=\"CV-PRESTATION-Y-COLLECTIFBREVINOISATTENTIFS-FETEDESTBREVINTERREDACCUEIL\" data-contexte-id=\"PRESTATION|Y|COLLECTIFBREVINOISATTENTIFS|FETEDESTBREVINTERREDACCUEIL\" data-cle=\"Y|COLLECTIFBREVINOISATTENTIFS|FETEDESTBREVINTERREDACCUEIL\" class=\"fiche-liste\"\u003E\n    \n\n    \u003C!-- partie photo --\u003E\n    \u003Cdiv class=\"photo\"\u003E\t\t\t\t\t\t\t\t\t\t\t\t\t\t\t\t\t\t\t\t\t\n        \u003Cdiv class=\"cadre_photo_principale\"\u003E\t\t\n        \n            \t\t\t\t\t\n                    \u003Ca href=\"fete-de-la-diversite.html?origine=carnet#media\"\u003E\n                        \u003Cimg class=\"photo_principale\" alt=\"capture-d-cran-2024-01-22-094203-21120\" src=\"https:\/\/www.saint-brevin.com\/medias\/images\/prestations\/multitailles\/320x240_capture-d-cran-2024-01-22-094203-21120.png\" itemprop=\"image\"\u003E\n                    \u003C\/a\u003E\t\t\t\t\t\t\n                \n                    \u003C\/div\u003E\t\t\t\t\t\t\t\t\t\t\t\t\t\t\t\t\t\t\t \t\t\n    \u003C\/div\u003E\n    \n    \u003C!-- partie nom prest --\u003E\n    \u003Cdiv class=\"nom\"\u003E\n        \u003Ch2\u003EF\u00eate de la diversit\u00e9\u003C\/h2\u003E\n        \n            \u003C\/div\u003E\n\n         \n    \u003C!-- partie adresse --\u003E\n    \u003Cdiv class=\"adresse\"\u003E\n    \n          \n    \u003C\/div\u003E\n    \n    \u003C!-- partie liens --\u003E\n    \u003Cdiv class=\"liens\"\u003E\n            \u003Ca class=\"btn-icon btn-view \" title=\"Voir la fiche d\u00e9taill\u00e9e\" href=\"fete-de-la-diversite.html?origine=carnet\"\u003E\u003C\/a\u003E\u003C!--\u003Ca class=\"btn-icon btn-view \" title=\"\" href=\"?origine=carnet#thaut\"\u003E\u003C\/a\u003E--\u003E\n      \u003Ca class=\"btn-icon btn-trash carnet_voyage_supprimer\" title=\"Supprimer cette fiche de mon carnet de voyage\" href=\"carnet-voyage?action=remove&fiche=Y|COLLECTIFBREVINOISATTENTIFS|FETEDESTBREVINTERREDACCUEIL\"\u003E\u003C\/a\u003E\n    \u003C\/div\u003E\n\n\u003C\/div\u003E\n\n","icon":"https:\/\/static.ingenie.fr\/images\/carnetVoyageV3\/Y.png"},"fiche":"Y|COLLECTIFBREVINOISATTENTIFS|FETEDESTBREVINTERREDACCUEIL","popup":"\u003Cdiv id=\"bloc_popup_ajout_fiche_carnet\"\u003E\n    \u003Cdiv class=\"info_popup_ajout_fiche_carnet\"\u003E\n        Vous venez d'ajouter cet \u00e9l\u00e9ment \u00e0 votre carnet de voyage :    \u003C\/div\u003E\n    \u003Cdiv class=\"prest_popup_ajout_fiche_carnet\"\u003E\n        F&ecirc;te de la diversit&eacute;    \u003C\/div\u003E\n    \u003Cdiv class=\"bloc_btn_ajout_fiche_carnet form_submit_div\"\u003E\n        \u003Cinput type=\"button\" value=\"Continuer ma s\u00e9lection\" title=\"Continuer ma s\u00e9lection\" name=\"btn_close\" class=\"btn_close_popup_carnet form_submit\" onclick=\"$.colorbox.close()\" \/\u003E\n        \u003Cinput type=\"button\" value=\"Voir mon carnet de voyage\" title=\"Voir mon carnet\" name=\"btn_panier\" class=\"btn_panier_popup_carnet form_submit\" onclick=\"if(typeof CarnetVoyage != 'undefined') {CarnetVoyage.voirCarnet();}\" \/\u003E\n    \u003C\/div\u003E\n    \u003Cdiv class=\"bloc_btn_ajout_fiche_carnet\"\u003E\n        \u003Cinput type=\"checkbox\" value=\"1\" name=\"desactiver_popup\" id=\"desactiver_popup\" \/\u003E\n        \u003Clabel for=\"desactiver_popup\"\u003ENe plus afficher ce message\u003C\/label\u003E\n    \u003C\/div\u003E\n\u003C\/div\u003E","success":1}