{"nbFiches":1,"dataPrest":{"infoPrest":{"pave1":{"libelle":"Slogan","contenu":"","fichiers":[]},"pave2":{"libelle":"Descriptif","contenu":"Ce rallye au d&eacute;part de\u003Cspan style=\"color: rgb(34, 34, 34); font-family: Arial, Helvetica, sans-serif; font-size: small; font-style: normal; font-variant-ligatures: normal; font-variant-caps: normal; font-weight: 400; letter-spacing: normal; orphans: 2; text-align: start; text-indent: 0px; text-transform: none; widows: 2; word-spacing: 0px; -webkit-text-stroke-width: 0px; white-space: normal; background-color: rgb(255, 255, 255); text-decoration-thickness: initial; text-decoration-style: initial; text-decoration-color: initial; display: inline !important; float: none;\"\u003E Mouillerons en Pareds &ndash; Paimboeuf, \u003C\/span\u003E\u003Cspan style=\"color: rgb(34, 34, 34); font-family: Arial, Helvetica, sans-serif; font-size: small; font-style: normal; font-variant-ligatures: normal; font-variant-caps: normal; font-weight: 400; letter-spacing: normal; orphans: 2; text-align: start; text-indent: 0px; text-transform: none; widows: 2; word-spacing: 0px; -webkit-text-stroke-width: 0px; white-space: normal; background-color: rgb(255, 255, 255); text-decoration-thickness: initial; text-decoration-style: initial; text-decoration-color: initial; display: inline !important; float: none;\"\u003Edes cyclistes des clubs de v&eacute;lo des Villes amies de la Brosse &agrave; v&eacute;lo\u003C\/span\u003E, rend hommage aux jeunes FFI du Limousin venus lib&eacute;rer les villes du secteur et y ayant perdu la vie.&nbsp;\u003Cbr \/\u003E\r\n\u003Cbr \/\u003E\r\n\u003Cu\u003E\u003Cstrong\u003ELe contexte :&nbsp;\u003C\/strong\u003E\u003C\/u\u003E\u003Cbr \/\u003E\r\nC&rsquo;est &agrave; Saint-Viaud, au village de la Brosse, le 12 mai 1945, que se d&eacute;roula le dernier fait de guerre\u003Cbr \/\u003E\r\nsur le sol fran&ccedil;ais. Alors que de jeunes soldats FFI du Limousin encadrent les soldats allemands qui viennent de se rendre, la grange o&ugrave; sont entass&eacute;es toutes les munitions explose. Cinq jeunes FFI et deux postiers locaux y laissent la vie.\u003Cbr \/\u003E\r\n\u003Cbr \/\u003E\r\nPensant que la grange a pu &ecirc;tre pi&eacute;g&eacute;e par les Allemands, les hommes tournent leur regard vers leur chef de section, Andr&eacute; D&eacute;sourteaux. Ce dernier s&rsquo;est engag&eacute;, suite au d&eacute;c&egrave;s de 18 membres de sa famille dans le massacre d&rsquo;Oradour-sur-Glane, dans l&rsquo;id&eacute;e de venger les siens. Un geste et ses hommes ouvrent le feu sur les prisonniers. Mais il d&eacute;cide de leur laisser la vie sauve.\u003Cbr \/\u003E\r\n\u003Cbr \/\u003E\r\nCet acte de courage est rest&eacute; inconnu jusqu&rsquo;en 2015 et les recherches entreprises par Roch Ch&eacute;raud le maire de la commune de Saint-Viaud. Andr&eacute; D&eacute;sourteaux a &eacute;t&eacute; nomm&eacute; citoyen d&rsquo;honneur de la commune, de fa&ccedil;on &agrave; ce que son acte de courage reste un mod&egrave;le pour les g&eacute;n&eacute;rations &agrave; venir. La r&eacute;sidence qui va h&eacute;berger les jeunes actifs et dont l&rsquo;ouverture est pr&eacute;vue pour mai 2023 porte le nom d&rsquo;Andr&eacute; D&eacute;sourteaux &eacute;galement.\u003Cbr \/\u003E\r\n\u003Cbr \/\u003E\r\nLe Chalard, Oradour-sur-Glane, Roy&egrave;res, Saint-L&eacute;onard-de-Noblat, Saint-Mathieu, Terrasson-Lavilledieu, Saint-Viaud et Paimb&oelig;uf sont des villes &agrave; jamais li&eacute;es par le drame de la Brosse. &Agrave; l&rsquo;exception, d&rsquo;Oradour-sur-Glane, ville d&rsquo;o&ugrave; &eacute;tait originaire Andr&eacute; Desourteaux, toutes comptent un de leur citoyen d&eacute;c&eacute;d&eacute; lors de l&rsquo;explosion de la Brosse.\u003Cbr \/\u003E\r\n\u003Cbr \/\u003E\r\n\u003Cstrong\u003EVenez nombreux encourager les participants &agrave; l&#39;arriv&eacute;e de ce rallye rendant hommage aux hommes qui se sont battus pour notre libert&eacute; et les valeurs de la France.\u003C\/strong\u003E\u003Cbr \/\u003E\r\n\u003Cbr \/\u003E\r\n\u003Cspan style=\"font-size:16px;\"\u003E\u003Ca href=\"https:\/\/www.saint-brevin.com\/les-balades-eacute-motions-le-drame-de-la-brosse.html\"\u003E\u003Cu\u003E\u003Cspan style=\"color:#008080;\"\u003E\u003Cstrong\u003ERetrouvez notre podcast d&eacute;di&eacute; &agrave; ce drame ici\u003C\/strong\u003E\u003C\/span\u003E\u003C\/u\u003E\u003C\/a\u003E\u003C\/span\u003E\r\n\u003Cdiv\u003E&nbsp;\u003C\/div\u003E\r\n\r\n\u003Cdiv\u003E&nbsp;\u003C\/div\u003E\r\n","fichiers":[]},"pave3":{"libelle":"","contenu":""},"pave4":{"libelle":"","contenu":""},"pave5":{"libelle":"","contenu":""},"pave6":{"libelle":"","contenu":""},"pave7":{"libelle":"","contenu":""},"pave8":{"libelle":"","contenu":""},"pave9":{"libelle":"","contenu":""},"pave10":{"libelle":"","contenu":""},"pave11":{"libelle":"","contenu":""},"pave12":{"libelle":"","contenu":""},"pave13":{"libelle":"","contenu":""},"pave14":{"libelle":"","contenu":""},"pave15":{"libelle":"","contenu":""},"pave16":{"libelle":"","contenu":""},"pave17":{"libelle":"","contenu":""},"pave18":{"libelle":"","contenu":""},"pave19":{"libelle":"","contenu":""},"pave20":{"libelle":"","contenu":""},"pave21":{"libelle":"","contenu":""},"pave22":{"libelle":"","contenu":""},"pave23":{"libelle":"","contenu":""},"pave24":{"libelle":"","contenu":""},"pave25":{"libelle":"","contenu":""},"Libelle":"Rallye de la libert\u00e9 - Andr\u00e9 D\u00e9sourteaux","Reference":"","Reftar":"","Type":"PRESTATION","TypePrestataire":"Y","ContexteStat":"PRESTATION-Y-ASSOVILLESAMIESDELABROSSE-RALLYEDELALIBERTEANDREDESOURTE","DateModificationIso":"2025-03-20T12:39:00+01:00","Adresse":{"LigneAdresse1":"Quai Eole","LigneAdresse2":"","LigneAdresse3":"","CodePostal":"44560","Ville":"PAIMBOEUF","Cedex":"","Etat":"","Pays":"FRA"},"Id":"y-assovillesamiesdelabrosse-rallyedelaliberteandredesourte","Code":"Y|ASSOVILLESAMIESDELABROSSE|RALLYEDELALIBERTEANDREDESOURTE","Cle":"Y|ASSOVILLESAMIESDELABROSSE|RALLYEDELALIBERTEANDREDESOURTE","Url":"rallye-de-la-liberte-andre-desourteaux.html","Localisation":{"GoogleMap":{"Latitude":"47.28898","Longitude":"-2.03504"}},"ZoneGeo":"","Criteres":{"LIEUMANIF[PAIMBOEUF":"","LIEUMANIF[SAINTVIAUD":"","TYPEDEPROGRAMMATION[80ANSLIBERATION":"","CATEGORIEANIMATION[SPORT":"","DETAILANIMATIONSPORTIVE[CYCLISME":"","THEME[HISTO":"","THEME[AUTRE":"Hommage","TYPE[VILLESTVIAUD":"","TYPE[VILLEPAIMPBOEUF":"","MISEAJOURINGENIE[DATEDERNIEREMAJ":"20250320","MISEAJOURPAR[AMANDINE":""},"Prestataire":{"pave1":{"libelle":"Descriptif","contenu":""},"pave2":{"libelle":"","contenu":""},"pave3":{"libelle":"","contenu":""},"pave4":{"libelle":"","contenu":""},"pave5":{"libelle":"","contenu":""},"pave6":{"libelle":"","contenu":""},"pave7":{"libelle":"","contenu":""},"pave8":{"libelle":"","contenu":""},"pave9":{"libelle":"","contenu":""},"pave10":{"libelle":"","contenu":""},"pave11":{"libelle":"","contenu":""},"pave12":{"libelle":"","contenu":""},"pave13":{"libelle":"","contenu":""},"pave14":{"libelle":"","contenu":""},"pave15":{"libelle":"","contenu":""},"pave16":{"libelle":"","contenu":""},"pave17":{"libelle":"","contenu":""},"pave18":{"libelle":"","contenu":""},"pave19":{"libelle":"","contenu":""},"pave20":{"libelle":"","contenu":""},"pave21":{"libelle":"","contenu":""},"pave22":{"libelle":"","contenu":""},"pave23":{"libelle":"","contenu":""},"pave24":{"libelle":"","contenu":""},"pave25":{"libelle":"","contenu":""},"Libelle":"Association Les villes amies de la Brosse","Nom":"Association Les villes amies de la Brosse","Prenom":"","NomPrenom":"Association Les villes amies de la Brosse ","CiviliteNomPrenom":"Association Les villes amies de la Brosse ","Cle":"Y|ASSOVILLESAMIESDELABROSSE","PrestataireParent":"","ContexteStat":"PRESTATAIRE-Y-ASSOVILLESAMIESDELABROSSE","DateModificationIso":"2023-05-06T09:57:00+02:00","Type":"PRESTATAIRE","TypePrestataire":"Y","Adresse":{"LigneAdresse1":"","LigneAdresse2":"","LigneAdresse3":"","CodePostal":"44320","Ville":"ST VIAUD","Cedex":"","Etat":"","Pays":"FRA"},"Email":"","Telephone":"","TelephoneBureau":"","Portable":"","SiteWeb":"","Fax":"","Id":"y-assovillesamiesdelabrosse","Code":"Y|ASSOVILLESAMIESDELABROSSE","Fichier":[],"Url":"","Localisation":{"GoogleMap":{"Latitude":"","Longitude":""}},"ZoneGeo":"","Criteres":{"LIEU[PAIBOEUFPORTQUAIS":"","LIEU[PAIMBOEUFCENTRE":"","LIEU[SAINTVIAUDBASEDELOISIRS":"","LIEU[SAINTVIAUD":"","MAJINGENIE[DATEDERNIEREMAJ":"20230506","MISEAJOUR[AMANDINE":""},"DateFinPublication":""},"Fichier":{"Image":[{"url":"https:\/\/www.saint-brevin.com\/medias\/images\/prestations\/capture-d-cran-2023-05-06-095550-18753.png","chemin":"..\/medias\/images\/prestations\/capture-d-cran-2023-05-06-095550-18753.png","libelle":"capture-d-cran-2023-05-06-095550-18753","extension":"png","categorie":"","largeur":551,"theme":"","hauteur":371,"type":"Image","origine":"","liaisonPave":"","langue":"","id":"18753","urlVignette":"https:\/\/www.saint-brevin.com\/medias\/images\/prestations\/v-capture-d-cran-2023-05-06-095550-18753.png","alt":"capture-d-cran-2023-05-06-095550-18753","title":"capture-d-cran-2023-05-06-095550-18753","MultiTaille":{"1920x1440":{"url":"https:\/\/www.saint-brevin.com\/medias\/images\/prestations\/multitailles\/1920x1440_capture-d-cran-2023-05-06-095550-18753.png"},"1200x900":{"url":"https:\/\/www.saint-brevin.com\/medias\/images\/prestations\/multitailles\/1200x900_capture-d-cran-2023-05-06-095550-18753.png"},"800x600":{"url":"https:\/\/www.saint-brevin.com\/medias\/images\/prestations\/multitailles\/800x600_capture-d-cran-2023-05-06-095550-18753.png"},"640x480":{"url":"https:\/\/www.saint-brevin.com\/medias\/images\/prestations\/multitailles\/640x480_capture-d-cran-2023-05-06-095550-18753.png"},"320x240":{"url":"https:\/\/www.saint-brevin.com\/medias\/images\/prestations\/multitailles\/320x240_capture-d-cran-2023-05-06-095550-18753.png"},"160x120":{"url":"https:\/\/www.saint-brevin.com\/medias\/images\/prestations\/multitailles\/160x120_capture-d-cran-2023-05-06-095550-18753.png"},"origine":{"url":"https:\/\/www.saint-brevin.com\/medias\/images\/prestations\/capture-d-cran-2023-05-06-095550-18753.png"}},"urlLien":"","typeLien":"","nofollow":"N","copyright":""}],"ByCategorie":{"":[{"url":"https:\/\/www.saint-brevin.com\/medias\/images\/prestations\/capture-d-cran-2023-05-06-095550-18753.png","chemin":"..\/medias\/images\/prestations\/capture-d-cran-2023-05-06-095550-18753.png","libelle":"capture-d-cran-2023-05-06-095550-18753","extension":"png","categorie":"","largeur":551,"theme":"","hauteur":371,"type":"Image","origine":"","liaisonPave":"","langue":"","id":"18753","urlVignette":"https:\/\/www.saint-brevin.com\/medias\/images\/prestations\/v-capture-d-cran-2023-05-06-095550-18753.png","alt":"capture-d-cran-2023-05-06-095550-18753","title":"capture-d-cran-2023-05-06-095550-18753","MultiTaille":{"1920x1440":{"url":"https:\/\/www.saint-brevin.com\/medias\/images\/prestations\/multitailles\/1920x1440_capture-d-cran-2023-05-06-095550-18753.png"},"1200x900":{"url":"https:\/\/www.saint-brevin.com\/medias\/images\/prestations\/multitailles\/1200x900_capture-d-cran-2023-05-06-095550-18753.png"},"800x600":{"url":"https:\/\/www.saint-brevin.com\/medias\/images\/prestations\/multitailles\/800x600_capture-d-cran-2023-05-06-095550-18753.png"},"640x480":{"url":"https:\/\/www.saint-brevin.com\/medias\/images\/prestations\/multitailles\/640x480_capture-d-cran-2023-05-06-095550-18753.png"},"320x240":{"url":"https:\/\/www.saint-brevin.com\/medias\/images\/prestations\/multitailles\/320x240_capture-d-cran-2023-05-06-095550-18753.png"},"160x120":{"url":"https:\/\/www.saint-brevin.com\/medias\/images\/prestations\/multitailles\/160x120_capture-d-cran-2023-05-06-095550-18753.png"},"origine":{"url":"https:\/\/www.saint-brevin.com\/medias\/images\/prestations\/capture-d-cran-2023-05-06-095550-18753.png"}},"urlLien":"","typeLien":"","nofollow":"N","copyright":""}]}},"DateDebPublication":"","DateFinPublication":"","PrixAPartirDe":"","PrixPour":"","FicheListeEnCours":"fiche_liste_agenda_prestation_v2017","ParametresModele":{"AfficherPhotos":"1","NbPhotosMax":6,"AfficherReserver":0,"AfficherContact":0,"AfficherSalle":1,"AfficherZoneGeo":0,"AfficherEnSavoirPlus":"1","AfficherUneSeuleOuverture":"1","AfficherContactCarte":1,"AfficherTarifsChaudAPartirDe":0,"AfficherTarifChaudSansRecherche":0,"AfficherLiensCarnetVoyage":"1","AfficherOuverture":"1","BlocCritereInfo":{"critere1":{"libelle":""},"critere2":{"libelle":""},"critere3":{"libelle":""},"critere4":{"libelle":""},"critere5":{"libelle":""},"critere6":{"libelle":""},"critere7":{"libelle":"","liste_critere":["COMMUNES|Y"]},"critere8":{"libelle":""},"critere9":{"libelle":""},"afficherpictoetpaslibelle":"1"},"CriteresComportementResa":"|RESABILLET[RESAENLIGNE|","PositionBloc":"GALLERIE|NOM|OUVERTURES|CARNET_VOYAGE|URL|LIEN_RESERVER_DETAIL","TypePrestataire":"Y","ComportementResa":false,"ComportementDispo":false},"AffichageCoordonnees":[],"Coordonnees":{"Ville":"PAIMBOEUF"},"ContexteId":"PRESTATION|Y|ASSOVILLESAMIESDELABROSSE|RALLYEDELALIBERTEANDREDESOURTE","ContexteIdHtml":"PRESTATION-Y-ASSOVILLESAMIESDELABROSSE-RALLYEDELALIBERTEANDREDESOURTE","cleContexte":"Y|ASSOVILLESAMIESDELABROSSE|RALLYEDELALIBERTEANDREDESOURTE","Bloc":{"texte1":"","texte3":"","critere1":{"libelle":"","contenu":[]},"critere2":{"libelle":"","contenu":[]},"critere3":{"libelle":"","contenu":[]},"critere4":{"libelle":"","contenu":[]},"critere5":{"libelle":"","contenu":[]},"critere6":{"libelle":"","contenu":[]},"critere7":{"libelle":"","contenu":[]},"critere8":{"libelle":"","contenu":[]},"critere9":{"libelle":"","contenu":[]}},"LocalisationGps":{"Latitude":"47.28898","Longitude":"-2.03504"},"libelleDuPrestataire":"","vuePrestataire":{"pave1":{"libelle":"Descriptif","contenu":""},"pave2":{"libelle":"","contenu":""},"pave3":{"libelle":"","contenu":""},"pave4":{"libelle":"","contenu":""},"pave5":{"libelle":"","contenu":""},"pave6":{"libelle":"","contenu":""},"pave7":{"libelle":"","contenu":""},"pave8":{"libelle":"","contenu":""},"pave9":{"libelle":"","contenu":""},"pave10":{"libelle":"","contenu":""},"pave11":{"libelle":"","contenu":""},"pave12":{"libelle":"","contenu":""},"pave13":{"libelle":"","contenu":""},"pave14":{"libelle":"","contenu":""},"pave15":{"libelle":"","contenu":""},"pave16":{"libelle":"","contenu":""},"pave17":{"libelle":"","contenu":""},"pave18":{"libelle":"","contenu":""},"pave19":{"libelle":"","contenu":""},"pave20":{"libelle":"","contenu":""},"pave21":{"libelle":"","contenu":""},"pave22":{"libelle":"","contenu":""},"pave23":{"libelle":"","contenu":""},"pave24":{"libelle":"","contenu":""},"pave25":{"libelle":"","contenu":""},"Libelle":"Association Les villes amies de la Brosse","Nom":"Association Les villes amies de la Brosse","Prenom":"","NomPrenom":"Association Les villes amies de la Brosse ","CiviliteNomPrenom":"Association Les villes amies de la Brosse ","Cle":"Y|ASSOVILLESAMIESDELABROSSE","PrestataireParent":"","ContexteStat":"PRESTATAIRE-Y-ASSOVILLESAMIESDELABROSSE","DateModificationIso":"2023-05-06T09:57:00+02:00","Type":"PRESTATAIRE","TypePrestataire":"Y","Adresse":{"LigneAdresse1":"","LigneAdresse2":"","LigneAdresse3":"","CodePostal":"44320","Ville":"ST VIAUD","Cedex":"","Etat":"","Pays":"FRA"},"Email":"","Telephone":"","TelephoneBureau":"","Portable":"","SiteWeb":"","Fax":"","Id":"y-assovillesamiesdelabrosse","Code":"Y|ASSOVILLESAMIESDELABROSSE","Fichier":[],"Url":"","Localisation":{"GoogleMap":{"Latitude":"","Longitude":""}},"ZoneGeo":"","Criteres":{"LIEU[PAIBOEUFPORTQUAIS":"","LIEU[PAIMBOEUFCENTRE":"","LIEU[SAINTVIAUDBASEDELOISIRS":"","LIEU[SAINTVIAUD":"","MAJINGENIE[DATEDERNIEREMAJ":"20230506","MISEAJOUR[AMANDINE":""},"DateFinPublication":"","AffichageCoordonnees":[]},"listeCriteres":{"LIEUMANIF":{"PAIMBOEUF":"","SAINTVIAUD":""},"TYPEDEPROGRAMMATION":{"80ANSLIBERATION":""},"CATEGORIEANIMATION":{"SPORT":""},"DETAILANIMATIONSPORTIVE":{"CYCLISME":""},"THEME":{"HISTO":"","AUTRE":"Hommage"},"TYPE":{"VILLESTVIAUD":"","VILLEPAIMPBOEUF":""},"MISEAJOURINGENIE":{"DATEDERNIEREMAJ":"20250320"},"MISEAJOURPAR":{"AMANDINE":""},"LIEU":{"PAIBOEUFPORTQUAIS":"","PAIMBOEUFCENTRE":"","SAINTVIAUDBASEDELOISIRS":"","SAINTVIAUD":""},"MAJINGENIE":{"DATEDERNIEREMAJ":"20230506"},"MISEAJOUR":{"AMANDINE":""}},"dansCarnetVoyage":true,"Ouverture":[],"OuverturePasse":[]},"html":" \n \u003Cdiv id=\"CV-PRESTATION-Y-ASSOVILLESAMIESDELABROSSE-RALLYEDELALIBERTEANDREDESOURTE\" data-contexte-id=\"PRESTATION|Y|ASSOVILLESAMIESDELABROSSE|RALLYEDELALIBERTEANDREDESOURTE\" data-cle=\"Y|ASSOVILLESAMIESDELABROSSE|RALLYEDELALIBERTEANDREDESOURTE\" class=\"fiche-liste\"\u003E\n    \n\n    \u003C!-- partie photo --\u003E\n    \u003Cdiv class=\"photo\"\u003E\t\t\t\t\t\t\t\t\t\t\t\t\t\t\t\t\t\t\t\t\t\n        \u003Cdiv class=\"cadre_photo_principale\"\u003E\t\t\n        \n            \t\t\t\t\t\n                    \u003Ca href=\"rallye-de-la-liberte-andre-desourteaux.html?origine=carnet#media\"\u003E\n                        \u003Cimg class=\"photo_principale\" alt=\"capture-d-cran-2023-05-06-095550-18753\" src=\"https:\/\/www.saint-brevin.com\/medias\/images\/prestations\/multitailles\/320x240_capture-d-cran-2023-05-06-095550-18753.png\" itemprop=\"image\"\u003E\n                    \u003C\/a\u003E\t\t\t\t\t\t\n                \n                    \u003C\/div\u003E\t\t\t\t\t\t\t\t\t\t\t\t\t\t\t\t\t\t\t \t\t\n    \u003C\/div\u003E\n    \n    \u003C!-- partie nom prest --\u003E\n    \u003Cdiv class=\"nom\"\u003E\n        \u003Ch2\u003ERallye de la libert\u00e9 - Andr\u00e9 D\u00e9sourteaux\u003C\/h2\u003E\n        \n            \u003C\/div\u003E\n\n         \n    \u003C!-- partie adresse --\u003E\n    \u003Cdiv class=\"adresse\"\u003E\n    \n          \n    \u003C\/div\u003E\n    \n    \u003C!-- partie liens --\u003E\n    \u003Cdiv class=\"liens\"\u003E\n            \u003Ca class=\"btn-icon btn-view \" title=\"Voir la fiche d\u00e9taill\u00e9e\" href=\"rallye-de-la-liberte-andre-desourteaux.html?origine=carnet\"\u003E\u003C\/a\u003E\u003C!--\u003Ca class=\"btn-icon btn-view \" title=\"\" href=\"?origine=carnet#thaut\"\u003E\u003C\/a\u003E--\u003E\n      \u003Ca class=\"btn-icon btn-trash carnet_voyage_supprimer\" title=\"Supprimer cette fiche de mon carnet de voyage\" href=\"carnet-voyage?action=remove&fiche=Y|ASSOVILLESAMIESDELABROSSE|RALLYEDELALIBERTEANDREDESOURTE\"\u003E\u003C\/a\u003E\n    \u003C\/div\u003E\n\n\u003C\/div\u003E\n\n","icon":"https:\/\/static.ingenie.fr\/images\/carnetVoyageV3\/Y.png"},"fiche":"Y|ASSOVILLESAMIESDELABROSSE|RALLYEDELALIBERTEANDREDESOURTE","popup":"\u003Cdiv id=\"bloc_popup_ajout_fiche_carnet\"\u003E\n    \u003Cdiv class=\"info_popup_ajout_fiche_carnet\"\u003E\n        Vous venez d'ajouter cet \u00e9l\u00e9ment \u00e0 votre carnet de voyage :    \u003C\/div\u003E\n    \u003Cdiv class=\"prest_popup_ajout_fiche_carnet\"\u003E\n        Rallye de la libert&eacute; - Andr&eacute; D&eacute;sourteaux    \u003C\/div\u003E\n    \u003Cdiv class=\"bloc_btn_ajout_fiche_carnet form_submit_div\"\u003E\n        \u003Cinput type=\"button\" value=\"Continuer ma s\u00e9lection\" title=\"Continuer ma s\u00e9lection\" name=\"btn_close\" class=\"btn_close_popup_carnet form_submit\" onclick=\"$.colorbox.close()\" \/\u003E\n        \u003Cinput type=\"button\" value=\"Voir mon carnet de voyage\" title=\"Voir mon carnet\" name=\"btn_panier\" class=\"btn_panier_popup_carnet form_submit\" onclick=\"if(typeof CarnetVoyage != 'undefined') {CarnetVoyage.voirCarnet();}\" \/\u003E\n    \u003C\/div\u003E\n    \u003Cdiv class=\"bloc_btn_ajout_fiche_carnet\"\u003E\n        \u003Cinput type=\"checkbox\" value=\"1\" name=\"desactiver_popup\" id=\"desactiver_popup\" \/\u003E\n        \u003Clabel for=\"desactiver_popup\"\u003ENe plus afficher ce message\u003C\/label\u003E\n    \u003C\/div\u003E\n\u003C\/div\u003E","success":1}