{"nbFiches":1,"dataPrest":{"infoPrest":{"pave1":{"libelle":"Slogan","contenu":"","fichiers":[]},"pave2":{"libelle":"Descriptif","contenu":"On est souvent ignorant de la curiosit&eacute; que suscitent nos savoir-faire.\u003Cbr \/\u003E\r\n\u003Cbr \/\u003E\r\nTout le monde sait quelque chose, personne ne sait tout, beaucoup adoreraient apprendre.\u003Cbr \/\u003E\r\n\u003Cbr \/\u003E\r\nLe Sot l&rsquo;y Laisse est un moment d&rsquo;&eacute;ducation populaire consacr&eacute; &agrave; la transmission de savoirs, connaissances, comp&eacute;tences, exp&eacute;riences acquises.\u003Cbr \/\u003E\r\nQue celles et ceux qui savent, les intervenants, partagent leurs acquis avec celles et ceux qui veulent savoir, les aspirants. Gestes quotidiens, art, artisanat, jeux, pratiques th&eacute;rapeutiques.\u003Cbr \/\u003E\r\nQuiconque peut proposer un atelier : il suffit de s&rsquo;inscrire, en sp&eacute;cifiant ses disponibilit&eacute;s, ses pr&eacute;f&eacute;rences et ses besoins. Des formulaires sont &agrave; disposition en ligne ou au Caf&eacute; de la Loire, 4 quai Boulay Paty, &agrave; Paimb&oelig;uf.\u003Cbr \/\u003E\r\n\u003Cbr \/\u003E\r\nDe samedi 4 juillet &agrave; vendredi 10 juillet, des ateliers prennent place un peu partout, r&eacute;guliers ou ponctuels, avec ou sans r&eacute;alisations &agrave; la clef.\u003Cbr \/\u003E\r\nLe samedi 11 juillet, jour de f&ecirc;te, cl&ocirc;t le carnaval avec restitutions, concert et DJ set (restauration sur place).\u003Cbr \/\u003E\r\nToutes et tous les habitant&middot;es, artisan&middot;es, artistes et commer&ccedil;ant&middot;es de Paimb&oelig;uf (ou d&rsquo;ailleurs) sont invit&eacute;s &agrave; participer au Sot l&rsquo;Y laisse et &agrave; le porter.\u003Cbr \/\u003E\r\n\u003Cbr \/\u003E\r\nLe Sot l&rsquo;Y Laisse est une proposition de L&rsquo;Association Tout &agrave; C&ocirc;t&eacute; (L&rsquo;Atac).","fichiers":[]},"pave3":{"libelle":"","contenu":""},"pave4":{"libelle":"","contenu":""},"pave5":{"libelle":"","contenu":""},"pave6":{"libelle":"","contenu":""},"pave7":{"libelle":"","contenu":""},"pave8":{"libelle":"","contenu":""},"pave9":{"libelle":"","contenu":""},"pave10":{"libelle":"","contenu":""},"pave11":{"libelle":"","contenu":""},"pave12":{"libelle":"","contenu":""},"pave13":{"libelle":"","contenu":""},"pave14":{"libelle":"","contenu":""},"pave15":{"libelle":"","contenu":""},"pave16":{"libelle":"","contenu":""},"pave17":{"libelle":"","contenu":""},"pave18":{"libelle":"","contenu":""},"pave19":{"libelle":"","contenu":""},"pave20":{"libelle":"","contenu":""},"pave21":{"libelle":"","contenu":""},"pave22":{"libelle":"","contenu":""},"pave23":{"libelle":"","contenu":""},"pave24":{"libelle":"","contenu":""},"pave25":{"libelle":"","contenu":""},"Libelle":"Le Sot l'y Laisse","Reference":"","Reftar":"","Type":"PRESTATION","TypePrestataire":"Y","ContexteStat":"PRESTATION-Y-ASSOTOUTACOTE-LESOTLYLAISSE","DateModificationIso":"2026-03-17T14:37:00+01:00","Adresse":{"LigneAdresse1":"","LigneAdresse2":"","LigneAdresse3":"","CodePostal":"44560","Ville":"PAIMBOEUF","Cedex":"","Etat":"","Pays":"FRA"},"Id":"y-assotoutacote-lesotlylaisse","Code":"Y|ASSOTOUTACOTE|LESOTLYLAISSE","Cle":"Y|ASSOTOUTACOTE|LESOTLYLAISSE","Url":"le-sot-l-y-laisse.html","Localisation":{"GoogleMap":{"Latitude":"","Longitude":""}},"ZoneGeo":"","Criteres":{"LIEUMANIF[PAIMBOEUF":"","CATEGORIEANIMATION[ATELIER":"","CATEGORIEANIMATION[CONCER":"","DETAILCONCERTSPECTACLE[MUSIQUEACTUELLEPOPRAP":"","ICA[ICATP":"","TYPE[LOISI":"","MISEAJOURINGENIE[DATEDERNIEREMAJ":"20260317","MISEAJOURPAR[FABIENNE":""},"ContactsParType":{"IWEB":{"2981":{"id_contact":"2981","type_contact":"IWEB","categorie_contact":"PRESTATION","societe_contact":"","fonction_contact":"","civilite_nom_prenom_contact":"Association Tout \u00e0 C\u00f4t\u00e9 ","adresse1_contact":"","adresse2_contact":"","adresse3_contact":"","cpostal_contact":"44560","ville_contact":"PAIMBOEUF","teldom_contact":"","telbur_contact":"","fax_contact":"","portable_contact":"","email_contact":"latac@tutamail.com","siteweb_contact":"https:\/\/carnavallesotlylaisse.com\/","commentaire_contact":"","langue_contact":"","autre_moyen_com":[]}}},"ContactRemplaceCoordonnees":"2981","Prestataire":{"pave1":{"libelle":"Descriptif","contenu":"\u003Ch4 class=\"wp-block-heading\" style=\"color: rgb(0, 0, 0); font-family: -apple-system, BlinkMacSystemFont, &quot;Segoe UI&quot;, Roboto, Oxygen-Sans, Ubuntu, Cantarell, &quot;Helvetica Neue&quot;, sans-serif; font-size: 21.328px; max-width: var(--wp--style--global--content-size); margin-block-start: var(--wp--preset--spacing--40); margin-block-end: 0px; padding-right: var(--wp--preset--spacing--70); padding-left: var(--wp--preset--spacing--70); margin-left: auto !important; margin-right: auto !important;\"\u003EL&rsquo;Association Tout &Agrave; C&ocirc;t&eacute;\u003C\/h4\u003E\r\n\r\n\u003Cp class=\"has-sm-font-size\" style=\"max-width: var(--wp--style--global--content-size); margin-block-start: var(--wp--preset--spacing--40); margin-block-end: 0px; color: rgb(0, 0, 0); font-family: -apple-system, BlinkMacSystemFont, &quot;Segoe UI&quot;, Roboto, Oxygen-Sans, Ubuntu, Cantarell, &quot;Helvetica Neue&quot;, sans-serif; padding-right: var(--wp--preset--spacing--70); padding-left: var(--wp--preset--spacing--70); font-size: var(--wp--preset--font-size--sm) !important; margin-left: auto !important; margin-right: auto !important;\"\u003EAssociation Loi 1901 fond&eacute;e et bas&eacute;e &agrave; Paimb&oelig;uf,&nbsp;\u003Cstrong\u003EL&rsquo;Atac\u003C\/strong\u003E&nbsp;s&rsquo;occupe d&rsquo;agitation culturelle, le lore paimblotin.&nbsp;\u003Cstrong\u003EElle est &agrave; l&rsquo;initiative du Sot l&rsquo;Y Laisse.\u003C\/strong\u003E&nbsp;Elle a par ailleurs &agrave; son actif&nbsp;\u003Cstrong\u003Eles cartes postales de Paimb&oelig;uf\u003C\/strong\u003E&nbsp;(en vente au&nbsp;\u003Ca href=\"http:\/\/cafedelaloire.com\/\" rel=\"noreferrer noopener\" style=\"color: rgb(123, 5, 5); font-family: var(--wp--preset--font-family--system-font); text-decoration-line: none;\" target=\"_blank\"\u003E\u003Cstrong\u003ECaf&eacute; de la Loire\u003C\/strong\u003E\u003C\/a\u003E, 4 quai Boulay Paty &agrave; Paimb&oelig;uf) et&nbsp;\u003Cstrong\u003E\u003Ca href=\"https:\/\/lofficieldepaimboeuf.com\/\" rel=\"noreferrer noopener\" style=\"color: rgb(123, 5, 5); font-family: var(--wp--preset--font-family--system-font); text-decoration-line: none;\" target=\"_blank\"\u003EL&rsquo;Officiel de Paimb&oelig;uf\u003C\/a\u003E.\u003C\/strong\u003E\u003C\/p\u003E\r\n\r\n\u003Cp class=\"has-sm-font-size\" style=\"max-width: var(--wp--style--global--content-size); margin-block-start: var(--wp--preset--spacing--40); margin-block-end: 0px; color: rgb(0, 0, 0); font-family: -apple-system, BlinkMacSystemFont, &quot;Segoe UI&quot;, Roboto, Oxygen-Sans, Ubuntu, Cantarell, &quot;Helvetica Neue&quot;, sans-serif; padding-right: var(--wp--preset--spacing--70); padding-left: var(--wp--preset--spacing--70); font-size: var(--wp--preset--font-size--sm) !important; margin-left: auto !important; margin-right: auto !important;\"\u003ECette association a pour objet la promotion, la cr&eacute;ation et la diffusion d&rsquo;&oelig;uvres artisanales et artistiques&nbsp;; la promotion, la cr&eacute;ation et la diffusion de spectacles vivants&nbsp;; la transmission de savoirs manuels, sportifs et intellectuels, acad&eacute;miques et empiriques&nbsp;; la mise en valeur et la vente d&rsquo;objets et services issus de ces transmissions&nbsp;; l&rsquo;organisation d&rsquo;&eacute;v&eacute;nements li&eacute;s &agrave; ce qui pr&eacute;c&egrave;de, festifs, artistiques ou &agrave; but p&eacute;dagogique.\u003C\/p\u003E\r\n\r\n\u003Cp class=\"has-sm-font-size\" style=\"max-width: var(--wp--style--global--content-size); margin-block-start: var(--wp--preset--spacing--40); margin-block-end: 0px; color: rgb(0, 0, 0); font-family: -apple-system, BlinkMacSystemFont, &quot;Segoe UI&quot;, Roboto, Oxygen-Sans, Ubuntu, Cantarell, &quot;Helvetica Neue&quot;, sans-serif; padding-right: var(--wp--preset--spacing--70); padding-left: var(--wp--preset--spacing--70); font-size: var(--wp--preset--font-size--sm) !important; margin-left: auto !important; margin-right: auto !important;\"\u003EBureau : Ga&euml;lle Morand et Sandrine Vandermeeren.\u003C\/p\u003E\r\n\r\n\u003Cp class=\"has-sm-font-size\" style=\"max-width: var(--wp--style--global--content-size); margin-block-start: var(--wp--preset--spacing--40); margin-block-end: 0px; color: rgb(0, 0, 0); font-family: -apple-system, BlinkMacSystemFont, &quot;Segoe UI&quot;, Roboto, Oxygen-Sans, Ubuntu, Cantarell, &quot;Helvetica Neue&quot;, sans-serif; padding-right: var(--wp--preset--spacing--70); padding-left: var(--wp--preset--spacing--70); font-size: var(--wp--preset--font-size--sm) !important; margin-left: auto !important; margin-right: auto !important;\"\u003EVous pouvez adh&eacute;rer &agrave; l&rsquo;association, soit en tant que membre&nbsp;\u003Cem\u003E\u003Cstrong\u003Econcern&eacute;\u003C\/strong\u003E\u003C\/em\u003E&nbsp;(convi&eacute; &agrave; toutes les actualit&eacute;s de L&rsquo;Atac), soit&nbsp;\u003Cem\u003E\u003Cstrong\u003Een passant\u003C\/strong\u003E\u003C\/em\u003E&nbsp;(adh&eacute;sion de soutien).\u003C\/p\u003E\r\n"},"pave2":{"libelle":"","contenu":""},"pave3":{"libelle":"","contenu":""},"pave4":{"libelle":"","contenu":""},"pave5":{"libelle":"","contenu":""},"pave6":{"libelle":"","contenu":""},"pave7":{"libelle":"","contenu":""},"pave8":{"libelle":"","contenu":""},"pave9":{"libelle":"","contenu":""},"pave10":{"libelle":"","contenu":""},"pave11":{"libelle":"","contenu":""},"pave12":{"libelle":"","contenu":""},"pave13":{"libelle":"","contenu":""},"pave14":{"libelle":"","contenu":""},"pave15":{"libelle":"","contenu":""},"pave16":{"libelle":"","contenu":""},"pave17":{"libelle":"","contenu":""},"pave18":{"libelle":"","contenu":""},"pave19":{"libelle":"","contenu":""},"pave20":{"libelle":"","contenu":""},"pave21":{"libelle":"","contenu":""},"pave22":{"libelle":"","contenu":""},"pave23":{"libelle":"","contenu":""},"pave24":{"libelle":"","contenu":""},"pave25":{"libelle":"","contenu":""},"ContactsParType":{"ASS":{"3013":{"id_contact":"3013","type_contact":"ASS","categorie_contact":"PRESTATAIRE","societe_contact":"","fonction_contact":"","civilite_nom_prenom_contact":"Association Tout \u00e0 C\u00f4t\u00e9 ","adresse1_contact":"","adresse2_contact":"","adresse3_contact":"","cpostal_contact":"44560","ville_contact":"PAIMBOEUF","teldom_contact":"","telbur_contact":"","fax_contact":"","portable_contact":"","email_contact":"contact@carnavallesotlylaisse.com","siteweb_contact":"https:\/\/carnavallesotlylaisse.com\/","commentaire_contact":"","langue_contact":"","autre_moyen_com":[]}}},"Libelle":"Association Tout \u00e0 C\u00f4t\u00e9","Nom":"Association Tout \u00e0 C\u00f4t\u00e9","Prenom":"","NomPrenom":"Association Tout \u00e0 C\u00f4t\u00e9 ","CiviliteNomPrenom":"Association Tout \u00e0 C\u00f4t\u00e9 ","Cle":"Y|ASSOTOUTACOTE","PrestataireParent":"","ContexteStat":"PRESTATAIRE-Y-ASSOTOUTACOTE","DateModificationIso":"2026-03-17T14:14:00+01:00","Type":"PRESTATAIRE","TypePrestataire":"Y","Adresse":{"LigneAdresse1":"","LigneAdresse2":"","LigneAdresse3":"","CodePostal":"44560","Ville":"PAIMBOEUF","Cedex":"","Etat":"","Pays":"FRA"},"Email":"latac@tutamail.com","Telephone":"","TelephoneBureau":"","Portable":"","SiteWeb":"https:\/\/carnavallesotlylaisse.com\/","Fax":"","Id":"y-assotoutacote","Code":"Y|ASSOTOUTACOTE","Fichier":[],"Url":"","Localisation":{"GoogleMap":{"Latitude":"","Longitude":""}},"ZoneGeo":"","Criteres":{"LIEU[PAIBOEUFPORTQUAIS":"","LIEU[PAIMBOEUFCENTRE":"","MAJINGENIE[DATEDERNIEREMAJ":"20240511","MISEAJOUR[AMANDINE":""},"DateFinPublication":""},"Fichier":{"Image":[{"url":"https:\/\/www.saint-brevin.com\/medias\/images\/prestations\/people-2557396-1280-22559.jpg","chemin":"..\/medias\/images\/prestations\/people-2557396-1280-22559.jpg","libelle":"people-2557396-1280-22559","extension":"jpg","categorie":"","largeur":1280,"theme":"","hauteur":853,"type":"Image","origine":"","liaisonPave":"","langue":"","id":"22559","urlVignette":"https:\/\/www.saint-brevin.com\/medias\/images\/prestations\/v-people-2557396-1280-22559.jpg","alt":"people-2557396-1280-22559","title":"people-2557396-1280-22559","MultiTaille":{"1920x1440":{"url":"https:\/\/www.saint-brevin.com\/medias\/images\/prestations\/multitailles\/1920x1440_people-2557396-1280-22559.jpg"},"1200x900":{"url":"https:\/\/www.saint-brevin.com\/medias\/images\/prestations\/multitailles\/1200x900_people-2557396-1280-22559.jpg"},"800x600":{"url":"https:\/\/www.saint-brevin.com\/medias\/images\/prestations\/multitailles\/800x600_people-2557396-1280-22559.jpg"},"640x480":{"url":"https:\/\/www.saint-brevin.com\/medias\/images\/prestations\/multitailles\/640x480_people-2557396-1280-22559.jpg"},"320x240":{"url":"https:\/\/www.saint-brevin.com\/medias\/images\/prestations\/multitailles\/320x240_people-2557396-1280-22559.jpg"},"160x120":{"url":"https:\/\/www.saint-brevin.com\/medias\/images\/prestations\/multitailles\/160x120_people-2557396-1280-22559.jpg"},"origine":{"url":"https:\/\/www.saint-brevin.com\/medias\/images\/prestations\/people-2557396-1280-22559.jpg"}},"urlLien":"","typeLien":"","nofollow":"N","copyright":""}],"ByCategorie":{"":[{"url":"https:\/\/www.saint-brevin.com\/medias\/images\/prestations\/people-2557396-1280-22559.jpg","chemin":"..\/medias\/images\/prestations\/people-2557396-1280-22559.jpg","libelle":"people-2557396-1280-22559","extension":"jpg","categorie":"","largeur":1280,"theme":"","hauteur":853,"type":"Image","origine":"","liaisonPave":"","langue":"","id":"22559","urlVignette":"https:\/\/www.saint-brevin.com\/medias\/images\/prestations\/v-people-2557396-1280-22559.jpg","alt":"people-2557396-1280-22559","title":"people-2557396-1280-22559","MultiTaille":{"1920x1440":{"url":"https:\/\/www.saint-brevin.com\/medias\/images\/prestations\/multitailles\/1920x1440_people-2557396-1280-22559.jpg"},"1200x900":{"url":"https:\/\/www.saint-brevin.com\/medias\/images\/prestations\/multitailles\/1200x900_people-2557396-1280-22559.jpg"},"800x600":{"url":"https:\/\/www.saint-brevin.com\/medias\/images\/prestations\/multitailles\/800x600_people-2557396-1280-22559.jpg"},"640x480":{"url":"https:\/\/www.saint-brevin.com\/medias\/images\/prestations\/multitailles\/640x480_people-2557396-1280-22559.jpg"},"320x240":{"url":"https:\/\/www.saint-brevin.com\/medias\/images\/prestations\/multitailles\/320x240_people-2557396-1280-22559.jpg"},"160x120":{"url":"https:\/\/www.saint-brevin.com\/medias\/images\/prestations\/multitailles\/160x120_people-2557396-1280-22559.jpg"},"origine":{"url":"https:\/\/www.saint-brevin.com\/medias\/images\/prestations\/people-2557396-1280-22559.jpg"}},"urlLien":"","typeLien":"","nofollow":"N","copyright":""}]}},"DateDebPublication":"","DateFinPublication":"20260712","PrixAPartirDe":"","PrixPour":"","FicheListeEnCours":"fiche_liste_agenda_prestation_v2017","ParametresModele":{"AfficherPhotos":"1","NbPhotosMax":6,"AfficherReserver":0,"AfficherContact":0,"AfficherSalle":1,"AfficherZoneGeo":0,"AfficherEnSavoirPlus":"1","AfficherUneSeuleOuverture":"1","AfficherContactCarte":0,"AfficherTarifsChaudAPartirDe":0,"AfficherTarifChaudSansRecherche":0,"AfficherLiensCarnetVoyage":"1","AfficherOuverture":"1","BlocCritereInfo":{"critere1":{"libelle":""},"critere2":{"libelle":""},"critere3":{"libelle":""},"critere4":{"libelle":""},"critere5":{"libelle":""},"critere6":{"libelle":""},"critere7":{"libelle":"","liste_critere":["COMMUNES|Y"]},"critere8":{"libelle":""},"critere9":{"libelle":""},"afficherpictoetpaslibelle":"1"},"CriteresComportementResa":"|RESABILLET[RESAENLIGNE|","PositionBloc":"GALLERIE|NOM|OUVERTURES|CARNET_VOYAGE|URL|LIEN_RESERVER_DETAIL","TypePrestataire":"Y","ComportementResa":false,"ComportementDispo":false},"AffichageCoordonnees":[],"Coordonnees":{"Ville":"PAIMBOEUF"},"ContexteId":"PRESTATION|Y|ASSOTOUTACOTE|LESOTLYLAISSE","ContexteIdHtml":"PRESTATION-Y-ASSOTOUTACOTE-LESOTLYLAISSE","cleContexte":"Y|ASSOTOUTACOTE|LESOTLYLAISSE","Bloc":{"texte1":"","texte3":"","critere1":{"libelle":"","contenu":[]},"critere2":{"libelle":"","contenu":[]},"critere3":{"libelle":"","contenu":[]},"critere4":{"libelle":"","contenu":[]},"critere5":{"libelle":"","contenu":[]},"critere6":{"libelle":"","contenu":[]},"critere7":{"libelle":"","contenu":[]},"critere8":{"libelle":"","contenu":[]},"critere9":{"libelle":"","contenu":[]}},"libelleDuPrestataire":"","vuePrestataire":{"pave1":{"libelle":"Descriptif","contenu":"\u003Ch4 class=\"wp-block-heading\" style=\"color: rgb(0, 0, 0); font-family: -apple-system, BlinkMacSystemFont, &quot;Segoe UI&quot;, Roboto, Oxygen-Sans, Ubuntu, Cantarell, &quot;Helvetica Neue&quot;, sans-serif; font-size: 21.328px; max-width: var(--wp--style--global--content-size); margin-block-start: var(--wp--preset--spacing--40); margin-block-end: 0px; padding-right: var(--wp--preset--spacing--70); padding-left: var(--wp--preset--spacing--70); margin-left: auto !important; margin-right: auto !important;\"\u003EL&rsquo;Association Tout &Agrave; C&ocirc;t&eacute;\u003C\/h4\u003E\r\n\r\n\u003Cp class=\"has-sm-font-size\" style=\"max-width: var(--wp--style--global--content-size); margin-block-start: var(--wp--preset--spacing--40); margin-block-end: 0px; color: rgb(0, 0, 0); font-family: -apple-system, BlinkMacSystemFont, &quot;Segoe UI&quot;, Roboto, Oxygen-Sans, Ubuntu, Cantarell, &quot;Helvetica Neue&quot;, sans-serif; padding-right: var(--wp--preset--spacing--70); padding-left: var(--wp--preset--spacing--70); font-size: var(--wp--preset--font-size--sm) !important; margin-left: auto !important; margin-right: auto !important;\"\u003EAssociation Loi 1901 fond&eacute;e et bas&eacute;e &agrave; Paimb&oelig;uf,&nbsp;\u003Cstrong\u003EL&rsquo;Atac\u003C\/strong\u003E&nbsp;s&rsquo;occupe d&rsquo;agitation culturelle, le lore paimblotin.&nbsp;\u003Cstrong\u003EElle est &agrave; l&rsquo;initiative du Sot l&rsquo;Y Laisse.\u003C\/strong\u003E&nbsp;Elle a par ailleurs &agrave; son actif&nbsp;\u003Cstrong\u003Eles cartes postales de Paimb&oelig;uf\u003C\/strong\u003E&nbsp;(en vente au&nbsp;\u003Ca href=\"http:\/\/cafedelaloire.com\/\" rel=\"noreferrer noopener\" style=\"color: rgb(123, 5, 5); font-family: var(--wp--preset--font-family--system-font); text-decoration-line: none;\" target=\"_blank\"\u003E\u003Cstrong\u003ECaf&eacute; de la Loire\u003C\/strong\u003E\u003C\/a\u003E, 4 quai Boulay Paty &agrave; Paimb&oelig;uf) et&nbsp;\u003Cstrong\u003E\u003Ca href=\"https:\/\/lofficieldepaimboeuf.com\/\" rel=\"noreferrer noopener\" style=\"color: rgb(123, 5, 5); font-family: var(--wp--preset--font-family--system-font); text-decoration-line: none;\" target=\"_blank\"\u003EL&rsquo;Officiel de Paimb&oelig;uf\u003C\/a\u003E.\u003C\/strong\u003E\u003C\/p\u003E\r\n\r\n\u003Cp class=\"has-sm-font-size\" style=\"max-width: var(--wp--style--global--content-size); margin-block-start: var(--wp--preset--spacing--40); margin-block-end: 0px; color: rgb(0, 0, 0); font-family: -apple-system, BlinkMacSystemFont, &quot;Segoe UI&quot;, Roboto, Oxygen-Sans, Ubuntu, Cantarell, &quot;Helvetica Neue&quot;, sans-serif; padding-right: var(--wp--preset--spacing--70); padding-left: var(--wp--preset--spacing--70); font-size: var(--wp--preset--font-size--sm) !important; margin-left: auto !important; margin-right: auto !important;\"\u003ECette association a pour objet la promotion, la cr&eacute;ation et la diffusion d&rsquo;&oelig;uvres artisanales et artistiques&nbsp;; la promotion, la cr&eacute;ation et la diffusion de spectacles vivants&nbsp;; la transmission de savoirs manuels, sportifs et intellectuels, acad&eacute;miques et empiriques&nbsp;; la mise en valeur et la vente d&rsquo;objets et services issus de ces transmissions&nbsp;; l&rsquo;organisation d&rsquo;&eacute;v&eacute;nements li&eacute;s &agrave; ce qui pr&eacute;c&egrave;de, festifs, artistiques ou &agrave; but p&eacute;dagogique.\u003C\/p\u003E\r\n\r\n\u003Cp class=\"has-sm-font-size\" style=\"max-width: var(--wp--style--global--content-size); margin-block-start: var(--wp--preset--spacing--40); margin-block-end: 0px; color: rgb(0, 0, 0); font-family: -apple-system, BlinkMacSystemFont, &quot;Segoe UI&quot;, Roboto, Oxygen-Sans, Ubuntu, Cantarell, &quot;Helvetica Neue&quot;, sans-serif; padding-right: var(--wp--preset--spacing--70); padding-left: var(--wp--preset--spacing--70); font-size: var(--wp--preset--font-size--sm) !important; margin-left: auto !important; margin-right: auto !important;\"\u003EBureau : Ga&euml;lle Morand et Sandrine Vandermeeren.\u003C\/p\u003E\r\n\r\n\u003Cp class=\"has-sm-font-size\" style=\"max-width: var(--wp--style--global--content-size); margin-block-start: var(--wp--preset--spacing--40); margin-block-end: 0px; color: rgb(0, 0, 0); font-family: -apple-system, BlinkMacSystemFont, &quot;Segoe UI&quot;, Roboto, Oxygen-Sans, Ubuntu, Cantarell, &quot;Helvetica Neue&quot;, sans-serif; padding-right: var(--wp--preset--spacing--70); padding-left: var(--wp--preset--spacing--70); font-size: var(--wp--preset--font-size--sm) !important; margin-left: auto !important; margin-right: auto !important;\"\u003EVous pouvez adh&eacute;rer &agrave; l&rsquo;association, soit en tant que membre&nbsp;\u003Cem\u003E\u003Cstrong\u003Econcern&eacute;\u003C\/strong\u003E\u003C\/em\u003E&nbsp;(convi&eacute; &agrave; toutes les actualit&eacute;s de L&rsquo;Atac), soit&nbsp;\u003Cem\u003E\u003Cstrong\u003Een passant\u003C\/strong\u003E\u003C\/em\u003E&nbsp;(adh&eacute;sion de soutien).\u003C\/p\u003E\r\n"},"pave2":{"libelle":"","contenu":""},"pave3":{"libelle":"","contenu":""},"pave4":{"libelle":"","contenu":""},"pave5":{"libelle":"","contenu":""},"pave6":{"libelle":"","contenu":""},"pave7":{"libelle":"","contenu":""},"pave8":{"libelle":"","contenu":""},"pave9":{"libelle":"","contenu":""},"pave10":{"libelle":"","contenu":""},"pave11":{"libelle":"","contenu":""},"pave12":{"libelle":"","contenu":""},"pave13":{"libelle":"","contenu":""},"pave14":{"libelle":"","contenu":""},"pave15":{"libelle":"","contenu":""},"pave16":{"libelle":"","contenu":""},"pave17":{"libelle":"","contenu":""},"pave18":{"libelle":"","contenu":""},"pave19":{"libelle":"","contenu":""},"pave20":{"libelle":"","contenu":""},"pave21":{"libelle":"","contenu":""},"pave22":{"libelle":"","contenu":""},"pave23":{"libelle":"","contenu":""},"pave24":{"libelle":"","contenu":""},"pave25":{"libelle":"","contenu":""},"ContactsParType":{"ASS":{"3013":{"id_contact":"3013","type_contact":"ASS","categorie_contact":"PRESTATAIRE","societe_contact":"","fonction_contact":"","civilite_nom_prenom_contact":"Association Tout \u00e0 C\u00f4t\u00e9 ","adresse1_contact":"","adresse2_contact":"","adresse3_contact":"","cpostal_contact":"44560","ville_contact":"PAIMBOEUF","teldom_contact":"","telbur_contact":"","fax_contact":"","portable_contact":"","email_contact":"contact@carnavallesotlylaisse.com","siteweb_contact":"https:\/\/carnavallesotlylaisse.com\/","commentaire_contact":"","langue_contact":"","autre_moyen_com":[]}}},"Libelle":"Association Tout \u00e0 C\u00f4t\u00e9","Nom":"Association Tout \u00e0 C\u00f4t\u00e9","Prenom":"","NomPrenom":"Association Tout \u00e0 C\u00f4t\u00e9 ","CiviliteNomPrenom":"Association Tout \u00e0 C\u00f4t\u00e9 ","Cle":"Y|ASSOTOUTACOTE","PrestataireParent":"","ContexteStat":"PRESTATAIRE-Y-ASSOTOUTACOTE","DateModificationIso":"2026-03-17T14:14:00+01:00","Type":"PRESTATAIRE","TypePrestataire":"Y","Adresse":{"LigneAdresse1":"","LigneAdresse2":"","LigneAdresse3":"","CodePostal":"44560","Ville":"PAIMBOEUF","Cedex":"","Etat":"","Pays":"FRA"},"Email":"latac@tutamail.com","Telephone":"","TelephoneBureau":"","Portable":"","SiteWeb":"https:\/\/carnavallesotlylaisse.com\/","Fax":"","Id":"y-assotoutacote","Code":"Y|ASSOTOUTACOTE","Fichier":[],"Url":"","Localisation":{"GoogleMap":{"Latitude":"","Longitude":""}},"ZoneGeo":"","Criteres":{"LIEU[PAIBOEUFPORTQUAIS":"","LIEU[PAIMBOEUFCENTRE":"","MAJINGENIE[DATEDERNIEREMAJ":"20240511","MISEAJOUR[AMANDINE":""},"DateFinPublication":"","AffichageCoordonnees":[]},"listeCriteres":{"LIEUMANIF":{"PAIMBOEUF":""},"CATEGORIEANIMATION":{"ATELIER":"","CONCER":""},"DETAILCONCERTSPECTACLE":{"MUSIQUEACTUELLEPOPRAP":""},"ICA":{"ICATP":""},"TYPE":{"LOISI":""},"MISEAJOURINGENIE":{"DATEDERNIEREMAJ":"20260317"},"MISEAJOURPAR":{"FABIENNE":""},"LIEU":{"PAIBOEUFPORTQUAIS":"","PAIMBOEUFCENTRE":""},"MAJINGENIE":{"DATEDERNIEREMAJ":"20240511"},"MISEAJOUR":{"AMANDINE":""}},"dansCarnetVoyage":true,"Ouverture":["\u003Cp class=\"date\" \u003EDu samedi 04 au samedi 11 juillet 2026\u003C\/p\u003E\u003Cp class=\"nature\" \u003ETous les jours\u003C\/p\u003E\u003Cp class=\"heure\" \u003Ede 10:30 \u00e0 23:00\u003C\/p\u003E"],"OuverturePasse":[],"OuvertureObjs":[{}],"OuvertureTab":[["20260704","20260711"]]},"html":" \n \u003Cdiv id=\"CV-PRESTATION-Y-ASSOTOUTACOTE-LESOTLYLAISSE\" data-contexte-id=\"PRESTATION|Y|ASSOTOUTACOTE|LESOTLYLAISSE\" data-cle=\"Y|ASSOTOUTACOTE|LESOTLYLAISSE\" class=\"fiche-liste\"\u003E\n    \n\n    \u003C!-- partie photo --\u003E\n    \u003Cdiv class=\"photo\"\u003E\t\t\t\t\t\t\t\t\t\t\t\t\t\t\t\t\t\t\t\t\t\n        \u003Cdiv class=\"cadre_photo_principale\"\u003E\t\t\n        \n            \t\t\t\t\t\n                    \u003Ca href=\"le-sot-l-y-laisse.html?origine=carnet#media\"\u003E\n                        \u003Cimg class=\"photo_principale\" alt=\"people-2557396-1280-22559\" src=\"https:\/\/www.saint-brevin.com\/medias\/images\/prestations\/multitailles\/320x240_people-2557396-1280-22559.jpg\" itemprop=\"image\"\u003E\n                    \u003C\/a\u003E\t\t\t\t\t\t\n                \n                    \u003C\/div\u003E\t\t\t\t\t\t\t\t\t\t\t\t\t\t\t\t\t\t\t \t\t\n    \u003C\/div\u003E\n    \n    \u003C!-- partie nom prest --\u003E\n    \u003Cdiv class=\"nom\"\u003E\n        \u003Ch2\u003ELe Sot l'y Laisse\u003C\/h2\u003E\n        \n            \u003C\/div\u003E\n\n     \u003Cul style=\"display: none\" class=\"ouverture_list\"\u003E\u003Cli class=\"ouverture_item\"\u003E\u003Cp class=\"date\" \u003EDu samedi 04 au samedi 11 juillet 2026\u003C\/p\u003E\u003Cp class=\"nature\" \u003ETous les jours\u003C\/p\u003E\u003Cp class=\"heure\" \u003Ede 10:30 \u00e0 23:00\u003C\/p\u003E\u003C\/li\u003E\u003C\/ul\u003E    \n    \u003C!-- partie adresse --\u003E\n    \u003Cdiv class=\"adresse\"\u003E\n    \n          \n    \u003C\/div\u003E\n    \n    \u003C!-- partie liens --\u003E\n    \u003Cdiv class=\"liens\"\u003E\n            \u003Ca class=\"btn-icon btn-view \" title=\"Voir la fiche d\u00e9taill\u00e9e\" href=\"le-sot-l-y-laisse.html?origine=carnet\"\u003E\u003C\/a\u003E\u003C!--\u003Ca class=\"btn-icon btn-view \" title=\"\" href=\"?origine=carnet#thaut\"\u003E\u003C\/a\u003E--\u003E\n      \u003Ca class=\"btn-icon btn-trash carnet_voyage_supprimer\" title=\"Supprimer cette fiche de mon carnet de voyage\" href=\"carnet-voyage?action=remove&fiche=Y|ASSOTOUTACOTE|LESOTLYLAISSE\"\u003E\u003C\/a\u003E\n    \u003C\/div\u003E\n\n\u003C\/div\u003E\n\n","icon":"https:\/\/static.ingenie.fr\/images\/carnetVoyageV3\/Y.png"},"fiche":"Y|ASSOTOUTACOTE|LESOTLYLAISSE","popup":"\u003Cdiv id=\"bloc_popup_ajout_fiche_carnet\"\u003E\n    \u003Cdiv class=\"info_popup_ajout_fiche_carnet\"\u003E\n        Vous venez d'ajouter cet \u00e9l\u00e9ment \u00e0 votre carnet de voyage :    \u003C\/div\u003E\n    \u003Cdiv class=\"prest_popup_ajout_fiche_carnet\"\u003E\n        Le Sot l&#039;y Laisse    \u003C\/div\u003E\n    \u003Cdiv class=\"bloc_btn_ajout_fiche_carnet form_submit_div\"\u003E\n        \u003Cinput type=\"button\" value=\"Continuer ma s\u00e9lection\" title=\"Continuer ma s\u00e9lection\" name=\"btn_close\" class=\"btn_close_popup_carnet form_submit\" onclick=\"$.colorbox.close()\" \/\u003E\n        \u003Cinput type=\"button\" value=\"Voir mon carnet de voyage\" title=\"Voir mon carnet\" name=\"btn_panier\" class=\"btn_panier_popup_carnet form_submit\" onclick=\"if(typeof CarnetVoyage != 'undefined') {CarnetVoyage.voirCarnet();}\" \/\u003E\n    \u003C\/div\u003E\n    \u003Cdiv class=\"bloc_btn_ajout_fiche_carnet\"\u003E\n        \u003Cinput type=\"checkbox\" value=\"1\" name=\"desactiver_popup\" id=\"desactiver_popup\" \/\u003E\n        \u003Clabel for=\"desactiver_popup\"\u003ENe plus afficher ce message\u003C\/label\u003E\n    \u003C\/div\u003E\n\u003C\/div\u003E","success":1}