{"nbFiches":1,"dataPrest":{"infoPrest":{"pave1":{"libelle":"Slogan","contenu":"","fichiers":[]},"pave2":{"libelle":"Descriptif","contenu":"L&#39;association Respire de Saint-Brevin vous propose des cours de Yoga &amp; relaxation m&eacute;ditation, accesible &agrave; tous,sans pr&eacute;requis&nbsp;\u003Cbr \/\u003E\r\n\u003Cbr \/\u003E\r\n&nbsp;\u003Cspan\u003EInfos et&nbsp;\u003C\/span\u003E\u003Cspan\u003E&nbsp;in\u003C\/span\u003E\u003Cspan\u003Escriptions aupr&egrave;s de&nbsp;\u003C\/span\u003E\u003Cspan\u003E\u003Cu\u003ESt&eacute;phanie PROVOST\u003C\/u\u003E\u003C\/span\u003E\u003Cspan\u003E\u003Cspan\u003E&nbsp;.\u003C\/span\u003E\u003C\/span\u003E\u003Cspan\u003E&nbsp;06 95 99 44 10\u003C\/span\u003E","fichiers":[]},"pave3":{"libelle":"","contenu":""},"pave4":{"libelle":"","contenu":""},"pave5":{"libelle":"","contenu":""},"pave6":{"libelle":"","contenu":""},"pave7":{"libelle":"","contenu":""},"pave8":{"libelle":"","contenu":""},"pave9":{"libelle":"","contenu":""},"pave10":{"libelle":"","contenu":""},"pave11":{"libelle":"","contenu":""},"pave12":{"libelle":"","contenu":""},"pave13":{"libelle":"","contenu":""},"pave14":{"libelle":"","contenu":""},"pave15":{"libelle":"","contenu":""},"pave16":{"libelle":"","contenu":""},"pave17":{"libelle":"","contenu":""},"pave18":{"libelle":"","contenu":""},"pave19":{"libelle":"","contenu":""},"pave20":{"libelle":"","contenu":""},"pave21":{"libelle":"","contenu":""},"pave22":{"libelle":"","contenu":""},"pave23":{"libelle":"","contenu":""},"pave24":{"libelle":"","contenu":""},"pave25":{"libelle":"","contenu":""},"Libelle":"Yoga sur la plage","Reference":"","Reftar":"","Type":"PRESTATION","TypePrestataire":"Y","ContexteStat":"PRESTATION-Y-ASSORESPIRESTBREVIN-YOGAPLAGE","DateModificationIso":"2026-04-30T17:36:00+02:00","Adresse":{"LigneAdresse1":"Plage de l'oc\u00e9an","LigneAdresse2":"","LigneAdresse3":"","CodePostal":"44250","Ville":"ST BREVIN LES PINS","Cedex":"","Etat":"","Pays":"FRA"},"Id":"y-assorespirestbrevin-yogaplage","Code":"Y|ASSORESPIRESTBREVIN|YOGAPLAGE","Cle":"Y|ASSORESPIRESTBREVIN|YOGAPLAGE","Url":"yoga-sur-la-plage.html","Localisation":{"GoogleMap":{"Latitude":"47.22837","Longitude":"-2.17585"}},"ZoneGeo":"","Criteres":{"LIEUMANIF[SAINTBREVIN":"","CATEGORIEANIMATION[BIENETRE":"","DETAILANIMATIONSPORTIVE[YOGA":"","YVEL[SOUI":"","MISEAJOURINGENIE[DATEDERNIEREMAJ":"20260121","MISEAJOURPAR[AMANDINE":""},"ContactsParType":{"IWEB":{"3795":{"id_contact":"3795","type_contact":"IWEB","categorie_contact":"PRESTATION","societe_contact":"","fonction_contact":"","civilite_nom_prenom_contact":"St\u00e9phanie ","adresse1_contact":"","adresse2_contact":"","adresse3_contact":"","cpostal_contact":"","ville_contact":"","teldom_contact":"","telbur_contact":"","fax_contact":"","portable_contact":"0695994410","email_contact":"","siteweb_contact":"","commentaire_contact":"","langue_contact":"","autre_moyen_com":[]}}},"ContactRemplaceCoordonnees":"3795","Prestataire":{"pave1":{"libelle":"Descriptif","contenu":""},"pave2":{"libelle":"","contenu":""},"pave3":{"libelle":"","contenu":""},"pave4":{"libelle":"","contenu":""},"pave5":{"libelle":"","contenu":""},"pave6":{"libelle":"","contenu":""},"pave7":{"libelle":"","contenu":""},"pave8":{"libelle":"","contenu":""},"pave9":{"libelle":"","contenu":""},"pave10":{"libelle":"","contenu":""},"pave11":{"libelle":"","contenu":""},"pave12":{"libelle":"","contenu":""},"pave13":{"libelle":"","contenu":""},"pave14":{"libelle":"","contenu":""},"pave15":{"libelle":"","contenu":""},"pave16":{"libelle":"","contenu":""},"pave17":{"libelle":"","contenu":""},"pave18":{"libelle":"","contenu":""},"pave19":{"libelle":"","contenu":""},"pave20":{"libelle":"","contenu":""},"pave21":{"libelle":"","contenu":""},"pave22":{"libelle":"","contenu":""},"pave23":{"libelle":"","contenu":""},"pave24":{"libelle":"","contenu":""},"pave25":{"libelle":"","contenu":""},"Libelle":"","Nom":"","Prenom":"St\u00e9phanie","NomPrenom":"St\u00e9phanie ","CiviliteNomPrenom":"St\u00e9phanie ","Cle":"Y|ASSORESPIRESTBREVIN","PrestataireParent":"","ContexteStat":"PRESTATAIRE-Y-ASSORESPIRESTBREVIN","DateModificationIso":"2024-02-07T12:19:00+01:00","Type":"PRESTATAIRE","TypePrestataire":"Y","Adresse":{"LigneAdresse1":"","LigneAdresse2":"","LigneAdresse3":"","CodePostal":"","Ville":"","Cedex":"","Etat":"","Pays":"FRA"},"Email":"","Telephone":"","TelephoneBureau":"","Portable":"0695994410","SiteWeb":"","Fax":"","Id":"y-assorespirestbrevin","Code":"Y|ASSORESPIRESTBREVIN","Fichier":{"Document":[{"url":"https:\/\/www.saint-brevin.com\/medias\/images\/prestataires\/respire-st-brevin-9001.docx","chemin":"..\/medias\/images\/prestataires\/respire-st-brevin-9001.docx","libelle":"respire-st-brevin-9001","extension":"docx","categorie":"","largeur":"","theme":"","hauteur":"","type":"Document","origine":"","liaisonPave":"","langue":"","id":"9001","poids":"419.7 Ko","alt":"respire-st-brevin-9001","title":"respire-st-brevin-9001"}],"ByCategorie":{"":[{"url":"https:\/\/www.saint-brevin.com\/medias\/images\/prestataires\/respire-st-brevin-9001.docx","chemin":"..\/medias\/images\/prestataires\/respire-st-brevin-9001.docx","libelle":"respire-st-brevin-9001","extension":"docx","categorie":"","largeur":"","theme":"","hauteur":"","type":"Document","origine":"","liaisonPave":"","langue":"","id":"9001","poids":"419.7 Ko","alt":"respire-st-brevin-9001","title":"respire-st-brevin-9001"}]}},"Url":"","Localisation":{"GoogleMap":{"Latitude":"","Longitude":""}},"ZoneGeo":"","Criteres":[],"DateFinPublication":""},"Fichier":{"Image":[{"url":"https:\/\/www.saint-brevin.com\/medias\/images\/prestations\/capture-d-cran-2026-02-13-125929-30129-30981.jpg","chemin":"..\/medias\/images\/prestations\/capture-d-cran-2026-02-13-125929-30129-30981.jpg","libelle":"capture-d-cran-2026-02-13-125929-30129","extension":"jpg","categorie":"","largeur":639,"theme":"","hauteur":390,"type":"Image","origine":"","liaisonPave":"","langue":"","id":"30981","urlVignette":"https:\/\/www.saint-brevin.com\/medias\/images\/prestations\/v-capture-d-cran-2026-02-13-125929-30129-30981.jpg","alt":"capture-d-cran-2026-02-13-125929-30129","title":"capture-d-cran-2026-02-13-125929-30129","MultiTaille":{"1920x1440":{"url":"https:\/\/www.saint-brevin.com\/medias\/images\/prestations\/multitailles\/1920x1440_capture-d-cran-2026-02-13-125929-30129-30981.jpg"},"1200x900":{"url":"https:\/\/www.saint-brevin.com\/medias\/images\/prestations\/multitailles\/1200x900_capture-d-cran-2026-02-13-125929-30129-30981.jpg"},"800x600":{"url":"https:\/\/www.saint-brevin.com\/medias\/images\/prestations\/multitailles\/800x600_capture-d-cran-2026-02-13-125929-30129-30981.jpg"},"640x480":{"url":"https:\/\/www.saint-brevin.com\/medias\/images\/prestations\/multitailles\/640x480_capture-d-cran-2026-02-13-125929-30129-30981.jpg"},"320x240":{"url":"https:\/\/www.saint-brevin.com\/medias\/images\/prestations\/multitailles\/320x240_capture-d-cran-2026-02-13-125929-30129-30981.jpg"},"160x120":{"url":"https:\/\/www.saint-brevin.com\/medias\/images\/prestations\/multitailles\/160x120_capture-d-cran-2026-02-13-125929-30129-30981.jpg"},"origine":{"url":"https:\/\/www.saint-brevin.com\/medias\/images\/prestations\/capture-d-cran-2026-02-13-125929-30129-30981.jpg"}},"urlLien":"","typeLien":"","nofollow":"N","copyright":""}],"ByCategorie":{"":[{"url":"https:\/\/www.saint-brevin.com\/medias\/images\/prestations\/capture-d-cran-2026-02-13-125929-30129-30981.jpg","chemin":"..\/medias\/images\/prestations\/capture-d-cran-2026-02-13-125929-30129-30981.jpg","libelle":"capture-d-cran-2026-02-13-125929-30129","extension":"jpg","categorie":"","largeur":639,"theme":"","hauteur":390,"type":"Image","origine":"","liaisonPave":"","langue":"","id":"30981","urlVignette":"https:\/\/www.saint-brevin.com\/medias\/images\/prestations\/v-capture-d-cran-2026-02-13-125929-30129-30981.jpg","alt":"capture-d-cran-2026-02-13-125929-30129","title":"capture-d-cran-2026-02-13-125929-30129","MultiTaille":{"1920x1440":{"url":"https:\/\/www.saint-brevin.com\/medias\/images\/prestations\/multitailles\/1920x1440_capture-d-cran-2026-02-13-125929-30129-30981.jpg"},"1200x900":{"url":"https:\/\/www.saint-brevin.com\/medias\/images\/prestations\/multitailles\/1200x900_capture-d-cran-2026-02-13-125929-30129-30981.jpg"},"800x600":{"url":"https:\/\/www.saint-brevin.com\/medias\/images\/prestations\/multitailles\/800x600_capture-d-cran-2026-02-13-125929-30129-30981.jpg"},"640x480":{"url":"https:\/\/www.saint-brevin.com\/medias\/images\/prestations\/multitailles\/640x480_capture-d-cran-2026-02-13-125929-30129-30981.jpg"},"320x240":{"url":"https:\/\/www.saint-brevin.com\/medias\/images\/prestations\/multitailles\/320x240_capture-d-cran-2026-02-13-125929-30129-30981.jpg"},"160x120":{"url":"https:\/\/www.saint-brevin.com\/medias\/images\/prestations\/multitailles\/160x120_capture-d-cran-2026-02-13-125929-30129-30981.jpg"},"origine":{"url":"https:\/\/www.saint-brevin.com\/medias\/images\/prestations\/capture-d-cran-2026-02-13-125929-30129-30981.jpg"}},"urlLien":"","typeLien":"","nofollow":"N","copyright":""}]}},"DateDebPublication":"","DateFinPublication":"20260805","PrixAPartirDe":"","PrixPour":"","FicheListeEnCours":"fiche_liste_agenda_prestation_v2017","ParametresModele":{"AfficherPhotos":"1","NbPhotosMax":6,"AfficherReserver":0,"AfficherContact":0,"AfficherSalle":1,"AfficherZoneGeo":0,"AfficherEnSavoirPlus":"1","AfficherUneSeuleOuverture":"1","AfficherContactCarte":1,"AfficherTarifsChaudAPartirDe":0,"AfficherTarifChaudSansRecherche":0,"AfficherLiensCarnetVoyage":"1","AfficherOuverture":"1","BlocCritereInfo":{"critere1":{"libelle":""},"critere2":{"libelle":""},"critere3":{"libelle":""},"critere4":{"libelle":""},"critere5":{"libelle":""},"critere6":{"libelle":""},"critere7":{"libelle":"","liste_critere":["COMMUNES|Y"]},"critere8":{"libelle":""},"critere9":{"libelle":""},"afficherpictoetpaslibelle":"1"},"CriteresComportementResa":"|RESABILLET[RESAENLIGNE|","PositionBloc":"GALLERIE|NOM|OUVERTURES|CARNET_VOYAGE|URL|LIEN_RESERVER_DETAIL","TypePrestataire":"Y","ComportementResa":false,"ComportementDispo":false},"AffichageCoordonnees":[],"Coordonnees":{"Ville":"ST BREVIN LES PINS"},"ContexteId":"PRESTATION|Y|ASSORESPIRESTBREVIN|YOGAPLAGE","ContexteIdHtml":"PRESTATION-Y-ASSORESPIRESTBREVIN-YOGAPLAGE","cleContexte":"Y|ASSORESPIRESTBREVIN|YOGAPLAGE","Bloc":{"texte1":"","texte3":"","critere1":{"libelle":"","contenu":[]},"critere2":{"libelle":"","contenu":[]},"critere3":{"libelle":"","contenu":[]},"critere4":{"libelle":"","contenu":[]},"critere5":{"libelle":"","contenu":[]},"critere6":{"libelle":"","contenu":[]},"critere7":{"libelle":"","contenu":[]},"critere8":{"libelle":"","contenu":[]},"critere9":{"libelle":"","contenu":[]}},"LocalisationGps":{"Latitude":"47.22837","Longitude":"-2.17585"},"libelleDuPrestataire":"","vuePrestataire":{"pave1":{"libelle":"Descriptif","contenu":""},"pave2":{"libelle":"","contenu":""},"pave3":{"libelle":"","contenu":""},"pave4":{"libelle":"","contenu":""},"pave5":{"libelle":"","contenu":""},"pave6":{"libelle":"","contenu":""},"pave7":{"libelle":"","contenu":""},"pave8":{"libelle":"","contenu":""},"pave9":{"libelle":"","contenu":""},"pave10":{"libelle":"","contenu":""},"pave11":{"libelle":"","contenu":""},"pave12":{"libelle":"","contenu":""},"pave13":{"libelle":"","contenu":""},"pave14":{"libelle":"","contenu":""},"pave15":{"libelle":"","contenu":""},"pave16":{"libelle":"","contenu":""},"pave17":{"libelle":"","contenu":""},"pave18":{"libelle":"","contenu":""},"pave19":{"libelle":"","contenu":""},"pave20":{"libelle":"","contenu":""},"pave21":{"libelle":"","contenu":""},"pave22":{"libelle":"","contenu":""},"pave23":{"libelle":"","contenu":""},"pave24":{"libelle":"","contenu":""},"pave25":{"libelle":"","contenu":""},"Libelle":"","Nom":"","Prenom":"St\u00e9phanie","NomPrenom":"St\u00e9phanie ","CiviliteNomPrenom":"St\u00e9phanie ","Cle":"Y|ASSORESPIRESTBREVIN","PrestataireParent":"","ContexteStat":"PRESTATAIRE-Y-ASSORESPIRESTBREVIN","DateModificationIso":"2024-02-07T12:19:00+01:00","Type":"PRESTATAIRE","TypePrestataire":"Y","Adresse":{"LigneAdresse1":"","LigneAdresse2":"","LigneAdresse3":"","CodePostal":"","Ville":"","Cedex":"","Etat":"","Pays":"FRA"},"Email":"","Telephone":"","TelephoneBureau":"","Portable":"0695994410","SiteWeb":"","Fax":"","Id":"y-assorespirestbrevin","Code":"Y|ASSORESPIRESTBREVIN","Fichier":{"Document":[{"url":"https:\/\/www.saint-brevin.com\/medias\/images\/prestataires\/respire-st-brevin-9001.docx","chemin":"..\/medias\/images\/prestataires\/respire-st-brevin-9001.docx","libelle":"respire-st-brevin-9001","extension":"docx","categorie":"","largeur":"","theme":"","hauteur":"","type":"Document","origine":"","liaisonPave":"","langue":"","id":"9001","poids":"419.7 Ko","alt":"respire-st-brevin-9001","title":"respire-st-brevin-9001"}],"ByCategorie":{"":[{"url":"https:\/\/www.saint-brevin.com\/medias\/images\/prestataires\/respire-st-brevin-9001.docx","chemin":"..\/medias\/images\/prestataires\/respire-st-brevin-9001.docx","libelle":"respire-st-brevin-9001","extension":"docx","categorie":"","largeur":"","theme":"","hauteur":"","type":"Document","origine":"","liaisonPave":"","langue":"","id":"9001","poids":"419.7 Ko","alt":"respire-st-brevin-9001","title":"respire-st-brevin-9001"}]}},"Url":"","Localisation":{"GoogleMap":{"Latitude":"","Longitude":""}},"ZoneGeo":"","Criteres":[],"DateFinPublication":"","AffichageCoordonnees":[]},"listeCriteres":{"LIEUMANIF":{"SAINTBREVIN":""},"CATEGORIEANIMATION":{"BIENETRE":""},"DETAILANIMATIONSPORTIVE":{"YOGA":""},"YVEL":{"SOUI":""},"MISEAJOURINGENIE":{"DATEDERNIEREMAJ":"20260121"},"MISEAJOURPAR":{"AMANDINE":""}},"dansCarnetVoyage":true,"Ouverture":["\u003Cp class=\"date\" \u003ESamedi 04 juillet 2026\u003C\/p\u003E\u003Cp class=\"heure\" \u003E\u00e0 partir de 10:00\u003C\/p\u003E"],"OuverturePasse":[],"OuvertureObjs":[{},{},{},{},{},{},{}],"OuvertureTab":[["20260704","20260704"],["20260706","20260706"],["20260710","20260710"],["20260721","20260721"],["20260726","20260726"],["20260731","20260731"],["20260804","20260804"]]},"html":" \n \u003Cdiv id=\"CV-PRESTATION-Y-ASSORESPIRESTBREVIN-YOGAPLAGE\" data-contexte-id=\"PRESTATION|Y|ASSORESPIRESTBREVIN|YOGAPLAGE\" data-cle=\"Y|ASSORESPIRESTBREVIN|YOGAPLAGE\" class=\"fiche-liste\"\u003E\n    \n\n    \u003C!-- partie photo --\u003E\n    \u003Cdiv class=\"photo\"\u003E\t\t\t\t\t\t\t\t\t\t\t\t\t\t\t\t\t\t\t\t\t\n        \u003Cdiv class=\"cadre_photo_principale\"\u003E\t\t\n        \n            \t\t\t\t\t\n                    \u003Ca href=\"yoga-sur-la-plage.html?origine=carnet#media\"\u003E\n                        \u003Cimg class=\"photo_principale\" alt=\"capture-d-cran-2026-02-13-125929-30129\" src=\"https:\/\/www.saint-brevin.com\/medias\/images\/prestations\/multitailles\/320x240_capture-d-cran-2026-02-13-125929-30129-30981.jpg\" itemprop=\"image\"\u003E\n                    \u003C\/a\u003E\t\t\t\t\t\t\n                \n                    \u003C\/div\u003E\t\t\t\t\t\t\t\t\t\t\t\t\t\t\t\t\t\t\t \t\t\n    \u003C\/div\u003E\n    \n    \u003C!-- partie nom prest --\u003E\n    \u003Cdiv class=\"nom\"\u003E\n        \u003Ch2\u003EYoga sur la plage\u003C\/h2\u003E\n        \n            \u003C\/div\u003E\n\n     \u003Cul style=\"display: none\" class=\"ouverture_list\"\u003E\u003Cli class=\"ouverture_item\"\u003E\u003Cp class=\"date\" \u003ESamedi 04 juillet 2026\u003C\/p\u003E\u003Cp class=\"heure\" \u003E\u00e0 partir de 10:00\u003C\/p\u003E\u003C\/li\u003E\u003C\/ul\u003E    \n    \u003C!-- partie adresse --\u003E\n    \u003Cdiv class=\"adresse\"\u003E\n    \n          \n    \u003C\/div\u003E\n    \n    \u003C!-- partie liens --\u003E\n    \u003Cdiv class=\"liens\"\u003E\n            \u003Ca class=\"btn-icon btn-view \" title=\"Voir la fiche d\u00e9taill\u00e9e\" href=\"yoga-sur-la-plage.html?origine=carnet\"\u003E\u003C\/a\u003E\u003C!--\u003Ca class=\"btn-icon btn-view \" title=\"\" href=\"?origine=carnet#thaut\"\u003E\u003C\/a\u003E--\u003E\n      \u003Ca class=\"btn-icon btn-trash carnet_voyage_supprimer\" title=\"Supprimer cette fiche de mon carnet de voyage\" href=\"carnet-voyage?action=remove&fiche=Y|ASSORESPIRESTBREVIN|YOGAPLAGE\"\u003E\u003C\/a\u003E\n    \u003C\/div\u003E\n\n\u003C\/div\u003E\n\n","icon":"https:\/\/static.ingenie.fr\/images\/carnetVoyageV3\/Y.png"},"fiche":"Y|ASSORESPIRESTBREVIN|YOGAPLAGE","popup":"\u003Cdiv id=\"bloc_popup_ajout_fiche_carnet\"\u003E\n    \u003Cdiv class=\"info_popup_ajout_fiche_carnet\"\u003E\n        Vous venez d'ajouter cet \u00e9l\u00e9ment \u00e0 votre carnet de voyage :    \u003C\/div\u003E\n    \u003Cdiv class=\"prest_popup_ajout_fiche_carnet\"\u003E\n        Yoga sur la plage    \u003C\/div\u003E\n    \u003Cdiv class=\"bloc_btn_ajout_fiche_carnet form_submit_div\"\u003E\n        \u003Cinput type=\"button\" value=\"Continuer ma s\u00e9lection\" title=\"Continuer ma s\u00e9lection\" name=\"btn_close\" class=\"btn_close_popup_carnet form_submit\" onclick=\"$.colorbox.close()\" \/\u003E\n        \u003Cinput type=\"button\" value=\"Voir mon carnet de voyage\" title=\"Voir mon carnet\" name=\"btn_panier\" class=\"btn_panier_popup_carnet form_submit\" onclick=\"if(typeof CarnetVoyage != 'undefined') {CarnetVoyage.voirCarnet();}\" \/\u003E\n    \u003C\/div\u003E\n    \u003Cdiv class=\"bloc_btn_ajout_fiche_carnet\"\u003E\n        \u003Cinput type=\"checkbox\" value=\"1\" name=\"desactiver_popup\" id=\"desactiver_popup\" \/\u003E\n        \u003Clabel for=\"desactiver_popup\"\u003ENe plus afficher ce message\u003C\/label\u003E\n    \u003C\/div\u003E\n\u003C\/div\u003E","success":1}