{"nbFiches":1,"dataPrest":{"infoPrest":{"pave1":{"libelle":"Slogan","contenu":"","fichiers":[]},"pave2":{"libelle":"Descriptif","contenu":"\u003Cspan style=\"font-size:12px;\"\u003E\u003Cspan open=\"\" style=\"caret-color: rgb(61, 53, 44); color: rgb(61, 53, 44); font-family: \" text-align:=\"\" white-space:=\"\"\u003EUn moment de partage et une exp&eacute;rience hors du commun...on m&eacute;dite en chantant pour sortir de la n&eacute;gativit&eacute;, booster l&rsquo;estime de soi, d&eacute;velopper sa cr&eacute;ativit&eacute;....\u003Cbr \/\u003E\r\n\u003Cbr \/\u003E\r\nTarif libre et conscient.\u003C\/span\u003E\u003C\/span\u003E\r\n\u003Ch2 dir=\"auto\" id=\"viewer-ks8qf1\"\u003E\u003Cspan style=\"font-size:14px;\"\u003EPOURQUOI R&Eacute;P&Eacute;TER DES MANTRAS ?\u003C\/span\u003E\u003C\/h2\u003E\r\n\r\n\u003Cp dir=\"auto\" id=\"viewer-62qo53\"\u003E&Agrave; savoir, ce n&rsquo;est pas tellement la signification du texte qui va agir sur notre mental mais la vibration des syllabes chant&eacute;es, chaque son disposant d&rsquo;une fr&eacute;quence particuli&egrave;re. Donc pas de panique si on ne comprend pas le sanskrit ou le gurmukhi ! Chaque mantra contient une intention propre : apaiser, &eacute;nergiser&hellip; C&rsquo;est la r&eacute;p&eacute;tition des syllabes qui va potentiellement op&eacute;rer une transformation en nous.\u003C\/p\u003E\r\n\r\n\u003Cp dir=\"auto\" id=\"viewer-1zb657\"\u003E\u003Cbr \/\u003E\r\n\u003Cbr \/\u003E\r\nAucun pr&eacute;requis pour venir chanter avec nous, vous &ecirc;tes le ou la bienvenue si vous souhaitez tenter l&#39;exp&eacute;rience.\u003Cbr \/\u003E\r\n\u003Cbr \/\u003E\r\n\u003Cspan style=\"text-align:center\"\u003E\u003Cfont color=\"#000000\" face=\"arial, sans-serif\" size=\"2\"\u003EInfos et&nbsp;\u003C\/font\u003E\u003C\/span\u003E\u003Cspan style=\"font-size:12pt;font-family:calibri,sans-serif;text-align:center\"\u003E&nbsp;in\u003C\/span\u003E\u003Cspan style=\"font-size:12pt;font-family:calibri,sans-serif;text-align:center\"\u003Escriptions aupr&egrave;s de&nbsp;\u003C\/span\u003E\u003Cspan style=\"font-size:12pt;font-family:calibri,sans-serif;text-align:center\"\u003E\u003Cu\u003ESt&eacute;phanie PROVOST\u003C\/u\u003E\u003C\/span\u003E\u003Cspan style=\"font-family:arial,helvetica,sans-serif\"\u003E\u003Cspan style=\"font-size:12pt;font-family:calibri,sans-serif\"\u003E&nbsp;.\u003C\/span\u003E\u003C\/span\u003E\u003Cspan style=\"font-family:calibri,sans-serif;font-size:12pt\"\u003E&nbsp;06 95 99 44 10-\u003C\/span\u003E\u003Ca href=\"https:\/\/www.sophroyoganantes.com\/event-list\"\u003Ehttps:\/\/www.sophroyoganantes.com\/event-list\u003C\/a\u003E\u003C\/p\u003E\r\n","fichiers":[]},"pave3":{"libelle":"","contenu":""},"pave4":{"libelle":"","contenu":""},"pave5":{"libelle":"","contenu":""},"pave6":{"libelle":"","contenu":""},"pave7":{"libelle":"","contenu":""},"pave8":{"libelle":"","contenu":""},"pave9":{"libelle":"","contenu":""},"pave10":{"libelle":"","contenu":""},"pave11":{"libelle":"","contenu":""},"pave12":{"libelle":"","contenu":""},"pave13":{"libelle":"","contenu":""},"pave14":{"libelle":"","contenu":""},"pave15":{"libelle":"","contenu":""},"pave16":{"libelle":"","contenu":""},"pave17":{"libelle":"","contenu":""},"pave18":{"libelle":"","contenu":""},"pave19":{"libelle":"","contenu":""},"pave20":{"libelle":"","contenu":""},"pave21":{"libelle":"","contenu":""},"pave22":{"libelle":"","contenu":""},"pave23":{"libelle":"","contenu":""},"pave24":{"libelle":"","contenu":""},"pave25":{"libelle":"","contenu":""},"Libelle":"Cercle de chants de Mantras","Reference":"","Reftar":"","Type":"PRESTATION","TypePrestataire":"Y","ContexteStat":"PRESTATION-Y-ASSORESPIRESTBREVIN-CERCLEDECHANTSMANTRAS","DateModificationIso":"2026-04-30T17:39:00+02:00","Adresse":{"LigneAdresse1":"Plage de l'oc\u00e9an","LigneAdresse2":"","LigneAdresse3":"","CodePostal":"44250","Ville":"ST BREVIN LES PINS","Cedex":"","Etat":"","Pays":"FRA"},"Id":"y-assorespirestbrevin-cercledechantsmantras","Code":"Y|ASSORESPIRESTBREVIN|CERCLEDECHANTSMANTRAS","Cle":"Y|ASSORESPIRESTBREVIN|CERCLEDECHANTSMANTRAS","Url":"cercle-de-chants-de-mantras.html","Localisation":{"GoogleMap":{"Latitude":"47.22969","Longitude":"-2.17514"}},"ZoneGeo":"","Criteres":{"LIEUMANIF[SAINTBREVIN":"","CATEGORIEANIMATION[BIENETRE":"","ICA[DS":"1h30","GANIMA[GANIMNON":"","YVEL[SOUI":"","MISEAJOURINGENIE[DATEDERNIEREMAJ":"20260127","MISEAJOURPAR[AMANDINE":""},"Prestataire":{"pave1":{"libelle":"Descriptif","contenu":""},"pave2":{"libelle":"","contenu":""},"pave3":{"libelle":"","contenu":""},"pave4":{"libelle":"","contenu":""},"pave5":{"libelle":"","contenu":""},"pave6":{"libelle":"","contenu":""},"pave7":{"libelle":"","contenu":""},"pave8":{"libelle":"","contenu":""},"pave9":{"libelle":"","contenu":""},"pave10":{"libelle":"","contenu":""},"pave11":{"libelle":"","contenu":""},"pave12":{"libelle":"","contenu":""},"pave13":{"libelle":"","contenu":""},"pave14":{"libelle":"","contenu":""},"pave15":{"libelle":"","contenu":""},"pave16":{"libelle":"","contenu":""},"pave17":{"libelle":"","contenu":""},"pave18":{"libelle":"","contenu":""},"pave19":{"libelle":"","contenu":""},"pave20":{"libelle":"","contenu":""},"pave21":{"libelle":"","contenu":""},"pave22":{"libelle":"","contenu":""},"pave23":{"libelle":"","contenu":""},"pave24":{"libelle":"","contenu":""},"pave25":{"libelle":"","contenu":""},"Libelle":"Association Respire St Brevin","Nom":"Association Respire St Brevin","Prenom":"","NomPrenom":"Association Respire St Brevin ","CiviliteNomPrenom":"Association Respire St Brevin ","Cle":"Y|ASSORESPIRESTBREVIN","PrestataireParent":"","ContexteStat":"PRESTATAIRE-Y-ASSORESPIRESTBREVIN","DateModificationIso":"2024-02-07T12:19:00+01:00","Type":"PRESTATAIRE","TypePrestataire":"Y","Adresse":{"LigneAdresse1":"40 avenue du Pr\u00e9sident Roosevelt","LigneAdresse2":"","LigneAdresse3":"","CodePostal":"44250","Ville":"ST BREVIN LES PINS","Cedex":"","Etat":"","Pays":"FRA"},"Email":"","Telephone":"","TelephoneBureau":"","Portable":"06 95 99 44 10","SiteWeb":"https:\/\/www.sophroyoganantes.com\/services-6","Fax":"","Id":"y-assorespirestbrevin","Code":"Y|ASSORESPIRESTBREVIN","Fichier":{"Document":[{"url":"https:\/\/www.saint-brevin.com\/medias\/images\/prestataires\/respire-st-brevin-9001.docx","chemin":"..\/medias\/images\/prestataires\/respire-st-brevin-9001.docx","libelle":"respire-st-brevin-9001","extension":"docx","categorie":"","largeur":"","theme":"","hauteur":"","type":"Document","origine":"","liaisonPave":"","langue":"","id":"9001","poids":"419.7 Ko","alt":"respire-st-brevin-9001","title":"respire-st-brevin-9001"}],"ByCategorie":{"":[{"url":"https:\/\/www.saint-brevin.com\/medias\/images\/prestataires\/respire-st-brevin-9001.docx","chemin":"..\/medias\/images\/prestataires\/respire-st-brevin-9001.docx","libelle":"respire-st-brevin-9001","extension":"docx","categorie":"","largeur":"","theme":"","hauteur":"","type":"Document","origine":"","liaisonPave":"","langue":"","id":"9001","poids":"419.7 Ko","alt":"respire-st-brevin-9001","title":"respire-st-brevin-9001"}]}},"Url":"","Localisation":{"GoogleMap":{"Latitude":"","Longitude":""}},"ZoneGeo":"","Criteres":[],"DateFinPublication":""},"Fichier":{"Image":[{"url":"https:\/\/www.saint-brevin.com\/medias\/images\/prestations\/worship-4088561-1280-25333-25858-28493.jpg","chemin":"..\/medias\/images\/prestations\/worship-4088561-1280-25333-25858-28493.jpg","libelle":"worship-4088561-1280-25333","extension":"jpg","categorie":"","largeur":1280,"theme":"","hauteur":853,"type":"Image","origine":"","liaisonPave":"","langue":"","id":"28493","urlVignette":"https:\/\/www.saint-brevin.com\/medias\/images\/prestations\/v-worship-4088561-1280-25333-25858-28493.jpg","alt":"worship-4088561-1280-25333","title":"worship-4088561-1280-25333","MultiTaille":{"1920x1440":{"url":"https:\/\/www.saint-brevin.com\/medias\/images\/prestations\/multitailles\/1920x1440_worship-4088561-1280-25333-25858-28493.jpg"},"1200x900":{"url":"https:\/\/www.saint-brevin.com\/medias\/images\/prestations\/multitailles\/1200x900_worship-4088561-1280-25333-25858-28493.jpg"},"800x600":{"url":"https:\/\/www.saint-brevin.com\/medias\/images\/prestations\/multitailles\/800x600_worship-4088561-1280-25333-25858-28493.jpg"},"640x480":{"url":"https:\/\/www.saint-brevin.com\/medias\/images\/prestations\/multitailles\/640x480_worship-4088561-1280-25333-25858-28493.jpg"},"320x240":{"url":"https:\/\/www.saint-brevin.com\/medias\/images\/prestations\/multitailles\/320x240_worship-4088561-1280-25333-25858-28493.jpg"},"160x120":{"url":"https:\/\/www.saint-brevin.com\/medias\/images\/prestations\/multitailles\/160x120_worship-4088561-1280-25333-25858-28493.jpg"},"origine":{"url":"https:\/\/www.saint-brevin.com\/medias\/images\/prestations\/worship-4088561-1280-25333-25858-28493.jpg"}},"urlLien":"","typeLien":"","nofollow":"N","copyright":""}],"ByCategorie":{"":[{"url":"https:\/\/www.saint-brevin.com\/medias\/images\/prestations\/worship-4088561-1280-25333-25858-28493.jpg","chemin":"..\/medias\/images\/prestations\/worship-4088561-1280-25333-25858-28493.jpg","libelle":"worship-4088561-1280-25333","extension":"jpg","categorie":"","largeur":1280,"theme":"","hauteur":853,"type":"Image","origine":"","liaisonPave":"","langue":"","id":"28493","urlVignette":"https:\/\/www.saint-brevin.com\/medias\/images\/prestations\/v-worship-4088561-1280-25333-25858-28493.jpg","alt":"worship-4088561-1280-25333","title":"worship-4088561-1280-25333","MultiTaille":{"1920x1440":{"url":"https:\/\/www.saint-brevin.com\/medias\/images\/prestations\/multitailles\/1920x1440_worship-4088561-1280-25333-25858-28493.jpg"},"1200x900":{"url":"https:\/\/www.saint-brevin.com\/medias\/images\/prestations\/multitailles\/1200x900_worship-4088561-1280-25333-25858-28493.jpg"},"800x600":{"url":"https:\/\/www.saint-brevin.com\/medias\/images\/prestations\/multitailles\/800x600_worship-4088561-1280-25333-25858-28493.jpg"},"640x480":{"url":"https:\/\/www.saint-brevin.com\/medias\/images\/prestations\/multitailles\/640x480_worship-4088561-1280-25333-25858-28493.jpg"},"320x240":{"url":"https:\/\/www.saint-brevin.com\/medias\/images\/prestations\/multitailles\/320x240_worship-4088561-1280-25333-25858-28493.jpg"},"160x120":{"url":"https:\/\/www.saint-brevin.com\/medias\/images\/prestations\/multitailles\/160x120_worship-4088561-1280-25333-25858-28493.jpg"},"origine":{"url":"https:\/\/www.saint-brevin.com\/medias\/images\/prestations\/worship-4088561-1280-25333-25858-28493.jpg"}},"urlLien":"","typeLien":"","nofollow":"N","copyright":""}]}},"DateDebPublication":"","DateFinPublication":"20260707","PrixAPartirDe":"","PrixPour":"","FicheListeEnCours":"fiche_liste_agenda_prestation_v2017","ParametresModele":{"AfficherPhotos":"1","NbPhotosMax":6,"AfficherReserver":0,"AfficherContact":0,"AfficherSalle":1,"AfficherZoneGeo":0,"AfficherEnSavoirPlus":"1","AfficherUneSeuleOuverture":"1","AfficherContactCarte":1,"AfficherTarifsChaudAPartirDe":0,"AfficherTarifChaudSansRecherche":0,"AfficherLiensCarnetVoyage":"1","AfficherOuverture":"1","BlocCritereInfo":{"critere1":{"libelle":""},"critere2":{"libelle":""},"critere3":{"libelle":""},"critere4":{"libelle":""},"critere5":{"libelle":""},"critere6":{"libelle":""},"critere7":{"libelle":"","liste_critere":["COMMUNES|Y"]},"critere8":{"libelle":""},"critere9":{"libelle":""},"afficherpictoetpaslibelle":"1"},"CriteresComportementResa":"|RESABILLET[RESAENLIGNE|","PositionBloc":"GALLERIE|NOM|OUVERTURES|CARNET_VOYAGE|URL|LIEN_RESERVER_DETAIL","TypePrestataire":"Y","ComportementResa":false,"ComportementDispo":false},"AffichageCoordonnees":[],"Coordonnees":{"Ville":"ST BREVIN LES PINS"},"ContexteId":"PRESTATION|Y|ASSORESPIRESTBREVIN|CERCLEDECHANTSMANTRAS","ContexteIdHtml":"PRESTATION-Y-ASSORESPIRESTBREVIN-CERCLEDECHANTSMANTRAS","cleContexte":"Y|ASSORESPIRESTBREVIN|CERCLEDECHANTSMANTRAS","Bloc":{"texte1":"","texte3":"","critere1":{"libelle":"","contenu":[]},"critere2":{"libelle":"","contenu":[]},"critere3":{"libelle":"","contenu":[]},"critere4":{"libelle":"","contenu":[]},"critere5":{"libelle":"","contenu":[]},"critere6":{"libelle":"","contenu":[]},"critere7":{"libelle":"","contenu":[]},"critere8":{"libelle":"","contenu":[]},"critere9":{"libelle":"","contenu":[]}},"LocalisationGps":{"Latitude":"47.22969","Longitude":"-2.17514"},"libelleDuPrestataire":"","vuePrestataire":{"pave1":{"libelle":"Descriptif","contenu":""},"pave2":{"libelle":"","contenu":""},"pave3":{"libelle":"","contenu":""},"pave4":{"libelle":"","contenu":""},"pave5":{"libelle":"","contenu":""},"pave6":{"libelle":"","contenu":""},"pave7":{"libelle":"","contenu":""},"pave8":{"libelle":"","contenu":""},"pave9":{"libelle":"","contenu":""},"pave10":{"libelle":"","contenu":""},"pave11":{"libelle":"","contenu":""},"pave12":{"libelle":"","contenu":""},"pave13":{"libelle":"","contenu":""},"pave14":{"libelle":"","contenu":""},"pave15":{"libelle":"","contenu":""},"pave16":{"libelle":"","contenu":""},"pave17":{"libelle":"","contenu":""},"pave18":{"libelle":"","contenu":""},"pave19":{"libelle":"","contenu":""},"pave20":{"libelle":"","contenu":""},"pave21":{"libelle":"","contenu":""},"pave22":{"libelle":"","contenu":""},"pave23":{"libelle":"","contenu":""},"pave24":{"libelle":"","contenu":""},"pave25":{"libelle":"","contenu":""},"Libelle":"Association Respire St Brevin","Nom":"Association Respire St Brevin","Prenom":"","NomPrenom":"Association Respire St Brevin ","CiviliteNomPrenom":"Association Respire St Brevin ","Cle":"Y|ASSORESPIRESTBREVIN","PrestataireParent":"","ContexteStat":"PRESTATAIRE-Y-ASSORESPIRESTBREVIN","DateModificationIso":"2024-02-07T12:19:00+01:00","Type":"PRESTATAIRE","TypePrestataire":"Y","Adresse":{"LigneAdresse1":"40 avenue du Pr\u00e9sident Roosevelt","LigneAdresse2":"","LigneAdresse3":"","CodePostal":"44250","Ville":"ST BREVIN LES PINS","Cedex":"","Etat":"","Pays":"FRA"},"Email":"","Telephone":"","TelephoneBureau":"","Portable":"06 95 99 44 10","SiteWeb":"https:\/\/www.sophroyoganantes.com\/services-6","Fax":"","Id":"y-assorespirestbrevin","Code":"Y|ASSORESPIRESTBREVIN","Fichier":{"Document":[{"url":"https:\/\/www.saint-brevin.com\/medias\/images\/prestataires\/respire-st-brevin-9001.docx","chemin":"..\/medias\/images\/prestataires\/respire-st-brevin-9001.docx","libelle":"respire-st-brevin-9001","extension":"docx","categorie":"","largeur":"","theme":"","hauteur":"","type":"Document","origine":"","liaisonPave":"","langue":"","id":"9001","poids":"419.7 Ko","alt":"respire-st-brevin-9001","title":"respire-st-brevin-9001"}],"ByCategorie":{"":[{"url":"https:\/\/www.saint-brevin.com\/medias\/images\/prestataires\/respire-st-brevin-9001.docx","chemin":"..\/medias\/images\/prestataires\/respire-st-brevin-9001.docx","libelle":"respire-st-brevin-9001","extension":"docx","categorie":"","largeur":"","theme":"","hauteur":"","type":"Document","origine":"","liaisonPave":"","langue":"","id":"9001","poids":"419.7 Ko","alt":"respire-st-brevin-9001","title":"respire-st-brevin-9001"}]}},"Url":"","Localisation":{"GoogleMap":{"Latitude":"","Longitude":""}},"ZoneGeo":"","Criteres":[],"DateFinPublication":"","AffichageCoordonnees":[]},"listeCriteres":{"LIEUMANIF":{"SAINTBREVIN":""},"CATEGORIEANIMATION":{"BIENETRE":""},"ICA":{"DS":"1h30"},"GANIMA":{"GANIMNON":""},"YVEL":{"SOUI":""},"MISEAJOURINGENIE":{"DATEDERNIEREMAJ":"20260127"},"MISEAJOURPAR":{"AMANDINE":""}},"dansCarnetVoyage":true,"Ouverture":["\u003Cp class=\"date\" \u003ELundi 06 juillet 2026\u003C\/p\u003E\u003Cp class=\"heure\" \u003Ede 18:00 \u00e0 19:30\u003C\/p\u003E"],"OuverturePasse":[],"OuvertureObjs":[{}],"OuvertureTab":[["20260706","20260706"]]},"html":" \n \u003Cdiv id=\"CV-PRESTATION-Y-ASSORESPIRESTBREVIN-CERCLEDECHANTSMANTRAS\" data-contexte-id=\"PRESTATION|Y|ASSORESPIRESTBREVIN|CERCLEDECHANTSMANTRAS\" data-cle=\"Y|ASSORESPIRESTBREVIN|CERCLEDECHANTSMANTRAS\" class=\"fiche-liste\"\u003E\n    \n\n    \u003C!-- partie photo --\u003E\n    \u003Cdiv class=\"photo\"\u003E\t\t\t\t\t\t\t\t\t\t\t\t\t\t\t\t\t\t\t\t\t\n        \u003Cdiv class=\"cadre_photo_principale\"\u003E\t\t\n        \n            \t\t\t\t\t\n                    \u003Ca href=\"cercle-de-chants-de-mantras.html?origine=carnet#media\"\u003E\n                        \u003Cimg class=\"photo_principale\" alt=\"worship-4088561-1280-25333\" src=\"https:\/\/www.saint-brevin.com\/medias\/images\/prestations\/multitailles\/320x240_worship-4088561-1280-25333-25858-28493.jpg\" itemprop=\"image\"\u003E\n                    \u003C\/a\u003E\t\t\t\t\t\t\n                \n                    \u003C\/div\u003E\t\t\t\t\t\t\t\t\t\t\t\t\t\t\t\t\t\t\t \t\t\n    \u003C\/div\u003E\n    \n    \u003C!-- partie nom prest --\u003E\n    \u003Cdiv class=\"nom\"\u003E\n        \u003Ch2\u003ECercle de chants de Mantras\u003C\/h2\u003E\n        \n            \u003C\/div\u003E\n\n     \u003Cul style=\"display: none\" class=\"ouverture_list\"\u003E\u003Cli class=\"ouverture_item\"\u003E\u003Cp class=\"date\" \u003ELundi 06 juillet 2026\u003C\/p\u003E\u003Cp class=\"heure\" \u003Ede 18:00 \u00e0 19:30\u003C\/p\u003E\u003C\/li\u003E\u003C\/ul\u003E    \n    \u003C!-- partie adresse --\u003E\n    \u003Cdiv class=\"adresse\"\u003E\n    \n          \n    \u003C\/div\u003E\n    \n    \u003C!-- partie liens --\u003E\n    \u003Cdiv class=\"liens\"\u003E\n            \u003Ca class=\"btn-icon btn-view \" title=\"Voir la fiche d\u00e9taill\u00e9e\" href=\"cercle-de-chants-de-mantras.html?origine=carnet\"\u003E\u003C\/a\u003E\u003C!--\u003Ca class=\"btn-icon btn-view \" title=\"\" href=\"?origine=carnet#thaut\"\u003E\u003C\/a\u003E--\u003E\n      \u003Ca class=\"btn-icon btn-trash carnet_voyage_supprimer\" title=\"Supprimer cette fiche de mon carnet de voyage\" href=\"carnet-voyage?action=remove&fiche=Y|ASSORESPIRESTBREVIN|CERCLEDECHANTSMANTRAS\"\u003E\u003C\/a\u003E\n    \u003C\/div\u003E\n\n\u003C\/div\u003E\n\n","icon":"https:\/\/static.ingenie.fr\/images\/carnetVoyageV3\/Y.png"},"fiche":"Y|ASSORESPIRESTBREVIN|CERCLEDECHANTSMANTRAS","popup":"\u003Cdiv id=\"bloc_popup_ajout_fiche_carnet\"\u003E\n    \u003Cdiv class=\"info_popup_ajout_fiche_carnet\"\u003E\n        Vous venez d'ajouter cet \u00e9l\u00e9ment \u00e0 votre carnet de voyage :    \u003C\/div\u003E\n    \u003Cdiv class=\"prest_popup_ajout_fiche_carnet\"\u003E\n        Cercle de chants de Mantras    \u003C\/div\u003E\n    \u003Cdiv class=\"bloc_btn_ajout_fiche_carnet form_submit_div\"\u003E\n        \u003Cinput type=\"button\" value=\"Continuer ma s\u00e9lection\" title=\"Continuer ma s\u00e9lection\" name=\"btn_close\" class=\"btn_close_popup_carnet form_submit\" onclick=\"$.colorbox.close()\" \/\u003E\n        \u003Cinput type=\"button\" value=\"Voir mon carnet de voyage\" title=\"Voir mon carnet\" name=\"btn_panier\" class=\"btn_panier_popup_carnet form_submit\" onclick=\"if(typeof CarnetVoyage != 'undefined') {CarnetVoyage.voirCarnet();}\" \/\u003E\n    \u003C\/div\u003E\n    \u003Cdiv class=\"bloc_btn_ajout_fiche_carnet\"\u003E\n        \u003Cinput type=\"checkbox\" value=\"1\" name=\"desactiver_popup\" id=\"desactiver_popup\" \/\u003E\n        \u003Clabel for=\"desactiver_popup\"\u003ENe plus afficher ce message\u003C\/label\u003E\n    \u003C\/div\u003E\n\u003C\/div\u003E","success":1}