{"nbFiches":1,"dataPrest":{"infoPrest":{"pave1":{"libelle":"Slogan","contenu":"","fichiers":[]},"pave2":{"libelle":"Descriptif","contenu":"Les motards ont du coeur 44 organise une balade moto de 80km au d&eacute;part du Leclerc de Saint-Brevin\u003Cbr \/\u003E\r\n\u003Cbr \/\u003E\r\nCette balade moto est organis&eacute; en faveur d&#39;Enzo et Sacha deux jumeaux de 9 ans atteints de Leucodystrophie M&eacute;tachromatique.&nbsp;\u003Cbr \/\u003E\r\n\u003Cbr \/\u003E\r\nInscription sur place.&nbsp;\u003Cbr \/\u003E\r\n\u003Cbr \/\u003E\r\n5&euro; par casque.&nbsp;\u003Cbr \/\u003E\r\n\u003Cbr \/\u003E\r\nVenez d&eacute;guis&eacute;s en P&egrave;re-No&euml;l","fichiers":[]},"pave3":{"libelle":"","contenu":""},"pave4":{"libelle":"","contenu":""},"pave5":{"libelle":"","contenu":""},"pave6":{"libelle":"","contenu":""},"pave7":{"libelle":"","contenu":""},"pave8":{"libelle":"","contenu":""},"pave9":{"libelle":"","contenu":""},"pave10":{"libelle":"","contenu":""},"pave11":{"libelle":"","contenu":""},"pave12":{"libelle":"","contenu":""},"pave13":{"libelle":"","contenu":""},"pave14":{"libelle":"","contenu":""},"pave15":{"libelle":"","contenu":""},"pave16":{"libelle":"","contenu":""},"pave17":{"libelle":"","contenu":""},"pave18":{"libelle":"","contenu":""},"pave19":{"libelle":"","contenu":""},"pave20":{"libelle":"","contenu":""},"pave21":{"libelle":"","contenu":""},"pave22":{"libelle":"","contenu":""},"pave23":{"libelle":"","contenu":""},"pave24":{"libelle":"","contenu":""},"pave25":{"libelle":"","contenu":""},"Libelle":"Balade Moto","Reference":"","Reftar":"","Type":"PRESTATION","TypePrestataire":"Y","ContexteStat":"PRESTATION-Y-ASSOLESMOTARDSONTDUCOEUR44-BALADEMOTO","DateModificationIso":"2025-10-22T16:18:00+02:00","Adresse":{"LigneAdresse1":"Base nautique Fernand Bouchereau","LigneAdresse2":"","LigneAdresse3":"","CodePostal":"44320","Ville":"ST VIAUD","Cedex":"","Etat":"","Pays":"FRA"},"Id":"y-assolesmotardsontducoeur44-balademoto","Code":"Y|ASSOLESMOTARDSONTDUCOEUR44|BALADEMOTO","Cle":"Y|ASSOLESMOTARDSONTDUCOEUR44|BALADEMOTO","Url":"balade-moto.html","Localisation":{"GoogleMap":{"Latitude":"47.25961","Longitude":"-2.01623"}},"ZoneGeo":"","Criteres":{"LIEUMANIF[SAINTBREVIN":"","TYPEDEPROGRAMMATION[NOEL":"","CATEGORIEANIMATION[ANIMATIONCARITATIVE":"","DETAILEXPO[AUTOVOITUREANCIENNE":"","DETAILANIMATIONSPORTIVE[SPORTSMECA":"","YVEL[PLACE":"","MISEAJOURINGENIE[DATEDERNIEREMAJ":"20251022","MISEAJOURPAR[AMANDINE":""},"Prestataire":{"pave1":{"libelle":"","contenu":""},"pave2":{"libelle":"","contenu":""},"pave3":{"libelle":"","contenu":""},"pave4":{"libelle":"","contenu":""},"pave5":{"libelle":"","contenu":""},"pave6":{"libelle":"","contenu":""},"pave7":{"libelle":"","contenu":""},"pave8":{"libelle":"","contenu":""},"pave9":{"libelle":"","contenu":""},"pave10":{"libelle":"","contenu":""},"pave11":{"libelle":"","contenu":""},"pave12":{"libelle":"","contenu":""},"pave13":{"libelle":"","contenu":""},"pave14":{"libelle":"","contenu":""},"pave15":{"libelle":"","contenu":""},"pave16":{"libelle":"","contenu":""},"pave17":{"libelle":"","contenu":""},"pave18":{"libelle":"","contenu":""},"pave19":{"libelle":"","contenu":""},"pave20":{"libelle":"","contenu":""},"pave21":{"libelle":"","contenu":""},"pave22":{"libelle":"","contenu":""},"pave23":{"libelle":"","contenu":""},"pave24":{"libelle":"","contenu":""},"pave25":{"libelle":"","contenu":""}},"Fichier":{"Image":[{"url":"https:\/\/www.saint-brevin.com\/medias\/images\/prestations\/honda-6241835-1920-15778.jpg","chemin":"..\/medias\/images\/prestations\/honda-6241835-1920-15778.jpg","libelle":"honda-6241835-1920-15778","extension":"jpg","categorie":"","largeur":1920,"theme":"","hauteur":1280,"type":"Image","origine":"","liaisonPave":"","langue":"","id":"15778","urlVignette":"https:\/\/www.saint-brevin.com\/medias\/images\/prestations\/v-honda-6241835-1920-15778.jpg","alt":"honda-6241835-1920-15778","title":"honda-6241835-1920-15778","MultiTaille":{"1920x1440":{"url":"https:\/\/www.saint-brevin.com\/medias\/images\/prestations\/multitailles\/1920x1440_honda-6241835-1920-15778.jpg"},"1200x900":{"url":"https:\/\/www.saint-brevin.com\/medias\/images\/prestations\/multitailles\/1200x900_honda-6241835-1920-15778.jpg"},"800x600":{"url":"https:\/\/www.saint-brevin.com\/medias\/images\/prestations\/multitailles\/800x600_honda-6241835-1920-15778.jpg"},"640x480":{"url":"https:\/\/www.saint-brevin.com\/medias\/images\/prestations\/multitailles\/640x480_honda-6241835-1920-15778.jpg"},"320x240":{"url":"https:\/\/www.saint-brevin.com\/medias\/images\/prestations\/multitailles\/320x240_honda-6241835-1920-15778.jpg"},"160x120":{"url":"https:\/\/www.saint-brevin.com\/medias\/images\/prestations\/multitailles\/160x120_honda-6241835-1920-15778.jpg"},"origine":{"url":"https:\/\/www.saint-brevin.com\/medias\/images\/prestations\/honda-6241835-1920-15778.jpg"}},"urlLien":"","typeLien":"","nofollow":"N","copyright":""},{"url":"https:\/\/www.saint-brevin.com\/medias\/images\/prestations\/556919431-1089852996665006-4597302674728909803-n-29065.jpg","chemin":"..\/medias\/images\/prestations\/556919431-1089852996665006-4597302674728909803-n-29065.jpg","libelle":"556919431-1089852996665006-4597302674728909803-n-29065","extension":"jpg","categorie":"","largeur":1080,"theme":"","hauteur":1560,"type":"Image","origine":"","liaisonPave":"","langue":"","id":"29065","urlVignette":"https:\/\/www.saint-brevin.com\/medias\/images\/prestations\/v-556919431-1089852996665006-4597302674728909803-n-29065.jpg","alt":"556919431-1089852996665006-4597302674728909803-n-29065","title":"556919431-1089852996665006-4597302674728909803-n-29065","MultiTaille":{"1920x1440":{"url":"https:\/\/www.saint-brevin.com\/medias\/images\/prestations\/multitailles\/1920x1440_556919431-1089852996665006-4597302674728909803-n-29065.jpg"},"1200x900":{"url":"https:\/\/www.saint-brevin.com\/medias\/images\/prestations\/multitailles\/1200x900_556919431-1089852996665006-4597302674728909803-n-29065.jpg"},"800x600":{"url":"https:\/\/www.saint-brevin.com\/medias\/images\/prestations\/multitailles\/800x600_556919431-1089852996665006-4597302674728909803-n-29065.jpg"},"640x480":{"url":"https:\/\/www.saint-brevin.com\/medias\/images\/prestations\/multitailles\/640x480_556919431-1089852996665006-4597302674728909803-n-29065.jpg"},"320x240":{"url":"https:\/\/www.saint-brevin.com\/medias\/images\/prestations\/multitailles\/320x240_556919431-1089852996665006-4597302674728909803-n-29065.jpg"},"160x120":{"url":"https:\/\/www.saint-brevin.com\/medias\/images\/prestations\/multitailles\/160x120_556919431-1089852996665006-4597302674728909803-n-29065.jpg"},"origine":{"url":"https:\/\/www.saint-brevin.com\/medias\/images\/prestations\/556919431-1089852996665006-4597302674728909803-n-29065.jpg"}},"urlLien":"","typeLien":"","nofollow":"N","copyright":""},{"url":"https:\/\/www.saint-brevin.com\/medias\/images\/prestations\/istockphoto-172249490-612x612-15779.jpg","chemin":"..\/medias\/images\/prestations\/istockphoto-172249490-612x612-15779.jpg","libelle":"istockphoto-172249490-612x612-15779","extension":"jpg","categorie":"","largeur":406,"theme":"","hauteur":612,"type":"Image","origine":"","liaisonPave":"","langue":"","id":"15779","urlVignette":"https:\/\/www.saint-brevin.com\/medias\/images\/prestations\/v-istockphoto-172249490-612x612-15779.jpg","alt":"istockphoto-172249490-612x612-15779","title":"istockphoto-172249490-612x612-15779","MultiTaille":{"1920x1440":{"url":"https:\/\/www.saint-brevin.com\/medias\/images\/prestations\/multitailles\/1920x1440_istockphoto-172249490-612x612-15779.jpg"},"1200x900":{"url":"https:\/\/www.saint-brevin.com\/medias\/images\/prestations\/multitailles\/1200x900_istockphoto-172249490-612x612-15779.jpg"},"800x600":{"url":"https:\/\/www.saint-brevin.com\/medias\/images\/prestations\/multitailles\/800x600_istockphoto-172249490-612x612-15779.jpg"},"640x480":{"url":"https:\/\/www.saint-brevin.com\/medias\/images\/prestations\/multitailles\/640x480_istockphoto-172249490-612x612-15779.jpg"},"320x240":{"url":"https:\/\/www.saint-brevin.com\/medias\/images\/prestations\/multitailles\/320x240_istockphoto-172249490-612x612-15779.jpg"},"160x120":{"url":"https:\/\/www.saint-brevin.com\/medias\/images\/prestations\/multitailles\/160x120_istockphoto-172249490-612x612-15779.jpg"},"origine":{"url":"https:\/\/www.saint-brevin.com\/medias\/images\/prestations\/istockphoto-172249490-612x612-15779.jpg"}},"urlLien":"","typeLien":"","nofollow":"N","copyright":""}],"ByCategorie":{"":[{"url":"https:\/\/www.saint-brevin.com\/medias\/images\/prestations\/honda-6241835-1920-15778.jpg","chemin":"..\/medias\/images\/prestations\/honda-6241835-1920-15778.jpg","libelle":"honda-6241835-1920-15778","extension":"jpg","categorie":"","largeur":1920,"theme":"","hauteur":1280,"type":"Image","origine":"","liaisonPave":"","langue":"","id":"15778","urlVignette":"https:\/\/www.saint-brevin.com\/medias\/images\/prestations\/v-honda-6241835-1920-15778.jpg","alt":"honda-6241835-1920-15778","title":"honda-6241835-1920-15778","MultiTaille":{"1920x1440":{"url":"https:\/\/www.saint-brevin.com\/medias\/images\/prestations\/multitailles\/1920x1440_honda-6241835-1920-15778.jpg"},"1200x900":{"url":"https:\/\/www.saint-brevin.com\/medias\/images\/prestations\/multitailles\/1200x900_honda-6241835-1920-15778.jpg"},"800x600":{"url":"https:\/\/www.saint-brevin.com\/medias\/images\/prestations\/multitailles\/800x600_honda-6241835-1920-15778.jpg"},"640x480":{"url":"https:\/\/www.saint-brevin.com\/medias\/images\/prestations\/multitailles\/640x480_honda-6241835-1920-15778.jpg"},"320x240":{"url":"https:\/\/www.saint-brevin.com\/medias\/images\/prestations\/multitailles\/320x240_honda-6241835-1920-15778.jpg"},"160x120":{"url":"https:\/\/www.saint-brevin.com\/medias\/images\/prestations\/multitailles\/160x120_honda-6241835-1920-15778.jpg"},"origine":{"url":"https:\/\/www.saint-brevin.com\/medias\/images\/prestations\/honda-6241835-1920-15778.jpg"}},"urlLien":"","typeLien":"","nofollow":"N","copyright":""},{"url":"https:\/\/www.saint-brevin.com\/medias\/images\/prestations\/556919431-1089852996665006-4597302674728909803-n-29065.jpg","chemin":"..\/medias\/images\/prestations\/556919431-1089852996665006-4597302674728909803-n-29065.jpg","libelle":"556919431-1089852996665006-4597302674728909803-n-29065","extension":"jpg","categorie":"","largeur":1080,"theme":"","hauteur":1560,"type":"Image","origine":"","liaisonPave":"","langue":"","id":"29065","urlVignette":"https:\/\/www.saint-brevin.com\/medias\/images\/prestations\/v-556919431-1089852996665006-4597302674728909803-n-29065.jpg","alt":"556919431-1089852996665006-4597302674728909803-n-29065","title":"556919431-1089852996665006-4597302674728909803-n-29065","MultiTaille":{"1920x1440":{"url":"https:\/\/www.saint-brevin.com\/medias\/images\/prestations\/multitailles\/1920x1440_556919431-1089852996665006-4597302674728909803-n-29065.jpg"},"1200x900":{"url":"https:\/\/www.saint-brevin.com\/medias\/images\/prestations\/multitailles\/1200x900_556919431-1089852996665006-4597302674728909803-n-29065.jpg"},"800x600":{"url":"https:\/\/www.saint-brevin.com\/medias\/images\/prestations\/multitailles\/800x600_556919431-1089852996665006-4597302674728909803-n-29065.jpg"},"640x480":{"url":"https:\/\/www.saint-brevin.com\/medias\/images\/prestations\/multitailles\/640x480_556919431-1089852996665006-4597302674728909803-n-29065.jpg"},"320x240":{"url":"https:\/\/www.saint-brevin.com\/medias\/images\/prestations\/multitailles\/320x240_556919431-1089852996665006-4597302674728909803-n-29065.jpg"},"160x120":{"url":"https:\/\/www.saint-brevin.com\/medias\/images\/prestations\/multitailles\/160x120_556919431-1089852996665006-4597302674728909803-n-29065.jpg"},"origine":{"url":"https:\/\/www.saint-brevin.com\/medias\/images\/prestations\/556919431-1089852996665006-4597302674728909803-n-29065.jpg"}},"urlLien":"","typeLien":"","nofollow":"N","copyright":""},{"url":"https:\/\/www.saint-brevin.com\/medias\/images\/prestations\/istockphoto-172249490-612x612-15779.jpg","chemin":"..\/medias\/images\/prestations\/istockphoto-172249490-612x612-15779.jpg","libelle":"istockphoto-172249490-612x612-15779","extension":"jpg","categorie":"","largeur":406,"theme":"","hauteur":612,"type":"Image","origine":"","liaisonPave":"","langue":"","id":"15779","urlVignette":"https:\/\/www.saint-brevin.com\/medias\/images\/prestations\/v-istockphoto-172249490-612x612-15779.jpg","alt":"istockphoto-172249490-612x612-15779","title":"istockphoto-172249490-612x612-15779","MultiTaille":{"1920x1440":{"url":"https:\/\/www.saint-brevin.com\/medias\/images\/prestations\/multitailles\/1920x1440_istockphoto-172249490-612x612-15779.jpg"},"1200x900":{"url":"https:\/\/www.saint-brevin.com\/medias\/images\/prestations\/multitailles\/1200x900_istockphoto-172249490-612x612-15779.jpg"},"800x600":{"url":"https:\/\/www.saint-brevin.com\/medias\/images\/prestations\/multitailles\/800x600_istockphoto-172249490-612x612-15779.jpg"},"640x480":{"url":"https:\/\/www.saint-brevin.com\/medias\/images\/prestations\/multitailles\/640x480_istockphoto-172249490-612x612-15779.jpg"},"320x240":{"url":"https:\/\/www.saint-brevin.com\/medias\/images\/prestations\/multitailles\/320x240_istockphoto-172249490-612x612-15779.jpg"},"160x120":{"url":"https:\/\/www.saint-brevin.com\/medias\/images\/prestations\/multitailles\/160x120_istockphoto-172249490-612x612-15779.jpg"},"origine":{"url":"https:\/\/www.saint-brevin.com\/medias\/images\/prestations\/istockphoto-172249490-612x612-15779.jpg"}},"urlLien":"","typeLien":"","nofollow":"N","copyright":""}]}},"DateDebPublication":"","DateFinPublication":"","PrixAPartirDe":"","PrixPour":"","FicheListeEnCours":"fiche_liste_agenda_prestation_v2017","ParametresModele":{"AfficherPhotos":"1","NbPhotosMax":6,"AfficherReserver":0,"AfficherContact":0,"AfficherSalle":1,"AfficherZoneGeo":0,"AfficherEnSavoirPlus":"1","AfficherUneSeuleOuverture":"1","AfficherContactCarte":1,"AfficherTarifsChaudAPartirDe":0,"AfficherTarifChaudSansRecherche":0,"AfficherLiensCarnetVoyage":"1","AfficherOuverture":"1","BlocCritereInfo":{"critere1":{"libelle":""},"critere2":{"libelle":""},"critere3":{"libelle":""},"critere4":{"libelle":""},"critere5":{"libelle":""},"critere6":{"libelle":""},"critere7":{"libelle":"","liste_critere":["COMMUNES|Y"]},"critere8":{"libelle":""},"critere9":{"libelle":""},"afficherpictoetpaslibelle":"1"},"CriteresComportementResa":"|RESABILLET[RESAENLIGNE|","PositionBloc":"GALLERIE|NOM|OUVERTURES|CARNET_VOYAGE|URL|LIEN_RESERVER_DETAIL","TypePrestataire":"Y","ComportementResa":false,"ComportementDispo":false},"AffichageCoordonnees":[],"Coordonnees":{"Ville":"ST VIAUD"},"ContexteId":"PRESTATION|Y|ASSOLESMOTARDSONTDUCOEUR44|BALADEMOTO","ContexteIdHtml":"PRESTATION-Y-ASSOLESMOTARDSONTDUCOEUR44-BALADEMOTO","cleContexte":"Y|ASSOLESMOTARDSONTDUCOEUR44|BALADEMOTO","Bloc":{"texte1":"","texte3":"","critere1":{"libelle":"","contenu":[]},"critere2":{"libelle":"","contenu":[]},"critere3":{"libelle":"","contenu":[]},"critere4":{"libelle":"","contenu":[]},"critere5":{"libelle":"","contenu":[]},"critere6":{"libelle":"","contenu":[]},"critere7":{"libelle":"","contenu":[]},"critere8":{"libelle":"","contenu":[]},"critere9":{"libelle":"","contenu":[]}},"LocalisationGps":{"Latitude":"47.25961","Longitude":"-2.01623"},"libelleDuPrestataire":"","vuePrestataire":{"pave1":{"libelle":"","contenu":""},"pave2":{"libelle":"","contenu":""},"pave3":{"libelle":"","contenu":""},"pave4":{"libelle":"","contenu":""},"pave5":{"libelle":"","contenu":""},"pave6":{"libelle":"","contenu":""},"pave7":{"libelle":"","contenu":""},"pave8":{"libelle":"","contenu":""},"pave9":{"libelle":"","contenu":""},"pave10":{"libelle":"","contenu":""},"pave11":{"libelle":"","contenu":""},"pave12":{"libelle":"","contenu":""},"pave13":{"libelle":"","contenu":""},"pave14":{"libelle":"","contenu":""},"pave15":{"libelle":"","contenu":""},"pave16":{"libelle":"","contenu":""},"pave17":{"libelle":"","contenu":""},"pave18":{"libelle":"","contenu":""},"pave19":{"libelle":"","contenu":""},"pave20":{"libelle":"","contenu":""},"pave21":{"libelle":"","contenu":""},"pave22":{"libelle":"","contenu":""},"pave23":{"libelle":"","contenu":""},"pave24":{"libelle":"","contenu":""},"pave25":{"libelle":"","contenu":""},"AffichageCoordonnees":[]},"listeCriteres":{"LIEUMANIF":{"SAINTBREVIN":""},"TYPEDEPROGRAMMATION":{"NOEL":""},"CATEGORIEANIMATION":{"ANIMATIONCARITATIVE":""},"DETAILEXPO":{"AUTOVOITUREANCIENNE":""},"DETAILANIMATIONSPORTIVE":{"SPORTSMECA":""},"YVEL":{"PLACE":""},"MISEAJOURINGENIE":{"DATEDERNIEREMAJ":"20251022"},"MISEAJOURPAR":{"AMANDINE":""},"MAJINGENIE":{"DATEDERNIEREMAJ":"20220603"}},"dansCarnetVoyage":true,"Ouverture":[],"OuverturePasse":[]},"html":" \n \u003Cdiv id=\"CV-PRESTATION-Y-ASSOLESMOTARDSONTDUCOEUR44-BALADEMOTO\" data-contexte-id=\"PRESTATION|Y|ASSOLESMOTARDSONTDUCOEUR44|BALADEMOTO\" data-cle=\"Y|ASSOLESMOTARDSONTDUCOEUR44|BALADEMOTO\" class=\"fiche-liste\"\u003E\n    \n\n    \u003C!-- partie photo --\u003E\n    \u003Cdiv class=\"photo\"\u003E\t\t\t\t\t\t\t\t\t\t\t\t\t\t\t\t\t\t\t\t\t\n        \u003Cdiv class=\"cadre_photo_principale\"\u003E\t\t\n        \n            \t\t\t\t\t\n                    \u003Ca href=\"balade-moto.html?origine=carnet#media\"\u003E\n                        \u003Cimg class=\"photo_principale\" alt=\"honda-6241835-1920-15778\" src=\"https:\/\/www.saint-brevin.com\/medias\/images\/prestations\/multitailles\/320x240_honda-6241835-1920-15778.jpg\" itemprop=\"image\"\u003E\n                    \u003C\/a\u003E\t\t\t\t\t\t\n                \n                    \u003C\/div\u003E\t\t\t\t\t\t\t\t\t\t\t\t\t\t\t\t\t\t\t \t\t\n    \u003C\/div\u003E\n    \n    \u003C!-- partie nom prest --\u003E\n    \u003Cdiv class=\"nom\"\u003E\n        \u003Ch2\u003EBalade Moto\u003C\/h2\u003E\n        \n            \u003C\/div\u003E\n\n         \n    \u003C!-- partie adresse --\u003E\n    \u003Cdiv class=\"adresse\"\u003E\n    \n          \n    \u003C\/div\u003E\n    \n    \u003C!-- partie liens --\u003E\n    \u003Cdiv class=\"liens\"\u003E\n            \u003Ca class=\"btn-icon btn-view \" title=\"Voir la fiche d\u00e9taill\u00e9e\" href=\"balade-moto.html?origine=carnet\"\u003E\u003C\/a\u003E\u003C!--\u003Ca class=\"btn-icon btn-view \" title=\"\" href=\"?origine=carnet#thaut\"\u003E\u003C\/a\u003E--\u003E\n      \u003Ca class=\"btn-icon btn-trash carnet_voyage_supprimer\" title=\"Supprimer cette fiche de mon carnet de voyage\" href=\"carnet-voyage?action=remove&fiche=Y|ASSOLESMOTARDSONTDUCOEUR44|BALADEMOTO\"\u003E\u003C\/a\u003E\n    \u003C\/div\u003E\n\n\u003C\/div\u003E\n\n","icon":"https:\/\/static.ingenie.fr\/images\/carnetVoyageV3\/Y.png"},"fiche":"Y|ASSOLESMOTARDSONTDUCOEUR44|BALADEMOTO","popup":"\u003Cdiv id=\"bloc_popup_ajout_fiche_carnet\"\u003E\n    \u003Cdiv class=\"info_popup_ajout_fiche_carnet\"\u003E\n        Vous venez d'ajouter cet \u00e9l\u00e9ment \u00e0 votre carnet de voyage :    \u003C\/div\u003E\n    \u003Cdiv class=\"prest_popup_ajout_fiche_carnet\"\u003E\n        Balade Moto    \u003C\/div\u003E\n    \u003Cdiv class=\"bloc_btn_ajout_fiche_carnet form_submit_div\"\u003E\n        \u003Cinput type=\"button\" value=\"Continuer ma s\u00e9lection\" title=\"Continuer ma s\u00e9lection\" name=\"btn_close\" class=\"btn_close_popup_carnet form_submit\" onclick=\"$.colorbox.close()\" \/\u003E\n        \u003Cinput type=\"button\" value=\"Voir mon carnet de voyage\" title=\"Voir mon carnet\" name=\"btn_panier\" class=\"btn_panier_popup_carnet form_submit\" onclick=\"if(typeof CarnetVoyage != 'undefined') {CarnetVoyage.voirCarnet();}\" \/\u003E\n    \u003C\/div\u003E\n    \u003Cdiv class=\"bloc_btn_ajout_fiche_carnet\"\u003E\n        \u003Cinput type=\"checkbox\" value=\"1\" name=\"desactiver_popup\" id=\"desactiver_popup\" \/\u003E\n        \u003Clabel for=\"desactiver_popup\"\u003ENe plus afficher ce message\u003C\/label\u003E\n    \u003C\/div\u003E\n\u003C\/div\u003E","success":1}