{"nbFiches":1,"dataPrest":{"infoPrest":{"pave1":{"libelle":"Slogan","contenu":"","fichiers":[]},"pave2":{"libelle":"Descriptif","contenu":"\u003Cdiv class=\"entry-content\"\u003E\r\n\u003Cp\u003ELegal Dub Impakt Sound System pr&eacute;sente : DUB IMPAKT #4\u003C\/p\u003E\r\n\r\n\u003Cp\u003EL&#39;association investit la salle &Eacute;toile de Jade pour une soir&eacute;e inoubliable autour de la culture Sound System.\u003Cbr \/\u003E\r\n\u003Cspan\u003EApr&egrave;s les magnifiques danses des DUB IMPAKT #1, #2 et #3, retrouvez-nous avec nos amis du WEST IN DUB Sound System et UNA&#39;KREW pour une exp&eacute;rience encore plus grandiose !\u003Cbr \/\u003E\r\nPr&eacute;parez-vous pour : Des basses puissantes avec 6 et 4 basses par Sound System !\u003C\/span\u003E\u003Cbr \/\u003E\r\n\u003Cbr \/\u003E\r\nR&eacute;servation conseill&eacute;e - Pr&eacute;-ventes sur \u003Ca href=\"https:\/\/www.helloasso.com\/associations\/legal-dub-impakt\/evenements\/dub-impakt-4-west-in-dub-sound-system-una-krew-l-d-i-sound-system\" target=\"_blank\"\u003EHelloAsso\u003C\/a\u003E\u003C\/p\u003E\r\n\u003C\/div\u003E\r\n","fichiers":[]},"pave3":{"libelle":"","contenu":""},"pave4":{"libelle":"","contenu":""},"pave5":{"libelle":"","contenu":""},"pave6":{"libelle":"","contenu":""},"pave7":{"libelle":"","contenu":""},"pave8":{"libelle":"","contenu":""},"pave9":{"libelle":"","contenu":""},"pave10":{"libelle":"","contenu":""},"pave11":{"libelle":"","contenu":""},"pave12":{"libelle":"","contenu":""},"pave13":{"libelle":"","contenu":""},"pave14":{"libelle":"","contenu":""},"pave15":{"libelle":"","contenu":""},"pave16":{"libelle":"","contenu":""},"pave17":{"libelle":"","contenu":""},"pave18":{"libelle":"","contenu":""},"pave19":{"libelle":"","contenu":""},"pave20":{"libelle":"","contenu":""},"pave21":{"libelle":"","contenu":""},"pave22":{"libelle":"","contenu":""},"pave23":{"libelle":"","contenu":""},"pave24":{"libelle":"","contenu":""},"pave25":{"libelle":"","contenu":""},"Libelle":"Dub Impakt #4","Reference":"","Reftar":"","Type":"PRESTATION","TypePrestataire":"Y","ContexteStat":"PRESTATION-Y-ASSOLEGALDUB-DUBIMPAKT2","DateModificationIso":"2026-09-05T11:48:00+02:00","Adresse":{"LigneAdresse1":"Salle Etoile de Jade","LigneAdresse2":"Avenue Georges Brassens","LigneAdresse3":"","CodePostal":"44250","Ville":"ST BREVIN LES PINS","Cedex":"","Etat":"","Pays":"FRA"},"Id":"y-assolegaldub-dubimpakt2","Code":"Y|ASSOLEGALDUB|DUBIMPAKT2","Cle":"Y|ASSOLEGALDUB|DUBIMPAKT2","Url":"dub-impakt-4.html","Localisation":{"GoogleMap":{"Latitude":"47.23646","Longitude":"-2.15601"}},"ZoneGeo":"","Criteres":{"LIEUMANIF[SAINTBREVIN":"","CATEGORIEANIMATION[CONCER":"","DETAILCONCERTSPECTACLE[MUSIQUEACTUELLEPOPRAP":"","ANIAH[ANIACC":"","GANIMA[GANIMNON":"","MISEAJOURINGENIE[DATEDERNIEREMAJ":"20260905","MISEAJOURPAR[FABIENNE":""},"Prestataire":{"pave1":{"libelle":"","contenu":""},"pave2":{"libelle":"","contenu":""},"pave3":{"libelle":"","contenu":""},"pave4":{"libelle":"","contenu":""},"pave5":{"libelle":"","contenu":""},"pave6":{"libelle":"","contenu":""},"pave7":{"libelle":"","contenu":""},"pave8":{"libelle":"","contenu":""},"pave9":{"libelle":"","contenu":""},"pave10":{"libelle":"","contenu":""},"pave11":{"libelle":"","contenu":""},"pave12":{"libelle":"","contenu":""},"pave13":{"libelle":"","contenu":""},"pave14":{"libelle":"","contenu":""},"pave15":{"libelle":"","contenu":""},"pave16":{"libelle":"","contenu":""},"pave17":{"libelle":"","contenu":""},"pave18":{"libelle":"","contenu":""},"pave19":{"libelle":"","contenu":""},"pave20":{"libelle":"","contenu":""},"pave21":{"libelle":"","contenu":""},"pave22":{"libelle":"","contenu":""},"pave23":{"libelle":"","contenu":""},"pave24":{"libelle":"","contenu":""},"pave25":{"libelle":"","contenu":""}},"Fichier":{"Image":[{"url":"https:\/\/www.saint-brevin.com\/medias\/images\/prestations\/photo-dub-impakt4-radikal-715-32433.jpg","chemin":"..\/medias\/images\/prestations\/photo-dub-impakt4-radikal-715-32433.jpg","libelle":"photo-dub-impakt4-radikal-715-32433","extension":"jpg","categorie":"","largeur":1600,"theme":"","hauteur":837,"type":"Image","origine":"","liaisonPave":"","langue":"","id":"32433","urlVignette":"https:\/\/www.saint-brevin.com\/medias\/images\/prestations\/v-photo-dub-impakt4-radikal-715-32433.jpg","alt":"photo-dub-impakt4-radikal-715-32433","title":"photo-dub-impakt4-radikal-715-32433","MultiTaille":{"1920x1440":{"url":"https:\/\/www.saint-brevin.com\/medias\/images\/prestations\/multitailles\/1920x1440_photo-dub-impakt4-radikal-715-32433.jpg"},"1200x900":{"url":"https:\/\/www.saint-brevin.com\/medias\/images\/prestations\/multitailles\/1200x900_photo-dub-impakt4-radikal-715-32433.jpg"},"800x600":{"url":"https:\/\/www.saint-brevin.com\/medias\/images\/prestations\/multitailles\/800x600_photo-dub-impakt4-radikal-715-32433.jpg"},"640x480":{"url":"https:\/\/www.saint-brevin.com\/medias\/images\/prestations\/multitailles\/640x480_photo-dub-impakt4-radikal-715-32433.jpg"},"320x240":{"url":"https:\/\/www.saint-brevin.com\/medias\/images\/prestations\/multitailles\/320x240_photo-dub-impakt4-radikal-715-32433.jpg"},"160x120":{"url":"https:\/\/www.saint-brevin.com\/medias\/images\/prestations\/multitailles\/160x120_photo-dub-impakt4-radikal-715-32433.jpg"},"origine":{"url":"https:\/\/www.saint-brevin.com\/medias\/images\/prestations\/photo-dub-impakt4-radikal-715-32433.jpg"}},"urlLien":"","typeLien":"","nofollow":"N","copyright":""},{"url":"https:\/\/www.saint-brevin.com\/medias\/images\/prestations\/affiche-dub-impakt4-radikal-715-32432.jpg","chemin":"..\/medias\/images\/prestations\/affiche-dub-impakt4-radikal-715-32432.jpg","libelle":"affiche-dub-impakt4-radikal-715-32432","extension":"jpg","categorie":"","largeur":1086,"theme":"","hauteur":1448,"type":"Image","origine":"","liaisonPave":"","langue":"","id":"32432","urlVignette":"https:\/\/www.saint-brevin.com\/medias\/images\/prestations\/v-affiche-dub-impakt4-radikal-715-32432.jpg","alt":"affiche-dub-impakt4-radikal-715-32432","title":"affiche-dub-impakt4-radikal-715-32432","MultiTaille":{"1920x1440":{"url":"https:\/\/www.saint-brevin.com\/medias\/images\/prestations\/multitailles\/1920x1440_affiche-dub-impakt4-radikal-715-32432.jpg"},"1200x900":{"url":"https:\/\/www.saint-brevin.com\/medias\/images\/prestations\/multitailles\/1200x900_affiche-dub-impakt4-radikal-715-32432.jpg"},"800x600":{"url":"https:\/\/www.saint-brevin.com\/medias\/images\/prestations\/multitailles\/800x600_affiche-dub-impakt4-radikal-715-32432.jpg"},"640x480":{"url":"https:\/\/www.saint-brevin.com\/medias\/images\/prestations\/multitailles\/640x480_affiche-dub-impakt4-radikal-715-32432.jpg"},"320x240":{"url":"https:\/\/www.saint-brevin.com\/medias\/images\/prestations\/multitailles\/320x240_affiche-dub-impakt4-radikal-715-32432.jpg"},"160x120":{"url":"https:\/\/www.saint-brevin.com\/medias\/images\/prestations\/multitailles\/160x120_affiche-dub-impakt4-radikal-715-32432.jpg"},"origine":{"url":"https:\/\/www.saint-brevin.com\/medias\/images\/prestations\/affiche-dub-impakt4-radikal-715-32432.jpg"}},"urlLien":"","typeLien":"","nofollow":"N","copyright":""}],"ByCategorie":{"":[{"url":"https:\/\/www.saint-brevin.com\/medias\/images\/prestations\/photo-dub-impakt4-radikal-715-32433.jpg","chemin":"..\/medias\/images\/prestations\/photo-dub-impakt4-radikal-715-32433.jpg","libelle":"photo-dub-impakt4-radikal-715-32433","extension":"jpg","categorie":"","largeur":1600,"theme":"","hauteur":837,"type":"Image","origine":"","liaisonPave":"","langue":"","id":"32433","urlVignette":"https:\/\/www.saint-brevin.com\/medias\/images\/prestations\/v-photo-dub-impakt4-radikal-715-32433.jpg","alt":"photo-dub-impakt4-radikal-715-32433","title":"photo-dub-impakt4-radikal-715-32433","MultiTaille":{"1920x1440":{"url":"https:\/\/www.saint-brevin.com\/medias\/images\/prestations\/multitailles\/1920x1440_photo-dub-impakt4-radikal-715-32433.jpg"},"1200x900":{"url":"https:\/\/www.saint-brevin.com\/medias\/images\/prestations\/multitailles\/1200x900_photo-dub-impakt4-radikal-715-32433.jpg"},"800x600":{"url":"https:\/\/www.saint-brevin.com\/medias\/images\/prestations\/multitailles\/800x600_photo-dub-impakt4-radikal-715-32433.jpg"},"640x480":{"url":"https:\/\/www.saint-brevin.com\/medias\/images\/prestations\/multitailles\/640x480_photo-dub-impakt4-radikal-715-32433.jpg"},"320x240":{"url":"https:\/\/www.saint-brevin.com\/medias\/images\/prestations\/multitailles\/320x240_photo-dub-impakt4-radikal-715-32433.jpg"},"160x120":{"url":"https:\/\/www.saint-brevin.com\/medias\/images\/prestations\/multitailles\/160x120_photo-dub-impakt4-radikal-715-32433.jpg"},"origine":{"url":"https:\/\/www.saint-brevin.com\/medias\/images\/prestations\/photo-dub-impakt4-radikal-715-32433.jpg"}},"urlLien":"","typeLien":"","nofollow":"N","copyright":""},{"url":"https:\/\/www.saint-brevin.com\/medias\/images\/prestations\/affiche-dub-impakt4-radikal-715-32432.jpg","chemin":"..\/medias\/images\/prestations\/affiche-dub-impakt4-radikal-715-32432.jpg","libelle":"affiche-dub-impakt4-radikal-715-32432","extension":"jpg","categorie":"","largeur":1086,"theme":"","hauteur":1448,"type":"Image","origine":"","liaisonPave":"","langue":"","id":"32432","urlVignette":"https:\/\/www.saint-brevin.com\/medias\/images\/prestations\/v-affiche-dub-impakt4-radikal-715-32432.jpg","alt":"affiche-dub-impakt4-radikal-715-32432","title":"affiche-dub-impakt4-radikal-715-32432","MultiTaille":{"1920x1440":{"url":"https:\/\/www.saint-brevin.com\/medias\/images\/prestations\/multitailles\/1920x1440_affiche-dub-impakt4-radikal-715-32432.jpg"},"1200x900":{"url":"https:\/\/www.saint-brevin.com\/medias\/images\/prestations\/multitailles\/1200x900_affiche-dub-impakt4-radikal-715-32432.jpg"},"800x600":{"url":"https:\/\/www.saint-brevin.com\/medias\/images\/prestations\/multitailles\/800x600_affiche-dub-impakt4-radikal-715-32432.jpg"},"640x480":{"url":"https:\/\/www.saint-brevin.com\/medias\/images\/prestations\/multitailles\/640x480_affiche-dub-impakt4-radikal-715-32432.jpg"},"320x240":{"url":"https:\/\/www.saint-brevin.com\/medias\/images\/prestations\/multitailles\/320x240_affiche-dub-impakt4-radikal-715-32432.jpg"},"160x120":{"url":"https:\/\/www.saint-brevin.com\/medias\/images\/prestations\/multitailles\/160x120_affiche-dub-impakt4-radikal-715-32432.jpg"},"origine":{"url":"https:\/\/www.saint-brevin.com\/medias\/images\/prestations\/affiche-dub-impakt4-radikal-715-32432.jpg"}},"urlLien":"","typeLien":"","nofollow":"N","copyright":""}]}},"DateDebPublication":"","DateFinPublication":"20260927","PrixAPartirDe":"","PrixPour":"","FicheListeEnCours":"fiche_liste_agenda_prestation_v2017","ParametresModele":{"AfficherPhotos":"1","NbPhotosMax":6,"AfficherReserver":0,"AfficherContact":0,"AfficherSalle":1,"AfficherZoneGeo":0,"AfficherEnSavoirPlus":"1","AfficherUneSeuleOuverture":"1","AfficherContactCarte":1,"AfficherTarifsChaudAPartirDe":0,"AfficherTarifChaudSansRecherche":0,"AfficherLiensCarnetVoyage":"1","AfficherOuverture":"1","BlocCritereInfo":{"critere1":{"libelle":""},"critere2":{"libelle":""},"critere3":{"libelle":""},"critere4":{"libelle":""},"critere5":{"libelle":""},"critere6":{"libelle":""},"critere7":{"libelle":"","liste_critere":["COMMUNES|Y"]},"critere8":{"libelle":""},"critere9":{"libelle":""},"afficherpictoetpaslibelle":"1"},"CriteresComportementResa":"|RESABILLET[RESAENLIGNE|","PositionBloc":"GALLERIE|NOM|OUVERTURES|CARNET_VOYAGE|URL|LIEN_RESERVER_DETAIL","TypePrestataire":"Y","ComportementResa":false,"ComportementDispo":false},"AffichageCoordonnees":[],"Coordonnees":{"Ville":"ST BREVIN LES PINS"},"ContexteId":"PRESTATION|Y|ASSOLEGALDUB|DUBIMPAKT2","ContexteIdHtml":"PRESTATION-Y-ASSOLEGALDUB-DUBIMPAKT2","cleContexte":"Y|ASSOLEGALDUB|DUBIMPAKT2","Bloc":{"texte1":"","texte3":"","critere1":{"libelle":"","contenu":[]},"critere2":{"libelle":"","contenu":[]},"critere3":{"libelle":"","contenu":[]},"critere4":{"libelle":"","contenu":[]},"critere5":{"libelle":"","contenu":[]},"critere6":{"libelle":"","contenu":[]},"critere7":{"libelle":"","contenu":{"COMMUNES":{"libelle":"COMMUNE","contenu":{"1":"Saint-Brevin"},"codesValeurs":{"1":"COMMUNES|SAINTBREVIN|Y"},"criteres_datas":{"valeurs":{"1":{"SAINTBREVIN":{"descriptif":""}}}}}}},"critere8":{"libelle":"","contenu":[]},"critere9":{"libelle":"","contenu":[]}},"LocalisationGps":{"Latitude":"47.23646","Longitude":"-2.15601"},"libelleDuPrestataire":"","vuePrestataire":{"pave1":{"libelle":"","contenu":""},"pave2":{"libelle":"","contenu":""},"pave3":{"libelle":"","contenu":""},"pave4":{"libelle":"","contenu":""},"pave5":{"libelle":"","contenu":""},"pave6":{"libelle":"","contenu":""},"pave7":{"libelle":"","contenu":""},"pave8":{"libelle":"","contenu":""},"pave9":{"libelle":"","contenu":""},"pave10":{"libelle":"","contenu":""},"pave11":{"libelle":"","contenu":""},"pave12":{"libelle":"","contenu":""},"pave13":{"libelle":"","contenu":""},"pave14":{"libelle":"","contenu":""},"pave15":{"libelle":"","contenu":""},"pave16":{"libelle":"","contenu":""},"pave17":{"libelle":"","contenu":""},"pave18":{"libelle":"","contenu":""},"pave19":{"libelle":"","contenu":""},"pave20":{"libelle":"","contenu":""},"pave21":{"libelle":"","contenu":""},"pave22":{"libelle":"","contenu":""},"pave23":{"libelle":"","contenu":""},"pave24":{"libelle":"","contenu":""},"pave25":{"libelle":"","contenu":""},"AffichageCoordonnees":[]},"listeCriteres":{"LIEUMANIF":{"SAINTBREVIN":""},"CATEGORIEANIMATION":{"CONCER":""},"DETAILCONCERTSPECTACLE":{"MUSIQUEACTUELLEPOPRAP":""},"ANIAH":{"ANIACC":""},"GANIMA":{"GANIMNON":""},"MISEAJOURINGENIE":{"DATEDERNIEREMAJ":"20260905"},"MISEAJOURPAR":{"FABIENNE":""},"COMMUNES":{"SAINTBREVIN":""},"MAJINGENIE":{"DATEDERNIEREMAJ":"20240930"},"MISEAJOUR":{"AMANDINE":""}},"dansCarnetVoyage":true,"Ouverture":["\u003Cp class=\"date\" \u003ESamedi 26 septembre 2026\u003C\/p\u003E\u003Cp class=\"heure\" \u003Ede 18:00 \u00e0 03:00\u003C\/p\u003E"],"OuverturePasse":[],"OuvertureObjs":[{}],"OuvertureTab":[["20260926","20260926"]]},"html":" \n \u003Cdiv id=\"CV-PRESTATION-Y-ASSOLEGALDUB-DUBIMPAKT2\" data-contexte-id=\"PRESTATION|Y|ASSOLEGALDUB|DUBIMPAKT2\" data-cle=\"Y|ASSOLEGALDUB|DUBIMPAKT2\" class=\"fiche-liste\"\u003E\n    \n\n    \u003C!-- partie photo --\u003E\n    \u003Cdiv class=\"photo\"\u003E\t\t\t\t\t\t\t\t\t\t\t\t\t\t\t\t\t\t\t\t\t\n        \u003Cdiv class=\"cadre_photo_principale\"\u003E\t\t\n        \n            \t\t\t\t\t\n                    \u003Ca href=\"dub-impakt-4.html?origine=carnet#media\"\u003E\n                        \u003Cimg class=\"photo_principale\" alt=\"photo-dub-impakt4-radikal-715-32433\" src=\"https:\/\/www.saint-brevin.com\/medias\/images\/prestations\/multitailles\/320x240_photo-dub-impakt4-radikal-715-32433.jpg\" itemprop=\"image\"\u003E\n                    \u003C\/a\u003E\t\t\t\t\t\t\n                \n                    \u003C\/div\u003E\t\t\t\t\t\t\t\t\t\t\t\t\t\t\t\t\t\t\t \t\t\n    \u003C\/div\u003E\n    \n    \u003C!-- partie nom prest --\u003E\n    \u003Cdiv class=\"nom\"\u003E\n        \u003Ch2\u003EDub Impakt #4\u003C\/h2\u003E\n        \n            \u003C\/div\u003E\n\n     \u003Cul style=\"display: none\" class=\"ouverture_list\"\u003E\u003Cli class=\"ouverture_item\"\u003E\u003Cp class=\"date\" \u003ESamedi 26 septembre 2026\u003C\/p\u003E\u003Cp class=\"heure\" \u003Ede 18:00 \u00e0 03:00\u003C\/p\u003E\u003C\/li\u003E\u003C\/ul\u003E    \n    \u003C!-- partie adresse --\u003E\n    \u003Cdiv class=\"adresse\"\u003E\n    \n          \n    \u003C\/div\u003E\n    \n    \u003C!-- partie liens --\u003E\n    \u003Cdiv class=\"liens\"\u003E\n            \u003Ca class=\"btn-icon btn-view \" title=\"Voir la fiche d\u00e9taill\u00e9e\" href=\"dub-impakt-4.html?origine=carnet\"\u003E\u003C\/a\u003E\u003C!--\u003Ca class=\"btn-icon btn-view \" title=\"\" href=\"?origine=carnet#thaut\"\u003E\u003C\/a\u003E--\u003E\n      \u003Ca class=\"btn-icon btn-trash carnet_voyage_supprimer\" title=\"Supprimer cette fiche de mon carnet de voyage\" href=\"carnet-voyage?action=remove&fiche=Y|ASSOLEGALDUB|DUBIMPAKT2\"\u003E\u003C\/a\u003E\n    \u003C\/div\u003E\n\n\u003C\/div\u003E\n\n","icon":"https:\/\/static.ingenie.fr\/images\/carnetVoyageV3\/Y.png"},"fiche":"Y|ASSOLEGALDUB|DUBIMPAKT2","popup":"\u003Cdiv id=\"bloc_popup_ajout_fiche_carnet\"\u003E\n    \u003Cdiv class=\"info_popup_ajout_fiche_carnet\"\u003E\n        Vous venez d'ajouter cet \u00e9l\u00e9ment \u00e0 votre carnet de voyage :    \u003C\/div\u003E\n    \u003Cdiv class=\"prest_popup_ajout_fiche_carnet\"\u003E\n        Dub Impakt #4    \u003C\/div\u003E\n    \u003Cdiv class=\"bloc_btn_ajout_fiche_carnet form_submit_div\"\u003E\n        \u003Cinput type=\"button\" value=\"Continuer ma s\u00e9lection\" title=\"Continuer ma s\u00e9lection\" name=\"btn_close\" class=\"btn_close_popup_carnet form_submit\" onclick=\"$.colorbox.close()\" \/\u003E\n        \u003Cinput type=\"button\" value=\"Voir mon carnet de voyage\" title=\"Voir mon carnet\" name=\"btn_panier\" class=\"btn_panier_popup_carnet form_submit\" onclick=\"if(typeof CarnetVoyage != 'undefined') {CarnetVoyage.voirCarnet();}\" \/\u003E\n    \u003C\/div\u003E\n    \u003Cdiv class=\"bloc_btn_ajout_fiche_carnet\"\u003E\n        \u003Cinput type=\"checkbox\" value=\"1\" name=\"desactiver_popup\" id=\"desactiver_popup\" \/\u003E\n        \u003Clabel for=\"desactiver_popup\"\u003ENe plus afficher ce message\u003C\/label\u003E\n    \u003C\/div\u003E\n\u003C\/div\u003E","success":1}