{"nbFiches":1,"dataPrest":{"infoPrest":{"pave1":{"libelle":"Slogan","contenu":"","fichiers":[]},"pave2":{"libelle":"Descriptif","contenu":"\u003Cdiv\u003ELa d&eacute;couverte de lieux pittoresques tout en prenant soin de sa personne, telle est la proposition de Dani&egrave;le Covolan,&nbsp;professeur de yoga, qi gong et m&eacute;ditation.\u003Cbr \/\u003E\r\n\u003Cbr \/\u003E\r\nLes Balad&#39;zen s&#39;inscrivent dans ce registre de recherche du bien &ecirc;tre pour tous, tout en respectant scrupuleusement les r&egrave;gles sanitaires en vigueur.\r\n\u003Cdiv\u003EVous recherchez une activit&eacute; ludique pour vous ressourcer au coeur de la nature, les Balad&#39;zen avec poses de yoga doux, de qi gong et siestes m&eacute;ditatives sont faites pour vous.\u003Cbr \/\u003E\r\nEncadr&eacute;es par une professionnelle dipl&ocirc;m&eacute;e, red&eacute;couvrez le plaisir simple de tisser des liens avec la nature et les &eacute;l&eacute;ments, en for&ecirc;ts, dans les parcs r&eacute;gionaux, sur les bords de Loire et les chemins c&ocirc;tiers...\u003C\/div\u003E\r\n\r\n\u003Cdiv\u003EUn cadeau souvenir pour chaque participant\u003C\/div\u003E\r\n\r\n\u003Cdiv\u003EProgramme d&eacute;taill&eacute; sur le site&nbsp;\u003Cstrong\u003E\u003Ca href=\"https:\/\/omzen.jimdofree.com\/\" target=\"_blank\"\u003Eom&#39;zen\u003C\/a\u003E\u003C\/strong\u003E\u003C\/div\u003E\r\nPr&eacute;voir une tenue confortable !\u003Cbr \/\u003E\r\n\u003Cbr \/\u003E\r\nR&eacute;servation :&nbsp;06 85 02 58 78.\u003C\/div\u003E\r\n","fichiers":[]},"pave3":{"libelle":"","contenu":""},"pave4":{"libelle":"","contenu":""},"pave5":{"libelle":"","contenu":""},"pave6":{"libelle":"","contenu":""},"pave7":{"libelle":"","contenu":""},"pave8":{"libelle":"","contenu":""},"pave9":{"libelle":"","contenu":""},"pave10":{"libelle":"","contenu":""},"pave11":{"libelle":"","contenu":""},"pave12":{"libelle":"","contenu":""},"pave13":{"libelle":"","contenu":""},"pave14":{"libelle":"","contenu":""},"pave15":{"libelle":"","contenu":""},"pave16":{"libelle":"","contenu":""},"pave17":{"libelle":"","contenu":""},"pave18":{"libelle":"","contenu":""},"pave19":{"libelle":"","contenu":""},"pave20":{"libelle":"","contenu":""},"pave21":{"libelle":"","contenu":""},"pave22":{"libelle":"","contenu":""},"pave23":{"libelle":"","contenu":""},"pave24":{"libelle":"","contenu":""},"pave25":{"libelle":"","contenu":""},"Libelle":"Balad'zen, au parc","Reference":"","Reftar":"","Type":"PRESTATION","TypePrestataire":"Y","ContexteStat":"PRESTATION-Y-ASSOCIATIONOMZEN-BALADZEN","DateModificationIso":"2021-06-30T19:58:00+02:00","Adresse":{"LigneAdresse1":"Centre nautique","LigneAdresse2":"Boulevard de l'Oc\u00e9an","LigneAdresse3":"","CodePostal":"44250","Ville":"ST BREVIN LES PINS","Cedex":"","Etat":"","Pays":"FRA"},"Id":"y-associationomzen-baladzen","Code":"Y|ASSOCIATIONOMZEN|BALADZEN","Cle":"Y|ASSOCIATIONOMZEN|BALADZEN","Url":"balad-zen-au-parc.html","Localisation":{"GoogleMap":{"Latitude":"47.23271","Longitude":"-2.17908"}},"ZoneGeo":"","Criteres":{"LIEUMANIF[SAINTBREVIN":"","CATEGORIEANIMATION[BIENETRE":"","CATEGORIEANIMATION[SORTIENATURE":"","ICA[ICATP":"","GANIMA[GCVAA":"","MODEPAIEMENT[LCBP":"","MODEPAIEMENT[LESPE":"","YVEL[SOUI":"","YVEL[REWEB":"","MISEAJOURINGENIE[DATEDERNIEREMAJ":"20210623","MISEAJOURPAR[ANNABELLE":""},"Prestataire":{"pave1":{"libelle":"Descriptif","contenu":"L&#39;association OM&#39;ZEN vous propose cet &eacute;t&eacute; des s&eacute;ances de yoga, qi gong, m&eacute;ditation et art, pour les enfants (&agrave; partir de 4 ans) et les adultes. Chaque enfant de moins de 12 ans devra &ecirc;tre accompagn&eacute; d&#39;un adulte.\u003Cbr \/\u003E\r\n\u003Cbr \/\u003E\r\nLes objectifs recherch&eacute;s sont :\u003Cbr \/\u003E\r\n&ndash; Apprendre &agrave; mieux conna&icirc;tre son corps, &agrave; le respecter et &agrave; le garder en bonne sant&eacute;.\u003Cbr \/\u003E\r\n\u003Cbr \/\u003E\r\n&ndash; D&eacute;couvrir le travail en duo et le soutien mutuel vers un enrichissement interg&eacute;n&eacute;rationnel.\u003Cbr \/\u003E\r\n\u003Cbr \/\u003E\r\n&ndash; Am&eacute;liorer sa concentration, sa m&eacute;moire et faciliter l&#39;envie d&#39;apprendre sous forme de jeux.\u003Cbr \/\u003E\r\n\u003Cbr \/\u003E\r\n&ndash; Acqu&eacute;rir des outils pour g&eacute;rer ses &eacute;motions et apaiser ses tensions physiques et &eacute;motionnelles.\u003Cbr \/\u003E\r\n\u003Cbr \/\u003E\r\n&ndash; Permettre &agrave; chacun d&#39;utiliser tout son potentiel, sans esprit de comp&eacute;tition.\u003Cbr \/\u003E\r\n\u003Cbr \/\u003E\r\nChacun pourra &eacute;galement laisser s&#39;exprimer sa libert&eacute; cr&eacute;atrice, gr&acirc;ce aux diff&eacute;rents ateliers artistiques propos&eacute;s chaque semaine : cr&eacute;ation et peinture de mandalas et mosa&iuml;que...tout le mat&eacute;riel\u003Cbr \/\u003E\r\nest fourni. Laissez &eacute;merger votre spontan&eacute;it&eacute; et votre imaginaire, pour retrouver l&#39;apaisement, le l&acirc;cher-prise et la libert&eacute; de l&#39;enfant en chacun de vous. De beaux moments de partages et d&#39;&eacute;changes\u003Cbr \/\u003E\r\njoyeux en famille ou entre amis dans un lieu magique.\u003Cbr \/\u003E\r\n\u003Cbr \/\u003E\r\nLes ateliers sont supervis&eacute;s par une professeur de yoga, de qi gong et de m&eacute;ditation dipl&ocirc;m&eacute;e et agr&eacute;e par l&#39;Ecole Fran&ccedil;aise de Yoga et une peintre-mosa&iuml;ste exp&eacute;riment&eacute;e."},"pave2":{"libelle":"","contenu":""},"pave3":{"libelle":"","contenu":""},"pave4":{"libelle":"","contenu":""},"pave5":{"libelle":"","contenu":""},"pave6":{"libelle":"","contenu":""},"pave7":{"libelle":"","contenu":""},"pave8":{"libelle":"","contenu":""},"pave9":{"libelle":"","contenu":""},"pave10":{"libelle":"","contenu":""},"pave11":{"libelle":"","contenu":""},"pave12":{"libelle":"","contenu":""},"pave13":{"libelle":"","contenu":""},"pave14":{"libelle":"","contenu":""},"pave15":{"libelle":"","contenu":""},"pave16":{"libelle":"","contenu":""},"pave17":{"libelle":"","contenu":""},"pave18":{"libelle":"","contenu":""},"pave19":{"libelle":"","contenu":""},"pave20":{"libelle":"","contenu":""},"pave21":{"libelle":"","contenu":""},"pave22":{"libelle":"","contenu":""},"pave23":{"libelle":"","contenu":""},"pave24":{"libelle":"","contenu":""},"pave25":{"libelle":"","contenu":""},"Libelle":"Association OM'ZEN","Nom":"Association OM'ZEN","Prenom":"","NomPrenom":"Association OM'ZEN ","CiviliteNomPrenom":"Association OM'ZEN ","Cle":"Y|ASSOCIATIONOMZEN","PrestataireParent":"","ContexteStat":"PRESTATAIRE-Y-ASSOCIATIONOMZEN","DateModificationIso":"2021-04-15T17:00:00+02:00","Type":"PRESTATAIRE","TypePrestataire":"Y","Adresse":{"LigneAdresse1":"183 Rue de Trignac","LigneAdresse2":"","LigneAdresse3":"","CodePostal":"44600","Ville":"ST NAZAIRE","Cedex":"","Etat":"","Pays":"FRA"},"Email":"daniele.omzen@gmail.com","Telephone":"","TelephoneBureau":"","Portable":"06 85 02 58 78","SiteWeb":"https:\/\/omzen.jimdo.com\/","Fax":"","Id":"y-associationomzen","Code":"Y|ASSOCIATIONOMZEN","Fichier":[],"Url":"","Localisation":{"GoogleMap":{"Latitude":"47.29846","Longitude":"-2.18547"}},"ZoneGeo":"","Criteres":{"NIVPARTENAIRE[COMPLET":"","INSPUBMAJ[ASSOCIATIONS":"","MAJINGENIE[DATEDERNIEREMAJ":"20180601","MISEAJOUR[ANNABELLE":""},"DateFinPublication":""},"Fichier":{"Image":[{"url":"https:\/\/www.saint-brevin.com\/medias\/images\/prestations\/baladzen-pointeau-saint-brevin-12631.jpg","chemin":"..\/medias\/images\/prestations\/baladzen-pointeau-saint-brevin-12631.jpg","libelle":"baladzen-pointeau-saint-brevin-12631","extension":"jpg","categorie":"","largeur":960,"theme":"","hauteur":640,"type":"Image","origine":"","liaisonPave":"","langue":"","id":"12631","urlVignette":"https:\/\/www.saint-brevin.com\/medias\/images\/prestations\/v-baladzen-pointeau-saint-brevin-12631.jpg","alt":"baladzen-pointeau-saint-brevin-12631","title":"baladzen-pointeau-saint-brevin-12631","MultiTaille":{"1920x1440":{"url":"https:\/\/www.saint-brevin.com\/medias\/images\/prestations\/multitailles\/1920x1440_baladzen-pointeau-saint-brevin-12631.jpg"},"1200x900":{"url":"https:\/\/www.saint-brevin.com\/medias\/images\/prestations\/multitailles\/1200x900_baladzen-pointeau-saint-brevin-12631.jpg"},"800x600":{"url":"https:\/\/www.saint-brevin.com\/medias\/images\/prestations\/multitailles\/800x600_baladzen-pointeau-saint-brevin-12631.jpg"},"640x480":{"url":"https:\/\/www.saint-brevin.com\/medias\/images\/prestations\/multitailles\/640x480_baladzen-pointeau-saint-brevin-12631.jpg"},"320x240":{"url":"https:\/\/www.saint-brevin.com\/medias\/images\/prestations\/multitailles\/320x240_baladzen-pointeau-saint-brevin-12631.jpg"},"160x120":{"url":"https:\/\/www.saint-brevin.com\/medias\/images\/prestations\/multitailles\/160x120_baladzen-pointeau-saint-brevin-12631.jpg"},"origine":{"url":"https:\/\/www.saint-brevin.com\/medias\/images\/prestations\/baladzen-pointeau-saint-brevin-12631.jpg"}},"urlLien":"","typeLien":"","nofollow":"N","copyright":""},{"url":"https:\/\/www.saint-brevin.com\/medias\/images\/prestations\/yoga-pointeau-saint-brevin3-12410.jpg","chemin":"..\/medias\/images\/prestations\/yoga-pointeau-saint-brevin3-12410.jpg","libelle":"yoga-pointeau-saint-brevin3-12410","extension":"jpg","categorie":"","largeur":1000,"theme":"","hauteur":1773,"type":"Image","origine":"","liaisonPave":"","langue":"","id":"12410","urlVignette":"https:\/\/www.saint-brevin.com\/medias\/images\/prestations\/v-yoga-pointeau-saint-brevin3-12410.jpg","alt":"yoga-pointeau-saint-brevin3-12410","title":"yoga-pointeau-saint-brevin3-12410","MultiTaille":{"1920x1440":{"url":"https:\/\/www.saint-brevin.com\/medias\/images\/prestations\/multitailles\/1920x1440_yoga-pointeau-saint-brevin3-12410.jpg"},"1200x900":{"url":"https:\/\/www.saint-brevin.com\/medias\/images\/prestations\/multitailles\/1200x900_yoga-pointeau-saint-brevin3-12410.jpg"},"800x600":{"url":"https:\/\/www.saint-brevin.com\/medias\/images\/prestations\/multitailles\/800x600_yoga-pointeau-saint-brevin3-12410.jpg"},"640x480":{"url":"https:\/\/www.saint-brevin.com\/medias\/images\/prestations\/multitailles\/640x480_yoga-pointeau-saint-brevin3-12410.jpg"},"320x240":{"url":"https:\/\/www.saint-brevin.com\/medias\/images\/prestations\/multitailles\/320x240_yoga-pointeau-saint-brevin3-12410.jpg"},"160x120":{"url":"https:\/\/www.saint-brevin.com\/medias\/images\/prestations\/multitailles\/160x120_yoga-pointeau-saint-brevin3-12410.jpg"},"origine":{"url":"https:\/\/www.saint-brevin.com\/medias\/images\/prestations\/yoga-pointeau-saint-brevin3-12410.jpg"}},"urlLien":"","typeLien":"","nofollow":"N","copyright":""},{"url":"https:\/\/www.saint-brevin.com\/medias\/images\/prestations\/baladzen-ot-12910.jpg","chemin":"..\/medias\/images\/prestations\/baladzen-ot-12910.jpg","libelle":"baladzen-ot-12910","extension":"jpg","categorie":"","largeur":1000,"theme":"","hauteur":1452,"type":"Image","origine":"","liaisonPave":"","langue":"","id":"12910","urlVignette":"https:\/\/www.saint-brevin.com\/medias\/images\/prestations\/v-baladzen-ot-12910.jpg","alt":"baladzen-ot-12910","title":"baladzen-ot-12910","MultiTaille":{"1920x1440":{"url":"https:\/\/www.saint-brevin.com\/medias\/images\/prestations\/multitailles\/1920x1440_baladzen-ot-12910.jpg"},"1200x900":{"url":"https:\/\/www.saint-brevin.com\/medias\/images\/prestations\/multitailles\/1200x900_baladzen-ot-12910.jpg"},"800x600":{"url":"https:\/\/www.saint-brevin.com\/medias\/images\/prestations\/multitailles\/800x600_baladzen-ot-12910.jpg"},"640x480":{"url":"https:\/\/www.saint-brevin.com\/medias\/images\/prestations\/multitailles\/640x480_baladzen-ot-12910.jpg"},"320x240":{"url":"https:\/\/www.saint-brevin.com\/medias\/images\/prestations\/multitailles\/320x240_baladzen-ot-12910.jpg"},"160x120":{"url":"https:\/\/www.saint-brevin.com\/medias\/images\/prestations\/multitailles\/160x120_baladzen-ot-12910.jpg"},"origine":{"url":"https:\/\/www.saint-brevin.com\/medias\/images\/prestations\/baladzen-ot-12910.jpg"}},"urlLien":"","typeLien":"","nofollow":"N","copyright":""}],"ByCategorie":{"":[{"url":"https:\/\/www.saint-brevin.com\/medias\/images\/prestations\/baladzen-pointeau-saint-brevin-12631.jpg","chemin":"..\/medias\/images\/prestations\/baladzen-pointeau-saint-brevin-12631.jpg","libelle":"baladzen-pointeau-saint-brevin-12631","extension":"jpg","categorie":"","largeur":960,"theme":"","hauteur":640,"type":"Image","origine":"","liaisonPave":"","langue":"","id":"12631","urlVignette":"https:\/\/www.saint-brevin.com\/medias\/images\/prestations\/v-baladzen-pointeau-saint-brevin-12631.jpg","alt":"baladzen-pointeau-saint-brevin-12631","title":"baladzen-pointeau-saint-brevin-12631","MultiTaille":{"1920x1440":{"url":"https:\/\/www.saint-brevin.com\/medias\/images\/prestations\/multitailles\/1920x1440_baladzen-pointeau-saint-brevin-12631.jpg"},"1200x900":{"url":"https:\/\/www.saint-brevin.com\/medias\/images\/prestations\/multitailles\/1200x900_baladzen-pointeau-saint-brevin-12631.jpg"},"800x600":{"url":"https:\/\/www.saint-brevin.com\/medias\/images\/prestations\/multitailles\/800x600_baladzen-pointeau-saint-brevin-12631.jpg"},"640x480":{"url":"https:\/\/www.saint-brevin.com\/medias\/images\/prestations\/multitailles\/640x480_baladzen-pointeau-saint-brevin-12631.jpg"},"320x240":{"url":"https:\/\/www.saint-brevin.com\/medias\/images\/prestations\/multitailles\/320x240_baladzen-pointeau-saint-brevin-12631.jpg"},"160x120":{"url":"https:\/\/www.saint-brevin.com\/medias\/images\/prestations\/multitailles\/160x120_baladzen-pointeau-saint-brevin-12631.jpg"},"origine":{"url":"https:\/\/www.saint-brevin.com\/medias\/images\/prestations\/baladzen-pointeau-saint-brevin-12631.jpg"}},"urlLien":"","typeLien":"","nofollow":"N","copyright":""},{"url":"https:\/\/www.saint-brevin.com\/medias\/images\/prestations\/yoga-pointeau-saint-brevin3-12410.jpg","chemin":"..\/medias\/images\/prestations\/yoga-pointeau-saint-brevin3-12410.jpg","libelle":"yoga-pointeau-saint-brevin3-12410","extension":"jpg","categorie":"","largeur":1000,"theme":"","hauteur":1773,"type":"Image","origine":"","liaisonPave":"","langue":"","id":"12410","urlVignette":"https:\/\/www.saint-brevin.com\/medias\/images\/prestations\/v-yoga-pointeau-saint-brevin3-12410.jpg","alt":"yoga-pointeau-saint-brevin3-12410","title":"yoga-pointeau-saint-brevin3-12410","MultiTaille":{"1920x1440":{"url":"https:\/\/www.saint-brevin.com\/medias\/images\/prestations\/multitailles\/1920x1440_yoga-pointeau-saint-brevin3-12410.jpg"},"1200x900":{"url":"https:\/\/www.saint-brevin.com\/medias\/images\/prestations\/multitailles\/1200x900_yoga-pointeau-saint-brevin3-12410.jpg"},"800x600":{"url":"https:\/\/www.saint-brevin.com\/medias\/images\/prestations\/multitailles\/800x600_yoga-pointeau-saint-brevin3-12410.jpg"},"640x480":{"url":"https:\/\/www.saint-brevin.com\/medias\/images\/prestations\/multitailles\/640x480_yoga-pointeau-saint-brevin3-12410.jpg"},"320x240":{"url":"https:\/\/www.saint-brevin.com\/medias\/images\/prestations\/multitailles\/320x240_yoga-pointeau-saint-brevin3-12410.jpg"},"160x120":{"url":"https:\/\/www.saint-brevin.com\/medias\/images\/prestations\/multitailles\/160x120_yoga-pointeau-saint-brevin3-12410.jpg"},"origine":{"url":"https:\/\/www.saint-brevin.com\/medias\/images\/prestations\/yoga-pointeau-saint-brevin3-12410.jpg"}},"urlLien":"","typeLien":"","nofollow":"N","copyright":""},{"url":"https:\/\/www.saint-brevin.com\/medias\/images\/prestations\/baladzen-ot-12910.jpg","chemin":"..\/medias\/images\/prestations\/baladzen-ot-12910.jpg","libelle":"baladzen-ot-12910","extension":"jpg","categorie":"","largeur":1000,"theme":"","hauteur":1452,"type":"Image","origine":"","liaisonPave":"","langue":"","id":"12910","urlVignette":"https:\/\/www.saint-brevin.com\/medias\/images\/prestations\/v-baladzen-ot-12910.jpg","alt":"baladzen-ot-12910","title":"baladzen-ot-12910","MultiTaille":{"1920x1440":{"url":"https:\/\/www.saint-brevin.com\/medias\/images\/prestations\/multitailles\/1920x1440_baladzen-ot-12910.jpg"},"1200x900":{"url":"https:\/\/www.saint-brevin.com\/medias\/images\/prestations\/multitailles\/1200x900_baladzen-ot-12910.jpg"},"800x600":{"url":"https:\/\/www.saint-brevin.com\/medias\/images\/prestations\/multitailles\/800x600_baladzen-ot-12910.jpg"},"640x480":{"url":"https:\/\/www.saint-brevin.com\/medias\/images\/prestations\/multitailles\/640x480_baladzen-ot-12910.jpg"},"320x240":{"url":"https:\/\/www.saint-brevin.com\/medias\/images\/prestations\/multitailles\/320x240_baladzen-ot-12910.jpg"},"160x120":{"url":"https:\/\/www.saint-brevin.com\/medias\/images\/prestations\/multitailles\/160x120_baladzen-ot-12910.jpg"},"origine":{"url":"https:\/\/www.saint-brevin.com\/medias\/images\/prestations\/baladzen-ot-12910.jpg"}},"urlLien":"","typeLien":"","nofollow":"N","copyright":""}]}},"DateDebPublication":"","DateFinPublication":"","PrixAPartirDe":"","PrixPour":"","FicheListeEnCours":"fiche_liste_agenda_prestation_v2017","ParametresModele":{"AfficherPhotos":"1","NbPhotosMax":6,"AfficherReserver":0,"AfficherContact":0,"AfficherSalle":1,"AfficherZoneGeo":0,"AfficherEnSavoirPlus":"1","AfficherUneSeuleOuverture":"1","AfficherContactCarte":1,"AfficherTarifsChaudAPartirDe":0,"AfficherTarifChaudSansRecherche":0,"AfficherLiensCarnetVoyage":"1","AfficherOuverture":"1","BlocCritereInfo":{"critere1":{"libelle":""},"critere2":{"libelle":""},"critere3":{"libelle":""},"critere4":{"libelle":""},"critere5":{"libelle":""},"critere6":{"libelle":""},"critere7":{"libelle":"","liste_critere":["COMMUNES|Y"]},"critere8":{"libelle":""},"critere9":{"libelle":""},"afficherpictoetpaslibelle":"1"},"CriteresComportementResa":"|RESABILLET[RESAENLIGNE|","PositionBloc":"GALLERIE|NOM|OUVERTURES|CARNET_VOYAGE|URL|LIEN_RESERVER_DETAIL","TypePrestataire":"Y","ComportementResa":false,"ComportementDispo":false},"AffichageCoordonnees":[],"Coordonnees":{"Ville":"ST BREVIN LES PINS"},"ContexteId":"PRESTATION|Y|ASSOCIATIONOMZEN|BALADZEN","ContexteIdHtml":"PRESTATION-Y-ASSOCIATIONOMZEN-BALADZEN","cleContexte":"Y|ASSOCIATIONOMZEN|BALADZEN","Bloc":{"texte1":"","texte3":"","critere1":{"libelle":"","contenu":[]},"critere2":{"libelle":"","contenu":[]},"critere3":{"libelle":"","contenu":[]},"critere4":{"libelle":"","contenu":[]},"critere5":{"libelle":"","contenu":[]},"critere6":{"libelle":"","contenu":[]},"critere7":{"libelle":"","contenu":[]},"critere8":{"libelle":"","contenu":[]},"critere9":{"libelle":"","contenu":[]}},"LocalisationGps":{"Latitude":"47.23271","Longitude":"-2.17908"},"libelleDuPrestataire":"","vuePrestataire":{"pave1":{"libelle":"Descriptif","contenu":"L&#39;association OM&#39;ZEN vous propose cet &eacute;t&eacute; des s&eacute;ances de yoga, qi gong, m&eacute;ditation et art, pour les enfants (&agrave; partir de 4 ans) et les adultes. Chaque enfant de moins de 12 ans devra &ecirc;tre accompagn&eacute; d&#39;un adulte.\u003Cbr \/\u003E\r\n\u003Cbr \/\u003E\r\nLes objectifs recherch&eacute;s sont :\u003Cbr \/\u003E\r\n&ndash; Apprendre &agrave; mieux conna&icirc;tre son corps, &agrave; le respecter et &agrave; le garder en bonne sant&eacute;.\u003Cbr \/\u003E\r\n\u003Cbr \/\u003E\r\n&ndash; D&eacute;couvrir le travail en duo et le soutien mutuel vers un enrichissement interg&eacute;n&eacute;rationnel.\u003Cbr \/\u003E\r\n\u003Cbr \/\u003E\r\n&ndash; Am&eacute;liorer sa concentration, sa m&eacute;moire et faciliter l&#39;envie d&#39;apprendre sous forme de jeux.\u003Cbr \/\u003E\r\n\u003Cbr \/\u003E\r\n&ndash; Acqu&eacute;rir des outils pour g&eacute;rer ses &eacute;motions et apaiser ses tensions physiques et &eacute;motionnelles.\u003Cbr \/\u003E\r\n\u003Cbr \/\u003E\r\n&ndash; Permettre &agrave; chacun d&#39;utiliser tout son potentiel, sans esprit de comp&eacute;tition.\u003Cbr \/\u003E\r\n\u003Cbr \/\u003E\r\nChacun pourra &eacute;galement laisser s&#39;exprimer sa libert&eacute; cr&eacute;atrice, gr&acirc;ce aux diff&eacute;rents ateliers artistiques propos&eacute;s chaque semaine : cr&eacute;ation et peinture de mandalas et mosa&iuml;que...tout le mat&eacute;riel\u003Cbr \/\u003E\r\nest fourni. Laissez &eacute;merger votre spontan&eacute;it&eacute; et votre imaginaire, pour retrouver l&#39;apaisement, le l&acirc;cher-prise et la libert&eacute; de l&#39;enfant en chacun de vous. De beaux moments de partages et d&#39;&eacute;changes\u003Cbr \/\u003E\r\njoyeux en famille ou entre amis dans un lieu magique.\u003Cbr \/\u003E\r\n\u003Cbr \/\u003E\r\nLes ateliers sont supervis&eacute;s par une professeur de yoga, de qi gong et de m&eacute;ditation dipl&ocirc;m&eacute;e et agr&eacute;e par l&#39;Ecole Fran&ccedil;aise de Yoga et une peintre-mosa&iuml;ste exp&eacute;riment&eacute;e."},"pave2":{"libelle":"","contenu":""},"pave3":{"libelle":"","contenu":""},"pave4":{"libelle":"","contenu":""},"pave5":{"libelle":"","contenu":""},"pave6":{"libelle":"","contenu":""},"pave7":{"libelle":"","contenu":""},"pave8":{"libelle":"","contenu":""},"pave9":{"libelle":"","contenu":""},"pave10":{"libelle":"","contenu":""},"pave11":{"libelle":"","contenu":""},"pave12":{"libelle":"","contenu":""},"pave13":{"libelle":"","contenu":""},"pave14":{"libelle":"","contenu":""},"pave15":{"libelle":"","contenu":""},"pave16":{"libelle":"","contenu":""},"pave17":{"libelle":"","contenu":""},"pave18":{"libelle":"","contenu":""},"pave19":{"libelle":"","contenu":""},"pave20":{"libelle":"","contenu":""},"pave21":{"libelle":"","contenu":""},"pave22":{"libelle":"","contenu":""},"pave23":{"libelle":"","contenu":""},"pave24":{"libelle":"","contenu":""},"pave25":{"libelle":"","contenu":""},"Libelle":"Association OM'ZEN","Nom":"Association OM'ZEN","Prenom":"","NomPrenom":"Association OM'ZEN ","CiviliteNomPrenom":"Association OM'ZEN ","Cle":"Y|ASSOCIATIONOMZEN","PrestataireParent":"","ContexteStat":"PRESTATAIRE-Y-ASSOCIATIONOMZEN","DateModificationIso":"2021-04-15T17:00:00+02:00","Type":"PRESTATAIRE","TypePrestataire":"Y","Adresse":{"LigneAdresse1":"183 Rue de Trignac","LigneAdresse2":"","LigneAdresse3":"","CodePostal":"44600","Ville":"ST NAZAIRE","Cedex":"","Etat":"","Pays":"FRA"},"Email":"daniele.omzen@gmail.com","Telephone":"","TelephoneBureau":"","Portable":"06 85 02 58 78","SiteWeb":"https:\/\/omzen.jimdo.com\/","Fax":"","Id":"y-associationomzen","Code":"Y|ASSOCIATIONOMZEN","Fichier":[],"Url":"","Localisation":{"GoogleMap":{"Latitude":"47.29846","Longitude":"-2.18547"}},"ZoneGeo":"","Criteres":{"NIVPARTENAIRE[COMPLET":"","INSPUBMAJ[ASSOCIATIONS":"","MAJINGENIE[DATEDERNIEREMAJ":"20180601","MISEAJOUR[ANNABELLE":""},"DateFinPublication":"","AffichageCoordonnees":[]},"listeCriteres":{"LIEUMANIF":{"SAINTBREVIN":""},"CATEGORIEANIMATION":{"BIENETRE":"","SORTIENATURE":""},"ICA":{"ICATP":""},"GANIMA":{"GCVAA":""},"MODEPAIEMENT":{"LCBP":"","LESPE":""},"YVEL":{"SOUI":"","REWEB":""},"MISEAJOURINGENIE":{"DATEDERNIEREMAJ":"20210623"},"MISEAJOURPAR":{"ANNABELLE":""},"NIVPARTENAIRE":{"COMPLET":""},"INSPUBMAJ":{"ASSOCIATIONS":""},"MAJINGENIE":{"DATEDERNIEREMAJ":"20180601"},"MISEAJOUR":{"ANNABELLE":""}},"dansCarnetVoyage":true,"Ouverture":[],"OuverturePasse":[]},"html":" \n \u003Cdiv id=\"CV-PRESTATION-Y-ASSOCIATIONOMZEN-BALADZEN\" data-contexte-id=\"PRESTATION|Y|ASSOCIATIONOMZEN|BALADZEN\" data-cle=\"Y|ASSOCIATIONOMZEN|BALADZEN\" class=\"fiche-liste\"\u003E\n    \n\n    \u003C!-- partie photo --\u003E\n    \u003Cdiv class=\"photo\"\u003E\t\t\t\t\t\t\t\t\t\t\t\t\t\t\t\t\t\t\t\t\t\n        \u003Cdiv class=\"cadre_photo_principale\"\u003E\t\t\n        \n            \t\t\t\t\t\n                    \u003Ca href=\"balad-zen-au-parc.html?origine=carnet#media\"\u003E\n                        \u003Cimg class=\"photo_principale\" alt=\"baladzen-pointeau-saint-brevin-12631\" src=\"https:\/\/www.saint-brevin.com\/medias\/images\/prestations\/multitailles\/320x240_baladzen-pointeau-saint-brevin-12631.jpg\" itemprop=\"image\"\u003E\n                    \u003C\/a\u003E\t\t\t\t\t\t\n                \n                    \u003C\/div\u003E\t\t\t\t\t\t\t\t\t\t\t\t\t\t\t\t\t\t\t \t\t\n    \u003C\/div\u003E\n    \n    \u003C!-- partie nom prest --\u003E\n    \u003Cdiv class=\"nom\"\u003E\n        \u003Ch2\u003EBalad'zen, au parc\u003C\/h2\u003E\n        \n            \u003C\/div\u003E\n\n         \n    \u003C!-- partie adresse --\u003E\n    \u003Cdiv class=\"adresse\"\u003E\n    \n          \n    \u003C\/div\u003E\n    \n    \u003C!-- partie liens --\u003E\n    \u003Cdiv class=\"liens\"\u003E\n            \u003Ca class=\"btn-icon btn-view \" title=\"Voir la fiche d\u00e9taill\u00e9e\" href=\"balad-zen-au-parc.html?origine=carnet\"\u003E\u003C\/a\u003E\u003C!--\u003Ca class=\"btn-icon btn-view \" title=\"\" href=\"?origine=carnet#thaut\"\u003E\u003C\/a\u003E--\u003E\n      \u003Ca class=\"btn-icon btn-trash carnet_voyage_supprimer\" title=\"Supprimer cette fiche de mon carnet de voyage\" href=\"carnet-voyage?action=remove&fiche=Y|ASSOCIATIONOMZEN|BALADZEN\"\u003E\u003C\/a\u003E\n    \u003C\/div\u003E\n\n\u003C\/div\u003E\n\n","icon":"https:\/\/static.ingenie.fr\/images\/carnetVoyageV3\/Y.png"},"fiche":"Y|ASSOCIATIONOMZEN|BALADZEN","popup":"\u003Cdiv id=\"bloc_popup_ajout_fiche_carnet\"\u003E\n    \u003Cdiv class=\"info_popup_ajout_fiche_carnet\"\u003E\n        Vous venez d'ajouter cet \u00e9l\u00e9ment \u00e0 votre carnet de voyage :    \u003C\/div\u003E\n    \u003Cdiv class=\"prest_popup_ajout_fiche_carnet\"\u003E\n        Balad&#039;zen, au parc    \u003C\/div\u003E\n    \u003Cdiv class=\"bloc_btn_ajout_fiche_carnet form_submit_div\"\u003E\n        \u003Cinput type=\"button\" value=\"Continuer ma s\u00e9lection\" title=\"Continuer ma s\u00e9lection\" name=\"btn_close\" class=\"btn_close_popup_carnet form_submit\" onclick=\"$.colorbox.close()\" \/\u003E\n        \u003Cinput type=\"button\" value=\"Voir mon carnet de voyage\" title=\"Voir mon carnet\" name=\"btn_panier\" class=\"btn_panier_popup_carnet form_submit\" onclick=\"if(typeof CarnetVoyage != 'undefined') {CarnetVoyage.voirCarnet();}\" \/\u003E\n    \u003C\/div\u003E\n    \u003Cdiv class=\"bloc_btn_ajout_fiche_carnet\"\u003E\n        \u003Cinput type=\"checkbox\" value=\"1\" name=\"desactiver_popup\" id=\"desactiver_popup\" \/\u003E\n        \u003Clabel for=\"desactiver_popup\"\u003ENe plus afficher ce message\u003C\/label\u003E\n    \u003C\/div\u003E\n\u003C\/div\u003E","success":1}