{"nbFiches":1,"dataPrest":{"infoPrest":{"pave1":{"libelle":"Slogan","contenu":"","fichiers":[]},"pave2":{"libelle":"Descriptif","contenu":"Vide-grenier.\u003Cbr \/\u003E\r\nBuvette et petite restauration sur place.\u003Cbr \/\u003E\r\n\u003Cbr \/\u003E\r\nInscription pour l&#39;obtention d&#39;un stand : 06 18 62 42 37 \/ 06 88 10 69 05.\u003Cbr \/\u003E\r\n\u003Cbr \/\u003E\r\nou par mail : \u003Cspan style=\"color: rgb(34, 34, 34); font-family: arial, helvetica, sans-serif; font-size: 17.3333px;\"\u003E&nbsp;\u003C\/span\u003E\u003Ca href=\"mailto:sabrinaclavier@hotmail.fr\"\u003E\u003Cstrong\u003Esabrinaclavier@hotmail.fr\u003C\/strong\u003E\u003C\/a\u003E ou \u003Cstrong\u003E\u003Ca href=\"mailto:niconoel678@gmail.com\"\u003Eniconoel678@gmail.com\u003C\/a\u003E\u003C\/strong\u003E\u003Cbr \/\u003E\r\nR&eacute;serv&eacute; uniquement aux particuliers.\u003Cbr \/\u003E\r\n\u003Cbr \/\u003E\r\n&nbsp;","fichiers":[]},"pave3":{"libelle":"","contenu":""},"pave4":{"libelle":"","contenu":""},"pave5":{"libelle":"","contenu":""},"pave6":{"libelle":"","contenu":""},"pave7":{"libelle":"","contenu":""},"pave8":{"libelle":"","contenu":""},"pave9":{"libelle":"","contenu":""},"pave10":{"libelle":"","contenu":""},"pave11":{"libelle":"","contenu":""},"pave12":{"libelle":"","contenu":""},"pave13":{"libelle":"","contenu":""},"pave14":{"libelle":"","contenu":""},"pave15":{"libelle":"","contenu":""},"pave16":{"libelle":"","contenu":""},"pave17":{"libelle":"","contenu":""},"pave18":{"libelle":"","contenu":""},"pave19":{"libelle":"","contenu":""},"pave20":{"libelle":"","contenu":""},"pave21":{"libelle":"","contenu":""},"pave22":{"libelle":"","contenu":""},"pave23":{"libelle":"","contenu":""},"pave24":{"libelle":"","contenu":""},"pave25":{"libelle":"","contenu":""},"Libelle":"Vide-grenier","Reference":"","Reftar":"","Type":"PRESTATION","TypePrestataire":"Y","ContexteStat":"PRESTATION-Y-ASSOCIATIONCOMMUNALEDECHASS-VIDEGRENIER","DateModificationIso":"2026-02-20T09:14:00+01:00","Adresse":{"LigneAdresse1":"Place de l'\u00c9glise","LigneAdresse2":"","LigneAdresse3":"","CodePostal":"44560","Ville":"CORSEPT","Cedex":"","Etat":"","Pays":"FRA"},"Id":"y-associationcommunaledechass-videgrenier","Code":"Y|ASSOCIATIONCOMMUNALEDECHASS|VIDEGRENIER","Cle":"Y|ASSOCIATIONCOMMUNALEDECHASS|VIDEGRENIER","Url":"vide-grenier-1-1-1-1-1-1-1-1-1-1-1-1-1-1-1-1-1-1-1-1-1-1-1-1-1-1-1-1-1-1-1-1-1-1-1-1-1-1-1-1-1.html","Localisation":{"GoogleMap":{"Latitude":"47.27779","Longitude":"-2.05787"}},"ZoneGeo":"","Criteres":{"LIEUMANIF[CORSEPT":"","CATEGORIEANIMATION[BROC":"","ANIAH[ANIACC":"","YVEL[REWEB":"","MISEAJOURINGENIE[DATEDERNIEREMAJ":"20260220","MISEAJOURPAR[AMANDINE":""},"ContactsParType":{"IWEB":{"2263":{"id_contact":"2263","type_contact":"IWEB","categorie_contact":"PRESTATION","societe_contact":"Association Communale de Chasse","fonction_contact":"","civilite_nom_prenom_contact":"","adresse1_contact":"3 La Clerci\u00e8re","adresse2_contact":"","adresse3_contact":"","cpostal_contact":"44320","ville_contact":"Saint-P\u00e8re-en-Retz","teldom_contact":"06 18 62 42 37","telbur_contact":"06 88 10 69 05","fax_contact":"","portable_contact":"","email_contact":"niconoel678@gmail.com","siteweb_contact":"","commentaire_contact":"","langue_contact":"","autre_moyen_com":[]}}},"ContactRemplaceCoordonnees":"2263","Prestataire":{"pave1":{"libelle":"Descriptif","contenu":"\u003Cdiv\u003EObjet de l&#39;association : favoriser le d&eacute;veloppement du gibier,destruction des animaux nuisibles,r&eacute;pression du braconnage,&eacute;ducation cyn&eacute;getique des chasseurs et en g&eacute;n&eacute;ral,assurer une meilleure organisation de la chasse.\u003C\/div\u003E\r\n"},"pave2":{"libelle":"","contenu":""},"pave3":{"libelle":"","contenu":""},"pave4":{"libelle":"","contenu":""},"pave5":{"libelle":"","contenu":""},"pave6":{"libelle":"","contenu":""},"pave7":{"libelle":"","contenu":""},"pave8":{"libelle":"","contenu":""},"pave9":{"libelle":"","contenu":""},"pave10":{"libelle":"","contenu":""},"pave11":{"libelle":"","contenu":""},"pave12":{"libelle":"","contenu":""},"pave13":{"libelle":"","contenu":""},"pave14":{"libelle":"","contenu":""},"pave15":{"libelle":"","contenu":""},"pave16":{"libelle":"","contenu":""},"pave17":{"libelle":"","contenu":""},"pave18":{"libelle":"","contenu":""},"pave19":{"libelle":"","contenu":""},"pave20":{"libelle":"","contenu":""},"pave21":{"libelle":"","contenu":""},"pave22":{"libelle":"","contenu":""},"pave23":{"libelle":"","contenu":""},"pave24":{"libelle":"","contenu":""},"pave25":{"libelle":"","contenu":""},"Libelle":"Association Communale de Chasse","Nom":"Association Communale de Chasse","Prenom":"","NomPrenom":"Association Communale de Chasse ","CiviliteNomPrenom":"Association Communale de Chasse ","Cle":"Y|ASSOCIATIONCOMMUNALEDECHASS","PrestataireParent":"","ContexteStat":"PRESTATAIRE-Y-ASSOCIATIONCOMMUNALEDECHASS","DateModificationIso":"2024-02-08T11:04:00+01:00","Type":"PRESTATAIRE","TypePrestataire":"Y","Adresse":{"LigneAdresse1":"3 La Clerci\u00e8re","LigneAdresse2":"","LigneAdresse3":"","CodePostal":"44320","Ville":"Saint-P\u00e8re-en-Retz","Cedex":"","Etat":"","Pays":"FRA"},"Email":"niconoel678@gmail.com","Telephone":"06 18 62 42 37","TelephoneBureau":"06 88 10 69 05","Portable":"","SiteWeb":"","Fax":"","Id":"y-associationcommunaledechass","Code":"Y|ASSOCIATIONCOMMUNALEDECHASS","Fichier":[],"Url":"","Localisation":{"GoogleMap":{"Latitude":"","Longitude":""}},"ZoneGeo":"","Criteres":{"NIVPARTENAIRE[COMPLET":"","MAJINGENIE[DATEDERNIEREMAJ":"20220224","MISEAJOUR[ANNABELLE":""},"DateFinPublication":""},"Fichier":{"Image":[{"url":"https:\/\/www.saint-brevin.com\/medias\/images\/prestations\/vide-grenier-14801.jpg","chemin":"..\/medias\/images\/prestations\/vide-grenier-14801.jpg","libelle":"vide-grenier-14801","extension":"jpg","categorie":"","largeur":800,"theme":"","hauteur":509,"type":"Image","origine":"","liaisonPave":"","langue":"","id":"14801","urlVignette":"https:\/\/www.saint-brevin.com\/medias\/images\/prestations\/v-vide-grenier-14801.jpg","alt":"vide-grenier-14801","title":"vide-grenier-14801","MultiTaille":{"1920x1440":{"url":"https:\/\/www.saint-brevin.com\/medias\/images\/prestations\/multitailles\/1920x1440_vide-grenier-14801.jpg"},"1200x900":{"url":"https:\/\/www.saint-brevin.com\/medias\/images\/prestations\/multitailles\/1200x900_vide-grenier-14801.jpg"},"800x600":{"url":"https:\/\/www.saint-brevin.com\/medias\/images\/prestations\/multitailles\/800x600_vide-grenier-14801.jpg"},"640x480":{"url":"https:\/\/www.saint-brevin.com\/medias\/images\/prestations\/multitailles\/640x480_vide-grenier-14801.jpg"},"320x240":{"url":"https:\/\/www.saint-brevin.com\/medias\/images\/prestations\/multitailles\/320x240_vide-grenier-14801.jpg"},"160x120":{"url":"https:\/\/www.saint-brevin.com\/medias\/images\/prestations\/multitailles\/160x120_vide-grenier-14801.jpg"},"origine":{"url":"https:\/\/www.saint-brevin.com\/medias\/images\/prestations\/vide-grenier-14801.jpg"}},"urlLien":"","typeLien":"","nofollow":"N","copyright":""}],"ByCategorie":{"":[{"url":"https:\/\/www.saint-brevin.com\/medias\/images\/prestations\/vide-grenier-14801.jpg","chemin":"..\/medias\/images\/prestations\/vide-grenier-14801.jpg","libelle":"vide-grenier-14801","extension":"jpg","categorie":"","largeur":800,"theme":"","hauteur":509,"type":"Image","origine":"","liaisonPave":"","langue":"","id":"14801","urlVignette":"https:\/\/www.saint-brevin.com\/medias\/images\/prestations\/v-vide-grenier-14801.jpg","alt":"vide-grenier-14801","title":"vide-grenier-14801","MultiTaille":{"1920x1440":{"url":"https:\/\/www.saint-brevin.com\/medias\/images\/prestations\/multitailles\/1920x1440_vide-grenier-14801.jpg"},"1200x900":{"url":"https:\/\/www.saint-brevin.com\/medias\/images\/prestations\/multitailles\/1200x900_vide-grenier-14801.jpg"},"800x600":{"url":"https:\/\/www.saint-brevin.com\/medias\/images\/prestations\/multitailles\/800x600_vide-grenier-14801.jpg"},"640x480":{"url":"https:\/\/www.saint-brevin.com\/medias\/images\/prestations\/multitailles\/640x480_vide-grenier-14801.jpg"},"320x240":{"url":"https:\/\/www.saint-brevin.com\/medias\/images\/prestations\/multitailles\/320x240_vide-grenier-14801.jpg"},"160x120":{"url":"https:\/\/www.saint-brevin.com\/medias\/images\/prestations\/multitailles\/160x120_vide-grenier-14801.jpg"},"origine":{"url":"https:\/\/www.saint-brevin.com\/medias\/images\/prestations\/vide-grenier-14801.jpg"}},"urlLien":"","typeLien":"","nofollow":"N","copyright":""}]}},"DateDebPublication":"","DateFinPublication":"20260518","PrixAPartirDe":"","PrixPour":"","FicheListeEnCours":"fiche_liste_agenda_prestation_v2017","ParametresModele":{"AfficherPhotos":"1","NbPhotosMax":6,"AfficherReserver":0,"AfficherContact":0,"AfficherSalle":1,"AfficherZoneGeo":0,"AfficherEnSavoirPlus":"1","AfficherUneSeuleOuverture":"1","AfficherContactCarte":1,"AfficherTarifsChaudAPartirDe":0,"AfficherTarifChaudSansRecherche":0,"AfficherLiensCarnetVoyage":"1","AfficherOuverture":"1","BlocCritereInfo":{"critere1":{"libelle":""},"critere2":{"libelle":""},"critere3":{"libelle":""},"critere4":{"libelle":""},"critere5":{"libelle":""},"critere6":{"libelle":""},"critere7":{"libelle":"","liste_critere":["COMMUNES|Y"]},"critere8":{"libelle":""},"critere9":{"libelle":""},"afficherpictoetpaslibelle":"1"},"CriteresComportementResa":"|RESABILLET[RESAENLIGNE|","PositionBloc":"GALLERIE|NOM|OUVERTURES|CARNET_VOYAGE|URL|LIEN_RESERVER_DETAIL","TypePrestataire":"Y","ComportementResa":false,"ComportementDispo":false},"AffichageCoordonnees":[],"Coordonnees":{"Ville":"CORSEPT"},"ContexteId":"PRESTATION|Y|ASSOCIATIONCOMMUNALEDECHASS|VIDEGRENIER","ContexteIdHtml":"PRESTATION-Y-ASSOCIATIONCOMMUNALEDECHASS-VIDEGRENIER","cleContexte":"Y|ASSOCIATIONCOMMUNALEDECHASS|VIDEGRENIER","Bloc":{"texte1":"","texte3":"","critere1":{"libelle":"","contenu":[]},"critere2":{"libelle":"","contenu":[]},"critere3":{"libelle":"","contenu":[]},"critere4":{"libelle":"","contenu":[]},"critere5":{"libelle":"","contenu":[]},"critere6":{"libelle":"","contenu":[]},"critere7":{"libelle":"","contenu":[]},"critere8":{"libelle":"","contenu":[]},"critere9":{"libelle":"","contenu":[]}},"LocalisationGps":{"Latitude":"47.27779","Longitude":"-2.05787"},"libelleDuPrestataire":"","vuePrestataire":{"pave1":{"libelle":"Descriptif","contenu":"\u003Cdiv\u003EObjet de l&#39;association : favoriser le d&eacute;veloppement du gibier,destruction des animaux nuisibles,r&eacute;pression du braconnage,&eacute;ducation cyn&eacute;getique des chasseurs et en g&eacute;n&eacute;ral,assurer une meilleure organisation de la chasse.\u003C\/div\u003E\r\n"},"pave2":{"libelle":"","contenu":""},"pave3":{"libelle":"","contenu":""},"pave4":{"libelle":"","contenu":""},"pave5":{"libelle":"","contenu":""},"pave6":{"libelle":"","contenu":""},"pave7":{"libelle":"","contenu":""},"pave8":{"libelle":"","contenu":""},"pave9":{"libelle":"","contenu":""},"pave10":{"libelle":"","contenu":""},"pave11":{"libelle":"","contenu":""},"pave12":{"libelle":"","contenu":""},"pave13":{"libelle":"","contenu":""},"pave14":{"libelle":"","contenu":""},"pave15":{"libelle":"","contenu":""},"pave16":{"libelle":"","contenu":""},"pave17":{"libelle":"","contenu":""},"pave18":{"libelle":"","contenu":""},"pave19":{"libelle":"","contenu":""},"pave20":{"libelle":"","contenu":""},"pave21":{"libelle":"","contenu":""},"pave22":{"libelle":"","contenu":""},"pave23":{"libelle":"","contenu":""},"pave24":{"libelle":"","contenu":""},"pave25":{"libelle":"","contenu":""},"Libelle":"Association Communale de Chasse","Nom":"Association Communale de Chasse","Prenom":"","NomPrenom":"Association Communale de Chasse ","CiviliteNomPrenom":"Association Communale de Chasse ","Cle":"Y|ASSOCIATIONCOMMUNALEDECHASS","PrestataireParent":"","ContexteStat":"PRESTATAIRE-Y-ASSOCIATIONCOMMUNALEDECHASS","DateModificationIso":"2024-02-08T11:04:00+01:00","Type":"PRESTATAIRE","TypePrestataire":"Y","Adresse":{"LigneAdresse1":"3 La Clerci\u00e8re","LigneAdresse2":"","LigneAdresse3":"","CodePostal":"44320","Ville":"Saint-P\u00e8re-en-Retz","Cedex":"","Etat":"","Pays":"FRA"},"Email":"niconoel678@gmail.com","Telephone":"06 18 62 42 37","TelephoneBureau":"06 88 10 69 05","Portable":"","SiteWeb":"","Fax":"","Id":"y-associationcommunaledechass","Code":"Y|ASSOCIATIONCOMMUNALEDECHASS","Fichier":[],"Url":"","Localisation":{"GoogleMap":{"Latitude":"","Longitude":""}},"ZoneGeo":"","Criteres":{"NIVPARTENAIRE[COMPLET":"","MAJINGENIE[DATEDERNIEREMAJ":"20220224","MISEAJOUR[ANNABELLE":""},"DateFinPublication":"","AffichageCoordonnees":[]},"listeCriteres":{"LIEUMANIF":{"CORSEPT":""},"CATEGORIEANIMATION":{"BROC":""},"ANIAH":{"ANIACC":""},"YVEL":{"REWEB":""},"MISEAJOURINGENIE":{"DATEDERNIEREMAJ":"20260220"},"MISEAJOURPAR":{"AMANDINE":""},"NIVPARTENAIRE":{"COMPLET":""},"MAJINGENIE":{"DATEDERNIEREMAJ":"20220224"},"MISEAJOUR":{"ANNABELLE":""}},"dansCarnetVoyage":true,"Ouverture":["\u003Cp class=\"date\" \u003EDimanche 17 mai 2026\u003C\/p\u003E\u003Cp class=\"heure\" \u003Ede 09:00 \u00e0 18:00\u003C\/p\u003E"],"OuverturePasse":[],"OuvertureObjs":[{}],"OuvertureTab":[["20260517","20260517"]]},"html":" \n \u003Cdiv id=\"CV-PRESTATION-Y-ASSOCIATIONCOMMUNALEDECHASS-VIDEGRENIER\" data-contexte-id=\"PRESTATION|Y|ASSOCIATIONCOMMUNALEDECHASS|VIDEGRENIER\" data-cle=\"Y|ASSOCIATIONCOMMUNALEDECHASS|VIDEGRENIER\" class=\"fiche-liste\"\u003E\n    \n\n    \u003C!-- partie photo --\u003E\n    \u003Cdiv class=\"photo\"\u003E\t\t\t\t\t\t\t\t\t\t\t\t\t\t\t\t\t\t\t\t\t\n        \u003Cdiv class=\"cadre_photo_principale\"\u003E\t\t\n        \n            \t\t\t\t\t\n                    \u003Ca href=\"vide-grenier-1-1-1-1-1-1-1-1-1-1-1-1-1-1-1-1-1-1-1-1-1-1-1-1-1-1-1-1-1-1-1-1-1-1-1-1-1-1-1-1-1.html?origine=carnet#media\"\u003E\n                        \u003Cimg class=\"photo_principale\" alt=\"vide-grenier-14801\" src=\"https:\/\/www.saint-brevin.com\/medias\/images\/prestations\/multitailles\/320x240_vide-grenier-14801.jpg\" itemprop=\"image\"\u003E\n                    \u003C\/a\u003E\t\t\t\t\t\t\n                \n                    \u003C\/div\u003E\t\t\t\t\t\t\t\t\t\t\t\t\t\t\t\t\t\t\t \t\t\n    \u003C\/div\u003E\n    \n    \u003C!-- partie nom prest --\u003E\n    \u003Cdiv class=\"nom\"\u003E\n        \u003Ch2\u003EVide-grenier\u003C\/h2\u003E\n        \n            \u003C\/div\u003E\n\n     \u003Cul style=\"display: none\" class=\"ouverture_list\"\u003E\u003Cli class=\"ouverture_item\"\u003E\u003Cp class=\"date\" \u003EDimanche 17 mai 2026\u003C\/p\u003E\u003Cp class=\"heure\" \u003Ede 09:00 \u00e0 18:00\u003C\/p\u003E\u003C\/li\u003E\u003C\/ul\u003E    \n    \u003C!-- partie adresse --\u003E\n    \u003Cdiv class=\"adresse\"\u003E\n    \n          \n    \u003C\/div\u003E\n    \n    \u003C!-- partie liens --\u003E\n    \u003Cdiv class=\"liens\"\u003E\n            \u003Ca class=\"btn-icon btn-view \" title=\"Voir la fiche d\u00e9taill\u00e9e\" href=\"vide-grenier-1-1-1-1-1-1-1-1-1-1-1-1-1-1-1-1-1-1-1-1-1-1-1-1-1-1-1-1-1-1-1-1-1-1-1-1-1-1-1-1-1.html?origine=carnet\"\u003E\u003C\/a\u003E\u003C!--\u003Ca class=\"btn-icon btn-view \" title=\"\" href=\"?origine=carnet#thaut\"\u003E\u003C\/a\u003E--\u003E\n      \u003Ca class=\"btn-icon btn-trash carnet_voyage_supprimer\" title=\"Supprimer cette fiche de mon carnet de voyage\" href=\"carnet-voyage?action=remove&fiche=Y|ASSOCIATIONCOMMUNALEDECHASS|VIDEGRENIER\"\u003E\u003C\/a\u003E\n    \u003C\/div\u003E\n\n\u003C\/div\u003E\n\n","icon":"https:\/\/static.ingenie.fr\/images\/carnetVoyageV3\/Y.png"},"fiche":"Y|ASSOCIATIONCOMMUNALEDECHASS|VIDEGRENIER","popup":"\u003Cdiv id=\"bloc_popup_ajout_fiche_carnet\"\u003E\n    \u003Cdiv class=\"info_popup_ajout_fiche_carnet\"\u003E\n        Vous venez d'ajouter cet \u00e9l\u00e9ment \u00e0 votre carnet de voyage :    \u003C\/div\u003E\n    \u003Cdiv class=\"prest_popup_ajout_fiche_carnet\"\u003E\n        Vide-grenier    \u003C\/div\u003E\n    \u003Cdiv class=\"bloc_btn_ajout_fiche_carnet form_submit_div\"\u003E\n        \u003Cinput type=\"button\" value=\"Continuer ma s\u00e9lection\" title=\"Continuer ma s\u00e9lection\" name=\"btn_close\" class=\"btn_close_popup_carnet form_submit\" onclick=\"$.colorbox.close()\" \/\u003E\n        \u003Cinput type=\"button\" value=\"Voir mon carnet de voyage\" title=\"Voir mon carnet\" name=\"btn_panier\" class=\"btn_panier_popup_carnet form_submit\" onclick=\"if(typeof CarnetVoyage != 'undefined') {CarnetVoyage.voirCarnet();}\" \/\u003E\n    \u003C\/div\u003E\n    \u003Cdiv class=\"bloc_btn_ajout_fiche_carnet\"\u003E\n        \u003Cinput type=\"checkbox\" value=\"1\" name=\"desactiver_popup\" id=\"desactiver_popup\" \/\u003E\n        \u003Clabel for=\"desactiver_popup\"\u003ENe plus afficher ce message\u003C\/label\u003E\n    \u003C\/div\u003E\n\u003C\/div\u003E","success":1}