{"nbFiches":1,"dataPrest":{"infoPrest":{"pave1":{"libelle":"Slogan","contenu":"","fichiers":[]},"pave2":{"libelle":"Descriptif","contenu":"\u003Cp data-end=\"290\" data-start=\"227\"\u003E\u003Cstrong data-end=\"290\" data-start=\"227\"\u003ESaison artistique 2026 &ndash; Galerie &agrave; Contre Courant, Paimb&oelig;uf\u003C\/strong\u003E\u003C\/p\u003E\r\n\r\n\u003Cp data-end=\"624\" data-start=\"292\"\u003E&Agrave; Paimb&oelig;uf, la Galerie &agrave; Contre Courant vous invite &agrave; une nouvelle saison artistique riche en d&eacute;couvertes et en &eacute;motions. D&rsquo;avril &agrave; septembre, une succession d&rsquo;expositions met &agrave; l&rsquo;honneur des artistes aux univers vari&eacute;s : peinture, dessin, photographie, techniques mixtes&hellip; autant de regards singuliers &agrave; explorer au fil des semaines.&nbsp;\u003C\/p\u003E\r\n\r\n\u003Cp data-end=\"838\" data-start=\"558\"\u003EChaque exposition est une rencontre, une immersion dans une d&eacute;marche artistique unique. Des &oelig;uvres abstraites aux paysages sensibles, en passant par des cr&eacute;ations contemporaines et exp&eacute;rimentales, la galerie offre un panorama &eacute;clectique de la cr&eacute;ation actuelle, accessible &agrave; tous.&nbsp;Port&eacute;e par une association engag&eacute;e, la galerie valorise aussi bien des artistes &eacute;mergents que confirm&eacute;s, dans un lieu convivial au c&oelig;ur de Paimb&oelig;uf.&nbsp;\u003C\/p\u003E\r\n\r\n\u003Cp data-end=\"1215\" data-start=\"1119\"\u003EUne belle invitation &agrave; pousser la porte, prendre le temps de regarder&hellip; et se laisser surprendre.\u003Cbr \/\u003E\r\n&nbsp;\u003C\/p\u003E\r\n\r\n\u003Cp data-end=\"955\" data-start=\"626\"\u003ELa saison d&eacute;bute du \u003Cstrong data-end=\"664\" data-start=\"646\"\u003E17 au 26 avril\u003C\/strong\u003E avec \u003Cstrong data-end=\"710\" data-start=\"670\"\u003EBREB, Marl&egrave;ne Bourven, Bruno Pautrel\u003C\/strong\u003E et \u003Cstrong data-end=\"731\" data-start=\"714\"\u003EAlvaro Mejias\u003C\/strong\u003E. Elle se poursuit du \u003Cstrong data-end=\"770\" data-start=\"753\"\u003E1er au 10 mai\u003C\/strong\u003E avec \u003Cstrong data-end=\"828\" data-start=\"776\"\u003EAlain Lemas&ccedil;on, Matthieu Lumen, Catherine Evette\u003C\/strong\u003E et \u003Cstrong data-end=\"849\" data-start=\"832\"\u003EClaire Cailly\u003C\/strong\u003E, puis du \u003Cstrong data-end=\"879\" data-start=\"859\"\u003E29 mai au 7 juin\u003C\/strong\u003E avec \u003Cstrong data-end=\"923\" data-start=\"885\"\u003EConstance Boulay, Erwann Caillarec\u003C\/strong\u003E et \u003Cstrong data-end=\"954\" data-start=\"927\"\u003EChristiane Lemez-Rogier\u003C\/strong\u003E.\u003C\/p\u003E\r\n\r\n\u003Cp data-end=\"1348\" data-start=\"957\"\u003EDu \u003Cstrong data-end=\"977\" data-start=\"960\"\u003E12 au 21 juin\u003C\/strong\u003E, la galerie accueille les &oelig;uvres de \u003Cstrong data-end=\"1058\" data-start=\"1014\"\u003EOlivier Guery, Manu Beaudoin, R&eacute;gys No&euml;l\u003C\/strong\u003E et \u003Cstrong data-end=\"1078\" data-start=\"1062\"\u003EMarc Danielo\u003C\/strong\u003E. Du \u003Cstrong data-end=\"1107\" data-start=\"1083\"\u003E26 juin au 5 juillet\u003C\/strong\u003E, place &agrave; \u003Cstrong data-end=\"1173\" data-start=\"1117\"\u003EMarc Doublet, Marie-Pierre Broussin, Philippe Burban\u003C\/strong\u003E et \u003Cstrong data-end=\"1196\" data-start=\"1177\"\u003ELaurence Bezert\u003C\/strong\u003E. L&rsquo;&eacute;t&eacute; continue du \u003Cstrong data-end=\"1236\" data-start=\"1216\"\u003E10 au 19 juillet\u003C\/strong\u003E avec \u003Cstrong data-end=\"1326\" data-start=\"1242\"\u003EMannick Ferr&eacute;, Val&eacute;rie Blanchard-Jaulin, Marie-Christine Feltrin, Michel Dennery\u003C\/strong\u003E et \u003Cstrong data-end=\"1347\" data-start=\"1330\"\u003ESylvie Rouger\u003C\/strong\u003E.\u003C\/p\u003E\r\n\r\n\u003Cp data-end=\"1749\" data-start=\"1350\"\u003EDu \u003Cstrong data-end=\"1377\" data-start=\"1353\"\u003E24 juillet au 2 ao&ucirc;t\u003C\/strong\u003E, le public pourra d&eacute;couvrir les cr&eacute;ations de \u003Cstrong data-end=\"1472\" data-start=\"1423\"\u003EJ&eacute;r&ocirc;me Gourdon, Jacques Gr&eacute;goire, Marc Tassel\u003C\/strong\u003E et \u003Cstrong data-end=\"1492\" data-start=\"1476\"\u003EJim Del&eacute;mont\u003C\/strong\u003E. Puis, du \u003Cstrong data-end=\"1519\" data-start=\"1503\"\u003E7 au 16 ao&ucirc;t\u003C\/strong\u003E, seront expos&eacute;s \u003Cstrong data-end=\"1645\" data-start=\"1536\"\u003EJo&euml;l Billon, Annick Gu&eacute;rive, Brigitte Baubry, Dominique Bidet Emeriau, Human Lab, Chantal et Herv&eacute; N&eacute;rard\u003C\/strong\u003E. Enfin, du \u003Cstrong data-end=\"1674\" data-start=\"1657\"\u003E21 au 30 ao&ucirc;t\u003C\/strong\u003E, \u003Cstrong data-end=\"1699\" data-start=\"1676\"\u003EJean-Philippe Barr&eacute;\u003C\/strong\u003E et \u003Cstrong data-end=\"1726\" data-start=\"1703\"\u003ESt&eacute;phanie Billarant\u003C\/strong\u003E investiront les lieux.\u003C\/p\u003E\r\n\r\n\u003Cp data-end=\"1919\" data-start=\"1751\"\u003ELa saison s&rsquo;ach&egrave;vera du \u003Cstrong data-end=\"1796\" data-start=\"1775\"\u003E4 au 13 septembre\u003C\/strong\u003E avec \u003Cstrong data-end=\"1810\" data-start=\"1802\"\u003EGACC\u003C\/strong\u003E : les artistes permanents de l&rsquo;association s&rsquo;exposent et cl&ocirc;turent la saison dans une exposition collective.\u003Cbr \/\u003E\r\n&nbsp;\u003C\/p\u003E\r\n\r\n\u003Cp data-end=\"838\" data-start=\"558\"\u003E&nbsp;\u003C\/p\u003E\r\n\r\n\u003Cp data-end=\"2137\" data-start=\"1921\"\u003EEntr&eacute;e libre et gratuite.\u003C\/p\u003E\r\n","fichiers":[]},"pave3":{"libelle":"","contenu":""},"pave4":{"libelle":"","contenu":""},"pave5":{"libelle":"","contenu":""},"pave6":{"libelle":"","contenu":""},"pave7":{"libelle":"","contenu":""},"pave8":{"libelle":"","contenu":""},"pave9":{"libelle":"","contenu":""},"pave10":{"libelle":"","contenu":""},"pave11":{"libelle":"","contenu":""},"pave12":{"libelle":"","contenu":""},"pave13":{"libelle":"","contenu":""},"pave14":{"libelle":"","contenu":""},"pave15":{"libelle":"","contenu":""},"pave16":{"libelle":"","contenu":""},"pave17":{"libelle":"","contenu":""},"pave18":{"libelle":"","contenu":""},"pave19":{"libelle":"","contenu":""},"pave20":{"libelle":"","contenu":""},"pave21":{"libelle":"","contenu":""},"pave22":{"libelle":"","contenu":""},"pave23":{"libelle":"","contenu":""},"pave24":{"libelle":"","contenu":""},"pave25":{"libelle":"","contenu":""},"Libelle":"Expositions de Photos, Peintures, Sculptures, Dessins","Reference":"","Reftar":"","Type":"PRESTATION","TypePrestataire":"Y","ContexteStat":"PRESTATION-Y-ACONTRECOURANT-EXPOSITIONSDEPHOTOSPEINTUR","DateModificationIso":"2026-04-28T14:14:00+02:00","Adresse":{"LigneAdresse1":"Galerie \u00c0 Contre Courant","LigneAdresse2":"5 quai Boulay Paty","LigneAdresse3":"","CodePostal":"44560","Ville":"PAIMBOEUF","Cedex":"","Etat":"","Pays":"FRA"},"Id":"y-acontrecourant-expositionsdephotospeintur","Code":"Y|ACONTRECOURANT|EXPOSITIONSDEPHOTOSPEINTUR","Cle":"Y|ACONTRECOURANT|EXPOSITIONSDEPHOTOSPEINTUR","Url":"expositions-de-photos-peintures-sculptures-dessins.html","Localisation":{"GoogleMap":{"Latitude":"47.28983","Longitude":"-2.03015"}},"ZoneGeo":"","Criteres":{"LIEUMANIF[PAIMBOEUF":"","CATEGORIEANIMATION[EXPO":"","DETAILEXPO[DESSIN":"","DETAILEXPO[PEINTURE":"","DETAILEXPO[PHOTOGRAPHIES":"","DETAILEXPO[SCULPTURE":"","DETAILDESVISITES[VISITELIBRE":"","ICA[ICATP":"","MISEAJOURINGENIE[DATEDERNIEREMAJ":"20260416","MISEAJOURPAR[AMANDINE":""},"ContactsParType":{"IWEB":{"3272":{"id_contact":"3272","type_contact":"IWEB","categorie_contact":"PRESTATION","societe_contact":"","fonction_contact":"","civilite_nom_prenom_contact":"Galerie \u00c0 Contre Courant  ","adresse1_contact":"5 quai Boulay Paty","adresse2_contact":"","adresse3_contact":"","cpostal_contact":"44560","ville_contact":"PAIMBOEUF","teldom_contact":"","telbur_contact":"","fax_contact":"","portable_contact":"","email_contact":"ot.paimboeuf@tourisme-saint-brevin.fr","siteweb_contact":"","commentaire_contact":"","langue_contact":"","autre_moyen_com":[]}}},"ContactRemplaceCoordonnees":"3272","Prestataire":{"pave1":{"libelle":"Descriptif","contenu":"Galerie d&#39;art associative sur les quais de Paimboeuf"},"pave2":{"libelle":"","contenu":""},"pave3":{"libelle":"","contenu":""},"pave4":{"libelle":"","contenu":""},"pave5":{"libelle":"","contenu":""},"pave6":{"libelle":"","contenu":""},"pave7":{"libelle":"","contenu":""},"pave8":{"libelle":"","contenu":""},"pave9":{"libelle":"","contenu":""},"pave10":{"libelle":"","contenu":""},"pave11":{"libelle":"","contenu":""},"pave12":{"libelle":"","contenu":""},"pave13":{"libelle":"","contenu":""},"pave14":{"libelle":"","contenu":""},"pave15":{"libelle":"","contenu":""},"pave16":{"libelle":"","contenu":""},"pave17":{"libelle":"","contenu":""},"pave18":{"libelle":"","contenu":""},"pave19":{"libelle":"","contenu":""},"pave20":{"libelle":"","contenu":""},"pave21":{"libelle":"","contenu":""},"pave22":{"libelle":"","contenu":""},"pave23":{"libelle":"","contenu":""},"pave24":{"libelle":"","contenu":""},"pave25":{"libelle":"","contenu":""},"ContactsParType":{"ASS":{"2559":{"id_contact":"2559","type_contact":"ASS","categorie_contact":"PRESTATAIRE","societe_contact":"","fonction_contact":"","civilite_nom_prenom_contact":"M N\u00e9nard Herv\u00e9 ","adresse1_contact":"","adresse2_contact":"","adresse3_contact":"","cpostal_contact":"","ville_contact":"","teldom_contact":"","telbur_contact":"","fax_contact":"","portable_contact":"06 71 49 44 68","email_contact":"","siteweb_contact":"","commentaire_contact":"","langue_contact":"","autre_moyen_com":[]}}},"Libelle":"Galerie \u00c0 Contre Courant","Nom":"Galerie \u00c0 Contre Courant ","Prenom":"","NomPrenom":"Galerie \u00c0 Contre Courant  ","CiviliteNomPrenom":"Galerie \u00c0 Contre Courant  ","Cle":"Y|ACONTRECOURANT","PrestataireParent":"","ContexteStat":"PRESTATAIRE-Y-ACONTRECOURANT","DateModificationIso":"2025-10-21T16:32:00+02:00","Type":"PRESTATAIRE","TypePrestataire":"Y","Adresse":{"LigneAdresse1":"5 quai Boulay Paty","LigneAdresse2":"","LigneAdresse3":"","CodePostal":"44560","Ville":"PAIMBOEUF","Cedex":"","Etat":"","Pays":"FRA"},"Email":"ot.paimboeuf@tourisme-saint-brevin.fr","Telephone":"","TelephoneBureau":"","Portable":"","SiteWeb":"","Fax":"","Id":"y-acontrecourant","Code":"Y|ACONTRECOURANT","Fichier":{"Image":[{"url":"https:\/\/www.saint-brevin.com\/medias\/images\/prestataires\/brushes-gb051bfdeb-1920-7134.jpg","chemin":"..\/medias\/images\/prestataires\/brushes-gb051bfdeb-1920-7134.jpg","libelle":"brushes-gb051bfdeb-1920-7134","extension":"jpg","categorie":"","largeur":1920,"theme":"","hauteur":1281,"type":"Image","origine":"","liaisonPave":"","langue":"","id":"7134","urlVignette":"https:\/\/www.saint-brevin.com\/medias\/images\/prestataires\/v-brushes-gb051bfdeb-1920-7134.jpg","alt":"brushes-gb051bfdeb-1920-7134","title":"brushes-gb051bfdeb-1920-7134","MultiTaille":{"1920x1440":{"url":"https:\/\/www.saint-brevin.com\/medias\/images\/prestataires\/multitailles\/1920x1440_brushes-gb051bfdeb-1920-7134.jpg"},"1200x900":{"url":"https:\/\/www.saint-brevin.com\/medias\/images\/prestataires\/multitailles\/1200x900_brushes-gb051bfdeb-1920-7134.jpg"},"800x600":{"url":"https:\/\/www.saint-brevin.com\/medias\/images\/prestataires\/multitailles\/800x600_brushes-gb051bfdeb-1920-7134.jpg"},"640x480":{"url":"https:\/\/www.saint-brevin.com\/medias\/images\/prestataires\/multitailles\/640x480_brushes-gb051bfdeb-1920-7134.jpg"},"320x240":{"url":"https:\/\/www.saint-brevin.com\/medias\/images\/prestataires\/multitailles\/320x240_brushes-gb051bfdeb-1920-7134.jpg"},"160x120":{"url":"https:\/\/www.saint-brevin.com\/medias\/images\/prestataires\/multitailles\/160x120_brushes-gb051bfdeb-1920-7134.jpg"},"origine":{"url":"https:\/\/www.saint-brevin.com\/medias\/images\/prestataires\/brushes-gb051bfdeb-1920-7134.jpg"}},"urlLien":"","typeLien":"","nofollow":"N","copyright":""}],"ByCategorie":{"":[{"url":"https:\/\/www.saint-brevin.com\/medias\/images\/prestataires\/brushes-gb051bfdeb-1920-7134.jpg","chemin":"..\/medias\/images\/prestataires\/brushes-gb051bfdeb-1920-7134.jpg","libelle":"brushes-gb051bfdeb-1920-7134","extension":"jpg","categorie":"","largeur":1920,"theme":"","hauteur":1281,"type":"Image","origine":"","liaisonPave":"","langue":"","id":"7134","urlVignette":"https:\/\/www.saint-brevin.com\/medias\/images\/prestataires\/v-brushes-gb051bfdeb-1920-7134.jpg","alt":"brushes-gb051bfdeb-1920-7134","title":"brushes-gb051bfdeb-1920-7134","MultiTaille":{"1920x1440":{"url":"https:\/\/www.saint-brevin.com\/medias\/images\/prestataires\/multitailles\/1920x1440_brushes-gb051bfdeb-1920-7134.jpg"},"1200x900":{"url":"https:\/\/www.saint-brevin.com\/medias\/images\/prestataires\/multitailles\/1200x900_brushes-gb051bfdeb-1920-7134.jpg"},"800x600":{"url":"https:\/\/www.saint-brevin.com\/medias\/images\/prestataires\/multitailles\/800x600_brushes-gb051bfdeb-1920-7134.jpg"},"640x480":{"url":"https:\/\/www.saint-brevin.com\/medias\/images\/prestataires\/multitailles\/640x480_brushes-gb051bfdeb-1920-7134.jpg"},"320x240":{"url":"https:\/\/www.saint-brevin.com\/medias\/images\/prestataires\/multitailles\/320x240_brushes-gb051bfdeb-1920-7134.jpg"},"160x120":{"url":"https:\/\/www.saint-brevin.com\/medias\/images\/prestataires\/multitailles\/160x120_brushes-gb051bfdeb-1920-7134.jpg"},"origine":{"url":"https:\/\/www.saint-brevin.com\/medias\/images\/prestataires\/brushes-gb051bfdeb-1920-7134.jpg"}},"urlLien":"","typeLien":"","nofollow":"N","copyright":""}]}},"Url":"","Localisation":{"GoogleMap":{"Latitude":"47.28981","Longitude":"-2.03020"}},"ZoneGeo":"","Criteres":[],"DateFinPublication":""},"Fichier":{"Image":[{"url":"https:\/\/www.saint-brevin.com\/medias\/images\/prestations\/capture-d-cran-2025-02-20-100414-26154.jpg","chemin":"..\/medias\/images\/prestations\/capture-d-cran-2025-02-20-100414-26154.jpg","libelle":"capture-d-cran-2025-02-20-100414-26154","extension":"jpg","categorie":"","largeur":290,"theme":"","hauteur":208,"type":"Image","origine":"","liaisonPave":"","langue":"","id":"26154","urlVignette":"https:\/\/www.saint-brevin.com\/medias\/images\/prestations\/v-capture-d-cran-2025-02-20-100414-26154.jpg","alt":"capture-d-cran-2025-02-20-100414-26154","title":"capture-d-cran-2025-02-20-100414-26154","MultiTaille":{"1920x1440":{"url":"https:\/\/www.saint-brevin.com\/medias\/images\/prestations\/multitailles\/1920x1440_capture-d-cran-2025-02-20-100414-26154.jpg"},"1200x900":{"url":"https:\/\/www.saint-brevin.com\/medias\/images\/prestations\/multitailles\/1200x900_capture-d-cran-2025-02-20-100414-26154.jpg"},"800x600":{"url":"https:\/\/www.saint-brevin.com\/medias\/images\/prestations\/multitailles\/800x600_capture-d-cran-2025-02-20-100414-26154.jpg"},"640x480":{"url":"https:\/\/www.saint-brevin.com\/medias\/images\/prestations\/multitailles\/640x480_capture-d-cran-2025-02-20-100414-26154.jpg"},"320x240":{"url":"https:\/\/www.saint-brevin.com\/medias\/images\/prestations\/multitailles\/320x240_capture-d-cran-2025-02-20-100414-26154.jpg"},"160x120":{"url":"https:\/\/www.saint-brevin.com\/medias\/images\/prestations\/multitailles\/160x120_capture-d-cran-2025-02-20-100414-26154.jpg"},"origine":{"url":"https:\/\/www.saint-brevin.com\/medias\/images\/prestations\/capture-d-cran-2025-02-20-100414-26154.jpg"}},"urlLien":"","typeLien":"","nofollow":"N","copyright":""},{"url":"https:\/\/www.saint-brevin.com\/medias\/images\/prestations\/gacc-relecture-affiche-2025-g-rard-buros-26153.jpg","chemin":"..\/medias\/images\/prestations\/gacc-relecture-affiche-2025-g-rard-buros-26153.jpg","libelle":"gacc-relecture-affiche-2025-g-rard-buros-26153","extension":"jpg","categorie":"","largeur":300,"theme":"","hauteur":442,"type":"Image","origine":"","liaisonPave":"","langue":"","id":"26153","urlVignette":"https:\/\/www.saint-brevin.com\/medias\/images\/prestations\/v-gacc-relecture-affiche-2025-g-rard-buros-26153.jpg","alt":"gacc-relecture-affiche-2025-g-rard-buros-26153","title":"gacc-relecture-affiche-2025-g-rard-buros-26153","MultiTaille":{"1920x1440":{"url":"https:\/\/www.saint-brevin.com\/medias\/images\/prestations\/multitailles\/1920x1440_gacc-relecture-affiche-2025-g-rard-buros-26153.jpg"},"1200x900":{"url":"https:\/\/www.saint-brevin.com\/medias\/images\/prestations\/multitailles\/1200x900_gacc-relecture-affiche-2025-g-rard-buros-26153.jpg"},"800x600":{"url":"https:\/\/www.saint-brevin.com\/medias\/images\/prestations\/multitailles\/800x600_gacc-relecture-affiche-2025-g-rard-buros-26153.jpg"},"640x480":{"url":"https:\/\/www.saint-brevin.com\/medias\/images\/prestations\/multitailles\/640x480_gacc-relecture-affiche-2025-g-rard-buros-26153.jpg"},"320x240":{"url":"https:\/\/www.saint-brevin.com\/medias\/images\/prestations\/multitailles\/320x240_gacc-relecture-affiche-2025-g-rard-buros-26153.jpg"},"160x120":{"url":"https:\/\/www.saint-brevin.com\/medias\/images\/prestations\/multitailles\/160x120_gacc-relecture-affiche-2025-g-rard-buros-26153.jpg"},"origine":{"url":"https:\/\/www.saint-brevin.com\/medias\/images\/prestations\/gacc-relecture-affiche-2025-g-rard-buros-26153.jpg"}},"urlLien":"","typeLien":"","nofollow":"N","copyright":""}],"ByCategorie":{"":[{"url":"https:\/\/www.saint-brevin.com\/medias\/images\/prestations\/capture-d-cran-2025-02-20-100414-26154.jpg","chemin":"..\/medias\/images\/prestations\/capture-d-cran-2025-02-20-100414-26154.jpg","libelle":"capture-d-cran-2025-02-20-100414-26154","extension":"jpg","categorie":"","largeur":290,"theme":"","hauteur":208,"type":"Image","origine":"","liaisonPave":"","langue":"","id":"26154","urlVignette":"https:\/\/www.saint-brevin.com\/medias\/images\/prestations\/v-capture-d-cran-2025-02-20-100414-26154.jpg","alt":"capture-d-cran-2025-02-20-100414-26154","title":"capture-d-cran-2025-02-20-100414-26154","MultiTaille":{"1920x1440":{"url":"https:\/\/www.saint-brevin.com\/medias\/images\/prestations\/multitailles\/1920x1440_capture-d-cran-2025-02-20-100414-26154.jpg"},"1200x900":{"url":"https:\/\/www.saint-brevin.com\/medias\/images\/prestations\/multitailles\/1200x900_capture-d-cran-2025-02-20-100414-26154.jpg"},"800x600":{"url":"https:\/\/www.saint-brevin.com\/medias\/images\/prestations\/multitailles\/800x600_capture-d-cran-2025-02-20-100414-26154.jpg"},"640x480":{"url":"https:\/\/www.saint-brevin.com\/medias\/images\/prestations\/multitailles\/640x480_capture-d-cran-2025-02-20-100414-26154.jpg"},"320x240":{"url":"https:\/\/www.saint-brevin.com\/medias\/images\/prestations\/multitailles\/320x240_capture-d-cran-2025-02-20-100414-26154.jpg"},"160x120":{"url":"https:\/\/www.saint-brevin.com\/medias\/images\/prestations\/multitailles\/160x120_capture-d-cran-2025-02-20-100414-26154.jpg"},"origine":{"url":"https:\/\/www.saint-brevin.com\/medias\/images\/prestations\/capture-d-cran-2025-02-20-100414-26154.jpg"}},"urlLien":"","typeLien":"","nofollow":"N","copyright":""},{"url":"https:\/\/www.saint-brevin.com\/medias\/images\/prestations\/gacc-relecture-affiche-2025-g-rard-buros-26153.jpg","chemin":"..\/medias\/images\/prestations\/gacc-relecture-affiche-2025-g-rard-buros-26153.jpg","libelle":"gacc-relecture-affiche-2025-g-rard-buros-26153","extension":"jpg","categorie":"","largeur":300,"theme":"","hauteur":442,"type":"Image","origine":"","liaisonPave":"","langue":"","id":"26153","urlVignette":"https:\/\/www.saint-brevin.com\/medias\/images\/prestations\/v-gacc-relecture-affiche-2025-g-rard-buros-26153.jpg","alt":"gacc-relecture-affiche-2025-g-rard-buros-26153","title":"gacc-relecture-affiche-2025-g-rard-buros-26153","MultiTaille":{"1920x1440":{"url":"https:\/\/www.saint-brevin.com\/medias\/images\/prestations\/multitailles\/1920x1440_gacc-relecture-affiche-2025-g-rard-buros-26153.jpg"},"1200x900":{"url":"https:\/\/www.saint-brevin.com\/medias\/images\/prestations\/multitailles\/1200x900_gacc-relecture-affiche-2025-g-rard-buros-26153.jpg"},"800x600":{"url":"https:\/\/www.saint-brevin.com\/medias\/images\/prestations\/multitailles\/800x600_gacc-relecture-affiche-2025-g-rard-buros-26153.jpg"},"640x480":{"url":"https:\/\/www.saint-brevin.com\/medias\/images\/prestations\/multitailles\/640x480_gacc-relecture-affiche-2025-g-rard-buros-26153.jpg"},"320x240":{"url":"https:\/\/www.saint-brevin.com\/medias\/images\/prestations\/multitailles\/320x240_gacc-relecture-affiche-2025-g-rard-buros-26153.jpg"},"160x120":{"url":"https:\/\/www.saint-brevin.com\/medias\/images\/prestations\/multitailles\/160x120_gacc-relecture-affiche-2025-g-rard-buros-26153.jpg"},"origine":{"url":"https:\/\/www.saint-brevin.com\/medias\/images\/prestations\/gacc-relecture-affiche-2025-g-rard-buros-26153.jpg"}},"urlLien":"","typeLien":"","nofollow":"N","copyright":""}]}},"DateDebPublication":"","DateFinPublication":"20260930","PrixAPartirDe":"","PrixPour":"","FicheListeEnCours":"fiche_liste_agenda_prestation_v2017","ParametresModele":{"AfficherPhotos":"1","NbPhotosMax":6,"AfficherReserver":0,"AfficherContact":0,"AfficherSalle":1,"AfficherZoneGeo":0,"AfficherEnSavoirPlus":"1","AfficherUneSeuleOuverture":"1","AfficherContactCarte":1,"AfficherTarifsChaudAPartirDe":0,"AfficherTarifChaudSansRecherche":0,"AfficherLiensCarnetVoyage":"1","AfficherOuverture":"1","BlocCritereInfo":{"critere1":{"libelle":""},"critere2":{"libelle":""},"critere3":{"libelle":""},"critere4":{"libelle":""},"critere5":{"libelle":""},"critere6":{"libelle":""},"critere7":{"libelle":"","liste_critere":["COMMUNES|Y"]},"critere8":{"libelle":""},"critere9":{"libelle":""},"afficherpictoetpaslibelle":"1"},"CriteresComportementResa":"|RESABILLET[RESAENLIGNE|","PositionBloc":"GALLERIE|NOM|OUVERTURES|CARNET_VOYAGE|URL|LIEN_RESERVER_DETAIL","TypePrestataire":"Y","ComportementResa":false,"ComportementDispo":false},"AffichageCoordonnees":[],"Coordonnees":{"Ville":"PAIMBOEUF"},"ContexteId":"PRESTATION|Y|ACONTRECOURANT|EXPOSITIONSDEPHOTOSPEINTUR","ContexteIdHtml":"PRESTATION-Y-ACONTRECOURANT-EXPOSITIONSDEPHOTOSPEINTUR","cleContexte":"Y|ACONTRECOURANT|EXPOSITIONSDEPHOTOSPEINTUR","Bloc":{"texte1":"","texte3":"","critere1":{"libelle":"","contenu":[]},"critere2":{"libelle":"","contenu":[]},"critere3":{"libelle":"","contenu":[]},"critere4":{"libelle":"","contenu":[]},"critere5":{"libelle":"","contenu":[]},"critere6":{"libelle":"","contenu":[]},"critere7":{"libelle":"","contenu":[]},"critere8":{"libelle":"","contenu":[]},"critere9":{"libelle":"","contenu":[]}},"LocalisationGps":{"Latitude":"47.28983","Longitude":"-2.03015"},"libelleDuPrestataire":"","vuePrestataire":{"pave1":{"libelle":"Descriptif","contenu":"Galerie d&#39;art associative sur les quais de Paimboeuf"},"pave2":{"libelle":"","contenu":""},"pave3":{"libelle":"","contenu":""},"pave4":{"libelle":"","contenu":""},"pave5":{"libelle":"","contenu":""},"pave6":{"libelle":"","contenu":""},"pave7":{"libelle":"","contenu":""},"pave8":{"libelle":"","contenu":""},"pave9":{"libelle":"","contenu":""},"pave10":{"libelle":"","contenu":""},"pave11":{"libelle":"","contenu":""},"pave12":{"libelle":"","contenu":""},"pave13":{"libelle":"","contenu":""},"pave14":{"libelle":"","contenu":""},"pave15":{"libelle":"","contenu":""},"pave16":{"libelle":"","contenu":""},"pave17":{"libelle":"","contenu":""},"pave18":{"libelle":"","contenu":""},"pave19":{"libelle":"","contenu":""},"pave20":{"libelle":"","contenu":""},"pave21":{"libelle":"","contenu":""},"pave22":{"libelle":"","contenu":""},"pave23":{"libelle":"","contenu":""},"pave24":{"libelle":"","contenu":""},"pave25":{"libelle":"","contenu":""},"ContactsParType":{"ASS":{"2559":{"id_contact":"2559","type_contact":"ASS","categorie_contact":"PRESTATAIRE","societe_contact":"","fonction_contact":"","civilite_nom_prenom_contact":"M N\u00e9nard Herv\u00e9 ","adresse1_contact":"","adresse2_contact":"","adresse3_contact":"","cpostal_contact":"","ville_contact":"","teldom_contact":"","telbur_contact":"","fax_contact":"","portable_contact":"06 71 49 44 68","email_contact":"","siteweb_contact":"","commentaire_contact":"","langue_contact":"","autre_moyen_com":[]}}},"Libelle":"Galerie \u00c0 Contre Courant","Nom":"Galerie \u00c0 Contre Courant ","Prenom":"","NomPrenom":"Galerie \u00c0 Contre Courant  ","CiviliteNomPrenom":"Galerie \u00c0 Contre Courant  ","Cle":"Y|ACONTRECOURANT","PrestataireParent":"","ContexteStat":"PRESTATAIRE-Y-ACONTRECOURANT","DateModificationIso":"2025-10-21T16:32:00+02:00","Type":"PRESTATAIRE","TypePrestataire":"Y","Adresse":{"LigneAdresse1":"5 quai Boulay Paty","LigneAdresse2":"","LigneAdresse3":"","CodePostal":"44560","Ville":"PAIMBOEUF","Cedex":"","Etat":"","Pays":"FRA"},"Email":"ot.paimboeuf@tourisme-saint-brevin.fr","Telephone":"","TelephoneBureau":"","Portable":"","SiteWeb":"","Fax":"","Id":"y-acontrecourant","Code":"Y|ACONTRECOURANT","Fichier":{"Image":[{"url":"https:\/\/www.saint-brevin.com\/medias\/images\/prestataires\/brushes-gb051bfdeb-1920-7134.jpg","chemin":"..\/medias\/images\/prestataires\/brushes-gb051bfdeb-1920-7134.jpg","libelle":"brushes-gb051bfdeb-1920-7134","extension":"jpg","categorie":"","largeur":1920,"theme":"","hauteur":1281,"type":"Image","origine":"","liaisonPave":"","langue":"","id":"7134","urlVignette":"https:\/\/www.saint-brevin.com\/medias\/images\/prestataires\/v-brushes-gb051bfdeb-1920-7134.jpg","alt":"brushes-gb051bfdeb-1920-7134","title":"brushes-gb051bfdeb-1920-7134","MultiTaille":{"1920x1440":{"url":"https:\/\/www.saint-brevin.com\/medias\/images\/prestataires\/multitailles\/1920x1440_brushes-gb051bfdeb-1920-7134.jpg"},"1200x900":{"url":"https:\/\/www.saint-brevin.com\/medias\/images\/prestataires\/multitailles\/1200x900_brushes-gb051bfdeb-1920-7134.jpg"},"800x600":{"url":"https:\/\/www.saint-brevin.com\/medias\/images\/prestataires\/multitailles\/800x600_brushes-gb051bfdeb-1920-7134.jpg"},"640x480":{"url":"https:\/\/www.saint-brevin.com\/medias\/images\/prestataires\/multitailles\/640x480_brushes-gb051bfdeb-1920-7134.jpg"},"320x240":{"url":"https:\/\/www.saint-brevin.com\/medias\/images\/prestataires\/multitailles\/320x240_brushes-gb051bfdeb-1920-7134.jpg"},"160x120":{"url":"https:\/\/www.saint-brevin.com\/medias\/images\/prestataires\/multitailles\/160x120_brushes-gb051bfdeb-1920-7134.jpg"},"origine":{"url":"https:\/\/www.saint-brevin.com\/medias\/images\/prestataires\/brushes-gb051bfdeb-1920-7134.jpg"}},"urlLien":"","typeLien":"","nofollow":"N","copyright":""}],"ByCategorie":{"":[{"url":"https:\/\/www.saint-brevin.com\/medias\/images\/prestataires\/brushes-gb051bfdeb-1920-7134.jpg","chemin":"..\/medias\/images\/prestataires\/brushes-gb051bfdeb-1920-7134.jpg","libelle":"brushes-gb051bfdeb-1920-7134","extension":"jpg","categorie":"","largeur":1920,"theme":"","hauteur":1281,"type":"Image","origine":"","liaisonPave":"","langue":"","id":"7134","urlVignette":"https:\/\/www.saint-brevin.com\/medias\/images\/prestataires\/v-brushes-gb051bfdeb-1920-7134.jpg","alt":"brushes-gb051bfdeb-1920-7134","title":"brushes-gb051bfdeb-1920-7134","MultiTaille":{"1920x1440":{"url":"https:\/\/www.saint-brevin.com\/medias\/images\/prestataires\/multitailles\/1920x1440_brushes-gb051bfdeb-1920-7134.jpg"},"1200x900":{"url":"https:\/\/www.saint-brevin.com\/medias\/images\/prestataires\/multitailles\/1200x900_brushes-gb051bfdeb-1920-7134.jpg"},"800x600":{"url":"https:\/\/www.saint-brevin.com\/medias\/images\/prestataires\/multitailles\/800x600_brushes-gb051bfdeb-1920-7134.jpg"},"640x480":{"url":"https:\/\/www.saint-brevin.com\/medias\/images\/prestataires\/multitailles\/640x480_brushes-gb051bfdeb-1920-7134.jpg"},"320x240":{"url":"https:\/\/www.saint-brevin.com\/medias\/images\/prestataires\/multitailles\/320x240_brushes-gb051bfdeb-1920-7134.jpg"},"160x120":{"url":"https:\/\/www.saint-brevin.com\/medias\/images\/prestataires\/multitailles\/160x120_brushes-gb051bfdeb-1920-7134.jpg"},"origine":{"url":"https:\/\/www.saint-brevin.com\/medias\/images\/prestataires\/brushes-gb051bfdeb-1920-7134.jpg"}},"urlLien":"","typeLien":"","nofollow":"N","copyright":""}]}},"Url":"","Localisation":{"GoogleMap":{"Latitude":"47.28981","Longitude":"-2.03020"}},"ZoneGeo":"","Criteres":[],"DateFinPublication":"","AffichageCoordonnees":[]},"listeCriteres":{"LIEUMANIF":{"PAIMBOEUF":""},"CATEGORIEANIMATION":{"EXPO":""},"DETAILEXPO":{"DESSIN":"","PEINTURE":"","PHOTOGRAPHIES":"","SCULPTURE":""},"DETAILDESVISITES":{"VISITELIBRE":""},"ICA":{"ICATP":""},"MISEAJOURINGENIE":{"DATEDERNIEREMAJ":"20260416"},"MISEAJOURPAR":{"AMANDINE":""}},"dansCarnetVoyage":true,"Ouverture":["\u003Cp class=\"date\" \u003EDu vendredi 17 avril au dimanche 13 septembre 2026\u003C\/p\u003E\u003Cp class=\"nature\" \u003EVendredi, samedi, dimanche, jours f\u00e9ri\u00e9s\u003C\/p\u003E\u003Cp class=\"heure\" \u003Ede 10:30 \u00e0 12:30 et de 14:00 \u00e0 18:00\u003C\/p\u003E"],"OuverturePasse":[],"OuvertureObjs":[{}],"OuvertureTab":[["20260417","20260913"]]},"html":" \n \u003Cdiv id=\"CV-PRESTATION-Y-ACONTRECOURANT-EXPOSITIONSDEPHOTOSPEINTUR\" data-contexte-id=\"PRESTATION|Y|ACONTRECOURANT|EXPOSITIONSDEPHOTOSPEINTUR\" data-cle=\"Y|ACONTRECOURANT|EXPOSITIONSDEPHOTOSPEINTUR\" class=\"fiche-liste\"\u003E\n    \n\n    \u003C!-- partie photo --\u003E\n    \u003Cdiv class=\"photo\"\u003E\t\t\t\t\t\t\t\t\t\t\t\t\t\t\t\t\t\t\t\t\t\n        \u003Cdiv class=\"cadre_photo_principale\"\u003E\t\t\n        \n            \t\t\t\t\t\n                    \u003Ca href=\"expositions-de-photos-peintures-sculptures-dessins.html?origine=carnet#media\"\u003E\n                        \u003Cimg class=\"photo_principale\" alt=\"capture-d-cran-2025-02-20-100414-26154\" src=\"https:\/\/www.saint-brevin.com\/medias\/images\/prestations\/multitailles\/320x240_capture-d-cran-2025-02-20-100414-26154.jpg\" itemprop=\"image\"\u003E\n                    \u003C\/a\u003E\t\t\t\t\t\t\n                \n                    \u003C\/div\u003E\t\t\t\t\t\t\t\t\t\t\t\t\t\t\t\t\t\t\t \t\t\n    \u003C\/div\u003E\n    \n    \u003C!-- partie nom prest --\u003E\n    \u003Cdiv class=\"nom\"\u003E\n        \u003Ch2\u003EExpositions de Photos, Peintures, Sculptures, Dessins\u003C\/h2\u003E\n        \n            \u003C\/div\u003E\n\n     \u003Cul style=\"display: none\" class=\"ouverture_list\"\u003E\u003Cli class=\"ouverture_item\"\u003E\u003Cp class=\"date\" \u003EDu vendredi 17 avril au dimanche 13 septembre 2026\u003C\/p\u003E\u003Cp class=\"nature\" \u003EVendredi, samedi, dimanche, jours f\u00e9ri\u00e9s\u003C\/p\u003E\u003Cp class=\"heure\" \u003Ede 10:30 \u00e0 12:30 et de 14:00 \u00e0 18:00\u003C\/p\u003E\u003C\/li\u003E\u003C\/ul\u003E    \n    \u003C!-- partie adresse --\u003E\n    \u003Cdiv class=\"adresse\"\u003E\n    \n          \n    \u003C\/div\u003E\n    \n    \u003C!-- partie liens --\u003E\n    \u003Cdiv class=\"liens\"\u003E\n            \u003Ca class=\"btn-icon btn-view \" title=\"Voir la fiche d\u00e9taill\u00e9e\" href=\"expositions-de-photos-peintures-sculptures-dessins.html?origine=carnet\"\u003E\u003C\/a\u003E\u003C!--\u003Ca class=\"btn-icon btn-view \" title=\"\" href=\"?origine=carnet#thaut\"\u003E\u003C\/a\u003E--\u003E\n      \u003Ca class=\"btn-icon btn-trash carnet_voyage_supprimer\" title=\"Supprimer cette fiche de mon carnet de voyage\" href=\"carnet-voyage?action=remove&fiche=Y|ACONTRECOURANT|EXPOSITIONSDEPHOTOSPEINTUR\"\u003E\u003C\/a\u003E\n    \u003C\/div\u003E\n\n\u003C\/div\u003E\n\n","icon":"https:\/\/static.ingenie.fr\/images\/carnetVoyageV3\/Y.png"},"fiche":"Y|ACONTRECOURANT|EXPOSITIONSDEPHOTOSPEINTUR","popup":"\u003Cdiv id=\"bloc_popup_ajout_fiche_carnet\"\u003E\n    \u003Cdiv class=\"info_popup_ajout_fiche_carnet\"\u003E\n        Vous venez d'ajouter cet \u00e9l\u00e9ment \u00e0 votre carnet de voyage :    \u003C\/div\u003E\n    \u003Cdiv class=\"prest_popup_ajout_fiche_carnet\"\u003E\n        Expositions de Photos, Peintures, Sculptures, Dessins    \u003C\/div\u003E\n    \u003Cdiv class=\"bloc_btn_ajout_fiche_carnet form_submit_div\"\u003E\n        \u003Cinput type=\"button\" value=\"Continuer ma s\u00e9lection\" title=\"Continuer ma s\u00e9lection\" name=\"btn_close\" class=\"btn_close_popup_carnet form_submit\" onclick=\"$.colorbox.close()\" \/\u003E\n        \u003Cinput type=\"button\" value=\"Voir mon carnet de voyage\" title=\"Voir mon carnet\" name=\"btn_panier\" class=\"btn_panier_popup_carnet form_submit\" onclick=\"if(typeof CarnetVoyage != 'undefined') {CarnetVoyage.voirCarnet();}\" \/\u003E\n    \u003C\/div\u003E\n    \u003Cdiv class=\"bloc_btn_ajout_fiche_carnet\"\u003E\n        \u003Cinput type=\"checkbox\" value=\"1\" name=\"desactiver_popup\" id=\"desactiver_popup\" \/\u003E\n        \u003Clabel for=\"desactiver_popup\"\u003ENe plus afficher ce message\u003C\/label\u003E\n    \u003C\/div\u003E\n\u003C\/div\u003E","success":1}