{"nbFiches":1,"dataPrest":{"infoPrest":{"pave1":{"libelle":"Slogan","contenu":"","fichiers":[]},"pave2":{"libelle":"Descriptif","contenu":"Dans le cadre de la semaine de l&#39;adaptation au climat, la Communaut&eacute; de communes Sud Estuaire offre une programmation vari&eacute;e en lien avec l&#39;environnement du 10 au 18 octobre 2026.\u003Cbr \/\u003E\r\n\u003Cbr \/\u003E\r\nAu programme :\u003Cbr \/\u003E\r\n\u003Cbr \/\u003E\r\n\u003Cstrong\u003ESamedi 10 octobre &bull; 20h-22h&nbsp;\u003C\/strong\u003E\u003Cbr \/\u003E\r\nCONF&Eacute;RENCE&nbsp;\u003Cbr \/\u003E\r\nEt si nous pouvions cultiver l&rsquo;eau ?&nbsp;\u003Cbr \/\u003E\r\n&laquo; Cultiver l&rsquo;eau &raquo; pour faire face aux s&eacute;cheresses et aux fortes pluies ?&nbsp;\u003Cbr \/\u003E\r\nCette conf&eacute;rence-d&eacute;bat avec Samuel Bonvoisin, ing&eacute;nieur agronome et hydrologue, pr&eacute;sente des exemples concrets pour restaurer les cycles naturels de l&rsquo;eau.&nbsp;\u003Cbr \/\u003E\r\n\u003Cstrong\u003EPAIMB&OElig;UF Salle polyvalente Jean Cutullic, 33 bd Dumesnildot&nbsp;\u003C\/strong\u003E\u003Cbr \/\u003E\r\nGratuit &bull; Ouvert &agrave; tous &bull; Dans la limite des places disponibles\u003Cbr \/\u003E\r\n\u003Cbr \/\u003E\r\n\u003Cstrong\u003EMardi 13 octobre &bull; Horaires du march&eacute;\u003C\/strong\u003E\u003Cbr \/\u003E\r\nSTAND-MARCH&Eacute;&nbsp;\u003Cbr \/\u003E\r\nImaginez le territoire de demain&nbsp;\u003Cbr \/\u003E\r\nRendez-vous sur le stand de la Communaut&eacute; de Communes Sud Estuaire pour d&eacute;couvrir les actions men&eacute;es pour le climat, l&rsquo;&eacute;nergie et la qualit&eacute; de l&rsquo;air, et &eacute;changer sur l&rsquo;adaptation du territoire aux s&eacute;cheresses, canicules et inondations.&nbsp;\u003Cbr \/\u003E\r\n\u003Cstrong\u003ESAINT-VIAUD March&eacute;, route de Saint-P&egrave;re, P&ocirc;le commercial&nbsp;\u003C\/strong\u003E\u003Cbr \/\u003E\r\nGratuit &bull; Ouvert &agrave; tous &bull; Dans la limite des places disponibles\u003Cbr \/\u003E\r\n\u003Cbr \/\u003E\r\n\u003Cbr \/\u003E\r\n\u003Cstrong\u003EDu mercredi 14 au vendredi 16 octobre\u003C\/strong\u003E Dur&eacute;e : 1h &bull; Cr&eacute;neaux horaires : 15h \/ 16h \/ 17h&nbsp;\u003Cbr \/\u003E\r\nESCAPE GAME&nbsp;\u003Cbr \/\u003E\r\nMission CO2&nbsp;\u003Cbr \/\u003E\r\nInondations, temp&ecirc;tes, p&eacute;nuries alimentaires&hellip;&nbsp;\u003Cbr \/\u003E\r\nRelevez un jeu d&rsquo;&eacute;nigmes de 30 min pour comprendre les impacts du changement climatique et d&eacute;couvrir les solutions permettant de limiter les &eacute;missions de gaz &agrave; effet de serre.&nbsp;\u003Cbr \/\u003E\r\n\u003Cstrong\u003ESAINT-BREVIN-LES-PINS Salle des Dunes, 17 avenue Jules Verne\u003C\/strong\u003E\u003Cbr \/\u003E\r\nGratuit &bull; \u003Ca href=\"https:\/\/www.billetweb.fr\/pro\/envi-ccse\" target=\"_blank\"\u003ER&eacute;servation sur Billetweb\u003C\/a\u003E\u003Cbr \/\u003E\r\n\u003Cbr \/\u003E\r\n\u003Cbr \/\u003E\r\n\u003Cstrong\u003EJeudi 15 octobre &bull; 17h45-18h45\u003C\/strong\u003E\u003Cbr \/\u003E\r\nVISITE&nbsp;\u003Cbr \/\u003E\r\nAssainissement et climat : anticiper les risques, renforcer la r&eacute;silience&nbsp;\u003Cbr \/\u003E\r\nD&eacute;couvrez le parcours de l&rsquo;eau us&eacute;e, de son arriv&eacute;e en station jusqu&rsquo;&agrave; son retour au milieu naturel apr&egrave;s traitement. Une visite pour comprendre les &eacute;quipements, les m&eacute;tiers et les d&eacute;fis li&eacute;s aux s&eacute;cheresses et fortes pluies.&nbsp;\u003Cbr \/\u003E\r\n\u003Cstrong\u003ESAINT-P&Egrave;RE-EN-RETZ Station d&rsquo;&eacute;puration\u003C\/strong\u003E, Coordonn&eacute;es GPS : 47&deg;16&rsquo;35.8&raquo;N 2&deg;02&rsquo;00.8&raquo;W&nbsp;\u003Cbr \/\u003E\r\nGratuit &bull; \u003Ca href=\"https:\/\/www.billetweb.fr\/pro\/envi-ccse\" target=\"_blank\"\u003ER&eacute;servation sur Billetweb\u003C\/a\u003E\u003Cbr \/\u003E\r\n\u003Cbr \/\u003E\r\n\u003Cbr \/\u003E\r\n\u003Cstrong\u003EJeudi 15 octobre &bull; Horaires du march&eacute;&nbsp;\u003C\/strong\u003E\u003Cbr \/\u003E\r\nSTAND-MARCH&Eacute;&nbsp;\u003Cbr \/\u003E\r\nImaginez le territoire de demain&nbsp;\u003Cbr \/\u003E\r\nRendez-vous sur le stand de la Communaut&eacute; de Communes Sud Estuaire pour d&eacute;couvrir les actions men&eacute;es pour le climat, l&rsquo;&eacute;nergie et la qualit&eacute; de l&rsquo;air, et &eacute;changer sur l&rsquo;adaptation du territoire aux s&eacute;cheresses, canicules et inondations.&nbsp;\u003Cbr \/\u003E\r\n\u003Cstrong\u003EFROSSAY March&eacute;, place de l&rsquo;&Eacute;glise&nbsp;\u003C\/strong\u003E\u003Cbr \/\u003E\r\nGratuit &bull; Ouvert &agrave; tous &bull; Dans la limite des places disponibles\u003Cbr \/\u003E\r\n\u003Cbr \/\u003E\r\n\u003Cbr \/\u003E\r\n\u003Cstrong\u003EJeudi 15 octobre Grand public : 11h-12h ou 18h-19h Agents des collectivit&eacute;s : sur le temps du midi&nbsp;\u003C\/strong\u003E\u003Cbr \/\u003E\r\nATELIER&nbsp;\u003Cbr \/\u003E\r\nLes chemins de l&rsquo;eau&nbsp;\u003Cbr \/\u003E\r\nVenez tester la maquette du cycle de l&rsquo;eau lors d&rsquo;un atelier ludique et participatif d&rsquo;1h ! Manipulez, exp&eacute;rimentez et d&eacute;couvrez comment l&rsquo;eau circule sur notre territoire et les impacts du changement climatique sur ce cycle de l&rsquo;eau.&nbsp;\u003Cbr \/\u003E\r\n\u003Cstrong\u003ESAINT-BREVIN-LES-PINS Salle des Dunes, 17 avenue Jules Verne&nbsp;\u003C\/strong\u003E\u003Cbr \/\u003E\r\nGratuit &bull; Ouvert &agrave; tous &bull; Dans la limite des places disponibles\u003Cbr \/\u003E\r\n\u003Cbr \/\u003E\r\n\u003Cbr \/\u003E\r\n\u003Cstrong\u003EVendredi 16 octobre &bull; 18h-19h30&nbsp;\u003C\/strong\u003E\u003Cbr \/\u003E\r\nATELIER&nbsp;\u003Cbr \/\u003E\r\nImaginez le territoire de demain&nbsp;\u003Cbr \/\u003E\r\nParticipez &agrave; un atelier de 1h30 pour co-construire le Plan Climat-Air-&Eacute;nergie Territorial (PCAET) &agrave; l&rsquo;horizon 2050, un projet qui int&egrave;gre l&rsquo;adaptation au changement climatique pour mieux faire face aux canicules, inondations et autres impacts.&nbsp;\u003Cbr \/\u003E\r\n\u003Cstrong\u003ESAINT-BREVIN-LES-PINS Espace Boby Lapointe, 108 avenue Mar&eacute;chal Joffre&nbsp;\u003C\/strong\u003E\u003Cbr \/\u003E\r\nGratuit &bull; \u003Ca href=\"https:\/\/www.billetweb.fr\/pro\/envi-ccse\" target=\"_blank\"\u003ER&eacute;servation sur Billetweb\u003C\/a\u003E\u003Cbr \/\u003E\r\n\u003Cbr \/\u003E\r\n\u003Cbr \/\u003E\r\n\u003Cstrong\u003ESamedi 17 octobre &bull; 10h-12h&nbsp;\u003C\/strong\u003E\u003Cbr \/\u003E\r\nBALADE V&Eacute;LO COMMENT&Eacute;E&nbsp;\u003Cbr \/\u003E\r\nQuand la mer et l&rsquo;estuaire montent&nbsp;\u003Cbr \/\u003E\r\nDe Paimb&oelig;uf ou Saint-Brevin-les-Pins &agrave; Corsept, cette balade &agrave; v&eacute;lo invite &agrave; d&eacute;couvrir le projet Adapto Estuaire Corsept engag&eacute; depuis 2023 pour imaginer les futurs possibles de l&rsquo;estuaire (&eacute;volution des digues ? quelle r&eacute;silience du territoire ?)&nbsp;\u003Cbr \/\u003E\r\n\u003Cstrong\u003ECORSEPT D&eacute;part Paimboeuf:&nbsp; 3 chemin de l&rsquo;estuaire&nbsp;\u003Cbr \/\u003E\r\nD&eacute;part Saint-Brevin-les-Pins : Pl. Bougainville&nbsp;\u003C\/strong\u003E\u003Cbr \/\u003E\r\nGratuit &bull; \u003Ca href=\"https:\/\/www.billetweb.fr\/pro\/envi-ccse\" target=\"_blank\"\u003ER&eacute;servation sur Billetweb\u003C\/a\u003E\u003Cbr \/\u003E\r\n\u003Cbr \/\u003E\r\n\u003Cbr \/\u003E\r\n\u003Cbr \/\u003E\r\nInscriptions sur \u003Ca href=\"https:\/\/www.billetweb.fr\/pro\/envi-ccse\" target=\"_blank\"\u003Ewww.billetweb.fr\/pro\/envi-ccse\u003C\/a\u003E\u003Cbr \/\u003E\r\nContact : Emmanuelle Dervaux Charg&eacute;e de mission PCAET&nbsp;Communaut&eacute; de Commune Sud Estuaire&nbsp; &nbsp; &nbsp;\u003Cbr \/\u003E\r\n&nbsp;\u003Ca href=\"mailto:e.dervaux@cc-sudestuaire.fr\"\u003Ee.dervaux@cc-sudestuaire.fr\u003C\/a\u003E&nbsp; 02 40 27 75 09","fichiers":[]},"pave3":{"libelle":"","contenu":""},"pave4":{"libelle":"","contenu":""},"pave5":{"libelle":"","contenu":""},"pave6":{"libelle":"","contenu":""},"pave7":{"libelle":"","contenu":""},"pave8":{"libelle":"","contenu":""},"pave9":{"libelle":"","contenu":""},"pave10":{"libelle":"","contenu":""},"pave11":{"libelle":"","contenu":""},"pave12":{"libelle":"","contenu":""},"pave13":{"libelle":"","contenu":""},"pave14":{"libelle":"","contenu":""},"pave15":{"libelle":"","contenu":""},"pave16":{"libelle":"","contenu":""},"pave17":{"libelle":"","contenu":""},"pave18":{"libelle":"","contenu":""},"pave19":{"libelle":"","contenu":""},"pave20":{"libelle":"","contenu":""},"pave21":{"libelle":"","contenu":""},"pave22":{"libelle":"","contenu":""},"pave23":{"libelle":"","contenu":""},"pave24":{"libelle":"","contenu":""},"pave25":{"libelle":"","contenu":""},"Libelle":"Semaine de l'adaptation au climat","Reference":"","Reftar":"","Type":"PRESTATION","TypePrestataire":"Y","ContexteStat":"PRESTATION-Y-A0013PDL044V5040K5-SEMAINEDELADAPTATIONAUCLI","DateModificationIso":"2026-09-01T17:01:00+02:00","Adresse":{"LigneAdresse1":"Communaut\u00e9 de Communes Sud Estuaire","LigneAdresse2":"","LigneAdresse3":"","CodePostal":"44250","Ville":"ST BREVIN LES PINS","Cedex":"","Etat":"","Pays":"FRA"},"Id":"y-a0013pdl044v5040k5-semainedeladaptationaucli","Code":"Y|A0013PDL044V5040K5|SEMAINEDELADAPTATIONAUCLI","Cle":"Y|A0013PDL044V5040K5|SEMAINEDELADAPTATIONAUCLI","Url":"semaine-de-l-adaptation-au-climat.html","Localisation":{"GoogleMap":{"Latitude":"","Longitude":""}},"ZoneGeo":"","Criteres":{"LIEUMANIF[SAINTBREVIN":"","LIEUMANIF[CORSEPT":"","LIEUMANIF[FROSSAY":"","LIEUMANIF[PAIMBOEUF":"","LIEUMANIF[SAINTPERE":"","LIEUMANIF[SAINTVIAUD":"","CATEGORIEANIMATION[ATELIER":"","CATEGORIEANIMATION[CONF":"","CATEGORIEANIMATION[VGUIDEE":"","ICA[ICATP":"","GANIMA[GANIMNON":"","MODEPAIEMENT[GRATUIT":"","YVEL[REWEB":"","TYPE[COMCOMSE":"","MISEAJOURINGENIE[DATEDERNIEREMAJ":"20260901","MISEAJOURPAR[ANNABELLE":""},"Prestataire":{"pave1":{"libelle":"Descriptif","contenu":""},"pave2":{"libelle":"","contenu":""},"pave3":{"libelle":"","contenu":""},"pave4":{"libelle":"","contenu":""},"pave5":{"libelle":"","contenu":""},"pave6":{"libelle":"","contenu":""},"pave7":{"libelle":"","contenu":""},"pave8":{"libelle":"","contenu":""},"pave9":{"libelle":"","contenu":""},"pave10":{"libelle":"","contenu":""},"pave11":{"libelle":"","contenu":""},"pave12":{"libelle":"","contenu":""},"pave13":{"libelle":"","contenu":""},"pave14":{"libelle":"","contenu":""},"pave15":{"libelle":"","contenu":""},"pave16":{"libelle":"","contenu":""},"pave17":{"libelle":"","contenu":""},"pave18":{"libelle":"","contenu":""},"pave19":{"libelle":"","contenu":""},"pave20":{"libelle":"","contenu":""},"pave21":{"libelle":"","contenu":""},"pave22":{"libelle":"","contenu":""},"pave23":{"libelle":"","contenu":""},"pave24":{"libelle":"","contenu":""},"pave25":{"libelle":"","contenu":""},"Libelle":"Communaut\u00e9 de Communes du Sud Estuaire","Nom":"Communaut\u00e9 de Communes du Sud Estuaire","Prenom":"","NomPrenom":"Communaut\u00e9 de Communes du Sud Estuaire ","CiviliteNomPrenom":"Communaut\u00e9 de Communes du Sud Estuaire ","Cle":"Y|A0013PDL044V5040K5","PrestataireParent":"","ContexteStat":"PRESTATAIRE-Y-A0013PDL044V5040K5","DateModificationIso":"2023-06-01T17:05:00+02:00","Type":"PRESTATAIRE","TypePrestataire":"Y","Adresse":{"LigneAdresse1":"6 boulevard Dumesnildot","LigneAdresse2":"","LigneAdresse3":"","CodePostal":"44560","Ville":"PAIMBOEUF","Cedex":"","Etat":"","Pays":"FRA"},"Email":"info@cc-sudestuaire.fr","Telephone":"0240277012","TelephoneBureau":"","Portable":"","SiteWeb":"http:\/\/www.cc-sudestuaire.fr","Fax":"","Id":"y-a0013pdl044v5040k5","Code":"Y|A0013PDL044V5040K5","Fichier":{"Image":[{"url":"https:\/\/www.saint-brevin.com\/medias\/images\/prestataires\/corsept-atelier-particuliers-8166.png","chemin":"..\/medias\/images\/prestataires\/corsept-atelier-particuliers-8166.png","libelle":"corsept-atelier-particuliers-8166","extension":"png","categorie":"","largeur":1414,"theme":"","hauteur":2000,"type":"Image","origine":"","liaisonPave":"","langue":"","id":"8166","urlVignette":"https:\/\/www.saint-brevin.com\/medias\/images\/prestataires\/v-corsept-atelier-particuliers-8166.png","alt":"corsept-atelier-particuliers-8166","title":"corsept-atelier-particuliers-8166","MultiTaille":{"1920x1440":{"url":"https:\/\/www.saint-brevin.com\/medias\/images\/prestataires\/multitailles\/1920x1440_corsept-atelier-particuliers-8166.png"},"1200x900":{"url":"https:\/\/www.saint-brevin.com\/medias\/images\/prestataires\/multitailles\/1200x900_corsept-atelier-particuliers-8166.png"},"800x600":{"url":"https:\/\/www.saint-brevin.com\/medias\/images\/prestataires\/multitailles\/800x600_corsept-atelier-particuliers-8166.png"},"640x480":{"url":"https:\/\/www.saint-brevin.com\/medias\/images\/prestataires\/multitailles\/640x480_corsept-atelier-particuliers-8166.png"},"320x240":{"url":"https:\/\/www.saint-brevin.com\/medias\/images\/prestataires\/multitailles\/320x240_corsept-atelier-particuliers-8166.png"},"160x120":{"url":"https:\/\/www.saint-brevin.com\/medias\/images\/prestataires\/multitailles\/160x120_corsept-atelier-particuliers-8166.png"},"origine":{"url":"https:\/\/www.saint-brevin.com\/medias\/images\/prestataires\/corsept-atelier-particuliers-8166.png"}},"urlLien":"","typeLien":"","nofollow":"N","copyright":""},{"url":"https:\/\/www.saint-brevin.com\/medias\/images\/prestataires\/766px-cc-sud-estuaire-svg-1552-2503.png","chemin":"..\/medias\/images\/prestataires\/766px-cc-sud-estuaire-svg-1552-2503.png","libelle":"766px-cc-sud-estuaire-svg-1552","extension":"png","categorie":"","largeur":766,"theme":"","hauteur":595,"type":"Image","origine":"","liaisonPave":"","langue":"","id":"2503","urlVignette":"https:\/\/www.saint-brevin.com\/medias\/images\/prestataires\/v-766px-cc-sud-estuaire-svg-1552-2503.png","alt":"766px-cc-sud-estuaire-svg-1552","title":"766px-cc-sud-estuaire-svg-1552","MultiTaille":{"1920x1440":{"url":"https:\/\/www.saint-brevin.com\/medias\/images\/prestataires\/multitailles\/1920x1440_766px-cc-sud-estuaire-svg-1552-2503.png"},"1200x900":{"url":"https:\/\/www.saint-brevin.com\/medias\/images\/prestataires\/multitailles\/1200x900_766px-cc-sud-estuaire-svg-1552-2503.png"},"800x600":{"url":"https:\/\/www.saint-brevin.com\/medias\/images\/prestataires\/multitailles\/800x600_766px-cc-sud-estuaire-svg-1552-2503.png"},"640x480":{"url":"https:\/\/www.saint-brevin.com\/medias\/images\/prestataires\/multitailles\/640x480_766px-cc-sud-estuaire-svg-1552-2503.png"},"320x240":{"url":"https:\/\/www.saint-brevin.com\/medias\/images\/prestataires\/multitailles\/320x240_766px-cc-sud-estuaire-svg-1552-2503.png"},"160x120":{"url":"https:\/\/www.saint-brevin.com\/medias\/images\/prestataires\/multitailles\/160x120_766px-cc-sud-estuaire-svg-1552-2503.png"},"origine":{"url":"https:\/\/www.saint-brevin.com\/medias\/images\/prestataires\/766px-cc-sud-estuaire-svg-1552-2503.png"}},"urlLien":"","typeLien":"|","nofollow":"N","copyright":""}],"ByCategorie":{"":[{"url":"https:\/\/www.saint-brevin.com\/medias\/images\/prestataires\/corsept-atelier-particuliers-8166.png","chemin":"..\/medias\/images\/prestataires\/corsept-atelier-particuliers-8166.png","libelle":"corsept-atelier-particuliers-8166","extension":"png","categorie":"","largeur":1414,"theme":"","hauteur":2000,"type":"Image","origine":"","liaisonPave":"","langue":"","id":"8166","urlVignette":"https:\/\/www.saint-brevin.com\/medias\/images\/prestataires\/v-corsept-atelier-particuliers-8166.png","alt":"corsept-atelier-particuliers-8166","title":"corsept-atelier-particuliers-8166","MultiTaille":{"1920x1440":{"url":"https:\/\/www.saint-brevin.com\/medias\/images\/prestataires\/multitailles\/1920x1440_corsept-atelier-particuliers-8166.png"},"1200x900":{"url":"https:\/\/www.saint-brevin.com\/medias\/images\/prestataires\/multitailles\/1200x900_corsept-atelier-particuliers-8166.png"},"800x600":{"url":"https:\/\/www.saint-brevin.com\/medias\/images\/prestataires\/multitailles\/800x600_corsept-atelier-particuliers-8166.png"},"640x480":{"url":"https:\/\/www.saint-brevin.com\/medias\/images\/prestataires\/multitailles\/640x480_corsept-atelier-particuliers-8166.png"},"320x240":{"url":"https:\/\/www.saint-brevin.com\/medias\/images\/prestataires\/multitailles\/320x240_corsept-atelier-particuliers-8166.png"},"160x120":{"url":"https:\/\/www.saint-brevin.com\/medias\/images\/prestataires\/multitailles\/160x120_corsept-atelier-particuliers-8166.png"},"origine":{"url":"https:\/\/www.saint-brevin.com\/medias\/images\/prestataires\/corsept-atelier-particuliers-8166.png"}},"urlLien":"","typeLien":"","nofollow":"N","copyright":""},{"url":"https:\/\/www.saint-brevin.com\/medias\/images\/prestataires\/766px-cc-sud-estuaire-svg-1552-2503.png","chemin":"..\/medias\/images\/prestataires\/766px-cc-sud-estuaire-svg-1552-2503.png","libelle":"766px-cc-sud-estuaire-svg-1552","extension":"png","categorie":"","largeur":766,"theme":"","hauteur":595,"type":"Image","origine":"","liaisonPave":"","langue":"","id":"2503","urlVignette":"https:\/\/www.saint-brevin.com\/medias\/images\/prestataires\/v-766px-cc-sud-estuaire-svg-1552-2503.png","alt":"766px-cc-sud-estuaire-svg-1552","title":"766px-cc-sud-estuaire-svg-1552","MultiTaille":{"1920x1440":{"url":"https:\/\/www.saint-brevin.com\/medias\/images\/prestataires\/multitailles\/1920x1440_766px-cc-sud-estuaire-svg-1552-2503.png"},"1200x900":{"url":"https:\/\/www.saint-brevin.com\/medias\/images\/prestataires\/multitailles\/1200x900_766px-cc-sud-estuaire-svg-1552-2503.png"},"800x600":{"url":"https:\/\/www.saint-brevin.com\/medias\/images\/prestataires\/multitailles\/800x600_766px-cc-sud-estuaire-svg-1552-2503.png"},"640x480":{"url":"https:\/\/www.saint-brevin.com\/medias\/images\/prestataires\/multitailles\/640x480_766px-cc-sud-estuaire-svg-1552-2503.png"},"320x240":{"url":"https:\/\/www.saint-brevin.com\/medias\/images\/prestataires\/multitailles\/320x240_766px-cc-sud-estuaire-svg-1552-2503.png"},"160x120":{"url":"https:\/\/www.saint-brevin.com\/medias\/images\/prestataires\/multitailles\/160x120_766px-cc-sud-estuaire-svg-1552-2503.png"},"origine":{"url":"https:\/\/www.saint-brevin.com\/medias\/images\/prestataires\/766px-cc-sud-estuaire-svg-1552-2503.png"}},"urlLien":"","typeLien":"|","nofollow":"N","copyright":""}]}},"Url":"","Localisation":{"GoogleMap":{"Latitude":"47.28695","Longitude":"-2.02562"}},"ZoneGeo":"","Criteres":[],"DateFinPublication":""},"Fichier":{"Image":[{"url":"https:\/\/www.saint-brevin.com\/medias\/images\/prestations\/planete-freepik-32311.jpg","chemin":"..\/medias\/images\/prestations\/planete-freepik-32311.jpg","libelle":"planete-freepik-32311","extension":"jpg","categorie":"","largeur":3000,"theme":"","hauteur":2000,"type":"Image","origine":"","liaisonPave":"","langue":"","id":"32311","urlVignette":"https:\/\/www.saint-brevin.com\/medias\/images\/prestations\/v-planete-freepik-32311.jpg","alt":"planete-freepik-32311","title":"planete-freepik-32311","MultiTaille":{"1920x1440":{"url":"https:\/\/www.saint-brevin.com\/medias\/images\/prestations\/multitailles\/1920x1440_planete-freepik-32311.jpg"},"1200x900":{"url":"https:\/\/www.saint-brevin.com\/medias\/images\/prestations\/multitailles\/1200x900_planete-freepik-32311.jpg"},"800x600":{"url":"https:\/\/www.saint-brevin.com\/medias\/images\/prestations\/multitailles\/800x600_planete-freepik-32311.jpg"},"640x480":{"url":"https:\/\/www.saint-brevin.com\/medias\/images\/prestations\/multitailles\/640x480_planete-freepik-32311.jpg"},"320x240":{"url":"https:\/\/www.saint-brevin.com\/medias\/images\/prestations\/multitailles\/320x240_planete-freepik-32311.jpg"},"160x120":{"url":"https:\/\/www.saint-brevin.com\/medias\/images\/prestations\/multitailles\/160x120_planete-freepik-32311.jpg"},"origine":{"url":"https:\/\/www.saint-brevin.com\/medias\/images\/prestations\/planete-freepik-32311.jpg"}},"urlLien":"","typeLien":"","nofollow":"N","copyright":""},{"url":"https:\/\/www.saint-brevin.com\/medias\/images\/prestations\/dsc-6400-scaled-32308.jpg","chemin":"..\/medias\/images\/prestations\/dsc-6400-scaled-32308.jpg","libelle":"dsc-6400-scaled-32308","extension":"jpg","categorie":"","largeur":2560,"theme":"","hauteur":1696,"type":"Image","origine":"","liaisonPave":"","langue":"","id":"32308","urlVignette":"https:\/\/www.saint-brevin.com\/medias\/images\/prestations\/v-dsc-6400-scaled-32308.jpg","alt":"dsc-6400-scaled-32308","title":"dsc-6400-scaled-32308","MultiTaille":{"1920x1440":{"url":"https:\/\/www.saint-brevin.com\/medias\/images\/prestations\/multitailles\/1920x1440_dsc-6400-scaled-32308.jpg"},"1200x900":{"url":"https:\/\/www.saint-brevin.com\/medias\/images\/prestations\/multitailles\/1200x900_dsc-6400-scaled-32308.jpg"},"800x600":{"url":"https:\/\/www.saint-brevin.com\/medias\/images\/prestations\/multitailles\/800x600_dsc-6400-scaled-32308.jpg"},"640x480":{"url":"https:\/\/www.saint-brevin.com\/medias\/images\/prestations\/multitailles\/640x480_dsc-6400-scaled-32308.jpg"},"320x240":{"url":"https:\/\/www.saint-brevin.com\/medias\/images\/prestations\/multitailles\/320x240_dsc-6400-scaled-32308.jpg"},"160x120":{"url":"https:\/\/www.saint-brevin.com\/medias\/images\/prestations\/multitailles\/160x120_dsc-6400-scaled-32308.jpg"},"origine":{"url":"https:\/\/www.saint-brevin.com\/medias\/images\/prestations\/dsc-6400-scaled-32308.jpg"}},"urlLien":"","typeLien":"","nofollow":"N","copyright":""},{"url":"https:\/\/www.saint-brevin.com\/medias\/images\/prestations\/20260116-maquette-papr-32309.jpg","chemin":"..\/medias\/images\/prestations\/20260116-maquette-papr-32309.jpg","libelle":"20260116-maquette-papr-32309","extension":"jpg","categorie":"","largeur":4080,"theme":"","hauteur":3060,"type":"Image","origine":"","liaisonPave":"","langue":"","id":"32309","urlVignette":"https:\/\/www.saint-brevin.com\/medias\/images\/prestations\/v-20260116-maquette-papr-32309.jpg","alt":"20260116-maquette-papr-32309","title":"20260116-maquette-papr-32309","MultiTaille":{"1920x1440":{"url":"https:\/\/www.saint-brevin.com\/medias\/images\/prestations\/multitailles\/1920x1440_20260116-maquette-papr-32309.jpg"},"1200x900":{"url":"https:\/\/www.saint-brevin.com\/medias\/images\/prestations\/multitailles\/1200x900_20260116-maquette-papr-32309.jpg"},"800x600":{"url":"https:\/\/www.saint-brevin.com\/medias\/images\/prestations\/multitailles\/800x600_20260116-maquette-papr-32309.jpg"},"640x480":{"url":"https:\/\/www.saint-brevin.com\/medias\/images\/prestations\/multitailles\/640x480_20260116-maquette-papr-32309.jpg"},"320x240":{"url":"https:\/\/www.saint-brevin.com\/medias\/images\/prestations\/multitailles\/320x240_20260116-maquette-papr-32309.jpg"},"160x120":{"url":"https:\/\/www.saint-brevin.com\/medias\/images\/prestations\/multitailles\/160x120_20260116-maquette-papr-32309.jpg"},"origine":{"url":"https:\/\/www.saint-brevin.com\/medias\/images\/prestations\/20260116-maquette-papr-32309.jpg"}},"urlLien":"","typeLien":"","nofollow":"N","copyright":""},{"url":"https:\/\/www.saint-brevin.com\/medias\/images\/prestations\/escape-freepik-ia-32307.jpg","chemin":"..\/medias\/images\/prestations\/escape-freepik-ia-32307.jpg","libelle":"escape-freepik-ia-32307","extension":"jpg","categorie":"","largeur":2000,"theme":"","hauteur":3000,"type":"Image","origine":"","liaisonPave":"","langue":"","id":"32307","urlVignette":"https:\/\/www.saint-brevin.com\/medias\/images\/prestations\/v-escape-freepik-ia-32307.jpg","alt":"escape-freepik-ia-32307","title":"escape-freepik-ia-32307","MultiTaille":{"1920x1440":{"url":"https:\/\/www.saint-brevin.com\/medias\/images\/prestations\/multitailles\/1920x1440_escape-freepik-ia-32307.jpg"},"1200x900":{"url":"https:\/\/www.saint-brevin.com\/medias\/images\/prestations\/multitailles\/1200x900_escape-freepik-ia-32307.jpg"},"800x600":{"url":"https:\/\/www.saint-brevin.com\/medias\/images\/prestations\/multitailles\/800x600_escape-freepik-ia-32307.jpg"},"640x480":{"url":"https:\/\/www.saint-brevin.com\/medias\/images\/prestations\/multitailles\/640x480_escape-freepik-ia-32307.jpg"},"320x240":{"url":"https:\/\/www.saint-brevin.com\/medias\/images\/prestations\/multitailles\/320x240_escape-freepik-ia-32307.jpg"},"160x120":{"url":"https:\/\/www.saint-brevin.com\/medias\/images\/prestations\/multitailles\/160x120_escape-freepik-ia-32307.jpg"},"origine":{"url":"https:\/\/www.saint-brevin.com\/medias\/images\/prestations\/escape-freepik-ia-32307.jpg"}},"urlLien":"","typeLien":"","nofollow":"N","copyright":""},{"url":"https:\/\/www.saint-brevin.com\/medias\/images\/prestations\/mains-eau-freepik-32310.jpg","chemin":"..\/medias\/images\/prestations\/mains-eau-freepik-32310.jpg","libelle":"mains-eau-freepik-32310","extension":"jpg","categorie":"","largeur":3000,"theme":"","hauteur":2000,"type":"Image","origine":"","liaisonPave":"","langue":"","id":"32310","urlVignette":"https:\/\/www.saint-brevin.com\/medias\/images\/prestations\/v-mains-eau-freepik-32310.jpg","alt":"mains-eau-freepik-32310","title":"mains-eau-freepik-32310","MultiTaille":{"1920x1440":{"url":"https:\/\/www.saint-brevin.com\/medias\/images\/prestations\/multitailles\/1920x1440_mains-eau-freepik-32310.jpg"},"1200x900":{"url":"https:\/\/www.saint-brevin.com\/medias\/images\/prestations\/multitailles\/1200x900_mains-eau-freepik-32310.jpg"},"800x600":{"url":"https:\/\/www.saint-brevin.com\/medias\/images\/prestations\/multitailles\/800x600_mains-eau-freepik-32310.jpg"},"640x480":{"url":"https:\/\/www.saint-brevin.com\/medias\/images\/prestations\/multitailles\/640x480_mains-eau-freepik-32310.jpg"},"320x240":{"url":"https:\/\/www.saint-brevin.com\/medias\/images\/prestations\/multitailles\/320x240_mains-eau-freepik-32310.jpg"},"160x120":{"url":"https:\/\/www.saint-brevin.com\/medias\/images\/prestations\/multitailles\/160x120_mains-eau-freepik-32310.jpg"},"origine":{"url":"https:\/\/www.saint-brevin.com\/medias\/images\/prestations\/mains-eau-freepik-32310.jpg"}},"urlLien":"","typeLien":"","nofollow":"N","copyright":""},{"url":"https:\/\/www.saint-brevin.com\/medias\/images\/prestations\/vagues-submersion-port-corsept-28-10-2023-3-32312.jpg","chemin":"..\/medias\/images\/prestations\/vagues-submersion-port-corsept-28-10-2023-3-32312.jpg","libelle":"vagues-submersion-port-corsept-28-10-2023-3-32312","extension":"jpg","categorie":"","largeur":3921,"theme":"","hauteur":2941,"type":"Image","origine":"","liaisonPave":"","langue":"","id":"32312","urlVignette":"https:\/\/www.saint-brevin.com\/medias\/images\/prestations\/v-vagues-submersion-port-corsept-28-10-2023-3-32312.jpg","alt":"vagues-submersion-port-corsept-28-10-2023-3-32312","title":"vagues-submersion-port-corsept-28-10-2023-3-32312","MultiTaille":{"1920x1440":{"url":"https:\/\/www.saint-brevin.com\/medias\/images\/prestations\/multitailles\/1920x1440_vagues-submersion-port-corsept-28-10-2023-3-32312.jpg"},"1200x900":{"url":"https:\/\/www.saint-brevin.com\/medias\/images\/prestations\/multitailles\/1200x900_vagues-submersion-port-corsept-28-10-2023-3-32312.jpg"},"800x600":{"url":"https:\/\/www.saint-brevin.com\/medias\/images\/prestations\/multitailles\/800x600_vagues-submersion-port-corsept-28-10-2023-3-32312.jpg"},"640x480":{"url":"https:\/\/www.saint-brevin.com\/medias\/images\/prestations\/multitailles\/640x480_vagues-submersion-port-corsept-28-10-2023-3-32312.jpg"},"320x240":{"url":"https:\/\/www.saint-brevin.com\/medias\/images\/prestations\/multitailles\/320x240_vagues-submersion-port-corsept-28-10-2023-3-32312.jpg"},"160x120":{"url":"https:\/\/www.saint-brevin.com\/medias\/images\/prestations\/multitailles\/160x120_vagues-submersion-port-corsept-28-10-2023-3-32312.jpg"},"origine":{"url":"https:\/\/www.saint-brevin.com\/medias\/images\/prestations\/vagues-submersion-port-corsept-28-10-2023-3-32312.jpg"}},"urlLien":"","typeLien":"","nofollow":"N","copyright":""}],"ByCategorie":{"":[{"url":"https:\/\/www.saint-brevin.com\/medias\/images\/prestations\/planete-freepik-32311.jpg","chemin":"..\/medias\/images\/prestations\/planete-freepik-32311.jpg","libelle":"planete-freepik-32311","extension":"jpg","categorie":"","largeur":3000,"theme":"","hauteur":2000,"type":"Image","origine":"","liaisonPave":"","langue":"","id":"32311","urlVignette":"https:\/\/www.saint-brevin.com\/medias\/images\/prestations\/v-planete-freepik-32311.jpg","alt":"planete-freepik-32311","title":"planete-freepik-32311","MultiTaille":{"1920x1440":{"url":"https:\/\/www.saint-brevin.com\/medias\/images\/prestations\/multitailles\/1920x1440_planete-freepik-32311.jpg"},"1200x900":{"url":"https:\/\/www.saint-brevin.com\/medias\/images\/prestations\/multitailles\/1200x900_planete-freepik-32311.jpg"},"800x600":{"url":"https:\/\/www.saint-brevin.com\/medias\/images\/prestations\/multitailles\/800x600_planete-freepik-32311.jpg"},"640x480":{"url":"https:\/\/www.saint-brevin.com\/medias\/images\/prestations\/multitailles\/640x480_planete-freepik-32311.jpg"},"320x240":{"url":"https:\/\/www.saint-brevin.com\/medias\/images\/prestations\/multitailles\/320x240_planete-freepik-32311.jpg"},"160x120":{"url":"https:\/\/www.saint-brevin.com\/medias\/images\/prestations\/multitailles\/160x120_planete-freepik-32311.jpg"},"origine":{"url":"https:\/\/www.saint-brevin.com\/medias\/images\/prestations\/planete-freepik-32311.jpg"}},"urlLien":"","typeLien":"","nofollow":"N","copyright":""},{"url":"https:\/\/www.saint-brevin.com\/medias\/images\/prestations\/semaine-adaptationclimat-10-au-18-octobre-2026-32313.pdf","chemin":"..\/medias\/images\/prestations\/semaine-adaptationclimat-10-au-18-octobre-2026-32313.pdf","libelle":"semaine-adaptationclimat-10-au-18-octobre-2026-32313","extension":"pdf","categorie":"","largeur":"","theme":"","hauteur":"","type":"Document","origine":"","liaisonPave":"","langue":"","id":"32313","poids":"691.88 Ko","alt":"semaine-adaptationclimat-10-au-18-octobre-2026-32313","title":"semaine-adaptationclimat-10-au-18-octobre-2026-32313"},{"url":"https:\/\/www.saint-brevin.com\/medias\/images\/prestations\/dsc-6400-scaled-32308.jpg","chemin":"..\/medias\/images\/prestations\/dsc-6400-scaled-32308.jpg","libelle":"dsc-6400-scaled-32308","extension":"jpg","categorie":"","largeur":2560,"theme":"","hauteur":1696,"type":"Image","origine":"","liaisonPave":"","langue":"","id":"32308","urlVignette":"https:\/\/www.saint-brevin.com\/medias\/images\/prestations\/v-dsc-6400-scaled-32308.jpg","alt":"dsc-6400-scaled-32308","title":"dsc-6400-scaled-32308","MultiTaille":{"1920x1440":{"url":"https:\/\/www.saint-brevin.com\/medias\/images\/prestations\/multitailles\/1920x1440_dsc-6400-scaled-32308.jpg"},"1200x900":{"url":"https:\/\/www.saint-brevin.com\/medias\/images\/prestations\/multitailles\/1200x900_dsc-6400-scaled-32308.jpg"},"800x600":{"url":"https:\/\/www.saint-brevin.com\/medias\/images\/prestations\/multitailles\/800x600_dsc-6400-scaled-32308.jpg"},"640x480":{"url":"https:\/\/www.saint-brevin.com\/medias\/images\/prestations\/multitailles\/640x480_dsc-6400-scaled-32308.jpg"},"320x240":{"url":"https:\/\/www.saint-brevin.com\/medias\/images\/prestations\/multitailles\/320x240_dsc-6400-scaled-32308.jpg"},"160x120":{"url":"https:\/\/www.saint-brevin.com\/medias\/images\/prestations\/multitailles\/160x120_dsc-6400-scaled-32308.jpg"},"origine":{"url":"https:\/\/www.saint-brevin.com\/medias\/images\/prestations\/dsc-6400-scaled-32308.jpg"}},"urlLien":"","typeLien":"","nofollow":"N","copyright":""},{"url":"https:\/\/www.saint-brevin.com\/medias\/images\/prestations\/20260116-maquette-papr-32309.jpg","chemin":"..\/medias\/images\/prestations\/20260116-maquette-papr-32309.jpg","libelle":"20260116-maquette-papr-32309","extension":"jpg","categorie":"","largeur":4080,"theme":"","hauteur":3060,"type":"Image","origine":"","liaisonPave":"","langue":"","id":"32309","urlVignette":"https:\/\/www.saint-brevin.com\/medias\/images\/prestations\/v-20260116-maquette-papr-32309.jpg","alt":"20260116-maquette-papr-32309","title":"20260116-maquette-papr-32309","MultiTaille":{"1920x1440":{"url":"https:\/\/www.saint-brevin.com\/medias\/images\/prestations\/multitailles\/1920x1440_20260116-maquette-papr-32309.jpg"},"1200x900":{"url":"https:\/\/www.saint-brevin.com\/medias\/images\/prestations\/multitailles\/1200x900_20260116-maquette-papr-32309.jpg"},"800x600":{"url":"https:\/\/www.saint-brevin.com\/medias\/images\/prestations\/multitailles\/800x600_20260116-maquette-papr-32309.jpg"},"640x480":{"url":"https:\/\/www.saint-brevin.com\/medias\/images\/prestations\/multitailles\/640x480_20260116-maquette-papr-32309.jpg"},"320x240":{"url":"https:\/\/www.saint-brevin.com\/medias\/images\/prestations\/multitailles\/320x240_20260116-maquette-papr-32309.jpg"},"160x120":{"url":"https:\/\/www.saint-brevin.com\/medias\/images\/prestations\/multitailles\/160x120_20260116-maquette-papr-32309.jpg"},"origine":{"url":"https:\/\/www.saint-brevin.com\/medias\/images\/prestations\/20260116-maquette-papr-32309.jpg"}},"urlLien":"","typeLien":"","nofollow":"N","copyright":""},{"url":"https:\/\/www.saint-brevin.com\/medias\/images\/prestations\/escape-freepik-ia-32307.jpg","chemin":"..\/medias\/images\/prestations\/escape-freepik-ia-32307.jpg","libelle":"escape-freepik-ia-32307","extension":"jpg","categorie":"","largeur":2000,"theme":"","hauteur":3000,"type":"Image","origine":"","liaisonPave":"","langue":"","id":"32307","urlVignette":"https:\/\/www.saint-brevin.com\/medias\/images\/prestations\/v-escape-freepik-ia-32307.jpg","alt":"escape-freepik-ia-32307","title":"escape-freepik-ia-32307","MultiTaille":{"1920x1440":{"url":"https:\/\/www.saint-brevin.com\/medias\/images\/prestations\/multitailles\/1920x1440_escape-freepik-ia-32307.jpg"},"1200x900":{"url":"https:\/\/www.saint-brevin.com\/medias\/images\/prestations\/multitailles\/1200x900_escape-freepik-ia-32307.jpg"},"800x600":{"url":"https:\/\/www.saint-brevin.com\/medias\/images\/prestations\/multitailles\/800x600_escape-freepik-ia-32307.jpg"},"640x480":{"url":"https:\/\/www.saint-brevin.com\/medias\/images\/prestations\/multitailles\/640x480_escape-freepik-ia-32307.jpg"},"320x240":{"url":"https:\/\/www.saint-brevin.com\/medias\/images\/prestations\/multitailles\/320x240_escape-freepik-ia-32307.jpg"},"160x120":{"url":"https:\/\/www.saint-brevin.com\/medias\/images\/prestations\/multitailles\/160x120_escape-freepik-ia-32307.jpg"},"origine":{"url":"https:\/\/www.saint-brevin.com\/medias\/images\/prestations\/escape-freepik-ia-32307.jpg"}},"urlLien":"","typeLien":"","nofollow":"N","copyright":""},{"url":"https:\/\/www.saint-brevin.com\/medias\/images\/prestations\/mains-eau-freepik-32310.jpg","chemin":"..\/medias\/images\/prestations\/mains-eau-freepik-32310.jpg","libelle":"mains-eau-freepik-32310","extension":"jpg","categorie":"","largeur":3000,"theme":"","hauteur":2000,"type":"Image","origine":"","liaisonPave":"","langue":"","id":"32310","urlVignette":"https:\/\/www.saint-brevin.com\/medias\/images\/prestations\/v-mains-eau-freepik-32310.jpg","alt":"mains-eau-freepik-32310","title":"mains-eau-freepik-32310","MultiTaille":{"1920x1440":{"url":"https:\/\/www.saint-brevin.com\/medias\/images\/prestations\/multitailles\/1920x1440_mains-eau-freepik-32310.jpg"},"1200x900":{"url":"https:\/\/www.saint-brevin.com\/medias\/images\/prestations\/multitailles\/1200x900_mains-eau-freepik-32310.jpg"},"800x600":{"url":"https:\/\/www.saint-brevin.com\/medias\/images\/prestations\/multitailles\/800x600_mains-eau-freepik-32310.jpg"},"640x480":{"url":"https:\/\/www.saint-brevin.com\/medias\/images\/prestations\/multitailles\/640x480_mains-eau-freepik-32310.jpg"},"320x240":{"url":"https:\/\/www.saint-brevin.com\/medias\/images\/prestations\/multitailles\/320x240_mains-eau-freepik-32310.jpg"},"160x120":{"url":"https:\/\/www.saint-brevin.com\/medias\/images\/prestations\/multitailles\/160x120_mains-eau-freepik-32310.jpg"},"origine":{"url":"https:\/\/www.saint-brevin.com\/medias\/images\/prestations\/mains-eau-freepik-32310.jpg"}},"urlLien":"","typeLien":"","nofollow":"N","copyright":""},{"url":"https:\/\/www.saint-brevin.com\/medias\/images\/prestations\/vagues-submersion-port-corsept-28-10-2023-3-32312.jpg","chemin":"..\/medias\/images\/prestations\/vagues-submersion-port-corsept-28-10-2023-3-32312.jpg","libelle":"vagues-submersion-port-corsept-28-10-2023-3-32312","extension":"jpg","categorie":"","largeur":3921,"theme":"","hauteur":2941,"type":"Image","origine":"","liaisonPave":"","langue":"","id":"32312","urlVignette":"https:\/\/www.saint-brevin.com\/medias\/images\/prestations\/v-vagues-submersion-port-corsept-28-10-2023-3-32312.jpg","alt":"vagues-submersion-port-corsept-28-10-2023-3-32312","title":"vagues-submersion-port-corsept-28-10-2023-3-32312","MultiTaille":{"1920x1440":{"url":"https:\/\/www.saint-brevin.com\/medias\/images\/prestations\/multitailles\/1920x1440_vagues-submersion-port-corsept-28-10-2023-3-32312.jpg"},"1200x900":{"url":"https:\/\/www.saint-brevin.com\/medias\/images\/prestations\/multitailles\/1200x900_vagues-submersion-port-corsept-28-10-2023-3-32312.jpg"},"800x600":{"url":"https:\/\/www.saint-brevin.com\/medias\/images\/prestations\/multitailles\/800x600_vagues-submersion-port-corsept-28-10-2023-3-32312.jpg"},"640x480":{"url":"https:\/\/www.saint-brevin.com\/medias\/images\/prestations\/multitailles\/640x480_vagues-submersion-port-corsept-28-10-2023-3-32312.jpg"},"320x240":{"url":"https:\/\/www.saint-brevin.com\/medias\/images\/prestations\/multitailles\/320x240_vagues-submersion-port-corsept-28-10-2023-3-32312.jpg"},"160x120":{"url":"https:\/\/www.saint-brevin.com\/medias\/images\/prestations\/multitailles\/160x120_vagues-submersion-port-corsept-28-10-2023-3-32312.jpg"},"origine":{"url":"https:\/\/www.saint-brevin.com\/medias\/images\/prestations\/vagues-submersion-port-corsept-28-10-2023-3-32312.jpg"}},"urlLien":"","typeLien":"","nofollow":"N","copyright":""}]},"Document":[{"url":"https:\/\/www.saint-brevin.com\/medias\/images\/prestations\/semaine-adaptationclimat-10-au-18-octobre-2026-32313.pdf","chemin":"..\/medias\/images\/prestations\/semaine-adaptationclimat-10-au-18-octobre-2026-32313.pdf","libelle":"semaine-adaptationclimat-10-au-18-octobre-2026-32313","extension":"pdf","categorie":"","largeur":"","theme":"","hauteur":"","type":"Document","origine":"","liaisonPave":"","langue":"","id":"32313","poids":"691.88 Ko","alt":"semaine-adaptationclimat-10-au-18-octobre-2026-32313","title":"semaine-adaptationclimat-10-au-18-octobre-2026-32313"}]},"DateDebPublication":"","DateFinPublication":"20261018","PrixAPartirDe":"","PrixPour":"","FicheListeEnCours":"fiche_liste_agenda_prestation_v2017","ParametresModele":{"AfficherPhotos":"1","NbPhotosMax":6,"AfficherReserver":0,"AfficherContact":0,"AfficherSalle":1,"AfficherZoneGeo":0,"AfficherEnSavoirPlus":"1","AfficherUneSeuleOuverture":"1","AfficherContactCarte":0,"AfficherTarifsChaudAPartirDe":0,"AfficherTarifChaudSansRecherche":0,"AfficherLiensCarnetVoyage":"1","AfficherOuverture":"1","BlocCritereInfo":{"critere1":{"libelle":""},"critere2":{"libelle":""},"critere3":{"libelle":""},"critere4":{"libelle":""},"critere5":{"libelle":""},"critere6":{"libelle":""},"critere7":{"libelle":"","liste_critere":["COMMUNES|Y"]},"critere8":{"libelle":""},"critere9":{"libelle":""},"afficherpictoetpaslibelle":"1"},"CriteresComportementResa":"|RESABILLET[RESAENLIGNE|","PositionBloc":"GALLERIE|NOM|OUVERTURES|CARNET_VOYAGE|URL|LIEN_RESERVER_DETAIL","TypePrestataire":"Y","ComportementResa":false,"ComportementDispo":false},"AffichageCoordonnees":[],"Coordonnees":{"Ville":"ST BREVIN LES PINS"},"ContexteId":"PRESTATION|Y|A0013PDL044V5040K5|SEMAINEDELADAPTATIONAUCLI","ContexteIdHtml":"PRESTATION-Y-A0013PDL044V5040K5-SEMAINEDELADAPTATIONAUCLI","cleContexte":"Y|A0013PDL044V5040K5|SEMAINEDELADAPTATIONAUCLI","Bloc":{"texte1":"","texte3":"","critere1":{"libelle":"","contenu":[]},"critere2":{"libelle":"","contenu":[]},"critere3":{"libelle":"","contenu":[]},"critere4":{"libelle":"","contenu":[]},"critere5":{"libelle":"","contenu":[]},"critere6":{"libelle":"","contenu":[]},"critere7":{"libelle":"","contenu":[]},"critere8":{"libelle":"","contenu":[]},"critere9":{"libelle":"","contenu":[]}},"libelleDuPrestataire":"","vuePrestataire":{"pave1":{"libelle":"Descriptif","contenu":""},"pave2":{"libelle":"","contenu":""},"pave3":{"libelle":"","contenu":""},"pave4":{"libelle":"","contenu":""},"pave5":{"libelle":"","contenu":""},"pave6":{"libelle":"","contenu":""},"pave7":{"libelle":"","contenu":""},"pave8":{"libelle":"","contenu":""},"pave9":{"libelle":"","contenu":""},"pave10":{"libelle":"","contenu":""},"pave11":{"libelle":"","contenu":""},"pave12":{"libelle":"","contenu":""},"pave13":{"libelle":"","contenu":""},"pave14":{"libelle":"","contenu":""},"pave15":{"libelle":"","contenu":""},"pave16":{"libelle":"","contenu":""},"pave17":{"libelle":"","contenu":""},"pave18":{"libelle":"","contenu":""},"pave19":{"libelle":"","contenu":""},"pave20":{"libelle":"","contenu":""},"pave21":{"libelle":"","contenu":""},"pave22":{"libelle":"","contenu":""},"pave23":{"libelle":"","contenu":""},"pave24":{"libelle":"","contenu":""},"pave25":{"libelle":"","contenu":""},"Libelle":"Communaut\u00e9 de Communes du Sud Estuaire","Nom":"Communaut\u00e9 de Communes du Sud Estuaire","Prenom":"","NomPrenom":"Communaut\u00e9 de Communes du Sud Estuaire ","CiviliteNomPrenom":"Communaut\u00e9 de Communes du Sud Estuaire ","Cle":"Y|A0013PDL044V5040K5","PrestataireParent":"","ContexteStat":"PRESTATAIRE-Y-A0013PDL044V5040K5","DateModificationIso":"2023-06-01T17:05:00+02:00","Type":"PRESTATAIRE","TypePrestataire":"Y","Adresse":{"LigneAdresse1":"6 boulevard Dumesnildot","LigneAdresse2":"","LigneAdresse3":"","CodePostal":"44560","Ville":"PAIMBOEUF","Cedex":"","Etat":"","Pays":"FRA"},"Email":"info@cc-sudestuaire.fr","Telephone":"0240277012","TelephoneBureau":"","Portable":"","SiteWeb":"http:\/\/www.cc-sudestuaire.fr","Fax":"","Id":"y-a0013pdl044v5040k5","Code":"Y|A0013PDL044V5040K5","Fichier":{"Image":[{"url":"https:\/\/www.saint-brevin.com\/medias\/images\/prestataires\/corsept-atelier-particuliers-8166.png","chemin":"..\/medias\/images\/prestataires\/corsept-atelier-particuliers-8166.png","libelle":"corsept-atelier-particuliers-8166","extension":"png","categorie":"","largeur":1414,"theme":"","hauteur":2000,"type":"Image","origine":"","liaisonPave":"","langue":"","id":"8166","urlVignette":"https:\/\/www.saint-brevin.com\/medias\/images\/prestataires\/v-corsept-atelier-particuliers-8166.png","alt":"corsept-atelier-particuliers-8166","title":"corsept-atelier-particuliers-8166","MultiTaille":{"1920x1440":{"url":"https:\/\/www.saint-brevin.com\/medias\/images\/prestataires\/multitailles\/1920x1440_corsept-atelier-particuliers-8166.png"},"1200x900":{"url":"https:\/\/www.saint-brevin.com\/medias\/images\/prestataires\/multitailles\/1200x900_corsept-atelier-particuliers-8166.png"},"800x600":{"url":"https:\/\/www.saint-brevin.com\/medias\/images\/prestataires\/multitailles\/800x600_corsept-atelier-particuliers-8166.png"},"640x480":{"url":"https:\/\/www.saint-brevin.com\/medias\/images\/prestataires\/multitailles\/640x480_corsept-atelier-particuliers-8166.png"},"320x240":{"url":"https:\/\/www.saint-brevin.com\/medias\/images\/prestataires\/multitailles\/320x240_corsept-atelier-particuliers-8166.png"},"160x120":{"url":"https:\/\/www.saint-brevin.com\/medias\/images\/prestataires\/multitailles\/160x120_corsept-atelier-particuliers-8166.png"},"origine":{"url":"https:\/\/www.saint-brevin.com\/medias\/images\/prestataires\/corsept-atelier-particuliers-8166.png"}},"urlLien":"","typeLien":"","nofollow":"N","copyright":""},{"url":"https:\/\/www.saint-brevin.com\/medias\/images\/prestataires\/766px-cc-sud-estuaire-svg-1552-2503.png","chemin":"..\/medias\/images\/prestataires\/766px-cc-sud-estuaire-svg-1552-2503.png","libelle":"766px-cc-sud-estuaire-svg-1552","extension":"png","categorie":"","largeur":766,"theme":"","hauteur":595,"type":"Image","origine":"","liaisonPave":"","langue":"","id":"2503","urlVignette":"https:\/\/www.saint-brevin.com\/medias\/images\/prestataires\/v-766px-cc-sud-estuaire-svg-1552-2503.png","alt":"766px-cc-sud-estuaire-svg-1552","title":"766px-cc-sud-estuaire-svg-1552","MultiTaille":{"1920x1440":{"url":"https:\/\/www.saint-brevin.com\/medias\/images\/prestataires\/multitailles\/1920x1440_766px-cc-sud-estuaire-svg-1552-2503.png"},"1200x900":{"url":"https:\/\/www.saint-brevin.com\/medias\/images\/prestataires\/multitailles\/1200x900_766px-cc-sud-estuaire-svg-1552-2503.png"},"800x600":{"url":"https:\/\/www.saint-brevin.com\/medias\/images\/prestataires\/multitailles\/800x600_766px-cc-sud-estuaire-svg-1552-2503.png"},"640x480":{"url":"https:\/\/www.saint-brevin.com\/medias\/images\/prestataires\/multitailles\/640x480_766px-cc-sud-estuaire-svg-1552-2503.png"},"320x240":{"url":"https:\/\/www.saint-brevin.com\/medias\/images\/prestataires\/multitailles\/320x240_766px-cc-sud-estuaire-svg-1552-2503.png"},"160x120":{"url":"https:\/\/www.saint-brevin.com\/medias\/images\/prestataires\/multitailles\/160x120_766px-cc-sud-estuaire-svg-1552-2503.png"},"origine":{"url":"https:\/\/www.saint-brevin.com\/medias\/images\/prestataires\/766px-cc-sud-estuaire-svg-1552-2503.png"}},"urlLien":"","typeLien":"|","nofollow":"N","copyright":""}],"ByCategorie":{"":[{"url":"https:\/\/www.saint-brevin.com\/medias\/images\/prestataires\/corsept-atelier-particuliers-8166.png","chemin":"..\/medias\/images\/prestataires\/corsept-atelier-particuliers-8166.png","libelle":"corsept-atelier-particuliers-8166","extension":"png","categorie":"","largeur":1414,"theme":"","hauteur":2000,"type":"Image","origine":"","liaisonPave":"","langue":"","id":"8166","urlVignette":"https:\/\/www.saint-brevin.com\/medias\/images\/prestataires\/v-corsept-atelier-particuliers-8166.png","alt":"corsept-atelier-particuliers-8166","title":"corsept-atelier-particuliers-8166","MultiTaille":{"1920x1440":{"url":"https:\/\/www.saint-brevin.com\/medias\/images\/prestataires\/multitailles\/1920x1440_corsept-atelier-particuliers-8166.png"},"1200x900":{"url":"https:\/\/www.saint-brevin.com\/medias\/images\/prestataires\/multitailles\/1200x900_corsept-atelier-particuliers-8166.png"},"800x600":{"url":"https:\/\/www.saint-brevin.com\/medias\/images\/prestataires\/multitailles\/800x600_corsept-atelier-particuliers-8166.png"},"640x480":{"url":"https:\/\/www.saint-brevin.com\/medias\/images\/prestataires\/multitailles\/640x480_corsept-atelier-particuliers-8166.png"},"320x240":{"url":"https:\/\/www.saint-brevin.com\/medias\/images\/prestataires\/multitailles\/320x240_corsept-atelier-particuliers-8166.png"},"160x120":{"url":"https:\/\/www.saint-brevin.com\/medias\/images\/prestataires\/multitailles\/160x120_corsept-atelier-particuliers-8166.png"},"origine":{"url":"https:\/\/www.saint-brevin.com\/medias\/images\/prestataires\/corsept-atelier-particuliers-8166.png"}},"urlLien":"","typeLien":"","nofollow":"N","copyright":""},{"url":"https:\/\/www.saint-brevin.com\/medias\/images\/prestataires\/766px-cc-sud-estuaire-svg-1552-2503.png","chemin":"..\/medias\/images\/prestataires\/766px-cc-sud-estuaire-svg-1552-2503.png","libelle":"766px-cc-sud-estuaire-svg-1552","extension":"png","categorie":"","largeur":766,"theme":"","hauteur":595,"type":"Image","origine":"","liaisonPave":"","langue":"","id":"2503","urlVignette":"https:\/\/www.saint-brevin.com\/medias\/images\/prestataires\/v-766px-cc-sud-estuaire-svg-1552-2503.png","alt":"766px-cc-sud-estuaire-svg-1552","title":"766px-cc-sud-estuaire-svg-1552","MultiTaille":{"1920x1440":{"url":"https:\/\/www.saint-brevin.com\/medias\/images\/prestataires\/multitailles\/1920x1440_766px-cc-sud-estuaire-svg-1552-2503.png"},"1200x900":{"url":"https:\/\/www.saint-brevin.com\/medias\/images\/prestataires\/multitailles\/1200x900_766px-cc-sud-estuaire-svg-1552-2503.png"},"800x600":{"url":"https:\/\/www.saint-brevin.com\/medias\/images\/prestataires\/multitailles\/800x600_766px-cc-sud-estuaire-svg-1552-2503.png"},"640x480":{"url":"https:\/\/www.saint-brevin.com\/medias\/images\/prestataires\/multitailles\/640x480_766px-cc-sud-estuaire-svg-1552-2503.png"},"320x240":{"url":"https:\/\/www.saint-brevin.com\/medias\/images\/prestataires\/multitailles\/320x240_766px-cc-sud-estuaire-svg-1552-2503.png"},"160x120":{"url":"https:\/\/www.saint-brevin.com\/medias\/images\/prestataires\/multitailles\/160x120_766px-cc-sud-estuaire-svg-1552-2503.png"},"origine":{"url":"https:\/\/www.saint-brevin.com\/medias\/images\/prestataires\/766px-cc-sud-estuaire-svg-1552-2503.png"}},"urlLien":"","typeLien":"|","nofollow":"N","copyright":""}]}},"Url":"","Localisation":{"GoogleMap":{"Latitude":"47.28695","Longitude":"-2.02562"}},"ZoneGeo":"","Criteres":[],"DateFinPublication":"","AffichageCoordonnees":[]},"listeCriteres":{"LIEUMANIF":{"SAINTBREVIN":"","CORSEPT":"","FROSSAY":"","PAIMBOEUF":"","SAINTPERE":"","SAINTVIAUD":""},"CATEGORIEANIMATION":{"ATELIER":"","CONF":"","VGUIDEE":""},"ICA":{"ICATP":""},"GANIMA":{"GANIMNON":""},"MODEPAIEMENT":{"GRATUIT":""},"YVEL":{"REWEB":""},"TYPE":{"COMCOMSE":""},"MISEAJOURINGENIE":{"DATEDERNIEREMAJ":"20260901"},"MISEAJOURPAR":{"ANNABELLE":""}},"dansCarnetVoyage":true,"Ouverture":["\u003Cp class=\"date\" \u003EDu samedi 10 au dimanche 18 octobre 2026\u003C\/p\u003E\u003Cp class=\"nature\" \u003ETous les jours\u003C\/p\u003E"],"OuverturePasse":[],"OuvertureObjs":[{}],"OuvertureTab":[["20261010","20261018"]]},"html":" \n \u003Cdiv id=\"CV-PRESTATION-Y-A0013PDL044V5040K5-SEMAINEDELADAPTATIONAUCLI\" data-contexte-id=\"PRESTATION|Y|A0013PDL044V5040K5|SEMAINEDELADAPTATIONAUCLI\" data-cle=\"Y|A0013PDL044V5040K5|SEMAINEDELADAPTATIONAUCLI\" class=\"fiche-liste\"\u003E\n    \n\n    \u003C!-- partie photo --\u003E\n    \u003Cdiv class=\"photo\"\u003E\t\t\t\t\t\t\t\t\t\t\t\t\t\t\t\t\t\t\t\t\t\n        \u003Cdiv class=\"cadre_photo_principale\"\u003E\t\t\n        \n            \t\t\t\t\t\n                    \u003Ca href=\"semaine-de-l-adaptation-au-climat.html?origine=carnet#media\"\u003E\n                        \u003Cimg class=\"photo_principale\" alt=\"planete-freepik-32311\" src=\"https:\/\/www.saint-brevin.com\/medias\/images\/prestations\/multitailles\/320x240_planete-freepik-32311.jpg\" itemprop=\"image\"\u003E\n                    \u003C\/a\u003E\t\t\t\t\t\t\n                \n                    \u003C\/div\u003E\t\t\t\t\t\t\t\t\t\t\t\t\t\t\t\t\t\t\t \t\t\n    \u003C\/div\u003E\n    \n    \u003C!-- partie nom prest --\u003E\n    \u003Cdiv class=\"nom\"\u003E\n        \u003Ch2\u003ESemaine de l'adaptation au climat\u003C\/h2\u003E\n        \n            \u003C\/div\u003E\n\n     \u003Cul style=\"display: none\" class=\"ouverture_list\"\u003E\u003Cli class=\"ouverture_item\"\u003E\u003Cp class=\"date\" \u003EDu samedi 10 au dimanche 18 octobre 2026\u003C\/p\u003E\u003Cp class=\"nature\" \u003ETous les jours\u003C\/p\u003E\u003C\/li\u003E\u003C\/ul\u003E    \n    \u003C!-- partie adresse --\u003E\n    \u003Cdiv class=\"adresse\"\u003E\n    \n          \n    \u003C\/div\u003E\n    \n    \u003C!-- partie liens --\u003E\n    \u003Cdiv class=\"liens\"\u003E\n            \u003Ca class=\"btn-icon btn-view \" title=\"Voir la fiche d\u00e9taill\u00e9e\" href=\"semaine-de-l-adaptation-au-climat.html?origine=carnet\"\u003E\u003C\/a\u003E\u003C!--\u003Ca class=\"btn-icon btn-view \" title=\"\" href=\"?origine=carnet#thaut\"\u003E\u003C\/a\u003E--\u003E\n      \u003Ca class=\"btn-icon btn-trash carnet_voyage_supprimer\" title=\"Supprimer cette fiche de mon carnet de voyage\" href=\"carnet-voyage?action=remove&fiche=Y|A0013PDL044V5040K5|SEMAINEDELADAPTATIONAUCLI\"\u003E\u003C\/a\u003E\n    \u003C\/div\u003E\n\n\u003C\/div\u003E\n\n","icon":"https:\/\/static.ingenie.fr\/images\/carnetVoyageV3\/Y.png"},"fiche":"Y|A0013PDL044V5040K5|SEMAINEDELADAPTATIONAUCLI","popup":"\u003Cdiv id=\"bloc_popup_ajout_fiche_carnet\"\u003E\n    \u003Cdiv class=\"info_popup_ajout_fiche_carnet\"\u003E\n        Vous venez d'ajouter cet \u00e9l\u00e9ment \u00e0 votre carnet de voyage :    \u003C\/div\u003E\n    \u003Cdiv class=\"prest_popup_ajout_fiche_carnet\"\u003E\n        Semaine de l&#039;adaptation au climat    \u003C\/div\u003E\n    \u003Cdiv class=\"bloc_btn_ajout_fiche_carnet form_submit_div\"\u003E\n        \u003Cinput type=\"button\" value=\"Continuer ma s\u00e9lection\" title=\"Continuer ma s\u00e9lection\" name=\"btn_close\" class=\"btn_close_popup_carnet form_submit\" onclick=\"$.colorbox.close()\" \/\u003E\n        \u003Cinput type=\"button\" value=\"Voir mon carnet de voyage\" title=\"Voir mon carnet\" name=\"btn_panier\" class=\"btn_panier_popup_carnet form_submit\" onclick=\"if(typeof CarnetVoyage != 'undefined') {CarnetVoyage.voirCarnet();}\" \/\u003E\n    \u003C\/div\u003E\n    \u003Cdiv class=\"bloc_btn_ajout_fiche_carnet\"\u003E\n        \u003Cinput type=\"checkbox\" value=\"1\" name=\"desactiver_popup\" id=\"desactiver_popup\" \/\u003E\n        \u003Clabel for=\"desactiver_popup\"\u003ENe plus afficher ce message\u003C\/label\u003E\n    \u003C\/div\u003E\n\u003C\/div\u003E","success":1}