{"nbFiches":1,"dataPrest":{"infoPrest":{"pave1":{"libelle":"Slogan","contenu":"","fichiers":[]},"pave2":{"libelle":"Descriptif","contenu":"\u003Cspan style=\"font-size:14px;\"\u003E\u003Cspan style=\"font-family:arial,helvetica,sans-serif;\"\u003ELe jardin partag&eacute; &quot;Graines d&#39;envie&quot; ouvre ses portes &agrave; toutes celles et ceux qui souhaitent prendre un bol d&rsquo;air et d&eacute;couvrir un espace collectif d&eacute;di&eacute; &agrave; la nature.\u003Cbr \/\u003E\r\n\u003Cbr \/\u003E\r\nAu fil de la visite, les jardiniers b&eacute;n&eacute;voles proposeront une d&eacute;couverte comment&eacute;e du site, en pr&eacute;sentant le fonctionnement du jardin ainsi que les pratiques mises en &oelig;uvre en faveur de la biodiversit&eacute; : cultures sans produits phytosanitaires, gestion &eacute;cologique de l&rsquo;eau, compostage, associations de plantes et am&eacute;nagements favorables &agrave; la faune (pollinisateurs, auxiliaires du jardin).\u003Cbr \/\u003E\r\n\u003Cbr \/\u003E\r\nDes temps d&rsquo;observation et d&rsquo;&eacute;changes permettront aux participants d&rsquo;am&eacute;liorer leurs connaissances sur la biodiversit&eacute; locale : identification de plantes utiles pour les insectes, r&ocirc;le des sols vivants, importance de la diversit&eacute; v&eacute;g&eacute;tale\u003Cbr \/\u003E\r\net des habitats pour accueillir la faune ordinaire.\u003Cbr \/\u003E\r\n\u003Cbr \/\u003E\r\nLa rencontre avec les jardiniers sera &eacute;galement l&rsquo;occasion de mieux comprendre comment un jardin partag&eacute; peut constituer un v&eacute;ritable refuge de biodiversit&eacute; en milieu urbain ou p&eacute;riurbain, tout en favorisant le lien social.\u003Cbr \/\u003E\r\nEnfin, les participants pourront d&eacute;couvrir les modalit&eacute;s de fonctionnement du jardin et &eacute;changer sur les possibilit&eacute;s de rejoindre ce projet collectif.\u003C\/span\u003E\u003C\/span\u003E","fichiers":[]},"pave3":{"libelle":"","contenu":""},"pave4":{"libelle":"","contenu":""},"pave5":{"libelle":"","contenu":""},"pave6":{"libelle":"","contenu":""},"pave7":{"libelle":"","contenu":""},"pave8":{"libelle":"","contenu":""},"pave9":{"libelle":"","contenu":""},"pave10":{"libelle":"","contenu":""},"pave11":{"libelle":"","contenu":""},"pave12":{"libelle":"","contenu":""},"pave13":{"libelle":"","contenu":""},"pave14":{"libelle":"","contenu":""},"pave15":{"libelle":"","contenu":""},"pave16":{"libelle":"","contenu":""},"pave17":{"libelle":"","contenu":""},"pave18":{"libelle":"","contenu":""},"pave19":{"libelle":"","contenu":""},"pave20":{"libelle":"","contenu":""},"pave21":{"libelle":"","contenu":""},"pave22":{"libelle":"","contenu":""},"pave23":{"libelle":"","contenu":""},"pave24":{"libelle":"","contenu":""},"pave25":{"libelle":"","contenu":""},"Libelle":"F\u00eate de la Nature : D\u00e9couvrez le jardin partag\u00e9 Graines d'Envie","Reference":"","Reftar":"","Type":"PRESTATION","TypePrestataire":"Y","ContexteStat":"PRESTATION-Y-A0013PDL044V5040K5-FETEDELANATUREDECOUVERTEJARDIN","DateModificationIso":"2026-04-29T10:11:00+02:00","Adresse":{"LigneAdresse1":"Chemin de Briord","LigneAdresse2":"","LigneAdresse3":"","CodePostal":"44250","Ville":"ST BREVIN LES PINS","Cedex":"","Etat":"","Pays":"FRA"},"Id":"y-a0013pdl044v5040k5-fetedelanaturedecouvertejardin","Code":"Y|A0013PDL044V5040K5|FETEDELANATUREDECOUVERTEJARDIN","Cle":"Y|A0013PDL044V5040K5|FETEDELANATUREDECOUVERTEJARDIN","Url":"fete-de-la-nature-decouvrez-le-jardin-partage-graines-d-envie.html","Localisation":{"GoogleMap":{"Latitude":"","Longitude":""}},"ZoneGeo":"","Criteres":{"LIEUMANIF[SAINTBREVIN":"","TYPEDEPROGRAMMATION[FTEDELANATURE":"","CATEGORIEANIMATION[ATELIER":"","CATEGORIEANIMATION[SALON":"","THEME[NATUREETENVIRONNEMENT":"","THEME[VEG":"","ICA[DS":"1h30","ICA[ICATP":"","ANIAH[ANINACC":"","MODEPAIEMENT[GRATUIT":"","MODEPAIEMENT[ENTREELIBRE":"","TYPE[COMCOMSE":"","MISEAJOURINGENIE[DATEDERNIEREMAJ":"20260410","MISEAJOURPAR[JOHANNA":""},"ContactsParType":{"IWEB":{"2634":{"id_contact":"2634","type_contact":"IWEB","categorie_contact":"PRESTATION","societe_contact":"Association Retz'activit\u00e9s","fonction_contact":"","civilite_nom_prenom_contact":"","adresse1_contact":"31 avenue Jules Verne","adresse2_contact":"","adresse3_contact":"","cpostal_contact":"44250","ville_contact":"ST BREVIN LES PINS","teldom_contact":"07 49 39 89 50","telbur_contact":"","fax_contact":"","portable_contact":"","email_contact":"association@retzactivites.net ","siteweb_contact":"www.retzactivites.net\/pages\/les-ateliers\/atelier-jardin.html","commentaire_contact":"","langue_contact":"","autre_moyen_com":[]}}},"ContactRemplaceCoordonnees":"2634","Prestataire":{"pave1":{"libelle":"Descriptif","contenu":""},"pave2":{"libelle":"","contenu":""},"pave3":{"libelle":"","contenu":""},"pave4":{"libelle":"","contenu":""},"pave5":{"libelle":"","contenu":""},"pave6":{"libelle":"","contenu":""},"pave7":{"libelle":"","contenu":""},"pave8":{"libelle":"","contenu":""},"pave9":{"libelle":"","contenu":""},"pave10":{"libelle":"","contenu":""},"pave11":{"libelle":"","contenu":""},"pave12":{"libelle":"","contenu":""},"pave13":{"libelle":"","contenu":""},"pave14":{"libelle":"","contenu":""},"pave15":{"libelle":"","contenu":""},"pave16":{"libelle":"","contenu":""},"pave17":{"libelle":"","contenu":""},"pave18":{"libelle":"","contenu":""},"pave19":{"libelle":"","contenu":""},"pave20":{"libelle":"","contenu":""},"pave21":{"libelle":"","contenu":""},"pave22":{"libelle":"","contenu":""},"pave23":{"libelle":"","contenu":""},"pave24":{"libelle":"","contenu":""},"pave25":{"libelle":"","contenu":""},"Libelle":"Association Retz'activit\u00e9s","Nom":"Association Retz'activit\u00e9s","Prenom":"","NomPrenom":"Association Retz'activit\u00e9s ","CiviliteNomPrenom":"Association Retz'activit\u00e9s ","Cle":"Y|A0013PDL044V5040K5","PrestataireParent":"","ContexteStat":"PRESTATAIRE-Y-A0013PDL044V5040K5","DateModificationIso":"2023-06-01T17:05:00+02:00","Type":"PRESTATAIRE","TypePrestataire":"Y","Adresse":{"LigneAdresse1":"31 avenue Jules Verne","LigneAdresse2":"","LigneAdresse3":"","CodePostal":"44250","Ville":"ST BREVIN LES PINS","Cedex":"","Etat":"","Pays":"FRA"},"Email":"association@retzactivites.net ","Telephone":"07 49 39 89 50","TelephoneBureau":"","Portable":"","SiteWeb":"http:\/\/www.retzactivites.net\/pages\/les-ateliers\/atelier-jardin.html","Fax":"","Id":"y-a0013pdl044v5040k5","Code":"Y|A0013PDL044V5040K5","Fichier":{"Image":[{"url":"https:\/\/www.saint-brevin.com\/medias\/images\/prestataires\/corsept-atelier-particuliers-8166.png","chemin":"..\/medias\/images\/prestataires\/corsept-atelier-particuliers-8166.png","libelle":"corsept-atelier-particuliers-8166","extension":"png","categorie":"","largeur":1414,"theme":"","hauteur":2000,"type":"Image","origine":"","liaisonPave":"","langue":"","id":"8166","urlVignette":"https:\/\/www.saint-brevin.com\/medias\/images\/prestataires\/v-corsept-atelier-particuliers-8166.png","alt":"corsept-atelier-particuliers-8166","title":"corsept-atelier-particuliers-8166","MultiTaille":{"1920x1440":{"url":"https:\/\/www.saint-brevin.com\/medias\/images\/prestataires\/multitailles\/1920x1440_corsept-atelier-particuliers-8166.png"},"1200x900":{"url":"https:\/\/www.saint-brevin.com\/medias\/images\/prestataires\/multitailles\/1200x900_corsept-atelier-particuliers-8166.png"},"800x600":{"url":"https:\/\/www.saint-brevin.com\/medias\/images\/prestataires\/multitailles\/800x600_corsept-atelier-particuliers-8166.png"},"640x480":{"url":"https:\/\/www.saint-brevin.com\/medias\/images\/prestataires\/multitailles\/640x480_corsept-atelier-particuliers-8166.png"},"320x240":{"url":"https:\/\/www.saint-brevin.com\/medias\/images\/prestataires\/multitailles\/320x240_corsept-atelier-particuliers-8166.png"},"160x120":{"url":"https:\/\/www.saint-brevin.com\/medias\/images\/prestataires\/multitailles\/160x120_corsept-atelier-particuliers-8166.png"},"origine":{"url":"https:\/\/www.saint-brevin.com\/medias\/images\/prestataires\/corsept-atelier-particuliers-8166.png"}},"urlLien":"","typeLien":"","nofollow":"N","copyright":""},{"url":"https:\/\/www.saint-brevin.com\/medias\/images\/prestataires\/766px-cc-sud-estuaire-svg-1552-2503.png","chemin":"..\/medias\/images\/prestataires\/766px-cc-sud-estuaire-svg-1552-2503.png","libelle":"766px-cc-sud-estuaire-svg-1552","extension":"png","categorie":"","largeur":766,"theme":"","hauteur":595,"type":"Image","origine":"","liaisonPave":"","langue":"","id":"2503","urlVignette":"https:\/\/www.saint-brevin.com\/medias\/images\/prestataires\/v-766px-cc-sud-estuaire-svg-1552-2503.png","alt":"766px-cc-sud-estuaire-svg-1552","title":"766px-cc-sud-estuaire-svg-1552","MultiTaille":{"1920x1440":{"url":"https:\/\/www.saint-brevin.com\/medias\/images\/prestataires\/multitailles\/1920x1440_766px-cc-sud-estuaire-svg-1552-2503.png"},"1200x900":{"url":"https:\/\/www.saint-brevin.com\/medias\/images\/prestataires\/multitailles\/1200x900_766px-cc-sud-estuaire-svg-1552-2503.png"},"800x600":{"url":"https:\/\/www.saint-brevin.com\/medias\/images\/prestataires\/multitailles\/800x600_766px-cc-sud-estuaire-svg-1552-2503.png"},"640x480":{"url":"https:\/\/www.saint-brevin.com\/medias\/images\/prestataires\/multitailles\/640x480_766px-cc-sud-estuaire-svg-1552-2503.png"},"320x240":{"url":"https:\/\/www.saint-brevin.com\/medias\/images\/prestataires\/multitailles\/320x240_766px-cc-sud-estuaire-svg-1552-2503.png"},"160x120":{"url":"https:\/\/www.saint-brevin.com\/medias\/images\/prestataires\/multitailles\/160x120_766px-cc-sud-estuaire-svg-1552-2503.png"},"origine":{"url":"https:\/\/www.saint-brevin.com\/medias\/images\/prestataires\/766px-cc-sud-estuaire-svg-1552-2503.png"}},"urlLien":"","typeLien":"|","nofollow":"N","copyright":""}],"ByCategorie":{"":[{"url":"https:\/\/www.saint-brevin.com\/medias\/images\/prestataires\/corsept-atelier-particuliers-8166.png","chemin":"..\/medias\/images\/prestataires\/corsept-atelier-particuliers-8166.png","libelle":"corsept-atelier-particuliers-8166","extension":"png","categorie":"","largeur":1414,"theme":"","hauteur":2000,"type":"Image","origine":"","liaisonPave":"","langue":"","id":"8166","urlVignette":"https:\/\/www.saint-brevin.com\/medias\/images\/prestataires\/v-corsept-atelier-particuliers-8166.png","alt":"corsept-atelier-particuliers-8166","title":"corsept-atelier-particuliers-8166","MultiTaille":{"1920x1440":{"url":"https:\/\/www.saint-brevin.com\/medias\/images\/prestataires\/multitailles\/1920x1440_corsept-atelier-particuliers-8166.png"},"1200x900":{"url":"https:\/\/www.saint-brevin.com\/medias\/images\/prestataires\/multitailles\/1200x900_corsept-atelier-particuliers-8166.png"},"800x600":{"url":"https:\/\/www.saint-brevin.com\/medias\/images\/prestataires\/multitailles\/800x600_corsept-atelier-particuliers-8166.png"},"640x480":{"url":"https:\/\/www.saint-brevin.com\/medias\/images\/prestataires\/multitailles\/640x480_corsept-atelier-particuliers-8166.png"},"320x240":{"url":"https:\/\/www.saint-brevin.com\/medias\/images\/prestataires\/multitailles\/320x240_corsept-atelier-particuliers-8166.png"},"160x120":{"url":"https:\/\/www.saint-brevin.com\/medias\/images\/prestataires\/multitailles\/160x120_corsept-atelier-particuliers-8166.png"},"origine":{"url":"https:\/\/www.saint-brevin.com\/medias\/images\/prestataires\/corsept-atelier-particuliers-8166.png"}},"urlLien":"","typeLien":"","nofollow":"N","copyright":""},{"url":"https:\/\/www.saint-brevin.com\/medias\/images\/prestataires\/766px-cc-sud-estuaire-svg-1552-2503.png","chemin":"..\/medias\/images\/prestataires\/766px-cc-sud-estuaire-svg-1552-2503.png","libelle":"766px-cc-sud-estuaire-svg-1552","extension":"png","categorie":"","largeur":766,"theme":"","hauteur":595,"type":"Image","origine":"","liaisonPave":"","langue":"","id":"2503","urlVignette":"https:\/\/www.saint-brevin.com\/medias\/images\/prestataires\/v-766px-cc-sud-estuaire-svg-1552-2503.png","alt":"766px-cc-sud-estuaire-svg-1552","title":"766px-cc-sud-estuaire-svg-1552","MultiTaille":{"1920x1440":{"url":"https:\/\/www.saint-brevin.com\/medias\/images\/prestataires\/multitailles\/1920x1440_766px-cc-sud-estuaire-svg-1552-2503.png"},"1200x900":{"url":"https:\/\/www.saint-brevin.com\/medias\/images\/prestataires\/multitailles\/1200x900_766px-cc-sud-estuaire-svg-1552-2503.png"},"800x600":{"url":"https:\/\/www.saint-brevin.com\/medias\/images\/prestataires\/multitailles\/800x600_766px-cc-sud-estuaire-svg-1552-2503.png"},"640x480":{"url":"https:\/\/www.saint-brevin.com\/medias\/images\/prestataires\/multitailles\/640x480_766px-cc-sud-estuaire-svg-1552-2503.png"},"320x240":{"url":"https:\/\/www.saint-brevin.com\/medias\/images\/prestataires\/multitailles\/320x240_766px-cc-sud-estuaire-svg-1552-2503.png"},"160x120":{"url":"https:\/\/www.saint-brevin.com\/medias\/images\/prestataires\/multitailles\/160x120_766px-cc-sud-estuaire-svg-1552-2503.png"},"origine":{"url":"https:\/\/www.saint-brevin.com\/medias\/images\/prestataires\/766px-cc-sud-estuaire-svg-1552-2503.png"}},"urlLien":"","typeLien":"|","nofollow":"N","copyright":""}]}},"Url":"","Localisation":{"GoogleMap":{"Latitude":"47.28695","Longitude":"-2.02562"}},"ZoneGeo":"","Criteres":[],"DateFinPublication":""},"Fichier":{"Image":[{"url":"https:\/\/www.saint-brevin.com\/medias\/images\/prestations\/800x600-opengraph-30701-30786.jpg","chemin":"..\/medias\/images\/prestations\/800x600-opengraph-30701-30786.jpg","libelle":"800x600-opengraph-30701-30786","extension":"jpg","categorie":"","largeur":800,"theme":"","hauteur":420,"type":"Image","origine":"","liaisonPave":"","langue":"","id":"30786","urlVignette":"https:\/\/www.saint-brevin.com\/medias\/images\/prestations\/v-800x600-opengraph-30701-30786.jpg","alt":"800x600-opengraph-30701-30786","title":"800x600-opengraph-30701-30786","MultiTaille":{"1920x1440":{"url":"https:\/\/www.saint-brevin.com\/medias\/images\/prestations\/multitailles\/1920x1440_800x600-opengraph-30701-30786.jpg"},"1200x900":{"url":"https:\/\/www.saint-brevin.com\/medias\/images\/prestations\/multitailles\/1200x900_800x600-opengraph-30701-30786.jpg"},"800x600":{"url":"https:\/\/www.saint-brevin.com\/medias\/images\/prestations\/multitailles\/800x600_800x600-opengraph-30701-30786.jpg"},"640x480":{"url":"https:\/\/www.saint-brevin.com\/medias\/images\/prestations\/multitailles\/640x480_800x600-opengraph-30701-30786.jpg"},"320x240":{"url":"https:\/\/www.saint-brevin.com\/medias\/images\/prestations\/multitailles\/320x240_800x600-opengraph-30701-30786.jpg"},"160x120":{"url":"https:\/\/www.saint-brevin.com\/medias\/images\/prestations\/multitailles\/160x120_800x600-opengraph-30701-30786.jpg"},"origine":{"url":"https:\/\/www.saint-brevin.com\/medias\/images\/prestations\/800x600-opengraph-30701-30786.jpg"}},"urlLien":"","typeLien":"","nofollow":"N","copyright":""},{"url":"https:\/\/www.saint-brevin.com\/medias\/images\/prestations\/800x600-capture-d-cran-2026-04-02-153446-30702-30787.jpg","chemin":"..\/medias\/images\/prestations\/800x600-capture-d-cran-2026-04-02-153446-30702-30787.jpg","libelle":"800x600-capture-d-cran-2026-04-02-153446-30702-30787","extension":"jpg","categorie":"","largeur":403,"theme":"","hauteur":503,"type":"Image","origine":"","liaisonPave":"","langue":"","id":"30787","urlVignette":"https:\/\/www.saint-brevin.com\/medias\/images\/prestations\/v-800x600-capture-d-cran-2026-04-02-153446-30702-30787.jpg","alt":"800x600-capture-d-cran-2026-04-02-153446-30702-30787","title":"800x600-capture-d-cran-2026-04-02-153446-30702-30787","MultiTaille":{"1920x1440":{"url":"https:\/\/www.saint-brevin.com\/medias\/images\/prestations\/multitailles\/1920x1440_800x600-capture-d-cran-2026-04-02-153446-30702-30787.jpg"},"1200x900":{"url":"https:\/\/www.saint-brevin.com\/medias\/images\/prestations\/multitailles\/1200x900_800x600-capture-d-cran-2026-04-02-153446-30702-30787.jpg"},"800x600":{"url":"https:\/\/www.saint-brevin.com\/medias\/images\/prestations\/multitailles\/800x600_800x600-capture-d-cran-2026-04-02-153446-30702-30787.jpg"},"640x480":{"url":"https:\/\/www.saint-brevin.com\/medias\/images\/prestations\/multitailles\/640x480_800x600-capture-d-cran-2026-04-02-153446-30702-30787.jpg"},"320x240":{"url":"https:\/\/www.saint-brevin.com\/medias\/images\/prestations\/multitailles\/320x240_800x600-capture-d-cran-2026-04-02-153446-30702-30787.jpg"},"160x120":{"url":"https:\/\/www.saint-brevin.com\/medias\/images\/prestations\/multitailles\/160x120_800x600-capture-d-cran-2026-04-02-153446-30702-30787.jpg"},"origine":{"url":"https:\/\/www.saint-brevin.com\/medias\/images\/prestations\/800x600-capture-d-cran-2026-04-02-153446-30702-30787.jpg"}},"urlLien":"","typeLien":"","nofollow":"N","copyright":""},{"url":"https:\/\/www.saint-brevin.com\/medias\/images\/prestations\/capture-d-cran-2026-04-10-175114-30788.jpg","chemin":"..\/medias\/images\/prestations\/capture-d-cran-2026-04-10-175114-30788.jpg","libelle":"capture-d-cran-2026-04-10-175114-30788","extension":"jpg","categorie":"","largeur":729,"theme":"","hauteur":512,"type":"Image","origine":"","liaisonPave":"","langue":"","id":"30788","urlVignette":"https:\/\/www.saint-brevin.com\/medias\/images\/prestations\/v-capture-d-cran-2026-04-10-175114-30788.jpg","alt":"capture-d-cran-2026-04-10-175114-30788","title":"capture-d-cran-2026-04-10-175114-30788","MultiTaille":{"1920x1440":{"url":"https:\/\/www.saint-brevin.com\/medias\/images\/prestations\/multitailles\/1920x1440_capture-d-cran-2026-04-10-175114-30788.jpg"},"1200x900":{"url":"https:\/\/www.saint-brevin.com\/medias\/images\/prestations\/multitailles\/1200x900_capture-d-cran-2026-04-10-175114-30788.jpg"},"800x600":{"url":"https:\/\/www.saint-brevin.com\/medias\/images\/prestations\/multitailles\/800x600_capture-d-cran-2026-04-10-175114-30788.jpg"},"640x480":{"url":"https:\/\/www.saint-brevin.com\/medias\/images\/prestations\/multitailles\/640x480_capture-d-cran-2026-04-10-175114-30788.jpg"},"320x240":{"url":"https:\/\/www.saint-brevin.com\/medias\/images\/prestations\/multitailles\/320x240_capture-d-cran-2026-04-10-175114-30788.jpg"},"160x120":{"url":"https:\/\/www.saint-brevin.com\/medias\/images\/prestations\/multitailles\/160x120_capture-d-cran-2026-04-10-175114-30788.jpg"},"origine":{"url":"https:\/\/www.saint-brevin.com\/medias\/images\/prestations\/capture-d-cran-2026-04-10-175114-30788.jpg"}},"urlLien":"","typeLien":"","nofollow":"N","copyright":""}],"ByCategorie":{"":[{"url":"https:\/\/www.saint-brevin.com\/medias\/images\/prestations\/800x600-opengraph-30701-30786.jpg","chemin":"..\/medias\/images\/prestations\/800x600-opengraph-30701-30786.jpg","libelle":"800x600-opengraph-30701-30786","extension":"jpg","categorie":"","largeur":800,"theme":"","hauteur":420,"type":"Image","origine":"","liaisonPave":"","langue":"","id":"30786","urlVignette":"https:\/\/www.saint-brevin.com\/medias\/images\/prestations\/v-800x600-opengraph-30701-30786.jpg","alt":"800x600-opengraph-30701-30786","title":"800x600-opengraph-30701-30786","MultiTaille":{"1920x1440":{"url":"https:\/\/www.saint-brevin.com\/medias\/images\/prestations\/multitailles\/1920x1440_800x600-opengraph-30701-30786.jpg"},"1200x900":{"url":"https:\/\/www.saint-brevin.com\/medias\/images\/prestations\/multitailles\/1200x900_800x600-opengraph-30701-30786.jpg"},"800x600":{"url":"https:\/\/www.saint-brevin.com\/medias\/images\/prestations\/multitailles\/800x600_800x600-opengraph-30701-30786.jpg"},"640x480":{"url":"https:\/\/www.saint-brevin.com\/medias\/images\/prestations\/multitailles\/640x480_800x600-opengraph-30701-30786.jpg"},"320x240":{"url":"https:\/\/www.saint-brevin.com\/medias\/images\/prestations\/multitailles\/320x240_800x600-opengraph-30701-30786.jpg"},"160x120":{"url":"https:\/\/www.saint-brevin.com\/medias\/images\/prestations\/multitailles\/160x120_800x600-opengraph-30701-30786.jpg"},"origine":{"url":"https:\/\/www.saint-brevin.com\/medias\/images\/prestations\/800x600-opengraph-30701-30786.jpg"}},"urlLien":"","typeLien":"","nofollow":"N","copyright":""},{"url":"https:\/\/www.saint-brevin.com\/medias\/images\/prestations\/800x600-capture-d-cran-2026-04-02-153446-30702-30787.jpg","chemin":"..\/medias\/images\/prestations\/800x600-capture-d-cran-2026-04-02-153446-30702-30787.jpg","libelle":"800x600-capture-d-cran-2026-04-02-153446-30702-30787","extension":"jpg","categorie":"","largeur":403,"theme":"","hauteur":503,"type":"Image","origine":"","liaisonPave":"","langue":"","id":"30787","urlVignette":"https:\/\/www.saint-brevin.com\/medias\/images\/prestations\/v-800x600-capture-d-cran-2026-04-02-153446-30702-30787.jpg","alt":"800x600-capture-d-cran-2026-04-02-153446-30702-30787","title":"800x600-capture-d-cran-2026-04-02-153446-30702-30787","MultiTaille":{"1920x1440":{"url":"https:\/\/www.saint-brevin.com\/medias\/images\/prestations\/multitailles\/1920x1440_800x600-capture-d-cran-2026-04-02-153446-30702-30787.jpg"},"1200x900":{"url":"https:\/\/www.saint-brevin.com\/medias\/images\/prestations\/multitailles\/1200x900_800x600-capture-d-cran-2026-04-02-153446-30702-30787.jpg"},"800x600":{"url":"https:\/\/www.saint-brevin.com\/medias\/images\/prestations\/multitailles\/800x600_800x600-capture-d-cran-2026-04-02-153446-30702-30787.jpg"},"640x480":{"url":"https:\/\/www.saint-brevin.com\/medias\/images\/prestations\/multitailles\/640x480_800x600-capture-d-cran-2026-04-02-153446-30702-30787.jpg"},"320x240":{"url":"https:\/\/www.saint-brevin.com\/medias\/images\/prestations\/multitailles\/320x240_800x600-capture-d-cran-2026-04-02-153446-30702-30787.jpg"},"160x120":{"url":"https:\/\/www.saint-brevin.com\/medias\/images\/prestations\/multitailles\/160x120_800x600-capture-d-cran-2026-04-02-153446-30702-30787.jpg"},"origine":{"url":"https:\/\/www.saint-brevin.com\/medias\/images\/prestations\/800x600-capture-d-cran-2026-04-02-153446-30702-30787.jpg"}},"urlLien":"","typeLien":"","nofollow":"N","copyright":""},{"url":"https:\/\/www.saint-brevin.com\/medias\/images\/prestations\/capture-d-cran-2026-04-10-175114-30788.jpg","chemin":"..\/medias\/images\/prestations\/capture-d-cran-2026-04-10-175114-30788.jpg","libelle":"capture-d-cran-2026-04-10-175114-30788","extension":"jpg","categorie":"","largeur":729,"theme":"","hauteur":512,"type":"Image","origine":"","liaisonPave":"","langue":"","id":"30788","urlVignette":"https:\/\/www.saint-brevin.com\/medias\/images\/prestations\/v-capture-d-cran-2026-04-10-175114-30788.jpg","alt":"capture-d-cran-2026-04-10-175114-30788","title":"capture-d-cran-2026-04-10-175114-30788","MultiTaille":{"1920x1440":{"url":"https:\/\/www.saint-brevin.com\/medias\/images\/prestations\/multitailles\/1920x1440_capture-d-cran-2026-04-10-175114-30788.jpg"},"1200x900":{"url":"https:\/\/www.saint-brevin.com\/medias\/images\/prestations\/multitailles\/1200x900_capture-d-cran-2026-04-10-175114-30788.jpg"},"800x600":{"url":"https:\/\/www.saint-brevin.com\/medias\/images\/prestations\/multitailles\/800x600_capture-d-cran-2026-04-10-175114-30788.jpg"},"640x480":{"url":"https:\/\/www.saint-brevin.com\/medias\/images\/prestations\/multitailles\/640x480_capture-d-cran-2026-04-10-175114-30788.jpg"},"320x240":{"url":"https:\/\/www.saint-brevin.com\/medias\/images\/prestations\/multitailles\/320x240_capture-d-cran-2026-04-10-175114-30788.jpg"},"160x120":{"url":"https:\/\/www.saint-brevin.com\/medias\/images\/prestations\/multitailles\/160x120_capture-d-cran-2026-04-10-175114-30788.jpg"},"origine":{"url":"https:\/\/www.saint-brevin.com\/medias\/images\/prestations\/capture-d-cran-2026-04-10-175114-30788.jpg"}},"urlLien":"","typeLien":"","nofollow":"N","copyright":""}]}},"DateDebPublication":"","DateFinPublication":"20260522","PrixAPartirDe":"","PrixPour":"","FicheListeEnCours":"fiche_liste_agenda_prestation_v2017","ParametresModele":{"AfficherPhotos":"1","NbPhotosMax":6,"AfficherReserver":0,"AfficherContact":0,"AfficherSalle":1,"AfficherZoneGeo":0,"AfficherEnSavoirPlus":"1","AfficherUneSeuleOuverture":"1","AfficherContactCarte":0,"AfficherTarifsChaudAPartirDe":0,"AfficherTarifChaudSansRecherche":0,"AfficherLiensCarnetVoyage":"1","AfficherOuverture":"1","BlocCritereInfo":{"critere1":{"libelle":""},"critere2":{"libelle":""},"critere3":{"libelle":""},"critere4":{"libelle":""},"critere5":{"libelle":""},"critere6":{"libelle":""},"critere7":{"libelle":"","liste_critere":["COMMUNES|Y"]},"critere8":{"libelle":""},"critere9":{"libelle":""},"afficherpictoetpaslibelle":"1"},"CriteresComportementResa":"|RESABILLET[RESAENLIGNE|","PositionBloc":"GALLERIE|NOM|OUVERTURES|CARNET_VOYAGE|URL|LIEN_RESERVER_DETAIL","TypePrestataire":"Y","ComportementResa":false,"ComportementDispo":false},"AffichageCoordonnees":[],"Coordonnees":{"Ville":"ST BREVIN LES PINS"},"ContexteId":"PRESTATION|Y|A0013PDL044V5040K5|FETEDELANATUREDECOUVERTEJARDIN","ContexteIdHtml":"PRESTATION-Y-A0013PDL044V5040K5-FETEDELANATUREDECOUVERTEJARDIN","cleContexte":"Y|A0013PDL044V5040K5|FETEDELANATUREDECOUVERTEJARDIN","Bloc":{"texte1":"","texte3":"","critere1":{"libelle":"","contenu":[]},"critere2":{"libelle":"","contenu":[]},"critere3":{"libelle":"","contenu":[]},"critere4":{"libelle":"","contenu":[]},"critere5":{"libelle":"","contenu":[]},"critere6":{"libelle":"","contenu":[]},"critere7":{"libelle":"","contenu":[]},"critere8":{"libelle":"","contenu":[]},"critere9":{"libelle":"","contenu":[]}},"libelleDuPrestataire":"","vuePrestataire":{"pave1":{"libelle":"Descriptif","contenu":""},"pave2":{"libelle":"","contenu":""},"pave3":{"libelle":"","contenu":""},"pave4":{"libelle":"","contenu":""},"pave5":{"libelle":"","contenu":""},"pave6":{"libelle":"","contenu":""},"pave7":{"libelle":"","contenu":""},"pave8":{"libelle":"","contenu":""},"pave9":{"libelle":"","contenu":""},"pave10":{"libelle":"","contenu":""},"pave11":{"libelle":"","contenu":""},"pave12":{"libelle":"","contenu":""},"pave13":{"libelle":"","contenu":""},"pave14":{"libelle":"","contenu":""},"pave15":{"libelle":"","contenu":""},"pave16":{"libelle":"","contenu":""},"pave17":{"libelle":"","contenu":""},"pave18":{"libelle":"","contenu":""},"pave19":{"libelle":"","contenu":""},"pave20":{"libelle":"","contenu":""},"pave21":{"libelle":"","contenu":""},"pave22":{"libelle":"","contenu":""},"pave23":{"libelle":"","contenu":""},"pave24":{"libelle":"","contenu":""},"pave25":{"libelle":"","contenu":""},"Libelle":"Association Retz'activit\u00e9s","Nom":"Association Retz'activit\u00e9s","Prenom":"","NomPrenom":"Association Retz'activit\u00e9s ","CiviliteNomPrenom":"Association Retz'activit\u00e9s ","Cle":"Y|A0013PDL044V5040K5","PrestataireParent":"","ContexteStat":"PRESTATAIRE-Y-A0013PDL044V5040K5","DateModificationIso":"2023-06-01T17:05:00+02:00","Type":"PRESTATAIRE","TypePrestataire":"Y","Adresse":{"LigneAdresse1":"31 avenue Jules Verne","LigneAdresse2":"","LigneAdresse3":"","CodePostal":"44250","Ville":"ST BREVIN LES PINS","Cedex":"","Etat":"","Pays":"FRA"},"Email":"association@retzactivites.net ","Telephone":"07 49 39 89 50","TelephoneBureau":"","Portable":"","SiteWeb":"http:\/\/www.retzactivites.net\/pages\/les-ateliers\/atelier-jardin.html","Fax":"","Id":"y-a0013pdl044v5040k5","Code":"Y|A0013PDL044V5040K5","Fichier":{"Image":[{"url":"https:\/\/www.saint-brevin.com\/medias\/images\/prestataires\/corsept-atelier-particuliers-8166.png","chemin":"..\/medias\/images\/prestataires\/corsept-atelier-particuliers-8166.png","libelle":"corsept-atelier-particuliers-8166","extension":"png","categorie":"","largeur":1414,"theme":"","hauteur":2000,"type":"Image","origine":"","liaisonPave":"","langue":"","id":"8166","urlVignette":"https:\/\/www.saint-brevin.com\/medias\/images\/prestataires\/v-corsept-atelier-particuliers-8166.png","alt":"corsept-atelier-particuliers-8166","title":"corsept-atelier-particuliers-8166","MultiTaille":{"1920x1440":{"url":"https:\/\/www.saint-brevin.com\/medias\/images\/prestataires\/multitailles\/1920x1440_corsept-atelier-particuliers-8166.png"},"1200x900":{"url":"https:\/\/www.saint-brevin.com\/medias\/images\/prestataires\/multitailles\/1200x900_corsept-atelier-particuliers-8166.png"},"800x600":{"url":"https:\/\/www.saint-brevin.com\/medias\/images\/prestataires\/multitailles\/800x600_corsept-atelier-particuliers-8166.png"},"640x480":{"url":"https:\/\/www.saint-brevin.com\/medias\/images\/prestataires\/multitailles\/640x480_corsept-atelier-particuliers-8166.png"},"320x240":{"url":"https:\/\/www.saint-brevin.com\/medias\/images\/prestataires\/multitailles\/320x240_corsept-atelier-particuliers-8166.png"},"160x120":{"url":"https:\/\/www.saint-brevin.com\/medias\/images\/prestataires\/multitailles\/160x120_corsept-atelier-particuliers-8166.png"},"origine":{"url":"https:\/\/www.saint-brevin.com\/medias\/images\/prestataires\/corsept-atelier-particuliers-8166.png"}},"urlLien":"","typeLien":"","nofollow":"N","copyright":""},{"url":"https:\/\/www.saint-brevin.com\/medias\/images\/prestataires\/766px-cc-sud-estuaire-svg-1552-2503.png","chemin":"..\/medias\/images\/prestataires\/766px-cc-sud-estuaire-svg-1552-2503.png","libelle":"766px-cc-sud-estuaire-svg-1552","extension":"png","categorie":"","largeur":766,"theme":"","hauteur":595,"type":"Image","origine":"","liaisonPave":"","langue":"","id":"2503","urlVignette":"https:\/\/www.saint-brevin.com\/medias\/images\/prestataires\/v-766px-cc-sud-estuaire-svg-1552-2503.png","alt":"766px-cc-sud-estuaire-svg-1552","title":"766px-cc-sud-estuaire-svg-1552","MultiTaille":{"1920x1440":{"url":"https:\/\/www.saint-brevin.com\/medias\/images\/prestataires\/multitailles\/1920x1440_766px-cc-sud-estuaire-svg-1552-2503.png"},"1200x900":{"url":"https:\/\/www.saint-brevin.com\/medias\/images\/prestataires\/multitailles\/1200x900_766px-cc-sud-estuaire-svg-1552-2503.png"},"800x600":{"url":"https:\/\/www.saint-brevin.com\/medias\/images\/prestataires\/multitailles\/800x600_766px-cc-sud-estuaire-svg-1552-2503.png"},"640x480":{"url":"https:\/\/www.saint-brevin.com\/medias\/images\/prestataires\/multitailles\/640x480_766px-cc-sud-estuaire-svg-1552-2503.png"},"320x240":{"url":"https:\/\/www.saint-brevin.com\/medias\/images\/prestataires\/multitailles\/320x240_766px-cc-sud-estuaire-svg-1552-2503.png"},"160x120":{"url":"https:\/\/www.saint-brevin.com\/medias\/images\/prestataires\/multitailles\/160x120_766px-cc-sud-estuaire-svg-1552-2503.png"},"origine":{"url":"https:\/\/www.saint-brevin.com\/medias\/images\/prestataires\/766px-cc-sud-estuaire-svg-1552-2503.png"}},"urlLien":"","typeLien":"|","nofollow":"N","copyright":""}],"ByCategorie":{"":[{"url":"https:\/\/www.saint-brevin.com\/medias\/images\/prestataires\/corsept-atelier-particuliers-8166.png","chemin":"..\/medias\/images\/prestataires\/corsept-atelier-particuliers-8166.png","libelle":"corsept-atelier-particuliers-8166","extension":"png","categorie":"","largeur":1414,"theme":"","hauteur":2000,"type":"Image","origine":"","liaisonPave":"","langue":"","id":"8166","urlVignette":"https:\/\/www.saint-brevin.com\/medias\/images\/prestataires\/v-corsept-atelier-particuliers-8166.png","alt":"corsept-atelier-particuliers-8166","title":"corsept-atelier-particuliers-8166","MultiTaille":{"1920x1440":{"url":"https:\/\/www.saint-brevin.com\/medias\/images\/prestataires\/multitailles\/1920x1440_corsept-atelier-particuliers-8166.png"},"1200x900":{"url":"https:\/\/www.saint-brevin.com\/medias\/images\/prestataires\/multitailles\/1200x900_corsept-atelier-particuliers-8166.png"},"800x600":{"url":"https:\/\/www.saint-brevin.com\/medias\/images\/prestataires\/multitailles\/800x600_corsept-atelier-particuliers-8166.png"},"640x480":{"url":"https:\/\/www.saint-brevin.com\/medias\/images\/prestataires\/multitailles\/640x480_corsept-atelier-particuliers-8166.png"},"320x240":{"url":"https:\/\/www.saint-brevin.com\/medias\/images\/prestataires\/multitailles\/320x240_corsept-atelier-particuliers-8166.png"},"160x120":{"url":"https:\/\/www.saint-brevin.com\/medias\/images\/prestataires\/multitailles\/160x120_corsept-atelier-particuliers-8166.png"},"origine":{"url":"https:\/\/www.saint-brevin.com\/medias\/images\/prestataires\/corsept-atelier-particuliers-8166.png"}},"urlLien":"","typeLien":"","nofollow":"N","copyright":""},{"url":"https:\/\/www.saint-brevin.com\/medias\/images\/prestataires\/766px-cc-sud-estuaire-svg-1552-2503.png","chemin":"..\/medias\/images\/prestataires\/766px-cc-sud-estuaire-svg-1552-2503.png","libelle":"766px-cc-sud-estuaire-svg-1552","extension":"png","categorie":"","largeur":766,"theme":"","hauteur":595,"type":"Image","origine":"","liaisonPave":"","langue":"","id":"2503","urlVignette":"https:\/\/www.saint-brevin.com\/medias\/images\/prestataires\/v-766px-cc-sud-estuaire-svg-1552-2503.png","alt":"766px-cc-sud-estuaire-svg-1552","title":"766px-cc-sud-estuaire-svg-1552","MultiTaille":{"1920x1440":{"url":"https:\/\/www.saint-brevin.com\/medias\/images\/prestataires\/multitailles\/1920x1440_766px-cc-sud-estuaire-svg-1552-2503.png"},"1200x900":{"url":"https:\/\/www.saint-brevin.com\/medias\/images\/prestataires\/multitailles\/1200x900_766px-cc-sud-estuaire-svg-1552-2503.png"},"800x600":{"url":"https:\/\/www.saint-brevin.com\/medias\/images\/prestataires\/multitailles\/800x600_766px-cc-sud-estuaire-svg-1552-2503.png"},"640x480":{"url":"https:\/\/www.saint-brevin.com\/medias\/images\/prestataires\/multitailles\/640x480_766px-cc-sud-estuaire-svg-1552-2503.png"},"320x240":{"url":"https:\/\/www.saint-brevin.com\/medias\/images\/prestataires\/multitailles\/320x240_766px-cc-sud-estuaire-svg-1552-2503.png"},"160x120":{"url":"https:\/\/www.saint-brevin.com\/medias\/images\/prestataires\/multitailles\/160x120_766px-cc-sud-estuaire-svg-1552-2503.png"},"origine":{"url":"https:\/\/www.saint-brevin.com\/medias\/images\/prestataires\/766px-cc-sud-estuaire-svg-1552-2503.png"}},"urlLien":"","typeLien":"|","nofollow":"N","copyright":""}]}},"Url":"","Localisation":{"GoogleMap":{"Latitude":"47.28695","Longitude":"-2.02562"}},"ZoneGeo":"","Criteres":[],"DateFinPublication":"","AffichageCoordonnees":[]},"listeCriteres":{"LIEUMANIF":{"SAINTBREVIN":""},"TYPEDEPROGRAMMATION":{"FTEDELANATURE":""},"CATEGORIEANIMATION":{"ATELIER":"","SALON":""},"THEME":{"NATUREETENVIRONNEMENT":"","VEG":""},"ICA":{"DS":"1h30","ICATP":""},"ANIAH":{"ANINACC":""},"MODEPAIEMENT":{"GRATUIT":"","ENTREELIBRE":""},"TYPE":{"COMCOMSE":""},"MISEAJOURINGENIE":{"DATEDERNIEREMAJ":"20260410"},"MISEAJOURPAR":{"JOHANNA":""}},"dansCarnetVoyage":true,"Ouverture":["\u003Cp class=\"date\" \u003EVendredi 22 mai 2026\u003C\/p\u003E\u003Cp class=\"heure\" \u003Ede 09:30 \u00e0 12:00\u003C\/p\u003E"],"OuverturePasse":[],"OuvertureObjs":[{}],"OuvertureTab":[["20260522","20260522"]]},"html":" \n \u003Cdiv id=\"CV-PRESTATION-Y-A0013PDL044V5040K5-FETEDELANATUREDECOUVERTEJARDIN\" data-contexte-id=\"PRESTATION|Y|A0013PDL044V5040K5|FETEDELANATUREDECOUVERTEJARDIN\" data-cle=\"Y|A0013PDL044V5040K5|FETEDELANATUREDECOUVERTEJARDIN\" class=\"fiche-liste\"\u003E\n    \n\n    \u003C!-- partie photo --\u003E\n    \u003Cdiv class=\"photo\"\u003E\t\t\t\t\t\t\t\t\t\t\t\t\t\t\t\t\t\t\t\t\t\n        \u003Cdiv class=\"cadre_photo_principale\"\u003E\t\t\n        \n            \t\t\t\t\t\n                    \u003Ca href=\"fete-de-la-nature-decouvrez-le-jardin-partage-graines-d-envie.html?origine=carnet#media\"\u003E\n                        \u003Cimg class=\"photo_principale\" alt=\"800x600-opengraph-30701-30786\" src=\"https:\/\/www.saint-brevin.com\/medias\/images\/prestations\/multitailles\/320x240_800x600-opengraph-30701-30786.jpg\" itemprop=\"image\"\u003E\n                    \u003C\/a\u003E\t\t\t\t\t\t\n                \n                    \u003C\/div\u003E\t\t\t\t\t\t\t\t\t\t\t\t\t\t\t\t\t\t\t \t\t\n    \u003C\/div\u003E\n    \n    \u003C!-- partie nom prest --\u003E\n    \u003Cdiv class=\"nom\"\u003E\n        \u003Ch2\u003EF\u00eate de la Nature : D\u00e9couvrez le jardin partag\u00e9 Graines d'Envie\u003C\/h2\u003E\n        \n            \u003C\/div\u003E\n\n     \u003Cul style=\"display: none\" class=\"ouverture_list\"\u003E\u003Cli class=\"ouverture_item\"\u003E\u003Cp class=\"date\" \u003EVendredi 22 mai 2026\u003C\/p\u003E\u003Cp class=\"heure\" \u003Ede 09:30 \u00e0 12:00\u003C\/p\u003E\u003C\/li\u003E\u003C\/ul\u003E    \n    \u003C!-- partie adresse --\u003E\n    \u003Cdiv class=\"adresse\"\u003E\n    \n          \n    \u003C\/div\u003E\n    \n    \u003C!-- partie liens --\u003E\n    \u003Cdiv class=\"liens\"\u003E\n            \u003Ca class=\"btn-icon btn-view \" title=\"Voir la fiche d\u00e9taill\u00e9e\" href=\"fete-de-la-nature-decouvrez-le-jardin-partage-graines-d-envie.html?origine=carnet\"\u003E\u003C\/a\u003E\u003C!--\u003Ca class=\"btn-icon btn-view \" title=\"\" href=\"?origine=carnet#thaut\"\u003E\u003C\/a\u003E--\u003E\n      \u003Ca class=\"btn-icon btn-trash carnet_voyage_supprimer\" title=\"Supprimer cette fiche de mon carnet de voyage\" href=\"carnet-voyage?action=remove&fiche=Y|A0013PDL044V5040K5|FETEDELANATUREDECOUVERTEJARDIN\"\u003E\u003C\/a\u003E\n    \u003C\/div\u003E\n\n\u003C\/div\u003E\n\n","icon":"https:\/\/static.ingenie.fr\/images\/carnetVoyageV3\/Y.png"},"fiche":"Y|A0013PDL044V5040K5|FETEDELANATUREDECOUVERTEJARDIN","popup":"\u003Cdiv id=\"bloc_popup_ajout_fiche_carnet\"\u003E\n    \u003Cdiv class=\"info_popup_ajout_fiche_carnet\"\u003E\n        Vous venez d'ajouter cet \u00e9l\u00e9ment \u00e0 votre carnet de voyage :    \u003C\/div\u003E\n    \u003Cdiv class=\"prest_popup_ajout_fiche_carnet\"\u003E\n        F&ecirc;te de la Nature : D&eacute;couvrez le jardin partag&eacute; Graines d&#039;Envie    \u003C\/div\u003E\n    \u003Cdiv class=\"bloc_btn_ajout_fiche_carnet form_submit_div\"\u003E\n        \u003Cinput type=\"button\" value=\"Continuer ma s\u00e9lection\" title=\"Continuer ma s\u00e9lection\" name=\"btn_close\" class=\"btn_close_popup_carnet form_submit\" onclick=\"$.colorbox.close()\" \/\u003E\n        \u003Cinput type=\"button\" value=\"Voir mon carnet de voyage\" title=\"Voir mon carnet\" name=\"btn_panier\" class=\"btn_panier_popup_carnet form_submit\" onclick=\"if(typeof CarnetVoyage != 'undefined') {CarnetVoyage.voirCarnet();}\" \/\u003E\n    \u003C\/div\u003E\n    \u003Cdiv class=\"bloc_btn_ajout_fiche_carnet\"\u003E\n        \u003Cinput type=\"checkbox\" value=\"1\" name=\"desactiver_popup\" id=\"desactiver_popup\" \/\u003E\n        \u003Clabel for=\"desactiver_popup\"\u003ENe plus afficher ce message\u003C\/label\u003E\n    \u003C\/div\u003E\n\u003C\/div\u003E","success":1}