{"nbFiches":1,"dataPrest":{"infoPrest":{"pave1":{"libelle":"Slogan","contenu":"","fichiers":[]},"pave2":{"libelle":"Descriptif","contenu":"\u003Cbr \/\u003E\r\n\u003Cstrong\u003EConcert audition de musique baroque\u003C\/strong\u003E\u003Cbr \/\u003E\r\n\u003Cbr \/\u003E\r\nLes professeurs et les &eacute;l&egrave;ves de l&rsquo;&eacute;cole intercommunale de musique vous font d&eacute;couvrir ou red&eacute;couvrir la musique baroque, son style et son langage.\u003Cbr \/\u003E\r\nDans la belle acoustique de la chapelle Saint-Charles de Paimb&oelig;uf, laissez-vous porter par un r&eacute;pertoire riche et harmonieux, entre tradition et &eacute;motion !\u003Cbr \/\u003E\r\n\u003Cbr \/\u003E\r\nGratuit.\u003Cbr \/\u003E\r\nLe concert est ouvert &agrave; tous, dans la limite des places disponibles.\u003Cbr \/\u003E\r\n\u003Cbr \/\u003E\r\n&nbsp;\r\n\u003Cdiv style=\"text-align: center;\"\u003E\u003Ca href=\"https:\/\/www.billetweb.fr\/concert-audition-de-musique-baroque&amp;multi=41266&amp;margin=no_margin&amp;ref=41266&amp;color=FD8907&amp;parent=eimsudestuaire&amp;margin=no_margin&amp;ref=41266&amp;color=FD8907&amp;from_multi=1\" target=\"_blank\"\u003E\u003Cspan style=\"font-size:22px;\"\u003E\u003Cstrong\u003E\u003Cspan style=\"color:#008080;\"\u003E\u200b\u003C\/span\u003E\u003C\/strong\u003E\u003C\/span\u003E\u003C\/a\u003E\u003Cspan style=\"font-size:22px;\"\u003E\u003Cstrong\u003E\u003Ca href=\"https:\/\/www.billetweb.fr\/concert-audition-de-musique-baroque&amp;multi=41266&amp;margin=no_margin&amp;ref=41266&amp;color=FD8907&amp;parent=eimsudestuaire&amp;margin=no_margin&amp;ref=41266&amp;color=FD8907&amp;from_multi=1\" target=\"_blank\"\u003E\u003Cspan style=\"color:#008080;\"\u003EBilletterie en ligne\u003C\/span\u003E\u003C\/a\u003E\u003Ca href=\"https:\/\/www.billetweb.fr\/concert-audition-de-musique-baroque&amp;multi=41266&amp;margin=no_margin&amp;ref=41266&amp;color=FD8907&amp;parent=eimsudestuaire&amp;margin=no_margin&amp;ref=41266&amp;color=FD8907&amp;from_multi=1\" target=\"_blank\"\u003E\u003Cspan style=\"color:#008080;\"\u003E ICI\u003C\/span\u003E\u003C\/a\u003E\u003C\/strong\u003E\u003C\/span\u003E\u003C\/div\u003E\r\n","fichiers":[]},"pave3":{"libelle":"","contenu":""},"pave4":{"libelle":"","contenu":""},"pave5":{"libelle":"","contenu":""},"pave6":{"libelle":"","contenu":""},"pave7":{"libelle":"","contenu":""},"pave8":{"libelle":"","contenu":""},"pave9":{"libelle":"","contenu":""},"pave10":{"libelle":"","contenu":""},"pave11":{"libelle":"","contenu":""},"pave12":{"libelle":"","contenu":""},"pave13":{"libelle":"","contenu":""},"pave14":{"libelle":"","contenu":""},"pave15":{"libelle":"","contenu":""},"pave16":{"libelle":"","contenu":""},"pave17":{"libelle":"","contenu":""},"pave18":{"libelle":"","contenu":""},"pave19":{"libelle":"","contenu":""},"pave20":{"libelle":"","contenu":""},"pave21":{"libelle":"","contenu":""},"pave22":{"libelle":"","contenu":""},"pave23":{"libelle":"","contenu":""},"pave24":{"libelle":"","contenu":""},"pave25":{"libelle":"","contenu":""},"Libelle":"Concert audition de musique baroque","Reference":"","Reftar":"","Type":"PRESTATION","TypePrestataire":"Y","ContexteStat":"PRESTATION-Y-A0013PDL044V5040K5-CONCERTAUDITIONDEMUSIQUEBA","DateModificationIso":"2026-04-29T17:18:00+02:00","Adresse":{"LigneAdresse1":"Chapelle Saint-Charles","LigneAdresse2":"Place Marcel Daniel","LigneAdresse3":"","CodePostal":"44560","Ville":"PAIMBOEUF","Cedex":"","Etat":"","Pays":"FRA"},"Id":"y-a0013pdl044v5040k5-concertauditiondemusiqueba","Code":"Y|A0013PDL044V5040K5|CONCERTAUDITIONDEMUSIQUEBA","Cle":"Y|A0013PDL044V5040K5|CONCERTAUDITIONDEMUSIQUEBA","Url":"concert-audition-de-musique-baroque.html","Localisation":{"GoogleMap":{"Latitude":"47.28825","Longitude":"-2.03264"}},"ZoneGeo":"","Criteres":{"RESABILLET[RESAENLIGNE":"","LIEUMANIF[PAIMBOEUF":"","CATEGORIEANIMATION[CONCER":"","DETAILCONCERTSPECTACLE[CLASS":"","ICA[SA":"","ICA[PLAL":"","ICA[ICATP":"","ANIAH[ANIACC":"","GANIMA[GANIMNON":"","MODEPAIEMENT[GRATUIT":"","YVEL[REWEB":"","TYPE[COMCOMSE":"","MISEAJOURINGENIE[DATEDERNIEREMAJ":"20260429","MISEAJOURPAR[JOHANNA":""},"Prestataire":{"pave1":{"libelle":"Descriptif","contenu":""},"pave2":{"libelle":"","contenu":""},"pave3":{"libelle":"","contenu":""},"pave4":{"libelle":"","contenu":""},"pave5":{"libelle":"","contenu":""},"pave6":{"libelle":"","contenu":""},"pave7":{"libelle":"","contenu":""},"pave8":{"libelle":"","contenu":""},"pave9":{"libelle":"","contenu":""},"pave10":{"libelle":"","contenu":""},"pave11":{"libelle":"","contenu":""},"pave12":{"libelle":"","contenu":""},"pave13":{"libelle":"","contenu":""},"pave14":{"libelle":"","contenu":""},"pave15":{"libelle":"","contenu":""},"pave16":{"libelle":"","contenu":""},"pave17":{"libelle":"","contenu":""},"pave18":{"libelle":"","contenu":""},"pave19":{"libelle":"","contenu":""},"pave20":{"libelle":"","contenu":""},"pave21":{"libelle":"","contenu":""},"pave22":{"libelle":"","contenu":""},"pave23":{"libelle":"","contenu":""},"pave24":{"libelle":"","contenu":""},"pave25":{"libelle":"","contenu":""},"Libelle":"Communaut\u00e9 de Communes du Sud Estuaire","Nom":"Communaut\u00e9 de Communes du Sud Estuaire","Prenom":"","NomPrenom":"Communaut\u00e9 de Communes du Sud Estuaire ","CiviliteNomPrenom":"Communaut\u00e9 de Communes du Sud Estuaire ","Cle":"Y|A0013PDL044V5040K5","PrestataireParent":"","ContexteStat":"PRESTATAIRE-Y-A0013PDL044V5040K5","DateModificationIso":"2023-06-01T17:05:00+02:00","Type":"PRESTATAIRE","TypePrestataire":"Y","Adresse":{"LigneAdresse1":"6 boulevard Dumesnildot","LigneAdresse2":"","LigneAdresse3":"","CodePostal":"44560","Ville":"PAIMBOEUF","Cedex":"","Etat":"","Pays":"FRA"},"Email":"info@cc-sudestuaire.fr","Telephone":"0240277012","TelephoneBureau":"","Portable":"","SiteWeb":"http:\/\/www.cc-sudestuaire.fr","Fax":"","Id":"y-a0013pdl044v5040k5","Code":"Y|A0013PDL044V5040K5","Fichier":{"Image":[{"url":"https:\/\/www.saint-brevin.com\/medias\/images\/prestataires\/corsept-atelier-particuliers-8166.png","chemin":"..\/medias\/images\/prestataires\/corsept-atelier-particuliers-8166.png","libelle":"corsept-atelier-particuliers-8166","extension":"png","categorie":"","largeur":1414,"theme":"","hauteur":2000,"type":"Image","origine":"","liaisonPave":"","langue":"","id":"8166","urlVignette":"https:\/\/www.saint-brevin.com\/medias\/images\/prestataires\/v-corsept-atelier-particuliers-8166.png","alt":"corsept-atelier-particuliers-8166","title":"corsept-atelier-particuliers-8166","MultiTaille":{"1920x1440":{"url":"https:\/\/www.saint-brevin.com\/medias\/images\/prestataires\/multitailles\/1920x1440_corsept-atelier-particuliers-8166.png"},"1200x900":{"url":"https:\/\/www.saint-brevin.com\/medias\/images\/prestataires\/multitailles\/1200x900_corsept-atelier-particuliers-8166.png"},"800x600":{"url":"https:\/\/www.saint-brevin.com\/medias\/images\/prestataires\/multitailles\/800x600_corsept-atelier-particuliers-8166.png"},"640x480":{"url":"https:\/\/www.saint-brevin.com\/medias\/images\/prestataires\/multitailles\/640x480_corsept-atelier-particuliers-8166.png"},"320x240":{"url":"https:\/\/www.saint-brevin.com\/medias\/images\/prestataires\/multitailles\/320x240_corsept-atelier-particuliers-8166.png"},"160x120":{"url":"https:\/\/www.saint-brevin.com\/medias\/images\/prestataires\/multitailles\/160x120_corsept-atelier-particuliers-8166.png"},"origine":{"url":"https:\/\/www.saint-brevin.com\/medias\/images\/prestataires\/corsept-atelier-particuliers-8166.png"}},"urlLien":"","typeLien":"","nofollow":"N","copyright":""},{"url":"https:\/\/www.saint-brevin.com\/medias\/images\/prestataires\/766px-cc-sud-estuaire-svg-1552-2503.png","chemin":"..\/medias\/images\/prestataires\/766px-cc-sud-estuaire-svg-1552-2503.png","libelle":"766px-cc-sud-estuaire-svg-1552","extension":"png","categorie":"","largeur":766,"theme":"","hauteur":595,"type":"Image","origine":"","liaisonPave":"","langue":"","id":"2503","urlVignette":"https:\/\/www.saint-brevin.com\/medias\/images\/prestataires\/v-766px-cc-sud-estuaire-svg-1552-2503.png","alt":"766px-cc-sud-estuaire-svg-1552","title":"766px-cc-sud-estuaire-svg-1552","MultiTaille":{"1920x1440":{"url":"https:\/\/www.saint-brevin.com\/medias\/images\/prestataires\/multitailles\/1920x1440_766px-cc-sud-estuaire-svg-1552-2503.png"},"1200x900":{"url":"https:\/\/www.saint-brevin.com\/medias\/images\/prestataires\/multitailles\/1200x900_766px-cc-sud-estuaire-svg-1552-2503.png"},"800x600":{"url":"https:\/\/www.saint-brevin.com\/medias\/images\/prestataires\/multitailles\/800x600_766px-cc-sud-estuaire-svg-1552-2503.png"},"640x480":{"url":"https:\/\/www.saint-brevin.com\/medias\/images\/prestataires\/multitailles\/640x480_766px-cc-sud-estuaire-svg-1552-2503.png"},"320x240":{"url":"https:\/\/www.saint-brevin.com\/medias\/images\/prestataires\/multitailles\/320x240_766px-cc-sud-estuaire-svg-1552-2503.png"},"160x120":{"url":"https:\/\/www.saint-brevin.com\/medias\/images\/prestataires\/multitailles\/160x120_766px-cc-sud-estuaire-svg-1552-2503.png"},"origine":{"url":"https:\/\/www.saint-brevin.com\/medias\/images\/prestataires\/766px-cc-sud-estuaire-svg-1552-2503.png"}},"urlLien":"","typeLien":"|","nofollow":"N","copyright":""}],"ByCategorie":{"":[{"url":"https:\/\/www.saint-brevin.com\/medias\/images\/prestataires\/corsept-atelier-particuliers-8166.png","chemin":"..\/medias\/images\/prestataires\/corsept-atelier-particuliers-8166.png","libelle":"corsept-atelier-particuliers-8166","extension":"png","categorie":"","largeur":1414,"theme":"","hauteur":2000,"type":"Image","origine":"","liaisonPave":"","langue":"","id":"8166","urlVignette":"https:\/\/www.saint-brevin.com\/medias\/images\/prestataires\/v-corsept-atelier-particuliers-8166.png","alt":"corsept-atelier-particuliers-8166","title":"corsept-atelier-particuliers-8166","MultiTaille":{"1920x1440":{"url":"https:\/\/www.saint-brevin.com\/medias\/images\/prestataires\/multitailles\/1920x1440_corsept-atelier-particuliers-8166.png"},"1200x900":{"url":"https:\/\/www.saint-brevin.com\/medias\/images\/prestataires\/multitailles\/1200x900_corsept-atelier-particuliers-8166.png"},"800x600":{"url":"https:\/\/www.saint-brevin.com\/medias\/images\/prestataires\/multitailles\/800x600_corsept-atelier-particuliers-8166.png"},"640x480":{"url":"https:\/\/www.saint-brevin.com\/medias\/images\/prestataires\/multitailles\/640x480_corsept-atelier-particuliers-8166.png"},"320x240":{"url":"https:\/\/www.saint-brevin.com\/medias\/images\/prestataires\/multitailles\/320x240_corsept-atelier-particuliers-8166.png"},"160x120":{"url":"https:\/\/www.saint-brevin.com\/medias\/images\/prestataires\/multitailles\/160x120_corsept-atelier-particuliers-8166.png"},"origine":{"url":"https:\/\/www.saint-brevin.com\/medias\/images\/prestataires\/corsept-atelier-particuliers-8166.png"}},"urlLien":"","typeLien":"","nofollow":"N","copyright":""},{"url":"https:\/\/www.saint-brevin.com\/medias\/images\/prestataires\/766px-cc-sud-estuaire-svg-1552-2503.png","chemin":"..\/medias\/images\/prestataires\/766px-cc-sud-estuaire-svg-1552-2503.png","libelle":"766px-cc-sud-estuaire-svg-1552","extension":"png","categorie":"","largeur":766,"theme":"","hauteur":595,"type":"Image","origine":"","liaisonPave":"","langue":"","id":"2503","urlVignette":"https:\/\/www.saint-brevin.com\/medias\/images\/prestataires\/v-766px-cc-sud-estuaire-svg-1552-2503.png","alt":"766px-cc-sud-estuaire-svg-1552","title":"766px-cc-sud-estuaire-svg-1552","MultiTaille":{"1920x1440":{"url":"https:\/\/www.saint-brevin.com\/medias\/images\/prestataires\/multitailles\/1920x1440_766px-cc-sud-estuaire-svg-1552-2503.png"},"1200x900":{"url":"https:\/\/www.saint-brevin.com\/medias\/images\/prestataires\/multitailles\/1200x900_766px-cc-sud-estuaire-svg-1552-2503.png"},"800x600":{"url":"https:\/\/www.saint-brevin.com\/medias\/images\/prestataires\/multitailles\/800x600_766px-cc-sud-estuaire-svg-1552-2503.png"},"640x480":{"url":"https:\/\/www.saint-brevin.com\/medias\/images\/prestataires\/multitailles\/640x480_766px-cc-sud-estuaire-svg-1552-2503.png"},"320x240":{"url":"https:\/\/www.saint-brevin.com\/medias\/images\/prestataires\/multitailles\/320x240_766px-cc-sud-estuaire-svg-1552-2503.png"},"160x120":{"url":"https:\/\/www.saint-brevin.com\/medias\/images\/prestataires\/multitailles\/160x120_766px-cc-sud-estuaire-svg-1552-2503.png"},"origine":{"url":"https:\/\/www.saint-brevin.com\/medias\/images\/prestataires\/766px-cc-sud-estuaire-svg-1552-2503.png"}},"urlLien":"","typeLien":"|","nofollow":"N","copyright":""}]}},"Url":"","Localisation":{"GoogleMap":{"Latitude":"47.28695","Longitude":"-2.02562"}},"ZoneGeo":"","Criteres":[],"DateFinPublication":""},"Fichier":{"Image":[{"url":"https:\/\/www.saint-brevin.com\/medias\/images\/prestations\/capture-d-cran-2026-04-29-171814-30923.jpg","chemin":"..\/medias\/images\/prestations\/capture-d-cran-2026-04-29-171814-30923.jpg","libelle":"capture-d-cran-2026-04-29-171814-30923","extension":"jpg","categorie":"","largeur":682,"theme":"","hauteur":499,"type":"Image","origine":"","liaisonPave":"","langue":"","id":"30923","urlVignette":"https:\/\/www.saint-brevin.com\/medias\/images\/prestations\/v-capture-d-cran-2026-04-29-171814-30923.jpg","alt":"capture-d-cran-2026-04-29-171814-30923","title":"capture-d-cran-2026-04-29-171814-30923","MultiTaille":{"1920x1440":{"url":"https:\/\/www.saint-brevin.com\/medias\/images\/prestations\/multitailles\/1920x1440_capture-d-cran-2026-04-29-171814-30923.jpg"},"1200x900":{"url":"https:\/\/www.saint-brevin.com\/medias\/images\/prestations\/multitailles\/1200x900_capture-d-cran-2026-04-29-171814-30923.jpg"},"800x600":{"url":"https:\/\/www.saint-brevin.com\/medias\/images\/prestations\/multitailles\/800x600_capture-d-cran-2026-04-29-171814-30923.jpg"},"640x480":{"url":"https:\/\/www.saint-brevin.com\/medias\/images\/prestations\/multitailles\/640x480_capture-d-cran-2026-04-29-171814-30923.jpg"},"320x240":{"url":"https:\/\/www.saint-brevin.com\/medias\/images\/prestations\/multitailles\/320x240_capture-d-cran-2026-04-29-171814-30923.jpg"},"160x120":{"url":"https:\/\/www.saint-brevin.com\/medias\/images\/prestations\/multitailles\/160x120_capture-d-cran-2026-04-29-171814-30923.jpg"},"origine":{"url":"https:\/\/www.saint-brevin.com\/medias\/images\/prestations\/capture-d-cran-2026-04-29-171814-30923.jpg"}},"urlLien":"","typeLien":"","nofollow":"N","copyright":""}],"ByCategorie":{"":[{"url":"https:\/\/www.saint-brevin.com\/medias\/images\/prestations\/capture-d-cran-2026-04-29-171814-30923.jpg","chemin":"..\/medias\/images\/prestations\/capture-d-cran-2026-04-29-171814-30923.jpg","libelle":"capture-d-cran-2026-04-29-171814-30923","extension":"jpg","categorie":"","largeur":682,"theme":"","hauteur":499,"type":"Image","origine":"","liaisonPave":"","langue":"","id":"30923","urlVignette":"https:\/\/www.saint-brevin.com\/medias\/images\/prestations\/v-capture-d-cran-2026-04-29-171814-30923.jpg","alt":"capture-d-cran-2026-04-29-171814-30923","title":"capture-d-cran-2026-04-29-171814-30923","MultiTaille":{"1920x1440":{"url":"https:\/\/www.saint-brevin.com\/medias\/images\/prestations\/multitailles\/1920x1440_capture-d-cran-2026-04-29-171814-30923.jpg"},"1200x900":{"url":"https:\/\/www.saint-brevin.com\/medias\/images\/prestations\/multitailles\/1200x900_capture-d-cran-2026-04-29-171814-30923.jpg"},"800x600":{"url":"https:\/\/www.saint-brevin.com\/medias\/images\/prestations\/multitailles\/800x600_capture-d-cran-2026-04-29-171814-30923.jpg"},"640x480":{"url":"https:\/\/www.saint-brevin.com\/medias\/images\/prestations\/multitailles\/640x480_capture-d-cran-2026-04-29-171814-30923.jpg"},"320x240":{"url":"https:\/\/www.saint-brevin.com\/medias\/images\/prestations\/multitailles\/320x240_capture-d-cran-2026-04-29-171814-30923.jpg"},"160x120":{"url":"https:\/\/www.saint-brevin.com\/medias\/images\/prestations\/multitailles\/160x120_capture-d-cran-2026-04-29-171814-30923.jpg"},"origine":{"url":"https:\/\/www.saint-brevin.com\/medias\/images\/prestations\/capture-d-cran-2026-04-29-171814-30923.jpg"}},"urlLien":"","typeLien":"","nofollow":"N","copyright":""}]}},"DateDebPublication":"","DateFinPublication":"20260530","PrixAPartirDe":"","PrixPour":"","FicheListeEnCours":"fiche_liste_agenda_prestation_v2017","ParametresModele":{"AfficherPhotos":"1","NbPhotosMax":6,"AfficherReserver":"1","AfficherContact":0,"AfficherSalle":1,"AfficherZoneGeo":0,"AfficherEnSavoirPlus":"1","AfficherUneSeuleOuverture":"1","AfficherContactCarte":1,"AfficherTarifsChaudAPartirDe":0,"AfficherTarifChaudSansRecherche":0,"AfficherLiensCarnetVoyage":"1","AfficherOuverture":"1","BlocCritereInfo":{"critere1":{"libelle":""},"critere2":{"libelle":""},"critere3":{"libelle":""},"critere4":{"libelle":""},"critere5":{"libelle":""},"critere6":{"libelle":""},"critere7":{"libelle":"","liste_critere":["COMMUNES|Y"]},"critere8":{"libelle":""},"critere9":{"libelle":""},"afficherpictoetpaslibelle":"1"},"CriteresComportementResa":"|RESABILLET[RESAENLIGNE|","PositionBloc":"GALLERIE|NOM|OUVERTURES|CARNET_VOYAGE|URL|LIEN_RESERVER_DETAIL","TypePrestataire":"Y","ComportementResa":true,"ComportementDispo":false},"AffichageCoordonnees":[],"Coordonnees":{"Ville":"PAIMBOEUF"},"ContexteId":"PRESTATION|Y|A0013PDL044V5040K5|CONCERTAUDITIONDEMUSIQUEBA","ContexteIdHtml":"PRESTATION-Y-A0013PDL044V5040K5-CONCERTAUDITIONDEMUSIQUEBA","cleContexte":"Y|A0013PDL044V5040K5|CONCERTAUDITIONDEMUSIQUEBA","Bloc":{"texte1":"","texte3":"","critere1":{"libelle":"","contenu":[]},"critere2":{"libelle":"","contenu":[]},"critere3":{"libelle":"","contenu":[]},"critere4":{"libelle":"","contenu":[]},"critere5":{"libelle":"","contenu":[]},"critere6":{"libelle":"","contenu":[]},"critere7":{"libelle":"","contenu":[]},"critere8":{"libelle":"","contenu":[]},"critere9":{"libelle":"","contenu":[]}},"LocalisationGps":{"Latitude":"47.28825","Longitude":"-2.03264"},"libelleDuPrestataire":"","vuePrestataire":{"pave1":{"libelle":"Descriptif","contenu":""},"pave2":{"libelle":"","contenu":""},"pave3":{"libelle":"","contenu":""},"pave4":{"libelle":"","contenu":""},"pave5":{"libelle":"","contenu":""},"pave6":{"libelle":"","contenu":""},"pave7":{"libelle":"","contenu":""},"pave8":{"libelle":"","contenu":""},"pave9":{"libelle":"","contenu":""},"pave10":{"libelle":"","contenu":""},"pave11":{"libelle":"","contenu":""},"pave12":{"libelle":"","contenu":""},"pave13":{"libelle":"","contenu":""},"pave14":{"libelle":"","contenu":""},"pave15":{"libelle":"","contenu":""},"pave16":{"libelle":"","contenu":""},"pave17":{"libelle":"","contenu":""},"pave18":{"libelle":"","contenu":""},"pave19":{"libelle":"","contenu":""},"pave20":{"libelle":"","contenu":""},"pave21":{"libelle":"","contenu":""},"pave22":{"libelle":"","contenu":""},"pave23":{"libelle":"","contenu":""},"pave24":{"libelle":"","contenu":""},"pave25":{"libelle":"","contenu":""},"Libelle":"Communaut\u00e9 de Communes du Sud Estuaire","Nom":"Communaut\u00e9 de Communes du Sud Estuaire","Prenom":"","NomPrenom":"Communaut\u00e9 de Communes du Sud Estuaire ","CiviliteNomPrenom":"Communaut\u00e9 de Communes du Sud Estuaire ","Cle":"Y|A0013PDL044V5040K5","PrestataireParent":"","ContexteStat":"PRESTATAIRE-Y-A0013PDL044V5040K5","DateModificationIso":"2023-06-01T17:05:00+02:00","Type":"PRESTATAIRE","TypePrestataire":"Y","Adresse":{"LigneAdresse1":"6 boulevard Dumesnildot","LigneAdresse2":"","LigneAdresse3":"","CodePostal":"44560","Ville":"PAIMBOEUF","Cedex":"","Etat":"","Pays":"FRA"},"Email":"info@cc-sudestuaire.fr","Telephone":"0240277012","TelephoneBureau":"","Portable":"","SiteWeb":"http:\/\/www.cc-sudestuaire.fr","Fax":"","Id":"y-a0013pdl044v5040k5","Code":"Y|A0013PDL044V5040K5","Fichier":{"Image":[{"url":"https:\/\/www.saint-brevin.com\/medias\/images\/prestataires\/corsept-atelier-particuliers-8166.png","chemin":"..\/medias\/images\/prestataires\/corsept-atelier-particuliers-8166.png","libelle":"corsept-atelier-particuliers-8166","extension":"png","categorie":"","largeur":1414,"theme":"","hauteur":2000,"type":"Image","origine":"","liaisonPave":"","langue":"","id":"8166","urlVignette":"https:\/\/www.saint-brevin.com\/medias\/images\/prestataires\/v-corsept-atelier-particuliers-8166.png","alt":"corsept-atelier-particuliers-8166","title":"corsept-atelier-particuliers-8166","MultiTaille":{"1920x1440":{"url":"https:\/\/www.saint-brevin.com\/medias\/images\/prestataires\/multitailles\/1920x1440_corsept-atelier-particuliers-8166.png"},"1200x900":{"url":"https:\/\/www.saint-brevin.com\/medias\/images\/prestataires\/multitailles\/1200x900_corsept-atelier-particuliers-8166.png"},"800x600":{"url":"https:\/\/www.saint-brevin.com\/medias\/images\/prestataires\/multitailles\/800x600_corsept-atelier-particuliers-8166.png"},"640x480":{"url":"https:\/\/www.saint-brevin.com\/medias\/images\/prestataires\/multitailles\/640x480_corsept-atelier-particuliers-8166.png"},"320x240":{"url":"https:\/\/www.saint-brevin.com\/medias\/images\/prestataires\/multitailles\/320x240_corsept-atelier-particuliers-8166.png"},"160x120":{"url":"https:\/\/www.saint-brevin.com\/medias\/images\/prestataires\/multitailles\/160x120_corsept-atelier-particuliers-8166.png"},"origine":{"url":"https:\/\/www.saint-brevin.com\/medias\/images\/prestataires\/corsept-atelier-particuliers-8166.png"}},"urlLien":"","typeLien":"","nofollow":"N","copyright":""},{"url":"https:\/\/www.saint-brevin.com\/medias\/images\/prestataires\/766px-cc-sud-estuaire-svg-1552-2503.png","chemin":"..\/medias\/images\/prestataires\/766px-cc-sud-estuaire-svg-1552-2503.png","libelle":"766px-cc-sud-estuaire-svg-1552","extension":"png","categorie":"","largeur":766,"theme":"","hauteur":595,"type":"Image","origine":"","liaisonPave":"","langue":"","id":"2503","urlVignette":"https:\/\/www.saint-brevin.com\/medias\/images\/prestataires\/v-766px-cc-sud-estuaire-svg-1552-2503.png","alt":"766px-cc-sud-estuaire-svg-1552","title":"766px-cc-sud-estuaire-svg-1552","MultiTaille":{"1920x1440":{"url":"https:\/\/www.saint-brevin.com\/medias\/images\/prestataires\/multitailles\/1920x1440_766px-cc-sud-estuaire-svg-1552-2503.png"},"1200x900":{"url":"https:\/\/www.saint-brevin.com\/medias\/images\/prestataires\/multitailles\/1200x900_766px-cc-sud-estuaire-svg-1552-2503.png"},"800x600":{"url":"https:\/\/www.saint-brevin.com\/medias\/images\/prestataires\/multitailles\/800x600_766px-cc-sud-estuaire-svg-1552-2503.png"},"640x480":{"url":"https:\/\/www.saint-brevin.com\/medias\/images\/prestataires\/multitailles\/640x480_766px-cc-sud-estuaire-svg-1552-2503.png"},"320x240":{"url":"https:\/\/www.saint-brevin.com\/medias\/images\/prestataires\/multitailles\/320x240_766px-cc-sud-estuaire-svg-1552-2503.png"},"160x120":{"url":"https:\/\/www.saint-brevin.com\/medias\/images\/prestataires\/multitailles\/160x120_766px-cc-sud-estuaire-svg-1552-2503.png"},"origine":{"url":"https:\/\/www.saint-brevin.com\/medias\/images\/prestataires\/766px-cc-sud-estuaire-svg-1552-2503.png"}},"urlLien":"","typeLien":"|","nofollow":"N","copyright":""}],"ByCategorie":{"":[{"url":"https:\/\/www.saint-brevin.com\/medias\/images\/prestataires\/corsept-atelier-particuliers-8166.png","chemin":"..\/medias\/images\/prestataires\/corsept-atelier-particuliers-8166.png","libelle":"corsept-atelier-particuliers-8166","extension":"png","categorie":"","largeur":1414,"theme":"","hauteur":2000,"type":"Image","origine":"","liaisonPave":"","langue":"","id":"8166","urlVignette":"https:\/\/www.saint-brevin.com\/medias\/images\/prestataires\/v-corsept-atelier-particuliers-8166.png","alt":"corsept-atelier-particuliers-8166","title":"corsept-atelier-particuliers-8166","MultiTaille":{"1920x1440":{"url":"https:\/\/www.saint-brevin.com\/medias\/images\/prestataires\/multitailles\/1920x1440_corsept-atelier-particuliers-8166.png"},"1200x900":{"url":"https:\/\/www.saint-brevin.com\/medias\/images\/prestataires\/multitailles\/1200x900_corsept-atelier-particuliers-8166.png"},"800x600":{"url":"https:\/\/www.saint-brevin.com\/medias\/images\/prestataires\/multitailles\/800x600_corsept-atelier-particuliers-8166.png"},"640x480":{"url":"https:\/\/www.saint-brevin.com\/medias\/images\/prestataires\/multitailles\/640x480_corsept-atelier-particuliers-8166.png"},"320x240":{"url":"https:\/\/www.saint-brevin.com\/medias\/images\/prestataires\/multitailles\/320x240_corsept-atelier-particuliers-8166.png"},"160x120":{"url":"https:\/\/www.saint-brevin.com\/medias\/images\/prestataires\/multitailles\/160x120_corsept-atelier-particuliers-8166.png"},"origine":{"url":"https:\/\/www.saint-brevin.com\/medias\/images\/prestataires\/corsept-atelier-particuliers-8166.png"}},"urlLien":"","typeLien":"","nofollow":"N","copyright":""},{"url":"https:\/\/www.saint-brevin.com\/medias\/images\/prestataires\/766px-cc-sud-estuaire-svg-1552-2503.png","chemin":"..\/medias\/images\/prestataires\/766px-cc-sud-estuaire-svg-1552-2503.png","libelle":"766px-cc-sud-estuaire-svg-1552","extension":"png","categorie":"","largeur":766,"theme":"","hauteur":595,"type":"Image","origine":"","liaisonPave":"","langue":"","id":"2503","urlVignette":"https:\/\/www.saint-brevin.com\/medias\/images\/prestataires\/v-766px-cc-sud-estuaire-svg-1552-2503.png","alt":"766px-cc-sud-estuaire-svg-1552","title":"766px-cc-sud-estuaire-svg-1552","MultiTaille":{"1920x1440":{"url":"https:\/\/www.saint-brevin.com\/medias\/images\/prestataires\/multitailles\/1920x1440_766px-cc-sud-estuaire-svg-1552-2503.png"},"1200x900":{"url":"https:\/\/www.saint-brevin.com\/medias\/images\/prestataires\/multitailles\/1200x900_766px-cc-sud-estuaire-svg-1552-2503.png"},"800x600":{"url":"https:\/\/www.saint-brevin.com\/medias\/images\/prestataires\/multitailles\/800x600_766px-cc-sud-estuaire-svg-1552-2503.png"},"640x480":{"url":"https:\/\/www.saint-brevin.com\/medias\/images\/prestataires\/multitailles\/640x480_766px-cc-sud-estuaire-svg-1552-2503.png"},"320x240":{"url":"https:\/\/www.saint-brevin.com\/medias\/images\/prestataires\/multitailles\/320x240_766px-cc-sud-estuaire-svg-1552-2503.png"},"160x120":{"url":"https:\/\/www.saint-brevin.com\/medias\/images\/prestataires\/multitailles\/160x120_766px-cc-sud-estuaire-svg-1552-2503.png"},"origine":{"url":"https:\/\/www.saint-brevin.com\/medias\/images\/prestataires\/766px-cc-sud-estuaire-svg-1552-2503.png"}},"urlLien":"","typeLien":"|","nofollow":"N","copyright":""}]}},"Url":"","Localisation":{"GoogleMap":{"Latitude":"47.28695","Longitude":"-2.02562"}},"ZoneGeo":"","Criteres":[],"DateFinPublication":"","AffichageCoordonnees":[]},"listeCriteres":{"RESABILLET":{"RESAENLIGNE":""},"LIEUMANIF":{"PAIMBOEUF":""},"CATEGORIEANIMATION":{"CONCER":""},"DETAILCONCERTSPECTACLE":{"CLASS":""},"ICA":{"SA":"","PLAL":"","ICATP":""},"ANIAH":{"ANIACC":""},"GANIMA":{"GANIMNON":""},"MODEPAIEMENT":{"GRATUIT":""},"YVEL":{"REWEB":""},"TYPE":{"COMCOMSE":""},"MISEAJOURINGENIE":{"DATEDERNIEREMAJ":"20260429"},"MISEAJOURPAR":{"JOHANNA":""}},"dansCarnetVoyage":true,"Ouverture":["\u003Cp class=\"date\" \u003ESamedi 30 mai 2026\u003C\/p\u003E\u003Cp class=\"heure\" \u003E\u00e0 partir de 18:00 et \u00e0 partir de 20:00\u003C\/p\u003E"],"OuverturePasse":[],"OuvertureObjs":[{}],"OuvertureTab":[["20260530","20260530"]]},"html":" \n \u003Cdiv id=\"CV-PRESTATION-Y-A0013PDL044V5040K5-CONCERTAUDITIONDEMUSIQUEBA\" data-contexte-id=\"PRESTATION|Y|A0013PDL044V5040K5|CONCERTAUDITIONDEMUSIQUEBA\" data-cle=\"Y|A0013PDL044V5040K5|CONCERTAUDITIONDEMUSIQUEBA\" class=\"fiche-liste\"\u003E\n    \n\n    \u003C!-- partie photo --\u003E\n    \u003Cdiv class=\"photo\"\u003E\t\t\t\t\t\t\t\t\t\t\t\t\t\t\t\t\t\t\t\t\t\n        \u003Cdiv class=\"cadre_photo_principale\"\u003E\t\t\n        \n            \t\t\t\t\t\n                    \u003Ca href=\"concert-audition-de-musique-baroque.html?origine=carnet#media\"\u003E\n                        \u003Cimg class=\"photo_principale\" alt=\"capture-d-cran-2026-04-29-171814-30923\" src=\"https:\/\/www.saint-brevin.com\/medias\/images\/prestations\/multitailles\/320x240_capture-d-cran-2026-04-29-171814-30923.jpg\" itemprop=\"image\"\u003E\n                    \u003C\/a\u003E\t\t\t\t\t\t\n                \n                    \u003C\/div\u003E\t\t\t\t\t\t\t\t\t\t\t\t\t\t\t\t\t\t\t \t\t\n    \u003C\/div\u003E\n    \n    \u003C!-- partie nom prest --\u003E\n    \u003Cdiv class=\"nom\"\u003E\n        \u003Ch2\u003EConcert audition de musique baroque\u003C\/h2\u003E\n        \n            \u003C\/div\u003E\n\n     \u003Cul style=\"display: none\" class=\"ouverture_list\"\u003E\u003Cli class=\"ouverture_item\"\u003E\u003Cp class=\"date\" \u003ESamedi 30 mai 2026\u003C\/p\u003E\u003Cp class=\"heure\" \u003E\u00e0 partir de 18:00 et \u00e0 partir de 20:00\u003C\/p\u003E\u003C\/li\u003E\u003C\/ul\u003E    \n    \u003C!-- partie adresse --\u003E\n    \u003Cdiv class=\"adresse\"\u003E\n    \n          \n    \u003C\/div\u003E\n    \n    \u003C!-- partie liens --\u003E\n    \u003Cdiv class=\"liens\"\u003E\n            \u003Ca class=\"btn-icon btn-view \" title=\"Voir la fiche d\u00e9taill\u00e9e\" href=\"concert-audition-de-musique-baroque.html?origine=carnet\"\u003E\u003C\/a\u003E\u003C!--\u003Ca class=\"btn-icon btn-view \" title=\"\" href=\"?origine=carnet#thaut\"\u003E\u003C\/a\u003E--\u003E\n      \u003Ca class=\"btn-icon btn-trash carnet_voyage_supprimer\" title=\"Supprimer cette fiche de mon carnet de voyage\" href=\"carnet-voyage?action=remove&fiche=Y|A0013PDL044V5040K5|CONCERTAUDITIONDEMUSIQUEBA\"\u003E\u003C\/a\u003E\n    \u003C\/div\u003E\n\n\u003C\/div\u003E\n\n","icon":"https:\/\/static.ingenie.fr\/images\/carnetVoyageV3\/Y.png"},"fiche":"Y|A0013PDL044V5040K5|CONCERTAUDITIONDEMUSIQUEBA","popup":"\u003Cdiv id=\"bloc_popup_ajout_fiche_carnet\"\u003E\n    \u003Cdiv class=\"info_popup_ajout_fiche_carnet\"\u003E\n        Vous venez d'ajouter cet \u00e9l\u00e9ment \u00e0 votre carnet de voyage :    \u003C\/div\u003E\n    \u003Cdiv class=\"prest_popup_ajout_fiche_carnet\"\u003E\n        Concert audition de musique baroque    \u003C\/div\u003E\n    \u003Cdiv class=\"bloc_btn_ajout_fiche_carnet form_submit_div\"\u003E\n        \u003Cinput type=\"button\" value=\"Continuer ma s\u00e9lection\" title=\"Continuer ma s\u00e9lection\" name=\"btn_close\" class=\"btn_close_popup_carnet form_submit\" onclick=\"$.colorbox.close()\" \/\u003E\n        \u003Cinput type=\"button\" value=\"Voir mon carnet de voyage\" title=\"Voir mon carnet\" name=\"btn_panier\" class=\"btn_panier_popup_carnet form_submit\" onclick=\"if(typeof CarnetVoyage != 'undefined') {CarnetVoyage.voirCarnet();}\" \/\u003E\n    \u003C\/div\u003E\n    \u003Cdiv class=\"bloc_btn_ajout_fiche_carnet\"\u003E\n        \u003Cinput type=\"checkbox\" value=\"1\" name=\"desactiver_popup\" id=\"desactiver_popup\" \/\u003E\n        \u003Clabel for=\"desactiver_popup\"\u003ENe plus afficher ce message\u003C\/label\u003E\n    \u003C\/div\u003E\n\u003C\/div\u003E","success":1}